{"id":14546,"date":"2022-07-26T08:43:20","date_gmt":"2022-07-26T08:43:20","guid":{"rendered":"https:\/\/360mallorcaproperty.com\/property\/rustikales-grundstueck-mit-basisprojekt-porto-petro\/"},"modified":"2026-02-12T11:45:08","modified_gmt":"2026-02-12T11:45:08","slug":"v4035","status":"publish","type":"property","link":"https:\/\/360mallorcaproperty.com\/de\/property\/v4035\/","title":{"rendered":"Rustikales Grundst\u00fcck mit Basisprojekt in Porto Petro"},"content":{"rendered":"<p>Rustikales Grundst\u00fcck mit genehmigtem Projekt in Porto Petro \u2013 25.000 m2<br \/>\nPreis: 450.000 \u20ac (Nur Projekt)<\/p>\n<p>In der ruhigen Landschaft von Porto Petro gelegen, bietet dieses weitl\u00e4ufige 25.000 m2 gro\u00dfe Grundst\u00fcck einen atemberaubenden Blick auf die Landschaft und eine einzigartige Gelegenheit, ein ma\u00dfgeschneidertes Haus in einer sehr begehrten Lage zu schaffen.<\/p>\n<p>Die Immobilie ist mit einem genehmigten Bauvorhaben f\u00fcr 450.000 Euro erh\u00e4ltlich. Alternativ kann eine schl\u00fcsselfertige Option auf die Bed\u00fcrfnisse und Vorlieben des K\u00e4ufers zugeschnitten werden.<\/p>\n<p>Ideal gelegen, nur wenige Gehminuten vom charmanten Dorf, lokalen Restaurants und Gesch\u00e4ften und nur 5 Autominuten vom atemberaubenden Naturpark und den Str\u00e4nden von Cala Mondrag\u00f3 entfernt.<\/p>\n<p>Hauptmerkmale:<\/p>\n<p>25.000 m2 rustikales Grundst\u00fcck<br \/>\nGenehmigtes Bau<strong>projekt<\/strong> enthalten (450.000 \u20ac)<br \/>\nSch\u00f6ne Aussicht auf die Landschaft<br \/>\nRuhige Lage in der N\u00e4he von Annehmlichkeiten<br \/>\nZu Fu\u00df zum Dorf, Restaurants und Gesch\u00e4fte<br \/>\n5 Autominuten zum Naturpark Cala Mondrag\u00f3<\/p>\n<p>Ort:<br \/>\nPortopetro ist ein Stadtteil von Santany\u00ed auf der Insel Mallorca, etwa 62 km von Palma entfernt. Portopetro ist eine kleine Fischerstadt mit kleinem Jachthafen. Am Rande des Hafens gibt es eine Reihe von Restaurants und Bars, die lokale und mediterrane K\u00fcche servieren. Die Strandpromenade von Porto Petro enth\u00e4lt einen kleinen Hafen voller Yachten und Fischerboote und ist Ausgangspunkt f\u00fcr einige Bootsausfl\u00fcge in die Umgebung.<\/p>\n<p>Das Fehlen eines Strandes in der Stadt macht es zu einem wunderbaren Ort, wenn man sich in den Sommermonaten von kommerziellen Touristenorten fernhalten m\u00f6chte. Gleichzeitig hat es alles vor der Haust\u00fcr, von einigen der sch\u00f6nsten Str\u00e4nde der Insel in der Umgebung bis zum malerischen Naturpark Cala Mondrago, der nur einen kurzen Spaziergang entfernt liegt.<\/p>\n<p>F\u00fcr weitere Informationen oder um eine Besichtigung zu vereinbaren, kontaktieren Sie uns unter 360 Mallorca Property.<\/p>\n","protected":false},"excerpt":{"rendered":"<p>Rustikales Grundst\u00fcck mit genehmigtem Projekt in Porto Petro \u2013 25.000 m2 Preis: 450.000 \u20ac (Nur Projekt) In der ruhigen Landschaft von Porto Petro gelegen, bietet dieses weitl\u00e4ufige 25.000 m2 gro\u00dfe Grundst\u00fcck einen atemberaubenden Blick auf die Landschaft und eine einzigartige Gelegenheit, ein ma\u00dfgeschneidertes Haus in einer sehr begehrten Lage zu schaffen. Die Immobilie ist mit&#8230;<\/p>\n","protected":false},"author":1,"featured_media":30225,"parent":0,"menu_order":0,"comment_status":"closed","ping_status":"closed","template":"","property-feature":[],"property-type":[239],"property-location":[271],"property-status":[241],"class_list":["post-14546","property","type-property","status-publish","has-post-thumbnail","hentry","property-type-landliches-grundstuck","property-city-porto-petro-de","property-status-zum-verkauf"],"property_meta":{"REAL_HOMES_property_price":"450000","REAL_HOMES_property_old_price":"","REAL_HOMES_property_price_prefix":"","REAL_HOMES_property_price_postfix":"","REAL_HOMES_property_size":"","REAL_HOMES_property_size_postfix":"m\u00b2","REAL_HOMES_property_lot_size":"25725","REAL_HOMES_property_lot_size_postfix":"m\u00b2","REAL_HOMES_property_bedrooms":"","REAL_HOMES_property_bathrooms":"","REAL_HOMES_property_garage":"","REAL_HOMES_property_id":"V4035","REAL_HOMES_property_year_built":"","REAL_HOMES_featured":"","REAL_HOMES_additional_details_list":[],"rvr_booking_widget_display":"","rvr_booking_mode":"","rvr_govt_tax":"","rvr_govt_tax_type":"percentage","rvr_govt_tax_calculation":"per_stay","rvr_service_charges":"","rvr_service_charges_type":"percentage","rvr_service_charges_calculation":"per_stay","rvr_guests_capacity":"","rvr_book_child_as":"","rvr_min_stay":"","rvr_guests_capacity_extend":"","rvr_extra_guest_price":"","rvr_property_owner":"0","rvr_bulk_pricing":[],"rvr_seasonal_pricing":[],"rvr_custom_reserved_dates":[],"rvr_additional_fees":[{"rvr_fee_type":"fixed","rvr_fee_calculation":"per_stay"}],"rvr_additional_amenities":[{"price_calculation":"per_stay"}],"rvr_accommodation":[],"rvr_outdoor_features":[],"rvr_surroundings":[],"rvr_included":[],"rvr_not_included":[],"rvr_policies":[],"REAL_HOMES_property_location":{"latitude":"39.3618259","longitude":"3.2083589","zoom":"15"},"REAL_HOMES_property_address":"07691 Portopetro, Balearische Inseln, Spanien","REAL_HOMES_property_map":"","REAL_HOMES_property_images":[{"width":150,"height":150,"file":"2022\/04\/IMG-20250417-WA0003.jpg","filesize":342013,"sizes":{"medium":{"file":"IMG-20250417-WA0003-300x169.jpg","width":300,"height":169,"mime-type":"image\/jpeg","filesize":15938,"url":"https:\/\/360mallorcaproperty.com\/wp-content\/uploads\/2022\/04\/IMG-20250417-WA0003-300x169.jpg"},"large":{"file":"IMG-20250417-WA0003-1024x576.jpg","width":1024,"height":576,"mime-type":"image\/jpeg","filesize":169953,"url":"https:\/\/360mallorcaproperty.com\/wp-content\/uploads\/2022\/04\/IMG-20250417-WA0003-1024x576.jpg"},"thumbnail":{"file":"IMG-20250417-WA0003-150x150.jpg","width":150,"height":150,"mime-type":"image\/jpeg","filesize":6580,"url":"https:\/\/360mallorcaproperty.com\/wp-content\/uploads\/2022\/04\/IMG-20250417-WA0003-150x150.jpg"},"medium_large":{"file":"IMG-20250417-WA0003-768x432.jpg","width":768,"height":432,"mime-type":"image\/jpeg","filesize":98289,"url":"https:\/\/360mallorcaproperty.com\/wp-content\/uploads\/2022\/04\/IMG-20250417-WA0003-768x432.jpg"},"1536x1536":{"file":"IMG-20250417-WA0003-1536x864.jpg","width":1536,"height":864,"mime-type":"image\/jpeg","filesize":346008,"url":"https:\/\/360mallorcaproperty.com\/wp-content\/uploads\/2022\/04\/IMG-20250417-WA0003-1536x864.jpg"},"post-thumbnail":{"file":"IMG-20250417-WA0003-150x84.jpg","width":150,"height":84,"mime-type":"image\/jpeg","filesize":4762,"url":"https:\/\/360mallorcaproperty.com\/wp-content\/uploads\/2022\/04\/IMG-20250417-WA0003-150x84.jpg"},"modern-property-child-slider":{"file":"IMG-20250417-WA0003-680x510.jpg","width":680,"height":510,"mime-type":"image\/jpeg","filesize":92682,"url":"https:\/\/360mallorcaproperty.com\/wp-content\/uploads\/2022\/04\/IMG-20250417-WA0003-680x510.jpg"},"property-thumb-image":{"file":"IMG-20250417-WA0003-488x326.jpg","width":488,"height":326,"mime-type":"image\/jpeg","filesize":45589,"url":"https:\/\/360mallorcaproperty.com\/wp-content\/uploads\/2022\/04\/IMG-20250417-WA0003-488x326.jpg"},"property-detail-video-image":{"file":"IMG-20250417-WA0003-818x417.jpg","width":818,"height":417,"mime-type":"image\/jpeg","filesize":103654,"url":"https:\/\/360mallorcaproperty.com\/wp-content\/uploads\/2022\/04\/IMG-20250417-WA0003-818x417.jpg"},"agent-image":{"file":"IMG-20250417-WA0003-210x210.jpg","width":210,"height":210,"mime-type":"image\/jpeg","filesize":12168,"url":"https:\/\/360mallorcaproperty.com\/wp-content\/uploads\/2022\/04\/IMG-20250417-WA0003-210x210.jpg"},"partners-logo":{"file":"IMG-20250417-WA0003-600x900.jpg","width":600,"height":900,"mime-type":"image\/jpeg","filesize":141346,"url":"https:\/\/360mallorcaproperty.com\/wp-content\/uploads\/2022\/04\/IMG-20250417-WA0003-600x900.jpg"},"post-featured-image":{"file":"IMG-20250417-WA0003-1240x720.jpg","width":1240,"height":720,"mime-type":"image\/jpeg","filesize":245467,"url":"https:\/\/360mallorcaproperty.com\/wp-content\/uploads\/2022\/04\/IMG-20250417-WA0003-1240x720.jpg"}},"image_meta":{"aperture":"0","credit":"","camera":"","caption":"","created_timestamp":"0","copyright":"","focal_length":"0","iso":"0","shutter_speed":"0","title":"","orientation":"0","keywords":[]},"ID":"30212","name":"IMG-20250417-WA0003.jpg","path":"\/home\/mallorcaproperty\/public_html\/wp-content\/uploads\/2022\/04\/IMG-20250417-WA0003.jpg","url":"https:\/\/360mallorcaproperty.com\/wp-content\/uploads\/2022\/04\/IMG-20250417-WA0003-150x150.jpg","full_url":"https:\/\/360mallorcaproperty.com\/wp-content\/uploads\/2022\/04\/IMG-20250417-WA0003.jpg","title":"IMG-20250417-WA0003","caption":"","description":"","alt":"","srcset":"https:\/\/360mallorcaproperty.com\/wp-content\/uploads\/2022\/04\/IMG-20250417-WA0003-150x150.jpg 150w, https:\/\/360mallorcaproperty.com\/wp-content\/uploads\/2022\/04\/IMG-20250417-WA0003-210x210.jpg 210w"},{"width":150,"height":150,"file":"2022\/04\/IMG-20250417-WA0006.jpg","filesize":362608,"sizes":{"medium":{"file":"IMG-20250417-WA0006-300x169.jpg","width":300,"height":169,"mime-type":"image\/jpeg","filesize":14924,"url":"https:\/\/360mallorcaproperty.com\/wp-content\/uploads\/2022\/04\/IMG-20250417-WA0006-300x169.jpg"},"large":{"file":"IMG-20250417-WA0006-1024x576.jpg","width":1024,"height":576,"mime-type":"image\/jpeg","filesize":172035,"url":"https:\/\/360mallorcaproperty.com\/wp-content\/uploads\/2022\/04\/IMG-20250417-WA0006-1024x576.jpg"},"thumbnail":{"file":"IMG-20250417-WA0006-150x150.jpg","width":150,"height":150,"mime-type":"image\/jpeg","filesize":6932,"url":"https:\/\/360mallorcaproperty.com\/wp-content\/uploads\/2022\/04\/IMG-20250417-WA0006-150x150.jpg"},"medium_large":{"file":"IMG-20250417-WA0006-768x432.jpg","width":768,"height":432,"mime-type":"image\/jpeg","filesize":97044,"url":"https:\/\/360mallorcaproperty.com\/wp-content\/uploads\/2022\/04\/IMG-20250417-WA0006-768x432.jpg"},"1536x1536":{"file":"IMG-20250417-WA0006-1536x864.jpg","width":1536,"height":864,"mime-type":"image\/jpeg","filesize":362913,"url":"https:\/\/360mallorcaproperty.com\/wp-content\/uploads\/2022\/04\/IMG-20250417-WA0006-1536x864.jpg"},"post-thumbnail":{"file":"IMG-20250417-WA0006-150x84.jpg","width":150,"height":84,"mime-type":"image\/jpeg","filesize":4298,"url":"https:\/\/360mallorcaproperty.com\/wp-content\/uploads\/2022\/04\/IMG-20250417-WA0006-150x84.jpg"},"modern-property-child-slider":{"file":"IMG-20250417-WA0006-680x510.jpg","width":680,"height":510,"mime-type":"image\/jpeg","filesize":101188,"url":"https:\/\/360mallorcaproperty.com\/wp-content\/uploads\/2022\/04\/IMG-20250417-WA0006-680x510.jpg"},"property-thumb-image":{"file":"IMG-20250417-WA0006-488x326.jpg","width":488,"height":326,"mime-type":"image\/jpeg","filesize":46236,"url":"https:\/\/360mallorcaproperty.com\/wp-content\/uploads\/2022\/04\/IMG-20250417-WA0006-488x326.jpg"},"property-detail-video-image":{"file":"IMG-20250417-WA0006-818x417.jpg","width":818,"height":417,"mime-type":"image\/jpeg","filesize":103102,"url":"https:\/\/360mallorcaproperty.com\/wp-content\/uploads\/2022\/04\/IMG-20250417-WA0006-818x417.jpg"},"agent-image":{"file":"IMG-20250417-WA0006-210x210.jpg","width":210,"height":210,"mime-type":"image\/jpeg","filesize":13122,"url":"https:\/\/360mallorcaproperty.com\/wp-content\/uploads\/2022\/04\/IMG-20250417-WA0006-210x210.jpg"},"partners-logo":{"file":"IMG-20250417-WA0006-600x900.jpg","width":600,"height":900,"mime-type":"image\/jpeg","filesize":170045,"url":"https:\/\/360mallorcaproperty.com\/wp-content\/uploads\/2022\/04\/IMG-20250417-WA0006-600x900.jpg"},"post-featured-image":{"file":"IMG-20250417-WA0006-1240x720.jpg","width":1240,"height":720,"mime-type":"image\/jpeg","filesize":255469,"url":"https:\/\/360mallorcaproperty.com\/wp-content\/uploads\/2022\/04\/IMG-20250417-WA0006-1240x720.jpg"}},"image_meta":{"aperture":"0","credit":"","camera":"","caption":"","created_timestamp":"0","copyright":"","focal_length":"0","iso":"0","shutter_speed":"0","title":"","orientation":"0","keywords":[]},"ID":"30215","name":"IMG-20250417-WA0006.jpg","path":"\/home\/mallorcaproperty\/public_html\/wp-content\/uploads\/2022\/04\/IMG-20250417-WA0006.jpg","url":"https:\/\/360mallorcaproperty.com\/wp-content\/uploads\/2022\/04\/IMG-20250417-WA0006-150x150.jpg","full_url":"https:\/\/360mallorcaproperty.com\/wp-content\/uploads\/2022\/04\/IMG-20250417-WA0006.jpg","title":"IMG-20250417-WA0006","caption":"","description":"","alt":"","srcset":"https:\/\/360mallorcaproperty.com\/wp-content\/uploads\/2022\/04\/IMG-20250417-WA0006-150x150.jpg 150w, https:\/\/360mallorcaproperty.com\/wp-content\/uploads\/2022\/04\/IMG-20250417-WA0006-210x210.jpg 210w"},{"width":150,"height":150,"file":"2022\/04\/IMG-20250417-WA0008.jpg","filesize":441663,"sizes":{"medium":{"file":"IMG-20250417-WA0008-300x169.jpg","width":300,"height":169,"mime-type":"image\/jpeg","filesize":17997,"url":"https:\/\/360mallorcaproperty.com\/wp-content\/uploads\/2022\/04\/IMG-20250417-WA0008-300x169.jpg"},"large":{"file":"IMG-20250417-WA0008-1024x576.jpg","width":1024,"height":576,"mime-type":"image\/jpeg","filesize":211297,"url":"https:\/\/360mallorcaproperty.com\/wp-content\/uploads\/2022\/04\/IMG-20250417-WA0008-1024x576.jpg"},"thumbnail":{"file":"IMG-20250417-WA0008-150x150.jpg","width":150,"height":150,"mime-type":"image\/jpeg","filesize":7892,"url":"https:\/\/360mallorcaproperty.com\/wp-content\/uploads\/2022\/04\/IMG-20250417-WA0008-150x150.jpg"},"medium_large":{"file":"IMG-20250417-WA0008-768x432.jpg","width":768,"height":432,"mime-type":"image\/jpeg","filesize":119484,"url":"https:\/\/360mallorcaproperty.com\/wp-content\/uploads\/2022\/04\/IMG-20250417-WA0008-768x432.jpg"},"1536x1536":{"file":"IMG-20250417-WA0008-1536x864.jpg","width":1536,"height":864,"mime-type":"image\/jpeg","filesize":442539,"url":"https:\/\/360mallorcaproperty.com\/wp-content\/uploads\/2022\/04\/IMG-20250417-WA0008-1536x864.jpg"},"post-thumbnail":{"file":"IMG-20250417-WA0008-150x84.jpg","width":150,"height":84,"mime-type":"image\/jpeg","filesize":5031,"url":"https:\/\/360mallorcaproperty.com\/wp-content\/uploads\/2022\/04\/IMG-20250417-WA0008-150x84.jpg"},"modern-property-child-slider":{"file":"IMG-20250417-WA0008-680x510.jpg","width":680,"height":510,"mime-type":"image\/jpeg","filesize":120160,"url":"https:\/\/360mallorcaproperty.com\/wp-content\/uploads\/2022\/04\/IMG-20250417-WA0008-680x510.jpg"},"property-thumb-image":{"file":"IMG-20250417-WA0008-488x326.jpg","width":488,"height":326,"mime-type":"image\/jpeg","filesize":55455,"url":"https:\/\/360mallorcaproperty.com\/wp-content\/uploads\/2022\/04\/IMG-20250417-WA0008-488x326.jpg"},"property-detail-video-image":{"file":"IMG-20250417-WA0008-818x417.jpg","width":818,"height":417,"mime-type":"image\/jpeg","filesize":128131,"url":"https:\/\/360mallorcaproperty.com\/wp-content\/uploads\/2022\/04\/IMG-20250417-WA0008-818x417.jpg"},"agent-image":{"file":"IMG-20250417-WA0008-210x210.jpg","width":210,"height":210,"mime-type":"image\/jpeg","filesize":15086,"url":"https:\/\/360mallorcaproperty.com\/wp-content\/uploads\/2022\/04\/IMG-20250417-WA0008-210x210.jpg"},"partners-logo":{"file":"IMG-20250417-WA0008-600x900.jpg","width":600,"height":900,"mime-type":"image\/jpeg","filesize":195233,"url":"https:\/\/360mallorcaproperty.com\/wp-content\/uploads\/2022\/04\/IMG-20250417-WA0008-600x900.jpg"},"post-featured-image":{"file":"IMG-20250417-WA0008-1240x720.jpg","width":1240,"height":720,"mime-type":"image\/jpeg","filesize":310818,"url":"https:\/\/360mallorcaproperty.com\/wp-content\/uploads\/2022\/04\/IMG-20250417-WA0008-1240x720.jpg"}},"image_meta":{"aperture":"0","credit":"","camera":"","caption":"","created_timestamp":"0","copyright":"","focal_length":"0","iso":"0","shutter_speed":"0","title":"","orientation":"0","keywords":[]},"ID":"30218","name":"IMG-20250417-WA0008.jpg","path":"\/home\/mallorcaproperty\/public_html\/wp-content\/uploads\/2022\/04\/IMG-20250417-WA0008.jpg","url":"https:\/\/360mallorcaproperty.com\/wp-content\/uploads\/2022\/04\/IMG-20250417-WA0008-150x150.jpg","full_url":"https:\/\/360mallorcaproperty.com\/wp-content\/uploads\/2022\/04\/IMG-20250417-WA0008.jpg","title":"IMG-20250417-WA0008","caption":"","description":"","alt":"","srcset":"https:\/\/360mallorcaproperty.com\/wp-content\/uploads\/2022\/04\/IMG-20250417-WA0008-150x150.jpg 150w, https:\/\/360mallorcaproperty.com\/wp-content\/uploads\/2022\/04\/IMG-20250417-WA0008-210x210.jpg 210w"},{"width":150,"height":150,"file":"2022\/04\/IMG-20250417-WA0016.jpg","filesize":433121,"sizes":{"medium":{"file":"IMG-20250417-WA0016-300x169.jpg","width":300,"height":169,"mime-type":"image\/jpeg","filesize":18386,"url":"https:\/\/360mallorcaproperty.com\/wp-content\/uploads\/2022\/04\/IMG-20250417-WA0016-300x169.jpg"},"large":{"file":"IMG-20250417-WA0016-1024x576.jpg","width":1024,"height":576,"mime-type":"image\/jpeg","filesize":209145,"url":"https:\/\/360mallorcaproperty.com\/wp-content\/uploads\/2022\/04\/IMG-20250417-WA0016-1024x576.jpg"},"thumbnail":{"file":"IMG-20250417-WA0016-150x150.jpg","width":150,"height":150,"mime-type":"image\/jpeg","filesize":8566,"url":"https:\/\/360mallorcaproperty.com\/wp-content\/uploads\/2022\/04\/IMG-20250417-WA0016-150x150.jpg"},"medium_large":{"file":"IMG-20250417-WA0016-768x432.jpg","width":768,"height":432,"mime-type":"image\/jpeg","filesize":119013,"url":"https:\/\/360mallorcaproperty.com\/wp-content\/uploads\/2022\/04\/IMG-20250417-WA0016-768x432.jpg"},"1536x1536":{"file":"IMG-20250417-WA0016-1536x864.jpg","width":1536,"height":864,"mime-type":"image\/jpeg","filesize":434960,"url":"https:\/\/360mallorcaproperty.com\/wp-content\/uploads\/2022\/04\/IMG-20250417-WA0016-1536x864.jpg"},"post-thumbnail":{"file":"IMG-20250417-WA0016-150x84.jpg","width":150,"height":84,"mime-type":"image\/jpeg","filesize":5162,"url":"https:\/\/360mallorcaproperty.com\/wp-content\/uploads\/2022\/04\/IMG-20250417-WA0016-150x84.jpg"},"modern-property-child-slider":{"file":"IMG-20250417-WA0016-680x510.jpg","width":680,"height":510,"mime-type":"image\/jpeg","filesize":123453,"url":"https:\/\/360mallorcaproperty.com\/wp-content\/uploads\/2022\/04\/IMG-20250417-WA0016-680x510.jpg"},"property-thumb-image":{"file":"IMG-20250417-WA0016-488x326.jpg","width":488,"height":326,"mime-type":"image\/jpeg","filesize":56615,"url":"https:\/\/360mallorcaproperty.com\/wp-content\/uploads\/2022\/04\/IMG-20250417-WA0016-488x326.jpg"},"property-detail-video-image":{"file":"IMG-20250417-WA0016-818x417.jpg","width":818,"height":417,"mime-type":"image\/jpeg","filesize":126902,"url":"https:\/\/360mallorcaproperty.com\/wp-content\/uploads\/2022\/04\/IMG-20250417-WA0016-818x417.jpg"},"agent-image":{"file":"IMG-20250417-WA0016-210x210.jpg","width":210,"height":210,"mime-type":"image\/jpeg","filesize":16438,"url":"https:\/\/360mallorcaproperty.com\/wp-content\/uploads\/2022\/04\/IMG-20250417-WA0016-210x210.jpg"},"partners-logo":{"file":"IMG-20250417-WA0016-600x900.jpg","width":600,"height":900,"mime-type":"image\/jpeg","filesize":206876,"url":"https:\/\/360mallorcaproperty.com\/wp-content\/uploads\/2022\/04\/IMG-20250417-WA0016-600x900.jpg"},"post-featured-image":{"file":"IMG-20250417-WA0016-1240x720.jpg","width":1240,"height":720,"mime-type":"image\/jpeg","filesize":308258,"url":"https:\/\/360mallorcaproperty.com\/wp-content\/uploads\/2022\/04\/IMG-20250417-WA0016-1240x720.jpg"}},"image_meta":{"aperture":"0","credit":"","camera":"","caption":"","created_timestamp":"0","copyright":"","focal_length":"0","iso":"0","shutter_speed":"0","title":"","orientation":"0","keywords":[]},"ID":"30221","name":"IMG-20250417-WA0016.jpg","path":"\/home\/mallorcaproperty\/public_html\/wp-content\/uploads\/2022\/04\/IMG-20250417-WA0016.jpg","url":"https:\/\/360mallorcaproperty.com\/wp-content\/uploads\/2022\/04\/IMG-20250417-WA0016-150x150.jpg","full_url":"https:\/\/360mallorcaproperty.com\/wp-content\/uploads\/2022\/04\/IMG-20250417-WA0016.jpg","title":"IMG-20250417-WA0016","caption":"","description":"","alt":"","srcset":"https:\/\/360mallorcaproperty.com\/wp-content\/uploads\/2022\/04\/IMG-20250417-WA0016-150x150.jpg 150w, https:\/\/360mallorcaproperty.com\/wp-content\/uploads\/2022\/04\/IMG-20250417-WA0016-210x210.jpg 210w"},{"width":150,"height":150,"file":"2022\/04\/IMG-20250417-WA0017.jpg","filesize":396834,"sizes":{"medium":{"file":"IMG-20250417-WA0017-300x169.jpg","width":300,"height":169,"mime-type":"image\/jpeg","filesize":16859,"url":"https:\/\/360mallorcaproperty.com\/wp-content\/uploads\/2022\/04\/IMG-20250417-WA0017-300x169.jpg"},"large":{"file":"IMG-20250417-WA0017-1024x576.jpg","width":1024,"height":576,"mime-type":"image\/jpeg","filesize":189217,"url":"https:\/\/360mallorcaproperty.com\/wp-content\/uploads\/2022\/04\/IMG-20250417-WA0017-1024x576.jpg"},"thumbnail":{"file":"IMG-20250417-WA0017-150x150.jpg","width":150,"height":150,"mime-type":"image\/jpeg","filesize":7556,"url":"https:\/\/360mallorcaproperty.com\/wp-content\/uploads\/2022\/04\/IMG-20250417-WA0017-150x150.jpg"},"medium_large":{"file":"IMG-20250417-WA0017-768x432.jpg","width":768,"height":432,"mime-type":"image\/jpeg","filesize":107373,"url":"https:\/\/360mallorcaproperty.com\/wp-content\/uploads\/2022\/04\/IMG-20250417-WA0017-768x432.jpg"},"1536x1536":{"file":"IMG-20250417-WA0017-1536x864.jpg","width":1536,"height":864,"mime-type":"image\/jpeg","filesize":396918,"url":"https:\/\/360mallorcaproperty.com\/wp-content\/uploads\/2022\/04\/IMG-20250417-WA0017-1536x864.jpg"},"post-thumbnail":{"file":"IMG-20250417-WA0017-150x84.jpg","width":150,"height":84,"mime-type":"image\/jpeg","filesize":4858,"url":"https:\/\/360mallorcaproperty.com\/wp-content\/uploads\/2022\/04\/IMG-20250417-WA0017-150x84.jpg"},"modern-property-child-slider":{"file":"IMG-20250417-WA0017-680x510.jpg","width":680,"height":510,"mime-type":"image\/jpeg","filesize":107242,"url":"https:\/\/360mallorcaproperty.com\/wp-content\/uploads\/2022\/04\/IMG-20250417-WA0017-680x510.jpg"},"property-thumb-image":{"file":"IMG-20250417-WA0017-488x326.jpg","width":488,"height":326,"mime-type":"image\/jpeg","filesize":50530,"url":"https:\/\/360mallorcaproperty.com\/wp-content\/uploads\/2022\/04\/IMG-20250417-WA0017-488x326.jpg"},"property-detail-video-image":{"file":"IMG-20250417-WA0017-818x417.jpg","width":818,"height":417,"mime-type":"image\/jpeg","filesize":114428,"url":"https:\/\/360mallorcaproperty.com\/wp-content\/uploads\/2022\/04\/IMG-20250417-WA0017-818x417.jpg"},"agent-image":{"file":"IMG-20250417-WA0017-210x210.jpg","width":210,"height":210,"mime-type":"image\/jpeg","filesize":14174,"url":"https:\/\/360mallorcaproperty.com\/wp-content\/uploads\/2022\/04\/IMG-20250417-WA0017-210x210.jpg"},"partners-logo":{"file":"IMG-20250417-WA0017-600x900.jpg","width":600,"height":900,"mime-type":"image\/jpeg","filesize":173202,"url":"https:\/\/360mallorcaproperty.com\/wp-content\/uploads\/2022\/04\/IMG-20250417-WA0017-600x900.jpg"},"post-featured-image":{"file":"IMG-20250417-WA0017-1240x720.jpg","width":1240,"height":720,"mime-type":"image\/jpeg","filesize":278896,"url":"https:\/\/360mallorcaproperty.com\/wp-content\/uploads\/2022\/04\/IMG-20250417-WA0017-1240x720.jpg"}},"image_meta":{"aperture":"0","credit":"","camera":"","caption":"","created_timestamp":"0","copyright":"","focal_length":"0","iso":"0","shutter_speed":"0","title":"","orientation":"0","keywords":[]},"ID":"30224","name":"IMG-20250417-WA0017.jpg","path":"\/home\/mallorcaproperty\/public_html\/wp-content\/uploads\/2022\/04\/IMG-20250417-WA0017.jpg","url":"https:\/\/360mallorcaproperty.com\/wp-content\/uploads\/2022\/04\/IMG-20250417-WA0017-150x150.jpg","full_url":"https:\/\/360mallorcaproperty.com\/wp-content\/uploads\/2022\/04\/IMG-20250417-WA0017.jpg","title":"IMG-20250417-WA0017","caption":"","description":"","alt":"","srcset":"https:\/\/360mallorcaproperty.com\/wp-content\/uploads\/2022\/04\/IMG-20250417-WA0017-150x150.jpg 150w, https:\/\/360mallorcaproperty.com\/wp-content\/uploads\/2022\/04\/IMG-20250417-WA0017-210x210.jpg 210w"},{"width":150,"height":150,"file":"2022\/04\/IMG-20250417-WA0019.jpg","filesize":287508,"sizes":{"medium":{"file":"IMG-20250417-WA0019-300x169.jpg","width":300,"height":169,"mime-type":"image\/jpeg","filesize":12610,"url":"https:\/\/360mallorcaproperty.com\/wp-content\/uploads\/2022\/04\/IMG-20250417-WA0019-300x169.jpg"},"large":{"file":"IMG-20250417-WA0019-1024x576.jpg","width":1024,"height":576,"mime-type":"image\/jpeg","filesize":138739,"url":"https:\/\/360mallorcaproperty.com\/wp-content\/uploads\/2022\/04\/IMG-20250417-WA0019-1024x576.jpg"},"thumbnail":{"file":"IMG-20250417-WA0019-150x150.jpg","width":150,"height":150,"mime-type":"image\/jpeg","filesize":5739,"url":"https:\/\/360mallorcaproperty.com\/wp-content\/uploads\/2022\/04\/IMG-20250417-WA0019-150x150.jpg"},"medium_large":{"file":"IMG-20250417-WA0019-768x432.jpg","width":768,"height":432,"mime-type":"image\/jpeg","filesize":79031,"url":"https:\/\/360mallorcaproperty.com\/wp-content\/uploads\/2022\/04\/IMG-20250417-WA0019-768x432.jpg"},"1536x1536":{"file":"IMG-20250417-WA0019-1536x864.jpg","width":1536,"height":864,"mime-type":"image\/jpeg","filesize":289901,"url":"https:\/\/360mallorcaproperty.com\/wp-content\/uploads\/2022\/04\/IMG-20250417-WA0019-1536x864.jpg"},"post-thumbnail":{"file":"IMG-20250417-WA0019-150x84.jpg","width":150,"height":84,"mime-type":"image\/jpeg","filesize":3817,"url":"https:\/\/360mallorcaproperty.com\/wp-content\/uploads\/2022\/04\/IMG-20250417-WA0019-150x84.jpg"},"modern-property-child-slider":{"file":"IMG-20250417-WA0019-680x510.jpg","width":680,"height":510,"mime-type":"image\/jpeg","filesize":79456,"url":"https:\/\/360mallorcaproperty.com\/wp-content\/uploads\/2022\/04\/IMG-20250417-WA0019-680x510.jpg"},"property-thumb-image":{"file":"IMG-20250417-WA0019-488x326.jpg","width":488,"height":326,"mime-type":"image\/jpeg","filesize":37163,"url":"https:\/\/360mallorcaproperty.com\/wp-content\/uploads\/2022\/04\/IMG-20250417-WA0019-488x326.jpg"},"property-detail-video-image":{"file":"IMG-20250417-WA0019-818x417.jpg","width":818,"height":417,"mime-type":"image\/jpeg","filesize":82518,"url":"https:\/\/360mallorcaproperty.com\/wp-content\/uploads\/2022\/04\/IMG-20250417-WA0019-818x417.jpg"},"agent-image":{"file":"IMG-20250417-WA0019-210x210.jpg","width":210,"height":210,"mime-type":"image\/jpeg","filesize":10685,"url":"https:\/\/360mallorcaproperty.com\/wp-content\/uploads\/2022\/04\/IMG-20250417-WA0019-210x210.jpg"},"partners-logo":{"file":"IMG-20250417-WA0019-600x900.jpg","width":600,"height":900,"mime-type":"image\/jpeg","filesize":133301,"url":"https:\/\/360mallorcaproperty.com\/wp-content\/uploads\/2022\/04\/IMG-20250417-WA0019-600x900.jpg"},"post-featured-image":{"file":"IMG-20250417-WA0019-1240x720.jpg","width":1240,"height":720,"mime-type":"image\/jpeg","filesize":204647,"url":"https:\/\/360mallorcaproperty.com\/wp-content\/uploads\/2022\/04\/IMG-20250417-WA0019-1240x720.jpg"}},"image_meta":{"aperture":"0","credit":"","camera":"","caption":"","created_timestamp":"0","copyright":"","focal_length":"0","iso":"0","shutter_speed":"0","title":"","orientation":"0","keywords":[]},"ID":"30227","name":"IMG-20250417-WA0019.jpg","path":"\/home\/mallorcaproperty\/public_html\/wp-content\/uploads\/2022\/04\/IMG-20250417-WA0019.jpg","url":"https:\/\/360mallorcaproperty.com\/wp-content\/uploads\/2022\/04\/IMG-20250417-WA0019-150x150.jpg","full_url":"https:\/\/360mallorcaproperty.com\/wp-content\/uploads\/2022\/04\/IMG-20250417-WA0019.jpg","title":"IMG-20250417-WA0019","caption":"","description":"","alt":"","srcset":"https:\/\/360mallorcaproperty.com\/wp-content\/uploads\/2022\/04\/IMG-20250417-WA0019-150x150.jpg 150w, https:\/\/360mallorcaproperty.com\/wp-content\/uploads\/2022\/04\/IMG-20250417-WA0019-210x210.jpg 210w"}],"REAL_HOMES_change_gallery_slider_type":"0","REAL_HOMES_gallery_slider_type":"thumb-on-right","inspiry_floor_plans":[{"inspiry_floor_plan_name":"Situation","inspiry_floor_plan_image":"https:\/\/360mallorcaproperty.com\/wp-content\/uploads\/2022\/04\/V4035-PLANOS-PROYECTO-BASICO_page-0001.jpg"},{"inspiry_floor_plan_name":"Fassade","inspiry_floor_plan_image":"https:\/\/360mallorcaproperty.com\/wp-content\/uploads\/2022\/04\/V4035-PLANOS-PROYECTO-BASICO_page-0005.jpg"},{"inspiry_floor_plan_name":"Erdgeschoss","inspiry_floor_plan_image":"https:\/\/360mallorcaproperty.com\/wp-content\/uploads\/2022\/04\/V4035-PLANOS-PROYECTO-BASICO_page-0003.jpg"},{"inspiry_floor_plan_name":"erster Stock","inspiry_floor_plan_image":"https:\/\/360mallorcaproperty.com\/wp-content\/uploads\/2022\/04\/V4035-PLANOS-PROYECTO-BASICO_page-0004.jpg"},{"inspiry_floor_plan_name":"Garage","inspiry_floor_plan_image":"https:\/\/360mallorcaproperty.com\/wp-content\/uploads\/2022\/04\/V4035-PLANOS-PROYECTO-BASICO_page-0002.jpg"},{"inspiry_floor_plan_name":"Seitlicher H\u00f6henabschnitt","inspiry_floor_plan_image":"https:\/\/360mallorcaproperty.com\/wp-content\/uploads\/2022\/04\/V4035-PLANOS-PROYECTO-BASICO_page-0006.jpg"}],"inspiry_video_group":[],"REAL_HOMES_360_virtual_tour":"","REAL_HOMES_agent_display_option":"agent_info","REAL_HOMES_agents":[],"REAL_HOMES_energy_class":"none","REAL_HOMES_energy_performance":"","REAL_HOMES_epc_current_rating":"","REAL_HOMES_epc_potential_rating":"","ere_property_schedule_tour":"global","ere_property_schedule_time_slots":"","ere_property_schedule_description":"","REAL_HOMES_sticky":"0","inspiry_property_label":"","inspiry_property_label_color":"","inspiry_property_tax":"","inspiry_additional_fee":"","REAL_HOMES_attachments":[],"inspiry_property_owner_name":"","inspiry_property_owner_contact":"","inspiry_property_owner_address":"","REAL_HOMES_property_private_note":"","inspiry_message_to_reviewer":"","REAL_HOMES_add_in_slider":"no","REAL_HOMES_slider_image":[],"REAL_HOMES_page_banner_image":[],"REAL_HOMES_hide_property_advance_search":"0","inspiry_offmarket":[],"REAL_HOMES_custom_header_display":"default","REAL_HOMES_custom_header_position":"relative","REAL_HOMES_custom_footer_display":"default","REAL_HOMES_hide_advance_search":"0","REAL_HOMES_custom_search_form":"default","REAL_HOMES_search_form_margin_top":"","REAL_HOMES_search_form_margin_bottom":""},"_links":{"self":[{"href":"https:\/\/360mallorcaproperty.com\/de\/wp-json\/wp\/v2\/property\/14546","targetHints":{"allow":["GET"]}}],"collection":[{"href":"https:\/\/360mallorcaproperty.com\/de\/wp-json\/wp\/v2\/property"}],"about":[{"href":"https:\/\/360mallorcaproperty.com\/de\/wp-json\/wp\/v2\/types\/property"}],"author":[{"embeddable":true,"href":"https:\/\/360mallorcaproperty.com\/de\/wp-json\/wp\/v2\/users\/1"}],"replies":[{"embeddable":true,"href":"https:\/\/360mallorcaproperty.com\/de\/wp-json\/wp\/v2\/comments?post=14546"}],"version-history":[{"count":5,"href":"https:\/\/360mallorcaproperty.com\/de\/wp-json\/wp\/v2\/property\/14546\/revisions"}],"predecessor-version":[{"id":32254,"href":"https:\/\/360mallorcaproperty.com\/de\/wp-json\/wp\/v2\/property\/14546\/revisions\/32254"}],"wp:featuredmedia":[{"embeddable":true,"href":"https:\/\/360mallorcaproperty.com\/de\/wp-json\/wp\/v2\/media\/30225"}],"wp:attachment":[{"href":"https:\/\/360mallorcaproperty.com\/de\/wp-json\/wp\/v2\/media?parent=14546"}],"wp:term":[{"taxonomy":"property-feature","embeddable":true,"href":"https:\/\/360mallorcaproperty.com\/de\/wp-json\/wp\/v2\/property-feature?post=14546"},{"taxonomy":"property-type","embeddable":true,"href":"https:\/\/360mallorcaproperty.com\/de\/wp-json\/wp\/v2\/property-type?post=14546"},{"taxonomy":"property-city","embeddable":true,"href":"https:\/\/360mallorcaproperty.com\/de\/wp-json\/wp\/v2\/property-location?post=14546"},{"taxonomy":"property-status","embeddable":true,"href":"https:\/\/360mallorcaproperty.com\/de\/wp-json\/wp\/v2\/property-status?post=14546"}],"curies":[{"name":"wp","href":"https:\/\/api.w.org\/{rel}","templated":true}]}}