{"id":14604,"date":"2022-07-26T08:43:38","date_gmt":"2022-07-26T08:43:38","guid":{"rendered":"https:\/\/360mallorcaproperty.com\/property\/grundstuecke-in-der-marina-von-cala-dor\/"},"modified":"2024-07-12T11:05:56","modified_gmt":"2024-07-12T11:05:56","slug":"v5020","status":"publish","type":"property","link":"https:\/\/360mallorcaproperty.com\/de\/property\/v5020\/","title":{"rendered":"Grundst\u00fccke in der Marina von Cala d&#8217;Or"},"content":{"rendered":"<p>2 bebaubare st\u00e4dtische Grundst\u00fccke mit fantastischer Lage im Yachthafen von Cala d&#8217;Or.<br \/>\nDie Gr\u00f6\u00dfe der Grundst\u00fccke variiert zwischen 978 m2 und 1153 m2.<br \/>\nDie Grundst\u00fccke kosten jeweils 380.000 \u20ac.<\/p>\n<p>Standort:<br \/>\nDer exklusive Yachthafen von Cala d&#8217;Or ist nur wenige Gehminuten vom Ort entfernt. Die Stadt und der Hafen mit seinen vielen Restaurants, kleinen Bars und Gesch\u00e4ften sind eine sehr beliebte Touristenattraktion.<br \/>\nCala Egos, ein Ort auf der anderen Seite des Yachthafens, hat ein aktives Stadtzentrum mit verschiedenen Restaurants, Bars, Gesch\u00e4ften und Diskotheken.<br \/>\nCala Ferrera, das sich auf der anderen Seite von Cala d&#8217;Or befindet, hat ebenfalls ein aktives Zentrum mit vielen Restaurants, Bars, Gesch\u00e4ften und einem gro\u00dfen Spielplatz mit Gokarts und H\u00fcpfburg f\u00fcr die Kinder.<br \/>\nEs gibt viele Taxis, um sich fortzubewegen, sowie einen Busservice und einen Minizug, der im Sommer zwischen Cala Egos, Cala d&#8217;Or und Cala Ferrera verkehrt.<br \/>\nDie Gegend ist bei Familien sehr beliebt, hat viele Str\u00e4nde zu bieten und ist im Winter meist stillgelegt.<\/p>\n<p>F\u00fcr weitere Informationen kontaktieren Sie uns hier bei 360 Mallorca Property.<\/p>\n","protected":false},"excerpt":{"rendered":"<p>2 bebaubare st\u00e4dtische Grundst\u00fccke mit fantastischer Lage im Yachthafen von Cala d&#8217;Or. Die Gr\u00f6\u00dfe der Grundst\u00fccke variiert zwischen 978 m2 und 1153 m2. Die Grundst\u00fccke kosten jeweils 380.000 \u20ac. Standort: Der exklusive Yachthafen von Cala d&#8217;Or ist nur wenige Gehminuten vom Ort entfernt. Die Stadt und der Hafen mit seinen vielen Restaurants, kleinen Bars und&#8230;<\/p>\n","protected":false},"author":1,"featured_media":28120,"parent":0,"menu_order":0,"comment_status":"closed","ping_status":"closed","template":"","property-feature":[],"property-type":[250],"property-location":[253,254],"property-status":[241],"class_list":["post-14604","property","type-property","status-publish","has-post-thumbnail","hentry","property-type-stadtisches-grundstuck","property-city-cala-dor-de","property-city-cala-egos-de","property-status-zum-verkauf"],"property_meta":{"REAL_HOMES_property_price":"380000","REAL_HOMES_property_old_price":"","REAL_HOMES_property_price_prefix":"","REAL_HOMES_property_price_postfix":"","REAL_HOMES_property_size":"","REAL_HOMES_property_size_postfix":"","REAL_HOMES_property_lot_size":"1000","REAL_HOMES_property_lot_size_postfix":"m\u00b2","REAL_HOMES_property_bedrooms":"","REAL_HOMES_property_bathrooms":"","REAL_HOMES_property_garage":"","REAL_HOMES_property_id":"V5020","REAL_HOMES_property_year_built":"","REAL_HOMES_featured":"","REAL_HOMES_additional_details_list":[],"rvr_booking_widget_display":"","rvr_booking_mode":"","rvr_govt_tax":"","rvr_govt_tax_type":"","rvr_govt_tax_calculation":"","rvr_service_charges":"","rvr_service_charges_type":"","rvr_service_charges_calculation":"","rvr_guests_capacity":"","rvr_book_child_as":"","rvr_min_stay":"","rvr_guests_capacity_extend":"","rvr_extra_guest_price":"","rvr_property_owner":"","rvr_bulk_pricing":[],"rvr_seasonal_pricing":[],"rvr_custom_reserved_dates":[],"rvr_additional_fees":[],"rvr_additional_amenities":[],"rvr_accommodation":[],"rvr_outdoor_features":[],"rvr_surroundings":[],"rvr_included":[],"rvr_not_included":[],"rvr_policies":[],"REAL_HOMES_property_location":{"latitude":"39.3736733","longitude":"3.2204806","zoom":"15"},"REAL_HOMES_property_address":"Carrer Canyot, Santa\u00f1\u00ed, Migjorn, Islas Baleares, 07660, Espa\u00f1a","REAL_HOMES_property_map":"","REAL_HOMES_property_images":[{"width":150,"height":150,"file":"2022\/05\/WhatsApp-Image-2022-05-09-at-2.13.46-PM-1.jpeg","sizes":{"medium":{"file":"WhatsApp-Image-2022-05-09-at-2.13.46-PM-1-225x300.jpeg","width":225,"height":300,"mime-type":"image\/jpeg","url":"https:\/\/360mallorcaproperty.com\/wp-content\/uploads\/2022\/05\/WhatsApp-Image-2022-05-09-at-2.13.46-PM-1-225x300.jpeg"},"large":{"file":"WhatsApp-Image-2022-05-09-at-2.13.46-PM-1-768x1024.jpeg","width":768,"height":1024,"mime-type":"image\/jpeg","url":"https:\/\/360mallorcaproperty.com\/wp-content\/uploads\/2022\/05\/WhatsApp-Image-2022-05-09-at-2.13.46-PM-1-768x1024.jpeg"},"thumbnail":{"file":"WhatsApp-Image-2022-05-09-at-2.13.46-PM-1-150x150.jpeg","width":150,"height":150,"mime-type":"image\/jpeg","url":"https:\/\/360mallorcaproperty.com\/wp-content\/uploads\/2022\/05\/WhatsApp-Image-2022-05-09-at-2.13.46-PM-1-150x150.jpeg"},"medium_large":{"file":"WhatsApp-Image-2022-05-09-at-2.13.46-PM-1-768x1024.jpeg","width":768,"height":1024,"mime-type":"image\/jpeg","url":"https:\/\/360mallorcaproperty.com\/wp-content\/uploads\/2022\/05\/WhatsApp-Image-2022-05-09-at-2.13.46-PM-1-768x1024.jpeg"},"1536x1536":{"file":"WhatsApp-Image-2022-05-09-at-2.13.46-PM-1-1152x1536.jpeg","width":1152,"height":1536,"mime-type":"image\/jpeg","url":"https:\/\/360mallorcaproperty.com\/wp-content\/uploads\/2022\/05\/WhatsApp-Image-2022-05-09-at-2.13.46-PM-1-1152x1536.jpeg"},"post-thumbnail":{"file":"WhatsApp-Image-2022-05-09-at-2.13.46-PM-1-113x150.jpeg","width":113,"height":150,"mime-type":"image\/jpeg","url":"https:\/\/360mallorcaproperty.com\/wp-content\/uploads\/2022\/05\/WhatsApp-Image-2022-05-09-at-2.13.46-PM-1-113x150.jpeg"},"modern-property-child-slider":{"file":"WhatsApp-Image-2022-05-09-at-2.13.46-PM-1-680x510.jpeg","width":680,"height":510,"mime-type":"image\/jpeg","url":"https:\/\/360mallorcaproperty.com\/wp-content\/uploads\/2022\/05\/WhatsApp-Image-2022-05-09-at-2.13.46-PM-1-680x510.jpeg"},"property-thumb-image":{"file":"WhatsApp-Image-2022-05-09-at-2.13.46-PM-1-488x326.jpeg","width":488,"height":326,"mime-type":"image\/jpeg","url":"https:\/\/360mallorcaproperty.com\/wp-content\/uploads\/2022\/05\/WhatsApp-Image-2022-05-09-at-2.13.46-PM-1-488x326.jpeg"},"property-detail-video-image":{"file":"WhatsApp-Image-2022-05-09-at-2.13.46-PM-1-818x417.jpeg","width":818,"height":417,"mime-type":"image\/jpeg","url":"https:\/\/360mallorcaproperty.com\/wp-content\/uploads\/2022\/05\/WhatsApp-Image-2022-05-09-at-2.13.46-PM-1-818x417.jpeg"},"agent-image":{"file":"WhatsApp-Image-2022-05-09-at-2.13.46-PM-1-210x210.jpeg","width":210,"height":210,"mime-type":"image\/jpeg","url":"https:\/\/360mallorcaproperty.com\/wp-content\/uploads\/2022\/05\/WhatsApp-Image-2022-05-09-at-2.13.46-PM-1-210x210.jpeg"},"partners-logo":{"file":"WhatsApp-Image-2022-05-09-at-2.13.46-PM-1-600x2048.jpeg","width":600,"height":2048,"mime-type":"image\/jpeg","url":"https:\/\/360mallorcaproperty.com\/wp-content\/uploads\/2022\/05\/WhatsApp-Image-2022-05-09-at-2.13.46-PM-1-600x2048.jpeg"},"post-featured-image":{"file":"WhatsApp-Image-2022-05-09-at-2.13.46-PM-1-1240x720.jpeg","width":1240,"height":720,"mime-type":"image\/jpeg","url":"https:\/\/360mallorcaproperty.com\/wp-content\/uploads\/2022\/05\/WhatsApp-Image-2022-05-09-at-2.13.46-PM-1-1240x720.jpeg"}},"image_meta":{"aperture":"0","credit":"","camera":"","caption":"","created_timestamp":"0","copyright":"","focal_length":"0","iso":"0","shutter_speed":"0","title":"","orientation":"0","keywords":[]},"ID":"8398","name":"WhatsApp-Image-2022-05-09-at-2.13.46-PM-1.jpeg","path":"\/home\/mallorcaproperty\/public_html\/wp-content\/uploads\/2022\/05\/WhatsApp-Image-2022-05-09-at-2.13.46-PM-1.jpeg","url":"https:\/\/360mallorcaproperty.com\/wp-content\/uploads\/2022\/05\/WhatsApp-Image-2022-05-09-at-2.13.46-PM-1-150x150.jpeg","full_url":"https:\/\/360mallorcaproperty.com\/wp-content\/uploads\/2022\/05\/WhatsApp-Image-2022-05-09-at-2.13.46-PM-1.jpeg","title":"WhatsApp Image 2022-05-09 at 2.13.46 PM (1)","caption":"","description":"","alt":"","srcset":"https:\/\/360mallorcaproperty.com\/wp-content\/uploads\/2022\/05\/WhatsApp-Image-2022-05-09-at-2.13.46-PM-1-150x150.jpeg 150w, https:\/\/360mallorcaproperty.com\/wp-content\/uploads\/2022\/05\/WhatsApp-Image-2022-05-09-at-2.13.46-PM-1-210x210.jpeg 210w"},{"width":150,"height":150,"file":"2022\/05\/WhatsApp-Image-2022-05-09-at-2.13.49-PM.jpeg","sizes":{"medium":{"file":"WhatsApp-Image-2022-05-09-at-2.13.49-PM-225x300.jpeg","width":225,"height":300,"mime-type":"image\/jpeg","url":"https:\/\/360mallorcaproperty.com\/wp-content\/uploads\/2022\/05\/WhatsApp-Image-2022-05-09-at-2.13.49-PM-225x300.jpeg"},"large":{"file":"WhatsApp-Image-2022-05-09-at-2.13.49-PM-768x1024.jpeg","width":768,"height":1024,"mime-type":"image\/jpeg","url":"https:\/\/360mallorcaproperty.com\/wp-content\/uploads\/2022\/05\/WhatsApp-Image-2022-05-09-at-2.13.49-PM-768x1024.jpeg"},"thumbnail":{"file":"WhatsApp-Image-2022-05-09-at-2.13.49-PM-150x150.jpeg","width":150,"height":150,"mime-type":"image\/jpeg","url":"https:\/\/360mallorcaproperty.com\/wp-content\/uploads\/2022\/05\/WhatsApp-Image-2022-05-09-at-2.13.49-PM-150x150.jpeg"},"medium_large":{"file":"WhatsApp-Image-2022-05-09-at-2.13.49-PM-768x1024.jpeg","width":768,"height":1024,"mime-type":"image\/jpeg","url":"https:\/\/360mallorcaproperty.com\/wp-content\/uploads\/2022\/05\/WhatsApp-Image-2022-05-09-at-2.13.49-PM-768x1024.jpeg"},"1536x1536":{"file":"WhatsApp-Image-2022-05-09-at-2.13.49-PM-1152x1536.jpeg","width":1152,"height":1536,"mime-type":"image\/jpeg","url":"https:\/\/360mallorcaproperty.com\/wp-content\/uploads\/2022\/05\/WhatsApp-Image-2022-05-09-at-2.13.49-PM-1152x1536.jpeg"},"post-thumbnail":{"file":"WhatsApp-Image-2022-05-09-at-2.13.49-PM-113x150.jpeg","width":113,"height":150,"mime-type":"image\/jpeg","url":"https:\/\/360mallorcaproperty.com\/wp-content\/uploads\/2022\/05\/WhatsApp-Image-2022-05-09-at-2.13.49-PM-113x150.jpeg"},"modern-property-child-slider":{"file":"WhatsApp-Image-2022-05-09-at-2.13.49-PM-680x510.jpeg","width":680,"height":510,"mime-type":"image\/jpeg","url":"https:\/\/360mallorcaproperty.com\/wp-content\/uploads\/2022\/05\/WhatsApp-Image-2022-05-09-at-2.13.49-PM-680x510.jpeg"},"property-thumb-image":{"file":"WhatsApp-Image-2022-05-09-at-2.13.49-PM-488x326.jpeg","width":488,"height":326,"mime-type":"image\/jpeg","url":"https:\/\/360mallorcaproperty.com\/wp-content\/uploads\/2022\/05\/WhatsApp-Image-2022-05-09-at-2.13.49-PM-488x326.jpeg"},"property-detail-video-image":{"file":"WhatsApp-Image-2022-05-09-at-2.13.49-PM-818x417.jpeg","width":818,"height":417,"mime-type":"image\/jpeg","url":"https:\/\/360mallorcaproperty.com\/wp-content\/uploads\/2022\/05\/WhatsApp-Image-2022-05-09-at-2.13.49-PM-818x417.jpeg"},"agent-image":{"file":"WhatsApp-Image-2022-05-09-at-2.13.49-PM-210x210.jpeg","width":210,"height":210,"mime-type":"image\/jpeg","url":"https:\/\/360mallorcaproperty.com\/wp-content\/uploads\/2022\/05\/WhatsApp-Image-2022-05-09-at-2.13.49-PM-210x210.jpeg"},"partners-logo":{"file":"WhatsApp-Image-2022-05-09-at-2.13.49-PM-600x2048.jpeg","width":600,"height":2048,"mime-type":"image\/jpeg","url":"https:\/\/360mallorcaproperty.com\/wp-content\/uploads\/2022\/05\/WhatsApp-Image-2022-05-09-at-2.13.49-PM-600x2048.jpeg"},"post-featured-image":{"file":"WhatsApp-Image-2022-05-09-at-2.13.49-PM-1240x720.jpeg","width":1240,"height":720,"mime-type":"image\/jpeg","url":"https:\/\/360mallorcaproperty.com\/wp-content\/uploads\/2022\/05\/WhatsApp-Image-2022-05-09-at-2.13.49-PM-1240x720.jpeg"}},"image_meta":{"aperture":"0","credit":"","camera":"","caption":"","created_timestamp":"0","copyright":"","focal_length":"0","iso":"0","shutter_speed":"0","title":"","orientation":"0","keywords":[]},"ID":"8401","name":"WhatsApp-Image-2022-05-09-at-2.13.49-PM.jpeg","path":"\/home\/mallorcaproperty\/public_html\/wp-content\/uploads\/2022\/05\/WhatsApp-Image-2022-05-09-at-2.13.49-PM.jpeg","url":"https:\/\/360mallorcaproperty.com\/wp-content\/uploads\/2022\/05\/WhatsApp-Image-2022-05-09-at-2.13.49-PM-150x150.jpeg","full_url":"https:\/\/360mallorcaproperty.com\/wp-content\/uploads\/2022\/05\/WhatsApp-Image-2022-05-09-at-2.13.49-PM.jpeg","title":"WhatsApp Image 2022-05-09 at 2.13.49 PM","caption":"","description":"","alt":"","srcset":"https:\/\/360mallorcaproperty.com\/wp-content\/uploads\/2022\/05\/WhatsApp-Image-2022-05-09-at-2.13.49-PM-150x150.jpeg 150w, https:\/\/360mallorcaproperty.com\/wp-content\/uploads\/2022\/05\/WhatsApp-Image-2022-05-09-at-2.13.49-PM-210x210.jpeg 210w"},{"width":150,"height":150,"file":"2022\/05\/WhatsApp-Image-2022-05-09-at-2.13.44-PM-1.jpeg","sizes":{"medium":{"file":"WhatsApp-Image-2022-05-09-at-2.13.44-PM-1-225x300.jpeg","width":225,"height":300,"mime-type":"image\/jpeg","url":"https:\/\/360mallorcaproperty.com\/wp-content\/uploads\/2022\/05\/WhatsApp-Image-2022-05-09-at-2.13.44-PM-1-225x300.jpeg"},"large":{"file":"WhatsApp-Image-2022-05-09-at-2.13.44-PM-1-768x1024.jpeg","width":768,"height":1024,"mime-type":"image\/jpeg","url":"https:\/\/360mallorcaproperty.com\/wp-content\/uploads\/2022\/05\/WhatsApp-Image-2022-05-09-at-2.13.44-PM-1-768x1024.jpeg"},"thumbnail":{"file":"WhatsApp-Image-2022-05-09-at-2.13.44-PM-1-150x150.jpeg","width":150,"height":150,"mime-type":"image\/jpeg","url":"https:\/\/360mallorcaproperty.com\/wp-content\/uploads\/2022\/05\/WhatsApp-Image-2022-05-09-at-2.13.44-PM-1-150x150.jpeg"},"medium_large":{"file":"WhatsApp-Image-2022-05-09-at-2.13.44-PM-1-768x1024.jpeg","width":768,"height":1024,"mime-type":"image\/jpeg","url":"https:\/\/360mallorcaproperty.com\/wp-content\/uploads\/2022\/05\/WhatsApp-Image-2022-05-09-at-2.13.44-PM-1-768x1024.jpeg"},"1536x1536":{"file":"WhatsApp-Image-2022-05-09-at-2.13.44-PM-1-1152x1536.jpeg","width":1152,"height":1536,"mime-type":"image\/jpeg","url":"https:\/\/360mallorcaproperty.com\/wp-content\/uploads\/2022\/05\/WhatsApp-Image-2022-05-09-at-2.13.44-PM-1-1152x1536.jpeg"},"post-thumbnail":{"file":"WhatsApp-Image-2022-05-09-at-2.13.44-PM-1-113x150.jpeg","width":113,"height":150,"mime-type":"image\/jpeg","url":"https:\/\/360mallorcaproperty.com\/wp-content\/uploads\/2022\/05\/WhatsApp-Image-2022-05-09-at-2.13.44-PM-1-113x150.jpeg"},"modern-property-child-slider":{"file":"WhatsApp-Image-2022-05-09-at-2.13.44-PM-1-680x510.jpeg","width":680,"height":510,"mime-type":"image\/jpeg","url":"https:\/\/360mallorcaproperty.com\/wp-content\/uploads\/2022\/05\/WhatsApp-Image-2022-05-09-at-2.13.44-PM-1-680x510.jpeg"},"property-thumb-image":{"file":"WhatsApp-Image-2022-05-09-at-2.13.44-PM-1-488x326.jpeg","width":488,"height":326,"mime-type":"image\/jpeg","url":"https:\/\/360mallorcaproperty.com\/wp-content\/uploads\/2022\/05\/WhatsApp-Image-2022-05-09-at-2.13.44-PM-1-488x326.jpeg"},"property-detail-video-image":{"file":"WhatsApp-Image-2022-05-09-at-2.13.44-PM-1-818x417.jpeg","width":818,"height":417,"mime-type":"image\/jpeg","url":"https:\/\/360mallorcaproperty.com\/wp-content\/uploads\/2022\/05\/WhatsApp-Image-2022-05-09-at-2.13.44-PM-1-818x417.jpeg"},"agent-image":{"file":"WhatsApp-Image-2022-05-09-at-2.13.44-PM-1-210x210.jpeg","width":210,"height":210,"mime-type":"image\/jpeg","url":"https:\/\/360mallorcaproperty.com\/wp-content\/uploads\/2022\/05\/WhatsApp-Image-2022-05-09-at-2.13.44-PM-1-210x210.jpeg"},"partners-logo":{"file":"WhatsApp-Image-2022-05-09-at-2.13.44-PM-1-600x2048.jpeg","width":600,"height":2048,"mime-type":"image\/jpeg","url":"https:\/\/360mallorcaproperty.com\/wp-content\/uploads\/2022\/05\/WhatsApp-Image-2022-05-09-at-2.13.44-PM-1-600x2048.jpeg"},"post-featured-image":{"file":"WhatsApp-Image-2022-05-09-at-2.13.44-PM-1-1240x720.jpeg","width":1240,"height":720,"mime-type":"image\/jpeg","url":"https:\/\/360mallorcaproperty.com\/wp-content\/uploads\/2022\/05\/WhatsApp-Image-2022-05-09-at-2.13.44-PM-1-1240x720.jpeg"}},"image_meta":{"aperture":"0","credit":"","camera":"","caption":"","created_timestamp":"0","copyright":"","focal_length":"0","iso":"0","shutter_speed":"0","title":"","orientation":"0","keywords":[]},"ID":"8402","name":"WhatsApp-Image-2022-05-09-at-2.13.44-PM-1.jpeg","path":"\/home\/mallorcaproperty\/public_html\/wp-content\/uploads\/2022\/05\/WhatsApp-Image-2022-05-09-at-2.13.44-PM-1.jpeg","url":"https:\/\/360mallorcaproperty.com\/wp-content\/uploads\/2022\/05\/WhatsApp-Image-2022-05-09-at-2.13.44-PM-1-150x150.jpeg","full_url":"https:\/\/360mallorcaproperty.com\/wp-content\/uploads\/2022\/05\/WhatsApp-Image-2022-05-09-at-2.13.44-PM-1.jpeg","title":"WhatsApp Image 2022-05-09 at 2.13.44 PM (1)","caption":"","description":"","alt":"","srcset":"https:\/\/360mallorcaproperty.com\/wp-content\/uploads\/2022\/05\/WhatsApp-Image-2022-05-09-at-2.13.44-PM-1-150x150.jpeg 150w, https:\/\/360mallorcaproperty.com\/wp-content\/uploads\/2022\/05\/WhatsApp-Image-2022-05-09-at-2.13.44-PM-1-210x210.jpeg 210w"},{"width":150,"height":150,"file":"2022\/05\/WhatsApp-Image-2022-05-09-at-2.13.45-PM-1.jpeg","sizes":{"medium":{"file":"WhatsApp-Image-2022-05-09-at-2.13.45-PM-1-225x300.jpeg","width":225,"height":300,"mime-type":"image\/jpeg","url":"https:\/\/360mallorcaproperty.com\/wp-content\/uploads\/2022\/05\/WhatsApp-Image-2022-05-09-at-2.13.45-PM-1-225x300.jpeg"},"large":{"file":"WhatsApp-Image-2022-05-09-at-2.13.45-PM-1-768x1024.jpeg","width":768,"height":1024,"mime-type":"image\/jpeg","url":"https:\/\/360mallorcaproperty.com\/wp-content\/uploads\/2022\/05\/WhatsApp-Image-2022-05-09-at-2.13.45-PM-1-768x1024.jpeg"},"thumbnail":{"file":"WhatsApp-Image-2022-05-09-at-2.13.45-PM-1-150x150.jpeg","width":150,"height":150,"mime-type":"image\/jpeg","url":"https:\/\/360mallorcaproperty.com\/wp-content\/uploads\/2022\/05\/WhatsApp-Image-2022-05-09-at-2.13.45-PM-1-150x150.jpeg"},"medium_large":{"file":"WhatsApp-Image-2022-05-09-at-2.13.45-PM-1-768x1024.jpeg","width":768,"height":1024,"mime-type":"image\/jpeg","url":"https:\/\/360mallorcaproperty.com\/wp-content\/uploads\/2022\/05\/WhatsApp-Image-2022-05-09-at-2.13.45-PM-1-768x1024.jpeg"},"1536x1536":{"file":"WhatsApp-Image-2022-05-09-at-2.13.45-PM-1-1152x1536.jpeg","width":1152,"height":1536,"mime-type":"image\/jpeg","url":"https:\/\/360mallorcaproperty.com\/wp-content\/uploads\/2022\/05\/WhatsApp-Image-2022-05-09-at-2.13.45-PM-1-1152x1536.jpeg"},"post-thumbnail":{"file":"WhatsApp-Image-2022-05-09-at-2.13.45-PM-1-113x150.jpeg","width":113,"height":150,"mime-type":"image\/jpeg","url":"https:\/\/360mallorcaproperty.com\/wp-content\/uploads\/2022\/05\/WhatsApp-Image-2022-05-09-at-2.13.45-PM-1-113x150.jpeg"},"modern-property-child-slider":{"file":"WhatsApp-Image-2022-05-09-at-2.13.45-PM-1-680x510.jpeg","width":680,"height":510,"mime-type":"image\/jpeg","url":"https:\/\/360mallorcaproperty.com\/wp-content\/uploads\/2022\/05\/WhatsApp-Image-2022-05-09-at-2.13.45-PM-1-680x510.jpeg"},"property-thumb-image":{"file":"WhatsApp-Image-2022-05-09-at-2.13.45-PM-1-488x326.jpeg","width":488,"height":326,"mime-type":"image\/jpeg","url":"https:\/\/360mallorcaproperty.com\/wp-content\/uploads\/2022\/05\/WhatsApp-Image-2022-05-09-at-2.13.45-PM-1-488x326.jpeg"},"property-detail-video-image":{"file":"WhatsApp-Image-2022-05-09-at-2.13.45-PM-1-818x417.jpeg","width":818,"height":417,"mime-type":"image\/jpeg","url":"https:\/\/360mallorcaproperty.com\/wp-content\/uploads\/2022\/05\/WhatsApp-Image-2022-05-09-at-2.13.45-PM-1-818x417.jpeg"},"agent-image":{"file":"WhatsApp-Image-2022-05-09-at-2.13.45-PM-1-210x210.jpeg","width":210,"height":210,"mime-type":"image\/jpeg","url":"https:\/\/360mallorcaproperty.com\/wp-content\/uploads\/2022\/05\/WhatsApp-Image-2022-05-09-at-2.13.45-PM-1-210x210.jpeg"},"partners-logo":{"file":"WhatsApp-Image-2022-05-09-at-2.13.45-PM-1-600x2048.jpeg","width":600,"height":2048,"mime-type":"image\/jpeg","url":"https:\/\/360mallorcaproperty.com\/wp-content\/uploads\/2022\/05\/WhatsApp-Image-2022-05-09-at-2.13.45-PM-1-600x2048.jpeg"},"post-featured-image":{"file":"WhatsApp-Image-2022-05-09-at-2.13.45-PM-1-1240x720.jpeg","width":1240,"height":720,"mime-type":"image\/jpeg","url":"https:\/\/360mallorcaproperty.com\/wp-content\/uploads\/2022\/05\/WhatsApp-Image-2022-05-09-at-2.13.45-PM-1-1240x720.jpeg"}},"image_meta":{"aperture":"0","credit":"","camera":"","caption":"","created_timestamp":"0","copyright":"","focal_length":"0","iso":"0","shutter_speed":"0","title":"","orientation":"0","keywords":[]},"ID":"8403","name":"WhatsApp-Image-2022-05-09-at-2.13.45-PM-1.jpeg","path":"\/home\/mallorcaproperty\/public_html\/wp-content\/uploads\/2022\/05\/WhatsApp-Image-2022-05-09-at-2.13.45-PM-1.jpeg","url":"https:\/\/360mallorcaproperty.com\/wp-content\/uploads\/2022\/05\/WhatsApp-Image-2022-05-09-at-2.13.45-PM-1-150x150.jpeg","full_url":"https:\/\/360mallorcaproperty.com\/wp-content\/uploads\/2022\/05\/WhatsApp-Image-2022-05-09-at-2.13.45-PM-1.jpeg","title":"WhatsApp Image 2022-05-09 at 2.13.45 PM (1)","caption":"","description":"","alt":"","srcset":"https:\/\/360mallorcaproperty.com\/wp-content\/uploads\/2022\/05\/WhatsApp-Image-2022-05-09-at-2.13.45-PM-1-150x150.jpeg 150w, https:\/\/360mallorcaproperty.com\/wp-content\/uploads\/2022\/05\/WhatsApp-Image-2022-05-09-at-2.13.45-PM-1-210x210.jpeg 210w"},{"width":150,"height":150,"file":"2022\/05\/WhatsApp-Image-2022-05-09-at-2.13.46-PM.jpeg","sizes":{"medium":{"file":"WhatsApp-Image-2022-05-09-at-2.13.46-PM-225x300.jpeg","width":225,"height":300,"mime-type":"image\/jpeg","url":"https:\/\/360mallorcaproperty.com\/wp-content\/uploads\/2022\/05\/WhatsApp-Image-2022-05-09-at-2.13.46-PM-225x300.jpeg"},"large":{"file":"WhatsApp-Image-2022-05-09-at-2.13.46-PM-768x1024.jpeg","width":768,"height":1024,"mime-type":"image\/jpeg","url":"https:\/\/360mallorcaproperty.com\/wp-content\/uploads\/2022\/05\/WhatsApp-Image-2022-05-09-at-2.13.46-PM-768x1024.jpeg"},"thumbnail":{"file":"WhatsApp-Image-2022-05-09-at-2.13.46-PM-150x150.jpeg","width":150,"height":150,"mime-type":"image\/jpeg","url":"https:\/\/360mallorcaproperty.com\/wp-content\/uploads\/2022\/05\/WhatsApp-Image-2022-05-09-at-2.13.46-PM-150x150.jpeg"},"medium_large":{"file":"WhatsApp-Image-2022-05-09-at-2.13.46-PM-768x1024.jpeg","width":768,"height":1024,"mime-type":"image\/jpeg","url":"https:\/\/360mallorcaproperty.com\/wp-content\/uploads\/2022\/05\/WhatsApp-Image-2022-05-09-at-2.13.46-PM-768x1024.jpeg"},"1536x1536":{"file":"WhatsApp-Image-2022-05-09-at-2.13.46-PM-1152x1536.jpeg","width":1152,"height":1536,"mime-type":"image\/jpeg","url":"https:\/\/360mallorcaproperty.com\/wp-content\/uploads\/2022\/05\/WhatsApp-Image-2022-05-09-at-2.13.46-PM-1152x1536.jpeg"},"post-thumbnail":{"file":"WhatsApp-Image-2022-05-09-at-2.13.46-PM-113x150.jpeg","width":113,"height":150,"mime-type":"image\/jpeg","url":"https:\/\/360mallorcaproperty.com\/wp-content\/uploads\/2022\/05\/WhatsApp-Image-2022-05-09-at-2.13.46-PM-113x150.jpeg"},"modern-property-child-slider":{"file":"WhatsApp-Image-2022-05-09-at-2.13.46-PM-680x510.jpeg","width":680,"height":510,"mime-type":"image\/jpeg","url":"https:\/\/360mallorcaproperty.com\/wp-content\/uploads\/2022\/05\/WhatsApp-Image-2022-05-09-at-2.13.46-PM-680x510.jpeg"},"property-thumb-image":{"file":"WhatsApp-Image-2022-05-09-at-2.13.46-PM-488x326.jpeg","width":488,"height":326,"mime-type":"image\/jpeg","url":"https:\/\/360mallorcaproperty.com\/wp-content\/uploads\/2022\/05\/WhatsApp-Image-2022-05-09-at-2.13.46-PM-488x326.jpeg"},"property-detail-video-image":{"file":"WhatsApp-Image-2022-05-09-at-2.13.46-PM-818x417.jpeg","width":818,"height":417,"mime-type":"image\/jpeg","url":"https:\/\/360mallorcaproperty.com\/wp-content\/uploads\/2022\/05\/WhatsApp-Image-2022-05-09-at-2.13.46-PM-818x417.jpeg"},"agent-image":{"file":"WhatsApp-Image-2022-05-09-at-2.13.46-PM-210x210.jpeg","width":210,"height":210,"mime-type":"image\/jpeg","url":"https:\/\/360mallorcaproperty.com\/wp-content\/uploads\/2022\/05\/WhatsApp-Image-2022-05-09-at-2.13.46-PM-210x210.jpeg"},"partners-logo":{"file":"WhatsApp-Image-2022-05-09-at-2.13.46-PM-600x2048.jpeg","width":600,"height":2048,"mime-type":"image\/jpeg","url":"https:\/\/360mallorcaproperty.com\/wp-content\/uploads\/2022\/05\/WhatsApp-Image-2022-05-09-at-2.13.46-PM-600x2048.jpeg"},"post-featured-image":{"file":"WhatsApp-Image-2022-05-09-at-2.13.46-PM-1240x720.jpeg","width":1240,"height":720,"mime-type":"image\/jpeg","url":"https:\/\/360mallorcaproperty.com\/wp-content\/uploads\/2022\/05\/WhatsApp-Image-2022-05-09-at-2.13.46-PM-1240x720.jpeg"}},"image_meta":{"aperture":"0","credit":"","camera":"","caption":"","created_timestamp":"0","copyright":"","focal_length":"0","iso":"0","shutter_speed":"0","title":"","orientation":"0","keywords":[]},"ID":"8405","name":"WhatsApp-Image-2022-05-09-at-2.13.46-PM.jpeg","path":"\/home\/mallorcaproperty\/public_html\/wp-content\/uploads\/2022\/05\/WhatsApp-Image-2022-05-09-at-2.13.46-PM.jpeg","url":"https:\/\/360mallorcaproperty.com\/wp-content\/uploads\/2022\/05\/WhatsApp-Image-2022-05-09-at-2.13.46-PM-150x150.jpeg","full_url":"https:\/\/360mallorcaproperty.com\/wp-content\/uploads\/2022\/05\/WhatsApp-Image-2022-05-09-at-2.13.46-PM.jpeg","title":"WhatsApp Image 2022-05-09 at 2.13.46 PM","caption":"","description":"","alt":"","srcset":"https:\/\/360mallorcaproperty.com\/wp-content\/uploads\/2022\/05\/WhatsApp-Image-2022-05-09-at-2.13.46-PM-150x150.jpeg 150w, https:\/\/360mallorcaproperty.com\/wp-content\/uploads\/2022\/05\/WhatsApp-Image-2022-05-09-at-2.13.46-PM-210x210.jpeg 210w"},{"width":150,"height":150,"file":"2022\/05\/WhatsApp-Image-2022-05-09-at-2.13.50-PM.jpeg","sizes":{"medium":{"file":"WhatsApp-Image-2022-05-09-at-2.13.50-PM-225x300.jpeg","width":225,"height":300,"mime-type":"image\/jpeg","url":"https:\/\/360mallorcaproperty.com\/wp-content\/uploads\/2022\/05\/WhatsApp-Image-2022-05-09-at-2.13.50-PM-225x300.jpeg"},"large":{"file":"WhatsApp-Image-2022-05-09-at-2.13.50-PM-768x1024.jpeg","width":768,"height":1024,"mime-type":"image\/jpeg","url":"https:\/\/360mallorcaproperty.com\/wp-content\/uploads\/2022\/05\/WhatsApp-Image-2022-05-09-at-2.13.50-PM-768x1024.jpeg"},"thumbnail":{"file":"WhatsApp-Image-2022-05-09-at-2.13.50-PM-150x150.jpeg","width":150,"height":150,"mime-type":"image\/jpeg","url":"https:\/\/360mallorcaproperty.com\/wp-content\/uploads\/2022\/05\/WhatsApp-Image-2022-05-09-at-2.13.50-PM-150x150.jpeg"},"medium_large":{"file":"WhatsApp-Image-2022-05-09-at-2.13.50-PM-768x1024.jpeg","width":768,"height":1024,"mime-type":"image\/jpeg","url":"https:\/\/360mallorcaproperty.com\/wp-content\/uploads\/2022\/05\/WhatsApp-Image-2022-05-09-at-2.13.50-PM-768x1024.jpeg"},"1536x1536":{"file":"WhatsApp-Image-2022-05-09-at-2.13.50-PM-1152x1536.jpeg","width":1152,"height":1536,"mime-type":"image\/jpeg","url":"https:\/\/360mallorcaproperty.com\/wp-content\/uploads\/2022\/05\/WhatsApp-Image-2022-05-09-at-2.13.50-PM-1152x1536.jpeg"},"post-thumbnail":{"file":"WhatsApp-Image-2022-05-09-at-2.13.50-PM-113x150.jpeg","width":113,"height":150,"mime-type":"image\/jpeg","url":"https:\/\/360mallorcaproperty.com\/wp-content\/uploads\/2022\/05\/WhatsApp-Image-2022-05-09-at-2.13.50-PM-113x150.jpeg"},"modern-property-child-slider":{"file":"WhatsApp-Image-2022-05-09-at-2.13.50-PM-680x510.jpeg","width":680,"height":510,"mime-type":"image\/jpeg","url":"https:\/\/360mallorcaproperty.com\/wp-content\/uploads\/2022\/05\/WhatsApp-Image-2022-05-09-at-2.13.50-PM-680x510.jpeg"},"property-thumb-image":{"file":"WhatsApp-Image-2022-05-09-at-2.13.50-PM-488x326.jpeg","width":488,"height":326,"mime-type":"image\/jpeg","url":"https:\/\/360mallorcaproperty.com\/wp-content\/uploads\/2022\/05\/WhatsApp-Image-2022-05-09-at-2.13.50-PM-488x326.jpeg"},"property-detail-video-image":{"file":"WhatsApp-Image-2022-05-09-at-2.13.50-PM-818x417.jpeg","width":818,"height":417,"mime-type":"image\/jpeg","url":"https:\/\/360mallorcaproperty.com\/wp-content\/uploads\/2022\/05\/WhatsApp-Image-2022-05-09-at-2.13.50-PM-818x417.jpeg"},"agent-image":{"file":"WhatsApp-Image-2022-05-09-at-2.13.50-PM-210x210.jpeg","width":210,"height":210,"mime-type":"image\/jpeg","url":"https:\/\/360mallorcaproperty.com\/wp-content\/uploads\/2022\/05\/WhatsApp-Image-2022-05-09-at-2.13.50-PM-210x210.jpeg"},"partners-logo":{"file":"WhatsApp-Image-2022-05-09-at-2.13.50-PM-600x2048.jpeg","width":600,"height":2048,"mime-type":"image\/jpeg","url":"https:\/\/360mallorcaproperty.com\/wp-content\/uploads\/2022\/05\/WhatsApp-Image-2022-05-09-at-2.13.50-PM-600x2048.jpeg"},"post-featured-image":{"file":"WhatsApp-Image-2022-05-09-at-2.13.50-PM-1240x720.jpeg","width":1240,"height":720,"mime-type":"image\/jpeg","url":"https:\/\/360mallorcaproperty.com\/wp-content\/uploads\/2022\/05\/WhatsApp-Image-2022-05-09-at-2.13.50-PM-1240x720.jpeg"}},"image_meta":{"aperture":"0","credit":"","camera":"","caption":"","created_timestamp":"0","copyright":"","focal_length":"0","iso":"0","shutter_speed":"0","title":"","orientation":"0","keywords":[]},"ID":"8406","name":"WhatsApp-Image-2022-05-09-at-2.13.50-PM.jpeg","path":"\/home\/mallorcaproperty\/public_html\/wp-content\/uploads\/2022\/05\/WhatsApp-Image-2022-05-09-at-2.13.50-PM.jpeg","url":"https:\/\/360mallorcaproperty.com\/wp-content\/uploads\/2022\/05\/WhatsApp-Image-2022-05-09-at-2.13.50-PM-150x150.jpeg","full_url":"https:\/\/360mallorcaproperty.com\/wp-content\/uploads\/2022\/05\/WhatsApp-Image-2022-05-09-at-2.13.50-PM.jpeg","title":"WhatsApp Image 2022-05-09 at 2.13.50 PM","caption":"","description":"","alt":"","srcset":"https:\/\/360mallorcaproperty.com\/wp-content\/uploads\/2022\/05\/WhatsApp-Image-2022-05-09-at-2.13.50-PM-150x150.jpeg 150w, https:\/\/360mallorcaproperty.com\/wp-content\/uploads\/2022\/05\/WhatsApp-Image-2022-05-09-at-2.13.50-PM-210x210.jpeg 210w"},{"width":150,"height":150,"file":"2022\/05\/WhatsApp-Image-2022-05-09-at-2.13.52-PM-1.jpeg","sizes":{"medium":{"file":"WhatsApp-Image-2022-05-09-at-2.13.52-PM-1-225x300.jpeg","width":225,"height":300,"mime-type":"image\/jpeg","url":"https:\/\/360mallorcaproperty.com\/wp-content\/uploads\/2022\/05\/WhatsApp-Image-2022-05-09-at-2.13.52-PM-1-225x300.jpeg"},"large":{"file":"WhatsApp-Image-2022-05-09-at-2.13.52-PM-1-768x1024.jpeg","width":768,"height":1024,"mime-type":"image\/jpeg","url":"https:\/\/360mallorcaproperty.com\/wp-content\/uploads\/2022\/05\/WhatsApp-Image-2022-05-09-at-2.13.52-PM-1-768x1024.jpeg"},"thumbnail":{"file":"WhatsApp-Image-2022-05-09-at-2.13.52-PM-1-150x150.jpeg","width":150,"height":150,"mime-type":"image\/jpeg","url":"https:\/\/360mallorcaproperty.com\/wp-content\/uploads\/2022\/05\/WhatsApp-Image-2022-05-09-at-2.13.52-PM-1-150x150.jpeg"},"medium_large":{"file":"WhatsApp-Image-2022-05-09-at-2.13.52-PM-1-768x1024.jpeg","width":768,"height":1024,"mime-type":"image\/jpeg","url":"https:\/\/360mallorcaproperty.com\/wp-content\/uploads\/2022\/05\/WhatsApp-Image-2022-05-09-at-2.13.52-PM-1-768x1024.jpeg"},"1536x1536":{"file":"WhatsApp-Image-2022-05-09-at-2.13.52-PM-1-1152x1536.jpeg","width":1152,"height":1536,"mime-type":"image\/jpeg","url":"https:\/\/360mallorcaproperty.com\/wp-content\/uploads\/2022\/05\/WhatsApp-Image-2022-05-09-at-2.13.52-PM-1-1152x1536.jpeg"},"post-thumbnail":{"file":"WhatsApp-Image-2022-05-09-at-2.13.52-PM-1-113x150.jpeg","width":113,"height":150,"mime-type":"image\/jpeg","url":"https:\/\/360mallorcaproperty.com\/wp-content\/uploads\/2022\/05\/WhatsApp-Image-2022-05-09-at-2.13.52-PM-1-113x150.jpeg"},"modern-property-child-slider":{"file":"WhatsApp-Image-2022-05-09-at-2.13.52-PM-1-680x510.jpeg","width":680,"height":510,"mime-type":"image\/jpeg","url":"https:\/\/360mallorcaproperty.com\/wp-content\/uploads\/2022\/05\/WhatsApp-Image-2022-05-09-at-2.13.52-PM-1-680x510.jpeg"},"property-thumb-image":{"file":"WhatsApp-Image-2022-05-09-at-2.13.52-PM-1-488x326.jpeg","width":488,"height":326,"mime-type":"image\/jpeg","url":"https:\/\/360mallorcaproperty.com\/wp-content\/uploads\/2022\/05\/WhatsApp-Image-2022-05-09-at-2.13.52-PM-1-488x326.jpeg"},"property-detail-video-image":{"file":"WhatsApp-Image-2022-05-09-at-2.13.52-PM-1-818x417.jpeg","width":818,"height":417,"mime-type":"image\/jpeg","url":"https:\/\/360mallorcaproperty.com\/wp-content\/uploads\/2022\/05\/WhatsApp-Image-2022-05-09-at-2.13.52-PM-1-818x417.jpeg"},"agent-image":{"file":"WhatsApp-Image-2022-05-09-at-2.13.52-PM-1-210x210.jpeg","width":210,"height":210,"mime-type":"image\/jpeg","url":"https:\/\/360mallorcaproperty.com\/wp-content\/uploads\/2022\/05\/WhatsApp-Image-2022-05-09-at-2.13.52-PM-1-210x210.jpeg"},"partners-logo":{"file":"WhatsApp-Image-2022-05-09-at-2.13.52-PM-1-600x2048.jpeg","width":600,"height":2048,"mime-type":"image\/jpeg","url":"https:\/\/360mallorcaproperty.com\/wp-content\/uploads\/2022\/05\/WhatsApp-Image-2022-05-09-at-2.13.52-PM-1-600x2048.jpeg"},"post-featured-image":{"file":"WhatsApp-Image-2022-05-09-at-2.13.52-PM-1-1240x720.jpeg","width":1240,"height":720,"mime-type":"image\/jpeg","url":"https:\/\/360mallorcaproperty.com\/wp-content\/uploads\/2022\/05\/WhatsApp-Image-2022-05-09-at-2.13.52-PM-1-1240x720.jpeg"}},"image_meta":{"aperture":"0","credit":"","camera":"","caption":"","created_timestamp":"0","copyright":"","focal_length":"0","iso":"0","shutter_speed":"0","title":"","orientation":"0","keywords":[]},"ID":"8408","name":"WhatsApp-Image-2022-05-09-at-2.13.52-PM-1.jpeg","path":"\/home\/mallorcaproperty\/public_html\/wp-content\/uploads\/2022\/05\/WhatsApp-Image-2022-05-09-at-2.13.52-PM-1.jpeg","url":"https:\/\/360mallorcaproperty.com\/wp-content\/uploads\/2022\/05\/WhatsApp-Image-2022-05-09-at-2.13.52-PM-1-150x150.jpeg","full_url":"https:\/\/360mallorcaproperty.com\/wp-content\/uploads\/2022\/05\/WhatsApp-Image-2022-05-09-at-2.13.52-PM-1.jpeg","title":"WhatsApp Image 2022-05-09 at 2.13.52 PM (1)","caption":"","description":"","alt":"","srcset":"https:\/\/360mallorcaproperty.com\/wp-content\/uploads\/2022\/05\/WhatsApp-Image-2022-05-09-at-2.13.52-PM-1-150x150.jpeg 150w, https:\/\/360mallorcaproperty.com\/wp-content\/uploads\/2022\/05\/WhatsApp-Image-2022-05-09-at-2.13.52-PM-1-210x210.jpeg 210w"},{"width":150,"height":150,"file":"2022\/05\/WhatsApp-Image-2022-05-09-at-2.13.52-PM.jpeg","sizes":{"medium":{"file":"WhatsApp-Image-2022-05-09-at-2.13.52-PM-225x300.jpeg","width":225,"height":300,"mime-type":"image\/jpeg","url":"https:\/\/360mallorcaproperty.com\/wp-content\/uploads\/2022\/05\/WhatsApp-Image-2022-05-09-at-2.13.52-PM-225x300.jpeg"},"large":{"file":"WhatsApp-Image-2022-05-09-at-2.13.52-PM-768x1024.jpeg","width":768,"height":1024,"mime-type":"image\/jpeg","url":"https:\/\/360mallorcaproperty.com\/wp-content\/uploads\/2022\/05\/WhatsApp-Image-2022-05-09-at-2.13.52-PM-768x1024.jpeg"},"thumbnail":{"file":"WhatsApp-Image-2022-05-09-at-2.13.52-PM-150x150.jpeg","width":150,"height":150,"mime-type":"image\/jpeg","url":"https:\/\/360mallorcaproperty.com\/wp-content\/uploads\/2022\/05\/WhatsApp-Image-2022-05-09-at-2.13.52-PM-150x150.jpeg"},"medium_large":{"file":"WhatsApp-Image-2022-05-09-at-2.13.52-PM-768x1024.jpeg","width":768,"height":1024,"mime-type":"image\/jpeg","url":"https:\/\/360mallorcaproperty.com\/wp-content\/uploads\/2022\/05\/WhatsApp-Image-2022-05-09-at-2.13.52-PM-768x1024.jpeg"},"1536x1536":{"file":"WhatsApp-Image-2022-05-09-at-2.13.52-PM-1152x1536.jpeg","width":1152,"height":1536,"mime-type":"image\/jpeg","url":"https:\/\/360mallorcaproperty.com\/wp-content\/uploads\/2022\/05\/WhatsApp-Image-2022-05-09-at-2.13.52-PM-1152x1536.jpeg"},"post-thumbnail":{"file":"WhatsApp-Image-2022-05-09-at-2.13.52-PM-113x150.jpeg","width":113,"height":150,"mime-type":"image\/jpeg","url":"https:\/\/360mallorcaproperty.com\/wp-content\/uploads\/2022\/05\/WhatsApp-Image-2022-05-09-at-2.13.52-PM-113x150.jpeg"},"modern-property-child-slider":{"file":"WhatsApp-Image-2022-05-09-at-2.13.52-PM-680x510.jpeg","width":680,"height":510,"mime-type":"image\/jpeg","url":"https:\/\/360mallorcaproperty.com\/wp-content\/uploads\/2022\/05\/WhatsApp-Image-2022-05-09-at-2.13.52-PM-680x510.jpeg"},"property-thumb-image":{"file":"WhatsApp-Image-2022-05-09-at-2.13.52-PM-488x326.jpeg","width":488,"height":326,"mime-type":"image\/jpeg","url":"https:\/\/360mallorcaproperty.com\/wp-content\/uploads\/2022\/05\/WhatsApp-Image-2022-05-09-at-2.13.52-PM-488x326.jpeg"},"property-detail-video-image":{"file":"WhatsApp-Image-2022-05-09-at-2.13.52-PM-818x417.jpeg","width":818,"height":417,"mime-type":"image\/jpeg","url":"https:\/\/360mallorcaproperty.com\/wp-content\/uploads\/2022\/05\/WhatsApp-Image-2022-05-09-at-2.13.52-PM-818x417.jpeg"},"agent-image":{"file":"WhatsApp-Image-2022-05-09-at-2.13.52-PM-210x210.jpeg","width":210,"height":210,"mime-type":"image\/jpeg","url":"https:\/\/360mallorcaproperty.com\/wp-content\/uploads\/2022\/05\/WhatsApp-Image-2022-05-09-at-2.13.52-PM-210x210.jpeg"},"partners-logo":{"file":"WhatsApp-Image-2022-05-09-at-2.13.52-PM-600x2048.jpeg","width":600,"height":2048,"mime-type":"image\/jpeg","url":"https:\/\/360mallorcaproperty.com\/wp-content\/uploads\/2022\/05\/WhatsApp-Image-2022-05-09-at-2.13.52-PM-600x2048.jpeg"},"post-featured-image":{"file":"WhatsApp-Image-2022-05-09-at-2.13.52-PM-1240x720.jpeg","width":1240,"height":720,"mime-type":"image\/jpeg","url":"https:\/\/360mallorcaproperty.com\/wp-content\/uploads\/2022\/05\/WhatsApp-Image-2022-05-09-at-2.13.52-PM-1240x720.jpeg"}},"image_meta":{"aperture":"0","credit":"","camera":"","caption":"","created_timestamp":"0","copyright":"","focal_length":"0","iso":"0","shutter_speed":"0","title":"","orientation":"0","keywords":[]},"ID":"8409","name":"WhatsApp-Image-2022-05-09-at-2.13.52-PM.jpeg","path":"\/home\/mallorcaproperty\/public_html\/wp-content\/uploads\/2022\/05\/WhatsApp-Image-2022-05-09-at-2.13.52-PM.jpeg","url":"https:\/\/360mallorcaproperty.com\/wp-content\/uploads\/2022\/05\/WhatsApp-Image-2022-05-09-at-2.13.52-PM-150x150.jpeg","full_url":"https:\/\/360mallorcaproperty.com\/wp-content\/uploads\/2022\/05\/WhatsApp-Image-2022-05-09-at-2.13.52-PM.jpeg","title":"WhatsApp Image 2022-05-09 at 2.13.52 PM","caption":"","description":"","alt":"","srcset":"https:\/\/360mallorcaproperty.com\/wp-content\/uploads\/2022\/05\/WhatsApp-Image-2022-05-09-at-2.13.52-PM-150x150.jpeg 150w, https:\/\/360mallorcaproperty.com\/wp-content\/uploads\/2022\/05\/WhatsApp-Image-2022-05-09-at-2.13.52-PM-210x210.jpeg 210w"}],"REAL_HOMES_change_gallery_slider_type":"0","REAL_HOMES_gallery_slider_type":"thumb-on-right","inspiry_floor_plans":[],"inspiry_video_group":[],"REAL_HOMES_360_virtual_tour":"","REAL_HOMES_agent_display_option":"none","REAL_HOMES_agents":[],"REAL_HOMES_energy_class":"none","REAL_HOMES_energy_performance":"","REAL_HOMES_epc_current_rating":"","REAL_HOMES_epc_potential_rating":"","ere_property_schedule_tour":"global","ere_property_schedule_time_slots":"","ere_property_schedule_description":"","REAL_HOMES_sticky":"0","inspiry_property_label":"","inspiry_property_label_color":"","inspiry_property_tax":"","inspiry_additional_fee":"","REAL_HOMES_attachments":[],"inspiry_property_owner_name":"","inspiry_property_owner_contact":"","inspiry_property_owner_address":"","REAL_HOMES_property_private_note":"","inspiry_message_to_reviewer":"","REAL_HOMES_add_in_slider":"no","REAL_HOMES_slider_image":[],"REAL_HOMES_page_banner_image":[],"REAL_HOMES_hide_property_advance_search":"0","inspiry_offmarket":[],"REAL_HOMES_custom_header_display":"default","REAL_HOMES_custom_header_position":"relative","REAL_HOMES_custom_footer_display":"default","REAL_HOMES_hide_advance_search":"0","REAL_HOMES_custom_search_form":"default","REAL_HOMES_search_form_margin_top":"","REAL_HOMES_search_form_margin_bottom":""},"_links":{"self":[{"href":"https:\/\/360mallorcaproperty.com\/de\/wp-json\/wp\/v2\/property\/14604","targetHints":{"allow":["GET"]}}],"collection":[{"href":"https:\/\/360mallorcaproperty.com\/de\/wp-json\/wp\/v2\/property"}],"about":[{"href":"https:\/\/360mallorcaproperty.com\/de\/wp-json\/wp\/v2\/types\/property"}],"author":[{"embeddable":true,"href":"https:\/\/360mallorcaproperty.com\/de\/wp-json\/wp\/v2\/users\/1"}],"replies":[{"embeddable":true,"href":"https:\/\/360mallorcaproperty.com\/de\/wp-json\/wp\/v2\/comments?post=14604"}],"version-history":[{"count":0,"href":"https:\/\/360mallorcaproperty.com\/de\/wp-json\/wp\/v2\/property\/14604\/revisions"}],"wp:featuredmedia":[{"embeddable":true,"href":"https:\/\/360mallorcaproperty.com\/de\/wp-json\/wp\/v2\/media\/28120"}],"wp:attachment":[{"href":"https:\/\/360mallorcaproperty.com\/de\/wp-json\/wp\/v2\/media?parent=14604"}],"wp:term":[{"taxonomy":"property-feature","embeddable":true,"href":"https:\/\/360mallorcaproperty.com\/de\/wp-json\/wp\/v2\/property-feature?post=14604"},{"taxonomy":"property-type","embeddable":true,"href":"https:\/\/360mallorcaproperty.com\/de\/wp-json\/wp\/v2\/property-type?post=14604"},{"taxonomy":"property-city","embeddable":true,"href":"https:\/\/360mallorcaproperty.com\/de\/wp-json\/wp\/v2\/property-location?post=14604"},{"taxonomy":"property-status","embeddable":true,"href":"https:\/\/360mallorcaproperty.com\/de\/wp-json\/wp\/v2\/property-status?post=14604"}],"curies":[{"name":"wp","href":"https:\/\/api.w.org\/{rel}","templated":true}]}}