{"id":15017,"date":"2022-08-03T13:44:17","date_gmt":"2022-08-03T13:44:17","guid":{"rendered":"https:\/\/360mallorcaproperty.com\/?post_type=property&#038;p=15017"},"modified":"2024-08-31T20:14:43","modified_gmt":"2024-08-31T20:14:43","slug":"project-with-many-possibilities","status":"publish","type":"property","link":"https:\/\/360mallorcaproperty.com\/de\/property\/project-with-many-possibilities\/","title":{"rendered":"Projekt mit vielen M\u00f6glichkeiten"},"content":{"rendered":"<p>Dieses ger\u00e4umige Haus befindet sich am Rande von Llucmajor und ist etwa 15 Autominuten vom Flughafen Palma entfernt.<br \/>\nDas historische Geb\u00e4ude wurde im 19. Jahrhundert erbaut und bietet die M\u00f6glichkeit einer Renovierung oder Abrisses und anschlie\u00dfendem neuen Projekt.<\/p>\n<p><strong>Lage<br \/>\n<\/strong>Die Stadt Llucmajor liegt im Landesinneren an der S\u00fcdk\u00fcste und ist die gr\u00f6\u00dfte Gemeinde Mallorcas.<br \/>\nLlucmayor verf\u00fcgt \u00fcber zahlreiche historische Geb\u00e4ude, die ein Zeugnis ihres reichen und vielf\u00e4ltigen Erbes sind. Zu den bemerkenswertesten Objekten geh\u00f6ren das Rathaus am Placa d&#8217;Espanya, die Kirche San Miguel aus dem 18. Jahrhundert am Placa Santa Catalina Tomas, das barocke Kloster St. Bonaventura, das Schusterdenkmal am westlichen Stadttor und das Denkmal f\u00fcr Jakob III. am Passeig Jaume III. Die g\u00fcnstige und zentrale Lage von Llucmajor mach es zu einem idealen Ausgangspunkt, um die die Umgebung zu erkunden.<\/p>\n<p>F\u00fcr weitere Informationen zur Umgebung klicken Sie bitte <a href=\"http:\/\/Llucmajor\">hier<\/a>.<\/p>\n<p><strong>Kontakt<\/strong><br \/>\nF\u00fcr weitere Informationen oder zur Vereinbarung eines unverbindlichen Besichtigungstermins, <a href=\"https:\/\/360mallorcaproperty.com\/de\/kontakt-2\/\">kontaktieren Sie uns<\/a>!<\/p>\n","protected":false},"excerpt":{"rendered":"<p>Dieses ger\u00e4umige Haus befindet sich am Rande von Llucmajor und ist etwa 15 Autominuten vom Flughafen Palma entfernt. Das historische Geb\u00e4ude wurde im 19. Jahrhundert erbaut und bietet die M\u00f6glichkeit einer Renovierung oder Abrisses und anschlie\u00dfendem neuen Projekt. Lage Die Stadt Llucmajor liegt im Landesinneren an der S\u00fcdk\u00fcste und ist die gr\u00f6\u00dfte Gemeinde Mallorcas. Llucmayor&#8230;<\/p>\n","protected":false},"author":1,"featured_media":14995,"parent":0,"menu_order":0,"comment_status":"closed","ping_status":"closed","template":"","property-feature":[],"property-type":[],"property-location":[289],"property-status":[241],"class_list":["post-15017","property","type-property","status-publish","has-post-thumbnail","hentry","property-city-llucmajor-de","property-status-zum-verkauf"],"property_meta":{"REAL_HOMES_property_price":"895000","REAL_HOMES_property_old_price":"","REAL_HOMES_property_price_prefix":"","REAL_HOMES_property_price_postfix":"","REAL_HOMES_property_size":"199","REAL_HOMES_property_size_postfix":"m2","REAL_HOMES_property_lot_size":"774","REAL_HOMES_property_lot_size_postfix":"m2","REAL_HOMES_property_bedrooms":"","REAL_HOMES_property_bathrooms":"","REAL_HOMES_property_garage":"","REAL_HOMES_property_id":"V3036","REAL_HOMES_property_year_built":"","REAL_HOMES_featured":"0","REAL_HOMES_additional_details_list":[],"rvr_booking_widget_display":"hide","rvr_booking_mode":"","rvr_govt_tax":"","rvr_govt_tax_type":"","rvr_govt_tax_calculation":"","rvr_service_charges":"","rvr_service_charges_type":"","rvr_service_charges_calculation":"","rvr_guests_capacity":"","rvr_book_child_as":"","rvr_min_stay":"","rvr_guests_capacity_extend":"","rvr_extra_guest_price":"","rvr_property_owner":"0","rvr_bulk_pricing":[],"rvr_seasonal_pricing":[],"rvr_custom_reserved_dates":[],"rvr_additional_fees":[{"rvr_fee_type":"fixed","rvr_fee_calculation":"per_stay"}],"rvr_additional_amenities":[{"price_calculation":"per_stay"}],"rvr_accommodation":[],"rvr_outdoor_features":[],"rvr_surroundings":[],"rvr_included":[],"rvr_not_included":[],"rvr_policies":[],"REAL_HOMES_property_location":{"latitude":"39.494702322407","longitude":"2.8842544555664","zoom":"14"},"REAL_HOMES_property_address":"Lluchmayor, Migjorn, Islas Baleares, 07620, Spanien","REAL_HOMES_property_map":"0","REAL_HOMES_property_images":[{"width":150,"height":150,"file":"2022\/08\/WhatsApp-Image-2022-08-02-at-3.43.48-PM-2.jpeg","filesize":484833,"sizes":{"medium":{"file":"WhatsApp-Image-2022-08-02-at-3.43.48-PM-2-300x225.jpeg","width":300,"height":225,"mime-type":"image\/jpeg","filesize":15668,"url":"https:\/\/360mallorcaproperty.com\/wp-content\/uploads\/2022\/08\/WhatsApp-Image-2022-08-02-at-3.43.48-PM-2-300x225.jpeg"},"large":{"file":"WhatsApp-Image-2022-08-02-at-3.43.48-PM-2-1024x768.jpeg","width":1024,"height":768,"mime-type":"image\/jpeg","filesize":159305,"url":"https:\/\/360mallorcaproperty.com\/wp-content\/uploads\/2022\/08\/WhatsApp-Image-2022-08-02-at-3.43.48-PM-2-1024x768.jpeg"},"thumbnail":{"file":"WhatsApp-Image-2022-08-02-at-3.43.48-PM-2-150x150.jpeg","width":150,"height":150,"mime-type":"image\/jpeg","filesize":5999,"url":"https:\/\/360mallorcaproperty.com\/wp-content\/uploads\/2022\/08\/WhatsApp-Image-2022-08-02-at-3.43.48-PM-2-150x150.jpeg"},"medium_large":{"file":"WhatsApp-Image-2022-08-02-at-3.43.48-PM-2-768x576.jpeg","width":768,"height":576,"mime-type":"image\/jpeg","filesize":88297,"url":"https:\/\/360mallorcaproperty.com\/wp-content\/uploads\/2022\/08\/WhatsApp-Image-2022-08-02-at-3.43.48-PM-2-768x576.jpeg"},"1536x1536":{"file":"WhatsApp-Image-2022-08-02-at-3.43.48-PM-2-1536x1152.jpeg","width":1536,"height":1152,"mime-type":"image\/jpeg","filesize":311106,"url":"https:\/\/360mallorcaproperty.com\/wp-content\/uploads\/2022\/08\/WhatsApp-Image-2022-08-02-at-3.43.48-PM-2-1536x1152.jpeg"},"post-thumbnail":{"file":"WhatsApp-Image-2022-08-02-at-3.43.48-PM-2-150x113.jpeg","width":150,"height":113,"mime-type":"image\/jpeg","filesize":4986,"url":"https:\/\/360mallorcaproperty.com\/wp-content\/uploads\/2022\/08\/WhatsApp-Image-2022-08-02-at-3.43.48-PM-2-150x113.jpeg"},"modern-property-child-slider":{"file":"WhatsApp-Image-2022-08-02-at-3.43.48-PM-2-680x510.jpeg","width":680,"height":510,"mime-type":"image\/jpeg","filesize":70231,"url":"https:\/\/360mallorcaproperty.com\/wp-content\/uploads\/2022\/08\/WhatsApp-Image-2022-08-02-at-3.43.48-PM-2-680x510.jpeg"},"property-thumb-image":{"file":"WhatsApp-Image-2022-08-02-at-3.43.48-PM-2-488x326.jpeg","width":488,"height":326,"mime-type":"image\/jpeg","filesize":33634,"url":"https:\/\/360mallorcaproperty.com\/wp-content\/uploads\/2022\/08\/WhatsApp-Image-2022-08-02-at-3.43.48-PM-2-488x326.jpeg"},"property-detail-video-image":{"file":"WhatsApp-Image-2022-08-02-at-3.43.48-PM-2-818x417.jpeg","width":818,"height":417,"mime-type":"image\/jpeg","filesize":68768,"url":"https:\/\/360mallorcaproperty.com\/wp-content\/uploads\/2022\/08\/WhatsApp-Image-2022-08-02-at-3.43.48-PM-2-818x417.jpeg"},"agent-image":{"file":"WhatsApp-Image-2022-08-02-at-3.43.48-PM-2-210x210.jpeg","width":210,"height":210,"mime-type":"image\/jpeg","filesize":10805,"url":"https:\/\/360mallorcaproperty.com\/wp-content\/uploads\/2022\/08\/WhatsApp-Image-2022-08-02-at-3.43.48-PM-2-210x210.jpeg"},"partners-logo":{"file":"WhatsApp-Image-2022-08-02-at-3.43.48-PM-2-600x1536.jpeg","width":600,"height":1536,"mime-type":"image\/jpeg","filesize":181472,"url":"https:\/\/360mallorcaproperty.com\/wp-content\/uploads\/2022\/08\/WhatsApp-Image-2022-08-02-at-3.43.48-PM-2-600x1536.jpeg"},"post-featured-image":{"file":"WhatsApp-Image-2022-08-02-at-3.43.48-PM-2-1240x720.jpeg","width":1240,"height":720,"mime-type":"image\/jpeg","filesize":164691,"url":"https:\/\/360mallorcaproperty.com\/wp-content\/uploads\/2022\/08\/WhatsApp-Image-2022-08-02-at-3.43.48-PM-2-1240x720.jpeg"}},"image_meta":{"aperture":"0","credit":"","camera":"","caption":"","created_timestamp":"0","copyright":"","focal_length":"0","iso":"0","shutter_speed":"0","title":"","orientation":"0","keywords":[]},"ID":"14995","name":"WhatsApp-Image-2022-08-02-at-3.43.48-PM-2.jpeg","path":"\/home\/mallorcaproperty\/public_html\/wp-content\/uploads\/2022\/08\/WhatsApp-Image-2022-08-02-at-3.43.48-PM-2.jpeg","url":"https:\/\/360mallorcaproperty.com\/wp-content\/uploads\/2022\/08\/WhatsApp-Image-2022-08-02-at-3.43.48-PM-2-150x150.jpeg","full_url":"https:\/\/360mallorcaproperty.com\/wp-content\/uploads\/2022\/08\/WhatsApp-Image-2022-08-02-at-3.43.48-PM-2.jpeg","title":"WhatsApp Image 2022-08-02 at 3.43.48 PM (2)","caption":"","description":"","alt":"","srcset":"https:\/\/360mallorcaproperty.com\/wp-content\/uploads\/2022\/08\/WhatsApp-Image-2022-08-02-at-3.43.48-PM-2-150x150.jpeg 150w, https:\/\/360mallorcaproperty.com\/wp-content\/uploads\/2022\/08\/WhatsApp-Image-2022-08-02-at-3.43.48-PM-2-210x210.jpeg 210w"},{"width":150,"height":150,"file":"2022\/08\/WhatsApp-Image-2022-08-02-at-3.43.51-PM-11.jpeg","filesize":489870,"sizes":{"medium":{"file":"WhatsApp-Image-2022-08-02-at-3.43.51-PM-11-225x300.jpeg","width":225,"height":300,"mime-type":"image\/jpeg","filesize":18232,"url":"https:\/\/360mallorcaproperty.com\/wp-content\/uploads\/2022\/08\/WhatsApp-Image-2022-08-02-at-3.43.51-PM-11-225x300.jpeg"},"large":{"file":"WhatsApp-Image-2022-08-02-at-3.43.51-PM-11-768x1024.jpeg","width":768,"height":1024,"mime-type":"image\/jpeg","filesize":171509,"url":"https:\/\/360mallorcaproperty.com\/wp-content\/uploads\/2022\/08\/WhatsApp-Image-2022-08-02-at-3.43.51-PM-11-768x1024.jpeg"},"thumbnail":{"file":"WhatsApp-Image-2022-08-02-at-3.43.51-PM-11-150x150.jpeg","width":150,"height":150,"mime-type":"image\/jpeg","filesize":7099,"url":"https:\/\/360mallorcaproperty.com\/wp-content\/uploads\/2022\/08\/WhatsApp-Image-2022-08-02-at-3.43.51-PM-11-150x150.jpeg"},"medium_large":{"file":"WhatsApp-Image-2022-08-02-at-3.43.51-PM-11-768x1024.jpeg","width":768,"height":1024,"mime-type":"image\/jpeg","filesize":171509,"url":"https:\/\/360mallorcaproperty.com\/wp-content\/uploads\/2022\/08\/WhatsApp-Image-2022-08-02-at-3.43.51-PM-11-768x1024.jpeg"},"1536x1536":{"file":"WhatsApp-Image-2022-08-02-at-3.43.51-PM-11-1152x1536.jpeg","width":1152,"height":1536,"mime-type":"image\/jpeg","filesize":322524,"url":"https:\/\/360mallorcaproperty.com\/wp-content\/uploads\/2022\/08\/WhatsApp-Image-2022-08-02-at-3.43.51-PM-11-1152x1536.jpeg"},"post-thumbnail":{"file":"WhatsApp-Image-2022-08-02-at-3.43.51-PM-11-113x150.jpeg","width":113,"height":150,"mime-type":"image\/jpeg","filesize":5423,"url":"https:\/\/360mallorcaproperty.com\/wp-content\/uploads\/2022\/08\/WhatsApp-Image-2022-08-02-at-3.43.51-PM-11-113x150.jpeg"},"modern-property-child-slider":{"file":"WhatsApp-Image-2022-08-02-at-3.43.51-PM-11-680x510.jpeg","width":680,"height":510,"mime-type":"image\/jpeg","filesize":73375,"url":"https:\/\/360mallorcaproperty.com\/wp-content\/uploads\/2022\/08\/WhatsApp-Image-2022-08-02-at-3.43.51-PM-11-680x510.jpeg"},"property-thumb-image":{"file":"WhatsApp-Image-2022-08-02-at-3.43.51-PM-11-488x326.jpeg","width":488,"height":326,"mime-type":"image\/jpeg","filesize":36392,"url":"https:\/\/360mallorcaproperty.com\/wp-content\/uploads\/2022\/08\/WhatsApp-Image-2022-08-02-at-3.43.51-PM-11-488x326.jpeg"},"property-detail-video-image":{"file":"WhatsApp-Image-2022-08-02-at-3.43.51-PM-11-818x417.jpeg","width":818,"height":417,"mime-type":"image\/jpeg","filesize":64027,"url":"https:\/\/360mallorcaproperty.com\/wp-content\/uploads\/2022\/08\/WhatsApp-Image-2022-08-02-at-3.43.51-PM-11-818x417.jpeg"},"agent-image":{"file":"WhatsApp-Image-2022-08-02-at-3.43.51-PM-11-210x210.jpeg","width":210,"height":210,"mime-type":"image\/jpeg","filesize":12871,"url":"https:\/\/360mallorcaproperty.com\/wp-content\/uploads\/2022\/08\/WhatsApp-Image-2022-08-02-at-3.43.51-PM-11-210x210.jpeg"},"partners-logo":{"file":"WhatsApp-Image-2022-08-02-at-3.43.51-PM-11-600x2048.jpeg","width":600,"height":2048,"mime-type":"image\/jpeg","filesize":222886,"url":"https:\/\/360mallorcaproperty.com\/wp-content\/uploads\/2022\/08\/WhatsApp-Image-2022-08-02-at-3.43.51-PM-11-600x2048.jpeg"},"post-featured-image":{"file":"WhatsApp-Image-2022-08-02-at-3.43.51-PM-11-1240x720.jpeg","width":1240,"height":720,"mime-type":"image\/jpeg","filesize":142071,"url":"https:\/\/360mallorcaproperty.com\/wp-content\/uploads\/2022\/08\/WhatsApp-Image-2022-08-02-at-3.43.51-PM-11-1240x720.jpeg"}},"image_meta":{"aperture":"0","credit":"","camera":"","caption":"","created_timestamp":"0","copyright":"","focal_length":"0","iso":"0","shutter_speed":"0","title":"","orientation":"0","keywords":[]},"ID":"14974","name":"WhatsApp-Image-2022-08-02-at-3.43.51-PM-11.jpeg","path":"\/home\/mallorcaproperty\/public_html\/wp-content\/uploads\/2022\/08\/WhatsApp-Image-2022-08-02-at-3.43.51-PM-11.jpeg","url":"https:\/\/360mallorcaproperty.com\/wp-content\/uploads\/2022\/08\/WhatsApp-Image-2022-08-02-at-3.43.51-PM-11-150x150.jpeg","full_url":"https:\/\/360mallorcaproperty.com\/wp-content\/uploads\/2022\/08\/WhatsApp-Image-2022-08-02-at-3.43.51-PM-11.jpeg","title":"WhatsApp Image 2022-08-02 at 3.43.51 PM (11)","caption":"","description":"","alt":"","srcset":"https:\/\/360mallorcaproperty.com\/wp-content\/uploads\/2022\/08\/WhatsApp-Image-2022-08-02-at-3.43.51-PM-11-150x150.jpeg 150w, https:\/\/360mallorcaproperty.com\/wp-content\/uploads\/2022\/08\/WhatsApp-Image-2022-08-02-at-3.43.51-PM-11-210x210.jpeg 210w"},{"width":150,"height":150,"file":"2022\/08\/WhatsApp-Image-2022-08-02-at-3.43.51-PM-9.jpeg","filesize":711524,"sizes":{"medium":{"file":"WhatsApp-Image-2022-08-02-at-3.43.51-PM-9-225x300.jpeg","width":225,"height":300,"mime-type":"image\/jpeg","filesize":20001,"url":"https:\/\/360mallorcaproperty.com\/wp-content\/uploads\/2022\/08\/WhatsApp-Image-2022-08-02-at-3.43.51-PM-9-225x300.jpeg"},"large":{"file":"WhatsApp-Image-2022-08-02-at-3.43.51-PM-9-768x1024.jpeg","width":768,"height":1024,"mime-type":"image\/jpeg","filesize":222532,"url":"https:\/\/360mallorcaproperty.com\/wp-content\/uploads\/2022\/08\/WhatsApp-Image-2022-08-02-at-3.43.51-PM-9-768x1024.jpeg"},"thumbnail":{"file":"WhatsApp-Image-2022-08-02-at-3.43.51-PM-9-150x150.jpeg","width":150,"height":150,"mime-type":"image\/jpeg","filesize":7717,"url":"https:\/\/360mallorcaproperty.com\/wp-content\/uploads\/2022\/08\/WhatsApp-Image-2022-08-02-at-3.43.51-PM-9-150x150.jpeg"},"medium_large":{"file":"WhatsApp-Image-2022-08-02-at-3.43.51-PM-9-768x1024.jpeg","width":768,"height":1024,"mime-type":"image\/jpeg","filesize":222532,"url":"https:\/\/360mallorcaproperty.com\/wp-content\/uploads\/2022\/08\/WhatsApp-Image-2022-08-02-at-3.43.51-PM-9-768x1024.jpeg"},"1536x1536":{"file":"WhatsApp-Image-2022-08-02-at-3.43.51-PM-9-1152x1536.jpeg","width":1152,"height":1536,"mime-type":"image\/jpeg","filesize":445601,"url":"https:\/\/360mallorcaproperty.com\/wp-content\/uploads\/2022\/08\/WhatsApp-Image-2022-08-02-at-3.43.51-PM-9-1152x1536.jpeg"},"post-thumbnail":{"file":"WhatsApp-Image-2022-08-02-at-3.43.51-PM-9-113x150.jpeg","width":113,"height":150,"mime-type":"image\/jpeg","filesize":5904,"url":"https:\/\/360mallorcaproperty.com\/wp-content\/uploads\/2022\/08\/WhatsApp-Image-2022-08-02-at-3.43.51-PM-9-113x150.jpeg"},"modern-property-child-slider":{"file":"WhatsApp-Image-2022-08-02-at-3.43.51-PM-9-680x510.jpeg","width":680,"height":510,"mime-type":"image\/jpeg","filesize":111322,"url":"https:\/\/360mallorcaproperty.com\/wp-content\/uploads\/2022\/08\/WhatsApp-Image-2022-08-02-at-3.43.51-PM-9-680x510.jpeg"},"property-thumb-image":{"file":"WhatsApp-Image-2022-08-02-at-3.43.51-PM-9-488x326.jpeg","width":488,"height":326,"mime-type":"image\/jpeg","filesize":53784,"url":"https:\/\/360mallorcaproperty.com\/wp-content\/uploads\/2022\/08\/WhatsApp-Image-2022-08-02-at-3.43.51-PM-9-488x326.jpeg"},"property-detail-video-image":{"file":"WhatsApp-Image-2022-08-02-at-3.43.51-PM-9-818x417.jpeg","width":818,"height":417,"mime-type":"image\/jpeg","filesize":125313,"url":"https:\/\/360mallorcaproperty.com\/wp-content\/uploads\/2022\/08\/WhatsApp-Image-2022-08-02-at-3.43.51-PM-9-818x417.jpeg"},"agent-image":{"file":"WhatsApp-Image-2022-08-02-at-3.43.51-PM-9-210x210.jpeg","width":210,"height":210,"mime-type":"image\/jpeg","filesize":14319,"url":"https:\/\/360mallorcaproperty.com\/wp-content\/uploads\/2022\/08\/WhatsApp-Image-2022-08-02-at-3.43.51-PM-9-210x210.jpeg"},"partners-logo":{"file":"WhatsApp-Image-2022-08-02-at-3.43.51-PM-9-600x2048.jpeg","width":600,"height":2048,"mime-type":"image\/jpeg","filesize":275353,"url":"https:\/\/360mallorcaproperty.com\/wp-content\/uploads\/2022\/08\/WhatsApp-Image-2022-08-02-at-3.43.51-PM-9-600x2048.jpeg"},"post-featured-image":{"file":"WhatsApp-Image-2022-08-02-at-3.43.51-PM-9-1240x720.jpeg","width":1240,"height":720,"mime-type":"image\/jpeg","filesize":284443,"url":"https:\/\/360mallorcaproperty.com\/wp-content\/uploads\/2022\/08\/WhatsApp-Image-2022-08-02-at-3.43.51-PM-9-1240x720.jpeg"}},"image_meta":{"aperture":"0","credit":"","camera":"","caption":"","created_timestamp":"0","copyright":"","focal_length":"0","iso":"0","shutter_speed":"0","title":"","orientation":"0","keywords":[]},"ID":"14977","name":"WhatsApp-Image-2022-08-02-at-3.43.51-PM-9.jpeg","path":"\/home\/mallorcaproperty\/public_html\/wp-content\/uploads\/2022\/08\/WhatsApp-Image-2022-08-02-at-3.43.51-PM-9.jpeg","url":"https:\/\/360mallorcaproperty.com\/wp-content\/uploads\/2022\/08\/WhatsApp-Image-2022-08-02-at-3.43.51-PM-9-150x150.jpeg","full_url":"https:\/\/360mallorcaproperty.com\/wp-content\/uploads\/2022\/08\/WhatsApp-Image-2022-08-02-at-3.43.51-PM-9.jpeg","title":"WhatsApp Image 2022-08-02 at 3.43.51 PM (9)","caption":"","description":"","alt":"","srcset":"https:\/\/360mallorcaproperty.com\/wp-content\/uploads\/2022\/08\/WhatsApp-Image-2022-08-02-at-3.43.51-PM-9-150x150.jpeg 150w, https:\/\/360mallorcaproperty.com\/wp-content\/uploads\/2022\/08\/WhatsApp-Image-2022-08-02-at-3.43.51-PM-9-210x210.jpeg 210w"},{"width":150,"height":150,"file":"2022\/08\/WhatsApp-Image-2022-08-02-at-3.43.51-PM-7.jpeg","filesize":782820,"sizes":{"medium":{"file":"WhatsApp-Image-2022-08-02-at-3.43.51-PM-7-225x300.jpeg","width":225,"height":300,"mime-type":"image\/jpeg","filesize":22545,"url":"https:\/\/360mallorcaproperty.com\/wp-content\/uploads\/2022\/08\/WhatsApp-Image-2022-08-02-at-3.43.51-PM-7-225x300.jpeg"},"large":{"file":"WhatsApp-Image-2022-08-02-at-3.43.51-PM-7-768x1024.jpeg","width":768,"height":1024,"mime-type":"image\/jpeg","filesize":249766,"url":"https:\/\/360mallorcaproperty.com\/wp-content\/uploads\/2022\/08\/WhatsApp-Image-2022-08-02-at-3.43.51-PM-7-768x1024.jpeg"},"thumbnail":{"file":"WhatsApp-Image-2022-08-02-at-3.43.51-PM-7-150x150.jpeg","width":150,"height":150,"mime-type":"image\/jpeg","filesize":8279,"url":"https:\/\/360mallorcaproperty.com\/wp-content\/uploads\/2022\/08\/WhatsApp-Image-2022-08-02-at-3.43.51-PM-7-150x150.jpeg"},"medium_large":{"file":"WhatsApp-Image-2022-08-02-at-3.43.51-PM-7-768x1024.jpeg","width":768,"height":1024,"mime-type":"image\/jpeg","filesize":249766,"url":"https:\/\/360mallorcaproperty.com\/wp-content\/uploads\/2022\/08\/WhatsApp-Image-2022-08-02-at-3.43.51-PM-7-768x1024.jpeg"},"1536x1536":{"file":"WhatsApp-Image-2022-08-02-at-3.43.51-PM-7-1152x1536.jpeg","width":1152,"height":1536,"mime-type":"image\/jpeg","filesize":497073,"url":"https:\/\/360mallorcaproperty.com\/wp-content\/uploads\/2022\/08\/WhatsApp-Image-2022-08-02-at-3.43.51-PM-7-1152x1536.jpeg"},"post-thumbnail":{"file":"WhatsApp-Image-2022-08-02-at-3.43.51-PM-7-113x150.jpeg","width":113,"height":150,"mime-type":"image\/jpeg","filesize":6564,"url":"https:\/\/360mallorcaproperty.com\/wp-content\/uploads\/2022\/08\/WhatsApp-Image-2022-08-02-at-3.43.51-PM-7-113x150.jpeg"},"modern-property-child-slider":{"file":"WhatsApp-Image-2022-08-02-at-3.43.51-PM-7-680x510.jpeg","width":680,"height":510,"mime-type":"image\/jpeg","filesize":115701,"url":"https:\/\/360mallorcaproperty.com\/wp-content\/uploads\/2022\/08\/WhatsApp-Image-2022-08-02-at-3.43.51-PM-7-680x510.jpeg"},"property-thumb-image":{"file":"WhatsApp-Image-2022-08-02-at-3.43.51-PM-7-488x326.jpeg","width":488,"height":326,"mime-type":"image\/jpeg","filesize":54519,"url":"https:\/\/360mallorcaproperty.com\/wp-content\/uploads\/2022\/08\/WhatsApp-Image-2022-08-02-at-3.43.51-PM-7-488x326.jpeg"},"property-detail-video-image":{"file":"WhatsApp-Image-2022-08-02-at-3.43.51-PM-7-818x417.jpeg","width":818,"height":417,"mime-type":"image\/jpeg","filesize":114555,"url":"https:\/\/360mallorcaproperty.com\/wp-content\/uploads\/2022\/08\/WhatsApp-Image-2022-08-02-at-3.43.51-PM-7-818x417.jpeg"},"agent-image":{"file":"WhatsApp-Image-2022-08-02-at-3.43.51-PM-7-210x210.jpeg","width":210,"height":210,"mime-type":"image\/jpeg","filesize":15511,"url":"https:\/\/360mallorcaproperty.com\/wp-content\/uploads\/2022\/08\/WhatsApp-Image-2022-08-02-at-3.43.51-PM-7-210x210.jpeg"},"partners-logo":{"file":"WhatsApp-Image-2022-08-02-at-3.43.51-PM-7-600x2048.jpeg","width":600,"height":2048,"mime-type":"image\/jpeg","filesize":375697,"url":"https:\/\/360mallorcaproperty.com\/wp-content\/uploads\/2022\/08\/WhatsApp-Image-2022-08-02-at-3.43.51-PM-7-600x2048.jpeg"},"post-featured-image":{"file":"WhatsApp-Image-2022-08-02-at-3.43.51-PM-7-1240x720.jpeg","width":1240,"height":720,"mime-type":"image\/jpeg","filesize":268209,"url":"https:\/\/360mallorcaproperty.com\/wp-content\/uploads\/2022\/08\/WhatsApp-Image-2022-08-02-at-3.43.51-PM-7-1240x720.jpeg"}},"image_meta":{"aperture":"0","credit":"","camera":"","caption":"","created_timestamp":"0","copyright":"","focal_length":"0","iso":"0","shutter_speed":"0","title":"","orientation":"0","keywords":[]},"ID":"14980","name":"WhatsApp-Image-2022-08-02-at-3.43.51-PM-7.jpeg","path":"\/home\/mallorcaproperty\/public_html\/wp-content\/uploads\/2022\/08\/WhatsApp-Image-2022-08-02-at-3.43.51-PM-7.jpeg","url":"https:\/\/360mallorcaproperty.com\/wp-content\/uploads\/2022\/08\/WhatsApp-Image-2022-08-02-at-3.43.51-PM-7-150x150.jpeg","full_url":"https:\/\/360mallorcaproperty.com\/wp-content\/uploads\/2022\/08\/WhatsApp-Image-2022-08-02-at-3.43.51-PM-7.jpeg","title":"WhatsApp Image 2022-08-02 at 3.43.51 PM (7)","caption":"","description":"","alt":"","srcset":"https:\/\/360mallorcaproperty.com\/wp-content\/uploads\/2022\/08\/WhatsApp-Image-2022-08-02-at-3.43.51-PM-7-150x150.jpeg 150w, https:\/\/360mallorcaproperty.com\/wp-content\/uploads\/2022\/08\/WhatsApp-Image-2022-08-02-at-3.43.51-PM-7-210x210.jpeg 210w"},{"width":150,"height":150,"file":"2022\/08\/WhatsApp-Image-2022-08-02-at-3.43.51-PM-4.jpeg","filesize":466119,"sizes":{"medium":{"file":"WhatsApp-Image-2022-08-02-at-3.43.51-PM-4-225x300.jpeg","width":225,"height":300,"mime-type":"image\/jpeg","filesize":17425,"url":"https:\/\/360mallorcaproperty.com\/wp-content\/uploads\/2022\/08\/WhatsApp-Image-2022-08-02-at-3.43.51-PM-4-225x300.jpeg"},"large":{"file":"WhatsApp-Image-2022-08-02-at-3.43.51-PM-4-768x1024.jpeg","width":768,"height":1024,"mime-type":"image\/jpeg","filesize":142235,"url":"https:\/\/360mallorcaproperty.com\/wp-content\/uploads\/2022\/08\/WhatsApp-Image-2022-08-02-at-3.43.51-PM-4-768x1024.jpeg"},"thumbnail":{"file":"WhatsApp-Image-2022-08-02-at-3.43.51-PM-4-150x150.jpeg","width":150,"height":150,"mime-type":"image\/jpeg","filesize":6815,"url":"https:\/\/360mallorcaproperty.com\/wp-content\/uploads\/2022\/08\/WhatsApp-Image-2022-08-02-at-3.43.51-PM-4-150x150.jpeg"},"medium_large":{"file":"WhatsApp-Image-2022-08-02-at-3.43.51-PM-4-768x1024.jpeg","width":768,"height":1024,"mime-type":"image\/jpeg","filesize":142235,"url":"https:\/\/360mallorcaproperty.com\/wp-content\/uploads\/2022\/08\/WhatsApp-Image-2022-08-02-at-3.43.51-PM-4-768x1024.jpeg"},"1536x1536":{"file":"WhatsApp-Image-2022-08-02-at-3.43.51-PM-4-1152x1536.jpeg","width":1152,"height":1536,"mime-type":"image\/jpeg","filesize":286253,"url":"https:\/\/360mallorcaproperty.com\/wp-content\/uploads\/2022\/08\/WhatsApp-Image-2022-08-02-at-3.43.51-PM-4-1152x1536.jpeg"},"post-thumbnail":{"file":"WhatsApp-Image-2022-08-02-at-3.43.51-PM-4-113x150.jpeg","width":113,"height":150,"mime-type":"image\/jpeg","filesize":5851,"url":"https:\/\/360mallorcaproperty.com\/wp-content\/uploads\/2022\/08\/WhatsApp-Image-2022-08-02-at-3.43.51-PM-4-113x150.jpeg"},"modern-property-child-slider":{"file":"WhatsApp-Image-2022-08-02-at-3.43.51-PM-4-680x510.jpeg","width":680,"height":510,"mime-type":"image\/jpeg","filesize":59520,"url":"https:\/\/360mallorcaproperty.com\/wp-content\/uploads\/2022\/08\/WhatsApp-Image-2022-08-02-at-3.43.51-PM-4-680x510.jpeg"},"property-thumb-image":{"file":"WhatsApp-Image-2022-08-02-at-3.43.51-PM-4-488x326.jpeg","width":488,"height":326,"mime-type":"image\/jpeg","filesize":30374,"url":"https:\/\/360mallorcaproperty.com\/wp-content\/uploads\/2022\/08\/WhatsApp-Image-2022-08-02-at-3.43.51-PM-4-488x326.jpeg"},"property-detail-video-image":{"file":"WhatsApp-Image-2022-08-02-at-3.43.51-PM-4-818x417.jpeg","width":818,"height":417,"mime-type":"image\/jpeg","filesize":56006,"url":"https:\/\/360mallorcaproperty.com\/wp-content\/uploads\/2022\/08\/WhatsApp-Image-2022-08-02-at-3.43.51-PM-4-818x417.jpeg"},"agent-image":{"file":"WhatsApp-Image-2022-08-02-at-3.43.51-PM-4-210x210.jpeg","width":210,"height":210,"mime-type":"image\/jpeg","filesize":11912,"url":"https:\/\/360mallorcaproperty.com\/wp-content\/uploads\/2022\/08\/WhatsApp-Image-2022-08-02-at-3.43.51-PM-4-210x210.jpeg"},"partners-logo":{"file":"WhatsApp-Image-2022-08-02-at-3.43.51-PM-4-600x2048.jpeg","width":600,"height":2048,"mime-type":"image\/jpeg","filesize":199579,"url":"https:\/\/360mallorcaproperty.com\/wp-content\/uploads\/2022\/08\/WhatsApp-Image-2022-08-02-at-3.43.51-PM-4-600x2048.jpeg"},"post-featured-image":{"file":"WhatsApp-Image-2022-08-02-at-3.43.51-PM-4-1240x720.jpeg","width":1240,"height":720,"mime-type":"image\/jpeg","filesize":132725,"url":"https:\/\/360mallorcaproperty.com\/wp-content\/uploads\/2022\/08\/WhatsApp-Image-2022-08-02-at-3.43.51-PM-4-1240x720.jpeg"}},"image_meta":{"aperture":"0","credit":"","camera":"","caption":"","created_timestamp":"0","copyright":"","focal_length":"0","iso":"0","shutter_speed":"0","title":"","orientation":"0","keywords":[]},"ID":"14983","name":"WhatsApp-Image-2022-08-02-at-3.43.51-PM-4.jpeg","path":"\/home\/mallorcaproperty\/public_html\/wp-content\/uploads\/2022\/08\/WhatsApp-Image-2022-08-02-at-3.43.51-PM-4.jpeg","url":"https:\/\/360mallorcaproperty.com\/wp-content\/uploads\/2022\/08\/WhatsApp-Image-2022-08-02-at-3.43.51-PM-4-150x150.jpeg","full_url":"https:\/\/360mallorcaproperty.com\/wp-content\/uploads\/2022\/08\/WhatsApp-Image-2022-08-02-at-3.43.51-PM-4.jpeg","title":"WhatsApp Image 2022-08-02 at 3.43.51 PM (4)","caption":"","description":"","alt":"","srcset":"https:\/\/360mallorcaproperty.com\/wp-content\/uploads\/2022\/08\/WhatsApp-Image-2022-08-02-at-3.43.51-PM-4-150x150.jpeg 150w, https:\/\/360mallorcaproperty.com\/wp-content\/uploads\/2022\/08\/WhatsApp-Image-2022-08-02-at-3.43.51-PM-4-210x210.jpeg 210w"},{"width":150,"height":150,"file":"2022\/08\/WhatsApp-Image-2022-08-02-at-3.43.51-PM-2.jpeg","filesize":442604,"sizes":{"medium":{"file":"WhatsApp-Image-2022-08-02-at-3.43.51-PM-2-225x300.jpeg","width":225,"height":300,"mime-type":"image\/jpeg","filesize":15241,"url":"https:\/\/360mallorcaproperty.com\/wp-content\/uploads\/2022\/08\/WhatsApp-Image-2022-08-02-at-3.43.51-PM-2-225x300.jpeg"},"large":{"file":"WhatsApp-Image-2022-08-02-at-3.43.51-PM-2-768x1024.jpeg","width":768,"height":1024,"mime-type":"image\/jpeg","filesize":124099,"url":"https:\/\/360mallorcaproperty.com\/wp-content\/uploads\/2022\/08\/WhatsApp-Image-2022-08-02-at-3.43.51-PM-2-768x1024.jpeg"},"thumbnail":{"file":"WhatsApp-Image-2022-08-02-at-3.43.51-PM-2-150x150.jpeg","width":150,"height":150,"mime-type":"image\/jpeg","filesize":6304,"url":"https:\/\/360mallorcaproperty.com\/wp-content\/uploads\/2022\/08\/WhatsApp-Image-2022-08-02-at-3.43.51-PM-2-150x150.jpeg"},"medium_large":{"file":"WhatsApp-Image-2022-08-02-at-3.43.51-PM-2-768x1024.jpeg","width":768,"height":1024,"mime-type":"image\/jpeg","filesize":124099,"url":"https:\/\/360mallorcaproperty.com\/wp-content\/uploads\/2022\/08\/WhatsApp-Image-2022-08-02-at-3.43.51-PM-2-768x1024.jpeg"},"1536x1536":{"file":"WhatsApp-Image-2022-08-02-at-3.43.51-PM-2-1152x1536.jpeg","width":1152,"height":1536,"mime-type":"image\/jpeg","filesize":262355,"url":"https:\/\/360mallorcaproperty.com\/wp-content\/uploads\/2022\/08\/WhatsApp-Image-2022-08-02-at-3.43.51-PM-2-1152x1536.jpeg"},"post-thumbnail":{"file":"WhatsApp-Image-2022-08-02-at-3.43.51-PM-2-113x150.jpeg","width":113,"height":150,"mime-type":"image\/jpeg","filesize":5252,"url":"https:\/\/360mallorcaproperty.com\/wp-content\/uploads\/2022\/08\/WhatsApp-Image-2022-08-02-at-3.43.51-PM-2-113x150.jpeg"},"modern-property-child-slider":{"file":"WhatsApp-Image-2022-08-02-at-3.43.51-PM-2-680x510.jpeg","width":680,"height":510,"mime-type":"image\/jpeg","filesize":56580,"url":"https:\/\/360mallorcaproperty.com\/wp-content\/uploads\/2022\/08\/WhatsApp-Image-2022-08-02-at-3.43.51-PM-2-680x510.jpeg"},"property-thumb-image":{"file":"WhatsApp-Image-2022-08-02-at-3.43.51-PM-2-488x326.jpeg","width":488,"height":326,"mime-type":"image\/jpeg","filesize":29973,"url":"https:\/\/360mallorcaproperty.com\/wp-content\/uploads\/2022\/08\/WhatsApp-Image-2022-08-02-at-3.43.51-PM-2-488x326.jpeg"},"property-detail-video-image":{"file":"WhatsApp-Image-2022-08-02-at-3.43.51-PM-2-818x417.jpeg","width":818,"height":417,"mime-type":"image\/jpeg","filesize":58345,"url":"https:\/\/360mallorcaproperty.com\/wp-content\/uploads\/2022\/08\/WhatsApp-Image-2022-08-02-at-3.43.51-PM-2-818x417.jpeg"},"agent-image":{"file":"WhatsApp-Image-2022-08-02-at-3.43.51-PM-2-210x210.jpeg","width":210,"height":210,"mime-type":"image\/jpeg","filesize":10559,"url":"https:\/\/360mallorcaproperty.com\/wp-content\/uploads\/2022\/08\/WhatsApp-Image-2022-08-02-at-3.43.51-PM-2-210x210.jpeg"},"partners-logo":{"file":"WhatsApp-Image-2022-08-02-at-3.43.51-PM-2-600x2048.jpeg","width":600,"height":2048,"mime-type":"image\/jpeg","filesize":209027,"url":"https:\/\/360mallorcaproperty.com\/wp-content\/uploads\/2022\/08\/WhatsApp-Image-2022-08-02-at-3.43.51-PM-2-600x2048.jpeg"},"post-featured-image":{"file":"WhatsApp-Image-2022-08-02-at-3.43.51-PM-2-1240x720.jpeg","width":1240,"height":720,"mime-type":"image\/jpeg","filesize":134569,"url":"https:\/\/360mallorcaproperty.com\/wp-content\/uploads\/2022\/08\/WhatsApp-Image-2022-08-02-at-3.43.51-PM-2-1240x720.jpeg"}},"image_meta":{"aperture":"0","credit":"","camera":"","caption":"","created_timestamp":"0","copyright":"","focal_length":"0","iso":"0","shutter_speed":"0","title":"","orientation":"0","keywords":[]},"ID":"14986","name":"WhatsApp-Image-2022-08-02-at-3.43.51-PM-2.jpeg","path":"\/home\/mallorcaproperty\/public_html\/wp-content\/uploads\/2022\/08\/WhatsApp-Image-2022-08-02-at-3.43.51-PM-2.jpeg","url":"https:\/\/360mallorcaproperty.com\/wp-content\/uploads\/2022\/08\/WhatsApp-Image-2022-08-02-at-3.43.51-PM-2-150x150.jpeg","full_url":"https:\/\/360mallorcaproperty.com\/wp-content\/uploads\/2022\/08\/WhatsApp-Image-2022-08-02-at-3.43.51-PM-2.jpeg","title":"WhatsApp Image 2022-08-02 at 3.43.51 PM (2)","caption":"","description":"","alt":"","srcset":"https:\/\/360mallorcaproperty.com\/wp-content\/uploads\/2022\/08\/WhatsApp-Image-2022-08-02-at-3.43.51-PM-2-150x150.jpeg 150w, https:\/\/360mallorcaproperty.com\/wp-content\/uploads\/2022\/08\/WhatsApp-Image-2022-08-02-at-3.43.51-PM-2-210x210.jpeg 210w"},{"width":150,"height":150,"file":"2022\/08\/WhatsApp-Image-2022-08-02-at-3.43.50-PM-4.jpeg","filesize":468666,"sizes":{"medium":{"file":"WhatsApp-Image-2022-08-02-at-3.43.50-PM-4-225x300.jpeg","width":225,"height":300,"mime-type":"image\/jpeg","filesize":12934,"url":"https:\/\/360mallorcaproperty.com\/wp-content\/uploads\/2022\/08\/WhatsApp-Image-2022-08-02-at-3.43.50-PM-4-225x300.jpeg"},"large":{"file":"WhatsApp-Image-2022-08-02-at-3.43.50-PM-4-768x1024.jpeg","width":768,"height":1024,"mime-type":"image\/jpeg","filesize":120190,"url":"https:\/\/360mallorcaproperty.com\/wp-content\/uploads\/2022\/08\/WhatsApp-Image-2022-08-02-at-3.43.50-PM-4-768x1024.jpeg"},"thumbnail":{"file":"WhatsApp-Image-2022-08-02-at-3.43.50-PM-4-150x150.jpeg","width":150,"height":150,"mime-type":"image\/jpeg","filesize":5699,"url":"https:\/\/360mallorcaproperty.com\/wp-content\/uploads\/2022\/08\/WhatsApp-Image-2022-08-02-at-3.43.50-PM-4-150x150.jpeg"},"medium_large":{"file":"WhatsApp-Image-2022-08-02-at-3.43.50-PM-4-768x1024.jpeg","width":768,"height":1024,"mime-type":"image\/jpeg","filesize":120190,"url":"https:\/\/360mallorcaproperty.com\/wp-content\/uploads\/2022\/08\/WhatsApp-Image-2022-08-02-at-3.43.50-PM-4-768x1024.jpeg"},"1536x1536":{"file":"WhatsApp-Image-2022-08-02-at-3.43.50-PM-4-1152x1536.jpeg","width":1152,"height":1536,"mime-type":"image\/jpeg","filesize":268111,"url":"https:\/\/360mallorcaproperty.com\/wp-content\/uploads\/2022\/08\/WhatsApp-Image-2022-08-02-at-3.43.50-PM-4-1152x1536.jpeg"},"post-thumbnail":{"file":"WhatsApp-Image-2022-08-02-at-3.43.50-PM-4-113x150.jpeg","width":113,"height":150,"mime-type":"image\/jpeg","filesize":4894,"url":"https:\/\/360mallorcaproperty.com\/wp-content\/uploads\/2022\/08\/WhatsApp-Image-2022-08-02-at-3.43.50-PM-4-113x150.jpeg"},"modern-property-child-slider":{"file":"WhatsApp-Image-2022-08-02-at-3.43.50-PM-4-680x510.jpeg","width":680,"height":510,"mime-type":"image\/jpeg","filesize":43855,"url":"https:\/\/360mallorcaproperty.com\/wp-content\/uploads\/2022\/08\/WhatsApp-Image-2022-08-02-at-3.43.50-PM-4-680x510.jpeg"},"property-thumb-image":{"file":"WhatsApp-Image-2022-08-02-at-3.43.50-PM-4-488x326.jpeg","width":488,"height":326,"mime-type":"image\/jpeg","filesize":21040,"url":"https:\/\/360mallorcaproperty.com\/wp-content\/uploads\/2022\/08\/WhatsApp-Image-2022-08-02-at-3.43.50-PM-4-488x326.jpeg"},"property-detail-video-image":{"file":"WhatsApp-Image-2022-08-02-at-3.43.50-PM-4-818x417.jpeg","width":818,"height":417,"mime-type":"image\/jpeg","filesize":42041,"url":"https:\/\/360mallorcaproperty.com\/wp-content\/uploads\/2022\/08\/WhatsApp-Image-2022-08-02-at-3.43.50-PM-4-818x417.jpeg"},"agent-image":{"file":"WhatsApp-Image-2022-08-02-at-3.43.50-PM-4-210x210.jpeg","width":210,"height":210,"mime-type":"image\/jpeg","filesize":9223,"url":"https:\/\/360mallorcaproperty.com\/wp-content\/uploads\/2022\/08\/WhatsApp-Image-2022-08-02-at-3.43.50-PM-4-210x210.jpeg"},"partners-logo":{"file":"WhatsApp-Image-2022-08-02-at-3.43.50-PM-4-600x2048.jpeg","width":600,"height":2048,"mime-type":"image\/jpeg","filesize":187347,"url":"https:\/\/360mallorcaproperty.com\/wp-content\/uploads\/2022\/08\/WhatsApp-Image-2022-08-02-at-3.43.50-PM-4-600x2048.jpeg"},"post-featured-image":{"file":"WhatsApp-Image-2022-08-02-at-3.43.50-PM-4-1240x720.jpeg","width":1240,"height":720,"mime-type":"image\/jpeg","filesize":117638,"url":"https:\/\/360mallorcaproperty.com\/wp-content\/uploads\/2022\/08\/WhatsApp-Image-2022-08-02-at-3.43.50-PM-4-1240x720.jpeg"}},"image_meta":{"aperture":"0","credit":"","camera":"","caption":"","created_timestamp":"0","copyright":"","focal_length":"0","iso":"0","shutter_speed":"0","title":"","orientation":"0","keywords":[]},"ID":"14989","name":"WhatsApp-Image-2022-08-02-at-3.43.50-PM-4.jpeg","path":"\/home\/mallorcaproperty\/public_html\/wp-content\/uploads\/2022\/08\/WhatsApp-Image-2022-08-02-at-3.43.50-PM-4.jpeg","url":"https:\/\/360mallorcaproperty.com\/wp-content\/uploads\/2022\/08\/WhatsApp-Image-2022-08-02-at-3.43.50-PM-4-150x150.jpeg","full_url":"https:\/\/360mallorcaproperty.com\/wp-content\/uploads\/2022\/08\/WhatsApp-Image-2022-08-02-at-3.43.50-PM-4.jpeg","title":"WhatsApp Image 2022-08-02 at 3.43.50 PM (4)","caption":"","description":"","alt":"","srcset":"https:\/\/360mallorcaproperty.com\/wp-content\/uploads\/2022\/08\/WhatsApp-Image-2022-08-02-at-3.43.50-PM-4-150x150.jpeg 150w, https:\/\/360mallorcaproperty.com\/wp-content\/uploads\/2022\/08\/WhatsApp-Image-2022-08-02-at-3.43.50-PM-4-210x210.jpeg 210w"},{"width":150,"height":150,"file":"2022\/08\/WhatsApp-Image-2022-08-02-at-3.43.49-PM-2.jpeg","filesize":612174,"sizes":{"medium":{"file":"WhatsApp-Image-2022-08-02-at-3.43.49-PM-2-225x300.jpeg","width":225,"height":300,"mime-type":"image\/jpeg","filesize":18805,"url":"https:\/\/360mallorcaproperty.com\/wp-content\/uploads\/2022\/08\/WhatsApp-Image-2022-08-02-at-3.43.49-PM-2-225x300.jpeg"},"large":{"file":"WhatsApp-Image-2022-08-02-at-3.43.49-PM-2-768x1024.jpeg","width":768,"height":1024,"mime-type":"image\/jpeg","filesize":196581,"url":"https:\/\/360mallorcaproperty.com\/wp-content\/uploads\/2022\/08\/WhatsApp-Image-2022-08-02-at-3.43.49-PM-2-768x1024.jpeg"},"thumbnail":{"file":"WhatsApp-Image-2022-08-02-at-3.43.49-PM-2-150x150.jpeg","width":150,"height":150,"mime-type":"image\/jpeg","filesize":7531,"url":"https:\/\/360mallorcaproperty.com\/wp-content\/uploads\/2022\/08\/WhatsApp-Image-2022-08-02-at-3.43.49-PM-2-150x150.jpeg"},"medium_large":{"file":"WhatsApp-Image-2022-08-02-at-3.43.49-PM-2-768x1024.jpeg","width":768,"height":1024,"mime-type":"image\/jpeg","filesize":196581,"url":"https:\/\/360mallorcaproperty.com\/wp-content\/uploads\/2022\/08\/WhatsApp-Image-2022-08-02-at-3.43.49-PM-2-768x1024.jpeg"},"1536x1536":{"file":"WhatsApp-Image-2022-08-02-at-3.43.49-PM-2-1152x1536.jpeg","width":1152,"height":1536,"mime-type":"image\/jpeg","filesize":388508,"url":"https:\/\/360mallorcaproperty.com\/wp-content\/uploads\/2022\/08\/WhatsApp-Image-2022-08-02-at-3.43.49-PM-2-1152x1536.jpeg"},"post-thumbnail":{"file":"WhatsApp-Image-2022-08-02-at-3.43.49-PM-2-113x150.jpeg","width":113,"height":150,"mime-type":"image\/jpeg","filesize":5846,"url":"https:\/\/360mallorcaproperty.com\/wp-content\/uploads\/2022\/08\/WhatsApp-Image-2022-08-02-at-3.43.49-PM-2-113x150.jpeg"},"modern-property-child-slider":{"file":"WhatsApp-Image-2022-08-02-at-3.43.49-PM-2-680x510.jpeg","width":680,"height":510,"mime-type":"image\/jpeg","filesize":93333,"url":"https:\/\/360mallorcaproperty.com\/wp-content\/uploads\/2022\/08\/WhatsApp-Image-2022-08-02-at-3.43.49-PM-2-680x510.jpeg"},"property-thumb-image":{"file":"WhatsApp-Image-2022-08-02-at-3.43.49-PM-2-488x326.jpeg","width":488,"height":326,"mime-type":"image\/jpeg","filesize":45113,"url":"https:\/\/360mallorcaproperty.com\/wp-content\/uploads\/2022\/08\/WhatsApp-Image-2022-08-02-at-3.43.49-PM-2-488x326.jpeg"},"property-detail-video-image":{"file":"WhatsApp-Image-2022-08-02-at-3.43.49-PM-2-818x417.jpeg","width":818,"height":417,"mime-type":"image\/jpeg","filesize":98252,"url":"https:\/\/360mallorcaproperty.com\/wp-content\/uploads\/2022\/08\/WhatsApp-Image-2022-08-02-at-3.43.49-PM-2-818x417.jpeg"},"agent-image":{"file":"WhatsApp-Image-2022-08-02-at-3.43.49-PM-2-210x210.jpeg","width":210,"height":210,"mime-type":"image\/jpeg","filesize":13514,"url":"https:\/\/360mallorcaproperty.com\/wp-content\/uploads\/2022\/08\/WhatsApp-Image-2022-08-02-at-3.43.49-PM-2-210x210.jpeg"},"partners-logo":{"file":"WhatsApp-Image-2022-08-02-at-3.43.49-PM-2-600x2048.jpeg","width":600,"height":2048,"mime-type":"image\/jpeg","filesize":255783,"url":"https:\/\/360mallorcaproperty.com\/wp-content\/uploads\/2022\/08\/WhatsApp-Image-2022-08-02-at-3.43.49-PM-2-600x2048.jpeg"},"post-featured-image":{"file":"WhatsApp-Image-2022-08-02-at-3.43.49-PM-2-1240x720.jpeg","width":1240,"height":720,"mime-type":"image\/jpeg","filesize":220062,"url":"https:\/\/360mallorcaproperty.com\/wp-content\/uploads\/2022\/08\/WhatsApp-Image-2022-08-02-at-3.43.49-PM-2-1240x720.jpeg"}},"image_meta":{"aperture":"0","credit":"","camera":"","caption":"","created_timestamp":"0","copyright":"","focal_length":"0","iso":"0","shutter_speed":"0","title":"","orientation":"0","keywords":[]},"ID":"14992","name":"WhatsApp-Image-2022-08-02-at-3.43.49-PM-2.jpeg","path":"\/home\/mallorcaproperty\/public_html\/wp-content\/uploads\/2022\/08\/WhatsApp-Image-2022-08-02-at-3.43.49-PM-2.jpeg","url":"https:\/\/360mallorcaproperty.com\/wp-content\/uploads\/2022\/08\/WhatsApp-Image-2022-08-02-at-3.43.49-PM-2-150x150.jpeg","full_url":"https:\/\/360mallorcaproperty.com\/wp-content\/uploads\/2022\/08\/WhatsApp-Image-2022-08-02-at-3.43.49-PM-2.jpeg","title":"WhatsApp Image 2022-08-02 at 3.43.49 PM (2)","caption":"","description":"","alt":"","srcset":"https:\/\/360mallorcaproperty.com\/wp-content\/uploads\/2022\/08\/WhatsApp-Image-2022-08-02-at-3.43.49-PM-2-150x150.jpeg 150w, https:\/\/360mallorcaproperty.com\/wp-content\/uploads\/2022\/08\/WhatsApp-Image-2022-08-02-at-3.43.49-PM-2-210x210.jpeg 210w"},{"width":150,"height":150,"file":"2022\/08\/WhatsApp-Image-2022-08-02-at-3.43.48-PM-3.jpeg","filesize":574981,"sizes":{"medium":{"file":"WhatsApp-Image-2022-08-02-at-3.43.48-PM-3-225x300.jpeg","width":225,"height":300,"mime-type":"image\/jpeg","filesize":18732,"url":"https:\/\/360mallorcaproperty.com\/wp-content\/uploads\/2022\/08\/WhatsApp-Image-2022-08-02-at-3.43.48-PM-3-225x300.jpeg"},"large":{"file":"WhatsApp-Image-2022-08-02-at-3.43.48-PM-3-768x1024.jpeg","width":768,"height":1024,"mime-type":"image\/jpeg","filesize":182872,"url":"https:\/\/360mallorcaproperty.com\/wp-content\/uploads\/2022\/08\/WhatsApp-Image-2022-08-02-at-3.43.48-PM-3-768x1024.jpeg"},"thumbnail":{"file":"WhatsApp-Image-2022-08-02-at-3.43.48-PM-3-150x150.jpeg","width":150,"height":150,"mime-type":"image\/jpeg","filesize":7350,"url":"https:\/\/360mallorcaproperty.com\/wp-content\/uploads\/2022\/08\/WhatsApp-Image-2022-08-02-at-3.43.48-PM-3-150x150.jpeg"},"medium_large":{"file":"WhatsApp-Image-2022-08-02-at-3.43.48-PM-3-768x1024.jpeg","width":768,"height":1024,"mime-type":"image\/jpeg","filesize":182872,"url":"https:\/\/360mallorcaproperty.com\/wp-content\/uploads\/2022\/08\/WhatsApp-Image-2022-08-02-at-3.43.48-PM-3-768x1024.jpeg"},"1536x1536":{"file":"WhatsApp-Image-2022-08-02-at-3.43.48-PM-3-1152x1536.jpeg","width":1152,"height":1536,"mime-type":"image\/jpeg","filesize":362552,"url":"https:\/\/360mallorcaproperty.com\/wp-content\/uploads\/2022\/08\/WhatsApp-Image-2022-08-02-at-3.43.48-PM-3-1152x1536.jpeg"},"post-thumbnail":{"file":"WhatsApp-Image-2022-08-02-at-3.43.48-PM-3-113x150.jpeg","width":113,"height":150,"mime-type":"image\/jpeg","filesize":5975,"url":"https:\/\/360mallorcaproperty.com\/wp-content\/uploads\/2022\/08\/WhatsApp-Image-2022-08-02-at-3.43.48-PM-3-113x150.jpeg"},"modern-property-child-slider":{"file":"WhatsApp-Image-2022-08-02-at-3.43.48-PM-3-680x510.jpeg","width":680,"height":510,"mime-type":"image\/jpeg","filesize":86099,"url":"https:\/\/360mallorcaproperty.com\/wp-content\/uploads\/2022\/08\/WhatsApp-Image-2022-08-02-at-3.43.48-PM-3-680x510.jpeg"},"property-thumb-image":{"file":"WhatsApp-Image-2022-08-02-at-3.43.48-PM-3-488x326.jpeg","width":488,"height":326,"mime-type":"image\/jpeg","filesize":40820,"url":"https:\/\/360mallorcaproperty.com\/wp-content\/uploads\/2022\/08\/WhatsApp-Image-2022-08-02-at-3.43.48-PM-3-488x326.jpeg"},"property-detail-video-image":{"file":"WhatsApp-Image-2022-08-02-at-3.43.48-PM-3-818x417.jpeg","width":818,"height":417,"mime-type":"image\/jpeg","filesize":83840,"url":"https:\/\/360mallorcaproperty.com\/wp-content\/uploads\/2022\/08\/WhatsApp-Image-2022-08-02-at-3.43.48-PM-3-818x417.jpeg"},"agent-image":{"file":"WhatsApp-Image-2022-08-02-at-3.43.48-PM-3-210x210.jpeg","width":210,"height":210,"mime-type":"image\/jpeg","filesize":13227,"url":"https:\/\/360mallorcaproperty.com\/wp-content\/uploads\/2022\/08\/WhatsApp-Image-2022-08-02-at-3.43.48-PM-3-210x210.jpeg"},"partners-logo":{"file":"WhatsApp-Image-2022-08-02-at-3.43.48-PM-3-600x2048.jpeg","width":600,"height":2048,"mime-type":"image\/jpeg","filesize":245659,"url":"https:\/\/360mallorcaproperty.com\/wp-content\/uploads\/2022\/08\/WhatsApp-Image-2022-08-02-at-3.43.48-PM-3-600x2048.jpeg"},"post-featured-image":{"file":"WhatsApp-Image-2022-08-02-at-3.43.48-PM-3-1240x720.jpeg","width":1240,"height":720,"mime-type":"image\/jpeg","filesize":194388,"url":"https:\/\/360mallorcaproperty.com\/wp-content\/uploads\/2022\/08\/WhatsApp-Image-2022-08-02-at-3.43.48-PM-3-1240x720.jpeg"}},"image_meta":{"aperture":"0","credit":"","camera":"","caption":"","created_timestamp":"0","copyright":"","focal_length":"0","iso":"0","shutter_speed":"0","title":"","orientation":"0","keywords":[]},"ID":"15008","name":"WhatsApp-Image-2022-08-02-at-3.43.48-PM-3.jpeg","path":"\/home\/mallorcaproperty\/public_html\/wp-content\/uploads\/2022\/08\/WhatsApp-Image-2022-08-02-at-3.43.48-PM-3.jpeg","url":"https:\/\/360mallorcaproperty.com\/wp-content\/uploads\/2022\/08\/WhatsApp-Image-2022-08-02-at-3.43.48-PM-3-150x150.jpeg","full_url":"https:\/\/360mallorcaproperty.com\/wp-content\/uploads\/2022\/08\/WhatsApp-Image-2022-08-02-at-3.43.48-PM-3.jpeg","title":"WhatsApp Image 2022-08-02 at 3.43.48 PM (3)","caption":"","description":"","alt":"","srcset":"https:\/\/360mallorcaproperty.com\/wp-content\/uploads\/2022\/08\/WhatsApp-Image-2022-08-02-at-3.43.48-PM-3-150x150.jpeg 150w, https:\/\/360mallorcaproperty.com\/wp-content\/uploads\/2022\/08\/WhatsApp-Image-2022-08-02-at-3.43.48-PM-3-210x210.jpeg 210w"},{"width":150,"height":150,"file":"2022\/08\/WhatsApp-Image-2022-08-02-at-3.43.49-PM-1.jpeg","filesize":250443,"sizes":{"medium":{"file":"WhatsApp-Image-2022-08-02-at-3.43.49-PM-1-225x300.jpeg","width":225,"height":300,"mime-type":"image\/jpeg","filesize":17719,"url":"https:\/\/360mallorcaproperty.com\/wp-content\/uploads\/2022\/08\/WhatsApp-Image-2022-08-02-at-3.43.49-PM-1-225x300.jpeg"},"large":{"file":"WhatsApp-Image-2022-08-02-at-3.43.49-PM-1-768x1024.jpeg","width":768,"height":1024,"mime-type":"image\/jpeg","filesize":133632,"url":"https:\/\/360mallorcaproperty.com\/wp-content\/uploads\/2022\/08\/WhatsApp-Image-2022-08-02-at-3.43.49-PM-1-768x1024.jpeg"},"thumbnail":{"file":"WhatsApp-Image-2022-08-02-at-3.43.49-PM-1-150x150.jpeg","width":150,"height":150,"mime-type":"image\/jpeg","filesize":6434,"url":"https:\/\/360mallorcaproperty.com\/wp-content\/uploads\/2022\/08\/WhatsApp-Image-2022-08-02-at-3.43.49-PM-1-150x150.jpeg"},"medium_large":{"file":"WhatsApp-Image-2022-08-02-at-3.43.49-PM-1-768x1024.jpeg","width":768,"height":1024,"mime-type":"image\/jpeg","filesize":133632,"url":"https:\/\/360mallorcaproperty.com\/wp-content\/uploads\/2022\/08\/WhatsApp-Image-2022-08-02-at-3.43.49-PM-1-768x1024.jpeg"},"1536x1536":{"file":"WhatsApp-Image-2022-08-02-at-3.43.49-PM-1-1152x1536.jpeg","width":1152,"height":1536,"mime-type":"image\/jpeg","filesize":245808,"url":"https:\/\/360mallorcaproperty.com\/wp-content\/uploads\/2022\/08\/WhatsApp-Image-2022-08-02-at-3.43.49-PM-1-1152x1536.jpeg"},"post-thumbnail":{"file":"WhatsApp-Image-2022-08-02-at-3.43.49-PM-1-113x150.jpeg","width":113,"height":150,"mime-type":"image\/jpeg","filesize":5852,"url":"https:\/\/360mallorcaproperty.com\/wp-content\/uploads\/2022\/08\/WhatsApp-Image-2022-08-02-at-3.43.49-PM-1-113x150.jpeg"},"modern-property-child-slider":{"file":"WhatsApp-Image-2022-08-02-at-3.43.49-PM-1-680x510.jpeg","width":680,"height":510,"mime-type":"image\/jpeg","filesize":49521,"url":"https:\/\/360mallorcaproperty.com\/wp-content\/uploads\/2022\/08\/WhatsApp-Image-2022-08-02-at-3.43.49-PM-1-680x510.jpeg"},"property-thumb-image":{"file":"WhatsApp-Image-2022-08-02-at-3.43.49-PM-1-488x326.jpeg","width":488,"height":326,"mime-type":"image\/jpeg","filesize":25036,"url":"https:\/\/360mallorcaproperty.com\/wp-content\/uploads\/2022\/08\/WhatsApp-Image-2022-08-02-at-3.43.49-PM-1-488x326.jpeg"},"property-detail-video-image":{"file":"WhatsApp-Image-2022-08-02-at-3.43.49-PM-1-818x417.jpeg","width":818,"height":417,"mime-type":"image\/jpeg","filesize":40846,"url":"https:\/\/360mallorcaproperty.com\/wp-content\/uploads\/2022\/08\/WhatsApp-Image-2022-08-02-at-3.43.49-PM-1-818x417.jpeg"},"agent-image":{"file":"WhatsApp-Image-2022-08-02-at-3.43.49-PM-1-210x210.jpeg","width":210,"height":210,"mime-type":"image\/jpeg","filesize":11179,"url":"https:\/\/360mallorcaproperty.com\/wp-content\/uploads\/2022\/08\/WhatsApp-Image-2022-08-02-at-3.43.49-PM-1-210x210.jpeg"},"partners-logo":{"file":"WhatsApp-Image-2022-08-02-at-3.43.49-PM-1-600x2048.jpeg","width":600,"height":2048,"mime-type":"image\/jpeg","filesize":179396,"url":"https:\/\/360mallorcaproperty.com\/wp-content\/uploads\/2022\/08\/WhatsApp-Image-2022-08-02-at-3.43.49-PM-1-600x2048.jpeg"},"post-featured-image":{"file":"WhatsApp-Image-2022-08-02-at-3.43.49-PM-1-1240x720.jpeg","width":1240,"height":720,"mime-type":"image\/jpeg","filesize":88343,"url":"https:\/\/360mallorcaproperty.com\/wp-content\/uploads\/2022\/08\/WhatsApp-Image-2022-08-02-at-3.43.49-PM-1-1240x720.jpeg"}},"image_meta":{"aperture":"0","credit":"","camera":"","caption":"","created_timestamp":"0","copyright":"","focal_length":"0","iso":"0","shutter_speed":"0","title":"","orientation":"0","keywords":[]},"ID":"15011","name":"WhatsApp-Image-2022-08-02-at-3.43.49-PM-1.jpeg","path":"\/home\/mallorcaproperty\/public_html\/wp-content\/uploads\/2022\/08\/WhatsApp-Image-2022-08-02-at-3.43.49-PM-1.jpeg","url":"https:\/\/360mallorcaproperty.com\/wp-content\/uploads\/2022\/08\/WhatsApp-Image-2022-08-02-at-3.43.49-PM-1-150x150.jpeg","full_url":"https:\/\/360mallorcaproperty.com\/wp-content\/uploads\/2022\/08\/WhatsApp-Image-2022-08-02-at-3.43.49-PM-1.jpeg","title":"WhatsApp Image 2022-08-02 at 3.43.49 PM (1)","caption":"","description":"","alt":"","srcset":"https:\/\/360mallorcaproperty.com\/wp-content\/uploads\/2022\/08\/WhatsApp-Image-2022-08-02-at-3.43.49-PM-1-150x150.jpeg 150w, https:\/\/360mallorcaproperty.com\/wp-content\/uploads\/2022\/08\/WhatsApp-Image-2022-08-02-at-3.43.49-PM-1-210x210.jpeg 210w"}],"REAL_HOMES_change_gallery_slider_type":"0","REAL_HOMES_gallery_slider_type":"thumb-on-right","inspiry_floor_plans":[],"inspiry_video_group":[],"REAL_HOMES_360_virtual_tour":"","REAL_HOMES_agent_display_option":"none","REAL_HOMES_agents":[],"REAL_HOMES_energy_class":"none","REAL_HOMES_energy_performance":"","REAL_HOMES_epc_current_rating":"","REAL_HOMES_epc_potential_rating":"","ere_property_schedule_tour":"global","ere_property_schedule_time_slots":"","ere_property_schedule_description":"","REAL_HOMES_sticky":"0","inspiry_property_label":"","inspiry_property_label_color":"","inspiry_property_tax":"0","inspiry_additional_fee":"0","REAL_HOMES_attachments":[],"inspiry_property_owner_name":"","inspiry_property_owner_contact":"","inspiry_property_owner_address":"","REAL_HOMES_property_private_note":"","inspiry_message_to_reviewer":"","REAL_HOMES_add_in_slider":"no","REAL_HOMES_slider_image":[],"REAL_HOMES_page_banner_image":[],"REAL_HOMES_hide_property_advance_search":"0","inspiry_offmarket":[],"REAL_HOMES_custom_header_display":"default","REAL_HOMES_custom_header_position":"relative","REAL_HOMES_custom_footer_display":"default","REAL_HOMES_hide_advance_search":"0","REAL_HOMES_custom_search_form":"default","REAL_HOMES_search_form_margin_top":"","REAL_HOMES_search_form_margin_bottom":""},"_links":{"self":[{"href":"https:\/\/360mallorcaproperty.com\/de\/wp-json\/wp\/v2\/property\/15017","targetHints":{"allow":["GET"]}}],"collection":[{"href":"https:\/\/360mallorcaproperty.com\/de\/wp-json\/wp\/v2\/property"}],"about":[{"href":"https:\/\/360mallorcaproperty.com\/de\/wp-json\/wp\/v2\/types\/property"}],"author":[{"embeddable":true,"href":"https:\/\/360mallorcaproperty.com\/de\/wp-json\/wp\/v2\/users\/1"}],"replies":[{"embeddable":true,"href":"https:\/\/360mallorcaproperty.com\/de\/wp-json\/wp\/v2\/comments?post=15017"}],"version-history":[{"count":0,"href":"https:\/\/360mallorcaproperty.com\/de\/wp-json\/wp\/v2\/property\/15017\/revisions"}],"wp:featuredmedia":[{"embeddable":true,"href":"https:\/\/360mallorcaproperty.com\/de\/wp-json\/wp\/v2\/media\/14995"}],"wp:attachment":[{"href":"https:\/\/360mallorcaproperty.com\/de\/wp-json\/wp\/v2\/media?parent=15017"}],"wp:term":[{"taxonomy":"property-feature","embeddable":true,"href":"https:\/\/360mallorcaproperty.com\/de\/wp-json\/wp\/v2\/property-feature?post=15017"},{"taxonomy":"property-type","embeddable":true,"href":"https:\/\/360mallorcaproperty.com\/de\/wp-json\/wp\/v2\/property-type?post=15017"},{"taxonomy":"property-city","embeddable":true,"href":"https:\/\/360mallorcaproperty.com\/de\/wp-json\/wp\/v2\/property-location?post=15017"},{"taxonomy":"property-status","embeddable":true,"href":"https:\/\/360mallorcaproperty.com\/de\/wp-json\/wp\/v2\/property-status?post=15017"}],"curies":[{"name":"wp","href":"https:\/\/api.w.org\/{rel}","templated":true}]}}