{"id":18199,"date":"2023-02-01T10:20:03","date_gmt":"2023-02-01T10:20:03","guid":{"rendered":"https:\/\/360mallorcaproperty.com\/property\/modern-rustic-new-build-in-es-llombards\/"},"modified":"2025-12-30T10:57:02","modified_gmt":"2025-12-30T10:57:02","slug":"modern-rustic-new-build-in-es-llombards","status":"publish","type":"property","link":"https:\/\/360mallorcaproperty.com\/de\/property\/modern-rustic-new-build-in-es-llombards\/","title":{"rendered":"Moderner rustikaler Neubau in Es Llombards"},"content":{"rendered":"<p>*Harmonisches mallorquinisches Landhaus zu verkaufen**<\/p>\n<p>Entdecken Sie den Inbegriff rustikaler Eleganz in diesem atemberaubenden Landhaus im Herzen von Mallorca. Auf rund 300 m\u00b2 Wohn- und Nutzfl\u00e4che bietet dieses Anwesen eine harmonische Mischung aus traditionellem mallorquinischen Stil und modernem Luxus. Das Haupthaus verf\u00fcgt \u00fcber einen lichtdurchfluteten Wohn- und Essbereich mit einem gem\u00fctlichen Kamin, der nahtlos in eine voll ausgestattete K\u00fcche mit Spitzenger\u00e4ten wie Miele oder Gaggenau \u00fcbergeht.<\/p>\n<p>Im Erdgeschoss befindet sich ein ruhiges Schlafzimmer mit eigenem Bad, w\u00e4hrend das Obergeschoss drei weitere Schlafzimmer beherbergt, jedes mit eigenem Bad. Die Master-Suite \u00f6ffnet sich zu einer privaten Terrasse mit atemberaubender Aussicht. Im Au\u00dfenbereich befindet sich ein 12 x 4 Meter gro\u00dfer Pool mit \u00dcberlauf und Wasserfall, umgeben von einer 122 m\u00b2 gro\u00dfen Poolterrasse. Das Poolhaus verf\u00fcgt \u00fcber eine Sommerk\u00fcche und eine Au\u00dfendusche, die sich perfekt f\u00fcr G\u00e4ste eignet.<\/p>\n<p>Der Garten liegt auf einem 14.300 m\u00b2 gro\u00dfen Grundst\u00fcck und ist mit einer automatischen Bew\u00e4sserungsanlage ausgestattet, die die Pflege erleichtert. Moderne Annehmlichkeiten wie Fu\u00dfbodenheizung, Klimaanlage, Solarpaneel-Wassererw\u00e4rmung und ein Sonos-Musiksystem bereichern diesen idyllischen R\u00fcckzugsort. Mit einem G\u00e4stehaus und einem Poolhaus eignet sich diese Immobilie perfekt, um Familie und Freunde zu empfangen. Die M\u00f6bel sind im Verkauf enthalten, so dass Sie sofort einziehen und den ruhigen mallorquinischen Lebensstil genie\u00dfen k\u00f6nnen.<\/p>\n","protected":false},"excerpt":{"rendered":"<p>*Harmonisches mallorquinisches Landhaus zu verkaufen** Entdecken Sie den Inbegriff rustikaler Eleganz in diesem atemberaubenden Landhaus im Herzen von Mallorca. Auf rund 300 m\u00b2 Wohn- und Nutzfl\u00e4che bietet dieses Anwesen eine harmonische Mischung aus traditionellem mallorquinischen Stil und modernem Luxus. Das Haupthaus verf\u00fcgt \u00fcber einen lichtdurchfluteten Wohn- und Essbereich mit einem gem\u00fctlichen Kamin, der nahtlos in&#8230;<\/p>\n","protected":false},"author":1,"featured_media":31098,"parent":0,"menu_order":0,"comment_status":"closed","ping_status":"closed","template":"","property-feature":[263,267,354,268,269,262,265,270],"property-type":[359,264],"property-location":[304],"property-status":[241],"class_list":["post-18199","property","type-property","status-publish","has-post-thumbnail","hentry","property-feature-doppelverglasung","property-feature-einbauschranke","property-feature-fussbodenheizung","property-feature-garage-parkplatz-stellplatz","property-feature-garten","property-feature-klimanalage","property-feature-offener-kamin","property-feature-pool-de","property-type-finca-de","property-type-villa","property-city-es-llombards-de","property-status-zum-verkauf"],"property_meta":{"REAL_HOMES_property_price":"3200000","REAL_HOMES_property_old_price":"3690000","REAL_HOMES_property_price_prefix":"","REAL_HOMES_property_price_postfix":"","REAL_HOMES_property_size":"350","REAL_HOMES_property_size_postfix":"","REAL_HOMES_property_lot_size":"14300","REAL_HOMES_property_lot_size_postfix":"","REAL_HOMES_property_bedrooms":"5","REAL_HOMES_property_bathrooms":"5","REAL_HOMES_property_garage":"","REAL_HOMES_property_id":"V2011-1744","REAL_HOMES_property_year_built":"2023","REAL_HOMES_featured":"1","REAL_HOMES_additional_details_list":[],"rvr_booking_widget_display":"","rvr_booking_mode":"","rvr_govt_tax":"","rvr_govt_tax_type":"percentage","rvr_govt_tax_calculation":"per_stay","rvr_service_charges":"","rvr_service_charges_type":"percentage","rvr_service_charges_calculation":"per_stay","rvr_guests_capacity":"","rvr_book_child_as":"","rvr_min_stay":"","rvr_guests_capacity_extend":"","rvr_extra_guest_price":"","rvr_property_owner":"0","rvr_bulk_pricing":[],"rvr_seasonal_pricing":[],"rvr_custom_reserved_dates":[],"rvr_additional_fees":[{"rvr_fee_type":"fixed","rvr_fee_calculation":"per_stay"}],"rvr_additional_amenities":[{"price_calculation":"per_stay"}],"rvr_accommodation":[],"rvr_outdoor_features":[],"rvr_surroundings":[],"rvr_included":[],"rvr_not_included":[],"rvr_policies":[],"REAL_HOMES_property_location":{"latitude":"39.331193783451","longitude":"3.1095814704895","zoom":"15"},"REAL_HOMES_property_address":"Carrer de s'Almunia, Cala Llombards, Santa\u00f1\u00ed, Migjorn, Islas Baleares, 07690, Espa\u00f1a","REAL_HOMES_property_map":"0","REAL_HOMES_property_images":[{"width":150,"height":150,"file":"2023\/02\/IMG_9400.jpg","filesize":1075296,"sizes":{"medium":{"file":"IMG_9400-300x194.jpg","width":300,"height":194,"mime-type":"image\/jpeg","filesize":15273,"url":"https:\/\/360mallorcaproperty.com\/wp-content\/uploads\/2023\/02\/IMG_9400-300x194.jpg"},"large":{"file":"IMG_9400-1024x663.jpg","width":1024,"height":663,"mime-type":"image\/jpeg","filesize":151668,"url":"https:\/\/360mallorcaproperty.com\/wp-content\/uploads\/2023\/02\/IMG_9400-1024x663.jpg"},"thumbnail":{"file":"IMG_9400-150x150.jpg","width":150,"height":150,"mime-type":"image\/jpeg","filesize":6925,"url":"https:\/\/360mallorcaproperty.com\/wp-content\/uploads\/2023\/02\/IMG_9400-150x150.jpg"},"medium_large":{"file":"IMG_9400-768x497.jpg","width":768,"height":497,"mime-type":"image\/jpeg","filesize":88251,"url":"https:\/\/360mallorcaproperty.com\/wp-content\/uploads\/2023\/02\/IMG_9400-768x497.jpg"},"1536x1536":{"file":"IMG_9400-1536x994.jpg","width":1536,"height":994,"mime-type":"image\/jpeg","filesize":319544,"url":"https:\/\/360mallorcaproperty.com\/wp-content\/uploads\/2023\/02\/IMG_9400-1536x994.jpg"},"post-thumbnail":{"file":"IMG_9400-150x97.jpg","width":150,"height":97,"mime-type":"image\/jpeg","filesize":4867,"url":"https:\/\/360mallorcaproperty.com\/wp-content\/uploads\/2023\/02\/IMG_9400-150x97.jpg"},"modern-property-child-slider":{"file":"IMG_9400-680x510.jpg","width":680,"height":510,"mime-type":"image\/jpeg","filesize":82875,"url":"https:\/\/360mallorcaproperty.com\/wp-content\/uploads\/2023\/02\/IMG_9400-680x510.jpg"},"property-thumb-image":{"file":"IMG_9400-488x326.jpg","width":488,"height":326,"mime-type":"image\/jpeg","filesize":38288,"url":"https:\/\/360mallorcaproperty.com\/wp-content\/uploads\/2023\/02\/IMG_9400-488x326.jpg"},"property-detail-video-image":{"file":"IMG_9400-818x417.jpg","width":818,"height":417,"mime-type":"image\/jpeg","filesize":80600,"url":"https:\/\/360mallorcaproperty.com\/wp-content\/uploads\/2023\/02\/IMG_9400-818x417.jpg"},"agent-image":{"file":"IMG_9400-210x210.jpg","width":210,"height":210,"mime-type":"image\/jpeg","filesize":12643,"url":"https:\/\/360mallorcaproperty.com\/wp-content\/uploads\/2023\/02\/IMG_9400-210x210.jpg"},"partners-logo":{"file":"IMG_9400-600x1302.jpg","width":600,"height":1302,"mime-type":"image\/jpeg","filesize":188520,"url":"https:\/\/360mallorcaproperty.com\/wp-content\/uploads\/2023\/02\/IMG_9400-600x1302.jpg"},"post-featured-image":{"file":"IMG_9400-1240x720.jpg","width":1240,"height":720,"mime-type":"image\/jpeg","filesize":193252,"url":"https:\/\/360mallorcaproperty.com\/wp-content\/uploads\/2023\/02\/IMG_9400-1240x720.jpg"}},"image_meta":{"aperture":"0","credit":"","camera":"","caption":"","created_timestamp":"0","copyright":"","focal_length":"0","iso":"0","shutter_speed":"0","title":"","orientation":"1","keywords":[]},"ID":"31085","name":"IMG_9400.jpg","path":"\/home\/mallorcaproperty\/public_html\/wp-content\/uploads\/2023\/02\/IMG_9400.jpg","url":"https:\/\/360mallorcaproperty.com\/wp-content\/uploads\/2023\/02\/IMG_9400-150x150.jpg","full_url":"https:\/\/360mallorcaproperty.com\/wp-content\/uploads\/2023\/02\/IMG_9400.jpg","title":"IMG_9400","caption":"","description":"","alt":"","srcset":"https:\/\/360mallorcaproperty.com\/wp-content\/uploads\/2023\/02\/IMG_9400-150x150.jpg 150w, https:\/\/360mallorcaproperty.com\/wp-content\/uploads\/2023\/02\/IMG_9400-210x210.jpg 210w"},{"width":150,"height":150,"file":"2023\/02\/IMG_9401.jpg","filesize":1144873,"sizes":{"medium":{"file":"IMG_9401-300x182.jpg","width":300,"height":182,"mime-type":"image\/jpeg","filesize":13288,"url":"https:\/\/360mallorcaproperty.com\/wp-content\/uploads\/2023\/02\/IMG_9401-300x182.jpg"},"large":{"file":"IMG_9401-1024x622.jpg","width":1024,"height":622,"mime-type":"image\/jpeg","filesize":147578,"url":"https:\/\/360mallorcaproperty.com\/wp-content\/uploads\/2023\/02\/IMG_9401-1024x622.jpg"},"thumbnail":{"file":"IMG_9401-150x150.jpg","width":150,"height":150,"mime-type":"image\/jpeg","filesize":6142,"url":"https:\/\/360mallorcaproperty.com\/wp-content\/uploads\/2023\/02\/IMG_9401-150x150.jpg"},"medium_large":{"file":"IMG_9401-768x466.jpg","width":768,"height":466,"mime-type":"image\/jpeg","filesize":83983,"url":"https:\/\/360mallorcaproperty.com\/wp-content\/uploads\/2023\/02\/IMG_9401-768x466.jpg"},"1536x1536":{"file":"IMG_9401-1536x932.jpg","width":1536,"height":932,"mime-type":"image\/jpeg","filesize":321628,"url":"https:\/\/360mallorcaproperty.com\/wp-content\/uploads\/2023\/02\/IMG_9401-1536x932.jpg"},"post-thumbnail":{"file":"IMG_9401-150x91.jpg","width":150,"height":91,"mime-type":"image\/jpeg","filesize":4242,"url":"https:\/\/360mallorcaproperty.com\/wp-content\/uploads\/2023\/02\/IMG_9401-150x91.jpg"},"modern-property-child-slider":{"file":"IMG_9401-680x510.jpg","width":680,"height":510,"mime-type":"image\/jpeg","filesize":82905,"url":"https:\/\/360mallorcaproperty.com\/wp-content\/uploads\/2023\/02\/IMG_9401-680x510.jpg"},"property-thumb-image":{"file":"IMG_9401-488x326.jpg","width":488,"height":326,"mime-type":"image\/jpeg","filesize":37313,"url":"https:\/\/360mallorcaproperty.com\/wp-content\/uploads\/2023\/02\/IMG_9401-488x326.jpg"},"property-detail-video-image":{"file":"IMG_9401-818x417.jpg","width":818,"height":417,"mime-type":"image\/jpeg","filesize":79310,"url":"https:\/\/360mallorcaproperty.com\/wp-content\/uploads\/2023\/02\/IMG_9401-818x417.jpg"},"agent-image":{"file":"IMG_9401-210x210.jpg","width":210,"height":210,"mime-type":"image\/jpeg","filesize":11402,"url":"https:\/\/360mallorcaproperty.com\/wp-content\/uploads\/2023\/02\/IMG_9401-210x210.jpg"},"partners-logo":{"file":"IMG_9401-600x1222.jpg","width":600,"height":1222,"mime-type":"image\/jpeg","filesize":196618,"url":"https:\/\/360mallorcaproperty.com\/wp-content\/uploads\/2023\/02\/IMG_9401-600x1222.jpg"},"post-featured-image":{"file":"IMG_9401-1240x720.jpg","width":1240,"height":720,"mime-type":"image\/jpeg","filesize":202964,"url":"https:\/\/360mallorcaproperty.com\/wp-content\/uploads\/2023\/02\/IMG_9401-1240x720.jpg"}},"image_meta":{"aperture":"0","credit":"","camera":"","caption":"","created_timestamp":"0","copyright":"","focal_length":"0","iso":"0","shutter_speed":"0","title":"","orientation":"1","keywords":[]},"ID":"31088","name":"IMG_9401.jpg","path":"\/home\/mallorcaproperty\/public_html\/wp-content\/uploads\/2023\/02\/IMG_9401.jpg","url":"https:\/\/360mallorcaproperty.com\/wp-content\/uploads\/2023\/02\/IMG_9401-150x150.jpg","full_url":"https:\/\/360mallorcaproperty.com\/wp-content\/uploads\/2023\/02\/IMG_9401.jpg","title":"IMG_9401","caption":"","description":"","alt":"","srcset":"https:\/\/360mallorcaproperty.com\/wp-content\/uploads\/2023\/02\/IMG_9401-150x150.jpg 150w, https:\/\/360mallorcaproperty.com\/wp-content\/uploads\/2023\/02\/IMG_9401-210x210.jpg 210w"},{"width":150,"height":150,"file":"2023\/02\/IMG_9374.jpg","filesize":772216,"sizes":{"medium":{"file":"IMG_9374-300x207.jpg","width":300,"height":207,"mime-type":"image\/jpeg","filesize":14073,"url":"https:\/\/360mallorcaproperty.com\/wp-content\/uploads\/2023\/02\/IMG_9374-300x207.jpg"},"large":{"file":"IMG_9374-1024x707.jpg","width":1024,"height":707,"mime-type":"image\/jpeg","filesize":101085,"url":"https:\/\/360mallorcaproperty.com\/wp-content\/uploads\/2023\/02\/IMG_9374-1024x707.jpg"},"thumbnail":{"file":"IMG_9374-150x150.jpg","width":150,"height":150,"mime-type":"image\/jpeg","filesize":7240,"url":"https:\/\/360mallorcaproperty.com\/wp-content\/uploads\/2023\/02\/IMG_9374-150x150.jpg"},"medium_large":{"file":"IMG_9374-768x530.jpg","width":768,"height":530,"mime-type":"image\/jpeg","filesize":62167,"url":"https:\/\/360mallorcaproperty.com\/wp-content\/uploads\/2023\/02\/IMG_9374-768x530.jpg"},"1536x1536":{"file":"IMG_9374-1536x1061.jpg","width":1536,"height":1061,"mime-type":"image\/jpeg","filesize":203589,"url":"https:\/\/360mallorcaproperty.com\/wp-content\/uploads\/2023\/02\/IMG_9374-1536x1061.jpg"},"post-thumbnail":{"file":"IMG_9374-150x104.jpg","width":150,"height":104,"mime-type":"image\/jpeg","filesize":5257,"url":"https:\/\/360mallorcaproperty.com\/wp-content\/uploads\/2023\/02\/IMG_9374-150x104.jpg"},"modern-property-child-slider":{"file":"IMG_9374-680x510.jpg","width":680,"height":510,"mime-type":"image\/jpeg","filesize":56444,"url":"https:\/\/360mallorcaproperty.com\/wp-content\/uploads\/2023\/02\/IMG_9374-680x510.jpg"},"property-thumb-image":{"file":"IMG_9374-488x326.jpg","width":488,"height":326,"mime-type":"image\/jpeg","filesize":29438,"url":"https:\/\/360mallorcaproperty.com\/wp-content\/uploads\/2023\/02\/IMG_9374-488x326.jpg"},"property-detail-video-image":{"file":"IMG_9374-818x417.jpg","width":818,"height":417,"mime-type":"image\/jpeg","filesize":57648,"url":"https:\/\/360mallorcaproperty.com\/wp-content\/uploads\/2023\/02\/IMG_9374-818x417.jpg"},"agent-image":{"file":"IMG_9374-210x210.jpg","width":210,"height":210,"mime-type":"image\/jpeg","filesize":11735,"url":"https:\/\/360mallorcaproperty.com\/wp-content\/uploads\/2023\/02\/IMG_9374-210x210.jpg"},"partners-logo":{"file":"IMG_9374-600x1390.jpg","width":600,"height":1390,"mime-type":"image\/jpeg","filesize":117103,"url":"https:\/\/360mallorcaproperty.com\/wp-content\/uploads\/2023\/02\/IMG_9374-600x1390.jpg"},"post-featured-image":{"file":"IMG_9374-1240x720.jpg","width":1240,"height":720,"mime-type":"image\/jpeg","filesize":127975,"url":"https:\/\/360mallorcaproperty.com\/wp-content\/uploads\/2023\/02\/IMG_9374-1240x720.jpg"}},"image_meta":{"aperture":"0","credit":"","camera":"","caption":"","created_timestamp":"0","copyright":"","focal_length":"0","iso":"0","shutter_speed":"0","title":"","orientation":"1","keywords":[]},"ID":"31043","name":"IMG_9374.jpg","path":"\/home\/mallorcaproperty\/public_html\/wp-content\/uploads\/2023\/02\/IMG_9374.jpg","url":"https:\/\/360mallorcaproperty.com\/wp-content\/uploads\/2023\/02\/IMG_9374-150x150.jpg","full_url":"https:\/\/360mallorcaproperty.com\/wp-content\/uploads\/2023\/02\/IMG_9374.jpg","title":"IMG_9374","caption":"","description":"","alt":"","srcset":"https:\/\/360mallorcaproperty.com\/wp-content\/uploads\/2023\/02\/IMG_9374-150x150.jpg 150w, https:\/\/360mallorcaproperty.com\/wp-content\/uploads\/2023\/02\/IMG_9374-210x210.jpg 210w"},{"width":150,"height":150,"file":"2023\/02\/IMG_9375.jpg","filesize":751691,"sizes":{"medium":{"file":"IMG_9375-300x225.jpg","width":300,"height":225,"mime-type":"image\/jpeg","filesize":12616,"url":"https:\/\/360mallorcaproperty.com\/wp-content\/uploads\/2023\/02\/IMG_9375-300x225.jpg"},"large":{"file":"IMG_9375-1024x768.jpg","width":1024,"height":768,"mime-type":"image\/jpeg","filesize":95138,"url":"https:\/\/360mallorcaproperty.com\/wp-content\/uploads\/2023\/02\/IMG_9375-1024x768.jpg"},"thumbnail":{"file":"IMG_9375-150x150.jpg","width":150,"height":150,"mime-type":"image\/jpeg","filesize":5718,"url":"https:\/\/360mallorcaproperty.com\/wp-content\/uploads\/2023\/02\/IMG_9375-150x150.jpg"},"medium_large":{"file":"IMG_9375-768x576.jpg","width":768,"height":576,"mime-type":"image\/jpeg","filesize":57553,"url":"https:\/\/360mallorcaproperty.com\/wp-content\/uploads\/2023\/02\/IMG_9375-768x576.jpg"},"1536x1536":{"file":"IMG_9375-1536x1152.jpg","width":1536,"height":1152,"mime-type":"image\/jpeg","filesize":194037,"url":"https:\/\/360mallorcaproperty.com\/wp-content\/uploads\/2023\/02\/IMG_9375-1536x1152.jpg"},"post-thumbnail":{"file":"IMG_9375-150x113.jpg","width":150,"height":113,"mime-type":"image\/jpeg","filesize":4692,"url":"https:\/\/360mallorcaproperty.com\/wp-content\/uploads\/2023\/02\/IMG_9375-150x113.jpg"},"modern-property-child-slider":{"file":"IMG_9375-680x510.jpg","width":680,"height":510,"mime-type":"image\/jpeg","filesize":46749,"url":"https:\/\/360mallorcaproperty.com\/wp-content\/uploads\/2023\/02\/IMG_9375-680x510.jpg"},"property-thumb-image":{"file":"IMG_9375-488x326.jpg","width":488,"height":326,"mime-type":"image\/jpeg","filesize":25302,"url":"https:\/\/360mallorcaproperty.com\/wp-content\/uploads\/2023\/02\/IMG_9375-488x326.jpg"},"property-detail-video-image":{"file":"IMG_9375-818x417.jpg","width":818,"height":417,"mime-type":"image\/jpeg","filesize":48179,"url":"https:\/\/360mallorcaproperty.com\/wp-content\/uploads\/2023\/02\/IMG_9375-818x417.jpg"},"agent-image":{"file":"IMG_9375-210x210.jpg","width":210,"height":210,"mime-type":"image\/jpeg","filesize":9330,"url":"https:\/\/360mallorcaproperty.com\/wp-content\/uploads\/2023\/02\/IMG_9375-210x210.jpg"},"partners-logo":{"file":"IMG_9375-600x1512.jpg","width":600,"height":1512,"mime-type":"image\/jpeg","filesize":111293,"url":"https:\/\/360mallorcaproperty.com\/wp-content\/uploads\/2023\/02\/IMG_9375-600x1512.jpg"},"post-featured-image":{"file":"IMG_9375-1240x720.jpg","width":1240,"height":720,"mime-type":"image\/jpeg","filesize":109642,"url":"https:\/\/360mallorcaproperty.com\/wp-content\/uploads\/2023\/02\/IMG_9375-1240x720.jpg"}},"image_meta":{"aperture":"0","credit":"","camera":"","caption":"","created_timestamp":"0","copyright":"","focal_length":"0","iso":"0","shutter_speed":"0","title":"","orientation":"1","keywords":[]},"ID":"31046","name":"IMG_9375.jpg","path":"\/home\/mallorcaproperty\/public_html\/wp-content\/uploads\/2023\/02\/IMG_9375.jpg","url":"https:\/\/360mallorcaproperty.com\/wp-content\/uploads\/2023\/02\/IMG_9375-150x150.jpg","full_url":"https:\/\/360mallorcaproperty.com\/wp-content\/uploads\/2023\/02\/IMG_9375.jpg","title":"IMG_9375","caption":"","description":"","alt":"","srcset":"https:\/\/360mallorcaproperty.com\/wp-content\/uploads\/2023\/02\/IMG_9375-150x150.jpg 150w, https:\/\/360mallorcaproperty.com\/wp-content\/uploads\/2023\/02\/IMG_9375-210x210.jpg 210w"},{"width":150,"height":150,"file":"2023\/02\/IMG_9377.jpg","filesize":991034,"sizes":{"medium":{"file":"IMG_9377-300x225.jpg","width":300,"height":225,"mime-type":"image\/jpeg","filesize":16099,"url":"https:\/\/360mallorcaproperty.com\/wp-content\/uploads\/2023\/02\/IMG_9377-300x225.jpg"},"large":{"file":"IMG_9377-1024x768.jpg","width":1024,"height":768,"mime-type":"image\/jpeg","filesize":125812,"url":"https:\/\/360mallorcaproperty.com\/wp-content\/uploads\/2023\/02\/IMG_9377-1024x768.jpg"},"thumbnail":{"file":"IMG_9377-150x150.jpg","width":150,"height":150,"mime-type":"image\/jpeg","filesize":6776,"url":"https:\/\/360mallorcaproperty.com\/wp-content\/uploads\/2023\/02\/IMG_9377-150x150.jpg"},"medium_large":{"file":"IMG_9377-768x576.jpg","width":768,"height":576,"mime-type":"image\/jpeg","filesize":75353,"url":"https:\/\/360mallorcaproperty.com\/wp-content\/uploads\/2023\/02\/IMG_9377-768x576.jpg"},"1536x1536":{"file":"IMG_9377-1536x1152.jpg","width":1536,"height":1152,"mime-type":"image\/jpeg","filesize":263416,"url":"https:\/\/360mallorcaproperty.com\/wp-content\/uploads\/2023\/02\/IMG_9377-1536x1152.jpg"},"post-thumbnail":{"file":"IMG_9377-150x113.jpg","width":150,"height":113,"mime-type":"image\/jpeg","filesize":5758,"url":"https:\/\/360mallorcaproperty.com\/wp-content\/uploads\/2023\/02\/IMG_9377-150x113.jpg"},"modern-property-child-slider":{"file":"IMG_9377-680x510.jpg","width":680,"height":510,"mime-type":"image\/jpeg","filesize":61231,"url":"https:\/\/360mallorcaproperty.com\/wp-content\/uploads\/2023\/02\/IMG_9377-680x510.jpg"},"property-thumb-image":{"file":"IMG_9377-488x326.jpg","width":488,"height":326,"mime-type":"image\/jpeg","filesize":32110,"url":"https:\/\/360mallorcaproperty.com\/wp-content\/uploads\/2023\/02\/IMG_9377-488x326.jpg"},"property-detail-video-image":{"file":"IMG_9377-818x417.jpg","width":818,"height":417,"mime-type":"image\/jpeg","filesize":61064,"url":"https:\/\/360mallorcaproperty.com\/wp-content\/uploads\/2023\/02\/IMG_9377-818x417.jpg"},"agent-image":{"file":"IMG_9377-210x210.jpg","width":210,"height":210,"mime-type":"image\/jpeg","filesize":11614,"url":"https:\/\/360mallorcaproperty.com\/wp-content\/uploads\/2023\/02\/IMG_9377-210x210.jpg"},"partners-logo":{"file":"IMG_9377-600x1512.jpg","width":600,"height":1512,"mime-type":"image\/jpeg","filesize":169492,"url":"https:\/\/360mallorcaproperty.com\/wp-content\/uploads\/2023\/02\/IMG_9377-600x1512.jpg"},"post-featured-image":{"file":"IMG_9377-1240x720.jpg","width":1240,"height":720,"mime-type":"image\/jpeg","filesize":142501,"url":"https:\/\/360mallorcaproperty.com\/wp-content\/uploads\/2023\/02\/IMG_9377-1240x720.jpg"}},"image_meta":{"aperture":"0","credit":"","camera":"","caption":"","created_timestamp":"0","copyright":"","focal_length":"0","iso":"0","shutter_speed":"0","title":"","orientation":"1","keywords":[]},"ID":"31049","name":"IMG_9377.jpg","path":"\/home\/mallorcaproperty\/public_html\/wp-content\/uploads\/2023\/02\/IMG_9377.jpg","url":"https:\/\/360mallorcaproperty.com\/wp-content\/uploads\/2023\/02\/IMG_9377-150x150.jpg","full_url":"https:\/\/360mallorcaproperty.com\/wp-content\/uploads\/2023\/02\/IMG_9377.jpg","title":"IMG_9377","caption":"","description":"","alt":"","srcset":"https:\/\/360mallorcaproperty.com\/wp-content\/uploads\/2023\/02\/IMG_9377-150x150.jpg 150w, https:\/\/360mallorcaproperty.com\/wp-content\/uploads\/2023\/02\/IMG_9377-210x210.jpg 210w"},{"width":150,"height":150,"file":"2023\/02\/IMG_9391.jpg","filesize":762669,"sizes":{"medium":{"file":"IMG_9391-300x225.jpg","width":300,"height":225,"mime-type":"image\/jpeg","filesize":11998,"url":"https:\/\/360mallorcaproperty.com\/wp-content\/uploads\/2023\/02\/IMG_9391-300x225.jpg"},"large":{"file":"IMG_9391-1024x768.jpg","width":1024,"height":768,"mime-type":"image\/jpeg","filesize":88272,"url":"https:\/\/360mallorcaproperty.com\/wp-content\/uploads\/2023\/02\/IMG_9391-1024x768.jpg"},"thumbnail":{"file":"IMG_9391-150x150.jpg","width":150,"height":150,"mime-type":"image\/jpeg","filesize":5126,"url":"https:\/\/360mallorcaproperty.com\/wp-content\/uploads\/2023\/02\/IMG_9391-150x150.jpg"},"medium_large":{"file":"IMG_9391-768x576.jpg","width":768,"height":576,"mime-type":"image\/jpeg","filesize":53422,"url":"https:\/\/360mallorcaproperty.com\/wp-content\/uploads\/2023\/02\/IMG_9391-768x576.jpg"},"1536x1536":{"file":"IMG_9391-1536x1152.jpg","width":1536,"height":1152,"mime-type":"image\/jpeg","filesize":182100,"url":"https:\/\/360mallorcaproperty.com\/wp-content\/uploads\/2023\/02\/IMG_9391-1536x1152.jpg"},"post-thumbnail":{"file":"IMG_9391-150x113.jpg","width":150,"height":113,"mime-type":"image\/jpeg","filesize":4511,"url":"https:\/\/360mallorcaproperty.com\/wp-content\/uploads\/2023\/02\/IMG_9391-150x113.jpg"},"modern-property-child-slider":{"file":"IMG_9391-680x510.jpg","width":680,"height":510,"mime-type":"image\/jpeg","filesize":43660,"url":"https:\/\/360mallorcaproperty.com\/wp-content\/uploads\/2023\/02\/IMG_9391-680x510.jpg"},"property-thumb-image":{"file":"IMG_9391-488x326.jpg","width":488,"height":326,"mime-type":"image\/jpeg","filesize":23080,"url":"https:\/\/360mallorcaproperty.com\/wp-content\/uploads\/2023\/02\/IMG_9391-488x326.jpg"},"property-detail-video-image":{"file":"IMG_9391-818x417.jpg","width":818,"height":417,"mime-type":"image\/jpeg","filesize":44258,"url":"https:\/\/360mallorcaproperty.com\/wp-content\/uploads\/2023\/02\/IMG_9391-818x417.jpg"},"agent-image":{"file":"IMG_9391-210x210.jpg","width":210,"height":210,"mime-type":"image\/jpeg","filesize":8384,"url":"https:\/\/360mallorcaproperty.com\/wp-content\/uploads\/2023\/02\/IMG_9391-210x210.jpg"},"partners-logo":{"file":"IMG_9391-600x1512.jpg","width":600,"height":1512,"mime-type":"image\/jpeg","filesize":131486,"url":"https:\/\/360mallorcaproperty.com\/wp-content\/uploads\/2023\/02\/IMG_9391-600x1512.jpg"},"post-featured-image":{"file":"IMG_9391-1240x720.jpg","width":1240,"height":720,"mime-type":"image\/jpeg","filesize":97697,"url":"https:\/\/360mallorcaproperty.com\/wp-content\/uploads\/2023\/02\/IMG_9391-1240x720.jpg"}},"image_meta":{"aperture":"0","credit":"","camera":"","caption":"","created_timestamp":"0","copyright":"","focal_length":"0","iso":"0","shutter_speed":"0","title":"","orientation":"1","keywords":[]},"ID":"31076","name":"IMG_9391.jpg","path":"\/home\/mallorcaproperty\/public_html\/wp-content\/uploads\/2023\/02\/IMG_9391.jpg","url":"https:\/\/360mallorcaproperty.com\/wp-content\/uploads\/2023\/02\/IMG_9391-150x150.jpg","full_url":"https:\/\/360mallorcaproperty.com\/wp-content\/uploads\/2023\/02\/IMG_9391.jpg","title":"IMG_9391","caption":"","description":"","alt":"","srcset":"https:\/\/360mallorcaproperty.com\/wp-content\/uploads\/2023\/02\/IMG_9391-150x150.jpg 150w, https:\/\/360mallorcaproperty.com\/wp-content\/uploads\/2023\/02\/IMG_9391-210x210.jpg 210w"},{"width":150,"height":150,"file":"2023\/02\/IMG_9389.jpg","filesize":699999,"sizes":{"medium":{"file":"IMG_9389-300x225.jpg","width":300,"height":225,"mime-type":"image\/jpeg","filesize":15279,"url":"https:\/\/360mallorcaproperty.com\/wp-content\/uploads\/2023\/02\/IMG_9389-300x225.jpg"},"large":{"file":"IMG_9389-1024x768.jpg","width":1024,"height":768,"mime-type":"image\/jpeg","filesize":104669,"url":"https:\/\/360mallorcaproperty.com\/wp-content\/uploads\/2023\/02\/IMG_9389-1024x768.jpg"},"thumbnail":{"file":"IMG_9389-150x150.jpg","width":150,"height":150,"mime-type":"image\/jpeg","filesize":6990,"url":"https:\/\/360mallorcaproperty.com\/wp-content\/uploads\/2023\/02\/IMG_9389-150x150.jpg"},"medium_large":{"file":"IMG_9389-768x576.jpg","width":768,"height":576,"mime-type":"image\/jpeg","filesize":66096,"url":"https:\/\/360mallorcaproperty.com\/wp-content\/uploads\/2023\/02\/IMG_9389-768x576.jpg"},"1536x1536":{"file":"IMG_9389-1536x1152.jpg","width":1536,"height":1152,"mime-type":"image\/jpeg","filesize":198388,"url":"https:\/\/360mallorcaproperty.com\/wp-content\/uploads\/2023\/02\/IMG_9389-1536x1152.jpg"},"post-thumbnail":{"file":"IMG_9389-150x113.jpg","width":150,"height":113,"mime-type":"image\/jpeg","filesize":5516,"url":"https:\/\/360mallorcaproperty.com\/wp-content\/uploads\/2023\/02\/IMG_9389-150x113.jpg"},"modern-property-child-slider":{"file":"IMG_9389-680x510.jpg","width":680,"height":510,"mime-type":"image\/jpeg","filesize":54926,"url":"https:\/\/360mallorcaproperty.com\/wp-content\/uploads\/2023\/02\/IMG_9389-680x510.jpg"},"property-thumb-image":{"file":"IMG_9389-488x326.jpg","width":488,"height":326,"mime-type":"image\/jpeg","filesize":29430,"url":"https:\/\/360mallorcaproperty.com\/wp-content\/uploads\/2023\/02\/IMG_9389-488x326.jpg"},"property-detail-video-image":{"file":"IMG_9389-818x417.jpg","width":818,"height":417,"mime-type":"image\/jpeg","filesize":53522,"url":"https:\/\/360mallorcaproperty.com\/wp-content\/uploads\/2023\/02\/IMG_9389-818x417.jpg"},"agent-image":{"file":"IMG_9389-210x210.jpg","width":210,"height":210,"mime-type":"image\/jpeg","filesize":11657,"url":"https:\/\/360mallorcaproperty.com\/wp-content\/uploads\/2023\/02\/IMG_9389-210x210.jpg"},"partners-logo":{"file":"IMG_9389-600x1512.jpg","width":600,"height":1512,"mime-type":"image\/jpeg","filesize":101985,"url":"https:\/\/360mallorcaproperty.com\/wp-content\/uploads\/2023\/02\/IMG_9389-600x1512.jpg"},"post-featured-image":{"file":"IMG_9389-1240x720.jpg","width":1240,"height":720,"mime-type":"image\/jpeg","filesize":112083,"url":"https:\/\/360mallorcaproperty.com\/wp-content\/uploads\/2023\/02\/IMG_9389-1240x720.jpg"}},"image_meta":{"aperture":"0","credit":"","camera":"","caption":"","created_timestamp":"0","copyright":"","focal_length":"0","iso":"0","shutter_speed":"0","title":"","orientation":"1","keywords":[]},"ID":"31073","name":"IMG_9389.jpg","path":"\/home\/mallorcaproperty\/public_html\/wp-content\/uploads\/2023\/02\/IMG_9389.jpg","url":"https:\/\/360mallorcaproperty.com\/wp-content\/uploads\/2023\/02\/IMG_9389-150x150.jpg","full_url":"https:\/\/360mallorcaproperty.com\/wp-content\/uploads\/2023\/02\/IMG_9389.jpg","title":"IMG_9389","caption":"","description":"","alt":"","srcset":"https:\/\/360mallorcaproperty.com\/wp-content\/uploads\/2023\/02\/IMG_9389-150x150.jpg 150w, https:\/\/360mallorcaproperty.com\/wp-content\/uploads\/2023\/02\/IMG_9389-210x210.jpg 210w"},{"width":150,"height":150,"file":"2023\/02\/IMG_9381.jpg","filesize":752229,"sizes":{"medium":{"file":"IMG_9381-300x225.jpg","width":300,"height":225,"mime-type":"image\/jpeg","filesize":12086,"url":"https:\/\/360mallorcaproperty.com\/wp-content\/uploads\/2023\/02\/IMG_9381-300x225.jpg"},"large":{"file":"IMG_9381-1024x768.jpg","width":1024,"height":768,"mime-type":"image\/jpeg","filesize":89721,"url":"https:\/\/360mallorcaproperty.com\/wp-content\/uploads\/2023\/02\/IMG_9381-1024x768.jpg"},"thumbnail":{"file":"IMG_9381-150x150.jpg","width":150,"height":150,"mime-type":"image\/jpeg","filesize":5264,"url":"https:\/\/360mallorcaproperty.com\/wp-content\/uploads\/2023\/02\/IMG_9381-150x150.jpg"},"medium_large":{"file":"IMG_9381-768x576.jpg","width":768,"height":576,"mime-type":"image\/jpeg","filesize":53980,"url":"https:\/\/360mallorcaproperty.com\/wp-content\/uploads\/2023\/02\/IMG_9381-768x576.jpg"},"1536x1536":{"file":"IMG_9381-1536x1152.jpg","width":1536,"height":1152,"mime-type":"image\/jpeg","filesize":185294,"url":"https:\/\/360mallorcaproperty.com\/wp-content\/uploads\/2023\/02\/IMG_9381-1536x1152.jpg"},"post-thumbnail":{"file":"IMG_9381-150x113.jpg","width":150,"height":113,"mime-type":"image\/jpeg","filesize":4599,"url":"https:\/\/360mallorcaproperty.com\/wp-content\/uploads\/2023\/02\/IMG_9381-150x113.jpg"},"modern-property-child-slider":{"file":"IMG_9381-680x510.jpg","width":680,"height":510,"mime-type":"image\/jpeg","filesize":44056,"url":"https:\/\/360mallorcaproperty.com\/wp-content\/uploads\/2023\/02\/IMG_9381-680x510.jpg"},"property-thumb-image":{"file":"IMG_9381-488x326.jpg","width":488,"height":326,"mime-type":"image\/jpeg","filesize":22926,"url":"https:\/\/360mallorcaproperty.com\/wp-content\/uploads\/2023\/02\/IMG_9381-488x326.jpg"},"property-detail-video-image":{"file":"IMG_9381-818x417.jpg","width":818,"height":417,"mime-type":"image\/jpeg","filesize":41876,"url":"https:\/\/360mallorcaproperty.com\/wp-content\/uploads\/2023\/02\/IMG_9381-818x417.jpg"},"agent-image":{"file":"IMG_9381-210x210.jpg","width":210,"height":210,"mime-type":"image\/jpeg","filesize":8544,"url":"https:\/\/360mallorcaproperty.com\/wp-content\/uploads\/2023\/02\/IMG_9381-210x210.jpg"},"partners-logo":{"file":"IMG_9381-600x1512.jpg","width":600,"height":1512,"mime-type":"image\/jpeg","filesize":112232,"url":"https:\/\/360mallorcaproperty.com\/wp-content\/uploads\/2023\/02\/IMG_9381-600x1512.jpg"},"post-featured-image":{"file":"IMG_9381-1240x720.jpg","width":1240,"height":720,"mime-type":"image\/jpeg","filesize":96050,"url":"https:\/\/360mallorcaproperty.com\/wp-content\/uploads\/2023\/02\/IMG_9381-1240x720.jpg"}},"image_meta":{"aperture":"0","credit":"","camera":"","caption":"","created_timestamp":"0","copyright":"","focal_length":"0","iso":"0","shutter_speed":"0","title":"","orientation":"1","keywords":[]},"ID":"31058","name":"IMG_9381.jpg","path":"\/home\/mallorcaproperty\/public_html\/wp-content\/uploads\/2023\/02\/IMG_9381.jpg","url":"https:\/\/360mallorcaproperty.com\/wp-content\/uploads\/2023\/02\/IMG_9381-150x150.jpg","full_url":"https:\/\/360mallorcaproperty.com\/wp-content\/uploads\/2023\/02\/IMG_9381.jpg","title":"IMG_9381","caption":"","description":"","alt":"","srcset":"https:\/\/360mallorcaproperty.com\/wp-content\/uploads\/2023\/02\/IMG_9381-150x150.jpg 150w, https:\/\/360mallorcaproperty.com\/wp-content\/uploads\/2023\/02\/IMG_9381-210x210.jpg 210w"},{"width":150,"height":150,"file":"2023\/02\/IMG_9414.jpg","filesize":1237672,"sizes":{"medium":{"file":"IMG_9414-300x225.jpg","width":300,"height":225,"mime-type":"image\/jpeg","filesize":22216,"url":"https:\/\/360mallorcaproperty.com\/wp-content\/uploads\/2023\/02\/IMG_9414-300x225.jpg"},"large":{"file":"IMG_9414-1024x768.jpg","width":1024,"height":768,"mime-type":"image\/jpeg","filesize":189874,"url":"https:\/\/360mallorcaproperty.com\/wp-content\/uploads\/2023\/02\/IMG_9414-1024x768.jpg"},"thumbnail":{"file":"IMG_9414-150x150.jpg","width":150,"height":150,"mime-type":"image\/jpeg","filesize":7962,"url":"https:\/\/360mallorcaproperty.com\/wp-content\/uploads\/2023\/02\/IMG_9414-150x150.jpg"},"medium_large":{"file":"IMG_9414-768x576.jpg","width":768,"height":576,"mime-type":"image\/jpeg","filesize":114891,"url":"https:\/\/360mallorcaproperty.com\/wp-content\/uploads\/2023\/02\/IMG_9414-768x576.jpg"},"1536x1536":{"file":"IMG_9414-1536x1152.jpg","width":1536,"height":1152,"mime-type":"image\/jpeg","filesize":369874,"url":"https:\/\/360mallorcaproperty.com\/wp-content\/uploads\/2023\/02\/IMG_9414-1536x1152.jpg"},"post-thumbnail":{"file":"IMG_9414-150x113.jpg","width":150,"height":113,"mime-type":"image\/jpeg","filesize":6965,"url":"https:\/\/360mallorcaproperty.com\/wp-content\/uploads\/2023\/02\/IMG_9414-150x113.jpg"},"modern-property-child-slider":{"file":"IMG_9414-680x510.jpg","width":680,"height":510,"mime-type":"image\/jpeg","filesize":93455,"url":"https:\/\/360mallorcaproperty.com\/wp-content\/uploads\/2023\/02\/IMG_9414-680x510.jpg"},"property-thumb-image":{"file":"IMG_9414-488x326.jpg","width":488,"height":326,"mime-type":"image\/jpeg","filesize":46910,"url":"https:\/\/360mallorcaproperty.com\/wp-content\/uploads\/2023\/02\/IMG_9414-488x326.jpg"},"property-detail-video-image":{"file":"IMG_9414-818x417.jpg","width":818,"height":417,"mime-type":"image\/jpeg","filesize":93070,"url":"https:\/\/360mallorcaproperty.com\/wp-content\/uploads\/2023\/02\/IMG_9414-818x417.jpg"},"agent-image":{"file":"IMG_9414-210x210.jpg","width":210,"height":210,"mime-type":"image\/jpeg","filesize":14174,"url":"https:\/\/360mallorcaproperty.com\/wp-content\/uploads\/2023\/02\/IMG_9414-210x210.jpg"},"partners-logo":{"file":"IMG_9414-600x1512.jpg","width":600,"height":1512,"mime-type":"image\/jpeg","filesize":164156,"url":"https:\/\/360mallorcaproperty.com\/wp-content\/uploads\/2023\/02\/IMG_9414-600x1512.jpg"},"post-featured-image":{"file":"IMG_9414-1240x720.jpg","width":1240,"height":720,"mime-type":"image\/jpeg","filesize":209789,"url":"https:\/\/360mallorcaproperty.com\/wp-content\/uploads\/2023\/02\/IMG_9414-1240x720.jpg"}},"image_meta":{"aperture":"0","credit":"","camera":"","caption":"","created_timestamp":"0","copyright":"","focal_length":"0","iso":"0","shutter_speed":"0","title":"","orientation":"1","keywords":[]},"ID":"31106","name":"IMG_9414.jpg","path":"\/home\/mallorcaproperty\/public_html\/wp-content\/uploads\/2023\/02\/IMG_9414.jpg","url":"https:\/\/360mallorcaproperty.com\/wp-content\/uploads\/2023\/02\/IMG_9414-150x150.jpg","full_url":"https:\/\/360mallorcaproperty.com\/wp-content\/uploads\/2023\/02\/IMG_9414.jpg","title":"IMG_9414","caption":"","description":"","alt":"","srcset":"https:\/\/360mallorcaproperty.com\/wp-content\/uploads\/2023\/02\/IMG_9414-150x150.jpg 150w, https:\/\/360mallorcaproperty.com\/wp-content\/uploads\/2023\/02\/IMG_9414-210x210.jpg 210w"},{"width":150,"height":150,"file":"2023\/02\/IMG_9406.jpg","filesize":979131,"sizes":{"medium":{"file":"IMG_9406-300x183.jpg","width":300,"height":183,"mime-type":"image\/jpeg","filesize":15608,"url":"https:\/\/360mallorcaproperty.com\/wp-content\/uploads\/2023\/02\/IMG_9406-300x183.jpg"},"large":{"file":"IMG_9406-1024x624.jpg","width":1024,"height":624,"mime-type":"image\/jpeg","filesize":136045,"url":"https:\/\/360mallorcaproperty.com\/wp-content\/uploads\/2023\/02\/IMG_9406-1024x624.jpg"},"thumbnail":{"file":"IMG_9406-150x150.jpg","width":150,"height":150,"mime-type":"image\/jpeg","filesize":6690,"url":"https:\/\/360mallorcaproperty.com\/wp-content\/uploads\/2023\/02\/IMG_9406-150x150.jpg"},"medium_large":{"file":"IMG_9406-768x468.jpg","width":768,"height":468,"mime-type":"image\/jpeg","filesize":81917,"url":"https:\/\/360mallorcaproperty.com\/wp-content\/uploads\/2023\/02\/IMG_9406-768x468.jpg"},"1536x1536":{"file":"IMG_9406-1536x936.jpg","width":1536,"height":936,"mime-type":"image\/jpeg","filesize":273582,"url":"https:\/\/360mallorcaproperty.com\/wp-content\/uploads\/2023\/02\/IMG_9406-1536x936.jpg"},"post-thumbnail":{"file":"IMG_9406-150x91.jpg","width":150,"height":91,"mime-type":"image\/jpeg","filesize":5136,"url":"https:\/\/360mallorcaproperty.com\/wp-content\/uploads\/2023\/02\/IMG_9406-150x91.jpg"},"modern-property-child-slider":{"file":"IMG_9406-680x510.jpg","width":680,"height":510,"mime-type":"image\/jpeg","filesize":76209,"url":"https:\/\/360mallorcaproperty.com\/wp-content\/uploads\/2023\/02\/IMG_9406-680x510.jpg"},"property-thumb-image":{"file":"IMG_9406-488x326.jpg","width":488,"height":326,"mime-type":"image\/jpeg","filesize":39125,"url":"https:\/\/360mallorcaproperty.com\/wp-content\/uploads\/2023\/02\/IMG_9406-488x326.jpg"},"property-detail-video-image":{"file":"IMG_9406-818x417.jpg","width":818,"height":417,"mime-type":"image\/jpeg","filesize":82604,"url":"https:\/\/360mallorcaproperty.com\/wp-content\/uploads\/2023\/02\/IMG_9406-818x417.jpg"},"agent-image":{"file":"IMG_9406-210x210.jpg","width":210,"height":210,"mime-type":"image\/jpeg","filesize":11903,"url":"https:\/\/360mallorcaproperty.com\/wp-content\/uploads\/2023\/02\/IMG_9406-210x210.jpg"},"partners-logo":{"file":"IMG_9406-600x1227.jpg","width":600,"height":1227,"mime-type":"image\/jpeg","filesize":145814,"url":"https:\/\/360mallorcaproperty.com\/wp-content\/uploads\/2023\/02\/IMG_9406-600x1227.jpg"},"post-featured-image":{"file":"IMG_9406-1240x720.jpg","width":1240,"height":720,"mime-type":"image\/jpeg","filesize":184370,"url":"https:\/\/360mallorcaproperty.com\/wp-content\/uploads\/2023\/02\/IMG_9406-1240x720.jpg"}},"image_meta":{"aperture":"0","credit":"","camera":"","caption":"","created_timestamp":"0","copyright":"","focal_length":"0","iso":"0","shutter_speed":"0","title":"","orientation":"1","keywords":[]},"ID":"31097","name":"IMG_9406.jpg","path":"\/home\/mallorcaproperty\/public_html\/wp-content\/uploads\/2023\/02\/IMG_9406.jpg","url":"https:\/\/360mallorcaproperty.com\/wp-content\/uploads\/2023\/02\/IMG_9406-150x150.jpg","full_url":"https:\/\/360mallorcaproperty.com\/wp-content\/uploads\/2023\/02\/IMG_9406.jpg","title":"IMG_9406","caption":"","description":"","alt":"","srcset":"https:\/\/360mallorcaproperty.com\/wp-content\/uploads\/2023\/02\/IMG_9406-150x150.jpg 150w, https:\/\/360mallorcaproperty.com\/wp-content\/uploads\/2023\/02\/IMG_9406-210x210.jpg 210w"},{"width":150,"height":150,"file":"2023\/02\/IMG_9417.jpg","filesize":1296172,"sizes":{"medium":{"file":"IMG_9417-300x225.jpg","width":300,"height":225,"mime-type":"image\/jpeg","filesize":18826,"url":"https:\/\/360mallorcaproperty.com\/wp-content\/uploads\/2023\/02\/IMG_9417-300x225.jpg"},"large":{"file":"IMG_9417-1024x768.jpg","width":1024,"height":768,"mime-type":"image\/jpeg","filesize":173295,"url":"https:\/\/360mallorcaproperty.com\/wp-content\/uploads\/2023\/02\/IMG_9417-1024x768.jpg"},"thumbnail":{"file":"IMG_9417-150x150.jpg","width":150,"height":150,"mime-type":"image\/jpeg","filesize":7425,"url":"https:\/\/360mallorcaproperty.com\/wp-content\/uploads\/2023\/02\/IMG_9417-150x150.jpg"},"medium_large":{"file":"IMG_9417-768x576.jpg","width":768,"height":576,"mime-type":"image\/jpeg","filesize":101261,"url":"https:\/\/360mallorcaproperty.com\/wp-content\/uploads\/2023\/02\/IMG_9417-768x576.jpg"},"1536x1536":{"file":"IMG_9417-1536x1152.jpg","width":1536,"height":1152,"mime-type":"image\/jpeg","filesize":364712,"url":"https:\/\/360mallorcaproperty.com\/wp-content\/uploads\/2023\/02\/IMG_9417-1536x1152.jpg"},"post-thumbnail":{"file":"IMG_9417-150x113.jpg","width":150,"height":113,"mime-type":"image\/jpeg","filesize":6144,"url":"https:\/\/360mallorcaproperty.com\/wp-content\/uploads\/2023\/02\/IMG_9417-150x113.jpg"},"modern-property-child-slider":{"file":"IMG_9417-680x510.jpg","width":680,"height":510,"mime-type":"image\/jpeg","filesize":81263,"url":"https:\/\/360mallorcaproperty.com\/wp-content\/uploads\/2023\/02\/IMG_9417-680x510.jpg"},"property-thumb-image":{"file":"IMG_9417-488x326.jpg","width":488,"height":326,"mime-type":"image\/jpeg","filesize":41965,"url":"https:\/\/360mallorcaproperty.com\/wp-content\/uploads\/2023\/02\/IMG_9417-488x326.jpg"},"property-detail-video-image":{"file":"IMG_9417-818x417.jpg","width":818,"height":417,"mime-type":"image\/jpeg","filesize":95778,"url":"https:\/\/360mallorcaproperty.com\/wp-content\/uploads\/2023\/02\/IMG_9417-818x417.jpg"},"agent-image":{"file":"IMG_9417-210x210.jpg","width":210,"height":210,"mime-type":"image\/jpeg","filesize":12986,"url":"https:\/\/360mallorcaproperty.com\/wp-content\/uploads\/2023\/02\/IMG_9417-210x210.jpg"},"partners-logo":{"file":"IMG_9417-600x1512.jpg","width":600,"height":1512,"mime-type":"image\/jpeg","filesize":230277,"url":"https:\/\/360mallorcaproperty.com\/wp-content\/uploads\/2023\/02\/IMG_9417-600x1512.jpg"},"post-featured-image":{"file":"IMG_9417-1240x720.jpg","width":1240,"height":720,"mime-type":"image\/jpeg","filesize":219452,"url":"https:\/\/360mallorcaproperty.com\/wp-content\/uploads\/2023\/02\/IMG_9417-1240x720.jpg"}},"image_meta":{"aperture":"0","credit":"","camera":"","caption":"","created_timestamp":"0","copyright":"","focal_length":"0","iso":"0","shutter_speed":"0","title":"","orientation":"1","keywords":[]},"ID":"31112","name":"IMG_9417.jpg","path":"\/home\/mallorcaproperty\/public_html\/wp-content\/uploads\/2023\/02\/IMG_9417.jpg","url":"https:\/\/360mallorcaproperty.com\/wp-content\/uploads\/2023\/02\/IMG_9417-150x150.jpg","full_url":"https:\/\/360mallorcaproperty.com\/wp-content\/uploads\/2023\/02\/IMG_9417.jpg","title":"IMG_9417","caption":"","description":"","alt":"","srcset":"https:\/\/360mallorcaproperty.com\/wp-content\/uploads\/2023\/02\/IMG_9417-150x150.jpg 150w, https:\/\/360mallorcaproperty.com\/wp-content\/uploads\/2023\/02\/IMG_9417-210x210.jpg 210w"},{"width":150,"height":150,"file":"2023\/02\/santanyi-1_4-Photo-scaled.jpg","filesize":723174,"sizes":{"medium":{"file":"santanyi-1_4-Photo-300x169.jpg","width":300,"height":169,"mime-type":"image\/jpeg","filesize":10934,"url":"https:\/\/360mallorcaproperty.com\/wp-content\/uploads\/2023\/02\/santanyi-1_4-Photo-300x169.jpg"},"large":{"file":"santanyi-1_4-Photo-1024x576.jpg","width":1024,"height":576,"mime-type":"image\/jpeg","filesize":119753,"url":"https:\/\/360mallorcaproperty.com\/wp-content\/uploads\/2023\/02\/santanyi-1_4-Photo-1024x576.jpg"},"thumbnail":{"file":"santanyi-1_4-Photo-150x150.jpg","width":150,"height":150,"mime-type":"image\/jpeg","filesize":4834,"url":"https:\/\/360mallorcaproperty.com\/wp-content\/uploads\/2023\/02\/santanyi-1_4-Photo-150x150.jpg"},"medium_large":{"file":"santanyi-1_4-Photo-768x432.jpg","width":768,"height":432,"mime-type":"image\/jpeg","filesize":67522,"url":"https:\/\/360mallorcaproperty.com\/wp-content\/uploads\/2023\/02\/santanyi-1_4-Photo-768x432.jpg"},"1536x1536":{"file":"santanyi-1_4-Photo-1536x864.jpg","width":1536,"height":864,"mime-type":"image\/jpeg","filesize":271991,"url":"https:\/\/360mallorcaproperty.com\/wp-content\/uploads\/2023\/02\/santanyi-1_4-Photo-1536x864.jpg"},"2048x2048":{"file":"santanyi-1_4-Photo-2048x1152.jpg","width":2048,"height":1152,"mime-type":"image\/jpeg","filesize":466684,"url":"https:\/\/360mallorcaproperty.com\/wp-content\/uploads\/2023\/02\/santanyi-1_4-Photo-2048x1152.jpg"},"post-thumbnail":{"file":"santanyi-1_4-Photo-150x84.jpg","width":150,"height":84,"mime-type":"image\/jpeg","filesize":3492,"url":"https:\/\/360mallorcaproperty.com\/wp-content\/uploads\/2023\/02\/santanyi-1_4-Photo-150x84.jpg"},"modern-property-child-slider":{"file":"santanyi-1_4-Photo-680x510.jpg","width":680,"height":510,"mime-type":"image\/jpeg","filesize":71248,"url":"https:\/\/360mallorcaproperty.com\/wp-content\/uploads\/2023\/02\/santanyi-1_4-Photo-680x510.jpg"},"property-thumb-image":{"file":"santanyi-1_4-Photo-488x326.jpg","width":488,"height":326,"mime-type":"image\/jpeg","filesize":32598,"url":"https:\/\/360mallorcaproperty.com\/wp-content\/uploads\/2023\/02\/santanyi-1_4-Photo-488x326.jpg"},"property-detail-video-image":{"file":"santanyi-1_4-Photo-818x417.jpg","width":818,"height":417,"mime-type":"image\/jpeg","filesize":69965,"url":"https:\/\/360mallorcaproperty.com\/wp-content\/uploads\/2023\/02\/santanyi-1_4-Photo-818x417.jpg"},"agent-image":{"file":"santanyi-1_4-Photo-210x210.jpg","width":210,"height":210,"mime-type":"image\/jpeg","filesize":9257,"url":"https:\/\/360mallorcaproperty.com\/wp-content\/uploads\/2023\/02\/santanyi-1_4-Photo-210x210.jpg"},"partners-logo":{"file":"santanyi-1_4-Photo-600x2160.jpg","width":600,"height":2160,"mime-type":"image\/jpeg","filesize":283422,"url":"https:\/\/360mallorcaproperty.com\/wp-content\/uploads\/2023\/02\/santanyi-1_4-Photo-600x2160.jpg"},"post-featured-image":{"file":"santanyi-1_4-Photo-1240x720.jpg","width":1240,"height":720,"mime-type":"image\/jpeg","filesize":189145,"url":"https:\/\/360mallorcaproperty.com\/wp-content\/uploads\/2023\/02\/santanyi-1_4-Photo-1240x720.jpg"}},"image_meta":{"aperture":"0","credit":"","camera":"","caption":"","created_timestamp":"0","copyright":"","focal_length":"0","iso":"0","shutter_speed":"0","title":"","orientation":"0","keywords":[]},"original_image":"santanyi-1_4-Photo.jpg","ID":"18140","name":"santanyi-1_4-Photo-scaled.jpg","path":"\/home\/mallorcaproperty\/public_html\/wp-content\/uploads\/2023\/02\/santanyi-1_4-Photo-scaled.jpg","url":"https:\/\/360mallorcaproperty.com\/wp-content\/uploads\/2023\/02\/santanyi-1_4-Photo-150x150.jpg","full_url":"https:\/\/360mallorcaproperty.com\/wp-content\/uploads\/2023\/02\/santanyi-1_4-Photo-scaled.jpg","title":"santanyi 1_4 - Photo","caption":"","description":"","alt":"","srcset":"https:\/\/360mallorcaproperty.com\/wp-content\/uploads\/2023\/02\/santanyi-1_4-Photo-150x150.jpg 150w, https:\/\/360mallorcaproperty.com\/wp-content\/uploads\/2023\/02\/santanyi-1_4-Photo-210x210.jpg 210w"},{"width":150,"height":150,"file":"2023\/02\/santanyi-1_5-Photo-scaled.jpg","filesize":677535,"sizes":{"medium":{"file":"santanyi-1_5-Photo-300x169.jpg","width":300,"height":169,"mime-type":"image\/jpeg","filesize":9607,"url":"https:\/\/360mallorcaproperty.com\/wp-content\/uploads\/2023\/02\/santanyi-1_5-Photo-300x169.jpg"},"large":{"file":"santanyi-1_5-Photo-1024x576.jpg","width":1024,"height":576,"mime-type":"image\/jpeg","filesize":108330,"url":"https:\/\/360mallorcaproperty.com\/wp-content\/uploads\/2023\/02\/santanyi-1_5-Photo-1024x576.jpg"},"thumbnail":{"file":"santanyi-1_5-Photo-150x150.jpg","width":150,"height":150,"mime-type":"image\/jpeg","filesize":4768,"url":"https:\/\/360mallorcaproperty.com\/wp-content\/uploads\/2023\/02\/santanyi-1_5-Photo-150x150.jpg"},"medium_large":{"file":"santanyi-1_5-Photo-768x432.jpg","width":768,"height":432,"mime-type":"image\/jpeg","filesize":60283,"url":"https:\/\/360mallorcaproperty.com\/wp-content\/uploads\/2023\/02\/santanyi-1_5-Photo-768x432.jpg"},"1536x1536":{"file":"santanyi-1_5-Photo-1536x864.jpg","width":1536,"height":864,"mime-type":"image\/jpeg","filesize":250172,"url":"https:\/\/360mallorcaproperty.com\/wp-content\/uploads\/2023\/02\/santanyi-1_5-Photo-1536x864.jpg"},"2048x2048":{"file":"santanyi-1_5-Photo-2048x1152.jpg","width":2048,"height":1152,"mime-type":"image\/jpeg","filesize":433643,"url":"https:\/\/360mallorcaproperty.com\/wp-content\/uploads\/2023\/02\/santanyi-1_5-Photo-2048x1152.jpg"},"post-thumbnail":{"file":"santanyi-1_5-Photo-150x84.jpg","width":150,"height":84,"mime-type":"image\/jpeg","filesize":3258,"url":"https:\/\/360mallorcaproperty.com\/wp-content\/uploads\/2023\/02\/santanyi-1_5-Photo-150x84.jpg"},"modern-property-child-slider":{"file":"santanyi-1_5-Photo-680x510.jpg","width":680,"height":510,"mime-type":"image\/jpeg","filesize":64043,"url":"https:\/\/360mallorcaproperty.com\/wp-content\/uploads\/2023\/02\/santanyi-1_5-Photo-680x510.jpg"},"property-thumb-image":{"file":"santanyi-1_5-Photo-488x326.jpg","width":488,"height":326,"mime-type":"image\/jpeg","filesize":28454,"url":"https:\/\/360mallorcaproperty.com\/wp-content\/uploads\/2023\/02\/santanyi-1_5-Photo-488x326.jpg"},"property-detail-video-image":{"file":"santanyi-1_5-Photo-818x417.jpg","width":818,"height":417,"mime-type":"image\/jpeg","filesize":61494,"url":"https:\/\/360mallorcaproperty.com\/wp-content\/uploads\/2023\/02\/santanyi-1_5-Photo-818x417.jpg"},"agent-image":{"file":"santanyi-1_5-Photo-210x210.jpg","width":210,"height":210,"mime-type":"image\/jpeg","filesize":8476,"url":"https:\/\/360mallorcaproperty.com\/wp-content\/uploads\/2023\/02\/santanyi-1_5-Photo-210x210.jpg"},"partners-logo":{"file":"santanyi-1_5-Photo-600x2160.jpg","width":600,"height":2160,"mime-type":"image\/jpeg","filesize":244280,"url":"https:\/\/360mallorcaproperty.com\/wp-content\/uploads\/2023\/02\/santanyi-1_5-Photo-600x2160.jpg"},"post-featured-image":{"file":"santanyi-1_5-Photo-1240x720.jpg","width":1240,"height":720,"mime-type":"image\/jpeg","filesize":171698,"url":"https:\/\/360mallorcaproperty.com\/wp-content\/uploads\/2023\/02\/santanyi-1_5-Photo-1240x720.jpg"}},"image_meta":{"aperture":"0","credit":"","camera":"","caption":"","created_timestamp":"0","copyright":"","focal_length":"0","iso":"0","shutter_speed":"0","title":"","orientation":"0","keywords":[]},"original_image":"santanyi-1_5-Photo.jpg","ID":"18143","name":"santanyi-1_5-Photo-scaled.jpg","path":"\/home\/mallorcaproperty\/public_html\/wp-content\/uploads\/2023\/02\/santanyi-1_5-Photo-scaled.jpg","url":"https:\/\/360mallorcaproperty.com\/wp-content\/uploads\/2023\/02\/santanyi-1_5-Photo-150x150.jpg","full_url":"https:\/\/360mallorcaproperty.com\/wp-content\/uploads\/2023\/02\/santanyi-1_5-Photo-scaled.jpg","title":"santanyi 1_5 - Photo","caption":"","description":"","alt":"","srcset":"https:\/\/360mallorcaproperty.com\/wp-content\/uploads\/2023\/02\/santanyi-1_5-Photo-150x150.jpg 150w, https:\/\/360mallorcaproperty.com\/wp-content\/uploads\/2023\/02\/santanyi-1_5-Photo-210x210.jpg 210w"},{"width":150,"height":150,"file":"2023\/02\/santanyi-1_6-Photo-scaled.jpg","filesize":512228,"sizes":{"medium":{"file":"santanyi-1_6-Photo-300x169.jpg","width":300,"height":169,"mime-type":"image\/jpeg","filesize":12263,"url":"https:\/\/360mallorcaproperty.com\/wp-content\/uploads\/2023\/02\/santanyi-1_6-Photo-300x169.jpg"},"large":{"file":"santanyi-1_6-Photo-1024x576.jpg","width":1024,"height":576,"mime-type":"image\/jpeg","filesize":100372,"url":"https:\/\/360mallorcaproperty.com\/wp-content\/uploads\/2023\/02\/santanyi-1_6-Photo-1024x576.jpg"},"thumbnail":{"file":"santanyi-1_6-Photo-150x150.jpg","width":150,"height":150,"mime-type":"image\/jpeg","filesize":5943,"url":"https:\/\/360mallorcaproperty.com\/wp-content\/uploads\/2023\/02\/santanyi-1_6-Photo-150x150.jpg"},"medium_large":{"file":"santanyi-1_6-Photo-768x432.jpg","width":768,"height":432,"mime-type":"image\/jpeg","filesize":61487,"url":"https:\/\/360mallorcaproperty.com\/wp-content\/uploads\/2023\/02\/santanyi-1_6-Photo-768x432.jpg"},"1536x1536":{"file":"santanyi-1_6-Photo-1536x864.jpg","width":1536,"height":864,"mime-type":"image\/jpeg","filesize":208616,"url":"https:\/\/360mallorcaproperty.com\/wp-content\/uploads\/2023\/02\/santanyi-1_6-Photo-1536x864.jpg"},"2048x2048":{"file":"santanyi-1_6-Photo-2048x1152.jpg","width":2048,"height":1152,"mime-type":"image\/jpeg","filesize":341953,"url":"https:\/\/360mallorcaproperty.com\/wp-content\/uploads\/2023\/02\/santanyi-1_6-Photo-2048x1152.jpg"},"post-thumbnail":{"file":"santanyi-1_6-Photo-150x84.jpg","width":150,"height":84,"mime-type":"image\/jpeg","filesize":4174,"url":"https:\/\/360mallorcaproperty.com\/wp-content\/uploads\/2023\/02\/santanyi-1_6-Photo-150x84.jpg"},"modern-property-child-slider":{"file":"santanyi-1_6-Photo-680x510.jpg","width":680,"height":510,"mime-type":"image\/jpeg","filesize":60073,"url":"https:\/\/360mallorcaproperty.com\/wp-content\/uploads\/2023\/02\/santanyi-1_6-Photo-680x510.jpg"},"property-thumb-image":{"file":"santanyi-1_6-Photo-488x326.jpg","width":488,"height":326,"mime-type":"image\/jpeg","filesize":31692,"url":"https:\/\/360mallorcaproperty.com\/wp-content\/uploads\/2023\/02\/santanyi-1_6-Photo-488x326.jpg"},"property-detail-video-image":{"file":"santanyi-1_6-Photo-818x417.jpg","width":818,"height":417,"mime-type":"image\/jpeg","filesize":64712,"url":"https:\/\/360mallorcaproperty.com\/wp-content\/uploads\/2023\/02\/santanyi-1_6-Photo-818x417.jpg"},"agent-image":{"file":"santanyi-1_6-Photo-210x210.jpg","width":210,"height":210,"mime-type":"image\/jpeg","filesize":10381,"url":"https:\/\/360mallorcaproperty.com\/wp-content\/uploads\/2023\/02\/santanyi-1_6-Photo-210x210.jpg"},"partners-logo":{"file":"santanyi-1_6-Photo-600x2160.jpg","width":600,"height":2160,"mime-type":"image\/jpeg","filesize":169259,"url":"https:\/\/360mallorcaproperty.com\/wp-content\/uploads\/2023\/02\/santanyi-1_6-Photo-600x2160.jpg"},"post-featured-image":{"file":"santanyi-1_6-Photo-1240x720.jpg","width":1240,"height":720,"mime-type":"image\/jpeg","filesize":148170,"url":"https:\/\/360mallorcaproperty.com\/wp-content\/uploads\/2023\/02\/santanyi-1_6-Photo-1240x720.jpg"}},"image_meta":{"aperture":"0","credit":"","camera":"","caption":"","created_timestamp":"0","copyright":"","focal_length":"0","iso":"0","shutter_speed":"0","title":"","orientation":"0","keywords":[]},"original_image":"santanyi-1_6-Photo.jpg","ID":"18146","name":"santanyi-1_6-Photo-scaled.jpg","path":"\/home\/mallorcaproperty\/public_html\/wp-content\/uploads\/2023\/02\/santanyi-1_6-Photo-scaled.jpg","url":"https:\/\/360mallorcaproperty.com\/wp-content\/uploads\/2023\/02\/santanyi-1_6-Photo-150x150.jpg","full_url":"https:\/\/360mallorcaproperty.com\/wp-content\/uploads\/2023\/02\/santanyi-1_6-Photo-scaled.jpg","title":"santanyi 1_6 - Photo","caption":"","description":"","alt":"","srcset":"https:\/\/360mallorcaproperty.com\/wp-content\/uploads\/2023\/02\/santanyi-1_6-Photo-150x150.jpg 150w, https:\/\/360mallorcaproperty.com\/wp-content\/uploads\/2023\/02\/santanyi-1_6-Photo-210x210.jpg 210w"},{"width":150,"height":150,"file":"2023\/02\/santanyi-1_7-Photo-scaled.jpg","filesize":572057,"sizes":{"medium":{"file":"santanyi-1_7-Photo-300x169.jpg","width":300,"height":169,"mime-type":"image\/jpeg","filesize":12575,"url":"https:\/\/360mallorcaproperty.com\/wp-content\/uploads\/2023\/02\/santanyi-1_7-Photo-300x169.jpg"},"large":{"file":"santanyi-1_7-Photo-1024x576.jpg","width":1024,"height":576,"mime-type":"image\/jpeg","filesize":110187,"url":"https:\/\/360mallorcaproperty.com\/wp-content\/uploads\/2023\/02\/santanyi-1_7-Photo-1024x576.jpg"},"thumbnail":{"file":"santanyi-1_7-Photo-150x150.jpg","width":150,"height":150,"mime-type":"image\/jpeg","filesize":6003,"url":"https:\/\/360mallorcaproperty.com\/wp-content\/uploads\/2023\/02\/santanyi-1_7-Photo-150x150.jpg"},"medium_large":{"file":"santanyi-1_7-Photo-768x432.jpg","width":768,"height":432,"mime-type":"image\/jpeg","filesize":66297,"url":"https:\/\/360mallorcaproperty.com\/wp-content\/uploads\/2023\/02\/santanyi-1_7-Photo-768x432.jpg"},"1536x1536":{"file":"santanyi-1_7-Photo-1536x864.jpg","width":1536,"height":864,"mime-type":"image\/jpeg","filesize":230471,"url":"https:\/\/360mallorcaproperty.com\/wp-content\/uploads\/2023\/02\/santanyi-1_7-Photo-1536x864.jpg"},"2048x2048":{"file":"santanyi-1_7-Photo-2048x1152.jpg","width":2048,"height":1152,"mime-type":"image\/jpeg","filesize":380263,"url":"https:\/\/360mallorcaproperty.com\/wp-content\/uploads\/2023\/02\/santanyi-1_7-Photo-2048x1152.jpg"},"post-thumbnail":{"file":"santanyi-1_7-Photo-150x84.jpg","width":150,"height":84,"mime-type":"image\/jpeg","filesize":4176,"url":"https:\/\/360mallorcaproperty.com\/wp-content\/uploads\/2023\/02\/santanyi-1_7-Photo-150x84.jpg"},"modern-property-child-slider":{"file":"santanyi-1_7-Photo-680x510.jpg","width":680,"height":510,"mime-type":"image\/jpeg","filesize":67426,"url":"https:\/\/360mallorcaproperty.com\/wp-content\/uploads\/2023\/02\/santanyi-1_7-Photo-680x510.jpg"},"property-thumb-image":{"file":"santanyi-1_7-Photo-488x326.jpg","width":488,"height":326,"mime-type":"image\/jpeg","filesize":33895,"url":"https:\/\/360mallorcaproperty.com\/wp-content\/uploads\/2023\/02\/santanyi-1_7-Photo-488x326.jpg"},"property-detail-video-image":{"file":"santanyi-1_7-Photo-818x417.jpg","width":818,"height":417,"mime-type":"image\/jpeg","filesize":68430,"url":"https:\/\/360mallorcaproperty.com\/wp-content\/uploads\/2023\/02\/santanyi-1_7-Photo-818x417.jpg"},"agent-image":{"file":"santanyi-1_7-Photo-210x210.jpg","width":210,"height":210,"mime-type":"image\/jpeg","filesize":10791,"url":"https:\/\/360mallorcaproperty.com\/wp-content\/uploads\/2023\/02\/santanyi-1_7-Photo-210x210.jpg"},"partners-logo":{"file":"santanyi-1_7-Photo-600x2160.jpg","width":600,"height":2160,"mime-type":"image\/jpeg","filesize":178831,"url":"https:\/\/360mallorcaproperty.com\/wp-content\/uploads\/2023\/02\/santanyi-1_7-Photo-600x2160.jpg"},"post-featured-image":{"file":"santanyi-1_7-Photo-1240x720.jpg","width":1240,"height":720,"mime-type":"image\/jpeg","filesize":164293,"url":"https:\/\/360mallorcaproperty.com\/wp-content\/uploads\/2023\/02\/santanyi-1_7-Photo-1240x720.jpg"}},"image_meta":{"aperture":"0","credit":"","camera":"","caption":"","created_timestamp":"0","copyright":"","focal_length":"0","iso":"0","shutter_speed":"0","title":"","orientation":"0","keywords":[]},"original_image":"santanyi-1_7-Photo.jpg","ID":"18149","name":"santanyi-1_7-Photo-scaled.jpg","path":"\/home\/mallorcaproperty\/public_html\/wp-content\/uploads\/2023\/02\/santanyi-1_7-Photo-scaled.jpg","url":"https:\/\/360mallorcaproperty.com\/wp-content\/uploads\/2023\/02\/santanyi-1_7-Photo-150x150.jpg","full_url":"https:\/\/360mallorcaproperty.com\/wp-content\/uploads\/2023\/02\/santanyi-1_7-Photo-scaled.jpg","title":"santanyi 1_7 - Photo","caption":"","description":"","alt":"","srcset":"https:\/\/360mallorcaproperty.com\/wp-content\/uploads\/2023\/02\/santanyi-1_7-Photo-150x150.jpg 150w, https:\/\/360mallorcaproperty.com\/wp-content\/uploads\/2023\/02\/santanyi-1_7-Photo-210x210.jpg 210w"},{"width":150,"height":150,"file":"2023\/02\/santanyi-1_8-Photo-scaled.jpg","filesize":516424,"sizes":{"medium":{"file":"santanyi-1_8-Photo-300x169.jpg","width":300,"height":169,"mime-type":"image\/jpeg","filesize":11214,"url":"https:\/\/360mallorcaproperty.com\/wp-content\/uploads\/2023\/02\/santanyi-1_8-Photo-300x169.jpg"},"large":{"file":"santanyi-1_8-Photo-1024x576.jpg","width":1024,"height":576,"mime-type":"image\/jpeg","filesize":93655,"url":"https:\/\/360mallorcaproperty.com\/wp-content\/uploads\/2023\/02\/santanyi-1_8-Photo-1024x576.jpg"},"thumbnail":{"file":"santanyi-1_8-Photo-150x150.jpg","width":150,"height":150,"mime-type":"image\/jpeg","filesize":5125,"url":"https:\/\/360mallorcaproperty.com\/wp-content\/uploads\/2023\/02\/santanyi-1_8-Photo-150x150.jpg"},"medium_large":{"file":"santanyi-1_8-Photo-768x432.jpg","width":768,"height":432,"mime-type":"image\/jpeg","filesize":56089,"url":"https:\/\/360mallorcaproperty.com\/wp-content\/uploads\/2023\/02\/santanyi-1_8-Photo-768x432.jpg"},"1536x1536":{"file":"santanyi-1_8-Photo-1536x864.jpg","width":1536,"height":864,"mime-type":"image\/jpeg","filesize":199877,"url":"https:\/\/360mallorcaproperty.com\/wp-content\/uploads\/2023\/02\/santanyi-1_8-Photo-1536x864.jpg"},"2048x2048":{"file":"santanyi-1_8-Photo-2048x1152.jpg","width":2048,"height":1152,"mime-type":"image\/jpeg","filesize":337157,"url":"https:\/\/360mallorcaproperty.com\/wp-content\/uploads\/2023\/02\/santanyi-1_8-Photo-2048x1152.jpg"},"post-thumbnail":{"file":"santanyi-1_8-Photo-150x84.jpg","width":150,"height":84,"mime-type":"image\/jpeg","filesize":3962,"url":"https:\/\/360mallorcaproperty.com\/wp-content\/uploads\/2023\/02\/santanyi-1_8-Photo-150x84.jpg"},"modern-property-child-slider":{"file":"santanyi-1_8-Photo-680x510.jpg","width":680,"height":510,"mime-type":"image\/jpeg","filesize":55114,"url":"https:\/\/360mallorcaproperty.com\/wp-content\/uploads\/2023\/02\/santanyi-1_8-Photo-680x510.jpg"},"property-thumb-image":{"file":"santanyi-1_8-Photo-488x326.jpg","width":488,"height":326,"mime-type":"image\/jpeg","filesize":27757,"url":"https:\/\/360mallorcaproperty.com\/wp-content\/uploads\/2023\/02\/santanyi-1_8-Photo-488x326.jpg"},"property-detail-video-image":{"file":"santanyi-1_8-Photo-818x417.jpg","width":818,"height":417,"mime-type":"image\/jpeg","filesize":59904,"url":"https:\/\/360mallorcaproperty.com\/wp-content\/uploads\/2023\/02\/santanyi-1_8-Photo-818x417.jpg"},"agent-image":{"file":"santanyi-1_8-Photo-210x210.jpg","width":210,"height":210,"mime-type":"image\/jpeg","filesize":8724,"url":"https:\/\/360mallorcaproperty.com\/wp-content\/uploads\/2023\/02\/santanyi-1_8-Photo-210x210.jpg"},"partners-logo":{"file":"santanyi-1_8-Photo-600x2160.jpg","width":600,"height":2160,"mime-type":"image\/jpeg","filesize":166876,"url":"https:\/\/360mallorcaproperty.com\/wp-content\/uploads\/2023\/02\/santanyi-1_8-Photo-600x2160.jpg"},"post-featured-image":{"file":"santanyi-1_8-Photo-1240x720.jpg","width":1240,"height":720,"mime-type":"image\/jpeg","filesize":138692,"url":"https:\/\/360mallorcaproperty.com\/wp-content\/uploads\/2023\/02\/santanyi-1_8-Photo-1240x720.jpg"}},"image_meta":{"aperture":"0","credit":"","camera":"","caption":"","created_timestamp":"0","copyright":"","focal_length":"0","iso":"0","shutter_speed":"0","title":"","orientation":"0","keywords":[]},"original_image":"santanyi-1_8-Photo.jpg","ID":"18152","name":"santanyi-1_8-Photo-scaled.jpg","path":"\/home\/mallorcaproperty\/public_html\/wp-content\/uploads\/2023\/02\/santanyi-1_8-Photo-scaled.jpg","url":"https:\/\/360mallorcaproperty.com\/wp-content\/uploads\/2023\/02\/santanyi-1_8-Photo-150x150.jpg","full_url":"https:\/\/360mallorcaproperty.com\/wp-content\/uploads\/2023\/02\/santanyi-1_8-Photo-scaled.jpg","title":"santanyi 1_8 - Photo","caption":"","description":"","alt":"","srcset":"https:\/\/360mallorcaproperty.com\/wp-content\/uploads\/2023\/02\/santanyi-1_8-Photo-150x150.jpg 150w, https:\/\/360mallorcaproperty.com\/wp-content\/uploads\/2023\/02\/santanyi-1_8-Photo-210x210.jpg 210w"},{"width":150,"height":150,"file":"2023\/02\/SANTANYI-2_11-Foto-scaled.jpg","filesize":511796,"sizes":{"medium":{"file":"SANTANYI-2_11-Foto-300x169.jpg","width":300,"height":169,"mime-type":"image\/jpeg","filesize":12858,"url":"https:\/\/360mallorcaproperty.com\/wp-content\/uploads\/2023\/02\/SANTANYI-2_11-Foto-300x169.jpg"},"large":{"file":"SANTANYI-2_11-Foto-1024x576.jpg","width":1024,"height":576,"mime-type":"image\/jpeg","filesize":100683,"url":"https:\/\/360mallorcaproperty.com\/wp-content\/uploads\/2023\/02\/SANTANYI-2_11-Foto-1024x576.jpg"},"thumbnail":{"file":"SANTANYI-2_11-Foto-150x150.jpg","width":150,"height":150,"mime-type":"image\/jpeg","filesize":6817,"url":"https:\/\/360mallorcaproperty.com\/wp-content\/uploads\/2023\/02\/SANTANYI-2_11-Foto-150x150.jpg"},"medium_large":{"file":"SANTANYI-2_11-Foto-768x432.jpg","width":768,"height":432,"mime-type":"image\/jpeg","filesize":61088,"url":"https:\/\/360mallorcaproperty.com\/wp-content\/uploads\/2023\/02\/SANTANYI-2_11-Foto-768x432.jpg"},"1536x1536":{"file":"SANTANYI-2_11-Foto-1536x864.jpg","width":1536,"height":864,"mime-type":"image\/jpeg","filesize":207291,"url":"https:\/\/360mallorcaproperty.com\/wp-content\/uploads\/2023\/02\/SANTANYI-2_11-Foto-1536x864.jpg"},"2048x2048":{"file":"SANTANYI-2_11-Foto-2048x1152.jpg","width":2048,"height":1152,"mime-type":"image\/jpeg","filesize":341660,"url":"https:\/\/360mallorcaproperty.com\/wp-content\/uploads\/2023\/02\/SANTANYI-2_11-Foto-2048x1152.jpg"},"post-thumbnail":{"file":"SANTANYI-2_11-Foto-150x84.jpg","width":150,"height":84,"mime-type":"image\/jpeg","filesize":4499,"url":"https:\/\/360mallorcaproperty.com\/wp-content\/uploads\/2023\/02\/SANTANYI-2_11-Foto-150x84.jpg"},"modern-property-child-slider":{"file":"SANTANYI-2_11-Foto-680x510.jpg","width":680,"height":510,"mime-type":"image\/jpeg","filesize":66613,"url":"https:\/\/360mallorcaproperty.com\/wp-content\/uploads\/2023\/02\/SANTANYI-2_11-Foto-680x510.jpg"},"property-thumb-image":{"file":"SANTANYI-2_11-Foto-488x326.jpg","width":488,"height":326,"mime-type":"image\/jpeg","filesize":34398,"url":"https:\/\/360mallorcaproperty.com\/wp-content\/uploads\/2023\/02\/SANTANYI-2_11-Foto-488x326.jpg"},"property-detail-video-image":{"file":"SANTANYI-2_11-Foto-818x417.jpg","width":818,"height":417,"mime-type":"image\/jpeg","filesize":62326,"url":"https:\/\/360mallorcaproperty.com\/wp-content\/uploads\/2023\/02\/SANTANYI-2_11-Foto-818x417.jpg"},"agent-image":{"file":"SANTANYI-2_11-Foto-210x210.jpg","width":210,"height":210,"mime-type":"image\/jpeg","filesize":11814,"url":"https:\/\/360mallorcaproperty.com\/wp-content\/uploads\/2023\/02\/SANTANYI-2_11-Foto-210x210.jpg"},"partners-logo":{"file":"SANTANYI-2_11-Foto-600x2160.jpg","width":600,"height":2160,"mime-type":"image\/jpeg","filesize":184780,"url":"https:\/\/360mallorcaproperty.com\/wp-content\/uploads\/2023\/02\/SANTANYI-2_11-Foto-600x2160.jpg"},"post-featured-image":{"file":"SANTANYI-2_11-Foto-1240x720.jpg","width":1240,"height":720,"mime-type":"image\/jpeg","filesize":149827,"url":"https:\/\/360mallorcaproperty.com\/wp-content\/uploads\/2023\/02\/SANTANYI-2_11-Foto-1240x720.jpg"}},"image_meta":{"aperture":"0","credit":"","camera":"","caption":"","created_timestamp":"0","copyright":"","focal_length":"0","iso":"0","shutter_speed":"0","title":"","orientation":"0","keywords":[]},"original_image":"SANTANYI-2_11-Foto.jpg","ID":"18155","name":"SANTANYI-2_11-Foto-scaled.jpg","path":"\/home\/mallorcaproperty\/public_html\/wp-content\/uploads\/2023\/02\/SANTANYI-2_11-Foto-scaled.jpg","url":"https:\/\/360mallorcaproperty.com\/wp-content\/uploads\/2023\/02\/SANTANYI-2_11-Foto-150x150.jpg","full_url":"https:\/\/360mallorcaproperty.com\/wp-content\/uploads\/2023\/02\/SANTANYI-2_11-Foto-scaled.jpg","title":"SANTANYI 2_11 - Foto","caption":"","description":"","alt":"","srcset":"https:\/\/360mallorcaproperty.com\/wp-content\/uploads\/2023\/02\/SANTANYI-2_11-Foto-150x150.jpg 150w, https:\/\/360mallorcaproperty.com\/wp-content\/uploads\/2023\/02\/SANTANYI-2_11-Foto-210x210.jpg 210w"},{"width":150,"height":150,"file":"2023\/02\/SANTANYI-2_12-Foto-scaled.jpg","filesize":440951,"sizes":{"medium":{"file":"SANTANYI-2_12-Foto-300x169.jpg","width":300,"height":169,"mime-type":"image\/jpeg","filesize":14107,"url":"https:\/\/360mallorcaproperty.com\/wp-content\/uploads\/2023\/02\/SANTANYI-2_12-Foto-300x169.jpg"},"large":{"file":"SANTANYI-2_12-Foto-1024x576.jpg","width":1024,"height":576,"mime-type":"image\/jpeg","filesize":98247,"url":"https:\/\/360mallorcaproperty.com\/wp-content\/uploads\/2023\/02\/SANTANYI-2_12-Foto-1024x576.jpg"},"thumbnail":{"file":"SANTANYI-2_12-Foto-150x150.jpg","width":150,"height":150,"mime-type":"image\/jpeg","filesize":6900,"url":"https:\/\/360mallorcaproperty.com\/wp-content\/uploads\/2023\/02\/SANTANYI-2_12-Foto-150x150.jpg"},"medium_large":{"file":"SANTANYI-2_12-Foto-768x432.jpg","width":768,"height":432,"mime-type":"image\/jpeg","filesize":62162,"url":"https:\/\/360mallorcaproperty.com\/wp-content\/uploads\/2023\/02\/SANTANYI-2_12-Foto-768x432.jpg"},"1536x1536":{"file":"SANTANYI-2_12-Foto-1536x864.jpg","width":1536,"height":864,"mime-type":"image\/jpeg","filesize":189702,"url":"https:\/\/360mallorcaproperty.com\/wp-content\/uploads\/2023\/02\/SANTANYI-2_12-Foto-1536x864.jpg"},"2048x2048":{"file":"SANTANYI-2_12-Foto-2048x1152.jpg","width":2048,"height":1152,"mime-type":"image\/jpeg","filesize":303242,"url":"https:\/\/360mallorcaproperty.com\/wp-content\/uploads\/2023\/02\/SANTANYI-2_12-Foto-2048x1152.jpg"},"post-thumbnail":{"file":"SANTANYI-2_12-Foto-150x84.jpg","width":150,"height":84,"mime-type":"image\/jpeg","filesize":4785,"url":"https:\/\/360mallorcaproperty.com\/wp-content\/uploads\/2023\/02\/SANTANYI-2_12-Foto-150x84.jpg"},"modern-property-child-slider":{"file":"SANTANYI-2_12-Foto-680x510.jpg","width":680,"height":510,"mime-type":"image\/jpeg","filesize":59500,"url":"https:\/\/360mallorcaproperty.com\/wp-content\/uploads\/2023\/02\/SANTANYI-2_12-Foto-680x510.jpg"},"property-thumb-image":{"file":"SANTANYI-2_12-Foto-488x326.jpg","width":488,"height":326,"mime-type":"image\/jpeg","filesize":33496,"url":"https:\/\/360mallorcaproperty.com\/wp-content\/uploads\/2023\/02\/SANTANYI-2_12-Foto-488x326.jpg"},"property-detail-video-image":{"file":"SANTANYI-2_12-Foto-818x417.jpg","width":818,"height":417,"mime-type":"image\/jpeg","filesize":64741,"url":"https:\/\/360mallorcaproperty.com\/wp-content\/uploads\/2023\/02\/SANTANYI-2_12-Foto-818x417.jpg"},"agent-image":{"file":"SANTANYI-2_12-Foto-210x210.jpg","width":210,"height":210,"mime-type":"image\/jpeg","filesize":11777,"url":"https:\/\/360mallorcaproperty.com\/wp-content\/uploads\/2023\/02\/SANTANYI-2_12-Foto-210x210.jpg"},"partners-logo":{"file":"SANTANYI-2_12-Foto-600x2160.jpg","width":600,"height":2160,"mime-type":"image\/jpeg","filesize":152239,"url":"https:\/\/360mallorcaproperty.com\/wp-content\/uploads\/2023\/02\/SANTANYI-2_12-Foto-600x2160.jpg"},"post-featured-image":{"file":"SANTANYI-2_12-Foto-1240x720.jpg","width":1240,"height":720,"mime-type":"image\/jpeg","filesize":139163,"url":"https:\/\/360mallorcaproperty.com\/wp-content\/uploads\/2023\/02\/SANTANYI-2_12-Foto-1240x720.jpg"}},"image_meta":{"aperture":"0","credit":"","camera":"","caption":"","created_timestamp":"0","copyright":"","focal_length":"0","iso":"0","shutter_speed":"0","title":"","orientation":"0","keywords":[]},"original_image":"SANTANYI-2_12-Foto.jpg","ID":"18158","name":"SANTANYI-2_12-Foto-scaled.jpg","path":"\/home\/mallorcaproperty\/public_html\/wp-content\/uploads\/2023\/02\/SANTANYI-2_12-Foto-scaled.jpg","url":"https:\/\/360mallorcaproperty.com\/wp-content\/uploads\/2023\/02\/SANTANYI-2_12-Foto-150x150.jpg","full_url":"https:\/\/360mallorcaproperty.com\/wp-content\/uploads\/2023\/02\/SANTANYI-2_12-Foto-scaled.jpg","title":"SANTANYI 2_12 - Foto","caption":"","description":"","alt":"","srcset":"https:\/\/360mallorcaproperty.com\/wp-content\/uploads\/2023\/02\/SANTANYI-2_12-Foto-150x150.jpg 150w, https:\/\/360mallorcaproperty.com\/wp-content\/uploads\/2023\/02\/SANTANYI-2_12-Foto-210x210.jpg 210w"},{"width":150,"height":150,"file":"2023\/02\/SANTANYI-2_13-Foto-scaled.jpg","filesize":453539,"sizes":{"medium":{"file":"SANTANYI-2_13-Foto-300x169.jpg","width":300,"height":169,"mime-type":"image\/jpeg","filesize":13815,"url":"https:\/\/360mallorcaproperty.com\/wp-content\/uploads\/2023\/02\/SANTANYI-2_13-Foto-300x169.jpg"},"large":{"file":"SANTANYI-2_13-Foto-1024x576.jpg","width":1024,"height":576,"mime-type":"image\/jpeg","filesize":94388,"url":"https:\/\/360mallorcaproperty.com\/wp-content\/uploads\/2023\/02\/SANTANYI-2_13-Foto-1024x576.jpg"},"thumbnail":{"file":"SANTANYI-2_13-Foto-150x150.jpg","width":150,"height":150,"mime-type":"image\/jpeg","filesize":7636,"url":"https:\/\/360mallorcaproperty.com\/wp-content\/uploads\/2023\/02\/SANTANYI-2_13-Foto-150x150.jpg"},"medium_large":{"file":"SANTANYI-2_13-Foto-768x432.jpg","width":768,"height":432,"mime-type":"image\/jpeg","filesize":59376,"url":"https:\/\/360mallorcaproperty.com\/wp-content\/uploads\/2023\/02\/SANTANYI-2_13-Foto-768x432.jpg"},"1536x1536":{"file":"SANTANYI-2_13-Foto-1536x864.jpg","width":1536,"height":864,"mime-type":"image\/jpeg","filesize":187076,"url":"https:\/\/360mallorcaproperty.com\/wp-content\/uploads\/2023\/02\/SANTANYI-2_13-Foto-1536x864.jpg"},"2048x2048":{"file":"SANTANYI-2_13-Foto-2048x1152.jpg","width":2048,"height":1152,"mime-type":"image\/jpeg","filesize":305361,"url":"https:\/\/360mallorcaproperty.com\/wp-content\/uploads\/2023\/02\/SANTANYI-2_13-Foto-2048x1152.jpg"},"post-thumbnail":{"file":"SANTANYI-2_13-Foto-150x84.jpg","width":150,"height":84,"mime-type":"image\/jpeg","filesize":4875,"url":"https:\/\/360mallorcaproperty.com\/wp-content\/uploads\/2023\/02\/SANTANYI-2_13-Foto-150x84.jpg"},"modern-property-child-slider":{"file":"SANTANYI-2_13-Foto-680x510.jpg","width":680,"height":510,"mime-type":"image\/jpeg","filesize":58282,"url":"https:\/\/360mallorcaproperty.com\/wp-content\/uploads\/2023\/02\/SANTANYI-2_13-Foto-680x510.jpg"},"property-thumb-image":{"file":"SANTANYI-2_13-Foto-488x326.jpg","width":488,"height":326,"mime-type":"image\/jpeg","filesize":31956,"url":"https:\/\/360mallorcaproperty.com\/wp-content\/uploads\/2023\/02\/SANTANYI-2_13-Foto-488x326.jpg"},"property-detail-video-image":{"file":"SANTANYI-2_13-Foto-818x417.jpg","width":818,"height":417,"mime-type":"image\/jpeg","filesize":60716,"url":"https:\/\/360mallorcaproperty.com\/wp-content\/uploads\/2023\/02\/SANTANYI-2_13-Foto-818x417.jpg"},"agent-image":{"file":"SANTANYI-2_13-Foto-210x210.jpg","width":210,"height":210,"mime-type":"image\/jpeg","filesize":12536,"url":"https:\/\/360mallorcaproperty.com\/wp-content\/uploads\/2023\/02\/SANTANYI-2_13-Foto-210x210.jpg"},"partners-logo":{"file":"SANTANYI-2_13-Foto-600x2160.jpg","width":600,"height":2160,"mime-type":"image\/jpeg","filesize":146729,"url":"https:\/\/360mallorcaproperty.com\/wp-content\/uploads\/2023\/02\/SANTANYI-2_13-Foto-600x2160.jpg"},"post-featured-image":{"file":"SANTANYI-2_13-Foto-1240x720.jpg","width":1240,"height":720,"mime-type":"image\/jpeg","filesize":133634,"url":"https:\/\/360mallorcaproperty.com\/wp-content\/uploads\/2023\/02\/SANTANYI-2_13-Foto-1240x720.jpg"}},"image_meta":{"aperture":"0","credit":"","camera":"","caption":"","created_timestamp":"0","copyright":"","focal_length":"0","iso":"0","shutter_speed":"0","title":"","orientation":"0","keywords":[]},"original_image":"SANTANYI-2_13-Foto.jpg","ID":"18161","name":"SANTANYI-2_13-Foto-scaled.jpg","path":"\/home\/mallorcaproperty\/public_html\/wp-content\/uploads\/2023\/02\/SANTANYI-2_13-Foto-scaled.jpg","url":"https:\/\/360mallorcaproperty.com\/wp-content\/uploads\/2023\/02\/SANTANYI-2_13-Foto-150x150.jpg","full_url":"https:\/\/360mallorcaproperty.com\/wp-content\/uploads\/2023\/02\/SANTANYI-2_13-Foto-scaled.jpg","title":"SANTANYI 2_13 - Foto","caption":"","description":"","alt":"","srcset":"https:\/\/360mallorcaproperty.com\/wp-content\/uploads\/2023\/02\/SANTANYI-2_13-Foto-150x150.jpg 150w, https:\/\/360mallorcaproperty.com\/wp-content\/uploads\/2023\/02\/SANTANYI-2_13-Foto-210x210.jpg 210w"},{"width":150,"height":150,"file":"2023\/02\/SANTANYI-2_14-Foto-scaled.jpg","filesize":344355,"sizes":{"medium":{"file":"SANTANYI-2_14-Foto-300x169.jpg","width":300,"height":169,"mime-type":"image\/jpeg","filesize":9063,"url":"https:\/\/360mallorcaproperty.com\/wp-content\/uploads\/2023\/02\/SANTANYI-2_14-Foto-300x169.jpg"},"large":{"file":"SANTANYI-2_14-Foto-1024x576.jpg","width":1024,"height":576,"mime-type":"image\/jpeg","filesize":63556,"url":"https:\/\/360mallorcaproperty.com\/wp-content\/uploads\/2023\/02\/SANTANYI-2_14-Foto-1024x576.jpg"},"thumbnail":{"file":"SANTANYI-2_14-Foto-150x150.jpg","width":150,"height":150,"mime-type":"image\/jpeg","filesize":5032,"url":"https:\/\/360mallorcaproperty.com\/wp-content\/uploads\/2023\/02\/SANTANYI-2_14-Foto-150x150.jpg"},"medium_large":{"file":"SANTANYI-2_14-Foto-768x432.jpg","width":768,"height":432,"mime-type":"image\/jpeg","filesize":39360,"url":"https:\/\/360mallorcaproperty.com\/wp-content\/uploads\/2023\/02\/SANTANYI-2_14-Foto-768x432.jpg"},"1536x1536":{"file":"SANTANYI-2_14-Foto-1536x864.jpg","width":1536,"height":864,"mime-type":"image\/jpeg","filesize":132665,"url":"https:\/\/360mallorcaproperty.com\/wp-content\/uploads\/2023\/02\/SANTANYI-2_14-Foto-1536x864.jpg"},"2048x2048":{"file":"SANTANYI-2_14-Foto-2048x1152.jpg","width":2048,"height":1152,"mime-type":"image\/jpeg","filesize":223221,"url":"https:\/\/360mallorcaproperty.com\/wp-content\/uploads\/2023\/02\/SANTANYI-2_14-Foto-2048x1152.jpg"},"post-thumbnail":{"file":"SANTANYI-2_14-Foto-150x84.jpg","width":150,"height":84,"mime-type":"image\/jpeg","filesize":3511,"url":"https:\/\/360mallorcaproperty.com\/wp-content\/uploads\/2023\/02\/SANTANYI-2_14-Foto-150x84.jpg"},"modern-property-child-slider":{"file":"SANTANYI-2_14-Foto-680x510.jpg","width":680,"height":510,"mime-type":"image\/jpeg","filesize":39358,"url":"https:\/\/360mallorcaproperty.com\/wp-content\/uploads\/2023\/02\/SANTANYI-2_14-Foto-680x510.jpg"},"property-thumb-image":{"file":"SANTANYI-2_14-Foto-488x326.jpg","width":488,"height":326,"mime-type":"image\/jpeg","filesize":21636,"url":"https:\/\/360mallorcaproperty.com\/wp-content\/uploads\/2023\/02\/SANTANYI-2_14-Foto-488x326.jpg"},"property-detail-video-image":{"file":"SANTANYI-2_14-Foto-818x417.jpg","width":818,"height":417,"mime-type":"image\/jpeg","filesize":40939,"url":"https:\/\/360mallorcaproperty.com\/wp-content\/uploads\/2023\/02\/SANTANYI-2_14-Foto-818x417.jpg"},"agent-image":{"file":"SANTANYI-2_14-Foto-210x210.jpg","width":210,"height":210,"mime-type":"image\/jpeg","filesize":8107,"url":"https:\/\/360mallorcaproperty.com\/wp-content\/uploads\/2023\/02\/SANTANYI-2_14-Foto-210x210.jpg"},"partners-logo":{"file":"SANTANYI-2_14-Foto-600x2160.jpg","width":600,"height":2160,"mime-type":"image\/jpeg","filesize":138018,"url":"https:\/\/360mallorcaproperty.com\/wp-content\/uploads\/2023\/02\/SANTANYI-2_14-Foto-600x2160.jpg"},"post-featured-image":{"file":"SANTANYI-2_14-Foto-1240x720.jpg","width":1240,"height":720,"mime-type":"image\/jpeg","filesize":94496,"url":"https:\/\/360mallorcaproperty.com\/wp-content\/uploads\/2023\/02\/SANTANYI-2_14-Foto-1240x720.jpg"}},"image_meta":{"aperture":"0","credit":"","camera":"","caption":"","created_timestamp":"0","copyright":"","focal_length":"0","iso":"0","shutter_speed":"0","title":"","orientation":"0","keywords":[]},"original_image":"SANTANYI-2_14-Foto.jpg","ID":"18164","name":"SANTANYI-2_14-Foto-scaled.jpg","path":"\/home\/mallorcaproperty\/public_html\/wp-content\/uploads\/2023\/02\/SANTANYI-2_14-Foto-scaled.jpg","url":"https:\/\/360mallorcaproperty.com\/wp-content\/uploads\/2023\/02\/SANTANYI-2_14-Foto-150x150.jpg","full_url":"https:\/\/360mallorcaproperty.com\/wp-content\/uploads\/2023\/02\/SANTANYI-2_14-Foto-scaled.jpg","title":"SANTANYI 2_14 - Foto","caption":"","description":"","alt":"","srcset":"https:\/\/360mallorcaproperty.com\/wp-content\/uploads\/2023\/02\/SANTANYI-2_14-Foto-150x150.jpg 150w, https:\/\/360mallorcaproperty.com\/wp-content\/uploads\/2023\/02\/SANTANYI-2_14-Foto-210x210.jpg 210w"},{"width":150,"height":150,"file":"2023\/02\/SANTANYI-2_15-Foto-scaled.jpg","filesize":402975,"sizes":{"medium":{"file":"SANTANYI-2_15-Foto-300x169.jpg","width":300,"height":169,"mime-type":"image\/jpeg","filesize":11563,"url":"https:\/\/360mallorcaproperty.com\/wp-content\/uploads\/2023\/02\/SANTANYI-2_15-Foto-300x169.jpg"},"large":{"file":"SANTANYI-2_15-Foto-1024x576.jpg","width":1024,"height":576,"mime-type":"image\/jpeg","filesize":82552,"url":"https:\/\/360mallorcaproperty.com\/wp-content\/uploads\/2023\/02\/SANTANYI-2_15-Foto-1024x576.jpg"},"thumbnail":{"file":"SANTANYI-2_15-Foto-150x150.jpg","width":150,"height":150,"mime-type":"image\/jpeg","filesize":6471,"url":"https:\/\/360mallorcaproperty.com\/wp-content\/uploads\/2023\/02\/SANTANYI-2_15-Foto-150x150.jpg"},"medium_large":{"file":"SANTANYI-2_15-Foto-768x432.jpg","width":768,"height":432,"mime-type":"image\/jpeg","filesize":50848,"url":"https:\/\/360mallorcaproperty.com\/wp-content\/uploads\/2023\/02\/SANTANYI-2_15-Foto-768x432.jpg"},"1536x1536":{"file":"SANTANYI-2_15-Foto-1536x864.jpg","width":1536,"height":864,"mime-type":"image\/jpeg","filesize":166188,"url":"https:\/\/360mallorcaproperty.com\/wp-content\/uploads\/2023\/02\/SANTANYI-2_15-Foto-1536x864.jpg"},"2048x2048":{"file":"SANTANYI-2_15-Foto-2048x1152.jpg","width":2048,"height":1152,"mime-type":"image\/jpeg","filesize":271284,"url":"https:\/\/360mallorcaproperty.com\/wp-content\/uploads\/2023\/02\/SANTANYI-2_15-Foto-2048x1152.jpg"},"post-thumbnail":{"file":"SANTANYI-2_15-Foto-150x84.jpg","width":150,"height":84,"mime-type":"image\/jpeg","filesize":4276,"url":"https:\/\/360mallorcaproperty.com\/wp-content\/uploads\/2023\/02\/SANTANYI-2_15-Foto-150x84.jpg"},"modern-property-child-slider":{"file":"SANTANYI-2_15-Foto-680x510.jpg","width":680,"height":510,"mime-type":"image\/jpeg","filesize":54987,"url":"https:\/\/360mallorcaproperty.com\/wp-content\/uploads\/2023\/02\/SANTANYI-2_15-Foto-680x510.jpg"},"property-thumb-image":{"file":"SANTANYI-2_15-Foto-488x326.jpg","width":488,"height":326,"mime-type":"image\/jpeg","filesize":28938,"url":"https:\/\/360mallorcaproperty.com\/wp-content\/uploads\/2023\/02\/SANTANYI-2_15-Foto-488x326.jpg"},"property-detail-video-image":{"file":"SANTANYI-2_15-Foto-818x417.jpg","width":818,"height":417,"mime-type":"image\/jpeg","filesize":51807,"url":"https:\/\/360mallorcaproperty.com\/wp-content\/uploads\/2023\/02\/SANTANYI-2_15-Foto-818x417.jpg"},"agent-image":{"file":"SANTANYI-2_15-Foto-210x210.jpg","width":210,"height":210,"mime-type":"image\/jpeg","filesize":10949,"url":"https:\/\/360mallorcaproperty.com\/wp-content\/uploads\/2023\/02\/SANTANYI-2_15-Foto-210x210.jpg"},"partners-logo":{"file":"SANTANYI-2_15-Foto-600x2160.jpg","width":600,"height":2160,"mime-type":"image\/jpeg","filesize":168902,"url":"https:\/\/360mallorcaproperty.com\/wp-content\/uploads\/2023\/02\/SANTANYI-2_15-Foto-600x2160.jpg"},"post-featured-image":{"file":"SANTANYI-2_15-Foto-1240x720.jpg","width":1240,"height":720,"mime-type":"image\/jpeg","filesize":120348,"url":"https:\/\/360mallorcaproperty.com\/wp-content\/uploads\/2023\/02\/SANTANYI-2_15-Foto-1240x720.jpg"}},"image_meta":{"aperture":"0","credit":"","camera":"","caption":"","created_timestamp":"0","copyright":"","focal_length":"0","iso":"0","shutter_speed":"0","title":"","orientation":"0","keywords":[]},"original_image":"SANTANYI-2_15-Foto.jpg","ID":"18167","name":"SANTANYI-2_15-Foto-scaled.jpg","path":"\/home\/mallorcaproperty\/public_html\/wp-content\/uploads\/2023\/02\/SANTANYI-2_15-Foto-scaled.jpg","url":"https:\/\/360mallorcaproperty.com\/wp-content\/uploads\/2023\/02\/SANTANYI-2_15-Foto-150x150.jpg","full_url":"https:\/\/360mallorcaproperty.com\/wp-content\/uploads\/2023\/02\/SANTANYI-2_15-Foto-scaled.jpg","title":"SANTANYI 2_15 - Foto","caption":"","description":"","alt":"","srcset":"https:\/\/360mallorcaproperty.com\/wp-content\/uploads\/2023\/02\/SANTANYI-2_15-Foto-150x150.jpg 150w, https:\/\/360mallorcaproperty.com\/wp-content\/uploads\/2023\/02\/SANTANYI-2_15-Foto-210x210.jpg 210w"},{"width":150,"height":150,"file":"2023\/02\/SANTANYI-2_17-Foto-scaled.jpg","filesize":328985,"sizes":{"medium":{"file":"SANTANYI-2_17-Foto-300x169.jpg","width":300,"height":169,"mime-type":"image\/jpeg","filesize":10293,"url":"https:\/\/360mallorcaproperty.com\/wp-content\/uploads\/2023\/02\/SANTANYI-2_17-Foto-300x169.jpg"},"large":{"file":"SANTANYI-2_17-Foto-1024x576.jpg","width":1024,"height":576,"mime-type":"image\/jpeg","filesize":68797,"url":"https:\/\/360mallorcaproperty.com\/wp-content\/uploads\/2023\/02\/SANTANYI-2_17-Foto-1024x576.jpg"},"thumbnail":{"file":"SANTANYI-2_17-Foto-150x150.jpg","width":150,"height":150,"mime-type":"image\/jpeg","filesize":5960,"url":"https:\/\/360mallorcaproperty.com\/wp-content\/uploads\/2023\/02\/SANTANYI-2_17-Foto-150x150.jpg"},"medium_large":{"file":"SANTANYI-2_17-Foto-768x432.jpg","width":768,"height":432,"mime-type":"image\/jpeg","filesize":43660,"url":"https:\/\/360mallorcaproperty.com\/wp-content\/uploads\/2023\/02\/SANTANYI-2_17-Foto-768x432.jpg"},"1536x1536":{"file":"SANTANYI-2_17-Foto-1536x864.jpg","width":1536,"height":864,"mime-type":"image\/jpeg","filesize":137097,"url":"https:\/\/360mallorcaproperty.com\/wp-content\/uploads\/2023\/02\/SANTANYI-2_17-Foto-1536x864.jpg"},"2048x2048":{"file":"SANTANYI-2_17-Foto-2048x1152.jpg","width":2048,"height":1152,"mime-type":"image\/jpeg","filesize":223278,"url":"https:\/\/360mallorcaproperty.com\/wp-content\/uploads\/2023\/02\/SANTANYI-2_17-Foto-2048x1152.jpg"},"post-thumbnail":{"file":"SANTANYI-2_17-Foto-150x84.jpg","width":150,"height":84,"mime-type":"image\/jpeg","filesize":3970,"url":"https:\/\/360mallorcaproperty.com\/wp-content\/uploads\/2023\/02\/SANTANYI-2_17-Foto-150x84.jpg"},"modern-property-child-slider":{"file":"SANTANYI-2_17-Foto-680x510.jpg","width":680,"height":510,"mime-type":"image\/jpeg","filesize":44929,"url":"https:\/\/360mallorcaproperty.com\/wp-content\/uploads\/2023\/02\/SANTANYI-2_17-Foto-680x510.jpg"},"property-thumb-image":{"file":"SANTANYI-2_17-Foto-488x326.jpg","width":488,"height":326,"mime-type":"image\/jpeg","filesize":24285,"url":"https:\/\/360mallorcaproperty.com\/wp-content\/uploads\/2023\/02\/SANTANYI-2_17-Foto-488x326.jpg"},"property-detail-video-image":{"file":"SANTANYI-2_17-Foto-818x417.jpg","width":818,"height":417,"mime-type":"image\/jpeg","filesize":43914,"url":"https:\/\/360mallorcaproperty.com\/wp-content\/uploads\/2023\/02\/SANTANYI-2_17-Foto-818x417.jpg"},"agent-image":{"file":"SANTANYI-2_17-Foto-210x210.jpg","width":210,"height":210,"mime-type":"image\/jpeg","filesize":9594,"url":"https:\/\/360mallorcaproperty.com\/wp-content\/uploads\/2023\/02\/SANTANYI-2_17-Foto-210x210.jpg"},"partners-logo":{"file":"SANTANYI-2_17-Foto-600x2160.jpg","width":600,"height":2160,"mime-type":"image\/jpeg","filesize":130264,"url":"https:\/\/360mallorcaproperty.com\/wp-content\/uploads\/2023\/02\/SANTANYI-2_17-Foto-600x2160.jpg"},"post-featured-image":{"file":"SANTANYI-2_17-Foto-1240x720.jpg","width":1240,"height":720,"mime-type":"image\/jpeg","filesize":99538,"url":"https:\/\/360mallorcaproperty.com\/wp-content\/uploads\/2023\/02\/SANTANYI-2_17-Foto-1240x720.jpg"}},"image_meta":{"aperture":"0","credit":"","camera":"","caption":"","created_timestamp":"0","copyright":"","focal_length":"0","iso":"0","shutter_speed":"0","title":"","orientation":"0","keywords":[]},"original_image":"SANTANYI-2_17-Foto.jpg","ID":"18170","name":"SANTANYI-2_17-Foto-scaled.jpg","path":"\/home\/mallorcaproperty\/public_html\/wp-content\/uploads\/2023\/02\/SANTANYI-2_17-Foto-scaled.jpg","url":"https:\/\/360mallorcaproperty.com\/wp-content\/uploads\/2023\/02\/SANTANYI-2_17-Foto-150x150.jpg","full_url":"https:\/\/360mallorcaproperty.com\/wp-content\/uploads\/2023\/02\/SANTANYI-2_17-Foto-scaled.jpg","title":"SANTANYI 2_17 - Foto","caption":"","description":"","alt":"","srcset":"https:\/\/360mallorcaproperty.com\/wp-content\/uploads\/2023\/02\/SANTANYI-2_17-Foto-150x150.jpg 150w, https:\/\/360mallorcaproperty.com\/wp-content\/uploads\/2023\/02\/SANTANYI-2_17-Foto-210x210.jpg 210w"},{"width":150,"height":150,"file":"2023\/02\/SANTANYI-2_18-Foto-scaled.jpg","filesize":446837,"sizes":{"medium":{"file":"SANTANYI-2_18-Foto-300x169.jpg","width":300,"height":169,"mime-type":"image\/jpeg","filesize":12604,"url":"https:\/\/360mallorcaproperty.com\/wp-content\/uploads\/2023\/02\/SANTANYI-2_18-Foto-300x169.jpg"},"large":{"file":"SANTANYI-2_18-Foto-1024x576.jpg","width":1024,"height":576,"mime-type":"image\/jpeg","filesize":90507,"url":"https:\/\/360mallorcaproperty.com\/wp-content\/uploads\/2023\/02\/SANTANYI-2_18-Foto-1024x576.jpg"},"thumbnail":{"file":"SANTANYI-2_18-Foto-150x150.jpg","width":150,"height":150,"mime-type":"image\/jpeg","filesize":6106,"url":"https:\/\/360mallorcaproperty.com\/wp-content\/uploads\/2023\/02\/SANTANYI-2_18-Foto-150x150.jpg"},"medium_large":{"file":"SANTANYI-2_18-Foto-768x432.jpg","width":768,"height":432,"mime-type":"image\/jpeg","filesize":55693,"url":"https:\/\/360mallorcaproperty.com\/wp-content\/uploads\/2023\/02\/SANTANYI-2_18-Foto-768x432.jpg"},"1536x1536":{"file":"SANTANYI-2_18-Foto-1536x864.jpg","width":1536,"height":864,"mime-type":"image\/jpeg","filesize":180330,"url":"https:\/\/360mallorcaproperty.com\/wp-content\/uploads\/2023\/02\/SANTANYI-2_18-Foto-1536x864.jpg"},"2048x2048":{"file":"SANTANYI-2_18-Foto-2048x1152.jpg","width":2048,"height":1152,"mime-type":"image\/jpeg","filesize":298579,"url":"https:\/\/360mallorcaproperty.com\/wp-content\/uploads\/2023\/02\/SANTANYI-2_18-Foto-2048x1152.jpg"},"post-thumbnail":{"file":"SANTANYI-2_18-Foto-150x84.jpg","width":150,"height":84,"mime-type":"image\/jpeg","filesize":4376,"url":"https:\/\/360mallorcaproperty.com\/wp-content\/uploads\/2023\/02\/SANTANYI-2_18-Foto-150x84.jpg"},"modern-property-child-slider":{"file":"SANTANYI-2_18-Foto-680x510.jpg","width":680,"height":510,"mime-type":"image\/jpeg","filesize":54366,"url":"https:\/\/360mallorcaproperty.com\/wp-content\/uploads\/2023\/02\/SANTANYI-2_18-Foto-680x510.jpg"},"property-thumb-image":{"file":"SANTANYI-2_18-Foto-488x326.jpg","width":488,"height":326,"mime-type":"image\/jpeg","filesize":29819,"url":"https:\/\/360mallorcaproperty.com\/wp-content\/uploads\/2023\/02\/SANTANYI-2_18-Foto-488x326.jpg"},"property-detail-video-image":{"file":"SANTANYI-2_18-Foto-818x417.jpg","width":818,"height":417,"mime-type":"image\/jpeg","filesize":59057,"url":"https:\/\/360mallorcaproperty.com\/wp-content\/uploads\/2023\/02\/SANTANYI-2_18-Foto-818x417.jpg"},"agent-image":{"file":"SANTANYI-2_18-Foto-210x210.jpg","width":210,"height":210,"mime-type":"image\/jpeg","filesize":10143,"url":"https:\/\/360mallorcaproperty.com\/wp-content\/uploads\/2023\/02\/SANTANYI-2_18-Foto-210x210.jpg"},"partners-logo":{"file":"SANTANYI-2_18-Foto-600x2160.jpg","width":600,"height":2160,"mime-type":"image\/jpeg","filesize":150087,"url":"https:\/\/360mallorcaproperty.com\/wp-content\/uploads\/2023\/02\/SANTANYI-2_18-Foto-600x2160.jpg"},"post-featured-image":{"file":"SANTANYI-2_18-Foto-1240x720.jpg","width":1240,"height":720,"mime-type":"image\/jpeg","filesize":129612,"url":"https:\/\/360mallorcaproperty.com\/wp-content\/uploads\/2023\/02\/SANTANYI-2_18-Foto-1240x720.jpg"}},"image_meta":{"aperture":"0","credit":"","camera":"","caption":"","created_timestamp":"0","copyright":"","focal_length":"0","iso":"0","shutter_speed":"0","title":"","orientation":"0","keywords":[]},"original_image":"SANTANYI-2_18-Foto.jpg","ID":"18173","name":"SANTANYI-2_18-Foto-scaled.jpg","path":"\/home\/mallorcaproperty\/public_html\/wp-content\/uploads\/2023\/02\/SANTANYI-2_18-Foto-scaled.jpg","url":"https:\/\/360mallorcaproperty.com\/wp-content\/uploads\/2023\/02\/SANTANYI-2_18-Foto-150x150.jpg","full_url":"https:\/\/360mallorcaproperty.com\/wp-content\/uploads\/2023\/02\/SANTANYI-2_18-Foto-scaled.jpg","title":"SANTANYI 2_18 - Foto","caption":"","description":"","alt":"","srcset":"https:\/\/360mallorcaproperty.com\/wp-content\/uploads\/2023\/02\/SANTANYI-2_18-Foto-150x150.jpg 150w, https:\/\/360mallorcaproperty.com\/wp-content\/uploads\/2023\/02\/SANTANYI-2_18-Foto-210x210.jpg 210w"},{"width":150,"height":150,"file":"2023\/02\/SANTANYI-2_19-Foto-scaled.jpg","filesize":314674,"sizes":{"medium":{"file":"SANTANYI-2_19-Foto-300x169.jpg","width":300,"height":169,"mime-type":"image\/jpeg","filesize":8397,"url":"https:\/\/360mallorcaproperty.com\/wp-content\/uploads\/2023\/02\/SANTANYI-2_19-Foto-300x169.jpg"},"large":{"file":"SANTANYI-2_19-Foto-1024x576.jpg","width":1024,"height":576,"mime-type":"image\/jpeg","filesize":60121,"url":"https:\/\/360mallorcaproperty.com\/wp-content\/uploads\/2023\/02\/SANTANYI-2_19-Foto-1024x576.jpg"},"thumbnail":{"file":"SANTANYI-2_19-Foto-150x150.jpg","width":150,"height":150,"mime-type":"image\/jpeg","filesize":4271,"url":"https:\/\/360mallorcaproperty.com\/wp-content\/uploads\/2023\/02\/SANTANYI-2_19-Foto-150x150.jpg"},"medium_large":{"file":"SANTANYI-2_19-Foto-768x432.jpg","width":768,"height":432,"mime-type":"image\/jpeg","filesize":36305,"url":"https:\/\/360mallorcaproperty.com\/wp-content\/uploads\/2023\/02\/SANTANYI-2_19-Foto-768x432.jpg"},"1536x1536":{"file":"SANTANYI-2_19-Foto-1536x864.jpg","width":1536,"height":864,"mime-type":"image\/jpeg","filesize":123393,"url":"https:\/\/360mallorcaproperty.com\/wp-content\/uploads\/2023\/02\/SANTANYI-2_19-Foto-1536x864.jpg"},"2048x2048":{"file":"SANTANYI-2_19-Foto-2048x1152.jpg","width":2048,"height":1152,"mime-type":"image\/jpeg","filesize":208197,"url":"https:\/\/360mallorcaproperty.com\/wp-content\/uploads\/2023\/02\/SANTANYI-2_19-Foto-2048x1152.jpg"},"post-thumbnail":{"file":"SANTANYI-2_19-Foto-150x84.jpg","width":150,"height":84,"mime-type":"image\/jpeg","filesize":3285,"url":"https:\/\/360mallorcaproperty.com\/wp-content\/uploads\/2023\/02\/SANTANYI-2_19-Foto-150x84.jpg"},"modern-property-child-slider":{"file":"SANTANYI-2_19-Foto-680x510.jpg","width":680,"height":510,"mime-type":"image\/jpeg","filesize":34093,"url":"https:\/\/360mallorcaproperty.com\/wp-content\/uploads\/2023\/02\/SANTANYI-2_19-Foto-680x510.jpg"},"property-thumb-image":{"file":"SANTANYI-2_19-Foto-488x326.jpg","width":488,"height":326,"mime-type":"image\/jpeg","filesize":18262,"url":"https:\/\/360mallorcaproperty.com\/wp-content\/uploads\/2023\/02\/SANTANYI-2_19-Foto-488x326.jpg"},"property-detail-video-image":{"file":"SANTANYI-2_19-Foto-818x417.jpg","width":818,"height":417,"mime-type":"image\/jpeg","filesize":38074,"url":"https:\/\/360mallorcaproperty.com\/wp-content\/uploads\/2023\/02\/SANTANYI-2_19-Foto-818x417.jpg"},"agent-image":{"file":"SANTANYI-2_19-Foto-210x210.jpg","width":210,"height":210,"mime-type":"image\/jpeg","filesize":6594,"url":"https:\/\/360mallorcaproperty.com\/wp-content\/uploads\/2023\/02\/SANTANYI-2_19-Foto-210x210.jpg"},"partners-logo":{"file":"SANTANYI-2_19-Foto-600x2160.jpg","width":600,"height":2160,"mime-type":"image\/jpeg","filesize":95176,"url":"https:\/\/360mallorcaproperty.com\/wp-content\/uploads\/2023\/02\/SANTANYI-2_19-Foto-600x2160.jpg"},"post-featured-image":{"file":"SANTANYI-2_19-Foto-1240x720.jpg","width":1240,"height":720,"mime-type":"image\/jpeg","filesize":85413,"url":"https:\/\/360mallorcaproperty.com\/wp-content\/uploads\/2023\/02\/SANTANYI-2_19-Foto-1240x720.jpg"}},"image_meta":{"aperture":"0","credit":"","camera":"","caption":"","created_timestamp":"0","copyright":"","focal_length":"0","iso":"0","shutter_speed":"0","title":"","orientation":"0","keywords":[]},"original_image":"SANTANYI-2_19-Foto.jpg","ID":"18176","name":"SANTANYI-2_19-Foto-scaled.jpg","path":"\/home\/mallorcaproperty\/public_html\/wp-content\/uploads\/2023\/02\/SANTANYI-2_19-Foto-scaled.jpg","url":"https:\/\/360mallorcaproperty.com\/wp-content\/uploads\/2023\/02\/SANTANYI-2_19-Foto-150x150.jpg","full_url":"https:\/\/360mallorcaproperty.com\/wp-content\/uploads\/2023\/02\/SANTANYI-2_19-Foto-scaled.jpg","title":"SANTANYI 2_19 - Foto","caption":"","description":"","alt":"","srcset":"https:\/\/360mallorcaproperty.com\/wp-content\/uploads\/2023\/02\/SANTANYI-2_19-Foto-150x150.jpg 150w, https:\/\/360mallorcaproperty.com\/wp-content\/uploads\/2023\/02\/SANTANYI-2_19-Foto-210x210.jpg 210w"},{"width":150,"height":150,"file":"2023\/02\/SANTANYI-3_21-Foto-scaled.jpg","filesize":236209,"sizes":{"medium":{"file":"SANTANYI-3_21-Foto-300x169.jpg","width":300,"height":169,"mime-type":"image\/jpeg","filesize":8466,"url":"https:\/\/360mallorcaproperty.com\/wp-content\/uploads\/2023\/02\/SANTANYI-3_21-Foto-300x169.jpg"},"large":{"file":"SANTANYI-3_21-Foto-1024x576.jpg","width":1024,"height":576,"mime-type":"image\/jpeg","filesize":52837,"url":"https:\/\/360mallorcaproperty.com\/wp-content\/uploads\/2023\/02\/SANTANYI-3_21-Foto-1024x576.jpg"},"thumbnail":{"file":"SANTANYI-3_21-Foto-150x150.jpg","width":150,"height":150,"mime-type":"image\/jpeg","filesize":4866,"url":"https:\/\/360mallorcaproperty.com\/wp-content\/uploads\/2023\/02\/SANTANYI-3_21-Foto-150x150.jpg"},"medium_large":{"file":"SANTANYI-3_21-Foto-768x432.jpg","width":768,"height":432,"mime-type":"image\/jpeg","filesize":33960,"url":"https:\/\/360mallorcaproperty.com\/wp-content\/uploads\/2023\/02\/SANTANYI-3_21-Foto-768x432.jpg"},"1536x1536":{"file":"SANTANYI-3_21-Foto-1536x864.jpg","width":1536,"height":864,"mime-type":"image\/jpeg","filesize":101894,"url":"https:\/\/360mallorcaproperty.com\/wp-content\/uploads\/2023\/02\/SANTANYI-3_21-Foto-1536x864.jpg"},"2048x2048":{"file":"SANTANYI-3_21-Foto-2048x1152.jpg","width":2048,"height":1152,"mime-type":"image\/jpeg","filesize":161944,"url":"https:\/\/360mallorcaproperty.com\/wp-content\/uploads\/2023\/02\/SANTANYI-3_21-Foto-2048x1152.jpg"},"post-thumbnail":{"file":"SANTANYI-3_21-Foto-150x84.jpg","width":150,"height":84,"mime-type":"image\/jpeg","filesize":3449,"url":"https:\/\/360mallorcaproperty.com\/wp-content\/uploads\/2023\/02\/SANTANYI-3_21-Foto-150x84.jpg"},"modern-property-child-slider":{"file":"SANTANYI-3_21-Foto-680x510.jpg","width":680,"height":510,"mime-type":"image\/jpeg","filesize":34167,"url":"https:\/\/360mallorcaproperty.com\/wp-content\/uploads\/2023\/02\/SANTANYI-3_21-Foto-680x510.jpg"},"property-thumb-image":{"file":"SANTANYI-3_21-Foto-488x326.jpg","width":488,"height":326,"mime-type":"image\/jpeg","filesize":18758,"url":"https:\/\/360mallorcaproperty.com\/wp-content\/uploads\/2023\/02\/SANTANYI-3_21-Foto-488x326.jpg"},"property-detail-video-image":{"file":"SANTANYI-3_21-Foto-818x417.jpg","width":818,"height":417,"mime-type":"image\/jpeg","filesize":34098,"url":"https:\/\/360mallorcaproperty.com\/wp-content\/uploads\/2023\/02\/SANTANYI-3_21-Foto-818x417.jpg"},"agent-image":{"file":"SANTANYI-3_21-Foto-210x210.jpg","width":210,"height":210,"mime-type":"image\/jpeg","filesize":7823,"url":"https:\/\/360mallorcaproperty.com\/wp-content\/uploads\/2023\/02\/SANTANYI-3_21-Foto-210x210.jpg"},"partners-logo":{"file":"SANTANYI-3_21-Foto-600x2160.jpg","width":600,"height":2160,"mime-type":"image\/jpeg","filesize":104624,"url":"https:\/\/360mallorcaproperty.com\/wp-content\/uploads\/2023\/02\/SANTANYI-3_21-Foto-600x2160.jpg"},"post-featured-image":{"file":"SANTANYI-3_21-Foto-1240x720.jpg","width":1240,"height":720,"mime-type":"image\/jpeg","filesize":73576,"url":"https:\/\/360mallorcaproperty.com\/wp-content\/uploads\/2023\/02\/SANTANYI-3_21-Foto-1240x720.jpg"}},"image_meta":{"aperture":"0","credit":"","camera":"","caption":"","created_timestamp":"0","copyright":"","focal_length":"0","iso":"0","shutter_speed":"0","title":"","orientation":"0","keywords":[]},"original_image":"SANTANYI-3_21-Foto.jpg","ID":"18179","name":"SANTANYI-3_21-Foto-scaled.jpg","path":"\/home\/mallorcaproperty\/public_html\/wp-content\/uploads\/2023\/02\/SANTANYI-3_21-Foto-scaled.jpg","url":"https:\/\/360mallorcaproperty.com\/wp-content\/uploads\/2023\/02\/SANTANYI-3_21-Foto-150x150.jpg","full_url":"https:\/\/360mallorcaproperty.com\/wp-content\/uploads\/2023\/02\/SANTANYI-3_21-Foto-scaled.jpg","title":"SANTANYI 3_21 - Foto","caption":"","description":"","alt":"","srcset":"https:\/\/360mallorcaproperty.com\/wp-content\/uploads\/2023\/02\/SANTANYI-3_21-Foto-150x150.jpg 150w, https:\/\/360mallorcaproperty.com\/wp-content\/uploads\/2023\/02\/SANTANYI-3_21-Foto-210x210.jpg 210w"},{"width":150,"height":150,"file":"2023\/02\/SANTANYI-3_22-Foto-scaled.jpg","filesize":254505,"sizes":{"medium":{"file":"SANTANYI-3_22-Foto-300x169.jpg","width":300,"height":169,"mime-type":"image\/jpeg","filesize":7896,"url":"https:\/\/360mallorcaproperty.com\/wp-content\/uploads\/2023\/02\/SANTANYI-3_22-Foto-300x169.jpg"},"large":{"file":"SANTANYI-3_22-Foto-1024x576.jpg","width":1024,"height":576,"mime-type":"image\/jpeg","filesize":51297,"url":"https:\/\/360mallorcaproperty.com\/wp-content\/uploads\/2023\/02\/SANTANYI-3_22-Foto-1024x576.jpg"},"thumbnail":{"file":"SANTANYI-3_22-Foto-150x150.jpg","width":150,"height":150,"mime-type":"image\/jpeg","filesize":4189,"url":"https:\/\/360mallorcaproperty.com\/wp-content\/uploads\/2023\/02\/SANTANYI-3_22-Foto-150x150.jpg"},"medium_large":{"file":"SANTANYI-3_22-Foto-768x432.jpg","width":768,"height":432,"mime-type":"image\/jpeg","filesize":31345,"url":"https:\/\/360mallorcaproperty.com\/wp-content\/uploads\/2023\/02\/SANTANYI-3_22-Foto-768x432.jpg"},"1536x1536":{"file":"SANTANYI-3_22-Foto-1536x864.jpg","width":1536,"height":864,"mime-type":"image\/jpeg","filesize":101745,"url":"https:\/\/360mallorcaproperty.com\/wp-content\/uploads\/2023\/02\/SANTANYI-3_22-Foto-1536x864.jpg"},"2048x2048":{"file":"SANTANYI-3_22-Foto-2048x1152.jpg","width":2048,"height":1152,"mime-type":"image\/jpeg","filesize":170644,"url":"https:\/\/360mallorcaproperty.com\/wp-content\/uploads\/2023\/02\/SANTANYI-3_22-Foto-2048x1152.jpg"},"post-thumbnail":{"file":"SANTANYI-3_22-Foto-150x84.jpg","width":150,"height":84,"mime-type":"image\/jpeg","filesize":3050,"url":"https:\/\/360mallorcaproperty.com\/wp-content\/uploads\/2023\/02\/SANTANYI-3_22-Foto-150x84.jpg"},"modern-property-child-slider":{"file":"SANTANYI-3_22-Foto-680x510.jpg","width":680,"height":510,"mime-type":"image\/jpeg","filesize":32718,"url":"https:\/\/360mallorcaproperty.com\/wp-content\/uploads\/2023\/02\/SANTANYI-3_22-Foto-680x510.jpg"},"property-thumb-image":{"file":"SANTANYI-3_22-Foto-488x326.jpg","width":488,"height":326,"mime-type":"image\/jpeg","filesize":18224,"url":"https:\/\/360mallorcaproperty.com\/wp-content\/uploads\/2023\/02\/SANTANYI-3_22-Foto-488x326.jpg"},"property-detail-video-image":{"file":"SANTANYI-3_22-Foto-818x417.jpg","width":818,"height":417,"mime-type":"image\/jpeg","filesize":32840,"url":"https:\/\/360mallorcaproperty.com\/wp-content\/uploads\/2023\/02\/SANTANYI-3_22-Foto-818x417.jpg"},"agent-image":{"file":"SANTANYI-3_22-Foto-210x210.jpg","width":210,"height":210,"mime-type":"image\/jpeg","filesize":6798,"url":"https:\/\/360mallorcaproperty.com\/wp-content\/uploads\/2023\/02\/SANTANYI-3_22-Foto-210x210.jpg"},"partners-logo":{"file":"SANTANYI-3_22-Foto-600x2160.jpg","width":600,"height":2160,"mime-type":"image\/jpeg","filesize":112003,"url":"https:\/\/360mallorcaproperty.com\/wp-content\/uploads\/2023\/02\/SANTANYI-3_22-Foto-600x2160.jpg"},"post-featured-image":{"file":"SANTANYI-3_22-Foto-1240x720.jpg","width":1240,"height":720,"mime-type":"image\/jpeg","filesize":74087,"url":"https:\/\/360mallorcaproperty.com\/wp-content\/uploads\/2023\/02\/SANTANYI-3_22-Foto-1240x720.jpg"}},"image_meta":{"aperture":"0","credit":"","camera":"","caption":"","created_timestamp":"0","copyright":"","focal_length":"0","iso":"0","shutter_speed":"0","title":"","orientation":"0","keywords":[]},"original_image":"SANTANYI-3_22-Foto.jpg","ID":"18182","name":"SANTANYI-3_22-Foto-scaled.jpg","path":"\/home\/mallorcaproperty\/public_html\/wp-content\/uploads\/2023\/02\/SANTANYI-3_22-Foto-scaled.jpg","url":"https:\/\/360mallorcaproperty.com\/wp-content\/uploads\/2023\/02\/SANTANYI-3_22-Foto-150x150.jpg","full_url":"https:\/\/360mallorcaproperty.com\/wp-content\/uploads\/2023\/02\/SANTANYI-3_22-Foto-scaled.jpg","title":"SANTANYI 3_22 - Foto","caption":"","description":"","alt":"","srcset":"https:\/\/360mallorcaproperty.com\/wp-content\/uploads\/2023\/02\/SANTANYI-3_22-Foto-150x150.jpg 150w, https:\/\/360mallorcaproperty.com\/wp-content\/uploads\/2023\/02\/SANTANYI-3_22-Foto-210x210.jpg 210w"},{"width":150,"height":150,"file":"2023\/02\/SANTANYI-3_23-Foto-scaled.jpg","filesize":317180,"sizes":{"medium":{"file":"SANTANYI-3_23-Foto-300x169.jpg","width":300,"height":169,"mime-type":"image\/jpeg","filesize":8979,"url":"https:\/\/360mallorcaproperty.com\/wp-content\/uploads\/2023\/02\/SANTANYI-3_23-Foto-300x169.jpg"},"large":{"file":"SANTANYI-3_23-Foto-1024x576.jpg","width":1024,"height":576,"mime-type":"image\/jpeg","filesize":61103,"url":"https:\/\/360mallorcaproperty.com\/wp-content\/uploads\/2023\/02\/SANTANYI-3_23-Foto-1024x576.jpg"},"thumbnail":{"file":"SANTANYI-3_23-Foto-150x150.jpg","width":150,"height":150,"mime-type":"image\/jpeg","filesize":4557,"url":"https:\/\/360mallorcaproperty.com\/wp-content\/uploads\/2023\/02\/SANTANYI-3_23-Foto-150x150.jpg"},"medium_large":{"file":"SANTANYI-3_23-Foto-768x432.jpg","width":768,"height":432,"mime-type":"image\/jpeg","filesize":38115,"url":"https:\/\/360mallorcaproperty.com\/wp-content\/uploads\/2023\/02\/SANTANYI-3_23-Foto-768x432.jpg"},"1536x1536":{"file":"SANTANYI-3_23-Foto-1536x864.jpg","width":1536,"height":864,"mime-type":"image\/jpeg","filesize":125408,"url":"https:\/\/360mallorcaproperty.com\/wp-content\/uploads\/2023\/02\/SANTANYI-3_23-Foto-1536x864.jpg"},"2048x2048":{"file":"SANTANYI-3_23-Foto-2048x1152.jpg","width":2048,"height":1152,"mime-type":"image\/jpeg","filesize":209365,"url":"https:\/\/360mallorcaproperty.com\/wp-content\/uploads\/2023\/02\/SANTANYI-3_23-Foto-2048x1152.jpg"},"post-thumbnail":{"file":"SANTANYI-3_23-Foto-150x84.jpg","width":150,"height":84,"mime-type":"image\/jpeg","filesize":3640,"url":"https:\/\/360mallorcaproperty.com\/wp-content\/uploads\/2023\/02\/SANTANYI-3_23-Foto-150x84.jpg"},"modern-property-child-slider":{"file":"SANTANYI-3_23-Foto-680x510.jpg","width":680,"height":510,"mime-type":"image\/jpeg","filesize":37879,"url":"https:\/\/360mallorcaproperty.com\/wp-content\/uploads\/2023\/02\/SANTANYI-3_23-Foto-680x510.jpg"},"property-thumb-image":{"file":"SANTANYI-3_23-Foto-488x326.jpg","width":488,"height":326,"mime-type":"image\/jpeg","filesize":21028,"url":"https:\/\/360mallorcaproperty.com\/wp-content\/uploads\/2023\/02\/SANTANYI-3_23-Foto-488x326.jpg"},"property-detail-video-image":{"file":"SANTANYI-3_23-Foto-818x417.jpg","width":818,"height":417,"mime-type":"image\/jpeg","filesize":39803,"url":"https:\/\/360mallorcaproperty.com\/wp-content\/uploads\/2023\/02\/SANTANYI-3_23-Foto-818x417.jpg"},"agent-image":{"file":"SANTANYI-3_23-Foto-210x210.jpg","width":210,"height":210,"mime-type":"image\/jpeg","filesize":7351,"url":"https:\/\/360mallorcaproperty.com\/wp-content\/uploads\/2023\/02\/SANTANYI-3_23-Foto-210x210.jpg"},"partners-logo":{"file":"SANTANYI-3_23-Foto-600x2160.jpg","width":600,"height":2160,"mime-type":"image\/jpeg","filesize":95668,"url":"https:\/\/360mallorcaproperty.com\/wp-content\/uploads\/2023\/02\/SANTANYI-3_23-Foto-600x2160.jpg"},"post-featured-image":{"file":"SANTANYI-3_23-Foto-1240x720.jpg","width":1240,"height":720,"mime-type":"image\/jpeg","filesize":89873,"url":"https:\/\/360mallorcaproperty.com\/wp-content\/uploads\/2023\/02\/SANTANYI-3_23-Foto-1240x720.jpg"}},"image_meta":{"aperture":"0","credit":"","camera":"","caption":"","created_timestamp":"0","copyright":"","focal_length":"0","iso":"0","shutter_speed":"0","title":"","orientation":"0","keywords":[]},"original_image":"SANTANYI-3_23-Foto.jpg","ID":"18185","name":"SANTANYI-3_23-Foto-scaled.jpg","path":"\/home\/mallorcaproperty\/public_html\/wp-content\/uploads\/2023\/02\/SANTANYI-3_23-Foto-scaled.jpg","url":"https:\/\/360mallorcaproperty.com\/wp-content\/uploads\/2023\/02\/SANTANYI-3_23-Foto-150x150.jpg","full_url":"https:\/\/360mallorcaproperty.com\/wp-content\/uploads\/2023\/02\/SANTANYI-3_23-Foto-scaled.jpg","title":"SANTANYI 3_23 - Foto","caption":"","description":"","alt":"","srcset":"https:\/\/360mallorcaproperty.com\/wp-content\/uploads\/2023\/02\/SANTANYI-3_23-Foto-150x150.jpg 150w, https:\/\/360mallorcaproperty.com\/wp-content\/uploads\/2023\/02\/SANTANYI-3_23-Foto-210x210.jpg 210w"},{"width":150,"height":150,"file":"2023\/02\/SANTANYI-3_24-Foto-scaled.jpg","filesize":197339,"sizes":{"medium":{"file":"SANTANYI-3_24-Foto-300x169.jpg","width":300,"height":169,"mime-type":"image\/jpeg","filesize":6418,"url":"https:\/\/360mallorcaproperty.com\/wp-content\/uploads\/2023\/02\/SANTANYI-3_24-Foto-300x169.jpg"},"large":{"file":"SANTANYI-3_24-Foto-1024x576.jpg","width":1024,"height":576,"mime-type":"image\/jpeg","filesize":39353,"url":"https:\/\/360mallorcaproperty.com\/wp-content\/uploads\/2023\/02\/SANTANYI-3_24-Foto-1024x576.jpg"},"thumbnail":{"file":"SANTANYI-3_24-Foto-150x150.jpg","width":150,"height":150,"mime-type":"image\/jpeg","filesize":4111,"url":"https:\/\/360mallorcaproperty.com\/wp-content\/uploads\/2023\/02\/SANTANYI-3_24-Foto-150x150.jpg"},"medium_large":{"file":"SANTANYI-3_24-Foto-768x432.jpg","width":768,"height":432,"mime-type":"image\/jpeg","filesize":24673,"url":"https:\/\/360mallorcaproperty.com\/wp-content\/uploads\/2023\/02\/SANTANYI-3_24-Foto-768x432.jpg"},"1536x1536":{"file":"SANTANYI-3_24-Foto-1536x864.jpg","width":1536,"height":864,"mime-type":"image\/jpeg","filesize":78274,"url":"https:\/\/360mallorcaproperty.com\/wp-content\/uploads\/2023\/02\/SANTANYI-3_24-Foto-1536x864.jpg"},"2048x2048":{"file":"SANTANYI-3_24-Foto-2048x1152.jpg","width":2048,"height":1152,"mime-type":"image\/jpeg","filesize":131722,"url":"https:\/\/360mallorcaproperty.com\/wp-content\/uploads\/2023\/02\/SANTANYI-3_24-Foto-2048x1152.jpg"},"post-thumbnail":{"file":"SANTANYI-3_24-Foto-150x84.jpg","width":150,"height":84,"mime-type":"image\/jpeg","filesize":2684,"url":"https:\/\/360mallorcaproperty.com\/wp-content\/uploads\/2023\/02\/SANTANYI-3_24-Foto-150x84.jpg"},"modern-property-child-slider":{"file":"SANTANYI-3_24-Foto-680x510.jpg","width":680,"height":510,"mime-type":"image\/jpeg","filesize":27408,"url":"https:\/\/360mallorcaproperty.com\/wp-content\/uploads\/2023\/02\/SANTANYI-3_24-Foto-680x510.jpg"},"property-thumb-image":{"file":"SANTANYI-3_24-Foto-488x326.jpg","width":488,"height":326,"mime-type":"image\/jpeg","filesize":15062,"url":"https:\/\/360mallorcaproperty.com\/wp-content\/uploads\/2023\/02\/SANTANYI-3_24-Foto-488x326.jpg"},"property-detail-video-image":{"file":"SANTANYI-3_24-Foto-818x417.jpg","width":818,"height":417,"mime-type":"image\/jpeg","filesize":25493,"url":"https:\/\/360mallorcaproperty.com\/wp-content\/uploads\/2023\/02\/SANTANYI-3_24-Foto-818x417.jpg"},"agent-image":{"file":"SANTANYI-3_24-Foto-210x210.jpg","width":210,"height":210,"mime-type":"image\/jpeg","filesize":6454,"url":"https:\/\/360mallorcaproperty.com\/wp-content\/uploads\/2023\/02\/SANTANYI-3_24-Foto-210x210.jpg"},"partners-logo":{"file":"SANTANYI-3_24-Foto-600x2160.jpg","width":600,"height":2160,"mime-type":"image\/jpeg","filesize":118750,"url":"https:\/\/360mallorcaproperty.com\/wp-content\/uploads\/2023\/02\/SANTANYI-3_24-Foto-600x2160.jpg"},"post-featured-image":{"file":"SANTANYI-3_24-Foto-1240x720.jpg","width":1240,"height":720,"mime-type":"image\/jpeg","filesize":56581,"url":"https:\/\/360mallorcaproperty.com\/wp-content\/uploads\/2023\/02\/SANTANYI-3_24-Foto-1240x720.jpg"}},"image_meta":{"aperture":"0","credit":"","camera":"","caption":"","created_timestamp":"0","copyright":"","focal_length":"0","iso":"0","shutter_speed":"0","title":"","orientation":"0","keywords":[]},"original_image":"SANTANYI-3_24-Foto.jpg","ID":"18188","name":"SANTANYI-3_24-Foto-scaled.jpg","path":"\/home\/mallorcaproperty\/public_html\/wp-content\/uploads\/2023\/02\/SANTANYI-3_24-Foto-scaled.jpg","url":"https:\/\/360mallorcaproperty.com\/wp-content\/uploads\/2023\/02\/SANTANYI-3_24-Foto-150x150.jpg","full_url":"https:\/\/360mallorcaproperty.com\/wp-content\/uploads\/2023\/02\/SANTANYI-3_24-Foto-scaled.jpg","title":"SANTANYI 3_24 - Foto","caption":"","description":"","alt":"","srcset":"https:\/\/360mallorcaproperty.com\/wp-content\/uploads\/2023\/02\/SANTANYI-3_24-Foto-150x150.jpg 150w, https:\/\/360mallorcaproperty.com\/wp-content\/uploads\/2023\/02\/SANTANYI-3_24-Foto-210x210.jpg 210w"},{"width":150,"height":150,"file":"2023\/02\/SANTANYI-3_26-Foto-scaled.jpg","filesize":294587,"sizes":{"medium":{"file":"SANTANYI-3_26-Foto-300x169.jpg","width":300,"height":169,"mime-type":"image\/jpeg","filesize":9290,"url":"https:\/\/360mallorcaproperty.com\/wp-content\/uploads\/2023\/02\/SANTANYI-3_26-Foto-300x169.jpg"},"large":{"file":"SANTANYI-3_26-Foto-1024x576.jpg","width":1024,"height":576,"mime-type":"image\/jpeg","filesize":61533,"url":"https:\/\/360mallorcaproperty.com\/wp-content\/uploads\/2023\/02\/SANTANYI-3_26-Foto-1024x576.jpg"},"thumbnail":{"file":"SANTANYI-3_26-Foto-150x150.jpg","width":150,"height":150,"mime-type":"image\/jpeg","filesize":5314,"url":"https:\/\/360mallorcaproperty.com\/wp-content\/uploads\/2023\/02\/SANTANYI-3_26-Foto-150x150.jpg"},"medium_large":{"file":"SANTANYI-3_26-Foto-768x432.jpg","width":768,"height":432,"mime-type":"image\/jpeg","filesize":38215,"url":"https:\/\/360mallorcaproperty.com\/wp-content\/uploads\/2023\/02\/SANTANYI-3_26-Foto-768x432.jpg"},"1536x1536":{"file":"SANTANYI-3_26-Foto-1536x864.jpg","width":1536,"height":864,"mime-type":"image\/jpeg","filesize":121974,"url":"https:\/\/360mallorcaproperty.com\/wp-content\/uploads\/2023\/02\/SANTANYI-3_26-Foto-1536x864.jpg"},"2048x2048":{"file":"SANTANYI-3_26-Foto-2048x1152.jpg","width":2048,"height":1152,"mime-type":"image\/jpeg","filesize":199343,"url":"https:\/\/360mallorcaproperty.com\/wp-content\/uploads\/2023\/02\/SANTANYI-3_26-Foto-2048x1152.jpg"},"post-thumbnail":{"file":"SANTANYI-3_26-Foto-150x84.jpg","width":150,"height":84,"mime-type":"image\/jpeg","filesize":3670,"url":"https:\/\/360mallorcaproperty.com\/wp-content\/uploads\/2023\/02\/SANTANYI-3_26-Foto-150x84.jpg"},"modern-property-child-slider":{"file":"SANTANYI-3_26-Foto-680x510.jpg","width":680,"height":510,"mime-type":"image\/jpeg","filesize":39535,"url":"https:\/\/360mallorcaproperty.com\/wp-content\/uploads\/2023\/02\/SANTANYI-3_26-Foto-680x510.jpg"},"property-thumb-image":{"file":"SANTANYI-3_26-Foto-488x326.jpg","width":488,"height":326,"mime-type":"image\/jpeg","filesize":22181,"url":"https:\/\/360mallorcaproperty.com\/wp-content\/uploads\/2023\/02\/SANTANYI-3_26-Foto-488x326.jpg"},"property-detail-video-image":{"file":"SANTANYI-3_26-Foto-818x417.jpg","width":818,"height":417,"mime-type":"image\/jpeg","filesize":39194,"url":"https:\/\/360mallorcaproperty.com\/wp-content\/uploads\/2023\/02\/SANTANYI-3_26-Foto-818x417.jpg"},"agent-image":{"file":"SANTANYI-3_26-Foto-210x210.jpg","width":210,"height":210,"mime-type":"image\/jpeg","filesize":8369,"url":"https:\/\/360mallorcaproperty.com\/wp-content\/uploads\/2023\/02\/SANTANYI-3_26-Foto-210x210.jpg"},"partners-logo":{"file":"SANTANYI-3_26-Foto-600x2160.jpg","width":600,"height":2160,"mime-type":"image\/jpeg","filesize":108515,"url":"https:\/\/360mallorcaproperty.com\/wp-content\/uploads\/2023\/02\/SANTANYI-3_26-Foto-600x2160.jpg"},"post-featured-image":{"file":"SANTANYI-3_26-Foto-1240x720.jpg","width":1240,"height":720,"mime-type":"image\/jpeg","filesize":90190,"url":"https:\/\/360mallorcaproperty.com\/wp-content\/uploads\/2023\/02\/SANTANYI-3_26-Foto-1240x720.jpg"}},"image_meta":{"aperture":"0","credit":"","camera":"","caption":"","created_timestamp":"0","copyright":"","focal_length":"0","iso":"0","shutter_speed":"0","title":"","orientation":"0","keywords":[]},"original_image":"SANTANYI-3_26-Foto.jpg","ID":"18191","name":"SANTANYI-3_26-Foto-scaled.jpg","path":"\/home\/mallorcaproperty\/public_html\/wp-content\/uploads\/2023\/02\/SANTANYI-3_26-Foto-scaled.jpg","url":"https:\/\/360mallorcaproperty.com\/wp-content\/uploads\/2023\/02\/SANTANYI-3_26-Foto-150x150.jpg","full_url":"https:\/\/360mallorcaproperty.com\/wp-content\/uploads\/2023\/02\/SANTANYI-3_26-Foto-scaled.jpg","title":"SANTANYI 3_26 - Foto","caption":"","description":"","alt":"","srcset":"https:\/\/360mallorcaproperty.com\/wp-content\/uploads\/2023\/02\/SANTANYI-3_26-Foto-150x150.jpg 150w, https:\/\/360mallorcaproperty.com\/wp-content\/uploads\/2023\/02\/SANTANYI-3_26-Foto-210x210.jpg 210w"},{"width":150,"height":150,"file":"2023\/02\/SANTANYI-3_27-Foto-scaled.jpg","filesize":264275,"sizes":{"medium":{"file":"SANTANYI-3_27-Foto-300x169.jpg","width":300,"height":169,"mime-type":"image\/jpeg","filesize":8751,"url":"https:\/\/360mallorcaproperty.com\/wp-content\/uploads\/2023\/02\/SANTANYI-3_27-Foto-300x169.jpg"},"large":{"file":"SANTANYI-3_27-Foto-1024x576.jpg","width":1024,"height":576,"mime-type":"image\/jpeg","filesize":57182,"url":"https:\/\/360mallorcaproperty.com\/wp-content\/uploads\/2023\/02\/SANTANYI-3_27-Foto-1024x576.jpg"},"thumbnail":{"file":"SANTANYI-3_27-Foto-150x150.jpg","width":150,"height":150,"mime-type":"image\/jpeg","filesize":4958,"url":"https:\/\/360mallorcaproperty.com\/wp-content\/uploads\/2023\/02\/SANTANYI-3_27-Foto-150x150.jpg"},"medium_large":{"file":"SANTANYI-3_27-Foto-768x432.jpg","width":768,"height":432,"mime-type":"image\/jpeg","filesize":35891,"url":"https:\/\/360mallorcaproperty.com\/wp-content\/uploads\/2023\/02\/SANTANYI-3_27-Foto-768x432.jpg"},"1536x1536":{"file":"SANTANYI-3_27-Foto-1536x864.jpg","width":1536,"height":864,"mime-type":"image\/jpeg","filesize":112058,"url":"https:\/\/360mallorcaproperty.com\/wp-content\/uploads\/2023\/02\/SANTANYI-3_27-Foto-1536x864.jpg"},"2048x2048":{"file":"SANTANYI-3_27-Foto-2048x1152.jpg","width":2048,"height":1152,"mime-type":"image\/jpeg","filesize":181473,"url":"https:\/\/360mallorcaproperty.com\/wp-content\/uploads\/2023\/02\/SANTANYI-3_27-Foto-2048x1152.jpg"},"post-thumbnail":{"file":"SANTANYI-3_27-Foto-150x84.jpg","width":150,"height":84,"mime-type":"image\/jpeg","filesize":3488,"url":"https:\/\/360mallorcaproperty.com\/wp-content\/uploads\/2023\/02\/SANTANYI-3_27-Foto-150x84.jpg"},"modern-property-child-slider":{"file":"SANTANYI-3_27-Foto-680x510.jpg","width":680,"height":510,"mime-type":"image\/jpeg","filesize":38882,"url":"https:\/\/360mallorcaproperty.com\/wp-content\/uploads\/2023\/02\/SANTANYI-3_27-Foto-680x510.jpg"},"property-thumb-image":{"file":"SANTANYI-3_27-Foto-488x326.jpg","width":488,"height":326,"mime-type":"image\/jpeg","filesize":20892,"url":"https:\/\/360mallorcaproperty.com\/wp-content\/uploads\/2023\/02\/SANTANYI-3_27-Foto-488x326.jpg"},"property-detail-video-image":{"file":"SANTANYI-3_27-Foto-818x417.jpg","width":818,"height":417,"mime-type":"image\/jpeg","filesize":37029,"url":"https:\/\/360mallorcaproperty.com\/wp-content\/uploads\/2023\/02\/SANTANYI-3_27-Foto-818x417.jpg"},"agent-image":{"file":"SANTANYI-3_27-Foto-210x210.jpg","width":210,"height":210,"mime-type":"image\/jpeg","filesize":7992,"url":"https:\/\/360mallorcaproperty.com\/wp-content\/uploads\/2023\/02\/SANTANYI-3_27-Foto-210x210.jpg"},"partners-logo":{"file":"SANTANYI-3_27-Foto-600x2160.jpg","width":600,"height":2160,"mime-type":"image\/jpeg","filesize":90936,"url":"https:\/\/360mallorcaproperty.com\/wp-content\/uploads\/2023\/02\/SANTANYI-3_27-Foto-600x2160.jpg"},"post-featured-image":{"file":"SANTANYI-3_27-Foto-1240x720.jpg","width":1240,"height":720,"mime-type":"image\/jpeg","filesize":82921,"url":"https:\/\/360mallorcaproperty.com\/wp-content\/uploads\/2023\/02\/SANTANYI-3_27-Foto-1240x720.jpg"}},"image_meta":{"aperture":"0","credit":"","camera":"","caption":"","created_timestamp":"0","copyright":"","focal_length":"0","iso":"0","shutter_speed":"0","title":"","orientation":"0","keywords":[]},"original_image":"SANTANYI-3_27-Foto.jpg","ID":"18194","name":"SANTANYI-3_27-Foto-scaled.jpg","path":"\/home\/mallorcaproperty\/public_html\/wp-content\/uploads\/2023\/02\/SANTANYI-3_27-Foto-scaled.jpg","url":"https:\/\/360mallorcaproperty.com\/wp-content\/uploads\/2023\/02\/SANTANYI-3_27-Foto-150x150.jpg","full_url":"https:\/\/360mallorcaproperty.com\/wp-content\/uploads\/2023\/02\/SANTANYI-3_27-Foto-scaled.jpg","title":"SANTANYI 3_27 - Foto","caption":"","description":"","alt":"","srcset":"https:\/\/360mallorcaproperty.com\/wp-content\/uploads\/2023\/02\/SANTANYI-3_27-Foto-150x150.jpg 150w, https:\/\/360mallorcaproperty.com\/wp-content\/uploads\/2023\/02\/SANTANYI-3_27-Foto-210x210.jpg 210w"},{"width":150,"height":150,"file":"2023\/02\/IMG_9398.jpg","filesize":1113400,"sizes":{"medium":{"file":"IMG_9398-300x225.jpg","width":300,"height":225,"mime-type":"image\/jpeg","filesize":16288,"url":"https:\/\/360mallorcaproperty.com\/wp-content\/uploads\/2023\/02\/IMG_9398-300x225.jpg"},"large":{"file":"IMG_9398-1024x768.jpg","width":1024,"height":768,"mime-type":"image\/jpeg","filesize":138262,"url":"https:\/\/360mallorcaproperty.com\/wp-content\/uploads\/2023\/02\/IMG_9398-1024x768.jpg"},"thumbnail":{"file":"IMG_9398-150x150.jpg","width":150,"height":150,"mime-type":"image\/jpeg","filesize":6684,"url":"https:\/\/360mallorcaproperty.com\/wp-content\/uploads\/2023\/02\/IMG_9398-150x150.jpg"},"medium_large":{"file":"IMG_9398-768x576.jpg","width":768,"height":576,"mime-type":"image\/jpeg","filesize":82177,"url":"https:\/\/360mallorcaproperty.com\/wp-content\/uploads\/2023\/02\/IMG_9398-768x576.jpg"},"1536x1536":{"file":"IMG_9398-1536x1152.jpg","width":1536,"height":1152,"mime-type":"image\/jpeg","filesize":284773,"url":"https:\/\/360mallorcaproperty.com\/wp-content\/uploads\/2023\/02\/IMG_9398-1536x1152.jpg"},"post-thumbnail":{"file":"IMG_9398-150x113.jpg","width":150,"height":113,"mime-type":"image\/jpeg","filesize":5420,"url":"https:\/\/360mallorcaproperty.com\/wp-content\/uploads\/2023\/02\/IMG_9398-150x113.jpg"},"modern-property-child-slider":{"file":"IMG_9398-680x510.jpg","width":680,"height":510,"mime-type":"image\/jpeg","filesize":66044,"url":"https:\/\/360mallorcaproperty.com\/wp-content\/uploads\/2023\/02\/IMG_9398-680x510.jpg"},"property-thumb-image":{"file":"IMG_9398-488x326.jpg","width":488,"height":326,"mime-type":"image\/jpeg","filesize":33449,"url":"https:\/\/360mallorcaproperty.com\/wp-content\/uploads\/2023\/02\/IMG_9398-488x326.jpg"},"property-detail-video-image":{"file":"IMG_9398-818x417.jpg","width":818,"height":417,"mime-type":"image\/jpeg","filesize":65878,"url":"https:\/\/360mallorcaproperty.com\/wp-content\/uploads\/2023\/02\/IMG_9398-818x417.jpg"},"agent-image":{"file":"IMG_9398-210x210.jpg","width":210,"height":210,"mime-type":"image\/jpeg","filesize":11480,"url":"https:\/\/360mallorcaproperty.com\/wp-content\/uploads\/2023\/02\/IMG_9398-210x210.jpg"},"partners-logo":{"file":"IMG_9398-600x1512.jpg","width":600,"height":1512,"mime-type":"image\/jpeg","filesize":156241,"url":"https:\/\/360mallorcaproperty.com\/wp-content\/uploads\/2023\/02\/IMG_9398-600x1512.jpg"},"post-featured-image":{"file":"IMG_9398-1240x720.jpg","width":1240,"height":720,"mime-type":"image\/jpeg","filesize":155158,"url":"https:\/\/360mallorcaproperty.com\/wp-content\/uploads\/2023\/02\/IMG_9398-1240x720.jpg"}},"image_meta":{"aperture":"0","credit":"","camera":"","caption":"","created_timestamp":"0","copyright":"","focal_length":"0","iso":"0","shutter_speed":"0","title":"","orientation":"1","keywords":[]},"ID":"31082","name":"IMG_9398.jpg","path":"\/home\/mallorcaproperty\/public_html\/wp-content\/uploads\/2023\/02\/IMG_9398.jpg","url":"https:\/\/360mallorcaproperty.com\/wp-content\/uploads\/2023\/02\/IMG_9398-150x150.jpg","full_url":"https:\/\/360mallorcaproperty.com\/wp-content\/uploads\/2023\/02\/IMG_9398.jpg","title":"IMG_9398","caption":"","description":"","alt":"","srcset":"https:\/\/360mallorcaproperty.com\/wp-content\/uploads\/2023\/02\/IMG_9398-150x150.jpg 150w, https:\/\/360mallorcaproperty.com\/wp-content\/uploads\/2023\/02\/IMG_9398-210x210.jpg 210w"},{"width":150,"height":150,"file":"2023\/02\/IMG_9407.jpg","filesize":1414115,"sizes":{"medium":{"file":"IMG_9407-300x199.jpg","width":300,"height":199,"mime-type":"image\/jpeg","filesize":19051,"url":"https:\/\/360mallorcaproperty.com\/wp-content\/uploads\/2023\/02\/IMG_9407-300x199.jpg"},"large":{"file":"IMG_9407-1024x679.jpg","width":1024,"height":679,"mime-type":"image\/jpeg","filesize":192939,"url":"https:\/\/360mallorcaproperty.com\/wp-content\/uploads\/2023\/02\/IMG_9407-1024x679.jpg"},"thumbnail":{"file":"IMG_9407-150x150.jpg","width":150,"height":150,"mime-type":"image\/jpeg","filesize":8330,"url":"https:\/\/360mallorcaproperty.com\/wp-content\/uploads\/2023\/02\/IMG_9407-150x150.jpg"},"medium_large":{"file":"IMG_9407-768x509.jpg","width":768,"height":509,"mime-type":"image\/jpeg","filesize":112079,"url":"https:\/\/360mallorcaproperty.com\/wp-content\/uploads\/2023\/02\/IMG_9407-768x509.jpg"},"1536x1536":{"file":"IMG_9407-1536x1018.jpg","width":1536,"height":1018,"mime-type":"image\/jpeg","filesize":403509,"url":"https:\/\/360mallorcaproperty.com\/wp-content\/uploads\/2023\/02\/IMG_9407-1536x1018.jpg"},"post-thumbnail":{"file":"IMG_9407-150x99.jpg","width":150,"height":99,"mime-type":"image\/jpeg","filesize":5841,"url":"https:\/\/360mallorcaproperty.com\/wp-content\/uploads\/2023\/02\/IMG_9407-150x99.jpg"},"modern-property-child-slider":{"file":"IMG_9407-680x510.jpg","width":680,"height":510,"mime-type":"image\/jpeg","filesize":101528,"url":"https:\/\/360mallorcaproperty.com\/wp-content\/uploads\/2023\/02\/IMG_9407-680x510.jpg"},"property-thumb-image":{"file":"IMG_9407-488x326.jpg","width":488,"height":326,"mime-type":"image\/jpeg","filesize":47697,"url":"https:\/\/360mallorcaproperty.com\/wp-content\/uploads\/2023\/02\/IMG_9407-488x326.jpg"},"property-detail-video-image":{"file":"IMG_9407-818x417.jpg","width":818,"height":417,"mime-type":"image\/jpeg","filesize":105722,"url":"https:\/\/360mallorcaproperty.com\/wp-content\/uploads\/2023\/02\/IMG_9407-818x417.jpg"},"agent-image":{"file":"IMG_9407-210x210.jpg","width":210,"height":210,"mime-type":"image\/jpeg","filesize":15222,"url":"https:\/\/360mallorcaproperty.com\/wp-content\/uploads\/2023\/02\/IMG_9407-210x210.jpg"},"partners-logo":{"file":"IMG_9407-600x1334.jpg","width":600,"height":1334,"mime-type":"image\/jpeg","filesize":259055,"url":"https:\/\/360mallorcaproperty.com\/wp-content\/uploads\/2023\/02\/IMG_9407-600x1334.jpg"},"post-featured-image":{"file":"IMG_9407-1240x720.jpg","width":1240,"height":720,"mime-type":"image\/jpeg","filesize":247771,"url":"https:\/\/360mallorcaproperty.com\/wp-content\/uploads\/2023\/02\/IMG_9407-1240x720.jpg"}},"image_meta":{"aperture":"0","credit":"","camera":"","caption":"","created_timestamp":"0","copyright":"","focal_length":"0","iso":"0","shutter_speed":"0","title":"","orientation":"1","keywords":[]},"ID":"31100","name":"IMG_9407.jpg","path":"\/home\/mallorcaproperty\/public_html\/wp-content\/uploads\/2023\/02\/IMG_9407.jpg","url":"https:\/\/360mallorcaproperty.com\/wp-content\/uploads\/2023\/02\/IMG_9407-150x150.jpg","full_url":"https:\/\/360mallorcaproperty.com\/wp-content\/uploads\/2023\/02\/IMG_9407.jpg","title":"IMG_9407","caption":"","description":"","alt":"","srcset":"https:\/\/360mallorcaproperty.com\/wp-content\/uploads\/2023\/02\/IMG_9407-150x150.jpg 150w, https:\/\/360mallorcaproperty.com\/wp-content\/uploads\/2023\/02\/IMG_9407-210x210.jpg 210w"},{"width":150,"height":150,"file":"2023\/02\/IMG_9385.jpg","filesize":972939,"sizes":{"medium":{"file":"IMG_9385-300x225.jpg","width":300,"height":225,"mime-type":"image\/jpeg","filesize":11949,"url":"https:\/\/360mallorcaproperty.com\/wp-content\/uploads\/2023\/02\/IMG_9385-300x225.jpg"},"large":{"file":"IMG_9385-1024x768.jpg","width":1024,"height":768,"mime-type":"image\/jpeg","filesize":118842,"url":"https:\/\/360mallorcaproperty.com\/wp-content\/uploads\/2023\/02\/IMG_9385-1024x768.jpg"},"thumbnail":{"file":"IMG_9385-150x150.jpg","width":150,"height":150,"mime-type":"image\/jpeg","filesize":4789,"url":"https:\/\/360mallorcaproperty.com\/wp-content\/uploads\/2023\/02\/IMG_9385-150x150.jpg"},"medium_large":{"file":"IMG_9385-768x576.jpg","width":768,"height":576,"mime-type":"image\/jpeg","filesize":67238,"url":"https:\/\/360mallorcaproperty.com\/wp-content\/uploads\/2023\/02\/IMG_9385-768x576.jpg"},"1536x1536":{"file":"IMG_9385-1536x1152.jpg","width":1536,"height":1152,"mime-type":"image\/jpeg","filesize":259815,"url":"https:\/\/360mallorcaproperty.com\/wp-content\/uploads\/2023\/02\/IMG_9385-1536x1152.jpg"},"post-thumbnail":{"file":"IMG_9385-150x113.jpg","width":150,"height":113,"mime-type":"image\/jpeg","filesize":4173,"url":"https:\/\/360mallorcaproperty.com\/wp-content\/uploads\/2023\/02\/IMG_9385-150x113.jpg"},"modern-property-child-slider":{"file":"IMG_9385-680x510.jpg","width":680,"height":510,"mime-type":"image\/jpeg","filesize":53223,"url":"https:\/\/360mallorcaproperty.com\/wp-content\/uploads\/2023\/02\/IMG_9385-680x510.jpg"},"property-thumb-image":{"file":"IMG_9385-488x326.jpg","width":488,"height":326,"mime-type":"image\/jpeg","filesize":25555,"url":"https:\/\/360mallorcaproperty.com\/wp-content\/uploads\/2023\/02\/IMG_9385-488x326.jpg"},"property-detail-video-image":{"file":"IMG_9385-818x417.jpg","width":818,"height":417,"mime-type":"image\/jpeg","filesize":56790,"url":"https:\/\/360mallorcaproperty.com\/wp-content\/uploads\/2023\/02\/IMG_9385-818x417.jpg"},"agent-image":{"file":"IMG_9385-210x210.jpg","width":210,"height":210,"mime-type":"image\/jpeg","filesize":8228,"url":"https:\/\/360mallorcaproperty.com\/wp-content\/uploads\/2023\/02\/IMG_9385-210x210.jpg"},"partners-logo":{"file":"IMG_9385-600x1512.jpg","width":600,"height":1512,"mime-type":"image\/jpeg","filesize":190747,"url":"https:\/\/360mallorcaproperty.com\/wp-content\/uploads\/2023\/02\/IMG_9385-600x1512.jpg"},"post-featured-image":{"file":"IMG_9385-1240x720.jpg","width":1240,"height":720,"mime-type":"image\/jpeg","filesize":139658,"url":"https:\/\/360mallorcaproperty.com\/wp-content\/uploads\/2023\/02\/IMG_9385-1240x720.jpg"}},"image_meta":{"aperture":"0","credit":"","camera":"","caption":"","created_timestamp":"0","copyright":"","focal_length":"0","iso":"0","shutter_speed":"0","title":"","orientation":"1","keywords":[]},"ID":"31067","name":"IMG_9385.jpg","path":"\/home\/mallorcaproperty\/public_html\/wp-content\/uploads\/2023\/02\/IMG_9385.jpg","url":"https:\/\/360mallorcaproperty.com\/wp-content\/uploads\/2023\/02\/IMG_9385-150x150.jpg","full_url":"https:\/\/360mallorcaproperty.com\/wp-content\/uploads\/2023\/02\/IMG_9385.jpg","title":"IMG_9385","caption":"","description":"","alt":"","srcset":"https:\/\/360mallorcaproperty.com\/wp-content\/uploads\/2023\/02\/IMG_9385-150x150.jpg 150w, https:\/\/360mallorcaproperty.com\/wp-content\/uploads\/2023\/02\/IMG_9385-210x210.jpg 210w"},{"width":150,"height":150,"file":"2023\/02\/IMG_9372.jpg","filesize":1127921,"sizes":{"medium":{"file":"IMG_9372-300x210.jpg","width":300,"height":210,"mime-type":"image\/jpeg","filesize":15345,"url":"https:\/\/360mallorcaproperty.com\/wp-content\/uploads\/2023\/02\/IMG_9372-300x210.jpg"},"large":{"file":"IMG_9372-1024x716.jpg","width":1024,"height":716,"mime-type":"image\/jpeg","filesize":141752,"url":"https:\/\/360mallorcaproperty.com\/wp-content\/uploads\/2023\/02\/IMG_9372-1024x716.jpg"},"thumbnail":{"file":"IMG_9372-150x150.jpg","width":150,"height":150,"mime-type":"image\/jpeg","filesize":6295,"url":"https:\/\/360mallorcaproperty.com\/wp-content\/uploads\/2023\/02\/IMG_9372-150x150.jpg"},"medium_large":{"file":"IMG_9372-768x537.jpg","width":768,"height":537,"mime-type":"image\/jpeg","filesize":82705,"url":"https:\/\/360mallorcaproperty.com\/wp-content\/uploads\/2023\/02\/IMG_9372-768x537.jpg"},"1536x1536":{"file":"IMG_9372-1536x1074.jpg","width":1536,"height":1074,"mime-type":"image\/jpeg","filesize":299996,"url":"https:\/\/360mallorcaproperty.com\/wp-content\/uploads\/2023\/02\/IMG_9372-1536x1074.jpg"},"post-thumbnail":{"file":"IMG_9372-150x105.jpg","width":150,"height":105,"mime-type":"image\/jpeg","filesize":5099,"url":"https:\/\/360mallorcaproperty.com\/wp-content\/uploads\/2023\/02\/IMG_9372-150x105.jpg"},"modern-property-child-slider":{"file":"IMG_9372-680x510.jpg","width":680,"height":510,"mime-type":"image\/jpeg","filesize":69652,"url":"https:\/\/360mallorcaproperty.com\/wp-content\/uploads\/2023\/02\/IMG_9372-680x510.jpg"},"property-thumb-image":{"file":"IMG_9372-488x326.jpg","width":488,"height":326,"mime-type":"image\/jpeg","filesize":34558,"url":"https:\/\/360mallorcaproperty.com\/wp-content\/uploads\/2023\/02\/IMG_9372-488x326.jpg"},"property-detail-video-image":{"file":"IMG_9372-818x417.jpg","width":818,"height":417,"mime-type":"image\/jpeg","filesize":71363,"url":"https:\/\/360mallorcaproperty.com\/wp-content\/uploads\/2023\/02\/IMG_9372-818x417.jpg"},"agent-image":{"file":"IMG_9372-210x210.jpg","width":210,"height":210,"mime-type":"image\/jpeg","filesize":10942,"url":"https:\/\/360mallorcaproperty.com\/wp-content\/uploads\/2023\/02\/IMG_9372-210x210.jpg"},"partners-logo":{"file":"IMG_9372-600x1408.jpg","width":600,"height":1408,"mime-type":"image\/jpeg","filesize":194122,"url":"https:\/\/360mallorcaproperty.com\/wp-content\/uploads\/2023\/02\/IMG_9372-600x1408.jpg"},"post-featured-image":{"file":"IMG_9372-1240x720.jpg","width":1240,"height":720,"mime-type":"image\/jpeg","filesize":171088,"url":"https:\/\/360mallorcaproperty.com\/wp-content\/uploads\/2023\/02\/IMG_9372-1240x720.jpg"}},"image_meta":{"aperture":"0","credit":"","camera":"","caption":"","created_timestamp":"0","copyright":"","focal_length":"0","iso":"0","shutter_speed":"0","title":"","orientation":"1","keywords":[]},"ID":"31037","name":"IMG_9372.jpg","path":"\/home\/mallorcaproperty\/public_html\/wp-content\/uploads\/2023\/02\/IMG_9372.jpg","url":"https:\/\/360mallorcaproperty.com\/wp-content\/uploads\/2023\/02\/IMG_9372-150x150.jpg","full_url":"https:\/\/360mallorcaproperty.com\/wp-content\/uploads\/2023\/02\/IMG_9372.jpg","title":"IMG_9372","caption":"","description":"","alt":"","srcset":"https:\/\/360mallorcaproperty.com\/wp-content\/uploads\/2023\/02\/IMG_9372-150x150.jpg 150w, https:\/\/360mallorcaproperty.com\/wp-content\/uploads\/2023\/02\/IMG_9372-210x210.jpg 210w"},{"width":150,"height":150,"file":"2023\/02\/IMG_9371.jpg","filesize":857194,"sizes":{"medium":{"file":"IMG_9371-300x225.jpg","width":300,"height":225,"mime-type":"image\/jpeg","filesize":15696,"url":"https:\/\/360mallorcaproperty.com\/wp-content\/uploads\/2023\/02\/IMG_9371-300x225.jpg"},"large":{"file":"IMG_9371-1024x768.jpg","width":1024,"height":768,"mime-type":"image\/jpeg","filesize":115763,"url":"https:\/\/360mallorcaproperty.com\/wp-content\/uploads\/2023\/02\/IMG_9371-1024x768.jpg"},"thumbnail":{"file":"IMG_9371-150x150.jpg","width":150,"height":150,"mime-type":"image\/jpeg","filesize":6707,"url":"https:\/\/360mallorcaproperty.com\/wp-content\/uploads\/2023\/02\/IMG_9371-150x150.jpg"},"medium_large":{"file":"IMG_9371-768x576.jpg","width":768,"height":576,"mime-type":"image\/jpeg","filesize":71057,"url":"https:\/\/360mallorcaproperty.com\/wp-content\/uploads\/2023\/02\/IMG_9371-768x576.jpg"},"1536x1536":{"file":"IMG_9371-1536x1152.jpg","width":1536,"height":1152,"mime-type":"image\/jpeg","filesize":231708,"url":"https:\/\/360mallorcaproperty.com\/wp-content\/uploads\/2023\/02\/IMG_9371-1536x1152.jpg"},"post-thumbnail":{"file":"IMG_9371-150x113.jpg","width":150,"height":113,"mime-type":"image\/jpeg","filesize":5586,"url":"https:\/\/360mallorcaproperty.com\/wp-content\/uploads\/2023\/02\/IMG_9371-150x113.jpg"},"modern-property-child-slider":{"file":"IMG_9371-680x510.jpg","width":680,"height":510,"mime-type":"image\/jpeg","filesize":58075,"url":"https:\/\/360mallorcaproperty.com\/wp-content\/uploads\/2023\/02\/IMG_9371-680x510.jpg"},"property-thumb-image":{"file":"IMG_9371-488x326.jpg","width":488,"height":326,"mime-type":"image\/jpeg","filesize":31264,"url":"https:\/\/360mallorcaproperty.com\/wp-content\/uploads\/2023\/02\/IMG_9371-488x326.jpg"},"property-detail-video-image":{"file":"IMG_9371-818x417.jpg","width":818,"height":417,"mime-type":"image\/jpeg","filesize":60986,"url":"https:\/\/360mallorcaproperty.com\/wp-content\/uploads\/2023\/02\/IMG_9371-818x417.jpg"},"agent-image":{"file":"IMG_9371-210x210.jpg","width":210,"height":210,"mime-type":"image\/jpeg","filesize":11191,"url":"https:\/\/360mallorcaproperty.com\/wp-content\/uploads\/2023\/02\/IMG_9371-210x210.jpg"},"partners-logo":{"file":"IMG_9371-600x1512.jpg","width":600,"height":1512,"mime-type":"image\/jpeg","filesize":131272,"url":"https:\/\/360mallorcaproperty.com\/wp-content\/uploads\/2023\/02\/IMG_9371-600x1512.jpg"},"post-featured-image":{"file":"IMG_9371-1240x720.jpg","width":1240,"height":720,"mime-type":"image\/jpeg","filesize":134044,"url":"https:\/\/360mallorcaproperty.com\/wp-content\/uploads\/2023\/02\/IMG_9371-1240x720.jpg"}},"image_meta":{"aperture":"0","credit":"","camera":"","caption":"","created_timestamp":"0","copyright":"","focal_length":"0","iso":"0","shutter_speed":"0","title":"","orientation":"1","keywords":[]},"ID":"31034","name":"IMG_9371.jpg","path":"\/home\/mallorcaproperty\/public_html\/wp-content\/uploads\/2023\/02\/IMG_9371.jpg","url":"https:\/\/360mallorcaproperty.com\/wp-content\/uploads\/2023\/02\/IMG_9371-150x150.jpg","full_url":"https:\/\/360mallorcaproperty.com\/wp-content\/uploads\/2023\/02\/IMG_9371.jpg","title":"IMG_9371","caption":"","description":"","alt":"","srcset":"https:\/\/360mallorcaproperty.com\/wp-content\/uploads\/2023\/02\/IMG_9371-150x150.jpg 150w, https:\/\/360mallorcaproperty.com\/wp-content\/uploads\/2023\/02\/IMG_9371-210x210.jpg 210w"},{"width":150,"height":150,"file":"2023\/02\/IMG_9373.jpg","filesize":865366,"sizes":{"medium":{"file":"IMG_9373-300x225.jpg","width":300,"height":225,"mime-type":"image\/jpeg","filesize":14063,"url":"https:\/\/360mallorcaproperty.com\/wp-content\/uploads\/2023\/02\/IMG_9373-300x225.jpg"},"large":{"file":"IMG_9373-1024x768.jpg","width":1024,"height":768,"mime-type":"image\/jpeg","filesize":111494,"url":"https:\/\/360mallorcaproperty.com\/wp-content\/uploads\/2023\/02\/IMG_9373-1024x768.jpg"},"thumbnail":{"file":"IMG_9373-150x150.jpg","width":150,"height":150,"mime-type":"image\/jpeg","filesize":6431,"url":"https:\/\/360mallorcaproperty.com\/wp-content\/uploads\/2023\/02\/IMG_9373-150x150.jpg"},"medium_large":{"file":"IMG_9373-768x576.jpg","width":768,"height":576,"mime-type":"image\/jpeg","filesize":67189,"url":"https:\/\/360mallorcaproperty.com\/wp-content\/uploads\/2023\/02\/IMG_9373-768x576.jpg"},"1536x1536":{"file":"IMG_9373-1536x1152.jpg","width":1536,"height":1152,"mime-type":"image\/jpeg","filesize":228705,"url":"https:\/\/360mallorcaproperty.com\/wp-content\/uploads\/2023\/02\/IMG_9373-1536x1152.jpg"},"post-thumbnail":{"file":"IMG_9373-150x113.jpg","width":150,"height":113,"mime-type":"image\/jpeg","filesize":5073,"url":"https:\/\/360mallorcaproperty.com\/wp-content\/uploads\/2023\/02\/IMG_9373-150x113.jpg"},"modern-property-child-slider":{"file":"IMG_9373-680x510.jpg","width":680,"height":510,"mime-type":"image\/jpeg","filesize":54641,"url":"https:\/\/360mallorcaproperty.com\/wp-content\/uploads\/2023\/02\/IMG_9373-680x510.jpg"},"property-thumb-image":{"file":"IMG_9373-488x326.jpg","width":488,"height":326,"mime-type":"image\/jpeg","filesize":28259,"url":"https:\/\/360mallorcaproperty.com\/wp-content\/uploads\/2023\/02\/IMG_9373-488x326.jpg"},"property-detail-video-image":{"file":"IMG_9373-818x417.jpg","width":818,"height":417,"mime-type":"image\/jpeg","filesize":55497,"url":"https:\/\/360mallorcaproperty.com\/wp-content\/uploads\/2023\/02\/IMG_9373-818x417.jpg"},"agent-image":{"file":"IMG_9373-210x210.jpg","width":210,"height":210,"mime-type":"image\/jpeg","filesize":10714,"url":"https:\/\/360mallorcaproperty.com\/wp-content\/uploads\/2023\/02\/IMG_9373-210x210.jpg"},"partners-logo":{"file":"IMG_9373-600x1512.jpg","width":600,"height":1512,"mime-type":"image\/jpeg","filesize":144359,"url":"https:\/\/360mallorcaproperty.com\/wp-content\/uploads\/2023\/02\/IMG_9373-600x1512.jpg"},"post-featured-image":{"file":"IMG_9373-1240x720.jpg","width":1240,"height":720,"mime-type":"image\/jpeg","filesize":125988,"url":"https:\/\/360mallorcaproperty.com\/wp-content\/uploads\/2023\/02\/IMG_9373-1240x720.jpg"}},"image_meta":{"aperture":"0","credit":"","camera":"","caption":"","created_timestamp":"0","copyright":"","focal_length":"0","iso":"0","shutter_speed":"0","title":"","orientation":"1","keywords":[]},"ID":"31040","name":"IMG_9373.jpg","path":"\/home\/mallorcaproperty\/public_html\/wp-content\/uploads\/2023\/02\/IMG_9373.jpg","url":"https:\/\/360mallorcaproperty.com\/wp-content\/uploads\/2023\/02\/IMG_9373-150x150.jpg","full_url":"https:\/\/360mallorcaproperty.com\/wp-content\/uploads\/2023\/02\/IMG_9373.jpg","title":"IMG_9373","caption":"","description":"","alt":"","srcset":"https:\/\/360mallorcaproperty.com\/wp-content\/uploads\/2023\/02\/IMG_9373-150x150.jpg 150w, https:\/\/360mallorcaproperty.com\/wp-content\/uploads\/2023\/02\/IMG_9373-210x210.jpg 210w"},{"width":150,"height":150,"file":"2023\/02\/IMG_9379.jpg","filesize":453085,"sizes":{"medium":{"file":"IMG_9379-300x226.jpg","width":300,"height":226,"mime-type":"image\/jpeg","filesize":11826,"url":"https:\/\/360mallorcaproperty.com\/wp-content\/uploads\/2023\/02\/IMG_9379-300x226.jpg"},"large":{"file":"IMG_9379-1024x773.jpg","width":1024,"height":773,"mime-type":"image\/jpeg","filesize":82970,"url":"https:\/\/360mallorcaproperty.com\/wp-content\/uploads\/2023\/02\/IMG_9379-1024x773.jpg"},"thumbnail":{"file":"IMG_9379-150x150.jpg","width":150,"height":150,"mime-type":"image\/jpeg","filesize":5448,"url":"https:\/\/360mallorcaproperty.com\/wp-content\/uploads\/2023\/02\/IMG_9379-150x150.jpg"},"medium_large":{"file":"IMG_9379-768x580.jpg","width":768,"height":580,"mime-type":"image\/jpeg","filesize":51417,"url":"https:\/\/360mallorcaproperty.com\/wp-content\/uploads\/2023\/02\/IMG_9379-768x580.jpg"},"1536x1536":{"file":"IMG_9379-1536x1159.jpg","width":1536,"height":1159,"mime-type":"image\/jpeg","filesize":163984,"url":"https:\/\/360mallorcaproperty.com\/wp-content\/uploads\/2023\/02\/IMG_9379-1536x1159.jpg"},"post-thumbnail":{"file":"IMG_9379-150x113.jpg","width":150,"height":113,"mime-type":"image\/jpeg","filesize":4410,"url":"https:\/\/360mallorcaproperty.com\/wp-content\/uploads\/2023\/02\/IMG_9379-150x113.jpg"},"modern-property-child-slider":{"file":"IMG_9379-680x510.jpg","width":680,"height":510,"mime-type":"image\/jpeg","filesize":41910,"url":"https:\/\/360mallorcaproperty.com\/wp-content\/uploads\/2023\/02\/IMG_9379-680x510.jpg"},"property-thumb-image":{"file":"IMG_9379-488x326.jpg","width":488,"height":326,"mime-type":"image\/jpeg","filesize":23318,"url":"https:\/\/360mallorcaproperty.com\/wp-content\/uploads\/2023\/02\/IMG_9379-488x326.jpg"},"property-detail-video-image":{"file":"IMG_9379-818x417.jpg","width":818,"height":417,"mime-type":"image\/jpeg","filesize":47187,"url":"https:\/\/360mallorcaproperty.com\/wp-content\/uploads\/2023\/02\/IMG_9379-818x417.jpg"},"agent-image":{"file":"IMG_9379-210x210.jpg","width":210,"height":210,"mime-type":"image\/jpeg","filesize":8923,"url":"https:\/\/360mallorcaproperty.com\/wp-content\/uploads\/2023\/02\/IMG_9379-210x210.jpg"},"partners-logo":{"file":"IMG_9379-600x1318.jpg","width":600,"height":1318,"mime-type":"image\/jpeg","filesize":99597,"url":"https:\/\/360mallorcaproperty.com\/wp-content\/uploads\/2023\/02\/IMG_9379-600x1318.jpg"},"post-featured-image":{"file":"IMG_9379-1240x720.jpg","width":1240,"height":720,"mime-type":"image\/jpeg","filesize":97616,"url":"https:\/\/360mallorcaproperty.com\/wp-content\/uploads\/2023\/02\/IMG_9379-1240x720.jpg"}},"image_meta":{"aperture":"0","credit":"","camera":"","caption":"","created_timestamp":"0","copyright":"","focal_length":"0","iso":"0","shutter_speed":"0","title":"","orientation":"1","keywords":[]},"ID":"31052","name":"IMG_9379.jpg","path":"\/home\/mallorcaproperty\/public_html\/wp-content\/uploads\/2023\/02\/IMG_9379.jpg","url":"https:\/\/360mallorcaproperty.com\/wp-content\/uploads\/2023\/02\/IMG_9379-150x150.jpg","full_url":"https:\/\/360mallorcaproperty.com\/wp-content\/uploads\/2023\/02\/IMG_9379.jpg","title":"IMG_9379","caption":"","description":"","alt":"","srcset":"https:\/\/360mallorcaproperty.com\/wp-content\/uploads\/2023\/02\/IMG_9379-150x150.jpg 150w, https:\/\/360mallorcaproperty.com\/wp-content\/uploads\/2023\/02\/IMG_9379-210x210.jpg 210w"},{"width":150,"height":150,"file":"2023\/02\/IMG_9380.jpg","filesize":883347,"sizes":{"medium":{"file":"IMG_9380-300x225.jpg","width":300,"height":225,"mime-type":"image\/jpeg","filesize":14830,"url":"https:\/\/360mallorcaproperty.com\/wp-content\/uploads\/2023\/02\/IMG_9380-300x225.jpg"},"large":{"file":"IMG_9380-1024x768.jpg","width":1024,"height":768,"mime-type":"image\/jpeg","filesize":108392,"url":"https:\/\/360mallorcaproperty.com\/wp-content\/uploads\/2023\/02\/IMG_9380-1024x768.jpg"},"thumbnail":{"file":"IMG_9380-150x150.jpg","width":150,"height":150,"mime-type":"image\/jpeg","filesize":6652,"url":"https:\/\/360mallorcaproperty.com\/wp-content\/uploads\/2023\/02\/IMG_9380-150x150.jpg"},"medium_large":{"file":"IMG_9380-768x576.jpg","width":768,"height":576,"mime-type":"image\/jpeg","filesize":66281,"url":"https:\/\/360mallorcaproperty.com\/wp-content\/uploads\/2023\/02\/IMG_9380-768x576.jpg"},"1536x1536":{"file":"IMG_9380-1536x1152.jpg","width":1536,"height":1152,"mime-type":"image\/jpeg","filesize":217805,"url":"https:\/\/360mallorcaproperty.com\/wp-content\/uploads\/2023\/02\/IMG_9380-1536x1152.jpg"},"post-thumbnail":{"file":"IMG_9380-150x113.jpg","width":150,"height":113,"mime-type":"image\/jpeg","filesize":5418,"url":"https:\/\/360mallorcaproperty.com\/wp-content\/uploads\/2023\/02\/IMG_9380-150x113.jpg"},"modern-property-child-slider":{"file":"IMG_9380-680x510.jpg","width":680,"height":510,"mime-type":"image\/jpeg","filesize":54104,"url":"https:\/\/360mallorcaproperty.com\/wp-content\/uploads\/2023\/02\/IMG_9380-680x510.jpg"},"property-thumb-image":{"file":"IMG_9380-488x326.jpg","width":488,"height":326,"mime-type":"image\/jpeg","filesize":29056,"url":"https:\/\/360mallorcaproperty.com\/wp-content\/uploads\/2023\/02\/IMG_9380-488x326.jpg"},"property-detail-video-image":{"file":"IMG_9380-818x417.jpg","width":818,"height":417,"mime-type":"image\/jpeg","filesize":59223,"url":"https:\/\/360mallorcaproperty.com\/wp-content\/uploads\/2023\/02\/IMG_9380-818x417.jpg"},"agent-image":{"file":"IMG_9380-210x210.jpg","width":210,"height":210,"mime-type":"image\/jpeg","filesize":10701,"url":"https:\/\/360mallorcaproperty.com\/wp-content\/uploads\/2023\/02\/IMG_9380-210x210.jpg"},"partners-logo":{"file":"IMG_9380-600x1512.jpg","width":600,"height":1512,"mime-type":"image\/jpeg","filesize":111145,"url":"https:\/\/360mallorcaproperty.com\/wp-content\/uploads\/2023\/02\/IMG_9380-600x1512.jpg"},"post-featured-image":{"file":"IMG_9380-1240x720.jpg","width":1240,"height":720,"mime-type":"image\/jpeg","filesize":127116,"url":"https:\/\/360mallorcaproperty.com\/wp-content\/uploads\/2023\/02\/IMG_9380-1240x720.jpg"}},"image_meta":{"aperture":"0","credit":"","camera":"","caption":"","created_timestamp":"0","copyright":"","focal_length":"0","iso":"0","shutter_speed":"0","title":"","orientation":"1","keywords":[]},"ID":"31055","name":"IMG_9380.jpg","path":"\/home\/mallorcaproperty\/public_html\/wp-content\/uploads\/2023\/02\/IMG_9380.jpg","url":"https:\/\/360mallorcaproperty.com\/wp-content\/uploads\/2023\/02\/IMG_9380-150x150.jpg","full_url":"https:\/\/360mallorcaproperty.com\/wp-content\/uploads\/2023\/02\/IMG_9380.jpg","title":"IMG_9380","caption":"","description":"","alt":"","srcset":"https:\/\/360mallorcaproperty.com\/wp-content\/uploads\/2023\/02\/IMG_9380-150x150.jpg 150w, https:\/\/360mallorcaproperty.com\/wp-content\/uploads\/2023\/02\/IMG_9380-210x210.jpg 210w"},{"width":150,"height":150,"file":"2023\/02\/IMG_9382.jpg","filesize":655963,"sizes":{"medium":{"file":"IMG_9382-300x227.jpg","width":300,"height":227,"mime-type":"image\/jpeg","filesize":15093,"url":"https:\/\/360mallorcaproperty.com\/wp-content\/uploads\/2023\/02\/IMG_9382-300x227.jpg"},"large":{"file":"IMG_9382-1024x774.jpg","width":1024,"height":774,"mime-type":"image\/jpeg","filesize":111035,"url":"https:\/\/360mallorcaproperty.com\/wp-content\/uploads\/2023\/02\/IMG_9382-1024x774.jpg"},"thumbnail":{"file":"IMG_9382-150x150.jpg","width":150,"height":150,"mime-type":"image\/jpeg","filesize":6218,"url":"https:\/\/360mallorcaproperty.com\/wp-content\/uploads\/2023\/02\/IMG_9382-150x150.jpg"},"medium_large":{"file":"IMG_9382-768x580.jpg","width":768,"height":580,"mime-type":"image\/jpeg","filesize":68167,"url":"https:\/\/360mallorcaproperty.com\/wp-content\/uploads\/2023\/02\/IMG_9382-768x580.jpg"},"1536x1536":{"file":"IMG_9382-1536x1161.jpg","width":1536,"height":1161,"mime-type":"image\/jpeg","filesize":219558,"url":"https:\/\/360mallorcaproperty.com\/wp-content\/uploads\/2023\/02\/IMG_9382-1536x1161.jpg"},"post-thumbnail":{"file":"IMG_9382-150x113.jpg","width":150,"height":113,"mime-type":"image\/jpeg","filesize":5293,"url":"https:\/\/360mallorcaproperty.com\/wp-content\/uploads\/2023\/02\/IMG_9382-150x113.jpg"},"modern-property-child-slider":{"file":"IMG_9382-680x510.jpg","width":680,"height":510,"mime-type":"image\/jpeg","filesize":55271,"url":"https:\/\/360mallorcaproperty.com\/wp-content\/uploads\/2023\/02\/IMG_9382-680x510.jpg"},"property-thumb-image":{"file":"IMG_9382-488x326.jpg","width":488,"height":326,"mime-type":"image\/jpeg","filesize":29813,"url":"https:\/\/360mallorcaproperty.com\/wp-content\/uploads\/2023\/02\/IMG_9382-488x326.jpg"},"property-detail-video-image":{"file":"IMG_9382-818x417.jpg","width":818,"height":417,"mime-type":"image\/jpeg","filesize":58667,"url":"https:\/\/360mallorcaproperty.com\/wp-content\/uploads\/2023\/02\/IMG_9382-818x417.jpg"},"agent-image":{"file":"IMG_9382-210x210.jpg","width":210,"height":210,"mime-type":"image\/jpeg","filesize":10483,"url":"https:\/\/360mallorcaproperty.com\/wp-content\/uploads\/2023\/02\/IMG_9382-210x210.jpg"},"partners-logo":{"file":"IMG_9382-600x1352.jpg","width":600,"height":1352,"mime-type":"image\/jpeg","filesize":119773,"url":"https:\/\/360mallorcaproperty.com\/wp-content\/uploads\/2023\/02\/IMG_9382-600x1352.jpg"},"post-featured-image":{"file":"IMG_9382-1240x720.jpg","width":1240,"height":720,"mime-type":"image\/jpeg","filesize":126151,"url":"https:\/\/360mallorcaproperty.com\/wp-content\/uploads\/2023\/02\/IMG_9382-1240x720.jpg"}},"image_meta":{"aperture":"0","credit":"","camera":"","caption":"","created_timestamp":"0","copyright":"","focal_length":"0","iso":"0","shutter_speed":"0","title":"","orientation":"1","keywords":[]},"ID":"31061","name":"IMG_9382.jpg","path":"\/home\/mallorcaproperty\/public_html\/wp-content\/uploads\/2023\/02\/IMG_9382.jpg","url":"https:\/\/360mallorcaproperty.com\/wp-content\/uploads\/2023\/02\/IMG_9382-150x150.jpg","full_url":"https:\/\/360mallorcaproperty.com\/wp-content\/uploads\/2023\/02\/IMG_9382.jpg","title":"IMG_9382","caption":"","description":"","alt":"","srcset":"https:\/\/360mallorcaproperty.com\/wp-content\/uploads\/2023\/02\/IMG_9382-150x150.jpg 150w, https:\/\/360mallorcaproperty.com\/wp-content\/uploads\/2023\/02\/IMG_9382-210x210.jpg 210w"},{"width":150,"height":150,"file":"2023\/02\/IMG_9402.jpg","filesize":1170626,"sizes":{"medium":{"file":"IMG_9402-300x182.jpg","width":300,"height":182,"mime-type":"image\/jpeg","filesize":13762,"url":"https:\/\/360mallorcaproperty.com\/wp-content\/uploads\/2023\/02\/IMG_9402-300x182.jpg"},"large":{"file":"IMG_9402-1024x622.jpg","width":1024,"height":622,"mime-type":"image\/jpeg","filesize":159993,"url":"https:\/\/360mallorcaproperty.com\/wp-content\/uploads\/2023\/02\/IMG_9402-1024x622.jpg"},"thumbnail":{"file":"IMG_9402-150x150.jpg","width":150,"height":150,"mime-type":"image\/jpeg","filesize":6319,"url":"https:\/\/360mallorcaproperty.com\/wp-content\/uploads\/2023\/02\/IMG_9402-150x150.jpg"},"medium_large":{"file":"IMG_9402-768x466.jpg","width":768,"height":466,"mime-type":"image\/jpeg","filesize":90383,"url":"https:\/\/360mallorcaproperty.com\/wp-content\/uploads\/2023\/02\/IMG_9402-768x466.jpg"},"1536x1536":{"file":"IMG_9402-1536x932.jpg","width":1536,"height":932,"mime-type":"image\/jpeg","filesize":345427,"url":"https:\/\/360mallorcaproperty.com\/wp-content\/uploads\/2023\/02\/IMG_9402-1536x932.jpg"},"post-thumbnail":{"file":"IMG_9402-150x91.jpg","width":150,"height":91,"mime-type":"image\/jpeg","filesize":4159,"url":"https:\/\/360mallorcaproperty.com\/wp-content\/uploads\/2023\/02\/IMG_9402-150x91.jpg"},"modern-property-child-slider":{"file":"IMG_9402-680x510.jpg","width":680,"height":510,"mime-type":"image\/jpeg","filesize":88401,"url":"https:\/\/360mallorcaproperty.com\/wp-content\/uploads\/2023\/02\/IMG_9402-680x510.jpg"},"property-thumb-image":{"file":"IMG_9402-488x326.jpg","width":488,"height":326,"mime-type":"image\/jpeg","filesize":39695,"url":"https:\/\/360mallorcaproperty.com\/wp-content\/uploads\/2023\/02\/IMG_9402-488x326.jpg"},"property-detail-video-image":{"file":"IMG_9402-818x417.jpg","width":818,"height":417,"mime-type":"image\/jpeg","filesize":87312,"url":"https:\/\/360mallorcaproperty.com\/wp-content\/uploads\/2023\/02\/IMG_9402-818x417.jpg"},"agent-image":{"file":"IMG_9402-210x210.jpg","width":210,"height":210,"mime-type":"image\/jpeg","filesize":12014,"url":"https:\/\/360mallorcaproperty.com\/wp-content\/uploads\/2023\/02\/IMG_9402-210x210.jpg"},"partners-logo":{"file":"IMG_9402-600x1222.jpg","width":600,"height":1222,"mime-type":"image\/jpeg","filesize":205921,"url":"https:\/\/360mallorcaproperty.com\/wp-content\/uploads\/2023\/02\/IMG_9402-600x1222.jpg"},"post-featured-image":{"file":"IMG_9402-1240x720.jpg","width":1240,"height":720,"mime-type":"image\/jpeg","filesize":220440,"url":"https:\/\/360mallorcaproperty.com\/wp-content\/uploads\/2023\/02\/IMG_9402-1240x720.jpg"}},"image_meta":{"aperture":"0","credit":"","camera":"","caption":"","created_timestamp":"0","copyright":"","focal_length":"0","iso":"0","shutter_speed":"0","title":"","orientation":"1","keywords":[]},"ID":"31091","name":"IMG_9402.jpg","path":"\/home\/mallorcaproperty\/public_html\/wp-content\/uploads\/2023\/02\/IMG_9402.jpg","url":"https:\/\/360mallorcaproperty.com\/wp-content\/uploads\/2023\/02\/IMG_9402-150x150.jpg","full_url":"https:\/\/360mallorcaproperty.com\/wp-content\/uploads\/2023\/02\/IMG_9402.jpg","title":"IMG_9402","caption":"","description":"","alt":"","srcset":"https:\/\/360mallorcaproperty.com\/wp-content\/uploads\/2023\/02\/IMG_9402-150x150.jpg 150w, https:\/\/360mallorcaproperty.com\/wp-content\/uploads\/2023\/02\/IMG_9402-210x210.jpg 210w"},{"width":150,"height":150,"file":"2023\/02\/IMG_9393.jpg","filesize":609164,"sizes":{"medium":{"file":"IMG_9393-300x225.jpg","width":300,"height":225,"mime-type":"image\/jpeg","filesize":17183,"url":"https:\/\/360mallorcaproperty.com\/wp-content\/uploads\/2023\/02\/IMG_9393-300x225.jpg"},"large":{"file":"IMG_9393-1024x768.jpg","width":1024,"height":768,"mime-type":"image\/jpeg","filesize":143365,"url":"https:\/\/360mallorcaproperty.com\/wp-content\/uploads\/2023\/02\/IMG_9393-1024x768.jpg"},"thumbnail":{"file":"IMG_9393-150x150.jpg","width":150,"height":150,"mime-type":"image\/jpeg","filesize":6912,"url":"https:\/\/360mallorcaproperty.com\/wp-content\/uploads\/2023\/02\/IMG_9393-150x150.jpg"},"medium_large":{"file":"IMG_9393-768x576.jpg","width":768,"height":576,"mime-type":"image\/jpeg","filesize":86088,"url":"https:\/\/360mallorcaproperty.com\/wp-content\/uploads\/2023\/02\/IMG_9393-768x576.jpg"},"1536x1536":{"file":"IMG_9393-1536x1152.jpg","width":1536,"height":1152,"mime-type":"image\/jpeg","filesize":291442,"url":"https:\/\/360mallorcaproperty.com\/wp-content\/uploads\/2023\/02\/IMG_9393-1536x1152.jpg"},"post-thumbnail":{"file":"IMG_9393-150x112.jpg","width":150,"height":112,"mime-type":"image\/jpeg","filesize":5684,"url":"https:\/\/360mallorcaproperty.com\/wp-content\/uploads\/2023\/02\/IMG_9393-150x112.jpg"},"modern-property-child-slider":{"file":"IMG_9393-680x510.jpg","width":680,"height":510,"mime-type":"image\/jpeg","filesize":69526,"url":"https:\/\/360mallorcaproperty.com\/wp-content\/uploads\/2023\/02\/IMG_9393-680x510.jpg"},"property-thumb-image":{"file":"IMG_9393-488x326.jpg","width":488,"height":326,"mime-type":"image\/jpeg","filesize":35100,"url":"https:\/\/360mallorcaproperty.com\/wp-content\/uploads\/2023\/02\/IMG_9393-488x326.jpg"},"property-detail-video-image":{"file":"IMG_9393-818x417.jpg","width":818,"height":417,"mime-type":"image\/jpeg","filesize":69118,"url":"https:\/\/360mallorcaproperty.com\/wp-content\/uploads\/2023\/02\/IMG_9393-818x417.jpg"},"agent-image":{"file":"IMG_9393-210x210.jpg","width":210,"height":210,"mime-type":"image\/jpeg","filesize":11827,"url":"https:\/\/360mallorcaproperty.com\/wp-content\/uploads\/2023\/02\/IMG_9393-210x210.jpg"},"partners-logo":{"file":"IMG_9393-600x1256.jpg","width":600,"height":1256,"mime-type":"image\/jpeg","filesize":140403,"url":"https:\/\/360mallorcaproperty.com\/wp-content\/uploads\/2023\/02\/IMG_9393-600x1256.jpg"},"post-featured-image":{"file":"IMG_9393-1240x720.jpg","width":1240,"height":720,"mime-type":"image\/jpeg","filesize":159636,"url":"https:\/\/360mallorcaproperty.com\/wp-content\/uploads\/2023\/02\/IMG_9393-1240x720.jpg"}},"image_meta":{"aperture":"0","credit":"","camera":"","caption":"","created_timestamp":"0","copyright":"","focal_length":"0","iso":"0","shutter_speed":"0","title":"","orientation":"1","keywords":[]},"ID":"31079","name":"IMG_9393.jpg","path":"\/home\/mallorcaproperty\/public_html\/wp-content\/uploads\/2023\/02\/IMG_9393.jpg","url":"https:\/\/360mallorcaproperty.com\/wp-content\/uploads\/2023\/02\/IMG_9393-150x150.jpg","full_url":"https:\/\/360mallorcaproperty.com\/wp-content\/uploads\/2023\/02\/IMG_9393.jpg","title":"IMG_9393","caption":"","description":"","alt":"","srcset":"https:\/\/360mallorcaproperty.com\/wp-content\/uploads\/2023\/02\/IMG_9393-150x150.jpg 150w, https:\/\/360mallorcaproperty.com\/wp-content\/uploads\/2023\/02\/IMG_9393-210x210.jpg 210w"},{"width":150,"height":150,"file":"2023\/02\/IMG_9387.jpg","filesize":913846,"sizes":{"medium":{"file":"IMG_9387-300x225.jpg","width":300,"height":225,"mime-type":"image\/jpeg","filesize":12522,"url":"https:\/\/360mallorcaproperty.com\/wp-content\/uploads\/2023\/02\/IMG_9387-300x225.jpg"},"large":{"file":"IMG_9387-1024x768.jpg","width":1024,"height":768,"mime-type":"image\/jpeg","filesize":119898,"url":"https:\/\/360mallorcaproperty.com\/wp-content\/uploads\/2023\/02\/IMG_9387-1024x768.jpg"},"thumbnail":{"file":"IMG_9387-150x150.jpg","width":150,"height":150,"mime-type":"image\/jpeg","filesize":5180,"url":"https:\/\/360mallorcaproperty.com\/wp-content\/uploads\/2023\/02\/IMG_9387-150x150.jpg"},"medium_large":{"file":"IMG_9387-768x576.jpg","width":768,"height":576,"mime-type":"image\/jpeg","filesize":69931,"url":"https:\/\/360mallorcaproperty.com\/wp-content\/uploads\/2023\/02\/IMG_9387-768x576.jpg"},"1536x1536":{"file":"IMG_9387-1536x1152.jpg","width":1536,"height":1152,"mime-type":"image\/jpeg","filesize":251421,"url":"https:\/\/360mallorcaproperty.com\/wp-content\/uploads\/2023\/02\/IMG_9387-1536x1152.jpg"},"post-thumbnail":{"file":"IMG_9387-150x113.jpg","width":150,"height":113,"mime-type":"image\/jpeg","filesize":4294,"url":"https:\/\/360mallorcaproperty.com\/wp-content\/uploads\/2023\/02\/IMG_9387-150x113.jpg"},"modern-property-child-slider":{"file":"IMG_9387-680x510.jpg","width":680,"height":510,"mime-type":"image\/jpeg","filesize":55589,"url":"https:\/\/360mallorcaproperty.com\/wp-content\/uploads\/2023\/02\/IMG_9387-680x510.jpg"},"property-thumb-image":{"file":"IMG_9387-488x326.jpg","width":488,"height":326,"mime-type":"image\/jpeg","filesize":26866,"url":"https:\/\/360mallorcaproperty.com\/wp-content\/uploads\/2023\/02\/IMG_9387-488x326.jpg"},"property-detail-video-image":{"file":"IMG_9387-818x417.jpg","width":818,"height":417,"mime-type":"image\/jpeg","filesize":55502,"url":"https:\/\/360mallorcaproperty.com\/wp-content\/uploads\/2023\/02\/IMG_9387-818x417.jpg"},"agent-image":{"file":"IMG_9387-210x210.jpg","width":210,"height":210,"mime-type":"image\/jpeg","filesize":9109,"url":"https:\/\/360mallorcaproperty.com\/wp-content\/uploads\/2023\/02\/IMG_9387-210x210.jpg"},"partners-logo":{"file":"IMG_9387-600x1512.jpg","width":600,"height":1512,"mime-type":"image\/jpeg","filesize":125957,"url":"https:\/\/360mallorcaproperty.com\/wp-content\/uploads\/2023\/02\/IMG_9387-600x1512.jpg"},"post-featured-image":{"file":"IMG_9387-1240x720.jpg","width":1240,"height":720,"mime-type":"image\/jpeg","filesize":133915,"url":"https:\/\/360mallorcaproperty.com\/wp-content\/uploads\/2023\/02\/IMG_9387-1240x720.jpg"}},"image_meta":{"aperture":"0","credit":"","camera":"","caption":"","created_timestamp":"0","copyright":"","focal_length":"0","iso":"0","shutter_speed":"0","title":"","orientation":"1","keywords":[]},"ID":"31070","name":"IMG_9387.jpg","path":"\/home\/mallorcaproperty\/public_html\/wp-content\/uploads\/2023\/02\/IMG_9387.jpg","url":"https:\/\/360mallorcaproperty.com\/wp-content\/uploads\/2023\/02\/IMG_9387-150x150.jpg","full_url":"https:\/\/360mallorcaproperty.com\/wp-content\/uploads\/2023\/02\/IMG_9387.jpg","title":"IMG_9387","caption":"","description":"","alt":"","srcset":"https:\/\/360mallorcaproperty.com\/wp-content\/uploads\/2023\/02\/IMG_9387-150x150.jpg 150w, https:\/\/360mallorcaproperty.com\/wp-content\/uploads\/2023\/02\/IMG_9387-210x210.jpg 210w"},{"width":150,"height":150,"file":"2023\/02\/IMG_9384.jpg","filesize":530564,"sizes":{"medium":{"file":"IMG_9384-225x300.jpg","width":225,"height":300,"mime-type":"image\/jpeg","filesize":12345,"url":"https:\/\/360mallorcaproperty.com\/wp-content\/uploads\/2023\/02\/IMG_9384-225x300.jpg"},"large":{"file":"IMG_9384-768x1024.jpg","width":768,"height":1024,"mime-type":"image\/jpeg","filesize":78913,"url":"https:\/\/360mallorcaproperty.com\/wp-content\/uploads\/2023\/02\/IMG_9384-768x1024.jpg"},"thumbnail":{"file":"IMG_9384-150x150.jpg","width":150,"height":150,"mime-type":"image\/jpeg","filesize":5247,"url":"https:\/\/360mallorcaproperty.com\/wp-content\/uploads\/2023\/02\/IMG_9384-150x150.jpg"},"medium_large":{"file":"IMG_9384-768x1024.jpg","width":768,"height":1024,"mime-type":"image\/jpeg","filesize":78913,"url":"https:\/\/360mallorcaproperty.com\/wp-content\/uploads\/2023\/02\/IMG_9384-768x1024.jpg"},"1536x1536":{"file":"IMG_9384-1152x1536.jpg","width":1152,"height":1536,"mime-type":"image\/jpeg","filesize":146319,"url":"https:\/\/360mallorcaproperty.com\/wp-content\/uploads\/2023\/02\/IMG_9384-1152x1536.jpg"},"post-thumbnail":{"file":"IMG_9384-113x150.jpg","width":113,"height":150,"mime-type":"image\/jpeg","filesize":4677,"url":"https:\/\/360mallorcaproperty.com\/wp-content\/uploads\/2023\/02\/IMG_9384-113x150.jpg"},"modern-property-child-slider":{"file":"IMG_9384-680x510.jpg","width":680,"height":510,"mime-type":"image\/jpeg","filesize":33202,"url":"https:\/\/360mallorcaproperty.com\/wp-content\/uploads\/2023\/02\/IMG_9384-680x510.jpg"},"property-thumb-image":{"file":"IMG_9384-488x326.jpg","width":488,"height":326,"mime-type":"image\/jpeg","filesize":17618,"url":"https:\/\/360mallorcaproperty.com\/wp-content\/uploads\/2023\/02\/IMG_9384-488x326.jpg"},"property-detail-video-image":{"file":"IMG_9384-818x417.jpg","width":818,"height":417,"mime-type":"image\/jpeg","filesize":26713,"url":"https:\/\/360mallorcaproperty.com\/wp-content\/uploads\/2023\/02\/IMG_9384-818x417.jpg"},"agent-image":{"file":"IMG_9384-210x210.jpg","width":210,"height":210,"mime-type":"image\/jpeg","filesize":8401,"url":"https:\/\/360mallorcaproperty.com\/wp-content\/uploads\/2023\/02\/IMG_9384-210x210.jpg"},"partners-logo":{"file":"IMG_9384-600x2016.jpg","width":600,"height":2016,"mime-type":"image\/jpeg","filesize":123857,"url":"https:\/\/360mallorcaproperty.com\/wp-content\/uploads\/2023\/02\/IMG_9384-600x2016.jpg"},"post-featured-image":{"file":"IMG_9384-1240x720.jpg","width":1240,"height":720,"mime-type":"image\/jpeg","filesize":57840,"url":"https:\/\/360mallorcaproperty.com\/wp-content\/uploads\/2023\/02\/IMG_9384-1240x720.jpg"}},"image_meta":{"aperture":"0","credit":"","camera":"","caption":"","created_timestamp":"0","copyright":"","focal_length":"0","iso":"0","shutter_speed":"0","title":"","orientation":"1","keywords":[]},"ID":"31064","name":"IMG_9384.jpg","path":"\/home\/mallorcaproperty\/public_html\/wp-content\/uploads\/2023\/02\/IMG_9384.jpg","url":"https:\/\/360mallorcaproperty.com\/wp-content\/uploads\/2023\/02\/IMG_9384-150x150.jpg","full_url":"https:\/\/360mallorcaproperty.com\/wp-content\/uploads\/2023\/02\/IMG_9384.jpg","title":"IMG_9384","caption":"","description":"","alt":"","srcset":"https:\/\/360mallorcaproperty.com\/wp-content\/uploads\/2023\/02\/IMG_9384-150x150.jpg 150w, https:\/\/360mallorcaproperty.com\/wp-content\/uploads\/2023\/02\/IMG_9384-210x210.jpg 210w"},{"width":150,"height":150,"file":"2023\/02\/IMG_9403.jpg","filesize":1182502,"sizes":{"medium":{"file":"IMG_9403-300x177.jpg","width":300,"height":177,"mime-type":"image\/jpeg","filesize":16519,"url":"https:\/\/360mallorcaproperty.com\/wp-content\/uploads\/2023\/02\/IMG_9403-300x177.jpg"},"large":{"file":"IMG_9403-1024x603.jpg","width":1024,"height":603,"mime-type":"image\/jpeg","filesize":164182,"url":"https:\/\/360mallorcaproperty.com\/wp-content\/uploads\/2023\/02\/IMG_9403-1024x603.jpg"},"thumbnail":{"file":"IMG_9403-150x150.jpg","width":150,"height":150,"mime-type":"image\/jpeg","filesize":7384,"url":"https:\/\/360mallorcaproperty.com\/wp-content\/uploads\/2023\/02\/IMG_9403-150x150.jpg"},"medium_large":{"file":"IMG_9403-768x452.jpg","width":768,"height":452,"mime-type":"image\/jpeg","filesize":95210,"url":"https:\/\/360mallorcaproperty.com\/wp-content\/uploads\/2023\/02\/IMG_9403-768x452.jpg"},"1536x1536":{"file":"IMG_9403-1536x905.jpg","width":1536,"height":905,"mime-type":"image\/jpeg","filesize":339559,"url":"https:\/\/360mallorcaproperty.com\/wp-content\/uploads\/2023\/02\/IMG_9403-1536x905.jpg"},"post-thumbnail":{"file":"IMG_9403-150x88.jpg","width":150,"height":88,"mime-type":"image\/jpeg","filesize":4755,"url":"https:\/\/360mallorcaproperty.com\/wp-content\/uploads\/2023\/02\/IMG_9403-150x88.jpg"},"modern-property-child-slider":{"file":"IMG_9403-680x510.jpg","width":680,"height":510,"mime-type":"image\/jpeg","filesize":92004,"url":"https:\/\/360mallorcaproperty.com\/wp-content\/uploads\/2023\/02\/IMG_9403-680x510.jpg"},"property-thumb-image":{"file":"IMG_9403-488x326.jpg","width":488,"height":326,"mime-type":"image\/jpeg","filesize":44875,"url":"https:\/\/360mallorcaproperty.com\/wp-content\/uploads\/2023\/02\/IMG_9403-488x326.jpg"},"property-detail-video-image":{"file":"IMG_9403-818x417.jpg","width":818,"height":417,"mime-type":"image\/jpeg","filesize":94895,"url":"https:\/\/360mallorcaproperty.com\/wp-content\/uploads\/2023\/02\/IMG_9403-818x417.jpg"},"agent-image":{"file":"IMG_9403-210x210.jpg","width":210,"height":210,"mime-type":"image\/jpeg","filesize":13403,"url":"https:\/\/360mallorcaproperty.com\/wp-content\/uploads\/2023\/02\/IMG_9403-210x210.jpg"},"partners-logo":{"file":"IMG_9403-600x1187.jpg","width":600,"height":1187,"mime-type":"image\/jpeg","filesize":158729,"url":"https:\/\/360mallorcaproperty.com\/wp-content\/uploads\/2023\/02\/IMG_9403-600x1187.jpg"},"post-featured-image":{"file":"IMG_9403-1240x720.jpg","width":1240,"height":720,"mime-type":"image\/jpeg","filesize":227034,"url":"https:\/\/360mallorcaproperty.com\/wp-content\/uploads\/2023\/02\/IMG_9403-1240x720.jpg"}},"image_meta":{"aperture":"0","credit":"","camera":"","caption":"","created_timestamp":"0","copyright":"","focal_length":"0","iso":"0","shutter_speed":"0","title":"","orientation":"1","keywords":[]},"ID":"31094","name":"IMG_9403.jpg","path":"\/home\/mallorcaproperty\/public_html\/wp-content\/uploads\/2023\/02\/IMG_9403.jpg","url":"https:\/\/360mallorcaproperty.com\/wp-content\/uploads\/2023\/02\/IMG_9403-150x150.jpg","full_url":"https:\/\/360mallorcaproperty.com\/wp-content\/uploads\/2023\/02\/IMG_9403.jpg","title":"IMG_9403","caption":"","description":"","alt":"","srcset":"https:\/\/360mallorcaproperty.com\/wp-content\/uploads\/2023\/02\/IMG_9403-150x150.jpg 150w, https:\/\/360mallorcaproperty.com\/wp-content\/uploads\/2023\/02\/IMG_9403-210x210.jpg 210w"},{"width":150,"height":150,"file":"2023\/02\/IMG_9410.jpg","filesize":598821,"sizes":{"medium":{"file":"IMG_9410-300x231.jpg","width":300,"height":231,"mime-type":"image\/jpeg","filesize":20778,"url":"https:\/\/360mallorcaproperty.com\/wp-content\/uploads\/2023\/02\/IMG_9410-300x231.jpg"},"large":{"file":"IMG_9410-1024x789.jpg","width":1024,"height":789,"mime-type":"image\/jpeg","filesize":186574,"url":"https:\/\/360mallorcaproperty.com\/wp-content\/uploads\/2023\/02\/IMG_9410-1024x789.jpg"},"thumbnail":{"file":"IMG_9410-150x150.jpg","width":150,"height":150,"mime-type":"image\/jpeg","filesize":7772,"url":"https:\/\/360mallorcaproperty.com\/wp-content\/uploads\/2023\/02\/IMG_9410-150x150.jpg"},"medium_large":{"file":"IMG_9410-768x592.jpg","width":768,"height":592,"mime-type":"image\/jpeg","filesize":115812,"url":"https:\/\/360mallorcaproperty.com\/wp-content\/uploads\/2023\/02\/IMG_9410-768x592.jpg"},"post-thumbnail":{"file":"IMG_9410-150x116.jpg","width":150,"height":116,"mime-type":"image\/jpeg","filesize":6236,"url":"https:\/\/360mallorcaproperty.com\/wp-content\/uploads\/2023\/02\/IMG_9410-150x116.jpg"},"modern-property-child-slider":{"file":"IMG_9410-680x510.jpg","width":680,"height":510,"mime-type":"image\/jpeg","filesize":91981,"url":"https:\/\/360mallorcaproperty.com\/wp-content\/uploads\/2023\/02\/IMG_9410-680x510.jpg"},"property-thumb-image":{"file":"IMG_9410-488x326.jpg","width":488,"height":326,"mime-type":"image\/jpeg","filesize":46060,"url":"https:\/\/360mallorcaproperty.com\/wp-content\/uploads\/2023\/02\/IMG_9410-488x326.jpg"},"property-detail-video-image":{"file":"IMG_9410-818x417.jpg","width":818,"height":417,"mime-type":"image\/jpeg","filesize":94332,"url":"https:\/\/360mallorcaproperty.com\/wp-content\/uploads\/2023\/02\/IMG_9410-818x417.jpg"},"agent-image":{"file":"IMG_9410-210x210.jpg","width":210,"height":210,"mime-type":"image\/jpeg","filesize":14317,"url":"https:\/\/360mallorcaproperty.com\/wp-content\/uploads\/2023\/02\/IMG_9410-210x210.jpg"},"partners-logo":{"file":"IMG_9410-600x986.jpg","width":600,"height":986,"mime-type":"image\/jpeg","filesize":155070,"url":"https:\/\/360mallorcaproperty.com\/wp-content\/uploads\/2023\/02\/IMG_9410-600x986.jpg"},"post-featured-image":{"file":"IMG_9410-1240x720.jpg","width":1240,"height":720,"mime-type":"image\/jpeg","filesize":201036,"url":"https:\/\/360mallorcaproperty.com\/wp-content\/uploads\/2023\/02\/IMG_9410-1240x720.jpg"}},"image_meta":{"aperture":"0","credit":"","camera":"","caption":"","created_timestamp":"0","copyright":"","focal_length":"0","iso":"0","shutter_speed":"0","title":"","orientation":"1","keywords":[]},"ID":"31103","name":"IMG_9410.jpg","path":"\/home\/mallorcaproperty\/public_html\/wp-content\/uploads\/2023\/02\/IMG_9410.jpg","url":"https:\/\/360mallorcaproperty.com\/wp-content\/uploads\/2023\/02\/IMG_9410-150x150.jpg","full_url":"https:\/\/360mallorcaproperty.com\/wp-content\/uploads\/2023\/02\/IMG_9410.jpg","title":"IMG_9410","caption":"","description":"","alt":"","srcset":"https:\/\/360mallorcaproperty.com\/wp-content\/uploads\/2023\/02\/IMG_9410-150x150.jpg 150w, https:\/\/360mallorcaproperty.com\/wp-content\/uploads\/2023\/02\/IMG_9410-210x210.jpg 210w"},{"width":150,"height":150,"file":"2023\/02\/IMG_9416.jpg","filesize":1118162,"sizes":{"medium":{"file":"IMG_9416-300x221.jpg","width":300,"height":221,"mime-type":"image\/jpeg","filesize":19402,"url":"https:\/\/360mallorcaproperty.com\/wp-content\/uploads\/2023\/02\/IMG_9416-300x221.jpg"},"large":{"file":"IMG_9416-1024x753.jpg","width":1024,"height":753,"mime-type":"image\/jpeg","filesize":190154,"url":"https:\/\/360mallorcaproperty.com\/wp-content\/uploads\/2023\/02\/IMG_9416-1024x753.jpg"},"thumbnail":{"file":"IMG_9416-150x150.jpg","width":150,"height":150,"mime-type":"image\/jpeg","filesize":7822,"url":"https:\/\/360mallorcaproperty.com\/wp-content\/uploads\/2023\/02\/IMG_9416-150x150.jpg"},"medium_large":{"file":"IMG_9416-768x565.jpg","width":768,"height":565,"mime-type":"image\/jpeg","filesize":111264,"url":"https:\/\/360mallorcaproperty.com\/wp-content\/uploads\/2023\/02\/IMG_9416-768x565.jpg"},"1536x1536":{"file":"IMG_9416-1536x1130.jpg","width":1536,"height":1130,"mime-type":"image\/jpeg","filesize":383005,"url":"https:\/\/360mallorcaproperty.com\/wp-content\/uploads\/2023\/02\/IMG_9416-1536x1130.jpg"},"post-thumbnail":{"file":"IMG_9416-150x110.jpg","width":150,"height":110,"mime-type":"image\/jpeg","filesize":5957,"url":"https:\/\/360mallorcaproperty.com\/wp-content\/uploads\/2023\/02\/IMG_9416-150x110.jpg"},"modern-property-child-slider":{"file":"IMG_9416-680x510.jpg","width":680,"height":510,"mime-type":"image\/jpeg","filesize":90245,"url":"https:\/\/360mallorcaproperty.com\/wp-content\/uploads\/2023\/02\/IMG_9416-680x510.jpg"},"property-thumb-image":{"file":"IMG_9416-488x326.jpg","width":488,"height":326,"mime-type":"image\/jpeg","filesize":45129,"url":"https:\/\/360mallorcaproperty.com\/wp-content\/uploads\/2023\/02\/IMG_9416-488x326.jpg"},"property-detail-video-image":{"file":"IMG_9416-818x417.jpg","width":818,"height":417,"mime-type":"image\/jpeg","filesize":98409,"url":"https:\/\/360mallorcaproperty.com\/wp-content\/uploads\/2023\/02\/IMG_9416-818x417.jpg"},"agent-image":{"file":"IMG_9416-210x210.jpg","width":210,"height":210,"mime-type":"image\/jpeg","filesize":14190,"url":"https:\/\/360mallorcaproperty.com\/wp-content\/uploads\/2023\/02\/IMG_9416-210x210.jpg"},"partners-logo":{"file":"IMG_9416-600x1356.jpg","width":600,"height":1356,"mime-type":"image\/jpeg","filesize":199710,"url":"https:\/\/360mallorcaproperty.com\/wp-content\/uploads\/2023\/02\/IMG_9416-600x1356.jpg"},"post-featured-image":{"file":"IMG_9416-1240x720.jpg","width":1240,"height":720,"mime-type":"image\/jpeg","filesize":227616,"url":"https:\/\/360mallorcaproperty.com\/wp-content\/uploads\/2023\/02\/IMG_9416-1240x720.jpg"}},"image_meta":{"aperture":"0","credit":"","camera":"","caption":"","created_timestamp":"0","copyright":"","focal_length":"0","iso":"0","shutter_speed":"0","title":"","orientation":"1","keywords":[]},"ID":"31109","name":"IMG_9416.jpg","path":"\/home\/mallorcaproperty\/public_html\/wp-content\/uploads\/2023\/02\/IMG_9416.jpg","url":"https:\/\/360mallorcaproperty.com\/wp-content\/uploads\/2023\/02\/IMG_9416-150x150.jpg","full_url":"https:\/\/360mallorcaproperty.com\/wp-content\/uploads\/2023\/02\/IMG_9416.jpg","title":"IMG_9416","caption":"","description":"","alt":"","srcset":"https:\/\/360mallorcaproperty.com\/wp-content\/uploads\/2023\/02\/IMG_9416-150x150.jpg 150w, https:\/\/360mallorcaproperty.com\/wp-content\/uploads\/2023\/02\/IMG_9416-210x210.jpg 210w"},{"width":150,"height":150,"file":"2023\/02\/IMG_9418.jpg","filesize":975322,"sizes":{"medium":{"file":"IMG_9418-300x192.jpg","width":300,"height":192,"mime-type":"image\/jpeg","filesize":13355,"url":"https:\/\/360mallorcaproperty.com\/wp-content\/uploads\/2023\/02\/IMG_9418-300x192.jpg"},"large":{"file":"IMG_9418-1024x654.jpg","width":1024,"height":654,"mime-type":"image\/jpeg","filesize":129154,"url":"https:\/\/360mallorcaproperty.com\/wp-content\/uploads\/2023\/02\/IMG_9418-1024x654.jpg"},"thumbnail":{"file":"IMG_9418-150x150.jpg","width":150,"height":150,"mime-type":"image\/jpeg","filesize":5864,"url":"https:\/\/360mallorcaproperty.com\/wp-content\/uploads\/2023\/02\/IMG_9418-150x150.jpg"},"medium_large":{"file":"IMG_9418-768x491.jpg","width":768,"height":491,"mime-type":"image\/jpeg","filesize":75943,"url":"https:\/\/360mallorcaproperty.com\/wp-content\/uploads\/2023\/02\/IMG_9418-768x491.jpg"},"1536x1536":{"file":"IMG_9418-1536x981.jpg","width":1536,"height":981,"mime-type":"image\/jpeg","filesize":270376,"url":"https:\/\/360mallorcaproperty.com\/wp-content\/uploads\/2023\/02\/IMG_9418-1536x981.jpg"},"post-thumbnail":{"file":"IMG_9418-150x96.jpg","width":150,"height":96,"mime-type":"image\/jpeg","filesize":4318,"url":"https:\/\/360mallorcaproperty.com\/wp-content\/uploads\/2023\/02\/IMG_9418-150x96.jpg"},"modern-property-child-slider":{"file":"IMG_9418-680x510.jpg","width":680,"height":510,"mime-type":"image\/jpeg","filesize":69610,"url":"https:\/\/360mallorcaproperty.com\/wp-content\/uploads\/2023\/02\/IMG_9418-680x510.jpg"},"property-thumb-image":{"file":"IMG_9418-488x326.jpg","width":488,"height":326,"mime-type":"image\/jpeg","filesize":33471,"url":"https:\/\/360mallorcaproperty.com\/wp-content\/uploads\/2023\/02\/IMG_9418-488x326.jpg"},"property-detail-video-image":{"file":"IMG_9418-818x417.jpg","width":818,"height":417,"mime-type":"image\/jpeg","filesize":72858,"url":"https:\/\/360mallorcaproperty.com\/wp-content\/uploads\/2023\/02\/IMG_9418-818x417.jpg"},"agent-image":{"file":"IMG_9418-210x210.jpg","width":210,"height":210,"mime-type":"image\/jpeg","filesize":10346,"url":"https:\/\/360mallorcaproperty.com\/wp-content\/uploads\/2023\/02\/IMG_9418-210x210.jpg"},"partners-logo":{"file":"IMG_9418-600x1286.jpg","width":600,"height":1286,"mime-type":"image\/jpeg","filesize":156947,"url":"https:\/\/360mallorcaproperty.com\/wp-content\/uploads\/2023\/02\/IMG_9418-600x1286.jpg"},"post-featured-image":{"file":"IMG_9418-1240x720.jpg","width":1240,"height":720,"mime-type":"image\/jpeg","filesize":169563,"url":"https:\/\/360mallorcaproperty.com\/wp-content\/uploads\/2023\/02\/IMG_9418-1240x720.jpg"}},"image_meta":{"aperture":"0","credit":"","camera":"","caption":"","created_timestamp":"0","copyright":"","focal_length":"0","iso":"0","shutter_speed":"0","title":"","orientation":"1","keywords":[]},"ID":"31115","name":"IMG_9418.jpg","path":"\/home\/mallorcaproperty\/public_html\/wp-content\/uploads\/2023\/02\/IMG_9418.jpg","url":"https:\/\/360mallorcaproperty.com\/wp-content\/uploads\/2023\/02\/IMG_9418-150x150.jpg","full_url":"https:\/\/360mallorcaproperty.com\/wp-content\/uploads\/2023\/02\/IMG_9418.jpg","title":"IMG_9418","caption":"","description":"","alt":"","srcset":"https:\/\/360mallorcaproperty.com\/wp-content\/uploads\/2023\/02\/IMG_9418-150x150.jpg 150w, https:\/\/360mallorcaproperty.com\/wp-content\/uploads\/2023\/02\/IMG_9418-210x210.jpg 210w"},{"width":150,"height":150,"file":"2023\/02\/IMG_9419.jpg","filesize":1198273,"sizes":{"medium":{"file":"IMG_9419-300x205.jpg","width":300,"height":205,"mime-type":"image\/jpeg","filesize":17733,"url":"https:\/\/360mallorcaproperty.com\/wp-content\/uploads\/2023\/02\/IMG_9419-300x205.jpg"},"large":{"file":"IMG_9419-1024x699.jpg","width":1024,"height":699,"mime-type":"image\/jpeg","filesize":167019,"url":"https:\/\/360mallorcaproperty.com\/wp-content\/uploads\/2023\/02\/IMG_9419-1024x699.jpg"},"thumbnail":{"file":"IMG_9419-150x150.jpg","width":150,"height":150,"mime-type":"image\/jpeg","filesize":7420,"url":"https:\/\/360mallorcaproperty.com\/wp-content\/uploads\/2023\/02\/IMG_9419-150x150.jpg"},"medium_large":{"file":"IMG_9419-768x525.jpg","width":768,"height":525,"mime-type":"image\/jpeg","filesize":98935,"url":"https:\/\/360mallorcaproperty.com\/wp-content\/uploads\/2023\/02\/IMG_9419-768x525.jpg"},"1536x1536":{"file":"IMG_9419-1536x1049.jpg","width":1536,"height":1049,"mime-type":"image\/jpeg","filesize":341116,"url":"https:\/\/360mallorcaproperty.com\/wp-content\/uploads\/2023\/02\/IMG_9419-1536x1049.jpg"},"post-thumbnail":{"file":"IMG_9419-150x102.jpg","width":150,"height":102,"mime-type":"image\/jpeg","filesize":5574,"url":"https:\/\/360mallorcaproperty.com\/wp-content\/uploads\/2023\/02\/IMG_9419-150x102.jpg"},"modern-property-child-slider":{"file":"IMG_9419-680x510.jpg","width":680,"height":510,"mime-type":"image\/jpeg","filesize":85667,"url":"https:\/\/360mallorcaproperty.com\/wp-content\/uploads\/2023\/02\/IMG_9419-680x510.jpg"},"property-thumb-image":{"file":"IMG_9419-488x326.jpg","width":488,"height":326,"mime-type":"image\/jpeg","filesize":42175,"url":"https:\/\/360mallorcaproperty.com\/wp-content\/uploads\/2023\/02\/IMG_9419-488x326.jpg"},"property-detail-video-image":{"file":"IMG_9419-818x417.jpg","width":818,"height":417,"mime-type":"image\/jpeg","filesize":90793,"url":"https:\/\/360mallorcaproperty.com\/wp-content\/uploads\/2023\/02\/IMG_9419-818x417.jpg"},"agent-image":{"file":"IMG_9419-210x210.jpg","width":210,"height":210,"mime-type":"image\/jpeg","filesize":13261,"url":"https:\/\/360mallorcaproperty.com\/wp-content\/uploads\/2023\/02\/IMG_9419-210x210.jpg"},"partners-logo":{"file":"IMG_9419-600x1375.jpg","width":600,"height":1375,"mime-type":"image\/jpeg","filesize":207324,"url":"https:\/\/360mallorcaproperty.com\/wp-content\/uploads\/2023\/02\/IMG_9419-600x1375.jpg"},"post-featured-image":{"file":"IMG_9419-1240x720.jpg","width":1240,"height":720,"mime-type":"image\/jpeg","filesize":208757,"url":"https:\/\/360mallorcaproperty.com\/wp-content\/uploads\/2023\/02\/IMG_9419-1240x720.jpg"}},"image_meta":{"aperture":"0","credit":"","camera":"","caption":"","created_timestamp":"0","copyright":"","focal_length":"0","iso":"0","shutter_speed":"0","title":"","orientation":"1","keywords":[]},"ID":"31118","name":"IMG_9419.jpg","path":"\/home\/mallorcaproperty\/public_html\/wp-content\/uploads\/2023\/02\/IMG_9419.jpg","url":"https:\/\/360mallorcaproperty.com\/wp-content\/uploads\/2023\/02\/IMG_9419-150x150.jpg","full_url":"https:\/\/360mallorcaproperty.com\/wp-content\/uploads\/2023\/02\/IMG_9419.jpg","title":"IMG_9419","caption":"","description":"","alt":"","srcset":"https:\/\/360mallorcaproperty.com\/wp-content\/uploads\/2023\/02\/IMG_9419-150x150.jpg 150w, https:\/\/360mallorcaproperty.com\/wp-content\/uploads\/2023\/02\/IMG_9419-210x210.jpg 210w"}],"REAL_HOMES_change_gallery_slider_type":"0","REAL_HOMES_gallery_slider_type":"thumb-on-right","inspiry_floor_plans":[],"inspiry_video_group":[],"REAL_HOMES_360_virtual_tour":"","REAL_HOMES_agent_display_option":"none","REAL_HOMES_agents":[],"REAL_HOMES_energy_class":"none","REAL_HOMES_energy_performance":"","REAL_HOMES_epc_current_rating":"","REAL_HOMES_epc_potential_rating":"","ere_property_schedule_tour":"global","ere_property_schedule_time_slots":"","ere_property_schedule_description":"","REAL_HOMES_sticky":"0","inspiry_property_label":"","inspiry_property_label_color":"","inspiry_property_tax":"0","inspiry_additional_fee":"0","REAL_HOMES_attachments":[],"inspiry_property_owner_name":"","inspiry_property_owner_contact":"","inspiry_property_owner_address":"","REAL_HOMES_property_private_note":"","inspiry_message_to_reviewer":"","REAL_HOMES_add_in_slider":"no","REAL_HOMES_slider_image":[],"REAL_HOMES_page_banner_image":[],"REAL_HOMES_hide_property_advance_search":"0","inspiry_offmarket":[],"REAL_HOMES_custom_header_display":"default","REAL_HOMES_custom_header_position":"relative","REAL_HOMES_custom_footer_display":"default","REAL_HOMES_hide_advance_search":"0","REAL_HOMES_custom_search_form":"default","REAL_HOMES_search_form_margin_top":"","REAL_HOMES_search_form_margin_bottom":""},"_links":{"self":[{"href":"https:\/\/360mallorcaproperty.com\/de\/wp-json\/wp\/v2\/property\/18199","targetHints":{"allow":["GET"]}}],"collection":[{"href":"https:\/\/360mallorcaproperty.com\/de\/wp-json\/wp\/v2\/property"}],"about":[{"href":"https:\/\/360mallorcaproperty.com\/de\/wp-json\/wp\/v2\/types\/property"}],"author":[{"embeddable":true,"href":"https:\/\/360mallorcaproperty.com\/de\/wp-json\/wp\/v2\/users\/1"}],"replies":[{"embeddable":true,"href":"https:\/\/360mallorcaproperty.com\/de\/wp-json\/wp\/v2\/comments?post=18199"}],"version-history":[{"count":1,"href":"https:\/\/360mallorcaproperty.com\/de\/wp-json\/wp\/v2\/property\/18199\/revisions"}],"predecessor-version":[{"id":30202,"href":"https:\/\/360mallorcaproperty.com\/de\/wp-json\/wp\/v2\/property\/18199\/revisions\/30202"}],"wp:featuredmedia":[{"embeddable":true,"href":"https:\/\/360mallorcaproperty.com\/de\/wp-json\/wp\/v2\/media\/31098"}],"wp:attachment":[{"href":"https:\/\/360mallorcaproperty.com\/de\/wp-json\/wp\/v2\/media?parent=18199"}],"wp:term":[{"taxonomy":"property-feature","embeddable":true,"href":"https:\/\/360mallorcaproperty.com\/de\/wp-json\/wp\/v2\/property-feature?post=18199"},{"taxonomy":"property-type","embeddable":true,"href":"https:\/\/360mallorcaproperty.com\/de\/wp-json\/wp\/v2\/property-type?post=18199"},{"taxonomy":"property-city","embeddable":true,"href":"https:\/\/360mallorcaproperty.com\/de\/wp-json\/wp\/v2\/property-location?post=18199"},{"taxonomy":"property-status","embeddable":true,"href":"https:\/\/360mallorcaproperty.com\/de\/wp-json\/wp\/v2\/property-status?post=18199"}],"curies":[{"name":"wp","href":"https:\/\/api.w.org\/{rel}","templated":true}]}}