{"id":21757,"date":"2023-10-16T09:48:08","date_gmt":"2023-10-16T09:48:08","guid":{"rendered":"https:\/\/360mallorcaproperty.com\/property\/adosado-en-portocolom\/"},"modified":"2025-03-18T08:29:07","modified_gmt":"2025-03-18T08:29:07","slug":"adosado-en-portocolom","status":"publish","type":"property","link":"https:\/\/360mallorcaproperty.com\/de\/property\/adosado-en-portocolom\/","title":{"rendered":"Reihenhaus in Portocolom"},"content":{"rendered":"<div class=\"commentsContainer\" data-url=\"\/ajax\/comment.ajax\">\n<div class=\"comment\">\n<div class=\"adCommentsLanguage expandable is-expandable\" data-compressed-max-length=\"1650\">\n<div class=\"commentsContainer\" data-url=\"\/ajax\/comment.ajax\">\n<div class=\"comment\">\n<div class=\"adCommentsLanguage expandable is-expandable\" data-compressed-max-length=\"1650\">\n<p>Angeboten wird ein Reihenmittelhaus mit drei Schlafzimmern in einem ruhigen Wohnviertel von Portcolom. Diese kleine Gemeinschaft besteht aus vier H\u00e4usern. Jedem Objekt ist ein Parkplatz auf einem privaten, bewachten Parkplatz zugewiesen. Das Haus hat insgesamt zwei Stellpl\u00e4tze.<\/p>\n<p>Das Haus hat einen eigenen Vorgarten, der zum Eingang des Hauses f\u00fchrt. \u00dcber einen Flur\/Empfangsbereich gelangt man in das Wohn- und Esszimmer. Vom Wohnzimmer aus gelangt man auf die Veranda, wo man bei Getr\u00e4nken und Snacks den Vorgarten einsehen kann. Der Essbereich f\u00fchrt auch auf die hintere Terrasse, die zum Gemeinschaftspool f\u00fchrt. Auf dieser Etage befinden sich eine voll ausgestattete K\u00fcche, ein G\u00e4ste-WC und eine Waschk\u00fcche. Im ersten Stock befinden sich drei Schlafzimmer, jedes mit Zugang zu einem kleinen Balkon. Das Badezimmer wurde k\u00fcrzlich renoviert und ist hell und modern. Ideal f\u00fcr eine kleine Familie oder als Feriendomizil.<\/p>\n<\/div>\n<\/div>\n<p><strong><u>Lage<br \/>\n<\/u><\/strong>Portocolom ist der gr\u00f6\u00dfte Naturhafen Mallorcas und deshalb auch einer der bedeutendsten Fischerh\u00e4fen auf der Insel. Das historische Ortszentrum liegt im \u00f6stlichen Teil der Bucht auf einer flachen Kuppe. Dort befinden sich der historische Hafen <i>Es Riuet\u00f3<\/i>\u00a0und die typisch kleinen H\u00e4user eines Fischerdorfes mit bunten T\u00fcren und Fenstern. Entlang der alten Mole stehen die traditionellen Bootsh\u00e4user, die\u00a0<i>barraques<\/i>, jeweils mit einer Bootsrampe versehen und mit ebenso bunt gestrichenen Gattert\u00fcren. An der alten Mole liegen auch die zahlreichen kleinen traditionellen Boote, die\u00a0<i>llauts<\/i>. Von vielen wird dieser Bereich als einer der am besten erhaltenen Ortskerne Mallorcas angesehen. Der Ort breitet sich von Osten entlang der Bucht nach Westen aus.<\/p>\n<p>Ein gro\u00dfer Teil der Bucht, der\u00a0<i>Badia de Portocolom<\/i>, wird vom neuen\u00a0Hafen, dem\u00a0<i>Porto de Portecolom<\/i>, f\u00fcr die Fischerei und von der gro\u00dfen Marina f\u00fcr private Boote beansprucht. Entlang der Uferstra\u00dfe liegen zahlreiche Gesch\u00e4fte, Restaurants und Bars.<\/p>\n<p>Im Westen von Portocolom liegt eine durch moderne Hotels und Apartments touristisch gepr\u00e4gte\u00a0Urbanisation\u00a0rund um die benachbarte Badebucht\u00a0Cala Mar\u00e7al.<br \/>\nF\u00fcr weitere Informationen zur Umgebung klicken Sie bitte [wiki title=&#8221;Portocolom&#8221;]hier[\/wiki]! (Link auf Wikipedia)<\/p>\n<p><strong><u>Kontakt<br \/>\n<\/u><\/strong>F\u00fcr weitere Informationen oder zur Vereinbarung eines unverbindlichen Besichtigungstermins nehmen Sie <a href=\"https:\/\/360mallorcaproperty.com\/de\/kontakt-2\/\">Kontakt zu uns auf<\/a>!<\/p>\n<\/div>\n<\/div>\n<\/div>\n<\/div>\n","protected":false},"excerpt":{"rendered":"<p>Angeboten wird ein Reihenmittelhaus mit drei Schlafzimmern in einem ruhigen Wohnviertel von Portcolom. Diese kleine Gemeinschaft besteht aus vier H\u00e4usern. Jedem Objekt ist ein Parkplatz auf einem privaten, bewachten Parkplatz zugewiesen. Das Haus hat insgesamt zwei Stellpl\u00e4tze. Das Haus hat einen eigenen Vorgarten, der zum Eingang des Hauses f\u00fchrt. \u00dcber einen Flur\/Empfangsbereich gelangt man in&#8230;<\/p>\n","protected":false},"author":1,"featured_media":30188,"parent":0,"menu_order":0,"comment_status":"closed","ping_status":"closed","template":"","property-feature":[267,270,383],"property-type":[264],"property-location":[276],"property-status":[418,241],"class_list":["post-21757","property","type-property","status-publish","has-post-thumbnail","hentry","property-feature-einbauschranke","property-feature-pool-de","property-feature-terrasse","property-type-villa","property-city-porto-colom-de","property-status-verkauft","property-status-zum-verkauf"],"property_meta":{"REAL_HOMES_property_price":"345000","REAL_HOMES_property_old_price":"","REAL_HOMES_property_price_prefix":"","REAL_HOMES_property_price_postfix":"","REAL_HOMES_property_size":"154m\u00b2","REAL_HOMES_property_size_postfix":"","REAL_HOMES_property_lot_size":"","REAL_HOMES_property_lot_size_postfix":"","REAL_HOMES_property_bedrooms":"3","REAL_HOMES_property_bathrooms":"1","REAL_HOMES_property_garage":"2 parking \ud83c\udd7f","REAL_HOMES_property_id":"V3064","REAL_HOMES_property_year_built":"","REAL_HOMES_featured":"0","REAL_HOMES_additional_details_list":[],"rvr_booking_widget_display":"","rvr_booking_mode":"","rvr_govt_tax":"","rvr_govt_tax_type":"percentage","rvr_govt_tax_calculation":"per_stay","rvr_service_charges":"","rvr_service_charges_type":"percentage","rvr_service_charges_calculation":"per_stay","rvr_guests_capacity":"","rvr_book_child_as":"","rvr_min_stay":"","rvr_guests_capacity_extend":"","rvr_extra_guest_price":"","rvr_property_owner":"0","rvr_bulk_pricing":[],"rvr_seasonal_pricing":[],"rvr_custom_reserved_dates":[],"rvr_additional_fees":[{"rvr_fee_type":"fixed","rvr_fee_calculation":"per_stay"}],"rvr_additional_amenities":[{"price_calculation":"per_stay"}],"rvr_accommodation":[],"rvr_outdoor_features":[],"rvr_surroundings":[],"rvr_included":[],"rvr_not_included":[],"rvr_policies":[],"REAL_HOMES_property_location":{"latitude":"39.416705532017","longitude":"3.2474362850189","zoom":"17"},"REAL_HOMES_property_address":"C\/ sera , Portocolom, 07670 Mallorca","REAL_HOMES_property_map":"","REAL_HOMES_property_images":[{"width":150,"height":150,"file":"2023\/10\/Imagen-de-WhatsApp-2023-10-06-a-las-09.47.28_4a4f2dec.jpg","filesize":1211968,"sizes":{"medium":{"file":"Imagen-de-WhatsApp-2023-10-06-a-las-09.47.28_4a4f2dec-300x225.jpg","width":300,"height":225,"mime-type":"image\/jpeg","filesize":30098,"url":"https:\/\/360mallorcaproperty.com\/wp-content\/uploads\/2023\/10\/Imagen-de-WhatsApp-2023-10-06-a-las-09.47.28_4a4f2dec-300x225.jpg"},"large":{"file":"Imagen-de-WhatsApp-2023-10-06-a-las-09.47.28_4a4f2dec-1024x768.jpg","width":1024,"height":768,"mime-type":"image\/jpeg","filesize":294659,"url":"https:\/\/360mallorcaproperty.com\/wp-content\/uploads\/2023\/10\/Imagen-de-WhatsApp-2023-10-06-a-las-09.47.28_4a4f2dec-1024x768.jpg"},"thumbnail":{"file":"Imagen-de-WhatsApp-2023-10-06-a-las-09.47.28_4a4f2dec-150x150.jpg","width":150,"height":150,"mime-type":"image\/jpeg","filesize":10570,"url":"https:\/\/360mallorcaproperty.com\/wp-content\/uploads\/2023\/10\/Imagen-de-WhatsApp-2023-10-06-a-las-09.47.28_4a4f2dec-150x150.jpg"},"medium_large":{"file":"Imagen-de-WhatsApp-2023-10-06-a-las-09.47.28_4a4f2dec-768x576.jpg","width":768,"height":576,"mime-type":"image\/jpeg","filesize":174777,"url":"https:\/\/360mallorcaproperty.com\/wp-content\/uploads\/2023\/10\/Imagen-de-WhatsApp-2023-10-06-a-las-09.47.28_4a4f2dec-768x576.jpg"},"1536x1536":{"file":"Imagen-de-WhatsApp-2023-10-06-a-las-09.47.28_4a4f2dec-1536x1152.jpg","width":1536,"height":1152,"mime-type":"image\/jpeg","filesize":586224,"url":"https:\/\/360mallorcaproperty.com\/wp-content\/uploads\/2023\/10\/Imagen-de-WhatsApp-2023-10-06-a-las-09.47.28_4a4f2dec-1536x1152.jpg"},"post-thumbnail":{"file":"Imagen-de-WhatsApp-2023-10-06-a-las-09.47.28_4a4f2dec-150x113.jpg","width":150,"height":113,"mime-type":"image\/jpeg","filesize":8447,"url":"https:\/\/360mallorcaproperty.com\/wp-content\/uploads\/2023\/10\/Imagen-de-WhatsApp-2023-10-06-a-las-09.47.28_4a4f2dec-150x113.jpg"},"modern-property-child-slider":{"file":"Imagen-de-WhatsApp-2023-10-06-a-las-09.47.28_4a4f2dec-680x510.jpg","width":680,"height":510,"mime-type":"image\/jpeg","filesize":140421,"url":"https:\/\/360mallorcaproperty.com\/wp-content\/uploads\/2023\/10\/Imagen-de-WhatsApp-2023-10-06-a-las-09.47.28_4a4f2dec-680x510.jpg"},"property-thumb-image":{"file":"Imagen-de-WhatsApp-2023-10-06-a-las-09.47.28_4a4f2dec-488x326.jpg","width":488,"height":326,"mime-type":"image\/jpeg","filesize":65888,"url":"https:\/\/360mallorcaproperty.com\/wp-content\/uploads\/2023\/10\/Imagen-de-WhatsApp-2023-10-06-a-las-09.47.28_4a4f2dec-488x326.jpg"},"property-detail-video-image":{"file":"Imagen-de-WhatsApp-2023-10-06-a-las-09.47.28_4a4f2dec-818x417.jpg","width":818,"height":417,"mime-type":"image\/jpeg","filesize":129190,"url":"https:\/\/360mallorcaproperty.com\/wp-content\/uploads\/2023\/10\/Imagen-de-WhatsApp-2023-10-06-a-las-09.47.28_4a4f2dec-818x417.jpg"},"agent-image":{"file":"Imagen-de-WhatsApp-2023-10-06-a-las-09.47.28_4a4f2dec-210x210.jpg","width":210,"height":210,"mime-type":"image\/jpeg","filesize":20033,"url":"https:\/\/360mallorcaproperty.com\/wp-content\/uploads\/2023\/10\/Imagen-de-WhatsApp-2023-10-06-a-las-09.47.28_4a4f2dec-210x210.jpg"},"partners-logo":{"file":"Imagen-de-WhatsApp-2023-10-06-a-las-09.47.28_4a4f2dec-600x1512.jpg","width":600,"height":1512,"mime-type":"image\/jpeg","filesize":303861,"url":"https:\/\/360mallorcaproperty.com\/wp-content\/uploads\/2023\/10\/Imagen-de-WhatsApp-2023-10-06-a-las-09.47.28_4a4f2dec-600x1512.jpg"},"post-featured-image":{"file":"Imagen-de-WhatsApp-2023-10-06-a-las-09.47.28_4a4f2dec-1240x720.jpg","width":1240,"height":720,"mime-type":"image\/jpeg","filesize":305923,"url":"https:\/\/360mallorcaproperty.com\/wp-content\/uploads\/2023\/10\/Imagen-de-WhatsApp-2023-10-06-a-las-09.47.28_4a4f2dec-1240x720.jpg"}},"image_meta":{"aperture":"0","credit":"","camera":"","caption":"","created_timestamp":"0","copyright":"","focal_length":"0","iso":"0","shutter_speed":"0","title":"","orientation":"0","keywords":[]},"ID":"21749","name":"Imagen-de-WhatsApp-2023-10-06-a-las-09.47.28_4a4f2dec.jpg","path":"\/home\/mallorcaproperty\/public_html\/wp-content\/uploads\/2023\/10\/Imagen-de-WhatsApp-2023-10-06-a-las-09.47.28_4a4f2dec.jpg","url":"https:\/\/360mallorcaproperty.com\/wp-content\/uploads\/2023\/10\/Imagen-de-WhatsApp-2023-10-06-a-las-09.47.28_4a4f2dec-150x150.jpg","full_url":"https:\/\/360mallorcaproperty.com\/wp-content\/uploads\/2023\/10\/Imagen-de-WhatsApp-2023-10-06-a-las-09.47.28_4a4f2dec.jpg","title":"Imagen de WhatsApp 2023-10-06 a las 09.47.28_4a4f2dec","caption":"","description":"","alt":"","srcset":"https:\/\/360mallorcaproperty.com\/wp-content\/uploads\/2023\/10\/Imagen-de-WhatsApp-2023-10-06-a-las-09.47.28_4a4f2dec-150x150.jpg 150w, https:\/\/360mallorcaproperty.com\/wp-content\/uploads\/2023\/10\/Imagen-de-WhatsApp-2023-10-06-a-las-09.47.28_4a4f2dec-210x210.jpg 210w"},{"width":150,"height":150,"file":"2023\/10\/WhatsApp-Image-2023-10-13-at-16.15.03-2.jpeg","filesize":110617,"sizes":{"medium":{"file":"WhatsApp-Image-2023-10-13-at-16.15.03-2-300x169.jpeg","width":300,"height":169,"mime-type":"image\/jpeg","filesize":12523,"url":"https:\/\/360mallorcaproperty.com\/wp-content\/uploads\/2023\/10\/WhatsApp-Image-2023-10-13-at-16.15.03-2-300x169.jpeg"},"thumbnail":{"file":"WhatsApp-Image-2023-10-13-at-16.15.03-2-150x150.jpeg","width":150,"height":150,"mime-type":"image\/jpeg","filesize":6723,"url":"https:\/\/360mallorcaproperty.com\/wp-content\/uploads\/2023\/10\/WhatsApp-Image-2023-10-13-at-16.15.03-2-150x150.jpeg"},"medium_large":{"file":"WhatsApp-Image-2023-10-13-at-16.15.03-2-768x432.jpeg","width":768,"height":432,"mime-type":"image\/jpeg","filesize":54167,"url":"https:\/\/360mallorcaproperty.com\/wp-content\/uploads\/2023\/10\/WhatsApp-Image-2023-10-13-at-16.15.03-2-768x432.jpeg"},"post-thumbnail":{"file":"WhatsApp-Image-2023-10-13-at-16.15.03-2-150x84.jpeg","width":150,"height":84,"mime-type":"image\/jpeg","filesize":4483,"url":"https:\/\/360mallorcaproperty.com\/wp-content\/uploads\/2023\/10\/WhatsApp-Image-2023-10-13-at-16.15.03-2-150x84.jpeg"},"modern-property-child-slider":{"file":"WhatsApp-Image-2023-10-13-at-16.15.03-2-680x510.jpeg","width":680,"height":510,"mime-type":"image\/jpeg","filesize":53636,"url":"https:\/\/360mallorcaproperty.com\/wp-content\/uploads\/2023\/10\/WhatsApp-Image-2023-10-13-at-16.15.03-2-680x510.jpeg"},"property-thumb-image":{"file":"WhatsApp-Image-2023-10-13-at-16.15.03-2-488x326.jpeg","width":488,"height":326,"mime-type":"image\/jpeg","filesize":29478,"url":"https:\/\/360mallorcaproperty.com\/wp-content\/uploads\/2023\/10\/WhatsApp-Image-2023-10-13-at-16.15.03-2-488x326.jpeg"},"property-detail-video-image":{"file":"WhatsApp-Image-2023-10-13-at-16.15.03-2-818x417.jpeg","width":818,"height":417,"mime-type":"image\/jpeg","filesize":56966,"url":"https:\/\/360mallorcaproperty.com\/wp-content\/uploads\/2023\/10\/WhatsApp-Image-2023-10-13-at-16.15.03-2-818x417.jpeg"},"agent-image":{"file":"WhatsApp-Image-2023-10-13-at-16.15.03-2-210x210.jpeg","width":210,"height":210,"mime-type":"image\/jpeg","filesize":11198,"url":"https:\/\/360mallorcaproperty.com\/wp-content\/uploads\/2023\/10\/WhatsApp-Image-2023-10-13-at-16.15.03-2-210x210.jpeg"},"partners-logo":{"file":"WhatsApp-Image-2023-10-13-at-16.15.03-2-600x576.jpeg","width":600,"height":576,"mime-type":"image\/jpeg","filesize":59662,"url":"https:\/\/360mallorcaproperty.com\/wp-content\/uploads\/2023\/10\/WhatsApp-Image-2023-10-13-at-16.15.03-2-600x576.jpeg"}},"image_meta":{"aperture":"0","credit":"","camera":"","caption":"","created_timestamp":"0","copyright":"","focal_length":"0","iso":"0","shutter_speed":"0","title":"","orientation":"0","keywords":[]},"ID":"21728","name":"WhatsApp-Image-2023-10-13-at-16.15.03-2.jpeg","path":"\/home\/mallorcaproperty\/public_html\/wp-content\/uploads\/2023\/10\/WhatsApp-Image-2023-10-13-at-16.15.03-2.jpeg","url":"https:\/\/360mallorcaproperty.com\/wp-content\/uploads\/2023\/10\/WhatsApp-Image-2023-10-13-at-16.15.03-2-150x150.jpeg","full_url":"https:\/\/360mallorcaproperty.com\/wp-content\/uploads\/2023\/10\/WhatsApp-Image-2023-10-13-at-16.15.03-2.jpeg","title":"WhatsApp Image 2023-10-13 at 16.15.03 (2)","caption":"","description":"","alt":"","srcset":"https:\/\/360mallorcaproperty.com\/wp-content\/uploads\/2023\/10\/WhatsApp-Image-2023-10-13-at-16.15.03-2-150x150.jpeg 150w, https:\/\/360mallorcaproperty.com\/wp-content\/uploads\/2023\/10\/WhatsApp-Image-2023-10-13-at-16.15.03-2-210x210.jpeg 210w"},{"width":150,"height":150,"file":"2023\/10\/WhatsApp-Image-2023-10-13-at-16.15.03-3.jpeg","filesize":109900,"sizes":{"medium":{"file":"WhatsApp-Image-2023-10-13-at-16.15.03-3-300x169.jpeg","width":300,"height":169,"mime-type":"image\/jpeg","filesize":13090,"url":"https:\/\/360mallorcaproperty.com\/wp-content\/uploads\/2023\/10\/WhatsApp-Image-2023-10-13-at-16.15.03-3-300x169.jpeg"},"thumbnail":{"file":"WhatsApp-Image-2023-10-13-at-16.15.03-3-150x150.jpeg","width":150,"height":150,"mime-type":"image\/jpeg","filesize":6746,"url":"https:\/\/360mallorcaproperty.com\/wp-content\/uploads\/2023\/10\/WhatsApp-Image-2023-10-13-at-16.15.03-3-150x150.jpeg"},"medium_large":{"file":"WhatsApp-Image-2023-10-13-at-16.15.03-3-768x432.jpeg","width":768,"height":432,"mime-type":"image\/jpeg","filesize":54798,"url":"https:\/\/360mallorcaproperty.com\/wp-content\/uploads\/2023\/10\/WhatsApp-Image-2023-10-13-at-16.15.03-3-768x432.jpeg"},"post-thumbnail":{"file":"WhatsApp-Image-2023-10-13-at-16.15.03-3-150x84.jpeg","width":150,"height":84,"mime-type":"image\/jpeg","filesize":4750,"url":"https:\/\/360mallorcaproperty.com\/wp-content\/uploads\/2023\/10\/WhatsApp-Image-2023-10-13-at-16.15.03-3-150x84.jpeg"},"modern-property-child-slider":{"file":"WhatsApp-Image-2023-10-13-at-16.15.03-3-680x510.jpeg","width":680,"height":510,"mime-type":"image\/jpeg","filesize":54671,"url":"https:\/\/360mallorcaproperty.com\/wp-content\/uploads\/2023\/10\/WhatsApp-Image-2023-10-13-at-16.15.03-3-680x510.jpeg"},"property-thumb-image":{"file":"WhatsApp-Image-2023-10-13-at-16.15.03-3-488x326.jpeg","width":488,"height":326,"mime-type":"image\/jpeg","filesize":30487,"url":"https:\/\/360mallorcaproperty.com\/wp-content\/uploads\/2023\/10\/WhatsApp-Image-2023-10-13-at-16.15.03-3-488x326.jpeg"},"property-detail-video-image":{"file":"WhatsApp-Image-2023-10-13-at-16.15.03-3-818x417.jpeg","width":818,"height":417,"mime-type":"image\/jpeg","filesize":57556,"url":"https:\/\/360mallorcaproperty.com\/wp-content\/uploads\/2023\/10\/WhatsApp-Image-2023-10-13-at-16.15.03-3-818x417.jpeg"},"agent-image":{"file":"WhatsApp-Image-2023-10-13-at-16.15.03-3-210x210.jpeg","width":210,"height":210,"mime-type":"image\/jpeg","filesize":11361,"url":"https:\/\/360mallorcaproperty.com\/wp-content\/uploads\/2023\/10\/WhatsApp-Image-2023-10-13-at-16.15.03-3-210x210.jpeg"},"partners-logo":{"file":"WhatsApp-Image-2023-10-13-at-16.15.03-3-600x576.jpeg","width":600,"height":576,"mime-type":"image\/jpeg","filesize":57962,"url":"https:\/\/360mallorcaproperty.com\/wp-content\/uploads\/2023\/10\/WhatsApp-Image-2023-10-13-at-16.15.03-3-600x576.jpeg"}},"image_meta":{"aperture":"0","credit":"","camera":"","caption":"","created_timestamp":"0","copyright":"","focal_length":"0","iso":"0","shutter_speed":"0","title":"","orientation":"0","keywords":[]},"ID":"21731","name":"WhatsApp-Image-2023-10-13-at-16.15.03-3.jpeg","path":"\/home\/mallorcaproperty\/public_html\/wp-content\/uploads\/2023\/10\/WhatsApp-Image-2023-10-13-at-16.15.03-3.jpeg","url":"https:\/\/360mallorcaproperty.com\/wp-content\/uploads\/2023\/10\/WhatsApp-Image-2023-10-13-at-16.15.03-3-150x150.jpeg","full_url":"https:\/\/360mallorcaproperty.com\/wp-content\/uploads\/2023\/10\/WhatsApp-Image-2023-10-13-at-16.15.03-3.jpeg","title":"WhatsApp Image 2023-10-13 at 16.15.03 (3)","caption":"","description":"","alt":"","srcset":"https:\/\/360mallorcaproperty.com\/wp-content\/uploads\/2023\/10\/WhatsApp-Image-2023-10-13-at-16.15.03-3-150x150.jpeg 150w, https:\/\/360mallorcaproperty.com\/wp-content\/uploads\/2023\/10\/WhatsApp-Image-2023-10-13-at-16.15.03-3-210x210.jpeg 210w"},{"width":150,"height":150,"file":"2023\/10\/WhatsApp-Image-2023-10-13-at-16.15.03-4.jpeg","filesize":106674,"sizes":{"medium":{"file":"WhatsApp-Image-2023-10-13-at-16.15.03-4-300x169.jpeg","width":300,"height":169,"mime-type":"image\/jpeg","filesize":12108,"url":"https:\/\/360mallorcaproperty.com\/wp-content\/uploads\/2023\/10\/WhatsApp-Image-2023-10-13-at-16.15.03-4-300x169.jpeg"},"thumbnail":{"file":"WhatsApp-Image-2023-10-13-at-16.15.03-4-150x150.jpeg","width":150,"height":150,"mime-type":"image\/jpeg","filesize":6497,"url":"https:\/\/360mallorcaproperty.com\/wp-content\/uploads\/2023\/10\/WhatsApp-Image-2023-10-13-at-16.15.03-4-150x150.jpeg"},"medium_large":{"file":"WhatsApp-Image-2023-10-13-at-16.15.03-4-768x432.jpeg","width":768,"height":432,"mime-type":"image\/jpeg","filesize":52808,"url":"https:\/\/360mallorcaproperty.com\/wp-content\/uploads\/2023\/10\/WhatsApp-Image-2023-10-13-at-16.15.03-4-768x432.jpeg"},"post-thumbnail":{"file":"WhatsApp-Image-2023-10-13-at-16.15.03-4-150x84.jpeg","width":150,"height":84,"mime-type":"image\/jpeg","filesize":4433,"url":"https:\/\/360mallorcaproperty.com\/wp-content\/uploads\/2023\/10\/WhatsApp-Image-2023-10-13-at-16.15.03-4-150x84.jpeg"},"modern-property-child-slider":{"file":"WhatsApp-Image-2023-10-13-at-16.15.03-4-680x510.jpeg","width":680,"height":510,"mime-type":"image\/jpeg","filesize":52769,"url":"https:\/\/360mallorcaproperty.com\/wp-content\/uploads\/2023\/10\/WhatsApp-Image-2023-10-13-at-16.15.03-4-680x510.jpeg"},"property-thumb-image":{"file":"WhatsApp-Image-2023-10-13-at-16.15.03-4-488x326.jpeg","width":488,"height":326,"mime-type":"image\/jpeg","filesize":29091,"url":"https:\/\/360mallorcaproperty.com\/wp-content\/uploads\/2023\/10\/WhatsApp-Image-2023-10-13-at-16.15.03-4-488x326.jpeg"},"property-detail-video-image":{"file":"WhatsApp-Image-2023-10-13-at-16.15.03-4-818x417.jpeg","width":818,"height":417,"mime-type":"image\/jpeg","filesize":54598,"url":"https:\/\/360mallorcaproperty.com\/wp-content\/uploads\/2023\/10\/WhatsApp-Image-2023-10-13-at-16.15.03-4-818x417.jpeg"},"agent-image":{"file":"WhatsApp-Image-2023-10-13-at-16.15.03-4-210x210.jpeg","width":210,"height":210,"mime-type":"image\/jpeg","filesize":10978,"url":"https:\/\/360mallorcaproperty.com\/wp-content\/uploads\/2023\/10\/WhatsApp-Image-2023-10-13-at-16.15.03-4-210x210.jpeg"},"partners-logo":{"file":"WhatsApp-Image-2023-10-13-at-16.15.03-4-600x576.jpeg","width":600,"height":576,"mime-type":"image\/jpeg","filesize":58406,"url":"https:\/\/360mallorcaproperty.com\/wp-content\/uploads\/2023\/10\/WhatsApp-Image-2023-10-13-at-16.15.03-4-600x576.jpeg"}},"image_meta":{"aperture":"0","credit":"","camera":"","caption":"","created_timestamp":"0","copyright":"","focal_length":"0","iso":"0","shutter_speed":"0","title":"","orientation":"0","keywords":[]},"ID":"21734","name":"WhatsApp-Image-2023-10-13-at-16.15.03-4.jpeg","path":"\/home\/mallorcaproperty\/public_html\/wp-content\/uploads\/2023\/10\/WhatsApp-Image-2023-10-13-at-16.15.03-4.jpeg","url":"https:\/\/360mallorcaproperty.com\/wp-content\/uploads\/2023\/10\/WhatsApp-Image-2023-10-13-at-16.15.03-4-150x150.jpeg","full_url":"https:\/\/360mallorcaproperty.com\/wp-content\/uploads\/2023\/10\/WhatsApp-Image-2023-10-13-at-16.15.03-4.jpeg","title":"WhatsApp Image 2023-10-13 at 16.15.03 (4)","caption":"","description":"","alt":"","srcset":"https:\/\/360mallorcaproperty.com\/wp-content\/uploads\/2023\/10\/WhatsApp-Image-2023-10-13-at-16.15.03-4-150x150.jpeg 150w, https:\/\/360mallorcaproperty.com\/wp-content\/uploads\/2023\/10\/WhatsApp-Image-2023-10-13-at-16.15.03-4-210x210.jpeg 210w"},{"width":150,"height":150,"file":"2023\/10\/WhatsApp-Image-2023-10-13-at-16.15.03.jpeg","filesize":114458,"sizes":{"medium":{"file":"WhatsApp-Image-2023-10-13-at-16.15.03-300x169.jpeg","width":300,"height":169,"mime-type":"image\/jpeg","filesize":13157,"url":"https:\/\/360mallorcaproperty.com\/wp-content\/uploads\/2023\/10\/WhatsApp-Image-2023-10-13-at-16.15.03-300x169.jpeg"},"thumbnail":{"file":"WhatsApp-Image-2023-10-13-at-16.15.03-150x150.jpeg","width":150,"height":150,"mime-type":"image\/jpeg","filesize":7138,"url":"https:\/\/360mallorcaproperty.com\/wp-content\/uploads\/2023\/10\/WhatsApp-Image-2023-10-13-at-16.15.03-150x150.jpeg"},"medium_large":{"file":"WhatsApp-Image-2023-10-13-at-16.15.03-768x432.jpeg","width":768,"height":432,"mime-type":"image\/jpeg","filesize":57130,"url":"https:\/\/360mallorcaproperty.com\/wp-content\/uploads\/2023\/10\/WhatsApp-Image-2023-10-13-at-16.15.03-768x432.jpeg"},"post-thumbnail":{"file":"WhatsApp-Image-2023-10-13-at-16.15.03-150x84.jpeg","width":150,"height":84,"mime-type":"image\/jpeg","filesize":4788,"url":"https:\/\/360mallorcaproperty.com\/wp-content\/uploads\/2023\/10\/WhatsApp-Image-2023-10-13-at-16.15.03-150x84.jpeg"},"modern-property-child-slider":{"file":"WhatsApp-Image-2023-10-13-at-16.15.03-680x510.jpeg","width":680,"height":510,"mime-type":"image\/jpeg","filesize":61350,"url":"https:\/\/360mallorcaproperty.com\/wp-content\/uploads\/2023\/10\/WhatsApp-Image-2023-10-13-at-16.15.03-680x510.jpeg"},"property-thumb-image":{"file":"WhatsApp-Image-2023-10-13-at-16.15.03-488x326.jpeg","width":488,"height":326,"mime-type":"image\/jpeg","filesize":32963,"url":"https:\/\/360mallorcaproperty.com\/wp-content\/uploads\/2023\/10\/WhatsApp-Image-2023-10-13-at-16.15.03-488x326.jpeg"},"property-detail-video-image":{"file":"WhatsApp-Image-2023-10-13-at-16.15.03-818x417.jpeg","width":818,"height":417,"mime-type":"image\/jpeg","filesize":58503,"url":"https:\/\/360mallorcaproperty.com\/wp-content\/uploads\/2023\/10\/WhatsApp-Image-2023-10-13-at-16.15.03-818x417.jpeg"},"agent-image":{"file":"WhatsApp-Image-2023-10-13-at-16.15.03-210x210.jpeg","width":210,"height":210,"mime-type":"image\/jpeg","filesize":12193,"url":"https:\/\/360mallorcaproperty.com\/wp-content\/uploads\/2023\/10\/WhatsApp-Image-2023-10-13-at-16.15.03-210x210.jpeg"},"partners-logo":{"file":"WhatsApp-Image-2023-10-13-at-16.15.03-600x576.jpeg","width":600,"height":576,"mime-type":"image\/jpeg","filesize":65782,"url":"https:\/\/360mallorcaproperty.com\/wp-content\/uploads\/2023\/10\/WhatsApp-Image-2023-10-13-at-16.15.03-600x576.jpeg"}},"image_meta":{"aperture":"0","credit":"","camera":"","caption":"","created_timestamp":"0","copyright":"","focal_length":"0","iso":"0","shutter_speed":"0","title":"","orientation":"0","keywords":[]},"ID":"21746","name":"WhatsApp-Image-2023-10-13-at-16.15.03.jpeg","path":"\/home\/mallorcaproperty\/public_html\/wp-content\/uploads\/2023\/10\/WhatsApp-Image-2023-10-13-at-16.15.03.jpeg","url":"https:\/\/360mallorcaproperty.com\/wp-content\/uploads\/2023\/10\/WhatsApp-Image-2023-10-13-at-16.15.03-150x150.jpeg","full_url":"https:\/\/360mallorcaproperty.com\/wp-content\/uploads\/2023\/10\/WhatsApp-Image-2023-10-13-at-16.15.03.jpeg","title":"WhatsApp Image 2023-10-13 at 16.15.03","caption":"","description":"","alt":"","srcset":"https:\/\/360mallorcaproperty.com\/wp-content\/uploads\/2023\/10\/WhatsApp-Image-2023-10-13-at-16.15.03-150x150.jpeg 150w, https:\/\/360mallorcaproperty.com\/wp-content\/uploads\/2023\/10\/WhatsApp-Image-2023-10-13-at-16.15.03-210x210.jpeg 210w"},{"width":150,"height":150,"file":"2023\/10\/WhatsApp-Image-2023-10-13-at-16.15.03-5.jpeg","filesize":130146,"sizes":{"medium":{"file":"WhatsApp-Image-2023-10-13-at-16.15.03-5-300x169.jpeg","width":300,"height":169,"mime-type":"image\/jpeg","filesize":14534,"url":"https:\/\/360mallorcaproperty.com\/wp-content\/uploads\/2023\/10\/WhatsApp-Image-2023-10-13-at-16.15.03-5-300x169.jpeg"},"thumbnail":{"file":"WhatsApp-Image-2023-10-13-at-16.15.03-5-150x150.jpeg","width":150,"height":150,"mime-type":"image\/jpeg","filesize":8141,"url":"https:\/\/360mallorcaproperty.com\/wp-content\/uploads\/2023\/10\/WhatsApp-Image-2023-10-13-at-16.15.03-5-150x150.jpeg"},"medium_large":{"file":"WhatsApp-Image-2023-10-13-at-16.15.03-5-768x432.jpeg","width":768,"height":432,"mime-type":"image\/jpeg","filesize":63270,"url":"https:\/\/360mallorcaproperty.com\/wp-content\/uploads\/2023\/10\/WhatsApp-Image-2023-10-13-at-16.15.03-5-768x432.jpeg"},"post-thumbnail":{"file":"WhatsApp-Image-2023-10-13-at-16.15.03-5-150x84.jpeg","width":150,"height":84,"mime-type":"image\/jpeg","filesize":5275,"url":"https:\/\/360mallorcaproperty.com\/wp-content\/uploads\/2023\/10\/WhatsApp-Image-2023-10-13-at-16.15.03-5-150x84.jpeg"},"modern-property-child-slider":{"file":"WhatsApp-Image-2023-10-13-at-16.15.03-5-680x510.jpeg","width":680,"height":510,"mime-type":"image\/jpeg","filesize":66581,"url":"https:\/\/360mallorcaproperty.com\/wp-content\/uploads\/2023\/10\/WhatsApp-Image-2023-10-13-at-16.15.03-5-680x510.jpeg"},"property-thumb-image":{"file":"WhatsApp-Image-2023-10-13-at-16.15.03-5-488x326.jpeg","width":488,"height":326,"mime-type":"image\/jpeg","filesize":36438,"url":"https:\/\/360mallorcaproperty.com\/wp-content\/uploads\/2023\/10\/WhatsApp-Image-2023-10-13-at-16.15.03-5-488x326.jpeg"},"property-detail-video-image":{"file":"WhatsApp-Image-2023-10-13-at-16.15.03-5-818x417.jpeg","width":818,"height":417,"mime-type":"image\/jpeg","filesize":63913,"url":"https:\/\/360mallorcaproperty.com\/wp-content\/uploads\/2023\/10\/WhatsApp-Image-2023-10-13-at-16.15.03-5-818x417.jpeg"},"agent-image":{"file":"WhatsApp-Image-2023-10-13-at-16.15.03-5-210x210.jpeg","width":210,"height":210,"mime-type":"image\/jpeg","filesize":13678,"url":"https:\/\/360mallorcaproperty.com\/wp-content\/uploads\/2023\/10\/WhatsApp-Image-2023-10-13-at-16.15.03-5-210x210.jpeg"},"partners-logo":{"file":"WhatsApp-Image-2023-10-13-at-16.15.03-5-600x576.jpeg","width":600,"height":576,"mime-type":"image\/jpeg","filesize":74694,"url":"https:\/\/360mallorcaproperty.com\/wp-content\/uploads\/2023\/10\/WhatsApp-Image-2023-10-13-at-16.15.03-5-600x576.jpeg"}},"image_meta":{"aperture":"0","credit":"","camera":"","caption":"","created_timestamp":"0","copyright":"","focal_length":"0","iso":"0","shutter_speed":"0","title":"","orientation":"0","keywords":[]},"ID":"21737","name":"WhatsApp-Image-2023-10-13-at-16.15.03-5.jpeg","path":"\/home\/mallorcaproperty\/public_html\/wp-content\/uploads\/2023\/10\/WhatsApp-Image-2023-10-13-at-16.15.03-5.jpeg","url":"https:\/\/360mallorcaproperty.com\/wp-content\/uploads\/2023\/10\/WhatsApp-Image-2023-10-13-at-16.15.03-5-150x150.jpeg","full_url":"https:\/\/360mallorcaproperty.com\/wp-content\/uploads\/2023\/10\/WhatsApp-Image-2023-10-13-at-16.15.03-5.jpeg","title":"WhatsApp Image 2023-10-13 at 16.15.03 (5)","caption":"","description":"","alt":"","srcset":"https:\/\/360mallorcaproperty.com\/wp-content\/uploads\/2023\/10\/WhatsApp-Image-2023-10-13-at-16.15.03-5-150x150.jpeg 150w, https:\/\/360mallorcaproperty.com\/wp-content\/uploads\/2023\/10\/WhatsApp-Image-2023-10-13-at-16.15.03-5-210x210.jpeg 210w"},{"width":150,"height":150,"file":"2023\/10\/WhatsApp-Image-2023-10-13-at-16.15.03-8.jpeg","filesize":137854,"sizes":{"medium":{"file":"WhatsApp-Image-2023-10-13-at-16.15.03-8-300x169.jpeg","width":300,"height":169,"mime-type":"image\/jpeg","filesize":15401,"url":"https:\/\/360mallorcaproperty.com\/wp-content\/uploads\/2023\/10\/WhatsApp-Image-2023-10-13-at-16.15.03-8-300x169.jpeg"},"thumbnail":{"file":"WhatsApp-Image-2023-10-13-at-16.15.03-8-150x150.jpeg","width":150,"height":150,"mime-type":"image\/jpeg","filesize":7542,"url":"https:\/\/360mallorcaproperty.com\/wp-content\/uploads\/2023\/10\/WhatsApp-Image-2023-10-13-at-16.15.03-8-150x150.jpeg"},"medium_large":{"file":"WhatsApp-Image-2023-10-13-at-16.15.03-8-768x432.jpeg","width":768,"height":432,"mime-type":"image\/jpeg","filesize":67742,"url":"https:\/\/360mallorcaproperty.com\/wp-content\/uploads\/2023\/10\/WhatsApp-Image-2023-10-13-at-16.15.03-8-768x432.jpeg"},"post-thumbnail":{"file":"WhatsApp-Image-2023-10-13-at-16.15.03-8-150x84.jpeg","width":150,"height":84,"mime-type":"image\/jpeg","filesize":5273,"url":"https:\/\/360mallorcaproperty.com\/wp-content\/uploads\/2023\/10\/WhatsApp-Image-2023-10-13-at-16.15.03-8-150x84.jpeg"},"modern-property-child-slider":{"file":"WhatsApp-Image-2023-10-13-at-16.15.03-8-680x510.jpeg","width":680,"height":510,"mime-type":"image\/jpeg","filesize":66809,"url":"https:\/\/360mallorcaproperty.com\/wp-content\/uploads\/2023\/10\/WhatsApp-Image-2023-10-13-at-16.15.03-8-680x510.jpeg"},"property-thumb-image":{"file":"WhatsApp-Image-2023-10-13-at-16.15.03-8-488x326.jpeg","width":488,"height":326,"mime-type":"image\/jpeg","filesize":36633,"url":"https:\/\/360mallorcaproperty.com\/wp-content\/uploads\/2023\/10\/WhatsApp-Image-2023-10-13-at-16.15.03-8-488x326.jpeg"},"property-detail-video-image":{"file":"WhatsApp-Image-2023-10-13-at-16.15.03-8-818x417.jpeg","width":818,"height":417,"mime-type":"image\/jpeg","filesize":69377,"url":"https:\/\/360mallorcaproperty.com\/wp-content\/uploads\/2023\/10\/WhatsApp-Image-2023-10-13-at-16.15.03-8-818x417.jpeg"},"agent-image":{"file":"WhatsApp-Image-2023-10-13-at-16.15.03-8-210x210.jpeg","width":210,"height":210,"mime-type":"image\/jpeg","filesize":12904,"url":"https:\/\/360mallorcaproperty.com\/wp-content\/uploads\/2023\/10\/WhatsApp-Image-2023-10-13-at-16.15.03-8-210x210.jpeg"},"partners-logo":{"file":"WhatsApp-Image-2023-10-13-at-16.15.03-8-600x576.jpeg","width":600,"height":576,"mime-type":"image\/jpeg","filesize":71812,"url":"https:\/\/360mallorcaproperty.com\/wp-content\/uploads\/2023\/10\/WhatsApp-Image-2023-10-13-at-16.15.03-8-600x576.jpeg"}},"image_meta":{"aperture":"0","credit":"","camera":"","caption":"","created_timestamp":"0","copyright":"","focal_length":"0","iso":"0","shutter_speed":"0","title":"","orientation":"0","keywords":[]},"ID":"21743","name":"WhatsApp-Image-2023-10-13-at-16.15.03-8.jpeg","path":"\/home\/mallorcaproperty\/public_html\/wp-content\/uploads\/2023\/10\/WhatsApp-Image-2023-10-13-at-16.15.03-8.jpeg","url":"https:\/\/360mallorcaproperty.com\/wp-content\/uploads\/2023\/10\/WhatsApp-Image-2023-10-13-at-16.15.03-8-150x150.jpeg","full_url":"https:\/\/360mallorcaproperty.com\/wp-content\/uploads\/2023\/10\/WhatsApp-Image-2023-10-13-at-16.15.03-8.jpeg","title":"WhatsApp Image 2023-10-13 at 16.15.03 (8)","caption":"","description":"","alt":"","srcset":"https:\/\/360mallorcaproperty.com\/wp-content\/uploads\/2023\/10\/WhatsApp-Image-2023-10-13-at-16.15.03-8-150x150.jpeg 150w, https:\/\/360mallorcaproperty.com\/wp-content\/uploads\/2023\/10\/WhatsApp-Image-2023-10-13-at-16.15.03-8-210x210.jpeg 210w"},{"width":150,"height":150,"file":"2023\/10\/WhatsApp-Image-2023-10-13-at-16.15.03-1.jpeg","filesize":84168,"sizes":{"medium":{"file":"WhatsApp-Image-2023-10-13-at-16.15.03-1-169x300.jpeg","width":169,"height":300,"mime-type":"image\/jpeg","filesize":9149,"url":"https:\/\/360mallorcaproperty.com\/wp-content\/uploads\/2023\/10\/WhatsApp-Image-2023-10-13-at-16.15.03-1-169x300.jpeg"},"thumbnail":{"file":"WhatsApp-Image-2023-10-13-at-16.15.03-1-150x150.jpeg","width":150,"height":150,"mime-type":"image\/jpeg","filesize":4998,"url":"https:\/\/360mallorcaproperty.com\/wp-content\/uploads\/2023\/10\/WhatsApp-Image-2023-10-13-at-16.15.03-1-150x150.jpeg"},"post-thumbnail":{"file":"WhatsApp-Image-2023-10-13-at-16.15.03-1-84x150.jpeg","width":84,"height":150,"mime-type":"image\/jpeg","filesize":3457,"url":"https:\/\/360mallorcaproperty.com\/wp-content\/uploads\/2023\/10\/WhatsApp-Image-2023-10-13-at-16.15.03-1-84x150.jpeg"},"modern-property-child-slider":{"file":"WhatsApp-Image-2023-10-13-at-16.15.03-1-576x510.jpeg","width":576,"height":510,"mime-type":"image\/jpeg","filesize":40337,"url":"https:\/\/360mallorcaproperty.com\/wp-content\/uploads\/2023\/10\/WhatsApp-Image-2023-10-13-at-16.15.03-1-576x510.jpeg"},"property-thumb-image":{"file":"WhatsApp-Image-2023-10-13-at-16.15.03-1-488x326.jpeg","width":488,"height":326,"mime-type":"image\/jpeg","filesize":24160,"url":"https:\/\/360mallorcaproperty.com\/wp-content\/uploads\/2023\/10\/WhatsApp-Image-2023-10-13-at-16.15.03-1-488x326.jpeg"},"property-detail-video-image":{"file":"WhatsApp-Image-2023-10-13-at-16.15.03-1-576x417.jpeg","width":576,"height":417,"mime-type":"image\/jpeg","filesize":35499,"url":"https:\/\/360mallorcaproperty.com\/wp-content\/uploads\/2023\/10\/WhatsApp-Image-2023-10-13-at-16.15.03-1-576x417.jpeg"},"agent-image":{"file":"WhatsApp-Image-2023-10-13-at-16.15.03-1-210x210.jpeg","width":210,"height":210,"mime-type":"image\/jpeg","filesize":8442,"url":"https:\/\/360mallorcaproperty.com\/wp-content\/uploads\/2023\/10\/WhatsApp-Image-2023-10-13-at-16.15.03-1-210x210.jpeg"},"post-featured-image":{"file":"WhatsApp-Image-2023-10-13-at-16.15.03-1-576x720.jpeg","width":576,"height":720,"mime-type":"image\/jpeg","filesize":50113,"url":"https:\/\/360mallorcaproperty.com\/wp-content\/uploads\/2023\/10\/WhatsApp-Image-2023-10-13-at-16.15.03-1-576x720.jpeg"}},"image_meta":{"aperture":"0","credit":"","camera":"","caption":"","created_timestamp":"0","copyright":"","focal_length":"0","iso":"0","shutter_speed":"0","title":"","orientation":"0","keywords":[]},"ID":"21725","name":"WhatsApp-Image-2023-10-13-at-16.15.03-1.jpeg","path":"\/home\/mallorcaproperty\/public_html\/wp-content\/uploads\/2023\/10\/WhatsApp-Image-2023-10-13-at-16.15.03-1.jpeg","url":"https:\/\/360mallorcaproperty.com\/wp-content\/uploads\/2023\/10\/WhatsApp-Image-2023-10-13-at-16.15.03-1-150x150.jpeg","full_url":"https:\/\/360mallorcaproperty.com\/wp-content\/uploads\/2023\/10\/WhatsApp-Image-2023-10-13-at-16.15.03-1.jpeg","title":"WhatsApp Image 2023-10-13 at 16.15.03 (1)","caption":"","description":"","alt":"","srcset":"https:\/\/360mallorcaproperty.com\/wp-content\/uploads\/2023\/10\/WhatsApp-Image-2023-10-13-at-16.15.03-1-150x150.jpeg 150w, https:\/\/360mallorcaproperty.com\/wp-content\/uploads\/2023\/10\/WhatsApp-Image-2023-10-13-at-16.15.03-1-210x210.jpeg 210w"},{"width":150,"height":150,"file":"2023\/10\/WhatsApp-Image-2023-10-13-at-16.15.03-7.jpeg","filesize":121363,"sizes":{"medium":{"file":"WhatsApp-Image-2023-10-13-at-16.15.03-7-300x169.jpeg","width":300,"height":169,"mime-type":"image\/jpeg","filesize":12461,"url":"https:\/\/360mallorcaproperty.com\/wp-content\/uploads\/2023\/10\/WhatsApp-Image-2023-10-13-at-16.15.03-7-300x169.jpeg"},"thumbnail":{"file":"WhatsApp-Image-2023-10-13-at-16.15.03-7-150x150.jpeg","width":150,"height":150,"mime-type":"image\/jpeg","filesize":6451,"url":"https:\/\/360mallorcaproperty.com\/wp-content\/uploads\/2023\/10\/WhatsApp-Image-2023-10-13-at-16.15.03-7-150x150.jpeg"},"medium_large":{"file":"WhatsApp-Image-2023-10-13-at-16.15.03-7-768x432.jpeg","width":768,"height":432,"mime-type":"image\/jpeg","filesize":58150,"url":"https:\/\/360mallorcaproperty.com\/wp-content\/uploads\/2023\/10\/WhatsApp-Image-2023-10-13-at-16.15.03-7-768x432.jpeg"},"post-thumbnail":{"file":"WhatsApp-Image-2023-10-13-at-16.15.03-7-150x84.jpeg","width":150,"height":84,"mime-type":"image\/jpeg","filesize":4381,"url":"https:\/\/360mallorcaproperty.com\/wp-content\/uploads\/2023\/10\/WhatsApp-Image-2023-10-13-at-16.15.03-7-150x84.jpeg"},"modern-property-child-slider":{"file":"WhatsApp-Image-2023-10-13-at-16.15.03-7-680x510.jpeg","width":680,"height":510,"mime-type":"image\/jpeg","filesize":60453,"url":"https:\/\/360mallorcaproperty.com\/wp-content\/uploads\/2023\/10\/WhatsApp-Image-2023-10-13-at-16.15.03-7-680x510.jpeg"},"property-thumb-image":{"file":"WhatsApp-Image-2023-10-13-at-16.15.03-7-488x326.jpeg","width":488,"height":326,"mime-type":"image\/jpeg","filesize":31794,"url":"https:\/\/360mallorcaproperty.com\/wp-content\/uploads\/2023\/10\/WhatsApp-Image-2023-10-13-at-16.15.03-7-488x326.jpeg"},"property-detail-video-image":{"file":"WhatsApp-Image-2023-10-13-at-16.15.03-7-818x417.jpeg","width":818,"height":417,"mime-type":"image\/jpeg","filesize":58772,"url":"https:\/\/360mallorcaproperty.com\/wp-content\/uploads\/2023\/10\/WhatsApp-Image-2023-10-13-at-16.15.03-7-818x417.jpeg"},"agent-image":{"file":"WhatsApp-Image-2023-10-13-at-16.15.03-7-210x210.jpeg","width":210,"height":210,"mime-type":"image\/jpeg","filesize":11371,"url":"https:\/\/360mallorcaproperty.com\/wp-content\/uploads\/2023\/10\/WhatsApp-Image-2023-10-13-at-16.15.03-7-210x210.jpeg"},"partners-logo":{"file":"WhatsApp-Image-2023-10-13-at-16.15.03-7-600x576.jpeg","width":600,"height":576,"mime-type":"image\/jpeg","filesize":69125,"url":"https:\/\/360mallorcaproperty.com\/wp-content\/uploads\/2023\/10\/WhatsApp-Image-2023-10-13-at-16.15.03-7-600x576.jpeg"}},"image_meta":{"aperture":"0","credit":"","camera":"","caption":"","created_timestamp":"0","copyright":"","focal_length":"0","iso":"0","shutter_speed":"0","title":"","orientation":"0","keywords":[]},"ID":"21740","name":"WhatsApp-Image-2023-10-13-at-16.15.03-7.jpeg","path":"\/home\/mallorcaproperty\/public_html\/wp-content\/uploads\/2023\/10\/WhatsApp-Image-2023-10-13-at-16.15.03-7.jpeg","url":"https:\/\/360mallorcaproperty.com\/wp-content\/uploads\/2023\/10\/WhatsApp-Image-2023-10-13-at-16.15.03-7-150x150.jpeg","full_url":"https:\/\/360mallorcaproperty.com\/wp-content\/uploads\/2023\/10\/WhatsApp-Image-2023-10-13-at-16.15.03-7.jpeg","title":"WhatsApp Image 2023-10-13 at 16.15.03 (7)","caption":"","description":"","alt":"","srcset":"https:\/\/360mallorcaproperty.com\/wp-content\/uploads\/2023\/10\/WhatsApp-Image-2023-10-13-at-16.15.03-7-150x150.jpeg 150w, https:\/\/360mallorcaproperty.com\/wp-content\/uploads\/2023\/10\/WhatsApp-Image-2023-10-13-at-16.15.03-7-210x210.jpeg 210w"},{"width":150,"height":150,"file":"2023\/10\/WhatsApp-Image-2023-10-13-at-16.15.08-4.jpeg","filesize":120752,"sizes":{"medium":{"file":"WhatsApp-Image-2023-10-13-at-16.15.08-4-300x169.jpeg","width":300,"height":169,"mime-type":"image\/jpeg","filesize":12265,"url":"https:\/\/360mallorcaproperty.com\/wp-content\/uploads\/2023\/10\/WhatsApp-Image-2023-10-13-at-16.15.08-4-300x169.jpeg"},"thumbnail":{"file":"WhatsApp-Image-2023-10-13-at-16.15.08-4-150x150.jpeg","width":150,"height":150,"mime-type":"image\/jpeg","filesize":6657,"url":"https:\/\/360mallorcaproperty.com\/wp-content\/uploads\/2023\/10\/WhatsApp-Image-2023-10-13-at-16.15.08-4-150x150.jpeg"},"medium_large":{"file":"WhatsApp-Image-2023-10-13-at-16.15.08-4-768x432.jpeg","width":768,"height":432,"mime-type":"image\/jpeg","filesize":56748,"url":"https:\/\/360mallorcaproperty.com\/wp-content\/uploads\/2023\/10\/WhatsApp-Image-2023-10-13-at-16.15.08-4-768x432.jpeg"},"post-thumbnail":{"file":"WhatsApp-Image-2023-10-13-at-16.15.08-4-150x84.jpeg","width":150,"height":84,"mime-type":"image\/jpeg","filesize":4343,"url":"https:\/\/360mallorcaproperty.com\/wp-content\/uploads\/2023\/10\/WhatsApp-Image-2023-10-13-at-16.15.08-4-150x84.jpeg"},"modern-property-child-slider":{"file":"WhatsApp-Image-2023-10-13-at-16.15.08-4-680x510.jpeg","width":680,"height":510,"mime-type":"image\/jpeg","filesize":58696,"url":"https:\/\/360mallorcaproperty.com\/wp-content\/uploads\/2023\/10\/WhatsApp-Image-2023-10-13-at-16.15.08-4-680x510.jpeg"},"property-thumb-image":{"file":"WhatsApp-Image-2023-10-13-at-16.15.08-4-488x326.jpeg","width":488,"height":326,"mime-type":"image\/jpeg","filesize":31036,"url":"https:\/\/360mallorcaproperty.com\/wp-content\/uploads\/2023\/10\/WhatsApp-Image-2023-10-13-at-16.15.08-4-488x326.jpeg"},"property-detail-video-image":{"file":"WhatsApp-Image-2023-10-13-at-16.15.08-4-818x417.jpeg","width":818,"height":417,"mime-type":"image\/jpeg","filesize":57137,"url":"https:\/\/360mallorcaproperty.com\/wp-content\/uploads\/2023\/10\/WhatsApp-Image-2023-10-13-at-16.15.08-4-818x417.jpeg"},"agent-image":{"file":"WhatsApp-Image-2023-10-13-at-16.15.08-4-210x210.jpeg","width":210,"height":210,"mime-type":"image\/jpeg","filesize":11575,"url":"https:\/\/360mallorcaproperty.com\/wp-content\/uploads\/2023\/10\/WhatsApp-Image-2023-10-13-at-16.15.08-4-210x210.jpeg"},"partners-logo":{"file":"WhatsApp-Image-2023-10-13-at-16.15.08-4-600x576.jpeg","width":600,"height":576,"mime-type":"image\/jpeg","filesize":67497,"url":"https:\/\/360mallorcaproperty.com\/wp-content\/uploads\/2023\/10\/WhatsApp-Image-2023-10-13-at-16.15.08-4-600x576.jpeg"}},"image_meta":{"aperture":"0","credit":"","camera":"","caption":"","created_timestamp":"0","copyright":"","focal_length":"0","iso":"0","shutter_speed":"0","title":"","orientation":"0","keywords":[]},"ID":"21686","name":"WhatsApp-Image-2023-10-13-at-16.15.08-4.jpeg","path":"\/home\/mallorcaproperty\/public_html\/wp-content\/uploads\/2023\/10\/WhatsApp-Image-2023-10-13-at-16.15.08-4.jpeg","url":"https:\/\/360mallorcaproperty.com\/wp-content\/uploads\/2023\/10\/WhatsApp-Image-2023-10-13-at-16.15.08-4-150x150.jpeg","full_url":"https:\/\/360mallorcaproperty.com\/wp-content\/uploads\/2023\/10\/WhatsApp-Image-2023-10-13-at-16.15.08-4.jpeg","title":"WhatsApp Image 2023-10-13 at 16.15.08 (4)","caption":"","description":"","alt":"","srcset":"https:\/\/360mallorcaproperty.com\/wp-content\/uploads\/2023\/10\/WhatsApp-Image-2023-10-13-at-16.15.08-4-150x150.jpeg 150w, https:\/\/360mallorcaproperty.com\/wp-content\/uploads\/2023\/10\/WhatsApp-Image-2023-10-13-at-16.15.08-4-210x210.jpeg 210w"},{"width":150,"height":150,"file":"2023\/10\/WhatsApp-Image-2023-10-13-at-16.15.08-2.jpeg","filesize":109050,"sizes":{"medium":{"file":"WhatsApp-Image-2023-10-13-at-16.15.08-2-169x300.jpeg","width":169,"height":300,"mime-type":"image\/jpeg","filesize":11524,"url":"https:\/\/360mallorcaproperty.com\/wp-content\/uploads\/2023\/10\/WhatsApp-Image-2023-10-13-at-16.15.08-2-169x300.jpeg"},"thumbnail":{"file":"WhatsApp-Image-2023-10-13-at-16.15.08-2-150x150.jpeg","width":150,"height":150,"mime-type":"image\/jpeg","filesize":7018,"url":"https:\/\/360mallorcaproperty.com\/wp-content\/uploads\/2023\/10\/WhatsApp-Image-2023-10-13-at-16.15.08-2-150x150.jpeg"},"post-thumbnail":{"file":"WhatsApp-Image-2023-10-13-at-16.15.08-2-84x150.jpeg","width":84,"height":150,"mime-type":"image\/jpeg","filesize":4172,"url":"https:\/\/360mallorcaproperty.com\/wp-content\/uploads\/2023\/10\/WhatsApp-Image-2023-10-13-at-16.15.08-2-84x150.jpeg"},"modern-property-child-slider":{"file":"WhatsApp-Image-2023-10-13-at-16.15.08-2-576x510.jpeg","width":576,"height":510,"mime-type":"image\/jpeg","filesize":56774,"url":"https:\/\/360mallorcaproperty.com\/wp-content\/uploads\/2023\/10\/WhatsApp-Image-2023-10-13-at-16.15.08-2-576x510.jpeg"},"property-thumb-image":{"file":"WhatsApp-Image-2023-10-13-at-16.15.08-2-488x326.jpeg","width":488,"height":326,"mime-type":"image\/jpeg","filesize":31924,"url":"https:\/\/360mallorcaproperty.com\/wp-content\/uploads\/2023\/10\/WhatsApp-Image-2023-10-13-at-16.15.08-2-488x326.jpeg"},"property-detail-video-image":{"file":"WhatsApp-Image-2023-10-13-at-16.15.08-2-576x417.jpeg","width":576,"height":417,"mime-type":"image\/jpeg","filesize":48257,"url":"https:\/\/360mallorcaproperty.com\/wp-content\/uploads\/2023\/10\/WhatsApp-Image-2023-10-13-at-16.15.08-2-576x417.jpeg"},"agent-image":{"file":"WhatsApp-Image-2023-10-13-at-16.15.08-2-210x210.jpeg","width":210,"height":210,"mime-type":"image\/jpeg","filesize":12070,"url":"https:\/\/360mallorcaproperty.com\/wp-content\/uploads\/2023\/10\/WhatsApp-Image-2023-10-13-at-16.15.08-2-210x210.jpeg"},"post-featured-image":{"file":"WhatsApp-Image-2023-10-13-at-16.15.08-2-576x720.jpeg","width":576,"height":720,"mime-type":"image\/jpeg","filesize":72375,"url":"https:\/\/360mallorcaproperty.com\/wp-content\/uploads\/2023\/10\/WhatsApp-Image-2023-10-13-at-16.15.08-2-576x720.jpeg"}},"image_meta":{"aperture":"0","credit":"","camera":"","caption":"","created_timestamp":"0","copyright":"","focal_length":"0","iso":"0","shutter_speed":"0","title":"","orientation":"0","keywords":[]},"ID":"21680","name":"WhatsApp-Image-2023-10-13-at-16.15.08-2.jpeg","path":"\/home\/mallorcaproperty\/public_html\/wp-content\/uploads\/2023\/10\/WhatsApp-Image-2023-10-13-at-16.15.08-2.jpeg","url":"https:\/\/360mallorcaproperty.com\/wp-content\/uploads\/2023\/10\/WhatsApp-Image-2023-10-13-at-16.15.08-2-150x150.jpeg","full_url":"https:\/\/360mallorcaproperty.com\/wp-content\/uploads\/2023\/10\/WhatsApp-Image-2023-10-13-at-16.15.08-2.jpeg","title":"WhatsApp Image 2023-10-13 at 16.15.08 (2)","caption":"","description":"","alt":"","srcset":"https:\/\/360mallorcaproperty.com\/wp-content\/uploads\/2023\/10\/WhatsApp-Image-2023-10-13-at-16.15.08-2-150x150.jpeg 150w, https:\/\/360mallorcaproperty.com\/wp-content\/uploads\/2023\/10\/WhatsApp-Image-2023-10-13-at-16.15.08-2-210x210.jpeg 210w"},{"width":150,"height":150,"file":"2023\/10\/WhatsApp-Image-2023-10-13-at-16.15.08.jpeg","filesize":113298,"sizes":{"medium":{"file":"WhatsApp-Image-2023-10-13-at-16.15.08-300x169.jpeg","width":300,"height":169,"mime-type":"image\/jpeg","filesize":12041,"url":"https:\/\/360mallorcaproperty.com\/wp-content\/uploads\/2023\/10\/WhatsApp-Image-2023-10-13-at-16.15.08-300x169.jpeg"},"thumbnail":{"file":"WhatsApp-Image-2023-10-13-at-16.15.08-150x150.jpeg","width":150,"height":150,"mime-type":"image\/jpeg","filesize":7426,"url":"https:\/\/360mallorcaproperty.com\/wp-content\/uploads\/2023\/10\/WhatsApp-Image-2023-10-13-at-16.15.08-150x150.jpeg"},"medium_large":{"file":"WhatsApp-Image-2023-10-13-at-16.15.08-768x432.jpeg","width":768,"height":432,"mime-type":"image\/jpeg","filesize":55274,"url":"https:\/\/360mallorcaproperty.com\/wp-content\/uploads\/2023\/10\/WhatsApp-Image-2023-10-13-at-16.15.08-768x432.jpeg"},"post-thumbnail":{"file":"WhatsApp-Image-2023-10-13-at-16.15.08-150x84.jpeg","width":150,"height":84,"mime-type":"image\/jpeg","filesize":4299,"url":"https:\/\/360mallorcaproperty.com\/wp-content\/uploads\/2023\/10\/WhatsApp-Image-2023-10-13-at-16.15.08-150x84.jpeg"},"modern-property-child-slider":{"file":"WhatsApp-Image-2023-10-13-at-16.15.08-680x510.jpeg","width":680,"height":510,"mime-type":"image\/jpeg","filesize":63611,"url":"https:\/\/360mallorcaproperty.com\/wp-content\/uploads\/2023\/10\/WhatsApp-Image-2023-10-13-at-16.15.08-680x510.jpeg"},"property-thumb-image":{"file":"WhatsApp-Image-2023-10-13-at-16.15.08-488x326.jpeg","width":488,"height":326,"mime-type":"image\/jpeg","filesize":32919,"url":"https:\/\/360mallorcaproperty.com\/wp-content\/uploads\/2023\/10\/WhatsApp-Image-2023-10-13-at-16.15.08-488x326.jpeg"},"property-detail-video-image":{"file":"WhatsApp-Image-2023-10-13-at-16.15.08-818x417.jpeg","width":818,"height":417,"mime-type":"image\/jpeg","filesize":55971,"url":"https:\/\/360mallorcaproperty.com\/wp-content\/uploads\/2023\/10\/WhatsApp-Image-2023-10-13-at-16.15.08-818x417.jpeg"},"agent-image":{"file":"WhatsApp-Image-2023-10-13-at-16.15.08-210x210.jpeg","width":210,"height":210,"mime-type":"image\/jpeg","filesize":12885,"url":"https:\/\/360mallorcaproperty.com\/wp-content\/uploads\/2023\/10\/WhatsApp-Image-2023-10-13-at-16.15.08-210x210.jpeg"},"partners-logo":{"file":"WhatsApp-Image-2023-10-13-at-16.15.08-600x576.jpeg","width":600,"height":576,"mime-type":"image\/jpeg","filesize":74072,"url":"https:\/\/360mallorcaproperty.com\/wp-content\/uploads\/2023\/10\/WhatsApp-Image-2023-10-13-at-16.15.08-600x576.jpeg"}},"image_meta":{"aperture":"0","credit":"","camera":"","caption":"","created_timestamp":"0","copyright":"","focal_length":"0","iso":"0","shutter_speed":"0","title":"","orientation":"0","keywords":[]},"ID":"21698","name":"WhatsApp-Image-2023-10-13-at-16.15.08.jpeg","path":"\/home\/mallorcaproperty\/public_html\/wp-content\/uploads\/2023\/10\/WhatsApp-Image-2023-10-13-at-16.15.08.jpeg","url":"https:\/\/360mallorcaproperty.com\/wp-content\/uploads\/2023\/10\/WhatsApp-Image-2023-10-13-at-16.15.08-150x150.jpeg","full_url":"https:\/\/360mallorcaproperty.com\/wp-content\/uploads\/2023\/10\/WhatsApp-Image-2023-10-13-at-16.15.08.jpeg","title":"WhatsApp Image 2023-10-13 at 16.15.08","caption":"","description":"","alt":"","srcset":"https:\/\/360mallorcaproperty.com\/wp-content\/uploads\/2023\/10\/WhatsApp-Image-2023-10-13-at-16.15.08-150x150.jpeg 150w, https:\/\/360mallorcaproperty.com\/wp-content\/uploads\/2023\/10\/WhatsApp-Image-2023-10-13-at-16.15.08-210x210.jpeg 210w"},{"width":150,"height":150,"file":"2023\/10\/WhatsApp-Image-2023-10-13-at-16.15.08-6.jpeg","filesize":106327,"sizes":{"medium":{"file":"WhatsApp-Image-2023-10-13-at-16.15.08-6-169x300.jpeg","width":169,"height":300,"mime-type":"image\/jpeg","filesize":11565,"url":"https:\/\/360mallorcaproperty.com\/wp-content\/uploads\/2023\/10\/WhatsApp-Image-2023-10-13-at-16.15.08-6-169x300.jpeg"},"thumbnail":{"file":"WhatsApp-Image-2023-10-13-at-16.15.08-6-150x150.jpeg","width":150,"height":150,"mime-type":"image\/jpeg","filesize":6604,"url":"https:\/\/360mallorcaproperty.com\/wp-content\/uploads\/2023\/10\/WhatsApp-Image-2023-10-13-at-16.15.08-6-150x150.jpeg"},"post-thumbnail":{"file":"WhatsApp-Image-2023-10-13-at-16.15.08-6-84x150.jpeg","width":84,"height":150,"mime-type":"image\/jpeg","filesize":4136,"url":"https:\/\/360mallorcaproperty.com\/wp-content\/uploads\/2023\/10\/WhatsApp-Image-2023-10-13-at-16.15.08-6-84x150.jpeg"},"modern-property-child-slider":{"file":"WhatsApp-Image-2023-10-13-at-16.15.08-6-576x510.jpeg","width":576,"height":510,"mime-type":"image\/jpeg","filesize":52407,"url":"https:\/\/360mallorcaproperty.com\/wp-content\/uploads\/2023\/10\/WhatsApp-Image-2023-10-13-at-16.15.08-6-576x510.jpeg"},"property-thumb-image":{"file":"WhatsApp-Image-2023-10-13-at-16.15.08-6-488x326.jpeg","width":488,"height":326,"mime-type":"image\/jpeg","filesize":30035,"url":"https:\/\/360mallorcaproperty.com\/wp-content\/uploads\/2023\/10\/WhatsApp-Image-2023-10-13-at-16.15.08-6-488x326.jpeg"},"property-detail-video-image":{"file":"WhatsApp-Image-2023-10-13-at-16.15.08-6-576x417.jpeg","width":576,"height":417,"mime-type":"image\/jpeg","filesize":44903,"url":"https:\/\/360mallorcaproperty.com\/wp-content\/uploads\/2023\/10\/WhatsApp-Image-2023-10-13-at-16.15.08-6-576x417.jpeg"},"agent-image":{"file":"WhatsApp-Image-2023-10-13-at-16.15.08-6-210x210.jpeg","width":210,"height":210,"mime-type":"image\/jpeg","filesize":11332,"url":"https:\/\/360mallorcaproperty.com\/wp-content\/uploads\/2023\/10\/WhatsApp-Image-2023-10-13-at-16.15.08-6-210x210.jpeg"},"post-featured-image":{"file":"WhatsApp-Image-2023-10-13-at-16.15.08-6-576x720.jpeg","width":576,"height":720,"mime-type":"image\/jpeg","filesize":65653,"url":"https:\/\/360mallorcaproperty.com\/wp-content\/uploads\/2023\/10\/WhatsApp-Image-2023-10-13-at-16.15.08-6-576x720.jpeg"}},"image_meta":{"aperture":"0","credit":"","camera":"","caption":"","created_timestamp":"0","copyright":"","focal_length":"0","iso":"0","shutter_speed":"0","title":"","orientation":"0","keywords":[]},"ID":"21692","name":"WhatsApp-Image-2023-10-13-at-16.15.08-6.jpeg","path":"\/home\/mallorcaproperty\/public_html\/wp-content\/uploads\/2023\/10\/WhatsApp-Image-2023-10-13-at-16.15.08-6.jpeg","url":"https:\/\/360mallorcaproperty.com\/wp-content\/uploads\/2023\/10\/WhatsApp-Image-2023-10-13-at-16.15.08-6-150x150.jpeg","full_url":"https:\/\/360mallorcaproperty.com\/wp-content\/uploads\/2023\/10\/WhatsApp-Image-2023-10-13-at-16.15.08-6.jpeg","title":"WhatsApp Image 2023-10-13 at 16.15.08 (6)","caption":"","description":"","alt":"","srcset":"https:\/\/360mallorcaproperty.com\/wp-content\/uploads\/2023\/10\/WhatsApp-Image-2023-10-13-at-16.15.08-6-150x150.jpeg 150w, https:\/\/360mallorcaproperty.com\/wp-content\/uploads\/2023\/10\/WhatsApp-Image-2023-10-13-at-16.15.08-6-210x210.jpeg 210w"},{"width":150,"height":150,"file":"2023\/10\/WhatsApp-Image-2023-10-13-at-16.15.08-9.jpeg","filesize":125562,"sizes":{"medium":{"file":"WhatsApp-Image-2023-10-13-at-16.15.08-9-300x169.jpeg","width":300,"height":169,"mime-type":"image\/jpeg","filesize":13376,"url":"https:\/\/360mallorcaproperty.com\/wp-content\/uploads\/2023\/10\/WhatsApp-Image-2023-10-13-at-16.15.08-9-300x169.jpeg"},"thumbnail":{"file":"WhatsApp-Image-2023-10-13-at-16.15.08-9-150x150.jpeg","width":150,"height":150,"mime-type":"image\/jpeg","filesize":6184,"url":"https:\/\/360mallorcaproperty.com\/wp-content\/uploads\/2023\/10\/WhatsApp-Image-2023-10-13-at-16.15.08-9-150x150.jpeg"},"medium_large":{"file":"WhatsApp-Image-2023-10-13-at-16.15.08-9-768x432.jpeg","width":768,"height":432,"mime-type":"image\/jpeg","filesize":61409,"url":"https:\/\/360mallorcaproperty.com\/wp-content\/uploads\/2023\/10\/WhatsApp-Image-2023-10-13-at-16.15.08-9-768x432.jpeg"},"post-thumbnail":{"file":"WhatsApp-Image-2023-10-13-at-16.15.08-9-150x84.jpeg","width":150,"height":84,"mime-type":"image\/jpeg","filesize":4606,"url":"https:\/\/360mallorcaproperty.com\/wp-content\/uploads\/2023\/10\/WhatsApp-Image-2023-10-13-at-16.15.08-9-150x84.jpeg"},"modern-property-child-slider":{"file":"WhatsApp-Image-2023-10-13-at-16.15.08-9-680x510.jpeg","width":680,"height":510,"mime-type":"image\/jpeg","filesize":58926,"url":"https:\/\/360mallorcaproperty.com\/wp-content\/uploads\/2023\/10\/WhatsApp-Image-2023-10-13-at-16.15.08-9-680x510.jpeg"},"property-thumb-image":{"file":"WhatsApp-Image-2023-10-13-at-16.15.08-9-488x326.jpeg","width":488,"height":326,"mime-type":"image\/jpeg","filesize":32973,"url":"https:\/\/360mallorcaproperty.com\/wp-content\/uploads\/2023\/10\/WhatsApp-Image-2023-10-13-at-16.15.08-9-488x326.jpeg"},"property-detail-video-image":{"file":"WhatsApp-Image-2023-10-13-at-16.15.08-9-818x417.jpeg","width":818,"height":417,"mime-type":"image\/jpeg","filesize":62153,"url":"https:\/\/360mallorcaproperty.com\/wp-content\/uploads\/2023\/10\/WhatsApp-Image-2023-10-13-at-16.15.08-9-818x417.jpeg"},"agent-image":{"file":"WhatsApp-Image-2023-10-13-at-16.15.08-9-210x210.jpeg","width":210,"height":210,"mime-type":"image\/jpeg","filesize":10492,"url":"https:\/\/360mallorcaproperty.com\/wp-content\/uploads\/2023\/10\/WhatsApp-Image-2023-10-13-at-16.15.08-9-210x210.jpeg"},"partners-logo":{"file":"WhatsApp-Image-2023-10-13-at-16.15.08-9-600x576.jpeg","width":600,"height":576,"mime-type":"image\/jpeg","filesize":59066,"url":"https:\/\/360mallorcaproperty.com\/wp-content\/uploads\/2023\/10\/WhatsApp-Image-2023-10-13-at-16.15.08-9-600x576.jpeg"}},"image_meta":{"aperture":"0","credit":"","camera":"","caption":"","created_timestamp":"0","copyright":"","focal_length":"0","iso":"0","shutter_speed":"0","title":"","orientation":"0","keywords":[]},"ID":"21695","name":"WhatsApp-Image-2023-10-13-at-16.15.08-9.jpeg","path":"\/home\/mallorcaproperty\/public_html\/wp-content\/uploads\/2023\/10\/WhatsApp-Image-2023-10-13-at-16.15.08-9.jpeg","url":"https:\/\/360mallorcaproperty.com\/wp-content\/uploads\/2023\/10\/WhatsApp-Image-2023-10-13-at-16.15.08-9-150x150.jpeg","full_url":"https:\/\/360mallorcaproperty.com\/wp-content\/uploads\/2023\/10\/WhatsApp-Image-2023-10-13-at-16.15.08-9.jpeg","title":"WhatsApp Image 2023-10-13 at 16.15.08 (9)","caption":"","description":"","alt":"","srcset":"https:\/\/360mallorcaproperty.com\/wp-content\/uploads\/2023\/10\/WhatsApp-Image-2023-10-13-at-16.15.08-9-150x150.jpeg 150w, https:\/\/360mallorcaproperty.com\/wp-content\/uploads\/2023\/10\/WhatsApp-Image-2023-10-13-at-16.15.08-9-210x210.jpeg 210w"},{"width":150,"height":150,"file":"2023\/10\/WhatsApp-Image-2023-10-13-at-16.15.08-3.jpeg","filesize":135567,"sizes":{"medium":{"file":"WhatsApp-Image-2023-10-13-at-16.15.08-3-300x169.jpeg","width":300,"height":169,"mime-type":"image\/jpeg","filesize":13952,"url":"https:\/\/360mallorcaproperty.com\/wp-content\/uploads\/2023\/10\/WhatsApp-Image-2023-10-13-at-16.15.08-3-300x169.jpeg"},"thumbnail":{"file":"WhatsApp-Image-2023-10-13-at-16.15.08-3-150x150.jpeg","width":150,"height":150,"mime-type":"image\/jpeg","filesize":7146,"url":"https:\/\/360mallorcaproperty.com\/wp-content\/uploads\/2023\/10\/WhatsApp-Image-2023-10-13-at-16.15.08-3-150x150.jpeg"},"medium_large":{"file":"WhatsApp-Image-2023-10-13-at-16.15.08-3-768x432.jpeg","width":768,"height":432,"mime-type":"image\/jpeg","filesize":64037,"url":"https:\/\/360mallorcaproperty.com\/wp-content\/uploads\/2023\/10\/WhatsApp-Image-2023-10-13-at-16.15.08-3-768x432.jpeg"},"post-thumbnail":{"file":"WhatsApp-Image-2023-10-13-at-16.15.08-3-150x84.jpeg","width":150,"height":84,"mime-type":"image\/jpeg","filesize":4907,"url":"https:\/\/360mallorcaproperty.com\/wp-content\/uploads\/2023\/10\/WhatsApp-Image-2023-10-13-at-16.15.08-3-150x84.jpeg"},"modern-property-child-slider":{"file":"WhatsApp-Image-2023-10-13-at-16.15.08-3-680x510.jpeg","width":680,"height":510,"mime-type":"image\/jpeg","filesize":61969,"url":"https:\/\/360mallorcaproperty.com\/wp-content\/uploads\/2023\/10\/WhatsApp-Image-2023-10-13-at-16.15.08-3-680x510.jpeg"},"property-thumb-image":{"file":"WhatsApp-Image-2023-10-13-at-16.15.08-3-488x326.jpeg","width":488,"height":326,"mime-type":"image\/jpeg","filesize":32798,"url":"https:\/\/360mallorcaproperty.com\/wp-content\/uploads\/2023\/10\/WhatsApp-Image-2023-10-13-at-16.15.08-3-488x326.jpeg"},"property-detail-video-image":{"file":"WhatsApp-Image-2023-10-13-at-16.15.08-3-818x417.jpeg","width":818,"height":417,"mime-type":"image\/jpeg","filesize":65534,"url":"https:\/\/360mallorcaproperty.com\/wp-content\/uploads\/2023\/10\/WhatsApp-Image-2023-10-13-at-16.15.08-3-818x417.jpeg"},"agent-image":{"file":"WhatsApp-Image-2023-10-13-at-16.15.08-3-210x210.jpeg","width":210,"height":210,"mime-type":"image\/jpeg","filesize":12191,"url":"https:\/\/360mallorcaproperty.com\/wp-content\/uploads\/2023\/10\/WhatsApp-Image-2023-10-13-at-16.15.08-3-210x210.jpeg"},"partners-logo":{"file":"WhatsApp-Image-2023-10-13-at-16.15.08-3-600x576.jpeg","width":600,"height":576,"mime-type":"image\/jpeg","filesize":70134,"url":"https:\/\/360mallorcaproperty.com\/wp-content\/uploads\/2023\/10\/WhatsApp-Image-2023-10-13-at-16.15.08-3-600x576.jpeg"}},"image_meta":{"aperture":"0","credit":"","camera":"","caption":"","created_timestamp":"0","copyright":"","focal_length":"0","iso":"0","shutter_speed":"0","title":"","orientation":"0","keywords":[]},"ID":"21683","name":"WhatsApp-Image-2023-10-13-at-16.15.08-3.jpeg","path":"\/home\/mallorcaproperty\/public_html\/wp-content\/uploads\/2023\/10\/WhatsApp-Image-2023-10-13-at-16.15.08-3.jpeg","url":"https:\/\/360mallorcaproperty.com\/wp-content\/uploads\/2023\/10\/WhatsApp-Image-2023-10-13-at-16.15.08-3-150x150.jpeg","full_url":"https:\/\/360mallorcaproperty.com\/wp-content\/uploads\/2023\/10\/WhatsApp-Image-2023-10-13-at-16.15.08-3.jpeg","title":"WhatsApp Image 2023-10-13 at 16.15.08 (3)","caption":"","description":"","alt":"","srcset":"https:\/\/360mallorcaproperty.com\/wp-content\/uploads\/2023\/10\/WhatsApp-Image-2023-10-13-at-16.15.08-3-150x150.jpeg 150w, https:\/\/360mallorcaproperty.com\/wp-content\/uploads\/2023\/10\/WhatsApp-Image-2023-10-13-at-16.15.08-3-210x210.jpeg 210w"},{"width":150,"height":150,"file":"2023\/10\/WhatsApp-Image-2023-10-13-at-16.15.08-5.jpeg","filesize":170217,"sizes":{"medium":{"file":"WhatsApp-Image-2023-10-13-at-16.15.08-5-300x169.jpeg","width":300,"height":169,"mime-type":"image\/jpeg","filesize":15752,"url":"https:\/\/360mallorcaproperty.com\/wp-content\/uploads\/2023\/10\/WhatsApp-Image-2023-10-13-at-16.15.08-5-300x169.jpeg"},"thumbnail":{"file":"WhatsApp-Image-2023-10-13-at-16.15.08-5-150x150.jpeg","width":150,"height":150,"mime-type":"image\/jpeg","filesize":7888,"url":"https:\/\/360mallorcaproperty.com\/wp-content\/uploads\/2023\/10\/WhatsApp-Image-2023-10-13-at-16.15.08-5-150x150.jpeg"},"medium_large":{"file":"WhatsApp-Image-2023-10-13-at-16.15.08-5-768x432.jpeg","width":768,"height":432,"mime-type":"image\/jpeg","filesize":78165,"url":"https:\/\/360mallorcaproperty.com\/wp-content\/uploads\/2023\/10\/WhatsApp-Image-2023-10-13-at-16.15.08-5-768x432.jpeg"},"post-thumbnail":{"file":"WhatsApp-Image-2023-10-13-at-16.15.08-5-150x84.jpeg","width":150,"height":84,"mime-type":"image\/jpeg","filesize":5151,"url":"https:\/\/360mallorcaproperty.com\/wp-content\/uploads\/2023\/10\/WhatsApp-Image-2023-10-13-at-16.15.08-5-150x84.jpeg"},"modern-property-child-slider":{"file":"WhatsApp-Image-2023-10-13-at-16.15.08-5-680x510.jpeg","width":680,"height":510,"mime-type":"image\/jpeg","filesize":81244,"url":"https:\/\/360mallorcaproperty.com\/wp-content\/uploads\/2023\/10\/WhatsApp-Image-2023-10-13-at-16.15.08-5-680x510.jpeg"},"property-thumb-image":{"file":"WhatsApp-Image-2023-10-13-at-16.15.08-5-488x326.jpeg","width":488,"height":326,"mime-type":"image\/jpeg","filesize":41715,"url":"https:\/\/360mallorcaproperty.com\/wp-content\/uploads\/2023\/10\/WhatsApp-Image-2023-10-13-at-16.15.08-5-488x326.jpeg"},"property-detail-video-image":{"file":"WhatsApp-Image-2023-10-13-at-16.15.08-5-818x417.jpeg","width":818,"height":417,"mime-type":"image\/jpeg","filesize":80367,"url":"https:\/\/360mallorcaproperty.com\/wp-content\/uploads\/2023\/10\/WhatsApp-Image-2023-10-13-at-16.15.08-5-818x417.jpeg"},"agent-image":{"file":"WhatsApp-Image-2023-10-13-at-16.15.08-5-210x210.jpeg","width":210,"height":210,"mime-type":"image\/jpeg","filesize":13930,"url":"https:\/\/360mallorcaproperty.com\/wp-content\/uploads\/2023\/10\/WhatsApp-Image-2023-10-13-at-16.15.08-5-210x210.jpeg"},"partners-logo":{"file":"WhatsApp-Image-2023-10-13-at-16.15.08-5-600x576.jpeg","width":600,"height":576,"mime-type":"image\/jpeg","filesize":88745,"url":"https:\/\/360mallorcaproperty.com\/wp-content\/uploads\/2023\/10\/WhatsApp-Image-2023-10-13-at-16.15.08-5-600x576.jpeg"}},"image_meta":{"aperture":"0","credit":"","camera":"","caption":"","created_timestamp":"0","copyright":"","focal_length":"0","iso":"0","shutter_speed":"0","title":"","orientation":"0","keywords":[]},"ID":"21689","name":"WhatsApp-Image-2023-10-13-at-16.15.08-5.jpeg","path":"\/home\/mallorcaproperty\/public_html\/wp-content\/uploads\/2023\/10\/WhatsApp-Image-2023-10-13-at-16.15.08-5.jpeg","url":"https:\/\/360mallorcaproperty.com\/wp-content\/uploads\/2023\/10\/WhatsApp-Image-2023-10-13-at-16.15.08-5-150x150.jpeg","full_url":"https:\/\/360mallorcaproperty.com\/wp-content\/uploads\/2023\/10\/WhatsApp-Image-2023-10-13-at-16.15.08-5.jpeg","title":"WhatsApp Image 2023-10-13 at 16.15.08 (5)","caption":"","description":"","alt":"","srcset":"https:\/\/360mallorcaproperty.com\/wp-content\/uploads\/2023\/10\/WhatsApp-Image-2023-10-13-at-16.15.08-5-150x150.jpeg 150w, https:\/\/360mallorcaproperty.com\/wp-content\/uploads\/2023\/10\/WhatsApp-Image-2023-10-13-at-16.15.08-5-210x210.jpeg 210w"},{"width":150,"height":150,"file":"2023\/10\/WhatsApp-Image-2023-10-13-at-16.15.10-1.jpeg","filesize":123557,"sizes":{"medium":{"file":"WhatsApp-Image-2023-10-13-at-16.15.10-1-300x169.jpeg","width":300,"height":169,"mime-type":"image\/jpeg","filesize":12864,"url":"https:\/\/360mallorcaproperty.com\/wp-content\/uploads\/2023\/10\/WhatsApp-Image-2023-10-13-at-16.15.10-1-300x169.jpeg"},"thumbnail":{"file":"WhatsApp-Image-2023-10-13-at-16.15.10-1-150x150.jpeg","width":150,"height":150,"mime-type":"image\/jpeg","filesize":6651,"url":"https:\/\/360mallorcaproperty.com\/wp-content\/uploads\/2023\/10\/WhatsApp-Image-2023-10-13-at-16.15.10-1-150x150.jpeg"},"medium_large":{"file":"WhatsApp-Image-2023-10-13-at-16.15.10-1-768x432.jpeg","width":768,"height":432,"mime-type":"image\/jpeg","filesize":59358,"url":"https:\/\/360mallorcaproperty.com\/wp-content\/uploads\/2023\/10\/WhatsApp-Image-2023-10-13-at-16.15.10-1-768x432.jpeg"},"post-thumbnail":{"file":"WhatsApp-Image-2023-10-13-at-16.15.10-1-150x84.jpeg","width":150,"height":84,"mime-type":"image\/jpeg","filesize":4518,"url":"https:\/\/360mallorcaproperty.com\/wp-content\/uploads\/2023\/10\/WhatsApp-Image-2023-10-13-at-16.15.10-1-150x84.jpeg"},"modern-property-child-slider":{"file":"WhatsApp-Image-2023-10-13-at-16.15.10-1-680x510.jpeg","width":680,"height":510,"mime-type":"image\/jpeg","filesize":63337,"url":"https:\/\/360mallorcaproperty.com\/wp-content\/uploads\/2023\/10\/WhatsApp-Image-2023-10-13-at-16.15.10-1-680x510.jpeg"},"property-thumb-image":{"file":"WhatsApp-Image-2023-10-13-at-16.15.10-1-488x326.jpeg","width":488,"height":326,"mime-type":"image\/jpeg","filesize":33350,"url":"https:\/\/360mallorcaproperty.com\/wp-content\/uploads\/2023\/10\/WhatsApp-Image-2023-10-13-at-16.15.10-1-488x326.jpeg"},"property-detail-video-image":{"file":"WhatsApp-Image-2023-10-13-at-16.15.10-1-818x417.jpeg","width":818,"height":417,"mime-type":"image\/jpeg","filesize":61763,"url":"https:\/\/360mallorcaproperty.com\/wp-content\/uploads\/2023\/10\/WhatsApp-Image-2023-10-13-at-16.15.10-1-818x417.jpeg"},"agent-image":{"file":"WhatsApp-Image-2023-10-13-at-16.15.10-1-210x210.jpeg","width":210,"height":210,"mime-type":"image\/jpeg","filesize":11620,"url":"https:\/\/360mallorcaproperty.com\/wp-content\/uploads\/2023\/10\/WhatsApp-Image-2023-10-13-at-16.15.10-1-210x210.jpeg"},"partners-logo":{"file":"WhatsApp-Image-2023-10-13-at-16.15.10-1-600x576.jpeg","width":600,"height":576,"mime-type":"image\/jpeg","filesize":71071,"url":"https:\/\/360mallorcaproperty.com\/wp-content\/uploads\/2023\/10\/WhatsApp-Image-2023-10-13-at-16.15.10-1-600x576.jpeg"}},"image_meta":{"aperture":"0","credit":"","camera":"","caption":"","created_timestamp":"0","copyright":"","focal_length":"0","iso":"0","shutter_speed":"0","title":"","orientation":"0","keywords":[]},"ID":"21701","name":"WhatsApp-Image-2023-10-13-at-16.15.10-1.jpeg","path":"\/home\/mallorcaproperty\/public_html\/wp-content\/uploads\/2023\/10\/WhatsApp-Image-2023-10-13-at-16.15.10-1.jpeg","url":"https:\/\/360mallorcaproperty.com\/wp-content\/uploads\/2023\/10\/WhatsApp-Image-2023-10-13-at-16.15.10-1-150x150.jpeg","full_url":"https:\/\/360mallorcaproperty.com\/wp-content\/uploads\/2023\/10\/WhatsApp-Image-2023-10-13-at-16.15.10-1.jpeg","title":"WhatsApp Image 2023-10-13 at 16.15.10 (1)","caption":"","description":"","alt":"","srcset":"https:\/\/360mallorcaproperty.com\/wp-content\/uploads\/2023\/10\/WhatsApp-Image-2023-10-13-at-16.15.10-1-150x150.jpeg 150w, https:\/\/360mallorcaproperty.com\/wp-content\/uploads\/2023\/10\/WhatsApp-Image-2023-10-13-at-16.15.10-1-210x210.jpeg 210w"},{"width":150,"height":150,"file":"2023\/10\/WhatsApp-Image-2023-10-13-at-16.15.10-2.jpeg","filesize":167460,"sizes":{"medium":{"file":"WhatsApp-Image-2023-10-13-at-16.15.10-2-300x169.jpeg","width":300,"height":169,"mime-type":"image\/jpeg","filesize":15578,"url":"https:\/\/360mallorcaproperty.com\/wp-content\/uploads\/2023\/10\/WhatsApp-Image-2023-10-13-at-16.15.10-2-300x169.jpeg"},"thumbnail":{"file":"WhatsApp-Image-2023-10-13-at-16.15.10-2-150x150.jpeg","width":150,"height":150,"mime-type":"image\/jpeg","filesize":8118,"url":"https:\/\/360mallorcaproperty.com\/wp-content\/uploads\/2023\/10\/WhatsApp-Image-2023-10-13-at-16.15.10-2-150x150.jpeg"},"medium_large":{"file":"WhatsApp-Image-2023-10-13-at-16.15.10-2-768x432.jpeg","width":768,"height":432,"mime-type":"image\/jpeg","filesize":77986,"url":"https:\/\/360mallorcaproperty.com\/wp-content\/uploads\/2023\/10\/WhatsApp-Image-2023-10-13-at-16.15.10-2-768x432.jpeg"},"post-thumbnail":{"file":"WhatsApp-Image-2023-10-13-at-16.15.10-2-150x84.jpeg","width":150,"height":84,"mime-type":"image\/jpeg","filesize":4997,"url":"https:\/\/360mallorcaproperty.com\/wp-content\/uploads\/2023\/10\/WhatsApp-Image-2023-10-13-at-16.15.10-2-150x84.jpeg"},"modern-property-child-slider":{"file":"WhatsApp-Image-2023-10-13-at-16.15.10-2-680x510.jpeg","width":680,"height":510,"mime-type":"image\/jpeg","filesize":82643,"url":"https:\/\/360mallorcaproperty.com\/wp-content\/uploads\/2023\/10\/WhatsApp-Image-2023-10-13-at-16.15.10-2-680x510.jpeg"},"property-thumb-image":{"file":"WhatsApp-Image-2023-10-13-at-16.15.10-2-488x326.jpeg","width":488,"height":326,"mime-type":"image\/jpeg","filesize":41868,"url":"https:\/\/360mallorcaproperty.com\/wp-content\/uploads\/2023\/10\/WhatsApp-Image-2023-10-13-at-16.15.10-2-488x326.jpeg"},"property-detail-video-image":{"file":"WhatsApp-Image-2023-10-13-at-16.15.10-2-818x417.jpeg","width":818,"height":417,"mime-type":"image\/jpeg","filesize":80709,"url":"https:\/\/360mallorcaproperty.com\/wp-content\/uploads\/2023\/10\/WhatsApp-Image-2023-10-13-at-16.15.10-2-818x417.jpeg"},"agent-image":{"file":"WhatsApp-Image-2023-10-13-at-16.15.10-2-210x210.jpeg","width":210,"height":210,"mime-type":"image\/jpeg","filesize":14953,"url":"https:\/\/360mallorcaproperty.com\/wp-content\/uploads\/2023\/10\/WhatsApp-Image-2023-10-13-at-16.15.10-2-210x210.jpeg"},"partners-logo":{"file":"WhatsApp-Image-2023-10-13-at-16.15.10-2-600x576.jpeg","width":600,"height":576,"mime-type":"image\/jpeg","filesize":97003,"url":"https:\/\/360mallorcaproperty.com\/wp-content\/uploads\/2023\/10\/WhatsApp-Image-2023-10-13-at-16.15.10-2-600x576.jpeg"}},"image_meta":{"aperture":"0","credit":"","camera":"","caption":"","created_timestamp":"0","copyright":"","focal_length":"0","iso":"0","shutter_speed":"0","title":"","orientation":"0","keywords":[]},"ID":"21704","name":"WhatsApp-Image-2023-10-13-at-16.15.10-2.jpeg","path":"\/home\/mallorcaproperty\/public_html\/wp-content\/uploads\/2023\/10\/WhatsApp-Image-2023-10-13-at-16.15.10-2.jpeg","url":"https:\/\/360mallorcaproperty.com\/wp-content\/uploads\/2023\/10\/WhatsApp-Image-2023-10-13-at-16.15.10-2-150x150.jpeg","full_url":"https:\/\/360mallorcaproperty.com\/wp-content\/uploads\/2023\/10\/WhatsApp-Image-2023-10-13-at-16.15.10-2.jpeg","title":"WhatsApp Image 2023-10-13 at 16.15.10 (2)","caption":"","description":"","alt":"","srcset":"https:\/\/360mallorcaproperty.com\/wp-content\/uploads\/2023\/10\/WhatsApp-Image-2023-10-13-at-16.15.10-2-150x150.jpeg 150w, https:\/\/360mallorcaproperty.com\/wp-content\/uploads\/2023\/10\/WhatsApp-Image-2023-10-13-at-16.15.10-2-210x210.jpeg 210w"},{"width":150,"height":150,"file":"2023\/10\/WhatsApp-Image-2023-10-13-at-16.15.10-3.jpeg","filesize":166671,"sizes":{"medium":{"file":"WhatsApp-Image-2023-10-13-at-16.15.10-3-300x169.jpeg","width":300,"height":169,"mime-type":"image\/jpeg","filesize":16638,"url":"https:\/\/360mallorcaproperty.com\/wp-content\/uploads\/2023\/10\/WhatsApp-Image-2023-10-13-at-16.15.10-3-300x169.jpeg"},"thumbnail":{"file":"WhatsApp-Image-2023-10-13-at-16.15.10-3-150x150.jpeg","width":150,"height":150,"mime-type":"image\/jpeg","filesize":8682,"url":"https:\/\/360mallorcaproperty.com\/wp-content\/uploads\/2023\/10\/WhatsApp-Image-2023-10-13-at-16.15.10-3-150x150.jpeg"},"medium_large":{"file":"WhatsApp-Image-2023-10-13-at-16.15.10-3-768x432.jpeg","width":768,"height":432,"mime-type":"image\/jpeg","filesize":80533,"url":"https:\/\/360mallorcaproperty.com\/wp-content\/uploads\/2023\/10\/WhatsApp-Image-2023-10-13-at-16.15.10-3-768x432.jpeg"},"post-thumbnail":{"file":"WhatsApp-Image-2023-10-13-at-16.15.10-3-150x84.jpeg","width":150,"height":84,"mime-type":"image\/jpeg","filesize":5452,"url":"https:\/\/360mallorcaproperty.com\/wp-content\/uploads\/2023\/10\/WhatsApp-Image-2023-10-13-at-16.15.10-3-150x84.jpeg"},"modern-property-child-slider":{"file":"WhatsApp-Image-2023-10-13-at-16.15.10-3-680x510.jpeg","width":680,"height":510,"mime-type":"image\/jpeg","filesize":84821,"url":"https:\/\/360mallorcaproperty.com\/wp-content\/uploads\/2023\/10\/WhatsApp-Image-2023-10-13-at-16.15.10-3-680x510.jpeg"},"property-thumb-image":{"file":"WhatsApp-Image-2023-10-13-at-16.15.10-3-488x326.jpeg","width":488,"height":326,"mime-type":"image\/jpeg","filesize":44283,"url":"https:\/\/360mallorcaproperty.com\/wp-content\/uploads\/2023\/10\/WhatsApp-Image-2023-10-13-at-16.15.10-3-488x326.jpeg"},"property-detail-video-image":{"file":"WhatsApp-Image-2023-10-13-at-16.15.10-3-818x417.jpeg","width":818,"height":417,"mime-type":"image\/jpeg","filesize":80923,"url":"https:\/\/360mallorcaproperty.com\/wp-content\/uploads\/2023\/10\/WhatsApp-Image-2023-10-13-at-16.15.10-3-818x417.jpeg"},"agent-image":{"file":"WhatsApp-Image-2023-10-13-at-16.15.10-3-210x210.jpeg","width":210,"height":210,"mime-type":"image\/jpeg","filesize":15707,"url":"https:\/\/360mallorcaproperty.com\/wp-content\/uploads\/2023\/10\/WhatsApp-Image-2023-10-13-at-16.15.10-3-210x210.jpeg"},"partners-logo":{"file":"WhatsApp-Image-2023-10-13-at-16.15.10-3-600x576.jpeg","width":600,"height":576,"mime-type":"image\/jpeg","filesize":95237,"url":"https:\/\/360mallorcaproperty.com\/wp-content\/uploads\/2023\/10\/WhatsApp-Image-2023-10-13-at-16.15.10-3-600x576.jpeg"}},"image_meta":{"aperture":"0","credit":"","camera":"","caption":"","created_timestamp":"0","copyright":"","focal_length":"0","iso":"0","shutter_speed":"0","title":"","orientation":"0","keywords":[]},"ID":"21707","name":"WhatsApp-Image-2023-10-13-at-16.15.10-3.jpeg","path":"\/home\/mallorcaproperty\/public_html\/wp-content\/uploads\/2023\/10\/WhatsApp-Image-2023-10-13-at-16.15.10-3.jpeg","url":"https:\/\/360mallorcaproperty.com\/wp-content\/uploads\/2023\/10\/WhatsApp-Image-2023-10-13-at-16.15.10-3-150x150.jpeg","full_url":"https:\/\/360mallorcaproperty.com\/wp-content\/uploads\/2023\/10\/WhatsApp-Image-2023-10-13-at-16.15.10-3.jpeg","title":"WhatsApp Image 2023-10-13 at 16.15.10 (3)","caption":"","description":"","alt":"","srcset":"https:\/\/360mallorcaproperty.com\/wp-content\/uploads\/2023\/10\/WhatsApp-Image-2023-10-13-at-16.15.10-3-150x150.jpeg 150w, https:\/\/360mallorcaproperty.com\/wp-content\/uploads\/2023\/10\/WhatsApp-Image-2023-10-13-at-16.15.10-3-210x210.jpeg 210w"},{"width":150,"height":150,"file":"2023\/10\/WhatsApp-Image-2023-10-13-at-16.15.11-3.jpeg","filesize":145577,"sizes":{"medium":{"file":"WhatsApp-Image-2023-10-13-at-16.15.11-3-300x169.jpeg","width":300,"height":169,"mime-type":"image\/jpeg","filesize":14490,"url":"https:\/\/360mallorcaproperty.com\/wp-content\/uploads\/2023\/10\/WhatsApp-Image-2023-10-13-at-16.15.11-3-300x169.jpeg"},"thumbnail":{"file":"WhatsApp-Image-2023-10-13-at-16.15.11-3-150x150.jpeg","width":150,"height":150,"mime-type":"image\/jpeg","filesize":7741,"url":"https:\/\/360mallorcaproperty.com\/wp-content\/uploads\/2023\/10\/WhatsApp-Image-2023-10-13-at-16.15.11-3-150x150.jpeg"},"medium_large":{"file":"WhatsApp-Image-2023-10-13-at-16.15.11-3-768x432.jpeg","width":768,"height":432,"mime-type":"image\/jpeg","filesize":69249,"url":"https:\/\/360mallorcaproperty.com\/wp-content\/uploads\/2023\/10\/WhatsApp-Image-2023-10-13-at-16.15.11-3-768x432.jpeg"},"post-thumbnail":{"file":"WhatsApp-Image-2023-10-13-at-16.15.11-3-150x84.jpeg","width":150,"height":84,"mime-type":"image\/jpeg","filesize":4800,"url":"https:\/\/360mallorcaproperty.com\/wp-content\/uploads\/2023\/10\/WhatsApp-Image-2023-10-13-at-16.15.11-3-150x84.jpeg"},"modern-property-child-slider":{"file":"WhatsApp-Image-2023-10-13-at-16.15.11-3-680x510.jpeg","width":680,"height":510,"mime-type":"image\/jpeg","filesize":75103,"url":"https:\/\/360mallorcaproperty.com\/wp-content\/uploads\/2023\/10\/WhatsApp-Image-2023-10-13-at-16.15.11-3-680x510.jpeg"},"property-thumb-image":{"file":"WhatsApp-Image-2023-10-13-at-16.15.11-3-488x326.jpeg","width":488,"height":326,"mime-type":"image\/jpeg","filesize":38724,"url":"https:\/\/360mallorcaproperty.com\/wp-content\/uploads\/2023\/10\/WhatsApp-Image-2023-10-13-at-16.15.11-3-488x326.jpeg"},"property-detail-video-image":{"file":"WhatsApp-Image-2023-10-13-at-16.15.11-3-818x417.jpeg","width":818,"height":417,"mime-type":"image\/jpeg","filesize":71245,"url":"https:\/\/360mallorcaproperty.com\/wp-content\/uploads\/2023\/10\/WhatsApp-Image-2023-10-13-at-16.15.11-3-818x417.jpeg"},"agent-image":{"file":"WhatsApp-Image-2023-10-13-at-16.15.11-3-210x210.jpeg","width":210,"height":210,"mime-type":"image\/jpeg","filesize":13905,"url":"https:\/\/360mallorcaproperty.com\/wp-content\/uploads\/2023\/10\/WhatsApp-Image-2023-10-13-at-16.15.11-3-210x210.jpeg"},"partners-logo":{"file":"WhatsApp-Image-2023-10-13-at-16.15.11-3-600x576.jpeg","width":600,"height":576,"mime-type":"image\/jpeg","filesize":85686,"url":"https:\/\/360mallorcaproperty.com\/wp-content\/uploads\/2023\/10\/WhatsApp-Image-2023-10-13-at-16.15.11-3-600x576.jpeg"}},"image_meta":{"aperture":"0","credit":"","camera":"","caption":"","created_timestamp":"0","copyright":"","focal_length":"0","iso":"0","shutter_speed":"0","title":"","orientation":"0","keywords":[]},"ID":"21710","name":"WhatsApp-Image-2023-10-13-at-16.15.11-3.jpeg","path":"\/home\/mallorcaproperty\/public_html\/wp-content\/uploads\/2023\/10\/WhatsApp-Image-2023-10-13-at-16.15.11-3.jpeg","url":"https:\/\/360mallorcaproperty.com\/wp-content\/uploads\/2023\/10\/WhatsApp-Image-2023-10-13-at-16.15.11-3-150x150.jpeg","full_url":"https:\/\/360mallorcaproperty.com\/wp-content\/uploads\/2023\/10\/WhatsApp-Image-2023-10-13-at-16.15.11-3.jpeg","title":"WhatsApp Image 2023-10-13 at 16.15.11 (3)","caption":"","description":"","alt":"","srcset":"https:\/\/360mallorcaproperty.com\/wp-content\/uploads\/2023\/10\/WhatsApp-Image-2023-10-13-at-16.15.11-3-150x150.jpeg 150w, https:\/\/360mallorcaproperty.com\/wp-content\/uploads\/2023\/10\/WhatsApp-Image-2023-10-13-at-16.15.11-3-210x210.jpeg 210w"},{"width":150,"height":150,"file":"2023\/10\/WhatsApp-Image-2023-10-13-at-16.15.11-5.jpeg","filesize":100948,"sizes":{"medium":{"file":"WhatsApp-Image-2023-10-13-at-16.15.11-5-300x169.jpeg","width":300,"height":169,"mime-type":"image\/jpeg","filesize":10918,"url":"https:\/\/360mallorcaproperty.com\/wp-content\/uploads\/2023\/10\/WhatsApp-Image-2023-10-13-at-16.15.11-5-300x169.jpeg"},"thumbnail":{"file":"WhatsApp-Image-2023-10-13-at-16.15.11-5-150x150.jpeg","width":150,"height":150,"mime-type":"image\/jpeg","filesize":5999,"url":"https:\/\/360mallorcaproperty.com\/wp-content\/uploads\/2023\/10\/WhatsApp-Image-2023-10-13-at-16.15.11-5-150x150.jpeg"},"medium_large":{"file":"WhatsApp-Image-2023-10-13-at-16.15.11-5-768x432.jpeg","width":768,"height":432,"mime-type":"image\/jpeg","filesize":49223,"url":"https:\/\/360mallorcaproperty.com\/wp-content\/uploads\/2023\/10\/WhatsApp-Image-2023-10-13-at-16.15.11-5-768x432.jpeg"},"post-thumbnail":{"file":"WhatsApp-Image-2023-10-13-at-16.15.11-5-150x84.jpeg","width":150,"height":84,"mime-type":"image\/jpeg","filesize":4004,"url":"https:\/\/360mallorcaproperty.com\/wp-content\/uploads\/2023\/10\/WhatsApp-Image-2023-10-13-at-16.15.11-5-150x84.jpeg"},"modern-property-child-slider":{"file":"WhatsApp-Image-2023-10-13-at-16.15.11-5-680x510.jpeg","width":680,"height":510,"mime-type":"image\/jpeg","filesize":53384,"url":"https:\/\/360mallorcaproperty.com\/wp-content\/uploads\/2023\/10\/WhatsApp-Image-2023-10-13-at-16.15.11-5-680x510.jpeg"},"property-thumb-image":{"file":"WhatsApp-Image-2023-10-13-at-16.15.11-5-488x326.jpeg","width":488,"height":326,"mime-type":"image\/jpeg","filesize":27847,"url":"https:\/\/360mallorcaproperty.com\/wp-content\/uploads\/2023\/10\/WhatsApp-Image-2023-10-13-at-16.15.11-5-488x326.jpeg"},"property-detail-video-image":{"file":"WhatsApp-Image-2023-10-13-at-16.15.11-5-818x417.jpeg","width":818,"height":417,"mime-type":"image\/jpeg","filesize":49278,"url":"https:\/\/360mallorcaproperty.com\/wp-content\/uploads\/2023\/10\/WhatsApp-Image-2023-10-13-at-16.15.11-5-818x417.jpeg"},"agent-image":{"file":"WhatsApp-Image-2023-10-13-at-16.15.11-5-210x210.jpeg","width":210,"height":210,"mime-type":"image\/jpeg","filesize":9916,"url":"https:\/\/360mallorcaproperty.com\/wp-content\/uploads\/2023\/10\/WhatsApp-Image-2023-10-13-at-16.15.11-5-210x210.jpeg"},"partners-logo":{"file":"WhatsApp-Image-2023-10-13-at-16.15.11-5-600x576.jpeg","width":600,"height":576,"mime-type":"image\/jpeg","filesize":58285,"url":"https:\/\/360mallorcaproperty.com\/wp-content\/uploads\/2023\/10\/WhatsApp-Image-2023-10-13-at-16.15.11-5-600x576.jpeg"}},"image_meta":{"aperture":"0","credit":"","camera":"","caption":"","created_timestamp":"0","copyright":"","focal_length":"0","iso":"0","shutter_speed":"0","title":"","orientation":"0","keywords":[]},"ID":"21713","name":"WhatsApp-Image-2023-10-13-at-16.15.11-5.jpeg","path":"\/home\/mallorcaproperty\/public_html\/wp-content\/uploads\/2023\/10\/WhatsApp-Image-2023-10-13-at-16.15.11-5.jpeg","url":"https:\/\/360mallorcaproperty.com\/wp-content\/uploads\/2023\/10\/WhatsApp-Image-2023-10-13-at-16.15.11-5-150x150.jpeg","full_url":"https:\/\/360mallorcaproperty.com\/wp-content\/uploads\/2023\/10\/WhatsApp-Image-2023-10-13-at-16.15.11-5.jpeg","title":"WhatsApp Image 2023-10-13 at 16.15.11 (5)","caption":"","description":"","alt":"","srcset":"https:\/\/360mallorcaproperty.com\/wp-content\/uploads\/2023\/10\/WhatsApp-Image-2023-10-13-at-16.15.11-5-150x150.jpeg 150w, https:\/\/360mallorcaproperty.com\/wp-content\/uploads\/2023\/10\/WhatsApp-Image-2023-10-13-at-16.15.11-5-210x210.jpeg 210w"},{"width":150,"height":150,"file":"2023\/10\/WhatsApp-Image-2023-10-13-at-16.15.11.jpeg","filesize":244130,"sizes":{"medium":{"file":"WhatsApp-Image-2023-10-13-at-16.15.11-300x169.jpeg","width":300,"height":169,"mime-type":"image\/jpeg","filesize":19818,"url":"https:\/\/360mallorcaproperty.com\/wp-content\/uploads\/2023\/10\/WhatsApp-Image-2023-10-13-at-16.15.11-300x169.jpeg"},"thumbnail":{"file":"WhatsApp-Image-2023-10-13-at-16.15.11-150x150.jpeg","width":150,"height":150,"mime-type":"image\/jpeg","filesize":9915,"url":"https:\/\/360mallorcaproperty.com\/wp-content\/uploads\/2023\/10\/WhatsApp-Image-2023-10-13-at-16.15.11-150x150.jpeg"},"medium_large":{"file":"WhatsApp-Image-2023-10-13-at-16.15.11-768x432.jpeg","width":768,"height":432,"mime-type":"image\/jpeg","filesize":108075,"url":"https:\/\/360mallorcaproperty.com\/wp-content\/uploads\/2023\/10\/WhatsApp-Image-2023-10-13-at-16.15.11-768x432.jpeg"},"post-thumbnail":{"file":"WhatsApp-Image-2023-10-13-at-16.15.11-150x84.jpeg","width":150,"height":84,"mime-type":"image\/jpeg","filesize":6077,"url":"https:\/\/360mallorcaproperty.com\/wp-content\/uploads\/2023\/10\/WhatsApp-Image-2023-10-13-at-16.15.11-150x84.jpeg"},"modern-property-child-slider":{"file":"WhatsApp-Image-2023-10-13-at-16.15.11-680x510.jpeg","width":680,"height":510,"mime-type":"image\/jpeg","filesize":113177,"url":"https:\/\/360mallorcaproperty.com\/wp-content\/uploads\/2023\/10\/WhatsApp-Image-2023-10-13-at-16.15.11-680x510.jpeg"},"property-thumb-image":{"file":"WhatsApp-Image-2023-10-13-at-16.15.11-488x326.jpeg","width":488,"height":326,"mime-type":"image\/jpeg","filesize":56246,"url":"https:\/\/360mallorcaproperty.com\/wp-content\/uploads\/2023\/10\/WhatsApp-Image-2023-10-13-at-16.15.11-488x326.jpeg"},"property-detail-video-image":{"file":"WhatsApp-Image-2023-10-13-at-16.15.11-818x417.jpeg","width":818,"height":417,"mime-type":"image\/jpeg","filesize":112725,"url":"https:\/\/360mallorcaproperty.com\/wp-content\/uploads\/2023\/10\/WhatsApp-Image-2023-10-13-at-16.15.11-818x417.jpeg"},"agent-image":{"file":"WhatsApp-Image-2023-10-13-at-16.15.11-210x210.jpeg","width":210,"height":210,"mime-type":"image\/jpeg","filesize":18295,"url":"https:\/\/360mallorcaproperty.com\/wp-content\/uploads\/2023\/10\/WhatsApp-Image-2023-10-13-at-16.15.11-210x210.jpeg"},"partners-logo":{"file":"WhatsApp-Image-2023-10-13-at-16.15.11-600x576.jpeg","width":600,"height":576,"mime-type":"image\/jpeg","filesize":132343,"url":"https:\/\/360mallorcaproperty.com\/wp-content\/uploads\/2023\/10\/WhatsApp-Image-2023-10-13-at-16.15.11-600x576.jpeg"}},"image_meta":{"aperture":"0","credit":"","camera":"","caption":"","created_timestamp":"0","copyright":"","focal_length":"0","iso":"0","shutter_speed":"0","title":"","orientation":"0","keywords":[]},"ID":"21716","name":"WhatsApp-Image-2023-10-13-at-16.15.11.jpeg","path":"\/home\/mallorcaproperty\/public_html\/wp-content\/uploads\/2023\/10\/WhatsApp-Image-2023-10-13-at-16.15.11.jpeg","url":"https:\/\/360mallorcaproperty.com\/wp-content\/uploads\/2023\/10\/WhatsApp-Image-2023-10-13-at-16.15.11-150x150.jpeg","full_url":"https:\/\/360mallorcaproperty.com\/wp-content\/uploads\/2023\/10\/WhatsApp-Image-2023-10-13-at-16.15.11.jpeg","title":"WhatsApp Image 2023-10-13 at 16.15.11","caption":"","description":"","alt":"","srcset":"https:\/\/360mallorcaproperty.com\/wp-content\/uploads\/2023\/10\/WhatsApp-Image-2023-10-13-at-16.15.11-150x150.jpeg 150w, https:\/\/360mallorcaproperty.com\/wp-content\/uploads\/2023\/10\/WhatsApp-Image-2023-10-13-at-16.15.11-210x210.jpeg 210w"},{"width":150,"height":150,"file":"2023\/10\/WhatsApp-Image-2023-10-13-at-16.18.31-1.jpeg","filesize":133970,"sizes":{"medium":{"file":"WhatsApp-Image-2023-10-13-at-16.18.31-1-300x169.jpeg","width":300,"height":169,"mime-type":"image\/jpeg","filesize":13566,"url":"https:\/\/360mallorcaproperty.com\/wp-content\/uploads\/2023\/10\/WhatsApp-Image-2023-10-13-at-16.18.31-1-300x169.jpeg"},"thumbnail":{"file":"WhatsApp-Image-2023-10-13-at-16.18.31-1-150x150.jpeg","width":150,"height":150,"mime-type":"image\/jpeg","filesize":6909,"url":"https:\/\/360mallorcaproperty.com\/wp-content\/uploads\/2023\/10\/WhatsApp-Image-2023-10-13-at-16.18.31-1-150x150.jpeg"},"medium_large":{"file":"WhatsApp-Image-2023-10-13-at-16.18.31-1-768x432.jpeg","width":768,"height":432,"mime-type":"image\/jpeg","filesize":62492,"url":"https:\/\/360mallorcaproperty.com\/wp-content\/uploads\/2023\/10\/WhatsApp-Image-2023-10-13-at-16.18.31-1-768x432.jpeg"},"post-thumbnail":{"file":"WhatsApp-Image-2023-10-13-at-16.18.31-1-150x84.jpeg","width":150,"height":84,"mime-type":"image\/jpeg","filesize":4779,"url":"https:\/\/360mallorcaproperty.com\/wp-content\/uploads\/2023\/10\/WhatsApp-Image-2023-10-13-at-16.18.31-1-150x84.jpeg"},"modern-property-child-slider":{"file":"WhatsApp-Image-2023-10-13-at-16.18.31-1-680x510.jpeg","width":680,"height":510,"mime-type":"image\/jpeg","filesize":61675,"url":"https:\/\/360mallorcaproperty.com\/wp-content\/uploads\/2023\/10\/WhatsApp-Image-2023-10-13-at-16.18.31-1-680x510.jpeg"},"property-thumb-image":{"file":"WhatsApp-Image-2023-10-13-at-16.18.31-1-488x326.jpeg","width":488,"height":326,"mime-type":"image\/jpeg","filesize":32996,"url":"https:\/\/360mallorcaproperty.com\/wp-content\/uploads\/2023\/10\/WhatsApp-Image-2023-10-13-at-16.18.31-1-488x326.jpeg"},"property-detail-video-image":{"file":"WhatsApp-Image-2023-10-13-at-16.18.31-1-818x417.jpeg","width":818,"height":417,"mime-type":"image\/jpeg","filesize":65240,"url":"https:\/\/360mallorcaproperty.com\/wp-content\/uploads\/2023\/10\/WhatsApp-Image-2023-10-13-at-16.18.31-1-818x417.jpeg"},"agent-image":{"file":"WhatsApp-Image-2023-10-13-at-16.18.31-1-210x210.jpeg","width":210,"height":210,"mime-type":"image\/jpeg","filesize":11703,"url":"https:\/\/360mallorcaproperty.com\/wp-content\/uploads\/2023\/10\/WhatsApp-Image-2023-10-13-at-16.18.31-1-210x210.jpeg"},"partners-logo":{"file":"WhatsApp-Image-2023-10-13-at-16.18.31-1-600x576.jpeg","width":600,"height":576,"mime-type":"image\/jpeg","filesize":70182,"url":"https:\/\/360mallorcaproperty.com\/wp-content\/uploads\/2023\/10\/WhatsApp-Image-2023-10-13-at-16.18.31-1-600x576.jpeg"}},"image_meta":{"aperture":"0","credit":"","camera":"","caption":"","created_timestamp":"0","copyright":"","focal_length":"0","iso":"0","shutter_speed":"0","title":"","orientation":"0","keywords":[]},"ID":"21719","name":"WhatsApp-Image-2023-10-13-at-16.18.31-1.jpeg","path":"\/home\/mallorcaproperty\/public_html\/wp-content\/uploads\/2023\/10\/WhatsApp-Image-2023-10-13-at-16.18.31-1.jpeg","url":"https:\/\/360mallorcaproperty.com\/wp-content\/uploads\/2023\/10\/WhatsApp-Image-2023-10-13-at-16.18.31-1-150x150.jpeg","full_url":"https:\/\/360mallorcaproperty.com\/wp-content\/uploads\/2023\/10\/WhatsApp-Image-2023-10-13-at-16.18.31-1.jpeg","title":"WhatsApp Image 2023-10-13 at 16.18.31 (1)","caption":"","description":"","alt":"","srcset":"https:\/\/360mallorcaproperty.com\/wp-content\/uploads\/2023\/10\/WhatsApp-Image-2023-10-13-at-16.18.31-1-150x150.jpeg 150w, https:\/\/360mallorcaproperty.com\/wp-content\/uploads\/2023\/10\/WhatsApp-Image-2023-10-13-at-16.18.31-1-210x210.jpeg 210w"},{"width":150,"height":150,"file":"2023\/10\/WhatsApp-Image-2023-10-13-at-16.18.31-2.jpeg","filesize":169862,"sizes":{"medium":{"file":"WhatsApp-Image-2023-10-13-at-16.18.31-2-300x169.jpeg","width":300,"height":169,"mime-type":"image\/jpeg","filesize":14748,"url":"https:\/\/360mallorcaproperty.com\/wp-content\/uploads\/2023\/10\/WhatsApp-Image-2023-10-13-at-16.18.31-2-300x169.jpeg"},"thumbnail":{"file":"WhatsApp-Image-2023-10-13-at-16.18.31-2-150x150.jpeg","width":150,"height":150,"mime-type":"image\/jpeg","filesize":7823,"url":"https:\/\/360mallorcaproperty.com\/wp-content\/uploads\/2023\/10\/WhatsApp-Image-2023-10-13-at-16.18.31-2-150x150.jpeg"},"medium_large":{"file":"WhatsApp-Image-2023-10-13-at-16.18.31-2-768x432.jpeg","width":768,"height":432,"mime-type":"image\/jpeg","filesize":74498,"url":"https:\/\/360mallorcaproperty.com\/wp-content\/uploads\/2023\/10\/WhatsApp-Image-2023-10-13-at-16.18.31-2-768x432.jpeg"},"post-thumbnail":{"file":"WhatsApp-Image-2023-10-13-at-16.18.31-2-150x84.jpeg","width":150,"height":84,"mime-type":"image\/jpeg","filesize":4894,"url":"https:\/\/360mallorcaproperty.com\/wp-content\/uploads\/2023\/10\/WhatsApp-Image-2023-10-13-at-16.18.31-2-150x84.jpeg"},"modern-property-child-slider":{"file":"WhatsApp-Image-2023-10-13-at-16.18.31-2-680x510.jpeg","width":680,"height":510,"mime-type":"image\/jpeg","filesize":75342,"url":"https:\/\/360mallorcaproperty.com\/wp-content\/uploads\/2023\/10\/WhatsApp-Image-2023-10-13-at-16.18.31-2-680x510.jpeg"},"property-thumb-image":{"file":"WhatsApp-Image-2023-10-13-at-16.18.31-2-488x326.jpeg","width":488,"height":326,"mime-type":"image\/jpeg","filesize":39149,"url":"https:\/\/360mallorcaproperty.com\/wp-content\/uploads\/2023\/10\/WhatsApp-Image-2023-10-13-at-16.18.31-2-488x326.jpeg"},"property-detail-video-image":{"file":"WhatsApp-Image-2023-10-13-at-16.18.31-2-818x417.jpeg","width":818,"height":417,"mime-type":"image\/jpeg","filesize":78006,"url":"https:\/\/360mallorcaproperty.com\/wp-content\/uploads\/2023\/10\/WhatsApp-Image-2023-10-13-at-16.18.31-2-818x417.jpeg"},"agent-image":{"file":"WhatsApp-Image-2023-10-13-at-16.18.31-2-210x210.jpeg","width":210,"height":210,"mime-type":"image\/jpeg","filesize":13877,"url":"https:\/\/360mallorcaproperty.com\/wp-content\/uploads\/2023\/10\/WhatsApp-Image-2023-10-13-at-16.18.31-2-210x210.jpeg"},"partners-logo":{"file":"WhatsApp-Image-2023-10-13-at-16.18.31-2-600x576.jpeg","width":600,"height":576,"mime-type":"image\/jpeg","filesize":87613,"url":"https:\/\/360mallorcaproperty.com\/wp-content\/uploads\/2023\/10\/WhatsApp-Image-2023-10-13-at-16.18.31-2-600x576.jpeg"}},"image_meta":{"aperture":"0","credit":"","camera":"","caption":"","created_timestamp":"0","copyright":"","focal_length":"0","iso":"0","shutter_speed":"0","title":"","orientation":"0","keywords":[]},"ID":"21722","name":"WhatsApp-Image-2023-10-13-at-16.18.31-2.jpeg","path":"\/home\/mallorcaproperty\/public_html\/wp-content\/uploads\/2023\/10\/WhatsApp-Image-2023-10-13-at-16.18.31-2.jpeg","url":"https:\/\/360mallorcaproperty.com\/wp-content\/uploads\/2023\/10\/WhatsApp-Image-2023-10-13-at-16.18.31-2-150x150.jpeg","full_url":"https:\/\/360mallorcaproperty.com\/wp-content\/uploads\/2023\/10\/WhatsApp-Image-2023-10-13-at-16.18.31-2.jpeg","title":"WhatsApp Image 2023-10-13 at 16.18.31 (2)","caption":"","description":"","alt":"","srcset":"https:\/\/360mallorcaproperty.com\/wp-content\/uploads\/2023\/10\/WhatsApp-Image-2023-10-13-at-16.18.31-2-150x150.jpeg 150w, https:\/\/360mallorcaproperty.com\/wp-content\/uploads\/2023\/10\/WhatsApp-Image-2023-10-13-at-16.18.31-2-210x210.jpeg 210w"},{"width":150,"height":150,"file":"2023\/10\/2.png","filesize":1383957,"sizes":{"medium":{"file":"2-300x251.png","width":300,"height":251,"mime-type":"image\/png","filesize":162930,"url":"https:\/\/360mallorcaproperty.com\/wp-content\/uploads\/2023\/10\/2-300x251.png"},"thumbnail":{"file":"2-150x150.png","width":150,"height":150,"mime-type":"image\/png","filesize":50500,"url":"https:\/\/360mallorcaproperty.com\/wp-content\/uploads\/2023\/10\/2-150x150.png"},"medium_large":{"file":"2-768x644.png","width":768,"height":644,"mime-type":"image\/png","filesize":907239,"url":"https:\/\/360mallorcaproperty.com\/wp-content\/uploads\/2023\/10\/2-768x644.png"},"post-thumbnail":{"file":"2-150x126.png","width":150,"height":126,"mime-type":"image\/png","filesize":43761,"url":"https:\/\/360mallorcaproperty.com\/wp-content\/uploads\/2023\/10\/2-150x126.png"},"modern-property-child-slider":{"file":"2-680x510.png","width":680,"height":510,"mime-type":"image\/png","filesize":645119,"url":"https:\/\/360mallorcaproperty.com\/wp-content\/uploads\/2023\/10\/2-680x510.png"},"property-thumb-image":{"file":"2-488x326.png","width":488,"height":326,"mime-type":"image\/png","filesize":318449,"url":"https:\/\/360mallorcaproperty.com\/wp-content\/uploads\/2023\/10\/2-488x326.png"},"property-detail-video-image":{"file":"2-818x417.png","width":818,"height":417,"mime-type":"image\/png","filesize":598032,"url":"https:\/\/360mallorcaproperty.com\/wp-content\/uploads\/2023\/10\/2-818x417.png"},"agent-image":{"file":"2-210x210.png","width":210,"height":210,"mime-type":"image\/png","filesize":94953,"url":"https:\/\/360mallorcaproperty.com\/wp-content\/uploads\/2023\/10\/2-210x210.png"},"partners-logo":{"file":"2-600x788.png","width":600,"height":788,"mime-type":"image\/png","filesize":844639,"url":"https:\/\/360mallorcaproperty.com\/wp-content\/uploads\/2023\/10\/2-600x788.png"},"post-featured-image":{"file":"2-940x720.png","width":940,"height":720,"mime-type":"image\/png","filesize":1245095,"url":"https:\/\/360mallorcaproperty.com\/wp-content\/uploads\/2023\/10\/2-940x720.png"}},"image_meta":{"aperture":"0","credit":"","camera":"","caption":"","created_timestamp":"0","copyright":"","focal_length":"0","iso":"0","shutter_speed":"0","title":"","orientation":"0","keywords":[]},"ID":"30190","name":"2.png","path":"\/home\/mallorcaproperty\/public_html\/wp-content\/uploads\/2023\/10\/2.png","url":"https:\/\/360mallorcaproperty.com\/wp-content\/uploads\/2023\/10\/2-150x150.png","full_url":"https:\/\/360mallorcaproperty.com\/wp-content\/uploads\/2023\/10\/2.png","title":"2","caption":"","description":"","alt":"","srcset":"https:\/\/360mallorcaproperty.com\/wp-content\/uploads\/2023\/10\/2-150x150.png 150w, https:\/\/360mallorcaproperty.com\/wp-content\/uploads\/2023\/10\/2-210x210.png 210w"}],"REAL_HOMES_change_gallery_slider_type":"0","REAL_HOMES_gallery_slider_type":"thumb-on-right","inspiry_floor_plans":[],"inspiry_video_group":[],"REAL_HOMES_360_virtual_tour":"<iframe src=\"https:\/\/my.matterport.com\/show\/?m=K3MrxA9grxz\" width=\"100%\" height=\"100%\" allowvr=\"\" allowfullscreen=\"allowfullscreen\"><\/iframe>","REAL_HOMES_agent_display_option":"none","REAL_HOMES_agents":[],"REAL_HOMES_energy_class":"none","REAL_HOMES_energy_performance":"","REAL_HOMES_epc_current_rating":"","REAL_HOMES_epc_potential_rating":"","ere_property_schedule_tour":"global","ere_property_schedule_time_slots":"","ere_property_schedule_description":"","REAL_HOMES_sticky":"0","inspiry_property_label":"","inspiry_property_label_color":"","inspiry_property_tax":"","inspiry_additional_fee":"","REAL_HOMES_attachments":[],"inspiry_property_owner_name":"","inspiry_property_owner_contact":"","inspiry_property_owner_address":"","REAL_HOMES_property_private_note":"","inspiry_message_to_reviewer":"","REAL_HOMES_add_in_slider":"no","REAL_HOMES_slider_image":[],"REAL_HOMES_page_banner_image":[],"REAL_HOMES_hide_property_advance_search":"0","inspiry_offmarket":[],"REAL_HOMES_custom_header_display":"default","REAL_HOMES_custom_header_position":"relative","REAL_HOMES_custom_footer_display":"default","REAL_HOMES_hide_advance_search":"0","REAL_HOMES_custom_search_form":"default","REAL_HOMES_search_form_margin_top":"","REAL_HOMES_search_form_margin_bottom":""},"_links":{"self":[{"href":"https:\/\/360mallorcaproperty.com\/de\/wp-json\/wp\/v2\/property\/21757","targetHints":{"allow":["GET"]}}],"collection":[{"href":"https:\/\/360mallorcaproperty.com\/de\/wp-json\/wp\/v2\/property"}],"about":[{"href":"https:\/\/360mallorcaproperty.com\/de\/wp-json\/wp\/v2\/types\/property"}],"author":[{"embeddable":true,"href":"https:\/\/360mallorcaproperty.com\/de\/wp-json\/wp\/v2\/users\/1"}],"replies":[{"embeddable":true,"href":"https:\/\/360mallorcaproperty.com\/de\/wp-json\/wp\/v2\/comments?post=21757"}],"version-history":[{"count":1,"href":"https:\/\/360mallorcaproperty.com\/de\/wp-json\/wp\/v2\/property\/21757\/revisions"}],"predecessor-version":[{"id":30191,"href":"https:\/\/360mallorcaproperty.com\/de\/wp-json\/wp\/v2\/property\/21757\/revisions\/30191"}],"wp:featuredmedia":[{"embeddable":true,"href":"https:\/\/360mallorcaproperty.com\/de\/wp-json\/wp\/v2\/media\/30188"}],"wp:attachment":[{"href":"https:\/\/360mallorcaproperty.com\/de\/wp-json\/wp\/v2\/media?parent=21757"}],"wp:term":[{"taxonomy":"property-feature","embeddable":true,"href":"https:\/\/360mallorcaproperty.com\/de\/wp-json\/wp\/v2\/property-feature?post=21757"},{"taxonomy":"property-type","embeddable":true,"href":"https:\/\/360mallorcaproperty.com\/de\/wp-json\/wp\/v2\/property-type?post=21757"},{"taxonomy":"property-city","embeddable":true,"href":"https:\/\/360mallorcaproperty.com\/de\/wp-json\/wp\/v2\/property-location?post=21757"},{"taxonomy":"property-status","embeddable":true,"href":"https:\/\/360mallorcaproperty.com\/de\/wp-json\/wp\/v2\/property-status?post=21757"}],"curies":[{"name":"wp","href":"https:\/\/api.w.org\/{rel}","templated":true}]}}