{"id":29113,"date":"2024-09-05T14:02:08","date_gmt":"2024-09-05T14:02:08","guid":{"rendered":"https:\/\/360mallorcaproperty.com\/property\/approved-project-for-a-country-home-in-cas-concos\/"},"modified":"2026-02-26T10:04:00","modified_gmt":"2026-02-26T10:04:00","slug":"approved-project-for-a-country-home-in-cas-concos","status":"publish","type":"property","link":"https:\/\/360mallorcaproperty.com\/de\/property\/approved-project-for-a-country-home-in-cas-concos\/","title":{"rendered":"Genehmigtes Projekt f\u00fcr ein Landhaus in Cas Concos"},"content":{"rendered":"<p data-start=\"935\" data-end=\"1283\">Zwischen Es Carritx\u00f3 und Cas Concos gelegen, bietet dieses erh\u00f6hte rustikale Grundst\u00fcck mit 22.937 m\u00b2 eine privilegierte Lage mit weitem Blick auf die Landschaft, die H\u00fcgel und den bekannten San Salvador. Die erh\u00f6hte Position sorgt f\u00fcr Ruhe, Privatsph\u00e4re und ein gro\u00dfz\u00fcgiges Raumgef\u00fchl in einer der authentischsten Gegenden im S\u00fcdosten Mallorcas.<\/p>\n<p data-start=\"1285\" data-end=\"1524\">F\u00fcr das Grundst\u00fcck liegt ein genehmigtes Projekt zum Bau eines Einfamilienhauses mit ca. 270 m\u00b2 Wohnfl\u00e4che vor, geplant mit drei Schlafzimmern, drei B\u00e4dern, Doppelgarage und Swimmingpool, harmonisch in die nat\u00fcrliche Umgebung integriert.<\/p>\n<p data-start=\"1526\" data-end=\"1749\" data-is-last-node=\"\" data-is-only-node=\"\">Eine attraktive Gelegenheit f\u00fcr K\u00e4ufer aus NRW, die ein exklusives Landhaus mit Aussicht, Ruhe und hoher Lebensqualit\u00e4t suchen \u2013 nur wenige Fahrminuten von Cas Concos, Felanitx und den sch\u00f6nsten Str\u00e4nden der Insel entfernt.<\/p>\n","protected":false},"excerpt":{"rendered":"<p>Zwischen Es Carritx\u00f3 und Cas Concos gelegen, bietet dieses erh\u00f6hte rustikale Grundst\u00fcck mit 22.937 m\u00b2 eine privilegierte Lage mit weitem Blick auf die Landschaft, die H\u00fcgel und den bekannten San Salvador. Die erh\u00f6hte Position sorgt f\u00fcr Ruhe, Privatsph\u00e4re und ein gro\u00dfz\u00fcgiges Raumgef\u00fchl in einer der authentischsten Gegenden im S\u00fcdosten Mallorcas. F\u00fcr das Grundst\u00fcck liegt ein&#8230;<\/p>\n","protected":false},"author":1,"featured_media":29104,"parent":0,"menu_order":0,"comment_status":"closed","ping_status":"closed","template":"","property-feature":[],"property-type":[239],"property-location":[555,319],"property-status":[241],"class_list":["post-29113","property","type-property","status-publish","has-post-thumbnail","hentry","property-type-landliches-grundstuck","property-city-cas-concos-de","property-city-es-caritxo-de","property-status-zum-verkauf"],"property_meta":{"REAL_HOMES_property_price":"650000","REAL_HOMES_property_old_price":"","REAL_HOMES_property_price_prefix":"","REAL_HOMES_property_price_postfix":"","REAL_HOMES_property_size":"270","REAL_HOMES_property_size_postfix":"m\u00b2","REAL_HOMES_property_lot_size":"22937","REAL_HOMES_property_lot_size_postfix":"m\u00b2","REAL_HOMES_property_bedrooms":"3","REAL_HOMES_property_bathrooms":"3","REAL_HOMES_property_garage":"","REAL_HOMES_property_id":"V4087","REAL_HOMES_property_year_built":"","REAL_HOMES_featured":"0","REAL_HOMES_additional_details_list":[],"rvr_booking_widget_display":"show","rvr_booking_mode":"deferred","rvr_govt_tax":"","rvr_govt_tax_type":"percentage","rvr_govt_tax_calculation":"per_stay","rvr_service_charges":"","rvr_service_charges_type":"percentage","rvr_service_charges_calculation":"per_stay","rvr_guests_capacity":"","rvr_book_child_as":"child","rvr_min_stay":"","rvr_guests_capacity_extend":"not_allowed","rvr_extra_guest_price":"","rvr_property_owner":"0","rvr_bulk_pricing":[],"rvr_seasonal_pricing":[],"rvr_custom_reserved_dates":[],"rvr_additional_fees":[{"rvr_fee_type":"fixed","rvr_fee_calculation":"per_stay"}],"rvr_additional_amenities":[{"price_calculation":"per_stay"}],"rvr_accommodation":[],"rvr_outdoor_features":[],"rvr_surroundings":[],"rvr_included":[],"rvr_not_included":[],"rvr_policies":[],"REAL_HOMES_property_location":{"latitude":"39.430160363834","longitude":"3.1600284576416","zoom":"14"},"REAL_HOMES_property_address":"es Carritx\u00f3, Felanitx, Migjorn, Islas Baleares, 07208, Espa\u00f1a","REAL_HOMES_property_map":"0","REAL_HOMES_property_images":[{"width":150,"height":150,"file":"2024\/09\/WhatsApp-Image-2024-08-09-at-14.50.32-4.jpeg","filesize":268482,"sizes":{"medium":{"file":"WhatsApp-Image-2024-08-09-at-14.50.32-4-300x169.jpeg","width":300,"height":169,"mime-type":"image\/jpeg","filesize":12084,"url":"https:\/\/360mallorcaproperty.com\/wp-content\/uploads\/2024\/09\/WhatsApp-Image-2024-08-09-at-14.50.32-4-300x169.jpeg"},"large":{"file":"WhatsApp-Image-2024-08-09-at-14.50.32-4-1024x576.jpeg","width":1024,"height":576,"mime-type":"image\/jpeg","filesize":130847,"url":"https:\/\/360mallorcaproperty.com\/wp-content\/uploads\/2024\/09\/WhatsApp-Image-2024-08-09-at-14.50.32-4-1024x576.jpeg"},"thumbnail":{"file":"WhatsApp-Image-2024-08-09-at-14.50.32-4-150x150.jpeg","width":150,"height":150,"mime-type":"image\/jpeg","filesize":5821,"url":"https:\/\/360mallorcaproperty.com\/wp-content\/uploads\/2024\/09\/WhatsApp-Image-2024-08-09-at-14.50.32-4-150x150.jpeg"},"medium_large":{"file":"WhatsApp-Image-2024-08-09-at-14.50.32-4-768x432.jpeg","width":768,"height":432,"mime-type":"image\/jpeg","filesize":74747,"url":"https:\/\/360mallorcaproperty.com\/wp-content\/uploads\/2024\/09\/WhatsApp-Image-2024-08-09-at-14.50.32-4-768x432.jpeg"},"1536x1536":{"file":"WhatsApp-Image-2024-08-09-at-14.50.32-4-1536x864.jpeg","width":1536,"height":864,"mime-type":"image\/jpeg","filesize":272800,"url":"https:\/\/360mallorcaproperty.com\/wp-content\/uploads\/2024\/09\/WhatsApp-Image-2024-08-09-at-14.50.32-4-1536x864.jpeg"},"post-thumbnail":{"file":"WhatsApp-Image-2024-08-09-at-14.50.32-4-150x84.jpeg","width":150,"height":84,"mime-type":"image\/jpeg","filesize":3772,"url":"https:\/\/360mallorcaproperty.com\/wp-content\/uploads\/2024\/09\/WhatsApp-Image-2024-08-09-at-14.50.32-4-150x84.jpeg"},"modern-property-child-slider":{"file":"WhatsApp-Image-2024-08-09-at-14.50.32-4-680x510.jpeg","width":680,"height":510,"mime-type":"image\/jpeg","filesize":79249,"url":"https:\/\/360mallorcaproperty.com\/wp-content\/uploads\/2024\/09\/WhatsApp-Image-2024-08-09-at-14.50.32-4-680x510.jpeg"},"property-thumb-image":{"file":"WhatsApp-Image-2024-08-09-at-14.50.32-4-488x326.jpeg","width":488,"height":326,"mime-type":"image\/jpeg","filesize":36212,"url":"https:\/\/360mallorcaproperty.com\/wp-content\/uploads\/2024\/09\/WhatsApp-Image-2024-08-09-at-14.50.32-4-488x326.jpeg"},"property-detail-video-image":{"file":"WhatsApp-Image-2024-08-09-at-14.50.32-4-818x417.jpeg","width":818,"height":417,"mime-type":"image\/jpeg","filesize":78739,"url":"https:\/\/360mallorcaproperty.com\/wp-content\/uploads\/2024\/09\/WhatsApp-Image-2024-08-09-at-14.50.32-4-818x417.jpeg"},"agent-image":{"file":"WhatsApp-Image-2024-08-09-at-14.50.32-4-210x210.jpeg","width":210,"height":210,"mime-type":"image\/jpeg","filesize":10856,"url":"https:\/\/360mallorcaproperty.com\/wp-content\/uploads\/2024\/09\/WhatsApp-Image-2024-08-09-at-14.50.32-4-210x210.jpeg"},"partners-logo":{"file":"WhatsApp-Image-2024-08-09-at-14.50.32-4-600x900.jpeg","width":600,"height":900,"mime-type":"image\/jpeg","filesize":130400,"url":"https:\/\/360mallorcaproperty.com\/wp-content\/uploads\/2024\/09\/WhatsApp-Image-2024-08-09-at-14.50.32-4-600x900.jpeg"},"post-featured-image":{"file":"WhatsApp-Image-2024-08-09-at-14.50.32-4-1240x720.jpeg","width":1240,"height":720,"mime-type":"image\/jpeg","filesize":193282,"url":"https:\/\/360mallorcaproperty.com\/wp-content\/uploads\/2024\/09\/WhatsApp-Image-2024-08-09-at-14.50.32-4-1240x720.jpeg"}},"image_meta":{"aperture":"0","credit":"","camera":"","caption":"","created_timestamp":"0","copyright":"","focal_length":"0","iso":"0","shutter_speed":"0","title":"","orientation":"0","keywords":[]},"ID":"29067","name":"WhatsApp-Image-2024-08-09-at-14.50.32-4.jpeg","path":"\/home\/mallorcaproperty\/public_html\/wp-content\/uploads\/2024\/09\/WhatsApp-Image-2024-08-09-at-14.50.32-4.jpeg","url":"https:\/\/360mallorcaproperty.com\/wp-content\/uploads\/2024\/09\/WhatsApp-Image-2024-08-09-at-14.50.32-4-150x150.jpeg","full_url":"https:\/\/360mallorcaproperty.com\/wp-content\/uploads\/2024\/09\/WhatsApp-Image-2024-08-09-at-14.50.32-4.jpeg","title":"WhatsApp Image 2024-08-09 at 14.50.32 (4)","caption":"","description":"","alt":"","srcset":"https:\/\/360mallorcaproperty.com\/wp-content\/uploads\/2024\/09\/WhatsApp-Image-2024-08-09-at-14.50.32-4-150x150.jpeg 150w, https:\/\/360mallorcaproperty.com\/wp-content\/uploads\/2024\/09\/WhatsApp-Image-2024-08-09-at-14.50.32-4-210x210.jpeg 210w"},{"width":150,"height":150,"file":"2024\/09\/WhatsApp-Image-2024-08-09-at-14.50.32-5.jpeg","filesize":258268,"sizes":{"medium":{"file":"WhatsApp-Image-2024-08-09-at-14.50.32-5-300x169.jpeg","width":300,"height":169,"mime-type":"image\/jpeg","filesize":12901,"url":"https:\/\/360mallorcaproperty.com\/wp-content\/uploads\/2024\/09\/WhatsApp-Image-2024-08-09-at-14.50.32-5-300x169.jpeg"},"large":{"file":"WhatsApp-Image-2024-08-09-at-14.50.32-5-1024x576.jpeg","width":1024,"height":576,"mime-type":"image\/jpeg","filesize":128822,"url":"https:\/\/360mallorcaproperty.com\/wp-content\/uploads\/2024\/09\/WhatsApp-Image-2024-08-09-at-14.50.32-5-1024x576.jpeg"},"thumbnail":{"file":"WhatsApp-Image-2024-08-09-at-14.50.32-5-150x150.jpeg","width":150,"height":150,"mime-type":"image\/jpeg","filesize":5826,"url":"https:\/\/360mallorcaproperty.com\/wp-content\/uploads\/2024\/09\/WhatsApp-Image-2024-08-09-at-14.50.32-5-150x150.jpeg"},"medium_large":{"file":"WhatsApp-Image-2024-08-09-at-14.50.32-5-768x432.jpeg","width":768,"height":432,"mime-type":"image\/jpeg","filesize":74669,"url":"https:\/\/360mallorcaproperty.com\/wp-content\/uploads\/2024\/09\/WhatsApp-Image-2024-08-09-at-14.50.32-5-768x432.jpeg"},"1536x1536":{"file":"WhatsApp-Image-2024-08-09-at-14.50.32-5-1536x864.jpeg","width":1536,"height":864,"mime-type":"image\/jpeg","filesize":264120,"url":"https:\/\/360mallorcaproperty.com\/wp-content\/uploads\/2024\/09\/WhatsApp-Image-2024-08-09-at-14.50.32-5-1536x864.jpeg"},"post-thumbnail":{"file":"WhatsApp-Image-2024-08-09-at-14.50.32-5-150x84.jpeg","width":150,"height":84,"mime-type":"image\/jpeg","filesize":4137,"url":"https:\/\/360mallorcaproperty.com\/wp-content\/uploads\/2024\/09\/WhatsApp-Image-2024-08-09-at-14.50.32-5-150x84.jpeg"},"modern-property-child-slider":{"file":"WhatsApp-Image-2024-08-09-at-14.50.32-5-680x510.jpeg","width":680,"height":510,"mime-type":"image\/jpeg","filesize":74274,"url":"https:\/\/360mallorcaproperty.com\/wp-content\/uploads\/2024\/09\/WhatsApp-Image-2024-08-09-at-14.50.32-5-680x510.jpeg"},"property-thumb-image":{"file":"WhatsApp-Image-2024-08-09-at-14.50.32-5-488x326.jpeg","width":488,"height":326,"mime-type":"image\/jpeg","filesize":36138,"url":"https:\/\/360mallorcaproperty.com\/wp-content\/uploads\/2024\/09\/WhatsApp-Image-2024-08-09-at-14.50.32-5-488x326.jpeg"},"property-detail-video-image":{"file":"WhatsApp-Image-2024-08-09-at-14.50.32-5-818x417.jpeg","width":818,"height":417,"mime-type":"image\/jpeg","filesize":77901,"url":"https:\/\/360mallorcaproperty.com\/wp-content\/uploads\/2024\/09\/WhatsApp-Image-2024-08-09-at-14.50.32-5-818x417.jpeg"},"agent-image":{"file":"WhatsApp-Image-2024-08-09-at-14.50.32-5-210x210.jpeg","width":210,"height":210,"mime-type":"image\/jpeg","filesize":10603,"url":"https:\/\/360mallorcaproperty.com\/wp-content\/uploads\/2024\/09\/WhatsApp-Image-2024-08-09-at-14.50.32-5-210x210.jpeg"},"partners-logo":{"file":"WhatsApp-Image-2024-08-09-at-14.50.32-5-600x900.jpeg","width":600,"height":900,"mime-type":"image\/jpeg","filesize":121145,"url":"https:\/\/360mallorcaproperty.com\/wp-content\/uploads\/2024\/09\/WhatsApp-Image-2024-08-09-at-14.50.32-5-600x900.jpeg"},"post-featured-image":{"file":"WhatsApp-Image-2024-08-09-at-14.50.32-5-1240x720.jpeg","width":1240,"height":720,"mime-type":"image\/jpeg","filesize":186832,"url":"https:\/\/360mallorcaproperty.com\/wp-content\/uploads\/2024\/09\/WhatsApp-Image-2024-08-09-at-14.50.32-5-1240x720.jpeg"}},"image_meta":{"aperture":"0","credit":"","camera":"","caption":"","created_timestamp":"0","copyright":"","focal_length":"0","iso":"0","shutter_speed":"0","title":"","orientation":"0","keywords":[]},"ID":"29070","name":"WhatsApp-Image-2024-08-09-at-14.50.32-5.jpeg","path":"\/home\/mallorcaproperty\/public_html\/wp-content\/uploads\/2024\/09\/WhatsApp-Image-2024-08-09-at-14.50.32-5.jpeg","url":"https:\/\/360mallorcaproperty.com\/wp-content\/uploads\/2024\/09\/WhatsApp-Image-2024-08-09-at-14.50.32-5-150x150.jpeg","full_url":"https:\/\/360mallorcaproperty.com\/wp-content\/uploads\/2024\/09\/WhatsApp-Image-2024-08-09-at-14.50.32-5.jpeg","title":"WhatsApp Image 2024-08-09 at 14.50.32 (5)","caption":"","description":"","alt":"","srcset":"https:\/\/360mallorcaproperty.com\/wp-content\/uploads\/2024\/09\/WhatsApp-Image-2024-08-09-at-14.50.32-5-150x150.jpeg 150w, https:\/\/360mallorcaproperty.com\/wp-content\/uploads\/2024\/09\/WhatsApp-Image-2024-08-09-at-14.50.32-5-210x210.jpeg 210w"},{"width":150,"height":150,"file":"2024\/09\/WhatsApp-Image-2024-08-09-at-14.50.32-6.jpeg","filesize":332264,"sizes":{"medium":{"file":"WhatsApp-Image-2024-08-09-at-14.50.32-6-300x169.jpeg","width":300,"height":169,"mime-type":"image\/jpeg","filesize":15025,"url":"https:\/\/360mallorcaproperty.com\/wp-content\/uploads\/2024\/09\/WhatsApp-Image-2024-08-09-at-14.50.32-6-300x169.jpeg"},"large":{"file":"WhatsApp-Image-2024-08-09-at-14.50.32-6-1024x576.jpeg","width":1024,"height":576,"mime-type":"image\/jpeg","filesize":163478,"url":"https:\/\/360mallorcaproperty.com\/wp-content\/uploads\/2024\/09\/WhatsApp-Image-2024-08-09-at-14.50.32-6-1024x576.jpeg"},"thumbnail":{"file":"WhatsApp-Image-2024-08-09-at-14.50.32-6-150x150.jpeg","width":150,"height":150,"mime-type":"image\/jpeg","filesize":5581,"url":"https:\/\/360mallorcaproperty.com\/wp-content\/uploads\/2024\/09\/WhatsApp-Image-2024-08-09-at-14.50.32-6-150x150.jpeg"},"medium_large":{"file":"WhatsApp-Image-2024-08-09-at-14.50.32-6-768x432.jpeg","width":768,"height":432,"mime-type":"image\/jpeg","filesize":93930,"url":"https:\/\/360mallorcaproperty.com\/wp-content\/uploads\/2024\/09\/WhatsApp-Image-2024-08-09-at-14.50.32-6-768x432.jpeg"},"1536x1536":{"file":"WhatsApp-Image-2024-08-09-at-14.50.32-6-1536x864.jpeg","width":1536,"height":864,"mime-type":"image\/jpeg","filesize":337127,"url":"https:\/\/360mallorcaproperty.com\/wp-content\/uploads\/2024\/09\/WhatsApp-Image-2024-08-09-at-14.50.32-6-1536x864.jpeg"},"post-thumbnail":{"file":"WhatsApp-Image-2024-08-09-at-14.50.32-6-150x84.jpeg","width":150,"height":84,"mime-type":"image\/jpeg","filesize":4374,"url":"https:\/\/360mallorcaproperty.com\/wp-content\/uploads\/2024\/09\/WhatsApp-Image-2024-08-09-at-14.50.32-6-150x84.jpeg"},"modern-property-child-slider":{"file":"WhatsApp-Image-2024-08-09-at-14.50.32-6-680x510.jpeg","width":680,"height":510,"mime-type":"image\/jpeg","filesize":87936,"url":"https:\/\/360mallorcaproperty.com\/wp-content\/uploads\/2024\/09\/WhatsApp-Image-2024-08-09-at-14.50.32-6-680x510.jpeg"},"property-thumb-image":{"file":"WhatsApp-Image-2024-08-09-at-14.50.32-6-488x326.jpeg","width":488,"height":326,"mime-type":"image\/jpeg","filesize":43458,"url":"https:\/\/360mallorcaproperty.com\/wp-content\/uploads\/2024\/09\/WhatsApp-Image-2024-08-09-at-14.50.32-6-488x326.jpeg"},"property-detail-video-image":{"file":"WhatsApp-Image-2024-08-09-at-14.50.32-6-818x417.jpeg","width":818,"height":417,"mime-type":"image\/jpeg","filesize":97768,"url":"https:\/\/360mallorcaproperty.com\/wp-content\/uploads\/2024\/09\/WhatsApp-Image-2024-08-09-at-14.50.32-6-818x417.jpeg"},"agent-image":{"file":"WhatsApp-Image-2024-08-09-at-14.50.32-6-210x210.jpeg","width":210,"height":210,"mime-type":"image\/jpeg","filesize":10514,"url":"https:\/\/360mallorcaproperty.com\/wp-content\/uploads\/2024\/09\/WhatsApp-Image-2024-08-09-at-14.50.32-6-210x210.jpeg"},"partners-logo":{"file":"WhatsApp-Image-2024-08-09-at-14.50.32-6-600x900.jpeg","width":600,"height":900,"mime-type":"image\/jpeg","filesize":119253,"url":"https:\/\/360mallorcaproperty.com\/wp-content\/uploads\/2024\/09\/WhatsApp-Image-2024-08-09-at-14.50.32-6-600x900.jpeg"},"post-featured-image":{"file":"WhatsApp-Image-2024-08-09-at-14.50.32-6-1240x720.jpeg","width":1240,"height":720,"mime-type":"image\/jpeg","filesize":237345,"url":"https:\/\/360mallorcaproperty.com\/wp-content\/uploads\/2024\/09\/WhatsApp-Image-2024-08-09-at-14.50.32-6-1240x720.jpeg"}},"image_meta":{"aperture":"0","credit":"","camera":"","caption":"","created_timestamp":"0","copyright":"","focal_length":"0","iso":"0","shutter_speed":"0","title":"","orientation":"0","keywords":[]},"ID":"29073","name":"WhatsApp-Image-2024-08-09-at-14.50.32-6.jpeg","path":"\/home\/mallorcaproperty\/public_html\/wp-content\/uploads\/2024\/09\/WhatsApp-Image-2024-08-09-at-14.50.32-6.jpeg","url":"https:\/\/360mallorcaproperty.com\/wp-content\/uploads\/2024\/09\/WhatsApp-Image-2024-08-09-at-14.50.32-6-150x150.jpeg","full_url":"https:\/\/360mallorcaproperty.com\/wp-content\/uploads\/2024\/09\/WhatsApp-Image-2024-08-09-at-14.50.32-6.jpeg","title":"WhatsApp Image 2024-08-09 at 14.50.32 (6)","caption":"","description":"","alt":"","srcset":"https:\/\/360mallorcaproperty.com\/wp-content\/uploads\/2024\/09\/WhatsApp-Image-2024-08-09-at-14.50.32-6-150x150.jpeg 150w, https:\/\/360mallorcaproperty.com\/wp-content\/uploads\/2024\/09\/WhatsApp-Image-2024-08-09-at-14.50.32-6-210x210.jpeg 210w"},{"width":150,"height":150,"file":"2024\/09\/WhatsApp-Image-2024-08-09-at-14.50.32.jpeg","filesize":306137,"sizes":{"medium":{"file":"WhatsApp-Image-2024-08-09-at-14.50.32-300x169.jpeg","width":300,"height":169,"mime-type":"image\/jpeg","filesize":14317,"url":"https:\/\/360mallorcaproperty.com\/wp-content\/uploads\/2024\/09\/WhatsApp-Image-2024-08-09-at-14.50.32-300x169.jpeg"},"large":{"file":"WhatsApp-Image-2024-08-09-at-14.50.32-1024x576.jpeg","width":1024,"height":576,"mime-type":"image\/jpeg","filesize":150340,"url":"https:\/\/360mallorcaproperty.com\/wp-content\/uploads\/2024\/09\/WhatsApp-Image-2024-08-09-at-14.50.32-1024x576.jpeg"},"thumbnail":{"file":"WhatsApp-Image-2024-08-09-at-14.50.32-150x150.jpeg","width":150,"height":150,"mime-type":"image\/jpeg","filesize":6696,"url":"https:\/\/360mallorcaproperty.com\/wp-content\/uploads\/2024\/09\/WhatsApp-Image-2024-08-09-at-14.50.32-150x150.jpeg"},"medium_large":{"file":"WhatsApp-Image-2024-08-09-at-14.50.32-768x432.jpeg","width":768,"height":432,"mime-type":"image\/jpeg","filesize":86768,"url":"https:\/\/360mallorcaproperty.com\/wp-content\/uploads\/2024\/09\/WhatsApp-Image-2024-08-09-at-14.50.32-768x432.jpeg"},"1536x1536":{"file":"WhatsApp-Image-2024-08-09-at-14.50.32-1536x864.jpeg","width":1536,"height":864,"mime-type":"image\/jpeg","filesize":310542,"url":"https:\/\/360mallorcaproperty.com\/wp-content\/uploads\/2024\/09\/WhatsApp-Image-2024-08-09-at-14.50.32-1536x864.jpeg"},"post-thumbnail":{"file":"WhatsApp-Image-2024-08-09-at-14.50.32-150x84.jpeg","width":150,"height":84,"mime-type":"image\/jpeg","filesize":4436,"url":"https:\/\/360mallorcaproperty.com\/wp-content\/uploads\/2024\/09\/WhatsApp-Image-2024-08-09-at-14.50.32-150x84.jpeg"},"modern-property-child-slider":{"file":"WhatsApp-Image-2024-08-09-at-14.50.32-680x510.jpeg","width":680,"height":510,"mime-type":"image\/jpeg","filesize":88907,"url":"https:\/\/360mallorcaproperty.com\/wp-content\/uploads\/2024\/09\/WhatsApp-Image-2024-08-09-at-14.50.32-680x510.jpeg"},"property-thumb-image":{"file":"WhatsApp-Image-2024-08-09-at-14.50.32-488x326.jpeg","width":488,"height":326,"mime-type":"image\/jpeg","filesize":41422,"url":"https:\/\/360mallorcaproperty.com\/wp-content\/uploads\/2024\/09\/WhatsApp-Image-2024-08-09-at-14.50.32-488x326.jpeg"},"property-detail-video-image":{"file":"WhatsApp-Image-2024-08-09-at-14.50.32-818x417.jpeg","width":818,"height":417,"mime-type":"image\/jpeg","filesize":91587,"url":"https:\/\/360mallorcaproperty.com\/wp-content\/uploads\/2024\/09\/WhatsApp-Image-2024-08-09-at-14.50.32-818x417.jpeg"},"agent-image":{"file":"WhatsApp-Image-2024-08-09-at-14.50.32-210x210.jpeg","width":210,"height":210,"mime-type":"image\/jpeg","filesize":12338,"url":"https:\/\/360mallorcaproperty.com\/wp-content\/uploads\/2024\/09\/WhatsApp-Image-2024-08-09-at-14.50.32-210x210.jpeg"},"partners-logo":{"file":"WhatsApp-Image-2024-08-09-at-14.50.32-600x900.jpeg","width":600,"height":900,"mime-type":"image\/jpeg","filesize":143041,"url":"https:\/\/360mallorcaproperty.com\/wp-content\/uploads\/2024\/09\/WhatsApp-Image-2024-08-09-at-14.50.32-600x900.jpeg"},"post-featured-image":{"file":"WhatsApp-Image-2024-08-09-at-14.50.32-1240x720.jpeg","width":1240,"height":720,"mime-type":"image\/jpeg","filesize":219609,"url":"https:\/\/360mallorcaproperty.com\/wp-content\/uploads\/2024\/09\/WhatsApp-Image-2024-08-09-at-14.50.32-1240x720.jpeg"}},"image_meta":{"aperture":"0","credit":"","camera":"","caption":"","created_timestamp":"0","copyright":"","focal_length":"0","iso":"0","shutter_speed":"0","title":"","orientation":"0","keywords":[]},"ID":"29076","name":"WhatsApp-Image-2024-08-09-at-14.50.32.jpeg","path":"\/home\/mallorcaproperty\/public_html\/wp-content\/uploads\/2024\/09\/WhatsApp-Image-2024-08-09-at-14.50.32.jpeg","url":"https:\/\/360mallorcaproperty.com\/wp-content\/uploads\/2024\/09\/WhatsApp-Image-2024-08-09-at-14.50.32-150x150.jpeg","full_url":"https:\/\/360mallorcaproperty.com\/wp-content\/uploads\/2024\/09\/WhatsApp-Image-2024-08-09-at-14.50.32.jpeg","title":"WhatsApp Image 2024-08-09 at 14.50.32","caption":"","description":"","alt":"","srcset":"https:\/\/360mallorcaproperty.com\/wp-content\/uploads\/2024\/09\/WhatsApp-Image-2024-08-09-at-14.50.32-150x150.jpeg 150w, https:\/\/360mallorcaproperty.com\/wp-content\/uploads\/2024\/09\/WhatsApp-Image-2024-08-09-at-14.50.32-210x210.jpeg 210w"},{"width":150,"height":150,"file":"2024\/09\/WhatsApp-Image-2024-08-09-at-14.50.33-1.jpeg","filesize":256185,"sizes":{"medium":{"file":"WhatsApp-Image-2024-08-09-at-14.50.33-1-300x169.jpeg","width":300,"height":169,"mime-type":"image\/jpeg","filesize":11928,"url":"https:\/\/360mallorcaproperty.com\/wp-content\/uploads\/2024\/09\/WhatsApp-Image-2024-08-09-at-14.50.33-1-300x169.jpeg"},"large":{"file":"WhatsApp-Image-2024-08-09-at-14.50.33-1-1024x576.jpeg","width":1024,"height":576,"mime-type":"image\/jpeg","filesize":125434,"url":"https:\/\/360mallorcaproperty.com\/wp-content\/uploads\/2024\/09\/WhatsApp-Image-2024-08-09-at-14.50.33-1-1024x576.jpeg"},"thumbnail":{"file":"WhatsApp-Image-2024-08-09-at-14.50.33-1-150x150.jpeg","width":150,"height":150,"mime-type":"image\/jpeg","filesize":5639,"url":"https:\/\/360mallorcaproperty.com\/wp-content\/uploads\/2024\/09\/WhatsApp-Image-2024-08-09-at-14.50.33-1-150x150.jpeg"},"medium_large":{"file":"WhatsApp-Image-2024-08-09-at-14.50.33-1-768x432.jpeg","width":768,"height":432,"mime-type":"image\/jpeg","filesize":71801,"url":"https:\/\/360mallorcaproperty.com\/wp-content\/uploads\/2024\/09\/WhatsApp-Image-2024-08-09-at-14.50.33-1-768x432.jpeg"},"1536x1536":{"file":"WhatsApp-Image-2024-08-09-at-14.50.33-1-1536x864.jpeg","width":1536,"height":864,"mime-type":"image\/jpeg","filesize":261885,"url":"https:\/\/360mallorcaproperty.com\/wp-content\/uploads\/2024\/09\/WhatsApp-Image-2024-08-09-at-14.50.33-1-1536x864.jpeg"},"post-thumbnail":{"file":"WhatsApp-Image-2024-08-09-at-14.50.33-1-150x84.jpeg","width":150,"height":84,"mime-type":"image\/jpeg","filesize":3717,"url":"https:\/\/360mallorcaproperty.com\/wp-content\/uploads\/2024\/09\/WhatsApp-Image-2024-08-09-at-14.50.33-1-150x84.jpeg"},"modern-property-child-slider":{"file":"WhatsApp-Image-2024-08-09-at-14.50.33-1-680x510.jpeg","width":680,"height":510,"mime-type":"image\/jpeg","filesize":75154,"url":"https:\/\/360mallorcaproperty.com\/wp-content\/uploads\/2024\/09\/WhatsApp-Image-2024-08-09-at-14.50.33-1-680x510.jpeg"},"property-thumb-image":{"file":"WhatsApp-Image-2024-08-09-at-14.50.33-1-488x326.jpeg","width":488,"height":326,"mime-type":"image\/jpeg","filesize":35065,"url":"https:\/\/360mallorcaproperty.com\/wp-content\/uploads\/2024\/09\/WhatsApp-Image-2024-08-09-at-14.50.33-1-488x326.jpeg"},"property-detail-video-image":{"file":"WhatsApp-Image-2024-08-09-at-14.50.33-1-818x417.jpeg","width":818,"height":417,"mime-type":"image\/jpeg","filesize":75030,"url":"https:\/\/360mallorcaproperty.com\/wp-content\/uploads\/2024\/09\/WhatsApp-Image-2024-08-09-at-14.50.33-1-818x417.jpeg"},"agent-image":{"file":"WhatsApp-Image-2024-08-09-at-14.50.33-1-210x210.jpeg","width":210,"height":210,"mime-type":"image\/jpeg","filesize":10440,"url":"https:\/\/360mallorcaproperty.com\/wp-content\/uploads\/2024\/09\/WhatsApp-Image-2024-08-09-at-14.50.33-1-210x210.jpeg"},"partners-logo":{"file":"WhatsApp-Image-2024-08-09-at-14.50.33-1-600x900.jpeg","width":600,"height":900,"mime-type":"image\/jpeg","filesize":127661,"url":"https:\/\/360mallorcaproperty.com\/wp-content\/uploads\/2024\/09\/WhatsApp-Image-2024-08-09-at-14.50.33-1-600x900.jpeg"},"post-featured-image":{"file":"WhatsApp-Image-2024-08-09-at-14.50.33-1-1240x720.jpeg","width":1240,"height":720,"mime-type":"image\/jpeg","filesize":184783,"url":"https:\/\/360mallorcaproperty.com\/wp-content\/uploads\/2024\/09\/WhatsApp-Image-2024-08-09-at-14.50.33-1-1240x720.jpeg"}},"image_meta":{"aperture":"0","credit":"","camera":"","caption":"","created_timestamp":"0","copyright":"","focal_length":"0","iso":"0","shutter_speed":"0","title":"","orientation":"0","keywords":[]},"ID":"29079","name":"WhatsApp-Image-2024-08-09-at-14.50.33-1.jpeg","path":"\/home\/mallorcaproperty\/public_html\/wp-content\/uploads\/2024\/09\/WhatsApp-Image-2024-08-09-at-14.50.33-1.jpeg","url":"https:\/\/360mallorcaproperty.com\/wp-content\/uploads\/2024\/09\/WhatsApp-Image-2024-08-09-at-14.50.33-1-150x150.jpeg","full_url":"https:\/\/360mallorcaproperty.com\/wp-content\/uploads\/2024\/09\/WhatsApp-Image-2024-08-09-at-14.50.33-1.jpeg","title":"WhatsApp Image 2024-08-09 at 14.50.33 (1)","caption":"","description":"","alt":"","srcset":"https:\/\/360mallorcaproperty.com\/wp-content\/uploads\/2024\/09\/WhatsApp-Image-2024-08-09-at-14.50.33-1-150x150.jpeg 150w, https:\/\/360mallorcaproperty.com\/wp-content\/uploads\/2024\/09\/WhatsApp-Image-2024-08-09-at-14.50.33-1-210x210.jpeg 210w"},{"width":150,"height":150,"file":"2024\/09\/WhatsApp-Image-2024-08-09-at-14.50.33-2.jpeg","filesize":338686,"sizes":{"medium":{"file":"WhatsApp-Image-2024-08-09-at-14.50.33-2-300x169.jpeg","width":300,"height":169,"mime-type":"image\/jpeg","filesize":14661,"url":"https:\/\/360mallorcaproperty.com\/wp-content\/uploads\/2024\/09\/WhatsApp-Image-2024-08-09-at-14.50.33-2-300x169.jpeg"},"large":{"file":"WhatsApp-Image-2024-08-09-at-14.50.33-2-1024x576.jpeg","width":1024,"height":576,"mime-type":"image\/jpeg","filesize":162900,"url":"https:\/\/360mallorcaproperty.com\/wp-content\/uploads\/2024\/09\/WhatsApp-Image-2024-08-09-at-14.50.33-2-1024x576.jpeg"},"thumbnail":{"file":"WhatsApp-Image-2024-08-09-at-14.50.33-2-150x150.jpeg","width":150,"height":150,"mime-type":"image\/jpeg","filesize":6991,"url":"https:\/\/360mallorcaproperty.com\/wp-content\/uploads\/2024\/09\/WhatsApp-Image-2024-08-09-at-14.50.33-2-150x150.jpeg"},"medium_large":{"file":"WhatsApp-Image-2024-08-09-at-14.50.33-2-768x432.jpeg","width":768,"height":432,"mime-type":"image\/jpeg","filesize":92808,"url":"https:\/\/360mallorcaproperty.com\/wp-content\/uploads\/2024\/09\/WhatsApp-Image-2024-08-09-at-14.50.33-2-768x432.jpeg"},"1536x1536":{"file":"WhatsApp-Image-2024-08-09-at-14.50.33-2-1536x864.jpeg","width":1536,"height":864,"mime-type":"image\/jpeg","filesize":342032,"url":"https:\/\/360mallorcaproperty.com\/wp-content\/uploads\/2024\/09\/WhatsApp-Image-2024-08-09-at-14.50.33-2-1536x864.jpeg"},"post-thumbnail":{"file":"WhatsApp-Image-2024-08-09-at-14.50.33-2-150x84.jpeg","width":150,"height":84,"mime-type":"image\/jpeg","filesize":4430,"url":"https:\/\/360mallorcaproperty.com\/wp-content\/uploads\/2024\/09\/WhatsApp-Image-2024-08-09-at-14.50.33-2-150x84.jpeg"},"modern-property-child-slider":{"file":"WhatsApp-Image-2024-08-09-at-14.50.33-2-680x510.jpeg","width":680,"height":510,"mime-type":"image\/jpeg","filesize":98273,"url":"https:\/\/360mallorcaproperty.com\/wp-content\/uploads\/2024\/09\/WhatsApp-Image-2024-08-09-at-14.50.33-2-680x510.jpeg"},"property-thumb-image":{"file":"WhatsApp-Image-2024-08-09-at-14.50.33-2-488x326.jpeg","width":488,"height":326,"mime-type":"image\/jpeg","filesize":44991,"url":"https:\/\/360mallorcaproperty.com\/wp-content\/uploads\/2024\/09\/WhatsApp-Image-2024-08-09-at-14.50.33-2-488x326.jpeg"},"property-detail-video-image":{"file":"WhatsApp-Image-2024-08-09-at-14.50.33-2-818x417.jpeg","width":818,"height":417,"mime-type":"image\/jpeg","filesize":98611,"url":"https:\/\/360mallorcaproperty.com\/wp-content\/uploads\/2024\/09\/WhatsApp-Image-2024-08-09-at-14.50.33-2-818x417.jpeg"},"agent-image":{"file":"WhatsApp-Image-2024-08-09-at-14.50.33-2-210x210.jpeg","width":210,"height":210,"mime-type":"image\/jpeg","filesize":13125,"url":"https:\/\/360mallorcaproperty.com\/wp-content\/uploads\/2024\/09\/WhatsApp-Image-2024-08-09-at-14.50.33-2-210x210.jpeg"},"partners-logo":{"file":"WhatsApp-Image-2024-08-09-at-14.50.33-2-600x900.jpeg","width":600,"height":900,"mime-type":"image\/jpeg","filesize":177081,"url":"https:\/\/360mallorcaproperty.com\/wp-content\/uploads\/2024\/09\/WhatsApp-Image-2024-08-09-at-14.50.33-2-600x900.jpeg"},"post-featured-image":{"file":"WhatsApp-Image-2024-08-09-at-14.50.33-2-1240x720.jpeg","width":1240,"height":720,"mime-type":"image\/jpeg","filesize":241323,"url":"https:\/\/360mallorcaproperty.com\/wp-content\/uploads\/2024\/09\/WhatsApp-Image-2024-08-09-at-14.50.33-2-1240x720.jpeg"}},"image_meta":{"aperture":"0","credit":"","camera":"","caption":"","created_timestamp":"0","copyright":"","focal_length":"0","iso":"0","shutter_speed":"0","title":"","orientation":"0","keywords":[]},"ID":"29082","name":"WhatsApp-Image-2024-08-09-at-14.50.33-2.jpeg","path":"\/home\/mallorcaproperty\/public_html\/wp-content\/uploads\/2024\/09\/WhatsApp-Image-2024-08-09-at-14.50.33-2.jpeg","url":"https:\/\/360mallorcaproperty.com\/wp-content\/uploads\/2024\/09\/WhatsApp-Image-2024-08-09-at-14.50.33-2-150x150.jpeg","full_url":"https:\/\/360mallorcaproperty.com\/wp-content\/uploads\/2024\/09\/WhatsApp-Image-2024-08-09-at-14.50.33-2.jpeg","title":"WhatsApp Image 2024-08-09 at 14.50.33 (2)","caption":"","description":"","alt":"","srcset":"https:\/\/360mallorcaproperty.com\/wp-content\/uploads\/2024\/09\/WhatsApp-Image-2024-08-09-at-14.50.33-2-150x150.jpeg 150w, https:\/\/360mallorcaproperty.com\/wp-content\/uploads\/2024\/09\/WhatsApp-Image-2024-08-09-at-14.50.33-2-210x210.jpeg 210w"},{"width":150,"height":150,"file":"2024\/09\/WhatsApp-Image-2024-08-09-at-14.50.33.jpeg","filesize":373427,"sizes":{"medium":{"file":"WhatsApp-Image-2024-08-09-at-14.50.33-300x169.jpeg","width":300,"height":169,"mime-type":"image\/jpeg","filesize":16140,"url":"https:\/\/360mallorcaproperty.com\/wp-content\/uploads\/2024\/09\/WhatsApp-Image-2024-08-09-at-14.50.33-300x169.jpeg"},"large":{"file":"WhatsApp-Image-2024-08-09-at-14.50.33-1024x576.jpeg","width":1024,"height":576,"mime-type":"image\/jpeg","filesize":180507,"url":"https:\/\/360mallorcaproperty.com\/wp-content\/uploads\/2024\/09\/WhatsApp-Image-2024-08-09-at-14.50.33-1024x576.jpeg"},"thumbnail":{"file":"WhatsApp-Image-2024-08-09-at-14.50.33-150x150.jpeg","width":150,"height":150,"mime-type":"image\/jpeg","filesize":7192,"url":"https:\/\/360mallorcaproperty.com\/wp-content\/uploads\/2024\/09\/WhatsApp-Image-2024-08-09-at-14.50.33-150x150.jpeg"},"medium_large":{"file":"WhatsApp-Image-2024-08-09-at-14.50.33-768x432.jpeg","width":768,"height":432,"mime-type":"image\/jpeg","filesize":102999,"url":"https:\/\/360mallorcaproperty.com\/wp-content\/uploads\/2024\/09\/WhatsApp-Image-2024-08-09-at-14.50.33-768x432.jpeg"},"1536x1536":{"file":"WhatsApp-Image-2024-08-09-at-14.50.33-1536x864.jpeg","width":1536,"height":864,"mime-type":"image\/jpeg","filesize":376553,"url":"https:\/\/360mallorcaproperty.com\/wp-content\/uploads\/2024\/09\/WhatsApp-Image-2024-08-09-at-14.50.33-1536x864.jpeg"},"post-thumbnail":{"file":"WhatsApp-Image-2024-08-09-at-14.50.33-150x84.jpeg","width":150,"height":84,"mime-type":"image\/jpeg","filesize":4691,"url":"https:\/\/360mallorcaproperty.com\/wp-content\/uploads\/2024\/09\/WhatsApp-Image-2024-08-09-at-14.50.33-150x84.jpeg"},"modern-property-child-slider":{"file":"WhatsApp-Image-2024-08-09-at-14.50.33-680x510.jpeg","width":680,"height":510,"mime-type":"image\/jpeg","filesize":101318,"url":"https:\/\/360mallorcaproperty.com\/wp-content\/uploads\/2024\/09\/WhatsApp-Image-2024-08-09-at-14.50.33-680x510.jpeg"},"property-thumb-image":{"file":"WhatsApp-Image-2024-08-09-at-14.50.33-488x326.jpeg","width":488,"height":326,"mime-type":"image\/jpeg","filesize":47907,"url":"https:\/\/360mallorcaproperty.com\/wp-content\/uploads\/2024\/09\/WhatsApp-Image-2024-08-09-at-14.50.33-488x326.jpeg"},"property-detail-video-image":{"file":"WhatsApp-Image-2024-08-09-at-14.50.33-818x417.jpeg","width":818,"height":417,"mime-type":"image\/jpeg","filesize":108043,"url":"https:\/\/360mallorcaproperty.com\/wp-content\/uploads\/2024\/09\/WhatsApp-Image-2024-08-09-at-14.50.33-818x417.jpeg"},"agent-image":{"file":"WhatsApp-Image-2024-08-09-at-14.50.33-210x210.jpeg","width":210,"height":210,"mime-type":"image\/jpeg","filesize":13504,"url":"https:\/\/360mallorcaproperty.com\/wp-content\/uploads\/2024\/09\/WhatsApp-Image-2024-08-09-at-14.50.33-210x210.jpeg"},"partners-logo":{"file":"WhatsApp-Image-2024-08-09-at-14.50.33-600x900.jpeg","width":600,"height":900,"mime-type":"image\/jpeg","filesize":173373,"url":"https:\/\/360mallorcaproperty.com\/wp-content\/uploads\/2024\/09\/WhatsApp-Image-2024-08-09-at-14.50.33-600x900.jpeg"},"post-featured-image":{"file":"WhatsApp-Image-2024-08-09-at-14.50.33-1240x720.jpeg","width":1240,"height":720,"mime-type":"image\/jpeg","filesize":264165,"url":"https:\/\/360mallorcaproperty.com\/wp-content\/uploads\/2024\/09\/WhatsApp-Image-2024-08-09-at-14.50.33-1240x720.jpeg"}},"image_meta":{"aperture":"0","credit":"","camera":"","caption":"","created_timestamp":"0","copyright":"","focal_length":"0","iso":"0","shutter_speed":"0","title":"","orientation":"0","keywords":[]},"ID":"29085","name":"WhatsApp-Image-2024-08-09-at-14.50.33.jpeg","path":"\/home\/mallorcaproperty\/public_html\/wp-content\/uploads\/2024\/09\/WhatsApp-Image-2024-08-09-at-14.50.33.jpeg","url":"https:\/\/360mallorcaproperty.com\/wp-content\/uploads\/2024\/09\/WhatsApp-Image-2024-08-09-at-14.50.33-150x150.jpeg","full_url":"https:\/\/360mallorcaproperty.com\/wp-content\/uploads\/2024\/09\/WhatsApp-Image-2024-08-09-at-14.50.33.jpeg","title":"WhatsApp Image 2024-08-09 at 14.50.33","caption":"","description":"","alt":"","srcset":"https:\/\/360mallorcaproperty.com\/wp-content\/uploads\/2024\/09\/WhatsApp-Image-2024-08-09-at-14.50.33-150x150.jpeg 150w, https:\/\/360mallorcaproperty.com\/wp-content\/uploads\/2024\/09\/WhatsApp-Image-2024-08-09-at-14.50.33-210x210.jpeg 210w"},{"width":150,"height":150,"file":"2024\/09\/WhatsApp-Image-2024-08-09-at-14.50.31-1.jpeg","filesize":310833,"sizes":{"medium":{"file":"WhatsApp-Image-2024-08-09-at-14.50.31-1-300x169.jpeg","width":300,"height":169,"mime-type":"image\/jpeg","filesize":14353,"url":"https:\/\/360mallorcaproperty.com\/wp-content\/uploads\/2024\/09\/WhatsApp-Image-2024-08-09-at-14.50.31-1-300x169.jpeg"},"large":{"file":"WhatsApp-Image-2024-08-09-at-14.50.31-1-1024x576.jpeg","width":1024,"height":576,"mime-type":"image\/jpeg","filesize":152011,"url":"https:\/\/360mallorcaproperty.com\/wp-content\/uploads\/2024\/09\/WhatsApp-Image-2024-08-09-at-14.50.31-1-1024x576.jpeg"},"thumbnail":{"file":"WhatsApp-Image-2024-08-09-at-14.50.31-1-150x150.jpeg","width":150,"height":150,"mime-type":"image\/jpeg","filesize":6850,"url":"https:\/\/360mallorcaproperty.com\/wp-content\/uploads\/2024\/09\/WhatsApp-Image-2024-08-09-at-14.50.31-1-150x150.jpeg"},"medium_large":{"file":"WhatsApp-Image-2024-08-09-at-14.50.31-1-768x432.jpeg","width":768,"height":432,"mime-type":"image\/jpeg","filesize":87379,"url":"https:\/\/360mallorcaproperty.com\/wp-content\/uploads\/2024\/09\/WhatsApp-Image-2024-08-09-at-14.50.31-1-768x432.jpeg"},"1536x1536":{"file":"WhatsApp-Image-2024-08-09-at-14.50.31-1-1536x864.jpeg","width":1536,"height":864,"mime-type":"image\/jpeg","filesize":315297,"url":"https:\/\/360mallorcaproperty.com\/wp-content\/uploads\/2024\/09\/WhatsApp-Image-2024-08-09-at-14.50.31-1-1536x864.jpeg"},"post-thumbnail":{"file":"WhatsApp-Image-2024-08-09-at-14.50.31-1-150x84.jpeg","width":150,"height":84,"mime-type":"image\/jpeg","filesize":4337,"url":"https:\/\/360mallorcaproperty.com\/wp-content\/uploads\/2024\/09\/WhatsApp-Image-2024-08-09-at-14.50.31-1-150x84.jpeg"},"modern-property-child-slider":{"file":"WhatsApp-Image-2024-08-09-at-14.50.31-1-680x510.jpeg","width":680,"height":510,"mime-type":"image\/jpeg","filesize":93712,"url":"https:\/\/360mallorcaproperty.com\/wp-content\/uploads\/2024\/09\/WhatsApp-Image-2024-08-09-at-14.50.31-1-680x510.jpeg"},"property-thumb-image":{"file":"WhatsApp-Image-2024-08-09-at-14.50.31-1-488x326.jpeg","width":488,"height":326,"mime-type":"image\/jpeg","filesize":43113,"url":"https:\/\/360mallorcaproperty.com\/wp-content\/uploads\/2024\/09\/WhatsApp-Image-2024-08-09-at-14.50.31-1-488x326.jpeg"},"property-detail-video-image":{"file":"WhatsApp-Image-2024-08-09-at-14.50.31-1-818x417.jpeg","width":818,"height":417,"mime-type":"image\/jpeg","filesize":92098,"url":"https:\/\/360mallorcaproperty.com\/wp-content\/uploads\/2024\/09\/WhatsApp-Image-2024-08-09-at-14.50.31-1-818x417.jpeg"},"agent-image":{"file":"WhatsApp-Image-2024-08-09-at-14.50.31-1-210x210.jpeg","width":210,"height":210,"mime-type":"image\/jpeg","filesize":12715,"url":"https:\/\/360mallorcaproperty.com\/wp-content\/uploads\/2024\/09\/WhatsApp-Image-2024-08-09-at-14.50.31-1-210x210.jpeg"},"partners-logo":{"file":"WhatsApp-Image-2024-08-09-at-14.50.31-1-600x900.jpeg","width":600,"height":900,"mime-type":"image\/jpeg","filesize":164359,"url":"https:\/\/360mallorcaproperty.com\/wp-content\/uploads\/2024\/09\/WhatsApp-Image-2024-08-09-at-14.50.31-1-600x900.jpeg"},"post-featured-image":{"file":"WhatsApp-Image-2024-08-09-at-14.50.31-1-1240x720.jpeg","width":1240,"height":720,"mime-type":"image\/jpeg","filesize":224074,"url":"https:\/\/360mallorcaproperty.com\/wp-content\/uploads\/2024\/09\/WhatsApp-Image-2024-08-09-at-14.50.31-1-1240x720.jpeg"}},"image_meta":{"aperture":"0","credit":"","camera":"","caption":"","created_timestamp":"0","copyright":"","focal_length":"0","iso":"0","shutter_speed":"0","title":"","orientation":"0","keywords":[]},"ID":"29088","name":"WhatsApp-Image-2024-08-09-at-14.50.31-1.jpeg","path":"\/home\/mallorcaproperty\/public_html\/wp-content\/uploads\/2024\/09\/WhatsApp-Image-2024-08-09-at-14.50.31-1.jpeg","url":"https:\/\/360mallorcaproperty.com\/wp-content\/uploads\/2024\/09\/WhatsApp-Image-2024-08-09-at-14.50.31-1-150x150.jpeg","full_url":"https:\/\/360mallorcaproperty.com\/wp-content\/uploads\/2024\/09\/WhatsApp-Image-2024-08-09-at-14.50.31-1.jpeg","title":"WhatsApp Image 2024-08-09 at 14.50.31 (1)","caption":"","description":"","alt":"","srcset":"https:\/\/360mallorcaproperty.com\/wp-content\/uploads\/2024\/09\/WhatsApp-Image-2024-08-09-at-14.50.31-1-150x150.jpeg 150w, https:\/\/360mallorcaproperty.com\/wp-content\/uploads\/2024\/09\/WhatsApp-Image-2024-08-09-at-14.50.31-1-210x210.jpeg 210w"},{"width":150,"height":150,"file":"2024\/09\/WhatsApp-Image-2024-08-09-at-14.50.31-2.jpeg","filesize":248889,"sizes":{"medium":{"file":"WhatsApp-Image-2024-08-09-at-14.50.31-2-300x169.jpeg","width":300,"height":169,"mime-type":"image\/jpeg","filesize":12499,"url":"https:\/\/360mallorcaproperty.com\/wp-content\/uploads\/2024\/09\/WhatsApp-Image-2024-08-09-at-14.50.31-2-300x169.jpeg"},"large":{"file":"WhatsApp-Image-2024-08-09-at-14.50.31-2-1024x576.jpeg","width":1024,"height":576,"mime-type":"image\/jpeg","filesize":123948,"url":"https:\/\/360mallorcaproperty.com\/wp-content\/uploads\/2024\/09\/WhatsApp-Image-2024-08-09-at-14.50.31-2-1024x576.jpeg"},"thumbnail":{"file":"WhatsApp-Image-2024-08-09-at-14.50.31-2-150x150.jpeg","width":150,"height":150,"mime-type":"image\/jpeg","filesize":5659,"url":"https:\/\/360mallorcaproperty.com\/wp-content\/uploads\/2024\/09\/WhatsApp-Image-2024-08-09-at-14.50.31-2-150x150.jpeg"},"medium_large":{"file":"WhatsApp-Image-2024-08-09-at-14.50.31-2-768x432.jpeg","width":768,"height":432,"mime-type":"image\/jpeg","filesize":71730,"url":"https:\/\/360mallorcaproperty.com\/wp-content\/uploads\/2024\/09\/WhatsApp-Image-2024-08-09-at-14.50.31-2-768x432.jpeg"},"1536x1536":{"file":"WhatsApp-Image-2024-08-09-at-14.50.31-2-1536x864.jpeg","width":1536,"height":864,"mime-type":"image\/jpeg","filesize":255413,"url":"https:\/\/360mallorcaproperty.com\/wp-content\/uploads\/2024\/09\/WhatsApp-Image-2024-08-09-at-14.50.31-2-1536x864.jpeg"},"post-thumbnail":{"file":"WhatsApp-Image-2024-08-09-at-14.50.31-2-150x84.jpeg","width":150,"height":84,"mime-type":"image\/jpeg","filesize":4038,"url":"https:\/\/360mallorcaproperty.com\/wp-content\/uploads\/2024\/09\/WhatsApp-Image-2024-08-09-at-14.50.31-2-150x84.jpeg"},"modern-property-child-slider":{"file":"WhatsApp-Image-2024-08-09-at-14.50.31-2-680x510.jpeg","width":680,"height":510,"mime-type":"image\/jpeg","filesize":72072,"url":"https:\/\/360mallorcaproperty.com\/wp-content\/uploads\/2024\/09\/WhatsApp-Image-2024-08-09-at-14.50.31-2-680x510.jpeg"},"property-thumb-image":{"file":"WhatsApp-Image-2024-08-09-at-14.50.31-2-488x326.jpeg","width":488,"height":326,"mime-type":"image\/jpeg","filesize":34595,"url":"https:\/\/360mallorcaproperty.com\/wp-content\/uploads\/2024\/09\/WhatsApp-Image-2024-08-09-at-14.50.31-2-488x326.jpeg"},"property-detail-video-image":{"file":"WhatsApp-Image-2024-08-09-at-14.50.31-2-818x417.jpeg","width":818,"height":417,"mime-type":"image\/jpeg","filesize":74412,"url":"https:\/\/360mallorcaproperty.com\/wp-content\/uploads\/2024\/09\/WhatsApp-Image-2024-08-09-at-14.50.31-2-818x417.jpeg"},"agent-image":{"file":"WhatsApp-Image-2024-08-09-at-14.50.31-2-210x210.jpeg","width":210,"height":210,"mime-type":"image\/jpeg","filesize":10249,"url":"https:\/\/360mallorcaproperty.com\/wp-content\/uploads\/2024\/09\/WhatsApp-Image-2024-08-09-at-14.50.31-2-210x210.jpeg"},"partners-logo":{"file":"WhatsApp-Image-2024-08-09-at-14.50.31-2-600x900.jpeg","width":600,"height":900,"mime-type":"image\/jpeg","filesize":118465,"url":"https:\/\/360mallorcaproperty.com\/wp-content\/uploads\/2024\/09\/WhatsApp-Image-2024-08-09-at-14.50.31-2-600x900.jpeg"},"post-featured-image":{"file":"WhatsApp-Image-2024-08-09-at-14.50.31-2-1240x720.jpeg","width":1240,"height":720,"mime-type":"image\/jpeg","filesize":180822,"url":"https:\/\/360mallorcaproperty.com\/wp-content\/uploads\/2024\/09\/WhatsApp-Image-2024-08-09-at-14.50.31-2-1240x720.jpeg"}},"image_meta":{"aperture":"0","credit":"","camera":"","caption":"","created_timestamp":"0","copyright":"","focal_length":"0","iso":"0","shutter_speed":"0","title":"","orientation":"0","keywords":[]},"ID":"29091","name":"WhatsApp-Image-2024-08-09-at-14.50.31-2.jpeg","path":"\/home\/mallorcaproperty\/public_html\/wp-content\/uploads\/2024\/09\/WhatsApp-Image-2024-08-09-at-14.50.31-2.jpeg","url":"https:\/\/360mallorcaproperty.com\/wp-content\/uploads\/2024\/09\/WhatsApp-Image-2024-08-09-at-14.50.31-2-150x150.jpeg","full_url":"https:\/\/360mallorcaproperty.com\/wp-content\/uploads\/2024\/09\/WhatsApp-Image-2024-08-09-at-14.50.31-2.jpeg","title":"WhatsApp Image 2024-08-09 at 14.50.31 (2)","caption":"","description":"","alt":"","srcset":"https:\/\/360mallorcaproperty.com\/wp-content\/uploads\/2024\/09\/WhatsApp-Image-2024-08-09-at-14.50.31-2-150x150.jpeg 150w, https:\/\/360mallorcaproperty.com\/wp-content\/uploads\/2024\/09\/WhatsApp-Image-2024-08-09-at-14.50.31-2-210x210.jpeg 210w"},{"width":150,"height":150,"file":"2024\/09\/WhatsApp-Image-2024-08-09-at-14.50.31.jpeg","filesize":297874,"sizes":{"medium":{"file":"WhatsApp-Image-2024-08-09-at-14.50.31-300x169.jpeg","width":300,"height":169,"mime-type":"image\/jpeg","filesize":13728,"url":"https:\/\/360mallorcaproperty.com\/wp-content\/uploads\/2024\/09\/WhatsApp-Image-2024-08-09-at-14.50.31-300x169.jpeg"},"large":{"file":"WhatsApp-Image-2024-08-09-at-14.50.31-1024x576.jpeg","width":1024,"height":576,"mime-type":"image\/jpeg","filesize":145965,"url":"https:\/\/360mallorcaproperty.com\/wp-content\/uploads\/2024\/09\/WhatsApp-Image-2024-08-09-at-14.50.31-1024x576.jpeg"},"thumbnail":{"file":"WhatsApp-Image-2024-08-09-at-14.50.31-150x150.jpeg","width":150,"height":150,"mime-type":"image\/jpeg","filesize":6213,"url":"https:\/\/360mallorcaproperty.com\/wp-content\/uploads\/2024\/09\/WhatsApp-Image-2024-08-09-at-14.50.31-150x150.jpeg"},"medium_large":{"file":"WhatsApp-Image-2024-08-09-at-14.50.31-768x432.jpeg","width":768,"height":432,"mime-type":"image\/jpeg","filesize":83744,"url":"https:\/\/360mallorcaproperty.com\/wp-content\/uploads\/2024\/09\/WhatsApp-Image-2024-08-09-at-14.50.31-768x432.jpeg"},"1536x1536":{"file":"WhatsApp-Image-2024-08-09-at-14.50.31-1536x864.jpeg","width":1536,"height":864,"mime-type":"image\/jpeg","filesize":302948,"url":"https:\/\/360mallorcaproperty.com\/wp-content\/uploads\/2024\/09\/WhatsApp-Image-2024-08-09-at-14.50.31-1536x864.jpeg"},"post-thumbnail":{"file":"WhatsApp-Image-2024-08-09-at-14.50.31-150x84.jpeg","width":150,"height":84,"mime-type":"image\/jpeg","filesize":4221,"url":"https:\/\/360mallorcaproperty.com\/wp-content\/uploads\/2024\/09\/WhatsApp-Image-2024-08-09-at-14.50.31-150x84.jpeg"},"modern-property-child-slider":{"file":"WhatsApp-Image-2024-08-09-at-14.50.31-680x510.jpeg","width":680,"height":510,"mime-type":"image\/jpeg","filesize":85577,"url":"https:\/\/360mallorcaproperty.com\/wp-content\/uploads\/2024\/09\/WhatsApp-Image-2024-08-09-at-14.50.31-680x510.jpeg"},"property-thumb-image":{"file":"WhatsApp-Image-2024-08-09-at-14.50.31-488x326.jpeg","width":488,"height":326,"mime-type":"image\/jpeg","filesize":40396,"url":"https:\/\/360mallorcaproperty.com\/wp-content\/uploads\/2024\/09\/WhatsApp-Image-2024-08-09-at-14.50.31-488x326.jpeg"},"property-detail-video-image":{"file":"WhatsApp-Image-2024-08-09-at-14.50.31-818x417.jpeg","width":818,"height":417,"mime-type":"image\/jpeg","filesize":87665,"url":"https:\/\/360mallorcaproperty.com\/wp-content\/uploads\/2024\/09\/WhatsApp-Image-2024-08-09-at-14.50.31-818x417.jpeg"},"agent-image":{"file":"WhatsApp-Image-2024-08-09-at-14.50.31-210x210.jpeg","width":210,"height":210,"mime-type":"image\/jpeg","filesize":11609,"url":"https:\/\/360mallorcaproperty.com\/wp-content\/uploads\/2024\/09\/WhatsApp-Image-2024-08-09-at-14.50.31-210x210.jpeg"},"partners-logo":{"file":"WhatsApp-Image-2024-08-09-at-14.50.31-600x900.jpeg","width":600,"height":900,"mime-type":"image\/jpeg","filesize":142756,"url":"https:\/\/360mallorcaproperty.com\/wp-content\/uploads\/2024\/09\/WhatsApp-Image-2024-08-09-at-14.50.31-600x900.jpeg"},"post-featured-image":{"file":"WhatsApp-Image-2024-08-09-at-14.50.31-1240x720.jpeg","width":1240,"height":720,"mime-type":"image\/jpeg","filesize":213653,"url":"https:\/\/360mallorcaproperty.com\/wp-content\/uploads\/2024\/09\/WhatsApp-Image-2024-08-09-at-14.50.31-1240x720.jpeg"}},"image_meta":{"aperture":"0","credit":"","camera":"","caption":"","created_timestamp":"0","copyright":"","focal_length":"0","iso":"0","shutter_speed":"0","title":"","orientation":"0","keywords":[]},"ID":"29094","name":"WhatsApp-Image-2024-08-09-at-14.50.31.jpeg","path":"\/home\/mallorcaproperty\/public_html\/wp-content\/uploads\/2024\/09\/WhatsApp-Image-2024-08-09-at-14.50.31.jpeg","url":"https:\/\/360mallorcaproperty.com\/wp-content\/uploads\/2024\/09\/WhatsApp-Image-2024-08-09-at-14.50.31-150x150.jpeg","full_url":"https:\/\/360mallorcaproperty.com\/wp-content\/uploads\/2024\/09\/WhatsApp-Image-2024-08-09-at-14.50.31.jpeg","title":"WhatsApp Image 2024-08-09 at 14.50.31","caption":"","description":"","alt":"","srcset":"https:\/\/360mallorcaproperty.com\/wp-content\/uploads\/2024\/09\/WhatsApp-Image-2024-08-09-at-14.50.31-150x150.jpeg 150w, https:\/\/360mallorcaproperty.com\/wp-content\/uploads\/2024\/09\/WhatsApp-Image-2024-08-09-at-14.50.31-210x210.jpeg 210w"},{"width":150,"height":150,"file":"2024\/09\/WhatsApp-Image-2024-08-09-at-14.50.32-1.jpeg","filesize":315379,"sizes":{"medium":{"file":"WhatsApp-Image-2024-08-09-at-14.50.32-1-300x169.jpeg","width":300,"height":169,"mime-type":"image\/jpeg","filesize":14566,"url":"https:\/\/360mallorcaproperty.com\/wp-content\/uploads\/2024\/09\/WhatsApp-Image-2024-08-09-at-14.50.32-1-300x169.jpeg"},"large":{"file":"WhatsApp-Image-2024-08-09-at-14.50.32-1-1024x576.jpeg","width":1024,"height":576,"mime-type":"image\/jpeg","filesize":154949,"url":"https:\/\/360mallorcaproperty.com\/wp-content\/uploads\/2024\/09\/WhatsApp-Image-2024-08-09-at-14.50.32-1-1024x576.jpeg"},"thumbnail":{"file":"WhatsApp-Image-2024-08-09-at-14.50.32-1-150x150.jpeg","width":150,"height":150,"mime-type":"image\/jpeg","filesize":6225,"url":"https:\/\/360mallorcaproperty.com\/wp-content\/uploads\/2024\/09\/WhatsApp-Image-2024-08-09-at-14.50.32-1-150x150.jpeg"},"medium_large":{"file":"WhatsApp-Image-2024-08-09-at-14.50.32-1-768x432.jpeg","width":768,"height":432,"mime-type":"image\/jpeg","filesize":88976,"url":"https:\/\/360mallorcaproperty.com\/wp-content\/uploads\/2024\/09\/WhatsApp-Image-2024-08-09-at-14.50.32-1-768x432.jpeg"},"1536x1536":{"file":"WhatsApp-Image-2024-08-09-at-14.50.32-1-1536x864.jpeg","width":1536,"height":864,"mime-type":"image\/jpeg","filesize":319304,"url":"https:\/\/360mallorcaproperty.com\/wp-content\/uploads\/2024\/09\/WhatsApp-Image-2024-08-09-at-14.50.32-1-1536x864.jpeg"},"post-thumbnail":{"file":"WhatsApp-Image-2024-08-09-at-14.50.32-1-150x84.jpeg","width":150,"height":84,"mime-type":"image\/jpeg","filesize":4511,"url":"https:\/\/360mallorcaproperty.com\/wp-content\/uploads\/2024\/09\/WhatsApp-Image-2024-08-09-at-14.50.32-1-150x84.jpeg"},"modern-property-child-slider":{"file":"WhatsApp-Image-2024-08-09-at-14.50.32-1-680x510.jpeg","width":680,"height":510,"mime-type":"image\/jpeg","filesize":89989,"url":"https:\/\/360mallorcaproperty.com\/wp-content\/uploads\/2024\/09\/WhatsApp-Image-2024-08-09-at-14.50.32-1-680x510.jpeg"},"property-thumb-image":{"file":"WhatsApp-Image-2024-08-09-at-14.50.32-1-488x326.jpeg","width":488,"height":326,"mime-type":"image\/jpeg","filesize":42983,"url":"https:\/\/360mallorcaproperty.com\/wp-content\/uploads\/2024\/09\/WhatsApp-Image-2024-08-09-at-14.50.32-1-488x326.jpeg"},"property-detail-video-image":{"file":"WhatsApp-Image-2024-08-09-at-14.50.32-1-818x417.jpeg","width":818,"height":417,"mime-type":"image\/jpeg","filesize":93788,"url":"https:\/\/360mallorcaproperty.com\/wp-content\/uploads\/2024\/09\/WhatsApp-Image-2024-08-09-at-14.50.32-1-818x417.jpeg"},"agent-image":{"file":"WhatsApp-Image-2024-08-09-at-14.50.32-1-210x210.jpeg","width":210,"height":210,"mime-type":"image\/jpeg","filesize":11539,"url":"https:\/\/360mallorcaproperty.com\/wp-content\/uploads\/2024\/09\/WhatsApp-Image-2024-08-09-at-14.50.32-1-210x210.jpeg"},"partners-logo":{"file":"WhatsApp-Image-2024-08-09-at-14.50.32-1-600x900.jpeg","width":600,"height":900,"mime-type":"image\/jpeg","filesize":131553,"url":"https:\/\/360mallorcaproperty.com\/wp-content\/uploads\/2024\/09\/WhatsApp-Image-2024-08-09-at-14.50.32-1-600x900.jpeg"},"post-featured-image":{"file":"WhatsApp-Image-2024-08-09-at-14.50.32-1-1240x720.jpeg","width":1240,"height":720,"mime-type":"image\/jpeg","filesize":226956,"url":"https:\/\/360mallorcaproperty.com\/wp-content\/uploads\/2024\/09\/WhatsApp-Image-2024-08-09-at-14.50.32-1-1240x720.jpeg"}},"image_meta":{"aperture":"0","credit":"","camera":"","caption":"","created_timestamp":"0","copyright":"","focal_length":"0","iso":"0","shutter_speed":"0","title":"","orientation":"0","keywords":[]},"ID":"29097","name":"WhatsApp-Image-2024-08-09-at-14.50.32-1.jpeg","path":"\/home\/mallorcaproperty\/public_html\/wp-content\/uploads\/2024\/09\/WhatsApp-Image-2024-08-09-at-14.50.32-1.jpeg","url":"https:\/\/360mallorcaproperty.com\/wp-content\/uploads\/2024\/09\/WhatsApp-Image-2024-08-09-at-14.50.32-1-150x150.jpeg","full_url":"https:\/\/360mallorcaproperty.com\/wp-content\/uploads\/2024\/09\/WhatsApp-Image-2024-08-09-at-14.50.32-1.jpeg","title":"WhatsApp Image 2024-08-09 at 14.50.32 (1)","caption":"","description":"","alt":"","srcset":"https:\/\/360mallorcaproperty.com\/wp-content\/uploads\/2024\/09\/WhatsApp-Image-2024-08-09-at-14.50.32-1-150x150.jpeg 150w, https:\/\/360mallorcaproperty.com\/wp-content\/uploads\/2024\/09\/WhatsApp-Image-2024-08-09-at-14.50.32-1-210x210.jpeg 210w"},{"width":150,"height":150,"file":"2024\/09\/WhatsApp-Image-2024-08-09-at-14.50.32-2.jpeg","filesize":423645,"sizes":{"medium":{"file":"WhatsApp-Image-2024-08-09-at-14.50.32-2-300x169.jpeg","width":300,"height":169,"mime-type":"image\/jpeg","filesize":16836,"url":"https:\/\/360mallorcaproperty.com\/wp-content\/uploads\/2024\/09\/WhatsApp-Image-2024-08-09-at-14.50.32-2-300x169.jpeg"},"large":{"file":"WhatsApp-Image-2024-08-09-at-14.50.32-2-1024x576.jpeg","width":1024,"height":576,"mime-type":"image\/jpeg","filesize":202318,"url":"https:\/\/360mallorcaproperty.com\/wp-content\/uploads\/2024\/09\/WhatsApp-Image-2024-08-09-at-14.50.32-2-1024x576.jpeg"},"thumbnail":{"file":"WhatsApp-Image-2024-08-09-at-14.50.32-2-150x150.jpeg","width":150,"height":150,"mime-type":"image\/jpeg","filesize":7674,"url":"https:\/\/360mallorcaproperty.com\/wp-content\/uploads\/2024\/09\/WhatsApp-Image-2024-08-09-at-14.50.32-2-150x150.jpeg"},"medium_large":{"file":"WhatsApp-Image-2024-08-09-at-14.50.32-2-768x432.jpeg","width":768,"height":432,"mime-type":"image\/jpeg","filesize":114255,"url":"https:\/\/360mallorcaproperty.com\/wp-content\/uploads\/2024\/09\/WhatsApp-Image-2024-08-09-at-14.50.32-2-768x432.jpeg"},"1536x1536":{"file":"WhatsApp-Image-2024-08-09-at-14.50.32-2-1536x864.jpeg","width":1536,"height":864,"mime-type":"image\/jpeg","filesize":426105,"url":"https:\/\/360mallorcaproperty.com\/wp-content\/uploads\/2024\/09\/WhatsApp-Image-2024-08-09-at-14.50.32-2-1536x864.jpeg"},"post-thumbnail":{"file":"WhatsApp-Image-2024-08-09-at-14.50.32-2-150x84.jpeg","width":150,"height":84,"mime-type":"image\/jpeg","filesize":4706,"url":"https:\/\/360mallorcaproperty.com\/wp-content\/uploads\/2024\/09\/WhatsApp-Image-2024-08-09-at-14.50.32-2-150x84.jpeg"},"modern-property-child-slider":{"file":"WhatsApp-Image-2024-08-09-at-14.50.32-2-680x510.jpeg","width":680,"height":510,"mime-type":"image\/jpeg","filesize":118162,"url":"https:\/\/360mallorcaproperty.com\/wp-content\/uploads\/2024\/09\/WhatsApp-Image-2024-08-09-at-14.50.32-2-680x510.jpeg"},"property-thumb-image":{"file":"WhatsApp-Image-2024-08-09-at-14.50.32-2-488x326.jpeg","width":488,"height":326,"mime-type":"image\/jpeg","filesize":53921,"url":"https:\/\/360mallorcaproperty.com\/wp-content\/uploads\/2024\/09\/WhatsApp-Image-2024-08-09-at-14.50.32-2-488x326.jpeg"},"property-detail-video-image":{"file":"WhatsApp-Image-2024-08-09-at-14.50.32-2-818x417.jpeg","width":818,"height":417,"mime-type":"image\/jpeg","filesize":118056,"url":"https:\/\/360mallorcaproperty.com\/wp-content\/uploads\/2024\/09\/WhatsApp-Image-2024-08-09-at-14.50.32-2-818x417.jpeg"},"agent-image":{"file":"WhatsApp-Image-2024-08-09-at-14.50.32-2-210x210.jpeg","width":210,"height":210,"mime-type":"image\/jpeg","filesize":14830,"url":"https:\/\/360mallorcaproperty.com\/wp-content\/uploads\/2024\/09\/WhatsApp-Image-2024-08-09-at-14.50.32-2-210x210.jpeg"},"partners-logo":{"file":"WhatsApp-Image-2024-08-09-at-14.50.32-2-600x900.jpeg","width":600,"height":900,"mime-type":"image\/jpeg","filesize":198285,"url":"https:\/\/360mallorcaproperty.com\/wp-content\/uploads\/2024\/09\/WhatsApp-Image-2024-08-09-at-14.50.32-2-600x900.jpeg"},"post-featured-image":{"file":"WhatsApp-Image-2024-08-09-at-14.50.32-2-1240x720.jpeg","width":1240,"height":720,"mime-type":"image\/jpeg","filesize":299760,"url":"https:\/\/360mallorcaproperty.com\/wp-content\/uploads\/2024\/09\/WhatsApp-Image-2024-08-09-at-14.50.32-2-1240x720.jpeg"}},"image_meta":{"aperture":"0","credit":"","camera":"","caption":"","created_timestamp":"0","copyright":"","focal_length":"0","iso":"0","shutter_speed":"0","title":"","orientation":"0","keywords":[]},"ID":"29100","name":"WhatsApp-Image-2024-08-09-at-14.50.32-2.jpeg","path":"\/home\/mallorcaproperty\/public_html\/wp-content\/uploads\/2024\/09\/WhatsApp-Image-2024-08-09-at-14.50.32-2.jpeg","url":"https:\/\/360mallorcaproperty.com\/wp-content\/uploads\/2024\/09\/WhatsApp-Image-2024-08-09-at-14.50.32-2-150x150.jpeg","full_url":"https:\/\/360mallorcaproperty.com\/wp-content\/uploads\/2024\/09\/WhatsApp-Image-2024-08-09-at-14.50.32-2.jpeg","title":"WhatsApp Image 2024-08-09 at 14.50.32 (2)","caption":"","description":"","alt":"","srcset":"https:\/\/360mallorcaproperty.com\/wp-content\/uploads\/2024\/09\/WhatsApp-Image-2024-08-09-at-14.50.32-2-150x150.jpeg 150w, https:\/\/360mallorcaproperty.com\/wp-content\/uploads\/2024\/09\/WhatsApp-Image-2024-08-09-at-14.50.32-2-210x210.jpeg 210w"},{"width":150,"height":150,"file":"2024\/09\/WhatsApp-Image-2024-08-09-at-14.50.32-3.jpeg","filesize":263228,"sizes":{"medium":{"file":"WhatsApp-Image-2024-08-09-at-14.50.32-3-300x169.jpeg","width":300,"height":169,"mime-type":"image\/jpeg","filesize":12449,"url":"https:\/\/360mallorcaproperty.com\/wp-content\/uploads\/2024\/09\/WhatsApp-Image-2024-08-09-at-14.50.32-3-300x169.jpeg"},"large":{"file":"WhatsApp-Image-2024-08-09-at-14.50.32-3-1024x576.jpeg","width":1024,"height":576,"mime-type":"image\/jpeg","filesize":130042,"url":"https:\/\/360mallorcaproperty.com\/wp-content\/uploads\/2024\/09\/WhatsApp-Image-2024-08-09-at-14.50.32-3-1024x576.jpeg"},"thumbnail":{"file":"WhatsApp-Image-2024-08-09-at-14.50.32-3-150x150.jpeg","width":150,"height":150,"mime-type":"image\/jpeg","filesize":5679,"url":"https:\/\/360mallorcaproperty.com\/wp-content\/uploads\/2024\/09\/WhatsApp-Image-2024-08-09-at-14.50.32-3-150x150.jpeg"},"medium_large":{"file":"WhatsApp-Image-2024-08-09-at-14.50.32-3-768x432.jpeg","width":768,"height":432,"mime-type":"image\/jpeg","filesize":74837,"url":"https:\/\/360mallorcaproperty.com\/wp-content\/uploads\/2024\/09\/WhatsApp-Image-2024-08-09-at-14.50.32-3-768x432.jpeg"},"1536x1536":{"file":"WhatsApp-Image-2024-08-09-at-14.50.32-3-1536x864.jpeg","width":1536,"height":864,"mime-type":"image\/jpeg","filesize":268722,"url":"https:\/\/360mallorcaproperty.com\/wp-content\/uploads\/2024\/09\/WhatsApp-Image-2024-08-09-at-14.50.32-3-1536x864.jpeg"},"post-thumbnail":{"file":"WhatsApp-Image-2024-08-09-at-14.50.32-3-150x84.jpeg","width":150,"height":84,"mime-type":"image\/jpeg","filesize":3949,"url":"https:\/\/360mallorcaproperty.com\/wp-content\/uploads\/2024\/09\/WhatsApp-Image-2024-08-09-at-14.50.32-3-150x84.jpeg"},"modern-property-child-slider":{"file":"WhatsApp-Image-2024-08-09-at-14.50.32-3-680x510.jpeg","width":680,"height":510,"mime-type":"image\/jpeg","filesize":76450,"url":"https:\/\/360mallorcaproperty.com\/wp-content\/uploads\/2024\/09\/WhatsApp-Image-2024-08-09-at-14.50.32-3-680x510.jpeg"},"property-thumb-image":{"file":"WhatsApp-Image-2024-08-09-at-14.50.32-3-488x326.jpeg","width":488,"height":326,"mime-type":"image\/jpeg","filesize":36188,"url":"https:\/\/360mallorcaproperty.com\/wp-content\/uploads\/2024\/09\/WhatsApp-Image-2024-08-09-at-14.50.32-3-488x326.jpeg"},"property-detail-video-image":{"file":"WhatsApp-Image-2024-08-09-at-14.50.32-3-818x417.jpeg","width":818,"height":417,"mime-type":"image\/jpeg","filesize":79117,"url":"https:\/\/360mallorcaproperty.com\/wp-content\/uploads\/2024\/09\/WhatsApp-Image-2024-08-09-at-14.50.32-3-818x417.jpeg"},"agent-image":{"file":"WhatsApp-Image-2024-08-09-at-14.50.32-3-210x210.jpeg","width":210,"height":210,"mime-type":"image\/jpeg","filesize":10586,"url":"https:\/\/360mallorcaproperty.com\/wp-content\/uploads\/2024\/09\/WhatsApp-Image-2024-08-09-at-14.50.32-3-210x210.jpeg"},"partners-logo":{"file":"WhatsApp-Image-2024-08-09-at-14.50.32-3-600x900.jpeg","width":600,"height":900,"mime-type":"image\/jpeg","filesize":126525,"url":"https:\/\/360mallorcaproperty.com\/wp-content\/uploads\/2024\/09\/WhatsApp-Image-2024-08-09-at-14.50.32-3-600x900.jpeg"},"post-featured-image":{"file":"WhatsApp-Image-2024-08-09-at-14.50.32-3-1240x720.jpeg","width":1240,"height":720,"mime-type":"image\/jpeg","filesize":190635,"url":"https:\/\/360mallorcaproperty.com\/wp-content\/uploads\/2024\/09\/WhatsApp-Image-2024-08-09-at-14.50.32-3-1240x720.jpeg"}},"image_meta":{"aperture":"0","credit":"","camera":"","caption":"","created_timestamp":"0","copyright":"","focal_length":"0","iso":"0","shutter_speed":"0","title":"","orientation":"0","keywords":[]},"ID":"29103","name":"WhatsApp-Image-2024-08-09-at-14.50.32-3.jpeg","path":"\/home\/mallorcaproperty\/public_html\/wp-content\/uploads\/2024\/09\/WhatsApp-Image-2024-08-09-at-14.50.32-3.jpeg","url":"https:\/\/360mallorcaproperty.com\/wp-content\/uploads\/2024\/09\/WhatsApp-Image-2024-08-09-at-14.50.32-3-150x150.jpeg","full_url":"https:\/\/360mallorcaproperty.com\/wp-content\/uploads\/2024\/09\/WhatsApp-Image-2024-08-09-at-14.50.32-3.jpeg","title":"WhatsApp Image 2024-08-09 at 14.50.32 (3)","caption":"","description":"","alt":"","srcset":"https:\/\/360mallorcaproperty.com\/wp-content\/uploads\/2024\/09\/WhatsApp-Image-2024-08-09-at-14.50.32-3-150x150.jpeg 150w, https:\/\/360mallorcaproperty.com\/wp-content\/uploads\/2024\/09\/WhatsApp-Image-2024-08-09-at-14.50.32-3-210x210.jpeg 210w"},{"width":150,"height":150,"file":"2024\/09\/Screenshot-129.png","filesize":9760814,"sizes":{"medium":{"file":"Screenshot-129-300x200.png","width":300,"height":200,"mime-type":"image\/png","filesize":170661,"url":"https:\/\/360mallorcaproperty.com\/wp-content\/uploads\/2024\/09\/Screenshot-129-300x200.png"},"large":{"file":"Screenshot-129-1024x683.png","width":1024,"height":683,"mime-type":"image\/png","filesize":1822701,"url":"https:\/\/360mallorcaproperty.com\/wp-content\/uploads\/2024\/09\/Screenshot-129-1024x683.png"},"thumbnail":{"file":"Screenshot-129-150x150.png","width":150,"height":150,"mime-type":"image\/png","filesize":64744,"url":"https:\/\/360mallorcaproperty.com\/wp-content\/uploads\/2024\/09\/Screenshot-129-150x150.png"},"medium_large":{"file":"Screenshot-129-768x512.png","width":768,"height":512,"mime-type":"image\/png","filesize":1067020,"url":"https:\/\/360mallorcaproperty.com\/wp-content\/uploads\/2024\/09\/Screenshot-129-768x512.png"},"1536x1536":{"file":"Screenshot-129-1536x1024.png","width":1536,"height":1024,"mime-type":"image\/png","filesize":3747811,"url":"https:\/\/360mallorcaproperty.com\/wp-content\/uploads\/2024\/09\/Screenshot-129-1536x1024.png"},"2048x2048":{"file":"Screenshot-129-2048x1365.png","width":2048,"height":1365,"mime-type":"image\/png","filesize":6016025,"url":"https:\/\/360mallorcaproperty.com\/wp-content\/uploads\/2024\/09\/Screenshot-129-2048x1365.png"},"post-thumbnail":{"file":"Screenshot-129-150x100.png","width":150,"height":100,"mime-type":"image\/png","filesize":42277,"url":"https:\/\/360mallorcaproperty.com\/wp-content\/uploads\/2024\/09\/Screenshot-129-150x100.png"},"modern-property-child-slider":{"file":"Screenshot-129-680x510.png","width":680,"height":510,"mime-type":"image\/png","filesize":944431,"url":"https:\/\/360mallorcaproperty.com\/wp-content\/uploads\/2024\/09\/Screenshot-129-680x510.png"},"property-thumb-image":{"file":"Screenshot-129-488x326.png","width":488,"height":326,"mime-type":"image\/png","filesize":446697,"url":"https:\/\/360mallorcaproperty.com\/wp-content\/uploads\/2024\/09\/Screenshot-129-488x326.png"},"property-detail-video-image":{"file":"Screenshot-129-818x417.png","width":818,"height":417,"mime-type":"image\/png","filesize":916023,"url":"https:\/\/360mallorcaproperty.com\/wp-content\/uploads\/2024\/09\/Screenshot-129-818x417.png"},"agent-image":{"file":"Screenshot-129-210x210.png","width":210,"height":210,"mime-type":"image\/png","filesize":126878,"url":"https:\/\/360mallorcaproperty.com\/wp-content\/uploads\/2024\/09\/Screenshot-129-210x210.png"},"partners-logo":{"file":"Screenshot-129-600x1824.png","width":600,"height":1824,"mime-type":"image\/png","filesize":2139589,"url":"https:\/\/360mallorcaproperty.com\/wp-content\/uploads\/2024\/09\/Screenshot-129-600x1824.png"},"post-featured-image":{"file":"Screenshot-129-1240x720.png","width":1240,"height":720,"mime-type":"image\/png","filesize":2239275,"url":"https:\/\/360mallorcaproperty.com\/wp-content\/uploads\/2024\/09\/Screenshot-129-1240x720.png"}},"image_meta":{"aperture":"0","credit":"","camera":"","caption":"","created_timestamp":"0","copyright":"","focal_length":"0","iso":"0","shutter_speed":"0","title":"","orientation":"0","keywords":[]},"ID":"29106","name":"Screenshot-129.png","path":"\/home\/mallorcaproperty\/public_html\/wp-content\/uploads\/2024\/09\/Screenshot-129.png","url":"https:\/\/360mallorcaproperty.com\/wp-content\/uploads\/2024\/09\/Screenshot-129-150x150.png","full_url":"https:\/\/360mallorcaproperty.com\/wp-content\/uploads\/2024\/09\/Screenshot-129.png","title":"Screenshot (129)","caption":"","description":"","alt":"","srcset":"https:\/\/360mallorcaproperty.com\/wp-content\/uploads\/2024\/09\/Screenshot-129-150x150.png 150w, https:\/\/360mallorcaproperty.com\/wp-content\/uploads\/2024\/09\/Screenshot-129-210x210.png 210w"},{"width":150,"height":150,"file":"2024\/09\/0259M-ProBas09-20211105-1_page-0001.jpg","filesize":4752660,"sizes":{"medium":{"file":"0259M-ProBas09-20211105-1_page-0001-300x212.jpg","width":300,"height":212,"mime-type":"image\/jpeg","filesize":11419,"url":"https:\/\/360mallorcaproperty.com\/wp-content\/uploads\/2024\/09\/0259M-ProBas09-20211105-1_page-0001-300x212.jpg"},"large":{"file":"0259M-ProBas09-20211105-1_page-0001-1024x723.jpg","width":1024,"height":723,"mime-type":"image\/jpeg","filesize":114454,"url":"https:\/\/360mallorcaproperty.com\/wp-content\/uploads\/2024\/09\/0259M-ProBas09-20211105-1_page-0001-1024x723.jpg"},"thumbnail":{"file":"0259M-ProBas09-20211105-1_page-0001-150x150.jpg","width":150,"height":150,"mime-type":"image\/jpeg","filesize":4520,"url":"https:\/\/360mallorcaproperty.com\/wp-content\/uploads\/2024\/09\/0259M-ProBas09-20211105-1_page-0001-150x150.jpg"},"medium_large":{"file":"0259M-ProBas09-20211105-1_page-0001-768x543.jpg","width":768,"height":543,"mime-type":"image\/jpeg","filesize":66141,"url":"https:\/\/360mallorcaproperty.com\/wp-content\/uploads\/2024\/09\/0259M-ProBas09-20211105-1_page-0001-768x543.jpg"},"1536x1536":{"file":"0259M-ProBas09-20211105-1_page-0001-1536x1085.jpg","width":1536,"height":1085,"mime-type":"image\/jpeg","filesize":239647,"url":"https:\/\/360mallorcaproperty.com\/wp-content\/uploads\/2024\/09\/0259M-ProBas09-20211105-1_page-0001-1536x1085.jpg"},"2048x2048":{"file":"0259M-ProBas09-20211105-1_page-0001-2048x1447.jpg","width":2048,"height":1447,"mime-type":"image\/jpeg","filesize":396095,"url":"https:\/\/360mallorcaproperty.com\/wp-content\/uploads\/2024\/09\/0259M-ProBas09-20211105-1_page-0001-2048x1447.jpg"},"post-thumbnail":{"file":"0259M-ProBas09-20211105-1_page-0001-150x106.jpg","width":150,"height":106,"mime-type":"image\/jpeg","filesize":3530,"url":"https:\/\/360mallorcaproperty.com\/wp-content\/uploads\/2024\/09\/0259M-ProBas09-20211105-1_page-0001-150x106.jpg"},"modern-property-child-slider":{"file":"0259M-ProBas09-20211105-1_page-0001-680x510.jpg","width":680,"height":510,"mime-type":"image\/jpeg","filesize":59008,"url":"https:\/\/360mallorcaproperty.com\/wp-content\/uploads\/2024\/09\/0259M-ProBas09-20211105-1_page-0001-680x510.jpg"},"property-thumb-image":{"file":"0259M-ProBas09-20211105-1_page-0001-488x326.jpg","width":488,"height":326,"mime-type":"image\/jpeg","filesize":28450,"url":"https:\/\/360mallorcaproperty.com\/wp-content\/uploads\/2024\/09\/0259M-ProBas09-20211105-1_page-0001-488x326.jpg"},"property-detail-video-image":{"file":"0259M-ProBas09-20211105-1_page-0001-818x417.jpg","width":818,"height":417,"mime-type":"image\/jpeg","filesize":60970,"url":"https:\/\/360mallorcaproperty.com\/wp-content\/uploads\/2024\/09\/0259M-ProBas09-20211105-1_page-0001-818x417.jpg"},"agent-image":{"file":"0259M-ProBas09-20211105-1_page-0001-210x210.jpg","width":210,"height":210,"mime-type":"image\/jpeg","filesize":8353,"url":"https:\/\/360mallorcaproperty.com\/wp-content\/uploads\/2024\/09\/0259M-ProBas09-20211105-1_page-0001-210x210.jpg"},"partners-logo":{"file":"0259M-ProBas09-20211105-1_page-0001-600x3509.jpg","width":600,"height":3509,"mime-type":"image\/jpeg","filesize":262834,"url":"https:\/\/360mallorcaproperty.com\/wp-content\/uploads\/2024\/09\/0259M-ProBas09-20211105-1_page-0001-600x3509.jpg"},"post-featured-image":{"file":"0259M-ProBas09-20211105-1_page-0001-1240x720.jpg","width":1240,"height":720,"mime-type":"image\/jpeg","filesize":147144,"url":"https:\/\/360mallorcaproperty.com\/wp-content\/uploads\/2024\/09\/0259M-ProBas09-20211105-1_page-0001-1240x720.jpg"}},"image_meta":{"aperture":"0","credit":"","camera":"","caption":"","created_timestamp":"0","copyright":"","focal_length":"0","iso":"0","shutter_speed":"0","title":"","orientation":"0","keywords":[]},"ID":"32284","name":"0259M-ProBas09-20211105-1_page-0001.jpg","path":"\/home\/mallorcaproperty\/public_html\/wp-content\/uploads\/2024\/09\/0259M-ProBas09-20211105-1_page-0001.jpg","url":"https:\/\/360mallorcaproperty.com\/wp-content\/uploads\/2024\/09\/0259M-ProBas09-20211105-1_page-0001-150x150.jpg","full_url":"https:\/\/360mallorcaproperty.com\/wp-content\/uploads\/2024\/09\/0259M-ProBas09-20211105-1_page-0001.jpg","title":"0259M-ProBas09-20211105-1_page-0001","caption":"","description":"","alt":"","srcset":"https:\/\/360mallorcaproperty.com\/wp-content\/uploads\/2024\/09\/0259M-ProBas09-20211105-1_page-0001-150x150.jpg 150w, https:\/\/360mallorcaproperty.com\/wp-content\/uploads\/2024\/09\/0259M-ProBas09-20211105-1_page-0001-210x210.jpg 210w"},{"width":150,"height":150,"file":"2024\/09\/0259M-ProBas09-20211105-2_page-0001.jpg","filesize":3220090,"sizes":{"medium":{"file":"0259M-ProBas09-20211105-2_page-0001-300x212.jpg","width":300,"height":212,"mime-type":"image\/jpeg","filesize":10325,"url":"https:\/\/360mallorcaproperty.com\/wp-content\/uploads\/2024\/09\/0259M-ProBas09-20211105-2_page-0001-300x212.jpg"},"large":{"file":"0259M-ProBas09-20211105-2_page-0001-1024x723.jpg","width":1024,"height":723,"mime-type":"image\/jpeg","filesize":103057,"url":"https:\/\/360mallorcaproperty.com\/wp-content\/uploads\/2024\/09\/0259M-ProBas09-20211105-2_page-0001-1024x723.jpg"},"thumbnail":{"file":"0259M-ProBas09-20211105-2_page-0001-150x150.jpg","width":150,"height":150,"mime-type":"image\/jpeg","filesize":4580,"url":"https:\/\/360mallorcaproperty.com\/wp-content\/uploads\/2024\/09\/0259M-ProBas09-20211105-2_page-0001-150x150.jpg"},"medium_large":{"file":"0259M-ProBas09-20211105-2_page-0001-768x543.jpg","width":768,"height":543,"mime-type":"image\/jpeg","filesize":59504,"url":"https:\/\/360mallorcaproperty.com\/wp-content\/uploads\/2024\/09\/0259M-ProBas09-20211105-2_page-0001-768x543.jpg"},"1536x1536":{"file":"0259M-ProBas09-20211105-2_page-0001-1536x1085.jpg","width":1536,"height":1085,"mime-type":"image\/jpeg","filesize":217901,"url":"https:\/\/360mallorcaproperty.com\/wp-content\/uploads\/2024\/09\/0259M-ProBas09-20211105-2_page-0001-1536x1085.jpg"},"2048x2048":{"file":"0259M-ProBas09-20211105-2_page-0001-2048x1447.jpg","width":2048,"height":1447,"mime-type":"image\/jpeg","filesize":361902,"url":"https:\/\/360mallorcaproperty.com\/wp-content\/uploads\/2024\/09\/0259M-ProBas09-20211105-2_page-0001-2048x1447.jpg"},"post-thumbnail":{"file":"0259M-ProBas09-20211105-2_page-0001-150x106.jpg","width":150,"height":106,"mime-type":"image\/jpeg","filesize":3207,"url":"https:\/\/360mallorcaproperty.com\/wp-content\/uploads\/2024\/09\/0259M-ProBas09-20211105-2_page-0001-150x106.jpg"},"modern-property-child-slider":{"file":"0259M-ProBas09-20211105-2_page-0001-680x510.jpg","width":680,"height":510,"mime-type":"image\/jpeg","filesize":52287,"url":"https:\/\/360mallorcaproperty.com\/wp-content\/uploads\/2024\/09\/0259M-ProBas09-20211105-2_page-0001-680x510.jpg"},"property-thumb-image":{"file":"0259M-ProBas09-20211105-2_page-0001-488x326.jpg","width":488,"height":326,"mime-type":"image\/jpeg","filesize":24785,"url":"https:\/\/360mallorcaproperty.com\/wp-content\/uploads\/2024\/09\/0259M-ProBas09-20211105-2_page-0001-488x326.jpg"},"property-detail-video-image":{"file":"0259M-ProBas09-20211105-2_page-0001-818x417.jpg","width":818,"height":417,"mime-type":"image\/jpeg","filesize":51765,"url":"https:\/\/360mallorcaproperty.com\/wp-content\/uploads\/2024\/09\/0259M-ProBas09-20211105-2_page-0001-818x417.jpg"},"agent-image":{"file":"0259M-ProBas09-20211105-2_page-0001-210x210.jpg","width":210,"height":210,"mime-type":"image\/jpeg","filesize":8404,"url":"https:\/\/360mallorcaproperty.com\/wp-content\/uploads\/2024\/09\/0259M-ProBas09-20211105-2_page-0001-210x210.jpg"},"partners-logo":{"file":"0259M-ProBas09-20211105-2_page-0001-600x3509.jpg","width":600,"height":3509,"mime-type":"image\/jpeg","filesize":271800,"url":"https:\/\/360mallorcaproperty.com\/wp-content\/uploads\/2024\/09\/0259M-ProBas09-20211105-2_page-0001-600x3509.jpg"},"post-featured-image":{"file":"0259M-ProBas09-20211105-2_page-0001-1240x720.jpg","width":1240,"height":720,"mime-type":"image\/jpeg","filesize":130755,"url":"https:\/\/360mallorcaproperty.com\/wp-content\/uploads\/2024\/09\/0259M-ProBas09-20211105-2_page-0001-1240x720.jpg"}},"image_meta":{"aperture":"0","credit":"","camera":"","caption":"","created_timestamp":"0","copyright":"","focal_length":"0","iso":"0","shutter_speed":"0","title":"","orientation":"0","keywords":[]},"ID":"32287","name":"0259M-ProBas09-20211105-2_page-0001.jpg","path":"\/home\/mallorcaproperty\/public_html\/wp-content\/uploads\/2024\/09\/0259M-ProBas09-20211105-2_page-0001.jpg","url":"https:\/\/360mallorcaproperty.com\/wp-content\/uploads\/2024\/09\/0259M-ProBas09-20211105-2_page-0001-150x150.jpg","full_url":"https:\/\/360mallorcaproperty.com\/wp-content\/uploads\/2024\/09\/0259M-ProBas09-20211105-2_page-0001.jpg","title":"0259M-ProBas09-20211105-2_page-0001","caption":"","description":"","alt":"","srcset":"https:\/\/360mallorcaproperty.com\/wp-content\/uploads\/2024\/09\/0259M-ProBas09-20211105-2_page-0001-150x150.jpg 150w, https:\/\/360mallorcaproperty.com\/wp-content\/uploads\/2024\/09\/0259M-ProBas09-20211105-2_page-0001-210x210.jpg 210w"},{"width":150,"height":150,"file":"2024\/09\/0259M-ProBas09-20211105-3_page-0001.jpg","filesize":2619755,"sizes":{"medium":{"file":"0259M-ProBas09-20211105-3_page-0001-300x212.jpg","width":300,"height":212,"mime-type":"image\/jpeg","filesize":7729,"url":"https:\/\/360mallorcaproperty.com\/wp-content\/uploads\/2024\/09\/0259M-ProBas09-20211105-3_page-0001-300x212.jpg"},"large":{"file":"0259M-ProBas09-20211105-3_page-0001-1024x723.jpg","width":1024,"height":723,"mime-type":"image\/jpeg","filesize":74957,"url":"https:\/\/360mallorcaproperty.com\/wp-content\/uploads\/2024\/09\/0259M-ProBas09-20211105-3_page-0001-1024x723.jpg"},"thumbnail":{"file":"0259M-ProBas09-20211105-3_page-0001-150x150.jpg","width":150,"height":150,"mime-type":"image\/jpeg","filesize":3644,"url":"https:\/\/360mallorcaproperty.com\/wp-content\/uploads\/2024\/09\/0259M-ProBas09-20211105-3_page-0001-150x150.jpg"},"medium_large":{"file":"0259M-ProBas09-20211105-3_page-0001-768x543.jpg","width":768,"height":543,"mime-type":"image\/jpeg","filesize":42108,"url":"https:\/\/360mallorcaproperty.com\/wp-content\/uploads\/2024\/09\/0259M-ProBas09-20211105-3_page-0001-768x543.jpg"},"1536x1536":{"file":"0259M-ProBas09-20211105-3_page-0001-1536x1085.jpg","width":1536,"height":1085,"mime-type":"image\/jpeg","filesize":161992,"url":"https:\/\/360mallorcaproperty.com\/wp-content\/uploads\/2024\/09\/0259M-ProBas09-20211105-3_page-0001-1536x1085.jpg"},"2048x2048":{"file":"0259M-ProBas09-20211105-3_page-0001-2048x1447.jpg","width":2048,"height":1447,"mime-type":"image\/jpeg","filesize":274057,"url":"https:\/\/360mallorcaproperty.com\/wp-content\/uploads\/2024\/09\/0259M-ProBas09-20211105-3_page-0001-2048x1447.jpg"},"post-thumbnail":{"file":"0259M-ProBas09-20211105-3_page-0001-150x106.jpg","width":150,"height":106,"mime-type":"image\/jpeg","filesize":2774,"url":"https:\/\/360mallorcaproperty.com\/wp-content\/uploads\/2024\/09\/0259M-ProBas09-20211105-3_page-0001-150x106.jpg"},"modern-property-child-slider":{"file":"0259M-ProBas09-20211105-3_page-0001-680x510.jpg","width":680,"height":510,"mime-type":"image\/jpeg","filesize":37613,"url":"https:\/\/360mallorcaproperty.com\/wp-content\/uploads\/2024\/09\/0259M-ProBas09-20211105-3_page-0001-680x510.jpg"},"property-thumb-image":{"file":"0259M-ProBas09-20211105-3_page-0001-488x326.jpg","width":488,"height":326,"mime-type":"image\/jpeg","filesize":18473,"url":"https:\/\/360mallorcaproperty.com\/wp-content\/uploads\/2024\/09\/0259M-ProBas09-20211105-3_page-0001-488x326.jpg"},"property-detail-video-image":{"file":"0259M-ProBas09-20211105-3_page-0001-818x417.jpg","width":818,"height":417,"mime-type":"image\/jpeg","filesize":37922,"url":"https:\/\/360mallorcaproperty.com\/wp-content\/uploads\/2024\/09\/0259M-ProBas09-20211105-3_page-0001-818x417.jpg"},"agent-image":{"file":"0259M-ProBas09-20211105-3_page-0001-210x210.jpg","width":210,"height":210,"mime-type":"image\/jpeg","filesize":6367,"url":"https:\/\/360mallorcaproperty.com\/wp-content\/uploads\/2024\/09\/0259M-ProBas09-20211105-3_page-0001-210x210.jpg"},"partners-logo":{"file":"0259M-ProBas09-20211105-3_page-0001-600x3509.jpg","width":600,"height":3509,"mime-type":"image\/jpeg","filesize":165033,"url":"https:\/\/360mallorcaproperty.com\/wp-content\/uploads\/2024\/09\/0259M-ProBas09-20211105-3_page-0001-600x3509.jpg"},"post-featured-image":{"file":"0259M-ProBas09-20211105-3_page-0001-1240x720.jpg","width":1240,"height":720,"mime-type":"image\/jpeg","filesize":100105,"url":"https:\/\/360mallorcaproperty.com\/wp-content\/uploads\/2024\/09\/0259M-ProBas09-20211105-3_page-0001-1240x720.jpg"}},"image_meta":{"aperture":"0","credit":"","camera":"","caption":"","created_timestamp":"0","copyright":"","focal_length":"0","iso":"0","shutter_speed":"0","title":"","orientation":"0","keywords":[]},"ID":"32290","name":"0259M-ProBas09-20211105-3_page-0001.jpg","path":"\/home\/mallorcaproperty\/public_html\/wp-content\/uploads\/2024\/09\/0259M-ProBas09-20211105-3_page-0001.jpg","url":"https:\/\/360mallorcaproperty.com\/wp-content\/uploads\/2024\/09\/0259M-ProBas09-20211105-3_page-0001-150x150.jpg","full_url":"https:\/\/360mallorcaproperty.com\/wp-content\/uploads\/2024\/09\/0259M-ProBas09-20211105-3_page-0001.jpg","title":"0259M-ProBas09-20211105-3_page-0001","caption":"","description":"","alt":"","srcset":"https:\/\/360mallorcaproperty.com\/wp-content\/uploads\/2024\/09\/0259M-ProBas09-20211105-3_page-0001-150x150.jpg 150w, https:\/\/360mallorcaproperty.com\/wp-content\/uploads\/2024\/09\/0259M-ProBas09-20211105-3_page-0001-210x210.jpg 210w"},{"width":150,"height":150,"file":"2024\/09\/0259M-ProBas09-20211105-4_page-0001.jpg","filesize":2943955,"sizes":{"medium":{"file":"0259M-ProBas09-20211105-4_page-0001-300x212.jpg","width":300,"height":212,"mime-type":"image\/jpeg","filesize":7864,"url":"https:\/\/360mallorcaproperty.com\/wp-content\/uploads\/2024\/09\/0259M-ProBas09-20211105-4_page-0001-300x212.jpg"},"large":{"file":"0259M-ProBas09-20211105-4_page-0001-1024x723.jpg","width":1024,"height":723,"mime-type":"image\/jpeg","filesize":74466,"url":"https:\/\/360mallorcaproperty.com\/wp-content\/uploads\/2024\/09\/0259M-ProBas09-20211105-4_page-0001-1024x723.jpg"},"thumbnail":{"file":"0259M-ProBas09-20211105-4_page-0001-150x150.jpg","width":150,"height":150,"mime-type":"image\/jpeg","filesize":3744,"url":"https:\/\/360mallorcaproperty.com\/wp-content\/uploads\/2024\/09\/0259M-ProBas09-20211105-4_page-0001-150x150.jpg"},"medium_large":{"file":"0259M-ProBas09-20211105-4_page-0001-768x543.jpg","width":768,"height":543,"mime-type":"image\/jpeg","filesize":43313,"url":"https:\/\/360mallorcaproperty.com\/wp-content\/uploads\/2024\/09\/0259M-ProBas09-20211105-4_page-0001-768x543.jpg"},"1536x1536":{"file":"0259M-ProBas09-20211105-4_page-0001-1536x1085.jpg","width":1536,"height":1085,"mime-type":"image\/jpeg","filesize":160402,"url":"https:\/\/360mallorcaproperty.com\/wp-content\/uploads\/2024\/09\/0259M-ProBas09-20211105-4_page-0001-1536x1085.jpg"},"2048x2048":{"file":"0259M-ProBas09-20211105-4_page-0001-2048x1447.jpg","width":2048,"height":1447,"mime-type":"image\/jpeg","filesize":269505,"url":"https:\/\/360mallorcaproperty.com\/wp-content\/uploads\/2024\/09\/0259M-ProBas09-20211105-4_page-0001-2048x1447.jpg"},"post-thumbnail":{"file":"0259M-ProBas09-20211105-4_page-0001-150x106.jpg","width":150,"height":106,"mime-type":"image\/jpeg","filesize":2744,"url":"https:\/\/360mallorcaproperty.com\/wp-content\/uploads\/2024\/09\/0259M-ProBas09-20211105-4_page-0001-150x106.jpg"},"modern-property-child-slider":{"file":"0259M-ProBas09-20211105-4_page-0001-680x510.jpg","width":680,"height":510,"mime-type":"image\/jpeg","filesize":38047,"url":"https:\/\/360mallorcaproperty.com\/wp-content\/uploads\/2024\/09\/0259M-ProBas09-20211105-4_page-0001-680x510.jpg"},"property-thumb-image":{"file":"0259M-ProBas09-20211105-4_page-0001-488x326.jpg","width":488,"height":326,"mime-type":"image\/jpeg","filesize":18527,"url":"https:\/\/360mallorcaproperty.com\/wp-content\/uploads\/2024\/09\/0259M-ProBas09-20211105-4_page-0001-488x326.jpg"},"property-detail-video-image":{"file":"0259M-ProBas09-20211105-4_page-0001-818x417.jpg","width":818,"height":417,"mime-type":"image\/jpeg","filesize":38806,"url":"https:\/\/360mallorcaproperty.com\/wp-content\/uploads\/2024\/09\/0259M-ProBas09-20211105-4_page-0001-818x417.jpg"},"agent-image":{"file":"0259M-ProBas09-20211105-4_page-0001-210x210.jpg","width":210,"height":210,"mime-type":"image\/jpeg","filesize":6314,"url":"https:\/\/360mallorcaproperty.com\/wp-content\/uploads\/2024\/09\/0259M-ProBas09-20211105-4_page-0001-210x210.jpg"},"partners-logo":{"file":"0259M-ProBas09-20211105-4_page-0001-600x3509.jpg","width":600,"height":3509,"mime-type":"image\/jpeg","filesize":110121,"url":"https:\/\/360mallorcaproperty.com\/wp-content\/uploads\/2024\/09\/0259M-ProBas09-20211105-4_page-0001-600x3509.jpg"},"post-featured-image":{"file":"0259M-ProBas09-20211105-4_page-0001-1240x720.jpg","width":1240,"height":720,"mime-type":"image\/jpeg","filesize":97032,"url":"https:\/\/360mallorcaproperty.com\/wp-content\/uploads\/2024\/09\/0259M-ProBas09-20211105-4_page-0001-1240x720.jpg"}},"image_meta":{"aperture":"0","credit":"","camera":"","caption":"","created_timestamp":"0","copyright":"","focal_length":"0","iso":"0","shutter_speed":"0","title":"","orientation":"0","keywords":[]},"ID":"32293","name":"0259M-ProBas09-20211105-4_page-0001.jpg","path":"\/home\/mallorcaproperty\/public_html\/wp-content\/uploads\/2024\/09\/0259M-ProBas09-20211105-4_page-0001.jpg","url":"https:\/\/360mallorcaproperty.com\/wp-content\/uploads\/2024\/09\/0259M-ProBas09-20211105-4_page-0001-150x150.jpg","full_url":"https:\/\/360mallorcaproperty.com\/wp-content\/uploads\/2024\/09\/0259M-ProBas09-20211105-4_page-0001.jpg","title":"0259M-ProBas09-20211105-4_page-0001","caption":"","description":"","alt":"","srcset":"https:\/\/360mallorcaproperty.com\/wp-content\/uploads\/2024\/09\/0259M-ProBas09-20211105-4_page-0001-150x150.jpg 150w, https:\/\/360mallorcaproperty.com\/wp-content\/uploads\/2024\/09\/0259M-ProBas09-20211105-4_page-0001-210x210.jpg 210w"},{"width":150,"height":150,"file":"2024\/09\/0259M-ProBas09-20211105-5_page-0001.jpg","filesize":2464081,"sizes":{"medium":{"file":"0259M-ProBas09-20211105-5_page-0001-300x212.jpg","width":300,"height":212,"mime-type":"image\/jpeg","filesize":8000,"url":"https:\/\/360mallorcaproperty.com\/wp-content\/uploads\/2024\/09\/0259M-ProBas09-20211105-5_page-0001-300x212.jpg"},"large":{"file":"0259M-ProBas09-20211105-5_page-0001-1024x723.jpg","width":1024,"height":723,"mime-type":"image\/jpeg","filesize":75861,"url":"https:\/\/360mallorcaproperty.com\/wp-content\/uploads\/2024\/09\/0259M-ProBas09-20211105-5_page-0001-1024x723.jpg"},"thumbnail":{"file":"0259M-ProBas09-20211105-5_page-0001-150x150.jpg","width":150,"height":150,"mime-type":"image\/jpeg","filesize":3464,"url":"https:\/\/360mallorcaproperty.com\/wp-content\/uploads\/2024\/09\/0259M-ProBas09-20211105-5_page-0001-150x150.jpg"},"medium_large":{"file":"0259M-ProBas09-20211105-5_page-0001-768x543.jpg","width":768,"height":543,"mime-type":"image\/jpeg","filesize":44028,"url":"https:\/\/360mallorcaproperty.com\/wp-content\/uploads\/2024\/09\/0259M-ProBas09-20211105-5_page-0001-768x543.jpg"},"1536x1536":{"file":"0259M-ProBas09-20211105-5_page-0001-1536x1085.jpg","width":1536,"height":1085,"mime-type":"image\/jpeg","filesize":160630,"url":"https:\/\/360mallorcaproperty.com\/wp-content\/uploads\/2024\/09\/0259M-ProBas09-20211105-5_page-0001-1536x1085.jpg"},"2048x2048":{"file":"0259M-ProBas09-20211105-5_page-0001-2048x1447.jpg","width":2048,"height":1447,"mime-type":"image\/jpeg","filesize":265110,"url":"https:\/\/360mallorcaproperty.com\/wp-content\/uploads\/2024\/09\/0259M-ProBas09-20211105-5_page-0001-2048x1447.jpg"},"post-thumbnail":{"file":"0259M-ProBas09-20211105-5_page-0001-150x106.jpg","width":150,"height":106,"mime-type":"image\/jpeg","filesize":2797,"url":"https:\/\/360mallorcaproperty.com\/wp-content\/uploads\/2024\/09\/0259M-ProBas09-20211105-5_page-0001-150x106.jpg"},"modern-property-child-slider":{"file":"0259M-ProBas09-20211105-5_page-0001-680x510.jpg","width":680,"height":510,"mime-type":"image\/jpeg","filesize":38275,"url":"https:\/\/360mallorcaproperty.com\/wp-content\/uploads\/2024\/09\/0259M-ProBas09-20211105-5_page-0001-680x510.jpg"},"property-thumb-image":{"file":"0259M-ProBas09-20211105-5_page-0001-488x326.jpg","width":488,"height":326,"mime-type":"image\/jpeg","filesize":18944,"url":"https:\/\/360mallorcaproperty.com\/wp-content\/uploads\/2024\/09\/0259M-ProBas09-20211105-5_page-0001-488x326.jpg"},"property-detail-video-image":{"file":"0259M-ProBas09-20211105-5_page-0001-818x417.jpg","width":818,"height":417,"mime-type":"image\/jpeg","filesize":40962,"url":"https:\/\/360mallorcaproperty.com\/wp-content\/uploads\/2024\/09\/0259M-ProBas09-20211105-5_page-0001-818x417.jpg"},"agent-image":{"file":"0259M-ProBas09-20211105-5_page-0001-210x210.jpg","width":210,"height":210,"mime-type":"image\/jpeg","filesize":5985,"url":"https:\/\/360mallorcaproperty.com\/wp-content\/uploads\/2024\/09\/0259M-ProBas09-20211105-5_page-0001-210x210.jpg"},"partners-logo":{"file":"0259M-ProBas09-20211105-5_page-0001-600x3509.jpg","width":600,"height":3509,"mime-type":"image\/jpeg","filesize":156338,"url":"https:\/\/360mallorcaproperty.com\/wp-content\/uploads\/2024\/09\/0259M-ProBas09-20211105-5_page-0001-600x3509.jpg"},"post-featured-image":{"file":"0259M-ProBas09-20211105-5_page-0001-1240x720.jpg","width":1240,"height":720,"mime-type":"image\/jpeg","filesize":101784,"url":"https:\/\/360mallorcaproperty.com\/wp-content\/uploads\/2024\/09\/0259M-ProBas09-20211105-5_page-0001-1240x720.jpg"}},"image_meta":{"aperture":"0","credit":"","camera":"","caption":"","created_timestamp":"0","copyright":"","focal_length":"0","iso":"0","shutter_speed":"0","title":"","orientation":"0","keywords":[]},"ID":"32296","name":"0259M-ProBas09-20211105-5_page-0001.jpg","path":"\/home\/mallorcaproperty\/public_html\/wp-content\/uploads\/2024\/09\/0259M-ProBas09-20211105-5_page-0001.jpg","url":"https:\/\/360mallorcaproperty.com\/wp-content\/uploads\/2024\/09\/0259M-ProBas09-20211105-5_page-0001-150x150.jpg","full_url":"https:\/\/360mallorcaproperty.com\/wp-content\/uploads\/2024\/09\/0259M-ProBas09-20211105-5_page-0001.jpg","title":"0259M-ProBas09-20211105-5_page-0001","caption":"","description":"","alt":"","srcset":"https:\/\/360mallorcaproperty.com\/wp-content\/uploads\/2024\/09\/0259M-ProBas09-20211105-5_page-0001-150x150.jpg 150w, https:\/\/360mallorcaproperty.com\/wp-content\/uploads\/2024\/09\/0259M-ProBas09-20211105-5_page-0001-210x210.jpg 210w"}],"REAL_HOMES_change_gallery_slider_type":"0","REAL_HOMES_gallery_slider_type":"thumb-on-right","inspiry_floor_plans":[],"inspiry_video_group":[],"REAL_HOMES_360_virtual_tour":"","REAL_HOMES_agent_display_option":"none","REAL_HOMES_agents":[],"REAL_HOMES_energy_class":"none","REAL_HOMES_energy_performance":"","REAL_HOMES_epc_current_rating":"","REAL_HOMES_epc_potential_rating":"","ere_property_schedule_tour":"global","ere_property_schedule_time_slots":"","ere_property_schedule_description":"","REAL_HOMES_sticky":"0","inspiry_property_label":"","inspiry_property_label_color":"","inspiry_property_tax":"0","inspiry_additional_fee":"0","REAL_HOMES_attachments":[{"width":1414,"height":2000,"file":"2024\/09\/V4087-S-2-1.png","filesize":1690605,"sizes":{"medium":{"file":"V4087-S-2-1-212x300.png","width":212,"height":300,"mime-type":"image\/png","filesize":61841},"large":{"file":"V4087-S-2-1-724x1024.png","width":724,"height":1024,"mime-type":"image\/png","filesize":540885},"thumbnail":{"file":"V4087-S-2-1-150x150.png","width":150,"height":150,"mime-type":"image\/png","filesize":29544},"medium_large":{"file":"V4087-S-2-1-768x1086.png","width":768,"height":1086,"mime-type":"image\/png","filesize":598346},"1536x1536":{"file":"V4087-S-2-1-1086x1536.png","width":1086,"height":1536,"mime-type":"image\/png","filesize":1086893},"post-thumbnail":{"file":"V4087-S-2-1-106x150.png","width":106,"height":150,"mime-type":"image\/png","filesize":18148},"modern-property-child-slider":{"file":"V4087-S-2-1-680x510.png","width":680,"height":510,"mime-type":"image\/png","filesize":384892},"property-thumb-image":{"file":"V4087-S-2-1-488x326.png","width":488,"height":326,"mime-type":"image\/png","filesize":200681},"property-detail-video-image":{"file":"V4087-S-2-1-818x417.png","width":818,"height":417,"mime-type":"image\/png","filesize":431443},"agent-image":{"file":"V4087-S-2-1-210x210.png","width":210,"height":210,"mime-type":"image\/png","filesize":54421},"partners-logo":{"file":"V4087-S-2-1-600x2000.png","width":600,"height":2000,"mime-type":"image\/png","filesize":744890},"post-featured-image":{"file":"V4087-S-2-1-1240x720.png","width":1240,"height":720,"mime-type":"image\/png","filesize":984964}},"image_meta":{"aperture":"0","credit":"","camera":"","caption":"","created_timestamp":"0","copyright":"","focal_length":"0","iso":"0","shutter_speed":"0","title":"","orientation":"0","keywords":[]},"ID":"32668","name":"V4087-S-2-1.png","path":"\/home\/mallorcaproperty\/public_html\/wp-content\/uploads\/2024\/09\/V4087-S-2-1.png","url":"https:\/\/360mallorcaproperty.com\/wp-content\/uploads\/2024\/09\/V4087-S-2-1.png","title":"V4087 S (2)"}],"inspiry_property_owner_name":"","inspiry_property_owner_contact":"","inspiry_property_owner_address":"","REAL_HOMES_property_private_note":"","inspiry_message_to_reviewer":"","REAL_HOMES_add_in_slider":"no","REAL_HOMES_slider_image":[],"REAL_HOMES_page_banner_image":[],"REAL_HOMES_hide_property_advance_search":"0","inspiry_offmarket":[],"REAL_HOMES_custom_header_display":"default","REAL_HOMES_custom_header_position":"relative","REAL_HOMES_custom_footer_display":"default","REAL_HOMES_hide_advance_search":"0","REAL_HOMES_custom_search_form":"default","REAL_HOMES_search_form_margin_top":"","REAL_HOMES_search_form_margin_bottom":""},"_links":{"self":[{"href":"https:\/\/360mallorcaproperty.com\/de\/wp-json\/wp\/v2\/property\/29113","targetHints":{"allow":["GET"]}}],"collection":[{"href":"https:\/\/360mallorcaproperty.com\/de\/wp-json\/wp\/v2\/property"}],"about":[{"href":"https:\/\/360mallorcaproperty.com\/de\/wp-json\/wp\/v2\/types\/property"}],"author":[{"embeddable":true,"href":"https:\/\/360mallorcaproperty.com\/de\/wp-json\/wp\/v2\/users\/1"}],"replies":[{"embeddable":true,"href":"https:\/\/360mallorcaproperty.com\/de\/wp-json\/wp\/v2\/comments?post=29113"}],"version-history":[{"count":1,"href":"https:\/\/360mallorcaproperty.com\/de\/wp-json\/wp\/v2\/property\/29113\/revisions"}],"predecessor-version":[{"id":32300,"href":"https:\/\/360mallorcaproperty.com\/de\/wp-json\/wp\/v2\/property\/29113\/revisions\/32300"}],"wp:featuredmedia":[{"embeddable":true,"href":"https:\/\/360mallorcaproperty.com\/de\/wp-json\/wp\/v2\/media\/29104"}],"wp:attachment":[{"href":"https:\/\/360mallorcaproperty.com\/de\/wp-json\/wp\/v2\/media?parent=29113"}],"wp:term":[{"taxonomy":"property-feature","embeddable":true,"href":"https:\/\/360mallorcaproperty.com\/de\/wp-json\/wp\/v2\/property-feature?post=29113"},{"taxonomy":"property-type","embeddable":true,"href":"https:\/\/360mallorcaproperty.com\/de\/wp-json\/wp\/v2\/property-type?post=29113"},{"taxonomy":"property-city","embeddable":true,"href":"https:\/\/360mallorcaproperty.com\/de\/wp-json\/wp\/v2\/property-location?post=29113"},{"taxonomy":"property-status","embeddable":true,"href":"https:\/\/360mallorcaproperty.com\/de\/wp-json\/wp\/v2\/property-status?post=29113"}],"curies":[{"name":"wp","href":"https:\/\/api.w.org\/{rel}","templated":true}]}}