{"id":30491,"date":"2025-07-02T13:08:36","date_gmt":"2025-07-02T13:08:36","guid":{"rendered":"https:\/\/360mallorcaproperty.com\/?post_type=property&#038;p=30491"},"modified":"2025-07-02T13:08:36","modified_gmt":"2025-07-02T13:08:36","slug":"rustikales-grundstueck-mit-meerblick-zu-verkaufen-cala-brafi-cala-marcal-portocolom","status":"publish","type":"property","link":"https:\/\/360mallorcaproperty.com\/de\/property\/rustikales-grundstueck-mit-meerblick-zu-verkaufen-cala-brafi-cala-marcal-portocolom\/","title":{"rendered":"Rustikales Grundst\u00fcck mit Meerblick zu verkaufen \u2013 Cala Brafi \/ Cala Mar\u00e7al, Portocolom"},"content":{"rendered":"<p data-start=\"1080\" data-end=\"1257\">Ein seltenes Angebot: <strong data-start=\"1102\" data-end=\"1137\">15.385 m\u00b2 rustikales Grundst\u00fcck<\/strong> in traumhafter Lage zwischen den Buchten <strong data-start=\"1179\" data-end=\"1193\">Cala Brafi<\/strong> und <strong data-start=\"1198\" data-end=\"1213\">Cala Mar\u00e7al<\/strong> in der begehrten Gegend von <strong data-start=\"1242\" data-end=\"1256\">Portocolom<\/strong>.<\/p>\n<p data-start=\"1259\" data-end=\"1420\">Das Grundst\u00fcck befindet sich in <strong data-start=\"1291\" data-end=\"1319\">absolut ruhiger Umgebung<\/strong>, mit <strong data-start=\"1325\" data-end=\"1366\">nahezu keinem Verkehr oder Fu\u00dfg\u00e4ngern<\/strong> \u2013 perfekt f\u00fcr alle, die Ruhe und Privatsph\u00e4re suchen.<\/p>\n<p data-start=\"1422\" data-end=\"1546\">Durch die leicht erh\u00f6hte Lage bietet das Grundst\u00fcck <strong data-start=\"1474\" data-end=\"1495\">sch\u00f6ne Meerblicke<\/strong>, und die Str\u00e4nde sind nur wenige Minuten entfernt.<\/p>\n<p data-start=\"1548\" data-end=\"1713\">Es besteht <strong data-start=\"1559\" data-end=\"1590\">kein bestehendes Bauprojekt<\/strong>, was Ihnen die M\u00f6glichkeit gibt, Ihre <strong data-start=\"1629\" data-end=\"1663\">eigene Vision zu verwirklichen<\/strong> \u2013 ein ma\u00dfgeschneidertes Traumhaus in bester Lage.<\/p>\n<p data-start=\"1715\" data-end=\"1815\">Ein ganz besonderes Grundst\u00fcck in einer Umgebung mit <strong data-start=\"1768\" data-end=\"1814\">nat\u00fcrlicher Sch\u00f6nheit, Ruhe und Meeresn\u00e4he<\/strong>.<\/p>\n","protected":false},"excerpt":{"rendered":"<p>Ein seltenes Angebot: 15.385 m\u00b2 rustikales Grundst\u00fcck in traumhafter Lage zwischen den Buchten Cala Brafi und Cala Mar\u00e7al in der begehrten Gegend von Portocolom. Das Grundst\u00fcck befindet sich in absolut ruhiger Umgebung, mit nahezu keinem Verkehr oder Fu\u00dfg\u00e4ngern \u2013 perfekt f\u00fcr alle, die Ruhe und Privatsph\u00e4re suchen. Durch die leicht erh\u00f6hte Lage bietet das Grundst\u00fcck&#8230;<\/p>\n","protected":false},"author":1,"featured_media":30486,"parent":0,"menu_order":0,"comment_status":"closed","ping_status":"closed","template":"","property-feature":[],"property-type":[],"property-location":[586,276],"property-status":[241],"class_list":["post-30491","property","type-property","status-publish","has-post-thumbnail","hentry","property-city-cala-brafi-de","property-city-porto-colom-de","property-status-zum-verkauf"],"property_meta":{"REAL_HOMES_property_price":"780000","REAL_HOMES_property_old_price":"","REAL_HOMES_property_price_prefix":"","REAL_HOMES_property_price_postfix":"","REAL_HOMES_property_size":"","REAL_HOMES_property_size_postfix":"","REAL_HOMES_property_lot_size":"15365m\u00b2","REAL_HOMES_property_lot_size_postfix":"","REAL_HOMES_property_bedrooms":"","REAL_HOMES_property_bathrooms":"","REAL_HOMES_property_garage":"","REAL_HOMES_property_id":"V4092","REAL_HOMES_property_year_built":"","REAL_HOMES_featured":"0","REAL_HOMES_additional_details_list":[],"rvr_booking_widget_display":"show","rvr_booking_mode":"deferred","rvr_govt_tax":"","rvr_govt_tax_type":"percentage","rvr_govt_tax_calculation":"per_stay","rvr_service_charges":"","rvr_service_charges_type":"percentage","rvr_service_charges_calculation":"per_stay","rvr_guests_capacity":"","rvr_book_child_as":"child","rvr_min_stay":"","rvr_guests_capacity_extend":"not_allowed","rvr_extra_guest_price":"","rvr_property_owner":"0","rvr_bulk_pricing":[],"rvr_seasonal_pricing":[],"rvr_custom_reserved_dates":[],"rvr_additional_fees":[{"rvr_fee_type":"fixed","rvr_fee_calculation":"per_stay"}],"rvr_additional_amenities":[{"price_calculation":"per_stay"}],"rvr_accommodation":[],"rvr_outdoor_features":[],"rvr_surroundings":[],"rvr_included":[],"rvr_not_included":[],"rvr_policies":[],"REAL_HOMES_property_location":{"latitude":"39.406621462892","longitude":"3.2476664491135","zoom":"14"},"REAL_HOMES_property_address":"Cala Barbacana, Portocolom, Cala Mar\u00e7al, Espa\u00f1a","REAL_HOMES_property_map":"0","REAL_HOMES_property_images":[{"width":150,"height":150,"file":"2025\/07\/IMG-20250702-WA0025.jpg","filesize":334888,"sizes":{"medium":{"file":"IMG-20250702-WA0025-300x169.jpg","width":300,"height":169,"mime-type":"image\/jpeg","filesize":18268,"url":"https:\/\/360mallorcaproperty.com\/wp-content\/uploads\/2025\/07\/IMG-20250702-WA0025-300x169.jpg"},"large":{"file":"IMG-20250702-WA0025-1024x576.jpg","width":1024,"height":576,"mime-type":"image\/jpeg","filesize":188070,"url":"https:\/\/360mallorcaproperty.com\/wp-content\/uploads\/2025\/07\/IMG-20250702-WA0025-1024x576.jpg"},"thumbnail":{"file":"IMG-20250702-WA0025-150x150.jpg","width":150,"height":150,"mime-type":"image\/jpeg","filesize":8251,"url":"https:\/\/360mallorcaproperty.com\/wp-content\/uploads\/2025\/07\/IMG-20250702-WA0025-150x150.jpg"},"medium_large":{"file":"IMG-20250702-WA0025-768x432.jpg","width":768,"height":432,"mime-type":"image\/jpeg","filesize":113633,"url":"https:\/\/360mallorcaproperty.com\/wp-content\/uploads\/2025\/07\/IMG-20250702-WA0025-768x432.jpg"},"1536x1536":{"file":"IMG-20250702-WA0025-1536x864.jpg","width":1536,"height":864,"mime-type":"image\/jpeg","filesize":356030,"url":"https:\/\/360mallorcaproperty.com\/wp-content\/uploads\/2025\/07\/IMG-20250702-WA0025-1536x864.jpg"},"post-thumbnail":{"file":"IMG-20250702-WA0025-150x84.jpg","width":150,"height":84,"mime-type":"image\/jpeg","filesize":5011,"url":"https:\/\/360mallorcaproperty.com\/wp-content\/uploads\/2025\/07\/IMG-20250702-WA0025-150x84.jpg"},"modern-property-child-slider":{"file":"IMG-20250702-WA0025-680x510.jpg","width":680,"height":510,"mime-type":"image\/jpeg","filesize":113246,"url":"https:\/\/360mallorcaproperty.com\/wp-content\/uploads\/2025\/07\/IMG-20250702-WA0025-680x510.jpg"},"property-thumb-image":{"file":"IMG-20250702-WA0025-488x326.jpg","width":488,"height":326,"mime-type":"image\/jpeg","filesize":55969,"url":"https:\/\/360mallorcaproperty.com\/wp-content\/uploads\/2025\/07\/IMG-20250702-WA0025-488x326.jpg"},"property-detail-video-image":{"file":"IMG-20250702-WA0025-818x417.jpg","width":818,"height":417,"mime-type":"image\/jpeg","filesize":119613,"url":"https:\/\/360mallorcaproperty.com\/wp-content\/uploads\/2025\/07\/IMG-20250702-WA0025-818x417.jpg"},"agent-image":{"file":"IMG-20250702-WA0025-210x210.jpg","width":210,"height":210,"mime-type":"image\/jpeg","filesize":15890,"url":"https:\/\/360mallorcaproperty.com\/wp-content\/uploads\/2025\/07\/IMG-20250702-WA0025-210x210.jpg"},"partners-logo":{"file":"IMG-20250702-WA0025-600x900.jpg","width":600,"height":900,"mime-type":"image\/jpeg","filesize":143748,"url":"https:\/\/360mallorcaproperty.com\/wp-content\/uploads\/2025\/07\/IMG-20250702-WA0025-600x900.jpg"},"post-featured-image":{"file":"IMG-20250702-WA0025-1240x720.jpg","width":1240,"height":720,"mime-type":"image\/jpeg","filesize":260778,"url":"https:\/\/360mallorcaproperty.com\/wp-content\/uploads\/2025\/07\/IMG-20250702-WA0025-1240x720.jpg"}},"image_meta":{"aperture":"0","credit":"","camera":"","caption":"","created_timestamp":"0","copyright":"","focal_length":"0","iso":"0","shutter_speed":"0","title":"","orientation":"0","keywords":[]},"ID":"30455","name":"IMG-20250702-WA0025.jpg","path":"\/home\/mallorcaproperty\/public_html\/wp-content\/uploads\/2025\/07\/IMG-20250702-WA0025.jpg","url":"https:\/\/360mallorcaproperty.com\/wp-content\/uploads\/2025\/07\/IMG-20250702-WA0025-150x150.jpg","full_url":"https:\/\/360mallorcaproperty.com\/wp-content\/uploads\/2025\/07\/IMG-20250702-WA0025.jpg","title":"IMG-20250702-WA0025","caption":"","description":"","alt":"","srcset":"https:\/\/360mallorcaproperty.com\/wp-content\/uploads\/2025\/07\/IMG-20250702-WA0025-150x150.jpg 150w, https:\/\/360mallorcaproperty.com\/wp-content\/uploads\/2025\/07\/IMG-20250702-WA0025-210x210.jpg 210w"},{"width":150,"height":150,"file":"2025\/07\/IMG-20250702-WA0016.jpg","filesize":235508,"sizes":{"medium":{"file":"IMG-20250702-WA0016-300x169.jpg","width":300,"height":169,"mime-type":"image\/jpeg","filesize":11812,"url":"https:\/\/360mallorcaproperty.com\/wp-content\/uploads\/2025\/07\/IMG-20250702-WA0016-300x169.jpg"},"large":{"file":"IMG-20250702-WA0016-1024x576.jpg","width":1024,"height":576,"mime-type":"image\/jpeg","filesize":116831,"url":"https:\/\/360mallorcaproperty.com\/wp-content\/uploads\/2025\/07\/IMG-20250702-WA0016-1024x576.jpg"},"thumbnail":{"file":"IMG-20250702-WA0016-150x150.jpg","width":150,"height":150,"mime-type":"image\/jpeg","filesize":5693,"url":"https:\/\/360mallorcaproperty.com\/wp-content\/uploads\/2025\/07\/IMG-20250702-WA0016-150x150.jpg"},"medium_large":{"file":"IMG-20250702-WA0016-768x432.jpg","width":768,"height":432,"mime-type":"image\/jpeg","filesize":67992,"url":"https:\/\/360mallorcaproperty.com\/wp-content\/uploads\/2025\/07\/IMG-20250702-WA0016-768x432.jpg"},"1536x1536":{"file":"IMG-20250702-WA0016-1536x864.jpg","width":1536,"height":864,"mime-type":"image\/jpeg","filesize":240296,"url":"https:\/\/360mallorcaproperty.com\/wp-content\/uploads\/2025\/07\/IMG-20250702-WA0016-1536x864.jpg"},"post-thumbnail":{"file":"IMG-20250702-WA0016-150x84.jpg","width":150,"height":84,"mime-type":"image\/jpeg","filesize":3747,"url":"https:\/\/360mallorcaproperty.com\/wp-content\/uploads\/2025\/07\/IMG-20250702-WA0016-150x84.jpg"},"modern-property-child-slider":{"file":"IMG-20250702-WA0016-680x510.jpg","width":680,"height":510,"mime-type":"image\/jpeg","filesize":69816,"url":"https:\/\/360mallorcaproperty.com\/wp-content\/uploads\/2025\/07\/IMG-20250702-WA0016-680x510.jpg"},"property-thumb-image":{"file":"IMG-20250702-WA0016-488x326.jpg","width":488,"height":326,"mime-type":"image\/jpeg","filesize":33682,"url":"https:\/\/360mallorcaproperty.com\/wp-content\/uploads\/2025\/07\/IMG-20250702-WA0016-488x326.jpg"},"property-detail-video-image":{"file":"IMG-20250702-WA0016-818x417.jpg","width":818,"height":417,"mime-type":"image\/jpeg","filesize":69128,"url":"https:\/\/360mallorcaproperty.com\/wp-content\/uploads\/2025\/07\/IMG-20250702-WA0016-818x417.jpg"},"agent-image":{"file":"IMG-20250702-WA0016-210x210.jpg","width":210,"height":210,"mime-type":"image\/jpeg","filesize":10330,"url":"https:\/\/360mallorcaproperty.com\/wp-content\/uploads\/2025\/07\/IMG-20250702-WA0016-210x210.jpg"},"partners-logo":{"file":"IMG-20250702-WA0016-600x900.jpg","width":600,"height":900,"mime-type":"image\/jpeg","filesize":114384,"url":"https:\/\/360mallorcaproperty.com\/wp-content\/uploads\/2025\/07\/IMG-20250702-WA0016-600x900.jpg"},"post-featured-image":{"file":"IMG-20250702-WA0016-1240x720.jpg","width":1240,"height":720,"mime-type":"image\/jpeg","filesize":170955,"url":"https:\/\/360mallorcaproperty.com\/wp-content\/uploads\/2025\/07\/IMG-20250702-WA0016-1240x720.jpg"}},"image_meta":{"aperture":"0","credit":"","camera":"","caption":"","created_timestamp":"0","copyright":"","focal_length":"0","iso":"0","shutter_speed":"0","title":"","orientation":"0","keywords":[]},"ID":"30458","name":"IMG-20250702-WA0016.jpg","path":"\/home\/mallorcaproperty\/public_html\/wp-content\/uploads\/2025\/07\/IMG-20250702-WA0016.jpg","url":"https:\/\/360mallorcaproperty.com\/wp-content\/uploads\/2025\/07\/IMG-20250702-WA0016-150x150.jpg","full_url":"https:\/\/360mallorcaproperty.com\/wp-content\/uploads\/2025\/07\/IMG-20250702-WA0016.jpg","title":"IMG-20250702-WA0016","caption":"","description":"","alt":"","srcset":"https:\/\/360mallorcaproperty.com\/wp-content\/uploads\/2025\/07\/IMG-20250702-WA0016-150x150.jpg 150w, https:\/\/360mallorcaproperty.com\/wp-content\/uploads\/2025\/07\/IMG-20250702-WA0016-210x210.jpg 210w"},{"width":150,"height":150,"file":"2025\/07\/IMG-20250702-WA0017.jpg","filesize":251511,"sizes":{"medium":{"file":"IMG-20250702-WA0017-300x169.jpg","width":300,"height":169,"mime-type":"image\/jpeg","filesize":11721,"url":"https:\/\/360mallorcaproperty.com\/wp-content\/uploads\/2025\/07\/IMG-20250702-WA0017-300x169.jpg"},"large":{"file":"IMG-20250702-WA0017-1024x576.jpg","width":1024,"height":576,"mime-type":"image\/jpeg","filesize":121535,"url":"https:\/\/360mallorcaproperty.com\/wp-content\/uploads\/2025\/07\/IMG-20250702-WA0017-1024x576.jpg"},"thumbnail":{"file":"IMG-20250702-WA0017-150x150.jpg","width":150,"height":150,"mime-type":"image\/jpeg","filesize":5761,"url":"https:\/\/360mallorcaproperty.com\/wp-content\/uploads\/2025\/07\/IMG-20250702-WA0017-150x150.jpg"},"medium_large":{"file":"IMG-20250702-WA0017-768x432.jpg","width":768,"height":432,"mime-type":"image\/jpeg","filesize":69546,"url":"https:\/\/360mallorcaproperty.com\/wp-content\/uploads\/2025\/07\/IMG-20250702-WA0017-768x432.jpg"},"1536x1536":{"file":"IMG-20250702-WA0017-1536x864.jpg","width":1536,"height":864,"mime-type":"image\/jpeg","filesize":253294,"url":"https:\/\/360mallorcaproperty.com\/wp-content\/uploads\/2025\/07\/IMG-20250702-WA0017-1536x864.jpg"},"post-thumbnail":{"file":"IMG-20250702-WA0017-150x84.jpg","width":150,"height":84,"mime-type":"image\/jpeg","filesize":3724,"url":"https:\/\/360mallorcaproperty.com\/wp-content\/uploads\/2025\/07\/IMG-20250702-WA0017-150x84.jpg"},"modern-property-child-slider":{"file":"IMG-20250702-WA0017-680x510.jpg","width":680,"height":510,"mime-type":"image\/jpeg","filesize":74322,"url":"https:\/\/360mallorcaproperty.com\/wp-content\/uploads\/2025\/07\/IMG-20250702-WA0017-680x510.jpg"},"property-thumb-image":{"file":"IMG-20250702-WA0017-488x326.jpg","width":488,"height":326,"mime-type":"image\/jpeg","filesize":34518,"url":"https:\/\/360mallorcaproperty.com\/wp-content\/uploads\/2025\/07\/IMG-20250702-WA0017-488x326.jpg"},"property-detail-video-image":{"file":"IMG-20250702-WA0017-818x417.jpg","width":818,"height":417,"mime-type":"image\/jpeg","filesize":70998,"url":"https:\/\/360mallorcaproperty.com\/wp-content\/uploads\/2025\/07\/IMG-20250702-WA0017-818x417.jpg"},"agent-image":{"file":"IMG-20250702-WA0017-210x210.jpg","width":210,"height":210,"mime-type":"image\/jpeg","filesize":10522,"url":"https:\/\/360mallorcaproperty.com\/wp-content\/uploads\/2025\/07\/IMG-20250702-WA0017-210x210.jpg"},"partners-logo":{"file":"IMG-20250702-WA0017-600x900.jpg","width":600,"height":900,"mime-type":"image\/jpeg","filesize":126720,"url":"https:\/\/360mallorcaproperty.com\/wp-content\/uploads\/2025\/07\/IMG-20250702-WA0017-600x900.jpg"},"post-featured-image":{"file":"IMG-20250702-WA0017-1240x720.jpg","width":1240,"height":720,"mime-type":"image\/jpeg","filesize":179589,"url":"https:\/\/360mallorcaproperty.com\/wp-content\/uploads\/2025\/07\/IMG-20250702-WA0017-1240x720.jpg"}},"image_meta":{"aperture":"0","credit":"","camera":"","caption":"","created_timestamp":"0","copyright":"","focal_length":"0","iso":"0","shutter_speed":"0","title":"","orientation":"0","keywords":[]},"ID":"30461","name":"IMG-20250702-WA0017.jpg","path":"\/home\/mallorcaproperty\/public_html\/wp-content\/uploads\/2025\/07\/IMG-20250702-WA0017.jpg","url":"https:\/\/360mallorcaproperty.com\/wp-content\/uploads\/2025\/07\/IMG-20250702-WA0017-150x150.jpg","full_url":"https:\/\/360mallorcaproperty.com\/wp-content\/uploads\/2025\/07\/IMG-20250702-WA0017.jpg","title":"IMG-20250702-WA0017","caption":"","description":"","alt":"","srcset":"https:\/\/360mallorcaproperty.com\/wp-content\/uploads\/2025\/07\/IMG-20250702-WA0017-150x150.jpg 150w, https:\/\/360mallorcaproperty.com\/wp-content\/uploads\/2025\/07\/IMG-20250702-WA0017-210x210.jpg 210w"},{"width":150,"height":150,"file":"2025\/07\/IMG-20250702-WA0018.jpg","filesize":273685,"sizes":{"medium":{"file":"IMG-20250702-WA0018-300x169.jpg","width":300,"height":169,"mime-type":"image\/jpeg","filesize":12430,"url":"https:\/\/360mallorcaproperty.com\/wp-content\/uploads\/2025\/07\/IMG-20250702-WA0018-300x169.jpg"},"large":{"file":"IMG-20250702-WA0018-1024x576.jpg","width":1024,"height":576,"mime-type":"image\/jpeg","filesize":131902,"url":"https:\/\/360mallorcaproperty.com\/wp-content\/uploads\/2025\/07\/IMG-20250702-WA0018-1024x576.jpg"},"thumbnail":{"file":"IMG-20250702-WA0018-150x150.jpg","width":150,"height":150,"mime-type":"image\/jpeg","filesize":5910,"url":"https:\/\/360mallorcaproperty.com\/wp-content\/uploads\/2025\/07\/IMG-20250702-WA0018-150x150.jpg"},"medium_large":{"file":"IMG-20250702-WA0018-768x432.jpg","width":768,"height":432,"mime-type":"image\/jpeg","filesize":75360,"url":"https:\/\/360mallorcaproperty.com\/wp-content\/uploads\/2025\/07\/IMG-20250702-WA0018-768x432.jpg"},"1536x1536":{"file":"IMG-20250702-WA0018-1536x864.jpg","width":1536,"height":864,"mime-type":"image\/jpeg","filesize":275857,"url":"https:\/\/360mallorcaproperty.com\/wp-content\/uploads\/2025\/07\/IMG-20250702-WA0018-1536x864.jpg"},"post-thumbnail":{"file":"IMG-20250702-WA0018-150x84.jpg","width":150,"height":84,"mime-type":"image\/jpeg","filesize":3843,"url":"https:\/\/360mallorcaproperty.com\/wp-content\/uploads\/2025\/07\/IMG-20250702-WA0018-150x84.jpg"},"modern-property-child-slider":{"file":"IMG-20250702-WA0018-680x510.jpg","width":680,"height":510,"mime-type":"image\/jpeg","filesize":78594,"url":"https:\/\/360mallorcaproperty.com\/wp-content\/uploads\/2025\/07\/IMG-20250702-WA0018-680x510.jpg"},"property-thumb-image":{"file":"IMG-20250702-WA0018-488x326.jpg","width":488,"height":326,"mime-type":"image\/jpeg","filesize":36747,"url":"https:\/\/360mallorcaproperty.com\/wp-content\/uploads\/2025\/07\/IMG-20250702-WA0018-488x326.jpg"},"property-detail-video-image":{"file":"IMG-20250702-WA0018-818x417.jpg","width":818,"height":417,"mime-type":"image\/jpeg","filesize":77471,"url":"https:\/\/360mallorcaproperty.com\/wp-content\/uploads\/2025\/07\/IMG-20250702-WA0018-818x417.jpg"},"agent-image":{"file":"IMG-20250702-WA0018-210x210.jpg","width":210,"height":210,"mime-type":"image\/jpeg","filesize":10911,"url":"https:\/\/360mallorcaproperty.com\/wp-content\/uploads\/2025\/07\/IMG-20250702-WA0018-210x210.jpg"},"partners-logo":{"file":"IMG-20250702-WA0018-600x900.jpg","width":600,"height":900,"mime-type":"image\/jpeg","filesize":127461,"url":"https:\/\/360mallorcaproperty.com\/wp-content\/uploads\/2025\/07\/IMG-20250702-WA0018-600x900.jpg"},"post-featured-image":{"file":"IMG-20250702-WA0018-1240x720.jpg","width":1240,"height":720,"mime-type":"image\/jpeg","filesize":194799,"url":"https:\/\/360mallorcaproperty.com\/wp-content\/uploads\/2025\/07\/IMG-20250702-WA0018-1240x720.jpg"}},"image_meta":{"aperture":"0","credit":"","camera":"","caption":"","created_timestamp":"0","copyright":"","focal_length":"0","iso":"0","shutter_speed":"0","title":"","orientation":"0","keywords":[]},"ID":"30464","name":"IMG-20250702-WA0018.jpg","path":"\/home\/mallorcaproperty\/public_html\/wp-content\/uploads\/2025\/07\/IMG-20250702-WA0018.jpg","url":"https:\/\/360mallorcaproperty.com\/wp-content\/uploads\/2025\/07\/IMG-20250702-WA0018-150x150.jpg","full_url":"https:\/\/360mallorcaproperty.com\/wp-content\/uploads\/2025\/07\/IMG-20250702-WA0018.jpg","title":"IMG-20250702-WA0018","caption":"","description":"","alt":"","srcset":"https:\/\/360mallorcaproperty.com\/wp-content\/uploads\/2025\/07\/IMG-20250702-WA0018-150x150.jpg 150w, https:\/\/360mallorcaproperty.com\/wp-content\/uploads\/2025\/07\/IMG-20250702-WA0018-210x210.jpg 210w"},{"width":150,"height":150,"file":"2025\/07\/IMG-20250702-WA0019.jpg","filesize":284632,"sizes":{"medium":{"file":"IMG-20250702-WA0019-300x169.jpg","width":300,"height":169,"mime-type":"image\/jpeg","filesize":13331,"url":"https:\/\/360mallorcaproperty.com\/wp-content\/uploads\/2025\/07\/IMG-20250702-WA0019-300x169.jpg"},"large":{"file":"IMG-20250702-WA0019-1024x576.jpg","width":1024,"height":576,"mime-type":"image\/jpeg","filesize":138577,"url":"https:\/\/360mallorcaproperty.com\/wp-content\/uploads\/2025\/07\/IMG-20250702-WA0019-1024x576.jpg"},"thumbnail":{"file":"IMG-20250702-WA0019-150x150.jpg","width":150,"height":150,"mime-type":"image\/jpeg","filesize":6107,"url":"https:\/\/360mallorcaproperty.com\/wp-content\/uploads\/2025\/07\/IMG-20250702-WA0019-150x150.jpg"},"medium_large":{"file":"IMG-20250702-WA0019-768x432.jpg","width":768,"height":432,"mime-type":"image\/jpeg","filesize":79793,"url":"https:\/\/360mallorcaproperty.com\/wp-content\/uploads\/2025\/07\/IMG-20250702-WA0019-768x432.jpg"},"1536x1536":{"file":"IMG-20250702-WA0019-1536x864.jpg","width":1536,"height":864,"mime-type":"image\/jpeg","filesize":287172,"url":"https:\/\/360mallorcaproperty.com\/wp-content\/uploads\/2025\/07\/IMG-20250702-WA0019-1536x864.jpg"},"post-thumbnail":{"file":"IMG-20250702-WA0019-150x84.jpg","width":150,"height":84,"mime-type":"image\/jpeg","filesize":4008,"url":"https:\/\/360mallorcaproperty.com\/wp-content\/uploads\/2025\/07\/IMG-20250702-WA0019-150x84.jpg"},"modern-property-child-slider":{"file":"IMG-20250702-WA0019-680x510.jpg","width":680,"height":510,"mime-type":"image\/jpeg","filesize":81582,"url":"https:\/\/360mallorcaproperty.com\/wp-content\/uploads\/2025\/07\/IMG-20250702-WA0019-680x510.jpg"},"property-thumb-image":{"file":"IMG-20250702-WA0019-488x326.jpg","width":488,"height":326,"mime-type":"image\/jpeg","filesize":38373,"url":"https:\/\/360mallorcaproperty.com\/wp-content\/uploads\/2025\/07\/IMG-20250702-WA0019-488x326.jpg"},"property-detail-video-image":{"file":"IMG-20250702-WA0019-818x417.jpg","width":818,"height":417,"mime-type":"image\/jpeg","filesize":82697,"url":"https:\/\/360mallorcaproperty.com\/wp-content\/uploads\/2025\/07\/IMG-20250702-WA0019-818x417.jpg"},"agent-image":{"file":"IMG-20250702-WA0019-210x210.jpg","width":210,"height":210,"mime-type":"image\/jpeg","filesize":11366,"url":"https:\/\/360mallorcaproperty.com\/wp-content\/uploads\/2025\/07\/IMG-20250702-WA0019-210x210.jpg"},"partners-logo":{"file":"IMG-20250702-WA0019-600x900.jpg","width":600,"height":900,"mime-type":"image\/jpeg","filesize":137530,"url":"https:\/\/360mallorcaproperty.com\/wp-content\/uploads\/2025\/07\/IMG-20250702-WA0019-600x900.jpg"},"post-featured-image":{"file":"IMG-20250702-WA0019-1240x720.jpg","width":1240,"height":720,"mime-type":"image\/jpeg","filesize":202464,"url":"https:\/\/360mallorcaproperty.com\/wp-content\/uploads\/2025\/07\/IMG-20250702-WA0019-1240x720.jpg"}},"image_meta":{"aperture":"0","credit":"","camera":"","caption":"","created_timestamp":"0","copyright":"","focal_length":"0","iso":"0","shutter_speed":"0","title":"","orientation":"0","keywords":[]},"ID":"30467","name":"IMG-20250702-WA0019.jpg","path":"\/home\/mallorcaproperty\/public_html\/wp-content\/uploads\/2025\/07\/IMG-20250702-WA0019.jpg","url":"https:\/\/360mallorcaproperty.com\/wp-content\/uploads\/2025\/07\/IMG-20250702-WA0019-150x150.jpg","full_url":"https:\/\/360mallorcaproperty.com\/wp-content\/uploads\/2025\/07\/IMG-20250702-WA0019.jpg","title":"IMG-20250702-WA0019","caption":"","description":"","alt":"","srcset":"https:\/\/360mallorcaproperty.com\/wp-content\/uploads\/2025\/07\/IMG-20250702-WA0019-150x150.jpg 150w, https:\/\/360mallorcaproperty.com\/wp-content\/uploads\/2025\/07\/IMG-20250702-WA0019-210x210.jpg 210w"},{"width":150,"height":150,"file":"2025\/07\/IMG-20250702-WA0020.jpg","filesize":270252,"sizes":{"medium":{"file":"IMG-20250702-WA0020-300x169.jpg","width":300,"height":169,"mime-type":"image\/jpeg","filesize":13116,"url":"https:\/\/360mallorcaproperty.com\/wp-content\/uploads\/2025\/07\/IMG-20250702-WA0020-300x169.jpg"},"large":{"file":"IMG-20250702-WA0020-1024x576.jpg","width":1024,"height":576,"mime-type":"image\/jpeg","filesize":133347,"url":"https:\/\/360mallorcaproperty.com\/wp-content\/uploads\/2025\/07\/IMG-20250702-WA0020-1024x576.jpg"},"thumbnail":{"file":"IMG-20250702-WA0020-150x150.jpg","width":150,"height":150,"mime-type":"image\/jpeg","filesize":6239,"url":"https:\/\/360mallorcaproperty.com\/wp-content\/uploads\/2025\/07\/IMG-20250702-WA0020-150x150.jpg"},"medium_large":{"file":"IMG-20250702-WA0020-768x432.jpg","width":768,"height":432,"mime-type":"image\/jpeg","filesize":77200,"url":"https:\/\/360mallorcaproperty.com\/wp-content\/uploads\/2025\/07\/IMG-20250702-WA0020-768x432.jpg"},"1536x1536":{"file":"IMG-20250702-WA0020-1536x864.jpg","width":1536,"height":864,"mime-type":"image\/jpeg","filesize":275037,"url":"https:\/\/360mallorcaproperty.com\/wp-content\/uploads\/2025\/07\/IMG-20250702-WA0020-1536x864.jpg"},"post-thumbnail":{"file":"IMG-20250702-WA0020-150x84.jpg","width":150,"height":84,"mime-type":"image\/jpeg","filesize":4112,"url":"https:\/\/360mallorcaproperty.com\/wp-content\/uploads\/2025\/07\/IMG-20250702-WA0020-150x84.jpg"},"modern-property-child-slider":{"file":"IMG-20250702-WA0020-680x510.jpg","width":680,"height":510,"mime-type":"image\/jpeg","filesize":78887,"url":"https:\/\/360mallorcaproperty.com\/wp-content\/uploads\/2025\/07\/IMG-20250702-WA0020-680x510.jpg"},"property-thumb-image":{"file":"IMG-20250702-WA0020-488x326.jpg","width":488,"height":326,"mime-type":"image\/jpeg","filesize":37645,"url":"https:\/\/360mallorcaproperty.com\/wp-content\/uploads\/2025\/07\/IMG-20250702-WA0020-488x326.jpg"},"property-detail-video-image":{"file":"IMG-20250702-WA0020-818x417.jpg","width":818,"height":417,"mime-type":"image\/jpeg","filesize":79905,"url":"https:\/\/360mallorcaproperty.com\/wp-content\/uploads\/2025\/07\/IMG-20250702-WA0020-818x417.jpg"},"agent-image":{"file":"IMG-20250702-WA0020-210x210.jpg","width":210,"height":210,"mime-type":"image\/jpeg","filesize":11336,"url":"https:\/\/360mallorcaproperty.com\/wp-content\/uploads\/2025\/07\/IMG-20250702-WA0020-210x210.jpg"},"partners-logo":{"file":"IMG-20250702-WA0020-600x900.jpg","width":600,"height":900,"mime-type":"image\/jpeg","filesize":132435,"url":"https:\/\/360mallorcaproperty.com\/wp-content\/uploads\/2025\/07\/IMG-20250702-WA0020-600x900.jpg"},"post-featured-image":{"file":"IMG-20250702-WA0020-1240x720.jpg","width":1240,"height":720,"mime-type":"image\/jpeg","filesize":194967,"url":"https:\/\/360mallorcaproperty.com\/wp-content\/uploads\/2025\/07\/IMG-20250702-WA0020-1240x720.jpg"}},"image_meta":{"aperture":"0","credit":"","camera":"","caption":"","created_timestamp":"0","copyright":"","focal_length":"0","iso":"0","shutter_speed":"0","title":"","orientation":"0","keywords":[]},"ID":"30470","name":"IMG-20250702-WA0020.jpg","path":"\/home\/mallorcaproperty\/public_html\/wp-content\/uploads\/2025\/07\/IMG-20250702-WA0020.jpg","url":"https:\/\/360mallorcaproperty.com\/wp-content\/uploads\/2025\/07\/IMG-20250702-WA0020-150x150.jpg","full_url":"https:\/\/360mallorcaproperty.com\/wp-content\/uploads\/2025\/07\/IMG-20250702-WA0020.jpg","title":"IMG-20250702-WA0020","caption":"","description":"","alt":"","srcset":"https:\/\/360mallorcaproperty.com\/wp-content\/uploads\/2025\/07\/IMG-20250702-WA0020-150x150.jpg 150w, https:\/\/360mallorcaproperty.com\/wp-content\/uploads\/2025\/07\/IMG-20250702-WA0020-210x210.jpg 210w"},{"width":150,"height":150,"file":"2025\/07\/IMG-20250702-WA0021.jpg","filesize":318580,"sizes":{"medium":{"file":"IMG-20250702-WA0021-300x169.jpg","width":300,"height":169,"mime-type":"image\/jpeg","filesize":14808,"url":"https:\/\/360mallorcaproperty.com\/wp-content\/uploads\/2025\/07\/IMG-20250702-WA0021-300x169.jpg"},"large":{"file":"IMG-20250702-WA0021-1024x576.jpg","width":1024,"height":576,"mime-type":"image\/jpeg","filesize":157233,"url":"https:\/\/360mallorcaproperty.com\/wp-content\/uploads\/2025\/07\/IMG-20250702-WA0021-1024x576.jpg"},"thumbnail":{"file":"IMG-20250702-WA0021-150x150.jpg","width":150,"height":150,"mime-type":"image\/jpeg","filesize":6985,"url":"https:\/\/360mallorcaproperty.com\/wp-content\/uploads\/2025\/07\/IMG-20250702-WA0021-150x150.jpg"},"medium_large":{"file":"IMG-20250702-WA0021-768x432.jpg","width":768,"height":432,"mime-type":"image\/jpeg","filesize":90885,"url":"https:\/\/360mallorcaproperty.com\/wp-content\/uploads\/2025\/07\/IMG-20250702-WA0021-768x432.jpg"},"1536x1536":{"file":"IMG-20250702-WA0021-1536x864.jpg","width":1536,"height":864,"mime-type":"image\/jpeg","filesize":323230,"url":"https:\/\/360mallorcaproperty.com\/wp-content\/uploads\/2025\/07\/IMG-20250702-WA0021-1536x864.jpg"},"post-thumbnail":{"file":"IMG-20250702-WA0021-150x84.jpg","width":150,"height":84,"mime-type":"image\/jpeg","filesize":4414,"url":"https:\/\/360mallorcaproperty.com\/wp-content\/uploads\/2025\/07\/IMG-20250702-WA0021-150x84.jpg"},"modern-property-child-slider":{"file":"IMG-20250702-WA0021-680x510.jpg","width":680,"height":510,"mime-type":"image\/jpeg","filesize":95024,"url":"https:\/\/360mallorcaproperty.com\/wp-content\/uploads\/2025\/07\/IMG-20250702-WA0021-680x510.jpg"},"property-thumb-image":{"file":"IMG-20250702-WA0021-488x326.jpg","width":488,"height":326,"mime-type":"image\/jpeg","filesize":44680,"url":"https:\/\/360mallorcaproperty.com\/wp-content\/uploads\/2025\/07\/IMG-20250702-WA0021-488x326.jpg"},"property-detail-video-image":{"file":"IMG-20250702-WA0021-818x417.jpg","width":818,"height":417,"mime-type":"image\/jpeg","filesize":95679,"url":"https:\/\/360mallorcaproperty.com\/wp-content\/uploads\/2025\/07\/IMG-20250702-WA0021-818x417.jpg"},"agent-image":{"file":"IMG-20250702-WA0021-210x210.jpg","width":210,"height":210,"mime-type":"image\/jpeg","filesize":13072,"url":"https:\/\/360mallorcaproperty.com\/wp-content\/uploads\/2025\/07\/IMG-20250702-WA0021-210x210.jpg"},"partners-logo":{"file":"IMG-20250702-WA0021-600x900.jpg","width":600,"height":900,"mime-type":"image\/jpeg","filesize":158638,"url":"https:\/\/360mallorcaproperty.com\/wp-content\/uploads\/2025\/07\/IMG-20250702-WA0021-600x900.jpg"},"post-featured-image":{"file":"IMG-20250702-WA0021-1240x720.jpg","width":1240,"height":720,"mime-type":"image\/jpeg","filesize":229295,"url":"https:\/\/360mallorcaproperty.com\/wp-content\/uploads\/2025\/07\/IMG-20250702-WA0021-1240x720.jpg"}},"image_meta":{"aperture":"0","credit":"","camera":"","caption":"","created_timestamp":"0","copyright":"","focal_length":"0","iso":"0","shutter_speed":"0","title":"","orientation":"0","keywords":[]},"ID":"30473","name":"IMG-20250702-WA0021.jpg","path":"\/home\/mallorcaproperty\/public_html\/wp-content\/uploads\/2025\/07\/IMG-20250702-WA0021.jpg","url":"https:\/\/360mallorcaproperty.com\/wp-content\/uploads\/2025\/07\/IMG-20250702-WA0021-150x150.jpg","full_url":"https:\/\/360mallorcaproperty.com\/wp-content\/uploads\/2025\/07\/IMG-20250702-WA0021.jpg","title":"IMG-20250702-WA0021","caption":"","description":"","alt":"","srcset":"https:\/\/360mallorcaproperty.com\/wp-content\/uploads\/2025\/07\/IMG-20250702-WA0021-150x150.jpg 150w, https:\/\/360mallorcaproperty.com\/wp-content\/uploads\/2025\/07\/IMG-20250702-WA0021-210x210.jpg 210w"},{"width":150,"height":150,"file":"2025\/07\/IMG-20250702-WA0022.jpg","filesize":272631,"sizes":{"medium":{"file":"IMG-20250702-WA0022-300x169.jpg","width":300,"height":169,"mime-type":"image\/jpeg","filesize":13106,"url":"https:\/\/360mallorcaproperty.com\/wp-content\/uploads\/2025\/07\/IMG-20250702-WA0022-300x169.jpg"},"large":{"file":"IMG-20250702-WA0022-1024x576.jpg","width":1024,"height":576,"mime-type":"image\/jpeg","filesize":134008,"url":"https:\/\/360mallorcaproperty.com\/wp-content\/uploads\/2025\/07\/IMG-20250702-WA0022-1024x576.jpg"},"thumbnail":{"file":"IMG-20250702-WA0022-150x150.jpg","width":150,"height":150,"mime-type":"image\/jpeg","filesize":6095,"url":"https:\/\/360mallorcaproperty.com\/wp-content\/uploads\/2025\/07\/IMG-20250702-WA0022-150x150.jpg"},"medium_large":{"file":"IMG-20250702-WA0022-768x432.jpg","width":768,"height":432,"mime-type":"image\/jpeg","filesize":77159,"url":"https:\/\/360mallorcaproperty.com\/wp-content\/uploads\/2025\/07\/IMG-20250702-WA0022-768x432.jpg"},"1536x1536":{"file":"IMG-20250702-WA0022-1536x864.jpg","width":1536,"height":864,"mime-type":"image\/jpeg","filesize":276761,"url":"https:\/\/360mallorcaproperty.com\/wp-content\/uploads\/2025\/07\/IMG-20250702-WA0022-1536x864.jpg"},"post-thumbnail":{"file":"IMG-20250702-WA0022-150x84.jpg","width":150,"height":84,"mime-type":"image\/jpeg","filesize":4150,"url":"https:\/\/360mallorcaproperty.com\/wp-content\/uploads\/2025\/07\/IMG-20250702-WA0022-150x84.jpg"},"modern-property-child-slider":{"file":"IMG-20250702-WA0022-680x510.jpg","width":680,"height":510,"mime-type":"image\/jpeg","filesize":78395,"url":"https:\/\/360mallorcaproperty.com\/wp-content\/uploads\/2025\/07\/IMG-20250702-WA0022-680x510.jpg"},"property-thumb-image":{"file":"IMG-20250702-WA0022-488x326.jpg","width":488,"height":326,"mime-type":"image\/jpeg","filesize":37108,"url":"https:\/\/360mallorcaproperty.com\/wp-content\/uploads\/2025\/07\/IMG-20250702-WA0022-488x326.jpg"},"property-detail-video-image":{"file":"IMG-20250702-WA0022-818x417.jpg","width":818,"height":417,"mime-type":"image\/jpeg","filesize":79951,"url":"https:\/\/360mallorcaproperty.com\/wp-content\/uploads\/2025\/07\/IMG-20250702-WA0022-818x417.jpg"},"agent-image":{"file":"IMG-20250702-WA0022-210x210.jpg","width":210,"height":210,"mime-type":"image\/jpeg","filesize":11109,"url":"https:\/\/360mallorcaproperty.com\/wp-content\/uploads\/2025\/07\/IMG-20250702-WA0022-210x210.jpg"},"partners-logo":{"file":"IMG-20250702-WA0022-600x900.jpg","width":600,"height":900,"mime-type":"image\/jpeg","filesize":132320,"url":"https:\/\/360mallorcaproperty.com\/wp-content\/uploads\/2025\/07\/IMG-20250702-WA0022-600x900.jpg"},"post-featured-image":{"file":"IMG-20250702-WA0022-1240x720.jpg","width":1240,"height":720,"mime-type":"image\/jpeg","filesize":194392,"url":"https:\/\/360mallorcaproperty.com\/wp-content\/uploads\/2025\/07\/IMG-20250702-WA0022-1240x720.jpg"}},"image_meta":{"aperture":"0","credit":"","camera":"","caption":"","created_timestamp":"0","copyright":"","focal_length":"0","iso":"0","shutter_speed":"0","title":"","orientation":"0","keywords":[]},"ID":"30476","name":"IMG-20250702-WA0022.jpg","path":"\/home\/mallorcaproperty\/public_html\/wp-content\/uploads\/2025\/07\/IMG-20250702-WA0022.jpg","url":"https:\/\/360mallorcaproperty.com\/wp-content\/uploads\/2025\/07\/IMG-20250702-WA0022-150x150.jpg","full_url":"https:\/\/360mallorcaproperty.com\/wp-content\/uploads\/2025\/07\/IMG-20250702-WA0022.jpg","title":"IMG-20250702-WA0022","caption":"","description":"","alt":"","srcset":"https:\/\/360mallorcaproperty.com\/wp-content\/uploads\/2025\/07\/IMG-20250702-WA0022-150x150.jpg 150w, https:\/\/360mallorcaproperty.com\/wp-content\/uploads\/2025\/07\/IMG-20250702-WA0022-210x210.jpg 210w"},{"width":150,"height":150,"file":"2025\/07\/IMG-20250702-WA0023.jpg","filesize":338345,"sizes":{"medium":{"file":"IMG-20250702-WA0023-300x169.jpg","width":300,"height":169,"mime-type":"image\/jpeg","filesize":15568,"url":"https:\/\/360mallorcaproperty.com\/wp-content\/uploads\/2025\/07\/IMG-20250702-WA0023-300x169.jpg"},"large":{"file":"IMG-20250702-WA0023-1024x576.jpg","width":1024,"height":576,"mime-type":"image\/jpeg","filesize":165376,"url":"https:\/\/360mallorcaproperty.com\/wp-content\/uploads\/2025\/07\/IMG-20250702-WA0023-1024x576.jpg"},"thumbnail":{"file":"IMG-20250702-WA0023-150x150.jpg","width":150,"height":150,"mime-type":"image\/jpeg","filesize":7196,"url":"https:\/\/360mallorcaproperty.com\/wp-content\/uploads\/2025\/07\/IMG-20250702-WA0023-150x150.jpg"},"medium_large":{"file":"IMG-20250702-WA0023-768x432.jpg","width":768,"height":432,"mime-type":"image\/jpeg","filesize":95332,"url":"https:\/\/360mallorcaproperty.com\/wp-content\/uploads\/2025\/07\/IMG-20250702-WA0023-768x432.jpg"},"1536x1536":{"file":"IMG-20250702-WA0023-1536x864.jpg","width":1536,"height":864,"mime-type":"image\/jpeg","filesize":341231,"url":"https:\/\/360mallorcaproperty.com\/wp-content\/uploads\/2025\/07\/IMG-20250702-WA0023-1536x864.jpg"},"post-thumbnail":{"file":"IMG-20250702-WA0023-150x84.jpg","width":150,"height":84,"mime-type":"image\/jpeg","filesize":4558,"url":"https:\/\/360mallorcaproperty.com\/wp-content\/uploads\/2025\/07\/IMG-20250702-WA0023-150x84.jpg"},"modern-property-child-slider":{"file":"IMG-20250702-WA0023-680x510.jpg","width":680,"height":510,"mime-type":"image\/jpeg","filesize":97597,"url":"https:\/\/360mallorcaproperty.com\/wp-content\/uploads\/2025\/07\/IMG-20250702-WA0023-680x510.jpg"},"property-thumb-image":{"file":"IMG-20250702-WA0023-488x326.jpg","width":488,"height":326,"mime-type":"image\/jpeg","filesize":45628,"url":"https:\/\/360mallorcaproperty.com\/wp-content\/uploads\/2025\/07\/IMG-20250702-WA0023-488x326.jpg"},"property-detail-video-image":{"file":"IMG-20250702-WA0023-818x417.jpg","width":818,"height":417,"mime-type":"image\/jpeg","filesize":99833,"url":"https:\/\/360mallorcaproperty.com\/wp-content\/uploads\/2025\/07\/IMG-20250702-WA0023-818x417.jpg"},"agent-image":{"file":"IMG-20250702-WA0023-210x210.jpg","width":210,"height":210,"mime-type":"image\/jpeg","filesize":13242,"url":"https:\/\/360mallorcaproperty.com\/wp-content\/uploads\/2025\/07\/IMG-20250702-WA0023-210x210.jpg"},"partners-logo":{"file":"IMG-20250702-WA0023-600x900.jpg","width":600,"height":900,"mime-type":"image\/jpeg","filesize":162822,"url":"https:\/\/360mallorcaproperty.com\/wp-content\/uploads\/2025\/07\/IMG-20250702-WA0023-600x900.jpg"},"post-featured-image":{"file":"IMG-20250702-WA0023-1240x720.jpg","width":1240,"height":720,"mime-type":"image\/jpeg","filesize":240788,"url":"https:\/\/360mallorcaproperty.com\/wp-content\/uploads\/2025\/07\/IMG-20250702-WA0023-1240x720.jpg"}},"image_meta":{"aperture":"0","credit":"","camera":"","caption":"","created_timestamp":"0","copyright":"","focal_length":"0","iso":"0","shutter_speed":"0","title":"","orientation":"0","keywords":[]},"ID":"30479","name":"IMG-20250702-WA0023.jpg","path":"\/home\/mallorcaproperty\/public_html\/wp-content\/uploads\/2025\/07\/IMG-20250702-WA0023.jpg","url":"https:\/\/360mallorcaproperty.com\/wp-content\/uploads\/2025\/07\/IMG-20250702-WA0023-150x150.jpg","full_url":"https:\/\/360mallorcaproperty.com\/wp-content\/uploads\/2025\/07\/IMG-20250702-WA0023.jpg","title":"IMG-20250702-WA0023","caption":"","description":"","alt":"","srcset":"https:\/\/360mallorcaproperty.com\/wp-content\/uploads\/2025\/07\/IMG-20250702-WA0023-150x150.jpg 150w, https:\/\/360mallorcaproperty.com\/wp-content\/uploads\/2025\/07\/IMG-20250702-WA0023-210x210.jpg 210w"},{"width":150,"height":150,"file":"2025\/07\/IMG-20250702-WA0024.jpg","filesize":311188,"sizes":{"medium":{"file":"IMG-20250702-WA0024-300x169.jpg","width":300,"height":169,"mime-type":"image\/jpeg","filesize":14216,"url":"https:\/\/360mallorcaproperty.com\/wp-content\/uploads\/2025\/07\/IMG-20250702-WA0024-300x169.jpg"},"large":{"file":"IMG-20250702-WA0024-1024x576.jpg","width":1024,"height":576,"mime-type":"image\/jpeg","filesize":153117,"url":"https:\/\/360mallorcaproperty.com\/wp-content\/uploads\/2025\/07\/IMG-20250702-WA0024-1024x576.jpg"},"thumbnail":{"file":"IMG-20250702-WA0024-150x150.jpg","width":150,"height":150,"mime-type":"image\/jpeg","filesize":6582,"url":"https:\/\/360mallorcaproperty.com\/wp-content\/uploads\/2025\/07\/IMG-20250702-WA0024-150x150.jpg"},"medium_large":{"file":"IMG-20250702-WA0024-768x432.jpg","width":768,"height":432,"mime-type":"image\/jpeg","filesize":88045,"url":"https:\/\/360mallorcaproperty.com\/wp-content\/uploads\/2025\/07\/IMG-20250702-WA0024-768x432.jpg"},"1536x1536":{"file":"IMG-20250702-WA0024-1536x864.jpg","width":1536,"height":864,"mime-type":"image\/jpeg","filesize":315426,"url":"https:\/\/360mallorcaproperty.com\/wp-content\/uploads\/2025\/07\/IMG-20250702-WA0024-1536x864.jpg"},"post-thumbnail":{"file":"IMG-20250702-WA0024-150x84.jpg","width":150,"height":84,"mime-type":"image\/jpeg","filesize":4216,"url":"https:\/\/360mallorcaproperty.com\/wp-content\/uploads\/2025\/07\/IMG-20250702-WA0024-150x84.jpg"},"modern-property-child-slider":{"file":"IMG-20250702-WA0024-680x510.jpg","width":680,"height":510,"mime-type":"image\/jpeg","filesize":93242,"url":"https:\/\/360mallorcaproperty.com\/wp-content\/uploads\/2025\/07\/IMG-20250702-WA0024-680x510.jpg"},"property-thumb-image":{"file":"IMG-20250702-WA0024-488x326.jpg","width":488,"height":326,"mime-type":"image\/jpeg","filesize":43503,"url":"https:\/\/360mallorcaproperty.com\/wp-content\/uploads\/2025\/07\/IMG-20250702-WA0024-488x326.jpg"},"property-detail-video-image":{"file":"IMG-20250702-WA0024-818x417.jpg","width":818,"height":417,"mime-type":"image\/jpeg","filesize":92595,"url":"https:\/\/360mallorcaproperty.com\/wp-content\/uploads\/2025\/07\/IMG-20250702-WA0024-818x417.jpg"},"agent-image":{"file":"IMG-20250702-WA0024-210x210.jpg","width":210,"height":210,"mime-type":"image\/jpeg","filesize":12415,"url":"https:\/\/360mallorcaproperty.com\/wp-content\/uploads\/2025\/07\/IMG-20250702-WA0024-210x210.jpg"},"partners-logo":{"file":"IMG-20250702-WA0024-600x900.jpg","width":600,"height":900,"mime-type":"image\/jpeg","filesize":144907,"url":"https:\/\/360mallorcaproperty.com\/wp-content\/uploads\/2025\/07\/IMG-20250702-WA0024-600x900.jpg"},"post-featured-image":{"file":"IMG-20250702-WA0024-1240x720.jpg","width":1240,"height":720,"mime-type":"image\/jpeg","filesize":224958,"url":"https:\/\/360mallorcaproperty.com\/wp-content\/uploads\/2025\/07\/IMG-20250702-WA0024-1240x720.jpg"}},"image_meta":{"aperture":"0","credit":"","camera":"","caption":"","created_timestamp":"0","copyright":"","focal_length":"0","iso":"0","shutter_speed":"0","title":"","orientation":"0","keywords":[]},"ID":"30482","name":"IMG-20250702-WA0024.jpg","path":"\/home\/mallorcaproperty\/public_html\/wp-content\/uploads\/2025\/07\/IMG-20250702-WA0024.jpg","url":"https:\/\/360mallorcaproperty.com\/wp-content\/uploads\/2025\/07\/IMG-20250702-WA0024-150x150.jpg","full_url":"https:\/\/360mallorcaproperty.com\/wp-content\/uploads\/2025\/07\/IMG-20250702-WA0024.jpg","title":"IMG-20250702-WA0024","caption":"","description":"","alt":"","srcset":"https:\/\/360mallorcaproperty.com\/wp-content\/uploads\/2025\/07\/IMG-20250702-WA0024-150x150.jpg 150w, https:\/\/360mallorcaproperty.com\/wp-content\/uploads\/2025\/07\/IMG-20250702-WA0024-210x210.jpg 210w"},{"width":150,"height":150,"file":"2025\/07\/Imagen-de-WhatsApp-2025-07-02-a-las-14.32.49_716b6e25.jpg","filesize":225896,"sizes":{"medium":{"file":"Imagen-de-WhatsApp-2025-07-02-a-las-14.32.49_716b6e25-208x300.jpg","width":208,"height":300,"mime-type":"image\/jpeg","filesize":17193,"url":"https:\/\/360mallorcaproperty.com\/wp-content\/uploads\/2025\/07\/Imagen-de-WhatsApp-2025-07-02-a-las-14.32.49_716b6e25-208x300.jpg"},"large":{"file":"Imagen-de-WhatsApp-2025-07-02-a-las-14.32.49_716b6e25-708x1024.jpg","width":708,"height":1024,"mime-type":"image\/jpeg","filesize":140170,"url":"https:\/\/360mallorcaproperty.com\/wp-content\/uploads\/2025\/07\/Imagen-de-WhatsApp-2025-07-02-a-las-14.32.49_716b6e25-708x1024.jpg"},"thumbnail":{"file":"Imagen-de-WhatsApp-2025-07-02-a-las-14.32.49_716b6e25-150x150.jpg","width":150,"height":150,"mime-type":"image\/jpeg","filesize":7048,"url":"https:\/\/360mallorcaproperty.com\/wp-content\/uploads\/2025\/07\/Imagen-de-WhatsApp-2025-07-02-a-las-14.32.49_716b6e25-150x150.jpg"},"medium_large":{"file":"Imagen-de-WhatsApp-2025-07-02-a-las-14.32.49_716b6e25-768x1110.jpg","width":768,"height":1110,"mime-type":"image\/jpeg","filesize":158236,"url":"https:\/\/360mallorcaproperty.com\/wp-content\/uploads\/2025\/07\/Imagen-de-WhatsApp-2025-07-02-a-las-14.32.49_716b6e25-768x1110.jpg"},"1536x1536":{"file":"Imagen-de-WhatsApp-2025-07-02-a-las-14.32.49_716b6e25-1063x1536.jpg","width":1063,"height":1536,"mime-type":"image\/jpeg","filesize":252361,"url":"https:\/\/360mallorcaproperty.com\/wp-content\/uploads\/2025\/07\/Imagen-de-WhatsApp-2025-07-02-a-las-14.32.49_716b6e25-1063x1536.jpg"},"post-thumbnail":{"file":"Imagen-de-WhatsApp-2025-07-02-a-las-14.32.49_716b6e25-104x150.jpg","width":104,"height":150,"mime-type":"image\/jpeg","filesize":5035,"url":"https:\/\/360mallorcaproperty.com\/wp-content\/uploads\/2025\/07\/Imagen-de-WhatsApp-2025-07-02-a-las-14.32.49_716b6e25-104x150.jpg"},"modern-property-child-slider":{"file":"Imagen-de-WhatsApp-2025-07-02-a-las-14.32.49_716b6e25-680x510.jpg","width":680,"height":510,"mime-type":"image\/jpeg","filesize":69178,"url":"https:\/\/360mallorcaproperty.com\/wp-content\/uploads\/2025\/07\/Imagen-de-WhatsApp-2025-07-02-a-las-14.32.49_716b6e25-680x510.jpg"},"property-thumb-image":{"file":"Imagen-de-WhatsApp-2025-07-02-a-las-14.32.49_716b6e25-488x326.jpg","width":488,"height":326,"mime-type":"image\/jpeg","filesize":36674,"url":"https:\/\/360mallorcaproperty.com\/wp-content\/uploads\/2025\/07\/Imagen-de-WhatsApp-2025-07-02-a-las-14.32.49_716b6e25-488x326.jpg"},"property-detail-video-image":{"file":"Imagen-de-WhatsApp-2025-07-02-a-las-14.32.49_716b6e25-818x417.jpg","width":818,"height":417,"mime-type":"image\/jpeg","filesize":62059,"url":"https:\/\/360mallorcaproperty.com\/wp-content\/uploads\/2025\/07\/Imagen-de-WhatsApp-2025-07-02-a-las-14.32.49_716b6e25-818x417.jpg"},"agent-image":{"file":"Imagen-de-WhatsApp-2025-07-02-a-las-14.32.49_716b6e25-210x210.jpg","width":210,"height":210,"mime-type":"image\/jpeg","filesize":12863,"url":"https:\/\/360mallorcaproperty.com\/wp-content\/uploads\/2025\/07\/Imagen-de-WhatsApp-2025-07-02-a-las-14.32.49_716b6e25-210x210.jpg"},"partners-logo":{"file":"Imagen-de-WhatsApp-2025-07-02-a-las-14.32.49_716b6e25-600x1600.jpg","width":600,"height":1600,"mime-type":"image\/jpeg","filesize":161138,"url":"https:\/\/360mallorcaproperty.com\/wp-content\/uploads\/2025\/07\/Imagen-de-WhatsApp-2025-07-02-a-las-14.32.49_716b6e25-600x1600.jpg"},"post-featured-image":{"file":"Imagen-de-WhatsApp-2025-07-02-a-las-14.32.49_716b6e25-1107x720.jpg","width":1107,"height":720,"mime-type":"image\/jpeg","filesize":117097,"url":"https:\/\/360mallorcaproperty.com\/wp-content\/uploads\/2025\/07\/Imagen-de-WhatsApp-2025-07-02-a-las-14.32.49_716b6e25-1107x720.jpg"}},"image_meta":{"aperture":"0","credit":"","camera":"","caption":"","created_timestamp":"0","copyright":"","focal_length":"0","iso":"0","shutter_speed":"0","title":"","orientation":"0","keywords":[]},"ID":"30485","name":"Imagen-de-WhatsApp-2025-07-02-a-las-14.32.49_716b6e25.jpg","path":"\/home\/mallorcaproperty\/public_html\/wp-content\/uploads\/2025\/07\/Imagen-de-WhatsApp-2025-07-02-a-las-14.32.49_716b6e25.jpg","url":"https:\/\/360mallorcaproperty.com\/wp-content\/uploads\/2025\/07\/Imagen-de-WhatsApp-2025-07-02-a-las-14.32.49_716b6e25-150x150.jpg","full_url":"https:\/\/360mallorcaproperty.com\/wp-content\/uploads\/2025\/07\/Imagen-de-WhatsApp-2025-07-02-a-las-14.32.49_716b6e25.jpg","title":"Imagen de WhatsApp 2025-07-02 a las 14.32.49_716b6e25","caption":"","description":"","alt":"","srcset":"https:\/\/360mallorcaproperty.com\/wp-content\/uploads\/2025\/07\/Imagen-de-WhatsApp-2025-07-02-a-las-14.32.49_716b6e25-150x150.jpg 150w, https:\/\/360mallorcaproperty.com\/wp-content\/uploads\/2025\/07\/Imagen-de-WhatsApp-2025-07-02-a-las-14.32.49_716b6e25-210x210.jpg 210w"}],"REAL_HOMES_change_gallery_slider_type":"0","REAL_HOMES_gallery_slider_type":"thumb-on-right","inspiry_floor_plans":[],"inspiry_video_group":[],"REAL_HOMES_360_virtual_tour":"","REAL_HOMES_agent_display_option":"none","REAL_HOMES_agents":[],"REAL_HOMES_energy_class":"none","REAL_HOMES_energy_performance":"","REAL_HOMES_epc_current_rating":"","REAL_HOMES_epc_potential_rating":"","ere_property_schedule_tour":"global","ere_property_schedule_time_slots":"","ere_property_schedule_description":"","REAL_HOMES_sticky":"0","inspiry_property_label":"","inspiry_property_label_color":"","inspiry_property_tax":"0","inspiry_additional_fee":"0","REAL_HOMES_attachments":[],"inspiry_property_owner_name":"","inspiry_property_owner_contact":"","inspiry_property_owner_address":"","REAL_HOMES_property_private_note":"","inspiry_message_to_reviewer":"","REAL_HOMES_add_in_slider":"no","REAL_HOMES_slider_image":[],"REAL_HOMES_page_banner_image":[],"REAL_HOMES_hide_property_advance_search":"0","inspiry_offmarket":[],"REAL_HOMES_custom_header_display":"default","REAL_HOMES_custom_header_position":"relative","REAL_HOMES_custom_footer_display":"default","REAL_HOMES_hide_advance_search":"0","REAL_HOMES_custom_search_form":"default","REAL_HOMES_search_form_margin_top":"","REAL_HOMES_search_form_margin_bottom":""},"_links":{"self":[{"href":"https:\/\/360mallorcaproperty.com\/de\/wp-json\/wp\/v2\/property\/30491","targetHints":{"allow":["GET"]}}],"collection":[{"href":"https:\/\/360mallorcaproperty.com\/de\/wp-json\/wp\/v2\/property"}],"about":[{"href":"https:\/\/360mallorcaproperty.com\/de\/wp-json\/wp\/v2\/types\/property"}],"author":[{"embeddable":true,"href":"https:\/\/360mallorcaproperty.com\/de\/wp-json\/wp\/v2\/users\/1"}],"replies":[{"embeddable":true,"href":"https:\/\/360mallorcaproperty.com\/de\/wp-json\/wp\/v2\/comments?post=30491"}],"version-history":[{"count":1,"href":"https:\/\/360mallorcaproperty.com\/de\/wp-json\/wp\/v2\/property\/30491\/revisions"}],"predecessor-version":[{"id":30492,"href":"https:\/\/360mallorcaproperty.com\/de\/wp-json\/wp\/v2\/property\/30491\/revisions\/30492"}],"wp:featuredmedia":[{"embeddable":true,"href":"https:\/\/360mallorcaproperty.com\/de\/wp-json\/wp\/v2\/media\/30486"}],"wp:attachment":[{"href":"https:\/\/360mallorcaproperty.com\/de\/wp-json\/wp\/v2\/media?parent=30491"}],"wp:term":[{"taxonomy":"property-feature","embeddable":true,"href":"https:\/\/360mallorcaproperty.com\/de\/wp-json\/wp\/v2\/property-feature?post=30491"},{"taxonomy":"property-type","embeddable":true,"href":"https:\/\/360mallorcaproperty.com\/de\/wp-json\/wp\/v2\/property-type?post=30491"},{"taxonomy":"property-city","embeddable":true,"href":"https:\/\/360mallorcaproperty.com\/de\/wp-json\/wp\/v2\/property-location?post=30491"},{"taxonomy":"property-status","embeddable":true,"href":"https:\/\/360mallorcaproperty.com\/de\/wp-json\/wp\/v2\/property-status?post=30491"}],"curies":[{"name":"wp","href":"https:\/\/api.w.org\/{rel}","templated":true}]}}