{"id":31353,"date":"2025-11-14T11:12:34","date_gmt":"2025-11-14T11:12:34","guid":{"rendered":"https:\/\/360mallorcaproperty.com\/?post_type=property&#038;p=31353"},"modified":"2026-02-12T11:47:56","modified_gmt":"2026-02-12T11:47:56","slug":"grundstueck-zu-verkaufen-in-ma-4015","status":"publish","type":"property","link":"https:\/\/360mallorcaproperty.com\/de\/property\/grundstueck-zu-verkaufen-in-ma-4015\/","title":{"rendered":"L\u00e4ndliches Projekt mit herrlichem Meerblick"},"content":{"rendered":"<p>In der ruhigen Landschaft im S\u00fcdosten Mallorcas gelegen, pr\u00e4sentiert dieses exklusive l\u00e4ndliche Grundst\u00fcck ein interessantes Entwicklungsprojekt an einem der begehrtesten Orte der Insel. Mit einer idealen Lage nur 5 Minuten von der ber\u00fchmten Akademie Rafa Nadal, den unber\u00fchrten Str\u00e4nden von Cala Varques und Cala Rom\u00e0ntica und dem malerischen K\u00fcstendorf Porto Cristo entfernt, verbindet dieses Haus perfekt Ruhe und Abgeschiedenheit mit bequemem Zugang zu allen Annehmlichkeiten.<\/p>\n<p>Das Projekt hat eine Gesamtbaufl\u00e4che von 552 m\u00b2, einschlie\u00dflich 342 m\u00b2 Wohnfl\u00e4che, die f\u00fcr modernen Komfort und mediterranes Leben konzipiert ist. Von seiner erh\u00f6hten Lage aus genie\u00dft das Anwesen einen atemberaubenden 180\u00ba-Blick auf das Meer sowie die nat\u00fcrliche Sch\u00f6nheit der mallorquinischen Landschaft.<\/p>\n<p>Dies ist eine einzigartige Gelegenheit, das Haus Ihrer Tr\u00e4ume in einer exklusiven und ruhigen Umgebung nur wenige Minuten von den besten Str\u00e4nden, Schulen und Sehensw\u00fcrdigkeiten der Insel zu schaffen. Z\u00f6gern Sie nicht, uns bei 360 Mallorca Property zu kontaktieren, um weitere Informationen zu erhalten.<\/p>\n","protected":false},"excerpt":{"rendered":"<p>In der ruhigen Landschaft im S\u00fcdosten Mallorcas gelegen, pr\u00e4sentiert dieses exklusive l\u00e4ndliche Grundst\u00fcck ein interessantes Entwicklungsprojekt an einem der begehrtesten Orte der Insel. Mit einer idealen Lage nur 5 Minuten von der ber\u00fchmten Akademie Rafa Nadal, den unber\u00fchrten Str\u00e4nden von Cala Varques und Cala Rom\u00e0ntica und dem malerischen K\u00fcstendorf Porto Cristo entfernt, verbindet dieses Haus&#8230;<\/p>\n","protected":false},"author":1,"featured_media":31349,"parent":0,"menu_order":0,"comment_status":"closed","ping_status":"closed","template":"","property-feature":[],"property-type":[239],"property-location":[315],"property-status":[241],"class_list":["post-31353","property","type-property","status-publish","has-post-thumbnail","hentry","property-type-landliches-grundstuck","property-city-manacor-de","property-status-zum-verkauf"],"property_meta":{"REAL_HOMES_property_price":"650000","REAL_HOMES_property_old_price":"","REAL_HOMES_property_price_prefix":"","REAL_HOMES_property_price_postfix":"","REAL_HOMES_property_size":"","REAL_HOMES_property_size_postfix":"","REAL_HOMES_property_lot_size":"60226","REAL_HOMES_property_lot_size_postfix":"m2","REAL_HOMES_property_bedrooms":"","REAL_HOMES_property_bathrooms":"","REAL_HOMES_property_garage":"","REAL_HOMES_property_id":"V4098","REAL_HOMES_property_year_built":"","REAL_HOMES_featured":"0","REAL_HOMES_additional_details_list":[],"rvr_booking_widget_display":"show","rvr_booking_mode":"deferred","rvr_govt_tax":"","rvr_govt_tax_type":"percentage","rvr_govt_tax_calculation":"per_stay","rvr_service_charges":"","rvr_service_charges_type":"percentage","rvr_service_charges_calculation":"per_stay","rvr_guests_capacity":"","rvr_book_child_as":"child","rvr_min_stay":"","rvr_guests_capacity_extend":"not_allowed","rvr_extra_guest_price":"","rvr_property_owner":"0","rvr_bulk_pricing":[],"rvr_seasonal_pricing":[],"rvr_custom_reserved_dates":[],"rvr_additional_fees":[{"rvr_fee_type":"fixed","rvr_fee_calculation":"per_stay"}],"rvr_additional_amenities":[{"price_calculation":"per_stay"}],"rvr_accommodation":[],"rvr_outdoor_features":[],"rvr_surroundings":[],"rvr_included":[],"rvr_not_included":[],"rvr_policies":[],"REAL_HOMES_property_location":{"latitude":"39.526553632104","longitude":"3.2564031055793","zoom":"12"},"REAL_HOMES_property_address":"C\/ Varques Ruta de las Calas N\u00ba 1. Manacor 07500","REAL_HOMES_property_map":"0","REAL_HOMES_property_images":[{"width":150,"height":150,"file":"2025\/11\/IMG-20251104-WA0119.jpg","filesize":217549,"sizes":{"medium":{"file":"IMG-20251104-WA0119-300x225.jpg","width":300,"height":225,"mime-type":"image\/jpeg","filesize":14715,"url":"https:\/\/360mallorcaproperty.com\/wp-content\/uploads\/2025\/11\/IMG-20251104-WA0119-300x225.jpg"},"large":{"file":"IMG-20251104-WA0119-1024x768.jpg","width":1024,"height":768,"mime-type":"image\/jpeg","filesize":133052,"url":"https:\/\/360mallorcaproperty.com\/wp-content\/uploads\/2025\/11\/IMG-20251104-WA0119-1024x768.jpg"},"thumbnail":{"file":"IMG-20251104-WA0119-150x150.jpg","width":150,"height":150,"mime-type":"image\/jpeg","filesize":5006,"url":"https:\/\/360mallorcaproperty.com\/wp-content\/uploads\/2025\/11\/IMG-20251104-WA0119-150x150.jpg"},"medium_large":{"file":"IMG-20251104-WA0119-768x576.jpg","width":768,"height":576,"mime-type":"image\/jpeg","filesize":82131,"url":"https:\/\/360mallorcaproperty.com\/wp-content\/uploads\/2025\/11\/IMG-20251104-WA0119-768x576.jpg"},"1536x1536":{"file":"IMG-20251104-WA0119-1536x1152.jpg","width":1536,"height":1152,"mime-type":"image\/jpeg","filesize":250840,"url":"https:\/\/360mallorcaproperty.com\/wp-content\/uploads\/2025\/11\/IMG-20251104-WA0119-1536x1152.jpg"},"post-thumbnail":{"file":"IMG-20251104-WA0119-150x113.jpg","width":150,"height":113,"mime-type":"image\/jpeg","filesize":4240,"url":"https:\/\/360mallorcaproperty.com\/wp-content\/uploads\/2025\/11\/IMG-20251104-WA0119-150x113.jpg"},"modern-property-child-slider":{"file":"IMG-20251104-WA0119-680x510.jpg","width":680,"height":510,"mime-type":"image\/jpeg","filesize":66744,"url":"https:\/\/360mallorcaproperty.com\/wp-content\/uploads\/2025\/11\/IMG-20251104-WA0119-680x510.jpg"},"property-thumb-image":{"file":"IMG-20251104-WA0119-488x326.jpg","width":488,"height":326,"mime-type":"image\/jpeg","filesize":32088,"url":"https:\/\/360mallorcaproperty.com\/wp-content\/uploads\/2025\/11\/IMG-20251104-WA0119-488x326.jpg"},"property-detail-video-image":{"file":"IMG-20251104-WA0119-818x417.jpg","width":818,"height":417,"mime-type":"image\/jpeg","filesize":58339,"url":"https:\/\/360mallorcaproperty.com\/wp-content\/uploads\/2025\/11\/IMG-20251104-WA0119-818x417.jpg"},"agent-image":{"file":"IMG-20251104-WA0119-210x210.jpg","width":210,"height":210,"mime-type":"image\/jpeg","filesize":9360,"url":"https:\/\/360mallorcaproperty.com\/wp-content\/uploads\/2025\/11\/IMG-20251104-WA0119-210x210.jpg"},"partners-logo":{"file":"IMG-20251104-WA0119-600x1200.jpg","width":600,"height":1200,"mime-type":"image\/jpeg","filesize":95863,"url":"https:\/\/360mallorcaproperty.com\/wp-content\/uploads\/2025\/11\/IMG-20251104-WA0119-600x1200.jpg"},"post-featured-image":{"file":"IMG-20251104-WA0119-1240x720.jpg","width":1240,"height":720,"mime-type":"image\/jpeg","filesize":133842,"url":"https:\/\/360mallorcaproperty.com\/wp-content\/uploads\/2025\/11\/IMG-20251104-WA0119-1240x720.jpg"}},"image_meta":{"aperture":"0","credit":"","camera":"","caption":"","created_timestamp":"0","copyright":"","focal_length":"0","iso":"0","shutter_speed":"0","title":"","orientation":"0","keywords":[]},"ID":"31327","name":"IMG-20251104-WA0119.jpg","path":"\/home\/mallorcaproperty\/public_html\/wp-content\/uploads\/2025\/11\/IMG-20251104-WA0119.jpg","url":"https:\/\/360mallorcaproperty.com\/wp-content\/uploads\/2025\/11\/IMG-20251104-WA0119-150x150.jpg","full_url":"https:\/\/360mallorcaproperty.com\/wp-content\/uploads\/2025\/11\/IMG-20251104-WA0119.jpg","title":"IMG-20251104-WA0119","caption":"","description":"","alt":"","srcset":"https:\/\/360mallorcaproperty.com\/wp-content\/uploads\/2025\/11\/IMG-20251104-WA0119-150x150.jpg 150w, https:\/\/360mallorcaproperty.com\/wp-content\/uploads\/2025\/11\/IMG-20251104-WA0119-210x210.jpg 210w"},{"width":150,"height":150,"file":"2025\/11\/IMG-20251104-WA0107.jpg","filesize":301408,"sizes":{"medium":{"file":"IMG-20251104-WA0107-300x169.jpg","width":300,"height":169,"mime-type":"image\/jpeg","filesize":15150,"url":"https:\/\/360mallorcaproperty.com\/wp-content\/uploads\/2025\/11\/IMG-20251104-WA0107-300x169.jpg"},"large":{"file":"IMG-20251104-WA0107-1024x576.jpg","width":1024,"height":576,"mime-type":"image\/jpeg","filesize":147706,"url":"https:\/\/360mallorcaproperty.com\/wp-content\/uploads\/2025\/11\/IMG-20251104-WA0107-1024x576.jpg"},"thumbnail":{"file":"IMG-20251104-WA0107-150x150.jpg","width":150,"height":150,"mime-type":"image\/jpeg","filesize":7656,"url":"https:\/\/360mallorcaproperty.com\/wp-content\/uploads\/2025\/11\/IMG-20251104-WA0107-150x150.jpg"},"medium_large":{"file":"IMG-20251104-WA0107-768x432.jpg","width":768,"height":432,"mime-type":"image\/jpeg","filesize":85755,"url":"https:\/\/360mallorcaproperty.com\/wp-content\/uploads\/2025\/11\/IMG-20251104-WA0107-768x432.jpg"},"1536x1536":{"file":"IMG-20251104-WA0107-1536x864.jpg","width":1536,"height":864,"mime-type":"image\/jpeg","filesize":306417,"url":"https:\/\/360mallorcaproperty.com\/wp-content\/uploads\/2025\/11\/IMG-20251104-WA0107-1536x864.jpg"},"post-thumbnail":{"file":"IMG-20251104-WA0107-150x84.jpg","width":150,"height":84,"mime-type":"image\/jpeg","filesize":4823,"url":"https:\/\/360mallorcaproperty.com\/wp-content\/uploads\/2025\/11\/IMG-20251104-WA0107-150x84.jpg"},"modern-property-child-slider":{"file":"IMG-20251104-WA0107-680x510.jpg","width":680,"height":510,"mime-type":"image\/jpeg","filesize":91040,"url":"https:\/\/360mallorcaproperty.com\/wp-content\/uploads\/2025\/11\/IMG-20251104-WA0107-680x510.jpg"},"property-thumb-image":{"file":"IMG-20251104-WA0107-488x326.jpg","width":488,"height":326,"mime-type":"image\/jpeg","filesize":43190,"url":"https:\/\/360mallorcaproperty.com\/wp-content\/uploads\/2025\/11\/IMG-20251104-WA0107-488x326.jpg"},"property-detail-video-image":{"file":"IMG-20251104-WA0107-818x417.jpg","width":818,"height":417,"mime-type":"image\/jpeg","filesize":91188,"url":"https:\/\/360mallorcaproperty.com\/wp-content\/uploads\/2025\/11\/IMG-20251104-WA0107-818x417.jpg"},"agent-image":{"file":"IMG-20251104-WA0107-210x210.jpg","width":210,"height":210,"mime-type":"image\/jpeg","filesize":13625,"url":"https:\/\/360mallorcaproperty.com\/wp-content\/uploads\/2025\/11\/IMG-20251104-WA0107-210x210.jpg"},"partners-logo":{"file":"IMG-20251104-WA0107-600x900.jpg","width":600,"height":900,"mime-type":"image\/jpeg","filesize":152781,"url":"https:\/\/360mallorcaproperty.com\/wp-content\/uploads\/2025\/11\/IMG-20251104-WA0107-600x900.jpg"},"post-featured-image":{"file":"IMG-20251104-WA0107-1240x720.jpg","width":1240,"height":720,"mime-type":"image\/jpeg","filesize":217481,"url":"https:\/\/360mallorcaproperty.com\/wp-content\/uploads\/2025\/11\/IMG-20251104-WA0107-1240x720.jpg"}},"image_meta":{"aperture":"0","credit":"","camera":"","caption":"","created_timestamp":"0","copyright":"","focal_length":"0","iso":"0","shutter_speed":"0","title":"","orientation":"0","keywords":[]},"ID":"31330","name":"IMG-20251104-WA0107.jpg","path":"\/home\/mallorcaproperty\/public_html\/wp-content\/uploads\/2025\/11\/IMG-20251104-WA0107.jpg","url":"https:\/\/360mallorcaproperty.com\/wp-content\/uploads\/2025\/11\/IMG-20251104-WA0107-150x150.jpg","full_url":"https:\/\/360mallorcaproperty.com\/wp-content\/uploads\/2025\/11\/IMG-20251104-WA0107.jpg","title":"IMG-20251104-WA0107","caption":"","description":"","alt":"","srcset":"https:\/\/360mallorcaproperty.com\/wp-content\/uploads\/2025\/11\/IMG-20251104-WA0107-150x150.jpg 150w, https:\/\/360mallorcaproperty.com\/wp-content\/uploads\/2025\/11\/IMG-20251104-WA0107-210x210.jpg 210w"},{"width":150,"height":150,"file":"2025\/11\/IMG-20251104-WA0106.jpg","filesize":315691,"sizes":{"medium":{"file":"IMG-20251104-WA0106-300x169.jpg","width":300,"height":169,"mime-type":"image\/jpeg","filesize":16640,"url":"https:\/\/360mallorcaproperty.com\/wp-content\/uploads\/2025\/11\/IMG-20251104-WA0106-300x169.jpg"},"large":{"file":"IMG-20251104-WA0106-1024x576.jpg","width":1024,"height":576,"mime-type":"image\/jpeg","filesize":158407,"url":"https:\/\/360mallorcaproperty.com\/wp-content\/uploads\/2025\/11\/IMG-20251104-WA0106-1024x576.jpg"},"thumbnail":{"file":"IMG-20251104-WA0106-150x150.jpg","width":150,"height":150,"mime-type":"image\/jpeg","filesize":7709,"url":"https:\/\/360mallorcaproperty.com\/wp-content\/uploads\/2025\/11\/IMG-20251104-WA0106-150x150.jpg"},"medium_large":{"file":"IMG-20251104-WA0106-768x432.jpg","width":768,"height":432,"mime-type":"image\/jpeg","filesize":93128,"url":"https:\/\/360mallorcaproperty.com\/wp-content\/uploads\/2025\/11\/IMG-20251104-WA0106-768x432.jpg"},"1536x1536":{"file":"IMG-20251104-WA0106-1536x864.jpg","width":1536,"height":864,"mime-type":"image\/jpeg","filesize":323550,"url":"https:\/\/360mallorcaproperty.com\/wp-content\/uploads\/2025\/11\/IMG-20251104-WA0106-1536x864.jpg"},"post-thumbnail":{"file":"IMG-20251104-WA0106-150x84.jpg","width":150,"height":84,"mime-type":"image\/jpeg","filesize":5103,"url":"https:\/\/360mallorcaproperty.com\/wp-content\/uploads\/2025\/11\/IMG-20251104-WA0106-150x84.jpg"},"modern-property-child-slider":{"file":"IMG-20251104-WA0106-680x510.jpg","width":680,"height":510,"mime-type":"image\/jpeg","filesize":92860,"url":"https:\/\/360mallorcaproperty.com\/wp-content\/uploads\/2025\/11\/IMG-20251104-WA0106-680x510.jpg"},"property-thumb-image":{"file":"IMG-20251104-WA0106-488x326.jpg","width":488,"height":326,"mime-type":"image\/jpeg","filesize":45704,"url":"https:\/\/360mallorcaproperty.com\/wp-content\/uploads\/2025\/11\/IMG-20251104-WA0106-488x326.jpg"},"property-detail-video-image":{"file":"IMG-20251104-WA0106-818x417.jpg","width":818,"height":417,"mime-type":"image\/jpeg","filesize":97982,"url":"https:\/\/360mallorcaproperty.com\/wp-content\/uploads\/2025\/11\/IMG-20251104-WA0106-818x417.jpg"},"agent-image":{"file":"IMG-20251104-WA0106-210x210.jpg","width":210,"height":210,"mime-type":"image\/jpeg","filesize":13972,"url":"https:\/\/360mallorcaproperty.com\/wp-content\/uploads\/2025\/11\/IMG-20251104-WA0106-210x210.jpg"},"partners-logo":{"file":"IMG-20251104-WA0106-600x900.jpg","width":600,"height":900,"mime-type":"image\/jpeg","filesize":149688,"url":"https:\/\/360mallorcaproperty.com\/wp-content\/uploads\/2025\/11\/IMG-20251104-WA0106-600x900.jpg"},"post-featured-image":{"file":"IMG-20251104-WA0106-1240x720.jpg","width":1240,"height":720,"mime-type":"image\/jpeg","filesize":229234,"url":"https:\/\/360mallorcaproperty.com\/wp-content\/uploads\/2025\/11\/IMG-20251104-WA0106-1240x720.jpg"}},"image_meta":{"aperture":"0","credit":"","camera":"","caption":"","created_timestamp":"0","copyright":"","focal_length":"0","iso":"0","shutter_speed":"0","title":"","orientation":"0","keywords":[]},"ID":"31348","name":"IMG-20251104-WA0106.jpg","path":"\/home\/mallorcaproperty\/public_html\/wp-content\/uploads\/2025\/11\/IMG-20251104-WA0106.jpg","url":"https:\/\/360mallorcaproperty.com\/wp-content\/uploads\/2025\/11\/IMG-20251104-WA0106-150x150.jpg","full_url":"https:\/\/360mallorcaproperty.com\/wp-content\/uploads\/2025\/11\/IMG-20251104-WA0106.jpg","title":"IMG-20251104-WA0106","caption":"","description":"","alt":"","srcset":"https:\/\/360mallorcaproperty.com\/wp-content\/uploads\/2025\/11\/IMG-20251104-WA0106-150x150.jpg 150w, https:\/\/360mallorcaproperty.com\/wp-content\/uploads\/2025\/11\/IMG-20251104-WA0106-210x210.jpg 210w"},{"width":150,"height":150,"file":"2025\/11\/IMG-20251104-WA0105.jpg","filesize":311303,"sizes":{"medium":{"file":"IMG-20251104-WA0105-300x169.jpg","width":300,"height":169,"mime-type":"image\/jpeg","filesize":17218,"url":"https:\/\/360mallorcaproperty.com\/wp-content\/uploads\/2025\/11\/IMG-20251104-WA0105-300x169.jpg"},"large":{"file":"IMG-20251104-WA0105-1024x576.jpg","width":1024,"height":576,"mime-type":"image\/jpeg","filesize":158277,"url":"https:\/\/360mallorcaproperty.com\/wp-content\/uploads\/2025\/11\/IMG-20251104-WA0105-1024x576.jpg"},"thumbnail":{"file":"IMG-20251104-WA0105-150x150.jpg","width":150,"height":150,"mime-type":"image\/jpeg","filesize":7567,"url":"https:\/\/360mallorcaproperty.com\/wp-content\/uploads\/2025\/11\/IMG-20251104-WA0105-150x150.jpg"},"medium_large":{"file":"IMG-20251104-WA0105-768x432.jpg","width":768,"height":432,"mime-type":"image\/jpeg","filesize":94215,"url":"https:\/\/360mallorcaproperty.com\/wp-content\/uploads\/2025\/11\/IMG-20251104-WA0105-768x432.jpg"},"1536x1536":{"file":"IMG-20251104-WA0105-1536x864.jpg","width":1536,"height":864,"mime-type":"image\/jpeg","filesize":319892,"url":"https:\/\/360mallorcaproperty.com\/wp-content\/uploads\/2025\/11\/IMG-20251104-WA0105-1536x864.jpg"},"post-thumbnail":{"file":"IMG-20251104-WA0105-150x84.jpg","width":150,"height":84,"mime-type":"image\/jpeg","filesize":5287,"url":"https:\/\/360mallorcaproperty.com\/wp-content\/uploads\/2025\/11\/IMG-20251104-WA0105-150x84.jpg"},"modern-property-child-slider":{"file":"IMG-20251104-WA0105-680x510.jpg","width":680,"height":510,"mime-type":"image\/jpeg","filesize":88119,"url":"https:\/\/360mallorcaproperty.com\/wp-content\/uploads\/2025\/11\/IMG-20251104-WA0105-680x510.jpg"},"property-thumb-image":{"file":"IMG-20251104-WA0105-488x326.jpg","width":488,"height":326,"mime-type":"image\/jpeg","filesize":45025,"url":"https:\/\/360mallorcaproperty.com\/wp-content\/uploads\/2025\/11\/IMG-20251104-WA0105-488x326.jpg"},"property-detail-video-image":{"file":"IMG-20251104-WA0105-818x417.jpg","width":818,"height":417,"mime-type":"image\/jpeg","filesize":98616,"url":"https:\/\/360mallorcaproperty.com\/wp-content\/uploads\/2025\/11\/IMG-20251104-WA0105-818x417.jpg"},"agent-image":{"file":"IMG-20251104-WA0105-210x210.jpg","width":210,"height":210,"mime-type":"image\/jpeg","filesize":13667,"url":"https:\/\/360mallorcaproperty.com\/wp-content\/uploads\/2025\/11\/IMG-20251104-WA0105-210x210.jpg"},"partners-logo":{"file":"IMG-20251104-WA0105-600x900.jpg","width":600,"height":900,"mime-type":"image\/jpeg","filesize":141140,"url":"https:\/\/360mallorcaproperty.com\/wp-content\/uploads\/2025\/11\/IMG-20251104-WA0105-600x900.jpg"},"post-featured-image":{"file":"IMG-20251104-WA0105-1240x720.jpg","width":1240,"height":720,"mime-type":"image\/jpeg","filesize":225707,"url":"https:\/\/360mallorcaproperty.com\/wp-content\/uploads\/2025\/11\/IMG-20251104-WA0105-1240x720.jpg"}},"image_meta":{"aperture":"0","credit":"","camera":"","caption":"","created_timestamp":"0","copyright":"","focal_length":"0","iso":"0","shutter_speed":"0","title":"","orientation":"0","keywords":[]},"ID":"31345","name":"IMG-20251104-WA0105.jpg","path":"\/home\/mallorcaproperty\/public_html\/wp-content\/uploads\/2025\/11\/IMG-20251104-WA0105.jpg","url":"https:\/\/360mallorcaproperty.com\/wp-content\/uploads\/2025\/11\/IMG-20251104-WA0105-150x150.jpg","full_url":"https:\/\/360mallorcaproperty.com\/wp-content\/uploads\/2025\/11\/IMG-20251104-WA0105.jpg","title":"IMG-20251104-WA0105","caption":"","description":"","alt":"","srcset":"https:\/\/360mallorcaproperty.com\/wp-content\/uploads\/2025\/11\/IMG-20251104-WA0105-150x150.jpg 150w, https:\/\/360mallorcaproperty.com\/wp-content\/uploads\/2025\/11\/IMG-20251104-WA0105-210x210.jpg 210w"},{"width":150,"height":150,"file":"2025\/11\/IMG-20251104-WA0108.jpg","filesize":143193,"sizes":{"medium":{"file":"IMG-20251104-WA0108-300x169.jpg","width":300,"height":169,"mime-type":"image\/jpeg","filesize":10051,"url":"https:\/\/360mallorcaproperty.com\/wp-content\/uploads\/2025\/11\/IMG-20251104-WA0108-300x169.jpg"},"large":{"file":"IMG-20251104-WA0108-1024x576.jpg","width":1024,"height":576,"mime-type":"image\/jpeg","filesize":76323,"url":"https:\/\/360mallorcaproperty.com\/wp-content\/uploads\/2025\/11\/IMG-20251104-WA0108-1024x576.jpg"},"thumbnail":{"file":"IMG-20251104-WA0108-150x150.jpg","width":150,"height":150,"mime-type":"image\/jpeg","filesize":4830,"url":"https:\/\/360mallorcaproperty.com\/wp-content\/uploads\/2025\/11\/IMG-20251104-WA0108-150x150.jpg"},"medium_large":{"file":"IMG-20251104-WA0108-768x432.jpg","width":768,"height":432,"mime-type":"image\/jpeg","filesize":46595,"url":"https:\/\/360mallorcaproperty.com\/wp-content\/uploads\/2025\/11\/IMG-20251104-WA0108-768x432.jpg"},"1536x1536":{"file":"IMG-20251104-WA0108-1536x864.jpg","width":1536,"height":864,"mime-type":"image\/jpeg","filesize":154899,"url":"https:\/\/360mallorcaproperty.com\/wp-content\/uploads\/2025\/11\/IMG-20251104-WA0108-1536x864.jpg"},"post-thumbnail":{"file":"IMG-20251104-WA0108-150x84.jpg","width":150,"height":84,"mime-type":"image\/jpeg","filesize":3671,"url":"https:\/\/360mallorcaproperty.com\/wp-content\/uploads\/2025\/11\/IMG-20251104-WA0108-150x84.jpg"},"modern-property-child-slider":{"file":"IMG-20251104-WA0108-680x510.jpg","width":680,"height":510,"mime-type":"image\/jpeg","filesize":43214,"url":"https:\/\/360mallorcaproperty.com\/wp-content\/uploads\/2025\/11\/IMG-20251104-WA0108-680x510.jpg"},"property-thumb-image":{"file":"IMG-20251104-WA0108-488x326.jpg","width":488,"height":326,"mime-type":"image\/jpeg","filesize":23508,"url":"https:\/\/360mallorcaproperty.com\/wp-content\/uploads\/2025\/11\/IMG-20251104-WA0108-488x326.jpg"},"property-detail-video-image":{"file":"IMG-20251104-WA0108-818x417.jpg","width":818,"height":417,"mime-type":"image\/jpeg","filesize":48143,"url":"https:\/\/360mallorcaproperty.com\/wp-content\/uploads\/2025\/11\/IMG-20251104-WA0108-818x417.jpg"},"agent-image":{"file":"IMG-20251104-WA0108-210x210.jpg","width":210,"height":210,"mime-type":"image\/jpeg","filesize":8044,"url":"https:\/\/360mallorcaproperty.com\/wp-content\/uploads\/2025\/11\/IMG-20251104-WA0108-210x210.jpg"},"partners-logo":{"file":"IMG-20251104-WA0108-600x900.jpg","width":600,"height":900,"mime-type":"image\/jpeg","filesize":72855,"url":"https:\/\/360mallorcaproperty.com\/wp-content\/uploads\/2025\/11\/IMG-20251104-WA0108-600x900.jpg"},"post-featured-image":{"file":"IMG-20251104-WA0108-1240x720.jpg","width":1240,"height":720,"mime-type":"image\/jpeg","filesize":109443,"url":"https:\/\/360mallorcaproperty.com\/wp-content\/uploads\/2025\/11\/IMG-20251104-WA0108-1240x720.jpg"}},"image_meta":{"aperture":"0","credit":"","camera":"","caption":"","created_timestamp":"0","copyright":"","focal_length":"0","iso":"0","shutter_speed":"0","title":"","orientation":"0","keywords":[]},"ID":"31333","name":"IMG-20251104-WA0108.jpg","path":"\/home\/mallorcaproperty\/public_html\/wp-content\/uploads\/2025\/11\/IMG-20251104-WA0108.jpg","url":"https:\/\/360mallorcaproperty.com\/wp-content\/uploads\/2025\/11\/IMG-20251104-WA0108-150x150.jpg","full_url":"https:\/\/360mallorcaproperty.com\/wp-content\/uploads\/2025\/11\/IMG-20251104-WA0108.jpg","title":"IMG-20251104-WA0108","caption":"","description":"","alt":"","srcset":"https:\/\/360mallorcaproperty.com\/wp-content\/uploads\/2025\/11\/IMG-20251104-WA0108-150x150.jpg 150w, https:\/\/360mallorcaproperty.com\/wp-content\/uploads\/2025\/11\/IMG-20251104-WA0108-210x210.jpg 210w"},{"width":150,"height":150,"file":"2025\/11\/IMG-20251104-WA0109.jpg","filesize":146313,"sizes":{"medium":{"file":"IMG-20251104-WA0109-300x169.jpg","width":300,"height":169,"mime-type":"image\/jpeg","filesize":10253,"url":"https:\/\/360mallorcaproperty.com\/wp-content\/uploads\/2025\/11\/IMG-20251104-WA0109-300x169.jpg"},"large":{"file":"IMG-20251104-WA0109-1024x576.jpg","width":1024,"height":576,"mime-type":"image\/jpeg","filesize":77885,"url":"https:\/\/360mallorcaproperty.com\/wp-content\/uploads\/2025\/11\/IMG-20251104-WA0109-1024x576.jpg"},"thumbnail":{"file":"IMG-20251104-WA0109-150x150.jpg","width":150,"height":150,"mime-type":"image\/jpeg","filesize":5245,"url":"https:\/\/360mallorcaproperty.com\/wp-content\/uploads\/2025\/11\/IMG-20251104-WA0109-150x150.jpg"},"medium_large":{"file":"IMG-20251104-WA0109-768x432.jpg","width":768,"height":432,"mime-type":"image\/jpeg","filesize":47132,"url":"https:\/\/360mallorcaproperty.com\/wp-content\/uploads\/2025\/11\/IMG-20251104-WA0109-768x432.jpg"},"1536x1536":{"file":"IMG-20251104-WA0109-1536x864.jpg","width":1536,"height":864,"mime-type":"image\/jpeg","filesize":156826,"url":"https:\/\/360mallorcaproperty.com\/wp-content\/uploads\/2025\/11\/IMG-20251104-WA0109-1536x864.jpg"},"post-thumbnail":{"file":"IMG-20251104-WA0109-150x84.jpg","width":150,"height":84,"mime-type":"image\/jpeg","filesize":3734,"url":"https:\/\/360mallorcaproperty.com\/wp-content\/uploads\/2025\/11\/IMG-20251104-WA0109-150x84.jpg"},"modern-property-child-slider":{"file":"IMG-20251104-WA0109-680x510.jpg","width":680,"height":510,"mime-type":"image\/jpeg","filesize":48912,"url":"https:\/\/360mallorcaproperty.com\/wp-content\/uploads\/2025\/11\/IMG-20251104-WA0109-680x510.jpg"},"property-thumb-image":{"file":"IMG-20251104-WA0109-488x326.jpg","width":488,"height":326,"mime-type":"image\/jpeg","filesize":25395,"url":"https:\/\/360mallorcaproperty.com\/wp-content\/uploads\/2025\/11\/IMG-20251104-WA0109-488x326.jpg"},"property-detail-video-image":{"file":"IMG-20251104-WA0109-818x417.jpg","width":818,"height":417,"mime-type":"image\/jpeg","filesize":48989,"url":"https:\/\/360mallorcaproperty.com\/wp-content\/uploads\/2025\/11\/IMG-20251104-WA0109-818x417.jpg"},"agent-image":{"file":"IMG-20251104-WA0109-210x210.jpg","width":210,"height":210,"mime-type":"image\/jpeg","filesize":8778,"url":"https:\/\/360mallorcaproperty.com\/wp-content\/uploads\/2025\/11\/IMG-20251104-WA0109-210x210.jpg"},"partners-logo":{"file":"IMG-20251104-WA0109-600x900.jpg","width":600,"height":900,"mime-type":"image\/jpeg","filesize":74514,"url":"https:\/\/360mallorcaproperty.com\/wp-content\/uploads\/2025\/11\/IMG-20251104-WA0109-600x900.jpg"},"post-featured-image":{"file":"IMG-20251104-WA0109-1240x720.jpg","width":1240,"height":720,"mime-type":"image\/jpeg","filesize":111826,"url":"https:\/\/360mallorcaproperty.com\/wp-content\/uploads\/2025\/11\/IMG-20251104-WA0109-1240x720.jpg"}},"image_meta":{"aperture":"0","credit":"","camera":"","caption":"","created_timestamp":"0","copyright":"","focal_length":"0","iso":"0","shutter_speed":"0","title":"","orientation":"0","keywords":[]},"ID":"31336","name":"IMG-20251104-WA0109.jpg","path":"\/home\/mallorcaproperty\/public_html\/wp-content\/uploads\/2025\/11\/IMG-20251104-WA0109.jpg","url":"https:\/\/360mallorcaproperty.com\/wp-content\/uploads\/2025\/11\/IMG-20251104-WA0109-150x150.jpg","full_url":"https:\/\/360mallorcaproperty.com\/wp-content\/uploads\/2025\/11\/IMG-20251104-WA0109.jpg","title":"IMG-20251104-WA0109","caption":"","description":"","alt":"","srcset":"https:\/\/360mallorcaproperty.com\/wp-content\/uploads\/2025\/11\/IMG-20251104-WA0109-150x150.jpg 150w, https:\/\/360mallorcaproperty.com\/wp-content\/uploads\/2025\/11\/IMG-20251104-WA0109-210x210.jpg 210w"},{"width":150,"height":150,"file":"2025\/11\/IMG-20251104-WA0110.jpg","filesize":159317,"sizes":{"medium":{"file":"IMG-20251104-WA0110-300x169.jpg","width":300,"height":169,"mime-type":"image\/jpeg","filesize":10855,"url":"https:\/\/360mallorcaproperty.com\/wp-content\/uploads\/2025\/11\/IMG-20251104-WA0110-300x169.jpg"},"large":{"file":"IMG-20251104-WA0110-1024x576.jpg","width":1024,"height":576,"mime-type":"image\/jpeg","filesize":85777,"url":"https:\/\/360mallorcaproperty.com\/wp-content\/uploads\/2025\/11\/IMG-20251104-WA0110-1024x576.jpg"},"thumbnail":{"file":"IMG-20251104-WA0110-150x150.jpg","width":150,"height":150,"mime-type":"image\/jpeg","filesize":5175,"url":"https:\/\/360mallorcaproperty.com\/wp-content\/uploads\/2025\/11\/IMG-20251104-WA0110-150x150.jpg"},"medium_large":{"file":"IMG-20251104-WA0110-768x432.jpg","width":768,"height":432,"mime-type":"image\/jpeg","filesize":52401,"url":"https:\/\/360mallorcaproperty.com\/wp-content\/uploads\/2025\/11\/IMG-20251104-WA0110-768x432.jpg"},"1536x1536":{"file":"IMG-20251104-WA0110-1536x864.jpg","width":1536,"height":864,"mime-type":"image\/jpeg","filesize":171185,"url":"https:\/\/360mallorcaproperty.com\/wp-content\/uploads\/2025\/11\/IMG-20251104-WA0110-1536x864.jpg"},"post-thumbnail":{"file":"IMG-20251104-WA0110-150x84.jpg","width":150,"height":84,"mime-type":"image\/jpeg","filesize":3886,"url":"https:\/\/360mallorcaproperty.com\/wp-content\/uploads\/2025\/11\/IMG-20251104-WA0110-150x84.jpg"},"modern-property-child-slider":{"file":"IMG-20251104-WA0110-680x510.jpg","width":680,"height":510,"mime-type":"image\/jpeg","filesize":51666,"url":"https:\/\/360mallorcaproperty.com\/wp-content\/uploads\/2025\/11\/IMG-20251104-WA0110-680x510.jpg"},"property-thumb-image":{"file":"IMG-20251104-WA0110-488x326.jpg","width":488,"height":326,"mime-type":"image\/jpeg","filesize":27481,"url":"https:\/\/360mallorcaproperty.com\/wp-content\/uploads\/2025\/11\/IMG-20251104-WA0110-488x326.jpg"},"property-detail-video-image":{"file":"IMG-20251104-WA0110-818x417.jpg","width":818,"height":417,"mime-type":"image\/jpeg","filesize":55656,"url":"https:\/\/360mallorcaproperty.com\/wp-content\/uploads\/2025\/11\/IMG-20251104-WA0110-818x417.jpg"},"agent-image":{"file":"IMG-20251104-WA0110-210x210.jpg","width":210,"height":210,"mime-type":"image\/jpeg","filesize":8867,"url":"https:\/\/360mallorcaproperty.com\/wp-content\/uploads\/2025\/11\/IMG-20251104-WA0110-210x210.jpg"},"partners-logo":{"file":"IMG-20251104-WA0110-600x900.jpg","width":600,"height":900,"mime-type":"image\/jpeg","filesize":67697,"url":"https:\/\/360mallorcaproperty.com\/wp-content\/uploads\/2025\/11\/IMG-20251104-WA0110-600x900.jpg"},"post-featured-image":{"file":"IMG-20251104-WA0110-1240x720.jpg","width":1240,"height":720,"mime-type":"image\/jpeg","filesize":121663,"url":"https:\/\/360mallorcaproperty.com\/wp-content\/uploads\/2025\/11\/IMG-20251104-WA0110-1240x720.jpg"}},"image_meta":{"aperture":"0","credit":"","camera":"","caption":"","created_timestamp":"0","copyright":"","focal_length":"0","iso":"0","shutter_speed":"0","title":"","orientation":"0","keywords":[]},"ID":"31339","name":"IMG-20251104-WA0110.jpg","path":"\/home\/mallorcaproperty\/public_html\/wp-content\/uploads\/2025\/11\/IMG-20251104-WA0110.jpg","url":"https:\/\/360mallorcaproperty.com\/wp-content\/uploads\/2025\/11\/IMG-20251104-WA0110-150x150.jpg","full_url":"https:\/\/360mallorcaproperty.com\/wp-content\/uploads\/2025\/11\/IMG-20251104-WA0110.jpg","title":"IMG-20251104-WA0110","caption":"","description":"","alt":"","srcset":"https:\/\/360mallorcaproperty.com\/wp-content\/uploads\/2025\/11\/IMG-20251104-WA0110-150x150.jpg 150w, https:\/\/360mallorcaproperty.com\/wp-content\/uploads\/2025\/11\/IMG-20251104-WA0110-210x210.jpg 210w"},{"width":150,"height":150,"file":"2025\/11\/IMG-20251104-WA0111.jpg","filesize":142166,"sizes":{"medium":{"file":"IMG-20251104-WA0111-300x169.jpg","width":300,"height":169,"mime-type":"image\/jpeg","filesize":10147,"url":"https:\/\/360mallorcaproperty.com\/wp-content\/uploads\/2025\/11\/IMG-20251104-WA0111-300x169.jpg"},"large":{"file":"IMG-20251104-WA0111-1024x576.jpg","width":1024,"height":576,"mime-type":"image\/jpeg","filesize":75810,"url":"https:\/\/360mallorcaproperty.com\/wp-content\/uploads\/2025\/11\/IMG-20251104-WA0111-1024x576.jpg"},"thumbnail":{"file":"IMG-20251104-WA0111-150x150.jpg","width":150,"height":150,"mime-type":"image\/jpeg","filesize":4964,"url":"https:\/\/360mallorcaproperty.com\/wp-content\/uploads\/2025\/11\/IMG-20251104-WA0111-150x150.jpg"},"medium_large":{"file":"IMG-20251104-WA0111-768x432.jpg","width":768,"height":432,"mime-type":"image\/jpeg","filesize":45763,"url":"https:\/\/360mallorcaproperty.com\/wp-content\/uploads\/2025\/11\/IMG-20251104-WA0111-768x432.jpg"},"1536x1536":{"file":"IMG-20251104-WA0111-1536x864.jpg","width":1536,"height":864,"mime-type":"image\/jpeg","filesize":153780,"url":"https:\/\/360mallorcaproperty.com\/wp-content\/uploads\/2025\/11\/IMG-20251104-WA0111-1536x864.jpg"},"post-thumbnail":{"file":"IMG-20251104-WA0111-150x84.jpg","width":150,"height":84,"mime-type":"image\/jpeg","filesize":3724,"url":"https:\/\/360mallorcaproperty.com\/wp-content\/uploads\/2025\/11\/IMG-20251104-WA0111-150x84.jpg"},"modern-property-child-slider":{"file":"IMG-20251104-WA0111-680x510.jpg","width":680,"height":510,"mime-type":"image\/jpeg","filesize":46674,"url":"https:\/\/360mallorcaproperty.com\/wp-content\/uploads\/2025\/11\/IMG-20251104-WA0111-680x510.jpg"},"property-thumb-image":{"file":"IMG-20251104-WA0111-488x326.jpg","width":488,"height":326,"mime-type":"image\/jpeg","filesize":24807,"url":"https:\/\/360mallorcaproperty.com\/wp-content\/uploads\/2025\/11\/IMG-20251104-WA0111-488x326.jpg"},"property-detail-video-image":{"file":"IMG-20251104-WA0111-818x417.jpg","width":818,"height":417,"mime-type":"image\/jpeg","filesize":48400,"url":"https:\/\/360mallorcaproperty.com\/wp-content\/uploads\/2025\/11\/IMG-20251104-WA0111-818x417.jpg"},"agent-image":{"file":"IMG-20251104-WA0111-210x210.jpg","width":210,"height":210,"mime-type":"image\/jpeg","filesize":8191,"url":"https:\/\/360mallorcaproperty.com\/wp-content\/uploads\/2025\/11\/IMG-20251104-WA0111-210x210.jpg"},"partners-logo":{"file":"IMG-20251104-WA0111-600x900.jpg","width":600,"height":900,"mime-type":"image\/jpeg","filesize":62850,"url":"https:\/\/360mallorcaproperty.com\/wp-content\/uploads\/2025\/11\/IMG-20251104-WA0111-600x900.jpg"},"post-featured-image":{"file":"IMG-20251104-WA0111-1240x720.jpg","width":1240,"height":720,"mime-type":"image\/jpeg","filesize":109243,"url":"https:\/\/360mallorcaproperty.com\/wp-content\/uploads\/2025\/11\/IMG-20251104-WA0111-1240x720.jpg"}},"image_meta":{"aperture":"0","credit":"","camera":"","caption":"","created_timestamp":"0","copyright":"","focal_length":"0","iso":"0","shutter_speed":"0","title":"","orientation":"0","keywords":[]},"ID":"31342","name":"IMG-20251104-WA0111.jpg","path":"\/home\/mallorcaproperty\/public_html\/wp-content\/uploads\/2025\/11\/IMG-20251104-WA0111.jpg","url":"https:\/\/360mallorcaproperty.com\/wp-content\/uploads\/2025\/11\/IMG-20251104-WA0111-150x150.jpg","full_url":"https:\/\/360mallorcaproperty.com\/wp-content\/uploads\/2025\/11\/IMG-20251104-WA0111.jpg","title":"IMG-20251104-WA0111","caption":"","description":"","alt":"","srcset":"https:\/\/360mallorcaproperty.com\/wp-content\/uploads\/2025\/11\/IMG-20251104-WA0111-150x150.jpg 150w, https:\/\/360mallorcaproperty.com\/wp-content\/uploads\/2025\/11\/IMG-20251104-WA0111-210x210.jpg 210w"},{"width":150,"height":150,"file":"2025\/11\/plano-1-V4098.png","filesize":1344982,"sizes":{"medium":{"file":"plano-1-V4098-300x202.png","width":300,"height":202,"mime-type":"image\/png","filesize":90760,"url":"https:\/\/360mallorcaproperty.com\/wp-content\/uploads\/2025\/11\/plano-1-V4098-300x202.png"},"large":{"file":"plano-1-V4098-1024x690.png","width":1024,"height":690,"mime-type":"image\/png","filesize":964128,"url":"https:\/\/360mallorcaproperty.com\/wp-content\/uploads\/2025\/11\/plano-1-V4098-1024x690.png"},"thumbnail":{"file":"plano-1-V4098-150x150.png","width":150,"height":150,"mime-type":"image\/png","filesize":36945,"url":"https:\/\/360mallorcaproperty.com\/wp-content\/uploads\/2025\/11\/plano-1-V4098-150x150.png"},"medium_large":{"file":"plano-1-V4098-768x518.png","width":768,"height":518,"mime-type":"image\/png","filesize":570539,"url":"https:\/\/360mallorcaproperty.com\/wp-content\/uploads\/2025\/11\/plano-1-V4098-768x518.png"},"post-thumbnail":{"file":"plano-1-V4098-150x101.png","width":150,"height":101,"mime-type":"image\/png","filesize":24908,"url":"https:\/\/360mallorcaproperty.com\/wp-content\/uploads\/2025\/11\/plano-1-V4098-150x101.png"},"modern-property-child-slider":{"file":"plano-1-V4098-680x510.png","width":680,"height":510,"mime-type":"image\/png","filesize":524455,"url":"https:\/\/360mallorcaproperty.com\/wp-content\/uploads\/2025\/11\/plano-1-V4098-680x510.png"},"property-thumb-image":{"file":"plano-1-V4098-488x326.png","width":488,"height":326,"mime-type":"image\/png","filesize":238773,"url":"https:\/\/360mallorcaproperty.com\/wp-content\/uploads\/2025\/11\/plano-1-V4098-488x326.png"},"property-detail-video-image":{"file":"plano-1-V4098-818x417.png","width":818,"height":417,"mime-type":"image\/png","filesize":543238,"url":"https:\/\/360mallorcaproperty.com\/wp-content\/uploads\/2025\/11\/plano-1-V4098-818x417.png"},"agent-image":{"file":"plano-1-V4098-210x210.png","width":210,"height":210,"mime-type":"image\/png","filesize":71458,"url":"https:\/\/360mallorcaproperty.com\/wp-content\/uploads\/2025\/11\/plano-1-V4098-210x210.png"},"partners-logo":{"file":"plano-1-V4098-600x887.png","width":600,"height":887,"mime-type":"image\/png","filesize":624410,"url":"https:\/\/360mallorcaproperty.com\/wp-content\/uploads\/2025\/11\/plano-1-V4098-600x887.png"},"post-featured-image":{"file":"plano-1-V4098-1240x720.png","width":1240,"height":720,"mime-type":"image\/png","filesize":1268780,"url":"https:\/\/360mallorcaproperty.com\/wp-content\/uploads\/2025\/11\/plano-1-V4098-1240x720.png"}},"image_meta":{"aperture":"0","credit":"","camera":"","caption":"","created_timestamp":"0","copyright":"","focal_length":"0","iso":"0","shutter_speed":"0","title":"","orientation":"0","keywords":[]},"ID":"31806","name":"plano-1-V4098.png","path":"\/home\/mallorcaproperty\/public_html\/wp-content\/uploads\/2025\/11\/plano-1-V4098.png","url":"https:\/\/360mallorcaproperty.com\/wp-content\/uploads\/2025\/11\/plano-1-V4098-150x150.png","full_url":"https:\/\/360mallorcaproperty.com\/wp-content\/uploads\/2025\/11\/plano-1-V4098.png","title":"plano 1 V4098","caption":"","description":"","alt":"","srcset":"https:\/\/360mallorcaproperty.com\/wp-content\/uploads\/2025\/11\/plano-1-V4098-150x150.png 150w, https:\/\/360mallorcaproperty.com\/wp-content\/uploads\/2025\/11\/plano-1-V4098-210x210.png 210w"},{"width":150,"height":150,"file":"2025\/11\/plano-2-V4098.png","filesize":184826,"sizes":{"medium":{"file":"plano-2-V4098-300x246.png","width":300,"height":246,"mime-type":"image\/png","filesize":36087,"url":"https:\/\/360mallorcaproperty.com\/wp-content\/uploads\/2025\/11\/plano-2-V4098-300x246.png"},"large":{"file":"plano-2-V4098-1024x839.png","width":1024,"height":839,"mime-type":"image\/png","filesize":224138,"url":"https:\/\/360mallorcaproperty.com\/wp-content\/uploads\/2025\/11\/plano-2-V4098-1024x839.png"},"thumbnail":{"file":"plano-2-V4098-150x150.png","width":150,"height":150,"mime-type":"image\/png","filesize":16500,"url":"https:\/\/360mallorcaproperty.com\/wp-content\/uploads\/2025\/11\/plano-2-V4098-150x150.png"},"medium_large":{"file":"plano-2-V4098-768x630.png","width":768,"height":630,"mime-type":"image\/png","filesize":143645,"url":"https:\/\/360mallorcaproperty.com\/wp-content\/uploads\/2025\/11\/plano-2-V4098-768x630.png"},"post-thumbnail":{"file":"plano-2-V4098-150x123.png","width":150,"height":123,"mime-type":"image\/png","filesize":13799,"url":"https:\/\/360mallorcaproperty.com\/wp-content\/uploads\/2025\/11\/plano-2-V4098-150x123.png"},"modern-property-child-slider":{"file":"plano-2-V4098-680x510.png","width":680,"height":510,"mime-type":"image\/png","filesize":113333,"url":"https:\/\/360mallorcaproperty.com\/wp-content\/uploads\/2025\/11\/plano-2-V4098-680x510.png"},"property-thumb-image":{"file":"plano-2-V4098-488x326.png","width":488,"height":326,"mime-type":"image\/png","filesize":59718,"url":"https:\/\/360mallorcaproperty.com\/wp-content\/uploads\/2025\/11\/plano-2-V4098-488x326.png"},"property-detail-video-image":{"file":"plano-2-V4098-818x417.png","width":818,"height":417,"mime-type":"image\/png","filesize":93689,"url":"https:\/\/360mallorcaproperty.com\/wp-content\/uploads\/2025\/11\/plano-2-V4098-818x417.png"},"agent-image":{"file":"plano-2-V4098-210x210.png","width":210,"height":210,"mime-type":"image\/png","filesize":25796,"url":"https:\/\/360mallorcaproperty.com\/wp-content\/uploads\/2025\/11\/plano-2-V4098-210x210.png"},"partners-logo":{"file":"plano-2-V4098-600x896.png","width":600,"height":896,"mime-type":"image\/png","filesize":110411,"url":"https:\/\/360mallorcaproperty.com\/wp-content\/uploads\/2025\/11\/plano-2-V4098-600x896.png"},"post-featured-image":{"file":"plano-2-V4098-1093x720.png","width":1093,"height":720,"mime-type":"image\/png","filesize":141490,"url":"https:\/\/360mallorcaproperty.com\/wp-content\/uploads\/2025\/11\/plano-2-V4098-1093x720.png"}},"image_meta":{"aperture":"0","credit":"","camera":"","caption":"","created_timestamp":"0","copyright":"","focal_length":"0","iso":"0","shutter_speed":"0","title":"","orientation":"0","keywords":[]},"ID":"31809","name":"plano-2-V4098.png","path":"\/home\/mallorcaproperty\/public_html\/wp-content\/uploads\/2025\/11\/plano-2-V4098.png","url":"https:\/\/360mallorcaproperty.com\/wp-content\/uploads\/2025\/11\/plano-2-V4098-150x150.png","full_url":"https:\/\/360mallorcaproperty.com\/wp-content\/uploads\/2025\/11\/plano-2-V4098.png","title":"plano 2 V4098","caption":"","description":"","alt":"","srcset":"https:\/\/360mallorcaproperty.com\/wp-content\/uploads\/2025\/11\/plano-2-V4098-150x150.png 150w, https:\/\/360mallorcaproperty.com\/wp-content\/uploads\/2025\/11\/plano-2-V4098-210x210.png 210w"},{"width":150,"height":150,"file":"2025\/11\/plano-3-V4098.png","filesize":376224,"sizes":{"medium":{"file":"plano-3-V4098-300x204.png","width":300,"height":204,"mime-type":"image\/png","filesize":52070,"url":"https:\/\/360mallorcaproperty.com\/wp-content\/uploads\/2025\/11\/plano-3-V4098-300x204.png"},"large":{"file":"plano-3-V4098-1024x696.png","width":1024,"height":696,"mime-type":"image\/png","filesize":405824,"url":"https:\/\/360mallorcaproperty.com\/wp-content\/uploads\/2025\/11\/plano-3-V4098-1024x696.png"},"thumbnail":{"file":"plano-3-V4098-150x150.png","width":150,"height":150,"mime-type":"image\/png","filesize":25279,"url":"https:\/\/360mallorcaproperty.com\/wp-content\/uploads\/2025\/11\/plano-3-V4098-150x150.png"},"medium_large":{"file":"plano-3-V4098-768x522.png","width":768,"height":522,"mime-type":"image\/png","filesize":247821,"url":"https:\/\/360mallorcaproperty.com\/wp-content\/uploads\/2025\/11\/plano-3-V4098-768x522.png"},"post-thumbnail":{"file":"plano-3-V4098-150x102.png","width":150,"height":102,"mime-type":"image\/png","filesize":17001,"url":"https:\/\/360mallorcaproperty.com\/wp-content\/uploads\/2025\/11\/plano-3-V4098-150x102.png"},"modern-property-child-slider":{"file":"plano-3-V4098-680x510.png","width":680,"height":510,"mime-type":"image\/png","filesize":229341,"url":"https:\/\/360mallorcaproperty.com\/wp-content\/uploads\/2025\/11\/plano-3-V4098-680x510.png"},"property-thumb-image":{"file":"plano-3-V4098-488x326.png","width":488,"height":326,"mime-type":"image\/png","filesize":116029,"url":"https:\/\/360mallorcaproperty.com\/wp-content\/uploads\/2025\/11\/plano-3-V4098-488x326.png"},"property-detail-video-image":{"file":"plano-3-V4098-818x417.png","width":818,"height":417,"mime-type":"image\/png","filesize":247443,"url":"https:\/\/360mallorcaproperty.com\/wp-content\/uploads\/2025\/11\/plano-3-V4098-818x417.png"},"agent-image":{"file":"plano-3-V4098-210x210.png","width":210,"height":210,"mime-type":"image\/png","filesize":43385,"url":"https:\/\/360mallorcaproperty.com\/wp-content\/uploads\/2025\/11\/plano-3-V4098-210x210.png"},"partners-logo":{"file":"plano-3-V4098-600x893.png","width":600,"height":893,"mime-type":"image\/png","filesize":209522,"url":"https:\/\/360mallorcaproperty.com\/wp-content\/uploads\/2025\/11\/plano-3-V4098-600x893.png"},"post-featured-image":{"file":"plano-3-V4098-1240x720.png","width":1240,"height":720,"mime-type":"image\/png","filesize":523915,"url":"https:\/\/360mallorcaproperty.com\/wp-content\/uploads\/2025\/11\/plano-3-V4098-1240x720.png"}},"image_meta":{"aperture":"0","credit":"","camera":"","caption":"","created_timestamp":"0","copyright":"","focal_length":"0","iso":"0","shutter_speed":"0","title":"","orientation":"0","keywords":[]},"ID":"31812","name":"plano-3-V4098.png","path":"\/home\/mallorcaproperty\/public_html\/wp-content\/uploads\/2025\/11\/plano-3-V4098.png","url":"https:\/\/360mallorcaproperty.com\/wp-content\/uploads\/2025\/11\/plano-3-V4098-150x150.png","full_url":"https:\/\/360mallorcaproperty.com\/wp-content\/uploads\/2025\/11\/plano-3-V4098.png","title":"plano 3 V4098","caption":"","description":"","alt":"","srcset":"https:\/\/360mallorcaproperty.com\/wp-content\/uploads\/2025\/11\/plano-3-V4098-150x150.png 150w, https:\/\/360mallorcaproperty.com\/wp-content\/uploads\/2025\/11\/plano-3-V4098-210x210.png 210w"},{"width":150,"height":150,"file":"2025\/11\/plano-4-V4098.png","filesize":129999,"sizes":{"medium":{"file":"plano-4-V4098-300x108.png","width":300,"height":108,"mime-type":"image\/png","filesize":13948,"url":"https:\/\/360mallorcaproperty.com\/wp-content\/uploads\/2025\/11\/plano-4-V4098-300x108.png"},"large":{"file":"plano-4-V4098-1024x369.png","width":1024,"height":369,"mime-type":"image\/png","filesize":85618,"url":"https:\/\/360mallorcaproperty.com\/wp-content\/uploads\/2025\/11\/plano-4-V4098-1024x369.png"},"thumbnail":{"file":"plano-4-V4098-150x150.png","width":150,"height":150,"mime-type":"image\/png","filesize":4096,"url":"https:\/\/360mallorcaproperty.com\/wp-content\/uploads\/2025\/11\/plano-4-V4098-150x150.png"},"medium_large":{"file":"plano-4-V4098-768x277.png","width":768,"height":277,"mime-type":"image\/png","filesize":54694,"url":"https:\/\/360mallorcaproperty.com\/wp-content\/uploads\/2025\/11\/plano-4-V4098-768x277.png"},"post-thumbnail":{"file":"plano-4-V4098-150x54.png","width":150,"height":54,"mime-type":"image\/png","filesize":5375,"url":"https:\/\/360mallorcaproperty.com\/wp-content\/uploads\/2025\/11\/plano-4-V4098-150x54.png"},"modern-property-child-slider":{"file":"plano-4-V4098-680x510.png","width":680,"height":510,"mime-type":"image\/png","filesize":23681,"url":"https:\/\/360mallorcaproperty.com\/wp-content\/uploads\/2025\/11\/plano-4-V4098-680x510.png"},"property-thumb-image":{"file":"plano-4-V4098-488x326.png","width":488,"height":326,"mime-type":"image\/png","filesize":16245,"url":"https:\/\/360mallorcaproperty.com\/wp-content\/uploads\/2025\/11\/plano-4-V4098-488x326.png"},"property-detail-video-image":{"file":"plano-4-V4098-818x417.png","width":818,"height":417,"mime-type":"image\/png","filesize":56308,"url":"https:\/\/360mallorcaproperty.com\/wp-content\/uploads\/2025\/11\/plano-4-V4098-818x417.png"},"agent-image":{"file":"plano-4-V4098-210x210.png","width":210,"height":210,"mime-type":"image\/png","filesize":5951,"url":"https:\/\/360mallorcaproperty.com\/wp-content\/uploads\/2025\/11\/plano-4-V4098-210x210.png"},"partners-logo":{"file":"plano-4-V4098-600x553.png","width":600,"height":553,"mime-type":"image\/png","filesize":14324,"url":"https:\/\/360mallorcaproperty.com\/wp-content\/uploads\/2025\/11\/plano-4-V4098-600x553.png"},"post-featured-image":{"file":"plano-4-V4098-1240x553.png","width":1240,"height":553,"mime-type":"image\/png","filesize":98286,"url":"https:\/\/360mallorcaproperty.com\/wp-content\/uploads\/2025\/11\/plano-4-V4098-1240x553.png"}},"image_meta":{"aperture":"0","credit":"","camera":"","caption":"","created_timestamp":"0","copyright":"","focal_length":"0","iso":"0","shutter_speed":"0","title":"","orientation":"0","keywords":[]},"ID":"31815","name":"plano-4-V4098.png","path":"\/home\/mallorcaproperty\/public_html\/wp-content\/uploads\/2025\/11\/plano-4-V4098.png","url":"https:\/\/360mallorcaproperty.com\/wp-content\/uploads\/2025\/11\/plano-4-V4098-150x150.png","full_url":"https:\/\/360mallorcaproperty.com\/wp-content\/uploads\/2025\/11\/plano-4-V4098.png","title":"plano 4 V4098","caption":"","description":"","alt":"","srcset":"https:\/\/360mallorcaproperty.com\/wp-content\/uploads\/2025\/11\/plano-4-V4098-150x150.png 150w, https:\/\/360mallorcaproperty.com\/wp-content\/uploads\/2025\/11\/plano-4-V4098-210x210.png 210w"},{"width":150,"height":150,"file":"2025\/11\/plano-5-V4098.png","filesize":203722,"sizes":{"medium":{"file":"plano-5-V4098-300x157.png","width":300,"height":157,"mime-type":"image\/png","filesize":24537,"url":"https:\/\/360mallorcaproperty.com\/wp-content\/uploads\/2025\/11\/plano-5-V4098-300x157.png"},"large":{"file":"plano-5-V4098-1024x536.png","width":1024,"height":536,"mime-type":"image\/png","filesize":172929,"url":"https:\/\/360mallorcaproperty.com\/wp-content\/uploads\/2025\/11\/plano-5-V4098-1024x536.png"},"thumbnail":{"file":"plano-5-V4098-150x150.png","width":150,"height":150,"mime-type":"image\/png","filesize":12747,"url":"https:\/\/360mallorcaproperty.com\/wp-content\/uploads\/2025\/11\/plano-5-V4098-150x150.png"},"medium_large":{"file":"plano-5-V4098-768x402.png","width":768,"height":402,"mime-type":"image\/png","filesize":111224,"url":"https:\/\/360mallorcaproperty.com\/wp-content\/uploads\/2025\/11\/plano-5-V4098-768x402.png"},"post-thumbnail":{"file":"plano-5-V4098-150x79.png","width":150,"height":79,"mime-type":"image\/png","filesize":8469,"url":"https:\/\/360mallorcaproperty.com\/wp-content\/uploads\/2025\/11\/plano-5-V4098-150x79.png"},"modern-property-child-slider":{"file":"plano-5-V4098-680x510.png","width":680,"height":510,"mime-type":"image\/png","filesize":125023,"url":"https:\/\/360mallorcaproperty.com\/wp-content\/uploads\/2025\/11\/plano-5-V4098-680x510.png"},"property-thumb-image":{"file":"plano-5-V4098-488x326.png","width":488,"height":326,"mime-type":"image\/png","filesize":67602,"url":"https:\/\/360mallorcaproperty.com\/wp-content\/uploads\/2025\/11\/plano-5-V4098-488x326.png"},"property-detail-video-image":{"file":"plano-5-V4098-818x417.png","width":818,"height":417,"mime-type":"image\/png","filesize":121633,"url":"https:\/\/360mallorcaproperty.com\/wp-content\/uploads\/2025\/11\/plano-5-V4098-818x417.png"},"agent-image":{"file":"plano-5-V4098-210x210.png","width":210,"height":210,"mime-type":"image\/png","filesize":22097,"url":"https:\/\/360mallorcaproperty.com\/wp-content\/uploads\/2025\/11\/plano-5-V4098-210x210.png"},"partners-logo":{"file":"plano-5-V4098-600x800.png","width":600,"height":800,"mime-type":"image\/png","filesize":99071,"url":"https:\/\/360mallorcaproperty.com\/wp-content\/uploads\/2025\/11\/plano-5-V4098-600x800.png"},"post-featured-image":{"file":"plano-5-V4098-1240x720.png","width":1240,"height":720,"mime-type":"image\/png","filesize":268125,"url":"https:\/\/360mallorcaproperty.com\/wp-content\/uploads\/2025\/11\/plano-5-V4098-1240x720.png"}},"image_meta":{"aperture":"0","credit":"","camera":"","caption":"","created_timestamp":"0","copyright":"","focal_length":"0","iso":"0","shutter_speed":"0","title":"","orientation":"0","keywords":[]},"ID":"31818","name":"plano-5-V4098.png","path":"\/home\/mallorcaproperty\/public_html\/wp-content\/uploads\/2025\/11\/plano-5-V4098.png","url":"https:\/\/360mallorcaproperty.com\/wp-content\/uploads\/2025\/11\/plano-5-V4098-150x150.png","full_url":"https:\/\/360mallorcaproperty.com\/wp-content\/uploads\/2025\/11\/plano-5-V4098.png","title":"plano 5 V4098","caption":"","description":"","alt":"","srcset":"https:\/\/360mallorcaproperty.com\/wp-content\/uploads\/2025\/11\/plano-5-V4098-150x150.png 150w, https:\/\/360mallorcaproperty.com\/wp-content\/uploads\/2025\/11\/plano-5-V4098-210x210.png 210w"},{"width":150,"height":150,"file":"2025\/11\/plano-6-V4098.png","filesize":153095,"sizes":{"medium":{"file":"plano-6-V4098-300x248.png","width":300,"height":248,"mime-type":"image\/png","filesize":35233,"url":"https:\/\/360mallorcaproperty.com\/wp-content\/uploads\/2025\/11\/plano-6-V4098-300x248.png"},"large":{"file":"plano-6-V4098-1024x847.png","width":1024,"height":847,"mime-type":"image\/png","filesize":208932,"url":"https:\/\/360mallorcaproperty.com\/wp-content\/uploads\/2025\/11\/plano-6-V4098-1024x847.png"},"thumbnail":{"file":"plano-6-V4098-150x150.png","width":150,"height":150,"mime-type":"image\/png","filesize":15199,"url":"https:\/\/360mallorcaproperty.com\/wp-content\/uploads\/2025\/11\/plano-6-V4098-150x150.png"},"medium_large":{"file":"plano-6-V4098-768x635.png","width":768,"height":635,"mime-type":"image\/png","filesize":137031,"url":"https:\/\/360mallorcaproperty.com\/wp-content\/uploads\/2025\/11\/plano-6-V4098-768x635.png"},"post-thumbnail":{"file":"plano-6-V4098-150x124.png","width":150,"height":124,"mime-type":"image\/png","filesize":12674,"url":"https:\/\/360mallorcaproperty.com\/wp-content\/uploads\/2025\/11\/plano-6-V4098-150x124.png"},"modern-property-child-slider":{"file":"plano-6-V4098-680x510.png","width":680,"height":510,"mime-type":"image\/png","filesize":106859,"url":"https:\/\/360mallorcaproperty.com\/wp-content\/uploads\/2025\/11\/plano-6-V4098-680x510.png"},"property-thumb-image":{"file":"plano-6-V4098-488x326.png","width":488,"height":326,"mime-type":"image\/png","filesize":59854,"url":"https:\/\/360mallorcaproperty.com\/wp-content\/uploads\/2025\/11\/plano-6-V4098-488x326.png"},"property-detail-video-image":{"file":"plano-6-V4098-818x417.png","width":818,"height":417,"mime-type":"image\/png","filesize":93461,"url":"https:\/\/360mallorcaproperty.com\/wp-content\/uploads\/2025\/11\/plano-6-V4098-818x417.png"},"agent-image":{"file":"plano-6-V4098-210x210.png","width":210,"height":210,"mime-type":"image\/png","filesize":24976,"url":"https:\/\/360mallorcaproperty.com\/wp-content\/uploads\/2025\/11\/plano-6-V4098-210x210.png"},"partners-logo":{"file":"plano-6-V4098-600x898.png","width":600,"height":898,"mime-type":"image\/png","filesize":86541,"url":"https:\/\/360mallorcaproperty.com\/wp-content\/uploads\/2025\/11\/plano-6-V4098-600x898.png"},"post-featured-image":{"file":"plano-6-V4098-1086x720.png","width":1086,"height":720,"mime-type":"image\/png","filesize":129488,"url":"https:\/\/360mallorcaproperty.com\/wp-content\/uploads\/2025\/11\/plano-6-V4098-1086x720.png"}},"image_meta":{"aperture":"0","credit":"","camera":"","caption":"","created_timestamp":"0","copyright":"","focal_length":"0","iso":"0","shutter_speed":"0","title":"","orientation":"0","keywords":[]},"ID":"31821","name":"plano-6-V4098.png","path":"\/home\/mallorcaproperty\/public_html\/wp-content\/uploads\/2025\/11\/plano-6-V4098.png","url":"https:\/\/360mallorcaproperty.com\/wp-content\/uploads\/2025\/11\/plano-6-V4098-150x150.png","full_url":"https:\/\/360mallorcaproperty.com\/wp-content\/uploads\/2025\/11\/plano-6-V4098.png","title":"plano 6 V4098","caption":"","description":"","alt":"","srcset":"https:\/\/360mallorcaproperty.com\/wp-content\/uploads\/2025\/11\/plano-6-V4098-150x150.png 150w, https:\/\/360mallorcaproperty.com\/wp-content\/uploads\/2025\/11\/plano-6-V4098-210x210.png 210w"},{"width":150,"height":150,"file":"2025\/11\/plano-7-V4098.png","filesize":162256,"sizes":{"medium":{"file":"plano-7-V4098-300x247.png","width":300,"height":247,"mime-type":"image\/png","filesize":33329,"url":"https:\/\/360mallorcaproperty.com\/wp-content\/uploads\/2025\/11\/plano-7-V4098-300x247.png"},"large":{"file":"plano-7-V4098-1024x842.png","width":1024,"height":842,"mime-type":"image\/png","filesize":214151,"url":"https:\/\/360mallorcaproperty.com\/wp-content\/uploads\/2025\/11\/plano-7-V4098-1024x842.png"},"thumbnail":{"file":"plano-7-V4098-150x150.png","width":150,"height":150,"mime-type":"image\/png","filesize":14139,"url":"https:\/\/360mallorcaproperty.com\/wp-content\/uploads\/2025\/11\/plano-7-V4098-150x150.png"},"medium_large":{"file":"plano-7-V4098-768x632.png","width":768,"height":632,"mime-type":"image\/png","filesize":138509,"url":"https:\/\/360mallorcaproperty.com\/wp-content\/uploads\/2025\/11\/plano-7-V4098-768x632.png"},"post-thumbnail":{"file":"plano-7-V4098-150x123.png","width":150,"height":123,"mime-type":"image\/png","filesize":11357,"url":"https:\/\/360mallorcaproperty.com\/wp-content\/uploads\/2025\/11\/plano-7-V4098-150x123.png"},"modern-property-child-slider":{"file":"plano-7-V4098-680x510.png","width":680,"height":510,"mime-type":"image\/png","filesize":107989,"url":"https:\/\/360mallorcaproperty.com\/wp-content\/uploads\/2025\/11\/plano-7-V4098-680x510.png"},"property-thumb-image":{"file":"plano-7-V4098-488x326.png","width":488,"height":326,"mime-type":"image\/png","filesize":58732,"url":"https:\/\/360mallorcaproperty.com\/wp-content\/uploads\/2025\/11\/plano-7-V4098-488x326.png"},"property-detail-video-image":{"file":"plano-7-V4098-818x417.png","width":818,"height":417,"mime-type":"image\/png","filesize":89596,"url":"https:\/\/360mallorcaproperty.com\/wp-content\/uploads\/2025\/11\/plano-7-V4098-818x417.png"},"agent-image":{"file":"plano-7-V4098-210x210.png","width":210,"height":210,"mime-type":"image\/png","filesize":23906,"url":"https:\/\/360mallorcaproperty.com\/wp-content\/uploads\/2025\/11\/plano-7-V4098-210x210.png"},"partners-logo":{"file":"plano-7-V4098-600x898.png","width":600,"height":898,"mime-type":"image\/png","filesize":109169,"url":"https:\/\/360mallorcaproperty.com\/wp-content\/uploads\/2025\/11\/plano-7-V4098-600x898.png"},"post-featured-image":{"file":"plano-7-V4098-1092x720.png","width":1092,"height":720,"mime-type":"image\/png","filesize":138678,"url":"https:\/\/360mallorcaproperty.com\/wp-content\/uploads\/2025\/11\/plano-7-V4098-1092x720.png"}},"image_meta":{"aperture":"0","credit":"","camera":"","caption":"","created_timestamp":"0","copyright":"","focal_length":"0","iso":"0","shutter_speed":"0","title":"","orientation":"0","keywords":[]},"ID":"31824","name":"plano-7-V4098.png","path":"\/home\/mallorcaproperty\/public_html\/wp-content\/uploads\/2025\/11\/plano-7-V4098.png","url":"https:\/\/360mallorcaproperty.com\/wp-content\/uploads\/2025\/11\/plano-7-V4098-150x150.png","full_url":"https:\/\/360mallorcaproperty.com\/wp-content\/uploads\/2025\/11\/plano-7-V4098.png","title":"plano 7 V4098","caption":"","description":"","alt":"","srcset":"https:\/\/360mallorcaproperty.com\/wp-content\/uploads\/2025\/11\/plano-7-V4098-150x150.png 150w, https:\/\/360mallorcaproperty.com\/wp-content\/uploads\/2025\/11\/plano-7-V4098-210x210.png 210w"},{"width":150,"height":150,"file":"2025\/11\/plano-8-V4098.png","filesize":201992,"sizes":{"medium":{"file":"plano-8-V4098-300x153.png","width":300,"height":153,"mime-type":"image\/png","filesize":33818,"url":"https:\/\/360mallorcaproperty.com\/wp-content\/uploads\/2025\/11\/plano-8-V4098-300x153.png"},"large":{"file":"plano-8-V4098-1024x523.png","width":1024,"height":523,"mime-type":"image\/png","filesize":203518,"url":"https:\/\/360mallorcaproperty.com\/wp-content\/uploads\/2025\/11\/plano-8-V4098-1024x523.png"},"thumbnail":{"file":"plano-8-V4098-150x150.png","width":150,"height":150,"mime-type":"image\/png","filesize":15997,"url":"https:\/\/360mallorcaproperty.com\/wp-content\/uploads\/2025\/11\/plano-8-V4098-150x150.png"},"medium_large":{"file":"plano-8-V4098-768x393.png","width":768,"height":393,"mime-type":"image\/png","filesize":131105,"url":"https:\/\/360mallorcaproperty.com\/wp-content\/uploads\/2025\/11\/plano-8-V4098-768x393.png"},"post-thumbnail":{"file":"plano-8-V4098-150x77.png","width":150,"height":77,"mime-type":"image\/png","filesize":12415,"url":"https:\/\/360mallorcaproperty.com\/wp-content\/uploads\/2025\/11\/plano-8-V4098-150x77.png"},"modern-property-child-slider":{"file":"plano-8-V4098-680x510.png","width":680,"height":510,"mime-type":"image\/png","filesize":133151,"url":"https:\/\/360mallorcaproperty.com\/wp-content\/uploads\/2025\/11\/plano-8-V4098-680x510.png"},"property-thumb-image":{"file":"plano-8-V4098-488x326.png","width":488,"height":326,"mime-type":"image\/png","filesize":80124,"url":"https:\/\/360mallorcaproperty.com\/wp-content\/uploads\/2025\/11\/plano-8-V4098-488x326.png"},"property-detail-video-image":{"file":"plano-8-V4098-818x417.png","width":818,"height":417,"mime-type":"image\/png","filesize":148545,"url":"https:\/\/360mallorcaproperty.com\/wp-content\/uploads\/2025\/11\/plano-8-V4098-818x417.png"},"agent-image":{"file":"plano-8-V4098-210x210.png","width":210,"height":210,"mime-type":"image\/png","filesize":25100,"url":"https:\/\/360mallorcaproperty.com\/wp-content\/uploads\/2025\/11\/plano-8-V4098-210x210.png"},"partners-logo":{"file":"plano-8-V4098-600x781.png","width":600,"height":781,"mime-type":"image\/png","filesize":64352,"url":"https:\/\/360mallorcaproperty.com\/wp-content\/uploads\/2025\/11\/plano-8-V4098-600x781.png"},"post-featured-image":{"file":"plano-8-V4098-1240x720.png","width":1240,"height":720,"mime-type":"image\/png","filesize":314486,"url":"https:\/\/360mallorcaproperty.com\/wp-content\/uploads\/2025\/11\/plano-8-V4098-1240x720.png"}},"image_meta":{"aperture":"0","credit":"","camera":"","caption":"","created_timestamp":"0","copyright":"","focal_length":"0","iso":"0","shutter_speed":"0","title":"","orientation":"0","keywords":[]},"ID":"31827","name":"plano-8-V4098.png","path":"\/home\/mallorcaproperty\/public_html\/wp-content\/uploads\/2025\/11\/plano-8-V4098.png","url":"https:\/\/360mallorcaproperty.com\/wp-content\/uploads\/2025\/11\/plano-8-V4098-150x150.png","full_url":"https:\/\/360mallorcaproperty.com\/wp-content\/uploads\/2025\/11\/plano-8-V4098.png","title":"plano 8 V4098","caption":"","description":"","alt":"","srcset":"https:\/\/360mallorcaproperty.com\/wp-content\/uploads\/2025\/11\/plano-8-V4098-150x150.png 150w, https:\/\/360mallorcaproperty.com\/wp-content\/uploads\/2025\/11\/plano-8-V4098-210x210.png 210w"}],"REAL_HOMES_change_gallery_slider_type":"0","REAL_HOMES_gallery_slider_type":"thumb-on-right","inspiry_floor_plans":[],"inspiry_video_group":[],"REAL_HOMES_360_virtual_tour":"","REAL_HOMES_agent_display_option":"none","REAL_HOMES_agents":[],"REAL_HOMES_energy_class":"none","REAL_HOMES_energy_performance":"","REAL_HOMES_epc_current_rating":"","REAL_HOMES_epc_potential_rating":"","ere_property_schedule_tour":"global","ere_property_schedule_time_slots":"","ere_property_schedule_description":"","REAL_HOMES_sticky":"0","inspiry_property_label":"","inspiry_property_label_color":"","inspiry_property_tax":"0","inspiry_additional_fee":"0","REAL_HOMES_attachments":[{"width":1414,"height":2000,"file":"2025\/11\/V4098-D.png","filesize":1792461,"sizes":{"medium":{"file":"V4098-D-212x300.png","width":212,"height":300,"mime-type":"image\/png","filesize":60819},"large":{"file":"V4098-D-724x1024.png","width":724,"height":1024,"mime-type":"image\/png","filesize":567055},"thumbnail":{"file":"V4098-D-150x150.png","width":150,"height":150,"mime-type":"image\/png","filesize":29173},"medium_large":{"file":"V4098-D-768x1086.png","width":768,"height":1086,"mime-type":"image\/png","filesize":627606},"1536x1536":{"file":"V4098-D-1086x1536.png","width":1086,"height":1536,"mime-type":"image\/png","filesize":1136724},"post-thumbnail":{"file":"V4098-D-106x150.png","width":106,"height":150,"mime-type":"image\/png","filesize":17591},"modern-property-child-slider":{"file":"V4098-D-680x510.png","width":680,"height":510,"mime-type":"image\/png","filesize":391743},"property-thumb-image":{"file":"V4098-D-488x326.png","width":488,"height":326,"mime-type":"image\/png","filesize":197174},"property-detail-video-image":{"file":"V4098-D-818x417.png","width":818,"height":417,"mime-type":"image\/png","filesize":407879},"agent-image":{"file":"V4098-D-210x210.png","width":210,"height":210,"mime-type":"image\/png","filesize":53682},"partners-logo":{"file":"V4098-D-600x2000.png","width":600,"height":2000,"mime-type":"image\/png","filesize":737027},"post-featured-image":{"file":"V4098-D-1240x720.png","width":1240,"height":720,"mime-type":"image\/png","filesize":929355}},"image_meta":{"aperture":"0","credit":"","camera":"","caption":"","created_timestamp":"0","copyright":"","focal_length":"0","iso":"0","shutter_speed":"0","title":"","orientation":"0","keywords":[]},"ID":"31746","name":"V4098-D.png","path":"\/home\/mallorcaproperty\/public_html\/wp-content\/uploads\/2025\/11\/V4098-D.png","url":"https:\/\/360mallorcaproperty.com\/wp-content\/uploads\/2025\/11\/V4098-D.png","title":"V4098 D"}],"inspiry_property_owner_name":"","inspiry_property_owner_contact":"","inspiry_property_owner_address":"","REAL_HOMES_property_private_note":"","inspiry_message_to_reviewer":"","REAL_HOMES_add_in_slider":"no","REAL_HOMES_slider_image":[],"REAL_HOMES_page_banner_image":[],"REAL_HOMES_hide_property_advance_search":"0","inspiry_offmarket":[],"REAL_HOMES_custom_header_display":"default","REAL_HOMES_custom_header_position":"relative","REAL_HOMES_custom_footer_display":"default","REAL_HOMES_hide_advance_search":"0","REAL_HOMES_custom_search_form":"default","REAL_HOMES_search_form_margin_top":"","REAL_HOMES_search_form_margin_bottom":""},"_links":{"self":[{"href":"https:\/\/360mallorcaproperty.com\/de\/wp-json\/wp\/v2\/property\/31353","targetHints":{"allow":["GET"]}}],"collection":[{"href":"https:\/\/360mallorcaproperty.com\/de\/wp-json\/wp\/v2\/property"}],"about":[{"href":"https:\/\/360mallorcaproperty.com\/de\/wp-json\/wp\/v2\/types\/property"}],"author":[{"embeddable":true,"href":"https:\/\/360mallorcaproperty.com\/de\/wp-json\/wp\/v2\/users\/1"}],"replies":[{"embeddable":true,"href":"https:\/\/360mallorcaproperty.com\/de\/wp-json\/wp\/v2\/comments?post=31353"}],"version-history":[{"count":3,"href":"https:\/\/360mallorcaproperty.com\/de\/wp-json\/wp\/v2\/property\/31353\/revisions"}],"predecessor-version":[{"id":32257,"href":"https:\/\/360mallorcaproperty.com\/de\/wp-json\/wp\/v2\/property\/31353\/revisions\/32257"}],"wp:featuredmedia":[{"embeddable":true,"href":"https:\/\/360mallorcaproperty.com\/de\/wp-json\/wp\/v2\/media\/31349"}],"wp:attachment":[{"href":"https:\/\/360mallorcaproperty.com\/de\/wp-json\/wp\/v2\/media?parent=31353"}],"wp:term":[{"taxonomy":"property-feature","embeddable":true,"href":"https:\/\/360mallorcaproperty.com\/de\/wp-json\/wp\/v2\/property-feature?post=31353"},{"taxonomy":"property-type","embeddable":true,"href":"https:\/\/360mallorcaproperty.com\/de\/wp-json\/wp\/v2\/property-type?post=31353"},{"taxonomy":"property-city","embeddable":true,"href":"https:\/\/360mallorcaproperty.com\/de\/wp-json\/wp\/v2\/property-location?post=31353"},{"taxonomy":"property-status","embeddable":true,"href":"https:\/\/360mallorcaproperty.com\/de\/wp-json\/wp\/v2\/property-status?post=31353"}],"curies":[{"name":"wp","href":"https:\/\/api.w.org\/{rel}","templated":true}]}}