{"id":32118,"date":"2026-04-21T08:22:18","date_gmt":"2026-04-21T08:22:18","guid":{"rendered":"https:\/\/360mallorcaproperty.com\/?post_type=property&#038;p=32118"},"modified":"2026-04-21T08:51:27","modified_gmt":"2026-04-21T08:51:27","slug":"exklusives-grundstueck-im-aussenbereich-mit-genehmigter-lizenz-und-projekt-fuer-ein-einfamilienhaus-mit-pool-in-felanitx","status":"publish","type":"property","link":"https:\/\/360mallorcaproperty.com\/de\/property\/exklusives-grundstueck-im-aussenbereich-mit-genehmigter-lizenz-und-projekt-fuer-ein-einfamilienhaus-mit-pool-in-felanitx\/","title":{"rendered":"Exklusives Grundst\u00fcck im Au\u00dfenbereich mit genehmigter Lizenz und Projekt f\u00fcr ein Einfamilienhaus mit Pool in Felanitx"},"content":{"rendered":"<p data-start=\"1960\" data-end=\"2358\">Zum Verkauf steht dieses au\u00dfergew\u00f6hnliche l\u00e4ndliche Grundst\u00fcck in Felanitx, gelegen in einer ruhigen und privaten Naturlandschaft, mit einer Fl\u00e4che von nahezu 50.000 m\u00b2. Das Grundst\u00fcck wird mit bereits erteilter Baugenehmigung und genehmigtem Architekturprojekt f\u00fcr den Bau eines Einfamilienhauses mit Swimmingpool angeboten, sodass mit dem Bau ohne beh\u00f6rdliche Unsicherheiten begonnen werden kann.<\/p>\n<p data-start=\"2360\" data-end=\"2878\">Das genehmigte Projekt sieht eine eingeschossige Villa mit einer geplanten bebauten Fl\u00e4che von 236 m\u00b2 vor, konzipiert f\u00fcr Gro\u00dfz\u00fcgigkeit, Wohnkomfort und eine harmonische Einbindung in die Umgebung. Vorgesehen sind ein gro\u00dfz\u00fcgiger Wohn- und Essbereich, eine separate K\u00fcche, drei Doppelschlafzimmer, zwei Badezimmer sowie ein G\u00e4ste-WC. Die Au\u00dfenbereiche sind auf das mediterrane Leben ausgerichtet und umfassen einen Pool, eine Pergola und Gartenfl\u00e4chen. Erg\u00e4nzt wird das Konzept durch einen geplanten privaten Kinoraum.<\/p>\n<p data-start=\"2880\" data-end=\"3254\">Das architektonische Konzept erf\u00fcllt moderne Anforderungen an Energieeffizienz und Nachhaltigkeit, darunter Aerothermie, Klimatisierung \u00fcber Luftkan\u00e4le, kontrollierte Wohnrauml\u00fcftung mit W\u00e4rmer\u00fcckgewinnung, eine Photovoltaikanlage mit Batteriespeicher sowie ein zertifiziertes Abwassersystem \u2013 alles gem\u00e4\u00df geltender Bauvorschriften und landschaftlicher Integrationsauflagen.<\/p>\n<p data-start=\"3256\" data-end=\"3504\">Eine seltene Gelegenheit, ein hochwertiges Grundst\u00fcck auf Mallorca mit rechtlicher Sicherheit zu erwerben und ein individuelles Zuhause in privilegierter Lage zu realisieren \u2013 ideal f\u00fcr K\u00e4ufer aus NRW, die Ruhe, Natur und langfristigen Wert suchen.<\/p>\n","protected":false},"excerpt":{"rendered":"<p>Zum Verkauf steht dieses au\u00dfergew\u00f6hnliche l\u00e4ndliche Grundst\u00fcck in Felanitx, gelegen in einer ruhigen und privaten Naturlandschaft, mit einer Fl\u00e4che von nahezu 50.000 m\u00b2. Das Grundst\u00fcck wird mit bereits erteilter Baugenehmigung und genehmigtem Architekturprojekt f\u00fcr den Bau eines Einfamilienhauses mit Swimmingpool angeboten, sodass mit dem Bau ohne beh\u00f6rdliche Unsicherheiten begonnen werden kann. Das genehmigte Projekt sieht&#8230;<\/p>\n","protected":false},"author":1,"featured_media":32110,"parent":0,"menu_order":0,"comment_status":"closed","ping_status":"closed","template":"","property-feature":[],"property-type":[239],"property-location":[297],"property-status":[241],"class_list":["post-32118","property","type-property","status-publish","has-post-thumbnail","hentry","property-type-landliches-grundstuck","property-city-felanitx-de","property-status-zum-verkauf"],"property_meta":{"REAL_HOMES_property_price":"299.000","REAL_HOMES_property_old_price":"","REAL_HOMES_property_price_prefix":"","REAL_HOMES_property_price_postfix":"","REAL_HOMES_property_size":"236,55","REAL_HOMES_property_size_postfix":"","REAL_HOMES_property_lot_size":"55900","REAL_HOMES_property_lot_size_postfix":"","REAL_HOMES_property_bedrooms":"","REAL_HOMES_property_bathrooms":"","REAL_HOMES_property_garage":"","REAL_HOMES_property_id":"V4101","REAL_HOMES_property_year_built":"","REAL_HOMES_featured":"0","REAL_HOMES_additional_details_list":[],"rvr_booking_widget_display":"show","rvr_booking_mode":"deferred","rvr_govt_tax":"","rvr_govt_tax_type":"percentage","rvr_govt_tax_calculation":"per_stay","rvr_service_charges":"","rvr_service_charges_type":"percentage","rvr_service_charges_calculation":"per_stay","rvr_guests_capacity":"","rvr_book_child_as":"child","rvr_min_stay":"","rvr_guests_capacity_extend":"not_allowed","rvr_extra_guest_price":"","rvr_property_owner":"0","rvr_bulk_pricing":[],"rvr_seasonal_pricing":[],"rvr_custom_reserved_dates":[],"rvr_additional_fees":[{"rvr_fee_type":"fixed","rvr_fee_calculation":"per_stay"}],"rvr_additional_amenities":[{"price_calculation":"per_stay"}],"rvr_accommodation":[],"rvr_outdoor_features":[],"rvr_surroundings":[],"rvr_included":[],"rvr_not_included":[],"rvr_policies":[],"REAL_HOMES_property_location":{"latitude":"39.446069483377","longitude":"3.2353663869641","zoom":"15"},"REAL_HOMES_property_address":"Ma-4014, Felanitx, Migjorn, Balearic Islands, 07670, Spain","REAL_HOMES_property_map":"0","REAL_HOMES_property_images":[{"width":150,"height":150,"file":"2026\/02\/Captura-de-pantalla-2026-02-05-131416.jpg","filesize":280430,"sizes":{"medium":{"file":"Captura-de-pantalla-2026-02-05-131416-300x170.jpg","width":300,"height":170,"mime-type":"image\/jpeg","filesize":16625,"url":"https:\/\/360mallorcaproperty.com\/wp-content\/uploads\/2026\/02\/Captura-de-pantalla-2026-02-05-131416-300x170.jpg"},"large":{"file":"Captura-de-pantalla-2026-02-05-131416-1024x580.jpg","width":1024,"height":580,"mime-type":"image\/jpeg","filesize":133339,"url":"https:\/\/360mallorcaproperty.com\/wp-content\/uploads\/2026\/02\/Captura-de-pantalla-2026-02-05-131416-1024x580.jpg"},"thumbnail":{"file":"Captura-de-pantalla-2026-02-05-131416-150x150.jpg","width":150,"height":150,"mime-type":"image\/jpeg","filesize":8639,"url":"https:\/\/360mallorcaproperty.com\/wp-content\/uploads\/2026\/02\/Captura-de-pantalla-2026-02-05-131416-150x150.jpg"},"medium_large":{"file":"Captura-de-pantalla-2026-02-05-131416-768x435.jpg","width":768,"height":435,"mime-type":"image\/jpeg","filesize":82812,"url":"https:\/\/360mallorcaproperty.com\/wp-content\/uploads\/2026\/02\/Captura-de-pantalla-2026-02-05-131416-768x435.jpg"},"post-thumbnail":{"file":"Captura-de-pantalla-2026-02-05-131416-150x85.jpg","width":150,"height":85,"mime-type":"image\/jpeg","filesize":5274,"url":"https:\/\/360mallorcaproperty.com\/wp-content\/uploads\/2026\/02\/Captura-de-pantalla-2026-02-05-131416-150x85.jpg"},"modern-property-child-slider":{"file":"Captura-de-pantalla-2026-02-05-131416-680x510.jpg","width":680,"height":510,"mime-type":"image\/jpeg","filesize":87338,"url":"https:\/\/360mallorcaproperty.com\/wp-content\/uploads\/2026\/02\/Captura-de-pantalla-2026-02-05-131416-680x510.jpg"},"property-thumb-image":{"file":"Captura-de-pantalla-2026-02-05-131416-488x326.jpg","width":488,"height":326,"mime-type":"image\/jpeg","filesize":45242,"url":"https:\/\/360mallorcaproperty.com\/wp-content\/uploads\/2026\/02\/Captura-de-pantalla-2026-02-05-131416-488x326.jpg"},"property-detail-video-image":{"file":"Captura-de-pantalla-2026-02-05-131416-818x417.jpg","width":818,"height":417,"mime-type":"image\/jpeg","filesize":89421,"url":"https:\/\/360mallorcaproperty.com\/wp-content\/uploads\/2026\/02\/Captura-de-pantalla-2026-02-05-131416-818x417.jpg"},"agent-image":{"file":"Captura-de-pantalla-2026-02-05-131416-210x210.jpg","width":210,"height":210,"mime-type":"image\/jpeg","filesize":14773,"url":"https:\/\/360mallorcaproperty.com\/wp-content\/uploads\/2026\/02\/Captura-de-pantalla-2026-02-05-131416-210x210.jpg"},"partners-logo":{"file":"Captura-de-pantalla-2026-02-05-131416-600x701.jpg","width":600,"height":701,"mime-type":"image\/jpeg","filesize":106006,"url":"https:\/\/360mallorcaproperty.com\/wp-content\/uploads\/2026\/02\/Captura-de-pantalla-2026-02-05-131416-600x701.jpg"}},"image_meta":{"aperture":"0","credit":"","camera":"","caption":"","created_timestamp":"0","copyright":"","focal_length":"0","iso":"0","shutter_speed":"0","title":"","orientation":"0","keywords":[]},"ID":"32090","name":"Captura-de-pantalla-2026-02-05-131416.jpg","path":"\/home\/mallorcaproperty\/public_html\/wp-content\/uploads\/2026\/02\/Captura-de-pantalla-2026-02-05-131416.jpg","url":"https:\/\/360mallorcaproperty.com\/wp-content\/uploads\/2026\/02\/Captura-de-pantalla-2026-02-05-131416-150x150.jpg","full_url":"https:\/\/360mallorcaproperty.com\/wp-content\/uploads\/2026\/02\/Captura-de-pantalla-2026-02-05-131416.jpg","title":"Captura de pantalla 2026-02-05 131416","caption":"","description":"","alt":"","srcset":"https:\/\/360mallorcaproperty.com\/wp-content\/uploads\/2026\/02\/Captura-de-pantalla-2026-02-05-131416-150x150.jpg 150w, https:\/\/360mallorcaproperty.com\/wp-content\/uploads\/2026\/02\/Captura-de-pantalla-2026-02-05-131416-210x210.jpg 210w"},{"width":150,"height":150,"file":"2026\/02\/Captura-de-pantalla-2026-02-05-131500.jpg","filesize":100564,"sizes":{"medium":{"file":"Captura-de-pantalla-2026-02-05-131500-300x201.jpg","width":300,"height":201,"mime-type":"image\/jpeg","filesize":6182,"url":"https:\/\/360mallorcaproperty.com\/wp-content\/uploads\/2026\/02\/Captura-de-pantalla-2026-02-05-131500-300x201.jpg"},"large":{"file":"Captura-de-pantalla-2026-02-05-131500-1024x687.jpg","width":1024,"height":687,"mime-type":"image\/jpeg","filesize":51077,"url":"https:\/\/360mallorcaproperty.com\/wp-content\/uploads\/2026\/02\/Captura-de-pantalla-2026-02-05-131500-1024x687.jpg"},"thumbnail":{"file":"Captura-de-pantalla-2026-02-05-131500-150x150.jpg","width":150,"height":150,"mime-type":"image\/jpeg","filesize":3507,"url":"https:\/\/360mallorcaproperty.com\/wp-content\/uploads\/2026\/02\/Captura-de-pantalla-2026-02-05-131500-150x150.jpg"},"medium_large":{"file":"Captura-de-pantalla-2026-02-05-131500-768x515.jpg","width":768,"height":515,"mime-type":"image\/jpeg","filesize":31519,"url":"https:\/\/360mallorcaproperty.com\/wp-content\/uploads\/2026\/02\/Captura-de-pantalla-2026-02-05-131500-768x515.jpg"},"post-thumbnail":{"file":"Captura-de-pantalla-2026-02-05-131500-150x101.jpg","width":150,"height":101,"mime-type":"image\/jpeg","filesize":2160,"url":"https:\/\/360mallorcaproperty.com\/wp-content\/uploads\/2026\/02\/Captura-de-pantalla-2026-02-05-131500-150x101.jpg"},"modern-property-child-slider":{"file":"Captura-de-pantalla-2026-02-05-131500-680x510.jpg","width":680,"height":510,"mime-type":"image\/jpeg","filesize":30555,"url":"https:\/\/360mallorcaproperty.com\/wp-content\/uploads\/2026\/02\/Captura-de-pantalla-2026-02-05-131500-680x510.jpg"},"property-thumb-image":{"file":"Captura-de-pantalla-2026-02-05-131500-488x326.jpg","width":488,"height":326,"mime-type":"image\/jpeg","filesize":14414,"url":"https:\/\/360mallorcaproperty.com\/wp-content\/uploads\/2026\/02\/Captura-de-pantalla-2026-02-05-131500-488x326.jpg"},"property-detail-video-image":{"file":"Captura-de-pantalla-2026-02-05-131500-818x417.jpg","width":818,"height":417,"mime-type":"image\/jpeg","filesize":32175,"url":"https:\/\/360mallorcaproperty.com\/wp-content\/uploads\/2026\/02\/Captura-de-pantalla-2026-02-05-131500-818x417.jpg"},"agent-image":{"file":"Captura-de-pantalla-2026-02-05-131500-210x210.jpg","width":210,"height":210,"mime-type":"image\/jpeg","filesize":6088,"url":"https:\/\/360mallorcaproperty.com\/wp-content\/uploads\/2026\/02\/Captura-de-pantalla-2026-02-05-131500-210x210.jpg"},"partners-logo":{"file":"Captura-de-pantalla-2026-02-05-131500-600x828.jpg","width":600,"height":828,"mime-type":"image\/jpeg","filesize":58918,"url":"https:\/\/360mallorcaproperty.com\/wp-content\/uploads\/2026\/02\/Captura-de-pantalla-2026-02-05-131500-600x828.jpg"},"post-featured-image":{"file":"Captura-de-pantalla-2026-02-05-131500-1234x720.jpg","width":1234,"height":720,"mime-type":"image\/jpeg","filesize":77191,"url":"https:\/\/360mallorcaproperty.com\/wp-content\/uploads\/2026\/02\/Captura-de-pantalla-2026-02-05-131500-1234x720.jpg"}},"image_meta":{"aperture":"0","credit":"","camera":"","caption":"","created_timestamp":"0","copyright":"","focal_length":"0","iso":"0","shutter_speed":"0","title":"","orientation":"0","keywords":[]},"ID":"32093","name":"Captura-de-pantalla-2026-02-05-131500.jpg","path":"\/home\/mallorcaproperty\/public_html\/wp-content\/uploads\/2026\/02\/Captura-de-pantalla-2026-02-05-131500.jpg","url":"https:\/\/360mallorcaproperty.com\/wp-content\/uploads\/2026\/02\/Captura-de-pantalla-2026-02-05-131500-150x150.jpg","full_url":"https:\/\/360mallorcaproperty.com\/wp-content\/uploads\/2026\/02\/Captura-de-pantalla-2026-02-05-131500.jpg","title":"Captura de pantalla 2026-02-05 131500","caption":"","description":"","alt":"","srcset":"https:\/\/360mallorcaproperty.com\/wp-content\/uploads\/2026\/02\/Captura-de-pantalla-2026-02-05-131500-150x150.jpg 150w, https:\/\/360mallorcaproperty.com\/wp-content\/uploads\/2026\/02\/Captura-de-pantalla-2026-02-05-131500-210x210.jpg 210w"},{"width":150,"height":150,"file":"2026\/02\/Captura-de-pantalla-2026-02-05-131522.jpg","filesize":119093,"sizes":{"medium":{"file":"Captura-de-pantalla-2026-02-05-131522-300x205.jpg","width":300,"height":205,"mime-type":"image\/jpeg","filesize":8873,"url":"https:\/\/360mallorcaproperty.com\/wp-content\/uploads\/2026\/02\/Captura-de-pantalla-2026-02-05-131522-300x205.jpg"},"large":{"file":"Captura-de-pantalla-2026-02-05-131522-1024x699.jpg","width":1024,"height":699,"mime-type":"image\/jpeg","filesize":59164,"url":"https:\/\/360mallorcaproperty.com\/wp-content\/uploads\/2026\/02\/Captura-de-pantalla-2026-02-05-131522-1024x699.jpg"},"thumbnail":{"file":"Captura-de-pantalla-2026-02-05-131522-150x150.jpg","width":150,"height":150,"mime-type":"image\/jpeg","filesize":4171,"url":"https:\/\/360mallorcaproperty.com\/wp-content\/uploads\/2026\/02\/Captura-de-pantalla-2026-02-05-131522-150x150.jpg"},"medium_large":{"file":"Captura-de-pantalla-2026-02-05-131522-768x524.jpg","width":768,"height":524,"mime-type":"image\/jpeg","filesize":38412,"url":"https:\/\/360mallorcaproperty.com\/wp-content\/uploads\/2026\/02\/Captura-de-pantalla-2026-02-05-131522-768x524.jpg"},"post-thumbnail":{"file":"Captura-de-pantalla-2026-02-05-131522-150x102.jpg","width":150,"height":102,"mime-type":"image\/jpeg","filesize":3119,"url":"https:\/\/360mallorcaproperty.com\/wp-content\/uploads\/2026\/02\/Captura-de-pantalla-2026-02-05-131522-150x102.jpg"},"modern-property-child-slider":{"file":"Captura-de-pantalla-2026-02-05-131522-680x510.jpg","width":680,"height":510,"mime-type":"image\/jpeg","filesize":36280,"url":"https:\/\/360mallorcaproperty.com\/wp-content\/uploads\/2026\/02\/Captura-de-pantalla-2026-02-05-131522-680x510.jpg"},"property-thumb-image":{"file":"Captura-de-pantalla-2026-02-05-131522-488x326.jpg","width":488,"height":326,"mime-type":"image\/jpeg","filesize":18831,"url":"https:\/\/360mallorcaproperty.com\/wp-content\/uploads\/2026\/02\/Captura-de-pantalla-2026-02-05-131522-488x326.jpg"},"property-detail-video-image":{"file":"Captura-de-pantalla-2026-02-05-131522-818x417.jpg","width":818,"height":417,"mime-type":"image\/jpeg","filesize":38236,"url":"https:\/\/360mallorcaproperty.com\/wp-content\/uploads\/2026\/02\/Captura-de-pantalla-2026-02-05-131522-818x417.jpg"},"agent-image":{"file":"Captura-de-pantalla-2026-02-05-131522-210x210.jpg","width":210,"height":210,"mime-type":"image\/jpeg","filesize":7000,"url":"https:\/\/360mallorcaproperty.com\/wp-content\/uploads\/2026\/02\/Captura-de-pantalla-2026-02-05-131522-210x210.jpg"},"partners-logo":{"file":"Captura-de-pantalla-2026-02-05-131522-600x865.jpg","width":600,"height":865,"mime-type":"image\/jpeg","filesize":50465,"url":"https:\/\/360mallorcaproperty.com\/wp-content\/uploads\/2026\/02\/Captura-de-pantalla-2026-02-05-131522-600x865.jpg"},"post-featured-image":{"file":"Captura-de-pantalla-2026-02-05-131522-1240x720.jpg","width":1240,"height":720,"mime-type":"image\/jpeg","filesize":75963,"url":"https:\/\/360mallorcaproperty.com\/wp-content\/uploads\/2026\/02\/Captura-de-pantalla-2026-02-05-131522-1240x720.jpg"}},"image_meta":{"aperture":"0","credit":"","camera":"","caption":"","created_timestamp":"0","copyright":"","focal_length":"0","iso":"0","shutter_speed":"0","title":"","orientation":"0","keywords":[]},"ID":"32096","name":"Captura-de-pantalla-2026-02-05-131522.jpg","path":"\/home\/mallorcaproperty\/public_html\/wp-content\/uploads\/2026\/02\/Captura-de-pantalla-2026-02-05-131522.jpg","url":"https:\/\/360mallorcaproperty.com\/wp-content\/uploads\/2026\/02\/Captura-de-pantalla-2026-02-05-131522-150x150.jpg","full_url":"https:\/\/360mallorcaproperty.com\/wp-content\/uploads\/2026\/02\/Captura-de-pantalla-2026-02-05-131522.jpg","title":"Captura de pantalla 2026-02-05 131522","caption":"","description":"","alt":"","srcset":"https:\/\/360mallorcaproperty.com\/wp-content\/uploads\/2026\/02\/Captura-de-pantalla-2026-02-05-131522-150x150.jpg 150w, https:\/\/360mallorcaproperty.com\/wp-content\/uploads\/2026\/02\/Captura-de-pantalla-2026-02-05-131522-210x210.jpg 210w"},{"width":150,"height":150,"file":"2026\/02\/Captura-de-pantalla-2026-02-05-131546.jpg","filesize":176145,"sizes":{"medium":{"file":"Captura-de-pantalla-2026-02-05-131546-300x203.jpg","width":300,"height":203,"mime-type":"image\/jpeg","filesize":9141,"url":"https:\/\/360mallorcaproperty.com\/wp-content\/uploads\/2026\/02\/Captura-de-pantalla-2026-02-05-131546-300x203.jpg"},"large":{"file":"Captura-de-pantalla-2026-02-05-131546-1024x692.jpg","width":1024,"height":692,"mime-type":"image\/jpeg","filesize":84888,"url":"https:\/\/360mallorcaproperty.com\/wp-content\/uploads\/2026\/02\/Captura-de-pantalla-2026-02-05-131546-1024x692.jpg"},"thumbnail":{"file":"Captura-de-pantalla-2026-02-05-131546-150x150.jpg","width":150,"height":150,"mime-type":"image\/jpeg","filesize":4508,"url":"https:\/\/360mallorcaproperty.com\/wp-content\/uploads\/2026\/02\/Captura-de-pantalla-2026-02-05-131546-150x150.jpg"},"medium_large":{"file":"Captura-de-pantalla-2026-02-05-131546-768x519.jpg","width":768,"height":519,"mime-type":"image\/jpeg","filesize":51181,"url":"https:\/\/360mallorcaproperty.com\/wp-content\/uploads\/2026\/02\/Captura-de-pantalla-2026-02-05-131546-768x519.jpg"},"post-thumbnail":{"file":"Captura-de-pantalla-2026-02-05-131546-150x101.jpg","width":150,"height":101,"mime-type":"image\/jpeg","filesize":2934,"url":"https:\/\/360mallorcaproperty.com\/wp-content\/uploads\/2026\/02\/Captura-de-pantalla-2026-02-05-131546-150x101.jpg"},"modern-property-child-slider":{"file":"Captura-de-pantalla-2026-02-05-131546-680x510.jpg","width":680,"height":510,"mime-type":"image\/jpeg","filesize":47836,"url":"https:\/\/360mallorcaproperty.com\/wp-content\/uploads\/2026\/02\/Captura-de-pantalla-2026-02-05-131546-680x510.jpg"},"property-thumb-image":{"file":"Captura-de-pantalla-2026-02-05-131546-488x326.jpg","width":488,"height":326,"mime-type":"image\/jpeg","filesize":22165,"url":"https:\/\/360mallorcaproperty.com\/wp-content\/uploads\/2026\/02\/Captura-de-pantalla-2026-02-05-131546-488x326.jpg"},"property-detail-video-image":{"file":"Captura-de-pantalla-2026-02-05-131546-818x417.jpg","width":818,"height":417,"mime-type":"image\/jpeg","filesize":49470,"url":"https:\/\/360mallorcaproperty.com\/wp-content\/uploads\/2026\/02\/Captura-de-pantalla-2026-02-05-131546-818x417.jpg"},"agent-image":{"file":"Captura-de-pantalla-2026-02-05-131546-210x210.jpg","width":210,"height":210,"mime-type":"image\/jpeg","filesize":8212,"url":"https:\/\/360mallorcaproperty.com\/wp-content\/uploads\/2026\/02\/Captura-de-pantalla-2026-02-05-131546-210x210.jpg"},"partners-logo":{"file":"Captura-de-pantalla-2026-02-05-131546-600x824.jpg","width":600,"height":824,"mime-type":"image\/jpeg","filesize":82781,"url":"https:\/\/360mallorcaproperty.com\/wp-content\/uploads\/2026\/02\/Captura-de-pantalla-2026-02-05-131546-600x824.jpg"},"post-featured-image":{"file":"Captura-de-pantalla-2026-02-05-131546-1219x720.jpg","width":1219,"height":720,"mime-type":"image\/jpeg","filesize":131805,"url":"https:\/\/360mallorcaproperty.com\/wp-content\/uploads\/2026\/02\/Captura-de-pantalla-2026-02-05-131546-1219x720.jpg"}},"image_meta":{"aperture":"0","credit":"","camera":"","caption":"","created_timestamp":"0","copyright":"","focal_length":"0","iso":"0","shutter_speed":"0","title":"","orientation":"0","keywords":[]},"ID":"32099","name":"Captura-de-pantalla-2026-02-05-131546.jpg","path":"\/home\/mallorcaproperty\/public_html\/wp-content\/uploads\/2026\/02\/Captura-de-pantalla-2026-02-05-131546.jpg","url":"https:\/\/360mallorcaproperty.com\/wp-content\/uploads\/2026\/02\/Captura-de-pantalla-2026-02-05-131546-150x150.jpg","full_url":"https:\/\/360mallorcaproperty.com\/wp-content\/uploads\/2026\/02\/Captura-de-pantalla-2026-02-05-131546.jpg","title":"Captura de pantalla 2026-02-05 131546","caption":"","description":"","alt":"","srcset":"https:\/\/360mallorcaproperty.com\/wp-content\/uploads\/2026\/02\/Captura-de-pantalla-2026-02-05-131546-150x150.jpg 150w, https:\/\/360mallorcaproperty.com\/wp-content\/uploads\/2026\/02\/Captura-de-pantalla-2026-02-05-131546-210x210.jpg 210w"},{"width":150,"height":150,"file":"2026\/02\/Captura-de-pantalla-2026-02-05-131603.jpg","filesize":75322,"sizes":{"medium":{"file":"Captura-de-pantalla-2026-02-05-131603-300x196.jpg","width":300,"height":196,"mime-type":"image\/jpeg","filesize":5358,"url":"https:\/\/360mallorcaproperty.com\/wp-content\/uploads\/2026\/02\/Captura-de-pantalla-2026-02-05-131603-300x196.jpg"},"large":{"file":"Captura-de-pantalla-2026-02-05-131603-1024x668.jpg","width":1024,"height":668,"mime-type":"image\/jpeg","filesize":41286,"url":"https:\/\/360mallorcaproperty.com\/wp-content\/uploads\/2026\/02\/Captura-de-pantalla-2026-02-05-131603-1024x668.jpg"},"thumbnail":{"file":"Captura-de-pantalla-2026-02-05-131603-150x150.jpg","width":150,"height":150,"mime-type":"image\/jpeg","filesize":2974,"url":"https:\/\/360mallorcaproperty.com\/wp-content\/uploads\/2026\/02\/Captura-de-pantalla-2026-02-05-131603-150x150.jpg"},"medium_large":{"file":"Captura-de-pantalla-2026-02-05-131603-768x501.jpg","width":768,"height":501,"mime-type":"image\/jpeg","filesize":25301,"url":"https:\/\/360mallorcaproperty.com\/wp-content\/uploads\/2026\/02\/Captura-de-pantalla-2026-02-05-131603-768x501.jpg"},"post-thumbnail":{"file":"Captura-de-pantalla-2026-02-05-131603-150x98.jpg","width":150,"height":98,"mime-type":"image\/jpeg","filesize":2071,"url":"https:\/\/360mallorcaproperty.com\/wp-content\/uploads\/2026\/02\/Captura-de-pantalla-2026-02-05-131603-150x98.jpg"},"modern-property-child-slider":{"file":"Captura-de-pantalla-2026-02-05-131603-680x510.jpg","width":680,"height":510,"mime-type":"image\/jpeg","filesize":24638,"url":"https:\/\/360mallorcaproperty.com\/wp-content\/uploads\/2026\/02\/Captura-de-pantalla-2026-02-05-131603-680x510.jpg"},"property-thumb-image":{"file":"Captura-de-pantalla-2026-02-05-131603-488x326.jpg","width":488,"height":326,"mime-type":"image\/jpeg","filesize":11939,"url":"https:\/\/360mallorcaproperty.com\/wp-content\/uploads\/2026\/02\/Captura-de-pantalla-2026-02-05-131603-488x326.jpg"},"property-detail-video-image":{"file":"Captura-de-pantalla-2026-02-05-131603-818x417.jpg","width":818,"height":417,"mime-type":"image\/jpeg","filesize":25578,"url":"https:\/\/360mallorcaproperty.com\/wp-content\/uploads\/2026\/02\/Captura-de-pantalla-2026-02-05-131603-818x417.jpg"},"agent-image":{"file":"Captura-de-pantalla-2026-02-05-131603-210x210.jpg","width":210,"height":210,"mime-type":"image\/jpeg","filesize":5034,"url":"https:\/\/360mallorcaproperty.com\/wp-content\/uploads\/2026\/02\/Captura-de-pantalla-2026-02-05-131603-210x210.jpg"},"partners-logo":{"file":"Captura-de-pantalla-2026-02-05-131603-600x763.jpg","width":600,"height":763,"mime-type":"image\/jpeg","filesize":42122,"url":"https:\/\/360mallorcaproperty.com\/wp-content\/uploads\/2026\/02\/Captura-de-pantalla-2026-02-05-131603-600x763.jpg"},"post-featured-image":{"file":"Captura-de-pantalla-2026-02-05-131603-1169x720.jpg","width":1169,"height":720,"mime-type":"image\/jpeg","filesize":58437,"url":"https:\/\/360mallorcaproperty.com\/wp-content\/uploads\/2026\/02\/Captura-de-pantalla-2026-02-05-131603-1169x720.jpg"}},"image_meta":{"aperture":"0","credit":"","camera":"","caption":"","created_timestamp":"0","copyright":"","focal_length":"0","iso":"0","shutter_speed":"0","title":"","orientation":"0","keywords":[]},"ID":"32102","name":"Captura-de-pantalla-2026-02-05-131603.jpg","path":"\/home\/mallorcaproperty\/public_html\/wp-content\/uploads\/2026\/02\/Captura-de-pantalla-2026-02-05-131603.jpg","url":"https:\/\/360mallorcaproperty.com\/wp-content\/uploads\/2026\/02\/Captura-de-pantalla-2026-02-05-131603-150x150.jpg","full_url":"https:\/\/360mallorcaproperty.com\/wp-content\/uploads\/2026\/02\/Captura-de-pantalla-2026-02-05-131603.jpg","title":"Captura de pantalla 2026-02-05 131603","caption":"","description":"","alt":"","srcset":"https:\/\/360mallorcaproperty.com\/wp-content\/uploads\/2026\/02\/Captura-de-pantalla-2026-02-05-131603-150x150.jpg 150w, https:\/\/360mallorcaproperty.com\/wp-content\/uploads\/2026\/02\/Captura-de-pantalla-2026-02-05-131603-210x210.jpg 210w"},{"width":150,"height":150,"file":"2026\/02\/Captura-de-pantalla-2026-02-05-131629.jpg","filesize":92648,"sizes":{"medium":{"file":"Captura-de-pantalla-2026-02-05-131629-300x202.jpg","width":300,"height":202,"mime-type":"image\/jpeg","filesize":5505,"url":"https:\/\/360mallorcaproperty.com\/wp-content\/uploads\/2026\/02\/Captura-de-pantalla-2026-02-05-131629-300x202.jpg"},"large":{"file":"Captura-de-pantalla-2026-02-05-131629-1024x691.jpg","width":1024,"height":691,"mime-type":"image\/jpeg","filesize":46929,"url":"https:\/\/360mallorcaproperty.com\/wp-content\/uploads\/2026\/02\/Captura-de-pantalla-2026-02-05-131629-1024x691.jpg"},"thumbnail":{"file":"Captura-de-pantalla-2026-02-05-131629-150x150.jpg","width":150,"height":150,"mime-type":"image\/jpeg","filesize":2860,"url":"https:\/\/360mallorcaproperty.com\/wp-content\/uploads\/2026\/02\/Captura-de-pantalla-2026-02-05-131629-150x150.jpg"},"medium_large":{"file":"Captura-de-pantalla-2026-02-05-131629-768x518.jpg","width":768,"height":518,"mime-type":"image\/jpeg","filesize":26960,"url":"https:\/\/360mallorcaproperty.com\/wp-content\/uploads\/2026\/02\/Captura-de-pantalla-2026-02-05-131629-768x518.jpg"},"post-thumbnail":{"file":"Captura-de-pantalla-2026-02-05-131629-150x101.jpg","width":150,"height":101,"mime-type":"image\/jpeg","filesize":2111,"url":"https:\/\/360mallorcaproperty.com\/wp-content\/uploads\/2026\/02\/Captura-de-pantalla-2026-02-05-131629-150x101.jpg"},"modern-property-child-slider":{"file":"Captura-de-pantalla-2026-02-05-131629-680x510.jpg","width":680,"height":510,"mime-type":"image\/jpeg","filesize":25211,"url":"https:\/\/360mallorcaproperty.com\/wp-content\/uploads\/2026\/02\/Captura-de-pantalla-2026-02-05-131629-680x510.jpg"},"property-thumb-image":{"file":"Captura-de-pantalla-2026-02-05-131629-488x326.jpg","width":488,"height":326,"mime-type":"image\/jpeg","filesize":12399,"url":"https:\/\/360mallorcaproperty.com\/wp-content\/uploads\/2026\/02\/Captura-de-pantalla-2026-02-05-131629-488x326.jpg"},"property-detail-video-image":{"file":"Captura-de-pantalla-2026-02-05-131629-818x417.jpg","width":818,"height":417,"mime-type":"image\/jpeg","filesize":27346,"url":"https:\/\/360mallorcaproperty.com\/wp-content\/uploads\/2026\/02\/Captura-de-pantalla-2026-02-05-131629-818x417.jpg"},"agent-image":{"file":"Captura-de-pantalla-2026-02-05-131629-210x210.jpg","width":210,"height":210,"mime-type":"image\/jpeg","filesize":4643,"url":"https:\/\/360mallorcaproperty.com\/wp-content\/uploads\/2026\/02\/Captura-de-pantalla-2026-02-05-131629-210x210.jpg"},"partners-logo":{"file":"Captura-de-pantalla-2026-02-05-131629-600x832.jpg","width":600,"height":832,"mime-type":"image\/jpeg","filesize":39599,"url":"https:\/\/360mallorcaproperty.com\/wp-content\/uploads\/2026\/02\/Captura-de-pantalla-2026-02-05-131629-600x832.jpg"},"post-featured-image":{"file":"Captura-de-pantalla-2026-02-05-131629-1233x720.jpg","width":1233,"height":720,"mime-type":"image\/jpeg","filesize":72749,"url":"https:\/\/360mallorcaproperty.com\/wp-content\/uploads\/2026\/02\/Captura-de-pantalla-2026-02-05-131629-1233x720.jpg"}},"image_meta":{"aperture":"0","credit":"","camera":"","caption":"","created_timestamp":"0","copyright":"","focal_length":"0","iso":"0","shutter_speed":"0","title":"","orientation":"0","keywords":[]},"ID":"32105","name":"Captura-de-pantalla-2026-02-05-131629.jpg","path":"\/home\/mallorcaproperty\/public_html\/wp-content\/uploads\/2026\/02\/Captura-de-pantalla-2026-02-05-131629.jpg","url":"https:\/\/360mallorcaproperty.com\/wp-content\/uploads\/2026\/02\/Captura-de-pantalla-2026-02-05-131629-150x150.jpg","full_url":"https:\/\/360mallorcaproperty.com\/wp-content\/uploads\/2026\/02\/Captura-de-pantalla-2026-02-05-131629.jpg","title":"Captura de pantalla 2026-02-05 131629","caption":"","description":"","alt":"","srcset":"https:\/\/360mallorcaproperty.com\/wp-content\/uploads\/2026\/02\/Captura-de-pantalla-2026-02-05-131629-150x150.jpg 150w, https:\/\/360mallorcaproperty.com\/wp-content\/uploads\/2026\/02\/Captura-de-pantalla-2026-02-05-131629-210x210.jpg 210w"},{"width":150,"height":150,"file":"2026\/02\/Captura-de-pantalla-2026-02-05-131708.jpg","filesize":208654,"sizes":{"medium":{"file":"Captura-de-pantalla-2026-02-05-131708-300x211.jpg","width":300,"height":211,"mime-type":"image\/jpeg","filesize":12564,"url":"https:\/\/360mallorcaproperty.com\/wp-content\/uploads\/2026\/02\/Captura-de-pantalla-2026-02-05-131708-300x211.jpg"},"large":{"file":"Captura-de-pantalla-2026-02-05-131708-1024x721.jpg","width":1024,"height":721,"mime-type":"image\/jpeg","filesize":100818,"url":"https:\/\/360mallorcaproperty.com\/wp-content\/uploads\/2026\/02\/Captura-de-pantalla-2026-02-05-131708-1024x721.jpg"},"thumbnail":{"file":"Captura-de-pantalla-2026-02-05-131708-150x150.jpg","width":150,"height":150,"mime-type":"image\/jpeg","filesize":4698,"url":"https:\/\/360mallorcaproperty.com\/wp-content\/uploads\/2026\/02\/Captura-de-pantalla-2026-02-05-131708-150x150.jpg"},"medium_large":{"file":"Captura-de-pantalla-2026-02-05-131708-768x541.jpg","width":768,"height":541,"mime-type":"image\/jpeg","filesize":63313,"url":"https:\/\/360mallorcaproperty.com\/wp-content\/uploads\/2026\/02\/Captura-de-pantalla-2026-02-05-131708-768x541.jpg"},"post-thumbnail":{"file":"Captura-de-pantalla-2026-02-05-131708-150x106.jpg","width":150,"height":106,"mime-type":"image\/jpeg","filesize":4104,"url":"https:\/\/360mallorcaproperty.com\/wp-content\/uploads\/2026\/02\/Captura-de-pantalla-2026-02-05-131708-150x106.jpg"},"modern-property-child-slider":{"file":"Captura-de-pantalla-2026-02-05-131708-680x510.jpg","width":680,"height":510,"mime-type":"image\/jpeg","filesize":52350,"url":"https:\/\/360mallorcaproperty.com\/wp-content\/uploads\/2026\/02\/Captura-de-pantalla-2026-02-05-131708-680x510.jpg"},"property-thumb-image":{"file":"Captura-de-pantalla-2026-02-05-131708-488x326.jpg","width":488,"height":326,"mime-type":"image\/jpeg","filesize":27089,"url":"https:\/\/360mallorcaproperty.com\/wp-content\/uploads\/2026\/02\/Captura-de-pantalla-2026-02-05-131708-488x326.jpg"},"property-detail-video-image":{"file":"Captura-de-pantalla-2026-02-05-131708-818x417.jpg","width":818,"height":417,"mime-type":"image\/jpeg","filesize":45428,"url":"https:\/\/360mallorcaproperty.com\/wp-content\/uploads\/2026\/02\/Captura-de-pantalla-2026-02-05-131708-818x417.jpg"},"agent-image":{"file":"Captura-de-pantalla-2026-02-05-131708-210x210.jpg","width":210,"height":210,"mime-type":"image\/jpeg","filesize":8537,"url":"https:\/\/360mallorcaproperty.com\/wp-content\/uploads\/2026\/02\/Captura-de-pantalla-2026-02-05-131708-210x210.jpg"},"partners-logo":{"file":"Captura-de-pantalla-2026-02-05-131708-600x884.jpg","width":600,"height":884,"mime-type":"image\/jpeg","filesize":66539,"url":"https:\/\/360mallorcaproperty.com\/wp-content\/uploads\/2026\/02\/Captura-de-pantalla-2026-02-05-131708-600x884.jpg"},"post-featured-image":{"file":"Captura-de-pantalla-2026-02-05-131708-1240x720.jpg","width":1240,"height":720,"mime-type":"image\/jpeg","filesize":102978,"url":"https:\/\/360mallorcaproperty.com\/wp-content\/uploads\/2026\/02\/Captura-de-pantalla-2026-02-05-131708-1240x720.jpg"}},"image_meta":{"aperture":"0","credit":"","camera":"","caption":"","created_timestamp":"0","copyright":"","focal_length":"0","iso":"0","shutter_speed":"0","title":"","orientation":"0","keywords":[]},"ID":"32108","name":"Captura-de-pantalla-2026-02-05-131708.jpg","path":"\/home\/mallorcaproperty\/public_html\/wp-content\/uploads\/2026\/02\/Captura-de-pantalla-2026-02-05-131708.jpg","url":"https:\/\/360mallorcaproperty.com\/wp-content\/uploads\/2026\/02\/Captura-de-pantalla-2026-02-05-131708-150x150.jpg","full_url":"https:\/\/360mallorcaproperty.com\/wp-content\/uploads\/2026\/02\/Captura-de-pantalla-2026-02-05-131708.jpg","title":"Captura de pantalla 2026-02-05 131708","caption":"","description":"","alt":"","srcset":"https:\/\/360mallorcaproperty.com\/wp-content\/uploads\/2026\/02\/Captura-de-pantalla-2026-02-05-131708-150x150.jpg 150w, https:\/\/360mallorcaproperty.com\/wp-content\/uploads\/2026\/02\/Captura-de-pantalla-2026-02-05-131708-210x210.jpg 210w"},{"width":150,"height":150,"file":"2026\/02\/Captura-de-pantalla-2026-02-05-131852.jpg","filesize":532451,"sizes":{"medium":{"file":"Captura-de-pantalla-2026-02-05-131852-300x163.jpg","width":300,"height":163,"mime-type":"image\/jpeg","filesize":15821,"url":"https:\/\/360mallorcaproperty.com\/wp-content\/uploads\/2026\/02\/Captura-de-pantalla-2026-02-05-131852-300x163.jpg"},"large":{"file":"Captura-de-pantalla-2026-02-05-131852-1024x557.jpg","width":1024,"height":557,"mime-type":"image\/jpeg","filesize":153613,"url":"https:\/\/360mallorcaproperty.com\/wp-content\/uploads\/2026\/02\/Captura-de-pantalla-2026-02-05-131852-1024x557.jpg"},"thumbnail":{"file":"Captura-de-pantalla-2026-02-05-131852-150x150.jpg","width":150,"height":150,"mime-type":"image\/jpeg","filesize":7881,"url":"https:\/\/360mallorcaproperty.com\/wp-content\/uploads\/2026\/02\/Captura-de-pantalla-2026-02-05-131852-150x150.jpg"},"medium_large":{"file":"Captura-de-pantalla-2026-02-05-131852-768x418.jpg","width":768,"height":418,"mime-type":"image\/jpeg","filesize":91554,"url":"https:\/\/360mallorcaproperty.com\/wp-content\/uploads\/2026\/02\/Captura-de-pantalla-2026-02-05-131852-768x418.jpg"},"1536x1536":{"file":"Captura-de-pantalla-2026-02-05-131852-1536x836.jpg","width":1536,"height":836,"mime-type":"image\/jpeg","filesize":311226,"url":"https:\/\/360mallorcaproperty.com\/wp-content\/uploads\/2026\/02\/Captura-de-pantalla-2026-02-05-131852-1536x836.jpg"},"post-thumbnail":{"file":"Captura-de-pantalla-2026-02-05-131852-150x82.jpg","width":150,"height":82,"mime-type":"image\/jpeg","filesize":4647,"url":"https:\/\/360mallorcaproperty.com\/wp-content\/uploads\/2026\/02\/Captura-de-pantalla-2026-02-05-131852-150x82.jpg"},"modern-property-child-slider":{"file":"Captura-de-pantalla-2026-02-05-131852-680x510.jpg","width":680,"height":510,"mime-type":"image\/jpeg","filesize":98130,"url":"https:\/\/360mallorcaproperty.com\/wp-content\/uploads\/2026\/02\/Captura-de-pantalla-2026-02-05-131852-680x510.jpg"},"property-thumb-image":{"file":"Captura-de-pantalla-2026-02-05-131852-488x326.jpg","width":488,"height":326,"mime-type":"image\/jpeg","filesize":48178,"url":"https:\/\/360mallorcaproperty.com\/wp-content\/uploads\/2026\/02\/Captura-de-pantalla-2026-02-05-131852-488x326.jpg"},"property-detail-video-image":{"file":"Captura-de-pantalla-2026-02-05-131852-818x417.jpg","width":818,"height":417,"mime-type":"image\/jpeg","filesize":96537,"url":"https:\/\/360mallorcaproperty.com\/wp-content\/uploads\/2026\/02\/Captura-de-pantalla-2026-02-05-131852-818x417.jpg"},"agent-image":{"file":"Captura-de-pantalla-2026-02-05-131852-210x210.jpg","width":210,"height":210,"mime-type":"image\/jpeg","filesize":14896,"url":"https:\/\/360mallorcaproperty.com\/wp-content\/uploads\/2026\/02\/Captura-de-pantalla-2026-02-05-131852-210x210.jpg"},"partners-logo":{"file":"Captura-de-pantalla-2026-02-05-131852-600x859.jpg","width":600,"height":859,"mime-type":"image\/jpeg","filesize":160536,"url":"https:\/\/360mallorcaproperty.com\/wp-content\/uploads\/2026\/02\/Captura-de-pantalla-2026-02-05-131852-600x859.jpg"},"post-featured-image":{"file":"Captura-de-pantalla-2026-02-05-131852-1240x720.jpg","width":1240,"height":720,"mime-type":"image\/jpeg","filesize":226889,"url":"https:\/\/360mallorcaproperty.com\/wp-content\/uploads\/2026\/02\/Captura-de-pantalla-2026-02-05-131852-1240x720.jpg"}},"image_meta":{"aperture":"0","credit":"","camera":"","caption":"","created_timestamp":"0","copyright":"","focal_length":"0","iso":"0","shutter_speed":"0","title":"","orientation":"0","keywords":[]},"ID":"32111","name":"Captura-de-pantalla-2026-02-05-131852.jpg","path":"\/home\/mallorcaproperty\/public_html\/wp-content\/uploads\/2026\/02\/Captura-de-pantalla-2026-02-05-131852.jpg","url":"https:\/\/360mallorcaproperty.com\/wp-content\/uploads\/2026\/02\/Captura-de-pantalla-2026-02-05-131852-150x150.jpg","full_url":"https:\/\/360mallorcaproperty.com\/wp-content\/uploads\/2026\/02\/Captura-de-pantalla-2026-02-05-131852.jpg","title":"Captura de pantalla 2026-02-05 131852","caption":"","description":"","alt":"","srcset":"https:\/\/360mallorcaproperty.com\/wp-content\/uploads\/2026\/02\/Captura-de-pantalla-2026-02-05-131852-150x150.jpg 150w, https:\/\/360mallorcaproperty.com\/wp-content\/uploads\/2026\/02\/Captura-de-pantalla-2026-02-05-131852-210x210.jpg 210w"}],"REAL_HOMES_change_gallery_slider_type":"0","REAL_HOMES_gallery_slider_type":"thumb-on-right","inspiry_floor_plans":[],"inspiry_video_group":[],"REAL_HOMES_360_virtual_tour":"","REAL_HOMES_agent_display_option":"none","REAL_HOMES_agents":[],"REAL_HOMES_energy_class":"none","REAL_HOMES_energy_performance":"","REAL_HOMES_epc_current_rating":"","REAL_HOMES_epc_potential_rating":"","ere_property_schedule_tour":"global","ere_property_schedule_time_slots":"","ere_property_schedule_description":"","REAL_HOMES_sticky":"0","inspiry_property_label":"","inspiry_property_label_color":"","inspiry_property_tax":"0","inspiry_additional_fee":"0","REAL_HOMES_attachments":[],"inspiry_property_owner_name":"","inspiry_property_owner_contact":"","inspiry_property_owner_address":"","REAL_HOMES_property_private_note":"","inspiry_message_to_reviewer":"","REAL_HOMES_add_in_slider":"no","REAL_HOMES_slider_image":[],"REAL_HOMES_page_banner_image":[],"REAL_HOMES_hide_property_advance_search":"0","inspiry_offmarket":[],"REAL_HOMES_custom_header_display":"default","REAL_HOMES_custom_header_position":"relative","REAL_HOMES_custom_footer_display":"default","REAL_HOMES_hide_advance_search":"0","REAL_HOMES_custom_search_form":"default","REAL_HOMES_search_form_margin_top":"","REAL_HOMES_search_form_margin_bottom":""},"_links":{"self":[{"href":"https:\/\/360mallorcaproperty.com\/de\/wp-json\/wp\/v2\/property\/32118","targetHints":{"allow":["GET"]}}],"collection":[{"href":"https:\/\/360mallorcaproperty.com\/de\/wp-json\/wp\/v2\/property"}],"about":[{"href":"https:\/\/360mallorcaproperty.com\/de\/wp-json\/wp\/v2\/types\/property"}],"author":[{"embeddable":true,"href":"https:\/\/360mallorcaproperty.com\/de\/wp-json\/wp\/v2\/users\/1"}],"replies":[{"embeddable":true,"href":"https:\/\/360mallorcaproperty.com\/de\/wp-json\/wp\/v2\/comments?post=32118"}],"version-history":[{"count":1,"href":"https:\/\/360mallorcaproperty.com\/de\/wp-json\/wp\/v2\/property\/32118\/revisions"}],"predecessor-version":[{"id":32119,"href":"https:\/\/360mallorcaproperty.com\/de\/wp-json\/wp\/v2\/property\/32118\/revisions\/32119"}],"wp:featuredmedia":[{"embeddable":true,"href":"https:\/\/360mallorcaproperty.com\/de\/wp-json\/wp\/v2\/media\/32110"}],"wp:attachment":[{"href":"https:\/\/360mallorcaproperty.com\/de\/wp-json\/wp\/v2\/media?parent=32118"}],"wp:term":[{"taxonomy":"property-feature","embeddable":true,"href":"https:\/\/360mallorcaproperty.com\/de\/wp-json\/wp\/v2\/property-feature?post=32118"},{"taxonomy":"property-type","embeddable":true,"href":"https:\/\/360mallorcaproperty.com\/de\/wp-json\/wp\/v2\/property-type?post=32118"},{"taxonomy":"property-city","embeddable":true,"href":"https:\/\/360mallorcaproperty.com\/de\/wp-json\/wp\/v2\/property-location?post=32118"},{"taxonomy":"property-status","embeddable":true,"href":"https:\/\/360mallorcaproperty.com\/de\/wp-json\/wp\/v2\/property-status?post=32118"}],"curies":[{"name":"wp","href":"https:\/\/api.w.org\/{rel}","templated":true}]}}