{"id":32802,"date":"2026-03-13T10:49:51","date_gmt":"2026-03-13T10:49:51","guid":{"rendered":"https:\/\/360mallorcaproperty.com\/property\/new-project-in-son-sans-between-salqueria-blanca-and-santanyi\/"},"modified":"2026-03-13T10:56:35","modified_gmt":"2026-03-13T10:56:35","slug":"new-project-in-son-sans-between-salqueria-blanca-and-santanyi","status":"publish","type":"property","link":"https:\/\/360mallorcaproperty.com\/de\/property\/new-project-in-son-sans-between-salqueria-blanca-and-santanyi\/","title":{"rendered":"Neues Projekt in Son Sans \u2013 zwischen S&#8217;Alqueria Blanca und Santany\u00ed"},"content":{"rendered":"<p>Dieses au\u00dfergew\u00f6hnliche Grundst\u00fcck liegt in der ruhigen Gegend von Son Sans, zwischen den charmanten D\u00f6rfern S&#8217;Alqueria Blanca und Santany\u00ed, und bietet eine seltene Gelegenheit, ein wundersch\u00f6nes Landhaus an einem der begehrtesten Standorte im S\u00fcdosten Mallorcas zu errichten.<\/p>\n<p>Das Grundst\u00fcck umfasst 15.285 m\u00b2 und bietet einen weiten Blick auf die Landschaft mit Fernblick auf das Meer \u2013 eine ruhige und private Lage inmitten der Natur.<\/p>\n<p>Beim Consell de Mallorca wurde ein Bauantrag zur Genehmigung eingereicht, der den Bau einer eleganten zweist\u00f6ckigen Villa mit einer Wohnfl\u00e4che von 393 m\u00b2 und einer Gesamtbaufl\u00e4che von 533 m\u00b2 vorsieht, einschlie\u00dflich gro\u00dfz\u00fcgiger Terrassen und eines Swimmingpools.<\/p>\n<p>Das Design verbindet modernen Komfort mit mediterranem Stil und nutzt die Ausrichtung des Grundst\u00fccks, die Aussicht und die ruhige Umgebung optimal aus.<\/p>\n<p>Dies ist eine ideale Gelegenheit, eine luxuri\u00f6se Residenz auf dem Land in der N\u00e4he der Str\u00e4nde, Restaurants und Annehmlichkeiten von Santany\u00ed zu schaffen und gleichzeitig die Privatsph\u00e4re des l\u00e4ndlichen Mallorcas zu genie\u00dfen.<\/p>\n","protected":false},"excerpt":{"rendered":"<p>Dieses au\u00dfergew\u00f6hnliche Grundst\u00fcck liegt in der ruhigen Gegend von Son Sans, zwischen den charmanten D\u00f6rfern S&#8217;Alqueria Blanca und Santany\u00ed, und bietet eine seltene Gelegenheit, ein wundersch\u00f6nes Landhaus an einem der begehrtesten Standorte im S\u00fcdosten Mallorcas zu errichten. Das Grundst\u00fcck umfasst 15.285 m\u00b2 und bietet einen weiten Blick auf die Landschaft mit Fernblick auf das Meer&#8230;<\/p>\n","protected":false},"author":1,"featured_media":32806,"parent":0,"menu_order":0,"comment_status":"closed","ping_status":"closed","template":"","property-feature":[],"property-type":[239],"property-location":[240,256],"property-status":[410,241],"class_list":["post-32802","property","type-property","status-publish","has-post-thumbnail","hentry","property-type-landliches-grundstuck","property-city-alqueria-blanca-de","property-city-santanyi-de","property-status-exklusiv-bei-uns","property-status-zum-verkauf"],"property_meta":{"REAL_HOMES_property_price":"650000","REAL_HOMES_property_old_price":"","REAL_HOMES_property_price_prefix":"","REAL_HOMES_property_price_postfix":"","REAL_HOMES_property_size":"533m2","REAL_HOMES_property_size_postfix":"","REAL_HOMES_property_lot_size":"15285m2","REAL_HOMES_property_lot_size_postfix":"","REAL_HOMES_property_bedrooms":"6","REAL_HOMES_property_bathrooms":"5","REAL_HOMES_property_garage":"Garage","REAL_HOMES_property_id":"V4093","REAL_HOMES_property_year_built":"","REAL_HOMES_featured":"0","REAL_HOMES_additional_details_list":[],"rvr_booking_widget_display":"show","rvr_booking_mode":"deferred","rvr_govt_tax":"","rvr_govt_tax_type":"percentage","rvr_govt_tax_calculation":"per_stay","rvr_service_charges":"","rvr_service_charges_type":"percentage","rvr_service_charges_calculation":"per_stay","rvr_guests_capacity":"","rvr_book_child_as":"child","rvr_min_stay":"","rvr_guests_capacity_extend":"not_allowed","rvr_extra_guest_price":"","rvr_property_owner":"0","rvr_bulk_pricing":[],"rvr_seasonal_pricing":[],"rvr_custom_reserved_dates":[],"rvr_additional_fees":[{"rvr_fee_type":"fixed","rvr_fee_calculation":"per_stay"}],"rvr_additional_amenities":[{"price_calculation":"per_stay"}],"rvr_accommodation":[],"rvr_outdoor_features":[],"rvr_surroundings":[],"rvr_included":[],"rvr_not_included":[],"rvr_policies":[],"REAL_HOMES_property_location":{"latitude":"39.372625227504","longitude":"3.1527794933927","zoom":"15"},"REAL_HOMES_property_address":"Cami de sa cover den cabrer","REAL_HOMES_property_map":"0","REAL_HOMES_property_images":[{"width":150,"height":150,"file":"2026\/03\/V4093.jpg","filesize":86774,"sizes":{"medium":{"file":"V4093-300x229.jpg","width":300,"height":229,"mime-type":"image\/jpeg","filesize":23169,"url":"https:\/\/360mallorcaproperty.com\/wp-content\/uploads\/2026\/03\/V4093-300x229.jpg"},"thumbnail":{"file":"V4093-150x150.jpg","width":150,"height":150,"mime-type":"image\/jpeg","filesize":9060,"url":"https:\/\/360mallorcaproperty.com\/wp-content\/uploads\/2026\/03\/V4093-150x150.jpg"},"post-thumbnail":{"file":"V4093-150x114.jpg","width":150,"height":114,"mime-type":"image\/jpeg","filesize":7629,"url":"https:\/\/360mallorcaproperty.com\/wp-content\/uploads\/2026\/03\/V4093-150x114.jpg"},"property-thumb-image":{"file":"V4093-488x326.jpg","width":488,"height":326,"mime-type":"image\/jpeg","filesize":42161,"url":"https:\/\/360mallorcaproperty.com\/wp-content\/uploads\/2026\/03\/V4093-488x326.jpg"},"property-detail-video-image":{"file":"V4093-578x417.jpg","width":578,"height":417,"mime-type":"image\/jpeg","filesize":62288,"url":"https:\/\/360mallorcaproperty.com\/wp-content\/uploads\/2026\/03\/V4093-578x417.jpg"},"agent-image":{"file":"V4093-210x210.jpg","width":210,"height":210,"mime-type":"image\/jpeg","filesize":15749,"url":"https:\/\/360mallorcaproperty.com\/wp-content\/uploads\/2026\/03\/V4093-210x210.jpg"}},"image_meta":{"aperture":"0","credit":"","camera":"","caption":"","created_timestamp":"0","copyright":"","focal_length":"0","iso":"0","shutter_speed":"0","title":"","orientation":"0","keywords":[]},"ID":"32795","name":"V4093.jpg","path":"\/home\/mallorcaproperty\/public_html\/wp-content\/uploads\/2026\/03\/V4093.jpg","url":"https:\/\/360mallorcaproperty.com\/wp-content\/uploads\/2026\/03\/V4093-150x150.jpg","full_url":"https:\/\/360mallorcaproperty.com\/wp-content\/uploads\/2026\/03\/V4093.jpg","title":"V4093","caption":"","description":"","alt":"","srcset":"https:\/\/360mallorcaproperty.com\/wp-content\/uploads\/2026\/03\/V4093-150x150.jpg 150w, https:\/\/360mallorcaproperty.com\/wp-content\/uploads\/2026\/03\/V4093-210x210.jpg 210w"},{"width":150,"height":150,"file":"2026\/03\/V4093-foto-8mts-de-altura.jpg","filesize":137192,"sizes":{"medium":{"file":"V4093-foto-8mts-de-altura-300x157.jpg","width":300,"height":157,"mime-type":"image\/jpeg","filesize":8628,"url":"https:\/\/360mallorcaproperty.com\/wp-content\/uploads\/2026\/03\/V4093-foto-8mts-de-altura-300x157.jpg"},"large":{"file":"V4093-foto-8mts-de-altura-1024x537.jpg","width":1024,"height":537,"mime-type":"image\/jpeg","filesize":61343,"url":"https:\/\/360mallorcaproperty.com\/wp-content\/uploads\/2026\/03\/V4093-foto-8mts-de-altura-1024x537.jpg"},"thumbnail":{"file":"V4093-foto-8mts-de-altura-150x150.jpg","width":150,"height":150,"mime-type":"image\/jpeg","filesize":4650,"url":"https:\/\/360mallorcaproperty.com\/wp-content\/uploads\/2026\/03\/V4093-foto-8mts-de-altura-150x150.jpg"},"medium_large":{"file":"V4093-foto-8mts-de-altura-768x403.jpg","width":768,"height":403,"mime-type":"image\/jpeg","filesize":39921,"url":"https:\/\/360mallorcaproperty.com\/wp-content\/uploads\/2026\/03\/V4093-foto-8mts-de-altura-768x403.jpg"},"post-thumbnail":{"file":"V4093-foto-8mts-de-altura-150x79.jpg","width":150,"height":79,"mime-type":"image\/jpeg","filesize":2985,"url":"https:\/\/360mallorcaproperty.com\/wp-content\/uploads\/2026\/03\/V4093-foto-8mts-de-altura-150x79.jpg"},"modern-property-child-slider":{"file":"V4093-foto-8mts-de-altura-680x510.jpg","width":680,"height":510,"mime-type":"image\/jpeg","filesize":40398,"url":"https:\/\/360mallorcaproperty.com\/wp-content\/uploads\/2026\/03\/V4093-foto-8mts-de-altura-680x510.jpg"},"property-thumb-image":{"file":"V4093-foto-8mts-de-altura-488x326.jpg","width":488,"height":326,"mime-type":"image\/jpeg","filesize":22536,"url":"https:\/\/360mallorcaproperty.com\/wp-content\/uploads\/2026\/03\/V4093-foto-8mts-de-altura-488x326.jpg"},"property-detail-video-image":{"file":"V4093-foto-8mts-de-altura-818x417.jpg","width":818,"height":417,"mime-type":"image\/jpeg","filesize":43247,"url":"https:\/\/360mallorcaproperty.com\/wp-content\/uploads\/2026\/03\/V4093-foto-8mts-de-altura-818x417.jpg"},"agent-image":{"file":"V4093-foto-8mts-de-altura-210x210.jpg","width":210,"height":210,"mime-type":"image\/jpeg","filesize":7983,"url":"https:\/\/360mallorcaproperty.com\/wp-content\/uploads\/2026\/03\/V4093-foto-8mts-de-altura-210x210.jpg"},"partners-logo":{"file":"V4093-foto-8mts-de-altura-600x755.jpg","width":600,"height":755,"mime-type":"image\/jpeg","filesize":45297,"url":"https:\/\/360mallorcaproperty.com\/wp-content\/uploads\/2026\/03\/V4093-foto-8mts-de-altura-600x755.jpg"},"post-featured-image":{"file":"V4093-foto-8mts-de-altura-1240x720.jpg","width":1240,"height":720,"mime-type":"image\/jpeg","filesize":84117,"url":"https:\/\/360mallorcaproperty.com\/wp-content\/uploads\/2026\/03\/V4093-foto-8mts-de-altura-1240x720.jpg"}},"image_meta":{"aperture":"0","credit":"","camera":"","caption":"","created_timestamp":"0","copyright":"","focal_length":"0","iso":"0","shutter_speed":"0","title":"","orientation":"0","keywords":[]},"ID":"32768","name":"V4093-foto-8mts-de-altura.jpg","path":"\/home\/mallorcaproperty\/public_html\/wp-content\/uploads\/2026\/03\/V4093-foto-8mts-de-altura.jpg","url":"https:\/\/360mallorcaproperty.com\/wp-content\/uploads\/2026\/03\/V4093-foto-8mts-de-altura-150x150.jpg","full_url":"https:\/\/360mallorcaproperty.com\/wp-content\/uploads\/2026\/03\/V4093-foto-8mts-de-altura.jpg","title":"V4093 foto 8mts de altura","caption":"","description":"","alt":"","srcset":"https:\/\/360mallorcaproperty.com\/wp-content\/uploads\/2026\/03\/V4093-foto-8mts-de-altura-150x150.jpg 150w, https:\/\/360mallorcaproperty.com\/wp-content\/uploads\/2026\/03\/V4093-foto-8mts-de-altura-210x210.jpg 210w"},{"width":150,"height":150,"file":"2026\/03\/V4093-foto-de-la-finca-80mts.jpg","filesize":296789,"sizes":{"medium":{"file":"V4093-foto-de-la-finca-80mts-300x181.jpg","width":300,"height":181,"mime-type":"image\/jpeg","filesize":20274,"url":"https:\/\/360mallorcaproperty.com\/wp-content\/uploads\/2026\/03\/V4093-foto-de-la-finca-80mts-300x181.jpg"},"large":{"file":"V4093-foto-de-la-finca-80mts-1024x618.jpg","width":1024,"height":618,"mime-type":"image\/jpeg","filesize":148988,"url":"https:\/\/360mallorcaproperty.com\/wp-content\/uploads\/2026\/03\/V4093-foto-de-la-finca-80mts-1024x618.jpg"},"thumbnail":{"file":"V4093-foto-de-la-finca-80mts-150x150.jpg","width":150,"height":150,"mime-type":"image\/jpeg","filesize":9050,"url":"https:\/\/360mallorcaproperty.com\/wp-content\/uploads\/2026\/03\/V4093-foto-de-la-finca-80mts-150x150.jpg"},"medium_large":{"file":"V4093-foto-de-la-finca-80mts-768x463.jpg","width":768,"height":463,"mime-type":"image\/jpeg","filesize":96455,"url":"https:\/\/360mallorcaproperty.com\/wp-content\/uploads\/2026\/03\/V4093-foto-de-la-finca-80mts-768x463.jpg"},"post-thumbnail":{"file":"V4093-foto-de-la-finca-80mts-150x90.jpg","width":150,"height":90,"mime-type":"image\/jpeg","filesize":6050,"url":"https:\/\/360mallorcaproperty.com\/wp-content\/uploads\/2026\/03\/V4093-foto-de-la-finca-80mts-150x90.jpg"},"modern-property-child-slider":{"file":"V4093-foto-de-la-finca-80mts-680x510.jpg","width":680,"height":510,"mime-type":"image\/jpeg","filesize":90552,"url":"https:\/\/360mallorcaproperty.com\/wp-content\/uploads\/2026\/03\/V4093-foto-de-la-finca-80mts-680x510.jpg"},"property-thumb-image":{"file":"V4093-foto-de-la-finca-80mts-488x326.jpg","width":488,"height":326,"mime-type":"image\/jpeg","filesize":50160,"url":"https:\/\/360mallorcaproperty.com\/wp-content\/uploads\/2026\/03\/V4093-foto-de-la-finca-80mts-488x326.jpg"},"property-detail-video-image":{"file":"V4093-foto-de-la-finca-80mts-818x417.jpg","width":818,"height":417,"mime-type":"image\/jpeg","filesize":92213,"url":"https:\/\/360mallorcaproperty.com\/wp-content\/uploads\/2026\/03\/V4093-foto-de-la-finca-80mts-818x417.jpg"},"agent-image":{"file":"V4093-foto-de-la-finca-80mts-210x210.jpg","width":210,"height":210,"mime-type":"image\/jpeg","filesize":16526,"url":"https:\/\/360mallorcaproperty.com\/wp-content\/uploads\/2026\/03\/V4093-foto-de-la-finca-80mts-210x210.jpg"},"partners-logo":{"file":"V4093-foto-de-la-finca-80mts-600x806.jpg","width":600,"height":806,"mime-type":"image\/jpeg","filesize":111210,"url":"https:\/\/360mallorcaproperty.com\/wp-content\/uploads\/2026\/03\/V4093-foto-de-la-finca-80mts-600x806.jpg"},"post-featured-image":{"file":"V4093-foto-de-la-finca-80mts-1240x720.jpg","width":1240,"height":720,"mime-type":"image\/jpeg","filesize":188900,"url":"https:\/\/360mallorcaproperty.com\/wp-content\/uploads\/2026\/03\/V4093-foto-de-la-finca-80mts-1240x720.jpg"}},"image_meta":{"aperture":"0","credit":"","camera":"","caption":"","created_timestamp":"0","copyright":"","focal_length":"0","iso":"0","shutter_speed":"0","title":"","orientation":"0","keywords":[]},"ID":"32771","name":"V4093-foto-de-la-finca-80mts.jpg","path":"\/home\/mallorcaproperty\/public_html\/wp-content\/uploads\/2026\/03\/V4093-foto-de-la-finca-80mts.jpg","url":"https:\/\/360mallorcaproperty.com\/wp-content\/uploads\/2026\/03\/V4093-foto-de-la-finca-80mts-150x150.jpg","full_url":"https:\/\/360mallorcaproperty.com\/wp-content\/uploads\/2026\/03\/V4093-foto-de-la-finca-80mts.jpg","title":"V4093 foto de la finca 80mts","caption":"","description":"","alt":"","srcset":"https:\/\/360mallorcaproperty.com\/wp-content\/uploads\/2026\/03\/V4093-foto-de-la-finca-80mts-150x150.jpg 150w, https:\/\/360mallorcaproperty.com\/wp-content\/uploads\/2026\/03\/V4093-foto-de-la-finca-80mts-210x210.jpg 210w"},{"width":150,"height":150,"file":"2026\/03\/Plano-de-la-finca.jpg","filesize":340038,"sizes":{"medium":{"file":"Plano-de-la-finca-300x202.jpg","width":300,"height":202,"mime-type":"image\/jpeg","filesize":16575,"url":"https:\/\/360mallorcaproperty.com\/wp-content\/uploads\/2026\/03\/Plano-de-la-finca-300x202.jpg"},"large":{"file":"Plano-de-la-finca-1024x691.jpg","width":1024,"height":691,"mime-type":"image\/jpeg","filesize":162670,"url":"https:\/\/360mallorcaproperty.com\/wp-content\/uploads\/2026\/03\/Plano-de-la-finca-1024x691.jpg"},"thumbnail":{"file":"Plano-de-la-finca-150x150.jpg","width":150,"height":150,"mime-type":"image\/jpeg","filesize":6570,"url":"https:\/\/360mallorcaproperty.com\/wp-content\/uploads\/2026\/03\/Plano-de-la-finca-150x150.jpg"},"medium_large":{"file":"Plano-de-la-finca-768x518.jpg","width":768,"height":518,"mime-type":"image\/jpeg","filesize":96137,"url":"https:\/\/360mallorcaproperty.com\/wp-content\/uploads\/2026\/03\/Plano-de-la-finca-768x518.jpg"},"post-thumbnail":{"file":"Plano-de-la-finca-150x101.jpg","width":150,"height":101,"mime-type":"image\/jpeg","filesize":4752,"url":"https:\/\/360mallorcaproperty.com\/wp-content\/uploads\/2026\/03\/Plano-de-la-finca-150x101.jpg"},"modern-property-child-slider":{"file":"Plano-de-la-finca-680x510.jpg","width":680,"height":510,"mime-type":"image\/jpeg","filesize":86177,"url":"https:\/\/360mallorcaproperty.com\/wp-content\/uploads\/2026\/03\/Plano-de-la-finca-680x510.jpg"},"property-thumb-image":{"file":"Plano-de-la-finca-488x326.jpg","width":488,"height":326,"mime-type":"image\/jpeg","filesize":39946,"url":"https:\/\/360mallorcaproperty.com\/wp-content\/uploads\/2026\/03\/Plano-de-la-finca-488x326.jpg"},"property-detail-video-image":{"file":"Plano-de-la-finca-818x417.jpg","width":818,"height":417,"mime-type":"image\/jpeg","filesize":79717,"url":"https:\/\/360mallorcaproperty.com\/wp-content\/uploads\/2026\/03\/Plano-de-la-finca-818x417.jpg"},"agent-image":{"file":"Plano-de-la-finca-210x210.jpg","width":210,"height":210,"mime-type":"image\/jpeg","filesize":12046,"url":"https:\/\/360mallorcaproperty.com\/wp-content\/uploads\/2026\/03\/Plano-de-la-finca-210x210.jpg"},"partners-logo":{"file":"Plano-de-la-finca-600x847.jpg","width":600,"height":847,"mime-type":"image\/jpeg","filesize":123576,"url":"https:\/\/360mallorcaproperty.com\/wp-content\/uploads\/2026\/03\/Plano-de-la-finca-600x847.jpg"},"post-featured-image":{"file":"Plano-de-la-finca-1240x720.jpg","width":1240,"height":720,"mime-type":"image\/jpeg","filesize":194056,"url":"https:\/\/360mallorcaproperty.com\/wp-content\/uploads\/2026\/03\/Plano-de-la-finca-1240x720.jpg"}},"image_meta":{"aperture":"0","credit":"","camera":"","caption":"","created_timestamp":"0","copyright":"","focal_length":"0","iso":"0","shutter_speed":"0","title":"","orientation":"0","keywords":[]},"ID":"32777","name":"Plano-de-la-finca.jpg","path":"\/home\/mallorcaproperty\/public_html\/wp-content\/uploads\/2026\/03\/Plano-de-la-finca.jpg","url":"https:\/\/360mallorcaproperty.com\/wp-content\/uploads\/2026\/03\/Plano-de-la-finca-150x150.jpg","full_url":"https:\/\/360mallorcaproperty.com\/wp-content\/uploads\/2026\/03\/Plano-de-la-finca.jpg","title":"Plano de la finca","caption":"","description":"","alt":"","srcset":"https:\/\/360mallorcaproperty.com\/wp-content\/uploads\/2026\/03\/Plano-de-la-finca-150x150.jpg 150w, https:\/\/360mallorcaproperty.com\/wp-content\/uploads\/2026\/03\/Plano-de-la-finca-210x210.jpg 210w"},{"width":150,"height":150,"file":"2026\/03\/Plant-baja-y-planta-piso.jpg","filesize":286979,"sizes":{"medium":{"file":"Plant-baja-y-planta-piso-300x234.jpg","width":300,"height":234,"mime-type":"image\/jpeg","filesize":20446,"url":"https:\/\/360mallorcaproperty.com\/wp-content\/uploads\/2026\/03\/Plant-baja-y-planta-piso-300x234.jpg"},"large":{"file":"Plant-baja-y-planta-piso-1024x797.jpg","width":1024,"height":797,"mime-type":"image\/jpeg","filesize":179237,"url":"https:\/\/360mallorcaproperty.com\/wp-content\/uploads\/2026\/03\/Plant-baja-y-planta-piso-1024x797.jpg"},"thumbnail":{"file":"Plant-baja-y-planta-piso-150x150.jpg","width":150,"height":150,"mime-type":"image\/jpeg","filesize":7480,"url":"https:\/\/360mallorcaproperty.com\/wp-content\/uploads\/2026\/03\/Plant-baja-y-planta-piso-150x150.jpg"},"medium_large":{"file":"Plant-baja-y-planta-piso-768x598.jpg","width":768,"height":598,"mime-type":"image\/jpeg","filesize":113587,"url":"https:\/\/360mallorcaproperty.com\/wp-content\/uploads\/2026\/03\/Plant-baja-y-planta-piso-768x598.jpg"},"post-thumbnail":{"file":"Plant-baja-y-planta-piso-150x117.jpg","width":150,"height":117,"mime-type":"image\/jpeg","filesize":5788,"url":"https:\/\/360mallorcaproperty.com\/wp-content\/uploads\/2026\/03\/Plant-baja-y-planta-piso-150x117.jpg"},"modern-property-child-slider":{"file":"Plant-baja-y-planta-piso-680x510.jpg","width":680,"height":510,"mime-type":"image\/jpeg","filesize":88798,"url":"https:\/\/360mallorcaproperty.com\/wp-content\/uploads\/2026\/03\/Plant-baja-y-planta-piso-680x510.jpg"},"property-thumb-image":{"file":"Plant-baja-y-planta-piso-488x326.jpg","width":488,"height":326,"mime-type":"image\/jpeg","filesize":44692,"url":"https:\/\/360mallorcaproperty.com\/wp-content\/uploads\/2026\/03\/Plant-baja-y-planta-piso-488x326.jpg"},"property-detail-video-image":{"file":"Plant-baja-y-planta-piso-818x417.jpg","width":818,"height":417,"mime-type":"image\/jpeg","filesize":89515,"url":"https:\/\/360mallorcaproperty.com\/wp-content\/uploads\/2026\/03\/Plant-baja-y-planta-piso-818x417.jpg"},"agent-image":{"file":"Plant-baja-y-planta-piso-210x210.jpg","width":210,"height":210,"mime-type":"image\/jpeg","filesize":13830,"url":"https:\/\/360mallorcaproperty.com\/wp-content\/uploads\/2026\/03\/Plant-baja-y-planta-piso-210x210.jpg"},"partners-logo":{"file":"Plant-baja-y-planta-piso-600x852.jpg","width":600,"height":852,"mime-type":"image\/jpeg","filesize":134626,"url":"https:\/\/360mallorcaproperty.com\/wp-content\/uploads\/2026\/03\/Plant-baja-y-planta-piso-600x852.jpg"},"post-featured-image":{"file":"Plant-baja-y-planta-piso-1094x720.jpg","width":1094,"height":720,"mime-type":"image\/jpeg","filesize":203838,"url":"https:\/\/360mallorcaproperty.com\/wp-content\/uploads\/2026\/03\/Plant-baja-y-planta-piso-1094x720.jpg"}},"image_meta":{"aperture":"0","credit":"","camera":"","caption":"","created_timestamp":"0","copyright":"","focal_length":"0","iso":"0","shutter_speed":"0","title":"","orientation":"0","keywords":[]},"ID":"32780","name":"Plant-baja-y-planta-piso.jpg","path":"\/home\/mallorcaproperty\/public_html\/wp-content\/uploads\/2026\/03\/Plant-baja-y-planta-piso.jpg","url":"https:\/\/360mallorcaproperty.com\/wp-content\/uploads\/2026\/03\/Plant-baja-y-planta-piso-150x150.jpg","full_url":"https:\/\/360mallorcaproperty.com\/wp-content\/uploads\/2026\/03\/Plant-baja-y-planta-piso.jpg","title":"Plant baja y planta piso","caption":"","description":"","alt":"","srcset":"https:\/\/360mallorcaproperty.com\/wp-content\/uploads\/2026\/03\/Plant-baja-y-planta-piso-150x150.jpg 150w, https:\/\/360mallorcaproperty.com\/wp-content\/uploads\/2026\/03\/Plant-baja-y-planta-piso-210x210.jpg 210w"},{"width":150,"height":150,"file":"2026\/03\/Piscina.jpg","filesize":243393,"sizes":{"medium":{"file":"Piscina-300x210.jpg","width":300,"height":210,"mime-type":"image\/jpeg","filesize":14257,"url":"https:\/\/360mallorcaproperty.com\/wp-content\/uploads\/2026\/03\/Piscina-300x210.jpg"},"large":{"file":"Piscina-1024x716.jpg","width":1024,"height":716,"mime-type":"image\/jpeg","filesize":126178,"url":"https:\/\/360mallorcaproperty.com\/wp-content\/uploads\/2026\/03\/Piscina-1024x716.jpg"},"thumbnail":{"file":"Piscina-150x150.jpg","width":150,"height":150,"mime-type":"image\/jpeg","filesize":5712,"url":"https:\/\/360mallorcaproperty.com\/wp-content\/uploads\/2026\/03\/Piscina-150x150.jpg"},"medium_large":{"file":"Piscina-768x537.jpg","width":768,"height":537,"mime-type":"image\/jpeg","filesize":76012,"url":"https:\/\/360mallorcaproperty.com\/wp-content\/uploads\/2026\/03\/Piscina-768x537.jpg"},"post-thumbnail":{"file":"Piscina-150x105.jpg","width":150,"height":105,"mime-type":"image\/jpeg","filesize":4470,"url":"https:\/\/360mallorcaproperty.com\/wp-content\/uploads\/2026\/03\/Piscina-150x105.jpg"},"modern-property-child-slider":{"file":"Piscina-680x510.jpg","width":680,"height":510,"mime-type":"image\/jpeg","filesize":65892,"url":"https:\/\/360mallorcaproperty.com\/wp-content\/uploads\/2026\/03\/Piscina-680x510.jpg"},"property-thumb-image":{"file":"Piscina-488x326.jpg","width":488,"height":326,"mime-type":"image\/jpeg","filesize":33413,"url":"https:\/\/360mallorcaproperty.com\/wp-content\/uploads\/2026\/03\/Piscina-488x326.jpg"},"property-detail-video-image":{"file":"Piscina-818x417.jpg","width":818,"height":417,"mime-type":"image\/jpeg","filesize":64855,"url":"https:\/\/360mallorcaproperty.com\/wp-content\/uploads\/2026\/03\/Piscina-818x417.jpg"},"agent-image":{"file":"Piscina-210x210.jpg","width":210,"height":210,"mime-type":"image\/jpeg","filesize":9879,"url":"https:\/\/360mallorcaproperty.com\/wp-content\/uploads\/2026\/03\/Piscina-210x210.jpg"},"partners-logo":{"file":"Piscina-600x871.jpg","width":600,"height":871,"mime-type":"image\/jpeg","filesize":100387,"url":"https:\/\/360mallorcaproperty.com\/wp-content\/uploads\/2026\/03\/Piscina-600x871.jpg"},"post-featured-image":{"file":"Piscina-1240x720.jpg","width":1240,"height":720,"mime-type":"image\/jpeg","filesize":150368,"url":"https:\/\/360mallorcaproperty.com\/wp-content\/uploads\/2026\/03\/Piscina-1240x720.jpg"}},"image_meta":{"aperture":"0","credit":"","camera":"","caption":"","created_timestamp":"0","copyright":"","focal_length":"0","iso":"0","shutter_speed":"0","title":"","orientation":"0","keywords":[]},"ID":"32774","name":"Piscina.jpg","path":"\/home\/mallorcaproperty\/public_html\/wp-content\/uploads\/2026\/03\/Piscina.jpg","url":"https:\/\/360mallorcaproperty.com\/wp-content\/uploads\/2026\/03\/Piscina-150x150.jpg","full_url":"https:\/\/360mallorcaproperty.com\/wp-content\/uploads\/2026\/03\/Piscina.jpg","title":"Piscina","caption":"","description":"","alt":"","srcset":"https:\/\/360mallorcaproperty.com\/wp-content\/uploads\/2026\/03\/Piscina-150x150.jpg 150w, https:\/\/360mallorcaproperty.com\/wp-content\/uploads\/2026\/03\/Piscina-210x210.jpg 210w"},{"width":150,"height":150,"file":"2026\/03\/Alzado-seccion.jpg","filesize":244920,"sizes":{"medium":{"file":"Alzado-seccion-300x230.jpg","width":300,"height":230,"mime-type":"image\/jpeg","filesize":15261,"url":"https:\/\/360mallorcaproperty.com\/wp-content\/uploads\/2026\/03\/Alzado-seccion-300x230.jpg"},"large":{"file":"Alzado-seccion-1024x786.jpg","width":1024,"height":786,"mime-type":"image\/jpeg","filesize":135684,"url":"https:\/\/360mallorcaproperty.com\/wp-content\/uploads\/2026\/03\/Alzado-seccion-1024x786.jpg"},"thumbnail":{"file":"Alzado-seccion-150x150.jpg","width":150,"height":150,"mime-type":"image\/jpeg","filesize":6348,"url":"https:\/\/360mallorcaproperty.com\/wp-content\/uploads\/2026\/03\/Alzado-seccion-150x150.jpg"},"medium_large":{"file":"Alzado-seccion-768x589.jpg","width":768,"height":589,"mime-type":"image\/jpeg","filesize":83687,"url":"https:\/\/360mallorcaproperty.com\/wp-content\/uploads\/2026\/03\/Alzado-seccion-768x589.jpg"},"post-thumbnail":{"file":"Alzado-seccion-150x115.jpg","width":150,"height":115,"mime-type":"image\/jpeg","filesize":5202,"url":"https:\/\/360mallorcaproperty.com\/wp-content\/uploads\/2026\/03\/Alzado-seccion-150x115.jpg"},"modern-property-child-slider":{"file":"Alzado-seccion-680x510.jpg","width":680,"height":510,"mime-type":"image\/jpeg","filesize":64588,"url":"https:\/\/360mallorcaproperty.com\/wp-content\/uploads\/2026\/03\/Alzado-seccion-680x510.jpg"},"property-thumb-image":{"file":"Alzado-seccion-488x326.jpg","width":488,"height":326,"mime-type":"image\/jpeg","filesize":31212,"url":"https:\/\/360mallorcaproperty.com\/wp-content\/uploads\/2026\/03\/Alzado-seccion-488x326.jpg"},"property-detail-video-image":{"file":"Alzado-seccion-818x417.jpg","width":818,"height":417,"mime-type":"image\/jpeg","filesize":58159,"url":"https:\/\/360mallorcaproperty.com\/wp-content\/uploads\/2026\/03\/Alzado-seccion-818x417.jpg"},"agent-image":{"file":"Alzado-seccion-210x210.jpg","width":210,"height":210,"mime-type":"image\/jpeg","filesize":10943,"url":"https:\/\/360mallorcaproperty.com\/wp-content\/uploads\/2026\/03\/Alzado-seccion-210x210.jpg"},"partners-logo":{"file":"Alzado-seccion-600x891.jpg","width":600,"height":891,"mime-type":"image\/jpeg","filesize":108347,"url":"https:\/\/360mallorcaproperty.com\/wp-content\/uploads\/2026\/03\/Alzado-seccion-600x891.jpg"},"post-featured-image":{"file":"Alzado-seccion-1161x720.jpg","width":1161,"height":720,"mime-type":"image\/jpeg","filesize":154137,"url":"https:\/\/360mallorcaproperty.com\/wp-content\/uploads\/2026\/03\/Alzado-seccion-1161x720.jpg"}},"image_meta":{"aperture":"0","credit":"","camera":"","caption":"","created_timestamp":"0","copyright":"","focal_length":"0","iso":"0","shutter_speed":"0","title":"","orientation":"0","keywords":[]},"ID":"32783","name":"Alzado-seccion.jpg","path":"\/home\/mallorcaproperty\/public_html\/wp-content\/uploads\/2026\/03\/Alzado-seccion.jpg","url":"https:\/\/360mallorcaproperty.com\/wp-content\/uploads\/2026\/03\/Alzado-seccion-150x150.jpg","full_url":"https:\/\/360mallorcaproperty.com\/wp-content\/uploads\/2026\/03\/Alzado-seccion.jpg","title":"Alzado seccion","caption":"","description":"","alt":"","srcset":"https:\/\/360mallorcaproperty.com\/wp-content\/uploads\/2026\/03\/Alzado-seccion-150x150.jpg 150w, https:\/\/360mallorcaproperty.com\/wp-content\/uploads\/2026\/03\/Alzado-seccion-210x210.jpg 210w"},{"width":150,"height":150,"file":"2026\/03\/Alzado.jpg","filesize":191599,"sizes":{"medium":{"file":"Alzado-300x232.jpg","width":300,"height":232,"mime-type":"image\/jpeg","filesize":12224,"url":"https:\/\/360mallorcaproperty.com\/wp-content\/uploads\/2026\/03\/Alzado-300x232.jpg"},"large":{"file":"Alzado-1024x791.jpg","width":1024,"height":791,"mime-type":"image\/jpeg","filesize":119678,"url":"https:\/\/360mallorcaproperty.com\/wp-content\/uploads\/2026\/03\/Alzado-1024x791.jpg"},"thumbnail":{"file":"Alzado-150x150.jpg","width":150,"height":150,"mime-type":"image\/jpeg","filesize":5010,"url":"https:\/\/360mallorcaproperty.com\/wp-content\/uploads\/2026\/03\/Alzado-150x150.jpg"},"medium_large":{"file":"Alzado-768x594.jpg","width":768,"height":594,"mime-type":"image\/jpeg","filesize":71033,"url":"https:\/\/360mallorcaproperty.com\/wp-content\/uploads\/2026\/03\/Alzado-768x594.jpg"},"post-thumbnail":{"file":"Alzado-150x116.jpg","width":150,"height":116,"mime-type":"image\/jpeg","filesize":3525,"url":"https:\/\/360mallorcaproperty.com\/wp-content\/uploads\/2026\/03\/Alzado-150x116.jpg"},"modern-property-child-slider":{"file":"Alzado-680x510.jpg","width":680,"height":510,"mime-type":"image\/jpeg","filesize":57055,"url":"https:\/\/360mallorcaproperty.com\/wp-content\/uploads\/2026\/03\/Alzado-680x510.jpg"},"property-thumb-image":{"file":"Alzado-488x326.jpg","width":488,"height":326,"mime-type":"image\/jpeg","filesize":30521,"url":"https:\/\/360mallorcaproperty.com\/wp-content\/uploads\/2026\/03\/Alzado-488x326.jpg"},"property-detail-video-image":{"file":"Alzado-818x417.jpg","width":818,"height":417,"mime-type":"image\/jpeg","filesize":61619,"url":"https:\/\/360mallorcaproperty.com\/wp-content\/uploads\/2026\/03\/Alzado-818x417.jpg"},"agent-image":{"file":"Alzado-210x210.jpg","width":210,"height":210,"mime-type":"image\/jpeg","filesize":9834,"url":"https:\/\/360mallorcaproperty.com\/wp-content\/uploads\/2026\/03\/Alzado-210x210.jpg"},"partners-logo":{"file":"Alzado-600x834.jpg","width":600,"height":834,"mime-type":"image\/jpeg","filesize":120204,"url":"https:\/\/360mallorcaproperty.com\/wp-content\/uploads\/2026\/03\/Alzado-600x834.jpg"},"post-featured-image":{"file":"Alzado-1079x720.jpg","width":1079,"height":720,"mime-type":"image\/jpeg","filesize":154777,"url":"https:\/\/360mallorcaproperty.com\/wp-content\/uploads\/2026\/03\/Alzado-1079x720.jpg"}},"image_meta":{"aperture":"0","credit":"","camera":"","caption":"","created_timestamp":"0","copyright":"","focal_length":"0","iso":"0","shutter_speed":"0","title":"","orientation":"0","keywords":[]},"ID":"32786","name":"Alzado.jpg","path":"\/home\/mallorcaproperty\/public_html\/wp-content\/uploads\/2026\/03\/Alzado.jpg","url":"https:\/\/360mallorcaproperty.com\/wp-content\/uploads\/2026\/03\/Alzado-150x150.jpg","full_url":"https:\/\/360mallorcaproperty.com\/wp-content\/uploads\/2026\/03\/Alzado.jpg","title":"Alzado","caption":"","description":"","alt":"","srcset":"https:\/\/360mallorcaproperty.com\/wp-content\/uploads\/2026\/03\/Alzado-150x150.jpg 150w, https:\/\/360mallorcaproperty.com\/wp-content\/uploads\/2026\/03\/Alzado-210x210.jpg 210w"},{"width":150,"height":150,"file":"2026\/03\/Edificacion-existente-a-demoler.jpg","filesize":198299,"sizes":{"medium":{"file":"Edificacion-existente-a-demoler-300x210.jpg","width":300,"height":210,"mime-type":"image\/jpeg","filesize":12182,"url":"https:\/\/360mallorcaproperty.com\/wp-content\/uploads\/2026\/03\/Edificacion-existente-a-demoler-300x210.jpg"},"large":{"file":"Edificacion-existente-a-demoler-1024x718.jpg","width":1024,"height":718,"mime-type":"image\/jpeg","filesize":98453,"url":"https:\/\/360mallorcaproperty.com\/wp-content\/uploads\/2026\/03\/Edificacion-existente-a-demoler-1024x718.jpg"},"thumbnail":{"file":"Edificacion-existente-a-demoler-150x150.jpg","width":150,"height":150,"mime-type":"image\/jpeg","filesize":5445,"url":"https:\/\/360mallorcaproperty.com\/wp-content\/uploads\/2026\/03\/Edificacion-existente-a-demoler-150x150.jpg"},"medium_large":{"file":"Edificacion-existente-a-demoler-768x538.jpg","width":768,"height":538,"mime-type":"image\/jpeg","filesize":60164,"url":"https:\/\/360mallorcaproperty.com\/wp-content\/uploads\/2026\/03\/Edificacion-existente-a-demoler-768x538.jpg"},"post-thumbnail":{"file":"Edificacion-existente-a-demoler-150x105.jpg","width":150,"height":105,"mime-type":"image\/jpeg","filesize":4082,"url":"https:\/\/360mallorcaproperty.com\/wp-content\/uploads\/2026\/03\/Edificacion-existente-a-demoler-150x105.jpg"},"modern-property-child-slider":{"file":"Edificacion-existente-a-demoler-680x510.jpg","width":680,"height":510,"mime-type":"image\/jpeg","filesize":51570,"url":"https:\/\/360mallorcaproperty.com\/wp-content\/uploads\/2026\/03\/Edificacion-existente-a-demoler-680x510.jpg"},"property-thumb-image":{"file":"Edificacion-existente-a-demoler-488x326.jpg","width":488,"height":326,"mime-type":"image\/jpeg","filesize":25416,"url":"https:\/\/360mallorcaproperty.com\/wp-content\/uploads\/2026\/03\/Edificacion-existente-a-demoler-488x326.jpg"},"property-detail-video-image":{"file":"Edificacion-existente-a-demoler-818x417.jpg","width":818,"height":417,"mime-type":"image\/jpeg","filesize":45088,"url":"https:\/\/360mallorcaproperty.com\/wp-content\/uploads\/2026\/03\/Edificacion-existente-a-demoler-818x417.jpg"},"agent-image":{"file":"Edificacion-existente-a-demoler-210x210.jpg","width":210,"height":210,"mime-type":"image\/jpeg","filesize":9188,"url":"https:\/\/360mallorcaproperty.com\/wp-content\/uploads\/2026\/03\/Edificacion-existente-a-demoler-210x210.jpg"},"partners-logo":{"file":"Edificacion-existente-a-demoler-600x877.jpg","width":600,"height":877,"mime-type":"image\/jpeg","filesize":83587,"url":"https:\/\/360mallorcaproperty.com\/wp-content\/uploads\/2026\/03\/Edificacion-existente-a-demoler-600x877.jpg"},"post-featured-image":{"file":"Edificacion-existente-a-demoler-1240x720.jpg","width":1240,"height":720,"mime-type":"image\/jpeg","filesize":107956,"url":"https:\/\/360mallorcaproperty.com\/wp-content\/uploads\/2026\/03\/Edificacion-existente-a-demoler-1240x720.jpg"}},"image_meta":{"aperture":"0","credit":"","camera":"","caption":"","created_timestamp":"0","copyright":"","focal_length":"0","iso":"0","shutter_speed":"0","title":"","orientation":"0","keywords":[]},"ID":"32789","name":"Edificacion-existente-a-demoler.jpg","path":"\/home\/mallorcaproperty\/public_html\/wp-content\/uploads\/2026\/03\/Edificacion-existente-a-demoler.jpg","url":"https:\/\/360mallorcaproperty.com\/wp-content\/uploads\/2026\/03\/Edificacion-existente-a-demoler-150x150.jpg","full_url":"https:\/\/360mallorcaproperty.com\/wp-content\/uploads\/2026\/03\/Edificacion-existente-a-demoler.jpg","title":"Edificacion existente a demoler","caption":"","description":"","alt":"","srcset":"https:\/\/360mallorcaproperty.com\/wp-content\/uploads\/2026\/03\/Edificacion-existente-a-demoler-150x150.jpg 150w, https:\/\/360mallorcaproperty.com\/wp-content\/uploads\/2026\/03\/Edificacion-existente-a-demoler-210x210.jpg 210w"},{"width":150,"height":150,"file":"2026\/03\/Garaje.jpg","filesize":153816,"sizes":{"medium":{"file":"Garaje-300x212.jpg","width":300,"height":212,"mime-type":"image\/jpeg","filesize":8583,"url":"https:\/\/360mallorcaproperty.com\/wp-content\/uploads\/2026\/03\/Garaje-300x212.jpg"},"large":{"file":"Garaje-1024x722.jpg","width":1024,"height":722,"mime-type":"image\/jpeg","filesize":79064,"url":"https:\/\/360mallorcaproperty.com\/wp-content\/uploads\/2026\/03\/Garaje-1024x722.jpg"},"thumbnail":{"file":"Garaje-150x150.jpg","width":150,"height":150,"mime-type":"image\/jpeg","filesize":3729,"url":"https:\/\/360mallorcaproperty.com\/wp-content\/uploads\/2026\/03\/Garaje-150x150.jpg"},"medium_large":{"file":"Garaje-768x542.jpg","width":768,"height":542,"mime-type":"image\/jpeg","filesize":46172,"url":"https:\/\/360mallorcaproperty.com\/wp-content\/uploads\/2026\/03\/Garaje-768x542.jpg"},"post-thumbnail":{"file":"Garaje-150x106.jpg","width":150,"height":106,"mime-type":"image\/jpeg","filesize":3047,"url":"https:\/\/360mallorcaproperty.com\/wp-content\/uploads\/2026\/03\/Garaje-150x106.jpg"},"modern-property-child-slider":{"file":"Garaje-680x510.jpg","width":680,"height":510,"mime-type":"image\/jpeg","filesize":39811,"url":"https:\/\/360mallorcaproperty.com\/wp-content\/uploads\/2026\/03\/Garaje-680x510.jpg"},"property-thumb-image":{"file":"Garaje-488x326.jpg","width":488,"height":326,"mime-type":"image\/jpeg","filesize":19625,"url":"https:\/\/360mallorcaproperty.com\/wp-content\/uploads\/2026\/03\/Garaje-488x326.jpg"},"property-detail-video-image":{"file":"Garaje-818x417.jpg","width":818,"height":417,"mime-type":"image\/jpeg","filesize":48619,"url":"https:\/\/360mallorcaproperty.com\/wp-content\/uploads\/2026\/03\/Garaje-818x417.jpg"},"agent-image":{"file":"Garaje-210x210.jpg","width":210,"height":210,"mime-type":"image\/jpeg","filesize":6120,"url":"https:\/\/360mallorcaproperty.com\/wp-content\/uploads\/2026\/03\/Garaje-210x210.jpg"},"partners-logo":{"file":"Garaje-600x862.jpg","width":600,"height":862,"mime-type":"image\/jpeg","filesize":56615,"url":"https:\/\/360mallorcaproperty.com\/wp-content\/uploads\/2026\/03\/Garaje-600x862.jpg"},"post-featured-image":{"file":"Garaje-1222x720.jpg","width":1222,"height":720,"mime-type":"image\/jpeg","filesize":119744,"url":"https:\/\/360mallorcaproperty.com\/wp-content\/uploads\/2026\/03\/Garaje-1222x720.jpg"}},"image_meta":{"aperture":"0","credit":"","camera":"","caption":"","created_timestamp":"0","copyright":"","focal_length":"0","iso":"0","shutter_speed":"0","title":"","orientation":"0","keywords":[]},"ID":"32792","name":"Garaje.jpg","path":"\/home\/mallorcaproperty\/public_html\/wp-content\/uploads\/2026\/03\/Garaje.jpg","url":"https:\/\/360mallorcaproperty.com\/wp-content\/uploads\/2026\/03\/Garaje-150x150.jpg","full_url":"https:\/\/360mallorcaproperty.com\/wp-content\/uploads\/2026\/03\/Garaje.jpg","title":"Garaje","caption":"","description":"","alt":"","srcset":"https:\/\/360mallorcaproperty.com\/wp-content\/uploads\/2026\/03\/Garaje-150x150.jpg 150w, https:\/\/360mallorcaproperty.com\/wp-content\/uploads\/2026\/03\/Garaje-210x210.jpg 210w"},{"width":150,"height":150,"file":"2026\/03\/Vista-.jpg","filesize":126972,"sizes":{"medium":{"file":"Vista--300x118.jpg","width":300,"height":118,"mime-type":"image\/jpeg","filesize":8453,"url":"https:\/\/360mallorcaproperty.com\/wp-content\/uploads\/2026\/03\/Vista--300x118.jpg"},"large":{"file":"Vista--1024x402.jpg","width":1024,"height":402,"mime-type":"image\/jpeg","filesize":57572,"url":"https:\/\/360mallorcaproperty.com\/wp-content\/uploads\/2026\/03\/Vista--1024x402.jpg"},"thumbnail":{"file":"Vista--150x150.jpg","width":150,"height":150,"mime-type":"image\/jpeg","filesize":5386,"url":"https:\/\/360mallorcaproperty.com\/wp-content\/uploads\/2026\/03\/Vista--150x150.jpg"},"medium_large":{"file":"Vista--768x302.jpg","width":768,"height":302,"mime-type":"image\/jpeg","filesize":37364,"url":"https:\/\/360mallorcaproperty.com\/wp-content\/uploads\/2026\/03\/Vista--768x302.jpg"},"post-thumbnail":{"file":"Vista--150x59.jpg","width":150,"height":59,"mime-type":"image\/jpeg","filesize":2939,"url":"https:\/\/360mallorcaproperty.com\/wp-content\/uploads\/2026\/03\/Vista--150x59.jpg"},"modern-property-child-slider":{"file":"Vista--680x510.jpg","width":680,"height":510,"mime-type":"image\/jpeg","filesize":42995,"url":"https:\/\/360mallorcaproperty.com\/wp-content\/uploads\/2026\/03\/Vista--680x510.jpg"},"property-thumb-image":{"file":"Vista--488x326.jpg","width":488,"height":326,"mime-type":"image\/jpeg","filesize":25360,"url":"https:\/\/360mallorcaproperty.com\/wp-content\/uploads\/2026\/03\/Vista--488x326.jpg"},"property-detail-video-image":{"file":"Vista--818x417.jpg","width":818,"height":417,"mime-type":"image\/jpeg","filesize":47497,"url":"https:\/\/360mallorcaproperty.com\/wp-content\/uploads\/2026\/03\/Vista--818x417.jpg"},"agent-image":{"file":"Vista--210x210.jpg","width":210,"height":210,"mime-type":"image\/jpeg","filesize":9165,"url":"https:\/\/360mallorcaproperty.com\/wp-content\/uploads\/2026\/03\/Vista--210x210.jpg"},"partners-logo":{"file":"Vista--600x567.jpg","width":600,"height":567,"mime-type":"image\/jpeg","filesize":41360,"url":"https:\/\/360mallorcaproperty.com\/wp-content\/uploads\/2026\/03\/Vista--600x567.jpg"},"post-featured-image":{"file":"Vista--1240x567.jpg","width":1240,"height":567,"mime-type":"image\/jpeg","filesize":83629,"url":"https:\/\/360mallorcaproperty.com\/wp-content\/uploads\/2026\/03\/Vista--1240x567.jpg"}},"image_meta":{"aperture":"0","credit":"","camera":"","caption":"","created_timestamp":"0","copyright":"","focal_length":"0","iso":"0","shutter_speed":"0","title":"","orientation":"0","keywords":[]},"ID":"32807","name":"Vista-.jpg","path":"\/home\/mallorcaproperty\/public_html\/wp-content\/uploads\/2026\/03\/Vista-.jpg","url":"https:\/\/360mallorcaproperty.com\/wp-content\/uploads\/2026\/03\/Vista--150x150.jpg","full_url":"https:\/\/360mallorcaproperty.com\/wp-content\/uploads\/2026\/03\/Vista-.jpg","title":"Vista","caption":"","description":"","alt":"","srcset":"https:\/\/360mallorcaproperty.com\/wp-content\/uploads\/2026\/03\/Vista--150x150.jpg 150w, https:\/\/360mallorcaproperty.com\/wp-content\/uploads\/2026\/03\/Vista--210x210.jpg 210w"}],"REAL_HOMES_change_gallery_slider_type":"0","REAL_HOMES_gallery_slider_type":"thumb-on-right","inspiry_floor_plans":[],"inspiry_video_group":[],"REAL_HOMES_360_virtual_tour":"","REAL_HOMES_agent_display_option":"none","REAL_HOMES_agents":[],"REAL_HOMES_energy_class":"none","REAL_HOMES_energy_performance":"","REAL_HOMES_epc_current_rating":"","REAL_HOMES_epc_potential_rating":"","ere_property_schedule_tour":"global","ere_property_schedule_time_slots":"","ere_property_schedule_description":"","REAL_HOMES_sticky":"0","inspiry_property_label":"","inspiry_property_label_color":"","inspiry_property_tax":"0","inspiry_additional_fee":"0","REAL_HOMES_attachments":[],"inspiry_property_owner_name":"","inspiry_property_owner_contact":"","inspiry_property_owner_address":"","REAL_HOMES_property_private_note":"","inspiry_message_to_reviewer":"","REAL_HOMES_add_in_slider":"no","REAL_HOMES_slider_image":[],"REAL_HOMES_page_banner_image":[],"REAL_HOMES_hide_property_advance_search":"0","inspiry_offmarket":[],"REAL_HOMES_custom_header_display":"default","REAL_HOMES_custom_header_position":"relative","REAL_HOMES_custom_footer_display":"default","REAL_HOMES_hide_advance_search":"0","REAL_HOMES_custom_search_form":"default","REAL_HOMES_search_form_margin_top":"","REAL_HOMES_search_form_margin_bottom":""},"_links":{"self":[{"href":"https:\/\/360mallorcaproperty.com\/de\/wp-json\/wp\/v2\/property\/32802","targetHints":{"allow":["GET"]}}],"collection":[{"href":"https:\/\/360mallorcaproperty.com\/de\/wp-json\/wp\/v2\/property"}],"about":[{"href":"https:\/\/360mallorcaproperty.com\/de\/wp-json\/wp\/v2\/types\/property"}],"author":[{"embeddable":true,"href":"https:\/\/360mallorcaproperty.com\/de\/wp-json\/wp\/v2\/users\/1"}],"replies":[{"embeddable":true,"href":"https:\/\/360mallorcaproperty.com\/de\/wp-json\/wp\/v2\/comments?post=32802"}],"version-history":[{"count":2,"href":"https:\/\/360mallorcaproperty.com\/de\/wp-json\/wp\/v2\/property\/32802\/revisions"}],"predecessor-version":[{"id":32805,"href":"https:\/\/360mallorcaproperty.com\/de\/wp-json\/wp\/v2\/property\/32802\/revisions\/32805"}],"wp:featuredmedia":[{"embeddable":true,"href":"https:\/\/360mallorcaproperty.com\/de\/wp-json\/wp\/v2\/media\/32806"}],"wp:attachment":[{"href":"https:\/\/360mallorcaproperty.com\/de\/wp-json\/wp\/v2\/media?parent=32802"}],"wp:term":[{"taxonomy":"property-feature","embeddable":true,"href":"https:\/\/360mallorcaproperty.com\/de\/wp-json\/wp\/v2\/property-feature?post=32802"},{"taxonomy":"property-type","embeddable":true,"href":"https:\/\/360mallorcaproperty.com\/de\/wp-json\/wp\/v2\/property-type?post=32802"},{"taxonomy":"property-city","embeddable":true,"href":"https:\/\/360mallorcaproperty.com\/de\/wp-json\/wp\/v2\/property-location?post=32802"},{"taxonomy":"property-status","embeddable":true,"href":"https:\/\/360mallorcaproperty.com\/de\/wp-json\/wp\/v2\/property-status?post=32802"}],"curies":[{"name":"wp","href":"https:\/\/api.w.org\/{rel}","templated":true}]}}