{"id":14513,"date":"2022-07-26T08:43:13","date_gmt":"2022-07-26T08:43:13","guid":{"rendered":"https:\/\/360mallorcaproperty.com\/property\/terreno-en-venta-en-cala-dor\/"},"modified":"2024-09-03T06:46:28","modified_gmt":"2024-09-03T06:46:28","slug":"v4036","status":"publish","type":"property","link":"https:\/\/360mallorcaproperty.com\/es\/property\/v4036\/","title":{"rendered":"Terreno en venta en Cala d&#8217;Or"},"content":{"rendered":"<p>Impresionante parcela r\u00fastica de 15.242 m2, situada entre Calonge y Cala dor con grandes vistas a la costa y al campo. Hay electricidad y agua cerca.<\/p>\n<p class=\"_04xlpA direction-ltr align-start para-style-body\">Ubicaci\u00f3n:<br \/>\nCala d&#8217;Or pertenece al municipio de Santany\u00ed y est\u00e1 situada en el sureste de la isla. El exclusivo puerto deportivo de Cala d&#8217;Or est\u00e1 a poca distancia del centro de la ciudad. La ciudad y el puerto, con sus numerosos restaurantes, peque\u00f1os bares y tiendas, son una atracci\u00f3n tur\u00edstica muy popular.<br \/>\nCalonge es un peque\u00f1o pueblo urbano perteneciente al municipio de Santany\u00ed, situado a 3,5 km de la costa sureste de la isla. Est\u00e1 bastante escondido y no mucha gente lo conoce. Sin embargo, se puede admirar la belleza de este peque\u00f1o paraje mallorqu\u00edn.<\/p>\n<p><span class=\"JsGRdQ\">Para m\u00e1s informaci\u00f3n o para concertar una visita, p\u00f3ngase en contacto con nosotros en 360 Mallorca Property.<\/span><\/p>\n<p>&nbsp;<\/p>\n","protected":false},"excerpt":{"rendered":"<p>Impresionante parcela r\u00fastica de 15.242 m2, situada entre Calonge y Cala dor con grandes vistas a la costa y al campo. Hay electricidad y agua cerca. Ubicaci\u00f3n: Cala d&#8217;Or pertenece al municipio de Santany\u00ed y est\u00e1 situada en el sureste de la isla. El exclusivo puerto deportivo de Cala d&#8217;Or est\u00e1 a poca distancia del&#8230;<\/p>\n","protected":false},"author":1,"featured_media":29006,"parent":0,"menu_order":0,"comment_status":"closed","ping_status":"closed","template":"","property-feature":[],"property-type":[229],"property-location":[259,272],"property-status":[231],"class_list":["post-14513","property","type-property","status-publish","has-post-thumbnail","hentry","property-type-parcela-rusticas","property-city-cala-dor-es","property-city-calonge-es","property-status-venta"],"property_meta":{"REAL_HOMES_property_price":"325000","REAL_HOMES_property_old_price":"","REAL_HOMES_property_price_prefix":"","REAL_HOMES_property_price_postfix":"","REAL_HOMES_property_size":"","REAL_HOMES_property_size_postfix":"m\u00b2","REAL_HOMES_property_lot_size":"15,242","REAL_HOMES_property_lot_size_postfix":"m\u00b2","REAL_HOMES_property_bedrooms":"","REAL_HOMES_property_bathrooms":"","REAL_HOMES_property_garage":"","REAL_HOMES_property_id":"V4036","REAL_HOMES_property_year_built":"","REAL_HOMES_featured":"","REAL_HOMES_additional_details_list":[],"rvr_booking_widget_display":"","rvr_booking_mode":"","rvr_govt_tax":"","rvr_govt_tax_type":"","rvr_govt_tax_calculation":"","rvr_service_charges":"","rvr_service_charges_type":"","rvr_service_charges_calculation":"","rvr_guests_capacity":"","rvr_book_child_as":"","rvr_min_stay":"","rvr_guests_capacity_extend":"","rvr_extra_guest_price":"","rvr_property_owner":"0","rvr_bulk_pricing":[],"rvr_seasonal_pricing":[],"rvr_custom_reserved_dates":[],"rvr_additional_fees":[{"rvr_fee_type":"fixed","rvr_fee_calculation":"per_stay"}],"rvr_additional_amenities":[{"price_calculation":"per_stay"}],"rvr_accommodation":[],"rvr_outdoor_features":[],"rvr_surroundings":[],"rvr_included":[],"rvr_not_included":[],"rvr_policies":[],"REAL_HOMES_property_location":{"latitude":"39.392285814212","longitude":"3.2126172908348","zoom":"15"},"REAL_HOMES_property_address":"C. Cala Llonga, 07669 Calonge, Illes Balears, Espa\u00f1a","REAL_HOMES_property_map":"","REAL_HOMES_property_images":[{"width":150,"height":150,"file":"2022\/04\/WhatsApp-Image-2021-08-19-at-11.58.00.jpeg","sizes":{"medium":{"file":"WhatsApp-Image-2021-08-19-at-11.58.00-300x225.jpeg","width":300,"height":225,"mime-type":"image\/jpeg","url":"https:\/\/360mallorcaproperty.com\/wp-content\/uploads\/2022\/04\/WhatsApp-Image-2021-08-19-at-11.58.00-300x225.jpeg"},"large":{"file":"WhatsApp-Image-2021-08-19-at-11.58.00-1024x768.jpeg","width":1024,"height":768,"mime-type":"image\/jpeg","url":"https:\/\/360mallorcaproperty.com\/wp-content\/uploads\/2022\/04\/WhatsApp-Image-2021-08-19-at-11.58.00-1024x768.jpeg"},"thumbnail":{"file":"WhatsApp-Image-2021-08-19-at-11.58.00-150x150.jpeg","width":150,"height":150,"mime-type":"image\/jpeg","url":"https:\/\/360mallorcaproperty.com\/wp-content\/uploads\/2022\/04\/WhatsApp-Image-2021-08-19-at-11.58.00-150x150.jpeg"},"medium_large":{"file":"WhatsApp-Image-2021-08-19-at-11.58.00-768x576.jpeg","width":768,"height":576,"mime-type":"image\/jpeg","url":"https:\/\/360mallorcaproperty.com\/wp-content\/uploads\/2022\/04\/WhatsApp-Image-2021-08-19-at-11.58.00-768x576.jpeg"},"1536x1536":{"file":"WhatsApp-Image-2021-08-19-at-11.58.00-1536x1152.jpeg","width":1536,"height":1152,"mime-type":"image\/jpeg","url":"https:\/\/360mallorcaproperty.com\/wp-content\/uploads\/2022\/04\/WhatsApp-Image-2021-08-19-at-11.58.00-1536x1152.jpeg"},"post-thumbnail":{"file":"WhatsApp-Image-2021-08-19-at-11.58.00-150x113.jpeg","width":150,"height":113,"mime-type":"image\/jpeg","url":"https:\/\/360mallorcaproperty.com\/wp-content\/uploads\/2022\/04\/WhatsApp-Image-2021-08-19-at-11.58.00-150x113.jpeg"},"modern-property-child-slider":{"file":"WhatsApp-Image-2021-08-19-at-11.58.00-680x510.jpeg","width":680,"height":510,"mime-type":"image\/jpeg","url":"https:\/\/360mallorcaproperty.com\/wp-content\/uploads\/2022\/04\/WhatsApp-Image-2021-08-19-at-11.58.00-680x510.jpeg"},"property-thumb-image":{"file":"WhatsApp-Image-2021-08-19-at-11.58.00-488x326.jpeg","width":488,"height":326,"mime-type":"image\/jpeg","url":"https:\/\/360mallorcaproperty.com\/wp-content\/uploads\/2022\/04\/WhatsApp-Image-2021-08-19-at-11.58.00-488x326.jpeg"},"property-detail-video-image":{"file":"WhatsApp-Image-2021-08-19-at-11.58.00-818x417.jpeg","width":818,"height":417,"mime-type":"image\/jpeg","url":"https:\/\/360mallorcaproperty.com\/wp-content\/uploads\/2022\/04\/WhatsApp-Image-2021-08-19-at-11.58.00-818x417.jpeg"},"agent-image":{"file":"WhatsApp-Image-2021-08-19-at-11.58.00-210x210.jpeg","width":210,"height":210,"mime-type":"image\/jpeg","url":"https:\/\/360mallorcaproperty.com\/wp-content\/uploads\/2022\/04\/WhatsApp-Image-2021-08-19-at-11.58.00-210x210.jpeg"},"partners-logo":{"file":"WhatsApp-Image-2021-08-19-at-11.58.00-600x1536.jpeg","width":600,"height":1536,"mime-type":"image\/jpeg","url":"https:\/\/360mallorcaproperty.com\/wp-content\/uploads\/2022\/04\/WhatsApp-Image-2021-08-19-at-11.58.00-600x1536.jpeg"},"post-featured-image":{"file":"WhatsApp-Image-2021-08-19-at-11.58.00-1240x720.jpeg","width":1240,"height":720,"mime-type":"image\/jpeg","url":"https:\/\/360mallorcaproperty.com\/wp-content\/uploads\/2022\/04\/WhatsApp-Image-2021-08-19-at-11.58.00-1240x720.jpeg"}},"image_meta":{"aperture":"0","credit":"","camera":"","caption":"","created_timestamp":"0","copyright":"","focal_length":"0","iso":"0","shutter_speed":"0","title":"","orientation":"0","keywords":[]},"ID":"6750","name":"WhatsApp-Image-2021-08-19-at-11.58.00.jpeg","path":"\/home\/mallorcaproperty\/public_html\/wp-content\/uploads\/2022\/04\/WhatsApp-Image-2021-08-19-at-11.58.00.jpeg","url":"https:\/\/360mallorcaproperty.com\/wp-content\/uploads\/2022\/04\/WhatsApp-Image-2021-08-19-at-11.58.00-150x150.jpeg","full_url":"https:\/\/360mallorcaproperty.com\/wp-content\/uploads\/2022\/04\/WhatsApp-Image-2021-08-19-at-11.58.00.jpeg","title":"WhatsApp Image 2021-08-19 at 11.58.00","caption":"","description":"","alt":"","srcset":"https:\/\/360mallorcaproperty.com\/wp-content\/uploads\/2022\/04\/WhatsApp-Image-2021-08-19-at-11.58.00-150x150.jpeg 150w, https:\/\/360mallorcaproperty.com\/wp-content\/uploads\/2022\/04\/WhatsApp-Image-2021-08-19-at-11.58.00-210x210.jpeg 210w"},{"width":150,"height":150,"file":"2022\/04\/WhatsApp-Image-2021-08-19-at-11.58.00-1.jpeg","sizes":{"medium":{"file":"WhatsApp-Image-2021-08-19-at-11.58.00-1-300x225.jpeg","width":300,"height":225,"mime-type":"image\/jpeg","url":"https:\/\/360mallorcaproperty.com\/wp-content\/uploads\/2022\/04\/WhatsApp-Image-2021-08-19-at-11.58.00-1-300x225.jpeg"},"large":{"file":"WhatsApp-Image-2021-08-19-at-11.58.00-1-1024x768.jpeg","width":1024,"height":768,"mime-type":"image\/jpeg","url":"https:\/\/360mallorcaproperty.com\/wp-content\/uploads\/2022\/04\/WhatsApp-Image-2021-08-19-at-11.58.00-1-1024x768.jpeg"},"thumbnail":{"file":"WhatsApp-Image-2021-08-19-at-11.58.00-1-150x150.jpeg","width":150,"height":150,"mime-type":"image\/jpeg","url":"https:\/\/360mallorcaproperty.com\/wp-content\/uploads\/2022\/04\/WhatsApp-Image-2021-08-19-at-11.58.00-1-150x150.jpeg"},"medium_large":{"file":"WhatsApp-Image-2021-08-19-at-11.58.00-1-768x576.jpeg","width":768,"height":576,"mime-type":"image\/jpeg","url":"https:\/\/360mallorcaproperty.com\/wp-content\/uploads\/2022\/04\/WhatsApp-Image-2021-08-19-at-11.58.00-1-768x576.jpeg"},"1536x1536":{"file":"WhatsApp-Image-2021-08-19-at-11.58.00-1-1536x1152.jpeg","width":1536,"height":1152,"mime-type":"image\/jpeg","url":"https:\/\/360mallorcaproperty.com\/wp-content\/uploads\/2022\/04\/WhatsApp-Image-2021-08-19-at-11.58.00-1-1536x1152.jpeg"},"post-thumbnail":{"file":"WhatsApp-Image-2021-08-19-at-11.58.00-1-150x113.jpeg","width":150,"height":113,"mime-type":"image\/jpeg","url":"https:\/\/360mallorcaproperty.com\/wp-content\/uploads\/2022\/04\/WhatsApp-Image-2021-08-19-at-11.58.00-1-150x113.jpeg"},"modern-property-child-slider":{"file":"WhatsApp-Image-2021-08-19-at-11.58.00-1-680x510.jpeg","width":680,"height":510,"mime-type":"image\/jpeg","url":"https:\/\/360mallorcaproperty.com\/wp-content\/uploads\/2022\/04\/WhatsApp-Image-2021-08-19-at-11.58.00-1-680x510.jpeg"},"property-thumb-image":{"file":"WhatsApp-Image-2021-08-19-at-11.58.00-1-488x326.jpeg","width":488,"height":326,"mime-type":"image\/jpeg","url":"https:\/\/360mallorcaproperty.com\/wp-content\/uploads\/2022\/04\/WhatsApp-Image-2021-08-19-at-11.58.00-1-488x326.jpeg"},"property-detail-video-image":{"file":"WhatsApp-Image-2021-08-19-at-11.58.00-1-818x417.jpeg","width":818,"height":417,"mime-type":"image\/jpeg","url":"https:\/\/360mallorcaproperty.com\/wp-content\/uploads\/2022\/04\/WhatsApp-Image-2021-08-19-at-11.58.00-1-818x417.jpeg"},"agent-image":{"file":"WhatsApp-Image-2021-08-19-at-11.58.00-1-210x210.jpeg","width":210,"height":210,"mime-type":"image\/jpeg","url":"https:\/\/360mallorcaproperty.com\/wp-content\/uploads\/2022\/04\/WhatsApp-Image-2021-08-19-at-11.58.00-1-210x210.jpeg"},"partners-logo":{"file":"WhatsApp-Image-2021-08-19-at-11.58.00-1-600x1536.jpeg","width":600,"height":1536,"mime-type":"image\/jpeg","url":"https:\/\/360mallorcaproperty.com\/wp-content\/uploads\/2022\/04\/WhatsApp-Image-2021-08-19-at-11.58.00-1-600x1536.jpeg"},"post-featured-image":{"file":"WhatsApp-Image-2021-08-19-at-11.58.00-1-1240x720.jpeg","width":1240,"height":720,"mime-type":"image\/jpeg","url":"https:\/\/360mallorcaproperty.com\/wp-content\/uploads\/2022\/04\/WhatsApp-Image-2021-08-19-at-11.58.00-1-1240x720.jpeg"}},"image_meta":{"aperture":"0","credit":"","camera":"","caption":"","created_timestamp":"0","copyright":"","focal_length":"0","iso":"0","shutter_speed":"0","title":"","orientation":"0","keywords":[]},"ID":"6751","name":"WhatsApp-Image-2021-08-19-at-11.58.00-1.jpeg","path":"\/home\/mallorcaproperty\/public_html\/wp-content\/uploads\/2022\/04\/WhatsApp-Image-2021-08-19-at-11.58.00-1.jpeg","url":"https:\/\/360mallorcaproperty.com\/wp-content\/uploads\/2022\/04\/WhatsApp-Image-2021-08-19-at-11.58.00-1-150x150.jpeg","full_url":"https:\/\/360mallorcaproperty.com\/wp-content\/uploads\/2022\/04\/WhatsApp-Image-2021-08-19-at-11.58.00-1.jpeg","title":"WhatsApp Image 2021-08-19 at 11.58.00 (1)","caption":"","description":"","alt":"","srcset":"https:\/\/360mallorcaproperty.com\/wp-content\/uploads\/2022\/04\/WhatsApp-Image-2021-08-19-at-11.58.00-1-150x150.jpeg 150w, https:\/\/360mallorcaproperty.com\/wp-content\/uploads\/2022\/04\/WhatsApp-Image-2021-08-19-at-11.58.00-1-210x210.jpeg 210w"},{"width":150,"height":150,"file":"2022\/04\/WhatsApp-Image-2021-08-19-at-11.58.01-1.jpeg","sizes":{"medium":{"file":"WhatsApp-Image-2021-08-19-at-11.58.01-1-225x300.jpeg","width":225,"height":300,"mime-type":"image\/jpeg","url":"https:\/\/360mallorcaproperty.com\/wp-content\/uploads\/2022\/04\/WhatsApp-Image-2021-08-19-at-11.58.01-1-225x300.jpeg"},"large":{"file":"WhatsApp-Image-2021-08-19-at-11.58.01-1-768x1024.jpeg","width":768,"height":1024,"mime-type":"image\/jpeg","url":"https:\/\/360mallorcaproperty.com\/wp-content\/uploads\/2022\/04\/WhatsApp-Image-2021-08-19-at-11.58.01-1-768x1024.jpeg"},"thumbnail":{"file":"WhatsApp-Image-2021-08-19-at-11.58.01-1-150x150.jpeg","width":150,"height":150,"mime-type":"image\/jpeg","url":"https:\/\/360mallorcaproperty.com\/wp-content\/uploads\/2022\/04\/WhatsApp-Image-2021-08-19-at-11.58.01-1-150x150.jpeg"},"medium_large":{"file":"WhatsApp-Image-2021-08-19-at-11.58.01-1-768x1024.jpeg","width":768,"height":1024,"mime-type":"image\/jpeg","url":"https:\/\/360mallorcaproperty.com\/wp-content\/uploads\/2022\/04\/WhatsApp-Image-2021-08-19-at-11.58.01-1-768x1024.jpeg"},"1536x1536":{"file":"WhatsApp-Image-2021-08-19-at-11.58.01-1-1152x1536.jpeg","width":1152,"height":1536,"mime-type":"image\/jpeg","url":"https:\/\/360mallorcaproperty.com\/wp-content\/uploads\/2022\/04\/WhatsApp-Image-2021-08-19-at-11.58.01-1-1152x1536.jpeg"},"post-thumbnail":{"file":"WhatsApp-Image-2021-08-19-at-11.58.01-1-113x150.jpeg","width":113,"height":150,"mime-type":"image\/jpeg","url":"https:\/\/360mallorcaproperty.com\/wp-content\/uploads\/2022\/04\/WhatsApp-Image-2021-08-19-at-11.58.01-1-113x150.jpeg"},"modern-property-child-slider":{"file":"WhatsApp-Image-2021-08-19-at-11.58.01-1-680x510.jpeg","width":680,"height":510,"mime-type":"image\/jpeg","url":"https:\/\/360mallorcaproperty.com\/wp-content\/uploads\/2022\/04\/WhatsApp-Image-2021-08-19-at-11.58.01-1-680x510.jpeg"},"property-thumb-image":{"file":"WhatsApp-Image-2021-08-19-at-11.58.01-1-488x326.jpeg","width":488,"height":326,"mime-type":"image\/jpeg","url":"https:\/\/360mallorcaproperty.com\/wp-content\/uploads\/2022\/04\/WhatsApp-Image-2021-08-19-at-11.58.01-1-488x326.jpeg"},"property-detail-video-image":{"file":"WhatsApp-Image-2021-08-19-at-11.58.01-1-818x417.jpeg","width":818,"height":417,"mime-type":"image\/jpeg","url":"https:\/\/360mallorcaproperty.com\/wp-content\/uploads\/2022\/04\/WhatsApp-Image-2021-08-19-at-11.58.01-1-818x417.jpeg"},"agent-image":{"file":"WhatsApp-Image-2021-08-19-at-11.58.01-1-210x210.jpeg","width":210,"height":210,"mime-type":"image\/jpeg","url":"https:\/\/360mallorcaproperty.com\/wp-content\/uploads\/2022\/04\/WhatsApp-Image-2021-08-19-at-11.58.01-1-210x210.jpeg"},"partners-logo":{"file":"WhatsApp-Image-2021-08-19-at-11.58.01-1-600x2048.jpeg","width":600,"height":2048,"mime-type":"image\/jpeg","url":"https:\/\/360mallorcaproperty.com\/wp-content\/uploads\/2022\/04\/WhatsApp-Image-2021-08-19-at-11.58.01-1-600x2048.jpeg"},"post-featured-image":{"file":"WhatsApp-Image-2021-08-19-at-11.58.01-1-1240x720.jpeg","width":1240,"height":720,"mime-type":"image\/jpeg","url":"https:\/\/360mallorcaproperty.com\/wp-content\/uploads\/2022\/04\/WhatsApp-Image-2021-08-19-at-11.58.01-1-1240x720.jpeg"}},"image_meta":{"aperture":"0","credit":"","camera":"","caption":"","created_timestamp":"0","copyright":"","focal_length":"0","iso":"0","shutter_speed":"0","title":"","orientation":"0","keywords":[]},"ID":"6752","name":"WhatsApp-Image-2021-08-19-at-11.58.01-1.jpeg","path":"\/home\/mallorcaproperty\/public_html\/wp-content\/uploads\/2022\/04\/WhatsApp-Image-2021-08-19-at-11.58.01-1.jpeg","url":"https:\/\/360mallorcaproperty.com\/wp-content\/uploads\/2022\/04\/WhatsApp-Image-2021-08-19-at-11.58.01-1-150x150.jpeg","full_url":"https:\/\/360mallorcaproperty.com\/wp-content\/uploads\/2022\/04\/WhatsApp-Image-2021-08-19-at-11.58.01-1.jpeg","title":"WhatsApp Image 2021-08-19 at 11.58.01 (1)","caption":"","description":"","alt":"","srcset":"https:\/\/360mallorcaproperty.com\/wp-content\/uploads\/2022\/04\/WhatsApp-Image-2021-08-19-at-11.58.01-1-150x150.jpeg 150w, https:\/\/360mallorcaproperty.com\/wp-content\/uploads\/2022\/04\/WhatsApp-Image-2021-08-19-at-11.58.01-1-210x210.jpeg 210w"},{"width":150,"height":150,"file":"2022\/04\/WhatsApp-Image-2021-08-19-at-11.58.01.jpeg","sizes":{"medium":{"file":"WhatsApp-Image-2021-08-19-at-11.58.01-225x300.jpeg","width":225,"height":300,"mime-type":"image\/jpeg","url":"https:\/\/360mallorcaproperty.com\/wp-content\/uploads\/2022\/04\/WhatsApp-Image-2021-08-19-at-11.58.01-225x300.jpeg"},"large":{"file":"WhatsApp-Image-2021-08-19-at-11.58.01-768x1024.jpeg","width":768,"height":1024,"mime-type":"image\/jpeg","url":"https:\/\/360mallorcaproperty.com\/wp-content\/uploads\/2022\/04\/WhatsApp-Image-2021-08-19-at-11.58.01-768x1024.jpeg"},"thumbnail":{"file":"WhatsApp-Image-2021-08-19-at-11.58.01-150x150.jpeg","width":150,"height":150,"mime-type":"image\/jpeg","url":"https:\/\/360mallorcaproperty.com\/wp-content\/uploads\/2022\/04\/WhatsApp-Image-2021-08-19-at-11.58.01-150x150.jpeg"},"medium_large":{"file":"WhatsApp-Image-2021-08-19-at-11.58.01-768x1024.jpeg","width":768,"height":1024,"mime-type":"image\/jpeg","url":"https:\/\/360mallorcaproperty.com\/wp-content\/uploads\/2022\/04\/WhatsApp-Image-2021-08-19-at-11.58.01-768x1024.jpeg"},"1536x1536":{"file":"WhatsApp-Image-2021-08-19-at-11.58.01-1152x1536.jpeg","width":1152,"height":1536,"mime-type":"image\/jpeg","url":"https:\/\/360mallorcaproperty.com\/wp-content\/uploads\/2022\/04\/WhatsApp-Image-2021-08-19-at-11.58.01-1152x1536.jpeg"},"post-thumbnail":{"file":"WhatsApp-Image-2021-08-19-at-11.58.01-113x150.jpeg","width":113,"height":150,"mime-type":"image\/jpeg","url":"https:\/\/360mallorcaproperty.com\/wp-content\/uploads\/2022\/04\/WhatsApp-Image-2021-08-19-at-11.58.01-113x150.jpeg"},"modern-property-child-slider":{"file":"WhatsApp-Image-2021-08-19-at-11.58.01-680x510.jpeg","width":680,"height":510,"mime-type":"image\/jpeg","url":"https:\/\/360mallorcaproperty.com\/wp-content\/uploads\/2022\/04\/WhatsApp-Image-2021-08-19-at-11.58.01-680x510.jpeg"},"property-thumb-image":{"file":"WhatsApp-Image-2021-08-19-at-11.58.01-488x326.jpeg","width":488,"height":326,"mime-type":"image\/jpeg","url":"https:\/\/360mallorcaproperty.com\/wp-content\/uploads\/2022\/04\/WhatsApp-Image-2021-08-19-at-11.58.01-488x326.jpeg"},"property-detail-video-image":{"file":"WhatsApp-Image-2021-08-19-at-11.58.01-818x417.jpeg","width":818,"height":417,"mime-type":"image\/jpeg","url":"https:\/\/360mallorcaproperty.com\/wp-content\/uploads\/2022\/04\/WhatsApp-Image-2021-08-19-at-11.58.01-818x417.jpeg"},"agent-image":{"file":"WhatsApp-Image-2021-08-19-at-11.58.01-210x210.jpeg","width":210,"height":210,"mime-type":"image\/jpeg","url":"https:\/\/360mallorcaproperty.com\/wp-content\/uploads\/2022\/04\/WhatsApp-Image-2021-08-19-at-11.58.01-210x210.jpeg"},"partners-logo":{"file":"WhatsApp-Image-2021-08-19-at-11.58.01-600x2048.jpeg","width":600,"height":2048,"mime-type":"image\/jpeg","url":"https:\/\/360mallorcaproperty.com\/wp-content\/uploads\/2022\/04\/WhatsApp-Image-2021-08-19-at-11.58.01-600x2048.jpeg"},"post-featured-image":{"file":"WhatsApp-Image-2021-08-19-at-11.58.01-1240x720.jpeg","width":1240,"height":720,"mime-type":"image\/jpeg","url":"https:\/\/360mallorcaproperty.com\/wp-content\/uploads\/2022\/04\/WhatsApp-Image-2021-08-19-at-11.58.01-1240x720.jpeg"}},"image_meta":{"aperture":"0","credit":"","camera":"","caption":"","created_timestamp":"0","copyright":"","focal_length":"0","iso":"0","shutter_speed":"0","title":"","orientation":"0","keywords":[]},"ID":"6753","name":"WhatsApp-Image-2021-08-19-at-11.58.01.jpeg","path":"\/home\/mallorcaproperty\/public_html\/wp-content\/uploads\/2022\/04\/WhatsApp-Image-2021-08-19-at-11.58.01.jpeg","url":"https:\/\/360mallorcaproperty.com\/wp-content\/uploads\/2022\/04\/WhatsApp-Image-2021-08-19-at-11.58.01-150x150.jpeg","full_url":"https:\/\/360mallorcaproperty.com\/wp-content\/uploads\/2022\/04\/WhatsApp-Image-2021-08-19-at-11.58.01.jpeg","title":"WhatsApp Image 2021-08-19 at 11.58.01","caption":"","description":"","alt":"","srcset":"https:\/\/360mallorcaproperty.com\/wp-content\/uploads\/2022\/04\/WhatsApp-Image-2021-08-19-at-11.58.01-150x150.jpeg 150w, https:\/\/360mallorcaproperty.com\/wp-content\/uploads\/2022\/04\/WhatsApp-Image-2021-08-19-at-11.58.01-210x210.jpeg 210w"}],"REAL_HOMES_change_gallery_slider_type":"0","REAL_HOMES_gallery_slider_type":"thumb-on-right","inspiry_floor_plans":[],"inspiry_video_group":[],"REAL_HOMES_360_virtual_tour":"","REAL_HOMES_agent_display_option":"","REAL_HOMES_agents":[],"REAL_HOMES_energy_class":"none","REAL_HOMES_energy_performance":"","REAL_HOMES_epc_current_rating":"","REAL_HOMES_epc_potential_rating":"","ere_property_schedule_tour":"global","ere_property_schedule_time_slots":"","ere_property_schedule_description":"","REAL_HOMES_sticky":"0","inspiry_property_label":"","inspiry_property_label_color":"","inspiry_property_tax":"","inspiry_additional_fee":"","REAL_HOMES_attachments":[],"inspiry_property_owner_name":"","inspiry_property_owner_contact":"","inspiry_property_owner_address":"","REAL_HOMES_property_private_note":"","inspiry_message_to_reviewer":"","REAL_HOMES_add_in_slider":"no","REAL_HOMES_slider_image":[],"REAL_HOMES_page_banner_image":[],"REAL_HOMES_hide_property_advance_search":"0","inspiry_offmarket":[],"REAL_HOMES_custom_header_display":"default","REAL_HOMES_custom_header_position":"relative","REAL_HOMES_custom_footer_display":"default","REAL_HOMES_hide_advance_search":"0","REAL_HOMES_custom_search_form":"default","REAL_HOMES_search_form_margin_top":"","REAL_HOMES_search_form_margin_bottom":""},"_links":{"self":[{"href":"https:\/\/360mallorcaproperty.com\/es\/wp-json\/wp\/v2\/property\/14513","targetHints":{"allow":["GET"]}}],"collection":[{"href":"https:\/\/360mallorcaproperty.com\/es\/wp-json\/wp\/v2\/property"}],"about":[{"href":"https:\/\/360mallorcaproperty.com\/es\/wp-json\/wp\/v2\/types\/property"}],"author":[{"embeddable":true,"href":"https:\/\/360mallorcaproperty.com\/es\/wp-json\/wp\/v2\/users\/1"}],"replies":[{"embeddable":true,"href":"https:\/\/360mallorcaproperty.com\/es\/wp-json\/wp\/v2\/comments?post=14513"}],"version-history":[{"count":0,"href":"https:\/\/360mallorcaproperty.com\/es\/wp-json\/wp\/v2\/property\/14513\/revisions"}],"wp:featuredmedia":[{"embeddable":true,"href":"https:\/\/360mallorcaproperty.com\/es\/wp-json\/wp\/v2\/media\/29006"}],"wp:attachment":[{"href":"https:\/\/360mallorcaproperty.com\/es\/wp-json\/wp\/v2\/media?parent=14513"}],"wp:term":[{"taxonomy":"property-feature","embeddable":true,"href":"https:\/\/360mallorcaproperty.com\/es\/wp-json\/wp\/v2\/property-feature?post=14513"},{"taxonomy":"property-type","embeddable":true,"href":"https:\/\/360mallorcaproperty.com\/es\/wp-json\/wp\/v2\/property-type?post=14513"},{"taxonomy":"property-city","embeddable":true,"href":"https:\/\/360mallorcaproperty.com\/es\/wp-json\/wp\/v2\/property-location?post=14513"},{"taxonomy":"property-status","embeddable":true,"href":"https:\/\/360mallorcaproperty.com\/es\/wp-json\/wp\/v2\/property-status?post=14513"}],"curies":[{"name":"wp","href":"https:\/\/api.w.org\/{rel}","templated":true}]}}