{"id":14553,"date":"2022-07-26T08:43:22","date_gmt":"2022-07-26T08:43:22","guid":{"rendered":"https:\/\/360mallorcaproperty.com\/property\/parcela-rustica-con-proyecto-basico-porto-petro\/"},"modified":"2026-02-12T11:43:30","modified_gmt":"2026-02-12T11:43:30","slug":"v4035","status":"publish","type":"property","link":"https:\/\/360mallorcaproperty.com\/es\/property\/v4035\/","title":{"rendered":"Parcela r\u00fastica con proyecto Porto petro"},"content":{"rendered":"<p>&nbsp;<\/p>\n<p><strong>Terreno R\u00fastico con Proyecto Aprobado en Porto Petro \u2013 25.000 m\u00b2<\/strong><br \/>\n<strong>Precio: 450.000 \u20ac (solo con proyecto aprobado)<\/strong><\/p>\n<p>Ubicado en la tranquila campi\u00f1a de Porto Petro, este amplio terreno r\u00fastico de 25.000 m\u00b2 ofrece impresionantes vistas al campo y una oportunidad \u00fanica para construir una vivienda a medida en una zona muy cotizada.<\/p>\n<p>La propiedad se vende con un <strong>proyecto de construcci\u00f3n aprobado<\/strong> por 450.000 \u20ac. Tambi\u00e9n est\u00e1 disponible una <strong>opci\u00f3n llave en mano<\/strong>, completamente personalizable seg\u00fan las necesidades y preferencias del comprador.<\/p>\n<p>Situado a pocos pasos del encantador pueblo, con restaurantes, tiendas y todos los servicios cercanos, y a solo 5 minutos en coche del espectacular <strong>Parque Natural de Cala Mondrag\u00f3<\/strong> y sus playas.<\/p>\n<p><strong>Caracter\u00edsticas destacadas:<\/strong><\/p>\n<ul>\n<li>Parcela r\u00fastica de 25.000 m\u00b2<\/li>\n<li><strong>Proyecto<\/strong> de obra aprobado incluido (450.000 \u20ac)<\/li>\n<li>Entorno natural con vistas al campo<\/li>\n<li>Ubicaci\u00f3n tranquila, pero cerca de todos los servicios<\/li>\n<li>A poca distancia a pie del pueblo, restaurantes y tiendas<\/li>\n<li>A 5 minutos del Parque Natural de Cala Mondrag\u00f3<\/li>\n<\/ul>\n<p>Ubicaci\u00f3n:<br \/>\nPortopetro es un peque\u00f1o pueblo pesquero con un puerto deportivo localizada en el municipal de Santany\u00ed en la isla de Mallorca, a unos 62 km de Palma.\u00a0 Hay varios restaurantes y bares distribuidos a lo largo de la orilla del puerto que sirven cocina local y mediterr\u00e1nea. El paseo mar\u00edtimo de Porto Petro contiene un peque\u00f1o puerto lleno de yates y barcos de pesca, y es un punto de partida para algunas excursiones en barco que visitan la zona local.<\/p>\n<p>La falta de playa en la ciudad la convierte en un lugar maravilloso para alojarse si se desea mantenerse alejado de los centros tur\u00edsticos comerciales en los meses de verano. Al mismo tiempo, lo tiene todo a su alcance, desde algunas de las playas m\u00e1s impresionantes de la isla en los alrededores hasta el pintoresco Parque Natural de Cala Mondrago a un corto paseo.<\/p>\n<p><span class=\"JsGRdQ\">Para m\u00e1s informaci\u00f3n o para concertar una visita, p\u00f3ngase en contacto con nosotros en 360 Mallorca Property.<\/span><\/p>\n","protected":false},"excerpt":{"rendered":"<p>&nbsp; Terreno R\u00fastico con Proyecto Aprobado en Porto Petro \u2013 25.000 m\u00b2 Precio: 450.000 \u20ac (solo con proyecto aprobado) Ubicado en la tranquila campi\u00f1a de Porto Petro, este amplio terreno r\u00fastico de 25.000 m\u00b2 ofrece impresionantes vistas al campo y una oportunidad \u00fanica para construir una vivienda a medida en una zona muy cotizada. La&#8230;<\/p>\n","protected":false},"author":1,"featured_media":30226,"parent":0,"menu_order":0,"comment_status":"closed","ping_status":"closed","template":"","property-feature":[],"property-type":[229],"property-location":[284],"property-status":[231],"class_list":["post-14553","property","type-property","status-publish","has-post-thumbnail","hentry","property-type-parcela-rusticas","property-city-porto-petro-es","property-status-venta"],"property_meta":{"REAL_HOMES_property_price":"450000","REAL_HOMES_property_old_price":"","REAL_HOMES_property_price_prefix":"","REAL_HOMES_property_price_postfix":"","REAL_HOMES_property_size":"","REAL_HOMES_property_size_postfix":"m\u00b2","REAL_HOMES_property_lot_size":"25725","REAL_HOMES_property_lot_size_postfix":"m\u00b2","REAL_HOMES_property_bedrooms":"","REAL_HOMES_property_bathrooms":"","REAL_HOMES_property_garage":"","REAL_HOMES_property_id":"V4035","REAL_HOMES_property_year_built":"","REAL_HOMES_featured":"","REAL_HOMES_additional_details_list":[],"rvr_booking_widget_display":"","rvr_booking_mode":"","rvr_govt_tax":"","rvr_govt_tax_type":"percentage","rvr_govt_tax_calculation":"per_stay","rvr_service_charges":"","rvr_service_charges_type":"percentage","rvr_service_charges_calculation":"per_stay","rvr_guests_capacity":"","rvr_book_child_as":"","rvr_min_stay":"","rvr_guests_capacity_extend":"","rvr_extra_guest_price":"","rvr_property_owner":"0","rvr_bulk_pricing":[],"rvr_seasonal_pricing":[],"rvr_custom_reserved_dates":[],"rvr_additional_fees":[{"rvr_fee_type":"fixed","rvr_fee_calculation":"per_stay"}],"rvr_additional_amenities":[{"price_calculation":"per_stay"}],"rvr_accommodation":[],"rvr_outdoor_features":[],"rvr_surroundings":[],"rvr_included":[],"rvr_not_included":[],"rvr_policies":[],"REAL_HOMES_property_location":{"latitude":"39.3618259","longitude":"3.2083589","zoom":"15"},"REAL_HOMES_property_address":"07691 Portopetro, Islas Baleares, Espa\u00f1a","REAL_HOMES_property_map":"","REAL_HOMES_property_images":[{"width":150,"height":150,"file":"2022\/04\/IMG-20250417-WA0003.jpg","filesize":342013,"sizes":{"medium":{"file":"IMG-20250417-WA0003-300x169.jpg","width":300,"height":169,"mime-type":"image\/jpeg","filesize":15938,"url":"https:\/\/360mallorcaproperty.com\/wp-content\/uploads\/2022\/04\/IMG-20250417-WA0003-300x169.jpg"},"large":{"file":"IMG-20250417-WA0003-1024x576.jpg","width":1024,"height":576,"mime-type":"image\/jpeg","filesize":169953,"url":"https:\/\/360mallorcaproperty.com\/wp-content\/uploads\/2022\/04\/IMG-20250417-WA0003-1024x576.jpg"},"thumbnail":{"file":"IMG-20250417-WA0003-150x150.jpg","width":150,"height":150,"mime-type":"image\/jpeg","filesize":6580,"url":"https:\/\/360mallorcaproperty.com\/wp-content\/uploads\/2022\/04\/IMG-20250417-WA0003-150x150.jpg"},"medium_large":{"file":"IMG-20250417-WA0003-768x432.jpg","width":768,"height":432,"mime-type":"image\/jpeg","filesize":98289,"url":"https:\/\/360mallorcaproperty.com\/wp-content\/uploads\/2022\/04\/IMG-20250417-WA0003-768x432.jpg"},"1536x1536":{"file":"IMG-20250417-WA0003-1536x864.jpg","width":1536,"height":864,"mime-type":"image\/jpeg","filesize":346008,"url":"https:\/\/360mallorcaproperty.com\/wp-content\/uploads\/2022\/04\/IMG-20250417-WA0003-1536x864.jpg"},"post-thumbnail":{"file":"IMG-20250417-WA0003-150x84.jpg","width":150,"height":84,"mime-type":"image\/jpeg","filesize":4762,"url":"https:\/\/360mallorcaproperty.com\/wp-content\/uploads\/2022\/04\/IMG-20250417-WA0003-150x84.jpg"},"modern-property-child-slider":{"file":"IMG-20250417-WA0003-680x510.jpg","width":680,"height":510,"mime-type":"image\/jpeg","filesize":92682,"url":"https:\/\/360mallorcaproperty.com\/wp-content\/uploads\/2022\/04\/IMG-20250417-WA0003-680x510.jpg"},"property-thumb-image":{"file":"IMG-20250417-WA0003-488x326.jpg","width":488,"height":326,"mime-type":"image\/jpeg","filesize":45589,"url":"https:\/\/360mallorcaproperty.com\/wp-content\/uploads\/2022\/04\/IMG-20250417-WA0003-488x326.jpg"},"property-detail-video-image":{"file":"IMG-20250417-WA0003-818x417.jpg","width":818,"height":417,"mime-type":"image\/jpeg","filesize":103654,"url":"https:\/\/360mallorcaproperty.com\/wp-content\/uploads\/2022\/04\/IMG-20250417-WA0003-818x417.jpg"},"agent-image":{"file":"IMG-20250417-WA0003-210x210.jpg","width":210,"height":210,"mime-type":"image\/jpeg","filesize":12168,"url":"https:\/\/360mallorcaproperty.com\/wp-content\/uploads\/2022\/04\/IMG-20250417-WA0003-210x210.jpg"},"partners-logo":{"file":"IMG-20250417-WA0003-600x900.jpg","width":600,"height":900,"mime-type":"image\/jpeg","filesize":141346,"url":"https:\/\/360mallorcaproperty.com\/wp-content\/uploads\/2022\/04\/IMG-20250417-WA0003-600x900.jpg"},"post-featured-image":{"file":"IMG-20250417-WA0003-1240x720.jpg","width":1240,"height":720,"mime-type":"image\/jpeg","filesize":245467,"url":"https:\/\/360mallorcaproperty.com\/wp-content\/uploads\/2022\/04\/IMG-20250417-WA0003-1240x720.jpg"}},"image_meta":{"aperture":"0","credit":"","camera":"","caption":"","created_timestamp":"0","copyright":"","focal_length":"0","iso":"0","shutter_speed":"0","title":"","orientation":"0","keywords":[]},"ID":"30212","name":"IMG-20250417-WA0003.jpg","path":"\/home\/mallorcaproperty\/public_html\/wp-content\/uploads\/2022\/04\/IMG-20250417-WA0003.jpg","url":"https:\/\/360mallorcaproperty.com\/wp-content\/uploads\/2022\/04\/IMG-20250417-WA0003-150x150.jpg","full_url":"https:\/\/360mallorcaproperty.com\/wp-content\/uploads\/2022\/04\/IMG-20250417-WA0003.jpg","title":"IMG-20250417-WA0003","caption":"","description":"","alt":"","srcset":"https:\/\/360mallorcaproperty.com\/wp-content\/uploads\/2022\/04\/IMG-20250417-WA0003-150x150.jpg 150w, https:\/\/360mallorcaproperty.com\/wp-content\/uploads\/2022\/04\/IMG-20250417-WA0003-210x210.jpg 210w"},{"width":150,"height":150,"file":"2022\/04\/IMG-20250417-WA0006.jpg","filesize":362608,"sizes":{"medium":{"file":"IMG-20250417-WA0006-300x169.jpg","width":300,"height":169,"mime-type":"image\/jpeg","filesize":14924,"url":"https:\/\/360mallorcaproperty.com\/wp-content\/uploads\/2022\/04\/IMG-20250417-WA0006-300x169.jpg"},"large":{"file":"IMG-20250417-WA0006-1024x576.jpg","width":1024,"height":576,"mime-type":"image\/jpeg","filesize":172035,"url":"https:\/\/360mallorcaproperty.com\/wp-content\/uploads\/2022\/04\/IMG-20250417-WA0006-1024x576.jpg"},"thumbnail":{"file":"IMG-20250417-WA0006-150x150.jpg","width":150,"height":150,"mime-type":"image\/jpeg","filesize":6932,"url":"https:\/\/360mallorcaproperty.com\/wp-content\/uploads\/2022\/04\/IMG-20250417-WA0006-150x150.jpg"},"medium_large":{"file":"IMG-20250417-WA0006-768x432.jpg","width":768,"height":432,"mime-type":"image\/jpeg","filesize":97044,"url":"https:\/\/360mallorcaproperty.com\/wp-content\/uploads\/2022\/04\/IMG-20250417-WA0006-768x432.jpg"},"1536x1536":{"file":"IMG-20250417-WA0006-1536x864.jpg","width":1536,"height":864,"mime-type":"image\/jpeg","filesize":362913,"url":"https:\/\/360mallorcaproperty.com\/wp-content\/uploads\/2022\/04\/IMG-20250417-WA0006-1536x864.jpg"},"post-thumbnail":{"file":"IMG-20250417-WA0006-150x84.jpg","width":150,"height":84,"mime-type":"image\/jpeg","filesize":4298,"url":"https:\/\/360mallorcaproperty.com\/wp-content\/uploads\/2022\/04\/IMG-20250417-WA0006-150x84.jpg"},"modern-property-child-slider":{"file":"IMG-20250417-WA0006-680x510.jpg","width":680,"height":510,"mime-type":"image\/jpeg","filesize":101188,"url":"https:\/\/360mallorcaproperty.com\/wp-content\/uploads\/2022\/04\/IMG-20250417-WA0006-680x510.jpg"},"property-thumb-image":{"file":"IMG-20250417-WA0006-488x326.jpg","width":488,"height":326,"mime-type":"image\/jpeg","filesize":46236,"url":"https:\/\/360mallorcaproperty.com\/wp-content\/uploads\/2022\/04\/IMG-20250417-WA0006-488x326.jpg"},"property-detail-video-image":{"file":"IMG-20250417-WA0006-818x417.jpg","width":818,"height":417,"mime-type":"image\/jpeg","filesize":103102,"url":"https:\/\/360mallorcaproperty.com\/wp-content\/uploads\/2022\/04\/IMG-20250417-WA0006-818x417.jpg"},"agent-image":{"file":"IMG-20250417-WA0006-210x210.jpg","width":210,"height":210,"mime-type":"image\/jpeg","filesize":13122,"url":"https:\/\/360mallorcaproperty.com\/wp-content\/uploads\/2022\/04\/IMG-20250417-WA0006-210x210.jpg"},"partners-logo":{"file":"IMG-20250417-WA0006-600x900.jpg","width":600,"height":900,"mime-type":"image\/jpeg","filesize":170045,"url":"https:\/\/360mallorcaproperty.com\/wp-content\/uploads\/2022\/04\/IMG-20250417-WA0006-600x900.jpg"},"post-featured-image":{"file":"IMG-20250417-WA0006-1240x720.jpg","width":1240,"height":720,"mime-type":"image\/jpeg","filesize":255469,"url":"https:\/\/360mallorcaproperty.com\/wp-content\/uploads\/2022\/04\/IMG-20250417-WA0006-1240x720.jpg"}},"image_meta":{"aperture":"0","credit":"","camera":"","caption":"","created_timestamp":"0","copyright":"","focal_length":"0","iso":"0","shutter_speed":"0","title":"","orientation":"0","keywords":[]},"ID":"30215","name":"IMG-20250417-WA0006.jpg","path":"\/home\/mallorcaproperty\/public_html\/wp-content\/uploads\/2022\/04\/IMG-20250417-WA0006.jpg","url":"https:\/\/360mallorcaproperty.com\/wp-content\/uploads\/2022\/04\/IMG-20250417-WA0006-150x150.jpg","full_url":"https:\/\/360mallorcaproperty.com\/wp-content\/uploads\/2022\/04\/IMG-20250417-WA0006.jpg","title":"IMG-20250417-WA0006","caption":"","description":"","alt":"","srcset":"https:\/\/360mallorcaproperty.com\/wp-content\/uploads\/2022\/04\/IMG-20250417-WA0006-150x150.jpg 150w, https:\/\/360mallorcaproperty.com\/wp-content\/uploads\/2022\/04\/IMG-20250417-WA0006-210x210.jpg 210w"},{"width":150,"height":150,"file":"2022\/04\/IMG-20250417-WA0008.jpg","filesize":441663,"sizes":{"medium":{"file":"IMG-20250417-WA0008-300x169.jpg","width":300,"height":169,"mime-type":"image\/jpeg","filesize":17997,"url":"https:\/\/360mallorcaproperty.com\/wp-content\/uploads\/2022\/04\/IMG-20250417-WA0008-300x169.jpg"},"large":{"file":"IMG-20250417-WA0008-1024x576.jpg","width":1024,"height":576,"mime-type":"image\/jpeg","filesize":211297,"url":"https:\/\/360mallorcaproperty.com\/wp-content\/uploads\/2022\/04\/IMG-20250417-WA0008-1024x576.jpg"},"thumbnail":{"file":"IMG-20250417-WA0008-150x150.jpg","width":150,"height":150,"mime-type":"image\/jpeg","filesize":7892,"url":"https:\/\/360mallorcaproperty.com\/wp-content\/uploads\/2022\/04\/IMG-20250417-WA0008-150x150.jpg"},"medium_large":{"file":"IMG-20250417-WA0008-768x432.jpg","width":768,"height":432,"mime-type":"image\/jpeg","filesize":119484,"url":"https:\/\/360mallorcaproperty.com\/wp-content\/uploads\/2022\/04\/IMG-20250417-WA0008-768x432.jpg"},"1536x1536":{"file":"IMG-20250417-WA0008-1536x864.jpg","width":1536,"height":864,"mime-type":"image\/jpeg","filesize":442539,"url":"https:\/\/360mallorcaproperty.com\/wp-content\/uploads\/2022\/04\/IMG-20250417-WA0008-1536x864.jpg"},"post-thumbnail":{"file":"IMG-20250417-WA0008-150x84.jpg","width":150,"height":84,"mime-type":"image\/jpeg","filesize":5031,"url":"https:\/\/360mallorcaproperty.com\/wp-content\/uploads\/2022\/04\/IMG-20250417-WA0008-150x84.jpg"},"modern-property-child-slider":{"file":"IMG-20250417-WA0008-680x510.jpg","width":680,"height":510,"mime-type":"image\/jpeg","filesize":120160,"url":"https:\/\/360mallorcaproperty.com\/wp-content\/uploads\/2022\/04\/IMG-20250417-WA0008-680x510.jpg"},"property-thumb-image":{"file":"IMG-20250417-WA0008-488x326.jpg","width":488,"height":326,"mime-type":"image\/jpeg","filesize":55455,"url":"https:\/\/360mallorcaproperty.com\/wp-content\/uploads\/2022\/04\/IMG-20250417-WA0008-488x326.jpg"},"property-detail-video-image":{"file":"IMG-20250417-WA0008-818x417.jpg","width":818,"height":417,"mime-type":"image\/jpeg","filesize":128131,"url":"https:\/\/360mallorcaproperty.com\/wp-content\/uploads\/2022\/04\/IMG-20250417-WA0008-818x417.jpg"},"agent-image":{"file":"IMG-20250417-WA0008-210x210.jpg","width":210,"height":210,"mime-type":"image\/jpeg","filesize":15086,"url":"https:\/\/360mallorcaproperty.com\/wp-content\/uploads\/2022\/04\/IMG-20250417-WA0008-210x210.jpg"},"partners-logo":{"file":"IMG-20250417-WA0008-600x900.jpg","width":600,"height":900,"mime-type":"image\/jpeg","filesize":195233,"url":"https:\/\/360mallorcaproperty.com\/wp-content\/uploads\/2022\/04\/IMG-20250417-WA0008-600x900.jpg"},"post-featured-image":{"file":"IMG-20250417-WA0008-1240x720.jpg","width":1240,"height":720,"mime-type":"image\/jpeg","filesize":310818,"url":"https:\/\/360mallorcaproperty.com\/wp-content\/uploads\/2022\/04\/IMG-20250417-WA0008-1240x720.jpg"}},"image_meta":{"aperture":"0","credit":"","camera":"","caption":"","created_timestamp":"0","copyright":"","focal_length":"0","iso":"0","shutter_speed":"0","title":"","orientation":"0","keywords":[]},"ID":"30218","name":"IMG-20250417-WA0008.jpg","path":"\/home\/mallorcaproperty\/public_html\/wp-content\/uploads\/2022\/04\/IMG-20250417-WA0008.jpg","url":"https:\/\/360mallorcaproperty.com\/wp-content\/uploads\/2022\/04\/IMG-20250417-WA0008-150x150.jpg","full_url":"https:\/\/360mallorcaproperty.com\/wp-content\/uploads\/2022\/04\/IMG-20250417-WA0008.jpg","title":"IMG-20250417-WA0008","caption":"","description":"","alt":"","srcset":"https:\/\/360mallorcaproperty.com\/wp-content\/uploads\/2022\/04\/IMG-20250417-WA0008-150x150.jpg 150w, https:\/\/360mallorcaproperty.com\/wp-content\/uploads\/2022\/04\/IMG-20250417-WA0008-210x210.jpg 210w"},{"width":150,"height":150,"file":"2022\/04\/IMG-20250417-WA0016.jpg","filesize":433121,"sizes":{"medium":{"file":"IMG-20250417-WA0016-300x169.jpg","width":300,"height":169,"mime-type":"image\/jpeg","filesize":18386,"url":"https:\/\/360mallorcaproperty.com\/wp-content\/uploads\/2022\/04\/IMG-20250417-WA0016-300x169.jpg"},"large":{"file":"IMG-20250417-WA0016-1024x576.jpg","width":1024,"height":576,"mime-type":"image\/jpeg","filesize":209145,"url":"https:\/\/360mallorcaproperty.com\/wp-content\/uploads\/2022\/04\/IMG-20250417-WA0016-1024x576.jpg"},"thumbnail":{"file":"IMG-20250417-WA0016-150x150.jpg","width":150,"height":150,"mime-type":"image\/jpeg","filesize":8566,"url":"https:\/\/360mallorcaproperty.com\/wp-content\/uploads\/2022\/04\/IMG-20250417-WA0016-150x150.jpg"},"medium_large":{"file":"IMG-20250417-WA0016-768x432.jpg","width":768,"height":432,"mime-type":"image\/jpeg","filesize":119013,"url":"https:\/\/360mallorcaproperty.com\/wp-content\/uploads\/2022\/04\/IMG-20250417-WA0016-768x432.jpg"},"1536x1536":{"file":"IMG-20250417-WA0016-1536x864.jpg","width":1536,"height":864,"mime-type":"image\/jpeg","filesize":434960,"url":"https:\/\/360mallorcaproperty.com\/wp-content\/uploads\/2022\/04\/IMG-20250417-WA0016-1536x864.jpg"},"post-thumbnail":{"file":"IMG-20250417-WA0016-150x84.jpg","width":150,"height":84,"mime-type":"image\/jpeg","filesize":5162,"url":"https:\/\/360mallorcaproperty.com\/wp-content\/uploads\/2022\/04\/IMG-20250417-WA0016-150x84.jpg"},"modern-property-child-slider":{"file":"IMG-20250417-WA0016-680x510.jpg","width":680,"height":510,"mime-type":"image\/jpeg","filesize":123453,"url":"https:\/\/360mallorcaproperty.com\/wp-content\/uploads\/2022\/04\/IMG-20250417-WA0016-680x510.jpg"},"property-thumb-image":{"file":"IMG-20250417-WA0016-488x326.jpg","width":488,"height":326,"mime-type":"image\/jpeg","filesize":56615,"url":"https:\/\/360mallorcaproperty.com\/wp-content\/uploads\/2022\/04\/IMG-20250417-WA0016-488x326.jpg"},"property-detail-video-image":{"file":"IMG-20250417-WA0016-818x417.jpg","width":818,"height":417,"mime-type":"image\/jpeg","filesize":126902,"url":"https:\/\/360mallorcaproperty.com\/wp-content\/uploads\/2022\/04\/IMG-20250417-WA0016-818x417.jpg"},"agent-image":{"file":"IMG-20250417-WA0016-210x210.jpg","width":210,"height":210,"mime-type":"image\/jpeg","filesize":16438,"url":"https:\/\/360mallorcaproperty.com\/wp-content\/uploads\/2022\/04\/IMG-20250417-WA0016-210x210.jpg"},"partners-logo":{"file":"IMG-20250417-WA0016-600x900.jpg","width":600,"height":900,"mime-type":"image\/jpeg","filesize":206876,"url":"https:\/\/360mallorcaproperty.com\/wp-content\/uploads\/2022\/04\/IMG-20250417-WA0016-600x900.jpg"},"post-featured-image":{"file":"IMG-20250417-WA0016-1240x720.jpg","width":1240,"height":720,"mime-type":"image\/jpeg","filesize":308258,"url":"https:\/\/360mallorcaproperty.com\/wp-content\/uploads\/2022\/04\/IMG-20250417-WA0016-1240x720.jpg"}},"image_meta":{"aperture":"0","credit":"","camera":"","caption":"","created_timestamp":"0","copyright":"","focal_length":"0","iso":"0","shutter_speed":"0","title":"","orientation":"0","keywords":[]},"ID":"30221","name":"IMG-20250417-WA0016.jpg","path":"\/home\/mallorcaproperty\/public_html\/wp-content\/uploads\/2022\/04\/IMG-20250417-WA0016.jpg","url":"https:\/\/360mallorcaproperty.com\/wp-content\/uploads\/2022\/04\/IMG-20250417-WA0016-150x150.jpg","full_url":"https:\/\/360mallorcaproperty.com\/wp-content\/uploads\/2022\/04\/IMG-20250417-WA0016.jpg","title":"IMG-20250417-WA0016","caption":"","description":"","alt":"","srcset":"https:\/\/360mallorcaproperty.com\/wp-content\/uploads\/2022\/04\/IMG-20250417-WA0016-150x150.jpg 150w, https:\/\/360mallorcaproperty.com\/wp-content\/uploads\/2022\/04\/IMG-20250417-WA0016-210x210.jpg 210w"},{"width":150,"height":150,"file":"2022\/04\/IMG-20250417-WA0017.jpg","filesize":396834,"sizes":{"medium":{"file":"IMG-20250417-WA0017-300x169.jpg","width":300,"height":169,"mime-type":"image\/jpeg","filesize":16859,"url":"https:\/\/360mallorcaproperty.com\/wp-content\/uploads\/2022\/04\/IMG-20250417-WA0017-300x169.jpg"},"large":{"file":"IMG-20250417-WA0017-1024x576.jpg","width":1024,"height":576,"mime-type":"image\/jpeg","filesize":189217,"url":"https:\/\/360mallorcaproperty.com\/wp-content\/uploads\/2022\/04\/IMG-20250417-WA0017-1024x576.jpg"},"thumbnail":{"file":"IMG-20250417-WA0017-150x150.jpg","width":150,"height":150,"mime-type":"image\/jpeg","filesize":7556,"url":"https:\/\/360mallorcaproperty.com\/wp-content\/uploads\/2022\/04\/IMG-20250417-WA0017-150x150.jpg"},"medium_large":{"file":"IMG-20250417-WA0017-768x432.jpg","width":768,"height":432,"mime-type":"image\/jpeg","filesize":107373,"url":"https:\/\/360mallorcaproperty.com\/wp-content\/uploads\/2022\/04\/IMG-20250417-WA0017-768x432.jpg"},"1536x1536":{"file":"IMG-20250417-WA0017-1536x864.jpg","width":1536,"height":864,"mime-type":"image\/jpeg","filesize":396918,"url":"https:\/\/360mallorcaproperty.com\/wp-content\/uploads\/2022\/04\/IMG-20250417-WA0017-1536x864.jpg"},"post-thumbnail":{"file":"IMG-20250417-WA0017-150x84.jpg","width":150,"height":84,"mime-type":"image\/jpeg","filesize":4858,"url":"https:\/\/360mallorcaproperty.com\/wp-content\/uploads\/2022\/04\/IMG-20250417-WA0017-150x84.jpg"},"modern-property-child-slider":{"file":"IMG-20250417-WA0017-680x510.jpg","width":680,"height":510,"mime-type":"image\/jpeg","filesize":107242,"url":"https:\/\/360mallorcaproperty.com\/wp-content\/uploads\/2022\/04\/IMG-20250417-WA0017-680x510.jpg"},"property-thumb-image":{"file":"IMG-20250417-WA0017-488x326.jpg","width":488,"height":326,"mime-type":"image\/jpeg","filesize":50530,"url":"https:\/\/360mallorcaproperty.com\/wp-content\/uploads\/2022\/04\/IMG-20250417-WA0017-488x326.jpg"},"property-detail-video-image":{"file":"IMG-20250417-WA0017-818x417.jpg","width":818,"height":417,"mime-type":"image\/jpeg","filesize":114428,"url":"https:\/\/360mallorcaproperty.com\/wp-content\/uploads\/2022\/04\/IMG-20250417-WA0017-818x417.jpg"},"agent-image":{"file":"IMG-20250417-WA0017-210x210.jpg","width":210,"height":210,"mime-type":"image\/jpeg","filesize":14174,"url":"https:\/\/360mallorcaproperty.com\/wp-content\/uploads\/2022\/04\/IMG-20250417-WA0017-210x210.jpg"},"partners-logo":{"file":"IMG-20250417-WA0017-600x900.jpg","width":600,"height":900,"mime-type":"image\/jpeg","filesize":173202,"url":"https:\/\/360mallorcaproperty.com\/wp-content\/uploads\/2022\/04\/IMG-20250417-WA0017-600x900.jpg"},"post-featured-image":{"file":"IMG-20250417-WA0017-1240x720.jpg","width":1240,"height":720,"mime-type":"image\/jpeg","filesize":278896,"url":"https:\/\/360mallorcaproperty.com\/wp-content\/uploads\/2022\/04\/IMG-20250417-WA0017-1240x720.jpg"}},"image_meta":{"aperture":"0","credit":"","camera":"","caption":"","created_timestamp":"0","copyright":"","focal_length":"0","iso":"0","shutter_speed":"0","title":"","orientation":"0","keywords":[]},"ID":"30224","name":"IMG-20250417-WA0017.jpg","path":"\/home\/mallorcaproperty\/public_html\/wp-content\/uploads\/2022\/04\/IMG-20250417-WA0017.jpg","url":"https:\/\/360mallorcaproperty.com\/wp-content\/uploads\/2022\/04\/IMG-20250417-WA0017-150x150.jpg","full_url":"https:\/\/360mallorcaproperty.com\/wp-content\/uploads\/2022\/04\/IMG-20250417-WA0017.jpg","title":"IMG-20250417-WA0017","caption":"","description":"","alt":"","srcset":"https:\/\/360mallorcaproperty.com\/wp-content\/uploads\/2022\/04\/IMG-20250417-WA0017-150x150.jpg 150w, https:\/\/360mallorcaproperty.com\/wp-content\/uploads\/2022\/04\/IMG-20250417-WA0017-210x210.jpg 210w"},{"width":150,"height":150,"file":"2022\/04\/IMG-20250417-WA0019.jpg","filesize":287508,"sizes":{"medium":{"file":"IMG-20250417-WA0019-300x169.jpg","width":300,"height":169,"mime-type":"image\/jpeg","filesize":12610,"url":"https:\/\/360mallorcaproperty.com\/wp-content\/uploads\/2022\/04\/IMG-20250417-WA0019-300x169.jpg"},"large":{"file":"IMG-20250417-WA0019-1024x576.jpg","width":1024,"height":576,"mime-type":"image\/jpeg","filesize":138739,"url":"https:\/\/360mallorcaproperty.com\/wp-content\/uploads\/2022\/04\/IMG-20250417-WA0019-1024x576.jpg"},"thumbnail":{"file":"IMG-20250417-WA0019-150x150.jpg","width":150,"height":150,"mime-type":"image\/jpeg","filesize":5739,"url":"https:\/\/360mallorcaproperty.com\/wp-content\/uploads\/2022\/04\/IMG-20250417-WA0019-150x150.jpg"},"medium_large":{"file":"IMG-20250417-WA0019-768x432.jpg","width":768,"height":432,"mime-type":"image\/jpeg","filesize":79031,"url":"https:\/\/360mallorcaproperty.com\/wp-content\/uploads\/2022\/04\/IMG-20250417-WA0019-768x432.jpg"},"1536x1536":{"file":"IMG-20250417-WA0019-1536x864.jpg","width":1536,"height":864,"mime-type":"image\/jpeg","filesize":289901,"url":"https:\/\/360mallorcaproperty.com\/wp-content\/uploads\/2022\/04\/IMG-20250417-WA0019-1536x864.jpg"},"post-thumbnail":{"file":"IMG-20250417-WA0019-150x84.jpg","width":150,"height":84,"mime-type":"image\/jpeg","filesize":3817,"url":"https:\/\/360mallorcaproperty.com\/wp-content\/uploads\/2022\/04\/IMG-20250417-WA0019-150x84.jpg"},"modern-property-child-slider":{"file":"IMG-20250417-WA0019-680x510.jpg","width":680,"height":510,"mime-type":"image\/jpeg","filesize":79456,"url":"https:\/\/360mallorcaproperty.com\/wp-content\/uploads\/2022\/04\/IMG-20250417-WA0019-680x510.jpg"},"property-thumb-image":{"file":"IMG-20250417-WA0019-488x326.jpg","width":488,"height":326,"mime-type":"image\/jpeg","filesize":37163,"url":"https:\/\/360mallorcaproperty.com\/wp-content\/uploads\/2022\/04\/IMG-20250417-WA0019-488x326.jpg"},"property-detail-video-image":{"file":"IMG-20250417-WA0019-818x417.jpg","width":818,"height":417,"mime-type":"image\/jpeg","filesize":82518,"url":"https:\/\/360mallorcaproperty.com\/wp-content\/uploads\/2022\/04\/IMG-20250417-WA0019-818x417.jpg"},"agent-image":{"file":"IMG-20250417-WA0019-210x210.jpg","width":210,"height":210,"mime-type":"image\/jpeg","filesize":10685,"url":"https:\/\/360mallorcaproperty.com\/wp-content\/uploads\/2022\/04\/IMG-20250417-WA0019-210x210.jpg"},"partners-logo":{"file":"IMG-20250417-WA0019-600x900.jpg","width":600,"height":900,"mime-type":"image\/jpeg","filesize":133301,"url":"https:\/\/360mallorcaproperty.com\/wp-content\/uploads\/2022\/04\/IMG-20250417-WA0019-600x900.jpg"},"post-featured-image":{"file":"IMG-20250417-WA0019-1240x720.jpg","width":1240,"height":720,"mime-type":"image\/jpeg","filesize":204647,"url":"https:\/\/360mallorcaproperty.com\/wp-content\/uploads\/2022\/04\/IMG-20250417-WA0019-1240x720.jpg"}},"image_meta":{"aperture":"0","credit":"","camera":"","caption":"","created_timestamp":"0","copyright":"","focal_length":"0","iso":"0","shutter_speed":"0","title":"","orientation":"0","keywords":[]},"ID":"30227","name":"IMG-20250417-WA0019.jpg","path":"\/home\/mallorcaproperty\/public_html\/wp-content\/uploads\/2022\/04\/IMG-20250417-WA0019.jpg","url":"https:\/\/360mallorcaproperty.com\/wp-content\/uploads\/2022\/04\/IMG-20250417-WA0019-150x150.jpg","full_url":"https:\/\/360mallorcaproperty.com\/wp-content\/uploads\/2022\/04\/IMG-20250417-WA0019.jpg","title":"IMG-20250417-WA0019","caption":"","description":"","alt":"","srcset":"https:\/\/360mallorcaproperty.com\/wp-content\/uploads\/2022\/04\/IMG-20250417-WA0019-150x150.jpg 150w, https:\/\/360mallorcaproperty.com\/wp-content\/uploads\/2022\/04\/IMG-20250417-WA0019-210x210.jpg 210w"}],"REAL_HOMES_change_gallery_slider_type":"0","REAL_HOMES_gallery_slider_type":"thumb-on-right","inspiry_floor_plans":[{"inspiry_floor_plan_name":"Situacion","inspiry_floor_plan_image":"https:\/\/360mallorcaproperty.com\/wp-content\/uploads\/2022\/04\/V4035-PLANOS-PROYECTO-BASICO_page-0001.jpg"},{"inspiry_floor_plan_name":"Fachada","inspiry_floor_plan_image":"https:\/\/360mallorcaproperty.com\/wp-content\/uploads\/2022\/04\/V4035-PLANOS-PROYECTO-BASICO_page-0005.jpg"},{"inspiry_floor_plan_name":"Planta Baja","inspiry_floor_plan_image":"https:\/\/360mallorcaproperty.com\/wp-content\/uploads\/2022\/04\/V4035-PLANOS-PROYECTO-BASICO_page-0003.jpg"},{"inspiry_floor_plan_name":"Primer planta","inspiry_floor_plan_image":"https:\/\/360mallorcaproperty.com\/wp-content\/uploads\/2022\/04\/V4035-PLANOS-PROYECTO-BASICO_page-0004.jpg"},{"inspiry_floor_plan_name":"Garage","inspiry_floor_plan_image":"https:\/\/360mallorcaproperty.com\/wp-content\/uploads\/2022\/04\/V4035-PLANOS-PROYECTO-BASICO_page-0002.jpg"},{"inspiry_floor_plan_name":"Secion alzados laterales","inspiry_floor_plan_image":"https:\/\/360mallorcaproperty.com\/wp-content\/uploads\/2022\/04\/V4035-PLANOS-PROYECTO-BASICO_page-0006.jpg"}],"inspiry_video_group":[],"REAL_HOMES_360_virtual_tour":"","REAL_HOMES_agent_display_option":"","REAL_HOMES_agents":[],"REAL_HOMES_energy_class":"none","REAL_HOMES_energy_performance":"","REAL_HOMES_epc_current_rating":"","REAL_HOMES_epc_potential_rating":"","ere_property_schedule_tour":"global","ere_property_schedule_time_slots":"","ere_property_schedule_description":"","REAL_HOMES_sticky":"0","inspiry_property_label":"","inspiry_property_label_color":"","inspiry_property_tax":"","inspiry_additional_fee":"","REAL_HOMES_attachments":[],"inspiry_property_owner_name":"","inspiry_property_owner_contact":"","inspiry_property_owner_address":"","REAL_HOMES_property_private_note":"","inspiry_message_to_reviewer":"","REAL_HOMES_add_in_slider":"no","REAL_HOMES_slider_image":[],"REAL_HOMES_page_banner_image":[],"REAL_HOMES_hide_property_advance_search":"0","inspiry_offmarket":[],"REAL_HOMES_custom_header_display":"default","REAL_HOMES_custom_header_position":"relative","REAL_HOMES_custom_footer_display":"default","REAL_HOMES_hide_advance_search":"0","REAL_HOMES_custom_search_form":"default","REAL_HOMES_search_form_margin_top":"","REAL_HOMES_search_form_margin_bottom":""},"_links":{"self":[{"href":"https:\/\/360mallorcaproperty.com\/es\/wp-json\/wp\/v2\/property\/14553","targetHints":{"allow":["GET"]}}],"collection":[{"href":"https:\/\/360mallorcaproperty.com\/es\/wp-json\/wp\/v2\/property"}],"about":[{"href":"https:\/\/360mallorcaproperty.com\/es\/wp-json\/wp\/v2\/types\/property"}],"author":[{"embeddable":true,"href":"https:\/\/360mallorcaproperty.com\/es\/wp-json\/wp\/v2\/users\/1"}],"replies":[{"embeddable":true,"href":"https:\/\/360mallorcaproperty.com\/es\/wp-json\/wp\/v2\/comments?post=14553"}],"version-history":[{"count":7,"href":"https:\/\/360mallorcaproperty.com\/es\/wp-json\/wp\/v2\/property\/14553\/revisions"}],"predecessor-version":[{"id":32251,"href":"https:\/\/360mallorcaproperty.com\/es\/wp-json\/wp\/v2\/property\/14553\/revisions\/32251"}],"wp:featuredmedia":[{"embeddable":true,"href":"https:\/\/360mallorcaproperty.com\/es\/wp-json\/wp\/v2\/media\/30226"}],"wp:attachment":[{"href":"https:\/\/360mallorcaproperty.com\/es\/wp-json\/wp\/v2\/media?parent=14553"}],"wp:term":[{"taxonomy":"property-feature","embeddable":true,"href":"https:\/\/360mallorcaproperty.com\/es\/wp-json\/wp\/v2\/property-feature?post=14553"},{"taxonomy":"property-type","embeddable":true,"href":"https:\/\/360mallorcaproperty.com\/es\/wp-json\/wp\/v2\/property-type?post=14553"},{"taxonomy":"property-city","embeddable":true,"href":"https:\/\/360mallorcaproperty.com\/es\/wp-json\/wp\/v2\/property-location?post=14553"},{"taxonomy":"property-status","embeddable":true,"href":"https:\/\/360mallorcaproperty.com\/es\/wp-json\/wp\/v2\/property-status?post=14553"}],"curies":[{"name":"wp","href":"https:\/\/api.w.org\/{rel}","templated":true}]}}