{"id":14566,"date":"2022-07-26T08:43:27","date_gmt":"2022-07-26T08:43:27","guid":{"rendered":"https:\/\/360mallorcaproperty.com\/property\/parcelas-en-la-marina-de-cala-dor\/"},"modified":"2024-07-12T11:06:25","modified_gmt":"2024-07-12T11:06:25","slug":"v5020","status":"publish","type":"property","link":"https:\/\/360mallorcaproperty.com\/es\/property\/v5020\/","title":{"rendered":"Parcelas en la Marina de Cala d&#8217;Or"},"content":{"rendered":"<p>2 Parcelas urbanas construibles con fant\u00e1stica ubicaci\u00f3n en el puerto deportivo de Cala d&#8217;Or.<br \/>\nLos tama\u00f1os de las parcelas var\u00edan entre 978m2 y 1153m2.<br \/>\nLas parcelas cuestan 350.000 euros cada una.<\/p>\n<p>Ubicaci\u00f3n:<br \/>\nEl exclusivo puerto deportivo de Cala d&#8217;Or se encuentra a poca distancia del pueblo. La ciudad y el puerto, con sus numerosos restaurantes, peque\u00f1os bares y tiendas, son una atracci\u00f3n tur\u00edstica muy popular.<br \/>\nCala Egos, que es un pueblo al otro lado del puerto deportivo, tiene un activo centro urbano equipado con varios restaurantes, bares, tiendas y pubs de discoteca.<br \/>\nCala Ferrera, que est\u00e1 al otro lado de Cala d&#8217;Or, tambi\u00e9n tiene un centro activo con muchos restaurantes, bares, tiendas y un par de grandes parques infantiles con karts y castillo hinchable para los ni\u00f1os.<br \/>\nHay muchos taxis disponibles para moverse, as\u00ed como un servicio de autob\u00fas y un mini tren que funciona en el verano entre cala Egos, Cala d&#8217;Or y Cala Ferrera<br \/>\nLa zona es muy popular entre las familias, tiene muchas playas de las que disfrutar y, en su mayor\u00eda, cierra durante el invierno.<\/p>\n<p>Para obtener informaci\u00f3n completa, p\u00f3ngase en contacto con nosotros aqu\u00ed en 360 Mallorca Property.<\/p>\n","protected":false},"excerpt":{"rendered":"<p>2 Parcelas urbanas construibles con fant\u00e1stica ubicaci\u00f3n en el puerto deportivo de Cala d&#8217;Or. Los tama\u00f1os de las parcelas var\u00edan entre 978m2 y 1153m2. Las parcelas cuestan 350.000 euros cada una. Ubicaci\u00f3n: El exclusivo puerto deportivo de Cala d&#8217;Or se encuentra a poca distancia del pueblo. La ciudad y el puerto, con sus numerosos restaurantes,&#8230;<\/p>\n","protected":false},"author":1,"featured_media":28122,"parent":0,"menu_order":0,"comment_status":"closed","ping_status":"closed","template":"","property-feature":[],"property-type":[258],"property-location":[259,260],"property-status":[231],"class_list":["post-14566","property","type-property","status-publish","has-post-thumbnail","hentry","property-type-solares-urbanos","property-city-cala-dor-es","property-city-cala-egos-es","property-status-venta"],"property_meta":{"REAL_HOMES_property_price":"380000","REAL_HOMES_property_old_price":"","REAL_HOMES_property_price_prefix":"","REAL_HOMES_property_price_postfix":"","REAL_HOMES_property_size":"","REAL_HOMES_property_size_postfix":"","REAL_HOMES_property_lot_size":"1000","REAL_HOMES_property_lot_size_postfix":"m\u00b2","REAL_HOMES_property_bedrooms":"","REAL_HOMES_property_bathrooms":"","REAL_HOMES_property_garage":"","REAL_HOMES_property_id":"V5020","REAL_HOMES_property_year_built":"","REAL_HOMES_featured":"","REAL_HOMES_additional_details_list":[],"rvr_booking_widget_display":"","rvr_booking_mode":"","rvr_govt_tax":"","rvr_govt_tax_type":"","rvr_govt_tax_calculation":"","rvr_service_charges":"","rvr_service_charges_type":"","rvr_service_charges_calculation":"","rvr_guests_capacity":"","rvr_book_child_as":"","rvr_min_stay":"","rvr_guests_capacity_extend":"","rvr_extra_guest_price":"","rvr_property_owner":"","rvr_bulk_pricing":[],"rvr_seasonal_pricing":[],"rvr_custom_reserved_dates":[],"rvr_additional_fees":[],"rvr_additional_amenities":[],"rvr_accommodation":[],"rvr_outdoor_features":[],"rvr_surroundings":[],"rvr_included":[],"rvr_not_included":[],"rvr_policies":[],"REAL_HOMES_property_location":{"latitude":"39.3736733","longitude":"3.2204806","zoom":"15"},"REAL_HOMES_property_address":"Carrer Canyot, Santa\u00f1\u00ed, Migjorn, Islas Baleares, 07660, Espa\u00f1a","REAL_HOMES_property_map":"","REAL_HOMES_property_images":[{"width":150,"height":150,"file":"2022\/05\/WhatsApp-Image-2022-05-09-at-2.13.46-PM-1.jpeg","sizes":{"medium":{"file":"WhatsApp-Image-2022-05-09-at-2.13.46-PM-1-225x300.jpeg","width":225,"height":300,"mime-type":"image\/jpeg","url":"https:\/\/360mallorcaproperty.com\/wp-content\/uploads\/2022\/05\/WhatsApp-Image-2022-05-09-at-2.13.46-PM-1-225x300.jpeg"},"large":{"file":"WhatsApp-Image-2022-05-09-at-2.13.46-PM-1-768x1024.jpeg","width":768,"height":1024,"mime-type":"image\/jpeg","url":"https:\/\/360mallorcaproperty.com\/wp-content\/uploads\/2022\/05\/WhatsApp-Image-2022-05-09-at-2.13.46-PM-1-768x1024.jpeg"},"thumbnail":{"file":"WhatsApp-Image-2022-05-09-at-2.13.46-PM-1-150x150.jpeg","width":150,"height":150,"mime-type":"image\/jpeg","url":"https:\/\/360mallorcaproperty.com\/wp-content\/uploads\/2022\/05\/WhatsApp-Image-2022-05-09-at-2.13.46-PM-1-150x150.jpeg"},"medium_large":{"file":"WhatsApp-Image-2022-05-09-at-2.13.46-PM-1-768x1024.jpeg","width":768,"height":1024,"mime-type":"image\/jpeg","url":"https:\/\/360mallorcaproperty.com\/wp-content\/uploads\/2022\/05\/WhatsApp-Image-2022-05-09-at-2.13.46-PM-1-768x1024.jpeg"},"1536x1536":{"file":"WhatsApp-Image-2022-05-09-at-2.13.46-PM-1-1152x1536.jpeg","width":1152,"height":1536,"mime-type":"image\/jpeg","url":"https:\/\/360mallorcaproperty.com\/wp-content\/uploads\/2022\/05\/WhatsApp-Image-2022-05-09-at-2.13.46-PM-1-1152x1536.jpeg"},"post-thumbnail":{"file":"WhatsApp-Image-2022-05-09-at-2.13.46-PM-1-113x150.jpeg","width":113,"height":150,"mime-type":"image\/jpeg","url":"https:\/\/360mallorcaproperty.com\/wp-content\/uploads\/2022\/05\/WhatsApp-Image-2022-05-09-at-2.13.46-PM-1-113x150.jpeg"},"modern-property-child-slider":{"file":"WhatsApp-Image-2022-05-09-at-2.13.46-PM-1-680x510.jpeg","width":680,"height":510,"mime-type":"image\/jpeg","url":"https:\/\/360mallorcaproperty.com\/wp-content\/uploads\/2022\/05\/WhatsApp-Image-2022-05-09-at-2.13.46-PM-1-680x510.jpeg"},"property-thumb-image":{"file":"WhatsApp-Image-2022-05-09-at-2.13.46-PM-1-488x326.jpeg","width":488,"height":326,"mime-type":"image\/jpeg","url":"https:\/\/360mallorcaproperty.com\/wp-content\/uploads\/2022\/05\/WhatsApp-Image-2022-05-09-at-2.13.46-PM-1-488x326.jpeg"},"property-detail-video-image":{"file":"WhatsApp-Image-2022-05-09-at-2.13.46-PM-1-818x417.jpeg","width":818,"height":417,"mime-type":"image\/jpeg","url":"https:\/\/360mallorcaproperty.com\/wp-content\/uploads\/2022\/05\/WhatsApp-Image-2022-05-09-at-2.13.46-PM-1-818x417.jpeg"},"agent-image":{"file":"WhatsApp-Image-2022-05-09-at-2.13.46-PM-1-210x210.jpeg","width":210,"height":210,"mime-type":"image\/jpeg","url":"https:\/\/360mallorcaproperty.com\/wp-content\/uploads\/2022\/05\/WhatsApp-Image-2022-05-09-at-2.13.46-PM-1-210x210.jpeg"},"partners-logo":{"file":"WhatsApp-Image-2022-05-09-at-2.13.46-PM-1-600x2048.jpeg","width":600,"height":2048,"mime-type":"image\/jpeg","url":"https:\/\/360mallorcaproperty.com\/wp-content\/uploads\/2022\/05\/WhatsApp-Image-2022-05-09-at-2.13.46-PM-1-600x2048.jpeg"},"post-featured-image":{"file":"WhatsApp-Image-2022-05-09-at-2.13.46-PM-1-1240x720.jpeg","width":1240,"height":720,"mime-type":"image\/jpeg","url":"https:\/\/360mallorcaproperty.com\/wp-content\/uploads\/2022\/05\/WhatsApp-Image-2022-05-09-at-2.13.46-PM-1-1240x720.jpeg"}},"image_meta":{"aperture":"0","credit":"","camera":"","caption":"","created_timestamp":"0","copyright":"","focal_length":"0","iso":"0","shutter_speed":"0","title":"","orientation":"0","keywords":[]},"ID":"8398","name":"WhatsApp-Image-2022-05-09-at-2.13.46-PM-1.jpeg","path":"\/home\/mallorcaproperty\/public_html\/wp-content\/uploads\/2022\/05\/WhatsApp-Image-2022-05-09-at-2.13.46-PM-1.jpeg","url":"https:\/\/360mallorcaproperty.com\/wp-content\/uploads\/2022\/05\/WhatsApp-Image-2022-05-09-at-2.13.46-PM-1-150x150.jpeg","full_url":"https:\/\/360mallorcaproperty.com\/wp-content\/uploads\/2022\/05\/WhatsApp-Image-2022-05-09-at-2.13.46-PM-1.jpeg","title":"WhatsApp Image 2022-05-09 at 2.13.46 PM (1)","caption":"","description":"","alt":"","srcset":"https:\/\/360mallorcaproperty.com\/wp-content\/uploads\/2022\/05\/WhatsApp-Image-2022-05-09-at-2.13.46-PM-1-150x150.jpeg 150w, https:\/\/360mallorcaproperty.com\/wp-content\/uploads\/2022\/05\/WhatsApp-Image-2022-05-09-at-2.13.46-PM-1-210x210.jpeg 210w"},{"width":150,"height":150,"file":"2022\/05\/WhatsApp-Image-2022-05-09-at-2.13.49-PM.jpeg","sizes":{"medium":{"file":"WhatsApp-Image-2022-05-09-at-2.13.49-PM-225x300.jpeg","width":225,"height":300,"mime-type":"image\/jpeg","url":"https:\/\/360mallorcaproperty.com\/wp-content\/uploads\/2022\/05\/WhatsApp-Image-2022-05-09-at-2.13.49-PM-225x300.jpeg"},"large":{"file":"WhatsApp-Image-2022-05-09-at-2.13.49-PM-768x1024.jpeg","width":768,"height":1024,"mime-type":"image\/jpeg","url":"https:\/\/360mallorcaproperty.com\/wp-content\/uploads\/2022\/05\/WhatsApp-Image-2022-05-09-at-2.13.49-PM-768x1024.jpeg"},"thumbnail":{"file":"WhatsApp-Image-2022-05-09-at-2.13.49-PM-150x150.jpeg","width":150,"height":150,"mime-type":"image\/jpeg","url":"https:\/\/360mallorcaproperty.com\/wp-content\/uploads\/2022\/05\/WhatsApp-Image-2022-05-09-at-2.13.49-PM-150x150.jpeg"},"medium_large":{"file":"WhatsApp-Image-2022-05-09-at-2.13.49-PM-768x1024.jpeg","width":768,"height":1024,"mime-type":"image\/jpeg","url":"https:\/\/360mallorcaproperty.com\/wp-content\/uploads\/2022\/05\/WhatsApp-Image-2022-05-09-at-2.13.49-PM-768x1024.jpeg"},"1536x1536":{"file":"WhatsApp-Image-2022-05-09-at-2.13.49-PM-1152x1536.jpeg","width":1152,"height":1536,"mime-type":"image\/jpeg","url":"https:\/\/360mallorcaproperty.com\/wp-content\/uploads\/2022\/05\/WhatsApp-Image-2022-05-09-at-2.13.49-PM-1152x1536.jpeg"},"post-thumbnail":{"file":"WhatsApp-Image-2022-05-09-at-2.13.49-PM-113x150.jpeg","width":113,"height":150,"mime-type":"image\/jpeg","url":"https:\/\/360mallorcaproperty.com\/wp-content\/uploads\/2022\/05\/WhatsApp-Image-2022-05-09-at-2.13.49-PM-113x150.jpeg"},"modern-property-child-slider":{"file":"WhatsApp-Image-2022-05-09-at-2.13.49-PM-680x510.jpeg","width":680,"height":510,"mime-type":"image\/jpeg","url":"https:\/\/360mallorcaproperty.com\/wp-content\/uploads\/2022\/05\/WhatsApp-Image-2022-05-09-at-2.13.49-PM-680x510.jpeg"},"property-thumb-image":{"file":"WhatsApp-Image-2022-05-09-at-2.13.49-PM-488x326.jpeg","width":488,"height":326,"mime-type":"image\/jpeg","url":"https:\/\/360mallorcaproperty.com\/wp-content\/uploads\/2022\/05\/WhatsApp-Image-2022-05-09-at-2.13.49-PM-488x326.jpeg"},"property-detail-video-image":{"file":"WhatsApp-Image-2022-05-09-at-2.13.49-PM-818x417.jpeg","width":818,"height":417,"mime-type":"image\/jpeg","url":"https:\/\/360mallorcaproperty.com\/wp-content\/uploads\/2022\/05\/WhatsApp-Image-2022-05-09-at-2.13.49-PM-818x417.jpeg"},"agent-image":{"file":"WhatsApp-Image-2022-05-09-at-2.13.49-PM-210x210.jpeg","width":210,"height":210,"mime-type":"image\/jpeg","url":"https:\/\/360mallorcaproperty.com\/wp-content\/uploads\/2022\/05\/WhatsApp-Image-2022-05-09-at-2.13.49-PM-210x210.jpeg"},"partners-logo":{"file":"WhatsApp-Image-2022-05-09-at-2.13.49-PM-600x2048.jpeg","width":600,"height":2048,"mime-type":"image\/jpeg","url":"https:\/\/360mallorcaproperty.com\/wp-content\/uploads\/2022\/05\/WhatsApp-Image-2022-05-09-at-2.13.49-PM-600x2048.jpeg"},"post-featured-image":{"file":"WhatsApp-Image-2022-05-09-at-2.13.49-PM-1240x720.jpeg","width":1240,"height":720,"mime-type":"image\/jpeg","url":"https:\/\/360mallorcaproperty.com\/wp-content\/uploads\/2022\/05\/WhatsApp-Image-2022-05-09-at-2.13.49-PM-1240x720.jpeg"}},"image_meta":{"aperture":"0","credit":"","camera":"","caption":"","created_timestamp":"0","copyright":"","focal_length":"0","iso":"0","shutter_speed":"0","title":"","orientation":"0","keywords":[]},"ID":"8401","name":"WhatsApp-Image-2022-05-09-at-2.13.49-PM.jpeg","path":"\/home\/mallorcaproperty\/public_html\/wp-content\/uploads\/2022\/05\/WhatsApp-Image-2022-05-09-at-2.13.49-PM.jpeg","url":"https:\/\/360mallorcaproperty.com\/wp-content\/uploads\/2022\/05\/WhatsApp-Image-2022-05-09-at-2.13.49-PM-150x150.jpeg","full_url":"https:\/\/360mallorcaproperty.com\/wp-content\/uploads\/2022\/05\/WhatsApp-Image-2022-05-09-at-2.13.49-PM.jpeg","title":"WhatsApp Image 2022-05-09 at 2.13.49 PM","caption":"","description":"","alt":"","srcset":"https:\/\/360mallorcaproperty.com\/wp-content\/uploads\/2022\/05\/WhatsApp-Image-2022-05-09-at-2.13.49-PM-150x150.jpeg 150w, https:\/\/360mallorcaproperty.com\/wp-content\/uploads\/2022\/05\/WhatsApp-Image-2022-05-09-at-2.13.49-PM-210x210.jpeg 210w"},{"width":150,"height":150,"file":"2022\/05\/WhatsApp-Image-2022-05-09-at-2.13.44-PM-1.jpeg","sizes":{"medium":{"file":"WhatsApp-Image-2022-05-09-at-2.13.44-PM-1-225x300.jpeg","width":225,"height":300,"mime-type":"image\/jpeg","url":"https:\/\/360mallorcaproperty.com\/wp-content\/uploads\/2022\/05\/WhatsApp-Image-2022-05-09-at-2.13.44-PM-1-225x300.jpeg"},"large":{"file":"WhatsApp-Image-2022-05-09-at-2.13.44-PM-1-768x1024.jpeg","width":768,"height":1024,"mime-type":"image\/jpeg","url":"https:\/\/360mallorcaproperty.com\/wp-content\/uploads\/2022\/05\/WhatsApp-Image-2022-05-09-at-2.13.44-PM-1-768x1024.jpeg"},"thumbnail":{"file":"WhatsApp-Image-2022-05-09-at-2.13.44-PM-1-150x150.jpeg","width":150,"height":150,"mime-type":"image\/jpeg","url":"https:\/\/360mallorcaproperty.com\/wp-content\/uploads\/2022\/05\/WhatsApp-Image-2022-05-09-at-2.13.44-PM-1-150x150.jpeg"},"medium_large":{"file":"WhatsApp-Image-2022-05-09-at-2.13.44-PM-1-768x1024.jpeg","width":768,"height":1024,"mime-type":"image\/jpeg","url":"https:\/\/360mallorcaproperty.com\/wp-content\/uploads\/2022\/05\/WhatsApp-Image-2022-05-09-at-2.13.44-PM-1-768x1024.jpeg"},"1536x1536":{"file":"WhatsApp-Image-2022-05-09-at-2.13.44-PM-1-1152x1536.jpeg","width":1152,"height":1536,"mime-type":"image\/jpeg","url":"https:\/\/360mallorcaproperty.com\/wp-content\/uploads\/2022\/05\/WhatsApp-Image-2022-05-09-at-2.13.44-PM-1-1152x1536.jpeg"},"post-thumbnail":{"file":"WhatsApp-Image-2022-05-09-at-2.13.44-PM-1-113x150.jpeg","width":113,"height":150,"mime-type":"image\/jpeg","url":"https:\/\/360mallorcaproperty.com\/wp-content\/uploads\/2022\/05\/WhatsApp-Image-2022-05-09-at-2.13.44-PM-1-113x150.jpeg"},"modern-property-child-slider":{"file":"WhatsApp-Image-2022-05-09-at-2.13.44-PM-1-680x510.jpeg","width":680,"height":510,"mime-type":"image\/jpeg","url":"https:\/\/360mallorcaproperty.com\/wp-content\/uploads\/2022\/05\/WhatsApp-Image-2022-05-09-at-2.13.44-PM-1-680x510.jpeg"},"property-thumb-image":{"file":"WhatsApp-Image-2022-05-09-at-2.13.44-PM-1-488x326.jpeg","width":488,"height":326,"mime-type":"image\/jpeg","url":"https:\/\/360mallorcaproperty.com\/wp-content\/uploads\/2022\/05\/WhatsApp-Image-2022-05-09-at-2.13.44-PM-1-488x326.jpeg"},"property-detail-video-image":{"file":"WhatsApp-Image-2022-05-09-at-2.13.44-PM-1-818x417.jpeg","width":818,"height":417,"mime-type":"image\/jpeg","url":"https:\/\/360mallorcaproperty.com\/wp-content\/uploads\/2022\/05\/WhatsApp-Image-2022-05-09-at-2.13.44-PM-1-818x417.jpeg"},"agent-image":{"file":"WhatsApp-Image-2022-05-09-at-2.13.44-PM-1-210x210.jpeg","width":210,"height":210,"mime-type":"image\/jpeg","url":"https:\/\/360mallorcaproperty.com\/wp-content\/uploads\/2022\/05\/WhatsApp-Image-2022-05-09-at-2.13.44-PM-1-210x210.jpeg"},"partners-logo":{"file":"WhatsApp-Image-2022-05-09-at-2.13.44-PM-1-600x2048.jpeg","width":600,"height":2048,"mime-type":"image\/jpeg","url":"https:\/\/360mallorcaproperty.com\/wp-content\/uploads\/2022\/05\/WhatsApp-Image-2022-05-09-at-2.13.44-PM-1-600x2048.jpeg"},"post-featured-image":{"file":"WhatsApp-Image-2022-05-09-at-2.13.44-PM-1-1240x720.jpeg","width":1240,"height":720,"mime-type":"image\/jpeg","url":"https:\/\/360mallorcaproperty.com\/wp-content\/uploads\/2022\/05\/WhatsApp-Image-2022-05-09-at-2.13.44-PM-1-1240x720.jpeg"}},"image_meta":{"aperture":"0","credit":"","camera":"","caption":"","created_timestamp":"0","copyright":"","focal_length":"0","iso":"0","shutter_speed":"0","title":"","orientation":"0","keywords":[]},"ID":"8402","name":"WhatsApp-Image-2022-05-09-at-2.13.44-PM-1.jpeg","path":"\/home\/mallorcaproperty\/public_html\/wp-content\/uploads\/2022\/05\/WhatsApp-Image-2022-05-09-at-2.13.44-PM-1.jpeg","url":"https:\/\/360mallorcaproperty.com\/wp-content\/uploads\/2022\/05\/WhatsApp-Image-2022-05-09-at-2.13.44-PM-1-150x150.jpeg","full_url":"https:\/\/360mallorcaproperty.com\/wp-content\/uploads\/2022\/05\/WhatsApp-Image-2022-05-09-at-2.13.44-PM-1.jpeg","title":"WhatsApp Image 2022-05-09 at 2.13.44 PM (1)","caption":"","description":"","alt":"","srcset":"https:\/\/360mallorcaproperty.com\/wp-content\/uploads\/2022\/05\/WhatsApp-Image-2022-05-09-at-2.13.44-PM-1-150x150.jpeg 150w, https:\/\/360mallorcaproperty.com\/wp-content\/uploads\/2022\/05\/WhatsApp-Image-2022-05-09-at-2.13.44-PM-1-210x210.jpeg 210w"},{"width":150,"height":150,"file":"2022\/05\/WhatsApp-Image-2022-05-09-at-2.13.45-PM-1.jpeg","sizes":{"medium":{"file":"WhatsApp-Image-2022-05-09-at-2.13.45-PM-1-225x300.jpeg","width":225,"height":300,"mime-type":"image\/jpeg","url":"https:\/\/360mallorcaproperty.com\/wp-content\/uploads\/2022\/05\/WhatsApp-Image-2022-05-09-at-2.13.45-PM-1-225x300.jpeg"},"large":{"file":"WhatsApp-Image-2022-05-09-at-2.13.45-PM-1-768x1024.jpeg","width":768,"height":1024,"mime-type":"image\/jpeg","url":"https:\/\/360mallorcaproperty.com\/wp-content\/uploads\/2022\/05\/WhatsApp-Image-2022-05-09-at-2.13.45-PM-1-768x1024.jpeg"},"thumbnail":{"file":"WhatsApp-Image-2022-05-09-at-2.13.45-PM-1-150x150.jpeg","width":150,"height":150,"mime-type":"image\/jpeg","url":"https:\/\/360mallorcaproperty.com\/wp-content\/uploads\/2022\/05\/WhatsApp-Image-2022-05-09-at-2.13.45-PM-1-150x150.jpeg"},"medium_large":{"file":"WhatsApp-Image-2022-05-09-at-2.13.45-PM-1-768x1024.jpeg","width":768,"height":1024,"mime-type":"image\/jpeg","url":"https:\/\/360mallorcaproperty.com\/wp-content\/uploads\/2022\/05\/WhatsApp-Image-2022-05-09-at-2.13.45-PM-1-768x1024.jpeg"},"1536x1536":{"file":"WhatsApp-Image-2022-05-09-at-2.13.45-PM-1-1152x1536.jpeg","width":1152,"height":1536,"mime-type":"image\/jpeg","url":"https:\/\/360mallorcaproperty.com\/wp-content\/uploads\/2022\/05\/WhatsApp-Image-2022-05-09-at-2.13.45-PM-1-1152x1536.jpeg"},"post-thumbnail":{"file":"WhatsApp-Image-2022-05-09-at-2.13.45-PM-1-113x150.jpeg","width":113,"height":150,"mime-type":"image\/jpeg","url":"https:\/\/360mallorcaproperty.com\/wp-content\/uploads\/2022\/05\/WhatsApp-Image-2022-05-09-at-2.13.45-PM-1-113x150.jpeg"},"modern-property-child-slider":{"file":"WhatsApp-Image-2022-05-09-at-2.13.45-PM-1-680x510.jpeg","width":680,"height":510,"mime-type":"image\/jpeg","url":"https:\/\/360mallorcaproperty.com\/wp-content\/uploads\/2022\/05\/WhatsApp-Image-2022-05-09-at-2.13.45-PM-1-680x510.jpeg"},"property-thumb-image":{"file":"WhatsApp-Image-2022-05-09-at-2.13.45-PM-1-488x326.jpeg","width":488,"height":326,"mime-type":"image\/jpeg","url":"https:\/\/360mallorcaproperty.com\/wp-content\/uploads\/2022\/05\/WhatsApp-Image-2022-05-09-at-2.13.45-PM-1-488x326.jpeg"},"property-detail-video-image":{"file":"WhatsApp-Image-2022-05-09-at-2.13.45-PM-1-818x417.jpeg","width":818,"height":417,"mime-type":"image\/jpeg","url":"https:\/\/360mallorcaproperty.com\/wp-content\/uploads\/2022\/05\/WhatsApp-Image-2022-05-09-at-2.13.45-PM-1-818x417.jpeg"},"agent-image":{"file":"WhatsApp-Image-2022-05-09-at-2.13.45-PM-1-210x210.jpeg","width":210,"height":210,"mime-type":"image\/jpeg","url":"https:\/\/360mallorcaproperty.com\/wp-content\/uploads\/2022\/05\/WhatsApp-Image-2022-05-09-at-2.13.45-PM-1-210x210.jpeg"},"partners-logo":{"file":"WhatsApp-Image-2022-05-09-at-2.13.45-PM-1-600x2048.jpeg","width":600,"height":2048,"mime-type":"image\/jpeg","url":"https:\/\/360mallorcaproperty.com\/wp-content\/uploads\/2022\/05\/WhatsApp-Image-2022-05-09-at-2.13.45-PM-1-600x2048.jpeg"},"post-featured-image":{"file":"WhatsApp-Image-2022-05-09-at-2.13.45-PM-1-1240x720.jpeg","width":1240,"height":720,"mime-type":"image\/jpeg","url":"https:\/\/360mallorcaproperty.com\/wp-content\/uploads\/2022\/05\/WhatsApp-Image-2022-05-09-at-2.13.45-PM-1-1240x720.jpeg"}},"image_meta":{"aperture":"0","credit":"","camera":"","caption":"","created_timestamp":"0","copyright":"","focal_length":"0","iso":"0","shutter_speed":"0","title":"","orientation":"0","keywords":[]},"ID":"8403","name":"WhatsApp-Image-2022-05-09-at-2.13.45-PM-1.jpeg","path":"\/home\/mallorcaproperty\/public_html\/wp-content\/uploads\/2022\/05\/WhatsApp-Image-2022-05-09-at-2.13.45-PM-1.jpeg","url":"https:\/\/360mallorcaproperty.com\/wp-content\/uploads\/2022\/05\/WhatsApp-Image-2022-05-09-at-2.13.45-PM-1-150x150.jpeg","full_url":"https:\/\/360mallorcaproperty.com\/wp-content\/uploads\/2022\/05\/WhatsApp-Image-2022-05-09-at-2.13.45-PM-1.jpeg","title":"WhatsApp Image 2022-05-09 at 2.13.45 PM (1)","caption":"","description":"","alt":"","srcset":"https:\/\/360mallorcaproperty.com\/wp-content\/uploads\/2022\/05\/WhatsApp-Image-2022-05-09-at-2.13.45-PM-1-150x150.jpeg 150w, https:\/\/360mallorcaproperty.com\/wp-content\/uploads\/2022\/05\/WhatsApp-Image-2022-05-09-at-2.13.45-PM-1-210x210.jpeg 210w"},{"width":150,"height":150,"file":"2022\/05\/WhatsApp-Image-2022-05-09-at-2.13.46-PM.jpeg","sizes":{"medium":{"file":"WhatsApp-Image-2022-05-09-at-2.13.46-PM-225x300.jpeg","width":225,"height":300,"mime-type":"image\/jpeg","url":"https:\/\/360mallorcaproperty.com\/wp-content\/uploads\/2022\/05\/WhatsApp-Image-2022-05-09-at-2.13.46-PM-225x300.jpeg"},"large":{"file":"WhatsApp-Image-2022-05-09-at-2.13.46-PM-768x1024.jpeg","width":768,"height":1024,"mime-type":"image\/jpeg","url":"https:\/\/360mallorcaproperty.com\/wp-content\/uploads\/2022\/05\/WhatsApp-Image-2022-05-09-at-2.13.46-PM-768x1024.jpeg"},"thumbnail":{"file":"WhatsApp-Image-2022-05-09-at-2.13.46-PM-150x150.jpeg","width":150,"height":150,"mime-type":"image\/jpeg","url":"https:\/\/360mallorcaproperty.com\/wp-content\/uploads\/2022\/05\/WhatsApp-Image-2022-05-09-at-2.13.46-PM-150x150.jpeg"},"medium_large":{"file":"WhatsApp-Image-2022-05-09-at-2.13.46-PM-768x1024.jpeg","width":768,"height":1024,"mime-type":"image\/jpeg","url":"https:\/\/360mallorcaproperty.com\/wp-content\/uploads\/2022\/05\/WhatsApp-Image-2022-05-09-at-2.13.46-PM-768x1024.jpeg"},"1536x1536":{"file":"WhatsApp-Image-2022-05-09-at-2.13.46-PM-1152x1536.jpeg","width":1152,"height":1536,"mime-type":"image\/jpeg","url":"https:\/\/360mallorcaproperty.com\/wp-content\/uploads\/2022\/05\/WhatsApp-Image-2022-05-09-at-2.13.46-PM-1152x1536.jpeg"},"post-thumbnail":{"file":"WhatsApp-Image-2022-05-09-at-2.13.46-PM-113x150.jpeg","width":113,"height":150,"mime-type":"image\/jpeg","url":"https:\/\/360mallorcaproperty.com\/wp-content\/uploads\/2022\/05\/WhatsApp-Image-2022-05-09-at-2.13.46-PM-113x150.jpeg"},"modern-property-child-slider":{"file":"WhatsApp-Image-2022-05-09-at-2.13.46-PM-680x510.jpeg","width":680,"height":510,"mime-type":"image\/jpeg","url":"https:\/\/360mallorcaproperty.com\/wp-content\/uploads\/2022\/05\/WhatsApp-Image-2022-05-09-at-2.13.46-PM-680x510.jpeg"},"property-thumb-image":{"file":"WhatsApp-Image-2022-05-09-at-2.13.46-PM-488x326.jpeg","width":488,"height":326,"mime-type":"image\/jpeg","url":"https:\/\/360mallorcaproperty.com\/wp-content\/uploads\/2022\/05\/WhatsApp-Image-2022-05-09-at-2.13.46-PM-488x326.jpeg"},"property-detail-video-image":{"file":"WhatsApp-Image-2022-05-09-at-2.13.46-PM-818x417.jpeg","width":818,"height":417,"mime-type":"image\/jpeg","url":"https:\/\/360mallorcaproperty.com\/wp-content\/uploads\/2022\/05\/WhatsApp-Image-2022-05-09-at-2.13.46-PM-818x417.jpeg"},"agent-image":{"file":"WhatsApp-Image-2022-05-09-at-2.13.46-PM-210x210.jpeg","width":210,"height":210,"mime-type":"image\/jpeg","url":"https:\/\/360mallorcaproperty.com\/wp-content\/uploads\/2022\/05\/WhatsApp-Image-2022-05-09-at-2.13.46-PM-210x210.jpeg"},"partners-logo":{"file":"WhatsApp-Image-2022-05-09-at-2.13.46-PM-600x2048.jpeg","width":600,"height":2048,"mime-type":"image\/jpeg","url":"https:\/\/360mallorcaproperty.com\/wp-content\/uploads\/2022\/05\/WhatsApp-Image-2022-05-09-at-2.13.46-PM-600x2048.jpeg"},"post-featured-image":{"file":"WhatsApp-Image-2022-05-09-at-2.13.46-PM-1240x720.jpeg","width":1240,"height":720,"mime-type":"image\/jpeg","url":"https:\/\/360mallorcaproperty.com\/wp-content\/uploads\/2022\/05\/WhatsApp-Image-2022-05-09-at-2.13.46-PM-1240x720.jpeg"}},"image_meta":{"aperture":"0","credit":"","camera":"","caption":"","created_timestamp":"0","copyright":"","focal_length":"0","iso":"0","shutter_speed":"0","title":"","orientation":"0","keywords":[]},"ID":"8405","name":"WhatsApp-Image-2022-05-09-at-2.13.46-PM.jpeg","path":"\/home\/mallorcaproperty\/public_html\/wp-content\/uploads\/2022\/05\/WhatsApp-Image-2022-05-09-at-2.13.46-PM.jpeg","url":"https:\/\/360mallorcaproperty.com\/wp-content\/uploads\/2022\/05\/WhatsApp-Image-2022-05-09-at-2.13.46-PM-150x150.jpeg","full_url":"https:\/\/360mallorcaproperty.com\/wp-content\/uploads\/2022\/05\/WhatsApp-Image-2022-05-09-at-2.13.46-PM.jpeg","title":"WhatsApp Image 2022-05-09 at 2.13.46 PM","caption":"","description":"","alt":"","srcset":"https:\/\/360mallorcaproperty.com\/wp-content\/uploads\/2022\/05\/WhatsApp-Image-2022-05-09-at-2.13.46-PM-150x150.jpeg 150w, https:\/\/360mallorcaproperty.com\/wp-content\/uploads\/2022\/05\/WhatsApp-Image-2022-05-09-at-2.13.46-PM-210x210.jpeg 210w"},{"width":150,"height":150,"file":"2022\/05\/WhatsApp-Image-2022-05-09-at-2.13.50-PM.jpeg","sizes":{"medium":{"file":"WhatsApp-Image-2022-05-09-at-2.13.50-PM-225x300.jpeg","width":225,"height":300,"mime-type":"image\/jpeg","url":"https:\/\/360mallorcaproperty.com\/wp-content\/uploads\/2022\/05\/WhatsApp-Image-2022-05-09-at-2.13.50-PM-225x300.jpeg"},"large":{"file":"WhatsApp-Image-2022-05-09-at-2.13.50-PM-768x1024.jpeg","width":768,"height":1024,"mime-type":"image\/jpeg","url":"https:\/\/360mallorcaproperty.com\/wp-content\/uploads\/2022\/05\/WhatsApp-Image-2022-05-09-at-2.13.50-PM-768x1024.jpeg"},"thumbnail":{"file":"WhatsApp-Image-2022-05-09-at-2.13.50-PM-150x150.jpeg","width":150,"height":150,"mime-type":"image\/jpeg","url":"https:\/\/360mallorcaproperty.com\/wp-content\/uploads\/2022\/05\/WhatsApp-Image-2022-05-09-at-2.13.50-PM-150x150.jpeg"},"medium_large":{"file":"WhatsApp-Image-2022-05-09-at-2.13.50-PM-768x1024.jpeg","width":768,"height":1024,"mime-type":"image\/jpeg","url":"https:\/\/360mallorcaproperty.com\/wp-content\/uploads\/2022\/05\/WhatsApp-Image-2022-05-09-at-2.13.50-PM-768x1024.jpeg"},"1536x1536":{"file":"WhatsApp-Image-2022-05-09-at-2.13.50-PM-1152x1536.jpeg","width":1152,"height":1536,"mime-type":"image\/jpeg","url":"https:\/\/360mallorcaproperty.com\/wp-content\/uploads\/2022\/05\/WhatsApp-Image-2022-05-09-at-2.13.50-PM-1152x1536.jpeg"},"post-thumbnail":{"file":"WhatsApp-Image-2022-05-09-at-2.13.50-PM-113x150.jpeg","width":113,"height":150,"mime-type":"image\/jpeg","url":"https:\/\/360mallorcaproperty.com\/wp-content\/uploads\/2022\/05\/WhatsApp-Image-2022-05-09-at-2.13.50-PM-113x150.jpeg"},"modern-property-child-slider":{"file":"WhatsApp-Image-2022-05-09-at-2.13.50-PM-680x510.jpeg","width":680,"height":510,"mime-type":"image\/jpeg","url":"https:\/\/360mallorcaproperty.com\/wp-content\/uploads\/2022\/05\/WhatsApp-Image-2022-05-09-at-2.13.50-PM-680x510.jpeg"},"property-thumb-image":{"file":"WhatsApp-Image-2022-05-09-at-2.13.50-PM-488x326.jpeg","width":488,"height":326,"mime-type":"image\/jpeg","url":"https:\/\/360mallorcaproperty.com\/wp-content\/uploads\/2022\/05\/WhatsApp-Image-2022-05-09-at-2.13.50-PM-488x326.jpeg"},"property-detail-video-image":{"file":"WhatsApp-Image-2022-05-09-at-2.13.50-PM-818x417.jpeg","width":818,"height":417,"mime-type":"image\/jpeg","url":"https:\/\/360mallorcaproperty.com\/wp-content\/uploads\/2022\/05\/WhatsApp-Image-2022-05-09-at-2.13.50-PM-818x417.jpeg"},"agent-image":{"file":"WhatsApp-Image-2022-05-09-at-2.13.50-PM-210x210.jpeg","width":210,"height":210,"mime-type":"image\/jpeg","url":"https:\/\/360mallorcaproperty.com\/wp-content\/uploads\/2022\/05\/WhatsApp-Image-2022-05-09-at-2.13.50-PM-210x210.jpeg"},"partners-logo":{"file":"WhatsApp-Image-2022-05-09-at-2.13.50-PM-600x2048.jpeg","width":600,"height":2048,"mime-type":"image\/jpeg","url":"https:\/\/360mallorcaproperty.com\/wp-content\/uploads\/2022\/05\/WhatsApp-Image-2022-05-09-at-2.13.50-PM-600x2048.jpeg"},"post-featured-image":{"file":"WhatsApp-Image-2022-05-09-at-2.13.50-PM-1240x720.jpeg","width":1240,"height":720,"mime-type":"image\/jpeg","url":"https:\/\/360mallorcaproperty.com\/wp-content\/uploads\/2022\/05\/WhatsApp-Image-2022-05-09-at-2.13.50-PM-1240x720.jpeg"}},"image_meta":{"aperture":"0","credit":"","camera":"","caption":"","created_timestamp":"0","copyright":"","focal_length":"0","iso":"0","shutter_speed":"0","title":"","orientation":"0","keywords":[]},"ID":"8406","name":"WhatsApp-Image-2022-05-09-at-2.13.50-PM.jpeg","path":"\/home\/mallorcaproperty\/public_html\/wp-content\/uploads\/2022\/05\/WhatsApp-Image-2022-05-09-at-2.13.50-PM.jpeg","url":"https:\/\/360mallorcaproperty.com\/wp-content\/uploads\/2022\/05\/WhatsApp-Image-2022-05-09-at-2.13.50-PM-150x150.jpeg","full_url":"https:\/\/360mallorcaproperty.com\/wp-content\/uploads\/2022\/05\/WhatsApp-Image-2022-05-09-at-2.13.50-PM.jpeg","title":"WhatsApp Image 2022-05-09 at 2.13.50 PM","caption":"","description":"","alt":"","srcset":"https:\/\/360mallorcaproperty.com\/wp-content\/uploads\/2022\/05\/WhatsApp-Image-2022-05-09-at-2.13.50-PM-150x150.jpeg 150w, https:\/\/360mallorcaproperty.com\/wp-content\/uploads\/2022\/05\/WhatsApp-Image-2022-05-09-at-2.13.50-PM-210x210.jpeg 210w"},{"width":150,"height":150,"file":"2022\/05\/WhatsApp-Image-2022-05-09-at-2.13.52-PM-1.jpeg","sizes":{"medium":{"file":"WhatsApp-Image-2022-05-09-at-2.13.52-PM-1-225x300.jpeg","width":225,"height":300,"mime-type":"image\/jpeg","url":"https:\/\/360mallorcaproperty.com\/wp-content\/uploads\/2022\/05\/WhatsApp-Image-2022-05-09-at-2.13.52-PM-1-225x300.jpeg"},"large":{"file":"WhatsApp-Image-2022-05-09-at-2.13.52-PM-1-768x1024.jpeg","width":768,"height":1024,"mime-type":"image\/jpeg","url":"https:\/\/360mallorcaproperty.com\/wp-content\/uploads\/2022\/05\/WhatsApp-Image-2022-05-09-at-2.13.52-PM-1-768x1024.jpeg"},"thumbnail":{"file":"WhatsApp-Image-2022-05-09-at-2.13.52-PM-1-150x150.jpeg","width":150,"height":150,"mime-type":"image\/jpeg","url":"https:\/\/360mallorcaproperty.com\/wp-content\/uploads\/2022\/05\/WhatsApp-Image-2022-05-09-at-2.13.52-PM-1-150x150.jpeg"},"medium_large":{"file":"WhatsApp-Image-2022-05-09-at-2.13.52-PM-1-768x1024.jpeg","width":768,"height":1024,"mime-type":"image\/jpeg","url":"https:\/\/360mallorcaproperty.com\/wp-content\/uploads\/2022\/05\/WhatsApp-Image-2022-05-09-at-2.13.52-PM-1-768x1024.jpeg"},"1536x1536":{"file":"WhatsApp-Image-2022-05-09-at-2.13.52-PM-1-1152x1536.jpeg","width":1152,"height":1536,"mime-type":"image\/jpeg","url":"https:\/\/360mallorcaproperty.com\/wp-content\/uploads\/2022\/05\/WhatsApp-Image-2022-05-09-at-2.13.52-PM-1-1152x1536.jpeg"},"post-thumbnail":{"file":"WhatsApp-Image-2022-05-09-at-2.13.52-PM-1-113x150.jpeg","width":113,"height":150,"mime-type":"image\/jpeg","url":"https:\/\/360mallorcaproperty.com\/wp-content\/uploads\/2022\/05\/WhatsApp-Image-2022-05-09-at-2.13.52-PM-1-113x150.jpeg"},"modern-property-child-slider":{"file":"WhatsApp-Image-2022-05-09-at-2.13.52-PM-1-680x510.jpeg","width":680,"height":510,"mime-type":"image\/jpeg","url":"https:\/\/360mallorcaproperty.com\/wp-content\/uploads\/2022\/05\/WhatsApp-Image-2022-05-09-at-2.13.52-PM-1-680x510.jpeg"},"property-thumb-image":{"file":"WhatsApp-Image-2022-05-09-at-2.13.52-PM-1-488x326.jpeg","width":488,"height":326,"mime-type":"image\/jpeg","url":"https:\/\/360mallorcaproperty.com\/wp-content\/uploads\/2022\/05\/WhatsApp-Image-2022-05-09-at-2.13.52-PM-1-488x326.jpeg"},"property-detail-video-image":{"file":"WhatsApp-Image-2022-05-09-at-2.13.52-PM-1-818x417.jpeg","width":818,"height":417,"mime-type":"image\/jpeg","url":"https:\/\/360mallorcaproperty.com\/wp-content\/uploads\/2022\/05\/WhatsApp-Image-2022-05-09-at-2.13.52-PM-1-818x417.jpeg"},"agent-image":{"file":"WhatsApp-Image-2022-05-09-at-2.13.52-PM-1-210x210.jpeg","width":210,"height":210,"mime-type":"image\/jpeg","url":"https:\/\/360mallorcaproperty.com\/wp-content\/uploads\/2022\/05\/WhatsApp-Image-2022-05-09-at-2.13.52-PM-1-210x210.jpeg"},"partners-logo":{"file":"WhatsApp-Image-2022-05-09-at-2.13.52-PM-1-600x2048.jpeg","width":600,"height":2048,"mime-type":"image\/jpeg","url":"https:\/\/360mallorcaproperty.com\/wp-content\/uploads\/2022\/05\/WhatsApp-Image-2022-05-09-at-2.13.52-PM-1-600x2048.jpeg"},"post-featured-image":{"file":"WhatsApp-Image-2022-05-09-at-2.13.52-PM-1-1240x720.jpeg","width":1240,"height":720,"mime-type":"image\/jpeg","url":"https:\/\/360mallorcaproperty.com\/wp-content\/uploads\/2022\/05\/WhatsApp-Image-2022-05-09-at-2.13.52-PM-1-1240x720.jpeg"}},"image_meta":{"aperture":"0","credit":"","camera":"","caption":"","created_timestamp":"0","copyright":"","focal_length":"0","iso":"0","shutter_speed":"0","title":"","orientation":"0","keywords":[]},"ID":"8408","name":"WhatsApp-Image-2022-05-09-at-2.13.52-PM-1.jpeg","path":"\/home\/mallorcaproperty\/public_html\/wp-content\/uploads\/2022\/05\/WhatsApp-Image-2022-05-09-at-2.13.52-PM-1.jpeg","url":"https:\/\/360mallorcaproperty.com\/wp-content\/uploads\/2022\/05\/WhatsApp-Image-2022-05-09-at-2.13.52-PM-1-150x150.jpeg","full_url":"https:\/\/360mallorcaproperty.com\/wp-content\/uploads\/2022\/05\/WhatsApp-Image-2022-05-09-at-2.13.52-PM-1.jpeg","title":"WhatsApp Image 2022-05-09 at 2.13.52 PM (1)","caption":"","description":"","alt":"","srcset":"https:\/\/360mallorcaproperty.com\/wp-content\/uploads\/2022\/05\/WhatsApp-Image-2022-05-09-at-2.13.52-PM-1-150x150.jpeg 150w, https:\/\/360mallorcaproperty.com\/wp-content\/uploads\/2022\/05\/WhatsApp-Image-2022-05-09-at-2.13.52-PM-1-210x210.jpeg 210w"},{"width":150,"height":150,"file":"2022\/05\/WhatsApp-Image-2022-05-09-at-2.13.52-PM.jpeg","sizes":{"medium":{"file":"WhatsApp-Image-2022-05-09-at-2.13.52-PM-225x300.jpeg","width":225,"height":300,"mime-type":"image\/jpeg","url":"https:\/\/360mallorcaproperty.com\/wp-content\/uploads\/2022\/05\/WhatsApp-Image-2022-05-09-at-2.13.52-PM-225x300.jpeg"},"large":{"file":"WhatsApp-Image-2022-05-09-at-2.13.52-PM-768x1024.jpeg","width":768,"height":1024,"mime-type":"image\/jpeg","url":"https:\/\/360mallorcaproperty.com\/wp-content\/uploads\/2022\/05\/WhatsApp-Image-2022-05-09-at-2.13.52-PM-768x1024.jpeg"},"thumbnail":{"file":"WhatsApp-Image-2022-05-09-at-2.13.52-PM-150x150.jpeg","width":150,"height":150,"mime-type":"image\/jpeg","url":"https:\/\/360mallorcaproperty.com\/wp-content\/uploads\/2022\/05\/WhatsApp-Image-2022-05-09-at-2.13.52-PM-150x150.jpeg"},"medium_large":{"file":"WhatsApp-Image-2022-05-09-at-2.13.52-PM-768x1024.jpeg","width":768,"height":1024,"mime-type":"image\/jpeg","url":"https:\/\/360mallorcaproperty.com\/wp-content\/uploads\/2022\/05\/WhatsApp-Image-2022-05-09-at-2.13.52-PM-768x1024.jpeg"},"1536x1536":{"file":"WhatsApp-Image-2022-05-09-at-2.13.52-PM-1152x1536.jpeg","width":1152,"height":1536,"mime-type":"image\/jpeg","url":"https:\/\/360mallorcaproperty.com\/wp-content\/uploads\/2022\/05\/WhatsApp-Image-2022-05-09-at-2.13.52-PM-1152x1536.jpeg"},"post-thumbnail":{"file":"WhatsApp-Image-2022-05-09-at-2.13.52-PM-113x150.jpeg","width":113,"height":150,"mime-type":"image\/jpeg","url":"https:\/\/360mallorcaproperty.com\/wp-content\/uploads\/2022\/05\/WhatsApp-Image-2022-05-09-at-2.13.52-PM-113x150.jpeg"},"modern-property-child-slider":{"file":"WhatsApp-Image-2022-05-09-at-2.13.52-PM-680x510.jpeg","width":680,"height":510,"mime-type":"image\/jpeg","url":"https:\/\/360mallorcaproperty.com\/wp-content\/uploads\/2022\/05\/WhatsApp-Image-2022-05-09-at-2.13.52-PM-680x510.jpeg"},"property-thumb-image":{"file":"WhatsApp-Image-2022-05-09-at-2.13.52-PM-488x326.jpeg","width":488,"height":326,"mime-type":"image\/jpeg","url":"https:\/\/360mallorcaproperty.com\/wp-content\/uploads\/2022\/05\/WhatsApp-Image-2022-05-09-at-2.13.52-PM-488x326.jpeg"},"property-detail-video-image":{"file":"WhatsApp-Image-2022-05-09-at-2.13.52-PM-818x417.jpeg","width":818,"height":417,"mime-type":"image\/jpeg","url":"https:\/\/360mallorcaproperty.com\/wp-content\/uploads\/2022\/05\/WhatsApp-Image-2022-05-09-at-2.13.52-PM-818x417.jpeg"},"agent-image":{"file":"WhatsApp-Image-2022-05-09-at-2.13.52-PM-210x210.jpeg","width":210,"height":210,"mime-type":"image\/jpeg","url":"https:\/\/360mallorcaproperty.com\/wp-content\/uploads\/2022\/05\/WhatsApp-Image-2022-05-09-at-2.13.52-PM-210x210.jpeg"},"partners-logo":{"file":"WhatsApp-Image-2022-05-09-at-2.13.52-PM-600x2048.jpeg","width":600,"height":2048,"mime-type":"image\/jpeg","url":"https:\/\/360mallorcaproperty.com\/wp-content\/uploads\/2022\/05\/WhatsApp-Image-2022-05-09-at-2.13.52-PM-600x2048.jpeg"},"post-featured-image":{"file":"WhatsApp-Image-2022-05-09-at-2.13.52-PM-1240x720.jpeg","width":1240,"height":720,"mime-type":"image\/jpeg","url":"https:\/\/360mallorcaproperty.com\/wp-content\/uploads\/2022\/05\/WhatsApp-Image-2022-05-09-at-2.13.52-PM-1240x720.jpeg"}},"image_meta":{"aperture":"0","credit":"","camera":"","caption":"","created_timestamp":"0","copyright":"","focal_length":"0","iso":"0","shutter_speed":"0","title":"","orientation":"0","keywords":[]},"ID":"8409","name":"WhatsApp-Image-2022-05-09-at-2.13.52-PM.jpeg","path":"\/home\/mallorcaproperty\/public_html\/wp-content\/uploads\/2022\/05\/WhatsApp-Image-2022-05-09-at-2.13.52-PM.jpeg","url":"https:\/\/360mallorcaproperty.com\/wp-content\/uploads\/2022\/05\/WhatsApp-Image-2022-05-09-at-2.13.52-PM-150x150.jpeg","full_url":"https:\/\/360mallorcaproperty.com\/wp-content\/uploads\/2022\/05\/WhatsApp-Image-2022-05-09-at-2.13.52-PM.jpeg","title":"WhatsApp Image 2022-05-09 at 2.13.52 PM","caption":"","description":"","alt":"","srcset":"https:\/\/360mallorcaproperty.com\/wp-content\/uploads\/2022\/05\/WhatsApp-Image-2022-05-09-at-2.13.52-PM-150x150.jpeg 150w, https:\/\/360mallorcaproperty.com\/wp-content\/uploads\/2022\/05\/WhatsApp-Image-2022-05-09-at-2.13.52-PM-210x210.jpeg 210w"}],"REAL_HOMES_change_gallery_slider_type":"0","REAL_HOMES_gallery_slider_type":"thumb-on-right","inspiry_floor_plans":[],"inspiry_video_group":[],"REAL_HOMES_360_virtual_tour":"","REAL_HOMES_agent_display_option":"none","REAL_HOMES_agents":[],"REAL_HOMES_energy_class":"none","REAL_HOMES_energy_performance":"","REAL_HOMES_epc_current_rating":"","REAL_HOMES_epc_potential_rating":"","ere_property_schedule_tour":"global","ere_property_schedule_time_slots":"","ere_property_schedule_description":"","REAL_HOMES_sticky":"0","inspiry_property_label":"","inspiry_property_label_color":"","inspiry_property_tax":"","inspiry_additional_fee":"","REAL_HOMES_attachments":[],"inspiry_property_owner_name":"","inspiry_property_owner_contact":"","inspiry_property_owner_address":"","REAL_HOMES_property_private_note":"","inspiry_message_to_reviewer":"","REAL_HOMES_add_in_slider":"no","REAL_HOMES_slider_image":[],"REAL_HOMES_page_banner_image":[],"REAL_HOMES_hide_property_advance_search":"0","inspiry_offmarket":[],"REAL_HOMES_custom_header_display":"default","REAL_HOMES_custom_header_position":"relative","REAL_HOMES_custom_footer_display":"default","REAL_HOMES_hide_advance_search":"0","REAL_HOMES_custom_search_form":"default","REAL_HOMES_search_form_margin_top":"","REAL_HOMES_search_form_margin_bottom":""},"_links":{"self":[{"href":"https:\/\/360mallorcaproperty.com\/es\/wp-json\/wp\/v2\/property\/14566","targetHints":{"allow":["GET"]}}],"collection":[{"href":"https:\/\/360mallorcaproperty.com\/es\/wp-json\/wp\/v2\/property"}],"about":[{"href":"https:\/\/360mallorcaproperty.com\/es\/wp-json\/wp\/v2\/types\/property"}],"author":[{"embeddable":true,"href":"https:\/\/360mallorcaproperty.com\/es\/wp-json\/wp\/v2\/users\/1"}],"replies":[{"embeddable":true,"href":"https:\/\/360mallorcaproperty.com\/es\/wp-json\/wp\/v2\/comments?post=14566"}],"version-history":[{"count":0,"href":"https:\/\/360mallorcaproperty.com\/es\/wp-json\/wp\/v2\/property\/14566\/revisions"}],"wp:featuredmedia":[{"embeddable":true,"href":"https:\/\/360mallorcaproperty.com\/es\/wp-json\/wp\/v2\/media\/28122"}],"wp:attachment":[{"href":"https:\/\/360mallorcaproperty.com\/es\/wp-json\/wp\/v2\/media?parent=14566"}],"wp:term":[{"taxonomy":"property-feature","embeddable":true,"href":"https:\/\/360mallorcaproperty.com\/es\/wp-json\/wp\/v2\/property-feature?post=14566"},{"taxonomy":"property-type","embeddable":true,"href":"https:\/\/360mallorcaproperty.com\/es\/wp-json\/wp\/v2\/property-type?post=14566"},{"taxonomy":"property-city","embeddable":true,"href":"https:\/\/360mallorcaproperty.com\/es\/wp-json\/wp\/v2\/property-location?post=14566"},{"taxonomy":"property-status","embeddable":true,"href":"https:\/\/360mallorcaproperty.com\/es\/wp-json\/wp\/v2\/property-status?post=14566"}],"curies":[{"name":"wp","href":"https:\/\/api.w.org\/{rel}","templated":true}]}}