{"id":14575,"date":"2022-07-26T08:43:30","date_gmt":"2022-07-26T08:43:30","guid":{"rendered":"https:\/\/360mallorcaproperty.com\/property\/parcela-en-santanyi\/"},"modified":"2022-07-26T13:49:00","modified_gmt":"2022-07-26T13:49:00","slug":"v4055","status":"publish","type":"property","link":"https:\/\/360mallorcaproperty.com\/es\/property\/v4055\/","title":{"rendered":"Parcela en Santanyi"},"content":{"rendered":"<p>Situado en la zona de Son Salom de Santanyi, este gran terreno de 49.162M2 est\u00e1 a poca distancia del centro del pueblo.<\/p>\n<p>El proyecto b\u00e1sico de una gran casa de 4 dormitorios y 4 ba\u00f1os est\u00e1 en marcha. La parcela tiene acceso al agua y a la electricidad a la entrada de la misma.<\/p>\n<p>Oportunidad perfecta para construir una hermosa casa de campo en una zona muy tranquila y deseada.<\/p>\n<p>Ubicaci\u00f3n:<br \/>\nSantany\u00ed es un municipio situado en el sureste de Mallorca y alberga varias localidades de Santany\u00ed, s&#8217;Alqueria Blanca, Calonge y es Llombards. Tambi\u00e9n alberga las zonas costeras de Cala d&#8217;Or, la Marina de Cala d&#8217;Or, Cala Esmeralda, Cap d&#8217;es Moro, Cala Figuera, Portopetro, Cala Santany\u00ed, Cala de S&#8217;Almunia y Cala Llombards. Santanyi est\u00e1 rodeado de varias playas hermosas, que son muy populares. Este municipio tambi\u00e9n alberga el Parque Natural de Mondrag\u00f3, que es una reserva natural rodeada.<\/p>\n<p><span class=\"JsGRdQ\">Para m\u00e1s informaci\u00f3n o para concertar una visita, p\u00f3ngase en contacto con nosotros en 360 Mallorca Property.<\/span><\/p>\n","protected":false},"excerpt":{"rendered":"<p>Situado en la zona de Son Salom de Santanyi, este gran terreno de 49.162M2 est\u00e1 a poca distancia del centro del pueblo. El proyecto b\u00e1sico de una gran casa de 4 dormitorios y 4 ba\u00f1os est\u00e1 en marcha. La parcela tiene acceso al agua y a la electricidad a la entrada de la misma. Oportunidad&#8230;<\/p>\n","protected":false},"author":1,"featured_media":32660,"parent":0,"menu_order":0,"comment_status":"closed","ping_status":"closed","template":"","property-feature":[],"property-type":[229],"property-location":[310,261],"property-status":[231],"class_list":["post-14575","property","type-property","status-publish","has-post-thumbnail","hentry","property-type-parcela-rusticas","property-city-es-llombards-es","property-city-santanyi-es","property-status-venta"],"property_meta":{"REAL_HOMES_property_price":"750000","REAL_HOMES_property_old_price":"","REAL_HOMES_property_price_prefix":"","REAL_HOMES_property_price_postfix":"","REAL_HOMES_property_size":"","REAL_HOMES_property_size_postfix":"","REAL_HOMES_property_lot_size":"","REAL_HOMES_property_lot_size_postfix":"","REAL_HOMES_property_bedrooms":"","REAL_HOMES_property_bathrooms":"","REAL_HOMES_property_garage":"","REAL_HOMES_property_id":"V4055","REAL_HOMES_property_year_built":"","REAL_HOMES_featured":"","REAL_HOMES_additional_details_list":[],"rvr_booking_widget_display":"","rvr_booking_mode":"","rvr_govt_tax":"","rvr_govt_tax_type":"","rvr_govt_tax_calculation":"","rvr_service_charges":"","rvr_service_charges_type":"","rvr_service_charges_calculation":"","rvr_guests_capacity":"","rvr_book_child_as":"","rvr_min_stay":"","rvr_guests_capacity_extend":"","rvr_extra_guest_price":"","rvr_property_owner":"","rvr_bulk_pricing":[],"rvr_seasonal_pricing":[],"rvr_custom_reserved_dates":[],"rvr_additional_fees":[],"rvr_additional_amenities":[],"rvr_accommodation":[],"rvr_outdoor_features":[],"rvr_surroundings":[],"rvr_included":[],"rvr_not_included":[],"rvr_policies":[],"REAL_HOMES_property_location":{"latitude":"39.3568514","longitude":"3.0983383","zoom":"14"},"REAL_HOMES_property_address":"Son Salom, Santa\u00f1\u00ed, Migjorn, Islas Baleares, 07650, Espa\u00f1a","REAL_HOMES_property_map":"","REAL_HOMES_property_images":[{"width":150,"height":150,"file":"2022\/05\/Ref-2027_5-1.jpg","filesize":1045606,"sizes":{"medium":{"file":"Ref-2027_5-1-300x200.jpg","width":300,"height":200,"mime-type":"image\/jpeg","filesize":18713,"url":"https:\/\/360mallorcaproperty.com\/wp-content\/uploads\/2022\/05\/Ref-2027_5-1-300x200.jpg"},"thumbnail":{"file":"Ref-2027_5-1-150x150.jpg","width":150,"height":150,"mime-type":"image\/jpeg","filesize":7334,"url":"https:\/\/360mallorcaproperty.com\/wp-content\/uploads\/2022\/05\/Ref-2027_5-1-150x150.jpg"},"medium_large":{"file":"Ref-2027_5-1-768x512.jpg","width":768,"height":512,"mime-type":"image\/jpeg","filesize":128986,"url":"https:\/\/360mallorcaproperty.com\/wp-content\/uploads\/2022\/05\/Ref-2027_5-1-768x512.jpg"},"post-thumbnail":{"file":"Ref-2027_5-1-150x100.jpg","width":150,"height":100,"mime-type":"image\/jpeg","filesize":5043,"url":"https:\/\/360mallorcaproperty.com\/wp-content\/uploads\/2022\/05\/Ref-2027_5-1-150x100.jpg"},"modern-property-child-slider":{"file":"Ref-2027_5-1-680x510.jpg","width":680,"height":510,"mime-type":"image\/jpeg","filesize":114636,"url":"https:\/\/360mallorcaproperty.com\/wp-content\/uploads\/2022\/05\/Ref-2027_5-1-680x510.jpg"},"property-thumb-image":{"file":"Ref-2027_5-1-488x326.jpg","width":488,"height":326,"mime-type":"image\/jpeg","filesize":52304,"url":"https:\/\/360mallorcaproperty.com\/wp-content\/uploads\/2022\/05\/Ref-2027_5-1-488x326.jpg"},"property-detail-video-image":{"file":"Ref-2027_5-1-818x417.jpg","width":818,"height":417,"mime-type":"image\/jpeg","filesize":118997,"url":"https:\/\/360mallorcaproperty.com\/wp-content\/uploads\/2022\/05\/Ref-2027_5-1-818x417.jpg"},"agent-image":{"file":"Ref-2027_5-1-210x210.jpg","width":210,"height":210,"mime-type":"image\/jpeg","filesize":14493,"url":"https:\/\/360mallorcaproperty.com\/wp-content\/uploads\/2022\/05\/Ref-2027_5-1-210x210.jpg"},"partners-logo":{"file":"Ref-2027_5-1-600x653.jpg","width":600,"height":653,"mime-type":"image\/jpeg","filesize":149500,"url":"https:\/\/360mallorcaproperty.com\/wp-content\/uploads\/2022\/05\/Ref-2027_5-1-600x653.jpg"}},"image_meta":{"aperture":"4.5","credit":"JOHN G HINDE","camera":"Canon EOS 700D","caption":"","created_timestamp":"1435733310","copyright":"JOHN HINDE 2015","focal_length":"78","iso":"100","shutter_speed":"0.004","title":"","orientation":"1","keywords":[]},"ID":"8802","name":"Ref-2027_5-1.jpg","path":"\/home\/mallorcaproperty\/public_html\/wp-content\/uploads\/2022\/05\/Ref-2027_5-1.jpg","url":"https:\/\/360mallorcaproperty.com\/wp-content\/uploads\/2022\/05\/Ref-2027_5-1-150x150.jpg","full_url":"https:\/\/360mallorcaproperty.com\/wp-content\/uploads\/2022\/05\/Ref-2027_5-1.jpg","title":"Ref 2027_5","caption":"","description":"","alt":"","srcset":"https:\/\/360mallorcaproperty.com\/wp-content\/uploads\/2022\/05\/Ref-2027_5-1-150x150.jpg 150w, https:\/\/360mallorcaproperty.com\/wp-content\/uploads\/2022\/05\/Ref-2027_5-1-210x210.jpg 210w"},{"width":150,"height":150,"file":"2022\/05\/Parcela-1-Son-Salom.png","filesize":8398027,"sizes":{"medium":{"file":"Parcela-1-Son-Salom-300x200.png","width":300,"height":200,"mime-type":"image\/png","filesize":141124,"url":"https:\/\/360mallorcaproperty.com\/wp-content\/uploads\/2022\/05\/Parcela-1-Son-Salom-300x200.png"},"large":{"file":"Parcela-1-Son-Salom-1024x683.png","width":1024,"height":683,"mime-type":"image\/png","filesize":1498295,"url":"https:\/\/360mallorcaproperty.com\/wp-content\/uploads\/2022\/05\/Parcela-1-Son-Salom-1024x683.png"},"thumbnail":{"file":"Parcela-1-Son-Salom-150x150.png","width":150,"height":150,"mime-type":"image\/png","filesize":53835,"url":"https:\/\/360mallorcaproperty.com\/wp-content\/uploads\/2022\/05\/Parcela-1-Son-Salom-150x150.png"},"medium_large":{"file":"Parcela-1-Son-Salom-768x512.png","width":768,"height":512,"mime-type":"image\/png","filesize":877234,"url":"https:\/\/360mallorcaproperty.com\/wp-content\/uploads\/2022\/05\/Parcela-1-Son-Salom-768x512.png"},"1536x1536":{"file":"Parcela-1-Son-Salom-1536x1024.png","width":1536,"height":1024,"mime-type":"image\/png","filesize":3104869,"url":"https:\/\/360mallorcaproperty.com\/wp-content\/uploads\/2022\/05\/Parcela-1-Son-Salom-1536x1024.png"},"2048x2048":{"file":"Parcela-1-Son-Salom-2048x1365.png","width":2048,"height":1365,"mime-type":"image\/png","filesize":5148596,"url":"https:\/\/360mallorcaproperty.com\/wp-content\/uploads\/2022\/05\/Parcela-1-Son-Salom-2048x1365.png"},"post-thumbnail":{"file":"Parcela-1-Son-Salom-150x100.png","width":150,"height":100,"mime-type":"image\/png","filesize":36000,"url":"https:\/\/360mallorcaproperty.com\/wp-content\/uploads\/2022\/05\/Parcela-1-Son-Salom-150x100.png"},"modern-property-child-slider":{"file":"Parcela-1-Son-Salom-680x510.png","width":680,"height":510,"mime-type":"image\/png","filesize":774645,"url":"https:\/\/360mallorcaproperty.com\/wp-content\/uploads\/2022\/05\/Parcela-1-Son-Salom-680x510.png"},"property-thumb-image":{"file":"Parcela-1-Son-Salom-488x326.png","width":488,"height":326,"mime-type":"image\/png","filesize":367604,"url":"https:\/\/360mallorcaproperty.com\/wp-content\/uploads\/2022\/05\/Parcela-1-Son-Salom-488x326.png"},"property-detail-video-image":{"file":"Parcela-1-Son-Salom-818x417.png","width":818,"height":417,"mime-type":"image\/png","filesize":770413,"url":"https:\/\/360mallorcaproperty.com\/wp-content\/uploads\/2022\/05\/Parcela-1-Son-Salom-818x417.png"},"agent-image":{"file":"Parcela-1-Son-Salom-210x210.png","width":210,"height":210,"mime-type":"image\/png","filesize":104663,"url":"https:\/\/360mallorcaproperty.com\/wp-content\/uploads\/2022\/05\/Parcela-1-Son-Salom-210x210.png"},"partners-logo":{"file":"Parcela-1-Son-Salom-600x1824.png","width":600,"height":1824,"mime-type":"image\/png","filesize":1993065,"url":"https:\/\/360mallorcaproperty.com\/wp-content\/uploads\/2022\/05\/Parcela-1-Son-Salom-600x1824.png"},"post-featured-image":{"file":"Parcela-1-Son-Salom-1240x720.png","width":1240,"height":720,"mime-type":"image\/png","filesize":1851940,"url":"https:\/\/360mallorcaproperty.com\/wp-content\/uploads\/2022\/05\/Parcela-1-Son-Salom-1240x720.png"}},"image_meta":{"aperture":"0","credit":"","camera":"","caption":"","created_timestamp":"0","copyright":"","focal_length":"0","iso":"0","shutter_speed":"0","title":"","orientation":"0","keywords":[]},"ID":"32645","name":"Parcela-1-Son-Salom.png","path":"\/home\/mallorcaproperty\/public_html\/wp-content\/uploads\/2022\/05\/Parcela-1-Son-Salom.png","url":"https:\/\/360mallorcaproperty.com\/wp-content\/uploads\/2022\/05\/Parcela-1-Son-Salom-150x150.png","full_url":"https:\/\/360mallorcaproperty.com\/wp-content\/uploads\/2022\/05\/Parcela-1-Son-Salom.png","title":"Parcela 1 Son Salom","caption":"","description":"","alt":"","srcset":"https:\/\/360mallorcaproperty.com\/wp-content\/uploads\/2022\/05\/Parcela-1-Son-Salom-150x150.png 150w, https:\/\/360mallorcaproperty.com\/wp-content\/uploads\/2022\/05\/Parcela-1-Son-Salom-210x210.png 210w"},{"width":150,"height":150,"file":"2022\/05\/V4054-PLANOS-PROYECTO-BASICO1171_page-0006.jpg","filesize":1255070,"sizes":{"medium":{"file":"V4054-PLANOS-PROYECTO-BASICO1171_page-0006-300x212.jpg","width":300,"height":212,"mime-type":"image\/jpeg","filesize":6652,"url":"https:\/\/360mallorcaproperty.com\/wp-content\/uploads\/2022\/05\/V4054-PLANOS-PROYECTO-BASICO1171_page-0006-300x212.jpg"},"large":{"file":"V4054-PLANOS-PROYECTO-BASICO1171_page-0006-1024x723.jpg","width":1024,"height":723,"mime-type":"image\/jpeg","filesize":59357,"url":"https:\/\/360mallorcaproperty.com\/wp-content\/uploads\/2022\/05\/V4054-PLANOS-PROYECTO-BASICO1171_page-0006-1024x723.jpg"},"thumbnail":{"file":"V4054-PLANOS-PROYECTO-BASICO1171_page-0006-150x150.jpg","width":150,"height":150,"mime-type":"image\/jpeg","filesize":3170,"url":"https:\/\/360mallorcaproperty.com\/wp-content\/uploads\/2022\/05\/V4054-PLANOS-PROYECTO-BASICO1171_page-0006-150x150.jpg"},"medium_large":{"file":"V4054-PLANOS-PROYECTO-BASICO1171_page-0006-768x543.jpg","width":768,"height":543,"mime-type":"image\/jpeg","filesize":34967,"url":"https:\/\/360mallorcaproperty.com\/wp-content\/uploads\/2022\/05\/V4054-PLANOS-PROYECTO-BASICO1171_page-0006-768x543.jpg"},"1536x1536":{"file":"V4054-PLANOS-PROYECTO-BASICO1171_page-0006-1536x1085.jpg","width":1536,"height":1085,"mime-type":"image\/jpeg","filesize":126531,"url":"https:\/\/360mallorcaproperty.com\/wp-content\/uploads\/2022\/05\/V4054-PLANOS-PROYECTO-BASICO1171_page-0006-1536x1085.jpg"},"2048x2048":{"file":"V4054-PLANOS-PROYECTO-BASICO1171_page-0006-2048x1447.jpg","width":2048,"height":1447,"mime-type":"image\/jpeg","filesize":216243,"url":"https:\/\/360mallorcaproperty.com\/wp-content\/uploads\/2022\/05\/V4054-PLANOS-PROYECTO-BASICO1171_page-0006-2048x1447.jpg"},"post-thumbnail":{"file":"V4054-PLANOS-PROYECTO-BASICO1171_page-0006-150x106.jpg","width":150,"height":106,"mime-type":"image\/jpeg","filesize":2505,"url":"https:\/\/360mallorcaproperty.com\/wp-content\/uploads\/2022\/05\/V4054-PLANOS-PROYECTO-BASICO1171_page-0006-150x106.jpg"},"modern-property-child-slider":{"file":"V4054-PLANOS-PROYECTO-BASICO1171_page-0006-680x510.jpg","width":680,"height":510,"mime-type":"image\/jpeg","filesize":30480,"url":"https:\/\/360mallorcaproperty.com\/wp-content\/uploads\/2022\/05\/V4054-PLANOS-PROYECTO-BASICO1171_page-0006-680x510.jpg"},"property-thumb-image":{"file":"V4054-PLANOS-PROYECTO-BASICO1171_page-0006-488x326.jpg","width":488,"height":326,"mime-type":"image\/jpeg","filesize":15297,"url":"https:\/\/360mallorcaproperty.com\/wp-content\/uploads\/2022\/05\/V4054-PLANOS-PROYECTO-BASICO1171_page-0006-488x326.jpg"},"property-detail-video-image":{"file":"V4054-PLANOS-PROYECTO-BASICO1171_page-0006-818x417.jpg","width":818,"height":417,"mime-type":"image\/jpeg","filesize":36036,"url":"https:\/\/360mallorcaproperty.com\/wp-content\/uploads\/2022\/05\/V4054-PLANOS-PROYECTO-BASICO1171_page-0006-818x417.jpg"},"agent-image":{"file":"V4054-PLANOS-PROYECTO-BASICO1171_page-0006-210x210.jpg","width":210,"height":210,"mime-type":"image\/jpeg","filesize":5332,"url":"https:\/\/360mallorcaproperty.com\/wp-content\/uploads\/2022\/05\/V4054-PLANOS-PROYECTO-BASICO1171_page-0006-210x210.jpg"},"partners-logo":{"file":"V4054-PLANOS-PROYECTO-BASICO1171_page-0006-600x3509.jpg","width":600,"height":3509,"mime-type":"image\/jpeg","filesize":103611,"url":"https:\/\/360mallorcaproperty.com\/wp-content\/uploads\/2022\/05\/V4054-PLANOS-PROYECTO-BASICO1171_page-0006-600x3509.jpg"},"post-featured-image":{"file":"V4054-PLANOS-PROYECTO-BASICO1171_page-0006-1240x720.jpg","width":1240,"height":720,"mime-type":"image\/jpeg","filesize":82686,"url":"https:\/\/360mallorcaproperty.com\/wp-content\/uploads\/2022\/05\/V4054-PLANOS-PROYECTO-BASICO1171_page-0006-1240x720.jpg"}},"image_meta":{"aperture":"0","credit":"","camera":"","caption":"","created_timestamp":"0","copyright":"","focal_length":"0","iso":"0","shutter_speed":"0","title":"","orientation":"0","keywords":[]},"ID":"32642","name":"V4054-PLANOS-PROYECTO-BASICO1171_page-0006.jpg","path":"\/home\/mallorcaproperty\/public_html\/wp-content\/uploads\/2022\/05\/V4054-PLANOS-PROYECTO-BASICO1171_page-0006.jpg","url":"https:\/\/360mallorcaproperty.com\/wp-content\/uploads\/2022\/05\/V4054-PLANOS-PROYECTO-BASICO1171_page-0006-150x150.jpg","full_url":"https:\/\/360mallorcaproperty.com\/wp-content\/uploads\/2022\/05\/V4054-PLANOS-PROYECTO-BASICO1171_page-0006.jpg","title":"V4054 PLANOS PROYECTO BASICO[1171]_page-0006","caption":"","description":"","alt":"","srcset":"https:\/\/360mallorcaproperty.com\/wp-content\/uploads\/2022\/05\/V4054-PLANOS-PROYECTO-BASICO1171_page-0006-150x150.jpg 150w, https:\/\/360mallorcaproperty.com\/wp-content\/uploads\/2022\/05\/V4054-PLANOS-PROYECTO-BASICO1171_page-0006-210x210.jpg 210w"},{"width":150,"height":150,"file":"2022\/05\/V4054-PLANOS-PROYECTO-BASICO1171_page-0005.jpg","filesize":1840766,"sizes":{"medium":{"file":"V4054-PLANOS-PROYECTO-BASICO1171_page-0005-300x212.jpg","width":300,"height":212,"mime-type":"image\/jpeg","filesize":7342,"url":"https:\/\/360mallorcaproperty.com\/wp-content\/uploads\/2022\/05\/V4054-PLANOS-PROYECTO-BASICO1171_page-0005-300x212.jpg"},"large":{"file":"V4054-PLANOS-PROYECTO-BASICO1171_page-0005-1024x723.jpg","width":1024,"height":723,"mime-type":"image\/jpeg","filesize":78240,"url":"https:\/\/360mallorcaproperty.com\/wp-content\/uploads\/2022\/05\/V4054-PLANOS-PROYECTO-BASICO1171_page-0005-1024x723.jpg"},"thumbnail":{"file":"V4054-PLANOS-PROYECTO-BASICO1171_page-0005-150x150.jpg","width":150,"height":150,"mime-type":"image\/jpeg","filesize":3205,"url":"https:\/\/360mallorcaproperty.com\/wp-content\/uploads\/2022\/05\/V4054-PLANOS-PROYECTO-BASICO1171_page-0005-150x150.jpg"},"medium_large":{"file":"V4054-PLANOS-PROYECTO-BASICO1171_page-0005-768x543.jpg","width":768,"height":543,"mime-type":"image\/jpeg","filesize":44263,"url":"https:\/\/360mallorcaproperty.com\/wp-content\/uploads\/2022\/05\/V4054-PLANOS-PROYECTO-BASICO1171_page-0005-768x543.jpg"},"1536x1536":{"file":"V4054-PLANOS-PROYECTO-BASICO1171_page-0005-1536x1085.jpg","width":1536,"height":1085,"mime-type":"image\/jpeg","filesize":170533,"url":"https:\/\/360mallorcaproperty.com\/wp-content\/uploads\/2022\/05\/V4054-PLANOS-PROYECTO-BASICO1171_page-0005-1536x1085.jpg"},"2048x2048":{"file":"V4054-PLANOS-PROYECTO-BASICO1171_page-0005-2048x1447.jpg","width":2048,"height":1447,"mime-type":"image\/jpeg","filesize":297838,"url":"https:\/\/360mallorcaproperty.com\/wp-content\/uploads\/2022\/05\/V4054-PLANOS-PROYECTO-BASICO1171_page-0005-2048x1447.jpg"},"post-thumbnail":{"file":"V4054-PLANOS-PROYECTO-BASICO1171_page-0005-150x106.jpg","width":150,"height":106,"mime-type":"image\/jpeg","filesize":2512,"url":"https:\/\/360mallorcaproperty.com\/wp-content\/uploads\/2022\/05\/V4054-PLANOS-PROYECTO-BASICO1171_page-0005-150x106.jpg"},"modern-property-child-slider":{"file":"V4054-PLANOS-PROYECTO-BASICO1171_page-0005-680x510.jpg","width":680,"height":510,"mime-type":"image\/jpeg","filesize":38399,"url":"https:\/\/360mallorcaproperty.com\/wp-content\/uploads\/2022\/05\/V4054-PLANOS-PROYECTO-BASICO1171_page-0005-680x510.jpg"},"property-thumb-image":{"file":"V4054-PLANOS-PROYECTO-BASICO1171_page-0005-488x326.jpg","width":488,"height":326,"mime-type":"image\/jpeg","filesize":18122,"url":"https:\/\/360mallorcaproperty.com\/wp-content\/uploads\/2022\/05\/V4054-PLANOS-PROYECTO-BASICO1171_page-0005-488x326.jpg"},"property-detail-video-image":{"file":"V4054-PLANOS-PROYECTO-BASICO1171_page-0005-818x417.jpg","width":818,"height":417,"mime-type":"image\/jpeg","filesize":46574,"url":"https:\/\/360mallorcaproperty.com\/wp-content\/uploads\/2022\/05\/V4054-PLANOS-PROYECTO-BASICO1171_page-0005-818x417.jpg"},"agent-image":{"file":"V4054-PLANOS-PROYECTO-BASICO1171_page-0005-210x210.jpg","width":210,"height":210,"mime-type":"image\/jpeg","filesize":5738,"url":"https:\/\/360mallorcaproperty.com\/wp-content\/uploads\/2022\/05\/V4054-PLANOS-PROYECTO-BASICO1171_page-0005-210x210.jpg"},"partners-logo":{"file":"V4054-PLANOS-PROYECTO-BASICO1171_page-0005-600x3509.jpg","width":600,"height":3509,"mime-type":"image\/jpeg","filesize":139684,"url":"https:\/\/360mallorcaproperty.com\/wp-content\/uploads\/2022\/05\/V4054-PLANOS-PROYECTO-BASICO1171_page-0005-600x3509.jpg"},"post-featured-image":{"file":"V4054-PLANOS-PROYECTO-BASICO1171_page-0005-1240x720.jpg","width":1240,"height":720,"mime-type":"image\/jpeg","filesize":109261,"url":"https:\/\/360mallorcaproperty.com\/wp-content\/uploads\/2022\/05\/V4054-PLANOS-PROYECTO-BASICO1171_page-0005-1240x720.jpg"}},"image_meta":{"aperture":"0","credit":"","camera":"","caption":"","created_timestamp":"0","copyright":"","focal_length":"0","iso":"0","shutter_speed":"0","title":"","orientation":"0","keywords":[]},"ID":"32639","name":"V4054-PLANOS-PROYECTO-BASICO1171_page-0005.jpg","path":"\/home\/mallorcaproperty\/public_html\/wp-content\/uploads\/2022\/05\/V4054-PLANOS-PROYECTO-BASICO1171_page-0005.jpg","url":"https:\/\/360mallorcaproperty.com\/wp-content\/uploads\/2022\/05\/V4054-PLANOS-PROYECTO-BASICO1171_page-0005-150x150.jpg","full_url":"https:\/\/360mallorcaproperty.com\/wp-content\/uploads\/2022\/05\/V4054-PLANOS-PROYECTO-BASICO1171_page-0005.jpg","title":"V4054 PLANOS PROYECTO BASICO[1171]_page-0005","caption":"","description":"","alt":"","srcset":"https:\/\/360mallorcaproperty.com\/wp-content\/uploads\/2022\/05\/V4054-PLANOS-PROYECTO-BASICO1171_page-0005-150x150.jpg 150w, https:\/\/360mallorcaproperty.com\/wp-content\/uploads\/2022\/05\/V4054-PLANOS-PROYECTO-BASICO1171_page-0005-210x210.jpg 210w"},{"width":150,"height":150,"file":"2022\/05\/V4054-PLANOS-PROYECTO-BASICO1171_page-0004.jpg","filesize":1082542,"sizes":{"medium":{"file":"V4054-PLANOS-PROYECTO-BASICO1171_page-0004-300x212.jpg","width":300,"height":212,"mime-type":"image\/jpeg","filesize":6093,"url":"https:\/\/360mallorcaproperty.com\/wp-content\/uploads\/2022\/05\/V4054-PLANOS-PROYECTO-BASICO1171_page-0004-300x212.jpg"},"large":{"file":"V4054-PLANOS-PROYECTO-BASICO1171_page-0004-1024x723.jpg","width":1024,"height":723,"mime-type":"image\/jpeg","filesize":60545,"url":"https:\/\/360mallorcaproperty.com\/wp-content\/uploads\/2022\/05\/V4054-PLANOS-PROYECTO-BASICO1171_page-0004-1024x723.jpg"},"thumbnail":{"file":"V4054-PLANOS-PROYECTO-BASICO1171_page-0004-150x150.jpg","width":150,"height":150,"mime-type":"image\/jpeg","filesize":2700,"url":"https:\/\/360mallorcaproperty.com\/wp-content\/uploads\/2022\/05\/V4054-PLANOS-PROYECTO-BASICO1171_page-0004-150x150.jpg"},"medium_large":{"file":"V4054-PLANOS-PROYECTO-BASICO1171_page-0004-768x543.jpg","width":768,"height":543,"mime-type":"image\/jpeg","filesize":34700,"url":"https:\/\/360mallorcaproperty.com\/wp-content\/uploads\/2022\/05\/V4054-PLANOS-PROYECTO-BASICO1171_page-0004-768x543.jpg"},"1536x1536":{"file":"V4054-PLANOS-PROYECTO-BASICO1171_page-0004-1536x1085.jpg","width":1536,"height":1085,"mime-type":"image\/jpeg","filesize":129894,"url":"https:\/\/360mallorcaproperty.com\/wp-content\/uploads\/2022\/05\/V4054-PLANOS-PROYECTO-BASICO1171_page-0004-1536x1085.jpg"},"2048x2048":{"file":"V4054-PLANOS-PROYECTO-BASICO1171_page-0004-2048x1447.jpg","width":2048,"height":1447,"mime-type":"image\/jpeg","filesize":214099,"url":"https:\/\/360mallorcaproperty.com\/wp-content\/uploads\/2022\/05\/V4054-PLANOS-PROYECTO-BASICO1171_page-0004-2048x1447.jpg"},"post-thumbnail":{"file":"V4054-PLANOS-PROYECTO-BASICO1171_page-0004-150x106.jpg","width":150,"height":106,"mime-type":"image\/jpeg","filesize":2159,"url":"https:\/\/360mallorcaproperty.com\/wp-content\/uploads\/2022\/05\/V4054-PLANOS-PROYECTO-BASICO1171_page-0004-150x106.jpg"},"modern-property-child-slider":{"file":"V4054-PLANOS-PROYECTO-BASICO1171_page-0004-680x510.jpg","width":680,"height":510,"mime-type":"image\/jpeg","filesize":30321,"url":"https:\/\/360mallorcaproperty.com\/wp-content\/uploads\/2022\/05\/V4054-PLANOS-PROYECTO-BASICO1171_page-0004-680x510.jpg"},"property-thumb-image":{"file":"V4054-PLANOS-PROYECTO-BASICO1171_page-0004-488x326.jpg","width":488,"height":326,"mime-type":"image\/jpeg","filesize":14252,"url":"https:\/\/360mallorcaproperty.com\/wp-content\/uploads\/2022\/05\/V4054-PLANOS-PROYECTO-BASICO1171_page-0004-488x326.jpg"},"property-detail-video-image":{"file":"V4054-PLANOS-PROYECTO-BASICO1171_page-0004-818x417.jpg","width":818,"height":417,"mime-type":"image\/jpeg","filesize":35887,"url":"https:\/\/360mallorcaproperty.com\/wp-content\/uploads\/2022\/05\/V4054-PLANOS-PROYECTO-BASICO1171_page-0004-818x417.jpg"},"agent-image":{"file":"V4054-PLANOS-PROYECTO-BASICO1171_page-0004-210x210.jpg","width":210,"height":210,"mime-type":"image\/jpeg","filesize":4770,"url":"https:\/\/360mallorcaproperty.com\/wp-content\/uploads\/2022\/05\/V4054-PLANOS-PROYECTO-BASICO1171_page-0004-210x210.jpg"},"partners-logo":{"file":"V4054-PLANOS-PROYECTO-BASICO1171_page-0004-600x3509.jpg","width":600,"height":3509,"mime-type":"image\/jpeg","filesize":152230,"url":"https:\/\/360mallorcaproperty.com\/wp-content\/uploads\/2022\/05\/V4054-PLANOS-PROYECTO-BASICO1171_page-0004-600x3509.jpg"},"post-featured-image":{"file":"V4054-PLANOS-PROYECTO-BASICO1171_page-0004-1240x720.jpg","width":1240,"height":720,"mime-type":"image\/jpeg","filesize":82490,"url":"https:\/\/360mallorcaproperty.com\/wp-content\/uploads\/2022\/05\/V4054-PLANOS-PROYECTO-BASICO1171_page-0004-1240x720.jpg"}},"image_meta":{"aperture":"0","credit":"","camera":"","caption":"","created_timestamp":"0","copyright":"","focal_length":"0","iso":"0","shutter_speed":"0","title":"","orientation":"0","keywords":[]},"ID":"32636","name":"V4054-PLANOS-PROYECTO-BASICO1171_page-0004.jpg","path":"\/home\/mallorcaproperty\/public_html\/wp-content\/uploads\/2022\/05\/V4054-PLANOS-PROYECTO-BASICO1171_page-0004.jpg","url":"https:\/\/360mallorcaproperty.com\/wp-content\/uploads\/2022\/05\/V4054-PLANOS-PROYECTO-BASICO1171_page-0004-150x150.jpg","full_url":"https:\/\/360mallorcaproperty.com\/wp-content\/uploads\/2022\/05\/V4054-PLANOS-PROYECTO-BASICO1171_page-0004.jpg","title":"V4054 PLANOS PROYECTO BASICO[1171]_page-0004","caption":"","description":"","alt":"","srcset":"https:\/\/360mallorcaproperty.com\/wp-content\/uploads\/2022\/05\/V4054-PLANOS-PROYECTO-BASICO1171_page-0004-150x150.jpg 150w, https:\/\/360mallorcaproperty.com\/wp-content\/uploads\/2022\/05\/V4054-PLANOS-PROYECTO-BASICO1171_page-0004-210x210.jpg 210w"},{"width":150,"height":150,"file":"2022\/05\/V4054-PLANOS-PROYECTO-BASICO1171_page-0003.jpg","filesize":1756202,"sizes":{"medium":{"file":"V4054-PLANOS-PROYECTO-BASICO1171_page-0003-300x212.jpg","width":300,"height":212,"mime-type":"image\/jpeg","filesize":11930,"url":"https:\/\/360mallorcaproperty.com\/wp-content\/uploads\/2022\/05\/V4054-PLANOS-PROYECTO-BASICO1171_page-0003-300x212.jpg"},"large":{"file":"V4054-PLANOS-PROYECTO-BASICO1171_page-0003-1024x723.jpg","width":1024,"height":723,"mime-type":"image\/jpeg","filesize":112299,"url":"https:\/\/360mallorcaproperty.com\/wp-content\/uploads\/2022\/05\/V4054-PLANOS-PROYECTO-BASICO1171_page-0003-1024x723.jpg"},"thumbnail":{"file":"V4054-PLANOS-PROYECTO-BASICO1171_page-0003-150x150.jpg","width":150,"height":150,"mime-type":"image\/jpeg","filesize":5540,"url":"https:\/\/360mallorcaproperty.com\/wp-content\/uploads\/2022\/05\/V4054-PLANOS-PROYECTO-BASICO1171_page-0003-150x150.jpg"},"medium_large":{"file":"V4054-PLANOS-PROYECTO-BASICO1171_page-0003-768x542.jpg","width":768,"height":542,"mime-type":"image\/jpeg","filesize":64986,"url":"https:\/\/360mallorcaproperty.com\/wp-content\/uploads\/2022\/05\/V4054-PLANOS-PROYECTO-BASICO1171_page-0003-768x542.jpg"},"1536x1536":{"file":"V4054-PLANOS-PROYECTO-BASICO1171_page-0003-1536x1085.jpg","width":1536,"height":1085,"mime-type":"image\/jpeg","filesize":226402,"url":"https:\/\/360mallorcaproperty.com\/wp-content\/uploads\/2022\/05\/V4054-PLANOS-PROYECTO-BASICO1171_page-0003-1536x1085.jpg"},"2048x2048":{"file":"V4054-PLANOS-PROYECTO-BASICO1171_page-0003-2048x1446.jpg","width":2048,"height":1446,"mime-type":"image\/jpeg","filesize":363988,"url":"https:\/\/360mallorcaproperty.com\/wp-content\/uploads\/2022\/05\/V4054-PLANOS-PROYECTO-BASICO1171_page-0003-2048x1446.jpg"},"post-thumbnail":{"file":"V4054-PLANOS-PROYECTO-BASICO1171_page-0003-150x106.jpg","width":150,"height":106,"mime-type":"image\/jpeg","filesize":3881,"url":"https:\/\/360mallorcaproperty.com\/wp-content\/uploads\/2022\/05\/V4054-PLANOS-PROYECTO-BASICO1171_page-0003-150x106.jpg"},"modern-property-child-slider":{"file":"V4054-PLANOS-PROYECTO-BASICO1171_page-0003-680x510.jpg","width":680,"height":510,"mime-type":"image\/jpeg","filesize":57527,"url":"https:\/\/360mallorcaproperty.com\/wp-content\/uploads\/2022\/05\/V4054-PLANOS-PROYECTO-BASICO1171_page-0003-680x510.jpg"},"property-thumb-image":{"file":"V4054-PLANOS-PROYECTO-BASICO1171_page-0003-488x326.jpg","width":488,"height":326,"mime-type":"image\/jpeg","filesize":28192,"url":"https:\/\/360mallorcaproperty.com\/wp-content\/uploads\/2022\/05\/V4054-PLANOS-PROYECTO-BASICO1171_page-0003-488x326.jpg"},"property-detail-video-image":{"file":"V4054-PLANOS-PROYECTO-BASICO1171_page-0003-818x417.jpg","width":818,"height":417,"mime-type":"image\/jpeg","filesize":59740,"url":"https:\/\/360mallorcaproperty.com\/wp-content\/uploads\/2022\/05\/V4054-PLANOS-PROYECTO-BASICO1171_page-0003-818x417.jpg"},"agent-image":{"file":"V4054-PLANOS-PROYECTO-BASICO1171_page-0003-210x210.jpg","width":210,"height":210,"mime-type":"image\/jpeg","filesize":9660,"url":"https:\/\/360mallorcaproperty.com\/wp-content\/uploads\/2022\/05\/V4054-PLANOS-PROYECTO-BASICO1171_page-0003-210x210.jpg"},"partners-logo":{"file":"V4054-PLANOS-PROYECTO-BASICO1171_page-0003-600x3487.jpg","width":600,"height":3487,"mime-type":"image\/jpeg","filesize":190416,"url":"https:\/\/360mallorcaproperty.com\/wp-content\/uploads\/2022\/05\/V4054-PLANOS-PROYECTO-BASICO1171_page-0003-600x3487.jpg"},"post-featured-image":{"file":"V4054-PLANOS-PROYECTO-BASICO1171_page-0003-1240x720.jpg","width":1240,"height":720,"mime-type":"image\/jpeg","filesize":143128,"url":"https:\/\/360mallorcaproperty.com\/wp-content\/uploads\/2022\/05\/V4054-PLANOS-PROYECTO-BASICO1171_page-0003-1240x720.jpg"}},"image_meta":{"aperture":"0","credit":"","camera":"","caption":"","created_timestamp":"0","copyright":"","focal_length":"0","iso":"0","shutter_speed":"0","title":"","orientation":"0","keywords":[]},"ID":"32633","name":"V4054-PLANOS-PROYECTO-BASICO1171_page-0003.jpg","path":"\/home\/mallorcaproperty\/public_html\/wp-content\/uploads\/2022\/05\/V4054-PLANOS-PROYECTO-BASICO1171_page-0003.jpg","url":"https:\/\/360mallorcaproperty.com\/wp-content\/uploads\/2022\/05\/V4054-PLANOS-PROYECTO-BASICO1171_page-0003-150x150.jpg","full_url":"https:\/\/360mallorcaproperty.com\/wp-content\/uploads\/2022\/05\/V4054-PLANOS-PROYECTO-BASICO1171_page-0003.jpg","title":"V4054 PLANOS PROYECTO BASICO[1171]_page-0003","caption":"","description":"","alt":"","srcset":"https:\/\/360mallorcaproperty.com\/wp-content\/uploads\/2022\/05\/V4054-PLANOS-PROYECTO-BASICO1171_page-0003-150x150.jpg 150w, https:\/\/360mallorcaproperty.com\/wp-content\/uploads\/2022\/05\/V4054-PLANOS-PROYECTO-BASICO1171_page-0003-210x210.jpg 210w"},{"width":150,"height":150,"file":"2022\/05\/V4054-PLANOS-PROYECTO-BASICO1171_page-0002.jpg","filesize":686636,"sizes":{"medium":{"file":"V4054-PLANOS-PROYECTO-BASICO1171_page-0002-300x212.jpg","width":300,"height":212,"mime-type":"image\/jpeg","filesize":5984,"url":"https:\/\/360mallorcaproperty.com\/wp-content\/uploads\/2022\/05\/V4054-PLANOS-PROYECTO-BASICO1171_page-0002-300x212.jpg"},"large":{"file":"V4054-PLANOS-PROYECTO-BASICO1171_page-0002-1024x723.jpg","width":1024,"height":723,"mime-type":"image\/jpeg","filesize":44876,"url":"https:\/\/360mallorcaproperty.com\/wp-content\/uploads\/2022\/05\/V4054-PLANOS-PROYECTO-BASICO1171_page-0002-1024x723.jpg"},"thumbnail":{"file":"V4054-PLANOS-PROYECTO-BASICO1171_page-0002-150x150.jpg","width":150,"height":150,"mime-type":"image\/jpeg","filesize":2790,"url":"https:\/\/360mallorcaproperty.com\/wp-content\/uploads\/2022\/05\/V4054-PLANOS-PROYECTO-BASICO1171_page-0002-150x150.jpg"},"medium_large":{"file":"V4054-PLANOS-PROYECTO-BASICO1171_page-0002-768x543.jpg","width":768,"height":543,"mime-type":"image\/jpeg","filesize":27221,"url":"https:\/\/360mallorcaproperty.com\/wp-content\/uploads\/2022\/05\/V4054-PLANOS-PROYECTO-BASICO1171_page-0002-768x543.jpg"},"1536x1536":{"file":"V4054-PLANOS-PROYECTO-BASICO1171_page-0002-1536x1085.jpg","width":1536,"height":1085,"mime-type":"image\/jpeg","filesize":87124,"url":"https:\/\/360mallorcaproperty.com\/wp-content\/uploads\/2022\/05\/V4054-PLANOS-PROYECTO-BASICO1171_page-0002-1536x1085.jpg"},"2048x2048":{"file":"V4054-PLANOS-PROYECTO-BASICO1171_page-0002-2048x1447.jpg","width":2048,"height":1447,"mime-type":"image\/jpeg","filesize":139495,"url":"https:\/\/360mallorcaproperty.com\/wp-content\/uploads\/2022\/05\/V4054-PLANOS-PROYECTO-BASICO1171_page-0002-2048x1447.jpg"},"post-thumbnail":{"file":"V4054-PLANOS-PROYECTO-BASICO1171_page-0002-150x106.jpg","width":150,"height":106,"mime-type":"image\/jpeg","filesize":2311,"url":"https:\/\/360mallorcaproperty.com\/wp-content\/uploads\/2022\/05\/V4054-PLANOS-PROYECTO-BASICO1171_page-0002-150x106.jpg"},"modern-property-child-slider":{"file":"V4054-PLANOS-PROYECTO-BASICO1171_page-0002-680x510.jpg","width":680,"height":510,"mime-type":"image\/jpeg","filesize":23433,"url":"https:\/\/360mallorcaproperty.com\/wp-content\/uploads\/2022\/05\/V4054-PLANOS-PROYECTO-BASICO1171_page-0002-680x510.jpg"},"property-thumb-image":{"file":"V4054-PLANOS-PROYECTO-BASICO1171_page-0002-488x326.jpg","width":488,"height":326,"mime-type":"image\/jpeg","filesize":12724,"url":"https:\/\/360mallorcaproperty.com\/wp-content\/uploads\/2022\/05\/V4054-PLANOS-PROYECTO-BASICO1171_page-0002-488x326.jpg"},"property-detail-video-image":{"file":"V4054-PLANOS-PROYECTO-BASICO1171_page-0002-818x417.jpg","width":818,"height":417,"mime-type":"image\/jpeg","filesize":27421,"url":"https:\/\/360mallorcaproperty.com\/wp-content\/uploads\/2022\/05\/V4054-PLANOS-PROYECTO-BASICO1171_page-0002-818x417.jpg"},"agent-image":{"file":"V4054-PLANOS-PROYECTO-BASICO1171_page-0002-210x210.jpg","width":210,"height":210,"mime-type":"image\/jpeg","filesize":4493,"url":"https:\/\/360mallorcaproperty.com\/wp-content\/uploads\/2022\/05\/V4054-PLANOS-PROYECTO-BASICO1171_page-0002-210x210.jpg"},"partners-logo":{"file":"V4054-PLANOS-PROYECTO-BASICO1171_page-0002-600x3509.jpg","width":600,"height":3509,"mime-type":"image\/jpeg","filesize":83767,"url":"https:\/\/360mallorcaproperty.com\/wp-content\/uploads\/2022\/05\/V4054-PLANOS-PROYECTO-BASICO1171_page-0002-600x3509.jpg"},"post-featured-image":{"file":"V4054-PLANOS-PROYECTO-BASICO1171_page-0002-1240x720.jpg","width":1240,"height":720,"mime-type":"image\/jpeg","filesize":56121,"url":"https:\/\/360mallorcaproperty.com\/wp-content\/uploads\/2022\/05\/V4054-PLANOS-PROYECTO-BASICO1171_page-0002-1240x720.jpg"}},"image_meta":{"aperture":"0","credit":"","camera":"","caption":"","created_timestamp":"0","copyright":"","focal_length":"0","iso":"0","shutter_speed":"0","title":"","orientation":"0","keywords":[]},"ID":"32630","name":"V4054-PLANOS-PROYECTO-BASICO1171_page-0002.jpg","path":"\/home\/mallorcaproperty\/public_html\/wp-content\/uploads\/2022\/05\/V4054-PLANOS-PROYECTO-BASICO1171_page-0002.jpg","url":"https:\/\/360mallorcaproperty.com\/wp-content\/uploads\/2022\/05\/V4054-PLANOS-PROYECTO-BASICO1171_page-0002-150x150.jpg","full_url":"https:\/\/360mallorcaproperty.com\/wp-content\/uploads\/2022\/05\/V4054-PLANOS-PROYECTO-BASICO1171_page-0002.jpg","title":"V4054 PLANOS PROYECTO BASICO[1171]_page-0002","caption":"","description":"","alt":"","srcset":"https:\/\/360mallorcaproperty.com\/wp-content\/uploads\/2022\/05\/V4054-PLANOS-PROYECTO-BASICO1171_page-0002-150x150.jpg 150w, https:\/\/360mallorcaproperty.com\/wp-content\/uploads\/2022\/05\/V4054-PLANOS-PROYECTO-BASICO1171_page-0002-210x210.jpg 210w"},{"width":150,"height":150,"file":"2022\/05\/V4054-PLANOS-PROYECTO-BASICO1171_page-0001.jpg","filesize":2479047,"sizes":{"medium":{"file":"V4054-PLANOS-PROYECTO-BASICO1171_page-0001-212x300.jpg","width":212,"height":300,"mime-type":"image\/jpeg","filesize":9783,"url":"https:\/\/360mallorcaproperty.com\/wp-content\/uploads\/2022\/05\/V4054-PLANOS-PROYECTO-BASICO1171_page-0001-212x300.jpg"},"large":{"file":"V4054-PLANOS-PROYECTO-BASICO1171_page-0001-723x1024.jpg","width":723,"height":1024,"mime-type":"image\/jpeg","filesize":106146,"url":"https:\/\/360mallorcaproperty.com\/wp-content\/uploads\/2022\/05\/V4054-PLANOS-PROYECTO-BASICO1171_page-0001-723x1024.jpg"},"thumbnail":{"file":"V4054-PLANOS-PROYECTO-BASICO1171_page-0001-150x150.jpg","width":150,"height":150,"mime-type":"image\/jpeg","filesize":3805,"url":"https:\/\/360mallorcaproperty.com\/wp-content\/uploads\/2022\/05\/V4054-PLANOS-PROYECTO-BASICO1171_page-0001-150x150.jpg"},"medium_large":{"file":"V4054-PLANOS-PROYECTO-BASICO1171_page-0001-768x1087.jpg","width":768,"height":1087,"mime-type":"image\/jpeg","filesize":118618,"url":"https:\/\/360mallorcaproperty.com\/wp-content\/uploads\/2022\/05\/V4054-PLANOS-PROYECTO-BASICO1171_page-0001-768x1087.jpg"},"1536x1536":{"file":"V4054-PLANOS-PROYECTO-BASICO1171_page-0001-1085x1536.jpg","width":1085,"height":1536,"mime-type":"image\/jpeg","filesize":229644,"url":"https:\/\/360mallorcaproperty.com\/wp-content\/uploads\/2022\/05\/V4054-PLANOS-PROYECTO-BASICO1171_page-0001-1085x1536.jpg"},"2048x2048":{"file":"V4054-PLANOS-PROYECTO-BASICO1171_page-0001-1447x2048.jpg","width":1447,"height":2048,"mime-type":"image\/jpeg","filesize":395890,"url":"https:\/\/360mallorcaproperty.com\/wp-content\/uploads\/2022\/05\/V4054-PLANOS-PROYECTO-BASICO1171_page-0001-1447x2048.jpg"},"post-thumbnail":{"file":"V4054-PLANOS-PROYECTO-BASICO1171_page-0001-106x150.jpg","width":106,"height":150,"mime-type":"image\/jpeg","filesize":3148,"url":"https:\/\/360mallorcaproperty.com\/wp-content\/uploads\/2022\/05\/V4054-PLANOS-PROYECTO-BASICO1171_page-0001-106x150.jpg"},"modern-property-child-slider":{"file":"V4054-PLANOS-PROYECTO-BASICO1171_page-0001-680x510.jpg","width":680,"height":510,"mime-type":"image\/jpeg","filesize":48710,"url":"https:\/\/360mallorcaproperty.com\/wp-content\/uploads\/2022\/05\/V4054-PLANOS-PROYECTO-BASICO1171_page-0001-680x510.jpg"},"property-thumb-image":{"file":"V4054-PLANOS-PROYECTO-BASICO1171_page-0001-488x326.jpg","width":488,"height":326,"mime-type":"image\/jpeg","filesize":20155,"url":"https:\/\/360mallorcaproperty.com\/wp-content\/uploads\/2022\/05\/V4054-PLANOS-PROYECTO-BASICO1171_page-0001-488x326.jpg"},"property-detail-video-image":{"file":"V4054-PLANOS-PROYECTO-BASICO1171_page-0001-818x417.jpg","width":818,"height":417,"mime-type":"image\/jpeg","filesize":42423,"url":"https:\/\/360mallorcaproperty.com\/wp-content\/uploads\/2022\/05\/V4054-PLANOS-PROYECTO-BASICO1171_page-0001-818x417.jpg"},"agent-image":{"file":"V4054-PLANOS-PROYECTO-BASICO1171_page-0001-210x210.jpg","width":210,"height":210,"mime-type":"image\/jpeg","filesize":7079,"url":"https:\/\/360mallorcaproperty.com\/wp-content\/uploads\/2022\/05\/V4054-PLANOS-PROYECTO-BASICO1171_page-0001-210x210.jpg"},"partners-logo":{"file":"V4054-PLANOS-PROYECTO-BASICO1171_page-0001-600x4967.jpg","width":600,"height":4967,"mime-type":"image\/jpeg","filesize":357529,"url":"https:\/\/360mallorcaproperty.com\/wp-content\/uploads\/2022\/05\/V4054-PLANOS-PROYECTO-BASICO1171_page-0001-600x4967.jpg"},"post-featured-image":{"file":"V4054-PLANOS-PROYECTO-BASICO1171_page-0001-1240x720.jpg","width":1240,"height":720,"mime-type":"image\/jpeg","filesize":109374,"url":"https:\/\/360mallorcaproperty.com\/wp-content\/uploads\/2022\/05\/V4054-PLANOS-PROYECTO-BASICO1171_page-0001-1240x720.jpg"}},"image_meta":{"aperture":"0","credit":"","camera":"","caption":"","created_timestamp":"0","copyright":"","focal_length":"0","iso":"0","shutter_speed":"0","title":"","orientation":"0","keywords":[]},"ID":"32627","name":"V4054-PLANOS-PROYECTO-BASICO1171_page-0001.jpg","path":"\/home\/mallorcaproperty\/public_html\/wp-content\/uploads\/2022\/05\/V4054-PLANOS-PROYECTO-BASICO1171_page-0001.jpg","url":"https:\/\/360mallorcaproperty.com\/wp-content\/uploads\/2022\/05\/V4054-PLANOS-PROYECTO-BASICO1171_page-0001-150x150.jpg","full_url":"https:\/\/360mallorcaproperty.com\/wp-content\/uploads\/2022\/05\/V4054-PLANOS-PROYECTO-BASICO1171_page-0001.jpg","title":"V4054 PLANOS PROYECTO BASICO[1171]_page-0001","caption":"","description":"","alt":"","srcset":"https:\/\/360mallorcaproperty.com\/wp-content\/uploads\/2022\/05\/V4054-PLANOS-PROYECTO-BASICO1171_page-0001-150x150.jpg 150w, https:\/\/360mallorcaproperty.com\/wp-content\/uploads\/2022\/05\/V4054-PLANOS-PROYECTO-BASICO1171_page-0001-210x210.jpg 210w"},{"width":150,"height":150,"file":"2022\/05\/WhatsApp-Image-2022-05-26-at-10.53.49-AM-rotated.jpeg","filesize":172902,"sizes":{"medium":{"file":"WhatsApp-Image-2022-05-26-at-10.53.49-AM-300x225.jpeg","width":300,"height":225,"mime-type":"image\/jpeg","filesize":14239,"url":"https:\/\/360mallorcaproperty.com\/wp-content\/uploads\/2022\/05\/WhatsApp-Image-2022-05-26-at-10.53.49-AM-300x225.jpeg"},"large":{"file":"WhatsApp-Image-2022-05-26-at-10.53.49-AM-1024x768.jpeg","width":1024,"height":768,"mime-type":"image\/jpeg","filesize":97122,"url":"https:\/\/360mallorcaproperty.com\/wp-content\/uploads\/2022\/05\/WhatsApp-Image-2022-05-26-at-10.53.49-AM-1024x768.jpeg"},"thumbnail":{"file":"WhatsApp-Image-2022-05-26-at-10.53.49-AM-150x150.jpeg","width":150,"height":150,"mime-type":"image\/jpeg","filesize":5466,"url":"https:\/\/360mallorcaproperty.com\/wp-content\/uploads\/2022\/05\/WhatsApp-Image-2022-05-26-at-10.53.49-AM-150x150.jpeg"},"medium_large":{"file":"WhatsApp-Image-2022-05-26-at-10.53.49-AM-768x576.jpeg","width":768,"height":576,"mime-type":"image\/jpeg","filesize":64431,"url":"https:\/\/360mallorcaproperty.com\/wp-content\/uploads\/2022\/05\/WhatsApp-Image-2022-05-26-at-10.53.49-AM-768x576.jpeg"},"1536x1536":{"file":"WhatsApp-Image-2022-05-26-at-10.53.49-AM-1536x1152.jpeg","width":1536,"height":1152,"mime-type":"image\/jpeg","filesize":171921,"url":"https:\/\/360mallorcaproperty.com\/wp-content\/uploads\/2022\/05\/WhatsApp-Image-2022-05-26-at-10.53.49-AM-1536x1152.jpeg"},"post-thumbnail":{"file":"WhatsApp-Image-2022-05-26-at-10.53.49-AM-150x113.jpeg","width":150,"height":113,"mime-type":"image\/jpeg","filesize":4503,"url":"https:\/\/360mallorcaproperty.com\/wp-content\/uploads\/2022\/05\/WhatsApp-Image-2022-05-26-at-10.53.49-AM-150x113.jpeg"},"modern-property-child-slider":{"file":"WhatsApp-Image-2022-05-26-at-10.53.49-AM-680x510.jpeg","width":680,"height":510,"mime-type":"image\/jpeg","filesize":54264,"url":"https:\/\/360mallorcaproperty.com\/wp-content\/uploads\/2022\/05\/WhatsApp-Image-2022-05-26-at-10.53.49-AM-680x510.jpeg"},"property-thumb-image":{"file":"WhatsApp-Image-2022-05-26-at-10.53.49-AM-488x326.jpeg","width":488,"height":326,"mime-type":"image\/jpeg","filesize":28530,"url":"https:\/\/360mallorcaproperty.com\/wp-content\/uploads\/2022\/05\/WhatsApp-Image-2022-05-26-at-10.53.49-AM-488x326.jpeg"},"property-detail-video-image":{"file":"WhatsApp-Image-2022-05-26-at-10.53.49-AM-818x417.jpeg","width":818,"height":417,"mime-type":"image\/jpeg","filesize":49872,"url":"https:\/\/360mallorcaproperty.com\/wp-content\/uploads\/2022\/05\/WhatsApp-Image-2022-05-26-at-10.53.49-AM-818x417.jpeg"},"agent-image":{"file":"WhatsApp-Image-2022-05-26-at-10.53.49-AM-210x210.jpeg","width":210,"height":210,"mime-type":"image\/jpeg","filesize":9767,"url":"https:\/\/360mallorcaproperty.com\/wp-content\/uploads\/2022\/05\/WhatsApp-Image-2022-05-26-at-10.53.49-AM-210x210.jpeg"},"partners-logo":{"file":"WhatsApp-Image-2022-05-26-at-10.53.49-AM-600x1200.jpeg","width":600,"height":1200,"mime-type":"image\/jpeg","filesize":91732,"url":"https:\/\/360mallorcaproperty.com\/wp-content\/uploads\/2022\/05\/WhatsApp-Image-2022-05-26-at-10.53.49-AM-600x1200.jpeg"},"post-featured-image":{"file":"WhatsApp-Image-2022-05-26-at-10.53.49-AM-1240x720.jpeg","width":1240,"height":720,"mime-type":"image\/jpeg","filesize":100442,"url":"https:\/\/360mallorcaproperty.com\/wp-content\/uploads\/2022\/05\/WhatsApp-Image-2022-05-26-at-10.53.49-AM-1240x720.jpeg"}},"image_meta":{"aperture":"0","credit":"","camera":"","caption":"","created_timestamp":"0","copyright":"","focal_length":"0","iso":"0","shutter_speed":"0","title":"","orientation":1,"keywords":[]},"original_image":"WhatsApp-Image-2022-05-26-at-10.53.49-AM.jpeg","ID":"32618","name":"WhatsApp-Image-2022-05-26-at-10.53.49-AM-rotated.jpeg","path":"\/home\/mallorcaproperty\/public_html\/wp-content\/uploads\/2022\/05\/WhatsApp-Image-2022-05-26-at-10.53.49-AM-rotated.jpeg","url":"https:\/\/360mallorcaproperty.com\/wp-content\/uploads\/2022\/05\/WhatsApp-Image-2022-05-26-at-10.53.49-AM-150x150.jpeg","full_url":"https:\/\/360mallorcaproperty.com\/wp-content\/uploads\/2022\/05\/WhatsApp-Image-2022-05-26-at-10.53.49-AM-rotated.jpeg","title":"WhatsApp Image 2022-05-26 at 10.53.49 AM","caption":"","description":"","alt":"","srcset":"https:\/\/360mallorcaproperty.com\/wp-content\/uploads\/2022\/05\/WhatsApp-Image-2022-05-26-at-10.53.49-AM-150x150.jpeg 150w, https:\/\/360mallorcaproperty.com\/wp-content\/uploads\/2022\/05\/WhatsApp-Image-2022-05-26-at-10.53.49-AM-210x210.jpeg 210w"}],"REAL_HOMES_change_gallery_slider_type":"","REAL_HOMES_gallery_slider_type":"pulgar a la derecha","inspiry_floor_plans":[],"inspiry_video_group":[],"REAL_HOMES_360_virtual_tour":"","REAL_HOMES_agent_display_option":"none","REAL_HOMES_agents":[],"REAL_HOMES_energy_class":"","REAL_HOMES_energy_performance":"","REAL_HOMES_epc_current_rating":"","REAL_HOMES_epc_potential_rating":"","ere_property_schedule_tour":"","ere_property_schedule_time_slots":"","ere_property_schedule_description":"","REAL_HOMES_sticky":"","inspiry_property_label":"","inspiry_property_label_color":"","inspiry_property_tax":"","inspiry_additional_fee":"","REAL_HOMES_attachments":[],"inspiry_property_owner_name":"","inspiry_property_owner_contact":"","inspiry_property_owner_address":"","REAL_HOMES_property_private_note":"","inspiry_message_to_reviewer":"","REAL_HOMES_add_in_slider":"no","REAL_HOMES_slider_image":[],"REAL_HOMES_page_banner_image":[],"REAL_HOMES_hide_property_advance_search":"","inspiry_offmarket":[],"REAL_HOMES_custom_header_display":"","REAL_HOMES_custom_header_position":"","REAL_HOMES_custom_footer_display":"","REAL_HOMES_hide_advance_search":"","REAL_HOMES_custom_search_form":"","REAL_HOMES_search_form_margin_top":"","REAL_HOMES_search_form_margin_bottom":""},"_links":{"self":[{"href":"https:\/\/360mallorcaproperty.com\/es\/wp-json\/wp\/v2\/property\/14575","targetHints":{"allow":["GET"]}}],"collection":[{"href":"https:\/\/360mallorcaproperty.com\/es\/wp-json\/wp\/v2\/property"}],"about":[{"href":"https:\/\/360mallorcaproperty.com\/es\/wp-json\/wp\/v2\/types\/property"}],"author":[{"embeddable":true,"href":"https:\/\/360mallorcaproperty.com\/es\/wp-json\/wp\/v2\/users\/1"}],"replies":[{"embeddable":true,"href":"https:\/\/360mallorcaproperty.com\/es\/wp-json\/wp\/v2\/comments?post=14575"}],"version-history":[{"count":0,"href":"https:\/\/360mallorcaproperty.com\/es\/wp-json\/wp\/v2\/property\/14575\/revisions"}],"wp:featuredmedia":[{"embeddable":true,"href":"https:\/\/360mallorcaproperty.com\/es\/wp-json\/wp\/v2\/media\/32660"}],"wp:attachment":[{"href":"https:\/\/360mallorcaproperty.com\/es\/wp-json\/wp\/v2\/media?parent=14575"}],"wp:term":[{"taxonomy":"property-feature","embeddable":true,"href":"https:\/\/360mallorcaproperty.com\/es\/wp-json\/wp\/v2\/property-feature?post=14575"},{"taxonomy":"property-type","embeddable":true,"href":"https:\/\/360mallorcaproperty.com\/es\/wp-json\/wp\/v2\/property-type?post=14575"},{"taxonomy":"property-city","embeddable":true,"href":"https:\/\/360mallorcaproperty.com\/es\/wp-json\/wp\/v2\/property-location?post=14575"},{"taxonomy":"property-status","embeddable":true,"href":"https:\/\/360mallorcaproperty.com\/es\/wp-json\/wp\/v2\/property-status?post=14575"}],"curies":[{"name":"wp","href":"https:\/\/api.w.org\/{rel}","templated":true}]}}