{"id":14580,"date":"2022-07-26T08:43:31","date_gmt":"2022-07-26T08:43:31","guid":{"rendered":"https:\/\/360mallorcaproperty.com\/property\/parcela-en-espera-de-licencia\/"},"modified":"2024-09-01T07:52:29","modified_gmt":"2024-09-01T07:52:29","slug":"v4049","status":"publish","type":"property","link":"https:\/\/360mallorcaproperty.com\/es\/property\/v4049\/","title":{"rendered":"Finca en s&#8217;Alqueria Blanca"},"content":{"rendered":"<p>Situado en las afueras de S&#8217;Alqueria Blanca podemos ofrecerte la oportunidad a construir tu hogar en el campo.\u00a0 Con un proyecto basico peresentado al Consell de Mallorca para su aporbacion.\u00a0 Con una parcela de 34.752m\u00b2 y vistas a las colinas circundantes, este es un lugar verdaderamente hermoso y tranquilo.<br \/>\nM\u00e1s abajo encontrar\u00e1 los planos del proyecto presentado.<\/p>\n<p>Ubicaci\u00f3n:<br \/>\nS&#8217;Alqueria Blanca es una localidad perteneciente al municipio de Santany\u00ed. Est\u00e1 a 56 km de Palma, a 7,6 km de Santany\u00ed y a 5,5 km de la costa. En las proximidades se encuentran las localidades de Santany\u00ed, Cala d&#8217;Or y Portopetro. Su poblaci\u00f3n ronda los 1.150 habitantes.<br \/>\nEn el pasado, S&#8217;Alqueria Blanca basaba su econom\u00eda en la agricultura. Hoy en d\u00eda, el turismo es su principal actividad, aunque la localidad conserva el car\u00e1cter de anta\u00f1o. En el centro del pueblo se encuentra la iglesia, con la plaza principal y algunos bares, restaurantes y tiendas.<br \/>\nS&#8217;Alqueria Blanca est\u00e1 muy cerca del Parque Natural de Mondrag\u00f3 con sus hermosas playas de S&#8217;Amarador y Cala Mondrag\u00f3.<\/p>\n<p><span class=\"JsGRdQ\">Para m\u00e1s informaci\u00f3n o para concertar una visita, p\u00f3ngase en contacto con nosotros en 360 Mallorca Property.<\/span><\/p>\n","protected":false},"excerpt":{"rendered":"<p>Situado en las afueras de S&#8217;Alqueria Blanca podemos ofrecerte la oportunidad a construir tu hogar en el campo.\u00a0 Con un proyecto basico peresentado al Consell de Mallorca para su aporbacion.\u00a0 Con una parcela de 34.752m\u00b2 y vistas a las colinas circundantes, este es un lugar verdaderamente hermoso y tranquilo. M\u00e1s abajo encontrar\u00e1 los planos del&#8230;<\/p>\n","protected":false},"author":1,"featured_media":13403,"parent":0,"menu_order":0,"comment_status":"closed","ping_status":"closed","template":"","property-feature":[],"property-type":[229],"property-location":[261],"property-status":[231],"class_list":["post-14580","property","type-property","status-publish","has-post-thumbnail","hentry","property-type-parcela-rusticas","property-city-santanyi-es","property-status-venta"],"property_meta":{"REAL_HOMES_property_price":"1200000","REAL_HOMES_property_old_price":"","REAL_HOMES_property_price_prefix":"","REAL_HOMES_property_price_postfix":"","REAL_HOMES_property_size":"","REAL_HOMES_property_size_postfix":"","REAL_HOMES_property_lot_size":"34752","REAL_HOMES_property_lot_size_postfix":"m\u00b2","REAL_HOMES_property_bedrooms":"5","REAL_HOMES_property_bathrooms":"6","REAL_HOMES_property_garage":"m\u00faltiple","REAL_HOMES_property_id":"V4049","REAL_HOMES_property_year_built":"","REAL_HOMES_featured":"","REAL_HOMES_additional_details_list":[],"rvr_booking_widget_display":"hide","rvr_booking_mode":"","rvr_govt_tax":"","rvr_govt_tax_type":"","rvr_govt_tax_calculation":"","rvr_service_charges":"","rvr_service_charges_type":"","rvr_service_charges_calculation":"","rvr_guests_capacity":"","rvr_book_child_as":"","rvr_min_stay":"","rvr_guests_capacity_extend":"","rvr_extra_guest_price":"","rvr_property_owner":"0","rvr_bulk_pricing":[],"rvr_seasonal_pricing":[],"rvr_custom_reserved_dates":[],"rvr_additional_fees":[{"rvr_fee_type":"fixed","rvr_fee_calculation":"per_stay"}],"rvr_additional_amenities":[{"price_calculation":"per_stay"}],"rvr_accommodation":[],"rvr_outdoor_features":[],"rvr_surroundings":[],"rvr_included":[],"rvr_not_included":[],"rvr_policies":[],"REAL_HOMES_property_location":{"latitude":"39.3928144","longitude":"3.1488585","zoom":"14"},"REAL_HOMES_property_address":"Es Pujolet, Santa\u00f1\u00ed, Migjorn, Islas Baleares, 07208, Espa\u00f1a","REAL_HOMES_property_map":"","REAL_HOMES_property_images":[{"width":150,"height":150,"file":"2022\/05\/WhatsApp-Image-2022-05-17-at-3.21.43-PM-1.jpeg","sizes":{"medium":{"file":"WhatsApp-Image-2022-05-17-at-3.21.43-PM-1-225x300.jpeg","width":225,"height":300,"mime-type":"image\/jpeg","url":"https:\/\/360mallorcaproperty.com\/wp-content\/uploads\/2022\/05\/WhatsApp-Image-2022-05-17-at-3.21.43-PM-1-225x300.jpeg"},"large":{"file":"WhatsApp-Image-2022-05-17-at-3.21.43-PM-1-768x1024.jpeg","width":768,"height":1024,"mime-type":"image\/jpeg","url":"https:\/\/360mallorcaproperty.com\/wp-content\/uploads\/2022\/05\/WhatsApp-Image-2022-05-17-at-3.21.43-PM-1-768x1024.jpeg"},"thumbnail":{"file":"WhatsApp-Image-2022-05-17-at-3.21.43-PM-1-150x150.jpeg","width":150,"height":150,"mime-type":"image\/jpeg","url":"https:\/\/360mallorcaproperty.com\/wp-content\/uploads\/2022\/05\/WhatsApp-Image-2022-05-17-at-3.21.43-PM-1-150x150.jpeg"},"medium_large":{"file":"WhatsApp-Image-2022-05-17-at-3.21.43-PM-1-768x1024.jpeg","width":768,"height":1024,"mime-type":"image\/jpeg","url":"https:\/\/360mallorcaproperty.com\/wp-content\/uploads\/2022\/05\/WhatsApp-Image-2022-05-17-at-3.21.43-PM-1-768x1024.jpeg"},"1536x1536":{"file":"WhatsApp-Image-2022-05-17-at-3.21.43-PM-1-1152x1536.jpeg","width":1152,"height":1536,"mime-type":"image\/jpeg","url":"https:\/\/360mallorcaproperty.com\/wp-content\/uploads\/2022\/05\/WhatsApp-Image-2022-05-17-at-3.21.43-PM-1-1152x1536.jpeg"},"post-thumbnail":{"file":"WhatsApp-Image-2022-05-17-at-3.21.43-PM-1-113x150.jpeg","width":113,"height":150,"mime-type":"image\/jpeg","url":"https:\/\/360mallorcaproperty.com\/wp-content\/uploads\/2022\/05\/WhatsApp-Image-2022-05-17-at-3.21.43-PM-1-113x150.jpeg"},"modern-property-child-slider":{"file":"WhatsApp-Image-2022-05-17-at-3.21.43-PM-1-680x510.jpeg","width":680,"height":510,"mime-type":"image\/jpeg","url":"https:\/\/360mallorcaproperty.com\/wp-content\/uploads\/2022\/05\/WhatsApp-Image-2022-05-17-at-3.21.43-PM-1-680x510.jpeg"},"property-thumb-image":{"file":"WhatsApp-Image-2022-05-17-at-3.21.43-PM-1-488x326.jpeg","width":488,"height":326,"mime-type":"image\/jpeg","url":"https:\/\/360mallorcaproperty.com\/wp-content\/uploads\/2022\/05\/WhatsApp-Image-2022-05-17-at-3.21.43-PM-1-488x326.jpeg"},"property-detail-video-image":{"file":"WhatsApp-Image-2022-05-17-at-3.21.43-PM-1-818x417.jpeg","width":818,"height":417,"mime-type":"image\/jpeg","url":"https:\/\/360mallorcaproperty.com\/wp-content\/uploads\/2022\/05\/WhatsApp-Image-2022-05-17-at-3.21.43-PM-1-818x417.jpeg"},"agent-image":{"file":"WhatsApp-Image-2022-05-17-at-3.21.43-PM-1-210x210.jpeg","width":210,"height":210,"mime-type":"image\/jpeg","url":"https:\/\/360mallorcaproperty.com\/wp-content\/uploads\/2022\/05\/WhatsApp-Image-2022-05-17-at-3.21.43-PM-1-210x210.jpeg"},"partners-logo":{"file":"WhatsApp-Image-2022-05-17-at-3.21.43-PM-1-600x1600.jpeg","width":600,"height":1600,"mime-type":"image\/jpeg","url":"https:\/\/360mallorcaproperty.com\/wp-content\/uploads\/2022\/05\/WhatsApp-Image-2022-05-17-at-3.21.43-PM-1-600x1600.jpeg"},"post-featured-image":{"file":"WhatsApp-Image-2022-05-17-at-3.21.43-PM-1-1200x720.jpeg","width":1200,"height":720,"mime-type":"image\/jpeg","url":"https:\/\/360mallorcaproperty.com\/wp-content\/uploads\/2022\/05\/WhatsApp-Image-2022-05-17-at-3.21.43-PM-1-1200x720.jpeg"}},"image_meta":{"aperture":"0","credit":"","camera":"","caption":"","created_timestamp":"0","copyright":"","focal_length":"0","iso":"0","shutter_speed":"0","title":"","orientation":"0","keywords":[]},"ID":"8512","name":"WhatsApp-Image-2022-05-17-at-3.21.43-PM-1.jpeg","path":"\/home\/mallorcaproperty\/public_html\/wp-content\/uploads\/2022\/05\/WhatsApp-Image-2022-05-17-at-3.21.43-PM-1.jpeg","url":"https:\/\/360mallorcaproperty.com\/wp-content\/uploads\/2022\/05\/WhatsApp-Image-2022-05-17-at-3.21.43-PM-1-150x150.jpeg","full_url":"https:\/\/360mallorcaproperty.com\/wp-content\/uploads\/2022\/05\/WhatsApp-Image-2022-05-17-at-3.21.43-PM-1.jpeg","title":"WhatsApp Image 2022-05-17 at 3.21.43 PM (1)","caption":"","description":"","alt":"","srcset":"https:\/\/360mallorcaproperty.com\/wp-content\/uploads\/2022\/05\/WhatsApp-Image-2022-05-17-at-3.21.43-PM-1-150x150.jpeg 150w, https:\/\/360mallorcaproperty.com\/wp-content\/uploads\/2022\/05\/WhatsApp-Image-2022-05-17-at-3.21.43-PM-1-210x210.jpeg 210w"},{"width":150,"height":150,"file":"2022\/05\/WhatsApp-Image-2022-05-17-at-3.21.42-PM-1.jpeg","sizes":{"medium":{"file":"WhatsApp-Image-2022-05-17-at-3.21.42-PM-1-225x300.jpeg","width":225,"height":300,"mime-type":"image\/jpeg","url":"https:\/\/360mallorcaproperty.com\/wp-content\/uploads\/2022\/05\/WhatsApp-Image-2022-05-17-at-3.21.42-PM-1-225x300.jpeg"},"large":{"file":"WhatsApp-Image-2022-05-17-at-3.21.42-PM-1-768x1024.jpeg","width":768,"height":1024,"mime-type":"image\/jpeg","url":"https:\/\/360mallorcaproperty.com\/wp-content\/uploads\/2022\/05\/WhatsApp-Image-2022-05-17-at-3.21.42-PM-1-768x1024.jpeg"},"thumbnail":{"file":"WhatsApp-Image-2022-05-17-at-3.21.42-PM-1-150x150.jpeg","width":150,"height":150,"mime-type":"image\/jpeg","url":"https:\/\/360mallorcaproperty.com\/wp-content\/uploads\/2022\/05\/WhatsApp-Image-2022-05-17-at-3.21.42-PM-1-150x150.jpeg"},"medium_large":{"file":"WhatsApp-Image-2022-05-17-at-3.21.42-PM-1-768x1024.jpeg","width":768,"height":1024,"mime-type":"image\/jpeg","url":"https:\/\/360mallorcaproperty.com\/wp-content\/uploads\/2022\/05\/WhatsApp-Image-2022-05-17-at-3.21.42-PM-1-768x1024.jpeg"},"1536x1536":{"file":"WhatsApp-Image-2022-05-17-at-3.21.42-PM-1-1152x1536.jpeg","width":1152,"height":1536,"mime-type":"image\/jpeg","url":"https:\/\/360mallorcaproperty.com\/wp-content\/uploads\/2022\/05\/WhatsApp-Image-2022-05-17-at-3.21.42-PM-1-1152x1536.jpeg"},"post-thumbnail":{"file":"WhatsApp-Image-2022-05-17-at-3.21.42-PM-1-113x150.jpeg","width":113,"height":150,"mime-type":"image\/jpeg","url":"https:\/\/360mallorcaproperty.com\/wp-content\/uploads\/2022\/05\/WhatsApp-Image-2022-05-17-at-3.21.42-PM-1-113x150.jpeg"},"modern-property-child-slider":{"file":"WhatsApp-Image-2022-05-17-at-3.21.42-PM-1-680x510.jpeg","width":680,"height":510,"mime-type":"image\/jpeg","url":"https:\/\/360mallorcaproperty.com\/wp-content\/uploads\/2022\/05\/WhatsApp-Image-2022-05-17-at-3.21.42-PM-1-680x510.jpeg"},"property-thumb-image":{"file":"WhatsApp-Image-2022-05-17-at-3.21.42-PM-1-488x326.jpeg","width":488,"height":326,"mime-type":"image\/jpeg","url":"https:\/\/360mallorcaproperty.com\/wp-content\/uploads\/2022\/05\/WhatsApp-Image-2022-05-17-at-3.21.42-PM-1-488x326.jpeg"},"property-detail-video-image":{"file":"WhatsApp-Image-2022-05-17-at-3.21.42-PM-1-818x417.jpeg","width":818,"height":417,"mime-type":"image\/jpeg","url":"https:\/\/360mallorcaproperty.com\/wp-content\/uploads\/2022\/05\/WhatsApp-Image-2022-05-17-at-3.21.42-PM-1-818x417.jpeg"},"agent-image":{"file":"WhatsApp-Image-2022-05-17-at-3.21.42-PM-1-210x210.jpeg","width":210,"height":210,"mime-type":"image\/jpeg","url":"https:\/\/360mallorcaproperty.com\/wp-content\/uploads\/2022\/05\/WhatsApp-Image-2022-05-17-at-3.21.42-PM-1-210x210.jpeg"},"partners-logo":{"file":"WhatsApp-Image-2022-05-17-at-3.21.42-PM-1-600x1600.jpeg","width":600,"height":1600,"mime-type":"image\/jpeg","url":"https:\/\/360mallorcaproperty.com\/wp-content\/uploads\/2022\/05\/WhatsApp-Image-2022-05-17-at-3.21.42-PM-1-600x1600.jpeg"},"post-featured-image":{"file":"WhatsApp-Image-2022-05-17-at-3.21.42-PM-1-1200x720.jpeg","width":1200,"height":720,"mime-type":"image\/jpeg","url":"https:\/\/360mallorcaproperty.com\/wp-content\/uploads\/2022\/05\/WhatsApp-Image-2022-05-17-at-3.21.42-PM-1-1200x720.jpeg"}},"image_meta":{"aperture":"0","credit":"","camera":"","caption":"","created_timestamp":"0","copyright":"","focal_length":"0","iso":"0","shutter_speed":"0","title":"","orientation":"0","keywords":[]},"ID":"8514","name":"WhatsApp-Image-2022-05-17-at-3.21.42-PM-1.jpeg","path":"\/home\/mallorcaproperty\/public_html\/wp-content\/uploads\/2022\/05\/WhatsApp-Image-2022-05-17-at-3.21.42-PM-1.jpeg","url":"https:\/\/360mallorcaproperty.com\/wp-content\/uploads\/2022\/05\/WhatsApp-Image-2022-05-17-at-3.21.42-PM-1-150x150.jpeg","full_url":"https:\/\/360mallorcaproperty.com\/wp-content\/uploads\/2022\/05\/WhatsApp-Image-2022-05-17-at-3.21.42-PM-1.jpeg","title":"WhatsApp Image 2022-05-17 at 3.21.42 PM (1)","caption":"","description":"","alt":"","srcset":"https:\/\/360mallorcaproperty.com\/wp-content\/uploads\/2022\/05\/WhatsApp-Image-2022-05-17-at-3.21.42-PM-1-150x150.jpeg 150w, https:\/\/360mallorcaproperty.com\/wp-content\/uploads\/2022\/05\/WhatsApp-Image-2022-05-17-at-3.21.42-PM-1-210x210.jpeg 210w"},{"width":150,"height":150,"file":"2022\/05\/WhatsApp-Image-2022-05-17-at-3.21.41-PM-1.jpeg","sizes":{"medium":{"file":"WhatsApp-Image-2022-05-17-at-3.21.41-PM-1-225x300.jpeg","width":225,"height":300,"mime-type":"image\/jpeg","url":"https:\/\/360mallorcaproperty.com\/wp-content\/uploads\/2022\/05\/WhatsApp-Image-2022-05-17-at-3.21.41-PM-1-225x300.jpeg"},"large":{"file":"WhatsApp-Image-2022-05-17-at-3.21.41-PM-1-768x1024.jpeg","width":768,"height":1024,"mime-type":"image\/jpeg","url":"https:\/\/360mallorcaproperty.com\/wp-content\/uploads\/2022\/05\/WhatsApp-Image-2022-05-17-at-3.21.41-PM-1-768x1024.jpeg"},"thumbnail":{"file":"WhatsApp-Image-2022-05-17-at-3.21.41-PM-1-150x150.jpeg","width":150,"height":150,"mime-type":"image\/jpeg","url":"https:\/\/360mallorcaproperty.com\/wp-content\/uploads\/2022\/05\/WhatsApp-Image-2022-05-17-at-3.21.41-PM-1-150x150.jpeg"},"medium_large":{"file":"WhatsApp-Image-2022-05-17-at-3.21.41-PM-1-768x1024.jpeg","width":768,"height":1024,"mime-type":"image\/jpeg","url":"https:\/\/360mallorcaproperty.com\/wp-content\/uploads\/2022\/05\/WhatsApp-Image-2022-05-17-at-3.21.41-PM-1-768x1024.jpeg"},"1536x1536":{"file":"WhatsApp-Image-2022-05-17-at-3.21.41-PM-1-1152x1536.jpeg","width":1152,"height":1536,"mime-type":"image\/jpeg","url":"https:\/\/360mallorcaproperty.com\/wp-content\/uploads\/2022\/05\/WhatsApp-Image-2022-05-17-at-3.21.41-PM-1-1152x1536.jpeg"},"post-thumbnail":{"file":"WhatsApp-Image-2022-05-17-at-3.21.41-PM-1-113x150.jpeg","width":113,"height":150,"mime-type":"image\/jpeg","url":"https:\/\/360mallorcaproperty.com\/wp-content\/uploads\/2022\/05\/WhatsApp-Image-2022-05-17-at-3.21.41-PM-1-113x150.jpeg"},"modern-property-child-slider":{"file":"WhatsApp-Image-2022-05-17-at-3.21.41-PM-1-680x510.jpeg","width":680,"height":510,"mime-type":"image\/jpeg","url":"https:\/\/360mallorcaproperty.com\/wp-content\/uploads\/2022\/05\/WhatsApp-Image-2022-05-17-at-3.21.41-PM-1-680x510.jpeg"},"property-thumb-image":{"file":"WhatsApp-Image-2022-05-17-at-3.21.41-PM-1-488x326.jpeg","width":488,"height":326,"mime-type":"image\/jpeg","url":"https:\/\/360mallorcaproperty.com\/wp-content\/uploads\/2022\/05\/WhatsApp-Image-2022-05-17-at-3.21.41-PM-1-488x326.jpeg"},"property-detail-video-image":{"file":"WhatsApp-Image-2022-05-17-at-3.21.41-PM-1-818x417.jpeg","width":818,"height":417,"mime-type":"image\/jpeg","url":"https:\/\/360mallorcaproperty.com\/wp-content\/uploads\/2022\/05\/WhatsApp-Image-2022-05-17-at-3.21.41-PM-1-818x417.jpeg"},"agent-image":{"file":"WhatsApp-Image-2022-05-17-at-3.21.41-PM-1-210x210.jpeg","width":210,"height":210,"mime-type":"image\/jpeg","url":"https:\/\/360mallorcaproperty.com\/wp-content\/uploads\/2022\/05\/WhatsApp-Image-2022-05-17-at-3.21.41-PM-1-210x210.jpeg"},"partners-logo":{"file":"WhatsApp-Image-2022-05-17-at-3.21.41-PM-1-600x1600.jpeg","width":600,"height":1600,"mime-type":"image\/jpeg","url":"https:\/\/360mallorcaproperty.com\/wp-content\/uploads\/2022\/05\/WhatsApp-Image-2022-05-17-at-3.21.41-PM-1-600x1600.jpeg"},"post-featured-image":{"file":"WhatsApp-Image-2022-05-17-at-3.21.41-PM-1-1200x720.jpeg","width":1200,"height":720,"mime-type":"image\/jpeg","url":"https:\/\/360mallorcaproperty.com\/wp-content\/uploads\/2022\/05\/WhatsApp-Image-2022-05-17-at-3.21.41-PM-1-1200x720.jpeg"}},"image_meta":{"aperture":"0","credit":"","camera":"","caption":"","created_timestamp":"0","copyright":"","focal_length":"0","iso":"0","shutter_speed":"0","title":"","orientation":"0","keywords":[]},"ID":"8516","name":"WhatsApp-Image-2022-05-17-at-3.21.41-PM-1.jpeg","path":"\/home\/mallorcaproperty\/public_html\/wp-content\/uploads\/2022\/05\/WhatsApp-Image-2022-05-17-at-3.21.41-PM-1.jpeg","url":"https:\/\/360mallorcaproperty.com\/wp-content\/uploads\/2022\/05\/WhatsApp-Image-2022-05-17-at-3.21.41-PM-1-150x150.jpeg","full_url":"https:\/\/360mallorcaproperty.com\/wp-content\/uploads\/2022\/05\/WhatsApp-Image-2022-05-17-at-3.21.41-PM-1.jpeg","title":"WhatsApp Image 2022-05-17 at 3.21.41 PM (1)","caption":"","description":"","alt":"","srcset":"https:\/\/360mallorcaproperty.com\/wp-content\/uploads\/2022\/05\/WhatsApp-Image-2022-05-17-at-3.21.41-PM-1-150x150.jpeg 150w, https:\/\/360mallorcaproperty.com\/wp-content\/uploads\/2022\/05\/WhatsApp-Image-2022-05-17-at-3.21.41-PM-1-210x210.jpeg 210w"},{"width":150,"height":150,"file":"2022\/05\/WhatsApp-Image-2022-05-17-at-3.21.40-PM-1.jpeg","sizes":{"medium":{"file":"WhatsApp-Image-2022-05-17-at-3.21.40-PM-1-225x300.jpeg","width":225,"height":300,"mime-type":"image\/jpeg","url":"https:\/\/360mallorcaproperty.com\/wp-content\/uploads\/2022\/05\/WhatsApp-Image-2022-05-17-at-3.21.40-PM-1-225x300.jpeg"},"large":{"file":"WhatsApp-Image-2022-05-17-at-3.21.40-PM-1-768x1024.jpeg","width":768,"height":1024,"mime-type":"image\/jpeg","url":"https:\/\/360mallorcaproperty.com\/wp-content\/uploads\/2022\/05\/WhatsApp-Image-2022-05-17-at-3.21.40-PM-1-768x1024.jpeg"},"thumbnail":{"file":"WhatsApp-Image-2022-05-17-at-3.21.40-PM-1-150x150.jpeg","width":150,"height":150,"mime-type":"image\/jpeg","url":"https:\/\/360mallorcaproperty.com\/wp-content\/uploads\/2022\/05\/WhatsApp-Image-2022-05-17-at-3.21.40-PM-1-150x150.jpeg"},"medium_large":{"file":"WhatsApp-Image-2022-05-17-at-3.21.40-PM-1-768x1024.jpeg","width":768,"height":1024,"mime-type":"image\/jpeg","url":"https:\/\/360mallorcaproperty.com\/wp-content\/uploads\/2022\/05\/WhatsApp-Image-2022-05-17-at-3.21.40-PM-1-768x1024.jpeg"},"1536x1536":{"file":"WhatsApp-Image-2022-05-17-at-3.21.40-PM-1-1152x1536.jpeg","width":1152,"height":1536,"mime-type":"image\/jpeg","url":"https:\/\/360mallorcaproperty.com\/wp-content\/uploads\/2022\/05\/WhatsApp-Image-2022-05-17-at-3.21.40-PM-1-1152x1536.jpeg"},"post-thumbnail":{"file":"WhatsApp-Image-2022-05-17-at-3.21.40-PM-1-113x150.jpeg","width":113,"height":150,"mime-type":"image\/jpeg","url":"https:\/\/360mallorcaproperty.com\/wp-content\/uploads\/2022\/05\/WhatsApp-Image-2022-05-17-at-3.21.40-PM-1-113x150.jpeg"},"modern-property-child-slider":{"file":"WhatsApp-Image-2022-05-17-at-3.21.40-PM-1-680x510.jpeg","width":680,"height":510,"mime-type":"image\/jpeg","url":"https:\/\/360mallorcaproperty.com\/wp-content\/uploads\/2022\/05\/WhatsApp-Image-2022-05-17-at-3.21.40-PM-1-680x510.jpeg"},"property-thumb-image":{"file":"WhatsApp-Image-2022-05-17-at-3.21.40-PM-1-488x326.jpeg","width":488,"height":326,"mime-type":"image\/jpeg","url":"https:\/\/360mallorcaproperty.com\/wp-content\/uploads\/2022\/05\/WhatsApp-Image-2022-05-17-at-3.21.40-PM-1-488x326.jpeg"},"property-detail-video-image":{"file":"WhatsApp-Image-2022-05-17-at-3.21.40-PM-1-818x417.jpeg","width":818,"height":417,"mime-type":"image\/jpeg","url":"https:\/\/360mallorcaproperty.com\/wp-content\/uploads\/2022\/05\/WhatsApp-Image-2022-05-17-at-3.21.40-PM-1-818x417.jpeg"},"agent-image":{"file":"WhatsApp-Image-2022-05-17-at-3.21.40-PM-1-210x210.jpeg","width":210,"height":210,"mime-type":"image\/jpeg","url":"https:\/\/360mallorcaproperty.com\/wp-content\/uploads\/2022\/05\/WhatsApp-Image-2022-05-17-at-3.21.40-PM-1-210x210.jpeg"},"partners-logo":{"file":"WhatsApp-Image-2022-05-17-at-3.21.40-PM-1-600x1600.jpeg","width":600,"height":1600,"mime-type":"image\/jpeg","url":"https:\/\/360mallorcaproperty.com\/wp-content\/uploads\/2022\/05\/WhatsApp-Image-2022-05-17-at-3.21.40-PM-1-600x1600.jpeg"},"post-featured-image":{"file":"WhatsApp-Image-2022-05-17-at-3.21.40-PM-1-1200x720.jpeg","width":1200,"height":720,"mime-type":"image\/jpeg","url":"https:\/\/360mallorcaproperty.com\/wp-content\/uploads\/2022\/05\/WhatsApp-Image-2022-05-17-at-3.21.40-PM-1-1200x720.jpeg"}},"image_meta":{"aperture":"0","credit":"","camera":"","caption":"","created_timestamp":"0","copyright":"","focal_length":"0","iso":"0","shutter_speed":"0","title":"","orientation":"0","keywords":[]},"ID":"8518","name":"WhatsApp-Image-2022-05-17-at-3.21.40-PM-1.jpeg","path":"\/home\/mallorcaproperty\/public_html\/wp-content\/uploads\/2022\/05\/WhatsApp-Image-2022-05-17-at-3.21.40-PM-1.jpeg","url":"https:\/\/360mallorcaproperty.com\/wp-content\/uploads\/2022\/05\/WhatsApp-Image-2022-05-17-at-3.21.40-PM-1-150x150.jpeg","full_url":"https:\/\/360mallorcaproperty.com\/wp-content\/uploads\/2022\/05\/WhatsApp-Image-2022-05-17-at-3.21.40-PM-1.jpeg","title":"WhatsApp Image 2022-05-17 at 3.21.40 PM (1)","caption":"","description":"","alt":"","srcset":"https:\/\/360mallorcaproperty.com\/wp-content\/uploads\/2022\/05\/WhatsApp-Image-2022-05-17-at-3.21.40-PM-1-150x150.jpeg 150w, https:\/\/360mallorcaproperty.com\/wp-content\/uploads\/2022\/05\/WhatsApp-Image-2022-05-17-at-3.21.40-PM-1-210x210.jpeg 210w"},{"width":150,"height":150,"file":"2022\/05\/WhatsApp-Image-2022-05-17-at-3.21.40-PM.jpeg","sizes":{"medium":{"file":"WhatsApp-Image-2022-05-17-at-3.21.40-PM-225x300.jpeg","width":225,"height":300,"mime-type":"image\/jpeg","url":"https:\/\/360mallorcaproperty.com\/wp-content\/uploads\/2022\/05\/WhatsApp-Image-2022-05-17-at-3.21.40-PM-225x300.jpeg"},"large":{"file":"WhatsApp-Image-2022-05-17-at-3.21.40-PM-768x1024.jpeg","width":768,"height":1024,"mime-type":"image\/jpeg","url":"https:\/\/360mallorcaproperty.com\/wp-content\/uploads\/2022\/05\/WhatsApp-Image-2022-05-17-at-3.21.40-PM-768x1024.jpeg"},"thumbnail":{"file":"WhatsApp-Image-2022-05-17-at-3.21.40-PM-150x150.jpeg","width":150,"height":150,"mime-type":"image\/jpeg","url":"https:\/\/360mallorcaproperty.com\/wp-content\/uploads\/2022\/05\/WhatsApp-Image-2022-05-17-at-3.21.40-PM-150x150.jpeg"},"medium_large":{"file":"WhatsApp-Image-2022-05-17-at-3.21.40-PM-768x1024.jpeg","width":768,"height":1024,"mime-type":"image\/jpeg","url":"https:\/\/360mallorcaproperty.com\/wp-content\/uploads\/2022\/05\/WhatsApp-Image-2022-05-17-at-3.21.40-PM-768x1024.jpeg"},"1536x1536":{"file":"WhatsApp-Image-2022-05-17-at-3.21.40-PM-1152x1536.jpeg","width":1152,"height":1536,"mime-type":"image\/jpeg","url":"https:\/\/360mallorcaproperty.com\/wp-content\/uploads\/2022\/05\/WhatsApp-Image-2022-05-17-at-3.21.40-PM-1152x1536.jpeg"},"post-thumbnail":{"file":"WhatsApp-Image-2022-05-17-at-3.21.40-PM-113x150.jpeg","width":113,"height":150,"mime-type":"image\/jpeg","url":"https:\/\/360mallorcaproperty.com\/wp-content\/uploads\/2022\/05\/WhatsApp-Image-2022-05-17-at-3.21.40-PM-113x150.jpeg"},"modern-property-child-slider":{"file":"WhatsApp-Image-2022-05-17-at-3.21.40-PM-680x510.jpeg","width":680,"height":510,"mime-type":"image\/jpeg","url":"https:\/\/360mallorcaproperty.com\/wp-content\/uploads\/2022\/05\/WhatsApp-Image-2022-05-17-at-3.21.40-PM-680x510.jpeg"},"property-thumb-image":{"file":"WhatsApp-Image-2022-05-17-at-3.21.40-PM-488x326.jpeg","width":488,"height":326,"mime-type":"image\/jpeg","url":"https:\/\/360mallorcaproperty.com\/wp-content\/uploads\/2022\/05\/WhatsApp-Image-2022-05-17-at-3.21.40-PM-488x326.jpeg"},"property-detail-video-image":{"file":"WhatsApp-Image-2022-05-17-at-3.21.40-PM-818x417.jpeg","width":818,"height":417,"mime-type":"image\/jpeg","url":"https:\/\/360mallorcaproperty.com\/wp-content\/uploads\/2022\/05\/WhatsApp-Image-2022-05-17-at-3.21.40-PM-818x417.jpeg"},"agent-image":{"file":"WhatsApp-Image-2022-05-17-at-3.21.40-PM-210x210.jpeg","width":210,"height":210,"mime-type":"image\/jpeg","url":"https:\/\/360mallorcaproperty.com\/wp-content\/uploads\/2022\/05\/WhatsApp-Image-2022-05-17-at-3.21.40-PM-210x210.jpeg"},"partners-logo":{"file":"WhatsApp-Image-2022-05-17-at-3.21.40-PM-600x1600.jpeg","width":600,"height":1600,"mime-type":"image\/jpeg","url":"https:\/\/360mallorcaproperty.com\/wp-content\/uploads\/2022\/05\/WhatsApp-Image-2022-05-17-at-3.21.40-PM-600x1600.jpeg"},"post-featured-image":{"file":"WhatsApp-Image-2022-05-17-at-3.21.40-PM-1200x720.jpeg","width":1200,"height":720,"mime-type":"image\/jpeg","url":"https:\/\/360mallorcaproperty.com\/wp-content\/uploads\/2022\/05\/WhatsApp-Image-2022-05-17-at-3.21.40-PM-1200x720.jpeg"}},"image_meta":{"aperture":"0","credit":"","camera":"","caption":"","created_timestamp":"0","copyright":"","focal_length":"0","iso":"0","shutter_speed":"0","title":"","orientation":"0","keywords":[]},"ID":"8519","name":"WhatsApp-Image-2022-05-17-at-3.21.40-PM.jpeg","path":"\/home\/mallorcaproperty\/public_html\/wp-content\/uploads\/2022\/05\/WhatsApp-Image-2022-05-17-at-3.21.40-PM.jpeg","url":"https:\/\/360mallorcaproperty.com\/wp-content\/uploads\/2022\/05\/WhatsApp-Image-2022-05-17-at-3.21.40-PM-150x150.jpeg","full_url":"https:\/\/360mallorcaproperty.com\/wp-content\/uploads\/2022\/05\/WhatsApp-Image-2022-05-17-at-3.21.40-PM.jpeg","title":"WhatsApp Image 2022-05-17 at 3.21.40 PM","caption":"","description":"","alt":"","srcset":"https:\/\/360mallorcaproperty.com\/wp-content\/uploads\/2022\/05\/WhatsApp-Image-2022-05-17-at-3.21.40-PM-150x150.jpeg 150w, https:\/\/360mallorcaproperty.com\/wp-content\/uploads\/2022\/05\/WhatsApp-Image-2022-05-17-at-3.21.40-PM-210x210.jpeg 210w"},{"width":150,"height":150,"file":"2022\/05\/WhatsApp-Image-2022-05-17-at-3.21.39-PM-1.jpeg","sizes":{"medium":{"file":"WhatsApp-Image-2022-05-17-at-3.21.39-PM-1-225x300.jpeg","width":225,"height":300,"mime-type":"image\/jpeg","url":"https:\/\/360mallorcaproperty.com\/wp-content\/uploads\/2022\/05\/WhatsApp-Image-2022-05-17-at-3.21.39-PM-1-225x300.jpeg"},"large":{"file":"WhatsApp-Image-2022-05-17-at-3.21.39-PM-1-768x1024.jpeg","width":768,"height":1024,"mime-type":"image\/jpeg","url":"https:\/\/360mallorcaproperty.com\/wp-content\/uploads\/2022\/05\/WhatsApp-Image-2022-05-17-at-3.21.39-PM-1-768x1024.jpeg"},"thumbnail":{"file":"WhatsApp-Image-2022-05-17-at-3.21.39-PM-1-150x150.jpeg","width":150,"height":150,"mime-type":"image\/jpeg","url":"https:\/\/360mallorcaproperty.com\/wp-content\/uploads\/2022\/05\/WhatsApp-Image-2022-05-17-at-3.21.39-PM-1-150x150.jpeg"},"medium_large":{"file":"WhatsApp-Image-2022-05-17-at-3.21.39-PM-1-768x1024.jpeg","width":768,"height":1024,"mime-type":"image\/jpeg","url":"https:\/\/360mallorcaproperty.com\/wp-content\/uploads\/2022\/05\/WhatsApp-Image-2022-05-17-at-3.21.39-PM-1-768x1024.jpeg"},"1536x1536":{"file":"WhatsApp-Image-2022-05-17-at-3.21.39-PM-1-1152x1536.jpeg","width":1152,"height":1536,"mime-type":"image\/jpeg","url":"https:\/\/360mallorcaproperty.com\/wp-content\/uploads\/2022\/05\/WhatsApp-Image-2022-05-17-at-3.21.39-PM-1-1152x1536.jpeg"},"post-thumbnail":{"file":"WhatsApp-Image-2022-05-17-at-3.21.39-PM-1-113x150.jpeg","width":113,"height":150,"mime-type":"image\/jpeg","url":"https:\/\/360mallorcaproperty.com\/wp-content\/uploads\/2022\/05\/WhatsApp-Image-2022-05-17-at-3.21.39-PM-1-113x150.jpeg"},"modern-property-child-slider":{"file":"WhatsApp-Image-2022-05-17-at-3.21.39-PM-1-680x510.jpeg","width":680,"height":510,"mime-type":"image\/jpeg","url":"https:\/\/360mallorcaproperty.com\/wp-content\/uploads\/2022\/05\/WhatsApp-Image-2022-05-17-at-3.21.39-PM-1-680x510.jpeg"},"property-thumb-image":{"file":"WhatsApp-Image-2022-05-17-at-3.21.39-PM-1-488x326.jpeg","width":488,"height":326,"mime-type":"image\/jpeg","url":"https:\/\/360mallorcaproperty.com\/wp-content\/uploads\/2022\/05\/WhatsApp-Image-2022-05-17-at-3.21.39-PM-1-488x326.jpeg"},"property-detail-video-image":{"file":"WhatsApp-Image-2022-05-17-at-3.21.39-PM-1-818x417.jpeg","width":818,"height":417,"mime-type":"image\/jpeg","url":"https:\/\/360mallorcaproperty.com\/wp-content\/uploads\/2022\/05\/WhatsApp-Image-2022-05-17-at-3.21.39-PM-1-818x417.jpeg"},"agent-image":{"file":"WhatsApp-Image-2022-05-17-at-3.21.39-PM-1-210x210.jpeg","width":210,"height":210,"mime-type":"image\/jpeg","url":"https:\/\/360mallorcaproperty.com\/wp-content\/uploads\/2022\/05\/WhatsApp-Image-2022-05-17-at-3.21.39-PM-1-210x210.jpeg"},"partners-logo":{"file":"WhatsApp-Image-2022-05-17-at-3.21.39-PM-1-600x1600.jpeg","width":600,"height":1600,"mime-type":"image\/jpeg","url":"https:\/\/360mallorcaproperty.com\/wp-content\/uploads\/2022\/05\/WhatsApp-Image-2022-05-17-at-3.21.39-PM-1-600x1600.jpeg"},"post-featured-image":{"file":"WhatsApp-Image-2022-05-17-at-3.21.39-PM-1-1200x720.jpeg","width":1200,"height":720,"mime-type":"image\/jpeg","url":"https:\/\/360mallorcaproperty.com\/wp-content\/uploads\/2022\/05\/WhatsApp-Image-2022-05-17-at-3.21.39-PM-1-1200x720.jpeg"}},"image_meta":{"aperture":"0","credit":"","camera":"","caption":"","created_timestamp":"0","copyright":"","focal_length":"0","iso":"0","shutter_speed":"0","title":"","orientation":"0","keywords":[]},"ID":"8520","name":"WhatsApp-Image-2022-05-17-at-3.21.39-PM-1.jpeg","path":"\/home\/mallorcaproperty\/public_html\/wp-content\/uploads\/2022\/05\/WhatsApp-Image-2022-05-17-at-3.21.39-PM-1.jpeg","url":"https:\/\/360mallorcaproperty.com\/wp-content\/uploads\/2022\/05\/WhatsApp-Image-2022-05-17-at-3.21.39-PM-1-150x150.jpeg","full_url":"https:\/\/360mallorcaproperty.com\/wp-content\/uploads\/2022\/05\/WhatsApp-Image-2022-05-17-at-3.21.39-PM-1.jpeg","title":"WhatsApp Image 2022-05-17 at 3.21.39 PM (1)","caption":"","description":"","alt":"","srcset":"https:\/\/360mallorcaproperty.com\/wp-content\/uploads\/2022\/05\/WhatsApp-Image-2022-05-17-at-3.21.39-PM-1-150x150.jpeg 150w, https:\/\/360mallorcaproperty.com\/wp-content\/uploads\/2022\/05\/WhatsApp-Image-2022-05-17-at-3.21.39-PM-1-210x210.jpeg 210w"}],"REAL_HOMES_change_gallery_slider_type":"0","REAL_HOMES_gallery_slider_type":"thumb-on-right","inspiry_floor_plans":[{"inspiry_floor_plan_name":"Superfice segun georreferenciado","inspiry_floor_plan_size":"34,752","inspiry_floor_plan_image":"https:\/\/360mallorcaproperty.com\/wp-content\/uploads\/2022\/05\/2122_Planos_firmados_para_ayuntamiento1_page-0001-scaled.jpg"},{"inspiry_floor_plan_name":"Plata baja","inspiry_floor_plan_size":"166m2","inspiry_floor_plan_bedrooms":"2","inspiry_floor_plan_bathrooms":"3","inspiry_floor_plan_image":"https:\/\/360mallorcaproperty.com\/wp-content\/uploads\/2022\/05\/2122_Planos_firmados_para_ayuntamiento1_page-0002-scaled.jpg"},{"inspiry_floor_plan_name":"Primer planta","inspiry_floor_plan_size":"131m2","inspiry_floor_plan_bedrooms":"3","inspiry_floor_plan_bathrooms":"3","inspiry_floor_plan_image":"https:\/\/360mallorcaproperty.com\/wp-content\/uploads\/2022\/05\/2122_Planos_firmados_para_ayuntamiento1_page-0003-scaled.jpg"},{"inspiry_floor_plan_name":"Alzado ","inspiry_floor_plan_image":"https:\/\/360mallorcaproperty.com\/wp-content\/uploads\/2022\/05\/2122_Planos_firmados_para_ayuntamiento1_page-0005-scaled.jpg"},{"inspiry_floor_plan_name":"Alzado","inspiry_floor_plan_image":"https:\/\/360mallorcaproperty.com\/wp-content\/uploads\/2022\/05\/2122_Planos_firmados_para_ayuntamiento1_page-0006-scaled.jpg"},{"inspiry_floor_plan_name":"Secci\u00f3n ","inspiry_floor_plan_image":"https:\/\/360mallorcaproperty.com\/wp-content\/uploads\/2022\/05\/2122_Planos_firmados_para_ayuntamiento1_page-0007-scaled.jpg"},{"inspiry_floor_plan_name":"S\u00f3tano ","inspiry_floor_plan_size":"104m2","inspiry_floor_plan_image":"https:\/\/360mallorcaproperty.com\/wp-content\/uploads\/2022\/05\/2122_Planos_firmados_para_ayuntamiento1_page-0004-scaled.jpg"},{"inspiry_floor_plan_name":"Piscina","inspiry_floor_plan_image":"https:\/\/360mallorcaproperty.com\/wp-content\/uploads\/2022\/05\/2122_Planos_firmados_para_ayuntamiento1_page-0008-scaled.jpg"}],"inspiry_video_group":[],"REAL_HOMES_360_virtual_tour":"","REAL_HOMES_agent_display_option":"none","REAL_HOMES_agents":["5048"],"REAL_HOMES_energy_class":"none","REAL_HOMES_energy_performance":"","REAL_HOMES_epc_current_rating":"","REAL_HOMES_epc_potential_rating":"","ere_property_schedule_tour":"global","ere_property_schedule_time_slots":"","ere_property_schedule_description":"","REAL_HOMES_sticky":"0","inspiry_property_label":"","inspiry_property_label_color":"","inspiry_property_tax":"","inspiry_additional_fee":"","REAL_HOMES_attachments":[],"inspiry_property_owner_name":"","inspiry_property_owner_contact":"","inspiry_property_owner_address":"","REAL_HOMES_property_private_note":"","inspiry_message_to_reviewer":"","REAL_HOMES_add_in_slider":"no","REAL_HOMES_slider_image":[],"REAL_HOMES_page_banner_image":[],"REAL_HOMES_hide_property_advance_search":"0","inspiry_offmarket":[],"REAL_HOMES_custom_header_display":"default","REAL_HOMES_custom_header_position":"relative","REAL_HOMES_custom_footer_display":"default","REAL_HOMES_hide_advance_search":"0","REAL_HOMES_custom_search_form":"default","REAL_HOMES_search_form_margin_top":"","REAL_HOMES_search_form_margin_bottom":""},"_links":{"self":[{"href":"https:\/\/360mallorcaproperty.com\/es\/wp-json\/wp\/v2\/property\/14580","targetHints":{"allow":["GET"]}}],"collection":[{"href":"https:\/\/360mallorcaproperty.com\/es\/wp-json\/wp\/v2\/property"}],"about":[{"href":"https:\/\/360mallorcaproperty.com\/es\/wp-json\/wp\/v2\/types\/property"}],"author":[{"embeddable":true,"href":"https:\/\/360mallorcaproperty.com\/es\/wp-json\/wp\/v2\/users\/1"}],"replies":[{"embeddable":true,"href":"https:\/\/360mallorcaproperty.com\/es\/wp-json\/wp\/v2\/comments?post=14580"}],"version-history":[{"count":0,"href":"https:\/\/360mallorcaproperty.com\/es\/wp-json\/wp\/v2\/property\/14580\/revisions"}],"wp:featuredmedia":[{"embeddable":true,"href":"https:\/\/360mallorcaproperty.com\/es\/wp-json\/wp\/v2\/media\/13403"}],"wp:attachment":[{"href":"https:\/\/360mallorcaproperty.com\/es\/wp-json\/wp\/v2\/media?parent=14580"}],"wp:term":[{"taxonomy":"property-feature","embeddable":true,"href":"https:\/\/360mallorcaproperty.com\/es\/wp-json\/wp\/v2\/property-feature?post=14580"},{"taxonomy":"property-type","embeddable":true,"href":"https:\/\/360mallorcaproperty.com\/es\/wp-json\/wp\/v2\/property-type?post=14580"},{"taxonomy":"property-city","embeddable":true,"href":"https:\/\/360mallorcaproperty.com\/es\/wp-json\/wp\/v2\/property-location?post=14580"},{"taxonomy":"property-status","embeddable":true,"href":"https:\/\/360mallorcaproperty.com\/es\/wp-json\/wp\/v2\/property-status?post=14580"}],"curies":[{"name":"wp","href":"https:\/\/api.w.org\/{rel}","templated":true}]}}