{"id":15583,"date":"2022-09-07T14:07:52","date_gmt":"2022-09-07T14:07:52","guid":{"rendered":"https:\/\/360mallorcaproperty.com\/?post_type=property&#038;p=15583"},"modified":"2026-02-13T12:11:07","modified_gmt":"2026-02-13T12:11:07","slug":"parcela-de-esquina-en-porto-petro","status":"publish","type":"property","link":"https:\/\/360mallorcaproperty.com\/es\/property\/parcela-de-esquina-en-porto-petro\/","title":{"rendered":"Solar en Porto Petro"},"content":{"rendered":"<p>Este precioso solar de 1041 m2 est\u00e1 situado en portopetro en el lado de cala egos.<br \/>\nCon algunas oportunidades de construcci\u00f3n, incluyendo las opciones de construir una gran casa familiar o 2 propiedades independientes, es una gran inversi\u00f3n.<\/p>\n<p>Ubicaci\u00f3n:<br \/>\nPortopetro es un distrito de Santany\u00ed en la isla de Mallorca, a unos 62 km de Palma. Portopetro es un peque\u00f1o pueblo de pescadores con un peque\u00f1o puerto deportivo. Hay una serie de restaurantes y bares distribuidos a lo largo de la orilla del puerto que sirven cocina local y mediterr\u00e1nea. El paseo mar\u00edtimo de Porto Petro contiene un peque\u00f1o puerto lleno de yates y barcos de pesca, y es un punto de partida para algunas excursiones en barco que visitan la zona local.<\/p>\n<p>La ciudad tiene todo a su alcance, desde algunas de las playas m\u00e1s impresionantes de la isla en los alrededores hasta el pintoresco Parque Natural de Cala Mondrago, a un corto paseo.<\/p>\n","protected":false},"excerpt":{"rendered":"<p>Este precioso solar de 1041 m2 est\u00e1 situado en portopetro en el lado de cala egos. Con algunas oportunidades de construcci\u00f3n, incluyendo las opciones de construir una gran casa familiar o 2 propiedades independientes, es una gran inversi\u00f3n. Ubicaci\u00f3n: Portopetro es un distrito de Santany\u00ed en la isla de Mallorca, a unos 62 km de&#8230;<\/p>\n","protected":false},"author":1,"featured_media":32270,"parent":0,"menu_order":0,"comment_status":"closed","ping_status":"closed","template":"","property-feature":[],"property-type":[258],"property-location":[284],"property-status":[231],"class_list":["post-15583","property","type-property","status-publish","has-post-thumbnail","hentry","property-type-solares-urbanos","property-city-porto-petro-es","property-status-venta"],"property_meta":{"REAL_HOMES_property_price":"635000","REAL_HOMES_property_old_price":"","REAL_HOMES_property_price_prefix":"","REAL_HOMES_property_price_postfix":"","REAL_HOMES_property_size":"","REAL_HOMES_property_size_postfix":"","REAL_HOMES_property_lot_size":"1041","REAL_HOMES_property_lot_size_postfix":"","REAL_HOMES_property_bedrooms":"","REAL_HOMES_property_bathrooms":"","REAL_HOMES_property_garage":"","REAL_HOMES_property_id":"V5019","REAL_HOMES_property_year_built":"","REAL_HOMES_featured":"0","REAL_HOMES_additional_details_list":[],"rvr_booking_widget_display":"","rvr_booking_mode":"","rvr_govt_tax":"","rvr_govt_tax_type":"percentage","rvr_govt_tax_calculation":"per_stay","rvr_service_charges":"","rvr_service_charges_type":"percentage","rvr_service_charges_calculation":"per_stay","rvr_guests_capacity":"","rvr_book_child_as":"","rvr_min_stay":"","rvr_guests_capacity_extend":"","rvr_extra_guest_price":"","rvr_property_owner":"0","rvr_bulk_pricing":[],"rvr_seasonal_pricing":[],"rvr_custom_reserved_dates":[],"rvr_additional_fees":[{"rvr_fee_type":"fixed","rvr_fee_calculation":"per_stay"}],"rvr_additional_amenities":[{"price_calculation":"per_stay"}],"rvr_accommodation":[],"rvr_outdoor_features":[],"rvr_surroundings":[],"rvr_included":[],"rvr_not_included":[],"rvr_policies":[],"REAL_HOMES_property_location":{"latitude":"39.363700545054","longitude":"3.2125568389893","zoom":"14"},"REAL_HOMES_property_address":"Porto Petro, Santa\u00f1\u00ed, Migjorn, Islas Baleares, 07660, Espa\u00f1a","REAL_HOMES_property_map":"0","REAL_HOMES_property_images":[{"width":150,"height":150,"file":"2022\/09\/V5019-foto4.jpg","filesize":275009,"sizes":{"medium":{"file":"V5019-foto4-300x174.jpg","width":300,"height":174,"mime-type":"image\/jpeg","filesize":12812,"url":"https:\/\/360mallorcaproperty.com\/wp-content\/uploads\/2022\/09\/V5019-foto4-300x174.jpg"},"large":{"file":"V5019-foto4-1024x595.jpg","width":1024,"height":595,"mime-type":"image\/jpeg","filesize":125590,"url":"https:\/\/360mallorcaproperty.com\/wp-content\/uploads\/2022\/09\/V5019-foto4-1024x595.jpg"},"thumbnail":{"file":"V5019-foto4-150x150.jpg","width":150,"height":150,"mime-type":"image\/jpeg","filesize":6008,"url":"https:\/\/360mallorcaproperty.com\/wp-content\/uploads\/2022\/09\/V5019-foto4-150x150.jpg"},"medium_large":{"file":"V5019-foto4-768x446.jpg","width":768,"height":446,"mime-type":"image\/jpeg","filesize":73466,"url":"https:\/\/360mallorcaproperty.com\/wp-content\/uploads\/2022\/09\/V5019-foto4-768x446.jpg"},"post-thumbnail":{"file":"V5019-foto4-150x87.jpg","width":150,"height":87,"mime-type":"image\/jpeg","filesize":3952,"url":"https:\/\/360mallorcaproperty.com\/wp-content\/uploads\/2022\/09\/V5019-foto4-150x87.jpg"},"modern-property-child-slider":{"file":"V5019-foto4-680x510.jpg","width":680,"height":510,"mime-type":"image\/jpeg","filesize":75304,"url":"https:\/\/360mallorcaproperty.com\/wp-content\/uploads\/2022\/09\/V5019-foto4-680x510.jpg"},"property-thumb-image":{"file":"V5019-foto4-488x326.jpg","width":488,"height":326,"mime-type":"image\/jpeg","filesize":35744,"url":"https:\/\/360mallorcaproperty.com\/wp-content\/uploads\/2022\/09\/V5019-foto4-488x326.jpg"},"property-detail-video-image":{"file":"V5019-foto4-818x417.jpg","width":818,"height":417,"mime-type":"image\/jpeg","filesize":76046,"url":"https:\/\/360mallorcaproperty.com\/wp-content\/uploads\/2022\/09\/V5019-foto4-818x417.jpg"},"agent-image":{"file":"V5019-foto4-210x210.jpg","width":210,"height":210,"mime-type":"image\/jpeg","filesize":11122,"url":"https:\/\/360mallorcaproperty.com\/wp-content\/uploads\/2022\/09\/V5019-foto4-210x210.jpg"},"partners-logo":{"file":"V5019-foto4-600x702.jpg","width":600,"height":702,"mime-type":"image\/jpeg","filesize":123621,"url":"https:\/\/360mallorcaproperty.com\/wp-content\/uploads\/2022\/09\/V5019-foto4-600x702.jpg"}},"image_meta":{"aperture":"0","credit":"","camera":"","caption":"","created_timestamp":"0","copyright":"","focal_length":"0","iso":"0","shutter_speed":"0","title":"","orientation":"0","keywords":[]},"ID":"32271","name":"V5019-foto4.jpg","path":"\/home\/mallorcaproperty\/public_html\/wp-content\/uploads\/2022\/09\/V5019-foto4.jpg","url":"https:\/\/360mallorcaproperty.com\/wp-content\/uploads\/2022\/09\/V5019-foto4-150x150.jpg","full_url":"https:\/\/360mallorcaproperty.com\/wp-content\/uploads\/2022\/09\/V5019-foto4.jpg","title":"V5019 foto4","caption":"","description":"","alt":"","srcset":"https:\/\/360mallorcaproperty.com\/wp-content\/uploads\/2022\/09\/V5019-foto4-150x150.jpg 150w, https:\/\/360mallorcaproperty.com\/wp-content\/uploads\/2022\/09\/V5019-foto4-210x210.jpg 210w"},{"width":150,"height":150,"file":"2022\/09\/Captura-de-pantalla-2025-10-03-131904.jpg","filesize":290773,"sizes":{"medium":{"file":"Captura-de-pantalla-2025-10-03-131904-300x244.jpg","width":300,"height":244,"mime-type":"image\/jpeg","filesize":24929,"url":"https:\/\/360mallorcaproperty.com\/wp-content\/uploads\/2022\/09\/Captura-de-pantalla-2025-10-03-131904-300x244.jpg"},"thumbnail":{"file":"Captura-de-pantalla-2025-10-03-131904-150x150.jpg","width":150,"height":150,"mime-type":"image\/jpeg","filesize":8326,"url":"https:\/\/360mallorcaproperty.com\/wp-content\/uploads\/2022\/09\/Captura-de-pantalla-2025-10-03-131904-150x150.jpg"},"medium_large":{"file":"Captura-de-pantalla-2025-10-03-131904-768x625.jpg","width":768,"height":625,"mime-type":"image\/jpeg","filesize":148258,"url":"https:\/\/360mallorcaproperty.com\/wp-content\/uploads\/2022\/09\/Captura-de-pantalla-2025-10-03-131904-768x625.jpg"},"post-thumbnail":{"file":"Captura-de-pantalla-2025-10-03-131904-150x122.jpg","width":150,"height":122,"mime-type":"image\/jpeg","filesize":6935,"url":"https:\/\/360mallorcaproperty.com\/wp-content\/uploads\/2022\/09\/Captura-de-pantalla-2025-10-03-131904-150x122.jpg"},"modern-property-child-slider":{"file":"Captura-de-pantalla-2025-10-03-131904-680x510.jpg","width":680,"height":510,"mime-type":"image\/jpeg","filesize":111900,"url":"https:\/\/360mallorcaproperty.com\/wp-content\/uploads\/2022\/09\/Captura-de-pantalla-2025-10-03-131904-680x510.jpg"},"property-thumb-image":{"file":"Captura-de-pantalla-2025-10-03-131904-488x326.jpg","width":488,"height":326,"mime-type":"image\/jpeg","filesize":55566,"url":"https:\/\/360mallorcaproperty.com\/wp-content\/uploads\/2022\/09\/Captura-de-pantalla-2025-10-03-131904-488x326.jpg"},"property-detail-video-image":{"file":"Captura-de-pantalla-2025-10-03-131904-818x417.jpg","width":818,"height":417,"mime-type":"image\/jpeg","filesize":117386,"url":"https:\/\/360mallorcaproperty.com\/wp-content\/uploads\/2022\/09\/Captura-de-pantalla-2025-10-03-131904-818x417.jpg"},"agent-image":{"file":"Captura-de-pantalla-2025-10-03-131904-210x210.jpg","width":210,"height":210,"mime-type":"image\/jpeg","filesize":15729,"url":"https:\/\/360mallorcaproperty.com\/wp-content\/uploads\/2022\/09\/Captura-de-pantalla-2025-10-03-131904-210x210.jpg"},"partners-logo":{"file":"Captura-de-pantalla-2025-10-03-131904-600x690.jpg","width":600,"height":690,"mime-type":"image\/jpeg","filesize":150643,"url":"https:\/\/360mallorcaproperty.com\/wp-content\/uploads\/2022\/09\/Captura-de-pantalla-2025-10-03-131904-600x690.jpg"}},"image_meta":{"aperture":"0","credit":"","camera":"","caption":"","created_timestamp":"0","copyright":"","focal_length":"0","iso":"0","shutter_speed":"0","title":"","orientation":"0","keywords":[]},"ID":"32268","name":"Captura-de-pantalla-2025-10-03-131904.jpg","path":"\/home\/mallorcaproperty\/public_html\/wp-content\/uploads\/2022\/09\/Captura-de-pantalla-2025-10-03-131904.jpg","url":"https:\/\/360mallorcaproperty.com\/wp-content\/uploads\/2022\/09\/Captura-de-pantalla-2025-10-03-131904-150x150.jpg","full_url":"https:\/\/360mallorcaproperty.com\/wp-content\/uploads\/2022\/09\/Captura-de-pantalla-2025-10-03-131904.jpg","title":"Captura de pantalla 2025-10-03 131904","caption":"","description":"","alt":"","srcset":"https:\/\/360mallorcaproperty.com\/wp-content\/uploads\/2022\/09\/Captura-de-pantalla-2025-10-03-131904-150x150.jpg 150w, https:\/\/360mallorcaproperty.com\/wp-content\/uploads\/2022\/09\/Captura-de-pantalla-2025-10-03-131904-210x210.jpg 210w"},{"width":150,"height":150,"file":"2022\/09\/V5019-foto3.jpg","filesize":345062,"sizes":{"medium":{"file":"V5019-foto3-300x138.jpg","width":300,"height":138,"mime-type":"image\/jpeg","filesize":10813,"url":"https:\/\/360mallorcaproperty.com\/wp-content\/uploads\/2022\/09\/V5019-foto3-300x138.jpg"},"large":{"file":"V5019-foto3-1024x470.jpg","width":1024,"height":470,"mime-type":"image\/jpeg","filesize":105412,"url":"https:\/\/360mallorcaproperty.com\/wp-content\/uploads\/2022\/09\/V5019-foto3-1024x470.jpg"},"thumbnail":{"file":"V5019-foto3-150x150.jpg","width":150,"height":150,"mime-type":"image\/jpeg","filesize":5949,"url":"https:\/\/360mallorcaproperty.com\/wp-content\/uploads\/2022\/09\/V5019-foto3-150x150.jpg"},"medium_large":{"file":"V5019-foto3-768x353.jpg","width":768,"height":353,"mime-type":"image\/jpeg","filesize":61964,"url":"https:\/\/360mallorcaproperty.com\/wp-content\/uploads\/2022\/09\/V5019-foto3-768x353.jpg"},"post-thumbnail":{"file":"V5019-foto3-150x69.jpg","width":150,"height":69,"mime-type":"image\/jpeg","filesize":3485,"url":"https:\/\/360mallorcaproperty.com\/wp-content\/uploads\/2022\/09\/V5019-foto3-150x69.jpg"},"modern-property-child-slider":{"file":"V5019-foto3-680x510.jpg","width":680,"height":510,"mime-type":"image\/jpeg","filesize":75695,"url":"https:\/\/360mallorcaproperty.com\/wp-content\/uploads\/2022\/09\/V5019-foto3-680x510.jpg"},"property-thumb-image":{"file":"V5019-foto3-488x326.jpg","width":488,"height":326,"mime-type":"image\/jpeg","filesize":36583,"url":"https:\/\/360mallorcaproperty.com\/wp-content\/uploads\/2022\/09\/V5019-foto3-488x326.jpg"},"property-detail-video-image":{"file":"V5019-foto3-818x417.jpg","width":818,"height":417,"mime-type":"image\/jpeg","filesize":77973,"url":"https:\/\/360mallorcaproperty.com\/wp-content\/uploads\/2022\/09\/V5019-foto3-818x417.jpg"},"agent-image":{"file":"V5019-foto3-210x210.jpg","width":210,"height":210,"mime-type":"image\/jpeg","filesize":10813,"url":"https:\/\/360mallorcaproperty.com\/wp-content\/uploads\/2022\/09\/V5019-foto3-210x210.jpg"},"partners-logo":{"file":"V5019-foto3-600x693.jpg","width":600,"height":693,"mime-type":"image\/jpeg","filesize":103632,"url":"https:\/\/360mallorcaproperty.com\/wp-content\/uploads\/2022\/09\/V5019-foto3-600x693.jpg"},"post-featured-image":{"file":"V5019-foto3-1240x693.jpg","width":1240,"height":693,"mime-type":"image\/jpeg","filesize":220460,"url":"https:\/\/360mallorcaproperty.com\/wp-content\/uploads\/2022\/09\/V5019-foto3-1240x693.jpg"}},"image_meta":{"aperture":"0","credit":"","camera":"","caption":"","created_timestamp":"0","copyright":"","focal_length":"0","iso":"0","shutter_speed":"0","title":"","orientation":"0","keywords":[]},"ID":"32265","name":"V5019-foto3.jpg","path":"\/home\/mallorcaproperty\/public_html\/wp-content\/uploads\/2022\/09\/V5019-foto3.jpg","url":"https:\/\/360mallorcaproperty.com\/wp-content\/uploads\/2022\/09\/V5019-foto3-150x150.jpg","full_url":"https:\/\/360mallorcaproperty.com\/wp-content\/uploads\/2022\/09\/V5019-foto3.jpg","title":"V5019 foto3","caption":"","description":"","alt":"","srcset":"https:\/\/360mallorcaproperty.com\/wp-content\/uploads\/2022\/09\/V5019-foto3-150x150.jpg 150w, https:\/\/360mallorcaproperty.com\/wp-content\/uploads\/2022\/09\/V5019-foto3-210x210.jpg 210w"},{"width":150,"height":150,"file":"2022\/09\/V5019-foto2.jpg","filesize":275994,"sizes":{"medium":{"file":"V5019-foto2-300x175.jpg","width":300,"height":175,"mime-type":"image\/jpeg","filesize":11989,"url":"https:\/\/360mallorcaproperty.com\/wp-content\/uploads\/2022\/09\/V5019-foto2-300x175.jpg"},"large":{"file":"V5019-foto2-1024x597.jpg","width":1024,"height":597,"mime-type":"image\/jpeg","filesize":109626,"url":"https:\/\/360mallorcaproperty.com\/wp-content\/uploads\/2022\/09\/V5019-foto2-1024x597.jpg"},"thumbnail":{"file":"V5019-foto2-150x150.jpg","width":150,"height":150,"mime-type":"image\/jpeg","filesize":5695,"url":"https:\/\/360mallorcaproperty.com\/wp-content\/uploads\/2022\/09\/V5019-foto2-150x150.jpg"},"medium_large":{"file":"V5019-foto2-768x447.jpg","width":768,"height":447,"mime-type":"image\/jpeg","filesize":64871,"url":"https:\/\/360mallorcaproperty.com\/wp-content\/uploads\/2022\/09\/V5019-foto2-768x447.jpg"},"post-thumbnail":{"file":"V5019-foto2-150x87.jpg","width":150,"height":87,"mime-type":"image\/jpeg","filesize":3917,"url":"https:\/\/360mallorcaproperty.com\/wp-content\/uploads\/2022\/09\/V5019-foto2-150x87.jpg"},"modern-property-child-slider":{"file":"V5019-foto2-680x510.jpg","width":680,"height":510,"mime-type":"image\/jpeg","filesize":65096,"url":"https:\/\/360mallorcaproperty.com\/wp-content\/uploads\/2022\/09\/V5019-foto2-680x510.jpg"},"property-thumb-image":{"file":"V5019-foto2-488x326.jpg","width":488,"height":326,"mime-type":"image\/jpeg","filesize":32083,"url":"https:\/\/360mallorcaproperty.com\/wp-content\/uploads\/2022\/09\/V5019-foto2-488x326.jpg"},"property-detail-video-image":{"file":"V5019-foto2-818x417.jpg","width":818,"height":417,"mime-type":"image\/jpeg","filesize":68627,"url":"https:\/\/360mallorcaproperty.com\/wp-content\/uploads\/2022\/09\/V5019-foto2-818x417.jpg"},"agent-image":{"file":"V5019-foto2-210x210.jpg","width":210,"height":210,"mime-type":"image\/jpeg","filesize":10019,"url":"https:\/\/360mallorcaproperty.com\/wp-content\/uploads\/2022\/09\/V5019-foto2-210x210.jpg"},"partners-logo":{"file":"V5019-foto2-600x776.jpg","width":600,"height":776,"mime-type":"image\/jpeg","filesize":96013,"url":"https:\/\/360mallorcaproperty.com\/wp-content\/uploads\/2022\/09\/V5019-foto2-600x776.jpg"},"post-featured-image":{"file":"V5019-foto2-1240x720.jpg","width":1240,"height":720,"mime-type":"image\/jpeg","filesize":152195,"url":"https:\/\/360mallorcaproperty.com\/wp-content\/uploads\/2022\/09\/V5019-foto2-1240x720.jpg"}},"image_meta":{"aperture":"0","credit":"","camera":"","caption":"","created_timestamp":"0","copyright":"","focal_length":"0","iso":"0","shutter_speed":"0","title":"","orientation":"0","keywords":[]},"ID":"32262","name":"V5019-foto2.jpg","path":"\/home\/mallorcaproperty\/public_html\/wp-content\/uploads\/2022\/09\/V5019-foto2.jpg","url":"https:\/\/360mallorcaproperty.com\/wp-content\/uploads\/2022\/09\/V5019-foto2-150x150.jpg","full_url":"https:\/\/360mallorcaproperty.com\/wp-content\/uploads\/2022\/09\/V5019-foto2.jpg","title":"V5019 foto2","caption":"","description":"","alt":"","srcset":"https:\/\/360mallorcaproperty.com\/wp-content\/uploads\/2022\/09\/V5019-foto2-150x150.jpg 150w, https:\/\/360mallorcaproperty.com\/wp-content\/uploads\/2022\/09\/V5019-foto2-210x210.jpg 210w"},{"width":150,"height":150,"file":"2022\/09\/V5019-foto.jpg","filesize":267919,"sizes":{"medium":{"file":"V5019-foto-300x148.jpg","width":300,"height":148,"mime-type":"image\/jpeg","filesize":10755,"url":"https:\/\/360mallorcaproperty.com\/wp-content\/uploads\/2022\/09\/V5019-foto-300x148.jpg"},"large":{"file":"V5019-foto-1024x504.jpg","width":1024,"height":504,"mime-type":"image\/jpeg","filesize":100737,"url":"https:\/\/360mallorcaproperty.com\/wp-content\/uploads\/2022\/09\/V5019-foto-1024x504.jpg"},"thumbnail":{"file":"V5019-foto-150x150.jpg","width":150,"height":150,"mime-type":"image\/jpeg","filesize":6632,"url":"https:\/\/360mallorcaproperty.com\/wp-content\/uploads\/2022\/09\/V5019-foto-150x150.jpg"},"medium_large":{"file":"V5019-foto-768x378.jpg","width":768,"height":378,"mime-type":"image\/jpeg","filesize":59834,"url":"https:\/\/360mallorcaproperty.com\/wp-content\/uploads\/2022\/09\/V5019-foto-768x378.jpg"},"post-thumbnail":{"file":"V5019-foto-150x74.jpg","width":150,"height":74,"mime-type":"image\/jpeg","filesize":3512,"url":"https:\/\/360mallorcaproperty.com\/wp-content\/uploads\/2022\/09\/V5019-foto-150x74.jpg"},"modern-property-child-slider":{"file":"V5019-foto-680x510.jpg","width":680,"height":510,"mime-type":"image\/jpeg","filesize":81044,"url":"https:\/\/360mallorcaproperty.com\/wp-content\/uploads\/2022\/09\/V5019-foto-680x510.jpg"},"property-thumb-image":{"file":"V5019-foto-488x326.jpg","width":488,"height":326,"mime-type":"image\/jpeg","filesize":38243,"url":"https:\/\/360mallorcaproperty.com\/wp-content\/uploads\/2022\/09\/V5019-foto-488x326.jpg"},"property-detail-video-image":{"file":"V5019-foto-818x417.jpg","width":818,"height":417,"mime-type":"image\/jpeg","filesize":70453,"url":"https:\/\/360mallorcaproperty.com\/wp-content\/uploads\/2022\/09\/V5019-foto-818x417.jpg"},"agent-image":{"file":"V5019-foto-210x210.jpg","width":210,"height":210,"mime-type":"image\/jpeg","filesize":12304,"url":"https:\/\/360mallorcaproperty.com\/wp-content\/uploads\/2022\/09\/V5019-foto-210x210.jpg"},"partners-logo":{"file":"V5019-foto-600x665.jpg","width":600,"height":665,"mime-type":"image\/jpeg","filesize":128224,"url":"https:\/\/360mallorcaproperty.com\/wp-content\/uploads\/2022\/09\/V5019-foto-600x665.jpg"},"post-featured-image":{"file":"V5019-foto-1240x665.jpg","width":1240,"height":665,"mime-type":"image\/jpeg","filesize":210328,"url":"https:\/\/360mallorcaproperty.com\/wp-content\/uploads\/2022\/09\/V5019-foto-1240x665.jpg"}},"image_meta":{"aperture":"0","credit":"","camera":"","caption":"","created_timestamp":"0","copyright":"","focal_length":"0","iso":"0","shutter_speed":"0","title":"","orientation":"0","keywords":[]},"ID":"32259","name":"V5019-foto.jpg","path":"\/home\/mallorcaproperty\/public_html\/wp-content\/uploads\/2022\/09\/V5019-foto.jpg","url":"https:\/\/360mallorcaproperty.com\/wp-content\/uploads\/2022\/09\/V5019-foto-150x150.jpg","full_url":"https:\/\/360mallorcaproperty.com\/wp-content\/uploads\/2022\/09\/V5019-foto.jpg","title":"V5019 foto","caption":"","description":"","alt":"","srcset":"https:\/\/360mallorcaproperty.com\/wp-content\/uploads\/2022\/09\/V5019-foto-150x150.jpg 150w, https:\/\/360mallorcaproperty.com\/wp-content\/uploads\/2022\/09\/V5019-foto-210x210.jpg 210w"}],"REAL_HOMES_change_gallery_slider_type":"0","REAL_HOMES_gallery_slider_type":"thumb-on-right","inspiry_floor_plans":[],"inspiry_video_group":[],"REAL_HOMES_360_virtual_tour":"","REAL_HOMES_agent_display_option":"none","REAL_HOMES_agents":[],"REAL_HOMES_energy_class":"none","REAL_HOMES_energy_performance":"","REAL_HOMES_epc_current_rating":"","REAL_HOMES_epc_potential_rating":"","ere_property_schedule_tour":"global","ere_property_schedule_time_slots":"","ere_property_schedule_description":"","REAL_HOMES_sticky":"0","inspiry_property_label":"","inspiry_property_label_color":"","inspiry_property_tax":"0","inspiry_additional_fee":"0","REAL_HOMES_attachments":[],"inspiry_property_owner_name":"","inspiry_property_owner_contact":"","inspiry_property_owner_address":"","REAL_HOMES_property_private_note":"","inspiry_message_to_reviewer":"","REAL_HOMES_add_in_slider":"no","REAL_HOMES_slider_image":[],"REAL_HOMES_page_banner_image":[],"REAL_HOMES_hide_property_advance_search":"0","inspiry_offmarket":[],"REAL_HOMES_custom_header_display":"default","REAL_HOMES_custom_header_position":"relative","REAL_HOMES_custom_footer_display":"default","REAL_HOMES_hide_advance_search":"0","REAL_HOMES_custom_search_form":"default","REAL_HOMES_search_form_margin_top":"","REAL_HOMES_search_form_margin_bottom":""},"_links":{"self":[{"href":"https:\/\/360mallorcaproperty.com\/es\/wp-json\/wp\/v2\/property\/15583","targetHints":{"allow":["GET"]}}],"collection":[{"href":"https:\/\/360mallorcaproperty.com\/es\/wp-json\/wp\/v2\/property"}],"about":[{"href":"https:\/\/360mallorcaproperty.com\/es\/wp-json\/wp\/v2\/types\/property"}],"author":[{"embeddable":true,"href":"https:\/\/360mallorcaproperty.com\/es\/wp-json\/wp\/v2\/users\/1"}],"replies":[{"embeddable":true,"href":"https:\/\/360mallorcaproperty.com\/es\/wp-json\/wp\/v2\/comments?post=15583"}],"version-history":[{"count":1,"href":"https:\/\/360mallorcaproperty.com\/es\/wp-json\/wp\/v2\/property\/15583\/revisions"}],"predecessor-version":[{"id":32273,"href":"https:\/\/360mallorcaproperty.com\/es\/wp-json\/wp\/v2\/property\/15583\/revisions\/32273"}],"wp:featuredmedia":[{"embeddable":true,"href":"https:\/\/360mallorcaproperty.com\/es\/wp-json\/wp\/v2\/media\/32270"}],"wp:attachment":[{"href":"https:\/\/360mallorcaproperty.com\/es\/wp-json\/wp\/v2\/media?parent=15583"}],"wp:term":[{"taxonomy":"property-feature","embeddable":true,"href":"https:\/\/360mallorcaproperty.com\/es\/wp-json\/wp\/v2\/property-feature?post=15583"},{"taxonomy":"property-type","embeddable":true,"href":"https:\/\/360mallorcaproperty.com\/es\/wp-json\/wp\/v2\/property-type?post=15583"},{"taxonomy":"property-city","embeddable":true,"href":"https:\/\/360mallorcaproperty.com\/es\/wp-json\/wp\/v2\/property-location?post=15583"},{"taxonomy":"property-status","embeddable":true,"href":"https:\/\/360mallorcaproperty.com\/es\/wp-json\/wp\/v2\/property-status?post=15583"}],"curies":[{"name":"wp","href":"https:\/\/api.w.org\/{rel}","templated":true}]}}