{"id":15770,"date":"2022-09-26T13:27:49","date_gmt":"2022-09-26T13:27:49","guid":{"rendered":"https:\/\/360mallorcaproperty.com\/property\/parcela-en-santanyi\/"},"modified":"2022-11-22T14:25:09","modified_gmt":"2022-11-22T14:25:09","slug":"parcela-en-santanyi","status":"publish","type":"property","link":"https:\/\/360mallorcaproperty.com\/es\/property\/parcela-en-santanyi\/","title":{"rendered":"Parcela en Santanyi"},"content":{"rendered":"<p>Esta gran parcela de 16.453 M2 se encuentra cerca de Santanyi. Hay un proyecto b\u00e1sico para construir 230 M2, 3 dormitorios, 4 ba\u00f1os, casa con una piscina de 35 M2 y unos 45 M2 de porches y terrazas.<\/p>\n<p class=\"_04xlpA direction-ltr align-start para-style-body\">Ubicaci\u00f3n:<br \/>\nSantany\u00ed es un municipio situado en el sureste de Mallorca y alberga varias localidades de Santany\u00ed, s&#8217;Alqueria Blanca, Calonge y es Llombards. Tambi\u00e9n alberga las zonas costeras de Cala d&#8217;Or, la Marina de Cala d&#8217;Or, Cala Esmeralda, Cap d&#8217;es Moro, Cala Figuera, Portopetro, Cala Santany\u00ed, Cala de S&#8217;Almunia y Cala Llombards. Santanyi est\u00e1 rodeado de varias playas hermosas, que son muy populares. Este municipio tambi\u00e9n alberga el Parque Natural de Mondrag\u00f3, que es una reserva natural rodeada.<\/p>\n","protected":false},"excerpt":{"rendered":"<p>Esta gran parcela de 16.453 M2 se encuentra cerca de Santanyi. Hay un proyecto b\u00e1sico para construir 230 M2, 3 dormitorios, 4 ba\u00f1os, casa con una piscina de 35 M2 y unos 45 M2 de porches y terrazas. Ubicaci\u00f3n: Santany\u00ed es un municipio situado en el sureste de Mallorca y alberga varias localidades de Santany\u00ed,&#8230;<\/p>\n","protected":false},"author":1,"featured_media":15764,"parent":0,"menu_order":0,"comment_status":"closed","ping_status":"closed","template":"","property-feature":[],"property-type":[229],"property-location":[261],"property-status":[231],"class_list":["post-15770","property","type-property","status-publish","has-post-thumbnail","hentry","property-type-parcela-rusticas","property-city-santanyi-es","property-status-venta"],"property_meta":{"REAL_HOMES_property_price":"600000","REAL_HOMES_property_old_price":"","REAL_HOMES_property_price_prefix":"","REAL_HOMES_property_price_postfix":"","REAL_HOMES_property_size":"","REAL_HOMES_property_size_postfix":"","REAL_HOMES_property_lot_size":"16453","REAL_HOMES_property_lot_size_postfix":"","REAL_HOMES_property_bedrooms":"","REAL_HOMES_property_bathrooms":"","REAL_HOMES_property_garage":"","REAL_HOMES_property_id":"V4061","REAL_HOMES_property_year_built":"","REAL_HOMES_featured":"","REAL_HOMES_additional_details_list":[],"rvr_booking_widget_display":"","rvr_booking_mode":"","rvr_govt_tax":"","rvr_govt_tax_type":"","rvr_govt_tax_calculation":"","rvr_service_charges":"","rvr_service_charges_type":"","rvr_service_charges_calculation":"","rvr_guests_capacity":"","rvr_book_child_as":"","rvr_min_stay":"","rvr_guests_capacity_extend":"","rvr_extra_guest_price":"","rvr_property_owner":"","rvr_bulk_pricing":[],"rvr_seasonal_pricing":[],"rvr_custom_reserved_dates":[],"rvr_additional_fees":[],"rvr_additional_amenities":[],"rvr_accommodation":[],"rvr_outdoor_features":[],"rvr_surroundings":[],"rvr_included":[],"rvr_not_included":[],"rvr_policies":[],"REAL_HOMES_property_location":{"latitude":"39.357661637171","longitude":"3.1510162353516","zoom":"14"},"REAL_HOMES_property_address":"carrer de Mondrag\u00f3, Santa\u00f1\u00ed, Migjorn, Islas Baleares, 07650, Espa\u00f1a","REAL_HOMES_property_map":"","REAL_HOMES_property_images":[{"width":150,"height":150,"file":"2022\/09\/WhatsApp-Image-2022-09-26-at-10.00.47-AM.jpeg","filesize":755468,"sizes":{"medium":{"file":"WhatsApp-Image-2022-09-26-at-10.00.47-AM-300x225.jpeg","width":300,"height":225,"mime-type":"image\/jpeg","filesize":22173,"url":"https:\/\/360mallorcaproperty.com\/wp-content\/uploads\/2022\/09\/WhatsApp-Image-2022-09-26-at-10.00.47-AM-300x225.jpeg"},"large":{"file":"WhatsApp-Image-2022-09-26-at-10.00.47-AM-1024x768.jpeg","width":1024,"height":768,"mime-type":"image\/jpeg","filesize":245439,"url":"https:\/\/360mallorcaproperty.com\/wp-content\/uploads\/2022\/09\/WhatsApp-Image-2022-09-26-at-10.00.47-AM-1024x768.jpeg"},"thumbnail":{"file":"WhatsApp-Image-2022-09-26-at-10.00.47-AM-150x150.jpeg","width":150,"height":150,"mime-type":"image\/jpeg","filesize":8169,"url":"https:\/\/360mallorcaproperty.com\/wp-content\/uploads\/2022\/09\/WhatsApp-Image-2022-09-26-at-10.00.47-AM-150x150.jpeg"},"medium_large":{"file":"WhatsApp-Image-2022-09-26-at-10.00.47-AM-768x576.jpeg","width":768,"height":576,"mime-type":"image\/jpeg","filesize":133694,"url":"https:\/\/360mallorcaproperty.com\/wp-content\/uploads\/2022\/09\/WhatsApp-Image-2022-09-26-at-10.00.47-AM-768x576.jpeg"},"1536x1536":{"file":"WhatsApp-Image-2022-09-26-at-10.00.47-AM-1536x1152.jpeg","width":1536,"height":1152,"mime-type":"image\/jpeg","filesize":479519,"url":"https:\/\/360mallorcaproperty.com\/wp-content\/uploads\/2022\/09\/WhatsApp-Image-2022-09-26-at-10.00.47-AM-1536x1152.jpeg"},"post-thumbnail":{"file":"WhatsApp-Image-2022-09-26-at-10.00.47-AM-150x113.jpeg","width":150,"height":113,"mime-type":"image\/jpeg","filesize":6550,"url":"https:\/\/360mallorcaproperty.com\/wp-content\/uploads\/2022\/09\/WhatsApp-Image-2022-09-26-at-10.00.47-AM-150x113.jpeg"},"modern-property-child-slider":{"file":"WhatsApp-Image-2022-09-26-at-10.00.47-AM-680x510.jpeg","width":680,"height":510,"mime-type":"image\/jpeg","filesize":105620,"url":"https:\/\/360mallorcaproperty.com\/wp-content\/uploads\/2022\/09\/WhatsApp-Image-2022-09-26-at-10.00.47-AM-680x510.jpeg"},"property-thumb-image":{"file":"WhatsApp-Image-2022-09-26-at-10.00.47-AM-488x326.jpeg","width":488,"height":326,"mime-type":"image\/jpeg","filesize":51045,"url":"https:\/\/360mallorcaproperty.com\/wp-content\/uploads\/2022\/09\/WhatsApp-Image-2022-09-26-at-10.00.47-AM-488x326.jpeg"},"property-detail-video-image":{"file":"WhatsApp-Image-2022-09-26-at-10.00.47-AM-818x417.jpeg","width":818,"height":417,"mime-type":"image\/jpeg","filesize":111578,"url":"https:\/\/360mallorcaproperty.com\/wp-content\/uploads\/2022\/09\/WhatsApp-Image-2022-09-26-at-10.00.47-AM-818x417.jpeg"},"agent-image":{"file":"WhatsApp-Image-2022-09-26-at-10.00.47-AM-210x210.jpeg","width":210,"height":210,"mime-type":"image\/jpeg","filesize":15032,"url":"https:\/\/360mallorcaproperty.com\/wp-content\/uploads\/2022\/09\/WhatsApp-Image-2022-09-26-at-10.00.47-AM-210x210.jpeg"},"partners-logo":{"file":"WhatsApp-Image-2022-09-26-at-10.00.47-AM-600x1536.jpeg","width":600,"height":1536,"mime-type":"image\/jpeg","filesize":261076,"url":"https:\/\/360mallorcaproperty.com\/wp-content\/uploads\/2022\/09\/WhatsApp-Image-2022-09-26-at-10.00.47-AM-600x1536.jpeg"},"post-featured-image":{"file":"WhatsApp-Image-2022-09-26-at-10.00.47-AM-1240x720.jpeg","width":1240,"height":720,"mime-type":"image\/jpeg","filesize":267798,"url":"https:\/\/360mallorcaproperty.com\/wp-content\/uploads\/2022\/09\/WhatsApp-Image-2022-09-26-at-10.00.47-AM-1240x720.jpeg"}},"image_meta":{"aperture":"0","credit":"","camera":"","caption":"","created_timestamp":"0","copyright":"","focal_length":"0","iso":"0","shutter_speed":"0","title":"","orientation":"0","keywords":[]},"ID":"15762","name":"WhatsApp-Image-2022-09-26-at-10.00.47-AM.jpeg","path":"\/home\/mallorcaproperty\/public_html\/wp-content\/uploads\/2022\/09\/WhatsApp-Image-2022-09-26-at-10.00.47-AM.jpeg","url":"https:\/\/360mallorcaproperty.com\/wp-content\/uploads\/2022\/09\/WhatsApp-Image-2022-09-26-at-10.00.47-AM-150x150.jpeg","full_url":"https:\/\/360mallorcaproperty.com\/wp-content\/uploads\/2022\/09\/WhatsApp-Image-2022-09-26-at-10.00.47-AM.jpeg","title":"WhatsApp Image 2022-09-26 at 10.00.47 AM","caption":"","description":"","alt":"","srcset":"https:\/\/360mallorcaproperty.com\/wp-content\/uploads\/2022\/09\/WhatsApp-Image-2022-09-26-at-10.00.47-AM-150x150.jpeg 150w, https:\/\/360mallorcaproperty.com\/wp-content\/uploads\/2022\/09\/WhatsApp-Image-2022-09-26-at-10.00.47-AM-210x210.jpeg 210w"},{"width":150,"height":150,"file":"2022\/09\/WhatsApp-Image-2022-09-26-at-9.56.31-AM-1.jpeg","filesize":438745,"sizes":{"medium":{"file":"WhatsApp-Image-2022-09-26-at-9.56.31-AM-1-300x169.jpeg","width":300,"height":169,"mime-type":"image\/jpeg","filesize":14327,"url":"https:\/\/360mallorcaproperty.com\/wp-content\/uploads\/2022\/09\/WhatsApp-Image-2022-09-26-at-9.56.31-AM-1-300x169.jpeg"},"large":{"file":"WhatsApp-Image-2022-09-26-at-9.56.31-AM-1-1024x576.jpeg","width":1024,"height":576,"mime-type":"image\/jpeg","filesize":148879,"url":"https:\/\/360mallorcaproperty.com\/wp-content\/uploads\/2022\/09\/WhatsApp-Image-2022-09-26-at-9.56.31-AM-1-1024x576.jpeg"},"thumbnail":{"file":"WhatsApp-Image-2022-09-26-at-9.56.31-AM-1-150x150.jpeg","width":150,"height":150,"mime-type":"image\/jpeg","filesize":6732,"url":"https:\/\/360mallorcaproperty.com\/wp-content\/uploads\/2022\/09\/WhatsApp-Image-2022-09-26-at-9.56.31-AM-1-150x150.jpeg"},"medium_large":{"file":"WhatsApp-Image-2022-09-26-at-9.56.31-AM-1-768x432.jpeg","width":768,"height":432,"mime-type":"image\/jpeg","filesize":87215,"url":"https:\/\/360mallorcaproperty.com\/wp-content\/uploads\/2022\/09\/WhatsApp-Image-2022-09-26-at-9.56.31-AM-1-768x432.jpeg"},"1536x1536":{"file":"WhatsApp-Image-2022-09-26-at-9.56.31-AM-1-1536x864.jpeg","width":1536,"height":864,"mime-type":"image\/jpeg","filesize":304357,"url":"https:\/\/360mallorcaproperty.com\/wp-content\/uploads\/2022\/09\/WhatsApp-Image-2022-09-26-at-9.56.31-AM-1-1536x864.jpeg"},"post-thumbnail":{"file":"WhatsApp-Image-2022-09-26-at-9.56.31-AM-1-150x84.jpeg","width":150,"height":84,"mime-type":"image\/jpeg","filesize":4309,"url":"https:\/\/360mallorcaproperty.com\/wp-content\/uploads\/2022\/09\/WhatsApp-Image-2022-09-26-at-9.56.31-AM-1-150x84.jpeg"},"modern-property-child-slider":{"file":"WhatsApp-Image-2022-09-26-at-9.56.31-AM-1-680x510.jpeg","width":680,"height":510,"mime-type":"image\/jpeg","filesize":91777,"url":"https:\/\/360mallorcaproperty.com\/wp-content\/uploads\/2022\/09\/WhatsApp-Image-2022-09-26-at-9.56.31-AM-1-680x510.jpeg"},"property-thumb-image":{"file":"WhatsApp-Image-2022-09-26-at-9.56.31-AM-1-488x326.jpeg","width":488,"height":326,"mime-type":"image\/jpeg","filesize":42446,"url":"https:\/\/360mallorcaproperty.com\/wp-content\/uploads\/2022\/09\/WhatsApp-Image-2022-09-26-at-9.56.31-AM-1-488x326.jpeg"},"property-detail-video-image":{"file":"WhatsApp-Image-2022-09-26-at-9.56.31-AM-1-818x417.jpeg","width":818,"height":417,"mime-type":"image\/jpeg","filesize":91632,"url":"https:\/\/360mallorcaproperty.com\/wp-content\/uploads\/2022\/09\/WhatsApp-Image-2022-09-26-at-9.56.31-AM-1-818x417.jpeg"},"agent-image":{"file":"WhatsApp-Image-2022-09-26-at-9.56.31-AM-1-210x210.jpeg","width":210,"height":210,"mime-type":"image\/jpeg","filesize":12651,"url":"https:\/\/360mallorcaproperty.com\/wp-content\/uploads\/2022\/09\/WhatsApp-Image-2022-09-26-at-9.56.31-AM-1-210x210.jpeg"},"partners-logo":{"file":"WhatsApp-Image-2022-09-26-at-9.56.31-AM-1-600x1080.jpeg","width":600,"height":1080,"mime-type":"image\/jpeg","filesize":160940,"url":"https:\/\/360mallorcaproperty.com\/wp-content\/uploads\/2022\/09\/WhatsApp-Image-2022-09-26-at-9.56.31-AM-1-600x1080.jpeg"},"post-featured-image":{"file":"WhatsApp-Image-2022-09-26-at-9.56.31-AM-1-1240x720.jpeg","width":1240,"height":720,"mime-type":"image\/jpeg","filesize":219791,"url":"https:\/\/360mallorcaproperty.com\/wp-content\/uploads\/2022\/09\/WhatsApp-Image-2022-09-26-at-9.56.31-AM-1-1240x720.jpeg"}},"image_meta":{"aperture":"0","credit":"","camera":"","caption":"","created_timestamp":"0","copyright":"","focal_length":"0","iso":"0","shutter_speed":"0","title":"","orientation":"0","keywords":[]},"ID":"15744","name":"WhatsApp-Image-2022-09-26-at-9.56.31-AM-1.jpeg","path":"\/home\/mallorcaproperty\/public_html\/wp-content\/uploads\/2022\/09\/WhatsApp-Image-2022-09-26-at-9.56.31-AM-1.jpeg","url":"https:\/\/360mallorcaproperty.com\/wp-content\/uploads\/2022\/09\/WhatsApp-Image-2022-09-26-at-9.56.31-AM-1-150x150.jpeg","full_url":"https:\/\/360mallorcaproperty.com\/wp-content\/uploads\/2022\/09\/WhatsApp-Image-2022-09-26-at-9.56.31-AM-1.jpeg","title":"WhatsApp Image 2022-09-26 at 9.56.31 AM (1)","caption":"","description":"","alt":"","srcset":"https:\/\/360mallorcaproperty.com\/wp-content\/uploads\/2022\/09\/WhatsApp-Image-2022-09-26-at-9.56.31-AM-1-150x150.jpeg 150w, https:\/\/360mallorcaproperty.com\/wp-content\/uploads\/2022\/09\/WhatsApp-Image-2022-09-26-at-9.56.31-AM-1-210x210.jpeg 210w"},{"width":150,"height":150,"file":"2022\/09\/WhatsApp-Image-2022-09-26-at-9.56.31-AM.jpeg","filesize":364228,"sizes":{"medium":{"file":"WhatsApp-Image-2022-09-26-at-9.56.31-AM-300x169.jpeg","width":300,"height":169,"mime-type":"image\/jpeg","filesize":13153,"url":"https:\/\/360mallorcaproperty.com\/wp-content\/uploads\/2022\/09\/WhatsApp-Image-2022-09-26-at-9.56.31-AM-300x169.jpeg"},"large":{"file":"WhatsApp-Image-2022-09-26-at-9.56.31-AM-1024x576.jpeg","width":1024,"height":576,"mime-type":"image\/jpeg","filesize":126559,"url":"https:\/\/360mallorcaproperty.com\/wp-content\/uploads\/2022\/09\/WhatsApp-Image-2022-09-26-at-9.56.31-AM-1024x576.jpeg"},"thumbnail":{"file":"WhatsApp-Image-2022-09-26-at-9.56.31-AM-150x150.jpeg","width":150,"height":150,"mime-type":"image\/jpeg","filesize":6063,"url":"https:\/\/360mallorcaproperty.com\/wp-content\/uploads\/2022\/09\/WhatsApp-Image-2022-09-26-at-9.56.31-AM-150x150.jpeg"},"medium_large":{"file":"WhatsApp-Image-2022-09-26-at-9.56.31-AM-768x432.jpeg","width":768,"height":432,"mime-type":"image\/jpeg","filesize":75112,"url":"https:\/\/360mallorcaproperty.com\/wp-content\/uploads\/2022\/09\/WhatsApp-Image-2022-09-26-at-9.56.31-AM-768x432.jpeg"},"1536x1536":{"file":"WhatsApp-Image-2022-09-26-at-9.56.31-AM-1536x864.jpeg","width":1536,"height":864,"mime-type":"image\/jpeg","filesize":255058,"url":"https:\/\/360mallorcaproperty.com\/wp-content\/uploads\/2022\/09\/WhatsApp-Image-2022-09-26-at-9.56.31-AM-1536x864.jpeg"},"post-thumbnail":{"file":"WhatsApp-Image-2022-09-26-at-9.56.31-AM-150x84.jpeg","width":150,"height":84,"mime-type":"image\/jpeg","filesize":4126,"url":"https:\/\/360mallorcaproperty.com\/wp-content\/uploads\/2022\/09\/WhatsApp-Image-2022-09-26-at-9.56.31-AM-150x84.jpeg"},"modern-property-child-slider":{"file":"WhatsApp-Image-2022-09-26-at-9.56.31-AM-680x510.jpeg","width":680,"height":510,"mime-type":"image\/jpeg","filesize":70875,"url":"https:\/\/360mallorcaproperty.com\/wp-content\/uploads\/2022\/09\/WhatsApp-Image-2022-09-26-at-9.56.31-AM-680x510.jpeg"},"property-thumb-image":{"file":"WhatsApp-Image-2022-09-26-at-9.56.31-AM-488x326.jpeg","width":488,"height":326,"mime-type":"image\/jpeg","filesize":35541,"url":"https:\/\/360mallorcaproperty.com\/wp-content\/uploads\/2022\/09\/WhatsApp-Image-2022-09-26-at-9.56.31-AM-488x326.jpeg"},"property-detail-video-image":{"file":"WhatsApp-Image-2022-09-26-at-9.56.31-AM-818x417.jpeg","width":818,"height":417,"mime-type":"image\/jpeg","filesize":78259,"url":"https:\/\/360mallorcaproperty.com\/wp-content\/uploads\/2022\/09\/WhatsApp-Image-2022-09-26-at-9.56.31-AM-818x417.jpeg"},"agent-image":{"file":"WhatsApp-Image-2022-09-26-at-9.56.31-AM-210x210.jpeg","width":210,"height":210,"mime-type":"image\/jpeg","filesize":10888,"url":"https:\/\/360mallorcaproperty.com\/wp-content\/uploads\/2022\/09\/WhatsApp-Image-2022-09-26-at-9.56.31-AM-210x210.jpeg"},"partners-logo":{"file":"WhatsApp-Image-2022-09-26-at-9.56.31-AM-600x1080.jpeg","width":600,"height":1080,"mime-type":"image\/jpeg","filesize":118783,"url":"https:\/\/360mallorcaproperty.com\/wp-content\/uploads\/2022\/09\/WhatsApp-Image-2022-09-26-at-9.56.31-AM-600x1080.jpeg"},"post-featured-image":{"file":"WhatsApp-Image-2022-09-26-at-9.56.31-AM-1240x720.jpeg","width":1240,"height":720,"mime-type":"image\/jpeg","filesize":183515,"url":"https:\/\/360mallorcaproperty.com\/wp-content\/uploads\/2022\/09\/WhatsApp-Image-2022-09-26-at-9.56.31-AM-1240x720.jpeg"}},"image_meta":{"aperture":"0","credit":"","camera":"","caption":"","created_timestamp":"0","copyright":"","focal_length":"0","iso":"0","shutter_speed":"0","title":"","orientation":"0","keywords":[]},"ID":"15747","name":"WhatsApp-Image-2022-09-26-at-9.56.31-AM.jpeg","path":"\/home\/mallorcaproperty\/public_html\/wp-content\/uploads\/2022\/09\/WhatsApp-Image-2022-09-26-at-9.56.31-AM.jpeg","url":"https:\/\/360mallorcaproperty.com\/wp-content\/uploads\/2022\/09\/WhatsApp-Image-2022-09-26-at-9.56.31-AM-150x150.jpeg","full_url":"https:\/\/360mallorcaproperty.com\/wp-content\/uploads\/2022\/09\/WhatsApp-Image-2022-09-26-at-9.56.31-AM.jpeg","title":"WhatsApp Image 2022-09-26 at 9.56.31 AM","caption":"","description":"","alt":"","srcset":"https:\/\/360mallorcaproperty.com\/wp-content\/uploads\/2022\/09\/WhatsApp-Image-2022-09-26-at-9.56.31-AM-150x150.jpeg 150w, https:\/\/360mallorcaproperty.com\/wp-content\/uploads\/2022\/09\/WhatsApp-Image-2022-09-26-at-9.56.31-AM-210x210.jpeg 210w"},{"width":150,"height":150,"file":"2022\/09\/WhatsApp-Image-2022-09-26-at-9.56.32-AM.jpeg","filesize":346395,"sizes":{"medium":{"file":"WhatsApp-Image-2022-09-26-at-9.56.32-AM-300x169.jpeg","width":300,"height":169,"mime-type":"image\/jpeg","filesize":11519,"url":"https:\/\/360mallorcaproperty.com\/wp-content\/uploads\/2022\/09\/WhatsApp-Image-2022-09-26-at-9.56.32-AM-300x169.jpeg"},"large":{"file":"WhatsApp-Image-2022-09-26-at-9.56.32-AM-1024x576.jpeg","width":1024,"height":576,"mime-type":"image\/jpeg","filesize":116359,"url":"https:\/\/360mallorcaproperty.com\/wp-content\/uploads\/2022\/09\/WhatsApp-Image-2022-09-26-at-9.56.32-AM-1024x576.jpeg"},"thumbnail":{"file":"WhatsApp-Image-2022-09-26-at-9.56.32-AM-150x150.jpeg","width":150,"height":150,"mime-type":"image\/jpeg","filesize":5439,"url":"https:\/\/360mallorcaproperty.com\/wp-content\/uploads\/2022\/09\/WhatsApp-Image-2022-09-26-at-9.56.32-AM-150x150.jpeg"},"medium_large":{"file":"WhatsApp-Image-2022-09-26-at-9.56.32-AM-768x432.jpeg","width":768,"height":432,"mime-type":"image\/jpeg","filesize":67997,"url":"https:\/\/360mallorcaproperty.com\/wp-content\/uploads\/2022\/09\/WhatsApp-Image-2022-09-26-at-9.56.32-AM-768x432.jpeg"},"1536x1536":{"file":"WhatsApp-Image-2022-09-26-at-9.56.32-AM-1536x864.jpeg","width":1536,"height":864,"mime-type":"image\/jpeg","filesize":240422,"url":"https:\/\/360mallorcaproperty.com\/wp-content\/uploads\/2022\/09\/WhatsApp-Image-2022-09-26-at-9.56.32-AM-1536x864.jpeg"},"post-thumbnail":{"file":"WhatsApp-Image-2022-09-26-at-9.56.32-AM-150x84.jpeg","width":150,"height":84,"mime-type":"image\/jpeg","filesize":3635,"url":"https:\/\/360mallorcaproperty.com\/wp-content\/uploads\/2022\/09\/WhatsApp-Image-2022-09-26-at-9.56.32-AM-150x84.jpeg"},"modern-property-child-slider":{"file":"WhatsApp-Image-2022-09-26-at-9.56.32-AM-680x510.jpeg","width":680,"height":510,"mime-type":"image\/jpeg","filesize":70988,"url":"https:\/\/360mallorcaproperty.com\/wp-content\/uploads\/2022\/09\/WhatsApp-Image-2022-09-26-at-9.56.32-AM-680x510.jpeg"},"property-thumb-image":{"file":"WhatsApp-Image-2022-09-26-at-9.56.32-AM-488x326.jpeg","width":488,"height":326,"mime-type":"image\/jpeg","filesize":33206,"url":"https:\/\/360mallorcaproperty.com\/wp-content\/uploads\/2022\/09\/WhatsApp-Image-2022-09-26-at-9.56.32-AM-488x326.jpeg"},"property-detail-video-image":{"file":"WhatsApp-Image-2022-09-26-at-9.56.32-AM-818x417.jpeg","width":818,"height":417,"mime-type":"image\/jpeg","filesize":71197,"url":"https:\/\/360mallorcaproperty.com\/wp-content\/uploads\/2022\/09\/WhatsApp-Image-2022-09-26-at-9.56.32-AM-818x417.jpeg"},"agent-image":{"file":"WhatsApp-Image-2022-09-26-at-9.56.32-AM-210x210.jpeg","width":210,"height":210,"mime-type":"image\/jpeg","filesize":9960,"url":"https:\/\/360mallorcaproperty.com\/wp-content\/uploads\/2022\/09\/WhatsApp-Image-2022-09-26-at-9.56.32-AM-210x210.jpeg"},"partners-logo":{"file":"WhatsApp-Image-2022-09-26-at-9.56.32-AM-600x1080.jpeg","width":600,"height":1080,"mime-type":"image\/jpeg","filesize":126160,"url":"https:\/\/360mallorcaproperty.com\/wp-content\/uploads\/2022\/09\/WhatsApp-Image-2022-09-26-at-9.56.32-AM-600x1080.jpeg"},"post-featured-image":{"file":"WhatsApp-Image-2022-09-26-at-9.56.32-AM-1240x720.jpeg","width":1240,"height":720,"mime-type":"image\/jpeg","filesize":172795,"url":"https:\/\/360mallorcaproperty.com\/wp-content\/uploads\/2022\/09\/WhatsApp-Image-2022-09-26-at-9.56.32-AM-1240x720.jpeg"}},"image_meta":{"aperture":"0","credit":"","camera":"","caption":"","created_timestamp":"0","copyright":"","focal_length":"0","iso":"0","shutter_speed":"0","title":"","orientation":"0","keywords":[]},"ID":"15750","name":"WhatsApp-Image-2022-09-26-at-9.56.32-AM.jpeg","path":"\/home\/mallorcaproperty\/public_html\/wp-content\/uploads\/2022\/09\/WhatsApp-Image-2022-09-26-at-9.56.32-AM.jpeg","url":"https:\/\/360mallorcaproperty.com\/wp-content\/uploads\/2022\/09\/WhatsApp-Image-2022-09-26-at-9.56.32-AM-150x150.jpeg","full_url":"https:\/\/360mallorcaproperty.com\/wp-content\/uploads\/2022\/09\/WhatsApp-Image-2022-09-26-at-9.56.32-AM.jpeg","title":"WhatsApp Image 2022-09-26 at 9.56.32 AM","caption":"","description":"","alt":"","srcset":"https:\/\/360mallorcaproperty.com\/wp-content\/uploads\/2022\/09\/WhatsApp-Image-2022-09-26-at-9.56.32-AM-150x150.jpeg 150w, https:\/\/360mallorcaproperty.com\/wp-content\/uploads\/2022\/09\/WhatsApp-Image-2022-09-26-at-9.56.32-AM-210x210.jpeg 210w"},{"width":150,"height":150,"file":"2022\/09\/WhatsApp-Image-2022-09-26-at-10.00.44-AM.jpeg","filesize":726864,"sizes":{"medium":{"file":"WhatsApp-Image-2022-09-26-at-10.00.44-AM-300x225.jpeg","width":300,"height":225,"mime-type":"image\/jpeg","filesize":21066,"url":"https:\/\/360mallorcaproperty.com\/wp-content\/uploads\/2022\/09\/WhatsApp-Image-2022-09-26-at-10.00.44-AM-300x225.jpeg"},"large":{"file":"WhatsApp-Image-2022-09-26-at-10.00.44-AM-1024x768.jpeg","width":1024,"height":768,"mime-type":"image\/jpeg","filesize":232907,"url":"https:\/\/360mallorcaproperty.com\/wp-content\/uploads\/2022\/09\/WhatsApp-Image-2022-09-26-at-10.00.44-AM-1024x768.jpeg"},"thumbnail":{"file":"WhatsApp-Image-2022-09-26-at-10.00.44-AM-150x150.jpeg","width":150,"height":150,"mime-type":"image\/jpeg","filesize":7384,"url":"https:\/\/360mallorcaproperty.com\/wp-content\/uploads\/2022\/09\/WhatsApp-Image-2022-09-26-at-10.00.44-AM-150x150.jpeg"},"medium_large":{"file":"WhatsApp-Image-2022-09-26-at-10.00.44-AM-768x576.jpeg","width":768,"height":576,"mime-type":"image\/jpeg","filesize":127058,"url":"https:\/\/360mallorcaproperty.com\/wp-content\/uploads\/2022\/09\/WhatsApp-Image-2022-09-26-at-10.00.44-AM-768x576.jpeg"},"1536x1536":{"file":"WhatsApp-Image-2022-09-26-at-10.00.44-AM-1536x1152.jpeg","width":1536,"height":1152,"mime-type":"image\/jpeg","filesize":458208,"url":"https:\/\/360mallorcaproperty.com\/wp-content\/uploads\/2022\/09\/WhatsApp-Image-2022-09-26-at-10.00.44-AM-1536x1152.jpeg"},"post-thumbnail":{"file":"WhatsApp-Image-2022-09-26-at-10.00.44-AM-150x113.jpeg","width":150,"height":113,"mime-type":"image\/jpeg","filesize":6128,"url":"https:\/\/360mallorcaproperty.com\/wp-content\/uploads\/2022\/09\/WhatsApp-Image-2022-09-26-at-10.00.44-AM-150x113.jpeg"},"modern-property-child-slider":{"file":"WhatsApp-Image-2022-09-26-at-10.00.44-AM-680x510.jpeg","width":680,"height":510,"mime-type":"image\/jpeg","filesize":100116,"url":"https:\/\/360mallorcaproperty.com\/wp-content\/uploads\/2022\/09\/WhatsApp-Image-2022-09-26-at-10.00.44-AM-680x510.jpeg"},"property-thumb-image":{"file":"WhatsApp-Image-2022-09-26-at-10.00.44-AM-488x326.jpeg","width":488,"height":326,"mime-type":"image\/jpeg","filesize":47475,"url":"https:\/\/360mallorcaproperty.com\/wp-content\/uploads\/2022\/09\/WhatsApp-Image-2022-09-26-at-10.00.44-AM-488x326.jpeg"},"property-detail-video-image":{"file":"WhatsApp-Image-2022-09-26-at-10.00.44-AM-818x417.jpeg","width":818,"height":417,"mime-type":"image\/jpeg","filesize":103810,"url":"https:\/\/360mallorcaproperty.com\/wp-content\/uploads\/2022\/09\/WhatsApp-Image-2022-09-26-at-10.00.44-AM-818x417.jpeg"},"agent-image":{"file":"WhatsApp-Image-2022-09-26-at-10.00.44-AM-210x210.jpeg","width":210,"height":210,"mime-type":"image\/jpeg","filesize":13729,"url":"https:\/\/360mallorcaproperty.com\/wp-content\/uploads\/2022\/09\/WhatsApp-Image-2022-09-26-at-10.00.44-AM-210x210.jpeg"},"partners-logo":{"file":"WhatsApp-Image-2022-09-26-at-10.00.44-AM-600x1536.jpeg","width":600,"height":1536,"mime-type":"image\/jpeg","filesize":235909,"url":"https:\/\/360mallorcaproperty.com\/wp-content\/uploads\/2022\/09\/WhatsApp-Image-2022-09-26-at-10.00.44-AM-600x1536.jpeg"},"post-featured-image":{"file":"WhatsApp-Image-2022-09-26-at-10.00.44-AM-1240x720.jpeg","width":1240,"height":720,"mime-type":"image\/jpeg","filesize":250669,"url":"https:\/\/360mallorcaproperty.com\/wp-content\/uploads\/2022\/09\/WhatsApp-Image-2022-09-26-at-10.00.44-AM-1240x720.jpeg"}},"image_meta":{"aperture":"0","credit":"","camera":"","caption":"","created_timestamp":"0","copyright":"","focal_length":"0","iso":"0","shutter_speed":"0","title":"","orientation":"0","keywords":[]},"ID":"15756","name":"WhatsApp-Image-2022-09-26-at-10.00.44-AM.jpeg","path":"\/home\/mallorcaproperty\/public_html\/wp-content\/uploads\/2022\/09\/WhatsApp-Image-2022-09-26-at-10.00.44-AM.jpeg","url":"https:\/\/360mallorcaproperty.com\/wp-content\/uploads\/2022\/09\/WhatsApp-Image-2022-09-26-at-10.00.44-AM-150x150.jpeg","full_url":"https:\/\/360mallorcaproperty.com\/wp-content\/uploads\/2022\/09\/WhatsApp-Image-2022-09-26-at-10.00.44-AM.jpeg","title":"WhatsApp Image 2022-09-26 at 10.00.44 AM","caption":"","description":"","alt":"","srcset":"https:\/\/360mallorcaproperty.com\/wp-content\/uploads\/2022\/09\/WhatsApp-Image-2022-09-26-at-10.00.44-AM-150x150.jpeg 150w, https:\/\/360mallorcaproperty.com\/wp-content\/uploads\/2022\/09\/WhatsApp-Image-2022-09-26-at-10.00.44-AM-210x210.jpeg 210w"},{"width":150,"height":150,"file":"2022\/09\/WhatsApp-Image-2022-09-26-at-10.00.45-AM.jpeg","filesize":722346,"sizes":{"medium":{"file":"WhatsApp-Image-2022-09-26-at-10.00.45-AM-300x225.jpeg","width":300,"height":225,"mime-type":"image\/jpeg","filesize":22817,"url":"https:\/\/360mallorcaproperty.com\/wp-content\/uploads\/2022\/09\/WhatsApp-Image-2022-09-26-at-10.00.45-AM-300x225.jpeg"},"large":{"file":"WhatsApp-Image-2022-09-26-at-10.00.45-AM-1024x768.jpeg","width":1024,"height":768,"mime-type":"image\/jpeg","filesize":237709,"url":"https:\/\/360mallorcaproperty.com\/wp-content\/uploads\/2022\/09\/WhatsApp-Image-2022-09-26-at-10.00.45-AM-1024x768.jpeg"},"thumbnail":{"file":"WhatsApp-Image-2022-09-26-at-10.00.45-AM-150x150.jpeg","width":150,"height":150,"mime-type":"image\/jpeg","filesize":8410,"url":"https:\/\/360mallorcaproperty.com\/wp-content\/uploads\/2022\/09\/WhatsApp-Image-2022-09-26-at-10.00.45-AM-150x150.jpeg"},"medium_large":{"file":"WhatsApp-Image-2022-09-26-at-10.00.45-AM-768x576.jpeg","width":768,"height":576,"mime-type":"image\/jpeg","filesize":131799,"url":"https:\/\/360mallorcaproperty.com\/wp-content\/uploads\/2022\/09\/WhatsApp-Image-2022-09-26-at-10.00.45-AM-768x576.jpeg"},"1536x1536":{"file":"WhatsApp-Image-2022-09-26-at-10.00.45-AM-1536x1152.jpeg","width":1536,"height":1152,"mime-type":"image\/jpeg","filesize":461108,"url":"https:\/\/360mallorcaproperty.com\/wp-content\/uploads\/2022\/09\/WhatsApp-Image-2022-09-26-at-10.00.45-AM-1536x1152.jpeg"},"post-thumbnail":{"file":"WhatsApp-Image-2022-09-26-at-10.00.45-AM-150x113.jpeg","width":150,"height":113,"mime-type":"image\/jpeg","filesize":6751,"url":"https:\/\/360mallorcaproperty.com\/wp-content\/uploads\/2022\/09\/WhatsApp-Image-2022-09-26-at-10.00.45-AM-150x113.jpeg"},"modern-property-child-slider":{"file":"WhatsApp-Image-2022-09-26-at-10.00.45-AM-680x510.jpeg","width":680,"height":510,"mime-type":"image\/jpeg","filesize":104559,"url":"https:\/\/360mallorcaproperty.com\/wp-content\/uploads\/2022\/09\/WhatsApp-Image-2022-09-26-at-10.00.45-AM-680x510.jpeg"},"property-thumb-image":{"file":"WhatsApp-Image-2022-09-26-at-10.00.45-AM-488x326.jpeg","width":488,"height":326,"mime-type":"image\/jpeg","filesize":50782,"url":"https:\/\/360mallorcaproperty.com\/wp-content\/uploads\/2022\/09\/WhatsApp-Image-2022-09-26-at-10.00.45-AM-488x326.jpeg"},"property-detail-video-image":{"file":"WhatsApp-Image-2022-09-26-at-10.00.45-AM-818x417.jpeg","width":818,"height":417,"mime-type":"image\/jpeg","filesize":108074,"url":"https:\/\/360mallorcaproperty.com\/wp-content\/uploads\/2022\/09\/WhatsApp-Image-2022-09-26-at-10.00.45-AM-818x417.jpeg"},"agent-image":{"file":"WhatsApp-Image-2022-09-26-at-10.00.45-AM-210x210.jpeg","width":210,"height":210,"mime-type":"image\/jpeg","filesize":15575,"url":"https:\/\/360mallorcaproperty.com\/wp-content\/uploads\/2022\/09\/WhatsApp-Image-2022-09-26-at-10.00.45-AM-210x210.jpeg"},"partners-logo":{"file":"WhatsApp-Image-2022-09-26-at-10.00.45-AM-600x1536.jpeg","width":600,"height":1536,"mime-type":"image\/jpeg","filesize":281610,"url":"https:\/\/360mallorcaproperty.com\/wp-content\/uploads\/2022\/09\/WhatsApp-Image-2022-09-26-at-10.00.45-AM-600x1536.jpeg"},"post-featured-image":{"file":"WhatsApp-Image-2022-09-26-at-10.00.45-AM-1240x720.jpeg","width":1240,"height":720,"mime-type":"image\/jpeg","filesize":255157,"url":"https:\/\/360mallorcaproperty.com\/wp-content\/uploads\/2022\/09\/WhatsApp-Image-2022-09-26-at-10.00.45-AM-1240x720.jpeg"}},"image_meta":{"aperture":"0","credit":"","camera":"","caption":"","created_timestamp":"0","copyright":"","focal_length":"0","iso":"0","shutter_speed":"0","title":"","orientation":"0","keywords":[]},"ID":"15759","name":"WhatsApp-Image-2022-09-26-at-10.00.45-AM.jpeg","path":"\/home\/mallorcaproperty\/public_html\/wp-content\/uploads\/2022\/09\/WhatsApp-Image-2022-09-26-at-10.00.45-AM.jpeg","url":"https:\/\/360mallorcaproperty.com\/wp-content\/uploads\/2022\/09\/WhatsApp-Image-2022-09-26-at-10.00.45-AM-150x150.jpeg","full_url":"https:\/\/360mallorcaproperty.com\/wp-content\/uploads\/2022\/09\/WhatsApp-Image-2022-09-26-at-10.00.45-AM.jpeg","title":"WhatsApp Image 2022-09-26 at 10.00.45 AM","caption":"","description":"","alt":"","srcset":"https:\/\/360mallorcaproperty.com\/wp-content\/uploads\/2022\/09\/WhatsApp-Image-2022-09-26-at-10.00.45-AM-150x150.jpeg 150w, https:\/\/360mallorcaproperty.com\/wp-content\/uploads\/2022\/09\/WhatsApp-Image-2022-09-26-at-10.00.45-AM-210x210.jpeg 210w"},{"width":150,"height":150,"file":"2022\/09\/WhatsApp-Image-2022-09-26-at-10.00.48-AM.jpeg","filesize":481388,"sizes":{"medium":{"file":"WhatsApp-Image-2022-09-26-at-10.00.48-AM-300x225.jpeg","width":300,"height":225,"mime-type":"image\/jpeg","filesize":16505,"url":"https:\/\/360mallorcaproperty.com\/wp-content\/uploads\/2022\/09\/WhatsApp-Image-2022-09-26-at-10.00.48-AM-300x225.jpeg"},"large":{"file":"WhatsApp-Image-2022-09-26-at-10.00.48-AM-1024x768.jpeg","width":1024,"height":768,"mime-type":"image\/jpeg","filesize":155581,"url":"https:\/\/360mallorcaproperty.com\/wp-content\/uploads\/2022\/09\/WhatsApp-Image-2022-09-26-at-10.00.48-AM-1024x768.jpeg"},"thumbnail":{"file":"WhatsApp-Image-2022-09-26-at-10.00.48-AM-150x150.jpeg","width":150,"height":150,"mime-type":"image\/jpeg","filesize":6444,"url":"https:\/\/360mallorcaproperty.com\/wp-content\/uploads\/2022\/09\/WhatsApp-Image-2022-09-26-at-10.00.48-AM-150x150.jpeg"},"medium_large":{"file":"WhatsApp-Image-2022-09-26-at-10.00.48-AM-768x576.jpeg","width":768,"height":576,"mime-type":"image\/jpeg","filesize":87890,"url":"https:\/\/360mallorcaproperty.com\/wp-content\/uploads\/2022\/09\/WhatsApp-Image-2022-09-26-at-10.00.48-AM-768x576.jpeg"},"1536x1536":{"file":"WhatsApp-Image-2022-09-26-at-10.00.48-AM-1536x1152.jpeg","width":1536,"height":1152,"mime-type":"image\/jpeg","filesize":304192,"url":"https:\/\/360mallorcaproperty.com\/wp-content\/uploads\/2022\/09\/WhatsApp-Image-2022-09-26-at-10.00.48-AM-1536x1152.jpeg"},"post-thumbnail":{"file":"WhatsApp-Image-2022-09-26-at-10.00.48-AM-150x113.jpeg","width":150,"height":113,"mime-type":"image\/jpeg","filesize":5245,"url":"https:\/\/360mallorcaproperty.com\/wp-content\/uploads\/2022\/09\/WhatsApp-Image-2022-09-26-at-10.00.48-AM-150x113.jpeg"},"modern-property-child-slider":{"file":"WhatsApp-Image-2022-09-26-at-10.00.48-AM-680x510.jpeg","width":680,"height":510,"mime-type":"image\/jpeg","filesize":70541,"url":"https:\/\/360mallorcaproperty.com\/wp-content\/uploads\/2022\/09\/WhatsApp-Image-2022-09-26-at-10.00.48-AM-680x510.jpeg"},"property-thumb-image":{"file":"WhatsApp-Image-2022-09-26-at-10.00.48-AM-488x326.jpeg","width":488,"height":326,"mime-type":"image\/jpeg","filesize":34520,"url":"https:\/\/360mallorcaproperty.com\/wp-content\/uploads\/2022\/09\/WhatsApp-Image-2022-09-26-at-10.00.48-AM-488x326.jpeg"},"property-detail-video-image":{"file":"WhatsApp-Image-2022-09-26-at-10.00.48-AM-818x417.jpeg","width":818,"height":417,"mime-type":"image\/jpeg","filesize":68048,"url":"https:\/\/360mallorcaproperty.com\/wp-content\/uploads\/2022\/09\/WhatsApp-Image-2022-09-26-at-10.00.48-AM-818x417.jpeg"},"agent-image":{"file":"WhatsApp-Image-2022-09-26-at-10.00.48-AM-210x210.jpeg","width":210,"height":210,"mime-type":"image\/jpeg","filesize":11485,"url":"https:\/\/360mallorcaproperty.com\/wp-content\/uploads\/2022\/09\/WhatsApp-Image-2022-09-26-at-10.00.48-AM-210x210.jpeg"},"partners-logo":{"file":"WhatsApp-Image-2022-09-26-at-10.00.48-AM-600x1536.jpeg","width":600,"height":1536,"mime-type":"image\/jpeg","filesize":176661,"url":"https:\/\/360mallorcaproperty.com\/wp-content\/uploads\/2022\/09\/WhatsApp-Image-2022-09-26-at-10.00.48-AM-600x1536.jpeg"},"post-featured-image":{"file":"WhatsApp-Image-2022-09-26-at-10.00.48-AM-1240x720.jpeg","width":1240,"height":720,"mime-type":"image\/jpeg","filesize":158723,"url":"https:\/\/360mallorcaproperty.com\/wp-content\/uploads\/2022\/09\/WhatsApp-Image-2022-09-26-at-10.00.48-AM-1240x720.jpeg"}},"image_meta":{"aperture":"0","credit":"","camera":"","caption":"","created_timestamp":"0","copyright":"","focal_length":"0","iso":"0","shutter_speed":"0","title":"","orientation":"0","keywords":[]},"ID":"15765","name":"WhatsApp-Image-2022-09-26-at-10.00.48-AM.jpeg","path":"\/home\/mallorcaproperty\/public_html\/wp-content\/uploads\/2022\/09\/WhatsApp-Image-2022-09-26-at-10.00.48-AM.jpeg","url":"https:\/\/360mallorcaproperty.com\/wp-content\/uploads\/2022\/09\/WhatsApp-Image-2022-09-26-at-10.00.48-AM-150x150.jpeg","full_url":"https:\/\/360mallorcaproperty.com\/wp-content\/uploads\/2022\/09\/WhatsApp-Image-2022-09-26-at-10.00.48-AM.jpeg","title":"WhatsApp Image 2022-09-26 at 10.00.48 AM","caption":"","description":"","alt":"","srcset":"https:\/\/360mallorcaproperty.com\/wp-content\/uploads\/2022\/09\/WhatsApp-Image-2022-09-26-at-10.00.48-AM-150x150.jpeg 150w, https:\/\/360mallorcaproperty.com\/wp-content\/uploads\/2022\/09\/WhatsApp-Image-2022-09-26-at-10.00.48-AM-210x210.jpeg 210w"}],"REAL_HOMES_change_gallery_slider_type":"0","REAL_HOMES_gallery_slider_type":"thumb-on-right","inspiry_floor_plans":[],"inspiry_video_group":[],"REAL_HOMES_360_virtual_tour":"","REAL_HOMES_agent_display_option":"none","REAL_HOMES_agents":[],"REAL_HOMES_energy_class":"none","REAL_HOMES_energy_performance":"","REAL_HOMES_epc_current_rating":"","REAL_HOMES_epc_potential_rating":"","ere_property_schedule_tour":"","ere_property_schedule_time_slots":"","ere_property_schedule_description":"","REAL_HOMES_sticky":"0","inspiry_property_label":"","inspiry_property_label_color":"","inspiry_property_tax":"","inspiry_additional_fee":"","REAL_HOMES_attachments":[],"inspiry_property_owner_name":"","inspiry_property_owner_contact":"","inspiry_property_owner_address":"","REAL_HOMES_property_private_note":"","inspiry_message_to_reviewer":"","REAL_HOMES_add_in_slider":"no","REAL_HOMES_slider_image":[],"REAL_HOMES_page_banner_image":[],"REAL_HOMES_hide_property_advance_search":"0","inspiry_offmarket":[],"REAL_HOMES_custom_header_display":"default","REAL_HOMES_custom_header_position":"relative","REAL_HOMES_custom_footer_display":"default","REAL_HOMES_hide_advance_search":"0","REAL_HOMES_custom_search_form":"default","REAL_HOMES_search_form_margin_top":"","REAL_HOMES_search_form_margin_bottom":""},"_links":{"self":[{"href":"https:\/\/360mallorcaproperty.com\/es\/wp-json\/wp\/v2\/property\/15770","targetHints":{"allow":["GET"]}}],"collection":[{"href":"https:\/\/360mallorcaproperty.com\/es\/wp-json\/wp\/v2\/property"}],"about":[{"href":"https:\/\/360mallorcaproperty.com\/es\/wp-json\/wp\/v2\/types\/property"}],"author":[{"embeddable":true,"href":"https:\/\/360mallorcaproperty.com\/es\/wp-json\/wp\/v2\/users\/1"}],"replies":[{"embeddable":true,"href":"https:\/\/360mallorcaproperty.com\/es\/wp-json\/wp\/v2\/comments?post=15770"}],"version-history":[{"count":0,"href":"https:\/\/360mallorcaproperty.com\/es\/wp-json\/wp\/v2\/property\/15770\/revisions"}],"wp:featuredmedia":[{"embeddable":true,"href":"https:\/\/360mallorcaproperty.com\/es\/wp-json\/wp\/v2\/media\/15764"}],"wp:attachment":[{"href":"https:\/\/360mallorcaproperty.com\/es\/wp-json\/wp\/v2\/media?parent=15770"}],"wp:term":[{"taxonomy":"property-feature","embeddable":true,"href":"https:\/\/360mallorcaproperty.com\/es\/wp-json\/wp\/v2\/property-feature?post=15770"},{"taxonomy":"property-type","embeddable":true,"href":"https:\/\/360mallorcaproperty.com\/es\/wp-json\/wp\/v2\/property-type?post=15770"},{"taxonomy":"property-city","embeddable":true,"href":"https:\/\/360mallorcaproperty.com\/es\/wp-json\/wp\/v2\/property-location?post=15770"},{"taxonomy":"property-status","embeddable":true,"href":"https:\/\/360mallorcaproperty.com\/es\/wp-json\/wp\/v2\/property-status?post=15770"}],"curies":[{"name":"wp","href":"https:\/\/api.w.org\/{rel}","templated":true}]}}