{"id":17846,"date":"2023-01-09T14:51:01","date_gmt":"2023-01-09T14:51:01","guid":{"rendered":"https:\/\/360mallorcaproperty.com\/property\/finca-in-ariany\/"},"modified":"2023-01-09T14:53:42","modified_gmt":"2023-01-09T14:53:42","slug":"finca-in-ariany","status":"publish","type":"property","link":"https:\/\/360mallorcaproperty.com\/es\/property\/finca-in-ariany\/","title":{"rendered":"Finca en Ariany"},"content":{"rendered":"<p>Gran finca en Ariany.\u00a0 La parcela tiene un total de 21743m2 y tiene acceso por ambos extremos.\u00a0 Hay cuadras para caballos y una peque\u00f1a vivienda que se puede aprovechar.<\/p>\n<p>Gui\u00e1ndose por la normativa de construcci\u00f3n vigente se podr\u00eda presentar un proyecto para construir una casa de unos 320m2.\u00a0 Directamente en el centro de la parcela se encuentra el terreno elevado, que permitir\u00eda a una nueva propiedad disfrutar de fant\u00e1sticas vistas del campo abierto de Ariany.<\/p>\n<p>&nbsp;<\/p>\n<p>Ariany es una peque\u00f1a ciudad en el sureste de la isla. Aunque esta ciudad es muy peque\u00f1a en tama\u00f1o, pero no carece de proporcionar a los turistas interesantes atracciones en las zonas cercanas. Aunque no hay demasiadas atracciones para visitar aqu\u00ed en la ciudad, pero tiene un atractivo \u00fanico. El encanto tradicional es el principal factor que atrae a los turistas a visitar Ariany. Hay unos diez molinos de viento que se han conservado en su estado original. Esta ciudad tambi\u00e9n ofrece una belleza natural que los turistas pueden encontrar agradable a los ojos y calmante para el alma.<\/p>\n<p>En sus alrededores se encuentran las localidades de Santa Margalida, Petra y Mar\u00eda de la Salut.\u00a0 La ciudad de Manacor est\u00e1 a 16 km, la playa de Muro con su larga playa de arena est\u00e1 a 15 km y el aeropuerto a 45 km.<\/p>\n","protected":false},"excerpt":{"rendered":"<p>Gran finca en Ariany.\u00a0 La parcela tiene un total de 21743m2 y tiene acceso por ambos extremos.\u00a0 Hay cuadras para caballos y una peque\u00f1a vivienda que se puede aprovechar. Gui\u00e1ndose por la normativa de construcci\u00f3n vigente se podr\u00eda presentar un proyecto para construir una casa de unos 320m2.\u00a0 Directamente en el centro de la parcela&#8230;<\/p>\n","protected":false},"author":1,"featured_media":17834,"parent":0,"menu_order":0,"comment_status":"closed","ping_status":"closed","template":"","property-feature":[],"property-type":[229],"property-location":[353],"property-status":[231],"class_list":["post-17846","property","type-property","status-publish","has-post-thumbnail","hentry","property-type-parcela-rusticas","property-city-ariany-es","property-status-venta"],"property_meta":{"REAL_HOMES_property_price":"335000","REAL_HOMES_property_old_price":"","REAL_HOMES_property_price_prefix":"","REAL_HOMES_property_price_postfix":"","REAL_HOMES_property_size":"","REAL_HOMES_property_size_postfix":"","REAL_HOMES_property_lot_size":"21743","REAL_HOMES_property_lot_size_postfix":"m\u00b2","REAL_HOMES_property_bedrooms":"","REAL_HOMES_property_bathrooms":"","REAL_HOMES_property_garage":"","REAL_HOMES_property_id":"V4075","REAL_HOMES_property_year_built":"","REAL_HOMES_featured":"0","REAL_HOMES_additional_details_list":[],"rvr_booking_widget_display":"","rvr_booking_mode":"","rvr_govt_tax":"","rvr_govt_tax_type":"","rvr_govt_tax_calculation":"","rvr_service_charges":"","rvr_service_charges_type":"","rvr_service_charges_calculation":"","rvr_guests_capacity":"","rvr_book_child_as":"","rvr_min_stay":"","rvr_guests_capacity_extend":"","rvr_extra_guest_price":"","rvr_property_owner":"","rvr_bulk_pricing":[],"rvr_seasonal_pricing":[],"rvr_custom_reserved_dates":[],"rvr_additional_fees":[],"rvr_additional_amenities":[],"rvr_accommodation":[],"rvr_outdoor_features":[],"rvr_surroundings":[],"rvr_included":[],"rvr_not_included":[],"rvr_policies":[],"REAL_HOMES_property_location":{"latitude":"39.6507976","longitude":"3.1115282","zoom":"12"},"REAL_HOMES_property_address":"Ariany, Pla de Mallorca, Islas Baleares, 07529, Espa\u00f1a","REAL_HOMES_property_map":"","REAL_HOMES_property_images":[{"width":150,"height":150,"file":"2023\/01\/WhatsApp-Image-2023-01-09-at-14.05.54-12.jpeg","filesize":155460,"sizes":{"medium":{"file":"WhatsApp-Image-2023-01-09-at-14.05.54-12-300x169.jpeg","width":300,"height":169,"mime-type":"image\/jpeg","filesize":17560,"url":"https:\/\/360mallorcaproperty.com\/wp-content\/uploads\/2023\/01\/WhatsApp-Image-2023-01-09-at-14.05.54-12-300x169.jpeg"},"thumbnail":{"file":"WhatsApp-Image-2023-01-09-at-14.05.54-12-150x150.jpeg","width":150,"height":150,"mime-type":"image\/jpeg","filesize":8023,"url":"https:\/\/360mallorcaproperty.com\/wp-content\/uploads\/2023\/01\/WhatsApp-Image-2023-01-09-at-14.05.54-12-150x150.jpeg"},"medium_large":{"file":"WhatsApp-Image-2023-01-09-at-14.05.54-12-768x432.jpeg","width":768,"height":432,"mime-type":"image\/jpeg","filesize":104041,"url":"https:\/\/360mallorcaproperty.com\/wp-content\/uploads\/2023\/01\/WhatsApp-Image-2023-01-09-at-14.05.54-12-768x432.jpeg"},"post-thumbnail":{"file":"WhatsApp-Image-2023-01-09-at-14.05.54-12-150x84.jpeg","width":150,"height":84,"mime-type":"image\/jpeg","filesize":5006,"url":"https:\/\/360mallorcaproperty.com\/wp-content\/uploads\/2023\/01\/WhatsApp-Image-2023-01-09-at-14.05.54-12-150x84.jpeg"},"modern-property-child-slider":{"file":"WhatsApp-Image-2023-01-09-at-14.05.54-12-680x510.jpeg","width":680,"height":510,"mime-type":"image\/jpeg","filesize":104576,"url":"https:\/\/360mallorcaproperty.com\/wp-content\/uploads\/2023\/01\/WhatsApp-Image-2023-01-09-at-14.05.54-12-680x510.jpeg"},"property-thumb-image":{"file":"WhatsApp-Image-2023-01-09-at-14.05.54-12-488x326.jpeg","width":488,"height":326,"mime-type":"image\/jpeg","filesize":51745,"url":"https:\/\/360mallorcaproperty.com\/wp-content\/uploads\/2023\/01\/WhatsApp-Image-2023-01-09-at-14.05.54-12-488x326.jpeg"},"property-detail-video-image":{"file":"WhatsApp-Image-2023-01-09-at-14.05.54-12-818x417.jpeg","width":818,"height":417,"mime-type":"image\/jpeg","filesize":107737,"url":"https:\/\/360mallorcaproperty.com\/wp-content\/uploads\/2023\/01\/WhatsApp-Image-2023-01-09-at-14.05.54-12-818x417.jpeg"},"agent-image":{"file":"WhatsApp-Image-2023-01-09-at-14.05.54-12-210x210.jpeg","width":210,"height":210,"mime-type":"image\/jpeg","filesize":15423,"url":"https:\/\/360mallorcaproperty.com\/wp-content\/uploads\/2023\/01\/WhatsApp-Image-2023-01-09-at-14.05.54-12-210x210.jpeg"},"partners-logo":{"file":"WhatsApp-Image-2023-01-09-at-14.05.54-12-600x576.jpeg","width":600,"height":576,"mime-type":"image\/jpeg","filesize":117983,"url":"https:\/\/360mallorcaproperty.com\/wp-content\/uploads\/2023\/01\/WhatsApp-Image-2023-01-09-at-14.05.54-12-600x576.jpeg"}},"image_meta":{"aperture":"0","credit":"","camera":"","caption":"","created_timestamp":"0","copyright":"","focal_length":"0","iso":"0","shutter_speed":"0","title":"","orientation":"0","keywords":[]},"ID":"17805","name":"WhatsApp-Image-2023-01-09-at-14.05.54-12.jpeg","path":"\/home\/mallorcaproperty\/public_html\/wp-content\/uploads\/2023\/01\/WhatsApp-Image-2023-01-09-at-14.05.54-12.jpeg","url":"https:\/\/360mallorcaproperty.com\/wp-content\/uploads\/2023\/01\/WhatsApp-Image-2023-01-09-at-14.05.54-12-150x150.jpeg","full_url":"https:\/\/360mallorcaproperty.com\/wp-content\/uploads\/2023\/01\/WhatsApp-Image-2023-01-09-at-14.05.54-12.jpeg","title":"WhatsApp Image 2023-01-09 at 14.05.54 (12)","caption":"","description":"","alt":"","srcset":"https:\/\/360mallorcaproperty.com\/wp-content\/uploads\/2023\/01\/WhatsApp-Image-2023-01-09-at-14.05.54-12-150x150.jpeg 150w, https:\/\/360mallorcaproperty.com\/wp-content\/uploads\/2023\/01\/WhatsApp-Image-2023-01-09-at-14.05.54-12-210x210.jpeg 210w"},{"width":150,"height":150,"file":"2023\/01\/WhatsApp-Image-2023-01-09-at-14.05.54-21.jpeg","filesize":131125,"sizes":{"medium":{"file":"WhatsApp-Image-2023-01-09-at-14.05.54-21-300x225.jpeg","width":300,"height":225,"mime-type":"image\/jpeg","filesize":17058,"url":"https:\/\/360mallorcaproperty.com\/wp-content\/uploads\/2023\/01\/WhatsApp-Image-2023-01-09-at-14.05.54-21-300x225.jpeg"},"thumbnail":{"file":"WhatsApp-Image-2023-01-09-at-14.05.54-21-150x150.jpeg","width":150,"height":150,"mime-type":"image\/jpeg","filesize":6070,"url":"https:\/\/360mallorcaproperty.com\/wp-content\/uploads\/2023\/01\/WhatsApp-Image-2023-01-09-at-14.05.54-21-150x150.jpeg"},"medium_large":{"file":"WhatsApp-Image-2023-01-09-at-14.05.54-21-768x576.jpeg","width":768,"height":576,"mime-type":"image\/jpeg","filesize":91633,"url":"https:\/\/360mallorcaproperty.com\/wp-content\/uploads\/2023\/01\/WhatsApp-Image-2023-01-09-at-14.05.54-21-768x576.jpeg"},"post-thumbnail":{"file":"WhatsApp-Image-2023-01-09-at-14.05.54-21-150x113.jpeg","width":150,"height":113,"mime-type":"image\/jpeg","filesize":5382,"url":"https:\/\/360mallorcaproperty.com\/wp-content\/uploads\/2023\/01\/WhatsApp-Image-2023-01-09-at-14.05.54-21-150x113.jpeg"},"modern-property-child-slider":{"file":"WhatsApp-Image-2023-01-09-at-14.05.54-21-680x510.jpeg","width":680,"height":510,"mime-type":"image\/jpeg","filesize":73354,"url":"https:\/\/360mallorcaproperty.com\/wp-content\/uploads\/2023\/01\/WhatsApp-Image-2023-01-09-at-14.05.54-21-680x510.jpeg"},"property-thumb-image":{"file":"WhatsApp-Image-2023-01-09-at-14.05.54-21-488x326.jpeg","width":488,"height":326,"mime-type":"image\/jpeg","filesize":36196,"url":"https:\/\/360mallorcaproperty.com\/wp-content\/uploads\/2023\/01\/WhatsApp-Image-2023-01-09-at-14.05.54-21-488x326.jpeg"},"property-detail-video-image":{"file":"WhatsApp-Image-2023-01-09-at-14.05.54-21-818x417.jpeg","width":818,"height":417,"mime-type":"image\/jpeg","filesize":70783,"url":"https:\/\/360mallorcaproperty.com\/wp-content\/uploads\/2023\/01\/WhatsApp-Image-2023-01-09-at-14.05.54-21-818x417.jpeg"},"agent-image":{"file":"WhatsApp-Image-2023-01-09-at-14.05.54-21-210x210.jpeg","width":210,"height":210,"mime-type":"image\/jpeg","filesize":10727,"url":"https:\/\/360mallorcaproperty.com\/wp-content\/uploads\/2023\/01\/WhatsApp-Image-2023-01-09-at-14.05.54-21-210x210.jpeg"},"partners-logo":{"file":"WhatsApp-Image-2023-01-09-at-14.05.54-21-600x768.jpeg","width":600,"height":768,"mime-type":"image\/jpeg","filesize":80117,"url":"https:\/\/360mallorcaproperty.com\/wp-content\/uploads\/2023\/01\/WhatsApp-Image-2023-01-09-at-14.05.54-21-600x768.jpeg"},"post-featured-image":{"file":"WhatsApp-Image-2023-01-09-at-14.05.54-21-1024x720.jpeg","width":1024,"height":720,"mime-type":"image\/jpeg","filesize":140852,"url":"https:\/\/360mallorcaproperty.com\/wp-content\/uploads\/2023\/01\/WhatsApp-Image-2023-01-09-at-14.05.54-21-1024x720.jpeg"}},"image_meta":{"aperture":"0","credit":"","camera":"","caption":"","created_timestamp":"0","copyright":"","focal_length":"0","iso":"0","shutter_speed":"0","title":"","orientation":"0","keywords":[]},"ID":"17778","name":"WhatsApp-Image-2023-01-09-at-14.05.54-21.jpeg","path":"\/home\/mallorcaproperty\/public_html\/wp-content\/uploads\/2023\/01\/WhatsApp-Image-2023-01-09-at-14.05.54-21.jpeg","url":"https:\/\/360mallorcaproperty.com\/wp-content\/uploads\/2023\/01\/WhatsApp-Image-2023-01-09-at-14.05.54-21-150x150.jpeg","full_url":"https:\/\/360mallorcaproperty.com\/wp-content\/uploads\/2023\/01\/WhatsApp-Image-2023-01-09-at-14.05.54-21.jpeg","title":"WhatsApp Image 2023-01-09 at 14.05.54 (21)","caption":"","description":"","alt":"","srcset":"https:\/\/360mallorcaproperty.com\/wp-content\/uploads\/2023\/01\/WhatsApp-Image-2023-01-09-at-14.05.54-21-150x150.jpeg 150w, https:\/\/360mallorcaproperty.com\/wp-content\/uploads\/2023\/01\/WhatsApp-Image-2023-01-09-at-14.05.54-21-210x210.jpeg 210w"},{"width":150,"height":150,"file":"2023\/01\/WhatsApp-Image-2023-01-09-at-14.05.54-20.jpeg","filesize":201392,"sizes":{"medium":{"file":"WhatsApp-Image-2023-01-09-at-14.05.54-20-300x225.jpeg","width":300,"height":225,"mime-type":"image\/jpeg","filesize":24203,"url":"https:\/\/360mallorcaproperty.com\/wp-content\/uploads\/2023\/01\/WhatsApp-Image-2023-01-09-at-14.05.54-20-300x225.jpeg"},"thumbnail":{"file":"WhatsApp-Image-2023-01-09-at-14.05.54-20-150x150.jpeg","width":150,"height":150,"mime-type":"image\/jpeg","filesize":9045,"url":"https:\/\/360mallorcaproperty.com\/wp-content\/uploads\/2023\/01\/WhatsApp-Image-2023-01-09-at-14.05.54-20-150x150.jpeg"},"medium_large":{"file":"WhatsApp-Image-2023-01-09-at-14.05.54-20-768x576.jpeg","width":768,"height":576,"mime-type":"image\/jpeg","filesize":138055,"url":"https:\/\/360mallorcaproperty.com\/wp-content\/uploads\/2023\/01\/WhatsApp-Image-2023-01-09-at-14.05.54-20-768x576.jpeg"},"post-thumbnail":{"file":"WhatsApp-Image-2023-01-09-at-14.05.54-20-150x113.jpeg","width":150,"height":113,"mime-type":"image\/jpeg","filesize":7002,"url":"https:\/\/360mallorcaproperty.com\/wp-content\/uploads\/2023\/01\/WhatsApp-Image-2023-01-09-at-14.05.54-20-150x113.jpeg"},"modern-property-child-slider":{"file":"WhatsApp-Image-2023-01-09-at-14.05.54-20-680x510.jpeg","width":680,"height":510,"mime-type":"image\/jpeg","filesize":110030,"url":"https:\/\/360mallorcaproperty.com\/wp-content\/uploads\/2023\/01\/WhatsApp-Image-2023-01-09-at-14.05.54-20-680x510.jpeg"},"property-thumb-image":{"file":"WhatsApp-Image-2023-01-09-at-14.05.54-20-488x326.jpeg","width":488,"height":326,"mime-type":"image\/jpeg","filesize":53428,"url":"https:\/\/360mallorcaproperty.com\/wp-content\/uploads\/2023\/01\/WhatsApp-Image-2023-01-09-at-14.05.54-20-488x326.jpeg"},"property-detail-video-image":{"file":"WhatsApp-Image-2023-01-09-at-14.05.54-20-818x417.jpeg","width":818,"height":417,"mime-type":"image\/jpeg","filesize":107030,"url":"https:\/\/360mallorcaproperty.com\/wp-content\/uploads\/2023\/01\/WhatsApp-Image-2023-01-09-at-14.05.54-20-818x417.jpeg"},"agent-image":{"file":"WhatsApp-Image-2023-01-09-at-14.05.54-20-210x210.jpeg","width":210,"height":210,"mime-type":"image\/jpeg","filesize":16672,"url":"https:\/\/360mallorcaproperty.com\/wp-content\/uploads\/2023\/01\/WhatsApp-Image-2023-01-09-at-14.05.54-20-210x210.jpeg"},"partners-logo":{"file":"WhatsApp-Image-2023-01-09-at-14.05.54-20-600x768.jpeg","width":600,"height":768,"mime-type":"image\/jpeg","filesize":143924,"url":"https:\/\/360mallorcaproperty.com\/wp-content\/uploads\/2023\/01\/WhatsApp-Image-2023-01-09-at-14.05.54-20-600x768.jpeg"},"post-featured-image":{"file":"WhatsApp-Image-2023-01-09-at-14.05.54-20-1024x720.jpeg","width":1024,"height":720,"mime-type":"image\/jpeg","filesize":218480,"url":"https:\/\/360mallorcaproperty.com\/wp-content\/uploads\/2023\/01\/WhatsApp-Image-2023-01-09-at-14.05.54-20-1024x720.jpeg"}},"image_meta":{"aperture":"0","credit":"","camera":"","caption":"","created_timestamp":"0","copyright":"","focal_length":"0","iso":"0","shutter_speed":"0","title":"","orientation":"0","keywords":[]},"ID":"17781","name":"WhatsApp-Image-2023-01-09-at-14.05.54-20.jpeg","path":"\/home\/mallorcaproperty\/public_html\/wp-content\/uploads\/2023\/01\/WhatsApp-Image-2023-01-09-at-14.05.54-20.jpeg","url":"https:\/\/360mallorcaproperty.com\/wp-content\/uploads\/2023\/01\/WhatsApp-Image-2023-01-09-at-14.05.54-20-150x150.jpeg","full_url":"https:\/\/360mallorcaproperty.com\/wp-content\/uploads\/2023\/01\/WhatsApp-Image-2023-01-09-at-14.05.54-20.jpeg","title":"WhatsApp Image 2023-01-09 at 14.05.54 (20)","caption":"","description":"","alt":"","srcset":"https:\/\/360mallorcaproperty.com\/wp-content\/uploads\/2023\/01\/WhatsApp-Image-2023-01-09-at-14.05.54-20-150x150.jpeg 150w, https:\/\/360mallorcaproperty.com\/wp-content\/uploads\/2023\/01\/WhatsApp-Image-2023-01-09-at-14.05.54-20-210x210.jpeg 210w"},{"width":150,"height":150,"file":"2023\/01\/WhatsApp-Image-2023-01-09-at-14.05.54-19.jpeg","filesize":171635,"sizes":{"medium":{"file":"WhatsApp-Image-2023-01-09-at-14.05.54-19-300x225.jpeg","width":300,"height":225,"mime-type":"image\/jpeg","filesize":20184,"url":"https:\/\/360mallorcaproperty.com\/wp-content\/uploads\/2023\/01\/WhatsApp-Image-2023-01-09-at-14.05.54-19-300x225.jpeg"},"thumbnail":{"file":"WhatsApp-Image-2023-01-09-at-14.05.54-19-150x150.jpeg","width":150,"height":150,"mime-type":"image\/jpeg","filesize":7817,"url":"https:\/\/360mallorcaproperty.com\/wp-content\/uploads\/2023\/01\/WhatsApp-Image-2023-01-09-at-14.05.54-19-150x150.jpeg"},"medium_large":{"file":"WhatsApp-Image-2023-01-09-at-14.05.54-19-768x576.jpeg","width":768,"height":576,"mime-type":"image\/jpeg","filesize":115896,"url":"https:\/\/360mallorcaproperty.com\/wp-content\/uploads\/2023\/01\/WhatsApp-Image-2023-01-09-at-14.05.54-19-768x576.jpeg"},"post-thumbnail":{"file":"WhatsApp-Image-2023-01-09-at-14.05.54-19-150x113.jpeg","width":150,"height":113,"mime-type":"image\/jpeg","filesize":6068,"url":"https:\/\/360mallorcaproperty.com\/wp-content\/uploads\/2023\/01\/WhatsApp-Image-2023-01-09-at-14.05.54-19-150x113.jpeg"},"modern-property-child-slider":{"file":"WhatsApp-Image-2023-01-09-at-14.05.54-19-680x510.jpeg","width":680,"height":510,"mime-type":"image\/jpeg","filesize":92054,"url":"https:\/\/360mallorcaproperty.com\/wp-content\/uploads\/2023\/01\/WhatsApp-Image-2023-01-09-at-14.05.54-19-680x510.jpeg"},"property-thumb-image":{"file":"WhatsApp-Image-2023-01-09-at-14.05.54-19-488x326.jpeg","width":488,"height":326,"mime-type":"image\/jpeg","filesize":43537,"url":"https:\/\/360mallorcaproperty.com\/wp-content\/uploads\/2023\/01\/WhatsApp-Image-2023-01-09-at-14.05.54-19-488x326.jpeg"},"property-detail-video-image":{"file":"WhatsApp-Image-2023-01-09-at-14.05.54-19-818x417.jpeg","width":818,"height":417,"mime-type":"image\/jpeg","filesize":82305,"url":"https:\/\/360mallorcaproperty.com\/wp-content\/uploads\/2023\/01\/WhatsApp-Image-2023-01-09-at-14.05.54-19-818x417.jpeg"},"agent-image":{"file":"WhatsApp-Image-2023-01-09-at-14.05.54-19-210x210.jpeg","width":210,"height":210,"mime-type":"image\/jpeg","filesize":14149,"url":"https:\/\/360mallorcaproperty.com\/wp-content\/uploads\/2023\/01\/WhatsApp-Image-2023-01-09-at-14.05.54-19-210x210.jpeg"},"partners-logo":{"file":"WhatsApp-Image-2023-01-09-at-14.05.54-19-600x768.jpeg","width":600,"height":768,"mime-type":"image\/jpeg","filesize":132559,"url":"https:\/\/360mallorcaproperty.com\/wp-content\/uploads\/2023\/01\/WhatsApp-Image-2023-01-09-at-14.05.54-19-600x768.jpeg"},"post-featured-image":{"file":"WhatsApp-Image-2023-01-09-at-14.05.54-19-1024x720.jpeg","width":1024,"height":720,"mime-type":"image\/jpeg","filesize":182776,"url":"https:\/\/360mallorcaproperty.com\/wp-content\/uploads\/2023\/01\/WhatsApp-Image-2023-01-09-at-14.05.54-19-1024x720.jpeg"}},"image_meta":{"aperture":"0","credit":"","camera":"","caption":"","created_timestamp":"0","copyright":"","focal_length":"0","iso":"0","shutter_speed":"0","title":"","orientation":"0","keywords":[]},"ID":"17784","name":"WhatsApp-Image-2023-01-09-at-14.05.54-19.jpeg","path":"\/home\/mallorcaproperty\/public_html\/wp-content\/uploads\/2023\/01\/WhatsApp-Image-2023-01-09-at-14.05.54-19.jpeg","url":"https:\/\/360mallorcaproperty.com\/wp-content\/uploads\/2023\/01\/WhatsApp-Image-2023-01-09-at-14.05.54-19-150x150.jpeg","full_url":"https:\/\/360mallorcaproperty.com\/wp-content\/uploads\/2023\/01\/WhatsApp-Image-2023-01-09-at-14.05.54-19.jpeg","title":"WhatsApp Image 2023-01-09 at 14.05.54 (19)","caption":"","description":"","alt":"","srcset":"https:\/\/360mallorcaproperty.com\/wp-content\/uploads\/2023\/01\/WhatsApp-Image-2023-01-09-at-14.05.54-19-150x150.jpeg 150w, https:\/\/360mallorcaproperty.com\/wp-content\/uploads\/2023\/01\/WhatsApp-Image-2023-01-09-at-14.05.54-19-210x210.jpeg 210w"},{"width":150,"height":150,"file":"2023\/01\/WhatsApp-Image-2023-01-09-at-14.05.54-18.jpeg","filesize":266713,"sizes":{"medium":{"file":"WhatsApp-Image-2023-01-09-at-14.05.54-18-300x225.jpeg","width":300,"height":225,"mime-type":"image\/jpeg","filesize":26743,"url":"https:\/\/360mallorcaproperty.com\/wp-content\/uploads\/2023\/01\/WhatsApp-Image-2023-01-09-at-14.05.54-18-300x225.jpeg"},"thumbnail":{"file":"WhatsApp-Image-2023-01-09-at-14.05.54-18-150x150.jpeg","width":150,"height":150,"mime-type":"image\/jpeg","filesize":9225,"url":"https:\/\/360mallorcaproperty.com\/wp-content\/uploads\/2023\/01\/WhatsApp-Image-2023-01-09-at-14.05.54-18-150x150.jpeg"},"medium_large":{"file":"WhatsApp-Image-2023-01-09-at-14.05.54-18-768x576.jpeg","width":768,"height":576,"mime-type":"image\/jpeg","filesize":175785,"url":"https:\/\/360mallorcaproperty.com\/wp-content\/uploads\/2023\/01\/WhatsApp-Image-2023-01-09-at-14.05.54-18-768x576.jpeg"},"post-thumbnail":{"file":"WhatsApp-Image-2023-01-09-at-14.05.54-18-150x113.jpeg","width":150,"height":113,"mime-type":"image\/jpeg","filesize":7046,"url":"https:\/\/360mallorcaproperty.com\/wp-content\/uploads\/2023\/01\/WhatsApp-Image-2023-01-09-at-14.05.54-18-150x113.jpeg"},"modern-property-child-slider":{"file":"WhatsApp-Image-2023-01-09-at-14.05.54-18-680x510.jpeg","width":680,"height":510,"mime-type":"image\/jpeg","filesize":138031,"url":"https:\/\/360mallorcaproperty.com\/wp-content\/uploads\/2023\/01\/WhatsApp-Image-2023-01-09-at-14.05.54-18-680x510.jpeg"},"property-thumb-image":{"file":"WhatsApp-Image-2023-01-09-at-14.05.54-18-488x326.jpeg","width":488,"height":326,"mime-type":"image\/jpeg","filesize":63167,"url":"https:\/\/360mallorcaproperty.com\/wp-content\/uploads\/2023\/01\/WhatsApp-Image-2023-01-09-at-14.05.54-18-488x326.jpeg"},"property-detail-video-image":{"file":"WhatsApp-Image-2023-01-09-at-14.05.54-18-818x417.jpeg","width":818,"height":417,"mime-type":"image\/jpeg","filesize":127191,"url":"https:\/\/360mallorcaproperty.com\/wp-content\/uploads\/2023\/01\/WhatsApp-Image-2023-01-09-at-14.05.54-18-818x417.jpeg"},"agent-image":{"file":"WhatsApp-Image-2023-01-09-at-14.05.54-18-210x210.jpeg","width":210,"height":210,"mime-type":"image\/jpeg","filesize":17915,"url":"https:\/\/360mallorcaproperty.com\/wp-content\/uploads\/2023\/01\/WhatsApp-Image-2023-01-09-at-14.05.54-18-210x210.jpeg"},"partners-logo":{"file":"WhatsApp-Image-2023-01-09-at-14.05.54-18-600x768.jpeg","width":600,"height":768,"mime-type":"image\/jpeg","filesize":197407,"url":"https:\/\/360mallorcaproperty.com\/wp-content\/uploads\/2023\/01\/WhatsApp-Image-2023-01-09-at-14.05.54-18-600x768.jpeg"},"post-featured-image":{"file":"WhatsApp-Image-2023-01-09-at-14.05.54-18-1024x720.jpeg","width":1024,"height":720,"mime-type":"image\/jpeg","filesize":290165,"url":"https:\/\/360mallorcaproperty.com\/wp-content\/uploads\/2023\/01\/WhatsApp-Image-2023-01-09-at-14.05.54-18-1024x720.jpeg"}},"image_meta":{"aperture":"0","credit":"","camera":"","caption":"","created_timestamp":"0","copyright":"","focal_length":"0","iso":"0","shutter_speed":"0","title":"","orientation":"0","keywords":[]},"ID":"17787","name":"WhatsApp-Image-2023-01-09-at-14.05.54-18.jpeg","path":"\/home\/mallorcaproperty\/public_html\/wp-content\/uploads\/2023\/01\/WhatsApp-Image-2023-01-09-at-14.05.54-18.jpeg","url":"https:\/\/360mallorcaproperty.com\/wp-content\/uploads\/2023\/01\/WhatsApp-Image-2023-01-09-at-14.05.54-18-150x150.jpeg","full_url":"https:\/\/360mallorcaproperty.com\/wp-content\/uploads\/2023\/01\/WhatsApp-Image-2023-01-09-at-14.05.54-18.jpeg","title":"WhatsApp Image 2023-01-09 at 14.05.54 (18)","caption":"","description":"","alt":"","srcset":"https:\/\/360mallorcaproperty.com\/wp-content\/uploads\/2023\/01\/WhatsApp-Image-2023-01-09-at-14.05.54-18-150x150.jpeg 150w, https:\/\/360mallorcaproperty.com\/wp-content\/uploads\/2023\/01\/WhatsApp-Image-2023-01-09-at-14.05.54-18-210x210.jpeg 210w"},{"width":150,"height":150,"file":"2023\/01\/WhatsApp-Image-2023-01-09-at-14.05.54-17.jpeg","filesize":178133,"sizes":{"medium":{"file":"WhatsApp-Image-2023-01-09-at-14.05.54-17-300x225.jpeg","width":300,"height":225,"mime-type":"image\/jpeg","filesize":19547,"url":"https:\/\/360mallorcaproperty.com\/wp-content\/uploads\/2023\/01\/WhatsApp-Image-2023-01-09-at-14.05.54-17-300x225.jpeg"},"thumbnail":{"file":"WhatsApp-Image-2023-01-09-at-14.05.54-17-150x150.jpeg","width":150,"height":150,"mime-type":"image\/jpeg","filesize":7184,"url":"https:\/\/360mallorcaproperty.com\/wp-content\/uploads\/2023\/01\/WhatsApp-Image-2023-01-09-at-14.05.54-17-150x150.jpeg"},"medium_large":{"file":"WhatsApp-Image-2023-01-09-at-14.05.54-17-768x576.jpeg","width":768,"height":576,"mime-type":"image\/jpeg","filesize":119147,"url":"https:\/\/360mallorcaproperty.com\/wp-content\/uploads\/2023\/01\/WhatsApp-Image-2023-01-09-at-14.05.54-17-768x576.jpeg"},"post-thumbnail":{"file":"WhatsApp-Image-2023-01-09-at-14.05.54-17-150x113.jpeg","width":150,"height":113,"mime-type":"image\/jpeg","filesize":5681,"url":"https:\/\/360mallorcaproperty.com\/wp-content\/uploads\/2023\/01\/WhatsApp-Image-2023-01-09-at-14.05.54-17-150x113.jpeg"},"modern-property-child-slider":{"file":"WhatsApp-Image-2023-01-09-at-14.05.54-17-680x510.jpeg","width":680,"height":510,"mime-type":"image\/jpeg","filesize":94095,"url":"https:\/\/360mallorcaproperty.com\/wp-content\/uploads\/2023\/01\/WhatsApp-Image-2023-01-09-at-14.05.54-17-680x510.jpeg"},"property-thumb-image":{"file":"WhatsApp-Image-2023-01-09-at-14.05.54-17-488x326.jpeg","width":488,"height":326,"mime-type":"image\/jpeg","filesize":45156,"url":"https:\/\/360mallorcaproperty.com\/wp-content\/uploads\/2023\/01\/WhatsApp-Image-2023-01-09-at-14.05.54-17-488x326.jpeg"},"property-detail-video-image":{"file":"WhatsApp-Image-2023-01-09-at-14.05.54-17-818x417.jpeg","width":818,"height":417,"mime-type":"image\/jpeg","filesize":93093,"url":"https:\/\/360mallorcaproperty.com\/wp-content\/uploads\/2023\/01\/WhatsApp-Image-2023-01-09-at-14.05.54-17-818x417.jpeg"},"agent-image":{"file":"WhatsApp-Image-2023-01-09-at-14.05.54-17-210x210.jpeg","width":210,"height":210,"mime-type":"image\/jpeg","filesize":13538,"url":"https:\/\/360mallorcaproperty.com\/wp-content\/uploads\/2023\/01\/WhatsApp-Image-2023-01-09-at-14.05.54-17-210x210.jpeg"},"partners-logo":{"file":"WhatsApp-Image-2023-01-09-at-14.05.54-17-600x768.jpeg","width":600,"height":768,"mime-type":"image\/jpeg","filesize":136955,"url":"https:\/\/360mallorcaproperty.com\/wp-content\/uploads\/2023\/01\/WhatsApp-Image-2023-01-09-at-14.05.54-17-600x768.jpeg"},"post-featured-image":{"file":"WhatsApp-Image-2023-01-09-at-14.05.54-17-1024x720.jpeg","width":1024,"height":720,"mime-type":"image\/jpeg","filesize":194456,"url":"https:\/\/360mallorcaproperty.com\/wp-content\/uploads\/2023\/01\/WhatsApp-Image-2023-01-09-at-14.05.54-17-1024x720.jpeg"}},"image_meta":{"aperture":"0","credit":"","camera":"","caption":"","created_timestamp":"0","copyright":"","focal_length":"0","iso":"0","shutter_speed":"0","title":"","orientation":"0","keywords":[]},"ID":"17790","name":"WhatsApp-Image-2023-01-09-at-14.05.54-17.jpeg","path":"\/home\/mallorcaproperty\/public_html\/wp-content\/uploads\/2023\/01\/WhatsApp-Image-2023-01-09-at-14.05.54-17.jpeg","url":"https:\/\/360mallorcaproperty.com\/wp-content\/uploads\/2023\/01\/WhatsApp-Image-2023-01-09-at-14.05.54-17-150x150.jpeg","full_url":"https:\/\/360mallorcaproperty.com\/wp-content\/uploads\/2023\/01\/WhatsApp-Image-2023-01-09-at-14.05.54-17.jpeg","title":"WhatsApp Image 2023-01-09 at 14.05.54 (17)","caption":"","description":"","alt":"","srcset":"https:\/\/360mallorcaproperty.com\/wp-content\/uploads\/2023\/01\/WhatsApp-Image-2023-01-09-at-14.05.54-17-150x150.jpeg 150w, https:\/\/360mallorcaproperty.com\/wp-content\/uploads\/2023\/01\/WhatsApp-Image-2023-01-09-at-14.05.54-17-210x210.jpeg 210w"},{"width":150,"height":150,"file":"2023\/01\/WhatsApp-Image-2023-01-09-at-14.05.54-16.jpeg","filesize":137146,"sizes":{"medium":{"file":"WhatsApp-Image-2023-01-09-at-14.05.54-16-300x169.jpeg","width":300,"height":169,"mime-type":"image\/jpeg","filesize":15058,"url":"https:\/\/360mallorcaproperty.com\/wp-content\/uploads\/2023\/01\/WhatsApp-Image-2023-01-09-at-14.05.54-16-300x169.jpeg"},"thumbnail":{"file":"WhatsApp-Image-2023-01-09-at-14.05.54-16-150x150.jpeg","width":150,"height":150,"mime-type":"image\/jpeg","filesize":7379,"url":"https:\/\/360mallorcaproperty.com\/wp-content\/uploads\/2023\/01\/WhatsApp-Image-2023-01-09-at-14.05.54-16-150x150.jpeg"},"medium_large":{"file":"WhatsApp-Image-2023-01-09-at-14.05.54-16-768x432.jpeg","width":768,"height":432,"mime-type":"image\/jpeg","filesize":91991,"url":"https:\/\/360mallorcaproperty.com\/wp-content\/uploads\/2023\/01\/WhatsApp-Image-2023-01-09-at-14.05.54-16-768x432.jpeg"},"post-thumbnail":{"file":"WhatsApp-Image-2023-01-09-at-14.05.54-16-150x84.jpeg","width":150,"height":84,"mime-type":"image\/jpeg","filesize":4343,"url":"https:\/\/360mallorcaproperty.com\/wp-content\/uploads\/2023\/01\/WhatsApp-Image-2023-01-09-at-14.05.54-16-150x84.jpeg"},"modern-property-child-slider":{"file":"WhatsApp-Image-2023-01-09-at-14.05.54-16-680x510.jpeg","width":680,"height":510,"mime-type":"image\/jpeg","filesize":94046,"url":"https:\/\/360mallorcaproperty.com\/wp-content\/uploads\/2023\/01\/WhatsApp-Image-2023-01-09-at-14.05.54-16-680x510.jpeg"},"property-thumb-image":{"file":"WhatsApp-Image-2023-01-09-at-14.05.54-16-488x326.jpeg","width":488,"height":326,"mime-type":"image\/jpeg","filesize":46146,"url":"https:\/\/360mallorcaproperty.com\/wp-content\/uploads\/2023\/01\/WhatsApp-Image-2023-01-09-at-14.05.54-16-488x326.jpeg"},"property-detail-video-image":{"file":"WhatsApp-Image-2023-01-09-at-14.05.54-16-818x417.jpeg","width":818,"height":417,"mime-type":"image\/jpeg","filesize":92504,"url":"https:\/\/360mallorcaproperty.com\/wp-content\/uploads\/2023\/01\/WhatsApp-Image-2023-01-09-at-14.05.54-16-818x417.jpeg"},"agent-image":{"file":"WhatsApp-Image-2023-01-09-at-14.05.54-16-210x210.jpeg","width":210,"height":210,"mime-type":"image\/jpeg","filesize":13841,"url":"https:\/\/360mallorcaproperty.com\/wp-content\/uploads\/2023\/01\/WhatsApp-Image-2023-01-09-at-14.05.54-16-210x210.jpeg"},"partners-logo":{"file":"WhatsApp-Image-2023-01-09-at-14.05.54-16-600x576.jpeg","width":600,"height":576,"mime-type":"image\/jpeg","filesize":106314,"url":"https:\/\/360mallorcaproperty.com\/wp-content\/uploads\/2023\/01\/WhatsApp-Image-2023-01-09-at-14.05.54-16-600x576.jpeg"}},"image_meta":{"aperture":"0","credit":"","camera":"","caption":"","created_timestamp":"0","copyright":"","focal_length":"0","iso":"0","shutter_speed":"0","title":"","orientation":"0","keywords":[]},"ID":"17793","name":"WhatsApp-Image-2023-01-09-at-14.05.54-16.jpeg","path":"\/home\/mallorcaproperty\/public_html\/wp-content\/uploads\/2023\/01\/WhatsApp-Image-2023-01-09-at-14.05.54-16.jpeg","url":"https:\/\/360mallorcaproperty.com\/wp-content\/uploads\/2023\/01\/WhatsApp-Image-2023-01-09-at-14.05.54-16-150x150.jpeg","full_url":"https:\/\/360mallorcaproperty.com\/wp-content\/uploads\/2023\/01\/WhatsApp-Image-2023-01-09-at-14.05.54-16.jpeg","title":"WhatsApp Image 2023-01-09 at 14.05.54 (16)","caption":"","description":"","alt":"","srcset":"https:\/\/360mallorcaproperty.com\/wp-content\/uploads\/2023\/01\/WhatsApp-Image-2023-01-09-at-14.05.54-16-150x150.jpeg 150w, https:\/\/360mallorcaproperty.com\/wp-content\/uploads\/2023\/01\/WhatsApp-Image-2023-01-09-at-14.05.54-16-210x210.jpeg 210w"},{"width":150,"height":150,"file":"2023\/01\/WhatsApp-Image-2023-01-09-at-14.05.54-15.jpeg","filesize":114589,"sizes":{"medium":{"file":"WhatsApp-Image-2023-01-09-at-14.05.54-15-300x169.jpeg","width":300,"height":169,"mime-type":"image\/jpeg","filesize":15322,"url":"https:\/\/360mallorcaproperty.com\/wp-content\/uploads\/2023\/01\/WhatsApp-Image-2023-01-09-at-14.05.54-15-300x169.jpeg"},"thumbnail":{"file":"WhatsApp-Image-2023-01-09-at-14.05.54-15-150x150.jpeg","width":150,"height":150,"mime-type":"image\/jpeg","filesize":7156,"url":"https:\/\/360mallorcaproperty.com\/wp-content\/uploads\/2023\/01\/WhatsApp-Image-2023-01-09-at-14.05.54-15-150x150.jpeg"},"medium_large":{"file":"WhatsApp-Image-2023-01-09-at-14.05.54-15-768x432.jpeg","width":768,"height":432,"mime-type":"image\/jpeg","filesize":78930,"url":"https:\/\/360mallorcaproperty.com\/wp-content\/uploads\/2023\/01\/WhatsApp-Image-2023-01-09-at-14.05.54-15-768x432.jpeg"},"post-thumbnail":{"file":"WhatsApp-Image-2023-01-09-at-14.05.54-15-150x84.jpeg","width":150,"height":84,"mime-type":"image\/jpeg","filesize":5006,"url":"https:\/\/360mallorcaproperty.com\/wp-content\/uploads\/2023\/01\/WhatsApp-Image-2023-01-09-at-14.05.54-15-150x84.jpeg"},"modern-property-child-slider":{"file":"WhatsApp-Image-2023-01-09-at-14.05.54-15-680x510.jpeg","width":680,"height":510,"mime-type":"image\/jpeg","filesize":74365,"url":"https:\/\/360mallorcaproperty.com\/wp-content\/uploads\/2023\/01\/WhatsApp-Image-2023-01-09-at-14.05.54-15-680x510.jpeg"},"property-thumb-image":{"file":"WhatsApp-Image-2023-01-09-at-14.05.54-15-488x326.jpeg","width":488,"height":326,"mime-type":"image\/jpeg","filesize":39613,"url":"https:\/\/360mallorcaproperty.com\/wp-content\/uploads\/2023\/01\/WhatsApp-Image-2023-01-09-at-14.05.54-15-488x326.jpeg"},"property-detail-video-image":{"file":"WhatsApp-Image-2023-01-09-at-14.05.54-15-818x417.jpeg","width":818,"height":417,"mime-type":"image\/jpeg","filesize":81891,"url":"https:\/\/360mallorcaproperty.com\/wp-content\/uploads\/2023\/01\/WhatsApp-Image-2023-01-09-at-14.05.54-15-818x417.jpeg"},"agent-image":{"file":"WhatsApp-Image-2023-01-09-at-14.05.54-15-210x210.jpeg","width":210,"height":210,"mime-type":"image\/jpeg","filesize":12647,"url":"https:\/\/360mallorcaproperty.com\/wp-content\/uploads\/2023\/01\/WhatsApp-Image-2023-01-09-at-14.05.54-15-210x210.jpeg"},"partners-logo":{"file":"WhatsApp-Image-2023-01-09-at-14.05.54-15-600x576.jpeg","width":600,"height":576,"mime-type":"image\/jpeg","filesize":77729,"url":"https:\/\/360mallorcaproperty.com\/wp-content\/uploads\/2023\/01\/WhatsApp-Image-2023-01-09-at-14.05.54-15-600x576.jpeg"}},"image_meta":{"aperture":"0","credit":"","camera":"","caption":"","created_timestamp":"0","copyright":"","focal_length":"0","iso":"0","shutter_speed":"0","title":"","orientation":"0","keywords":[]},"ID":"17796","name":"WhatsApp-Image-2023-01-09-at-14.05.54-15.jpeg","path":"\/home\/mallorcaproperty\/public_html\/wp-content\/uploads\/2023\/01\/WhatsApp-Image-2023-01-09-at-14.05.54-15.jpeg","url":"https:\/\/360mallorcaproperty.com\/wp-content\/uploads\/2023\/01\/WhatsApp-Image-2023-01-09-at-14.05.54-15-150x150.jpeg","full_url":"https:\/\/360mallorcaproperty.com\/wp-content\/uploads\/2023\/01\/WhatsApp-Image-2023-01-09-at-14.05.54-15.jpeg","title":"WhatsApp Image 2023-01-09 at 14.05.54 (15)","caption":"","description":"","alt":"","srcset":"https:\/\/360mallorcaproperty.com\/wp-content\/uploads\/2023\/01\/WhatsApp-Image-2023-01-09-at-14.05.54-15-150x150.jpeg 150w, https:\/\/360mallorcaproperty.com\/wp-content\/uploads\/2023\/01\/WhatsApp-Image-2023-01-09-at-14.05.54-15-210x210.jpeg 210w"},{"width":150,"height":150,"file":"2023\/01\/WhatsApp-Image-2023-01-09-at-14.05.54-14.jpeg","filesize":120808,"sizes":{"medium":{"file":"WhatsApp-Image-2023-01-09-at-14.05.54-14-300x169.jpeg","width":300,"height":169,"mime-type":"image\/jpeg","filesize":14086,"url":"https:\/\/360mallorcaproperty.com\/wp-content\/uploads\/2023\/01\/WhatsApp-Image-2023-01-09-at-14.05.54-14-300x169.jpeg"},"thumbnail":{"file":"WhatsApp-Image-2023-01-09-at-14.05.54-14-150x150.jpeg","width":150,"height":150,"mime-type":"image\/jpeg","filesize":6759,"url":"https:\/\/360mallorcaproperty.com\/wp-content\/uploads\/2023\/01\/WhatsApp-Image-2023-01-09-at-14.05.54-14-150x150.jpeg"},"medium_large":{"file":"WhatsApp-Image-2023-01-09-at-14.05.54-14-768x432.jpeg","width":768,"height":432,"mime-type":"image\/jpeg","filesize":82065,"url":"https:\/\/360mallorcaproperty.com\/wp-content\/uploads\/2023\/01\/WhatsApp-Image-2023-01-09-at-14.05.54-14-768x432.jpeg"},"post-thumbnail":{"file":"WhatsApp-Image-2023-01-09-at-14.05.54-14-150x84.jpeg","width":150,"height":84,"mime-type":"image\/jpeg","filesize":4246,"url":"https:\/\/360mallorcaproperty.com\/wp-content\/uploads\/2023\/01\/WhatsApp-Image-2023-01-09-at-14.05.54-14-150x84.jpeg"},"modern-property-child-slider":{"file":"WhatsApp-Image-2023-01-09-at-14.05.54-14-680x510.jpeg","width":680,"height":510,"mime-type":"image\/jpeg","filesize":83329,"url":"https:\/\/360mallorcaproperty.com\/wp-content\/uploads\/2023\/01\/WhatsApp-Image-2023-01-09-at-14.05.54-14-680x510.jpeg"},"property-thumb-image":{"file":"WhatsApp-Image-2023-01-09-at-14.05.54-14-488x326.jpeg","width":488,"height":326,"mime-type":"image\/jpeg","filesize":41458,"url":"https:\/\/360mallorcaproperty.com\/wp-content\/uploads\/2023\/01\/WhatsApp-Image-2023-01-09-at-14.05.54-14-488x326.jpeg"},"property-detail-video-image":{"file":"WhatsApp-Image-2023-01-09-at-14.05.54-14-818x417.jpeg","width":818,"height":417,"mime-type":"image\/jpeg","filesize":82430,"url":"https:\/\/360mallorcaproperty.com\/wp-content\/uploads\/2023\/01\/WhatsApp-Image-2023-01-09-at-14.05.54-14-818x417.jpeg"},"agent-image":{"file":"WhatsApp-Image-2023-01-09-at-14.05.54-14-210x210.jpeg","width":210,"height":210,"mime-type":"image\/jpeg","filesize":12809,"url":"https:\/\/360mallorcaproperty.com\/wp-content\/uploads\/2023\/01\/WhatsApp-Image-2023-01-09-at-14.05.54-14-210x210.jpeg"},"partners-logo":{"file":"WhatsApp-Image-2023-01-09-at-14.05.54-14-600x576.jpeg","width":600,"height":576,"mime-type":"image\/jpeg","filesize":93597,"url":"https:\/\/360mallorcaproperty.com\/wp-content\/uploads\/2023\/01\/WhatsApp-Image-2023-01-09-at-14.05.54-14-600x576.jpeg"}},"image_meta":{"aperture":"0","credit":"","camera":"","caption":"","created_timestamp":"0","copyright":"","focal_length":"0","iso":"0","shutter_speed":"0","title":"","orientation":"0","keywords":[]},"ID":"17799","name":"WhatsApp-Image-2023-01-09-at-14.05.54-14.jpeg","path":"\/home\/mallorcaproperty\/public_html\/wp-content\/uploads\/2023\/01\/WhatsApp-Image-2023-01-09-at-14.05.54-14.jpeg","url":"https:\/\/360mallorcaproperty.com\/wp-content\/uploads\/2023\/01\/WhatsApp-Image-2023-01-09-at-14.05.54-14-150x150.jpeg","full_url":"https:\/\/360mallorcaproperty.com\/wp-content\/uploads\/2023\/01\/WhatsApp-Image-2023-01-09-at-14.05.54-14.jpeg","title":"WhatsApp Image 2023-01-09 at 14.05.54 (14)","caption":"","description":"","alt":"","srcset":"https:\/\/360mallorcaproperty.com\/wp-content\/uploads\/2023\/01\/WhatsApp-Image-2023-01-09-at-14.05.54-14-150x150.jpeg 150w, https:\/\/360mallorcaproperty.com\/wp-content\/uploads\/2023\/01\/WhatsApp-Image-2023-01-09-at-14.05.54-14-210x210.jpeg 210w"},{"width":150,"height":150,"file":"2023\/01\/WhatsApp-Image-2023-01-09-at-14.05.54-13.jpeg","filesize":122349,"sizes":{"medium":{"file":"WhatsApp-Image-2023-01-09-at-14.05.54-13-300x169.jpeg","width":300,"height":169,"mime-type":"image\/jpeg","filesize":13981,"url":"https:\/\/360mallorcaproperty.com\/wp-content\/uploads\/2023\/01\/WhatsApp-Image-2023-01-09-at-14.05.54-13-300x169.jpeg"},"thumbnail":{"file":"WhatsApp-Image-2023-01-09-at-14.05.54-13-150x150.jpeg","width":150,"height":150,"mime-type":"image\/jpeg","filesize":6924,"url":"https:\/\/360mallorcaproperty.com\/wp-content\/uploads\/2023\/01\/WhatsApp-Image-2023-01-09-at-14.05.54-13-150x150.jpeg"},"medium_large":{"file":"WhatsApp-Image-2023-01-09-at-14.05.54-13-768x432.jpeg","width":768,"height":432,"mime-type":"image\/jpeg","filesize":82557,"url":"https:\/\/360mallorcaproperty.com\/wp-content\/uploads\/2023\/01\/WhatsApp-Image-2023-01-09-at-14.05.54-13-768x432.jpeg"},"post-thumbnail":{"file":"WhatsApp-Image-2023-01-09-at-14.05.54-13-150x84.jpeg","width":150,"height":84,"mime-type":"image\/jpeg","filesize":4200,"url":"https:\/\/360mallorcaproperty.com\/wp-content\/uploads\/2023\/01\/WhatsApp-Image-2023-01-09-at-14.05.54-13-150x84.jpeg"},"modern-property-child-slider":{"file":"WhatsApp-Image-2023-01-09-at-14.05.54-13-680x510.jpeg","width":680,"height":510,"mime-type":"image\/jpeg","filesize":84640,"url":"https:\/\/360mallorcaproperty.com\/wp-content\/uploads\/2023\/01\/WhatsApp-Image-2023-01-09-at-14.05.54-13-680x510.jpeg"},"property-thumb-image":{"file":"WhatsApp-Image-2023-01-09-at-14.05.54-13-488x326.jpeg","width":488,"height":326,"mime-type":"image\/jpeg","filesize":41597,"url":"https:\/\/360mallorcaproperty.com\/wp-content\/uploads\/2023\/01\/WhatsApp-Image-2023-01-09-at-14.05.54-13-488x326.jpeg"},"property-detail-video-image":{"file":"WhatsApp-Image-2023-01-09-at-14.05.54-13-818x417.jpeg","width":818,"height":417,"mime-type":"image\/jpeg","filesize":84205,"url":"https:\/\/360mallorcaproperty.com\/wp-content\/uploads\/2023\/01\/WhatsApp-Image-2023-01-09-at-14.05.54-13-818x417.jpeg"},"agent-image":{"file":"WhatsApp-Image-2023-01-09-at-14.05.54-13-210x210.jpeg","width":210,"height":210,"mime-type":"image\/jpeg","filesize":12938,"url":"https:\/\/360mallorcaproperty.com\/wp-content\/uploads\/2023\/01\/WhatsApp-Image-2023-01-09-at-14.05.54-13-210x210.jpeg"},"partners-logo":{"file":"WhatsApp-Image-2023-01-09-at-14.05.54-13-600x576.jpeg","width":600,"height":576,"mime-type":"image\/jpeg","filesize":97784,"url":"https:\/\/360mallorcaproperty.com\/wp-content\/uploads\/2023\/01\/WhatsApp-Image-2023-01-09-at-14.05.54-13-600x576.jpeg"}},"image_meta":{"aperture":"0","credit":"","camera":"","caption":"","created_timestamp":"0","copyright":"","focal_length":"0","iso":"0","shutter_speed":"0","title":"","orientation":"0","keywords":[]},"ID":"17802","name":"WhatsApp-Image-2023-01-09-at-14.05.54-13.jpeg","path":"\/home\/mallorcaproperty\/public_html\/wp-content\/uploads\/2023\/01\/WhatsApp-Image-2023-01-09-at-14.05.54-13.jpeg","url":"https:\/\/360mallorcaproperty.com\/wp-content\/uploads\/2023\/01\/WhatsApp-Image-2023-01-09-at-14.05.54-13-150x150.jpeg","full_url":"https:\/\/360mallorcaproperty.com\/wp-content\/uploads\/2023\/01\/WhatsApp-Image-2023-01-09-at-14.05.54-13.jpeg","title":"WhatsApp Image 2023-01-09 at 14.05.54 (13)","caption":"","description":"","alt":"","srcset":"https:\/\/360mallorcaproperty.com\/wp-content\/uploads\/2023\/01\/WhatsApp-Image-2023-01-09-at-14.05.54-13-150x150.jpeg 150w, https:\/\/360mallorcaproperty.com\/wp-content\/uploads\/2023\/01\/WhatsApp-Image-2023-01-09-at-14.05.54-13-210x210.jpeg 210w"},{"width":150,"height":150,"file":"2023\/01\/WhatsApp-Image-2023-01-09-at-14.05.54-11.jpeg","filesize":143646,"sizes":{"medium":{"file":"WhatsApp-Image-2023-01-09-at-14.05.54-11-300x169.jpeg","width":300,"height":169,"mime-type":"image\/jpeg","filesize":16285,"url":"https:\/\/360mallorcaproperty.com\/wp-content\/uploads\/2023\/01\/WhatsApp-Image-2023-01-09-at-14.05.54-11-300x169.jpeg"},"thumbnail":{"file":"WhatsApp-Image-2023-01-09-at-14.05.54-11-150x150.jpeg","width":150,"height":150,"mime-type":"image\/jpeg","filesize":6751,"url":"https:\/\/360mallorcaproperty.com\/wp-content\/uploads\/2023\/01\/WhatsApp-Image-2023-01-09-at-14.05.54-11-150x150.jpeg"},"medium_large":{"file":"WhatsApp-Image-2023-01-09-at-14.05.54-11-768x432.jpeg","width":768,"height":432,"mime-type":"image\/jpeg","filesize":97551,"url":"https:\/\/360mallorcaproperty.com\/wp-content\/uploads\/2023\/01\/WhatsApp-Image-2023-01-09-at-14.05.54-11-768x432.jpeg"},"post-thumbnail":{"file":"WhatsApp-Image-2023-01-09-at-14.05.54-11-150x84.jpeg","width":150,"height":84,"mime-type":"image\/jpeg","filesize":4653,"url":"https:\/\/360mallorcaproperty.com\/wp-content\/uploads\/2023\/01\/WhatsApp-Image-2023-01-09-at-14.05.54-11-150x84.jpeg"},"modern-property-child-slider":{"file":"WhatsApp-Image-2023-01-09-at-14.05.54-11-680x510.jpeg","width":680,"height":510,"mime-type":"image\/jpeg","filesize":88391,"url":"https:\/\/360mallorcaproperty.com\/wp-content\/uploads\/2023\/01\/WhatsApp-Image-2023-01-09-at-14.05.54-11-680x510.jpeg"},"property-thumb-image":{"file":"WhatsApp-Image-2023-01-09-at-14.05.54-11-488x326.jpeg","width":488,"height":326,"mime-type":"image\/jpeg","filesize":46364,"url":"https:\/\/360mallorcaproperty.com\/wp-content\/uploads\/2023\/01\/WhatsApp-Image-2023-01-09-at-14.05.54-11-488x326.jpeg"},"property-detail-video-image":{"file":"WhatsApp-Image-2023-01-09-at-14.05.54-11-818x417.jpeg","width":818,"height":417,"mime-type":"image\/jpeg","filesize":101706,"url":"https:\/\/360mallorcaproperty.com\/wp-content\/uploads\/2023\/01\/WhatsApp-Image-2023-01-09-at-14.05.54-11-818x417.jpeg"},"agent-image":{"file":"WhatsApp-Image-2023-01-09-at-14.05.54-11-210x210.jpeg","width":210,"height":210,"mime-type":"image\/jpeg","filesize":12588,"url":"https:\/\/360mallorcaproperty.com\/wp-content\/uploads\/2023\/01\/WhatsApp-Image-2023-01-09-at-14.05.54-11-210x210.jpeg"},"partners-logo":{"file":"WhatsApp-Image-2023-01-09-at-14.05.54-11-600x576.jpeg","width":600,"height":576,"mime-type":"image\/jpeg","filesize":90307,"url":"https:\/\/360mallorcaproperty.com\/wp-content\/uploads\/2023\/01\/WhatsApp-Image-2023-01-09-at-14.05.54-11-600x576.jpeg"}},"image_meta":{"aperture":"0","credit":"","camera":"","caption":"","created_timestamp":"0","copyright":"","focal_length":"0","iso":"0","shutter_speed":"0","title":"","orientation":"0","keywords":[]},"ID":"17808","name":"WhatsApp-Image-2023-01-09-at-14.05.54-11.jpeg","path":"\/home\/mallorcaproperty\/public_html\/wp-content\/uploads\/2023\/01\/WhatsApp-Image-2023-01-09-at-14.05.54-11.jpeg","url":"https:\/\/360mallorcaproperty.com\/wp-content\/uploads\/2023\/01\/WhatsApp-Image-2023-01-09-at-14.05.54-11-150x150.jpeg","full_url":"https:\/\/360mallorcaproperty.com\/wp-content\/uploads\/2023\/01\/WhatsApp-Image-2023-01-09-at-14.05.54-11.jpeg","title":"WhatsApp Image 2023-01-09 at 14.05.54 (11)","caption":"","description":"","alt":"","srcset":"https:\/\/360mallorcaproperty.com\/wp-content\/uploads\/2023\/01\/WhatsApp-Image-2023-01-09-at-14.05.54-11-150x150.jpeg 150w, https:\/\/360mallorcaproperty.com\/wp-content\/uploads\/2023\/01\/WhatsApp-Image-2023-01-09-at-14.05.54-11-210x210.jpeg 210w"},{"width":150,"height":150,"file":"2023\/01\/WhatsApp-Image-2023-01-09-at-14.05.54-10.jpeg","filesize":124211,"sizes":{"medium":{"file":"WhatsApp-Image-2023-01-09-at-14.05.54-10-300x169.jpeg","width":300,"height":169,"mime-type":"image\/jpeg","filesize":14099,"url":"https:\/\/360mallorcaproperty.com\/wp-content\/uploads\/2023\/01\/WhatsApp-Image-2023-01-09-at-14.05.54-10-300x169.jpeg"},"thumbnail":{"file":"WhatsApp-Image-2023-01-09-at-14.05.54-10-150x150.jpeg","width":150,"height":150,"mime-type":"image\/jpeg","filesize":6147,"url":"https:\/\/360mallorcaproperty.com\/wp-content\/uploads\/2023\/01\/WhatsApp-Image-2023-01-09-at-14.05.54-10-150x150.jpeg"},"medium_large":{"file":"WhatsApp-Image-2023-01-09-at-14.05.54-10-768x432.jpeg","width":768,"height":432,"mime-type":"image\/jpeg","filesize":83506,"url":"https:\/\/360mallorcaproperty.com\/wp-content\/uploads\/2023\/01\/WhatsApp-Image-2023-01-09-at-14.05.54-10-768x432.jpeg"},"post-thumbnail":{"file":"WhatsApp-Image-2023-01-09-at-14.05.54-10-150x84.jpeg","width":150,"height":84,"mime-type":"image\/jpeg","filesize":4081,"url":"https:\/\/360mallorcaproperty.com\/wp-content\/uploads\/2023\/01\/WhatsApp-Image-2023-01-09-at-14.05.54-10-150x84.jpeg"},"modern-property-child-slider":{"file":"WhatsApp-Image-2023-01-09-at-14.05.54-10-680x510.jpeg","width":680,"height":510,"mime-type":"image\/jpeg","filesize":80006,"url":"https:\/\/360mallorcaproperty.com\/wp-content\/uploads\/2023\/01\/WhatsApp-Image-2023-01-09-at-14.05.54-10-680x510.jpeg"},"property-thumb-image":{"file":"WhatsApp-Image-2023-01-09-at-14.05.54-10-488x326.jpeg","width":488,"height":326,"mime-type":"image\/jpeg","filesize":40017,"url":"https:\/\/360mallorcaproperty.com\/wp-content\/uploads\/2023\/01\/WhatsApp-Image-2023-01-09-at-14.05.54-10-488x326.jpeg"},"property-detail-video-image":{"file":"WhatsApp-Image-2023-01-09-at-14.05.54-10-818x417.jpeg","width":818,"height":417,"mime-type":"image\/jpeg","filesize":86275,"url":"https:\/\/360mallorcaproperty.com\/wp-content\/uploads\/2023\/01\/WhatsApp-Image-2023-01-09-at-14.05.54-10-818x417.jpeg"},"agent-image":{"file":"WhatsApp-Image-2023-01-09-at-14.05.54-10-210x210.jpeg","width":210,"height":210,"mime-type":"image\/jpeg","filesize":11561,"url":"https:\/\/360mallorcaproperty.com\/wp-content\/uploads\/2023\/01\/WhatsApp-Image-2023-01-09-at-14.05.54-10-210x210.jpeg"},"partners-logo":{"file":"WhatsApp-Image-2023-01-09-at-14.05.54-10-600x576.jpeg","width":600,"height":576,"mime-type":"image\/jpeg","filesize":88350,"url":"https:\/\/360mallorcaproperty.com\/wp-content\/uploads\/2023\/01\/WhatsApp-Image-2023-01-09-at-14.05.54-10-600x576.jpeg"}},"image_meta":{"aperture":"0","credit":"","camera":"","caption":"","created_timestamp":"0","copyright":"","focal_length":"0","iso":"0","shutter_speed":"0","title":"","orientation":"0","keywords":[]},"ID":"17811","name":"WhatsApp-Image-2023-01-09-at-14.05.54-10.jpeg","path":"\/home\/mallorcaproperty\/public_html\/wp-content\/uploads\/2023\/01\/WhatsApp-Image-2023-01-09-at-14.05.54-10.jpeg","url":"https:\/\/360mallorcaproperty.com\/wp-content\/uploads\/2023\/01\/WhatsApp-Image-2023-01-09-at-14.05.54-10-150x150.jpeg","full_url":"https:\/\/360mallorcaproperty.com\/wp-content\/uploads\/2023\/01\/WhatsApp-Image-2023-01-09-at-14.05.54-10.jpeg","title":"WhatsApp Image 2023-01-09 at 14.05.54 (10)","caption":"","description":"","alt":"","srcset":"https:\/\/360mallorcaproperty.com\/wp-content\/uploads\/2023\/01\/WhatsApp-Image-2023-01-09-at-14.05.54-10-150x150.jpeg 150w, https:\/\/360mallorcaproperty.com\/wp-content\/uploads\/2023\/01\/WhatsApp-Image-2023-01-09-at-14.05.54-10-210x210.jpeg 210w"},{"width":150,"height":150,"file":"2023\/01\/WhatsApp-Image-2023-01-09-at-14.05.54-9.jpeg","filesize":98148,"sizes":{"medium":{"file":"WhatsApp-Image-2023-01-09-at-14.05.54-9-300x169.jpeg","width":300,"height":169,"mime-type":"image\/jpeg","filesize":12468,"url":"https:\/\/360mallorcaproperty.com\/wp-content\/uploads\/2023\/01\/WhatsApp-Image-2023-01-09-at-14.05.54-9-300x169.jpeg"},"thumbnail":{"file":"WhatsApp-Image-2023-01-09-at-14.05.54-9-150x150.jpeg","width":150,"height":150,"mime-type":"image\/jpeg","filesize":5547,"url":"https:\/\/360mallorcaproperty.com\/wp-content\/uploads\/2023\/01\/WhatsApp-Image-2023-01-09-at-14.05.54-9-150x150.jpeg"},"medium_large":{"file":"WhatsApp-Image-2023-01-09-at-14.05.54-9-768x432.jpeg","width":768,"height":432,"mime-type":"image\/jpeg","filesize":67635,"url":"https:\/\/360mallorcaproperty.com\/wp-content\/uploads\/2023\/01\/WhatsApp-Image-2023-01-09-at-14.05.54-9-768x432.jpeg"},"post-thumbnail":{"file":"WhatsApp-Image-2023-01-09-at-14.05.54-9-150x84.jpeg","width":150,"height":84,"mime-type":"image\/jpeg","filesize":3938,"url":"https:\/\/360mallorcaproperty.com\/wp-content\/uploads\/2023\/01\/WhatsApp-Image-2023-01-09-at-14.05.54-9-150x84.jpeg"},"modern-property-child-slider":{"file":"WhatsApp-Image-2023-01-09-at-14.05.54-9-680x510.jpeg","width":680,"height":510,"mime-type":"image\/jpeg","filesize":63338,"url":"https:\/\/360mallorcaproperty.com\/wp-content\/uploads\/2023\/01\/WhatsApp-Image-2023-01-09-at-14.05.54-9-680x510.jpeg"},"property-thumb-image":{"file":"WhatsApp-Image-2023-01-09-at-14.05.54-9-488x326.jpeg","width":488,"height":326,"mime-type":"image\/jpeg","filesize":32745,"url":"https:\/\/360mallorcaproperty.com\/wp-content\/uploads\/2023\/01\/WhatsApp-Image-2023-01-09-at-14.05.54-9-488x326.jpeg"},"property-detail-video-image":{"file":"WhatsApp-Image-2023-01-09-at-14.05.54-9-818x417.jpeg","width":818,"height":417,"mime-type":"image\/jpeg","filesize":69363,"url":"https:\/\/360mallorcaproperty.com\/wp-content\/uploads\/2023\/01\/WhatsApp-Image-2023-01-09-at-14.05.54-9-818x417.jpeg"},"agent-image":{"file":"WhatsApp-Image-2023-01-09-at-14.05.54-9-210x210.jpeg","width":210,"height":210,"mime-type":"image\/jpeg","filesize":9959,"url":"https:\/\/360mallorcaproperty.com\/wp-content\/uploads\/2023\/01\/WhatsApp-Image-2023-01-09-at-14.05.54-9-210x210.jpeg"},"partners-logo":{"file":"WhatsApp-Image-2023-01-09-at-14.05.54-9-600x576.jpeg","width":600,"height":576,"mime-type":"image\/jpeg","filesize":68547,"url":"https:\/\/360mallorcaproperty.com\/wp-content\/uploads\/2023\/01\/WhatsApp-Image-2023-01-09-at-14.05.54-9-600x576.jpeg"}},"image_meta":{"aperture":"0","credit":"","camera":"","caption":"","created_timestamp":"0","copyright":"","focal_length":"0","iso":"0","shutter_speed":"0","title":"","orientation":"0","keywords":[]},"ID":"17814","name":"WhatsApp-Image-2023-01-09-at-14.05.54-9.jpeg","path":"\/home\/mallorcaproperty\/public_html\/wp-content\/uploads\/2023\/01\/WhatsApp-Image-2023-01-09-at-14.05.54-9.jpeg","url":"https:\/\/360mallorcaproperty.com\/wp-content\/uploads\/2023\/01\/WhatsApp-Image-2023-01-09-at-14.05.54-9-150x150.jpeg","full_url":"https:\/\/360mallorcaproperty.com\/wp-content\/uploads\/2023\/01\/WhatsApp-Image-2023-01-09-at-14.05.54-9.jpeg","title":"WhatsApp Image 2023-01-09 at 14.05.54 (9)","caption":"","description":"","alt":"","srcset":"https:\/\/360mallorcaproperty.com\/wp-content\/uploads\/2023\/01\/WhatsApp-Image-2023-01-09-at-14.05.54-9-150x150.jpeg 150w, https:\/\/360mallorcaproperty.com\/wp-content\/uploads\/2023\/01\/WhatsApp-Image-2023-01-09-at-14.05.54-9-210x210.jpeg 210w"},{"width":150,"height":150,"file":"2023\/01\/WhatsApp-Image-2023-01-09-at-14.05.54-8.jpeg","filesize":174171,"sizes":{"medium":{"file":"WhatsApp-Image-2023-01-09-at-14.05.54-8-300x169.jpeg","width":300,"height":169,"mime-type":"image\/jpeg","filesize":19042,"url":"https:\/\/360mallorcaproperty.com\/wp-content\/uploads\/2023\/01\/WhatsApp-Image-2023-01-09-at-14.05.54-8-300x169.jpeg"},"thumbnail":{"file":"WhatsApp-Image-2023-01-09-at-14.05.54-8-150x150.jpeg","width":150,"height":150,"mime-type":"image\/jpeg","filesize":9268,"url":"https:\/\/360mallorcaproperty.com\/wp-content\/uploads\/2023\/01\/WhatsApp-Image-2023-01-09-at-14.05.54-8-150x150.jpeg"},"medium_large":{"file":"WhatsApp-Image-2023-01-09-at-14.05.54-8-768x432.jpeg","width":768,"height":432,"mime-type":"image\/jpeg","filesize":116735,"url":"https:\/\/360mallorcaproperty.com\/wp-content\/uploads\/2023\/01\/WhatsApp-Image-2023-01-09-at-14.05.54-8-768x432.jpeg"},"post-thumbnail":{"file":"WhatsApp-Image-2023-01-09-at-14.05.54-8-150x84.jpeg","width":150,"height":84,"mime-type":"image\/jpeg","filesize":5205,"url":"https:\/\/360mallorcaproperty.com\/wp-content\/uploads\/2023\/01\/WhatsApp-Image-2023-01-09-at-14.05.54-8-150x84.jpeg"},"modern-property-child-slider":{"file":"WhatsApp-Image-2023-01-09-at-14.05.54-8-680x510.jpeg","width":680,"height":510,"mime-type":"image\/jpeg","filesize":119734,"url":"https:\/\/360mallorcaproperty.com\/wp-content\/uploads\/2023\/01\/WhatsApp-Image-2023-01-09-at-14.05.54-8-680x510.jpeg"},"property-thumb-image":{"file":"WhatsApp-Image-2023-01-09-at-14.05.54-8-488x326.jpeg","width":488,"height":326,"mime-type":"image\/jpeg","filesize":58577,"url":"https:\/\/360mallorcaproperty.com\/wp-content\/uploads\/2023\/01\/WhatsApp-Image-2023-01-09-at-14.05.54-8-488x326.jpeg"},"property-detail-video-image":{"file":"WhatsApp-Image-2023-01-09-at-14.05.54-8-818x417.jpeg","width":818,"height":417,"mime-type":"image\/jpeg","filesize":118327,"url":"https:\/\/360mallorcaproperty.com\/wp-content\/uploads\/2023\/01\/WhatsApp-Image-2023-01-09-at-14.05.54-8-818x417.jpeg"},"agent-image":{"file":"WhatsApp-Image-2023-01-09-at-14.05.54-8-210x210.jpeg","width":210,"height":210,"mime-type":"image\/jpeg","filesize":18007,"url":"https:\/\/360mallorcaproperty.com\/wp-content\/uploads\/2023\/01\/WhatsApp-Image-2023-01-09-at-14.05.54-8-210x210.jpeg"},"partners-logo":{"file":"WhatsApp-Image-2023-01-09-at-14.05.54-8-600x576.jpeg","width":600,"height":576,"mime-type":"image\/jpeg","filesize":139950,"url":"https:\/\/360mallorcaproperty.com\/wp-content\/uploads\/2023\/01\/WhatsApp-Image-2023-01-09-at-14.05.54-8-600x576.jpeg"}},"image_meta":{"aperture":"0","credit":"","camera":"","caption":"","created_timestamp":"0","copyright":"","focal_length":"0","iso":"0","shutter_speed":"0","title":"","orientation":"0","keywords":[]},"ID":"17817","name":"WhatsApp-Image-2023-01-09-at-14.05.54-8.jpeg","path":"\/home\/mallorcaproperty\/public_html\/wp-content\/uploads\/2023\/01\/WhatsApp-Image-2023-01-09-at-14.05.54-8.jpeg","url":"https:\/\/360mallorcaproperty.com\/wp-content\/uploads\/2023\/01\/WhatsApp-Image-2023-01-09-at-14.05.54-8-150x150.jpeg","full_url":"https:\/\/360mallorcaproperty.com\/wp-content\/uploads\/2023\/01\/WhatsApp-Image-2023-01-09-at-14.05.54-8.jpeg","title":"WhatsApp Image 2023-01-09 at 14.05.54 (8)","caption":"","description":"","alt":"","srcset":"https:\/\/360mallorcaproperty.com\/wp-content\/uploads\/2023\/01\/WhatsApp-Image-2023-01-09-at-14.05.54-8-150x150.jpeg 150w, https:\/\/360mallorcaproperty.com\/wp-content\/uploads\/2023\/01\/WhatsApp-Image-2023-01-09-at-14.05.54-8-210x210.jpeg 210w"},{"width":150,"height":150,"file":"2023\/01\/WhatsApp-Image-2023-01-09-at-14.05.54-7.jpeg","filesize":152136,"sizes":{"medium":{"file":"WhatsApp-Image-2023-01-09-at-14.05.54-7-300x169.jpeg","width":300,"height":169,"mime-type":"image\/jpeg","filesize":17117,"url":"https:\/\/360mallorcaproperty.com\/wp-content\/uploads\/2023\/01\/WhatsApp-Image-2023-01-09-at-14.05.54-7-300x169.jpeg"},"thumbnail":{"file":"WhatsApp-Image-2023-01-09-at-14.05.54-7-150x150.jpeg","width":150,"height":150,"mime-type":"image\/jpeg","filesize":6616,"url":"https:\/\/360mallorcaproperty.com\/wp-content\/uploads\/2023\/01\/WhatsApp-Image-2023-01-09-at-14.05.54-7-150x150.jpeg"},"medium_large":{"file":"WhatsApp-Image-2023-01-09-at-14.05.54-7-768x432.jpeg","width":768,"height":432,"mime-type":"image\/jpeg","filesize":102622,"url":"https:\/\/360mallorcaproperty.com\/wp-content\/uploads\/2023\/01\/WhatsApp-Image-2023-01-09-at-14.05.54-7-768x432.jpeg"},"post-thumbnail":{"file":"WhatsApp-Image-2023-01-09-at-14.05.54-7-150x84.jpeg","width":150,"height":84,"mime-type":"image\/jpeg","filesize":4812,"url":"https:\/\/360mallorcaproperty.com\/wp-content\/uploads\/2023\/01\/WhatsApp-Image-2023-01-09-at-14.05.54-7-150x84.jpeg"},"modern-property-child-slider":{"file":"WhatsApp-Image-2023-01-09-at-14.05.54-7-680x510.jpeg","width":680,"height":510,"mime-type":"image\/jpeg","filesize":88894,"url":"https:\/\/360mallorcaproperty.com\/wp-content\/uploads\/2023\/01\/WhatsApp-Image-2023-01-09-at-14.05.54-7-680x510.jpeg"},"property-thumb-image":{"file":"WhatsApp-Image-2023-01-09-at-14.05.54-7-488x326.jpeg","width":488,"height":326,"mime-type":"image\/jpeg","filesize":47295,"url":"https:\/\/360mallorcaproperty.com\/wp-content\/uploads\/2023\/01\/WhatsApp-Image-2023-01-09-at-14.05.54-7-488x326.jpeg"},"property-detail-video-image":{"file":"WhatsApp-Image-2023-01-09-at-14.05.54-7-818x417.jpeg","width":818,"height":417,"mime-type":"image\/jpeg","filesize":105148,"url":"https:\/\/360mallorcaproperty.com\/wp-content\/uploads\/2023\/01\/WhatsApp-Image-2023-01-09-at-14.05.54-7-818x417.jpeg"},"agent-image":{"file":"WhatsApp-Image-2023-01-09-at-14.05.54-7-210x210.jpeg","width":210,"height":210,"mime-type":"image\/jpeg","filesize":12409,"url":"https:\/\/360mallorcaproperty.com\/wp-content\/uploads\/2023\/01\/WhatsApp-Image-2023-01-09-at-14.05.54-7-210x210.jpeg"},"partners-logo":{"file":"WhatsApp-Image-2023-01-09-at-14.05.54-7-600x576.jpeg","width":600,"height":576,"mime-type":"image\/jpeg","filesize":91933,"url":"https:\/\/360mallorcaproperty.com\/wp-content\/uploads\/2023\/01\/WhatsApp-Image-2023-01-09-at-14.05.54-7-600x576.jpeg"}},"image_meta":{"aperture":"0","credit":"","camera":"","caption":"","created_timestamp":"0","copyright":"","focal_length":"0","iso":"0","shutter_speed":"0","title":"","orientation":"0","keywords":[]},"ID":"17820","name":"WhatsApp-Image-2023-01-09-at-14.05.54-7.jpeg","path":"\/home\/mallorcaproperty\/public_html\/wp-content\/uploads\/2023\/01\/WhatsApp-Image-2023-01-09-at-14.05.54-7.jpeg","url":"https:\/\/360mallorcaproperty.com\/wp-content\/uploads\/2023\/01\/WhatsApp-Image-2023-01-09-at-14.05.54-7-150x150.jpeg","full_url":"https:\/\/360mallorcaproperty.com\/wp-content\/uploads\/2023\/01\/WhatsApp-Image-2023-01-09-at-14.05.54-7.jpeg","title":"WhatsApp Image 2023-01-09 at 14.05.54 (7)","caption":"","description":"","alt":"","srcset":"https:\/\/360mallorcaproperty.com\/wp-content\/uploads\/2023\/01\/WhatsApp-Image-2023-01-09-at-14.05.54-7-150x150.jpeg 150w, https:\/\/360mallorcaproperty.com\/wp-content\/uploads\/2023\/01\/WhatsApp-Image-2023-01-09-at-14.05.54-7-210x210.jpeg 210w"},{"width":150,"height":150,"file":"2023\/01\/WhatsApp-Image-2023-01-09-at-14.05.54-6.jpeg","filesize":158652,"sizes":{"medium":{"file":"WhatsApp-Image-2023-01-09-at-14.05.54-6-300x169.jpeg","width":300,"height":169,"mime-type":"image\/jpeg","filesize":16720,"url":"https:\/\/360mallorcaproperty.com\/wp-content\/uploads\/2023\/01\/WhatsApp-Image-2023-01-09-at-14.05.54-6-300x169.jpeg"},"thumbnail":{"file":"WhatsApp-Image-2023-01-09-at-14.05.54-6-150x150.jpeg","width":150,"height":150,"mime-type":"image\/jpeg","filesize":6900,"url":"https:\/\/360mallorcaproperty.com\/wp-content\/uploads\/2023\/01\/WhatsApp-Image-2023-01-09-at-14.05.54-6-150x150.jpeg"},"medium_large":{"file":"WhatsApp-Image-2023-01-09-at-14.05.54-6-768x432.jpeg","width":768,"height":432,"mime-type":"image\/jpeg","filesize":105188,"url":"https:\/\/360mallorcaproperty.com\/wp-content\/uploads\/2023\/01\/WhatsApp-Image-2023-01-09-at-14.05.54-6-768x432.jpeg"},"post-thumbnail":{"file":"WhatsApp-Image-2023-01-09-at-14.05.54-6-150x84.jpeg","width":150,"height":84,"mime-type":"image\/jpeg","filesize":4718,"url":"https:\/\/360mallorcaproperty.com\/wp-content\/uploads\/2023\/01\/WhatsApp-Image-2023-01-09-at-14.05.54-6-150x84.jpeg"},"modern-property-child-slider":{"file":"WhatsApp-Image-2023-01-09-at-14.05.54-6-680x510.jpeg","width":680,"height":510,"mime-type":"image\/jpeg","filesize":97910,"url":"https:\/\/360mallorcaproperty.com\/wp-content\/uploads\/2023\/01\/WhatsApp-Image-2023-01-09-at-14.05.54-6-680x510.jpeg"},"property-thumb-image":{"file":"WhatsApp-Image-2023-01-09-at-14.05.54-6-488x326.jpeg","width":488,"height":326,"mime-type":"image\/jpeg","filesize":49408,"url":"https:\/\/360mallorcaproperty.com\/wp-content\/uploads\/2023\/01\/WhatsApp-Image-2023-01-09-at-14.05.54-6-488x326.jpeg"},"property-detail-video-image":{"file":"WhatsApp-Image-2023-01-09-at-14.05.54-6-818x417.jpeg","width":818,"height":417,"mime-type":"image\/jpeg","filesize":108322,"url":"https:\/\/360mallorcaproperty.com\/wp-content\/uploads\/2023\/01\/WhatsApp-Image-2023-01-09-at-14.05.54-6-818x417.jpeg"},"agent-image":{"file":"WhatsApp-Image-2023-01-09-at-14.05.54-6-210x210.jpeg","width":210,"height":210,"mime-type":"image\/jpeg","filesize":13055,"url":"https:\/\/360mallorcaproperty.com\/wp-content\/uploads\/2023\/01\/WhatsApp-Image-2023-01-09-at-14.05.54-6-210x210.jpeg"},"partners-logo":{"file":"WhatsApp-Image-2023-01-09-at-14.05.54-6-600x576.jpeg","width":600,"height":576,"mime-type":"image\/jpeg","filesize":103260,"url":"https:\/\/360mallorcaproperty.com\/wp-content\/uploads\/2023\/01\/WhatsApp-Image-2023-01-09-at-14.05.54-6-600x576.jpeg"}},"image_meta":{"aperture":"0","credit":"","camera":"","caption":"","created_timestamp":"0","copyright":"","focal_length":"0","iso":"0","shutter_speed":"0","title":"","orientation":"0","keywords":[]},"ID":"17823","name":"WhatsApp-Image-2023-01-09-at-14.05.54-6.jpeg","path":"\/home\/mallorcaproperty\/public_html\/wp-content\/uploads\/2023\/01\/WhatsApp-Image-2023-01-09-at-14.05.54-6.jpeg","url":"https:\/\/360mallorcaproperty.com\/wp-content\/uploads\/2023\/01\/WhatsApp-Image-2023-01-09-at-14.05.54-6-150x150.jpeg","full_url":"https:\/\/360mallorcaproperty.com\/wp-content\/uploads\/2023\/01\/WhatsApp-Image-2023-01-09-at-14.05.54-6.jpeg","title":"WhatsApp Image 2023-01-09 at 14.05.54 (6)","caption":"","description":"","alt":"","srcset":"https:\/\/360mallorcaproperty.com\/wp-content\/uploads\/2023\/01\/WhatsApp-Image-2023-01-09-at-14.05.54-6-150x150.jpeg 150w, https:\/\/360mallorcaproperty.com\/wp-content\/uploads\/2023\/01\/WhatsApp-Image-2023-01-09-at-14.05.54-6-210x210.jpeg 210w"},{"width":150,"height":150,"file":"2023\/01\/WhatsApp-Image-2023-01-09-at-14.05.54-4.jpeg","filesize":114683,"sizes":{"medium":{"file":"WhatsApp-Image-2023-01-09-at-14.05.54-4-300x169.jpeg","width":300,"height":169,"mime-type":"image\/jpeg","filesize":13612,"url":"https:\/\/360mallorcaproperty.com\/wp-content\/uploads\/2023\/01\/WhatsApp-Image-2023-01-09-at-14.05.54-4-300x169.jpeg"},"thumbnail":{"file":"WhatsApp-Image-2023-01-09-at-14.05.54-4-150x150.jpeg","width":150,"height":150,"mime-type":"image\/jpeg","filesize":6734,"url":"https:\/\/360mallorcaproperty.com\/wp-content\/uploads\/2023\/01\/WhatsApp-Image-2023-01-09-at-14.05.54-4-150x150.jpeg"},"medium_large":{"file":"WhatsApp-Image-2023-01-09-at-14.05.54-4-768x432.jpeg","width":768,"height":432,"mime-type":"image\/jpeg","filesize":77884,"url":"https:\/\/360mallorcaproperty.com\/wp-content\/uploads\/2023\/01\/WhatsApp-Image-2023-01-09-at-14.05.54-4-768x432.jpeg"},"post-thumbnail":{"file":"WhatsApp-Image-2023-01-09-at-14.05.54-4-150x84.jpeg","width":150,"height":84,"mime-type":"image\/jpeg","filesize":4191,"url":"https:\/\/360mallorcaproperty.com\/wp-content\/uploads\/2023\/01\/WhatsApp-Image-2023-01-09-at-14.05.54-4-150x84.jpeg"},"modern-property-child-slider":{"file":"WhatsApp-Image-2023-01-09-at-14.05.54-4-680x510.jpeg","width":680,"height":510,"mime-type":"image\/jpeg","filesize":79929,"url":"https:\/\/360mallorcaproperty.com\/wp-content\/uploads\/2023\/01\/WhatsApp-Image-2023-01-09-at-14.05.54-4-680x510.jpeg"},"property-thumb-image":{"file":"WhatsApp-Image-2023-01-09-at-14.05.54-4-488x326.jpeg","width":488,"height":326,"mime-type":"image\/jpeg","filesize":39589,"url":"https:\/\/360mallorcaproperty.com\/wp-content\/uploads\/2023\/01\/WhatsApp-Image-2023-01-09-at-14.05.54-4-488x326.jpeg"},"property-detail-video-image":{"file":"WhatsApp-Image-2023-01-09-at-14.05.54-4-818x417.jpeg","width":818,"height":417,"mime-type":"image\/jpeg","filesize":79685,"url":"https:\/\/360mallorcaproperty.com\/wp-content\/uploads\/2023\/01\/WhatsApp-Image-2023-01-09-at-14.05.54-4-818x417.jpeg"},"agent-image":{"file":"WhatsApp-Image-2023-01-09-at-14.05.54-4-210x210.jpeg","width":210,"height":210,"mime-type":"image\/jpeg","filesize":12523,"url":"https:\/\/360mallorcaproperty.com\/wp-content\/uploads\/2023\/01\/WhatsApp-Image-2023-01-09-at-14.05.54-4-210x210.jpeg"},"partners-logo":{"file":"WhatsApp-Image-2023-01-09-at-14.05.54-4-600x576.jpeg","width":600,"height":576,"mime-type":"image\/jpeg","filesize":91711,"url":"https:\/\/360mallorcaproperty.com\/wp-content\/uploads\/2023\/01\/WhatsApp-Image-2023-01-09-at-14.05.54-4-600x576.jpeg"}},"image_meta":{"aperture":"0","credit":"","camera":"","caption":"","created_timestamp":"0","copyright":"","focal_length":"0","iso":"0","shutter_speed":"0","title":"","orientation":"0","keywords":[]},"ID":"17829","name":"WhatsApp-Image-2023-01-09-at-14.05.54-4.jpeg","path":"\/home\/mallorcaproperty\/public_html\/wp-content\/uploads\/2023\/01\/WhatsApp-Image-2023-01-09-at-14.05.54-4.jpeg","url":"https:\/\/360mallorcaproperty.com\/wp-content\/uploads\/2023\/01\/WhatsApp-Image-2023-01-09-at-14.05.54-4-150x150.jpeg","full_url":"https:\/\/360mallorcaproperty.com\/wp-content\/uploads\/2023\/01\/WhatsApp-Image-2023-01-09-at-14.05.54-4.jpeg","title":"WhatsApp Image 2023-01-09 at 14.05.54 (4)","caption":"","description":"","alt":"","srcset":"https:\/\/360mallorcaproperty.com\/wp-content\/uploads\/2023\/01\/WhatsApp-Image-2023-01-09-at-14.05.54-4-150x150.jpeg 150w, https:\/\/360mallorcaproperty.com\/wp-content\/uploads\/2023\/01\/WhatsApp-Image-2023-01-09-at-14.05.54-4-210x210.jpeg 210w"},{"width":150,"height":150,"file":"2023\/01\/WhatsApp-Image-2023-01-09-at-14.05.54-5.jpeg","filesize":120731,"sizes":{"medium":{"file":"WhatsApp-Image-2023-01-09-at-14.05.54-5-300x169.jpeg","width":300,"height":169,"mime-type":"image\/jpeg","filesize":14105,"url":"https:\/\/360mallorcaproperty.com\/wp-content\/uploads\/2023\/01\/WhatsApp-Image-2023-01-09-at-14.05.54-5-300x169.jpeg"},"thumbnail":{"file":"WhatsApp-Image-2023-01-09-at-14.05.54-5-150x150.jpeg","width":150,"height":150,"mime-type":"image\/jpeg","filesize":6723,"url":"https:\/\/360mallorcaproperty.com\/wp-content\/uploads\/2023\/01\/WhatsApp-Image-2023-01-09-at-14.05.54-5-150x150.jpeg"},"medium_large":{"file":"WhatsApp-Image-2023-01-09-at-14.05.54-5-768x432.jpeg","width":768,"height":432,"mime-type":"image\/jpeg","filesize":82075,"url":"https:\/\/360mallorcaproperty.com\/wp-content\/uploads\/2023\/01\/WhatsApp-Image-2023-01-09-at-14.05.54-5-768x432.jpeg"},"post-thumbnail":{"file":"WhatsApp-Image-2023-01-09-at-14.05.54-5-150x84.jpeg","width":150,"height":84,"mime-type":"image\/jpeg","filesize":4304,"url":"https:\/\/360mallorcaproperty.com\/wp-content\/uploads\/2023\/01\/WhatsApp-Image-2023-01-09-at-14.05.54-5-150x84.jpeg"},"modern-property-child-slider":{"file":"WhatsApp-Image-2023-01-09-at-14.05.54-5-680x510.jpeg","width":680,"height":510,"mime-type":"image\/jpeg","filesize":81725,"url":"https:\/\/360mallorcaproperty.com\/wp-content\/uploads\/2023\/01\/WhatsApp-Image-2023-01-09-at-14.05.54-5-680x510.jpeg"},"property-thumb-image":{"file":"WhatsApp-Image-2023-01-09-at-14.05.54-5-488x326.jpeg","width":488,"height":326,"mime-type":"image\/jpeg","filesize":41171,"url":"https:\/\/360mallorcaproperty.com\/wp-content\/uploads\/2023\/01\/WhatsApp-Image-2023-01-09-at-14.05.54-5-488x326.jpeg"},"property-detail-video-image":{"file":"WhatsApp-Image-2023-01-09-at-14.05.54-5-818x417.jpeg","width":818,"height":417,"mime-type":"image\/jpeg","filesize":83175,"url":"https:\/\/360mallorcaproperty.com\/wp-content\/uploads\/2023\/01\/WhatsApp-Image-2023-01-09-at-14.05.54-5-818x417.jpeg"},"agent-image":{"file":"WhatsApp-Image-2023-01-09-at-14.05.54-5-210x210.jpeg","width":210,"height":210,"mime-type":"image\/jpeg","filesize":12494,"url":"https:\/\/360mallorcaproperty.com\/wp-content\/uploads\/2023\/01\/WhatsApp-Image-2023-01-09-at-14.05.54-5-210x210.jpeg"},"partners-logo":{"file":"WhatsApp-Image-2023-01-09-at-14.05.54-5-600x576.jpeg","width":600,"height":576,"mime-type":"image\/jpeg","filesize":91452,"url":"https:\/\/360mallorcaproperty.com\/wp-content\/uploads\/2023\/01\/WhatsApp-Image-2023-01-09-at-14.05.54-5-600x576.jpeg"}},"image_meta":{"aperture":"0","credit":"","camera":"","caption":"","created_timestamp":"0","copyright":"","focal_length":"0","iso":"0","shutter_speed":"0","title":"","orientation":"0","keywords":[]},"ID":"17826","name":"WhatsApp-Image-2023-01-09-at-14.05.54-5.jpeg","path":"\/home\/mallorcaproperty\/public_html\/wp-content\/uploads\/2023\/01\/WhatsApp-Image-2023-01-09-at-14.05.54-5.jpeg","url":"https:\/\/360mallorcaproperty.com\/wp-content\/uploads\/2023\/01\/WhatsApp-Image-2023-01-09-at-14.05.54-5-150x150.jpeg","full_url":"https:\/\/360mallorcaproperty.com\/wp-content\/uploads\/2023\/01\/WhatsApp-Image-2023-01-09-at-14.05.54-5.jpeg","title":"WhatsApp Image 2023-01-09 at 14.05.54 (5)","caption":"","description":"","alt":"","srcset":"https:\/\/360mallorcaproperty.com\/wp-content\/uploads\/2023\/01\/WhatsApp-Image-2023-01-09-at-14.05.54-5-150x150.jpeg 150w, https:\/\/360mallorcaproperty.com\/wp-content\/uploads\/2023\/01\/WhatsApp-Image-2023-01-09-at-14.05.54-5-210x210.jpeg 210w"},{"width":150,"height":150,"file":"2023\/01\/WhatsApp-Image-2023-01-09-at-14.05.54-3.jpeg","filesize":107626,"sizes":{"medium":{"file":"WhatsApp-Image-2023-01-09-at-14.05.54-3-300x169.jpeg","width":300,"height":169,"mime-type":"image\/jpeg","filesize":12589,"url":"https:\/\/360mallorcaproperty.com\/wp-content\/uploads\/2023\/01\/WhatsApp-Image-2023-01-09-at-14.05.54-3-300x169.jpeg"},"thumbnail":{"file":"WhatsApp-Image-2023-01-09-at-14.05.54-3-150x150.jpeg","width":150,"height":150,"mime-type":"image\/jpeg","filesize":6069,"url":"https:\/\/360mallorcaproperty.com\/wp-content\/uploads\/2023\/01\/WhatsApp-Image-2023-01-09-at-14.05.54-3-150x150.jpeg"},"medium_large":{"file":"WhatsApp-Image-2023-01-09-at-14.05.54-3-768x432.jpeg","width":768,"height":432,"mime-type":"image\/jpeg","filesize":72132,"url":"https:\/\/360mallorcaproperty.com\/wp-content\/uploads\/2023\/01\/WhatsApp-Image-2023-01-09-at-14.05.54-3-768x432.jpeg"},"post-thumbnail":{"file":"WhatsApp-Image-2023-01-09-at-14.05.54-3-150x84.jpeg","width":150,"height":84,"mime-type":"image\/jpeg","filesize":3899,"url":"https:\/\/360mallorcaproperty.com\/wp-content\/uploads\/2023\/01\/WhatsApp-Image-2023-01-09-at-14.05.54-3-150x84.jpeg"},"modern-property-child-slider":{"file":"WhatsApp-Image-2023-01-09-at-14.05.54-3-680x510.jpeg","width":680,"height":510,"mime-type":"image\/jpeg","filesize":73728,"url":"https:\/\/360mallorcaproperty.com\/wp-content\/uploads\/2023\/01\/WhatsApp-Image-2023-01-09-at-14.05.54-3-680x510.jpeg"},"property-thumb-image":{"file":"WhatsApp-Image-2023-01-09-at-14.05.54-3-488x326.jpeg","width":488,"height":326,"mime-type":"image\/jpeg","filesize":36233,"url":"https:\/\/360mallorcaproperty.com\/wp-content\/uploads\/2023\/01\/WhatsApp-Image-2023-01-09-at-14.05.54-3-488x326.jpeg"},"property-detail-video-image":{"file":"WhatsApp-Image-2023-01-09-at-14.05.54-3-818x417.jpeg","width":818,"height":417,"mime-type":"image\/jpeg","filesize":72582,"url":"https:\/\/360mallorcaproperty.com\/wp-content\/uploads\/2023\/01\/WhatsApp-Image-2023-01-09-at-14.05.54-3-818x417.jpeg"},"agent-image":{"file":"WhatsApp-Image-2023-01-09-at-14.05.54-3-210x210.jpeg","width":210,"height":210,"mime-type":"image\/jpeg","filesize":11247,"url":"https:\/\/360mallorcaproperty.com\/wp-content\/uploads\/2023\/01\/WhatsApp-Image-2023-01-09-at-14.05.54-3-210x210.jpeg"},"partners-logo":{"file":"WhatsApp-Image-2023-01-09-at-14.05.54-3-600x576.jpeg","width":600,"height":576,"mime-type":"image\/jpeg","filesize":84188,"url":"https:\/\/360mallorcaproperty.com\/wp-content\/uploads\/2023\/01\/WhatsApp-Image-2023-01-09-at-14.05.54-3-600x576.jpeg"}},"image_meta":{"aperture":"0","credit":"","camera":"","caption":"","created_timestamp":"0","copyright":"","focal_length":"0","iso":"0","shutter_speed":"0","title":"","orientation":"0","keywords":[]},"ID":"17832","name":"WhatsApp-Image-2023-01-09-at-14.05.54-3.jpeg","path":"\/home\/mallorcaproperty\/public_html\/wp-content\/uploads\/2023\/01\/WhatsApp-Image-2023-01-09-at-14.05.54-3.jpeg","url":"https:\/\/360mallorcaproperty.com\/wp-content\/uploads\/2023\/01\/WhatsApp-Image-2023-01-09-at-14.05.54-3-150x150.jpeg","full_url":"https:\/\/360mallorcaproperty.com\/wp-content\/uploads\/2023\/01\/WhatsApp-Image-2023-01-09-at-14.05.54-3.jpeg","title":"WhatsApp Image 2023-01-09 at 14.05.54 (3)","caption":"","description":"","alt":"","srcset":"https:\/\/360mallorcaproperty.com\/wp-content\/uploads\/2023\/01\/WhatsApp-Image-2023-01-09-at-14.05.54-3-150x150.jpeg 150w, https:\/\/360mallorcaproperty.com\/wp-content\/uploads\/2023\/01\/WhatsApp-Image-2023-01-09-at-14.05.54-3-210x210.jpeg 210w"},{"width":150,"height":150,"file":"2023\/01\/WhatsApp-Image-2023-01-09-at-14.05.54-2.jpeg","filesize":134819,"sizes":{"medium":{"file":"WhatsApp-Image-2023-01-09-at-14.05.54-2-300x169.jpeg","width":300,"height":169,"mime-type":"image\/jpeg","filesize":15727,"url":"https:\/\/360mallorcaproperty.com\/wp-content\/uploads\/2023\/01\/WhatsApp-Image-2023-01-09-at-14.05.54-2-300x169.jpeg"},"thumbnail":{"file":"WhatsApp-Image-2023-01-09-at-14.05.54-2-150x150.jpeg","width":150,"height":150,"mime-type":"image\/jpeg","filesize":7345,"url":"https:\/\/360mallorcaproperty.com\/wp-content\/uploads\/2023\/01\/WhatsApp-Image-2023-01-09-at-14.05.54-2-150x150.jpeg"},"medium_large":{"file":"WhatsApp-Image-2023-01-09-at-14.05.54-2-768x432.jpeg","width":768,"height":432,"mime-type":"image\/jpeg","filesize":91784,"url":"https:\/\/360mallorcaproperty.com\/wp-content\/uploads\/2023\/01\/WhatsApp-Image-2023-01-09-at-14.05.54-2-768x432.jpeg"},"post-thumbnail":{"file":"WhatsApp-Image-2023-01-09-at-14.05.54-2-150x84.jpeg","width":150,"height":84,"mime-type":"image\/jpeg","filesize":4652,"url":"https:\/\/360mallorcaproperty.com\/wp-content\/uploads\/2023\/01\/WhatsApp-Image-2023-01-09-at-14.05.54-2-150x84.jpeg"},"modern-property-child-slider":{"file":"WhatsApp-Image-2023-01-09-at-14.05.54-2-680x510.jpeg","width":680,"height":510,"mime-type":"image\/jpeg","filesize":90574,"url":"https:\/\/360mallorcaproperty.com\/wp-content\/uploads\/2023\/01\/WhatsApp-Image-2023-01-09-at-14.05.54-2-680x510.jpeg"},"property-thumb-image":{"file":"WhatsApp-Image-2023-01-09-at-14.05.54-2-488x326.jpeg","width":488,"height":326,"mime-type":"image\/jpeg","filesize":45797,"url":"https:\/\/360mallorcaproperty.com\/wp-content\/uploads\/2023\/01\/WhatsApp-Image-2023-01-09-at-14.05.54-2-488x326.jpeg"},"property-detail-video-image":{"file":"WhatsApp-Image-2023-01-09-at-14.05.54-2-818x417.jpeg","width":818,"height":417,"mime-type":"image\/jpeg","filesize":93592,"url":"https:\/\/360mallorcaproperty.com\/wp-content\/uploads\/2023\/01\/WhatsApp-Image-2023-01-09-at-14.05.54-2-818x417.jpeg"},"agent-image":{"file":"WhatsApp-Image-2023-01-09-at-14.05.54-2-210x210.jpeg","width":210,"height":210,"mime-type":"image\/jpeg","filesize":13742,"url":"https:\/\/360mallorcaproperty.com\/wp-content\/uploads\/2023\/01\/WhatsApp-Image-2023-01-09-at-14.05.54-2-210x210.jpeg"},"partners-logo":{"file":"WhatsApp-Image-2023-01-09-at-14.05.54-2-600x576.jpeg","width":600,"height":576,"mime-type":"image\/jpeg","filesize":98659,"url":"https:\/\/360mallorcaproperty.com\/wp-content\/uploads\/2023\/01\/WhatsApp-Image-2023-01-09-at-14.05.54-2-600x576.jpeg"}},"image_meta":{"aperture":"0","credit":"","camera":"","caption":"","created_timestamp":"0","copyright":"","focal_length":"0","iso":"0","shutter_speed":"0","title":"","orientation":"0","keywords":[]},"ID":"17835","name":"WhatsApp-Image-2023-01-09-at-14.05.54-2.jpeg","path":"\/home\/mallorcaproperty\/public_html\/wp-content\/uploads\/2023\/01\/WhatsApp-Image-2023-01-09-at-14.05.54-2.jpeg","url":"https:\/\/360mallorcaproperty.com\/wp-content\/uploads\/2023\/01\/WhatsApp-Image-2023-01-09-at-14.05.54-2-150x150.jpeg","full_url":"https:\/\/360mallorcaproperty.com\/wp-content\/uploads\/2023\/01\/WhatsApp-Image-2023-01-09-at-14.05.54-2.jpeg","title":"WhatsApp Image 2023-01-09 at 14.05.54 (2)","caption":"","description":"","alt":"","srcset":"https:\/\/360mallorcaproperty.com\/wp-content\/uploads\/2023\/01\/WhatsApp-Image-2023-01-09-at-14.05.54-2-150x150.jpeg 150w, https:\/\/360mallorcaproperty.com\/wp-content\/uploads\/2023\/01\/WhatsApp-Image-2023-01-09-at-14.05.54-2-210x210.jpeg 210w"},{"width":150,"height":150,"file":"2023\/01\/WhatsApp-Image-2023-01-09-at-14.05.54-1.jpeg","filesize":119020,"sizes":{"medium":{"file":"WhatsApp-Image-2023-01-09-at-14.05.54-1-300x169.jpeg","width":300,"height":169,"mime-type":"image\/jpeg","filesize":13426,"url":"https:\/\/360mallorcaproperty.com\/wp-content\/uploads\/2023\/01\/WhatsApp-Image-2023-01-09-at-14.05.54-1-300x169.jpeg"},"thumbnail":{"file":"WhatsApp-Image-2023-01-09-at-14.05.54-1-150x150.jpeg","width":150,"height":150,"mime-type":"image\/jpeg","filesize":6389,"url":"https:\/\/360mallorcaproperty.com\/wp-content\/uploads\/2023\/01\/WhatsApp-Image-2023-01-09-at-14.05.54-1-150x150.jpeg"},"medium_large":{"file":"WhatsApp-Image-2023-01-09-at-14.05.54-1-768x432.jpeg","width":768,"height":432,"mime-type":"image\/jpeg","filesize":79177,"url":"https:\/\/360mallorcaproperty.com\/wp-content\/uploads\/2023\/01\/WhatsApp-Image-2023-01-09-at-14.05.54-1-768x432.jpeg"},"post-thumbnail":{"file":"WhatsApp-Image-2023-01-09-at-14.05.54-1-150x84.jpeg","width":150,"height":84,"mime-type":"image\/jpeg","filesize":3962,"url":"https:\/\/360mallorcaproperty.com\/wp-content\/uploads\/2023\/01\/WhatsApp-Image-2023-01-09-at-14.05.54-1-150x84.jpeg"},"modern-property-child-slider":{"file":"WhatsApp-Image-2023-01-09-at-14.05.54-1-680x510.jpeg","width":680,"height":510,"mime-type":"image\/jpeg","filesize":79086,"url":"https:\/\/360mallorcaproperty.com\/wp-content\/uploads\/2023\/01\/WhatsApp-Image-2023-01-09-at-14.05.54-1-680x510.jpeg"},"property-thumb-image":{"file":"WhatsApp-Image-2023-01-09-at-14.05.54-1-488x326.jpeg","width":488,"height":326,"mime-type":"image\/jpeg","filesize":39040,"url":"https:\/\/360mallorcaproperty.com\/wp-content\/uploads\/2023\/01\/WhatsApp-Image-2023-01-09-at-14.05.54-1-488x326.jpeg"},"property-detail-video-image":{"file":"WhatsApp-Image-2023-01-09-at-14.05.54-1-818x417.jpeg","width":818,"height":417,"mime-type":"image\/jpeg","filesize":80396,"url":"https:\/\/360mallorcaproperty.com\/wp-content\/uploads\/2023\/01\/WhatsApp-Image-2023-01-09-at-14.05.54-1-818x417.jpeg"},"agent-image":{"file":"WhatsApp-Image-2023-01-09-at-14.05.54-1-210x210.jpeg","width":210,"height":210,"mime-type":"image\/jpeg","filesize":11932,"url":"https:\/\/360mallorcaproperty.com\/wp-content\/uploads\/2023\/01\/WhatsApp-Image-2023-01-09-at-14.05.54-1-210x210.jpeg"},"partners-logo":{"file":"WhatsApp-Image-2023-01-09-at-14.05.54-1-600x576.jpeg","width":600,"height":576,"mime-type":"image\/jpeg","filesize":90170,"url":"https:\/\/360mallorcaproperty.com\/wp-content\/uploads\/2023\/01\/WhatsApp-Image-2023-01-09-at-14.05.54-1-600x576.jpeg"}},"image_meta":{"aperture":"0","credit":"","camera":"","caption":"","created_timestamp":"0","copyright":"","focal_length":"0","iso":"0","shutter_speed":"0","title":"","orientation":"0","keywords":[]},"ID":"17838","name":"WhatsApp-Image-2023-01-09-at-14.05.54-1.jpeg","path":"\/home\/mallorcaproperty\/public_html\/wp-content\/uploads\/2023\/01\/WhatsApp-Image-2023-01-09-at-14.05.54-1.jpeg","url":"https:\/\/360mallorcaproperty.com\/wp-content\/uploads\/2023\/01\/WhatsApp-Image-2023-01-09-at-14.05.54-1-150x150.jpeg","full_url":"https:\/\/360mallorcaproperty.com\/wp-content\/uploads\/2023\/01\/WhatsApp-Image-2023-01-09-at-14.05.54-1.jpeg","title":"WhatsApp Image 2023-01-09 at 14.05.54 (1)","caption":"","description":"","alt":"","srcset":"https:\/\/360mallorcaproperty.com\/wp-content\/uploads\/2023\/01\/WhatsApp-Image-2023-01-09-at-14.05.54-1-150x150.jpeg 150w, https:\/\/360mallorcaproperty.com\/wp-content\/uploads\/2023\/01\/WhatsApp-Image-2023-01-09-at-14.05.54-1-210x210.jpeg 210w"},{"width":150,"height":150,"file":"2023\/01\/WhatsApp-Image-2023-01-09-at-14.05.54.jpeg","filesize":93009,"sizes":{"medium":{"file":"WhatsApp-Image-2023-01-09-at-14.05.54-300x169.jpeg","width":300,"height":169,"mime-type":"image\/jpeg","filesize":11913,"url":"https:\/\/360mallorcaproperty.com\/wp-content\/uploads\/2023\/01\/WhatsApp-Image-2023-01-09-at-14.05.54-300x169.jpeg"},"thumbnail":{"file":"WhatsApp-Image-2023-01-09-at-14.05.54-150x150.jpeg","width":150,"height":150,"mime-type":"image\/jpeg","filesize":5881,"url":"https:\/\/360mallorcaproperty.com\/wp-content\/uploads\/2023\/01\/WhatsApp-Image-2023-01-09-at-14.05.54-150x150.jpeg"},"medium_large":{"file":"WhatsApp-Image-2023-01-09-at-14.05.54-768x432.jpeg","width":768,"height":432,"mime-type":"image\/jpeg","filesize":65038,"url":"https:\/\/360mallorcaproperty.com\/wp-content\/uploads\/2023\/01\/WhatsApp-Image-2023-01-09-at-14.05.54-768x432.jpeg"},"post-thumbnail":{"file":"WhatsApp-Image-2023-01-09-at-14.05.54-150x84.jpeg","width":150,"height":84,"mime-type":"image\/jpeg","filesize":3752,"url":"https:\/\/360mallorcaproperty.com\/wp-content\/uploads\/2023\/01\/WhatsApp-Image-2023-01-09-at-14.05.54-150x84.jpeg"},"modern-property-child-slider":{"file":"WhatsApp-Image-2023-01-09-at-14.05.54-680x510.jpeg","width":680,"height":510,"mime-type":"image\/jpeg","filesize":65749,"url":"https:\/\/360mallorcaproperty.com\/wp-content\/uploads\/2023\/01\/WhatsApp-Image-2023-01-09-at-14.05.54-680x510.jpeg"},"property-thumb-image":{"file":"WhatsApp-Image-2023-01-09-at-14.05.54-488x326.jpeg","width":488,"height":326,"mime-type":"image\/jpeg","filesize":33224,"url":"https:\/\/360mallorcaproperty.com\/wp-content\/uploads\/2023\/01\/WhatsApp-Image-2023-01-09-at-14.05.54-488x326.jpeg"},"property-detail-video-image":{"file":"WhatsApp-Image-2023-01-09-at-14.05.54-818x417.jpeg","width":818,"height":417,"mime-type":"image\/jpeg","filesize":65521,"url":"https:\/\/360mallorcaproperty.com\/wp-content\/uploads\/2023\/01\/WhatsApp-Image-2023-01-09-at-14.05.54-818x417.jpeg"},"agent-image":{"file":"WhatsApp-Image-2023-01-09-at-14.05.54-210x210.jpeg","width":210,"height":210,"mime-type":"image\/jpeg","filesize":10716,"url":"https:\/\/360mallorcaproperty.com\/wp-content\/uploads\/2023\/01\/WhatsApp-Image-2023-01-09-at-14.05.54-210x210.jpeg"},"partners-logo":{"file":"WhatsApp-Image-2023-01-09-at-14.05.54-600x576.jpeg","width":600,"height":576,"mime-type":"image\/jpeg","filesize":73240,"url":"https:\/\/360mallorcaproperty.com\/wp-content\/uploads\/2023\/01\/WhatsApp-Image-2023-01-09-at-14.05.54-600x576.jpeg"}},"image_meta":{"aperture":"0","credit":"","camera":"","caption":"","created_timestamp":"0","copyright":"","focal_length":"0","iso":"0","shutter_speed":"0","title":"","orientation":"0","keywords":[]},"ID":"17841","name":"WhatsApp-Image-2023-01-09-at-14.05.54.jpeg","path":"\/home\/mallorcaproperty\/public_html\/wp-content\/uploads\/2023\/01\/WhatsApp-Image-2023-01-09-at-14.05.54.jpeg","url":"https:\/\/360mallorcaproperty.com\/wp-content\/uploads\/2023\/01\/WhatsApp-Image-2023-01-09-at-14.05.54-150x150.jpeg","full_url":"https:\/\/360mallorcaproperty.com\/wp-content\/uploads\/2023\/01\/WhatsApp-Image-2023-01-09-at-14.05.54.jpeg","title":"WhatsApp Image 2023-01-09 at 14.05.54","caption":"","description":"","alt":"","srcset":"https:\/\/360mallorcaproperty.com\/wp-content\/uploads\/2023\/01\/WhatsApp-Image-2023-01-09-at-14.05.54-150x150.jpeg 150w, https:\/\/360mallorcaproperty.com\/wp-content\/uploads\/2023\/01\/WhatsApp-Image-2023-01-09-at-14.05.54-210x210.jpeg 210w"}],"REAL_HOMES_change_gallery_slider_type":"0","REAL_HOMES_gallery_slider_type":"thumb-on-right","inspiry_floor_plans":[],"inspiry_video_group":[],"REAL_HOMES_360_virtual_tour":"","REAL_HOMES_agent_display_option":"none","REAL_HOMES_agents":[],"REAL_HOMES_energy_class":"none","REAL_HOMES_energy_performance":"","REAL_HOMES_epc_current_rating":"","REAL_HOMES_epc_potential_rating":"","ere_property_schedule_tour":"","ere_property_schedule_time_slots":"","ere_property_schedule_description":"","REAL_HOMES_sticky":"0","inspiry_property_label":"","inspiry_property_label_color":"","inspiry_property_tax":"","inspiry_additional_fee":"","REAL_HOMES_attachments":[],"inspiry_property_owner_name":"","inspiry_property_owner_contact":"","inspiry_property_owner_address":"","REAL_HOMES_property_private_note":"","inspiry_message_to_reviewer":"","REAL_HOMES_add_in_slider":"no","REAL_HOMES_slider_image":[],"REAL_HOMES_page_banner_image":[],"REAL_HOMES_hide_property_advance_search":"0","inspiry_offmarket":[],"REAL_HOMES_custom_header_display":"default","REAL_HOMES_custom_header_position":"relative","REAL_HOMES_custom_footer_display":"default","REAL_HOMES_hide_advance_search":"0","REAL_HOMES_custom_search_form":"default","REAL_HOMES_search_form_margin_top":"","REAL_HOMES_search_form_margin_bottom":""},"_links":{"self":[{"href":"https:\/\/360mallorcaproperty.com\/es\/wp-json\/wp\/v2\/property\/17846","targetHints":{"allow":["GET"]}}],"collection":[{"href":"https:\/\/360mallorcaproperty.com\/es\/wp-json\/wp\/v2\/property"}],"about":[{"href":"https:\/\/360mallorcaproperty.com\/es\/wp-json\/wp\/v2\/types\/property"}],"author":[{"embeddable":true,"href":"https:\/\/360mallorcaproperty.com\/es\/wp-json\/wp\/v2\/users\/1"}],"replies":[{"embeddable":true,"href":"https:\/\/360mallorcaproperty.com\/es\/wp-json\/wp\/v2\/comments?post=17846"}],"version-history":[{"count":0,"href":"https:\/\/360mallorcaproperty.com\/es\/wp-json\/wp\/v2\/property\/17846\/revisions"}],"wp:featuredmedia":[{"embeddable":true,"href":"https:\/\/360mallorcaproperty.com\/es\/wp-json\/wp\/v2\/media\/17834"}],"wp:attachment":[{"href":"https:\/\/360mallorcaproperty.com\/es\/wp-json\/wp\/v2\/media?parent=17846"}],"wp:term":[{"taxonomy":"property-feature","embeddable":true,"href":"https:\/\/360mallorcaproperty.com\/es\/wp-json\/wp\/v2\/property-feature?post=17846"},{"taxonomy":"property-type","embeddable":true,"href":"https:\/\/360mallorcaproperty.com\/es\/wp-json\/wp\/v2\/property-type?post=17846"},{"taxonomy":"property-city","embeddable":true,"href":"https:\/\/360mallorcaproperty.com\/es\/wp-json\/wp\/v2\/property-location?post=17846"},{"taxonomy":"property-status","embeddable":true,"href":"https:\/\/360mallorcaproperty.com\/es\/wp-json\/wp\/v2\/property-status?post=17846"}],"curies":[{"name":"wp","href":"https:\/\/api.w.org\/{rel}","templated":true}]}}