{"id":18790,"date":"2023-03-06T16:18:52","date_gmt":"2023-03-06T16:18:52","guid":{"rendered":"https:\/\/360mallorcaproperty.com\/property\/townhouse-in-the-heart-opf-santanyi\/"},"modified":"2024-09-01T07:51:39","modified_gmt":"2024-09-01T07:51:39","slug":"townhouse-in-the-heart-opf-santanyi","status":"publish","type":"property","link":"https:\/\/360mallorcaproperty.com\/es\/property\/townhouse-in-the-heart-opf-santanyi\/","title":{"rendered":"Casa de Pueblo en Santany\u00ed"},"content":{"rendered":"<p>Aut\u00e9ntica casa de pueblo mallorquina en el coraz\u00f3n del popular pueblo de Santany\u00ed.<br \/>\nLa propiedad fue construida originalmente a principios del siglo pasado y ha tenido algunas reformas moderadas haciendo la propiedad perfectamente habitable en su estado actual.<br \/>\nCon m\u00e1s de 400m2 de superficie construida y una parcela restante de m\u00e1s de 600m2, de los que normalmente no se encuentran en el centro del pueblo, da un gran margen para convertir esta gran casa de pueblo en algo realmente incre\u00edble.<\/p>\n<p>Para visitar la propiedad y obtener una buena perspectiva de las posibilidades disponibles, p\u00f3ngase en contacto con nosotros aqu\u00ed en 360 Mallorca property. Estaremos encantados de atenderle.<\/p>\n","protected":false},"excerpt":{"rendered":"<p>Aut\u00e9ntica casa de pueblo mallorquina en el coraz\u00f3n del popular pueblo de Santany\u00ed. La propiedad fue construida originalmente a principios del siglo pasado y ha tenido algunas reformas moderadas haciendo la propiedad perfectamente habitable en su estado actual. Con m\u00e1s de 400m2 de superficie construida y una parcela restante de m\u00e1s de 600m2, de los&#8230;<\/p>\n","protected":false},"author":1,"featured_media":18727,"parent":0,"menu_order":0,"comment_status":"closed","ping_status":"closed","template":"","property-feature":[279,281,282],"property-type":[273],"property-location":[261],"property-status":[231],"class_list":["post-18790","property","type-property","status-publish","has-post-thumbnail","hentry","property-feature-chimenea","property-feature-garaje-aparcamiento","property-feature-jardin","property-type-villa-es","property-city-santanyi-es","property-status-venta"],"property_meta":{"REAL_HOMES_property_price":"1100000","REAL_HOMES_property_old_price":"","REAL_HOMES_property_price_prefix":"","REAL_HOMES_property_price_postfix":"","REAL_HOMES_property_size":"427m\u00b2","REAL_HOMES_property_size_postfix":"","REAL_HOMES_property_lot_size":"817m\u00b2","REAL_HOMES_property_lot_size_postfix":"","REAL_HOMES_property_bedrooms":"3","REAL_HOMES_property_bathrooms":"","REAL_HOMES_property_garage":"4","REAL_HOMES_property_id":"V3049","REAL_HOMES_property_year_built":"","REAL_HOMES_featured":"0","REAL_HOMES_additional_details_list":[],"rvr_booking_widget_display":"hide","rvr_booking_mode":"","rvr_govt_tax":"","rvr_govt_tax_type":"","rvr_govt_tax_calculation":"","rvr_service_charges":"","rvr_service_charges_type":"","rvr_service_charges_calculation":"","rvr_guests_capacity":"","rvr_book_child_as":"","rvr_min_stay":"","rvr_guests_capacity_extend":"","rvr_extra_guest_price":"","rvr_property_owner":"0","rvr_bulk_pricing":[],"rvr_seasonal_pricing":[],"rvr_custom_reserved_dates":[],"rvr_additional_fees":[{"rvr_fee_type":"fixed","rvr_fee_calculation":"per_stay"}],"rvr_additional_amenities":[{"price_calculation":"per_stay"}],"rvr_accommodation":[],"rvr_outdoor_features":[],"rvr_surroundings":[],"rvr_included":[],"rvr_not_included":[],"rvr_policies":[],"REAL_HOMES_property_location":{"latitude":"39.35683395556","longitude":"3.1259724497795","zoom":"18"},"REAL_HOMES_property_address":"C\/ De Palma, Santanyi, 07650, Mallorca","REAL_HOMES_property_map":"","REAL_HOMES_property_images":[{"width":150,"height":150,"file":"2023\/03\/IMG-20230306-WA0002.jpg","filesize":477542,"sizes":{"medium":{"file":"IMG-20230306-WA0002-225x300.jpg","width":225,"height":300,"mime-type":"image\/jpeg","filesize":17294,"url":"https:\/\/360mallorcaproperty.com\/wp-content\/uploads\/2023\/03\/IMG-20230306-WA0002-225x300.jpg"},"large":{"file":"IMG-20230306-WA0002-768x1024.jpg","width":768,"height":1024,"mime-type":"image\/jpeg","filesize":159321,"url":"https:\/\/360mallorcaproperty.com\/wp-content\/uploads\/2023\/03\/IMG-20230306-WA0002-768x1024.jpg"},"thumbnail":{"file":"IMG-20230306-WA0002-150x150.jpg","width":150,"height":150,"mime-type":"image\/jpeg","filesize":6770,"url":"https:\/\/360mallorcaproperty.com\/wp-content\/uploads\/2023\/03\/IMG-20230306-WA0002-150x150.jpg"},"medium_large":{"file":"IMG-20230306-WA0002-768x1024.jpg","width":768,"height":1024,"mime-type":"image\/jpeg","filesize":159321,"url":"https:\/\/360mallorcaproperty.com\/wp-content\/uploads\/2023\/03\/IMG-20230306-WA0002-768x1024.jpg"},"1536x1536":{"file":"IMG-20230306-WA0002-1152x1536.jpg","width":1152,"height":1536,"mime-type":"image\/jpeg","filesize":334678,"url":"https:\/\/360mallorcaproperty.com\/wp-content\/uploads\/2023\/03\/IMG-20230306-WA0002-1152x1536.jpg"},"post-thumbnail":{"file":"IMG-20230306-WA0002-113x150.jpg","width":113,"height":150,"mime-type":"image\/jpeg","filesize":5570,"url":"https:\/\/360mallorcaproperty.com\/wp-content\/uploads\/2023\/03\/IMG-20230306-WA0002-113x150.jpg"},"modern-property-child-slider":{"file":"IMG-20230306-WA0002-680x510.jpg","width":680,"height":510,"mime-type":"image\/jpeg","filesize":71831,"url":"https:\/\/360mallorcaproperty.com\/wp-content\/uploads\/2023\/03\/IMG-20230306-WA0002-680x510.jpg"},"property-thumb-image":{"file":"IMG-20230306-WA0002-488x326.jpg","width":488,"height":326,"mime-type":"image\/jpeg","filesize":35826,"url":"https:\/\/360mallorcaproperty.com\/wp-content\/uploads\/2023\/03\/IMG-20230306-WA0002-488x326.jpg"},"property-detail-video-image":{"file":"IMG-20230306-WA0002-818x417.jpg","width":818,"height":417,"mime-type":"image\/jpeg","filesize":66200,"url":"https:\/\/360mallorcaproperty.com\/wp-content\/uploads\/2023\/03\/IMG-20230306-WA0002-818x417.jpg"},"agent-image":{"file":"IMG-20230306-WA0002-210x210.jpg","width":210,"height":210,"mime-type":"image\/jpeg","filesize":11945,"url":"https:\/\/360mallorcaproperty.com\/wp-content\/uploads\/2023\/03\/IMG-20230306-WA0002-210x210.jpg"},"partners-logo":{"file":"IMG-20230306-WA0002-600x2000.jpg","width":600,"height":2000,"mime-type":"image\/jpeg","filesize":252670,"url":"https:\/\/360mallorcaproperty.com\/wp-content\/uploads\/2023\/03\/IMG-20230306-WA0002-600x2000.jpg"},"post-featured-image":{"file":"IMG-20230306-WA0002-1240x720.jpg","width":1240,"height":720,"mime-type":"image\/jpeg","filesize":156923,"url":"https:\/\/360mallorcaproperty.com\/wp-content\/uploads\/2023\/03\/IMG-20230306-WA0002-1240x720.jpg"}},"image_meta":{"aperture":"0","credit":"","camera":"","caption":"","created_timestamp":"0","copyright":"","focal_length":"0","iso":"0","shutter_speed":"0","title":"","orientation":"0","keywords":[]},"ID":"18725","name":"IMG-20230306-WA0002.jpg","path":"\/home\/mallorcaproperty\/public_html\/wp-content\/uploads\/2023\/03\/IMG-20230306-WA0002.jpg","url":"https:\/\/360mallorcaproperty.com\/wp-content\/uploads\/2023\/03\/IMG-20230306-WA0002-150x150.jpg","full_url":"https:\/\/360mallorcaproperty.com\/wp-content\/uploads\/2023\/03\/IMG-20230306-WA0002.jpg","title":"IMG-20230306-WA0002","caption":"","description":"","alt":"","srcset":"https:\/\/360mallorcaproperty.com\/wp-content\/uploads\/2023\/03\/IMG-20230306-WA0002-150x150.jpg 150w, https:\/\/360mallorcaproperty.com\/wp-content\/uploads\/2023\/03\/IMG-20230306-WA0002-210x210.jpg 210w"},{"width":150,"height":150,"file":"2023\/03\/IMG-20230306-WA0003.jpg","filesize":700919,"sizes":{"medium":{"file":"IMG-20230306-WA0003-225x300.jpg","width":225,"height":300,"mime-type":"image\/jpeg","filesize":17903,"url":"https:\/\/360mallorcaproperty.com\/wp-content\/uploads\/2023\/03\/IMG-20230306-WA0003-225x300.jpg"},"large":{"file":"IMG-20230306-WA0003-768x1024.jpg","width":768,"height":1024,"mime-type":"image\/jpeg","filesize":217338,"url":"https:\/\/360mallorcaproperty.com\/wp-content\/uploads\/2023\/03\/IMG-20230306-WA0003-768x1024.jpg"},"thumbnail":{"file":"IMG-20230306-WA0003-150x150.jpg","width":150,"height":150,"mime-type":"image\/jpeg","filesize":6575,"url":"https:\/\/360mallorcaproperty.com\/wp-content\/uploads\/2023\/03\/IMG-20230306-WA0003-150x150.jpg"},"medium_large":{"file":"IMG-20230306-WA0003-768x1024.jpg","width":768,"height":1024,"mime-type":"image\/jpeg","filesize":217338,"url":"https:\/\/360mallorcaproperty.com\/wp-content\/uploads\/2023\/03\/IMG-20230306-WA0003-768x1024.jpg"},"1536x1536":{"file":"IMG-20230306-WA0003-1152x1536.jpg","width":1152,"height":1536,"mime-type":"image\/jpeg","filesize":477002,"url":"https:\/\/360mallorcaproperty.com\/wp-content\/uploads\/2023\/03\/IMG-20230306-WA0003-1152x1536.jpg"},"post-thumbnail":{"file":"IMG-20230306-WA0003-113x150.jpg","width":113,"height":150,"mime-type":"image\/jpeg","filesize":5148,"url":"https:\/\/360mallorcaproperty.com\/wp-content\/uploads\/2023\/03\/IMG-20230306-WA0003-113x150.jpg"},"modern-property-child-slider":{"file":"IMG-20230306-WA0003-680x510.jpg","width":680,"height":510,"mime-type":"image\/jpeg","filesize":100533,"url":"https:\/\/360mallorcaproperty.com\/wp-content\/uploads\/2023\/03\/IMG-20230306-WA0003-680x510.jpg"},"property-thumb-image":{"file":"IMG-20230306-WA0003-488x326.jpg","width":488,"height":326,"mime-type":"image\/jpeg","filesize":43901,"url":"https:\/\/360mallorcaproperty.com\/wp-content\/uploads\/2023\/03\/IMG-20230306-WA0003-488x326.jpg"},"property-detail-video-image":{"file":"IMG-20230306-WA0003-818x417.jpg","width":818,"height":417,"mime-type":"image\/jpeg","filesize":100951,"url":"https:\/\/360mallorcaproperty.com\/wp-content\/uploads\/2023\/03\/IMG-20230306-WA0003-818x417.jpg"},"agent-image":{"file":"IMG-20230306-WA0003-210x210.jpg","width":210,"height":210,"mime-type":"image\/jpeg","filesize":12306,"url":"https:\/\/360mallorcaproperty.com\/wp-content\/uploads\/2023\/03\/IMG-20230306-WA0003-210x210.jpg"},"partners-logo":{"file":"IMG-20230306-WA0003-600x2000.jpg","width":600,"height":2000,"mime-type":"image\/jpeg","filesize":394985,"url":"https:\/\/360mallorcaproperty.com\/wp-content\/uploads\/2023\/03\/IMG-20230306-WA0003-600x2000.jpg"},"post-featured-image":{"file":"IMG-20230306-WA0003-1240x720.jpg","width":1240,"height":720,"mime-type":"image\/jpeg","filesize":265862,"url":"https:\/\/360mallorcaproperty.com\/wp-content\/uploads\/2023\/03\/IMG-20230306-WA0003-1240x720.jpg"}},"image_meta":{"aperture":"0","credit":"","camera":"","caption":"","created_timestamp":"0","copyright":"","focal_length":"0","iso":"0","shutter_speed":"0","title":"","orientation":"0","keywords":[]},"ID":"18728","name":"IMG-20230306-WA0003.jpg","path":"\/home\/mallorcaproperty\/public_html\/wp-content\/uploads\/2023\/03\/IMG-20230306-WA0003.jpg","url":"https:\/\/360mallorcaproperty.com\/wp-content\/uploads\/2023\/03\/IMG-20230306-WA0003-150x150.jpg","full_url":"https:\/\/360mallorcaproperty.com\/wp-content\/uploads\/2023\/03\/IMG-20230306-WA0003.jpg","title":"IMG-20230306-WA0003","caption":"","description":"","alt":"","srcset":"https:\/\/360mallorcaproperty.com\/wp-content\/uploads\/2023\/03\/IMG-20230306-WA0003-150x150.jpg 150w, https:\/\/360mallorcaproperty.com\/wp-content\/uploads\/2023\/03\/IMG-20230306-WA0003-210x210.jpg 210w"},{"width":150,"height":150,"file":"2023\/03\/WhatsApp-Image-2023-02-07-at-07.34.09.jpg","filesize":689976,"sizes":{"medium":{"file":"WhatsApp-Image-2023-02-07-at-07.34.09-225x300.jpg","width":225,"height":300,"mime-type":"image\/jpeg","filesize":17254,"url":"https:\/\/360mallorcaproperty.com\/wp-content\/uploads\/2023\/03\/WhatsApp-Image-2023-02-07-at-07.34.09-225x300.jpg"},"large":{"file":"WhatsApp-Image-2023-02-07-at-07.34.09-768x1024.jpg","width":768,"height":1024,"mime-type":"image\/jpeg","filesize":208899,"url":"https:\/\/360mallorcaproperty.com\/wp-content\/uploads\/2023\/03\/WhatsApp-Image-2023-02-07-at-07.34.09-768x1024.jpg"},"thumbnail":{"file":"WhatsApp-Image-2023-02-07-at-07.34.09-150x150.jpg","width":150,"height":150,"mime-type":"image\/jpeg","filesize":6663,"url":"https:\/\/360mallorcaproperty.com\/wp-content\/uploads\/2023\/03\/WhatsApp-Image-2023-02-07-at-07.34.09-150x150.jpg"},"medium_large":{"file":"WhatsApp-Image-2023-02-07-at-07.34.09-768x1024.jpg","width":768,"height":1024,"mime-type":"image\/jpeg","filesize":208899,"url":"https:\/\/360mallorcaproperty.com\/wp-content\/uploads\/2023\/03\/WhatsApp-Image-2023-02-07-at-07.34.09-768x1024.jpg"},"1536x1536":{"file":"WhatsApp-Image-2023-02-07-at-07.34.09-1152x1536.jpg","width":1152,"height":1536,"mime-type":"image\/jpeg","filesize":464225,"url":"https:\/\/360mallorcaproperty.com\/wp-content\/uploads\/2023\/03\/WhatsApp-Image-2023-02-07-at-07.34.09-1152x1536.jpg"},"post-thumbnail":{"file":"WhatsApp-Image-2023-02-07-at-07.34.09-113x150.jpg","width":113,"height":150,"mime-type":"image\/jpeg","filesize":4951,"url":"https:\/\/360mallorcaproperty.com\/wp-content\/uploads\/2023\/03\/WhatsApp-Image-2023-02-07-at-07.34.09-113x150.jpg"},"modern-property-child-slider":{"file":"WhatsApp-Image-2023-02-07-at-07.34.09-680x510.jpg","width":680,"height":510,"mime-type":"image\/jpeg","filesize":98106,"url":"https:\/\/360mallorcaproperty.com\/wp-content\/uploads\/2023\/03\/WhatsApp-Image-2023-02-07-at-07.34.09-680x510.jpg"},"property-thumb-image":{"file":"WhatsApp-Image-2023-02-07-at-07.34.09-488x326.jpg","width":488,"height":326,"mime-type":"image\/jpeg","filesize":43223,"url":"https:\/\/360mallorcaproperty.com\/wp-content\/uploads\/2023\/03\/WhatsApp-Image-2023-02-07-at-07.34.09-488x326.jpg"},"property-detail-video-image":{"file":"WhatsApp-Image-2023-02-07-at-07.34.09-818x417.jpg","width":818,"height":417,"mime-type":"image\/jpeg","filesize":97648,"url":"https:\/\/360mallorcaproperty.com\/wp-content\/uploads\/2023\/03\/WhatsApp-Image-2023-02-07-at-07.34.09-818x417.jpg"},"agent-image":{"file":"WhatsApp-Image-2023-02-07-at-07.34.09-210x210.jpg","width":210,"height":210,"mime-type":"image\/jpeg","filesize":12282,"url":"https:\/\/360mallorcaproperty.com\/wp-content\/uploads\/2023\/03\/WhatsApp-Image-2023-02-07-at-07.34.09-210x210.jpg"},"partners-logo":{"file":"WhatsApp-Image-2023-02-07-at-07.34.09-600x2000.jpg","width":600,"height":2000,"mime-type":"image\/jpeg","filesize":357065,"url":"https:\/\/360mallorcaproperty.com\/wp-content\/uploads\/2023\/03\/WhatsApp-Image-2023-02-07-at-07.34.09-600x2000.jpg"},"post-featured-image":{"file":"WhatsApp-Image-2023-02-07-at-07.34.09-1240x720.jpg","width":1240,"height":720,"mime-type":"image\/jpeg","filesize":251557,"url":"https:\/\/360mallorcaproperty.com\/wp-content\/uploads\/2023\/03\/WhatsApp-Image-2023-02-07-at-07.34.09-1240x720.jpg"}},"image_meta":{"aperture":"0","credit":"","camera":"","caption":"","created_timestamp":"0","copyright":"","focal_length":"0","iso":"0","shutter_speed":"0","title":"","orientation":"0","keywords":[]},"ID":"18785","name":"WhatsApp-Image-2023-02-07-at-07.34.09.jpg","path":"\/home\/mallorcaproperty\/public_html\/wp-content\/uploads\/2023\/03\/WhatsApp-Image-2023-02-07-at-07.34.09.jpg","url":"https:\/\/360mallorcaproperty.com\/wp-content\/uploads\/2023\/03\/WhatsApp-Image-2023-02-07-at-07.34.09-150x150.jpg","full_url":"https:\/\/360mallorcaproperty.com\/wp-content\/uploads\/2023\/03\/WhatsApp-Image-2023-02-07-at-07.34.09.jpg","title":"WhatsApp Image 2023-02-07 at 07.34.09","caption":"","description":"","alt":"","srcset":"https:\/\/360mallorcaproperty.com\/wp-content\/uploads\/2023\/03\/WhatsApp-Image-2023-02-07-at-07.34.09-150x150.jpg 150w, https:\/\/360mallorcaproperty.com\/wp-content\/uploads\/2023\/03\/WhatsApp-Image-2023-02-07-at-07.34.09-210x210.jpg 210w"},{"width":150,"height":150,"file":"2023\/03\/IMG-20230306-WA0017.jpg","filesize":167123,"sizes":{"medium":{"file":"IMG-20230306-WA0017-225x300.jpg","width":225,"height":300,"mime-type":"image\/jpeg","filesize":15995,"url":"https:\/\/360mallorcaproperty.com\/wp-content\/uploads\/2023\/03\/IMG-20230306-WA0017-225x300.jpg"},"large":{"file":"IMG-20230306-WA0017-768x1024.jpg","width":768,"height":1024,"mime-type":"image\/jpeg","filesize":104156,"url":"https:\/\/360mallorcaproperty.com\/wp-content\/uploads\/2023\/03\/IMG-20230306-WA0017-768x1024.jpg"},"thumbnail":{"file":"IMG-20230306-WA0017-150x150.jpg","width":150,"height":150,"mime-type":"image\/jpeg","filesize":6995,"url":"https:\/\/360mallorcaproperty.com\/wp-content\/uploads\/2023\/03\/IMG-20230306-WA0017-150x150.jpg"},"medium_large":{"file":"IMG-20230306-WA0017-768x1024.jpg","width":768,"height":1024,"mime-type":"image\/jpeg","filesize":104156,"url":"https:\/\/360mallorcaproperty.com\/wp-content\/uploads\/2023\/03\/IMG-20230306-WA0017-768x1024.jpg"},"1536x1536":{"file":"IMG-20230306-WA0017-1152x1536.jpg","width":1152,"height":1536,"mime-type":"image\/jpeg","filesize":186778,"url":"https:\/\/360mallorcaproperty.com\/wp-content\/uploads\/2023\/03\/IMG-20230306-WA0017-1152x1536.jpg"},"post-thumbnail":{"file":"IMG-20230306-WA0017-113x150.jpg","width":113,"height":150,"mime-type":"image\/jpeg","filesize":5622,"url":"https:\/\/360mallorcaproperty.com\/wp-content\/uploads\/2023\/03\/IMG-20230306-WA0017-113x150.jpg"},"modern-property-child-slider":{"file":"IMG-20230306-WA0017-680x510.jpg","width":680,"height":510,"mime-type":"image\/jpeg","filesize":57420,"url":"https:\/\/360mallorcaproperty.com\/wp-content\/uploads\/2023\/03\/IMG-20230306-WA0017-680x510.jpg"},"property-thumb-image":{"file":"IMG-20230306-WA0017-488x326.jpg","width":488,"height":326,"mime-type":"image\/jpeg","filesize":32132,"url":"https:\/\/360mallorcaproperty.com\/wp-content\/uploads\/2023\/03\/IMG-20230306-WA0017-488x326.jpg"},"property-detail-video-image":{"file":"IMG-20230306-WA0017-818x417.jpg","width":818,"height":417,"mime-type":"image\/jpeg","filesize":56993,"url":"https:\/\/360mallorcaproperty.com\/wp-content\/uploads\/2023\/03\/IMG-20230306-WA0017-818x417.jpg"},"agent-image":{"file":"IMG-20230306-WA0017-210x210.jpg","width":210,"height":210,"mime-type":"image\/jpeg","filesize":11628,"url":"https:\/\/360mallorcaproperty.com\/wp-content\/uploads\/2023\/03\/IMG-20230306-WA0017-210x210.jpg"},"partners-logo":{"file":"IMG-20230306-WA0017-600x1600.jpg","width":600,"height":1600,"mime-type":"image\/jpeg","filesize":113972,"url":"https:\/\/360mallorcaproperty.com\/wp-content\/uploads\/2023\/03\/IMG-20230306-WA0017-600x1600.jpg"},"post-featured-image":{"file":"IMG-20230306-WA0017-1200x720.jpg","width":1200,"height":720,"mime-type":"image\/jpeg","filesize":105852,"url":"https:\/\/360mallorcaproperty.com\/wp-content\/uploads\/2023\/03\/IMG-20230306-WA0017-1200x720.jpg"}},"image_meta":{"aperture":"0","credit":"","camera":"","caption":"","created_timestamp":"0","copyright":"","focal_length":"0","iso":"0","shutter_speed":"0","title":"","orientation":"0","keywords":[]},"ID":"18770","name":"IMG-20230306-WA0017.jpg","path":"\/home\/mallorcaproperty\/public_html\/wp-content\/uploads\/2023\/03\/IMG-20230306-WA0017.jpg","url":"https:\/\/360mallorcaproperty.com\/wp-content\/uploads\/2023\/03\/IMG-20230306-WA0017-150x150.jpg","full_url":"https:\/\/360mallorcaproperty.com\/wp-content\/uploads\/2023\/03\/IMG-20230306-WA0017.jpg","title":"IMG-20230306-WA0017","caption":"","description":"","alt":"","srcset":"https:\/\/360mallorcaproperty.com\/wp-content\/uploads\/2023\/03\/IMG-20230306-WA0017-150x150.jpg 150w, https:\/\/360mallorcaproperty.com\/wp-content\/uploads\/2023\/03\/IMG-20230306-WA0017-210x210.jpg 210w"},{"width":150,"height":150,"file":"2023\/03\/IMG-20230306-WA0018.jpg","filesize":165056,"sizes":{"medium":{"file":"IMG-20230306-WA0018-225x300.jpg","width":225,"height":300,"mime-type":"image\/jpeg","filesize":15534,"url":"https:\/\/360mallorcaproperty.com\/wp-content\/uploads\/2023\/03\/IMG-20230306-WA0018-225x300.jpg"},"large":{"file":"IMG-20230306-WA0018-768x1024.jpg","width":768,"height":1024,"mime-type":"image\/jpeg","filesize":102285,"url":"https:\/\/360mallorcaproperty.com\/wp-content\/uploads\/2023\/03\/IMG-20230306-WA0018-768x1024.jpg"},"thumbnail":{"file":"IMG-20230306-WA0018-150x150.jpg","width":150,"height":150,"mime-type":"image\/jpeg","filesize":6835,"url":"https:\/\/360mallorcaproperty.com\/wp-content\/uploads\/2023\/03\/IMG-20230306-WA0018-150x150.jpg"},"medium_large":{"file":"IMG-20230306-WA0018-768x1024.jpg","width":768,"height":1024,"mime-type":"image\/jpeg","filesize":102285,"url":"https:\/\/360mallorcaproperty.com\/wp-content\/uploads\/2023\/03\/IMG-20230306-WA0018-768x1024.jpg"},"1536x1536":{"file":"IMG-20230306-WA0018-1152x1536.jpg","width":1152,"height":1536,"mime-type":"image\/jpeg","filesize":185180,"url":"https:\/\/360mallorcaproperty.com\/wp-content\/uploads\/2023\/03\/IMG-20230306-WA0018-1152x1536.jpg"},"post-thumbnail":{"file":"IMG-20230306-WA0018-113x150.jpg","width":113,"height":150,"mime-type":"image\/jpeg","filesize":5492,"url":"https:\/\/360mallorcaproperty.com\/wp-content\/uploads\/2023\/03\/IMG-20230306-WA0018-113x150.jpg"},"modern-property-child-slider":{"file":"IMG-20230306-WA0018-680x510.jpg","width":680,"height":510,"mime-type":"image\/jpeg","filesize":55794,"url":"https:\/\/360mallorcaproperty.com\/wp-content\/uploads\/2023\/03\/IMG-20230306-WA0018-680x510.jpg"},"property-thumb-image":{"file":"IMG-20230306-WA0018-488x326.jpg","width":488,"height":326,"mime-type":"image\/jpeg","filesize":31034,"url":"https:\/\/360mallorcaproperty.com\/wp-content\/uploads\/2023\/03\/IMG-20230306-WA0018-488x326.jpg"},"property-detail-video-image":{"file":"IMG-20230306-WA0018-818x417.jpg","width":818,"height":417,"mime-type":"image\/jpeg","filesize":56090,"url":"https:\/\/360mallorcaproperty.com\/wp-content\/uploads\/2023\/03\/IMG-20230306-WA0018-818x417.jpg"},"agent-image":{"file":"IMG-20230306-WA0018-210x210.jpg","width":210,"height":210,"mime-type":"image\/jpeg","filesize":11425,"url":"https:\/\/360mallorcaproperty.com\/wp-content\/uploads\/2023\/03\/IMG-20230306-WA0018-210x210.jpg"},"partners-logo":{"file":"IMG-20230306-WA0018-600x1600.jpg","width":600,"height":1600,"mime-type":"image\/jpeg","filesize":108612,"url":"https:\/\/360mallorcaproperty.com\/wp-content\/uploads\/2023\/03\/IMG-20230306-WA0018-600x1600.jpg"},"post-featured-image":{"file":"IMG-20230306-WA0018-1200x720.jpg","width":1200,"height":720,"mime-type":"image\/jpeg","filesize":106989,"url":"https:\/\/360mallorcaproperty.com\/wp-content\/uploads\/2023\/03\/IMG-20230306-WA0018-1200x720.jpg"}},"image_meta":{"aperture":"0","credit":"","camera":"","caption":"","created_timestamp":"0","copyright":"","focal_length":"0","iso":"0","shutter_speed":"0","title":"","orientation":"0","keywords":[]},"ID":"18773","name":"IMG-20230306-WA0018.jpg","path":"\/home\/mallorcaproperty\/public_html\/wp-content\/uploads\/2023\/03\/IMG-20230306-WA0018.jpg","url":"https:\/\/360mallorcaproperty.com\/wp-content\/uploads\/2023\/03\/IMG-20230306-WA0018-150x150.jpg","full_url":"https:\/\/360mallorcaproperty.com\/wp-content\/uploads\/2023\/03\/IMG-20230306-WA0018.jpg","title":"IMG-20230306-WA0018","caption":"","description":"","alt":"","srcset":"https:\/\/360mallorcaproperty.com\/wp-content\/uploads\/2023\/03\/IMG-20230306-WA0018-150x150.jpg 150w, https:\/\/360mallorcaproperty.com\/wp-content\/uploads\/2023\/03\/IMG-20230306-WA0018-210x210.jpg 210w"},{"width":150,"height":150,"file":"2023\/03\/IMG-20230306-WA0020.jpg","filesize":198928,"sizes":{"medium":{"file":"IMG-20230306-WA0020-225x300.jpg","width":225,"height":300,"mime-type":"image\/jpeg","filesize":16132,"url":"https:\/\/360mallorcaproperty.com\/wp-content\/uploads\/2023\/03\/IMG-20230306-WA0020-225x300.jpg"},"large":{"file":"IMG-20230306-WA0020-768x1024.jpg","width":768,"height":1024,"mime-type":"image\/jpeg","filesize":116803,"url":"https:\/\/360mallorcaproperty.com\/wp-content\/uploads\/2023\/03\/IMG-20230306-WA0020-768x1024.jpg"},"thumbnail":{"file":"IMG-20230306-WA0020-150x150.jpg","width":150,"height":150,"mime-type":"image\/jpeg","filesize":6757,"url":"https:\/\/360mallorcaproperty.com\/wp-content\/uploads\/2023\/03\/IMG-20230306-WA0020-150x150.jpg"},"medium_large":{"file":"IMG-20230306-WA0020-768x1024.jpg","width":768,"height":1024,"mime-type":"image\/jpeg","filesize":116803,"url":"https:\/\/360mallorcaproperty.com\/wp-content\/uploads\/2023\/03\/IMG-20230306-WA0020-768x1024.jpg"},"1536x1536":{"file":"IMG-20230306-WA0020-1152x1536.jpg","width":1152,"height":1536,"mime-type":"image\/jpeg","filesize":217844,"url":"https:\/\/360mallorcaproperty.com\/wp-content\/uploads\/2023\/03\/IMG-20230306-WA0020-1152x1536.jpg"},"post-thumbnail":{"file":"IMG-20230306-WA0020-113x150.jpg","width":113,"height":150,"mime-type":"image\/jpeg","filesize":5686,"url":"https:\/\/360mallorcaproperty.com\/wp-content\/uploads\/2023\/03\/IMG-20230306-WA0020-113x150.jpg"},"modern-property-child-slider":{"file":"IMG-20230306-WA0020-680x510.jpg","width":680,"height":510,"mime-type":"image\/jpeg","filesize":62064,"url":"https:\/\/360mallorcaproperty.com\/wp-content\/uploads\/2023\/03\/IMG-20230306-WA0020-680x510.jpg"},"property-thumb-image":{"file":"IMG-20230306-WA0020-488x326.jpg","width":488,"height":326,"mime-type":"image\/jpeg","filesize":33340,"url":"https:\/\/360mallorcaproperty.com\/wp-content\/uploads\/2023\/03\/IMG-20230306-WA0020-488x326.jpg"},"property-detail-video-image":{"file":"IMG-20230306-WA0020-818x417.jpg","width":818,"height":417,"mime-type":"image\/jpeg","filesize":62390,"url":"https:\/\/360mallorcaproperty.com\/wp-content\/uploads\/2023\/03\/IMG-20230306-WA0020-818x417.jpg"},"agent-image":{"file":"IMG-20230306-WA0020-210x210.jpg","width":210,"height":210,"mime-type":"image\/jpeg","filesize":11409,"url":"https:\/\/360mallorcaproperty.com\/wp-content\/uploads\/2023\/03\/IMG-20230306-WA0020-210x210.jpg"},"partners-logo":{"file":"IMG-20230306-WA0020-600x1600.jpg","width":600,"height":1600,"mime-type":"image\/jpeg","filesize":139356,"url":"https:\/\/360mallorcaproperty.com\/wp-content\/uploads\/2023\/03\/IMG-20230306-WA0020-600x1600.jpg"},"post-featured-image":{"file":"IMG-20230306-WA0020-1200x720.jpg","width":1200,"height":720,"mime-type":"image\/jpeg","filesize":120456,"url":"https:\/\/360mallorcaproperty.com\/wp-content\/uploads\/2023\/03\/IMG-20230306-WA0020-1200x720.jpg"}},"image_meta":{"aperture":"0","credit":"","camera":"","caption":"","created_timestamp":"0","copyright":"","focal_length":"0","iso":"0","shutter_speed":"0","title":"","orientation":"0","keywords":[]},"ID":"18779","name":"IMG-20230306-WA0020.jpg","path":"\/home\/mallorcaproperty\/public_html\/wp-content\/uploads\/2023\/03\/IMG-20230306-WA0020.jpg","url":"https:\/\/360mallorcaproperty.com\/wp-content\/uploads\/2023\/03\/IMG-20230306-WA0020-150x150.jpg","full_url":"https:\/\/360mallorcaproperty.com\/wp-content\/uploads\/2023\/03\/IMG-20230306-WA0020.jpg","title":"IMG-20230306-WA0020","caption":"","description":"","alt":"","srcset":"https:\/\/360mallorcaproperty.com\/wp-content\/uploads\/2023\/03\/IMG-20230306-WA0020-150x150.jpg 150w, https:\/\/360mallorcaproperty.com\/wp-content\/uploads\/2023\/03\/IMG-20230306-WA0020-210x210.jpg 210w"},{"width":150,"height":150,"file":"2023\/03\/IMG-20230306-WA0019.jpg","filesize":229373,"sizes":{"medium":{"file":"IMG-20230306-WA0019-225x300.jpg","width":225,"height":300,"mime-type":"image\/jpeg","filesize":19695,"url":"https:\/\/360mallorcaproperty.com\/wp-content\/uploads\/2023\/03\/IMG-20230306-WA0019-225x300.jpg"},"large":{"file":"IMG-20230306-WA0019-768x1024.jpg","width":768,"height":1024,"mime-type":"image\/jpeg","filesize":136062,"url":"https:\/\/360mallorcaproperty.com\/wp-content\/uploads\/2023\/03\/IMG-20230306-WA0019-768x1024.jpg"},"thumbnail":{"file":"IMG-20230306-WA0019-150x150.jpg","width":150,"height":150,"mime-type":"image\/jpeg","filesize":8029,"url":"https:\/\/360mallorcaproperty.com\/wp-content\/uploads\/2023\/03\/IMG-20230306-WA0019-150x150.jpg"},"medium_large":{"file":"IMG-20230306-WA0019-768x1024.jpg","width":768,"height":1024,"mime-type":"image\/jpeg","filesize":136062,"url":"https:\/\/360mallorcaproperty.com\/wp-content\/uploads\/2023\/03\/IMG-20230306-WA0019-768x1024.jpg"},"1536x1536":{"file":"IMG-20230306-WA0019-1152x1536.jpg","width":1152,"height":1536,"mime-type":"image\/jpeg","filesize":248348,"url":"https:\/\/360mallorcaproperty.com\/wp-content\/uploads\/2023\/03\/IMG-20230306-WA0019-1152x1536.jpg"},"post-thumbnail":{"file":"IMG-20230306-WA0019-113x150.jpg","width":113,"height":150,"mime-type":"image\/jpeg","filesize":6808,"url":"https:\/\/360mallorcaproperty.com\/wp-content\/uploads\/2023\/03\/IMG-20230306-WA0019-113x150.jpg"},"modern-property-child-slider":{"file":"IMG-20230306-WA0019-680x510.jpg","width":680,"height":510,"mime-type":"image\/jpeg","filesize":68090,"url":"https:\/\/360mallorcaproperty.com\/wp-content\/uploads\/2023\/03\/IMG-20230306-WA0019-680x510.jpg"},"property-thumb-image":{"file":"IMG-20230306-WA0019-488x326.jpg","width":488,"height":326,"mime-type":"image\/jpeg","filesize":36645,"url":"https:\/\/360mallorcaproperty.com\/wp-content\/uploads\/2023\/03\/IMG-20230306-WA0019-488x326.jpg"},"property-detail-video-image":{"file":"IMG-20230306-WA0019-818x417.jpg","width":818,"height":417,"mime-type":"image\/jpeg","filesize":64914,"url":"https:\/\/360mallorcaproperty.com\/wp-content\/uploads\/2023\/03\/IMG-20230306-WA0019-818x417.jpg"},"agent-image":{"file":"IMG-20230306-WA0019-210x210.jpg","width":210,"height":210,"mime-type":"image\/jpeg","filesize":13669,"url":"https:\/\/360mallorcaproperty.com\/wp-content\/uploads\/2023\/03\/IMG-20230306-WA0019-210x210.jpg"},"partners-logo":{"file":"IMG-20230306-WA0019-600x1600.jpg","width":600,"height":1600,"mime-type":"image\/jpeg","filesize":155274,"url":"https:\/\/360mallorcaproperty.com\/wp-content\/uploads\/2023\/03\/IMG-20230306-WA0019-600x1600.jpg"},"post-featured-image":{"file":"IMG-20230306-WA0019-1200x720.jpg","width":1200,"height":720,"mime-type":"image\/jpeg","filesize":128051,"url":"https:\/\/360mallorcaproperty.com\/wp-content\/uploads\/2023\/03\/IMG-20230306-WA0019-1200x720.jpg"}},"image_meta":{"aperture":"0","credit":"","camera":"","caption":"","created_timestamp":"0","copyright":"","focal_length":"0","iso":"0","shutter_speed":"0","title":"","orientation":"0","keywords":[]},"ID":"18776","name":"IMG-20230306-WA0019.jpg","path":"\/home\/mallorcaproperty\/public_html\/wp-content\/uploads\/2023\/03\/IMG-20230306-WA0019.jpg","url":"https:\/\/360mallorcaproperty.com\/wp-content\/uploads\/2023\/03\/IMG-20230306-WA0019-150x150.jpg","full_url":"https:\/\/360mallorcaproperty.com\/wp-content\/uploads\/2023\/03\/IMG-20230306-WA0019.jpg","title":"IMG-20230306-WA0019","caption":"","description":"","alt":"","srcset":"https:\/\/360mallorcaproperty.com\/wp-content\/uploads\/2023\/03\/IMG-20230306-WA0019-150x150.jpg 150w, https:\/\/360mallorcaproperty.com\/wp-content\/uploads\/2023\/03\/IMG-20230306-WA0019-210x210.jpg 210w"},{"width":150,"height":150,"file":"2023\/03\/IMG-20230306-WA0007.jpg","filesize":119789,"sizes":{"medium":{"file":"IMG-20230306-WA0007-225x300.jpg","width":225,"height":300,"mime-type":"image\/jpeg","filesize":12754,"url":"https:\/\/360mallorcaproperty.com\/wp-content\/uploads\/2023\/03\/IMG-20230306-WA0007-225x300.jpg"},"large":{"file":"IMG-20230306-WA0007-768x1024.jpg","width":768,"height":1024,"mime-type":"image\/jpeg","filesize":74619,"url":"https:\/\/360mallorcaproperty.com\/wp-content\/uploads\/2023\/03\/IMG-20230306-WA0007-768x1024.jpg"},"thumbnail":{"file":"IMG-20230306-WA0007-150x150.jpg","width":150,"height":150,"mime-type":"image\/jpeg","filesize":5964,"url":"https:\/\/360mallorcaproperty.com\/wp-content\/uploads\/2023\/03\/IMG-20230306-WA0007-150x150.jpg"},"medium_large":{"file":"IMG-20230306-WA0007-768x1024.jpg","width":768,"height":1024,"mime-type":"image\/jpeg","filesize":74619,"url":"https:\/\/360mallorcaproperty.com\/wp-content\/uploads\/2023\/03\/IMG-20230306-WA0007-768x1024.jpg"},"1536x1536":{"file":"IMG-20230306-WA0007-1152x1536.jpg","width":1152,"height":1536,"mime-type":"image\/jpeg","filesize":133576,"url":"https:\/\/360mallorcaproperty.com\/wp-content\/uploads\/2023\/03\/IMG-20230306-WA0007-1152x1536.jpg"},"post-thumbnail":{"file":"IMG-20230306-WA0007-113x150.jpg","width":113,"height":150,"mime-type":"image\/jpeg","filesize":4837,"url":"https:\/\/360mallorcaproperty.com\/wp-content\/uploads\/2023\/03\/IMG-20230306-WA0007-113x150.jpg"},"modern-property-child-slider":{"file":"IMG-20230306-WA0007-680x510.jpg","width":680,"height":510,"mime-type":"image\/jpeg","filesize":39620,"url":"https:\/\/360mallorcaproperty.com\/wp-content\/uploads\/2023\/03\/IMG-20230306-WA0007-680x510.jpg"},"property-thumb-image":{"file":"IMG-20230306-WA0007-488x326.jpg","width":488,"height":326,"mime-type":"image\/jpeg","filesize":22451,"url":"https:\/\/360mallorcaproperty.com\/wp-content\/uploads\/2023\/03\/IMG-20230306-WA0007-488x326.jpg"},"property-detail-video-image":{"file":"IMG-20230306-WA0007-818x417.jpg","width":818,"height":417,"mime-type":"image\/jpeg","filesize":38063,"url":"https:\/\/360mallorcaproperty.com\/wp-content\/uploads\/2023\/03\/IMG-20230306-WA0007-818x417.jpg"},"agent-image":{"file":"IMG-20230306-WA0007-210x210.jpg","width":210,"height":210,"mime-type":"image\/jpeg","filesize":9699,"url":"https:\/\/360mallorcaproperty.com\/wp-content\/uploads\/2023\/03\/IMG-20230306-WA0007-210x210.jpg"},"partners-logo":{"file":"IMG-20230306-WA0007-600x1600.jpg","width":600,"height":1600,"mime-type":"image\/jpeg","filesize":85305,"url":"https:\/\/360mallorcaproperty.com\/wp-content\/uploads\/2023\/03\/IMG-20230306-WA0007-600x1600.jpg"},"post-featured-image":{"file":"IMG-20230306-WA0007-1200x720.jpg","width":1200,"height":720,"mime-type":"image\/jpeg","filesize":68516,"url":"https:\/\/360mallorcaproperty.com\/wp-content\/uploads\/2023\/03\/IMG-20230306-WA0007-1200x720.jpg"}},"image_meta":{"aperture":"0","credit":"","camera":"","caption":"","created_timestamp":"0","copyright":"","focal_length":"0","iso":"0","shutter_speed":"0","title":"","orientation":"0","keywords":[]},"ID":"18740","name":"IMG-20230306-WA0007.jpg","path":"\/home\/mallorcaproperty\/public_html\/wp-content\/uploads\/2023\/03\/IMG-20230306-WA0007.jpg","url":"https:\/\/360mallorcaproperty.com\/wp-content\/uploads\/2023\/03\/IMG-20230306-WA0007-150x150.jpg","full_url":"https:\/\/360mallorcaproperty.com\/wp-content\/uploads\/2023\/03\/IMG-20230306-WA0007.jpg","title":"IMG-20230306-WA0007","caption":"","description":"","alt":"","srcset":"https:\/\/360mallorcaproperty.com\/wp-content\/uploads\/2023\/03\/IMG-20230306-WA0007-150x150.jpg 150w, https:\/\/360mallorcaproperty.com\/wp-content\/uploads\/2023\/03\/IMG-20230306-WA0007-210x210.jpg 210w"},{"width":150,"height":150,"file":"2023\/03\/IMG-20230306-WA0010.jpg","filesize":83443,"sizes":{"medium":{"file":"IMG-20230306-WA0010-225x300.jpg","width":225,"height":300,"mime-type":"image\/jpeg","filesize":9258,"url":"https:\/\/360mallorcaproperty.com\/wp-content\/uploads\/2023\/03\/IMG-20230306-WA0010-225x300.jpg"},"large":{"file":"IMG-20230306-WA0010-768x1024.jpg","width":768,"height":1024,"mime-type":"image\/jpeg","filesize":55001,"url":"https:\/\/360mallorcaproperty.com\/wp-content\/uploads\/2023\/03\/IMG-20230306-WA0010-768x1024.jpg"},"thumbnail":{"file":"IMG-20230306-WA0010-150x150.jpg","width":150,"height":150,"mime-type":"image\/jpeg","filesize":3944,"url":"https:\/\/360mallorcaproperty.com\/wp-content\/uploads\/2023\/03\/IMG-20230306-WA0010-150x150.jpg"},"medium_large":{"file":"IMG-20230306-WA0010-768x1024.jpg","width":768,"height":1024,"mime-type":"image\/jpeg","filesize":55001,"url":"https:\/\/360mallorcaproperty.com\/wp-content\/uploads\/2023\/03\/IMG-20230306-WA0010-768x1024.jpg"},"1536x1536":{"file":"IMG-20230306-WA0010-1152x1536.jpg","width":1152,"height":1536,"mime-type":"image\/jpeg","filesize":100165,"url":"https:\/\/360mallorcaproperty.com\/wp-content\/uploads\/2023\/03\/IMG-20230306-WA0010-1152x1536.jpg"},"post-thumbnail":{"file":"IMG-20230306-WA0010-113x150.jpg","width":113,"height":150,"mime-type":"image\/jpeg","filesize":3643,"url":"https:\/\/360mallorcaproperty.com\/wp-content\/uploads\/2023\/03\/IMG-20230306-WA0010-113x150.jpg"},"modern-property-child-slider":{"file":"IMG-20230306-WA0010-680x510.jpg","width":680,"height":510,"mime-type":"image\/jpeg","filesize":25871,"url":"https:\/\/360mallorcaproperty.com\/wp-content\/uploads\/2023\/03\/IMG-20230306-WA0010-680x510.jpg"},"property-thumb-image":{"file":"IMG-20230306-WA0010-488x326.jpg","width":488,"height":326,"mime-type":"image\/jpeg","filesize":13713,"url":"https:\/\/360mallorcaproperty.com\/wp-content\/uploads\/2023\/03\/IMG-20230306-WA0010-488x326.jpg"},"property-detail-video-image":{"file":"IMG-20230306-WA0010-818x417.jpg","width":818,"height":417,"mime-type":"image\/jpeg","filesize":21582,"url":"https:\/\/360mallorcaproperty.com\/wp-content\/uploads\/2023\/03\/IMG-20230306-WA0010-818x417.jpg"},"agent-image":{"file":"IMG-20230306-WA0010-210x210.jpg","width":210,"height":210,"mime-type":"image\/jpeg","filesize":6389,"url":"https:\/\/360mallorcaproperty.com\/wp-content\/uploads\/2023\/03\/IMG-20230306-WA0010-210x210.jpg"},"partners-logo":{"file":"IMG-20230306-WA0010-600x1600.jpg","width":600,"height":1600,"mime-type":"image\/jpeg","filesize":53772,"url":"https:\/\/360mallorcaproperty.com\/wp-content\/uploads\/2023\/03\/IMG-20230306-WA0010-600x1600.jpg"},"post-featured-image":{"file":"IMG-20230306-WA0010-1200x720.jpg","width":1200,"height":720,"mime-type":"image\/jpeg","filesize":42703,"url":"https:\/\/360mallorcaproperty.com\/wp-content\/uploads\/2023\/03\/IMG-20230306-WA0010-1200x720.jpg"}},"image_meta":{"aperture":"0","credit":"","camera":"","caption":"","created_timestamp":"0","copyright":"","focal_length":"0","iso":"0","shutter_speed":"0","title":"","orientation":"0","keywords":[]},"ID":"18749","name":"IMG-20230306-WA0010.jpg","path":"\/home\/mallorcaproperty\/public_html\/wp-content\/uploads\/2023\/03\/IMG-20230306-WA0010.jpg","url":"https:\/\/360mallorcaproperty.com\/wp-content\/uploads\/2023\/03\/IMG-20230306-WA0010-150x150.jpg","full_url":"https:\/\/360mallorcaproperty.com\/wp-content\/uploads\/2023\/03\/IMG-20230306-WA0010.jpg","title":"IMG-20230306-WA0010","caption":"","description":"","alt":"","srcset":"https:\/\/360mallorcaproperty.com\/wp-content\/uploads\/2023\/03\/IMG-20230306-WA0010-150x150.jpg 150w, https:\/\/360mallorcaproperty.com\/wp-content\/uploads\/2023\/03\/IMG-20230306-WA0010-210x210.jpg 210w"},{"width":150,"height":150,"file":"2023\/03\/IMG-20230306-WA0008.jpg","filesize":139490,"sizes":{"medium":{"file":"IMG-20230306-WA0008-225x300.jpg","width":225,"height":300,"mime-type":"image\/jpeg","filesize":14846,"url":"https:\/\/360mallorcaproperty.com\/wp-content\/uploads\/2023\/03\/IMG-20230306-WA0008-225x300.jpg"},"large":{"file":"IMG-20230306-WA0008-768x1024.jpg","width":768,"height":1024,"mime-type":"image\/jpeg","filesize":89855,"url":"https:\/\/360mallorcaproperty.com\/wp-content\/uploads\/2023\/03\/IMG-20230306-WA0008-768x1024.jpg"},"thumbnail":{"file":"IMG-20230306-WA0008-150x150.jpg","width":150,"height":150,"mime-type":"image\/jpeg","filesize":6603,"url":"https:\/\/360mallorcaproperty.com\/wp-content\/uploads\/2023\/03\/IMG-20230306-WA0008-150x150.jpg"},"medium_large":{"file":"IMG-20230306-WA0008-768x1024.jpg","width":768,"height":1024,"mime-type":"image\/jpeg","filesize":89855,"url":"https:\/\/360mallorcaproperty.com\/wp-content\/uploads\/2023\/03\/IMG-20230306-WA0008-768x1024.jpg"},"1536x1536":{"file":"IMG-20230306-WA0008-1152x1536.jpg","width":1152,"height":1536,"mime-type":"image\/jpeg","filesize":158837,"url":"https:\/\/360mallorcaproperty.com\/wp-content\/uploads\/2023\/03\/IMG-20230306-WA0008-1152x1536.jpg"},"post-thumbnail":{"file":"IMG-20230306-WA0008-113x150.jpg","width":113,"height":150,"mime-type":"image\/jpeg","filesize":5470,"url":"https:\/\/360mallorcaproperty.com\/wp-content\/uploads\/2023\/03\/IMG-20230306-WA0008-113x150.jpg"},"modern-property-child-slider":{"file":"IMG-20230306-WA0008-680x510.jpg","width":680,"height":510,"mime-type":"image\/jpeg","filesize":46967,"url":"https:\/\/360mallorcaproperty.com\/wp-content\/uploads\/2023\/03\/IMG-20230306-WA0008-680x510.jpg"},"property-thumb-image":{"file":"IMG-20230306-WA0008-488x326.jpg","width":488,"height":326,"mime-type":"image\/jpeg","filesize":26160,"url":"https:\/\/360mallorcaproperty.com\/wp-content\/uploads\/2023\/03\/IMG-20230306-WA0008-488x326.jpg"},"property-detail-video-image":{"file":"IMG-20230306-WA0008-818x417.jpg","width":818,"height":417,"mime-type":"image\/jpeg","filesize":44996,"url":"https:\/\/360mallorcaproperty.com\/wp-content\/uploads\/2023\/03\/IMG-20230306-WA0008-818x417.jpg"},"agent-image":{"file":"IMG-20230306-WA0008-210x210.jpg","width":210,"height":210,"mime-type":"image\/jpeg","filesize":10961,"url":"https:\/\/360mallorcaproperty.com\/wp-content\/uploads\/2023\/03\/IMG-20230306-WA0008-210x210.jpg"},"partners-logo":{"file":"IMG-20230306-WA0008-600x1600.jpg","width":600,"height":1600,"mime-type":"image\/jpeg","filesize":74943,"url":"https:\/\/360mallorcaproperty.com\/wp-content\/uploads\/2023\/03\/IMG-20230306-WA0008-600x1600.jpg"},"post-featured-image":{"file":"IMG-20230306-WA0008-1200x720.jpg","width":1200,"height":720,"mime-type":"image\/jpeg","filesize":81953,"url":"https:\/\/360mallorcaproperty.com\/wp-content\/uploads\/2023\/03\/IMG-20230306-WA0008-1200x720.jpg"}},"image_meta":{"aperture":"0","credit":"","camera":"","caption":"","created_timestamp":"0","copyright":"","focal_length":"0","iso":"0","shutter_speed":"0","title":"","orientation":"0","keywords":[]},"ID":"18743","name":"IMG-20230306-WA0008.jpg","path":"\/home\/mallorcaproperty\/public_html\/wp-content\/uploads\/2023\/03\/IMG-20230306-WA0008.jpg","url":"https:\/\/360mallorcaproperty.com\/wp-content\/uploads\/2023\/03\/IMG-20230306-WA0008-150x150.jpg","full_url":"https:\/\/360mallorcaproperty.com\/wp-content\/uploads\/2023\/03\/IMG-20230306-WA0008.jpg","title":"IMG-20230306-WA0008","caption":"","description":"","alt":"","srcset":"https:\/\/360mallorcaproperty.com\/wp-content\/uploads\/2023\/03\/IMG-20230306-WA0008-150x150.jpg 150w, https:\/\/360mallorcaproperty.com\/wp-content\/uploads\/2023\/03\/IMG-20230306-WA0008-210x210.jpg 210w"},{"width":150,"height":150,"file":"2023\/03\/IMG-20230306-WA0009.jpg","filesize":171442,"sizes":{"medium":{"file":"IMG-20230306-WA0009-225x300.jpg","width":225,"height":300,"mime-type":"image\/jpeg","filesize":15887,"url":"https:\/\/360mallorcaproperty.com\/wp-content\/uploads\/2023\/03\/IMG-20230306-WA0009-225x300.jpg"},"large":{"file":"IMG-20230306-WA0009-768x1024.jpg","width":768,"height":1024,"mime-type":"image\/jpeg","filesize":103987,"url":"https:\/\/360mallorcaproperty.com\/wp-content\/uploads\/2023\/03\/IMG-20230306-WA0009-768x1024.jpg"},"thumbnail":{"file":"IMG-20230306-WA0009-150x150.jpg","width":150,"height":150,"mime-type":"image\/jpeg","filesize":6567,"url":"https:\/\/360mallorcaproperty.com\/wp-content\/uploads\/2023\/03\/IMG-20230306-WA0009-150x150.jpg"},"medium_large":{"file":"IMG-20230306-WA0009-768x1024.jpg","width":768,"height":1024,"mime-type":"image\/jpeg","filesize":103987,"url":"https:\/\/360mallorcaproperty.com\/wp-content\/uploads\/2023\/03\/IMG-20230306-WA0009-768x1024.jpg"},"1536x1536":{"file":"IMG-20230306-WA0009-1152x1536.jpg","width":1152,"height":1536,"mime-type":"image\/jpeg","filesize":191320,"url":"https:\/\/360mallorcaproperty.com\/wp-content\/uploads\/2023\/03\/IMG-20230306-WA0009-1152x1536.jpg"},"post-thumbnail":{"file":"IMG-20230306-WA0009-113x150.jpg","width":113,"height":150,"mime-type":"image\/jpeg","filesize":5656,"url":"https:\/\/360mallorcaproperty.com\/wp-content\/uploads\/2023\/03\/IMG-20230306-WA0009-113x150.jpg"},"modern-property-child-slider":{"file":"IMG-20230306-WA0009-680x510.jpg","width":680,"height":510,"mime-type":"image\/jpeg","filesize":47379,"url":"https:\/\/360mallorcaproperty.com\/wp-content\/uploads\/2023\/03\/IMG-20230306-WA0009-680x510.jpg"},"property-thumb-image":{"file":"IMG-20230306-WA0009-488x326.jpg","width":488,"height":326,"mime-type":"image\/jpeg","filesize":25123,"url":"https:\/\/360mallorcaproperty.com\/wp-content\/uploads\/2023\/03\/IMG-20230306-WA0009-488x326.jpg"},"property-detail-video-image":{"file":"IMG-20230306-WA0009-818x417.jpg","width":818,"height":417,"mime-type":"image\/jpeg","filesize":39981,"url":"https:\/\/360mallorcaproperty.com\/wp-content\/uploads\/2023\/03\/IMG-20230306-WA0009-818x417.jpg"},"agent-image":{"file":"IMG-20230306-WA0009-210x210.jpg","width":210,"height":210,"mime-type":"image\/jpeg","filesize":10926,"url":"https:\/\/360mallorcaproperty.com\/wp-content\/uploads\/2023\/03\/IMG-20230306-WA0009-210x210.jpg"},"partners-logo":{"file":"IMG-20230306-WA0009-600x1600.jpg","width":600,"height":1600,"mime-type":"image\/jpeg","filesize":122489,"url":"https:\/\/360mallorcaproperty.com\/wp-content\/uploads\/2023\/03\/IMG-20230306-WA0009-600x1600.jpg"},"post-featured-image":{"file":"IMG-20230306-WA0009-1200x720.jpg","width":1200,"height":720,"mime-type":"image\/jpeg","filesize":80451,"url":"https:\/\/360mallorcaproperty.com\/wp-content\/uploads\/2023\/03\/IMG-20230306-WA0009-1200x720.jpg"}},"image_meta":{"aperture":"0","credit":"","camera":"","caption":"","created_timestamp":"0","copyright":"","focal_length":"0","iso":"0","shutter_speed":"0","title":"","orientation":"0","keywords":[]},"ID":"18746","name":"IMG-20230306-WA0009.jpg","path":"\/home\/mallorcaproperty\/public_html\/wp-content\/uploads\/2023\/03\/IMG-20230306-WA0009.jpg","url":"https:\/\/360mallorcaproperty.com\/wp-content\/uploads\/2023\/03\/IMG-20230306-WA0009-150x150.jpg","full_url":"https:\/\/360mallorcaproperty.com\/wp-content\/uploads\/2023\/03\/IMG-20230306-WA0009.jpg","title":"IMG-20230306-WA0009","caption":"","description":"","alt":"","srcset":"https:\/\/360mallorcaproperty.com\/wp-content\/uploads\/2023\/03\/IMG-20230306-WA0009-150x150.jpg 150w, https:\/\/360mallorcaproperty.com\/wp-content\/uploads\/2023\/03\/IMG-20230306-WA0009-210x210.jpg 210w"},{"width":150,"height":150,"file":"2023\/03\/IMG-20230306-WA0011.jpg","filesize":101772,"sizes":{"medium":{"file":"IMG-20230306-WA0011-225x300.jpg","width":225,"height":300,"mime-type":"image\/jpeg","filesize":12238,"url":"https:\/\/360mallorcaproperty.com\/wp-content\/uploads\/2023\/03\/IMG-20230306-WA0011-225x300.jpg"},"large":{"file":"IMG-20230306-WA0011-768x1024.jpg","width":768,"height":1024,"mime-type":"image\/jpeg","filesize":67512,"url":"https:\/\/360mallorcaproperty.com\/wp-content\/uploads\/2023\/03\/IMG-20230306-WA0011-768x1024.jpg"},"thumbnail":{"file":"IMG-20230306-WA0011-150x150.jpg","width":150,"height":150,"mime-type":"image\/jpeg","filesize":5904,"url":"https:\/\/360mallorcaproperty.com\/wp-content\/uploads\/2023\/03\/IMG-20230306-WA0011-150x150.jpg"},"medium_large":{"file":"IMG-20230306-WA0011-768x1024.jpg","width":768,"height":1024,"mime-type":"image\/jpeg","filesize":67512,"url":"https:\/\/360mallorcaproperty.com\/wp-content\/uploads\/2023\/03\/IMG-20230306-WA0011-768x1024.jpg"},"1536x1536":{"file":"IMG-20230306-WA0011-1152x1536.jpg","width":1152,"height":1536,"mime-type":"image\/jpeg","filesize":120249,"url":"https:\/\/360mallorcaproperty.com\/wp-content\/uploads\/2023\/03\/IMG-20230306-WA0011-1152x1536.jpg"},"post-thumbnail":{"file":"IMG-20230306-WA0011-113x150.jpg","width":113,"height":150,"mime-type":"image\/jpeg","filesize":4745,"url":"https:\/\/360mallorcaproperty.com\/wp-content\/uploads\/2023\/03\/IMG-20230306-WA0011-113x150.jpg"},"modern-property-child-slider":{"file":"IMG-20230306-WA0011-680x510.jpg","width":680,"height":510,"mime-type":"image\/jpeg","filesize":41261,"url":"https:\/\/360mallorcaproperty.com\/wp-content\/uploads\/2023\/03\/IMG-20230306-WA0011-680x510.jpg"},"property-thumb-image":{"file":"IMG-20230306-WA0011-488x326.jpg","width":488,"height":326,"mime-type":"image\/jpeg","filesize":24080,"url":"https:\/\/360mallorcaproperty.com\/wp-content\/uploads\/2023\/03\/IMG-20230306-WA0011-488x326.jpg"},"property-detail-video-image":{"file":"IMG-20230306-WA0011-818x417.jpg","width":818,"height":417,"mime-type":"image\/jpeg","filesize":40289,"url":"https:\/\/360mallorcaproperty.com\/wp-content\/uploads\/2023\/03\/IMG-20230306-WA0011-818x417.jpg"},"agent-image":{"file":"IMG-20230306-WA0011-210x210.jpg","width":210,"height":210,"mime-type":"image\/jpeg","filesize":9559,"url":"https:\/\/360mallorcaproperty.com\/wp-content\/uploads\/2023\/03\/IMG-20230306-WA0011-210x210.jpg"},"partners-logo":{"file":"IMG-20230306-WA0011-600x1600.jpg","width":600,"height":1600,"mime-type":"image\/jpeg","filesize":67354,"url":"https:\/\/360mallorcaproperty.com\/wp-content\/uploads\/2023\/03\/IMG-20230306-WA0011-600x1600.jpg"},"post-featured-image":{"file":"IMG-20230306-WA0011-1200x720.jpg","width":1200,"height":720,"mime-type":"image\/jpeg","filesize":72093,"url":"https:\/\/360mallorcaproperty.com\/wp-content\/uploads\/2023\/03\/IMG-20230306-WA0011-1200x720.jpg"}},"image_meta":{"aperture":"0","credit":"","camera":"","caption":"","created_timestamp":"0","copyright":"","focal_length":"0","iso":"0","shutter_speed":"0","title":"","orientation":"0","keywords":[]},"ID":"18752","name":"IMG-20230306-WA0011.jpg","path":"\/home\/mallorcaproperty\/public_html\/wp-content\/uploads\/2023\/03\/IMG-20230306-WA0011.jpg","url":"https:\/\/360mallorcaproperty.com\/wp-content\/uploads\/2023\/03\/IMG-20230306-WA0011-150x150.jpg","full_url":"https:\/\/360mallorcaproperty.com\/wp-content\/uploads\/2023\/03\/IMG-20230306-WA0011.jpg","title":"IMG-20230306-WA0011","caption":"","description":"","alt":"","srcset":"https:\/\/360mallorcaproperty.com\/wp-content\/uploads\/2023\/03\/IMG-20230306-WA0011-150x150.jpg 150w, https:\/\/360mallorcaproperty.com\/wp-content\/uploads\/2023\/03\/IMG-20230306-WA0011-210x210.jpg 210w"},{"width":150,"height":150,"file":"2023\/03\/IMG-20230306-WA0004.jpg","filesize":231167,"sizes":{"medium":{"file":"IMG-20230306-WA0004-225x300.jpg","width":225,"height":300,"mime-type":"image\/jpeg","filesize":17357,"url":"https:\/\/360mallorcaproperty.com\/wp-content\/uploads\/2023\/03\/IMG-20230306-WA0004-225x300.jpg"},"large":{"file":"IMG-20230306-WA0004-768x1024.jpg","width":768,"height":1024,"mime-type":"image\/jpeg","filesize":138137,"url":"https:\/\/360mallorcaproperty.com\/wp-content\/uploads\/2023\/03\/IMG-20230306-WA0004-768x1024.jpg"},"thumbnail":{"file":"IMG-20230306-WA0004-150x150.jpg","width":150,"height":150,"mime-type":"image\/jpeg","filesize":6450,"url":"https:\/\/360mallorcaproperty.com\/wp-content\/uploads\/2023\/03\/IMG-20230306-WA0004-150x150.jpg"},"medium_large":{"file":"IMG-20230306-WA0004-768x1024.jpg","width":768,"height":1024,"mime-type":"image\/jpeg","filesize":138137,"url":"https:\/\/360mallorcaproperty.com\/wp-content\/uploads\/2023\/03\/IMG-20230306-WA0004-768x1024.jpg"},"1536x1536":{"file":"IMG-20230306-WA0004-1152x1536.jpg","width":1152,"height":1536,"mime-type":"image\/jpeg","filesize":256827,"url":"https:\/\/360mallorcaproperty.com\/wp-content\/uploads\/2023\/03\/IMG-20230306-WA0004-1152x1536.jpg"},"post-thumbnail":{"file":"IMG-20230306-WA0004-113x150.jpg","width":113,"height":150,"mime-type":"image\/jpeg","filesize":5513,"url":"https:\/\/360mallorcaproperty.com\/wp-content\/uploads\/2023\/03\/IMG-20230306-WA0004-113x150.jpg"},"modern-property-child-slider":{"file":"IMG-20230306-WA0004-680x510.jpg","width":680,"height":510,"mime-type":"image\/jpeg","filesize":64957,"url":"https:\/\/360mallorcaproperty.com\/wp-content\/uploads\/2023\/03\/IMG-20230306-WA0004-680x510.jpg"},"property-thumb-image":{"file":"IMG-20230306-WA0004-488x326.jpg","width":488,"height":326,"mime-type":"image\/jpeg","filesize":32623,"url":"https:\/\/360mallorcaproperty.com\/wp-content\/uploads\/2023\/03\/IMG-20230306-WA0004-488x326.jpg"},"property-detail-video-image":{"file":"IMG-20230306-WA0004-818x417.jpg","width":818,"height":417,"mime-type":"image\/jpeg","filesize":60822,"url":"https:\/\/360mallorcaproperty.com\/wp-content\/uploads\/2023\/03\/IMG-20230306-WA0004-818x417.jpg"},"agent-image":{"file":"IMG-20230306-WA0004-210x210.jpg","width":210,"height":210,"mime-type":"image\/jpeg","filesize":11578,"url":"https:\/\/360mallorcaproperty.com\/wp-content\/uploads\/2023\/03\/IMG-20230306-WA0004-210x210.jpg"},"partners-logo":{"file":"IMG-20230306-WA0004-600x1600.jpg","width":600,"height":1600,"mime-type":"image\/jpeg","filesize":143152,"url":"https:\/\/360mallorcaproperty.com\/wp-content\/uploads\/2023\/03\/IMG-20230306-WA0004-600x1600.jpg"},"post-featured-image":{"file":"IMG-20230306-WA0004-1200x720.jpg","width":1200,"height":720,"mime-type":"image\/jpeg","filesize":126494,"url":"https:\/\/360mallorcaproperty.com\/wp-content\/uploads\/2023\/03\/IMG-20230306-WA0004-1200x720.jpg"}},"image_meta":{"aperture":"0","credit":"","camera":"","caption":"","created_timestamp":"0","copyright":"","focal_length":"0","iso":"0","shutter_speed":"0","title":"","orientation":"0","keywords":[]},"ID":"18731","name":"IMG-20230306-WA0004.jpg","path":"\/home\/mallorcaproperty\/public_html\/wp-content\/uploads\/2023\/03\/IMG-20230306-WA0004.jpg","url":"https:\/\/360mallorcaproperty.com\/wp-content\/uploads\/2023\/03\/IMG-20230306-WA0004-150x150.jpg","full_url":"https:\/\/360mallorcaproperty.com\/wp-content\/uploads\/2023\/03\/IMG-20230306-WA0004.jpg","title":"IMG-20230306-WA0004","caption":"","description":"","alt":"","srcset":"https:\/\/360mallorcaproperty.com\/wp-content\/uploads\/2023\/03\/IMG-20230306-WA0004-150x150.jpg 150w, https:\/\/360mallorcaproperty.com\/wp-content\/uploads\/2023\/03\/IMG-20230306-WA0004-210x210.jpg 210w"},{"width":150,"height":150,"file":"2023\/03\/IMG-20230306-WA0005.jpg","filesize":192798,"sizes":{"medium":{"file":"IMG-20230306-WA0005-225x300.jpg","width":225,"height":300,"mime-type":"image\/jpeg","filesize":17261,"url":"https:\/\/360mallorcaproperty.com\/wp-content\/uploads\/2023\/03\/IMG-20230306-WA0005-225x300.jpg"},"large":{"file":"IMG-20230306-WA0005-768x1024.jpg","width":768,"height":1024,"mime-type":"image\/jpeg","filesize":115976,"url":"https:\/\/360mallorcaproperty.com\/wp-content\/uploads\/2023\/03\/IMG-20230306-WA0005-768x1024.jpg"},"thumbnail":{"file":"IMG-20230306-WA0005-150x150.jpg","width":150,"height":150,"mime-type":"image\/jpeg","filesize":7081,"url":"https:\/\/360mallorcaproperty.com\/wp-content\/uploads\/2023\/03\/IMG-20230306-WA0005-150x150.jpg"},"medium_large":{"file":"IMG-20230306-WA0005-768x1024.jpg","width":768,"height":1024,"mime-type":"image\/jpeg","filesize":115976,"url":"https:\/\/360mallorcaproperty.com\/wp-content\/uploads\/2023\/03\/IMG-20230306-WA0005-768x1024.jpg"},"1536x1536":{"file":"IMG-20230306-WA0005-1152x1536.jpg","width":1152,"height":1536,"mime-type":"image\/jpeg","filesize":211737,"url":"https:\/\/360mallorcaproperty.com\/wp-content\/uploads\/2023\/03\/IMG-20230306-WA0005-1152x1536.jpg"},"post-thumbnail":{"file":"IMG-20230306-WA0005-113x150.jpg","width":113,"height":150,"mime-type":"image\/jpeg","filesize":5929,"url":"https:\/\/360mallorcaproperty.com\/wp-content\/uploads\/2023\/03\/IMG-20230306-WA0005-113x150.jpg"},"modern-property-child-slider":{"file":"IMG-20230306-WA0005-680x510.jpg","width":680,"height":510,"mime-type":"image\/jpeg","filesize":57630,"url":"https:\/\/360mallorcaproperty.com\/wp-content\/uploads\/2023\/03\/IMG-20230306-WA0005-680x510.jpg"},"property-thumb-image":{"file":"IMG-20230306-WA0005-488x326.jpg","width":488,"height":326,"mime-type":"image\/jpeg","filesize":31306,"url":"https:\/\/360mallorcaproperty.com\/wp-content\/uploads\/2023\/03\/IMG-20230306-WA0005-488x326.jpg"},"property-detail-video-image":{"file":"IMG-20230306-WA0005-818x417.jpg","width":818,"height":417,"mime-type":"image\/jpeg","filesize":56175,"url":"https:\/\/360mallorcaproperty.com\/wp-content\/uploads\/2023\/03\/IMG-20230306-WA0005-818x417.jpg"},"agent-image":{"file":"IMG-20230306-WA0005-210x210.jpg","width":210,"height":210,"mime-type":"image\/jpeg","filesize":12076,"url":"https:\/\/360mallorcaproperty.com\/wp-content\/uploads\/2023\/03\/IMG-20230306-WA0005-210x210.jpg"},"partners-logo":{"file":"IMG-20230306-WA0005-600x1600.jpg","width":600,"height":1600,"mime-type":"image\/jpeg","filesize":136555,"url":"https:\/\/360mallorcaproperty.com\/wp-content\/uploads\/2023\/03\/IMG-20230306-WA0005-600x1600.jpg"},"post-featured-image":{"file":"IMG-20230306-WA0005-1200x720.jpg","width":1200,"height":720,"mime-type":"image\/jpeg","filesize":108120,"url":"https:\/\/360mallorcaproperty.com\/wp-content\/uploads\/2023\/03\/IMG-20230306-WA0005-1200x720.jpg"}},"image_meta":{"aperture":"0","credit":"","camera":"","caption":"","created_timestamp":"0","copyright":"","focal_length":"0","iso":"0","shutter_speed":"0","title":"","orientation":"0","keywords":[]},"ID":"18734","name":"IMG-20230306-WA0005.jpg","path":"\/home\/mallorcaproperty\/public_html\/wp-content\/uploads\/2023\/03\/IMG-20230306-WA0005.jpg","url":"https:\/\/360mallorcaproperty.com\/wp-content\/uploads\/2023\/03\/IMG-20230306-WA0005-150x150.jpg","full_url":"https:\/\/360mallorcaproperty.com\/wp-content\/uploads\/2023\/03\/IMG-20230306-WA0005.jpg","title":"IMG-20230306-WA0005","caption":"","description":"","alt":"","srcset":"https:\/\/360mallorcaproperty.com\/wp-content\/uploads\/2023\/03\/IMG-20230306-WA0005-150x150.jpg 150w, https:\/\/360mallorcaproperty.com\/wp-content\/uploads\/2023\/03\/IMG-20230306-WA0005-210x210.jpg 210w"},{"width":150,"height":150,"file":"2023\/03\/IMG-20230306-WA0006.jpg","filesize":130659,"sizes":{"medium":{"file":"IMG-20230306-WA0006-225x300.jpg","width":225,"height":300,"mime-type":"image\/jpeg","filesize":10307,"url":"https:\/\/360mallorcaproperty.com\/wp-content\/uploads\/2023\/03\/IMG-20230306-WA0006-225x300.jpg"},"large":{"file":"IMG-20230306-WA0006-768x1024.jpg","width":768,"height":1024,"mime-type":"image\/jpeg","filesize":77557,"url":"https:\/\/360mallorcaproperty.com\/wp-content\/uploads\/2023\/03\/IMG-20230306-WA0006-768x1024.jpg"},"thumbnail":{"file":"IMG-20230306-WA0006-150x150.jpg","width":150,"height":150,"mime-type":"image\/jpeg","filesize":4583,"url":"https:\/\/360mallorcaproperty.com\/wp-content\/uploads\/2023\/03\/IMG-20230306-WA0006-150x150.jpg"},"medium_large":{"file":"IMG-20230306-WA0006-768x1024.jpg","width":768,"height":1024,"mime-type":"image\/jpeg","filesize":77557,"url":"https:\/\/360mallorcaproperty.com\/wp-content\/uploads\/2023\/03\/IMG-20230306-WA0006-768x1024.jpg"},"1536x1536":{"file":"IMG-20230306-WA0006-1152x1536.jpg","width":1152,"height":1536,"mime-type":"image\/jpeg","filesize":148619,"url":"https:\/\/360mallorcaproperty.com\/wp-content\/uploads\/2023\/03\/IMG-20230306-WA0006-1152x1536.jpg"},"post-thumbnail":{"file":"IMG-20230306-WA0006-113x150.jpg","width":113,"height":150,"mime-type":"image\/jpeg","filesize":3544,"url":"https:\/\/360mallorcaproperty.com\/wp-content\/uploads\/2023\/03\/IMG-20230306-WA0006-113x150.jpg"},"modern-property-child-slider":{"file":"IMG-20230306-WA0006-680x510.jpg","width":680,"height":510,"mime-type":"image\/jpeg","filesize":45501,"url":"https:\/\/360mallorcaproperty.com\/wp-content\/uploads\/2023\/03\/IMG-20230306-WA0006-680x510.jpg"},"property-thumb-image":{"file":"IMG-20230306-WA0006-488x326.jpg","width":488,"height":326,"mime-type":"image\/jpeg","filesize":24647,"url":"https:\/\/360mallorcaproperty.com\/wp-content\/uploads\/2023\/03\/IMG-20230306-WA0006-488x326.jpg"},"property-detail-video-image":{"file":"IMG-20230306-WA0006-818x417.jpg","width":818,"height":417,"mime-type":"image\/jpeg","filesize":47854,"url":"https:\/\/360mallorcaproperty.com\/wp-content\/uploads\/2023\/03\/IMG-20230306-WA0006-818x417.jpg"},"agent-image":{"file":"IMG-20230306-WA0006-210x210.jpg","width":210,"height":210,"mime-type":"image\/jpeg","filesize":7957,"url":"https:\/\/360mallorcaproperty.com\/wp-content\/uploads\/2023\/03\/IMG-20230306-WA0006-210x210.jpg"},"partners-logo":{"file":"IMG-20230306-WA0006-600x1600.jpg","width":600,"height":1600,"mime-type":"image\/jpeg","filesize":86519,"url":"https:\/\/360mallorcaproperty.com\/wp-content\/uploads\/2023\/03\/IMG-20230306-WA0006-600x1600.jpg"},"post-featured-image":{"file":"IMG-20230306-WA0006-1200x720.jpg","width":1200,"height":720,"mime-type":"image\/jpeg","filesize":95575,"url":"https:\/\/360mallorcaproperty.com\/wp-content\/uploads\/2023\/03\/IMG-20230306-WA0006-1200x720.jpg"}},"image_meta":{"aperture":"0","credit":"","camera":"","caption":"","created_timestamp":"0","copyright":"","focal_length":"0","iso":"0","shutter_speed":"0","title":"","orientation":"0","keywords":[]},"ID":"18737","name":"IMG-20230306-WA0006.jpg","path":"\/home\/mallorcaproperty\/public_html\/wp-content\/uploads\/2023\/03\/IMG-20230306-WA0006.jpg","url":"https:\/\/360mallorcaproperty.com\/wp-content\/uploads\/2023\/03\/IMG-20230306-WA0006-150x150.jpg","full_url":"https:\/\/360mallorcaproperty.com\/wp-content\/uploads\/2023\/03\/IMG-20230306-WA0006.jpg","title":"IMG-20230306-WA0006","caption":"","description":"","alt":"","srcset":"https:\/\/360mallorcaproperty.com\/wp-content\/uploads\/2023\/03\/IMG-20230306-WA0006-150x150.jpg 150w, https:\/\/360mallorcaproperty.com\/wp-content\/uploads\/2023\/03\/IMG-20230306-WA0006-210x210.jpg 210w"},{"width":150,"height":150,"file":"2023\/03\/IMG-20230306-WA0012.jpg","filesize":162728,"sizes":{"medium":{"file":"IMG-20230306-WA0012-225x300.jpg","width":225,"height":300,"mime-type":"image\/jpeg","filesize":17216,"url":"https:\/\/360mallorcaproperty.com\/wp-content\/uploads\/2023\/03\/IMG-20230306-WA0012-225x300.jpg"},"large":{"file":"IMG-20230306-WA0012-768x1024.jpg","width":768,"height":1024,"mime-type":"image\/jpeg","filesize":107706,"url":"https:\/\/360mallorcaproperty.com\/wp-content\/uploads\/2023\/03\/IMG-20230306-WA0012-768x1024.jpg"},"thumbnail":{"file":"IMG-20230306-WA0012-150x150.jpg","width":150,"height":150,"mime-type":"image\/jpeg","filesize":7297,"url":"https:\/\/360mallorcaproperty.com\/wp-content\/uploads\/2023\/03\/IMG-20230306-WA0012-150x150.jpg"},"medium_large":{"file":"IMG-20230306-WA0012-768x1024.jpg","width":768,"height":1024,"mime-type":"image\/jpeg","filesize":107706,"url":"https:\/\/360mallorcaproperty.com\/wp-content\/uploads\/2023\/03\/IMG-20230306-WA0012-768x1024.jpg"},"1536x1536":{"file":"IMG-20230306-WA0012-1152x1536.jpg","width":1152,"height":1536,"mime-type":"image\/jpeg","filesize":187832,"url":"https:\/\/360mallorcaproperty.com\/wp-content\/uploads\/2023\/03\/IMG-20230306-WA0012-1152x1536.jpg"},"post-thumbnail":{"file":"IMG-20230306-WA0012-113x150.jpg","width":113,"height":150,"mime-type":"image\/jpeg","filesize":5919,"url":"https:\/\/360mallorcaproperty.com\/wp-content\/uploads\/2023\/03\/IMG-20230306-WA0012-113x150.jpg"},"modern-property-child-slider":{"file":"IMG-20230306-WA0012-680x510.jpg","width":680,"height":510,"mime-type":"image\/jpeg","filesize":60078,"url":"https:\/\/360mallorcaproperty.com\/wp-content\/uploads\/2023\/03\/IMG-20230306-WA0012-680x510.jpg"},"property-thumb-image":{"file":"IMG-20230306-WA0012-488x326.jpg","width":488,"height":326,"mime-type":"image\/jpeg","filesize":34285,"url":"https:\/\/360mallorcaproperty.com\/wp-content\/uploads\/2023\/03\/IMG-20230306-WA0012-488x326.jpg"},"property-detail-video-image":{"file":"IMG-20230306-WA0012-818x417.jpg","width":818,"height":417,"mime-type":"image\/jpeg","filesize":60810,"url":"https:\/\/360mallorcaproperty.com\/wp-content\/uploads\/2023\/03\/IMG-20230306-WA0012-818x417.jpg"},"agent-image":{"file":"IMG-20230306-WA0012-210x210.jpg","width":210,"height":210,"mime-type":"image\/jpeg","filesize":12469,"url":"https:\/\/360mallorcaproperty.com\/wp-content\/uploads\/2023\/03\/IMG-20230306-WA0012-210x210.jpg"},"partners-logo":{"file":"IMG-20230306-WA0012-600x1600.jpg","width":600,"height":1600,"mime-type":"image\/jpeg","filesize":111114,"url":"https:\/\/360mallorcaproperty.com\/wp-content\/uploads\/2023\/03\/IMG-20230306-WA0012-600x1600.jpg"},"post-featured-image":{"file":"IMG-20230306-WA0012-1200x720.jpg","width":1200,"height":720,"mime-type":"image\/jpeg","filesize":107896,"url":"https:\/\/360mallorcaproperty.com\/wp-content\/uploads\/2023\/03\/IMG-20230306-WA0012-1200x720.jpg"}},"image_meta":{"aperture":"0","credit":"","camera":"","caption":"","created_timestamp":"0","copyright":"","focal_length":"0","iso":"0","shutter_speed":"0","title":"","orientation":"0","keywords":[]},"ID":"18755","name":"IMG-20230306-WA0012.jpg","path":"\/home\/mallorcaproperty\/public_html\/wp-content\/uploads\/2023\/03\/IMG-20230306-WA0012.jpg","url":"https:\/\/360mallorcaproperty.com\/wp-content\/uploads\/2023\/03\/IMG-20230306-WA0012-150x150.jpg","full_url":"https:\/\/360mallorcaproperty.com\/wp-content\/uploads\/2023\/03\/IMG-20230306-WA0012.jpg","title":"IMG-20230306-WA0012","caption":"","description":"","alt":"","srcset":"https:\/\/360mallorcaproperty.com\/wp-content\/uploads\/2023\/03\/IMG-20230306-WA0012-150x150.jpg 150w, https:\/\/360mallorcaproperty.com\/wp-content\/uploads\/2023\/03\/IMG-20230306-WA0012-210x210.jpg 210w"},{"width":150,"height":150,"file":"2023\/03\/IMG-20230306-WA0014.jpg","filesize":107278,"sizes":{"medium":{"file":"IMG-20230306-WA0014-225x300.jpg","width":225,"height":300,"mime-type":"image\/jpeg","filesize":10760,"url":"https:\/\/360mallorcaproperty.com\/wp-content\/uploads\/2023\/03\/IMG-20230306-WA0014-225x300.jpg"},"large":{"file":"IMG-20230306-WA0014-768x1024.jpg","width":768,"height":1024,"mime-type":"image\/jpeg","filesize":68361,"url":"https:\/\/360mallorcaproperty.com\/wp-content\/uploads\/2023\/03\/IMG-20230306-WA0014-768x1024.jpg"},"thumbnail":{"file":"IMG-20230306-WA0014-150x150.jpg","width":150,"height":150,"mime-type":"image\/jpeg","filesize":5198,"url":"https:\/\/360mallorcaproperty.com\/wp-content\/uploads\/2023\/03\/IMG-20230306-WA0014-150x150.jpg"},"medium_large":{"file":"IMG-20230306-WA0014-768x1024.jpg","width":768,"height":1024,"mime-type":"image\/jpeg","filesize":68361,"url":"https:\/\/360mallorcaproperty.com\/wp-content\/uploads\/2023\/03\/IMG-20230306-WA0014-768x1024.jpg"},"1536x1536":{"file":"IMG-20230306-WA0014-1152x1536.jpg","width":1152,"height":1536,"mime-type":"image\/jpeg","filesize":124416,"url":"https:\/\/360mallorcaproperty.com\/wp-content\/uploads\/2023\/03\/IMG-20230306-WA0014-1152x1536.jpg"},"post-thumbnail":{"file":"IMG-20230306-WA0014-113x150.jpg","width":113,"height":150,"mime-type":"image\/jpeg","filesize":4010,"url":"https:\/\/360mallorcaproperty.com\/wp-content\/uploads\/2023\/03\/IMG-20230306-WA0014-113x150.jpg"},"modern-property-child-slider":{"file":"IMG-20230306-WA0014-680x510.jpg","width":680,"height":510,"mime-type":"image\/jpeg","filesize":38101,"url":"https:\/\/360mallorcaproperty.com\/wp-content\/uploads\/2023\/03\/IMG-20230306-WA0014-680x510.jpg"},"property-thumb-image":{"file":"IMG-20230306-WA0014-488x326.jpg","width":488,"height":326,"mime-type":"image\/jpeg","filesize":20499,"url":"https:\/\/360mallorcaproperty.com\/wp-content\/uploads\/2023\/03\/IMG-20230306-WA0014-488x326.jpg"},"property-detail-video-image":{"file":"IMG-20230306-WA0014-818x417.jpg","width":818,"height":417,"mime-type":"image\/jpeg","filesize":32862,"url":"https:\/\/360mallorcaproperty.com\/wp-content\/uploads\/2023\/03\/IMG-20230306-WA0014-818x417.jpg"},"agent-image":{"file":"IMG-20230306-WA0014-210x210.jpg","width":210,"height":210,"mime-type":"image\/jpeg","filesize":8415,"url":"https:\/\/360mallorcaproperty.com\/wp-content\/uploads\/2023\/03\/IMG-20230306-WA0014-210x210.jpg"},"partners-logo":{"file":"IMG-20230306-WA0014-600x1600.jpg","width":600,"height":1600,"mime-type":"image\/jpeg","filesize":79729,"url":"https:\/\/360mallorcaproperty.com\/wp-content\/uploads\/2023\/03\/IMG-20230306-WA0014-600x1600.jpg"},"post-featured-image":{"file":"IMG-20230306-WA0014-1200x720.jpg","width":1200,"height":720,"mime-type":"image\/jpeg","filesize":62558,"url":"https:\/\/360mallorcaproperty.com\/wp-content\/uploads\/2023\/03\/IMG-20230306-WA0014-1200x720.jpg"}},"image_meta":{"aperture":"0","credit":"","camera":"","caption":"","created_timestamp":"0","copyright":"","focal_length":"0","iso":"0","shutter_speed":"0","title":"","orientation":"0","keywords":[]},"ID":"18761","name":"IMG-20230306-WA0014.jpg","path":"\/home\/mallorcaproperty\/public_html\/wp-content\/uploads\/2023\/03\/IMG-20230306-WA0014.jpg","url":"https:\/\/360mallorcaproperty.com\/wp-content\/uploads\/2023\/03\/IMG-20230306-WA0014-150x150.jpg","full_url":"https:\/\/360mallorcaproperty.com\/wp-content\/uploads\/2023\/03\/IMG-20230306-WA0014.jpg","title":"IMG-20230306-WA0014","caption":"","description":"","alt":"","srcset":"https:\/\/360mallorcaproperty.com\/wp-content\/uploads\/2023\/03\/IMG-20230306-WA0014-150x150.jpg 150w, https:\/\/360mallorcaproperty.com\/wp-content\/uploads\/2023\/03\/IMG-20230306-WA0014-210x210.jpg 210w"},{"width":150,"height":150,"file":"2023\/03\/IMG-20230306-WA0015.jpg","filesize":217982,"sizes":{"medium":{"file":"IMG-20230306-WA0015-225x300.jpg","width":225,"height":300,"mime-type":"image\/jpeg","filesize":14706,"url":"https:\/\/360mallorcaproperty.com\/wp-content\/uploads\/2023\/03\/IMG-20230306-WA0015-225x300.jpg"},"large":{"file":"IMG-20230306-WA0015-768x1024.jpg","width":768,"height":1024,"mime-type":"image\/jpeg","filesize":120967,"url":"https:\/\/360mallorcaproperty.com\/wp-content\/uploads\/2023\/03\/IMG-20230306-WA0015-768x1024.jpg"},"thumbnail":{"file":"IMG-20230306-WA0015-150x150.jpg","width":150,"height":150,"mime-type":"image\/jpeg","filesize":6062,"url":"https:\/\/360mallorcaproperty.com\/wp-content\/uploads\/2023\/03\/IMG-20230306-WA0015-150x150.jpg"},"medium_large":{"file":"IMG-20230306-WA0015-768x1024.jpg","width":768,"height":1024,"mime-type":"image\/jpeg","filesize":120967,"url":"https:\/\/360mallorcaproperty.com\/wp-content\/uploads\/2023\/03\/IMG-20230306-WA0015-768x1024.jpg"},"1536x1536":{"file":"IMG-20230306-WA0015-1152x1536.jpg","width":1152,"height":1536,"mime-type":"image\/jpeg","filesize":234881,"url":"https:\/\/360mallorcaproperty.com\/wp-content\/uploads\/2023\/03\/IMG-20230306-WA0015-1152x1536.jpg"},"post-thumbnail":{"file":"IMG-20230306-WA0015-113x150.jpg","width":113,"height":150,"mime-type":"image\/jpeg","filesize":4695,"url":"https:\/\/360mallorcaproperty.com\/wp-content\/uploads\/2023\/03\/IMG-20230306-WA0015-113x150.jpg"},"modern-property-child-slider":{"file":"IMG-20230306-WA0015-680x510.jpg","width":680,"height":510,"mime-type":"image\/jpeg","filesize":68066,"url":"https:\/\/360mallorcaproperty.com\/wp-content\/uploads\/2023\/03\/IMG-20230306-WA0015-680x510.jpg"},"property-thumb-image":{"file":"IMG-20230306-WA0015-488x326.jpg","width":488,"height":326,"mime-type":"image\/jpeg","filesize":33816,"url":"https:\/\/360mallorcaproperty.com\/wp-content\/uploads\/2023\/03\/IMG-20230306-WA0015-488x326.jpg"},"property-detail-video-image":{"file":"IMG-20230306-WA0015-818x417.jpg","width":818,"height":417,"mime-type":"image\/jpeg","filesize":60483,"url":"https:\/\/360mallorcaproperty.com\/wp-content\/uploads\/2023\/03\/IMG-20230306-WA0015-818x417.jpg"},"agent-image":{"file":"IMG-20230306-WA0015-210x210.jpg","width":210,"height":210,"mime-type":"image\/jpeg","filesize":10770,"url":"https:\/\/360mallorcaproperty.com\/wp-content\/uploads\/2023\/03\/IMG-20230306-WA0015-210x210.jpg"},"partners-logo":{"file":"IMG-20230306-WA0015-600x1600.jpg","width":600,"height":1600,"mime-type":"image\/jpeg","filesize":150541,"url":"https:\/\/360mallorcaproperty.com\/wp-content\/uploads\/2023\/03\/IMG-20230306-WA0015-600x1600.jpg"},"post-featured-image":{"file":"IMG-20230306-WA0015-1200x720.jpg","width":1200,"height":720,"mime-type":"image\/jpeg","filesize":140846,"url":"https:\/\/360mallorcaproperty.com\/wp-content\/uploads\/2023\/03\/IMG-20230306-WA0015-1200x720.jpg"}},"image_meta":{"aperture":"0","credit":"","camera":"","caption":"","created_timestamp":"0","copyright":"","focal_length":"0","iso":"0","shutter_speed":"0","title":"","orientation":"0","keywords":[]},"ID":"18764","name":"IMG-20230306-WA0015.jpg","path":"\/home\/mallorcaproperty\/public_html\/wp-content\/uploads\/2023\/03\/IMG-20230306-WA0015.jpg","url":"https:\/\/360mallorcaproperty.com\/wp-content\/uploads\/2023\/03\/IMG-20230306-WA0015-150x150.jpg","full_url":"https:\/\/360mallorcaproperty.com\/wp-content\/uploads\/2023\/03\/IMG-20230306-WA0015.jpg","title":"IMG-20230306-WA0015","caption":"","description":"","alt":"","srcset":"https:\/\/360mallorcaproperty.com\/wp-content\/uploads\/2023\/03\/IMG-20230306-WA0015-150x150.jpg 150w, https:\/\/360mallorcaproperty.com\/wp-content\/uploads\/2023\/03\/IMG-20230306-WA0015-210x210.jpg 210w"},{"width":150,"height":150,"file":"2023\/03\/IMG-20230306-WA0016.jpg","filesize":206663,"sizes":{"medium":{"file":"IMG-20230306-WA0016-225x300.jpg","width":225,"height":300,"mime-type":"image\/jpeg","filesize":14280,"url":"https:\/\/360mallorcaproperty.com\/wp-content\/uploads\/2023\/03\/IMG-20230306-WA0016-225x300.jpg"},"large":{"file":"IMG-20230306-WA0016-768x1024.jpg","width":768,"height":1024,"mime-type":"image\/jpeg","filesize":115947,"url":"https:\/\/360mallorcaproperty.com\/wp-content\/uploads\/2023\/03\/IMG-20230306-WA0016-768x1024.jpg"},"thumbnail":{"file":"IMG-20230306-WA0016-150x150.jpg","width":150,"height":150,"mime-type":"image\/jpeg","filesize":5588,"url":"https:\/\/360mallorcaproperty.com\/wp-content\/uploads\/2023\/03\/IMG-20230306-WA0016-150x150.jpg"},"medium_large":{"file":"IMG-20230306-WA0016-768x1024.jpg","width":768,"height":1024,"mime-type":"image\/jpeg","filesize":115947,"url":"https:\/\/360mallorcaproperty.com\/wp-content\/uploads\/2023\/03\/IMG-20230306-WA0016-768x1024.jpg"},"1536x1536":{"file":"IMG-20230306-WA0016-1152x1536.jpg","width":1152,"height":1536,"mime-type":"image\/jpeg","filesize":224089,"url":"https:\/\/360mallorcaproperty.com\/wp-content\/uploads\/2023\/03\/IMG-20230306-WA0016-1152x1536.jpg"},"post-thumbnail":{"file":"IMG-20230306-WA0016-113x150.jpg","width":113,"height":150,"mime-type":"image\/jpeg","filesize":4699,"url":"https:\/\/360mallorcaproperty.com\/wp-content\/uploads\/2023\/03\/IMG-20230306-WA0016-113x150.jpg"},"modern-property-child-slider":{"file":"IMG-20230306-WA0016-680x510.jpg","width":680,"height":510,"mime-type":"image\/jpeg","filesize":58873,"url":"https:\/\/360mallorcaproperty.com\/wp-content\/uploads\/2023\/03\/IMG-20230306-WA0016-680x510.jpg"},"property-thumb-image":{"file":"IMG-20230306-WA0016-488x326.jpg","width":488,"height":326,"mime-type":"image\/jpeg","filesize":30343,"url":"https:\/\/360mallorcaproperty.com\/wp-content\/uploads\/2023\/03\/IMG-20230306-WA0016-488x326.jpg"},"property-detail-video-image":{"file":"IMG-20230306-WA0016-818x417.jpg","width":818,"height":417,"mime-type":"image\/jpeg","filesize":60958,"url":"https:\/\/360mallorcaproperty.com\/wp-content\/uploads\/2023\/03\/IMG-20230306-WA0016-818x417.jpg"},"agent-image":{"file":"IMG-20230306-WA0016-210x210.jpg","width":210,"height":210,"mime-type":"image\/jpeg","filesize":9741,"url":"https:\/\/360mallorcaproperty.com\/wp-content\/uploads\/2023\/03\/IMG-20230306-WA0016-210x210.jpg"},"partners-logo":{"file":"IMG-20230306-WA0016-600x1600.jpg","width":600,"height":1600,"mime-type":"image\/jpeg","filesize":134632,"url":"https:\/\/360mallorcaproperty.com\/wp-content\/uploads\/2023\/03\/IMG-20230306-WA0016-600x1600.jpg"},"post-featured-image":{"file":"IMG-20230306-WA0016-1200x720.jpg","width":1200,"height":720,"mime-type":"image\/jpeg","filesize":130057,"url":"https:\/\/360mallorcaproperty.com\/wp-content\/uploads\/2023\/03\/IMG-20230306-WA0016-1200x720.jpg"}},"image_meta":{"aperture":"0","credit":"","camera":"","caption":"","created_timestamp":"0","copyright":"","focal_length":"0","iso":"0","shutter_speed":"0","title":"","orientation":"0","keywords":[]},"ID":"18767","name":"IMG-20230306-WA0016.jpg","path":"\/home\/mallorcaproperty\/public_html\/wp-content\/uploads\/2023\/03\/IMG-20230306-WA0016.jpg","url":"https:\/\/360mallorcaproperty.com\/wp-content\/uploads\/2023\/03\/IMG-20230306-WA0016-150x150.jpg","full_url":"https:\/\/360mallorcaproperty.com\/wp-content\/uploads\/2023\/03\/IMG-20230306-WA0016.jpg","title":"IMG-20230306-WA0016","caption":"","description":"","alt":"","srcset":"https:\/\/360mallorcaproperty.com\/wp-content\/uploads\/2023\/03\/IMG-20230306-WA0016-150x150.jpg 150w, https:\/\/360mallorcaproperty.com\/wp-content\/uploads\/2023\/03\/IMG-20230306-WA0016-210x210.jpg 210w"},{"width":150,"height":150,"file":"2023\/03\/IMG-20230306-WA0021.jpg","filesize":118932,"sizes":{"medium":{"file":"IMG-20230306-WA0021-225x300.jpg","width":225,"height":300,"mime-type":"image\/jpeg","filesize":13703,"url":"https:\/\/360mallorcaproperty.com\/wp-content\/uploads\/2023\/03\/IMG-20230306-WA0021-225x300.jpg"},"large":{"file":"IMG-20230306-WA0021-768x1024.jpg","width":768,"height":1024,"mime-type":"image\/jpeg","filesize":79992,"url":"https:\/\/360mallorcaproperty.com\/wp-content\/uploads\/2023\/03\/IMG-20230306-WA0021-768x1024.jpg"},"thumbnail":{"file":"IMG-20230306-WA0021-150x150.jpg","width":150,"height":150,"mime-type":"image\/jpeg","filesize":5830,"url":"https:\/\/360mallorcaproperty.com\/wp-content\/uploads\/2023\/03\/IMG-20230306-WA0021-150x150.jpg"},"medium_large":{"file":"IMG-20230306-WA0021-768x1024.jpg","width":768,"height":1024,"mime-type":"image\/jpeg","filesize":79992,"url":"https:\/\/360mallorcaproperty.com\/wp-content\/uploads\/2023\/03\/IMG-20230306-WA0021-768x1024.jpg"},"1536x1536":{"file":"IMG-20230306-WA0021-1152x1536.jpg","width":1152,"height":1536,"mime-type":"image\/jpeg","filesize":141406,"url":"https:\/\/360mallorcaproperty.com\/wp-content\/uploads\/2023\/03\/IMG-20230306-WA0021-1152x1536.jpg"},"post-thumbnail":{"file":"IMG-20230306-WA0021-113x150.jpg","width":113,"height":150,"mime-type":"image\/jpeg","filesize":4997,"url":"https:\/\/360mallorcaproperty.com\/wp-content\/uploads\/2023\/03\/IMG-20230306-WA0021-113x150.jpg"},"modern-property-child-slider":{"file":"IMG-20230306-WA0021-680x510.jpg","width":680,"height":510,"mime-type":"image\/jpeg","filesize":38896,"url":"https:\/\/360mallorcaproperty.com\/wp-content\/uploads\/2023\/03\/IMG-20230306-WA0021-680x510.jpg"},"property-thumb-image":{"file":"IMG-20230306-WA0021-488x326.jpg","width":488,"height":326,"mime-type":"image\/jpeg","filesize":22479,"url":"https:\/\/360mallorcaproperty.com\/wp-content\/uploads\/2023\/03\/IMG-20230306-WA0021-488x326.jpg"},"property-detail-video-image":{"file":"IMG-20230306-WA0021-818x417.jpg","width":818,"height":417,"mime-type":"image\/jpeg","filesize":37337,"url":"https:\/\/360mallorcaproperty.com\/wp-content\/uploads\/2023\/03\/IMG-20230306-WA0021-818x417.jpg"},"agent-image":{"file":"IMG-20230306-WA0021-210x210.jpg","width":210,"height":210,"mime-type":"image\/jpeg","filesize":9730,"url":"https:\/\/360mallorcaproperty.com\/wp-content\/uploads\/2023\/03\/IMG-20230306-WA0021-210x210.jpg"},"partners-logo":{"file":"IMG-20230306-WA0021-600x1600.jpg","width":600,"height":1600,"mime-type":"image\/jpeg","filesize":84275,"url":"https:\/\/360mallorcaproperty.com\/wp-content\/uploads\/2023\/03\/IMG-20230306-WA0021-600x1600.jpg"},"post-featured-image":{"file":"IMG-20230306-WA0021-1200x720.jpg","width":1200,"height":720,"mime-type":"image\/jpeg","filesize":65909,"url":"https:\/\/360mallorcaproperty.com\/wp-content\/uploads\/2023\/03\/IMG-20230306-WA0021-1200x720.jpg"}},"image_meta":{"aperture":"0","credit":"","camera":"","caption":"","created_timestamp":"0","copyright":"","focal_length":"0","iso":"0","shutter_speed":"0","title":"","orientation":"0","keywords":[]},"ID":"18782","name":"IMG-20230306-WA0021.jpg","path":"\/home\/mallorcaproperty\/public_html\/wp-content\/uploads\/2023\/03\/IMG-20230306-WA0021.jpg","url":"https:\/\/360mallorcaproperty.com\/wp-content\/uploads\/2023\/03\/IMG-20230306-WA0021-150x150.jpg","full_url":"https:\/\/360mallorcaproperty.com\/wp-content\/uploads\/2023\/03\/IMG-20230306-WA0021.jpg","title":"IMG-20230306-WA0021","caption":"","description":"","alt":"","srcset":"https:\/\/360mallorcaproperty.com\/wp-content\/uploads\/2023\/03\/IMG-20230306-WA0021-150x150.jpg 150w, https:\/\/360mallorcaproperty.com\/wp-content\/uploads\/2023\/03\/IMG-20230306-WA0021-210x210.jpg 210w"},{"width":150,"height":150,"file":"2023\/03\/IMG-20230306-WA0013.jpg","filesize":149766,"sizes":{"medium":{"file":"IMG-20230306-WA0013-225x300.jpg","width":225,"height":300,"mime-type":"image\/jpeg","filesize":14966,"url":"https:\/\/360mallorcaproperty.com\/wp-content\/uploads\/2023\/03\/IMG-20230306-WA0013-225x300.jpg"},"large":{"file":"IMG-20230306-WA0013-768x1024.jpg","width":768,"height":1024,"mime-type":"image\/jpeg","filesize":95822,"url":"https:\/\/360mallorcaproperty.com\/wp-content\/uploads\/2023\/03\/IMG-20230306-WA0013-768x1024.jpg"},"thumbnail":{"file":"IMG-20230306-WA0013-150x150.jpg","width":150,"height":150,"mime-type":"image\/jpeg","filesize":6592,"url":"https:\/\/360mallorcaproperty.com\/wp-content\/uploads\/2023\/03\/IMG-20230306-WA0013-150x150.jpg"},"medium_large":{"file":"IMG-20230306-WA0013-768x1024.jpg","width":768,"height":1024,"mime-type":"image\/jpeg","filesize":95822,"url":"https:\/\/360mallorcaproperty.com\/wp-content\/uploads\/2023\/03\/IMG-20230306-WA0013-768x1024.jpg"},"1536x1536":{"file":"IMG-20230306-WA0013-1152x1536.jpg","width":1152,"height":1536,"mime-type":"image\/jpeg","filesize":171741,"url":"https:\/\/360mallorcaproperty.com\/wp-content\/uploads\/2023\/03\/IMG-20230306-WA0013-1152x1536.jpg"},"post-thumbnail":{"file":"IMG-20230306-WA0013-113x150.jpg","width":113,"height":150,"mime-type":"image\/jpeg","filesize":5303,"url":"https:\/\/360mallorcaproperty.com\/wp-content\/uploads\/2023\/03\/IMG-20230306-WA0013-113x150.jpg"},"modern-property-child-slider":{"file":"IMG-20230306-WA0013-680x510.jpg","width":680,"height":510,"mime-type":"image\/jpeg","filesize":52693,"url":"https:\/\/360mallorcaproperty.com\/wp-content\/uploads\/2023\/03\/IMG-20230306-WA0013-680x510.jpg"},"property-thumb-image":{"file":"IMG-20230306-WA0013-488x326.jpg","width":488,"height":326,"mime-type":"image\/jpeg","filesize":29542,"url":"https:\/\/360mallorcaproperty.com\/wp-content\/uploads\/2023\/03\/IMG-20230306-WA0013-488x326.jpg"},"property-detail-video-image":{"file":"IMG-20230306-WA0013-818x417.jpg","width":818,"height":417,"mime-type":"image\/jpeg","filesize":52658,"url":"https:\/\/360mallorcaproperty.com\/wp-content\/uploads\/2023\/03\/IMG-20230306-WA0013-818x417.jpg"},"agent-image":{"file":"IMG-20230306-WA0013-210x210.jpg","width":210,"height":210,"mime-type":"image\/jpeg","filesize":11073,"url":"https:\/\/360mallorcaproperty.com\/wp-content\/uploads\/2023\/03\/IMG-20230306-WA0013-210x210.jpg"},"partners-logo":{"file":"IMG-20230306-WA0013-600x1600.jpg","width":600,"height":1600,"mime-type":"image\/jpeg","filesize":110833,"url":"https:\/\/360mallorcaproperty.com\/wp-content\/uploads\/2023\/03\/IMG-20230306-WA0013-600x1600.jpg"},"post-featured-image":{"file":"IMG-20230306-WA0013-1200x720.jpg","width":1200,"height":720,"mime-type":"image\/jpeg","filesize":95920,"url":"https:\/\/360mallorcaproperty.com\/wp-content\/uploads\/2023\/03\/IMG-20230306-WA0013-1200x720.jpg"}},"image_meta":{"aperture":"0","credit":"","camera":"","caption":"","created_timestamp":"0","copyright":"","focal_length":"0","iso":"0","shutter_speed":"0","title":"","orientation":"0","keywords":[]},"ID":"18758","name":"IMG-20230306-WA0013.jpg","path":"\/home\/mallorcaproperty\/public_html\/wp-content\/uploads\/2023\/03\/IMG-20230306-WA0013.jpg","url":"https:\/\/360mallorcaproperty.com\/wp-content\/uploads\/2023\/03\/IMG-20230306-WA0013-150x150.jpg","full_url":"https:\/\/360mallorcaproperty.com\/wp-content\/uploads\/2023\/03\/IMG-20230306-WA0013.jpg","title":"IMG-20230306-WA0013","caption":"","description":"","alt":"","srcset":"https:\/\/360mallorcaproperty.com\/wp-content\/uploads\/2023\/03\/IMG-20230306-WA0013-150x150.jpg 150w, https:\/\/360mallorcaproperty.com\/wp-content\/uploads\/2023\/03\/IMG-20230306-WA0013-210x210.jpg 210w"}],"REAL_HOMES_change_gallery_slider_type":"0","REAL_HOMES_gallery_slider_type":"thumb-on-right","inspiry_floor_plans":[],"inspiry_video_group":[],"REAL_HOMES_360_virtual_tour":"","REAL_HOMES_agent_display_option":"none","REAL_HOMES_agents":[],"REAL_HOMES_energy_class":"none","REAL_HOMES_energy_performance":"","REAL_HOMES_epc_current_rating":"","REAL_HOMES_epc_potential_rating":"","ere_property_schedule_tour":"global","ere_property_schedule_time_slots":"","ere_property_schedule_description":"","REAL_HOMES_sticky":"0","inspiry_property_label":"","inspiry_property_label_color":"","inspiry_property_tax":"","inspiry_additional_fee":"","REAL_HOMES_attachments":[],"inspiry_property_owner_name":"","inspiry_property_owner_contact":"","inspiry_property_owner_address":"","REAL_HOMES_property_private_note":"","inspiry_message_to_reviewer":"","REAL_HOMES_add_in_slider":"no","REAL_HOMES_slider_image":[],"REAL_HOMES_page_banner_image":[],"REAL_HOMES_hide_property_advance_search":"0","inspiry_offmarket":[],"REAL_HOMES_custom_header_display":"default","REAL_HOMES_custom_header_position":"relative","REAL_HOMES_custom_footer_display":"default","REAL_HOMES_hide_advance_search":"0","REAL_HOMES_custom_search_form":"default","REAL_HOMES_search_form_margin_top":"","REAL_HOMES_search_form_margin_bottom":""},"_links":{"self":[{"href":"https:\/\/360mallorcaproperty.com\/es\/wp-json\/wp\/v2\/property\/18790","targetHints":{"allow":["GET"]}}],"collection":[{"href":"https:\/\/360mallorcaproperty.com\/es\/wp-json\/wp\/v2\/property"}],"about":[{"href":"https:\/\/360mallorcaproperty.com\/es\/wp-json\/wp\/v2\/types\/property"}],"author":[{"embeddable":true,"href":"https:\/\/360mallorcaproperty.com\/es\/wp-json\/wp\/v2\/users\/1"}],"replies":[{"embeddable":true,"href":"https:\/\/360mallorcaproperty.com\/es\/wp-json\/wp\/v2\/comments?post=18790"}],"version-history":[{"count":0,"href":"https:\/\/360mallorcaproperty.com\/es\/wp-json\/wp\/v2\/property\/18790\/revisions"}],"wp:featuredmedia":[{"embeddable":true,"href":"https:\/\/360mallorcaproperty.com\/es\/wp-json\/wp\/v2\/media\/18727"}],"wp:attachment":[{"href":"https:\/\/360mallorcaproperty.com\/es\/wp-json\/wp\/v2\/media?parent=18790"}],"wp:term":[{"taxonomy":"property-feature","embeddable":true,"href":"https:\/\/360mallorcaproperty.com\/es\/wp-json\/wp\/v2\/property-feature?post=18790"},{"taxonomy":"property-type","embeddable":true,"href":"https:\/\/360mallorcaproperty.com\/es\/wp-json\/wp\/v2\/property-type?post=18790"},{"taxonomy":"property-city","embeddable":true,"href":"https:\/\/360mallorcaproperty.com\/es\/wp-json\/wp\/v2\/property-location?post=18790"},{"taxonomy":"property-status","embeddable":true,"href":"https:\/\/360mallorcaproperty.com\/es\/wp-json\/wp\/v2\/property-status?post=18790"}],"curies":[{"name":"wp","href":"https:\/\/api.w.org\/{rel}","templated":true}]}}