{"id":21406,"date":"2023-09-29T13:19:36","date_gmt":"2023-09-29T13:19:36","guid":{"rendered":"https:\/\/360mallorcaproperty.com\/property\/porto-petro-chalet-with-tourism-license\/"},"modified":"2025-03-18T08:23:38","modified_gmt":"2025-03-18T08:23:38","slug":"porto-petro-chalet-with-tourism-license","status":"publish","type":"property","link":"https:\/\/360mallorcaproperty.com\/es\/property\/porto-petro-chalet-with-tourism-license\/","title":{"rendered":"Chalet en Porto Petro con licencia ETV"},"content":{"rendered":"<p>Hermosa, bien cuidada villa familiar en la pintoresca comunidad costera de Porto Petro.<br \/>\nLos actuales propietarios desarrollaron la hermosa propiedad a principios de 1990. La casa se encuentra en el centro del terreno de 825m2 y tiene una superficie total de construcci\u00f3n de aproximadamente 290m2.<br \/>\nEl dormitorio principal y su ba\u00f1o en suite con una amplia cabina de ducha se encuentra en la planta baja. En esta planta tambi\u00e9n hay un segundo dormitorio doble y un ba\u00f1o completo. La sala de estar ofrece acceso a la terraza delantera parcialmente cubierta, con vistas a la piscina de 50m2. Esta sala tambi\u00e9n da acceso a la terraza lateral, que ofrece vistas al c\u00e9sped verde bien cuidado y la zona de barbacoa de piedra. Se incluye un comedor, una cocina totalmente equipada, un lavadero y acceso interno al garaje y al trastero.<br \/>\nLa primera planta dispone de un cuarto de ba\u00f1o para uso de los 2 dormitorios dobles que tambi\u00e9n se encuentran en esta planta. Hay una sala de verano situada entre los 2 dormitorios, ideal para disfrutar del sol de invierno con un libro y una copa de vino. Todas las habitaciones de la primera planta se abren a las amplias terrazas que dan al jard\u00edn y a la piscina.<\/p>\n<p>Hace poco m\u00e1s de 30 a\u00f1os, los propietarios planificaron y dise\u00f1aron la villa, teniendo en cuenta varios factores que en ese momento se pasaban por alto cuando se constru\u00eda en Mallorca. Por ejemplo, a\u00f1adieron ventanas de UPVC con doble acristalamiento, paredes huecas para el aislamiento y calefacci\u00f3n central de gas para todo el edificio.<br \/>\nHay aire acondicionado en cada dormitorio, tanto fr\u00edo como calor.<br \/>\nLa propiedad tiene una licencia tur\u00edstica ETV para 8 personas.<\/p>\n","protected":false},"excerpt":{"rendered":"<p>Hermosa, bien cuidada villa familiar en la pintoresca comunidad costera de Porto Petro. Los actuales propietarios desarrollaron la hermosa propiedad a principios de 1990. La casa se encuentra en el centro del terreno de 825m2 y tiene una superficie total de construcci\u00f3n de aproximadamente 290m2. El dormitorio principal y su ba\u00f1o en suite con una&#8230;<\/p>\n","protected":false},"author":1,"featured_media":30182,"parent":0,"menu_order":0,"comment_status":"closed","ping_status":"closed","template":"","property-feature":[277,280,346,285,278,281,282,311,283],"property-type":[380,273],"property-location":[284],"property-status":[411,419],"class_list":["post-21406","property","type-property","status-publish","has-post-thumbnail","hentry","property-feature-aire-acondicionado","property-feature-armarios-empotrados","property-feature-central-heating-es","property-feature-cocina-exterior-barbacoa","property-feature-doble-acristalamiento","property-feature-garaje-aparcamiento","property-feature-jardin","property-feature-licencia-turistica-de-la-etv","property-feature-piscina","property-type-chalet-es","property-type-villa-es","property-city-porto-petro-es","property-status-exclusivo","property-status-vendido-es"],"property_meta":{"REAL_HOMES_property_price":"1145000","REAL_HOMES_property_old_price":"1350000","REAL_HOMES_property_price_prefix":"","REAL_HOMES_property_price_postfix":"","REAL_HOMES_property_size":"290m\u00b2","REAL_HOMES_property_size_postfix":"","REAL_HOMES_property_lot_size":"","REAL_HOMES_property_lot_size_postfix":"","REAL_HOMES_property_bedrooms":"4","REAL_HOMES_property_bathrooms":"3","REAL_HOMES_property_garage":"1","REAL_HOMES_property_id":"V3063","REAL_HOMES_property_year_built":"","REAL_HOMES_featured":"1","REAL_HOMES_additional_details_list":[],"rvr_booking_widget_display":"","rvr_booking_mode":"","rvr_govt_tax":"","rvr_govt_tax_type":"percentage","rvr_govt_tax_calculation":"per_stay","rvr_service_charges":"","rvr_service_charges_type":"percentage","rvr_service_charges_calculation":"per_stay","rvr_guests_capacity":"","rvr_book_child_as":"","rvr_min_stay":"","rvr_guests_capacity_extend":"","rvr_extra_guest_price":"","rvr_property_owner":"0","rvr_bulk_pricing":[],"rvr_seasonal_pricing":[],"rvr_custom_reserved_dates":[],"rvr_additional_fees":[{"rvr_fee_type":"fixed","rvr_fee_calculation":"per_stay"}],"rvr_additional_amenities":[{"price_calculation":"per_stay"}],"rvr_accommodation":[],"rvr_outdoor_features":[],"rvr_surroundings":[],"rvr_included":[],"rvr_not_included":[],"rvr_policies":[],"REAL_HOMES_property_location":{"latitude":"39.361172","longitude":"3.20965","zoom":"0"},"REAL_HOMES_property_address":"C\/ Crist\u00f2for Colom 37 bajos, 07691 Porto Petro, Mallorca","REAL_HOMES_property_map":"","REAL_HOMES_property_images":[{"width":150,"height":150,"file":"2023\/09\/IMG-20230925-WA0121.jpg","filesize":188340,"sizes":{"medium":{"file":"IMG-20230925-WA0121-300x169.jpg","width":300,"height":169,"mime-type":"image\/jpeg","filesize":17965,"url":"https:\/\/360mallorcaproperty.com\/wp-content\/uploads\/2023\/09\/IMG-20230925-WA0121-300x169.jpg"},"thumbnail":{"file":"IMG-20230925-WA0121-150x150.jpg","width":150,"height":150,"mime-type":"image\/jpeg","filesize":9228,"url":"https:\/\/360mallorcaproperty.com\/wp-content\/uploads\/2023\/09\/IMG-20230925-WA0121-150x150.jpg"},"medium_large":{"file":"IMG-20230925-WA0121-768x432.jpg","width":768,"height":432,"mime-type":"image\/jpeg","filesize":88494,"url":"https:\/\/360mallorcaproperty.com\/wp-content\/uploads\/2023\/09\/IMG-20230925-WA0121-768x432.jpg"},"post-thumbnail":{"file":"IMG-20230925-WA0121-150x84.jpg","width":150,"height":84,"mime-type":"image\/jpeg","filesize":5983,"url":"https:\/\/360mallorcaproperty.com\/wp-content\/uploads\/2023\/09\/IMG-20230925-WA0121-150x84.jpg"},"modern-property-child-slider":{"file":"IMG-20230925-WA0121-680x510.jpg","width":680,"height":510,"mime-type":"image\/jpeg","filesize":88987,"url":"https:\/\/360mallorcaproperty.com\/wp-content\/uploads\/2023\/09\/IMG-20230925-WA0121-680x510.jpg"},"property-thumb-image":{"file":"IMG-20230925-WA0121-488x326.jpg","width":488,"height":326,"mime-type":"image\/jpeg","filesize":47074,"url":"https:\/\/360mallorcaproperty.com\/wp-content\/uploads\/2023\/09\/IMG-20230925-WA0121-488x326.jpg"},"property-detail-video-image":{"file":"IMG-20230925-WA0121-818x417.jpg","width":818,"height":417,"mime-type":"image\/jpeg","filesize":89008,"url":"https:\/\/360mallorcaproperty.com\/wp-content\/uploads\/2023\/09\/IMG-20230925-WA0121-818x417.jpg"},"agent-image":{"file":"IMG-20230925-WA0121-210x210.jpg","width":210,"height":210,"mime-type":"image\/jpeg","filesize":16121,"url":"https:\/\/360mallorcaproperty.com\/wp-content\/uploads\/2023\/09\/IMG-20230925-WA0121-210x210.jpg"},"partners-logo":{"file":"IMG-20230925-WA0121-600x576.jpg","width":600,"height":576,"mime-type":"image\/jpeg","filesize":95866,"url":"https:\/\/360mallorcaproperty.com\/wp-content\/uploads\/2023\/09\/IMG-20230925-WA0121-600x576.jpg"}},"image_meta":{"aperture":"0","credit":"","camera":"","caption":"","created_timestamp":"0","copyright":"","focal_length":"0","iso":"0","shutter_speed":"0","title":"","orientation":"0","keywords":[]},"ID":"21347","name":"IMG-20230925-WA0121.jpg","path":"\/home\/mallorcaproperty\/public_html\/wp-content\/uploads\/2023\/09\/IMG-20230925-WA0121.jpg","url":"https:\/\/360mallorcaproperty.com\/wp-content\/uploads\/2023\/09\/IMG-20230925-WA0121-150x150.jpg","full_url":"https:\/\/360mallorcaproperty.com\/wp-content\/uploads\/2023\/09\/IMG-20230925-WA0121.jpg","title":"IMG-20230925-WA0121","caption":"","description":"","alt":"","srcset":"https:\/\/360mallorcaproperty.com\/wp-content\/uploads\/2023\/09\/IMG-20230925-WA0121-150x150.jpg 150w, https:\/\/360mallorcaproperty.com\/wp-content\/uploads\/2023\/09\/IMG-20230925-WA0121-210x210.jpg 210w"},{"width":150,"height":150,"file":"2023\/09\/IMG-20230925-WA0056.jpg","filesize":192376,"sizes":{"medium":{"file":"IMG-20230925-WA0056-300x169.jpg","width":300,"height":169,"mime-type":"image\/jpeg","filesize":18227,"url":"https:\/\/360mallorcaproperty.com\/wp-content\/uploads\/2023\/09\/IMG-20230925-WA0056-300x169.jpg"},"thumbnail":{"file":"IMG-20230925-WA0056-150x150.jpg","width":150,"height":150,"mime-type":"image\/jpeg","filesize":8097,"url":"https:\/\/360mallorcaproperty.com\/wp-content\/uploads\/2023\/09\/IMG-20230925-WA0056-150x150.jpg"},"medium_large":{"file":"IMG-20230925-WA0056-768x432.jpg","width":768,"height":432,"mime-type":"image\/jpeg","filesize":89975,"url":"https:\/\/360mallorcaproperty.com\/wp-content\/uploads\/2023\/09\/IMG-20230925-WA0056-768x432.jpg"},"post-thumbnail":{"file":"IMG-20230925-WA0056-150x84.jpg","width":150,"height":84,"mime-type":"image\/jpeg","filesize":5932,"url":"https:\/\/360mallorcaproperty.com\/wp-content\/uploads\/2023\/09\/IMG-20230925-WA0056-150x84.jpg"},"modern-property-child-slider":{"file":"IMG-20230925-WA0056-680x510.jpg","width":680,"height":510,"mime-type":"image\/jpeg","filesize":89496,"url":"https:\/\/360mallorcaproperty.com\/wp-content\/uploads\/2023\/09\/IMG-20230925-WA0056-680x510.jpg"},"property-thumb-image":{"file":"IMG-20230925-WA0056-488x326.jpg","width":488,"height":326,"mime-type":"image\/jpeg","filesize":47511,"url":"https:\/\/360mallorcaproperty.com\/wp-content\/uploads\/2023\/09\/IMG-20230925-WA0056-488x326.jpg"},"property-detail-video-image":{"file":"IMG-20230925-WA0056-818x417.jpg","width":818,"height":417,"mime-type":"image\/jpeg","filesize":92895,"url":"https:\/\/360mallorcaproperty.com\/wp-content\/uploads\/2023\/09\/IMG-20230925-WA0056-818x417.jpg"},"agent-image":{"file":"IMG-20230925-WA0056-210x210.jpg","width":210,"height":210,"mime-type":"image\/jpeg","filesize":14410,"url":"https:\/\/360mallorcaproperty.com\/wp-content\/uploads\/2023\/09\/IMG-20230925-WA0056-210x210.jpg"},"partners-logo":{"file":"IMG-20230925-WA0056-600x576.jpg","width":600,"height":576,"mime-type":"image\/jpeg","filesize":92057,"url":"https:\/\/360mallorcaproperty.com\/wp-content\/uploads\/2023\/09\/IMG-20230925-WA0056-600x576.jpg"}},"image_meta":{"aperture":"0","credit":"","camera":"","caption":"","created_timestamp":"0","copyright":"","focal_length":"0","iso":"0","shutter_speed":"0","title":"","orientation":"0","keywords":[]},"ID":"21356","name":"IMG-20230925-WA0056.jpg","path":"\/home\/mallorcaproperty\/public_html\/wp-content\/uploads\/2023\/09\/IMG-20230925-WA0056.jpg","url":"https:\/\/360mallorcaproperty.com\/wp-content\/uploads\/2023\/09\/IMG-20230925-WA0056-150x150.jpg","full_url":"https:\/\/360mallorcaproperty.com\/wp-content\/uploads\/2023\/09\/IMG-20230925-WA0056.jpg","title":"IMG-20230925-WA0056","caption":"","description":"","alt":"","srcset":"https:\/\/360mallorcaproperty.com\/wp-content\/uploads\/2023\/09\/IMG-20230925-WA0056-150x150.jpg 150w, https:\/\/360mallorcaproperty.com\/wp-content\/uploads\/2023\/09\/IMG-20230925-WA0056-210x210.jpg 210w"},{"width":150,"height":150,"file":"2023\/09\/IMG-20230925-WA0060.jpg","filesize":170187,"sizes":{"medium":{"file":"IMG-20230925-WA0060-300x169.jpg","width":300,"height":169,"mime-type":"image\/jpeg","filesize":16078,"url":"https:\/\/360mallorcaproperty.com\/wp-content\/uploads\/2023\/09\/IMG-20230925-WA0060-300x169.jpg"},"thumbnail":{"file":"IMG-20230925-WA0060-150x150.jpg","width":150,"height":150,"mime-type":"image\/jpeg","filesize":7686,"url":"https:\/\/360mallorcaproperty.com\/wp-content\/uploads\/2023\/09\/IMG-20230925-WA0060-150x150.jpg"},"medium_large":{"file":"IMG-20230925-WA0060-768x432.jpg","width":768,"height":432,"mime-type":"image\/jpeg","filesize":77980,"url":"https:\/\/360mallorcaproperty.com\/wp-content\/uploads\/2023\/09\/IMG-20230925-WA0060-768x432.jpg"},"post-thumbnail":{"file":"IMG-20230925-WA0060-150x84.jpg","width":150,"height":84,"mime-type":"image\/jpeg","filesize":5459,"url":"https:\/\/360mallorcaproperty.com\/wp-content\/uploads\/2023\/09\/IMG-20230925-WA0060-150x84.jpg"},"modern-property-child-slider":{"file":"IMG-20230925-WA0060-680x510.jpg","width":680,"height":510,"mime-type":"image\/jpeg","filesize":76369,"url":"https:\/\/360mallorcaproperty.com\/wp-content\/uploads\/2023\/09\/IMG-20230925-WA0060-680x510.jpg"},"property-thumb-image":{"file":"IMG-20230925-WA0060-488x326.jpg","width":488,"height":326,"mime-type":"image\/jpeg","filesize":40736,"url":"https:\/\/360mallorcaproperty.com\/wp-content\/uploads\/2023\/09\/IMG-20230925-WA0060-488x326.jpg"},"property-detail-video-image":{"file":"IMG-20230925-WA0060-818x417.jpg","width":818,"height":417,"mime-type":"image\/jpeg","filesize":78341,"url":"https:\/\/360mallorcaproperty.com\/wp-content\/uploads\/2023\/09\/IMG-20230925-WA0060-818x417.jpg"},"agent-image":{"file":"IMG-20230925-WA0060-210x210.jpg","width":210,"height":210,"mime-type":"image\/jpeg","filesize":13265,"url":"https:\/\/360mallorcaproperty.com\/wp-content\/uploads\/2023\/09\/IMG-20230925-WA0060-210x210.jpg"},"partners-logo":{"file":"IMG-20230925-WA0060-600x576.jpg","width":600,"height":576,"mime-type":"image\/jpeg","filesize":82410,"url":"https:\/\/360mallorcaproperty.com\/wp-content\/uploads\/2023\/09\/IMG-20230925-WA0060-600x576.jpg"}},"image_meta":{"aperture":"0","credit":"","camera":"","caption":"","created_timestamp":"0","copyright":"","focal_length":"0","iso":"0","shutter_speed":"0","title":"","orientation":"0","keywords":[]},"ID":"21362","name":"IMG-20230925-WA0060.jpg","path":"\/home\/mallorcaproperty\/public_html\/wp-content\/uploads\/2023\/09\/IMG-20230925-WA0060.jpg","url":"https:\/\/360mallorcaproperty.com\/wp-content\/uploads\/2023\/09\/IMG-20230925-WA0060-150x150.jpg","full_url":"https:\/\/360mallorcaproperty.com\/wp-content\/uploads\/2023\/09\/IMG-20230925-WA0060.jpg","title":"IMG-20230925-WA0060","caption":"","description":"","alt":"","srcset":"https:\/\/360mallorcaproperty.com\/wp-content\/uploads\/2023\/09\/IMG-20230925-WA0060-150x150.jpg 150w, https:\/\/360mallorcaproperty.com\/wp-content\/uploads\/2023\/09\/IMG-20230925-WA0060-210x210.jpg 210w"},{"width":150,"height":150,"file":"2023\/09\/IMG-20230925-WA0059.jpg","filesize":178316,"sizes":{"medium":{"file":"IMG-20230925-WA0059-300x169.jpg","width":300,"height":169,"mime-type":"image\/jpeg","filesize":16979,"url":"https:\/\/360mallorcaproperty.com\/wp-content\/uploads\/2023\/09\/IMG-20230925-WA0059-300x169.jpg"},"thumbnail":{"file":"IMG-20230925-WA0059-150x150.jpg","width":150,"height":150,"mime-type":"image\/jpeg","filesize":8006,"url":"https:\/\/360mallorcaproperty.com\/wp-content\/uploads\/2023\/09\/IMG-20230925-WA0059-150x150.jpg"},"medium_large":{"file":"IMG-20230925-WA0059-768x432.jpg","width":768,"height":432,"mime-type":"image\/jpeg","filesize":82360,"url":"https:\/\/360mallorcaproperty.com\/wp-content\/uploads\/2023\/09\/IMG-20230925-WA0059-768x432.jpg"},"post-thumbnail":{"file":"IMG-20230925-WA0059-150x84.jpg","width":150,"height":84,"mime-type":"image\/jpeg","filesize":5649,"url":"https:\/\/360mallorcaproperty.com\/wp-content\/uploads\/2023\/09\/IMG-20230925-WA0059-150x84.jpg"},"modern-property-child-slider":{"file":"IMG-20230925-WA0059-680x510.jpg","width":680,"height":510,"mime-type":"image\/jpeg","filesize":81041,"url":"https:\/\/360mallorcaproperty.com\/wp-content\/uploads\/2023\/09\/IMG-20230925-WA0059-680x510.jpg"},"property-thumb-image":{"file":"IMG-20230925-WA0059-488x326.jpg","width":488,"height":326,"mime-type":"image\/jpeg","filesize":43456,"url":"https:\/\/360mallorcaproperty.com\/wp-content\/uploads\/2023\/09\/IMG-20230925-WA0059-488x326.jpg"},"property-detail-video-image":{"file":"IMG-20230925-WA0059-818x417.jpg","width":818,"height":417,"mime-type":"image\/jpeg","filesize":82945,"url":"https:\/\/360mallorcaproperty.com\/wp-content\/uploads\/2023\/09\/IMG-20230925-WA0059-818x417.jpg"},"agent-image":{"file":"IMG-20230925-WA0059-210x210.jpg","width":210,"height":210,"mime-type":"image\/jpeg","filesize":13570,"url":"https:\/\/360mallorcaproperty.com\/wp-content\/uploads\/2023\/09\/IMG-20230925-WA0059-210x210.jpg"},"partners-logo":{"file":"IMG-20230925-WA0059-600x576.jpg","width":600,"height":576,"mime-type":"image\/jpeg","filesize":84092,"url":"https:\/\/360mallorcaproperty.com\/wp-content\/uploads\/2023\/09\/IMG-20230925-WA0059-600x576.jpg"}},"image_meta":{"aperture":"0","credit":"","camera":"","caption":"","created_timestamp":"0","copyright":"","focal_length":"0","iso":"0","shutter_speed":"0","title":"","orientation":"0","keywords":[]},"ID":"21359","name":"IMG-20230925-WA0059.jpg","path":"\/home\/mallorcaproperty\/public_html\/wp-content\/uploads\/2023\/09\/IMG-20230925-WA0059.jpg","url":"https:\/\/360mallorcaproperty.com\/wp-content\/uploads\/2023\/09\/IMG-20230925-WA0059-150x150.jpg","full_url":"https:\/\/360mallorcaproperty.com\/wp-content\/uploads\/2023\/09\/IMG-20230925-WA0059.jpg","title":"IMG-20230925-WA0059","caption":"","description":"","alt":"","srcset":"https:\/\/360mallorcaproperty.com\/wp-content\/uploads\/2023\/09\/IMG-20230925-WA0059-150x150.jpg 150w, https:\/\/360mallorcaproperty.com\/wp-content\/uploads\/2023\/09\/IMG-20230925-WA0059-210x210.jpg 210w"},{"width":150,"height":150,"file":"2023\/09\/IMG-20230925-WA0070.jpg","filesize":155286,"sizes":{"medium":{"file":"IMG-20230925-WA0070-300x169.jpg","width":300,"height":169,"mime-type":"image\/jpeg","filesize":16122,"url":"https:\/\/360mallorcaproperty.com\/wp-content\/uploads\/2023\/09\/IMG-20230925-WA0070-300x169.jpg"},"thumbnail":{"file":"IMG-20230925-WA0070-150x150.jpg","width":150,"height":150,"mime-type":"image\/jpeg","filesize":7974,"url":"https:\/\/360mallorcaproperty.com\/wp-content\/uploads\/2023\/09\/IMG-20230925-WA0070-150x150.jpg"},"medium_large":{"file":"IMG-20230925-WA0070-768x432.jpg","width":768,"height":432,"mime-type":"image\/jpeg","filesize":73698,"url":"https:\/\/360mallorcaproperty.com\/wp-content\/uploads\/2023\/09\/IMG-20230925-WA0070-768x432.jpg"},"post-thumbnail":{"file":"IMG-20230925-WA0070-150x84.jpg","width":150,"height":84,"mime-type":"image\/jpeg","filesize":5565,"url":"https:\/\/360mallorcaproperty.com\/wp-content\/uploads\/2023\/09\/IMG-20230925-WA0070-150x84.jpg"},"modern-property-child-slider":{"file":"IMG-20230925-WA0070-680x510.jpg","width":680,"height":510,"mime-type":"image\/jpeg","filesize":70855,"url":"https:\/\/360mallorcaproperty.com\/wp-content\/uploads\/2023\/09\/IMG-20230925-WA0070-680x510.jpg"},"property-thumb-image":{"file":"IMG-20230925-WA0070-488x326.jpg","width":488,"height":326,"mime-type":"image\/jpeg","filesize":38879,"url":"https:\/\/360mallorcaproperty.com\/wp-content\/uploads\/2023\/09\/IMG-20230925-WA0070-488x326.jpg"},"property-detail-video-image":{"file":"IMG-20230925-WA0070-818x417.jpg","width":818,"height":417,"mime-type":"image\/jpeg","filesize":76539,"url":"https:\/\/360mallorcaproperty.com\/wp-content\/uploads\/2023\/09\/IMG-20230925-WA0070-818x417.jpg"},"agent-image":{"file":"IMG-20230925-WA0070-210x210.jpg","width":210,"height":210,"mime-type":"image\/jpeg","filesize":13508,"url":"https:\/\/360mallorcaproperty.com\/wp-content\/uploads\/2023\/09\/IMG-20230925-WA0070-210x210.jpg"},"partners-logo":{"file":"IMG-20230925-WA0070-600x576.jpg","width":600,"height":576,"mime-type":"image\/jpeg","filesize":78129,"url":"https:\/\/360mallorcaproperty.com\/wp-content\/uploads\/2023\/09\/IMG-20230925-WA0070-600x576.jpg"}},"image_meta":{"aperture":"0","credit":"","camera":"","caption":"","created_timestamp":"0","copyright":"","focal_length":"0","iso":"0","shutter_speed":"0","title":"","orientation":"0","keywords":[]},"ID":"21383","name":"IMG-20230925-WA0070.jpg","path":"\/home\/mallorcaproperty\/public_html\/wp-content\/uploads\/2023\/09\/IMG-20230925-WA0070.jpg","url":"https:\/\/360mallorcaproperty.com\/wp-content\/uploads\/2023\/09\/IMG-20230925-WA0070-150x150.jpg","full_url":"https:\/\/360mallorcaproperty.com\/wp-content\/uploads\/2023\/09\/IMG-20230925-WA0070.jpg","title":"IMG-20230925-WA0070","caption":"","description":"","alt":"","srcset":"https:\/\/360mallorcaproperty.com\/wp-content\/uploads\/2023\/09\/IMG-20230925-WA0070-150x150.jpg 150w, https:\/\/360mallorcaproperty.com\/wp-content\/uploads\/2023\/09\/IMG-20230925-WA0070-210x210.jpg 210w"},{"width":150,"height":150,"file":"2023\/09\/IMG-20230925-WA0078.jpg","filesize":137057,"sizes":{"medium":{"file":"IMG-20230925-WA0078-300x169.jpg","width":300,"height":169,"mime-type":"image\/jpeg","filesize":14347,"url":"https:\/\/360mallorcaproperty.com\/wp-content\/uploads\/2023\/09\/IMG-20230925-WA0078-300x169.jpg"},"thumbnail":{"file":"IMG-20230925-WA0078-150x150.jpg","width":150,"height":150,"mime-type":"image\/jpeg","filesize":7544,"url":"https:\/\/360mallorcaproperty.com\/wp-content\/uploads\/2023\/09\/IMG-20230925-WA0078-150x150.jpg"},"medium_large":{"file":"IMG-20230925-WA0078-768x432.jpg","width":768,"height":432,"mime-type":"image\/jpeg","filesize":65133,"url":"https:\/\/360mallorcaproperty.com\/wp-content\/uploads\/2023\/09\/IMG-20230925-WA0078-768x432.jpg"},"post-thumbnail":{"file":"IMG-20230925-WA0078-150x84.jpg","width":150,"height":84,"mime-type":"image\/jpeg","filesize":4957,"url":"https:\/\/360mallorcaproperty.com\/wp-content\/uploads\/2023\/09\/IMG-20230925-WA0078-150x84.jpg"},"modern-property-child-slider":{"file":"IMG-20230925-WA0078-680x510.jpg","width":680,"height":510,"mime-type":"image\/jpeg","filesize":68561,"url":"https:\/\/360mallorcaproperty.com\/wp-content\/uploads\/2023\/09\/IMG-20230925-WA0078-680x510.jpg"},"property-thumb-image":{"file":"IMG-20230925-WA0078-488x326.jpg","width":488,"height":326,"mime-type":"image\/jpeg","filesize":36291,"url":"https:\/\/360mallorcaproperty.com\/wp-content\/uploads\/2023\/09\/IMG-20230925-WA0078-488x326.jpg"},"property-detail-video-image":{"file":"IMG-20230925-WA0078-818x417.jpg","width":818,"height":417,"mime-type":"image\/jpeg","filesize":66624,"url":"https:\/\/360mallorcaproperty.com\/wp-content\/uploads\/2023\/09\/IMG-20230925-WA0078-818x417.jpg"},"agent-image":{"file":"IMG-20230925-WA0078-210x210.jpg","width":210,"height":210,"mime-type":"image\/jpeg","filesize":13246,"url":"https:\/\/360mallorcaproperty.com\/wp-content\/uploads\/2023\/09\/IMG-20230925-WA0078-210x210.jpg"},"partners-logo":{"file":"IMG-20230925-WA0078-600x576.jpg","width":600,"height":576,"mime-type":"image\/jpeg","filesize":78988,"url":"https:\/\/360mallorcaproperty.com\/wp-content\/uploads\/2023\/09\/IMG-20230925-WA0078-600x576.jpg"}},"image_meta":{"aperture":"0","credit":"","camera":"","caption":"","created_timestamp":"0","copyright":"","focal_length":"0","iso":"0","shutter_speed":"0","title":"","orientation":"0","keywords":[]},"ID":"21389","name":"IMG-20230925-WA0078.jpg","path":"\/home\/mallorcaproperty\/public_html\/wp-content\/uploads\/2023\/09\/IMG-20230925-WA0078.jpg","url":"https:\/\/360mallorcaproperty.com\/wp-content\/uploads\/2023\/09\/IMG-20230925-WA0078-150x150.jpg","full_url":"https:\/\/360mallorcaproperty.com\/wp-content\/uploads\/2023\/09\/IMG-20230925-WA0078.jpg","title":"IMG-20230925-WA0078","caption":"","description":"","alt":"","srcset":"https:\/\/360mallorcaproperty.com\/wp-content\/uploads\/2023\/09\/IMG-20230925-WA0078-150x150.jpg 150w, https:\/\/360mallorcaproperty.com\/wp-content\/uploads\/2023\/09\/IMG-20230925-WA0078-210x210.jpg 210w"},{"width":150,"height":150,"file":"2023\/09\/IMG-20230925-WA0085.jpg","filesize":120321,"sizes":{"medium":{"file":"IMG-20230925-WA0085-300x169.jpg","width":300,"height":169,"mime-type":"image\/jpeg","filesize":12741,"url":"https:\/\/360mallorcaproperty.com\/wp-content\/uploads\/2023\/09\/IMG-20230925-WA0085-300x169.jpg"},"thumbnail":{"file":"IMG-20230925-WA0085-150x150.jpg","width":150,"height":150,"mime-type":"image\/jpeg","filesize":6714,"url":"https:\/\/360mallorcaproperty.com\/wp-content\/uploads\/2023\/09\/IMG-20230925-WA0085-150x150.jpg"},"medium_large":{"file":"IMG-20230925-WA0085-768x432.jpg","width":768,"height":432,"mime-type":"image\/jpeg","filesize":58158,"url":"https:\/\/360mallorcaproperty.com\/wp-content\/uploads\/2023\/09\/IMG-20230925-WA0085-768x432.jpg"},"post-thumbnail":{"file":"IMG-20230925-WA0085-150x84.jpg","width":150,"height":84,"mime-type":"image\/jpeg","filesize":4471,"url":"https:\/\/360mallorcaproperty.com\/wp-content\/uploads\/2023\/09\/IMG-20230925-WA0085-150x84.jpg"},"modern-property-child-slider":{"file":"IMG-20230925-WA0085-680x510.jpg","width":680,"height":510,"mime-type":"image\/jpeg","filesize":59843,"url":"https:\/\/360mallorcaproperty.com\/wp-content\/uploads\/2023\/09\/IMG-20230925-WA0085-680x510.jpg"},"property-thumb-image":{"file":"IMG-20230925-WA0085-488x326.jpg","width":488,"height":326,"mime-type":"image\/jpeg","filesize":31437,"url":"https:\/\/360mallorcaproperty.com\/wp-content\/uploads\/2023\/09\/IMG-20230925-WA0085-488x326.jpg"},"property-detail-video-image":{"file":"IMG-20230925-WA0085-818x417.jpg","width":818,"height":417,"mime-type":"image\/jpeg","filesize":60911,"url":"https:\/\/360mallorcaproperty.com\/wp-content\/uploads\/2023\/09\/IMG-20230925-WA0085-818x417.jpg"},"agent-image":{"file":"IMG-20230925-WA0085-210x210.jpg","width":210,"height":210,"mime-type":"image\/jpeg","filesize":11398,"url":"https:\/\/360mallorcaproperty.com\/wp-content\/uploads\/2023\/09\/IMG-20230925-WA0085-210x210.jpg"},"partners-logo":{"file":"IMG-20230925-WA0085-600x576.jpg","width":600,"height":576,"mime-type":"image\/jpeg","filesize":65986,"url":"https:\/\/360mallorcaproperty.com\/wp-content\/uploads\/2023\/09\/IMG-20230925-WA0085-600x576.jpg"}},"image_meta":{"aperture":"0","credit":"","camera":"","caption":"","created_timestamp":"0","copyright":"","focal_length":"0","iso":"0","shutter_speed":"0","title":"","orientation":"0","keywords":[]},"ID":"21398","name":"IMG-20230925-WA0085.jpg","path":"\/home\/mallorcaproperty\/public_html\/wp-content\/uploads\/2023\/09\/IMG-20230925-WA0085.jpg","url":"https:\/\/360mallorcaproperty.com\/wp-content\/uploads\/2023\/09\/IMG-20230925-WA0085-150x150.jpg","full_url":"https:\/\/360mallorcaproperty.com\/wp-content\/uploads\/2023\/09\/IMG-20230925-WA0085.jpg","title":"IMG-20230925-WA0085","caption":"","description":"","alt":"","srcset":"https:\/\/360mallorcaproperty.com\/wp-content\/uploads\/2023\/09\/IMG-20230925-WA0085-150x150.jpg 150w, https:\/\/360mallorcaproperty.com\/wp-content\/uploads\/2023\/09\/IMG-20230925-WA0085-210x210.jpg 210w"},{"width":150,"height":150,"file":"2023\/09\/IMG-20230925-WA0080.jpg","filesize":142085,"sizes":{"medium":{"file":"IMG-20230925-WA0080-300x169.jpg","width":300,"height":169,"mime-type":"image\/jpeg","filesize":15106,"url":"https:\/\/360mallorcaproperty.com\/wp-content\/uploads\/2023\/09\/IMG-20230925-WA0080-300x169.jpg"},"thumbnail":{"file":"IMG-20230925-WA0080-150x150.jpg","width":150,"height":150,"mime-type":"image\/jpeg","filesize":8131,"url":"https:\/\/360mallorcaproperty.com\/wp-content\/uploads\/2023\/09\/IMG-20230925-WA0080-150x150.jpg"},"medium_large":{"file":"IMG-20230925-WA0080-768x432.jpg","width":768,"height":432,"mime-type":"image\/jpeg","filesize":67967,"url":"https:\/\/360mallorcaproperty.com\/wp-content\/uploads\/2023\/09\/IMG-20230925-WA0080-768x432.jpg"},"post-thumbnail":{"file":"IMG-20230925-WA0080-150x84.jpg","width":150,"height":84,"mime-type":"image\/jpeg","filesize":5242,"url":"https:\/\/360mallorcaproperty.com\/wp-content\/uploads\/2023\/09\/IMG-20230925-WA0080-150x84.jpg"},"modern-property-child-slider":{"file":"IMG-20230925-WA0080-680x510.jpg","width":680,"height":510,"mime-type":"image\/jpeg","filesize":72065,"url":"https:\/\/360mallorcaproperty.com\/wp-content\/uploads\/2023\/09\/IMG-20230925-WA0080-680x510.jpg"},"property-thumb-image":{"file":"IMG-20230925-WA0080-488x326.jpg","width":488,"height":326,"mime-type":"image\/jpeg","filesize":38683,"url":"https:\/\/360mallorcaproperty.com\/wp-content\/uploads\/2023\/09\/IMG-20230925-WA0080-488x326.jpg"},"property-detail-video-image":{"file":"IMG-20230925-WA0080-818x417.jpg","width":818,"height":417,"mime-type":"image\/jpeg","filesize":69661,"url":"https:\/\/360mallorcaproperty.com\/wp-content\/uploads\/2023\/09\/IMG-20230925-WA0080-818x417.jpg"},"agent-image":{"file":"IMG-20230925-WA0080-210x210.jpg","width":210,"height":210,"mime-type":"image\/jpeg","filesize":14127,"url":"https:\/\/360mallorcaproperty.com\/wp-content\/uploads\/2023\/09\/IMG-20230925-WA0080-210x210.jpg"},"partners-logo":{"file":"IMG-20230925-WA0080-600x576.jpg","width":600,"height":576,"mime-type":"image\/jpeg","filesize":77723,"url":"https:\/\/360mallorcaproperty.com\/wp-content\/uploads\/2023\/09\/IMG-20230925-WA0080-600x576.jpg"}},"image_meta":{"aperture":"0","credit":"","camera":"","caption":"","created_timestamp":"0","copyright":"","focal_length":"0","iso":"0","shutter_speed":"0","title":"","orientation":"0","keywords":[]},"ID":"21392","name":"IMG-20230925-WA0080.jpg","path":"\/home\/mallorcaproperty\/public_html\/wp-content\/uploads\/2023\/09\/IMG-20230925-WA0080.jpg","url":"https:\/\/360mallorcaproperty.com\/wp-content\/uploads\/2023\/09\/IMG-20230925-WA0080-150x150.jpg","full_url":"https:\/\/360mallorcaproperty.com\/wp-content\/uploads\/2023\/09\/IMG-20230925-WA0080.jpg","title":"IMG-20230925-WA0080","caption":"","description":"","alt":"","srcset":"https:\/\/360mallorcaproperty.com\/wp-content\/uploads\/2023\/09\/IMG-20230925-WA0080-150x150.jpg 150w, https:\/\/360mallorcaproperty.com\/wp-content\/uploads\/2023\/09\/IMG-20230925-WA0080-210x210.jpg 210w"},{"width":150,"height":150,"file":"2023\/09\/IMG-20230925-WA0082.jpg","filesize":141211,"sizes":{"medium":{"file":"IMG-20230925-WA0082-300x169.jpg","width":300,"height":169,"mime-type":"image\/jpeg","filesize":14936,"url":"https:\/\/360mallorcaproperty.com\/wp-content\/uploads\/2023\/09\/IMG-20230925-WA0082-300x169.jpg"},"thumbnail":{"file":"IMG-20230925-WA0082-150x150.jpg","width":150,"height":150,"mime-type":"image\/jpeg","filesize":7282,"url":"https:\/\/360mallorcaproperty.com\/wp-content\/uploads\/2023\/09\/IMG-20230925-WA0082-150x150.jpg"},"medium_large":{"file":"IMG-20230925-WA0082-768x432.jpg","width":768,"height":432,"mime-type":"image\/jpeg","filesize":68359,"url":"https:\/\/360mallorcaproperty.com\/wp-content\/uploads\/2023\/09\/IMG-20230925-WA0082-768x432.jpg"},"post-thumbnail":{"file":"IMG-20230925-WA0082-150x84.jpg","width":150,"height":84,"mime-type":"image\/jpeg","filesize":5148,"url":"https:\/\/360mallorcaproperty.com\/wp-content\/uploads\/2023\/09\/IMG-20230925-WA0082-150x84.jpg"},"modern-property-child-slider":{"file":"IMG-20230925-WA0082-680x510.jpg","width":680,"height":510,"mime-type":"image\/jpeg","filesize":66775,"url":"https:\/\/360mallorcaproperty.com\/wp-content\/uploads\/2023\/09\/IMG-20230925-WA0082-680x510.jpg"},"property-thumb-image":{"file":"IMG-20230925-WA0082-488x326.jpg","width":488,"height":326,"mime-type":"image\/jpeg","filesize":36463,"url":"https:\/\/360mallorcaproperty.com\/wp-content\/uploads\/2023\/09\/IMG-20230925-WA0082-488x326.jpg"},"property-detail-video-image":{"file":"IMG-20230925-WA0082-818x417.jpg","width":818,"height":417,"mime-type":"image\/jpeg","filesize":70635,"url":"https:\/\/360mallorcaproperty.com\/wp-content\/uploads\/2023\/09\/IMG-20230925-WA0082-818x417.jpg"},"agent-image":{"file":"IMG-20230925-WA0082-210x210.jpg","width":210,"height":210,"mime-type":"image\/jpeg","filesize":12439,"url":"https:\/\/360mallorcaproperty.com\/wp-content\/uploads\/2023\/09\/IMG-20230925-WA0082-210x210.jpg"},"partners-logo":{"file":"IMG-20230925-WA0082-600x576.jpg","width":600,"height":576,"mime-type":"image\/jpeg","filesize":71749,"url":"https:\/\/360mallorcaproperty.com\/wp-content\/uploads\/2023\/09\/IMG-20230925-WA0082-600x576.jpg"}},"image_meta":{"aperture":"0","credit":"","camera":"","caption":"","created_timestamp":"0","copyright":"","focal_length":"0","iso":"0","shutter_speed":"0","title":"","orientation":"0","keywords":[]},"ID":"21395","name":"IMG-20230925-WA0082.jpg","path":"\/home\/mallorcaproperty\/public_html\/wp-content\/uploads\/2023\/09\/IMG-20230925-WA0082.jpg","url":"https:\/\/360mallorcaproperty.com\/wp-content\/uploads\/2023\/09\/IMG-20230925-WA0082-150x150.jpg","full_url":"https:\/\/360mallorcaproperty.com\/wp-content\/uploads\/2023\/09\/IMG-20230925-WA0082.jpg","title":"IMG-20230925-WA0082","caption":"","description":"","alt":"","srcset":"https:\/\/360mallorcaproperty.com\/wp-content\/uploads\/2023\/09\/IMG-20230925-WA0082-150x150.jpg 150w, https:\/\/360mallorcaproperty.com\/wp-content\/uploads\/2023\/09\/IMG-20230925-WA0082-210x210.jpg 210w"},{"width":150,"height":150,"file":"2023\/09\/IMG-20230925-WA0119.jpg","filesize":102079,"sizes":{"medium":{"file":"IMG-20230925-WA0119-300x169.jpg","width":300,"height":169,"mime-type":"image\/jpeg","filesize":11826,"url":"https:\/\/360mallorcaproperty.com\/wp-content\/uploads\/2023\/09\/IMG-20230925-WA0119-300x169.jpg"},"thumbnail":{"file":"IMG-20230925-WA0119-150x150.jpg","width":150,"height":150,"mime-type":"image\/jpeg","filesize":7084,"url":"https:\/\/360mallorcaproperty.com\/wp-content\/uploads\/2023\/09\/IMG-20230925-WA0119-150x150.jpg"},"medium_large":{"file":"IMG-20230925-WA0119-768x432.jpg","width":768,"height":432,"mime-type":"image\/jpeg","filesize":50995,"url":"https:\/\/360mallorcaproperty.com\/wp-content\/uploads\/2023\/09\/IMG-20230925-WA0119-768x432.jpg"},"post-thumbnail":{"file":"IMG-20230925-WA0119-150x84.jpg","width":150,"height":84,"mime-type":"image\/jpeg","filesize":4417,"url":"https:\/\/360mallorcaproperty.com\/wp-content\/uploads\/2023\/09\/IMG-20230925-WA0119-150x84.jpg"},"modern-property-child-slider":{"file":"IMG-20230925-WA0119-680x510.jpg","width":680,"height":510,"mime-type":"image\/jpeg","filesize":54919,"url":"https:\/\/360mallorcaproperty.com\/wp-content\/uploads\/2023\/09\/IMG-20230925-WA0119-680x510.jpg"},"property-thumb-image":{"file":"IMG-20230925-WA0119-488x326.jpg","width":488,"height":326,"mime-type":"image\/jpeg","filesize":29186,"url":"https:\/\/360mallorcaproperty.com\/wp-content\/uploads\/2023\/09\/IMG-20230925-WA0119-488x326.jpg"},"property-detail-video-image":{"file":"IMG-20230925-WA0119-818x417.jpg","width":818,"height":417,"mime-type":"image\/jpeg","filesize":51998,"url":"https:\/\/360mallorcaproperty.com\/wp-content\/uploads\/2023\/09\/IMG-20230925-WA0119-818x417.jpg"},"agent-image":{"file":"IMG-20230925-WA0119-210x210.jpg","width":210,"height":210,"mime-type":"image\/jpeg","filesize":11990,"url":"https:\/\/360mallorcaproperty.com\/wp-content\/uploads\/2023\/09\/IMG-20230925-WA0119-210x210.jpg"},"partners-logo":{"file":"IMG-20230925-WA0119-600x576.jpg","width":600,"height":576,"mime-type":"image\/jpeg","filesize":64935,"url":"https:\/\/360mallorcaproperty.com\/wp-content\/uploads\/2023\/09\/IMG-20230925-WA0119-600x576.jpg"}},"image_meta":{"aperture":"0","credit":"","camera":"","caption":"","created_timestamp":"0","copyright":"","focal_length":"0","iso":"0","shutter_speed":"0","title":"","orientation":"0","keywords":[]},"ID":"21341","name":"IMG-20230925-WA0119.jpg","path":"\/home\/mallorcaproperty\/public_html\/wp-content\/uploads\/2023\/09\/IMG-20230925-WA0119.jpg","url":"https:\/\/360mallorcaproperty.com\/wp-content\/uploads\/2023\/09\/IMG-20230925-WA0119-150x150.jpg","full_url":"https:\/\/360mallorcaproperty.com\/wp-content\/uploads\/2023\/09\/IMG-20230925-WA0119.jpg","title":"IMG-20230925-WA0119","caption":"","description":"","alt":"","srcset":"https:\/\/360mallorcaproperty.com\/wp-content\/uploads\/2023\/09\/IMG-20230925-WA0119-150x150.jpg 150w, https:\/\/360mallorcaproperty.com\/wp-content\/uploads\/2023\/09\/IMG-20230925-WA0119-210x210.jpg 210w"},{"width":150,"height":150,"file":"2023\/09\/IMG-20230925-WA0069.jpg","filesize":180637,"sizes":{"medium":{"file":"IMG-20230925-WA0069-300x169.jpg","width":300,"height":169,"mime-type":"image\/jpeg","filesize":17051,"url":"https:\/\/360mallorcaproperty.com\/wp-content\/uploads\/2023\/09\/IMG-20230925-WA0069-300x169.jpg"},"thumbnail":{"file":"IMG-20230925-WA0069-150x150.jpg","width":150,"height":150,"mime-type":"image\/jpeg","filesize":8558,"url":"https:\/\/360mallorcaproperty.com\/wp-content\/uploads\/2023\/09\/IMG-20230925-WA0069-150x150.jpg"},"medium_large":{"file":"IMG-20230925-WA0069-768x432.jpg","width":768,"height":432,"mime-type":"image\/jpeg","filesize":84099,"url":"https:\/\/360mallorcaproperty.com\/wp-content\/uploads\/2023\/09\/IMG-20230925-WA0069-768x432.jpg"},"post-thumbnail":{"file":"IMG-20230925-WA0069-150x84.jpg","width":150,"height":84,"mime-type":"image\/jpeg","filesize":5633,"url":"https:\/\/360mallorcaproperty.com\/wp-content\/uploads\/2023\/09\/IMG-20230925-WA0069-150x84.jpg"},"modern-property-child-slider":{"file":"IMG-20230925-WA0069-680x510.jpg","width":680,"height":510,"mime-type":"image\/jpeg","filesize":84553,"url":"https:\/\/360mallorcaproperty.com\/wp-content\/uploads\/2023\/09\/IMG-20230925-WA0069-680x510.jpg"},"property-thumb-image":{"file":"IMG-20230925-WA0069-488x326.jpg","width":488,"height":326,"mime-type":"image\/jpeg","filesize":44725,"url":"https:\/\/360mallorcaproperty.com\/wp-content\/uploads\/2023\/09\/IMG-20230925-WA0069-488x326.jpg"},"property-detail-video-image":{"file":"IMG-20230925-WA0069-818x417.jpg","width":818,"height":417,"mime-type":"image\/jpeg","filesize":86236,"url":"https:\/\/360mallorcaproperty.com\/wp-content\/uploads\/2023\/09\/IMG-20230925-WA0069-818x417.jpg"},"agent-image":{"file":"IMG-20230925-WA0069-210x210.jpg","width":210,"height":210,"mime-type":"image\/jpeg","filesize":15125,"url":"https:\/\/360mallorcaproperty.com\/wp-content\/uploads\/2023\/09\/IMG-20230925-WA0069-210x210.jpg"},"partners-logo":{"file":"IMG-20230925-WA0069-600x576.jpg","width":600,"height":576,"mime-type":"image\/jpeg","filesize":95366,"url":"https:\/\/360mallorcaproperty.com\/wp-content\/uploads\/2023\/09\/IMG-20230925-WA0069-600x576.jpg"}},"image_meta":{"aperture":"0","credit":"","camera":"","caption":"","created_timestamp":"0","copyright":"","focal_length":"0","iso":"0","shutter_speed":"0","title":"","orientation":"0","keywords":[]},"ID":"21380","name":"IMG-20230925-WA0069.jpg","path":"\/home\/mallorcaproperty\/public_html\/wp-content\/uploads\/2023\/09\/IMG-20230925-WA0069.jpg","url":"https:\/\/360mallorcaproperty.com\/wp-content\/uploads\/2023\/09\/IMG-20230925-WA0069-150x150.jpg","full_url":"https:\/\/360mallorcaproperty.com\/wp-content\/uploads\/2023\/09\/IMG-20230925-WA0069.jpg","title":"IMG-20230925-WA0069","caption":"","description":"","alt":"","srcset":"https:\/\/360mallorcaproperty.com\/wp-content\/uploads\/2023\/09\/IMG-20230925-WA0069-150x150.jpg 150w, https:\/\/360mallorcaproperty.com\/wp-content\/uploads\/2023\/09\/IMG-20230925-WA0069-210x210.jpg 210w"},{"width":150,"height":150,"file":"2023\/09\/IMG-20230925-WA0065.jpg","filesize":141307,"sizes":{"medium":{"file":"IMG-20230925-WA0065-300x169.jpg","width":300,"height":169,"mime-type":"image\/jpeg","filesize":14890,"url":"https:\/\/360mallorcaproperty.com\/wp-content\/uploads\/2023\/09\/IMG-20230925-WA0065-300x169.jpg"},"thumbnail":{"file":"IMG-20230925-WA0065-150x150.jpg","width":150,"height":150,"mime-type":"image\/jpeg","filesize":7474,"url":"https:\/\/360mallorcaproperty.com\/wp-content\/uploads\/2023\/09\/IMG-20230925-WA0065-150x150.jpg"},"medium_large":{"file":"IMG-20230925-WA0065-768x432.jpg","width":768,"height":432,"mime-type":"image\/jpeg","filesize":67860,"url":"https:\/\/360mallorcaproperty.com\/wp-content\/uploads\/2023\/09\/IMG-20230925-WA0065-768x432.jpg"},"post-thumbnail":{"file":"IMG-20230925-WA0065-150x84.jpg","width":150,"height":84,"mime-type":"image\/jpeg","filesize":5181,"url":"https:\/\/360mallorcaproperty.com\/wp-content\/uploads\/2023\/09\/IMG-20230925-WA0065-150x84.jpg"},"modern-property-child-slider":{"file":"IMG-20230925-WA0065-680x510.jpg","width":680,"height":510,"mime-type":"image\/jpeg","filesize":69753,"url":"https:\/\/360mallorcaproperty.com\/wp-content\/uploads\/2023\/09\/IMG-20230925-WA0065-680x510.jpg"},"property-thumb-image":{"file":"IMG-20230925-WA0065-488x326.jpg","width":488,"height":326,"mime-type":"image\/jpeg","filesize":38125,"url":"https:\/\/360mallorcaproperty.com\/wp-content\/uploads\/2023\/09\/IMG-20230925-WA0065-488x326.jpg"},"property-detail-video-image":{"file":"IMG-20230925-WA0065-818x417.jpg","width":818,"height":417,"mime-type":"image\/jpeg","filesize":68202,"url":"https:\/\/360mallorcaproperty.com\/wp-content\/uploads\/2023\/09\/IMG-20230925-WA0065-818x417.jpg"},"agent-image":{"file":"IMG-20230925-WA0065-210x210.jpg","width":210,"height":210,"mime-type":"image\/jpeg","filesize":12886,"url":"https:\/\/360mallorcaproperty.com\/wp-content\/uploads\/2023\/09\/IMG-20230925-WA0065-210x210.jpg"},"partners-logo":{"file":"IMG-20230925-WA0065-600x576.jpg","width":600,"height":576,"mime-type":"image\/jpeg","filesize":73333,"url":"https:\/\/360mallorcaproperty.com\/wp-content\/uploads\/2023\/09\/IMG-20230925-WA0065-600x576.jpg"}},"image_meta":{"aperture":"0","credit":"","camera":"","caption":"","created_timestamp":"0","copyright":"","focal_length":"0","iso":"0","shutter_speed":"0","title":"","orientation":"0","keywords":[]},"ID":"21368","name":"IMG-20230925-WA0065.jpg","path":"\/home\/mallorcaproperty\/public_html\/wp-content\/uploads\/2023\/09\/IMG-20230925-WA0065.jpg","url":"https:\/\/360mallorcaproperty.com\/wp-content\/uploads\/2023\/09\/IMG-20230925-WA0065-150x150.jpg","full_url":"https:\/\/360mallorcaproperty.com\/wp-content\/uploads\/2023\/09\/IMG-20230925-WA0065.jpg","title":"IMG-20230925-WA0065","caption":"","description":"","alt":"","srcset":"https:\/\/360mallorcaproperty.com\/wp-content\/uploads\/2023\/09\/IMG-20230925-WA0065-150x150.jpg 150w, https:\/\/360mallorcaproperty.com\/wp-content\/uploads\/2023\/09\/IMG-20230925-WA0065-210x210.jpg 210w"},{"width":150,"height":150,"file":"2023\/09\/IMG-20230925-WA0061.jpg","filesize":148963,"sizes":{"medium":{"file":"IMG-20230925-WA0061-300x169.jpg","width":300,"height":169,"mime-type":"image\/jpeg","filesize":14252,"url":"https:\/\/360mallorcaproperty.com\/wp-content\/uploads\/2023\/09\/IMG-20230925-WA0061-300x169.jpg"},"thumbnail":{"file":"IMG-20230925-WA0061-150x150.jpg","width":150,"height":150,"mime-type":"image\/jpeg","filesize":7543,"url":"https:\/\/360mallorcaproperty.com\/wp-content\/uploads\/2023\/09\/IMG-20230925-WA0061-150x150.jpg"},"medium_large":{"file":"IMG-20230925-WA0061-768x432.jpg","width":768,"height":432,"mime-type":"image\/jpeg","filesize":69422,"url":"https:\/\/360mallorcaproperty.com\/wp-content\/uploads\/2023\/09\/IMG-20230925-WA0061-768x432.jpg"},"post-thumbnail":{"file":"IMG-20230925-WA0061-150x84.jpg","width":150,"height":84,"mime-type":"image\/jpeg","filesize":4750,"url":"https:\/\/360mallorcaproperty.com\/wp-content\/uploads\/2023\/09\/IMG-20230925-WA0061-150x84.jpg"},"modern-property-child-slider":{"file":"IMG-20230925-WA0061-680x510.jpg","width":680,"height":510,"mime-type":"image\/jpeg","filesize":72370,"url":"https:\/\/360mallorcaproperty.com\/wp-content\/uploads\/2023\/09\/IMG-20230925-WA0061-680x510.jpg"},"property-thumb-image":{"file":"IMG-20230925-WA0061-488x326.jpg","width":488,"height":326,"mime-type":"image\/jpeg","filesize":37868,"url":"https:\/\/360mallorcaproperty.com\/wp-content\/uploads\/2023\/09\/IMG-20230925-WA0061-488x326.jpg"},"property-detail-video-image":{"file":"IMG-20230925-WA0061-818x417.jpg","width":818,"height":417,"mime-type":"image\/jpeg","filesize":71044,"url":"https:\/\/360mallorcaproperty.com\/wp-content\/uploads\/2023\/09\/IMG-20230925-WA0061-818x417.jpg"},"agent-image":{"file":"IMG-20230925-WA0061-210x210.jpg","width":210,"height":210,"mime-type":"image\/jpeg","filesize":13020,"url":"https:\/\/360mallorcaproperty.com\/wp-content\/uploads\/2023\/09\/IMG-20230925-WA0061-210x210.jpg"},"partners-logo":{"file":"IMG-20230925-WA0061-600x576.jpg","width":600,"height":576,"mime-type":"image\/jpeg","filesize":79306,"url":"https:\/\/360mallorcaproperty.com\/wp-content\/uploads\/2023\/09\/IMG-20230925-WA0061-600x576.jpg"}},"image_meta":{"aperture":"0","credit":"","camera":"","caption":"","created_timestamp":"0","copyright":"","focal_length":"0","iso":"0","shutter_speed":"0","title":"","orientation":"0","keywords":[]},"ID":"21365","name":"IMG-20230925-WA0061.jpg","path":"\/home\/mallorcaproperty\/public_html\/wp-content\/uploads\/2023\/09\/IMG-20230925-WA0061.jpg","url":"https:\/\/360mallorcaproperty.com\/wp-content\/uploads\/2023\/09\/IMG-20230925-WA0061-150x150.jpg","full_url":"https:\/\/360mallorcaproperty.com\/wp-content\/uploads\/2023\/09\/IMG-20230925-WA0061.jpg","title":"IMG-20230925-WA0061","caption":"","description":"","alt":"","srcset":"https:\/\/360mallorcaproperty.com\/wp-content\/uploads\/2023\/09\/IMG-20230925-WA0061-150x150.jpg 150w, https:\/\/360mallorcaproperty.com\/wp-content\/uploads\/2023\/09\/IMG-20230925-WA0061-210x210.jpg 210w"},{"width":150,"height":150,"file":"2023\/09\/IMG-20230925-WA0068.jpg","filesize":215360,"sizes":{"medium":{"file":"IMG-20230925-WA0068-300x169.jpg","width":300,"height":169,"mime-type":"image\/jpeg","filesize":15656,"url":"https:\/\/360mallorcaproperty.com\/wp-content\/uploads\/2023\/09\/IMG-20230925-WA0068-300x169.jpg"},"thumbnail":{"file":"IMG-20230925-WA0068-150x150.jpg","width":150,"height":150,"mime-type":"image\/jpeg","filesize":7449,"url":"https:\/\/360mallorcaproperty.com\/wp-content\/uploads\/2023\/09\/IMG-20230925-WA0068-150x150.jpg"},"medium_large":{"file":"IMG-20230925-WA0068-768x432.jpg","width":768,"height":432,"mime-type":"image\/jpeg","filesize":92913,"url":"https:\/\/360mallorcaproperty.com\/wp-content\/uploads\/2023\/09\/IMG-20230925-WA0068-768x432.jpg"},"post-thumbnail":{"file":"IMG-20230925-WA0068-150x84.jpg","width":150,"height":84,"mime-type":"image\/jpeg","filesize":4782,"url":"https:\/\/360mallorcaproperty.com\/wp-content\/uploads\/2023\/09\/IMG-20230925-WA0068-150x84.jpg"},"modern-property-child-slider":{"file":"IMG-20230925-WA0068-680x510.jpg","width":680,"height":510,"mime-type":"image\/jpeg","filesize":98459,"url":"https:\/\/360mallorcaproperty.com\/wp-content\/uploads\/2023\/09\/IMG-20230925-WA0068-680x510.jpg"},"property-thumb-image":{"file":"IMG-20230925-WA0068-488x326.jpg","width":488,"height":326,"mime-type":"image\/jpeg","filesize":47197,"url":"https:\/\/360mallorcaproperty.com\/wp-content\/uploads\/2023\/09\/IMG-20230925-WA0068-488x326.jpg"},"property-detail-video-image":{"file":"IMG-20230925-WA0068-818x417.jpg","width":818,"height":417,"mime-type":"image\/jpeg","filesize":91884,"url":"https:\/\/360mallorcaproperty.com\/wp-content\/uploads\/2023\/09\/IMG-20230925-WA0068-818x417.jpg"},"agent-image":{"file":"IMG-20230925-WA0068-210x210.jpg","width":210,"height":210,"mime-type":"image\/jpeg","filesize":14058,"url":"https:\/\/360mallorcaproperty.com\/wp-content\/uploads\/2023\/09\/IMG-20230925-WA0068-210x210.jpg"},"partners-logo":{"file":"IMG-20230925-WA0068-600x576.jpg","width":600,"height":576,"mime-type":"image\/jpeg","filesize":111205,"url":"https:\/\/360mallorcaproperty.com\/wp-content\/uploads\/2023\/09\/IMG-20230925-WA0068-600x576.jpg"}},"image_meta":{"aperture":"0","credit":"","camera":"","caption":"","created_timestamp":"0","copyright":"","focal_length":"0","iso":"0","shutter_speed":"0","title":"","orientation":"0","keywords":[]},"ID":"21377","name":"IMG-20230925-WA0068.jpg","path":"\/home\/mallorcaproperty\/public_html\/wp-content\/uploads\/2023\/09\/IMG-20230925-WA0068.jpg","url":"https:\/\/360mallorcaproperty.com\/wp-content\/uploads\/2023\/09\/IMG-20230925-WA0068-150x150.jpg","full_url":"https:\/\/360mallorcaproperty.com\/wp-content\/uploads\/2023\/09\/IMG-20230925-WA0068.jpg","title":"IMG-20230925-WA0068","caption":"","description":"","alt":"","srcset":"https:\/\/360mallorcaproperty.com\/wp-content\/uploads\/2023\/09\/IMG-20230925-WA0068-150x150.jpg 150w, https:\/\/360mallorcaproperty.com\/wp-content\/uploads\/2023\/09\/IMG-20230925-WA0068-210x210.jpg 210w"},{"width":150,"height":150,"file":"2023\/09\/IMG-20230925-WA0066.jpg","filesize":180622,"sizes":{"medium":{"file":"IMG-20230925-WA0066-300x169.jpg","width":300,"height":169,"mime-type":"image\/jpeg","filesize":14853,"url":"https:\/\/360mallorcaproperty.com\/wp-content\/uploads\/2023\/09\/IMG-20230925-WA0066-300x169.jpg"},"thumbnail":{"file":"IMG-20230925-WA0066-150x150.jpg","width":150,"height":150,"mime-type":"image\/jpeg","filesize":7903,"url":"https:\/\/360mallorcaproperty.com\/wp-content\/uploads\/2023\/09\/IMG-20230925-WA0066-150x150.jpg"},"medium_large":{"file":"IMG-20230925-WA0066-768x432.jpg","width":768,"height":432,"mime-type":"image\/jpeg","filesize":79773,"url":"https:\/\/360mallorcaproperty.com\/wp-content\/uploads\/2023\/09\/IMG-20230925-WA0066-768x432.jpg"},"post-thumbnail":{"file":"IMG-20230925-WA0066-150x84.jpg","width":150,"height":84,"mime-type":"image\/jpeg","filesize":4872,"url":"https:\/\/360mallorcaproperty.com\/wp-content\/uploads\/2023\/09\/IMG-20230925-WA0066-150x84.jpg"},"modern-property-child-slider":{"file":"IMG-20230925-WA0066-680x510.jpg","width":680,"height":510,"mime-type":"image\/jpeg","filesize":87206,"url":"https:\/\/360mallorcaproperty.com\/wp-content\/uploads\/2023\/09\/IMG-20230925-WA0066-680x510.jpg"},"property-thumb-image":{"file":"IMG-20230925-WA0066-488x326.jpg","width":488,"height":326,"mime-type":"image\/jpeg","filesize":42224,"url":"https:\/\/360mallorcaproperty.com\/wp-content\/uploads\/2023\/09\/IMG-20230925-WA0066-488x326.jpg"},"property-detail-video-image":{"file":"IMG-20230925-WA0066-818x417.jpg","width":818,"height":417,"mime-type":"image\/jpeg","filesize":82402,"url":"https:\/\/360mallorcaproperty.com\/wp-content\/uploads\/2023\/09\/IMG-20230925-WA0066-818x417.jpg"},"agent-image":{"file":"IMG-20230925-WA0066-210x210.jpg","width":210,"height":210,"mime-type":"image\/jpeg","filesize":14375,"url":"https:\/\/360mallorcaproperty.com\/wp-content\/uploads\/2023\/09\/IMG-20230925-WA0066-210x210.jpg"},"partners-logo":{"file":"IMG-20230925-WA0066-600x576.jpg","width":600,"height":576,"mime-type":"image\/jpeg","filesize":106613,"url":"https:\/\/360mallorcaproperty.com\/wp-content\/uploads\/2023\/09\/IMG-20230925-WA0066-600x576.jpg"}},"image_meta":{"aperture":"0","credit":"","camera":"","caption":"","created_timestamp":"0","copyright":"","focal_length":"0","iso":"0","shutter_speed":"0","title":"","orientation":"0","keywords":[]},"ID":"21371","name":"IMG-20230925-WA0066.jpg","path":"\/home\/mallorcaproperty\/public_html\/wp-content\/uploads\/2023\/09\/IMG-20230925-WA0066.jpg","url":"https:\/\/360mallorcaproperty.com\/wp-content\/uploads\/2023\/09\/IMG-20230925-WA0066-150x150.jpg","full_url":"https:\/\/360mallorcaproperty.com\/wp-content\/uploads\/2023\/09\/IMG-20230925-WA0066.jpg","title":"IMG-20230925-WA0066","caption":"","description":"","alt":"","srcset":"https:\/\/360mallorcaproperty.com\/wp-content\/uploads\/2023\/09\/IMG-20230925-WA0066-150x150.jpg 150w, https:\/\/360mallorcaproperty.com\/wp-content\/uploads\/2023\/09\/IMG-20230925-WA0066-210x210.jpg 210w"},{"width":150,"height":150,"file":"2023\/09\/IMG-20230925-WA0067.jpg","filesize":201590,"sizes":{"medium":{"file":"IMG-20230925-WA0067-300x169.jpg","width":300,"height":169,"mime-type":"image\/jpeg","filesize":16738,"url":"https:\/\/360mallorcaproperty.com\/wp-content\/uploads\/2023\/09\/IMG-20230925-WA0067-300x169.jpg"},"thumbnail":{"file":"IMG-20230925-WA0067-150x150.jpg","width":150,"height":150,"mime-type":"image\/jpeg","filesize":7675,"url":"https:\/\/360mallorcaproperty.com\/wp-content\/uploads\/2023\/09\/IMG-20230925-WA0067-150x150.jpg"},"medium_large":{"file":"IMG-20230925-WA0067-768x432.jpg","width":768,"height":432,"mime-type":"image\/jpeg","filesize":92232,"url":"https:\/\/360mallorcaproperty.com\/wp-content\/uploads\/2023\/09\/IMG-20230925-WA0067-768x432.jpg"},"post-thumbnail":{"file":"IMG-20230925-WA0067-150x84.jpg","width":150,"height":84,"mime-type":"image\/jpeg","filesize":5128,"url":"https:\/\/360mallorcaproperty.com\/wp-content\/uploads\/2023\/09\/IMG-20230925-WA0067-150x84.jpg"},"modern-property-child-slider":{"file":"IMG-20230925-WA0067-680x510.jpg","width":680,"height":510,"mime-type":"image\/jpeg","filesize":90067,"url":"https:\/\/360mallorcaproperty.com\/wp-content\/uploads\/2023\/09\/IMG-20230925-WA0067-680x510.jpg"},"property-thumb-image":{"file":"IMG-20230925-WA0067-488x326.jpg","width":488,"height":326,"mime-type":"image\/jpeg","filesize":46154,"url":"https:\/\/360mallorcaproperty.com\/wp-content\/uploads\/2023\/09\/IMG-20230925-WA0067-488x326.jpg"},"property-detail-video-image":{"file":"IMG-20230925-WA0067-818x417.jpg","width":818,"height":417,"mime-type":"image\/jpeg","filesize":92649,"url":"https:\/\/360mallorcaproperty.com\/wp-content\/uploads\/2023\/09\/IMG-20230925-WA0067-818x417.jpg"},"agent-image":{"file":"IMG-20230925-WA0067-210x210.jpg","width":210,"height":210,"mime-type":"image\/jpeg","filesize":14111,"url":"https:\/\/360mallorcaproperty.com\/wp-content\/uploads\/2023\/09\/IMG-20230925-WA0067-210x210.jpg"},"partners-logo":{"file":"IMG-20230925-WA0067-600x576.jpg","width":600,"height":576,"mime-type":"image\/jpeg","filesize":99967,"url":"https:\/\/360mallorcaproperty.com\/wp-content\/uploads\/2023\/09\/IMG-20230925-WA0067-600x576.jpg"}},"image_meta":{"aperture":"0","credit":"","camera":"","caption":"","created_timestamp":"0","copyright":"","focal_length":"0","iso":"0","shutter_speed":"0","title":"","orientation":"0","keywords":[]},"ID":"21374","name":"IMG-20230925-WA0067.jpg","path":"\/home\/mallorcaproperty\/public_html\/wp-content\/uploads\/2023\/09\/IMG-20230925-WA0067.jpg","url":"https:\/\/360mallorcaproperty.com\/wp-content\/uploads\/2023\/09\/IMG-20230925-WA0067-150x150.jpg","full_url":"https:\/\/360mallorcaproperty.com\/wp-content\/uploads\/2023\/09\/IMG-20230925-WA0067.jpg","title":"IMG-20230925-WA0067","caption":"","description":"","alt":"","srcset":"https:\/\/360mallorcaproperty.com\/wp-content\/uploads\/2023\/09\/IMG-20230925-WA0067-150x150.jpg 150w, https:\/\/360mallorcaproperty.com\/wp-content\/uploads\/2023\/09\/IMG-20230925-WA0067-210x210.jpg 210w"},{"width":150,"height":150,"file":"2023\/09\/IMG-20230925-WA0094.jpg","filesize":145352,"sizes":{"medium":{"file":"IMG-20230925-WA0094-300x169.jpg","width":300,"height":169,"mime-type":"image\/jpeg","filesize":14125,"url":"https:\/\/360mallorcaproperty.com\/wp-content\/uploads\/2023\/09\/IMG-20230925-WA0094-300x169.jpg"},"thumbnail":{"file":"IMG-20230925-WA0094-150x150.jpg","width":150,"height":150,"mime-type":"image\/jpeg","filesize":7219,"url":"https:\/\/360mallorcaproperty.com\/wp-content\/uploads\/2023\/09\/IMG-20230925-WA0094-150x150.jpg"},"medium_large":{"file":"IMG-20230925-WA0094-768x432.jpg","width":768,"height":432,"mime-type":"image\/jpeg","filesize":68301,"url":"https:\/\/360mallorcaproperty.com\/wp-content\/uploads\/2023\/09\/IMG-20230925-WA0094-768x432.jpg"},"post-thumbnail":{"file":"IMG-20230925-WA0094-150x84.jpg","width":150,"height":84,"mime-type":"image\/jpeg","filesize":4808,"url":"https:\/\/360mallorcaproperty.com\/wp-content\/uploads\/2023\/09\/IMG-20230925-WA0094-150x84.jpg"},"modern-property-child-slider":{"file":"IMG-20230925-WA0094-680x510.jpg","width":680,"height":510,"mime-type":"image\/jpeg","filesize":71638,"url":"https:\/\/360mallorcaproperty.com\/wp-content\/uploads\/2023\/09\/IMG-20230925-WA0094-680x510.jpg"},"property-thumb-image":{"file":"IMG-20230925-WA0094-488x326.jpg","width":488,"height":326,"mime-type":"image\/jpeg","filesize":36382,"url":"https:\/\/360mallorcaproperty.com\/wp-content\/uploads\/2023\/09\/IMG-20230925-WA0094-488x326.jpg"},"property-detail-video-image":{"file":"IMG-20230925-WA0094-818x417.jpg","width":818,"height":417,"mime-type":"image\/jpeg","filesize":69743,"url":"https:\/\/360mallorcaproperty.com\/wp-content\/uploads\/2023\/09\/IMG-20230925-WA0094-818x417.jpg"},"agent-image":{"file":"IMG-20230925-WA0094-210x210.jpg","width":210,"height":210,"mime-type":"image\/jpeg","filesize":13026,"url":"https:\/\/360mallorcaproperty.com\/wp-content\/uploads\/2023\/09\/IMG-20230925-WA0094-210x210.jpg"},"partners-logo":{"file":"IMG-20230925-WA0094-600x576.jpg","width":600,"height":576,"mime-type":"image\/jpeg","filesize":83557,"url":"https:\/\/360mallorcaproperty.com\/wp-content\/uploads\/2023\/09\/IMG-20230925-WA0094-600x576.jpg"}},"image_meta":{"aperture":"0","credit":"","camera":"","caption":"","created_timestamp":"0","copyright":"","focal_length":"0","iso":"0","shutter_speed":"0","title":"","orientation":"0","keywords":[]},"ID":"21314","name":"IMG-20230925-WA0094.jpg","path":"\/home\/mallorcaproperty\/public_html\/wp-content\/uploads\/2023\/09\/IMG-20230925-WA0094.jpg","url":"https:\/\/360mallorcaproperty.com\/wp-content\/uploads\/2023\/09\/IMG-20230925-WA0094-150x150.jpg","full_url":"https:\/\/360mallorcaproperty.com\/wp-content\/uploads\/2023\/09\/IMG-20230925-WA0094.jpg","title":"IMG-20230925-WA0094","caption":"","description":"","alt":"","srcset":"https:\/\/360mallorcaproperty.com\/wp-content\/uploads\/2023\/09\/IMG-20230925-WA0094-150x150.jpg 150w, https:\/\/360mallorcaproperty.com\/wp-content\/uploads\/2023\/09\/IMG-20230925-WA0094-210x210.jpg 210w"},{"width":150,"height":150,"file":"2023\/09\/IMG-20230925-WA0095.jpg","filesize":121751,"sizes":{"medium":{"file":"IMG-20230925-WA0095-300x169.jpg","width":300,"height":169,"mime-type":"image\/jpeg","filesize":12923,"url":"https:\/\/360mallorcaproperty.com\/wp-content\/uploads\/2023\/09\/IMG-20230925-WA0095-300x169.jpg"},"thumbnail":{"file":"IMG-20230925-WA0095-150x150.jpg","width":150,"height":150,"mime-type":"image\/jpeg","filesize":6665,"url":"https:\/\/360mallorcaproperty.com\/wp-content\/uploads\/2023\/09\/IMG-20230925-WA0095-150x150.jpg"},"medium_large":{"file":"IMG-20230925-WA0095-768x432.jpg","width":768,"height":432,"mime-type":"image\/jpeg","filesize":58599,"url":"https:\/\/360mallorcaproperty.com\/wp-content\/uploads\/2023\/09\/IMG-20230925-WA0095-768x432.jpg"},"post-thumbnail":{"file":"IMG-20230925-WA0095-150x84.jpg","width":150,"height":84,"mime-type":"image\/jpeg","filesize":4563,"url":"https:\/\/360mallorcaproperty.com\/wp-content\/uploads\/2023\/09\/IMG-20230925-WA0095-150x84.jpg"},"modern-property-child-slider":{"file":"IMG-20230925-WA0095-680x510.jpg","width":680,"height":510,"mime-type":"image\/jpeg","filesize":62371,"url":"https:\/\/360mallorcaproperty.com\/wp-content\/uploads\/2023\/09\/IMG-20230925-WA0095-680x510.jpg"},"property-thumb-image":{"file":"IMG-20230925-WA0095-488x326.jpg","width":488,"height":326,"mime-type":"image\/jpeg","filesize":33032,"url":"https:\/\/360mallorcaproperty.com\/wp-content\/uploads\/2023\/09\/IMG-20230925-WA0095-488x326.jpg"},"property-detail-video-image":{"file":"IMG-20230925-WA0095-818x417.jpg","width":818,"height":417,"mime-type":"image\/jpeg","filesize":59569,"url":"https:\/\/360mallorcaproperty.com\/wp-content\/uploads\/2023\/09\/IMG-20230925-WA0095-818x417.jpg"},"agent-image":{"file":"IMG-20230925-WA0095-210x210.jpg","width":210,"height":210,"mime-type":"image\/jpeg","filesize":11726,"url":"https:\/\/360mallorcaproperty.com\/wp-content\/uploads\/2023\/09\/IMG-20230925-WA0095-210x210.jpg"},"partners-logo":{"file":"IMG-20230925-WA0095-600x576.jpg","width":600,"height":576,"mime-type":"image\/jpeg","filesize":67353,"url":"https:\/\/360mallorcaproperty.com\/wp-content\/uploads\/2023\/09\/IMG-20230925-WA0095-600x576.jpg"}},"image_meta":{"aperture":"0","credit":"","camera":"","caption":"","created_timestamp":"0","copyright":"","focal_length":"0","iso":"0","shutter_speed":"0","title":"","orientation":"0","keywords":[]},"ID":"21317","name":"IMG-20230925-WA0095.jpg","path":"\/home\/mallorcaproperty\/public_html\/wp-content\/uploads\/2023\/09\/IMG-20230925-WA0095.jpg","url":"https:\/\/360mallorcaproperty.com\/wp-content\/uploads\/2023\/09\/IMG-20230925-WA0095-150x150.jpg","full_url":"https:\/\/360mallorcaproperty.com\/wp-content\/uploads\/2023\/09\/IMG-20230925-WA0095.jpg","title":"IMG-20230925-WA0095","caption":"","description":"","alt":"","srcset":"https:\/\/360mallorcaproperty.com\/wp-content\/uploads\/2023\/09\/IMG-20230925-WA0095-150x150.jpg 150w, https:\/\/360mallorcaproperty.com\/wp-content\/uploads\/2023\/09\/IMG-20230925-WA0095-210x210.jpg 210w"},{"width":150,"height":150,"file":"2023\/09\/IMG-20230925-WA0089.jpg","filesize":90628,"sizes":{"medium":{"file":"IMG-20230925-WA0089-169x300.jpg","width":169,"height":300,"mime-type":"image\/jpeg","filesize":8452,"url":"https:\/\/360mallorcaproperty.com\/wp-content\/uploads\/2023\/09\/IMG-20230925-WA0089-169x300.jpg"},"thumbnail":{"file":"IMG-20230925-WA0089-150x150.jpg","width":150,"height":150,"mime-type":"image\/jpeg","filesize":4662,"url":"https:\/\/360mallorcaproperty.com\/wp-content\/uploads\/2023\/09\/IMG-20230925-WA0089-150x150.jpg"},"post-thumbnail":{"file":"IMG-20230925-WA0089-84x150.jpg","width":84,"height":150,"mime-type":"image\/jpeg","filesize":3274,"url":"https:\/\/360mallorcaproperty.com\/wp-content\/uploads\/2023\/09\/IMG-20230925-WA0089-84x150.jpg"},"modern-property-child-slider":{"file":"IMG-20230925-WA0089-576x510.jpg","width":576,"height":510,"mime-type":"image\/jpeg","filesize":43961,"url":"https:\/\/360mallorcaproperty.com\/wp-content\/uploads\/2023\/09\/IMG-20230925-WA0089-576x510.jpg"},"property-thumb-image":{"file":"IMG-20230925-WA0089-488x326.jpg","width":488,"height":326,"mime-type":"image\/jpeg","filesize":24094,"url":"https:\/\/360mallorcaproperty.com\/wp-content\/uploads\/2023\/09\/IMG-20230925-WA0089-488x326.jpg"},"property-detail-video-image":{"file":"IMG-20230925-WA0089-576x417.jpg","width":576,"height":417,"mime-type":"image\/jpeg","filesize":38406,"url":"https:\/\/360mallorcaproperty.com\/wp-content\/uploads\/2023\/09\/IMG-20230925-WA0089-576x417.jpg"},"agent-image":{"file":"IMG-20230925-WA0089-210x210.jpg","width":210,"height":210,"mime-type":"image\/jpeg","filesize":7899,"url":"https:\/\/360mallorcaproperty.com\/wp-content\/uploads\/2023\/09\/IMG-20230925-WA0089-210x210.jpg"},"post-featured-image":{"file":"IMG-20230925-WA0089-576x720.jpg","width":576,"height":720,"mime-type":"image\/jpeg","filesize":54457,"url":"https:\/\/360mallorcaproperty.com\/wp-content\/uploads\/2023\/09\/IMG-20230925-WA0089-576x720.jpg"}},"image_meta":{"aperture":"0","credit":"","camera":"","caption":"","created_timestamp":"0","copyright":"","focal_length":"0","iso":"0","shutter_speed":"0","title":"","orientation":"0","keywords":[]},"ID":"21401","name":"IMG-20230925-WA0089.jpg","path":"\/home\/mallorcaproperty\/public_html\/wp-content\/uploads\/2023\/09\/IMG-20230925-WA0089.jpg","url":"https:\/\/360mallorcaproperty.com\/wp-content\/uploads\/2023\/09\/IMG-20230925-WA0089-150x150.jpg","full_url":"https:\/\/360mallorcaproperty.com\/wp-content\/uploads\/2023\/09\/IMG-20230925-WA0089.jpg","title":"IMG-20230925-WA0089","caption":"","description":"","alt":"","srcset":"https:\/\/360mallorcaproperty.com\/wp-content\/uploads\/2023\/09\/IMG-20230925-WA0089-150x150.jpg 150w, https:\/\/360mallorcaproperty.com\/wp-content\/uploads\/2023\/09\/IMG-20230925-WA0089-210x210.jpg 210w"},{"width":150,"height":150,"file":"2023\/09\/WhatsApp-Image-2023-09-28-at-20.20.34.jpg","filesize":245931,"sizes":{"medium":{"file":"WhatsApp-Image-2023-09-28-at-20.20.34-300x169.jpg","width":300,"height":169,"mime-type":"image\/jpeg","filesize":11823,"url":"https:\/\/360mallorcaproperty.com\/wp-content\/uploads\/2023\/09\/WhatsApp-Image-2023-09-28-at-20.20.34-300x169.jpg"},"large":{"file":"WhatsApp-Image-2023-09-28-at-20.20.34-1024x576.jpg","width":1024,"height":576,"mime-type":"image\/jpeg","filesize":79701,"url":"https:\/\/360mallorcaproperty.com\/wp-content\/uploads\/2023\/09\/WhatsApp-Image-2023-09-28-at-20.20.34-1024x576.jpg"},"thumbnail":{"file":"WhatsApp-Image-2023-09-28-at-20.20.34-150x150.jpg","width":150,"height":150,"mime-type":"image\/jpeg","filesize":6353,"url":"https:\/\/360mallorcaproperty.com\/wp-content\/uploads\/2023\/09\/WhatsApp-Image-2023-09-28-at-20.20.34-150x150.jpg"},"medium_large":{"file":"WhatsApp-Image-2023-09-28-at-20.20.34-768x432.jpg","width":768,"height":432,"mime-type":"image\/jpeg","filesize":51978,"url":"https:\/\/360mallorcaproperty.com\/wp-content\/uploads\/2023\/09\/WhatsApp-Image-2023-09-28-at-20.20.34-768x432.jpg"},"1536x1536":{"file":"WhatsApp-Image-2023-09-28-at-20.20.34-1536x864.jpg","width":1536,"height":864,"mime-type":"image\/jpeg","filesize":146019,"url":"https:\/\/360mallorcaproperty.com\/wp-content\/uploads\/2023\/09\/WhatsApp-Image-2023-09-28-at-20.20.34-1536x864.jpg"},"post-thumbnail":{"file":"WhatsApp-Image-2023-09-28-at-20.20.34-150x84.jpg","width":150,"height":84,"mime-type":"image\/jpeg","filesize":4337,"url":"https:\/\/360mallorcaproperty.com\/wp-content\/uploads\/2023\/09\/WhatsApp-Image-2023-09-28-at-20.20.34-150x84.jpg"},"modern-property-child-slider":{"file":"WhatsApp-Image-2023-09-28-at-20.20.34-680x510.jpg","width":680,"height":510,"mime-type":"image\/jpeg","filesize":53666,"url":"https:\/\/360mallorcaproperty.com\/wp-content\/uploads\/2023\/09\/WhatsApp-Image-2023-09-28-at-20.20.34-680x510.jpg"},"property-thumb-image":{"file":"WhatsApp-Image-2023-09-28-at-20.20.34-488x326.jpg","width":488,"height":326,"mime-type":"image\/jpeg","filesize":28846,"url":"https:\/\/360mallorcaproperty.com\/wp-content\/uploads\/2023\/09\/WhatsApp-Image-2023-09-28-at-20.20.34-488x326.jpg"},"property-detail-video-image":{"file":"WhatsApp-Image-2023-09-28-at-20.20.34-818x417.jpg","width":818,"height":417,"mime-type":"image\/jpeg","filesize":53766,"url":"https:\/\/360mallorcaproperty.com\/wp-content\/uploads\/2023\/09\/WhatsApp-Image-2023-09-28-at-20.20.34-818x417.jpg"},"agent-image":{"file":"WhatsApp-Image-2023-09-28-at-20.20.34-210x210.jpg","width":210,"height":210,"mime-type":"image\/jpeg","filesize":10803,"url":"https:\/\/360mallorcaproperty.com\/wp-content\/uploads\/2023\/09\/WhatsApp-Image-2023-09-28-at-20.20.34-210x210.jpg"},"partners-logo":{"file":"WhatsApp-Image-2023-09-28-at-20.20.34-600x900.jpg","width":600,"height":900,"mime-type":"image\/jpeg","filesize":74567,"url":"https:\/\/360mallorcaproperty.com\/wp-content\/uploads\/2023\/09\/WhatsApp-Image-2023-09-28-at-20.20.34-600x900.jpg"},"post-featured-image":{"file":"WhatsApp-Image-2023-09-28-at-20.20.34-1240x720.jpg","width":1240,"height":720,"mime-type":"image\/jpeg","filesize":111070,"url":"https:\/\/360mallorcaproperty.com\/wp-content\/uploads\/2023\/09\/WhatsApp-Image-2023-09-28-at-20.20.34-1240x720.jpg"}},"image_meta":{"aperture":"0","credit":"","camera":"","caption":"","created_timestamp":"0","copyright":"","focal_length":"0","iso":"0","shutter_speed":"0","title":"","orientation":"0","keywords":[]},"ID":"21353","name":"WhatsApp-Image-2023-09-28-at-20.20.34.jpg","path":"\/home\/mallorcaproperty\/public_html\/wp-content\/uploads\/2023\/09\/WhatsApp-Image-2023-09-28-at-20.20.34.jpg","url":"https:\/\/360mallorcaproperty.com\/wp-content\/uploads\/2023\/09\/WhatsApp-Image-2023-09-28-at-20.20.34-150x150.jpg","full_url":"https:\/\/360mallorcaproperty.com\/wp-content\/uploads\/2023\/09\/WhatsApp-Image-2023-09-28-at-20.20.34.jpg","title":"WhatsApp Image 2023-09-28 at 20.20.34","caption":"","description":"","alt":"","srcset":"https:\/\/360mallorcaproperty.com\/wp-content\/uploads\/2023\/09\/WhatsApp-Image-2023-09-28-at-20.20.34-150x150.jpg 150w, https:\/\/360mallorcaproperty.com\/wp-content\/uploads\/2023\/09\/WhatsApp-Image-2023-09-28-at-20.20.34-210x210.jpg 210w"},{"width":150,"height":150,"file":"2023\/09\/IMG-20230925-WA0073.jpg","filesize":78236,"sizes":{"medium":{"file":"IMG-20230925-WA0073-169x300.jpg","width":169,"height":300,"mime-type":"image\/jpeg","filesize":9203,"url":"https:\/\/360mallorcaproperty.com\/wp-content\/uploads\/2023\/09\/IMG-20230925-WA0073-169x300.jpg"},"thumbnail":{"file":"IMG-20230925-WA0073-150x150.jpg","width":150,"height":150,"mime-type":"image\/jpeg","filesize":5492,"url":"https:\/\/360mallorcaproperty.com\/wp-content\/uploads\/2023\/09\/IMG-20230925-WA0073-150x150.jpg"},"post-thumbnail":{"file":"IMG-20230925-WA0073-84x150.jpg","width":84,"height":150,"mime-type":"image\/jpeg","filesize":3501,"url":"https:\/\/360mallorcaproperty.com\/wp-content\/uploads\/2023\/09\/IMG-20230925-WA0073-84x150.jpg"},"modern-property-child-slider":{"file":"IMG-20230925-WA0073-576x510.jpg","width":576,"height":510,"mime-type":"image\/jpeg","filesize":40649,"url":"https:\/\/360mallorcaproperty.com\/wp-content\/uploads\/2023\/09\/IMG-20230925-WA0073-576x510.jpg"},"property-thumb-image":{"file":"IMG-20230925-WA0073-488x326.jpg","width":488,"height":326,"mime-type":"image\/jpeg","filesize":22816,"url":"https:\/\/360mallorcaproperty.com\/wp-content\/uploads\/2023\/09\/IMG-20230925-WA0073-488x326.jpg"},"property-detail-video-image":{"file":"IMG-20230925-WA0073-576x417.jpg","width":576,"height":417,"mime-type":"image\/jpeg","filesize":33299,"url":"https:\/\/360mallorcaproperty.com\/wp-content\/uploads\/2023\/09\/IMG-20230925-WA0073-576x417.jpg"},"agent-image":{"file":"IMG-20230925-WA0073-210x210.jpg","width":210,"height":210,"mime-type":"image\/jpeg","filesize":9161,"url":"https:\/\/360mallorcaproperty.com\/wp-content\/uploads\/2023\/09\/IMG-20230925-WA0073-210x210.jpg"},"post-featured-image":{"file":"IMG-20230925-WA0073-576x720.jpg","width":576,"height":720,"mime-type":"image\/jpeg","filesize":50416,"url":"https:\/\/360mallorcaproperty.com\/wp-content\/uploads\/2023\/09\/IMG-20230925-WA0073-576x720.jpg"}},"image_meta":{"aperture":"0","credit":"","camera":"","caption":"","created_timestamp":"0","copyright":"","focal_length":"0","iso":"0","shutter_speed":"0","title":"","orientation":"0","keywords":[]},"ID":"21386","name":"IMG-20230925-WA0073.jpg","path":"\/home\/mallorcaproperty\/public_html\/wp-content\/uploads\/2023\/09\/IMG-20230925-WA0073.jpg","url":"https:\/\/360mallorcaproperty.com\/wp-content\/uploads\/2023\/09\/IMG-20230925-WA0073-150x150.jpg","full_url":"https:\/\/360mallorcaproperty.com\/wp-content\/uploads\/2023\/09\/IMG-20230925-WA0073.jpg","title":"IMG-20230925-WA0073","caption":"","description":"","alt":"","srcset":"https:\/\/360mallorcaproperty.com\/wp-content\/uploads\/2023\/09\/IMG-20230925-WA0073-150x150.jpg 150w, https:\/\/360mallorcaproperty.com\/wp-content\/uploads\/2023\/09\/IMG-20230925-WA0073-210x210.jpg 210w"},{"width":150,"height":150,"file":"2023\/09\/IMG-20230925-WA0116.jpg","filesize":119426,"sizes":{"medium":{"file":"IMG-20230925-WA0116-300x169.jpg","width":300,"height":169,"mime-type":"image\/jpeg","filesize":12231,"url":"https:\/\/360mallorcaproperty.com\/wp-content\/uploads\/2023\/09\/IMG-20230925-WA0116-300x169.jpg"},"thumbnail":{"file":"IMG-20230925-WA0116-150x150.jpg","width":150,"height":150,"mime-type":"image\/jpeg","filesize":6143,"url":"https:\/\/360mallorcaproperty.com\/wp-content\/uploads\/2023\/09\/IMG-20230925-WA0116-150x150.jpg"},"medium_large":{"file":"IMG-20230925-WA0116-768x432.jpg","width":768,"height":432,"mime-type":"image\/jpeg","filesize":56339,"url":"https:\/\/360mallorcaproperty.com\/wp-content\/uploads\/2023\/09\/IMG-20230925-WA0116-768x432.jpg"},"post-thumbnail":{"file":"IMG-20230925-WA0116-150x84.jpg","width":150,"height":84,"mime-type":"image\/jpeg","filesize":4301,"url":"https:\/\/360mallorcaproperty.com\/wp-content\/uploads\/2023\/09\/IMG-20230925-WA0116-150x84.jpg"},"modern-property-child-slider":{"file":"IMG-20230925-WA0116-680x510.jpg","width":680,"height":510,"mime-type":"image\/jpeg","filesize":58644,"url":"https:\/\/360mallorcaproperty.com\/wp-content\/uploads\/2023\/09\/IMG-20230925-WA0116-680x510.jpg"},"property-thumb-image":{"file":"IMG-20230925-WA0116-488x326.jpg","width":488,"height":326,"mime-type":"image\/jpeg","filesize":31253,"url":"https:\/\/360mallorcaproperty.com\/wp-content\/uploads\/2023\/09\/IMG-20230925-WA0116-488x326.jpg"},"property-detail-video-image":{"file":"IMG-20230925-WA0116-818x417.jpg","width":818,"height":417,"mime-type":"image\/jpeg","filesize":58737,"url":"https:\/\/360mallorcaproperty.com\/wp-content\/uploads\/2023\/09\/IMG-20230925-WA0116-818x417.jpg"},"agent-image":{"file":"IMG-20230925-WA0116-210x210.jpg","width":210,"height":210,"mime-type":"image\/jpeg","filesize":10358,"url":"https:\/\/360mallorcaproperty.com\/wp-content\/uploads\/2023\/09\/IMG-20230925-WA0116-210x210.jpg"},"partners-logo":{"file":"IMG-20230925-WA0116-600x576.jpg","width":600,"height":576,"mime-type":"image\/jpeg","filesize":59821,"url":"https:\/\/360mallorcaproperty.com\/wp-content\/uploads\/2023\/09\/IMG-20230925-WA0116-600x576.jpg"}},"image_meta":{"aperture":"0","credit":"","camera":"","caption":"","created_timestamp":"0","copyright":"","focal_length":"0","iso":"0","shutter_speed":"0","title":"","orientation":"0","keywords":[]},"ID":"21338","name":"IMG-20230925-WA0116.jpg","path":"\/home\/mallorcaproperty\/public_html\/wp-content\/uploads\/2023\/09\/IMG-20230925-WA0116.jpg","url":"https:\/\/360mallorcaproperty.com\/wp-content\/uploads\/2023\/09\/IMG-20230925-WA0116-150x150.jpg","full_url":"https:\/\/360mallorcaproperty.com\/wp-content\/uploads\/2023\/09\/IMG-20230925-WA0116.jpg","title":"IMG-20230925-WA0116","caption":"","description":"","alt":"","srcset":"https:\/\/360mallorcaproperty.com\/wp-content\/uploads\/2023\/09\/IMG-20230925-WA0116-150x150.jpg 150w, https:\/\/360mallorcaproperty.com\/wp-content\/uploads\/2023\/09\/IMG-20230925-WA0116-210x210.jpg 210w"},{"width":150,"height":150,"file":"2023\/09\/IMG-20230925-WA0115.jpg","filesize":95770,"sizes":{"medium":{"file":"IMG-20230925-WA0115-300x169.jpg","width":300,"height":169,"mime-type":"image\/jpeg","filesize":10424,"url":"https:\/\/360mallorcaproperty.com\/wp-content\/uploads\/2023\/09\/IMG-20230925-WA0115-300x169.jpg"},"thumbnail":{"file":"IMG-20230925-WA0115-150x150.jpg","width":150,"height":150,"mime-type":"image\/jpeg","filesize":4911,"url":"https:\/\/360mallorcaproperty.com\/wp-content\/uploads\/2023\/09\/IMG-20230925-WA0115-150x150.jpg"},"medium_large":{"file":"IMG-20230925-WA0115-768x432.jpg","width":768,"height":432,"mime-type":"image\/jpeg","filesize":46477,"url":"https:\/\/360mallorcaproperty.com\/wp-content\/uploads\/2023\/09\/IMG-20230925-WA0115-768x432.jpg"},"post-thumbnail":{"file":"IMG-20230925-WA0115-150x84.jpg","width":150,"height":84,"mime-type":"image\/jpeg","filesize":3847,"url":"https:\/\/360mallorcaproperty.com\/wp-content\/uploads\/2023\/09\/IMG-20230925-WA0115-150x84.jpg"},"modern-property-child-slider":{"file":"IMG-20230925-WA0115-680x510.jpg","width":680,"height":510,"mime-type":"image\/jpeg","filesize":44752,"url":"https:\/\/360mallorcaproperty.com\/wp-content\/uploads\/2023\/09\/IMG-20230925-WA0115-680x510.jpg"},"property-thumb-image":{"file":"IMG-20230925-WA0115-488x326.jpg","width":488,"height":326,"mime-type":"image\/jpeg","filesize":24325,"url":"https:\/\/360mallorcaproperty.com\/wp-content\/uploads\/2023\/09\/IMG-20230925-WA0115-488x326.jpg"},"property-detail-video-image":{"file":"IMG-20230925-WA0115-818x417.jpg","width":818,"height":417,"mime-type":"image\/jpeg","filesize":48017,"url":"https:\/\/360mallorcaproperty.com\/wp-content\/uploads\/2023\/09\/IMG-20230925-WA0115-818x417.jpg"},"agent-image":{"file":"IMG-20230925-WA0115-210x210.jpg","width":210,"height":210,"mime-type":"image\/jpeg","filesize":8440,"url":"https:\/\/360mallorcaproperty.com\/wp-content\/uploads\/2023\/09\/IMG-20230925-WA0115-210x210.jpg"},"partners-logo":{"file":"IMG-20230925-WA0115-600x576.jpg","width":600,"height":576,"mime-type":"image\/jpeg","filesize":50532,"url":"https:\/\/360mallorcaproperty.com\/wp-content\/uploads\/2023\/09\/IMG-20230925-WA0115-600x576.jpg"}},"image_meta":{"aperture":"0","credit":"","camera":"","caption":"","created_timestamp":"0","copyright":"","focal_length":"0","iso":"0","shutter_speed":"0","title":"","orientation":"0","keywords":[]},"ID":"21335","name":"IMG-20230925-WA0115.jpg","path":"\/home\/mallorcaproperty\/public_html\/wp-content\/uploads\/2023\/09\/IMG-20230925-WA0115.jpg","url":"https:\/\/360mallorcaproperty.com\/wp-content\/uploads\/2023\/09\/IMG-20230925-WA0115-150x150.jpg","full_url":"https:\/\/360mallorcaproperty.com\/wp-content\/uploads\/2023\/09\/IMG-20230925-WA0115.jpg","title":"IMG-20230925-WA0115","caption":"","description":"","alt":"","srcset":"https:\/\/360mallorcaproperty.com\/wp-content\/uploads\/2023\/09\/IMG-20230925-WA0115-150x150.jpg 150w, https:\/\/360mallorcaproperty.com\/wp-content\/uploads\/2023\/09\/IMG-20230925-WA0115-210x210.jpg 210w"},{"width":150,"height":150,"file":"2023\/09\/IMG-20230925-WA0112.jpg","filesize":100046,"sizes":{"medium":{"file":"IMG-20230925-WA0112-300x169.jpg","width":300,"height":169,"mime-type":"image\/jpeg","filesize":10621,"url":"https:\/\/360mallorcaproperty.com\/wp-content\/uploads\/2023\/09\/IMG-20230925-WA0112-300x169.jpg"},"thumbnail":{"file":"IMG-20230925-WA0112-150x150.jpg","width":150,"height":150,"mime-type":"image\/jpeg","filesize":5094,"url":"https:\/\/360mallorcaproperty.com\/wp-content\/uploads\/2023\/09\/IMG-20230925-WA0112-150x150.jpg"},"medium_large":{"file":"IMG-20230925-WA0112-768x432.jpg","width":768,"height":432,"mime-type":"image\/jpeg","filesize":48600,"url":"https:\/\/360mallorcaproperty.com\/wp-content\/uploads\/2023\/09\/IMG-20230925-WA0112-768x432.jpg"},"post-thumbnail":{"file":"IMG-20230925-WA0112-150x84.jpg","width":150,"height":84,"mime-type":"image\/jpeg","filesize":3913,"url":"https:\/\/360mallorcaproperty.com\/wp-content\/uploads\/2023\/09\/IMG-20230925-WA0112-150x84.jpg"},"modern-property-child-slider":{"file":"IMG-20230925-WA0112-680x510.jpg","width":680,"height":510,"mime-type":"image\/jpeg","filesize":46747,"url":"https:\/\/360mallorcaproperty.com\/wp-content\/uploads\/2023\/09\/IMG-20230925-WA0112-680x510.jpg"},"property-thumb-image":{"file":"IMG-20230925-WA0112-488x326.jpg","width":488,"height":326,"mime-type":"image\/jpeg","filesize":25690,"url":"https:\/\/360mallorcaproperty.com\/wp-content\/uploads\/2023\/09\/IMG-20230925-WA0112-488x326.jpg"},"property-detail-video-image":{"file":"IMG-20230925-WA0112-818x417.jpg","width":818,"height":417,"mime-type":"image\/jpeg","filesize":49079,"url":"https:\/\/360mallorcaproperty.com\/wp-content\/uploads\/2023\/09\/IMG-20230925-WA0112-818x417.jpg"},"agent-image":{"file":"IMG-20230925-WA0112-210x210.jpg","width":210,"height":210,"mime-type":"image\/jpeg","filesize":8661,"url":"https:\/\/360mallorcaproperty.com\/wp-content\/uploads\/2023\/09\/IMG-20230925-WA0112-210x210.jpg"},"partners-logo":{"file":"IMG-20230925-WA0112-600x576.jpg","width":600,"height":576,"mime-type":"image\/jpeg","filesize":48599,"url":"https:\/\/360mallorcaproperty.com\/wp-content\/uploads\/2023\/09\/IMG-20230925-WA0112-600x576.jpg"}},"image_meta":{"aperture":"0","credit":"","camera":"","caption":"","created_timestamp":"0","copyright":"","focal_length":"0","iso":"0","shutter_speed":"0","title":"","orientation":"0","keywords":[]},"ID":"21329","name":"IMG-20230925-WA0112.jpg","path":"\/home\/mallorcaproperty\/public_html\/wp-content\/uploads\/2023\/09\/IMG-20230925-WA0112.jpg","url":"https:\/\/360mallorcaproperty.com\/wp-content\/uploads\/2023\/09\/IMG-20230925-WA0112-150x150.jpg","full_url":"https:\/\/360mallorcaproperty.com\/wp-content\/uploads\/2023\/09\/IMG-20230925-WA0112.jpg","title":"IMG-20230925-WA0112","caption":"","description":"","alt":"","srcset":"https:\/\/360mallorcaproperty.com\/wp-content\/uploads\/2023\/09\/IMG-20230925-WA0112-150x150.jpg 150w, https:\/\/360mallorcaproperty.com\/wp-content\/uploads\/2023\/09\/IMG-20230925-WA0112-210x210.jpg 210w"},{"width":150,"height":150,"file":"2023\/09\/IMG-20230925-WA0113.jpg","filesize":88352,"sizes":{"medium":{"file":"IMG-20230925-WA0113-169x300.jpg","width":169,"height":300,"mime-type":"image\/jpeg","filesize":9236,"url":"https:\/\/360mallorcaproperty.com\/wp-content\/uploads\/2023\/09\/IMG-20230925-WA0113-169x300.jpg"},"thumbnail":{"file":"IMG-20230925-WA0113-150x150.jpg","width":150,"height":150,"mime-type":"image\/jpeg","filesize":5289,"url":"https:\/\/360mallorcaproperty.com\/wp-content\/uploads\/2023\/09\/IMG-20230925-WA0113-150x150.jpg"},"post-thumbnail":{"file":"IMG-20230925-WA0113-84x150.jpg","width":84,"height":150,"mime-type":"image\/jpeg","filesize":3385,"url":"https:\/\/360mallorcaproperty.com\/wp-content\/uploads\/2023\/09\/IMG-20230925-WA0113-84x150.jpg"},"modern-property-child-slider":{"file":"IMG-20230925-WA0113-576x510.jpg","width":576,"height":510,"mime-type":"image\/jpeg","filesize":42086,"url":"https:\/\/360mallorcaproperty.com\/wp-content\/uploads\/2023\/09\/IMG-20230925-WA0113-576x510.jpg"},"property-thumb-image":{"file":"IMG-20230925-WA0113-488x326.jpg","width":488,"height":326,"mime-type":"image\/jpeg","filesize":23753,"url":"https:\/\/360mallorcaproperty.com\/wp-content\/uploads\/2023\/09\/IMG-20230925-WA0113-488x326.jpg"},"property-detail-video-image":{"file":"IMG-20230925-WA0113-576x417.jpg","width":576,"height":417,"mime-type":"image\/jpeg","filesize":35505,"url":"https:\/\/360mallorcaproperty.com\/wp-content\/uploads\/2023\/09\/IMG-20230925-WA0113-576x417.jpg"},"agent-image":{"file":"IMG-20230925-WA0113-210x210.jpg","width":210,"height":210,"mime-type":"image\/jpeg","filesize":8900,"url":"https:\/\/360mallorcaproperty.com\/wp-content\/uploads\/2023\/09\/IMG-20230925-WA0113-210x210.jpg"},"post-featured-image":{"file":"IMG-20230925-WA0113-576x720.jpg","width":576,"height":720,"mime-type":"image\/jpeg","filesize":53191,"url":"https:\/\/360mallorcaproperty.com\/wp-content\/uploads\/2023\/09\/IMG-20230925-WA0113-576x720.jpg"}},"image_meta":{"aperture":"0","credit":"","camera":"","caption":"","created_timestamp":"0","copyright":"","focal_length":"0","iso":"0","shutter_speed":"0","title":"","orientation":"0","keywords":[]},"ID":"21332","name":"IMG-20230925-WA0113.jpg","path":"\/home\/mallorcaproperty\/public_html\/wp-content\/uploads\/2023\/09\/IMG-20230925-WA0113.jpg","url":"https:\/\/360mallorcaproperty.com\/wp-content\/uploads\/2023\/09\/IMG-20230925-WA0113-150x150.jpg","full_url":"https:\/\/360mallorcaproperty.com\/wp-content\/uploads\/2023\/09\/IMG-20230925-WA0113.jpg","title":"IMG-20230925-WA0113","caption":"","description":"","alt":"","srcset":"https:\/\/360mallorcaproperty.com\/wp-content\/uploads\/2023\/09\/IMG-20230925-WA0113-150x150.jpg 150w, https:\/\/360mallorcaproperty.com\/wp-content\/uploads\/2023\/09\/IMG-20230925-WA0113-210x210.jpg 210w"},{"width":150,"height":150,"file":"2023\/09\/IMG-20230925-WA0108.jpg","filesize":140682,"sizes":{"medium":{"file":"IMG-20230925-WA0108-300x169.jpg","width":300,"height":169,"mime-type":"image\/jpeg","filesize":15391,"url":"https:\/\/360mallorcaproperty.com\/wp-content\/uploads\/2023\/09\/IMG-20230925-WA0108-300x169.jpg"},"thumbnail":{"file":"IMG-20230925-WA0108-150x150.jpg","width":150,"height":150,"mime-type":"image\/jpeg","filesize":7837,"url":"https:\/\/360mallorcaproperty.com\/wp-content\/uploads\/2023\/09\/IMG-20230925-WA0108-150x150.jpg"},"medium_large":{"file":"IMG-20230925-WA0108-768x432.jpg","width":768,"height":432,"mime-type":"image\/jpeg","filesize":68799,"url":"https:\/\/360mallorcaproperty.com\/wp-content\/uploads\/2023\/09\/IMG-20230925-WA0108-768x432.jpg"},"post-thumbnail":{"file":"IMG-20230925-WA0108-150x84.jpg","width":150,"height":84,"mime-type":"image\/jpeg","filesize":5337,"url":"https:\/\/360mallorcaproperty.com\/wp-content\/uploads\/2023\/09\/IMG-20230925-WA0108-150x84.jpg"},"modern-property-child-slider":{"file":"IMG-20230925-WA0108-680x510.jpg","width":680,"height":510,"mime-type":"image\/jpeg","filesize":69456,"url":"https:\/\/360mallorcaproperty.com\/wp-content\/uploads\/2023\/09\/IMG-20230925-WA0108-680x510.jpg"},"property-thumb-image":{"file":"IMG-20230925-WA0108-488x326.jpg","width":488,"height":326,"mime-type":"image\/jpeg","filesize":38275,"url":"https:\/\/360mallorcaproperty.com\/wp-content\/uploads\/2023\/09\/IMG-20230925-WA0108-488x326.jpg"},"property-detail-video-image":{"file":"IMG-20230925-WA0108-818x417.jpg","width":818,"height":417,"mime-type":"image\/jpeg","filesize":69276,"url":"https:\/\/360mallorcaproperty.com\/wp-content\/uploads\/2023\/09\/IMG-20230925-WA0108-818x417.jpg"},"agent-image":{"file":"IMG-20230925-WA0108-210x210.jpg","width":210,"height":210,"mime-type":"image\/jpeg","filesize":13452,"url":"https:\/\/360mallorcaproperty.com\/wp-content\/uploads\/2023\/09\/IMG-20230925-WA0108-210x210.jpg"},"partners-logo":{"file":"IMG-20230925-WA0108-600x576.jpg","width":600,"height":576,"mime-type":"image\/jpeg","filesize":73182,"url":"https:\/\/360mallorcaproperty.com\/wp-content\/uploads\/2023\/09\/IMG-20230925-WA0108-600x576.jpg"}},"image_meta":{"aperture":"0","credit":"","camera":"","caption":"","created_timestamp":"0","copyright":"","focal_length":"0","iso":"0","shutter_speed":"0","title":"","orientation":"0","keywords":[]},"ID":"21323","name":"IMG-20230925-WA0108.jpg","path":"\/home\/mallorcaproperty\/public_html\/wp-content\/uploads\/2023\/09\/IMG-20230925-WA0108.jpg","url":"https:\/\/360mallorcaproperty.com\/wp-content\/uploads\/2023\/09\/IMG-20230925-WA0108-150x150.jpg","full_url":"https:\/\/360mallorcaproperty.com\/wp-content\/uploads\/2023\/09\/IMG-20230925-WA0108.jpg","title":"IMG-20230925-WA0108","caption":"","description":"","alt":"","srcset":"https:\/\/360mallorcaproperty.com\/wp-content\/uploads\/2023\/09\/IMG-20230925-WA0108-150x150.jpg 150w, https:\/\/360mallorcaproperty.com\/wp-content\/uploads\/2023\/09\/IMG-20230925-WA0108-210x210.jpg 210w"},{"width":150,"height":150,"file":"2023\/09\/IMG-20230925-WA0106.jpg","filesize":148368,"sizes":{"medium":{"file":"IMG-20230925-WA0106-300x169.jpg","width":300,"height":169,"mime-type":"image\/jpeg","filesize":15051,"url":"https:\/\/360mallorcaproperty.com\/wp-content\/uploads\/2023\/09\/IMG-20230925-WA0106-300x169.jpg"},"thumbnail":{"file":"IMG-20230925-WA0106-150x150.jpg","width":150,"height":150,"mime-type":"image\/jpeg","filesize":7848,"url":"https:\/\/360mallorcaproperty.com\/wp-content\/uploads\/2023\/09\/IMG-20230925-WA0106-150x150.jpg"},"medium_large":{"file":"IMG-20230925-WA0106-768x432.jpg","width":768,"height":432,"mime-type":"image\/jpeg","filesize":70511,"url":"https:\/\/360mallorcaproperty.com\/wp-content\/uploads\/2023\/09\/IMG-20230925-WA0106-768x432.jpg"},"post-thumbnail":{"file":"IMG-20230925-WA0106-150x84.jpg","width":150,"height":84,"mime-type":"image\/jpeg","filesize":5266,"url":"https:\/\/360mallorcaproperty.com\/wp-content\/uploads\/2023\/09\/IMG-20230925-WA0106-150x84.jpg"},"modern-property-child-slider":{"file":"IMG-20230925-WA0106-680x510.jpg","width":680,"height":510,"mime-type":"image\/jpeg","filesize":66711,"url":"https:\/\/360mallorcaproperty.com\/wp-content\/uploads\/2023\/09\/IMG-20230925-WA0106-680x510.jpg"},"property-thumb-image":{"file":"IMG-20230925-WA0106-488x326.jpg","width":488,"height":326,"mime-type":"image\/jpeg","filesize":36641,"url":"https:\/\/360mallorcaproperty.com\/wp-content\/uploads\/2023\/09\/IMG-20230925-WA0106-488x326.jpg"},"property-detail-video-image":{"file":"IMG-20230925-WA0106-818x417.jpg","width":818,"height":417,"mime-type":"image\/jpeg","filesize":73163,"url":"https:\/\/360mallorcaproperty.com\/wp-content\/uploads\/2023\/09\/IMG-20230925-WA0106-818x417.jpg"},"agent-image":{"file":"IMG-20230925-WA0106-210x210.jpg","width":210,"height":210,"mime-type":"image\/jpeg","filesize":13432,"url":"https:\/\/360mallorcaproperty.com\/wp-content\/uploads\/2023\/09\/IMG-20230925-WA0106-210x210.jpg"},"partners-logo":{"file":"IMG-20230925-WA0106-600x576.jpg","width":600,"height":576,"mime-type":"image\/jpeg","filesize":76434,"url":"https:\/\/360mallorcaproperty.com\/wp-content\/uploads\/2023\/09\/IMG-20230925-WA0106-600x576.jpg"}},"image_meta":{"aperture":"0","credit":"","camera":"","caption":"","created_timestamp":"0","copyright":"","focal_length":"0","iso":"0","shutter_speed":"0","title":"","orientation":"0","keywords":[]},"ID":"21320","name":"IMG-20230925-WA0106.jpg","path":"\/home\/mallorcaproperty\/public_html\/wp-content\/uploads\/2023\/09\/IMG-20230925-WA0106.jpg","url":"https:\/\/360mallorcaproperty.com\/wp-content\/uploads\/2023\/09\/IMG-20230925-WA0106-150x150.jpg","full_url":"https:\/\/360mallorcaproperty.com\/wp-content\/uploads\/2023\/09\/IMG-20230925-WA0106.jpg","title":"IMG-20230925-WA0106","caption":"","description":"","alt":"","srcset":"https:\/\/360mallorcaproperty.com\/wp-content\/uploads\/2023\/09\/IMG-20230925-WA0106-150x150.jpg 150w, https:\/\/360mallorcaproperty.com\/wp-content\/uploads\/2023\/09\/IMG-20230925-WA0106-210x210.jpg 210w"},{"width":150,"height":150,"file":"2023\/09\/IMG-20230925-WA0109.jpg","filesize":149765,"sizes":{"medium":{"file":"IMG-20230925-WA0109-300x169.jpg","width":300,"height":169,"mime-type":"image\/jpeg","filesize":16297,"url":"https:\/\/360mallorcaproperty.com\/wp-content\/uploads\/2023\/09\/IMG-20230925-WA0109-300x169.jpg"},"thumbnail":{"file":"IMG-20230925-WA0109-150x150.jpg","width":150,"height":150,"mime-type":"image\/jpeg","filesize":7976,"url":"https:\/\/360mallorcaproperty.com\/wp-content\/uploads\/2023\/09\/IMG-20230925-WA0109-150x150.jpg"},"medium_large":{"file":"IMG-20230925-WA0109-768x432.jpg","width":768,"height":432,"mime-type":"image\/jpeg","filesize":72169,"url":"https:\/\/360mallorcaproperty.com\/wp-content\/uploads\/2023\/09\/IMG-20230925-WA0109-768x432.jpg"},"post-thumbnail":{"file":"IMG-20230925-WA0109-150x84.jpg","width":150,"height":84,"mime-type":"image\/jpeg","filesize":5660,"url":"https:\/\/360mallorcaproperty.com\/wp-content\/uploads\/2023\/09\/IMG-20230925-WA0109-150x84.jpg"},"modern-property-child-slider":{"file":"IMG-20230925-WA0109-680x510.jpg","width":680,"height":510,"mime-type":"image\/jpeg","filesize":71601,"url":"https:\/\/360mallorcaproperty.com\/wp-content\/uploads\/2023\/09\/IMG-20230925-WA0109-680x510.jpg"},"property-thumb-image":{"file":"IMG-20230925-WA0109-488x326.jpg","width":488,"height":326,"mime-type":"image\/jpeg","filesize":39678,"url":"https:\/\/360mallorcaproperty.com\/wp-content\/uploads\/2023\/09\/IMG-20230925-WA0109-488x326.jpg"},"property-detail-video-image":{"file":"IMG-20230925-WA0109-818x417.jpg","width":818,"height":417,"mime-type":"image\/jpeg","filesize":73122,"url":"https:\/\/360mallorcaproperty.com\/wp-content\/uploads\/2023\/09\/IMG-20230925-WA0109-818x417.jpg"},"agent-image":{"file":"IMG-20230925-WA0109-210x210.jpg","width":210,"height":210,"mime-type":"image\/jpeg","filesize":13649,"url":"https:\/\/360mallorcaproperty.com\/wp-content\/uploads\/2023\/09\/IMG-20230925-WA0109-210x210.jpg"},"partners-logo":{"file":"IMG-20230925-WA0109-600x576.jpg","width":600,"height":576,"mime-type":"image\/jpeg","filesize":76032,"url":"https:\/\/360mallorcaproperty.com\/wp-content\/uploads\/2023\/09\/IMG-20230925-WA0109-600x576.jpg"}},"image_meta":{"aperture":"0","credit":"","camera":"","caption":"","created_timestamp":"0","copyright":"","focal_length":"0","iso":"0","shutter_speed":"0","title":"","orientation":"0","keywords":[]},"ID":"21326","name":"IMG-20230925-WA0109.jpg","path":"\/home\/mallorcaproperty\/public_html\/wp-content\/uploads\/2023\/09\/IMG-20230925-WA0109.jpg","url":"https:\/\/360mallorcaproperty.com\/wp-content\/uploads\/2023\/09\/IMG-20230925-WA0109-150x150.jpg","full_url":"https:\/\/360mallorcaproperty.com\/wp-content\/uploads\/2023\/09\/IMG-20230925-WA0109.jpg","title":"IMG-20230925-WA0109","caption":"","description":"","alt":"","srcset":"https:\/\/360mallorcaproperty.com\/wp-content\/uploads\/2023\/09\/IMG-20230925-WA0109-150x150.jpg 150w, https:\/\/360mallorcaproperty.com\/wp-content\/uploads\/2023\/09\/IMG-20230925-WA0109-210x210.jpg 210w"},{"width":150,"height":150,"file":"2023\/09\/IMG-20230925-WA0123.jpg","filesize":263321,"sizes":{"medium":{"file":"IMG-20230925-WA0123-300x169.jpg","width":300,"height":169,"mime-type":"image\/jpeg","filesize":21824,"url":"https:\/\/360mallorcaproperty.com\/wp-content\/uploads\/2023\/09\/IMG-20230925-WA0123-300x169.jpg"},"thumbnail":{"file":"IMG-20230925-WA0123-150x150.jpg","width":150,"height":150,"mime-type":"image\/jpeg","filesize":9881,"url":"https:\/\/360mallorcaproperty.com\/wp-content\/uploads\/2023\/09\/IMG-20230925-WA0123-150x150.jpg"},"medium_large":{"file":"IMG-20230925-WA0123-768x432.jpg","width":768,"height":432,"mime-type":"image\/jpeg","filesize":117823,"url":"https:\/\/360mallorcaproperty.com\/wp-content\/uploads\/2023\/09\/IMG-20230925-WA0123-768x432.jpg"},"post-thumbnail":{"file":"IMG-20230925-WA0123-150x84.jpg","width":150,"height":84,"mime-type":"image\/jpeg","filesize":6683,"url":"https:\/\/360mallorcaproperty.com\/wp-content\/uploads\/2023\/09\/IMG-20230925-WA0123-150x84.jpg"},"modern-property-child-slider":{"file":"IMG-20230925-WA0123-680x510.jpg","width":680,"height":510,"mime-type":"image\/jpeg","filesize":111988,"url":"https:\/\/360mallorcaproperty.com\/wp-content\/uploads\/2023\/09\/IMG-20230925-WA0123-680x510.jpg"},"property-thumb-image":{"file":"IMG-20230925-WA0123-488x326.jpg","width":488,"height":326,"mime-type":"image\/jpeg","filesize":59181,"url":"https:\/\/360mallorcaproperty.com\/wp-content\/uploads\/2023\/09\/IMG-20230925-WA0123-488x326.jpg"},"property-detail-video-image":{"file":"IMG-20230925-WA0123-818x417.jpg","width":818,"height":417,"mime-type":"image\/jpeg","filesize":119155,"url":"https:\/\/360mallorcaproperty.com\/wp-content\/uploads\/2023\/09\/IMG-20230925-WA0123-818x417.jpg"},"agent-image":{"file":"IMG-20230925-WA0123-210x210.jpg","width":210,"height":210,"mime-type":"image\/jpeg","filesize":17768,"url":"https:\/\/360mallorcaproperty.com\/wp-content\/uploads\/2023\/09\/IMG-20230925-WA0123-210x210.jpg"},"partners-logo":{"file":"IMG-20230925-WA0123-600x576.jpg","width":600,"height":576,"mime-type":"image\/jpeg","filesize":118873,"url":"https:\/\/360mallorcaproperty.com\/wp-content\/uploads\/2023\/09\/IMG-20230925-WA0123-600x576.jpg"}},"image_meta":{"aperture":"0","credit":"","camera":"","caption":"","created_timestamp":"0","copyright":"","focal_length":"0","iso":"0","shutter_speed":"0","title":"","orientation":"0","keywords":[]},"ID":"21350","name":"IMG-20230925-WA0123.jpg","path":"\/home\/mallorcaproperty\/public_html\/wp-content\/uploads\/2023\/09\/IMG-20230925-WA0123.jpg","url":"https:\/\/360mallorcaproperty.com\/wp-content\/uploads\/2023\/09\/IMG-20230925-WA0123-150x150.jpg","full_url":"https:\/\/360mallorcaproperty.com\/wp-content\/uploads\/2023\/09\/IMG-20230925-WA0123.jpg","title":"IMG-20230925-WA0123","caption":"","description":"","alt":"","srcset":"https:\/\/360mallorcaproperty.com\/wp-content\/uploads\/2023\/09\/IMG-20230925-WA0123-150x150.jpg 150w, https:\/\/360mallorcaproperty.com\/wp-content\/uploads\/2023\/09\/IMG-20230925-WA0123-210x210.jpg 210w"},{"width":150,"height":150,"file":"2023\/09\/IMG-20230925-WA0120.jpg","filesize":209237,"sizes":{"medium":{"file":"IMG-20230925-WA0120-300x169.jpg","width":300,"height":169,"mime-type":"image\/jpeg","filesize":19183,"url":"https:\/\/360mallorcaproperty.com\/wp-content\/uploads\/2023\/09\/IMG-20230925-WA0120-300x169.jpg"},"thumbnail":{"file":"IMG-20230925-WA0120-150x150.jpg","width":150,"height":150,"mime-type":"image\/jpeg","filesize":9413,"url":"https:\/\/360mallorcaproperty.com\/wp-content\/uploads\/2023\/09\/IMG-20230925-WA0120-150x150.jpg"},"medium_large":{"file":"IMG-20230925-WA0120-768x432.jpg","width":768,"height":432,"mime-type":"image\/jpeg","filesize":96698,"url":"https:\/\/360mallorcaproperty.com\/wp-content\/uploads\/2023\/09\/IMG-20230925-WA0120-768x432.jpg"},"post-thumbnail":{"file":"IMG-20230925-WA0120-150x84.jpg","width":150,"height":84,"mime-type":"image\/jpeg","filesize":6154,"url":"https:\/\/360mallorcaproperty.com\/wp-content\/uploads\/2023\/09\/IMG-20230925-WA0120-150x84.jpg"},"modern-property-child-slider":{"file":"IMG-20230925-WA0120-680x510.jpg","width":680,"height":510,"mime-type":"image\/jpeg","filesize":94996,"url":"https:\/\/360mallorcaproperty.com\/wp-content\/uploads\/2023\/09\/IMG-20230925-WA0120-680x510.jpg"},"property-thumb-image":{"file":"IMG-20230925-WA0120-488x326.jpg","width":488,"height":326,"mime-type":"image\/jpeg","filesize":49966,"url":"https:\/\/360mallorcaproperty.com\/wp-content\/uploads\/2023\/09\/IMG-20230925-WA0120-488x326.jpg"},"property-detail-video-image":{"file":"IMG-20230925-WA0120-818x417.jpg","width":818,"height":417,"mime-type":"image\/jpeg","filesize":99772,"url":"https:\/\/360mallorcaproperty.com\/wp-content\/uploads\/2023\/09\/IMG-20230925-WA0120-818x417.jpg"},"agent-image":{"file":"IMG-20230925-WA0120-210x210.jpg","width":210,"height":210,"mime-type":"image\/jpeg","filesize":16611,"url":"https:\/\/360mallorcaproperty.com\/wp-content\/uploads\/2023\/09\/IMG-20230925-WA0120-210x210.jpg"},"partners-logo":{"file":"IMG-20230925-WA0120-600x576.jpg","width":600,"height":576,"mime-type":"image\/jpeg","filesize":105170,"url":"https:\/\/360mallorcaproperty.com\/wp-content\/uploads\/2023\/09\/IMG-20230925-WA0120-600x576.jpg"}},"image_meta":{"aperture":"0","credit":"","camera":"","caption":"","created_timestamp":"0","copyright":"","focal_length":"0","iso":"0","shutter_speed":"0","title":"","orientation":"0","keywords":[]},"ID":"21344","name":"IMG-20230925-WA0120.jpg","path":"\/home\/mallorcaproperty\/public_html\/wp-content\/uploads\/2023\/09\/IMG-20230925-WA0120.jpg","url":"https:\/\/360mallorcaproperty.com\/wp-content\/uploads\/2023\/09\/IMG-20230925-WA0120-150x150.jpg","full_url":"https:\/\/360mallorcaproperty.com\/wp-content\/uploads\/2023\/09\/IMG-20230925-WA0120.jpg","title":"IMG-20230925-WA0120","caption":"","description":"","alt":"","srcset":"https:\/\/360mallorcaproperty.com\/wp-content\/uploads\/2023\/09\/IMG-20230925-WA0120-150x150.jpg 150w, https:\/\/360mallorcaproperty.com\/wp-content\/uploads\/2023\/09\/IMG-20230925-WA0120-210x210.jpg 210w"},{"width":150,"height":150,"file":"2023\/09\/3.png","filesize":928226,"sizes":{"medium":{"file":"3-300x251.png","width":300,"height":251,"mime-type":"image\/png","filesize":131775,"url":"https:\/\/360mallorcaproperty.com\/wp-content\/uploads\/2023\/09\/3-300x251.png"},"thumbnail":{"file":"3-150x150.png","width":150,"height":150,"mime-type":"image\/png","filesize":43720,"url":"https:\/\/360mallorcaproperty.com\/wp-content\/uploads\/2023\/09\/3-150x150.png"},"medium_large":{"file":"3-768x644.png","width":768,"height":644,"mime-type":"image\/png","filesize":648886,"url":"https:\/\/360mallorcaproperty.com\/wp-content\/uploads\/2023\/09\/3-768x644.png"},"post-thumbnail":{"file":"3-150x126.png","width":150,"height":126,"mime-type":"image\/png","filesize":38387,"url":"https:\/\/360mallorcaproperty.com\/wp-content\/uploads\/2023\/09\/3-150x126.png"},"modern-property-child-slider":{"file":"3-680x510.png","width":680,"height":510,"mime-type":"image\/png","filesize":472398,"url":"https:\/\/360mallorcaproperty.com\/wp-content\/uploads\/2023\/09\/3-680x510.png"},"property-thumb-image":{"file":"3-488x326.png","width":488,"height":326,"mime-type":"image\/png","filesize":247516,"url":"https:\/\/360mallorcaproperty.com\/wp-content\/uploads\/2023\/09\/3-488x326.png"},"property-detail-video-image":{"file":"3-818x417.png","width":818,"height":417,"mime-type":"image\/png","filesize":454908,"url":"https:\/\/360mallorcaproperty.com\/wp-content\/uploads\/2023\/09\/3-818x417.png"},"agent-image":{"file":"3-210x210.png","width":210,"height":210,"mime-type":"image\/png","filesize":79175,"url":"https:\/\/360mallorcaproperty.com\/wp-content\/uploads\/2023\/09\/3-210x210.png"},"partners-logo":{"file":"3-600x788.png","width":600,"height":788,"mime-type":"image\/png","filesize":552622,"url":"https:\/\/360mallorcaproperty.com\/wp-content\/uploads\/2023\/09\/3-600x788.png"},"post-featured-image":{"file":"3-940x720.png","width":940,"height":720,"mime-type":"image\/png","filesize":834197,"url":"https:\/\/360mallorcaproperty.com\/wp-content\/uploads\/2023\/09\/3-940x720.png"}},"image_meta":{"aperture":"0","credit":"","camera":"","caption":"","created_timestamp":"0","copyright":"","focal_length":"0","iso":"0","shutter_speed":"0","title":"","orientation":"0","keywords":[]},"ID":"30183","name":"3.png","path":"\/home\/mallorcaproperty\/public_html\/wp-content\/uploads\/2023\/09\/3.png","url":"https:\/\/360mallorcaproperty.com\/wp-content\/uploads\/2023\/09\/3-150x150.png","full_url":"https:\/\/360mallorcaproperty.com\/wp-content\/uploads\/2023\/09\/3.png","title":"3","caption":"","description":"","alt":"","srcset":"https:\/\/360mallorcaproperty.com\/wp-content\/uploads\/2023\/09\/3-150x150.png 150w, https:\/\/360mallorcaproperty.com\/wp-content\/uploads\/2023\/09\/3-210x210.png 210w"}],"REAL_HOMES_change_gallery_slider_type":"0","REAL_HOMES_gallery_slider_type":"thumb-on-right","inspiry_floor_plans":[],"inspiry_video_group":[],"REAL_HOMES_360_virtual_tour":"<iframe src=\"https:\/\/my.matterport.com\/show\/?m=Lp4Bw1RQtht\" width=\"100%\" height=\"100%\" allowvr=\"\" allowfullscreen=\"allowfullscreen\"><\/iframe>","REAL_HOMES_agent_display_option":"none","REAL_HOMES_agents":[],"REAL_HOMES_energy_class":"none","REAL_HOMES_energy_performance":"","REAL_HOMES_epc_current_rating":"","REAL_HOMES_epc_potential_rating":"","ere_property_schedule_tour":"global","ere_property_schedule_time_slots":"","ere_property_schedule_description":"","REAL_HOMES_sticky":"0","inspiry_property_label":"","inspiry_property_label_color":"","inspiry_property_tax":"","inspiry_additional_fee":"","REAL_HOMES_attachments":[],"inspiry_property_owner_name":"","inspiry_property_owner_contact":"","inspiry_property_owner_address":"","REAL_HOMES_property_private_note":"","inspiry_message_to_reviewer":"","REAL_HOMES_add_in_slider":"no","REAL_HOMES_slider_image":[],"REAL_HOMES_page_banner_image":[],"REAL_HOMES_hide_property_advance_search":"0","inspiry_offmarket":[],"REAL_HOMES_custom_header_display":"default","REAL_HOMES_custom_header_position":"relative","REAL_HOMES_custom_footer_display":"default","REAL_HOMES_hide_advance_search":"0","REAL_HOMES_custom_search_form":"default","REAL_HOMES_search_form_margin_top":"","REAL_HOMES_search_form_margin_bottom":""},"_links":{"self":[{"href":"https:\/\/360mallorcaproperty.com\/es\/wp-json\/wp\/v2\/property\/21406","targetHints":{"allow":["GET"]}}],"collection":[{"href":"https:\/\/360mallorcaproperty.com\/es\/wp-json\/wp\/v2\/property"}],"about":[{"href":"https:\/\/360mallorcaproperty.com\/es\/wp-json\/wp\/v2\/types\/property"}],"author":[{"embeddable":true,"href":"https:\/\/360mallorcaproperty.com\/es\/wp-json\/wp\/v2\/users\/1"}],"replies":[{"embeddable":true,"href":"https:\/\/360mallorcaproperty.com\/es\/wp-json\/wp\/v2\/comments?post=21406"}],"version-history":[{"count":1,"href":"https:\/\/360mallorcaproperty.com\/es\/wp-json\/wp\/v2\/property\/21406\/revisions"}],"predecessor-version":[{"id":30185,"href":"https:\/\/360mallorcaproperty.com\/es\/wp-json\/wp\/v2\/property\/21406\/revisions\/30185"}],"wp:featuredmedia":[{"embeddable":true,"href":"https:\/\/360mallorcaproperty.com\/es\/wp-json\/wp\/v2\/media\/30182"}],"wp:attachment":[{"href":"https:\/\/360mallorcaproperty.com\/es\/wp-json\/wp\/v2\/media?parent=21406"}],"wp:term":[{"taxonomy":"property-feature","embeddable":true,"href":"https:\/\/360mallorcaproperty.com\/es\/wp-json\/wp\/v2\/property-feature?post=21406"},{"taxonomy":"property-type","embeddable":true,"href":"https:\/\/360mallorcaproperty.com\/es\/wp-json\/wp\/v2\/property-type?post=21406"},{"taxonomy":"property-city","embeddable":true,"href":"https:\/\/360mallorcaproperty.com\/es\/wp-json\/wp\/v2\/property-location?post=21406"},{"taxonomy":"property-status","embeddable":true,"href":"https:\/\/360mallorcaproperty.com\/es\/wp-json\/wp\/v2\/property-status?post=21406"}],"curies":[{"name":"wp","href":"https:\/\/api.w.org\/{rel}","templated":true}]}}