{"id":24859,"date":"2024-03-25T18:36:15","date_gmt":"2024-03-25T18:36:15","guid":{"rendered":"https:\/\/360mallorcaproperty.com\/property\/bright-and-spacious-detached-home-in-cala-millor\/"},"modified":"2025-03-18T08:21:11","modified_gmt":"2025-03-18T08:21:11","slug":"bright-and-spacious-detached-home-in-cala-millor","status":"publish","type":"property","link":"https:\/\/360mallorcaproperty.com\/es\/property\/bright-and-spacious-detached-home-in-cala-millor\/","title":{"rendered":"Luminoso y espacioso chalet en Cala Millor"},"content":{"rendered":"<p>Este elegante y luminoso chalet espera un nuevo propietario que aprecie cuatro dormitorios, amplias habitaciones y varias terrazas exteriores en una ubicaci\u00f3n absolutamente tranquila. S\u00f3lo hay tres casas en este callej\u00f3n sin salida.<\/p>\n<p>El peque\u00f1o jard\u00edn que rodea la casa es mediterr\u00e1neo y muy f\u00e1cil de mantener. Se accede a la zona de recepci\u00f3n a trav\u00e9s de la puerta principal blanca de doble hoja y la escalera de m\u00e1rmol blanco con su elegante barandilla de hierro forjado llama inmediatamente la atenci\u00f3n. A la izquierda se encuentra el amplio garaje, al frente hay un espacioso cuarto de ba\u00f1o con preinstalaci\u00f3n para ducha y un dormitorio con acceso a la terraza. A la derecha se encuentra el sal\u00f3n con una gran chimenea, un comedor independiente y la gran cocina con despensa y espacio para una mesa de desayuno. Estas habitaciones tambi\u00e9n ofrecen acceso a la soleada terraza con una fuente decorativa en funcionamiento. El lavadero tambi\u00e9n se encuentra en este nivel.<\/p>\n<p>En la planta superior hay un dormitorio principal con acceso directo al gran cuarto de ba\u00f1o con ba\u00f1era de esquina y ducha, as\u00ed como otros dos dormitorios que tambi\u00e9n comparten este cuarto de ba\u00f1o. Dos de los dormitorios tienen acceso a una gran terraza o balc\u00f3n. El gran cuarto de ba\u00f1o se puede dividir f\u00e1cilmente en 2 cuartos de ba\u00f1o para aumentar la privacidad.<\/p>\n<p>Conclusi\u00f3n: aqu\u00ed le espera una casa soleada, compacta y bien dise\u00f1ada, con azulejos brillantes y mucho espacio. La ubicaci\u00f3n en las tranquilas afueras del pueblo en el campo es tambi\u00e9n un fuerte punto a favor.<\/p>\n","protected":false},"excerpt":{"rendered":"<p>Este elegante y luminoso chalet espera un nuevo propietario que aprecie cuatro dormitorios, amplias habitaciones y varias terrazas exteriores en una ubicaci\u00f3n absolutamente tranquila. S\u00f3lo hay tres casas en este callej\u00f3n sin salida. El peque\u00f1o jard\u00edn que rodea la casa es mediterr\u00e1neo y muy f\u00e1cil de mantener. Se accede a la zona de recepci\u00f3n a&#8230;<\/p>\n","protected":false},"author":1,"featured_media":30178,"parent":0,"menu_order":0,"comment_status":"closed","ping_status":"closed","template":"","property-feature":[277,280,279,278,281,282,384],"property-type":[380],"property-location":[399],"property-status":[419],"class_list":["post-24859","property","type-property","status-publish","has-post-thumbnail","hentry","property-feature-aire-acondicionado","property-feature-armarios-empotrados","property-feature-chimenea","property-feature-doble-acristalamiento","property-feature-garaje-aparcamiento","property-feature-jardin","property-feature-terrace-es","property-type-chalet-es","property-city-cala-millor-es","property-status-vendido-es"],"property_meta":{"REAL_HOMES_property_price":"630000","REAL_HOMES_property_old_price":"","REAL_HOMES_property_price_prefix":"","REAL_HOMES_property_price_postfix":"","REAL_HOMES_property_size":"191m\u00b2","REAL_HOMES_property_size_postfix":"","REAL_HOMES_property_lot_size":"","REAL_HOMES_property_lot_size_postfix":"","REAL_HOMES_property_bedrooms":"4","REAL_HOMES_property_bathrooms":"2","REAL_HOMES_property_garage":"1 parking \ud83c\udd7f","REAL_HOMES_property_id":"V3066","REAL_HOMES_property_year_built":"","REAL_HOMES_featured":"0","REAL_HOMES_additional_details_list":[],"rvr_booking_widget_display":"","rvr_booking_mode":"","rvr_govt_tax":"","rvr_govt_tax_type":"percentage","rvr_govt_tax_calculation":"per_stay","rvr_service_charges":"","rvr_service_charges_type":"percentage","rvr_service_charges_calculation":"per_stay","rvr_guests_capacity":"","rvr_book_child_as":"","rvr_min_stay":"","rvr_guests_capacity_extend":"","rvr_extra_guest_price":"","rvr_property_owner":"0","rvr_bulk_pricing":[],"rvr_seasonal_pricing":[],"rvr_custom_reserved_dates":[],"rvr_additional_fees":[{"rvr_fee_type":"fixed","rvr_fee_calculation":"per_stay"}],"rvr_additional_amenities":[{"price_calculation":"per_stay"}],"rvr_accommodation":[],"rvr_outdoor_features":[],"rvr_surroundings":[],"rvr_included":[],"rvr_not_included":[],"rvr_policies":[],"REAL_HOMES_property_location":{"latitude":"39.6015638","longitude":"3.379684","zoom":"15"},"REAL_HOMES_property_address":"Carrer de la Figuera, Cala Millor, Son Servera, Llevant, Islas Baleares, 07560, Espa\u00f1a","REAL_HOMES_property_map":"","REAL_HOMES_property_images":[{"width":150,"height":150,"file":"2024\/03\/4.png","filesize":922802,"sizes":{"medium":{"file":"4-300x251.png","width":300,"height":251,"mime-type":"image\/png","filesize":129807,"url":"https:\/\/360mallorcaproperty.com\/wp-content\/uploads\/2024\/03\/4-300x251.png"},"thumbnail":{"file":"4-150x150.png","width":150,"height":150,"mime-type":"image\/png","filesize":43383,"url":"https:\/\/360mallorcaproperty.com\/wp-content\/uploads\/2024\/03\/4-150x150.png"},"medium_large":{"file":"4-768x644.png","width":768,"height":644,"mime-type":"image\/png","filesize":644404,"url":"https:\/\/360mallorcaproperty.com\/wp-content\/uploads\/2024\/03\/4-768x644.png"},"post-thumbnail":{"file":"4-150x126.png","width":150,"height":126,"mime-type":"image\/png","filesize":37549,"url":"https:\/\/360mallorcaproperty.com\/wp-content\/uploads\/2024\/03\/4-150x126.png"},"modern-property-child-slider":{"file":"4-680x510.png","width":680,"height":510,"mime-type":"image\/png","filesize":474686,"url":"https:\/\/360mallorcaproperty.com\/wp-content\/uploads\/2024\/03\/4-680x510.png"},"property-thumb-image":{"file":"4-488x326.png","width":488,"height":326,"mime-type":"image\/png","filesize":246084,"url":"https:\/\/360mallorcaproperty.com\/wp-content\/uploads\/2024\/03\/4-488x326.png"},"property-detail-video-image":{"file":"4-818x417.png","width":818,"height":417,"mime-type":"image\/png","filesize":458605,"url":"https:\/\/360mallorcaproperty.com\/wp-content\/uploads\/2024\/03\/4-818x417.png"},"agent-image":{"file":"4-210x210.png","width":210,"height":210,"mime-type":"image\/png","filesize":79074,"url":"https:\/\/360mallorcaproperty.com\/wp-content\/uploads\/2024\/03\/4-210x210.png"},"partners-logo":{"file":"4-600x788.png","width":600,"height":788,"mime-type":"image\/png","filesize":585064,"url":"https:\/\/360mallorcaproperty.com\/wp-content\/uploads\/2024\/03\/4-600x788.png"},"post-featured-image":{"file":"4-940x720.png","width":940,"height":720,"mime-type":"image\/png","filesize":847952,"url":"https:\/\/360mallorcaproperty.com\/wp-content\/uploads\/2024\/03\/4-940x720.png"}},"image_meta":{"aperture":"0","credit":"","camera":"","caption":"","created_timestamp":"0","copyright":"","focal_length":"0","iso":"0","shutter_speed":"0","title":"","orientation":"0","keywords":[]},"ID":"30176","name":"4.png","path":"\/home\/mallorcaproperty\/public_html\/wp-content\/uploads\/2024\/03\/4.png","url":"https:\/\/360mallorcaproperty.com\/wp-content\/uploads\/2024\/03\/4-150x150.png","full_url":"https:\/\/360mallorcaproperty.com\/wp-content\/uploads\/2024\/03\/4.png","title":"4","caption":"","description":"","alt":"","srcset":"https:\/\/360mallorcaproperty.com\/wp-content\/uploads\/2024\/03\/4-150x150.png 150w, https:\/\/360mallorcaproperty.com\/wp-content\/uploads\/2024\/03\/4-210x210.png 210w"},{"width":150,"height":150,"file":"2024\/03\/Haus.jpg","filesize":165199,"sizes":{"medium":{"file":"Haus-300x227.jpg","width":300,"height":227,"mime-type":"image\/jpeg","filesize":16270,"url":"https:\/\/360mallorcaproperty.com\/wp-content\/uploads\/2024\/03\/Haus-300x227.jpg"},"thumbnail":{"file":"Haus-150x150.jpg","width":150,"height":150,"mime-type":"image\/jpeg","filesize":6530,"url":"https:\/\/360mallorcaproperty.com\/wp-content\/uploads\/2024\/03\/Haus-150x150.jpg"},"medium_large":{"file":"Haus-768x580.jpg","width":768,"height":580,"mime-type":"image\/jpeg","filesize":75712,"url":"https:\/\/360mallorcaproperty.com\/wp-content\/uploads\/2024\/03\/Haus-768x580.jpg"},"post-thumbnail":{"file":"Haus-150x113.jpg","width":150,"height":113,"mime-type":"image\/jpeg","filesize":5371,"url":"https:\/\/360mallorcaproperty.com\/wp-content\/uploads\/2024\/03\/Haus-150x113.jpg"},"modern-property-child-slider":{"file":"Haus-680x510.jpg","width":680,"height":510,"mime-type":"image\/jpeg","filesize":61726,"url":"https:\/\/360mallorcaproperty.com\/wp-content\/uploads\/2024\/03\/Haus-680x510.jpg"},"property-thumb-image":{"file":"Haus-488x326.jpg","width":488,"height":326,"mime-type":"image\/jpeg","filesize":32254,"url":"https:\/\/360mallorcaproperty.com\/wp-content\/uploads\/2024\/03\/Haus-488x326.jpg"},"property-detail-video-image":{"file":"Haus-818x417.jpg","width":818,"height":417,"mime-type":"image\/jpeg","filesize":58884,"url":"https:\/\/360mallorcaproperty.com\/wp-content\/uploads\/2024\/03\/Haus-818x417.jpg"},"agent-image":{"file":"Haus-210x210.jpg","width":210,"height":210,"mime-type":"image\/jpeg","filesize":11233,"url":"https:\/\/360mallorcaproperty.com\/wp-content\/uploads\/2024\/03\/Haus-210x210.jpg"},"partners-logo":{"file":"Haus-600x719.jpg","width":600,"height":719,"mime-type":"image\/jpeg","filesize":86476,"url":"https:\/\/360mallorcaproperty.com\/wp-content\/uploads\/2024\/03\/Haus-600x719.jpg"}},"image_meta":{"aperture":"0","credit":"","camera":"","caption":"","created_timestamp":"0","copyright":"","focal_length":"0","iso":"0","shutter_speed":"0","title":"","orientation":"0","keywords":[]},"ID":"24790","name":"Haus.jpg","path":"\/home\/mallorcaproperty\/public_html\/wp-content\/uploads\/2024\/03\/Haus.jpg","url":"https:\/\/360mallorcaproperty.com\/wp-content\/uploads\/2024\/03\/Haus-150x150.jpg","full_url":"https:\/\/360mallorcaproperty.com\/wp-content\/uploads\/2024\/03\/Haus.jpg","title":"Haus","caption":"","description":"","alt":"","srcset":"https:\/\/360mallorcaproperty.com\/wp-content\/uploads\/2024\/03\/Haus-150x150.jpg 150w, https:\/\/360mallorcaproperty.com\/wp-content\/uploads\/2024\/03\/Haus-210x210.jpg 210w"},{"width":150,"height":150,"file":"2024\/03\/20231113_100823-scaled.jpg","filesize":486857,"sizes":{"medium":{"file":"20231113_100823-300x140.jpg","width":300,"height":140,"mime-type":"image\/jpeg","filesize":9754,"url":"https:\/\/360mallorcaproperty.com\/wp-content\/uploads\/2024\/03\/20231113_100823-300x140.jpg"},"large":{"file":"20231113_100823-1024x478.jpg","width":1024,"height":478,"mime-type":"image\/jpeg","filesize":82144,"url":"https:\/\/360mallorcaproperty.com\/wp-content\/uploads\/2024\/03\/20231113_100823-1024x478.jpg"},"thumbnail":{"file":"20231113_100823-150x150.jpg","width":150,"height":150,"mime-type":"image\/jpeg","filesize":6274,"url":"https:\/\/360mallorcaproperty.com\/wp-content\/uploads\/2024\/03\/20231113_100823-150x150.jpg"},"medium_large":{"file":"20231113_100823-768x359.jpg","width":768,"height":359,"mime-type":"image\/jpeg","filesize":47922,"url":"https:\/\/360mallorcaproperty.com\/wp-content\/uploads\/2024\/03\/20231113_100823-768x359.jpg"},"1536x1536":{"file":"20231113_100823-1536x717.jpg","width":1536,"height":717,"mime-type":"image\/jpeg","filesize":179729,"url":"https:\/\/360mallorcaproperty.com\/wp-content\/uploads\/2024\/03\/20231113_100823-1536x717.jpg"},"2048x2048":{"file":"20231113_100823-2048x956.jpg","width":2048,"height":956,"mime-type":"image\/jpeg","filesize":315522,"url":"https:\/\/360mallorcaproperty.com\/wp-content\/uploads\/2024\/03\/20231113_100823-2048x956.jpg"},"post-thumbnail":{"file":"20231113_100823-150x70.jpg","width":150,"height":70,"mime-type":"image\/jpeg","filesize":3571,"url":"https:\/\/360mallorcaproperty.com\/wp-content\/uploads\/2024\/03\/20231113_100823-150x70.jpg"},"modern-property-child-slider":{"file":"20231113_100823-680x510.jpg","width":680,"height":510,"mime-type":"image\/jpeg","filesize":59300,"url":"https:\/\/360mallorcaproperty.com\/wp-content\/uploads\/2024\/03\/20231113_100823-680x510.jpg"},"property-thumb-image":{"file":"20231113_100823-488x326.jpg","width":488,"height":326,"mime-type":"image\/jpeg","filesize":29280,"url":"https:\/\/360mallorcaproperty.com\/wp-content\/uploads\/2024\/03\/20231113_100823-488x326.jpg"},"property-detail-video-image":{"file":"20231113_100823-818x417.jpg","width":818,"height":417,"mime-type":"image\/jpeg","filesize":60932,"url":"https:\/\/360mallorcaproperty.com\/wp-content\/uploads\/2024\/03\/20231113_100823-818x417.jpg"},"agent-image":{"file":"20231113_100823-210x210.jpg","width":210,"height":210,"mime-type":"image\/jpeg","filesize":10707,"url":"https:\/\/360mallorcaproperty.com\/wp-content\/uploads\/2024\/03\/20231113_100823-210x210.jpg"},"partners-logo":{"file":"20231113_100823-600x1868.jpg","width":600,"height":1868,"mime-type":"image\/jpeg","filesize":202700,"url":"https:\/\/360mallorcaproperty.com\/wp-content\/uploads\/2024\/03\/20231113_100823-600x1868.jpg"},"post-featured-image":{"file":"20231113_100823-1240x720.jpg","width":1240,"height":720,"mime-type":"image\/jpeg","filesize":148088,"url":"https:\/\/360mallorcaproperty.com\/wp-content\/uploads\/2024\/03\/20231113_100823-1240x720.jpg"}},"image_meta":{"aperture":"2.2","credit":"","camera":"SM-S908B","caption":"","created_timestamp":"1699870104","copyright":"","focal_length":"2.2","iso":"50","shutter_speed":"0.008130081300813","title":"","orientation":"0","keywords":[]},"original_image":"20231113_100823.jpg","ID":"24805","name":"20231113_100823-scaled.jpg","path":"\/home\/mallorcaproperty\/public_html\/wp-content\/uploads\/2024\/03\/20231113_100823-scaled.jpg","url":"https:\/\/360mallorcaproperty.com\/wp-content\/uploads\/2024\/03\/20231113_100823-150x150.jpg","full_url":"https:\/\/360mallorcaproperty.com\/wp-content\/uploads\/2024\/03\/20231113_100823-scaled.jpg","title":"20231113_100823","caption":"","description":"","alt":"","srcset":"https:\/\/360mallorcaproperty.com\/wp-content\/uploads\/2024\/03\/20231113_100823-150x150.jpg 150w, https:\/\/360mallorcaproperty.com\/wp-content\/uploads\/2024\/03\/20231113_100823-210x210.jpg 210w"},{"width":150,"height":150,"file":"2024\/03\/20231113_100829-scaled.jpg","filesize":751452,"sizes":{"medium":{"file":"20231113_100829-300x225.jpg","width":300,"height":225,"mime-type":"image\/jpeg","filesize":13973,"url":"https:\/\/360mallorcaproperty.com\/wp-content\/uploads\/2024\/03\/20231113_100829-300x225.jpg"},"large":{"file":"20231113_100829-1024x768.jpg","width":1024,"height":768,"mime-type":"image\/jpeg","filesize":123144,"url":"https:\/\/360mallorcaproperty.com\/wp-content\/uploads\/2024\/03\/20231113_100829-1024x768.jpg"},"thumbnail":{"file":"20231113_100829-150x150.jpg","width":150,"height":150,"mime-type":"image\/jpeg","filesize":5722,"url":"https:\/\/360mallorcaproperty.com\/wp-content\/uploads\/2024\/03\/20231113_100829-150x150.jpg"},"medium_large":{"file":"20231113_100829-768x576.jpg","width":768,"height":576,"mime-type":"image\/jpeg","filesize":70852,"url":"https:\/\/360mallorcaproperty.com\/wp-content\/uploads\/2024\/03\/20231113_100829-768x576.jpg"},"1536x1536":{"file":"20231113_100829-1536x1152.jpg","width":1536,"height":1152,"mime-type":"image\/jpeg","filesize":273658,"url":"https:\/\/360mallorcaproperty.com\/wp-content\/uploads\/2024\/03\/20231113_100829-1536x1152.jpg"},"2048x2048":{"file":"20231113_100829-2048x1536.jpg","width":2048,"height":1536,"mime-type":"image\/jpeg","filesize":484514,"url":"https:\/\/360mallorcaproperty.com\/wp-content\/uploads\/2024\/03\/20231113_100829-2048x1536.jpg"},"post-thumbnail":{"file":"20231113_100829-150x113.jpg","width":150,"height":113,"mime-type":"image\/jpeg","filesize":4924,"url":"https:\/\/360mallorcaproperty.com\/wp-content\/uploads\/2024\/03\/20231113_100829-150x113.jpg"},"modern-property-child-slider":{"file":"20231113_100829-680x510.jpg","width":680,"height":510,"mime-type":"image\/jpeg","filesize":56988,"url":"https:\/\/360mallorcaproperty.com\/wp-content\/uploads\/2024\/03\/20231113_100829-680x510.jpg"},"property-thumb-image":{"file":"20231113_100829-488x326.jpg","width":488,"height":326,"mime-type":"image\/jpeg","filesize":28139,"url":"https:\/\/360mallorcaproperty.com\/wp-content\/uploads\/2024\/03\/20231113_100829-488x326.jpg"},"property-detail-video-image":{"file":"20231113_100829-818x417.jpg","width":818,"height":417,"mime-type":"image\/jpeg","filesize":57510,"url":"https:\/\/360mallorcaproperty.com\/wp-content\/uploads\/2024\/03\/20231113_100829-818x417.jpg"},"agent-image":{"file":"20231113_100829-210x210.jpg","width":210,"height":210,"mime-type":"image\/jpeg","filesize":9563,"url":"https:\/\/360mallorcaproperty.com\/wp-content\/uploads\/2024\/03\/20231113_100829-210x210.jpg"},"partners-logo":{"file":"20231113_100829-600x3000.jpg","width":600,"height":3000,"mime-type":"image\/jpeg","filesize":313857,"url":"https:\/\/360mallorcaproperty.com\/wp-content\/uploads\/2024\/03\/20231113_100829-600x3000.jpg"},"post-featured-image":{"file":"20231113_100829-1240x720.jpg","width":1240,"height":720,"mime-type":"image\/jpeg","filesize":140920,"url":"https:\/\/360mallorcaproperty.com\/wp-content\/uploads\/2024\/03\/20231113_100829-1240x720.jpg"}},"image_meta":{"aperture":"2.2","credit":"","camera":"SM-S908B","caption":"","created_timestamp":"1699870109","copyright":"","focal_length":"2.2","iso":"64","shutter_speed":"0.01","title":"","orientation":"0","keywords":[]},"original_image":"20231113_100829.jpg","ID":"24808","name":"20231113_100829-scaled.jpg","path":"\/home\/mallorcaproperty\/public_html\/wp-content\/uploads\/2024\/03\/20231113_100829-scaled.jpg","url":"https:\/\/360mallorcaproperty.com\/wp-content\/uploads\/2024\/03\/20231113_100829-150x150.jpg","full_url":"https:\/\/360mallorcaproperty.com\/wp-content\/uploads\/2024\/03\/20231113_100829-scaled.jpg","title":"20231113_100829","caption":"","description":"","alt":"","srcset":"https:\/\/360mallorcaproperty.com\/wp-content\/uploads\/2024\/03\/20231113_100829-150x150.jpg 150w, https:\/\/360mallorcaproperty.com\/wp-content\/uploads\/2024\/03\/20231113_100829-210x210.jpg 210w"},{"width":150,"height":150,"file":"2024\/03\/20231113_101406-scaled.jpg","filesize":693763,"sizes":{"medium":{"file":"20231113_101406-300x225.jpg","width":300,"height":225,"mime-type":"image\/jpeg","filesize":13658,"url":"https:\/\/360mallorcaproperty.com\/wp-content\/uploads\/2024\/03\/20231113_101406-300x225.jpg"},"large":{"file":"20231113_101406-1024x768.jpg","width":1024,"height":768,"mime-type":"image\/jpeg","filesize":115261,"url":"https:\/\/360mallorcaproperty.com\/wp-content\/uploads\/2024\/03\/20231113_101406-1024x768.jpg"},"thumbnail":{"file":"20231113_101406-150x150.jpg","width":150,"height":150,"mime-type":"image\/jpeg","filesize":5633,"url":"https:\/\/360mallorcaproperty.com\/wp-content\/uploads\/2024\/03\/20231113_101406-150x150.jpg"},"medium_large":{"file":"20231113_101406-768x576.jpg","width":768,"height":576,"mime-type":"image\/jpeg","filesize":67883,"url":"https:\/\/360mallorcaproperty.com\/wp-content\/uploads\/2024\/03\/20231113_101406-768x576.jpg"},"1536x1536":{"file":"20231113_101406-1536x1152.jpg","width":1536,"height":1152,"mime-type":"image\/jpeg","filesize":250441,"url":"https:\/\/360mallorcaproperty.com\/wp-content\/uploads\/2024\/03\/20231113_101406-1536x1152.jpg"},"2048x2048":{"file":"20231113_101406-2048x1536.jpg","width":2048,"height":1536,"mime-type":"image\/jpeg","filesize":441101,"url":"https:\/\/360mallorcaproperty.com\/wp-content\/uploads\/2024\/03\/20231113_101406-2048x1536.jpg"},"post-thumbnail":{"file":"20231113_101406-150x113.jpg","width":150,"height":113,"mime-type":"image\/jpeg","filesize":4763,"url":"https:\/\/360mallorcaproperty.com\/wp-content\/uploads\/2024\/03\/20231113_101406-150x113.jpg"},"modern-property-child-slider":{"file":"20231113_101406-680x510.jpg","width":680,"height":510,"mime-type":"image\/jpeg","filesize":54533,"url":"https:\/\/360mallorcaproperty.com\/wp-content\/uploads\/2024\/03\/20231113_101406-680x510.jpg"},"property-thumb-image":{"file":"20231113_101406-488x326.jpg","width":488,"height":326,"mime-type":"image\/jpeg","filesize":28461,"url":"https:\/\/360mallorcaproperty.com\/wp-content\/uploads\/2024\/03\/20231113_101406-488x326.jpg"},"property-detail-video-image":{"file":"20231113_101406-818x417.jpg","width":818,"height":417,"mime-type":"image\/jpeg","filesize":58613,"url":"https:\/\/360mallorcaproperty.com\/wp-content\/uploads\/2024\/03\/20231113_101406-818x417.jpg"},"agent-image":{"file":"20231113_101406-210x210.jpg","width":210,"height":210,"mime-type":"image\/jpeg","filesize":9564,"url":"https:\/\/360mallorcaproperty.com\/wp-content\/uploads\/2024\/03\/20231113_101406-210x210.jpg"},"partners-logo":{"file":"20231113_101406-600x3000.jpg","width":600,"height":3000,"mime-type":"image\/jpeg","filesize":274715,"url":"https:\/\/360mallorcaproperty.com\/wp-content\/uploads\/2024\/03\/20231113_101406-600x3000.jpg"},"post-featured-image":{"file":"20231113_101406-1240x720.jpg","width":1240,"height":720,"mime-type":"image\/jpeg","filesize":135566,"url":"https:\/\/360mallorcaproperty.com\/wp-content\/uploads\/2024\/03\/20231113_101406-1240x720.jpg"}},"image_meta":{"aperture":"2.2","credit":"","camera":"SM-S908B","caption":"","created_timestamp":"1699870447","copyright":"","focal_length":"2.2","iso":"50","shutter_speed":"0.0014880952380952","title":"","orientation":"0","keywords":[]},"original_image":"20231113_101406.jpg","ID":"24841","name":"20231113_101406-scaled.jpg","path":"\/home\/mallorcaproperty\/public_html\/wp-content\/uploads\/2024\/03\/20231113_101406-scaled.jpg","url":"https:\/\/360mallorcaproperty.com\/wp-content\/uploads\/2024\/03\/20231113_101406-150x150.jpg","full_url":"https:\/\/360mallorcaproperty.com\/wp-content\/uploads\/2024\/03\/20231113_101406-scaled.jpg","title":"20231113_101406","caption":"","description":"","alt":"","srcset":"https:\/\/360mallorcaproperty.com\/wp-content\/uploads\/2024\/03\/20231113_101406-150x150.jpg 150w, https:\/\/360mallorcaproperty.com\/wp-content\/uploads\/2024\/03\/20231113_101406-210x210.jpg 210w"},{"width":150,"height":150,"file":"2024\/03\/20231113_101332-scaled.jpg","filesize":709100,"sizes":{"medium":{"file":"20231113_101332-300x225.jpg","width":300,"height":225,"mime-type":"image\/jpeg","filesize":16864,"url":"https:\/\/360mallorcaproperty.com\/wp-content\/uploads\/2024\/03\/20231113_101332-300x225.jpg"},"large":{"file":"20231113_101332-1024x768.jpg","width":1024,"height":768,"mime-type":"image\/jpeg","filesize":137332,"url":"https:\/\/360mallorcaproperty.com\/wp-content\/uploads\/2024\/03\/20231113_101332-1024x768.jpg"},"thumbnail":{"file":"20231113_101332-150x150.jpg","width":150,"height":150,"mime-type":"image\/jpeg","filesize":6707,"url":"https:\/\/360mallorcaproperty.com\/wp-content\/uploads\/2024\/03\/20231113_101332-150x150.jpg"},"medium_large":{"file":"20231113_101332-768x576.jpg","width":768,"height":576,"mime-type":"image\/jpeg","filesize":82474,"url":"https:\/\/360mallorcaproperty.com\/wp-content\/uploads\/2024\/03\/20231113_101332-768x576.jpg"},"1536x1536":{"file":"20231113_101332-1536x1152.jpg","width":1536,"height":1152,"mime-type":"image\/jpeg","filesize":282309,"url":"https:\/\/360mallorcaproperty.com\/wp-content\/uploads\/2024\/03\/20231113_101332-1536x1152.jpg"},"2048x2048":{"file":"20231113_101332-2048x1536.jpg","width":2048,"height":1536,"mime-type":"image\/jpeg","filesize":473756,"url":"https:\/\/360mallorcaproperty.com\/wp-content\/uploads\/2024\/03\/20231113_101332-2048x1536.jpg"},"post-thumbnail":{"file":"20231113_101332-150x113.jpg","width":150,"height":113,"mime-type":"image\/jpeg","filesize":5635,"url":"https:\/\/360mallorcaproperty.com\/wp-content\/uploads\/2024\/03\/20231113_101332-150x113.jpg"},"modern-property-child-slider":{"file":"20231113_101332-680x510.jpg","width":680,"height":510,"mime-type":"image\/jpeg","filesize":67141,"url":"https:\/\/360mallorcaproperty.com\/wp-content\/uploads\/2024\/03\/20231113_101332-680x510.jpg"},"property-thumb-image":{"file":"20231113_101332-488x326.jpg","width":488,"height":326,"mime-type":"image\/jpeg","filesize":34454,"url":"https:\/\/360mallorcaproperty.com\/wp-content\/uploads\/2024\/03\/20231113_101332-488x326.jpg"},"property-detail-video-image":{"file":"20231113_101332-818x417.jpg","width":818,"height":417,"mime-type":"image\/jpeg","filesize":70806,"url":"https:\/\/360mallorcaproperty.com\/wp-content\/uploads\/2024\/03\/20231113_101332-818x417.jpg"},"agent-image":{"file":"20231113_101332-210x210.jpg","width":210,"height":210,"mime-type":"image\/jpeg","filesize":11396,"url":"https:\/\/360mallorcaproperty.com\/wp-content\/uploads\/2024\/03\/20231113_101332-210x210.jpg"},"partners-logo":{"file":"20231113_101332-600x3000.jpg","width":600,"height":3000,"mime-type":"image\/jpeg","filesize":304701,"url":"https:\/\/360mallorcaproperty.com\/wp-content\/uploads\/2024\/03\/20231113_101332-600x3000.jpg"},"post-featured-image":{"file":"20231113_101332-1240x720.jpg","width":1240,"height":720,"mime-type":"image\/jpeg","filesize":158268,"url":"https:\/\/360mallorcaproperty.com\/wp-content\/uploads\/2024\/03\/20231113_101332-1240x720.jpg"}},"image_meta":{"aperture":"2.2","credit":"","camera":"SM-S908B","caption":"","created_timestamp":"1699870413","copyright":"","focal_length":"2.2","iso":"50","shutter_speed":"0.0047619047619048","title":"","orientation":"0","keywords":[]},"original_image":"20231113_101332.jpg","ID":"24838","name":"20231113_101332-scaled.jpg","path":"\/home\/mallorcaproperty\/public_html\/wp-content\/uploads\/2024\/03\/20231113_101332-scaled.jpg","url":"https:\/\/360mallorcaproperty.com\/wp-content\/uploads\/2024\/03\/20231113_101332-150x150.jpg","full_url":"https:\/\/360mallorcaproperty.com\/wp-content\/uploads\/2024\/03\/20231113_101332-scaled.jpg","title":"20231113_101332","caption":"","description":"","alt":"","srcset":"https:\/\/360mallorcaproperty.com\/wp-content\/uploads\/2024\/03\/20231113_101332-150x150.jpg 150w, https:\/\/360mallorcaproperty.com\/wp-content\/uploads\/2024\/03\/20231113_101332-210x210.jpg 210w"},{"width":150,"height":150,"file":"2024\/03\/20231113_101232-scaled.jpg","filesize":813827,"sizes":{"medium":{"file":"20231113_101232-300x225.jpg","width":300,"height":225,"mime-type":"image\/jpeg","filesize":19103,"url":"https:\/\/360mallorcaproperty.com\/wp-content\/uploads\/2024\/03\/20231113_101232-300x225.jpg"},"large":{"file":"20231113_101232-1024x768.jpg","width":1024,"height":768,"mime-type":"image\/jpeg","filesize":155140,"url":"https:\/\/360mallorcaproperty.com\/wp-content\/uploads\/2024\/03\/20231113_101232-1024x768.jpg"},"thumbnail":{"file":"20231113_101232-150x150.jpg","width":150,"height":150,"mime-type":"image\/jpeg","filesize":7600,"url":"https:\/\/360mallorcaproperty.com\/wp-content\/uploads\/2024\/03\/20231113_101232-150x150.jpg"},"medium_large":{"file":"20231113_101232-768x576.jpg","width":768,"height":576,"mime-type":"image\/jpeg","filesize":93191,"url":"https:\/\/360mallorcaproperty.com\/wp-content\/uploads\/2024\/03\/20231113_101232-768x576.jpg"},"1536x1536":{"file":"20231113_101232-1536x1152.jpg","width":1536,"height":1152,"mime-type":"image\/jpeg","filesize":322640,"url":"https:\/\/360mallorcaproperty.com\/wp-content\/uploads\/2024\/03\/20231113_101232-1536x1152.jpg"},"2048x2048":{"file":"20231113_101232-2048x1536.jpg","width":2048,"height":1536,"mime-type":"image\/jpeg","filesize":544156,"url":"https:\/\/360mallorcaproperty.com\/wp-content\/uploads\/2024\/03\/20231113_101232-2048x1536.jpg"},"post-thumbnail":{"file":"20231113_101232-150x113.jpg","width":150,"height":113,"mime-type":"image\/jpeg","filesize":6447,"url":"https:\/\/360mallorcaproperty.com\/wp-content\/uploads\/2024\/03\/20231113_101232-150x113.jpg"},"modern-property-child-slider":{"file":"20231113_101232-680x510.jpg","width":680,"height":510,"mime-type":"image\/jpeg","filesize":75433,"url":"https:\/\/360mallorcaproperty.com\/wp-content\/uploads\/2024\/03\/20231113_101232-680x510.jpg"},"property-thumb-image":{"file":"20231113_101232-488x326.jpg","width":488,"height":326,"mime-type":"image\/jpeg","filesize":39873,"url":"https:\/\/360mallorcaproperty.com\/wp-content\/uploads\/2024\/03\/20231113_101232-488x326.jpg"},"property-detail-video-image":{"file":"20231113_101232-818x417.jpg","width":818,"height":417,"mime-type":"image\/jpeg","filesize":81037,"url":"https:\/\/360mallorcaproperty.com\/wp-content\/uploads\/2024\/03\/20231113_101232-818x417.jpg"},"agent-image":{"file":"20231113_101232-210x210.jpg","width":210,"height":210,"mime-type":"image\/jpeg","filesize":13014,"url":"https:\/\/360mallorcaproperty.com\/wp-content\/uploads\/2024\/03\/20231113_101232-210x210.jpg"},"partners-logo":{"file":"20231113_101232-600x3000.jpg","width":600,"height":3000,"mime-type":"image\/jpeg","filesize":359440,"url":"https:\/\/360mallorcaproperty.com\/wp-content\/uploads\/2024\/03\/20231113_101232-600x3000.jpg"},"post-featured-image":{"file":"20231113_101232-1240x720.jpg","width":1240,"height":720,"mime-type":"image\/jpeg","filesize":180730,"url":"https:\/\/360mallorcaproperty.com\/wp-content\/uploads\/2024\/03\/20231113_101232-1240x720.jpg"}},"image_meta":{"aperture":"2.2","credit":"","camera":"SM-S908B","caption":"","created_timestamp":"1699870352","copyright":"","focal_length":"2.2","iso":"50","shutter_speed":"0.0091743119266055","title":"","orientation":"0","keywords":[]},"original_image":"20231113_101232.jpg","ID":"24832","name":"20231113_101232-scaled.jpg","path":"\/home\/mallorcaproperty\/public_html\/wp-content\/uploads\/2024\/03\/20231113_101232-scaled.jpg","url":"https:\/\/360mallorcaproperty.com\/wp-content\/uploads\/2024\/03\/20231113_101232-150x150.jpg","full_url":"https:\/\/360mallorcaproperty.com\/wp-content\/uploads\/2024\/03\/20231113_101232-scaled.jpg","title":"20231113_101232","caption":"","description":"","alt":"","srcset":"https:\/\/360mallorcaproperty.com\/wp-content\/uploads\/2024\/03\/20231113_101232-150x150.jpg 150w, https:\/\/360mallorcaproperty.com\/wp-content\/uploads\/2024\/03\/20231113_101232-210x210.jpg 210w"},{"width":150,"height":150,"file":"2024\/03\/20231113_101258-scaled.jpg","filesize":677702,"sizes":{"medium":{"file":"20231113_101258-300x225.jpg","width":300,"height":225,"mime-type":"image\/jpeg","filesize":17104,"url":"https:\/\/360mallorcaproperty.com\/wp-content\/uploads\/2024\/03\/20231113_101258-300x225.jpg"},"large":{"file":"20231113_101258-1024x768.jpg","width":1024,"height":768,"mime-type":"image\/jpeg","filesize":129801,"url":"https:\/\/360mallorcaproperty.com\/wp-content\/uploads\/2024\/03\/20231113_101258-1024x768.jpg"},"thumbnail":{"file":"20231113_101258-150x150.jpg","width":150,"height":150,"mime-type":"image\/jpeg","filesize":6941,"url":"https:\/\/360mallorcaproperty.com\/wp-content\/uploads\/2024\/03\/20231113_101258-150x150.jpg"},"medium_large":{"file":"20231113_101258-768x576.jpg","width":768,"height":576,"mime-type":"image\/jpeg","filesize":78780,"url":"https:\/\/360mallorcaproperty.com\/wp-content\/uploads\/2024\/03\/20231113_101258-768x576.jpg"},"1536x1536":{"file":"20231113_101258-1536x1152.jpg","width":1536,"height":1152,"mime-type":"image\/jpeg","filesize":265780,"url":"https:\/\/360mallorcaproperty.com\/wp-content\/uploads\/2024\/03\/20231113_101258-1536x1152.jpg"},"2048x2048":{"file":"20231113_101258-2048x1536.jpg","width":2048,"height":1536,"mime-type":"image\/jpeg","filesize":447773,"url":"https:\/\/360mallorcaproperty.com\/wp-content\/uploads\/2024\/03\/20231113_101258-2048x1536.jpg"},"post-thumbnail":{"file":"20231113_101258-150x113.jpg","width":150,"height":113,"mime-type":"image\/jpeg","filesize":6038,"url":"https:\/\/360mallorcaproperty.com\/wp-content\/uploads\/2024\/03\/20231113_101258-150x113.jpg"},"modern-property-child-slider":{"file":"20231113_101258-680x510.jpg","width":680,"height":510,"mime-type":"image\/jpeg","filesize":64148,"url":"https:\/\/360mallorcaproperty.com\/wp-content\/uploads\/2024\/03\/20231113_101258-680x510.jpg"},"property-thumb-image":{"file":"20231113_101258-488x326.jpg","width":488,"height":326,"mime-type":"image\/jpeg","filesize":33838,"url":"https:\/\/360mallorcaproperty.com\/wp-content\/uploads\/2024\/03\/20231113_101258-488x326.jpg"},"property-detail-video-image":{"file":"20231113_101258-818x417.jpg","width":818,"height":417,"mime-type":"image\/jpeg","filesize":65885,"url":"https:\/\/360mallorcaproperty.com\/wp-content\/uploads\/2024\/03\/20231113_101258-818x417.jpg"},"agent-image":{"file":"20231113_101258-210x210.jpg","width":210,"height":210,"mime-type":"image\/jpeg","filesize":11787,"url":"https:\/\/360mallorcaproperty.com\/wp-content\/uploads\/2024\/03\/20231113_101258-210x210.jpg"},"partners-logo":{"file":"20231113_101258-600x3000.jpg","width":600,"height":3000,"mime-type":"image\/jpeg","filesize":309491,"url":"https:\/\/360mallorcaproperty.com\/wp-content\/uploads\/2024\/03\/20231113_101258-600x3000.jpg"},"post-featured-image":{"file":"20231113_101258-1240x720.jpg","width":1240,"height":720,"mime-type":"image\/jpeg","filesize":147910,"url":"https:\/\/360mallorcaproperty.com\/wp-content\/uploads\/2024\/03\/20231113_101258-1240x720.jpg"}},"image_meta":{"aperture":"2.2","credit":"","camera":"SM-S908B","caption":"","created_timestamp":"1699870378","copyright":"","focal_length":"2.2","iso":"50","shutter_speed":"0.0051813471502591","title":"","orientation":"0","keywords":[]},"original_image":"20231113_101258.jpg","ID":"24835","name":"20231113_101258-scaled.jpg","path":"\/home\/mallorcaproperty\/public_html\/wp-content\/uploads\/2024\/03\/20231113_101258-scaled.jpg","url":"https:\/\/360mallorcaproperty.com\/wp-content\/uploads\/2024\/03\/20231113_101258-150x150.jpg","full_url":"https:\/\/360mallorcaproperty.com\/wp-content\/uploads\/2024\/03\/20231113_101258-scaled.jpg","title":"20231113_101258","caption":"","description":"","alt":"","srcset":"https:\/\/360mallorcaproperty.com\/wp-content\/uploads\/2024\/03\/20231113_101258-150x150.jpg 150w, https:\/\/360mallorcaproperty.com\/wp-content\/uploads\/2024\/03\/20231113_101258-210x210.jpg 210w"},{"width":150,"height":150,"file":"2024\/03\/20231113_101206-scaled.jpg","filesize":723873,"sizes":{"medium":{"file":"20231113_101206-300x225.jpg","width":300,"height":225,"mime-type":"image\/jpeg","filesize":15954,"url":"https:\/\/360mallorcaproperty.com\/wp-content\/uploads\/2024\/03\/20231113_101206-300x225.jpg"},"large":{"file":"20231113_101206-1024x768.jpg","width":1024,"height":768,"mime-type":"image\/jpeg","filesize":120892,"url":"https:\/\/360mallorcaproperty.com\/wp-content\/uploads\/2024\/03\/20231113_101206-1024x768.jpg"},"thumbnail":{"file":"20231113_101206-150x150.jpg","width":150,"height":150,"mime-type":"image\/jpeg","filesize":7076,"url":"https:\/\/360mallorcaproperty.com\/wp-content\/uploads\/2024\/03\/20231113_101206-150x150.jpg"},"medium_large":{"file":"20231113_101206-768x576.jpg","width":768,"height":576,"mime-type":"image\/jpeg","filesize":71898,"url":"https:\/\/360mallorcaproperty.com\/wp-content\/uploads\/2024\/03\/20231113_101206-768x576.jpg"},"1536x1536":{"file":"20231113_101206-1536x1152.jpg","width":1536,"height":1152,"mime-type":"image\/jpeg","filesize":260942,"url":"https:\/\/360mallorcaproperty.com\/wp-content\/uploads\/2024\/03\/20231113_101206-1536x1152.jpg"},"2048x2048":{"file":"20231113_101206-2048x1536.jpg","width":2048,"height":1536,"mime-type":"image\/jpeg","filesize":461213,"url":"https:\/\/360mallorcaproperty.com\/wp-content\/uploads\/2024\/03\/20231113_101206-2048x1536.jpg"},"post-thumbnail":{"file":"20231113_101206-150x113.jpg","width":150,"height":113,"mime-type":"image\/jpeg","filesize":5890,"url":"https:\/\/360mallorcaproperty.com\/wp-content\/uploads\/2024\/03\/20231113_101206-150x113.jpg"},"modern-property-child-slider":{"file":"20231113_101206-680x510.jpg","width":680,"height":510,"mime-type":"image\/jpeg","filesize":58809,"url":"https:\/\/360mallorcaproperty.com\/wp-content\/uploads\/2024\/03\/20231113_101206-680x510.jpg"},"property-thumb-image":{"file":"20231113_101206-488x326.jpg","width":488,"height":326,"mime-type":"image\/jpeg","filesize":30999,"url":"https:\/\/360mallorcaproperty.com\/wp-content\/uploads\/2024\/03\/20231113_101206-488x326.jpg"},"property-detail-video-image":{"file":"20231113_101206-818x417.jpg","width":818,"height":417,"mime-type":"image\/jpeg","filesize":60818,"url":"https:\/\/360mallorcaproperty.com\/wp-content\/uploads\/2024\/03\/20231113_101206-818x417.jpg"},"agent-image":{"file":"20231113_101206-210x210.jpg","width":210,"height":210,"mime-type":"image\/jpeg","filesize":11466,"url":"https:\/\/360mallorcaproperty.com\/wp-content\/uploads\/2024\/03\/20231113_101206-210x210.jpg"},"partners-logo":{"file":"20231113_101206-600x3000.jpg","width":600,"height":3000,"mime-type":"image\/jpeg","filesize":294278,"url":"https:\/\/360mallorcaproperty.com\/wp-content\/uploads\/2024\/03\/20231113_101206-600x3000.jpg"},"post-featured-image":{"file":"20231113_101206-1240x720.jpg","width":1240,"height":720,"mime-type":"image\/jpeg","filesize":140565,"url":"https:\/\/360mallorcaproperty.com\/wp-content\/uploads\/2024\/03\/20231113_101206-1240x720.jpg"}},"image_meta":{"aperture":"2.2","credit":"","camera":"SM-S908B","caption":"","created_timestamp":"1699870326","copyright":"","focal_length":"2.2","iso":"50","shutter_speed":"0.0017857142857143","title":"","orientation":"1","keywords":[]},"original_image":"20231113_101206.jpg","ID":"24829","name":"20231113_101206-scaled.jpg","path":"\/home\/mallorcaproperty\/public_html\/wp-content\/uploads\/2024\/03\/20231113_101206-scaled.jpg","url":"https:\/\/360mallorcaproperty.com\/wp-content\/uploads\/2024\/03\/20231113_101206-150x150.jpg","full_url":"https:\/\/360mallorcaproperty.com\/wp-content\/uploads\/2024\/03\/20231113_101206-scaled.jpg","title":"20231113_101206","caption":"","description":"","alt":"","srcset":"https:\/\/360mallorcaproperty.com\/wp-content\/uploads\/2024\/03\/20231113_101206-150x150.jpg 150w, https:\/\/360mallorcaproperty.com\/wp-content\/uploads\/2024\/03\/20231113_101206-210x210.jpg 210w"},{"width":150,"height":150,"file":"2024\/03\/20231113_101126-scaled.jpg","filesize":492395,"sizes":{"medium":{"file":"20231113_101126-300x140.jpg","width":300,"height":140,"mime-type":"image\/jpeg","filesize":12303,"url":"https:\/\/360mallorcaproperty.com\/wp-content\/uploads\/2024\/03\/20231113_101126-300x140.jpg"},"large":{"file":"20231113_101126-1024x478.jpg","width":1024,"height":478,"mime-type":"image\/jpeg","filesize":88198,"url":"https:\/\/360mallorcaproperty.com\/wp-content\/uploads\/2024\/03\/20231113_101126-1024x478.jpg"},"thumbnail":{"file":"20231113_101126-150x150.jpg","width":150,"height":150,"mime-type":"image\/jpeg","filesize":7471,"url":"https:\/\/360mallorcaproperty.com\/wp-content\/uploads\/2024\/03\/20231113_101126-150x150.jpg"},"medium_large":{"file":"20231113_101126-768x359.jpg","width":768,"height":359,"mime-type":"image\/jpeg","filesize":53992,"url":"https:\/\/360mallorcaproperty.com\/wp-content\/uploads\/2024\/03\/20231113_101126-768x359.jpg"},"1536x1536":{"file":"20231113_101126-1536x717.jpg","width":1536,"height":717,"mime-type":"image\/jpeg","filesize":185437,"url":"https:\/\/360mallorcaproperty.com\/wp-content\/uploads\/2024\/03\/20231113_101126-1536x717.jpg"},"2048x2048":{"file":"20231113_101126-2048x956.jpg","width":2048,"height":956,"mime-type":"image\/jpeg","filesize":320100,"url":"https:\/\/360mallorcaproperty.com\/wp-content\/uploads\/2024\/03\/20231113_101126-2048x956.jpg"},"post-thumbnail":{"file":"20231113_101126-150x70.jpg","width":150,"height":70,"mime-type":"image\/jpeg","filesize":4556,"url":"https:\/\/360mallorcaproperty.com\/wp-content\/uploads\/2024\/03\/20231113_101126-150x70.jpg"},"modern-property-child-slider":{"file":"20231113_101126-680x510.jpg","width":680,"height":510,"mime-type":"image\/jpeg","filesize":65187,"url":"https:\/\/360mallorcaproperty.com\/wp-content\/uploads\/2024\/03\/20231113_101126-680x510.jpg"},"property-thumb-image":{"file":"20231113_101126-488x326.jpg","width":488,"height":326,"mime-type":"image\/jpeg","filesize":33362,"url":"https:\/\/360mallorcaproperty.com\/wp-content\/uploads\/2024\/03\/20231113_101126-488x326.jpg"},"property-detail-video-image":{"file":"20231113_101126-818x417.jpg","width":818,"height":417,"mime-type":"image\/jpeg","filesize":65047,"url":"https:\/\/360mallorcaproperty.com\/wp-content\/uploads\/2024\/03\/20231113_101126-818x417.jpg"},"agent-image":{"file":"20231113_101126-210x210.jpg","width":210,"height":210,"mime-type":"image\/jpeg","filesize":12395,"url":"https:\/\/360mallorcaproperty.com\/wp-content\/uploads\/2024\/03\/20231113_101126-210x210.jpg"},"partners-logo":{"file":"20231113_101126-600x1868.jpg","width":600,"height":1868,"mime-type":"image\/jpeg","filesize":192610,"url":"https:\/\/360mallorcaproperty.com\/wp-content\/uploads\/2024\/03\/20231113_101126-600x1868.jpg"},"post-featured-image":{"file":"20231113_101126-1240x720.jpg","width":1240,"height":720,"mime-type":"image\/jpeg","filesize":154127,"url":"https:\/\/360mallorcaproperty.com\/wp-content\/uploads\/2024\/03\/20231113_101126-1240x720.jpg"}},"image_meta":{"aperture":"2.2","credit":"","camera":"SM-S908B","caption":"","created_timestamp":"1699870286","copyright":"","focal_length":"2.2","iso":"50","shutter_speed":"0.0018867924528302","title":"","orientation":"0","keywords":[]},"original_image":"20231113_101126.jpg","ID":"24826","name":"20231113_101126-scaled.jpg","path":"\/home\/mallorcaproperty\/public_html\/wp-content\/uploads\/2024\/03\/20231113_101126-scaled.jpg","url":"https:\/\/360mallorcaproperty.com\/wp-content\/uploads\/2024\/03\/20231113_101126-150x150.jpg","full_url":"https:\/\/360mallorcaproperty.com\/wp-content\/uploads\/2024\/03\/20231113_101126-scaled.jpg","title":"20231113_101126","caption":"","description":"","alt":"","srcset":"https:\/\/360mallorcaproperty.com\/wp-content\/uploads\/2024\/03\/20231113_101126-150x150.jpg 150w, https:\/\/360mallorcaproperty.com\/wp-content\/uploads\/2024\/03\/20231113_101126-210x210.jpg 210w"},{"width":150,"height":150,"file":"2024\/03\/20231113_100852-scaled.jpg","filesize":393494,"sizes":{"medium":{"file":"20231113_100852-300x140.jpg","width":300,"height":140,"mime-type":"image\/jpeg","filesize":8347,"url":"https:\/\/360mallorcaproperty.com\/wp-content\/uploads\/2024\/03\/20231113_100852-300x140.jpg"},"large":{"file":"20231113_100852-1024x478.jpg","width":1024,"height":478,"mime-type":"image\/jpeg","filesize":72289,"url":"https:\/\/360mallorcaproperty.com\/wp-content\/uploads\/2024\/03\/20231113_100852-1024x478.jpg"},"thumbnail":{"file":"20231113_100852-150x150.jpg","width":150,"height":150,"mime-type":"image\/jpeg","filesize":5519,"url":"https:\/\/360mallorcaproperty.com\/wp-content\/uploads\/2024\/03\/20231113_100852-150x150.jpg"},"medium_large":{"file":"20231113_100852-768x359.jpg","width":768,"height":359,"mime-type":"image\/jpeg","filesize":42406,"url":"https:\/\/360mallorcaproperty.com\/wp-content\/uploads\/2024\/03\/20231113_100852-768x359.jpg"},"1536x1536":{"file":"20231113_100852-1536x717.jpg","width":1536,"height":717,"mime-type":"image\/jpeg","filesize":153592,"url":"https:\/\/360mallorcaproperty.com\/wp-content\/uploads\/2024\/03\/20231113_100852-1536x717.jpg"},"2048x2048":{"file":"20231113_100852-2048x956.jpg","width":2048,"height":956,"mime-type":"image\/jpeg","filesize":260570,"url":"https:\/\/360mallorcaproperty.com\/wp-content\/uploads\/2024\/03\/20231113_100852-2048x956.jpg"},"post-thumbnail":{"file":"20231113_100852-150x70.jpg","width":150,"height":70,"mime-type":"image\/jpeg","filesize":3022,"url":"https:\/\/360mallorcaproperty.com\/wp-content\/uploads\/2024\/03\/20231113_100852-150x70.jpg"},"modern-property-child-slider":{"file":"20231113_100852-680x510.jpg","width":680,"height":510,"mime-type":"image\/jpeg","filesize":53038,"url":"https:\/\/360mallorcaproperty.com\/wp-content\/uploads\/2024\/03\/20231113_100852-680x510.jpg"},"property-thumb-image":{"file":"20231113_100852-488x326.jpg","width":488,"height":326,"mime-type":"image\/jpeg","filesize":26511,"url":"https:\/\/360mallorcaproperty.com\/wp-content\/uploads\/2024\/03\/20231113_100852-488x326.jpg"},"property-detail-video-image":{"file":"20231113_100852-818x417.jpg","width":818,"height":417,"mime-type":"image\/jpeg","filesize":52229,"url":"https:\/\/360mallorcaproperty.com\/wp-content\/uploads\/2024\/03\/20231113_100852-818x417.jpg"},"agent-image":{"file":"20231113_100852-210x210.jpg","width":210,"height":210,"mime-type":"image\/jpeg","filesize":9499,"url":"https:\/\/360mallorcaproperty.com\/wp-content\/uploads\/2024\/03\/20231113_100852-210x210.jpg"},"partners-logo":{"file":"20231113_100852-600x1868.jpg","width":600,"height":1868,"mime-type":"image\/jpeg","filesize":159699,"url":"https:\/\/360mallorcaproperty.com\/wp-content\/uploads\/2024\/03\/20231113_100852-600x1868.jpg"},"post-featured-image":{"file":"20231113_100852-1240x720.jpg","width":1240,"height":720,"mime-type":"image\/jpeg","filesize":124119,"url":"https:\/\/360mallorcaproperty.com\/wp-content\/uploads\/2024\/03\/20231113_100852-1240x720.jpg"}},"image_meta":{"aperture":"2.2","credit":"","camera":"SM-S908B","caption":"","created_timestamp":"1699870133","copyright":"","focal_length":"2.2","iso":"320","shutter_speed":"0.02","title":"","orientation":"1","keywords":[]},"original_image":"20231113_100852.jpg","ID":"24814","name":"20231113_100852-scaled.jpg","path":"\/home\/mallorcaproperty\/public_html\/wp-content\/uploads\/2024\/03\/20231113_100852-scaled.jpg","url":"https:\/\/360mallorcaproperty.com\/wp-content\/uploads\/2024\/03\/20231113_100852-150x150.jpg","full_url":"https:\/\/360mallorcaproperty.com\/wp-content\/uploads\/2024\/03\/20231113_100852-scaled.jpg","title":"20231113_100852","caption":"","description":"","alt":"","srcset":"https:\/\/360mallorcaproperty.com\/wp-content\/uploads\/2024\/03\/20231113_100852-150x150.jpg 150w, https:\/\/360mallorcaproperty.com\/wp-content\/uploads\/2024\/03\/20231113_100852-210x210.jpg 210w"},{"width":150,"height":150,"file":"2024\/03\/20231113_100843-scaled.jpg","filesize":410208,"sizes":{"medium":{"file":"20231113_100843-300x140.jpg","width":300,"height":140,"mime-type":"image\/jpeg","filesize":8704,"url":"https:\/\/360mallorcaproperty.com\/wp-content\/uploads\/2024\/03\/20231113_100843-300x140.jpg"},"large":{"file":"20231113_100843-1024x478.jpg","width":1024,"height":478,"mime-type":"image\/jpeg","filesize":74252,"url":"https:\/\/360mallorcaproperty.com\/wp-content\/uploads\/2024\/03\/20231113_100843-1024x478.jpg"},"thumbnail":{"file":"20231113_100843-150x150.jpg","width":150,"height":150,"mime-type":"image\/jpeg","filesize":4857,"url":"https:\/\/360mallorcaproperty.com\/wp-content\/uploads\/2024\/03\/20231113_100843-150x150.jpg"},"medium_large":{"file":"20231113_100843-768x359.jpg","width":768,"height":359,"mime-type":"image\/jpeg","filesize":43477,"url":"https:\/\/360mallorcaproperty.com\/wp-content\/uploads\/2024\/03\/20231113_100843-768x359.jpg"},"1536x1536":{"file":"20231113_100843-1536x717.jpg","width":1536,"height":717,"mime-type":"image\/jpeg","filesize":159241,"url":"https:\/\/360mallorcaproperty.com\/wp-content\/uploads\/2024\/03\/20231113_100843-1536x717.jpg"},"2048x2048":{"file":"20231113_100843-2048x956.jpg","width":2048,"height":956,"mime-type":"image\/jpeg","filesize":271898,"url":"https:\/\/360mallorcaproperty.com\/wp-content\/uploads\/2024\/03\/20231113_100843-2048x956.jpg"},"post-thumbnail":{"file":"20231113_100843-150x70.jpg","width":150,"height":70,"mime-type":"image\/jpeg","filesize":3128,"url":"https:\/\/360mallorcaproperty.com\/wp-content\/uploads\/2024\/03\/20231113_100843-150x70.jpg"},"modern-property-child-slider":{"file":"20231113_100843-680x510.jpg","width":680,"height":510,"mime-type":"image\/jpeg","filesize":52454,"url":"https:\/\/360mallorcaproperty.com\/wp-content\/uploads\/2024\/03\/20231113_100843-680x510.jpg"},"property-thumb-image":{"file":"20231113_100843-488x326.jpg","width":488,"height":326,"mime-type":"image\/jpeg","filesize":26025,"url":"https:\/\/360mallorcaproperty.com\/wp-content\/uploads\/2024\/03\/20231113_100843-488x326.jpg"},"property-detail-video-image":{"file":"20231113_100843-818x417.jpg","width":818,"height":417,"mime-type":"image\/jpeg","filesize":53720,"url":"https:\/\/360mallorcaproperty.com\/wp-content\/uploads\/2024\/03\/20231113_100843-818x417.jpg"},"agent-image":{"file":"20231113_100843-210x210.jpg","width":210,"height":210,"mime-type":"image\/jpeg","filesize":8498,"url":"https:\/\/360mallorcaproperty.com\/wp-content\/uploads\/2024\/03\/20231113_100843-210x210.jpg"},"partners-logo":{"file":"20231113_100843-600x1868.jpg","width":600,"height":1868,"mime-type":"image\/jpeg","filesize":154708,"url":"https:\/\/360mallorcaproperty.com\/wp-content\/uploads\/2024\/03\/20231113_100843-600x1868.jpg"},"post-featured-image":{"file":"20231113_100843-1240x720.jpg","width":1240,"height":720,"mime-type":"image\/jpeg","filesize":128303,"url":"https:\/\/360mallorcaproperty.com\/wp-content\/uploads\/2024\/03\/20231113_100843-1240x720.jpg"}},"image_meta":{"aperture":"2.2","credit":"","camera":"SM-S908B","caption":"","created_timestamp":"1699870124","copyright":"","focal_length":"2.2","iso":"320","shutter_speed":"0.03030303030303","title":"","orientation":"1","keywords":[]},"original_image":"20231113_100843.jpg","ID":"24811","name":"20231113_100843-scaled.jpg","path":"\/home\/mallorcaproperty\/public_html\/wp-content\/uploads\/2024\/03\/20231113_100843-scaled.jpg","url":"https:\/\/360mallorcaproperty.com\/wp-content\/uploads\/2024\/03\/20231113_100843-150x150.jpg","full_url":"https:\/\/360mallorcaproperty.com\/wp-content\/uploads\/2024\/03\/20231113_100843-scaled.jpg","title":"20231113_100843","caption":"","description":"","alt":"","srcset":"https:\/\/360mallorcaproperty.com\/wp-content\/uploads\/2024\/03\/20231113_100843-150x150.jpg 150w, https:\/\/360mallorcaproperty.com\/wp-content\/uploads\/2024\/03\/20231113_100843-210x210.jpg 210w"},{"width":150,"height":150,"file":"2024\/03\/REimagineHome_1699890645541_2x.jpg","filesize":706044,"sizes":{"medium":{"file":"REimagineHome_1699890645541_2x-300x240.jpg","width":300,"height":240,"mime-type":"image\/jpeg","filesize":14765,"url":"https:\/\/360mallorcaproperty.com\/wp-content\/uploads\/2024\/03\/REimagineHome_1699890645541_2x-300x240.jpg"},"large":{"file":"REimagineHome_1699890645541_2x-1024x819.jpg","width":1024,"height":819,"mime-type":"image\/jpeg","filesize":112597,"url":"https:\/\/360mallorcaproperty.com\/wp-content\/uploads\/2024\/03\/REimagineHome_1699890645541_2x-1024x819.jpg"},"thumbnail":{"file":"REimagineHome_1699890645541_2x-150x150.jpg","width":150,"height":150,"mime-type":"image\/jpeg","filesize":5798,"url":"https:\/\/360mallorcaproperty.com\/wp-content\/uploads\/2024\/03\/REimagineHome_1699890645541_2x-150x150.jpg"},"medium_large":{"file":"REimagineHome_1699890645541_2x-768x614.jpg","width":768,"height":614,"mime-type":"image\/jpeg","filesize":71060,"url":"https:\/\/360mallorcaproperty.com\/wp-content\/uploads\/2024\/03\/REimagineHome_1699890645541_2x-768x614.jpg"},"1536x1536":{"file":"REimagineHome_1699890645541_2x-1536x1229.jpg","width":1536,"height":1229,"mime-type":"image\/jpeg","filesize":210249,"url":"https:\/\/360mallorcaproperty.com\/wp-content\/uploads\/2024\/03\/REimagineHome_1699890645541_2x-1536x1229.jpg"},"post-thumbnail":{"file":"REimagineHome_1699890645541_2x-150x120.jpg","width":150,"height":120,"mime-type":"image\/jpeg","filesize":5227,"url":"https:\/\/360mallorcaproperty.com\/wp-content\/uploads\/2024\/03\/REimagineHome_1699890645541_2x-150x120.jpg"},"modern-property-child-slider":{"file":"REimagineHome_1699890645541_2x-680x510.jpg","width":680,"height":510,"mime-type":"image\/jpeg","filesize":55500,"url":"https:\/\/360mallorcaproperty.com\/wp-content\/uploads\/2024\/03\/REimagineHome_1699890645541_2x-680x510.jpg"},"property-thumb-image":{"file":"REimagineHome_1699890645541_2x-488x326.jpg","width":488,"height":326,"mime-type":"image\/jpeg","filesize":29765,"url":"https:\/\/360mallorcaproperty.com\/wp-content\/uploads\/2024\/03\/REimagineHome_1699890645541_2x-488x326.jpg"},"property-detail-video-image":{"file":"REimagineHome_1699890645541_2x-818x417.jpg","width":818,"height":417,"mime-type":"image\/jpeg","filesize":59087,"url":"https:\/\/360mallorcaproperty.com\/wp-content\/uploads\/2024\/03\/REimagineHome_1699890645541_2x-818x417.jpg"},"agent-image":{"file":"REimagineHome_1699890645541_2x-210x210.jpg","width":210,"height":210,"mime-type":"image\/jpeg","filesize":9786,"url":"https:\/\/360mallorcaproperty.com\/wp-content\/uploads\/2024\/03\/REimagineHome_1699890645541_2x-210x210.jpg"},"partners-logo":{"file":"REimagineHome_1699890645541_2x-600x1536.jpg","width":600,"height":1536,"mime-type":"image\/jpeg","filesize":114842,"url":"https:\/\/360mallorcaproperty.com\/wp-content\/uploads\/2024\/03\/REimagineHome_1699890645541_2x-600x1536.jpg"},"post-featured-image":{"file":"REimagineHome_1699890645541_2x-1240x720.jpg","width":1240,"height":720,"mime-type":"image\/jpeg","filesize":122963,"url":"https:\/\/360mallorcaproperty.com\/wp-content\/uploads\/2024\/03\/REimagineHome_1699890645541_2x-1240x720.jpg"}},"image_meta":{"aperture":"0","credit":"","camera":"","caption":"","created_timestamp":"0","copyright":"","focal_length":"0","iso":"0","shutter_speed":"0","title":"","orientation":"0","keywords":[]},"ID":"24793","name":"REimagineHome_1699890645541_2x.jpg","path":"\/home\/mallorcaproperty\/public_html\/wp-content\/uploads\/2024\/03\/REimagineHome_1699890645541_2x.jpg","url":"https:\/\/360mallorcaproperty.com\/wp-content\/uploads\/2024\/03\/REimagineHome_1699890645541_2x-150x150.jpg","full_url":"https:\/\/360mallorcaproperty.com\/wp-content\/uploads\/2024\/03\/REimagineHome_1699890645541_2x.jpg","title":"REimagineHome_1699890645541_2x","caption":"","description":"","alt":"","srcset":"https:\/\/360mallorcaproperty.com\/wp-content\/uploads\/2024\/03\/REimagineHome_1699890645541_2x-150x150.jpg 150w, https:\/\/360mallorcaproperty.com\/wp-content\/uploads\/2024\/03\/REimagineHome_1699890645541_2x-210x210.jpg 210w"},{"width":150,"height":150,"file":"2024\/03\/20231113_101012-scaled.jpg","filesize":767413,"sizes":{"medium":{"file":"20231113_101012-300x225.jpg","width":300,"height":225,"mime-type":"image\/jpeg","filesize":14595,"url":"https:\/\/360mallorcaproperty.com\/wp-content\/uploads\/2024\/03\/20231113_101012-300x225.jpg"},"large":{"file":"20231113_101012-1024x768.jpg","width":1024,"height":768,"mime-type":"image\/jpeg","filesize":137270,"url":"https:\/\/360mallorcaproperty.com\/wp-content\/uploads\/2024\/03\/20231113_101012-1024x768.jpg"},"thumbnail":{"file":"20231113_101012-150x150.jpg","width":150,"height":150,"mime-type":"image\/jpeg","filesize":5811,"url":"https:\/\/360mallorcaproperty.com\/wp-content\/uploads\/2024\/03\/20231113_101012-150x150.jpg"},"medium_large":{"file":"20231113_101012-768x576.jpg","width":768,"height":576,"mime-type":"image\/jpeg","filesize":79078,"url":"https:\/\/360mallorcaproperty.com\/wp-content\/uploads\/2024\/03\/20231113_101012-768x576.jpg"},"1536x1536":{"file":"20231113_101012-1536x1152.jpg","width":1536,"height":1152,"mime-type":"image\/jpeg","filesize":297015,"url":"https:\/\/360mallorcaproperty.com\/wp-content\/uploads\/2024\/03\/20231113_101012-1536x1152.jpg"},"2048x2048":{"file":"20231113_101012-2048x1536.jpg","width":2048,"height":1536,"mime-type":"image\/jpeg","filesize":508779,"url":"https:\/\/360mallorcaproperty.com\/wp-content\/uploads\/2024\/03\/20231113_101012-2048x1536.jpg"},"post-thumbnail":{"file":"20231113_101012-150x113.jpg","width":150,"height":113,"mime-type":"image\/jpeg","filesize":4833,"url":"https:\/\/360mallorcaproperty.com\/wp-content\/uploads\/2024\/03\/20231113_101012-150x113.jpg"},"modern-property-child-slider":{"file":"20231113_101012-680x510.jpg","width":680,"height":510,"mime-type":"image\/jpeg","filesize":63065,"url":"https:\/\/360mallorcaproperty.com\/wp-content\/uploads\/2024\/03\/20231113_101012-680x510.jpg"},"property-thumb-image":{"file":"20231113_101012-488x326.jpg","width":488,"height":326,"mime-type":"image\/jpeg","filesize":31555,"url":"https:\/\/360mallorcaproperty.com\/wp-content\/uploads\/2024\/03\/20231113_101012-488x326.jpg"},"property-detail-video-image":{"file":"20231113_101012-818x417.jpg","width":818,"height":417,"mime-type":"image\/jpeg","filesize":65481,"url":"https:\/\/360mallorcaproperty.com\/wp-content\/uploads\/2024\/03\/20231113_101012-818x417.jpg"},"agent-image":{"file":"20231113_101012-210x210.jpg","width":210,"height":210,"mime-type":"image\/jpeg","filesize":10005,"url":"https:\/\/360mallorcaproperty.com\/wp-content\/uploads\/2024\/03\/20231113_101012-210x210.jpg"},"partners-logo":{"file":"20231113_101012-600x3000.jpg","width":600,"height":3000,"mime-type":"image\/jpeg","filesize":288533,"url":"https:\/\/360mallorcaproperty.com\/wp-content\/uploads\/2024\/03\/20231113_101012-600x3000.jpg"},"post-featured-image":{"file":"20231113_101012-1240x720.jpg","width":1240,"height":720,"mime-type":"image\/jpeg","filesize":163113,"url":"https:\/\/360mallorcaproperty.com\/wp-content\/uploads\/2024\/03\/20231113_101012-1240x720.jpg"}},"image_meta":{"aperture":"0","credit":"","camera":"","caption":"","created_timestamp":"0","copyright":"","focal_length":"0","iso":"0","shutter_speed":"0","title":"","orientation":"0","keywords":[]},"original_image":"20231113_101012.jpg","ID":"24820","name":"20231113_101012-scaled.jpg","path":"\/home\/mallorcaproperty\/public_html\/wp-content\/uploads\/2024\/03\/20231113_101012-scaled.jpg","url":"https:\/\/360mallorcaproperty.com\/wp-content\/uploads\/2024\/03\/20231113_101012-150x150.jpg","full_url":"https:\/\/360mallorcaproperty.com\/wp-content\/uploads\/2024\/03\/20231113_101012-scaled.jpg","title":"20231113_101012","caption":"","description":"","alt":"","srcset":"https:\/\/360mallorcaproperty.com\/wp-content\/uploads\/2024\/03\/20231113_101012-150x150.jpg 150w, https:\/\/360mallorcaproperty.com\/wp-content\/uploads\/2024\/03\/20231113_101012-210x210.jpg 210w"},{"width":150,"height":150,"file":"2024\/03\/20231113_101003-scaled.jpg","filesize":751227,"sizes":{"medium":{"file":"20231113_101003-300x225.jpg","width":300,"height":225,"mime-type":"image\/jpeg","filesize":15080,"url":"https:\/\/360mallorcaproperty.com\/wp-content\/uploads\/2024\/03\/20231113_101003-300x225.jpg"},"large":{"file":"20231113_101003-1024x768.jpg","width":1024,"height":768,"mime-type":"image\/jpeg","filesize":138745,"url":"https:\/\/360mallorcaproperty.com\/wp-content\/uploads\/2024\/03\/20231113_101003-1024x768.jpg"},"thumbnail":{"file":"20231113_101003-150x150.jpg","width":150,"height":150,"mime-type":"image\/jpeg","filesize":5735,"url":"https:\/\/360mallorcaproperty.com\/wp-content\/uploads\/2024\/03\/20231113_101003-150x150.jpg"},"medium_large":{"file":"20231113_101003-768x576.jpg","width":768,"height":576,"mime-type":"image\/jpeg","filesize":81052,"url":"https:\/\/360mallorcaproperty.com\/wp-content\/uploads\/2024\/03\/20231113_101003-768x576.jpg"},"1536x1536":{"file":"20231113_101003-1536x1152.jpg","width":1536,"height":1152,"mime-type":"image\/jpeg","filesize":294596,"url":"https:\/\/360mallorcaproperty.com\/wp-content\/uploads\/2024\/03\/20231113_101003-1536x1152.jpg"},"2048x2048":{"file":"20231113_101003-2048x1536.jpg","width":2048,"height":1536,"mime-type":"image\/jpeg","filesize":499228,"url":"https:\/\/360mallorcaproperty.com\/wp-content\/uploads\/2024\/03\/20231113_101003-2048x1536.jpg"},"post-thumbnail":{"file":"20231113_101003-150x113.jpg","width":150,"height":113,"mime-type":"image\/jpeg","filesize":5021,"url":"https:\/\/360mallorcaproperty.com\/wp-content\/uploads\/2024\/03\/20231113_101003-150x113.jpg"},"modern-property-child-slider":{"file":"20231113_101003-680x510.jpg","width":680,"height":510,"mime-type":"image\/jpeg","filesize":64574,"url":"https:\/\/360mallorcaproperty.com\/wp-content\/uploads\/2024\/03\/20231113_101003-680x510.jpg"},"property-thumb-image":{"file":"20231113_101003-488x326.jpg","width":488,"height":326,"mime-type":"image\/jpeg","filesize":32581,"url":"https:\/\/360mallorcaproperty.com\/wp-content\/uploads\/2024\/03\/20231113_101003-488x326.jpg"},"property-detail-video-image":{"file":"20231113_101003-818x417.jpg","width":818,"height":417,"mime-type":"image\/jpeg","filesize":67043,"url":"https:\/\/360mallorcaproperty.com\/wp-content\/uploads\/2024\/03\/20231113_101003-818x417.jpg"},"agent-image":{"file":"20231113_101003-210x210.jpg","width":210,"height":210,"mime-type":"image\/jpeg","filesize":9997,"url":"https:\/\/360mallorcaproperty.com\/wp-content\/uploads\/2024\/03\/20231113_101003-210x210.jpg"},"partners-logo":{"file":"20231113_101003-600x3000.jpg","width":600,"height":3000,"mime-type":"image\/jpeg","filesize":276608,"url":"https:\/\/360mallorcaproperty.com\/wp-content\/uploads\/2024\/03\/20231113_101003-600x3000.jpg"},"post-featured-image":{"file":"20231113_101003-1240x720.jpg","width":1240,"height":720,"mime-type":"image\/jpeg","filesize":162201,"url":"https:\/\/360mallorcaproperty.com\/wp-content\/uploads\/2024\/03\/20231113_101003-1240x720.jpg"}},"image_meta":{"aperture":"2.2","credit":"","camera":"SM-S908B","caption":"","created_timestamp":"1699870204","copyright":"","focal_length":"2.2","iso":"64","shutter_speed":"0.01","title":"","orientation":"0","keywords":[]},"original_image":"20231113_101003.jpg","ID":"24817","name":"20231113_101003-scaled.jpg","path":"\/home\/mallorcaproperty\/public_html\/wp-content\/uploads\/2024\/03\/20231113_101003-scaled.jpg","url":"https:\/\/360mallorcaproperty.com\/wp-content\/uploads\/2024\/03\/20231113_101003-150x150.jpg","full_url":"https:\/\/360mallorcaproperty.com\/wp-content\/uploads\/2024\/03\/20231113_101003-scaled.jpg","title":"20231113_101003","caption":"","description":"","alt":"","srcset":"https:\/\/360mallorcaproperty.com\/wp-content\/uploads\/2024\/03\/20231113_101003-150x150.jpg 150w, https:\/\/360mallorcaproperty.com\/wp-content\/uploads\/2024\/03\/20231113_101003-210x210.jpg 210w"},{"width":150,"height":150,"file":"2024\/03\/REimagineHome_1699892336586_2x.jpg","filesize":703829,"sizes":{"medium":{"file":"REimagineHome_1699892336586_2x-300x240.jpg","width":300,"height":240,"mime-type":"image\/jpeg","filesize":15929,"url":"https:\/\/360mallorcaproperty.com\/wp-content\/uploads\/2024\/03\/REimagineHome_1699892336586_2x-300x240.jpg"},"large":{"file":"REimagineHome_1699892336586_2x-1024x819.jpg","width":1024,"height":819,"mime-type":"image\/jpeg","filesize":114665,"url":"https:\/\/360mallorcaproperty.com\/wp-content\/uploads\/2024\/03\/REimagineHome_1699892336586_2x-1024x819.jpg"},"thumbnail":{"file":"REimagineHome_1699892336586_2x-150x150.jpg","width":150,"height":150,"mime-type":"image\/jpeg","filesize":6629,"url":"https:\/\/360mallorcaproperty.com\/wp-content\/uploads\/2024\/03\/REimagineHome_1699892336586_2x-150x150.jpg"},"medium_large":{"file":"REimagineHome_1699892336586_2x-768x614.jpg","width":768,"height":614,"mime-type":"image\/jpeg","filesize":73337,"url":"https:\/\/360mallorcaproperty.com\/wp-content\/uploads\/2024\/03\/REimagineHome_1699892336586_2x-768x614.jpg"},"1536x1536":{"file":"REimagineHome_1699892336586_2x-1536x1229.jpg","width":1536,"height":1229,"mime-type":"image\/jpeg","filesize":212244,"url":"https:\/\/360mallorcaproperty.com\/wp-content\/uploads\/2024\/03\/REimagineHome_1699892336586_2x-1536x1229.jpg"},"post-thumbnail":{"file":"REimagineHome_1699892336586_2x-150x120.jpg","width":150,"height":120,"mime-type":"image\/jpeg","filesize":5551,"url":"https:\/\/360mallorcaproperty.com\/wp-content\/uploads\/2024\/03\/REimagineHome_1699892336586_2x-150x120.jpg"},"modern-property-child-slider":{"file":"REimagineHome_1699892336586_2x-680x510.jpg","width":680,"height":510,"mime-type":"image\/jpeg","filesize":57022,"url":"https:\/\/360mallorcaproperty.com\/wp-content\/uploads\/2024\/03\/REimagineHome_1699892336586_2x-680x510.jpg"},"property-thumb-image":{"file":"REimagineHome_1699892336586_2x-488x326.jpg","width":488,"height":326,"mime-type":"image\/jpeg","filesize":30117,"url":"https:\/\/360mallorcaproperty.com\/wp-content\/uploads\/2024\/03\/REimagineHome_1699892336586_2x-488x326.jpg"},"property-detail-video-image":{"file":"REimagineHome_1699892336586_2x-818x417.jpg","width":818,"height":417,"mime-type":"image\/jpeg","filesize":53647,"url":"https:\/\/360mallorcaproperty.com\/wp-content\/uploads\/2024\/03\/REimagineHome_1699892336586_2x-818x417.jpg"},"agent-image":{"file":"REimagineHome_1699892336586_2x-210x210.jpg","width":210,"height":210,"mime-type":"image\/jpeg","filesize":11156,"url":"https:\/\/360mallorcaproperty.com\/wp-content\/uploads\/2024\/03\/REimagineHome_1699892336586_2x-210x210.jpg"},"partners-logo":{"file":"REimagineHome_1699892336586_2x-600x1536.jpg","width":600,"height":1536,"mime-type":"image\/jpeg","filesize":93237,"url":"https:\/\/360mallorcaproperty.com\/wp-content\/uploads\/2024\/03\/REimagineHome_1699892336586_2x-600x1536.jpg"},"post-featured-image":{"file":"REimagineHome_1699892336586_2x-1240x720.jpg","width":1240,"height":720,"mime-type":"image\/jpeg","filesize":114199,"url":"https:\/\/360mallorcaproperty.com\/wp-content\/uploads\/2024\/03\/REimagineHome_1699892336586_2x-1240x720.jpg"}},"image_meta":{"aperture":"0","credit":"","camera":"","caption":"","created_timestamp":"0","copyright":"","focal_length":"0","iso":"0","shutter_speed":"0","title":"","orientation":"0","keywords":[]},"ID":"24802","name":"REimagineHome_1699892336586_2x.jpg","path":"\/home\/mallorcaproperty\/public_html\/wp-content\/uploads\/2024\/03\/REimagineHome_1699892336586_2x.jpg","url":"https:\/\/360mallorcaproperty.com\/wp-content\/uploads\/2024\/03\/REimagineHome_1699892336586_2x-150x150.jpg","full_url":"https:\/\/360mallorcaproperty.com\/wp-content\/uploads\/2024\/03\/REimagineHome_1699892336586_2x.jpg","title":"REimagineHome_1699892336586_2x","caption":"","description":"","alt":"","srcset":"https:\/\/360mallorcaproperty.com\/wp-content\/uploads\/2024\/03\/REimagineHome_1699892336586_2x-150x150.jpg 150w, https:\/\/360mallorcaproperty.com\/wp-content\/uploads\/2024\/03\/REimagineHome_1699892336586_2x-210x210.jpg 210w"},{"width":150,"height":150,"file":"2024\/03\/20231113_101647-scaled.jpg","filesize":632159,"sizes":{"medium":{"file":"20231113_101647-300x225.jpg","width":300,"height":225,"mime-type":"image\/jpeg","filesize":15223,"url":"https:\/\/360mallorcaproperty.com\/wp-content\/uploads\/2024\/03\/20231113_101647-300x225.jpg"},"large":{"file":"20231113_101647-1024x768.jpg","width":1024,"height":768,"mime-type":"image\/jpeg","filesize":109347,"url":"https:\/\/360mallorcaproperty.com\/wp-content\/uploads\/2024\/03\/20231113_101647-1024x768.jpg"},"thumbnail":{"file":"20231113_101647-150x150.jpg","width":150,"height":150,"mime-type":"image\/jpeg","filesize":6175,"url":"https:\/\/360mallorcaproperty.com\/wp-content\/uploads\/2024\/03\/20231113_101647-150x150.jpg"},"medium_large":{"file":"20231113_101647-768x576.jpg","width":768,"height":576,"mime-type":"image\/jpeg","filesize":66347,"url":"https:\/\/360mallorcaproperty.com\/wp-content\/uploads\/2024\/03\/20231113_101647-768x576.jpg"},"1536x1536":{"file":"20231113_101647-1536x1152.jpg","width":1536,"height":1152,"mime-type":"image\/jpeg","filesize":228803,"url":"https:\/\/360mallorcaproperty.com\/wp-content\/uploads\/2024\/03\/20231113_101647-1536x1152.jpg"},"2048x2048":{"file":"20231113_101647-2048x1536.jpg","width":2048,"height":1536,"mime-type":"image\/jpeg","filesize":401010,"url":"https:\/\/360mallorcaproperty.com\/wp-content\/uploads\/2024\/03\/20231113_101647-2048x1536.jpg"},"post-thumbnail":{"file":"20231113_101647-150x113.jpg","width":150,"height":113,"mime-type":"image\/jpeg","filesize":5530,"url":"https:\/\/360mallorcaproperty.com\/wp-content\/uploads\/2024\/03\/20231113_101647-150x113.jpg"},"modern-property-child-slider":{"file":"20231113_101647-680x510.jpg","width":680,"height":510,"mime-type":"image\/jpeg","filesize":54692,"url":"https:\/\/360mallorcaproperty.com\/wp-content\/uploads\/2024\/03\/20231113_101647-680x510.jpg"},"property-thumb-image":{"file":"20231113_101647-488x326.jpg","width":488,"height":326,"mime-type":"image\/jpeg","filesize":29446,"url":"https:\/\/360mallorcaproperty.com\/wp-content\/uploads\/2024\/03\/20231113_101647-488x326.jpg"},"property-detail-video-image":{"file":"20231113_101647-818x417.jpg","width":818,"height":417,"mime-type":"image\/jpeg","filesize":57426,"url":"https:\/\/360mallorcaproperty.com\/wp-content\/uploads\/2024\/03\/20231113_101647-818x417.jpg"},"agent-image":{"file":"20231113_101647-210x210.jpg","width":210,"height":210,"mime-type":"image\/jpeg","filesize":10373,"url":"https:\/\/360mallorcaproperty.com\/wp-content\/uploads\/2024\/03\/20231113_101647-210x210.jpg"},"partners-logo":{"file":"20231113_101647-600x3000.jpg","width":600,"height":3000,"mime-type":"image\/jpeg","filesize":265578,"url":"https:\/\/360mallorcaproperty.com\/wp-content\/uploads\/2024\/03\/20231113_101647-600x3000.jpg"},"post-featured-image":{"file":"20231113_101647-1240x720.jpg","width":1240,"height":720,"mime-type":"image\/jpeg","filesize":127678,"url":"https:\/\/360mallorcaproperty.com\/wp-content\/uploads\/2024\/03\/20231113_101647-1240x720.jpg"}},"image_meta":{"aperture":"2.2","credit":"","camera":"SM-S908B","caption":"","created_timestamp":"1699870608","copyright":"","focal_length":"2.2","iso":"50","shutter_speed":"0.0047619047619048","title":"","orientation":"1","keywords":[]},"original_image":"20231113_101647.jpg","ID":"24844","name":"20231113_101647-scaled.jpg","path":"\/home\/mallorcaproperty\/public_html\/wp-content\/uploads\/2024\/03\/20231113_101647-scaled.jpg","url":"https:\/\/360mallorcaproperty.com\/wp-content\/uploads\/2024\/03\/20231113_101647-150x150.jpg","full_url":"https:\/\/360mallorcaproperty.com\/wp-content\/uploads\/2024\/03\/20231113_101647-scaled.jpg","title":"20231113_101647","caption":"","description":"","alt":"","srcset":"https:\/\/360mallorcaproperty.com\/wp-content\/uploads\/2024\/03\/20231113_101647-150x150.jpg 150w, https:\/\/360mallorcaproperty.com\/wp-content\/uploads\/2024\/03\/20231113_101647-210x210.jpg 210w"},{"width":150,"height":150,"file":"2024\/03\/REimagineHome_1699890832016_2x.jpg","filesize":586553,"sizes":{"medium":{"file":"REimagineHome_1699890832016_2x-300x240.jpg","width":300,"height":240,"mime-type":"image\/jpeg","filesize":13639,"url":"https:\/\/360mallorcaproperty.com\/wp-content\/uploads\/2024\/03\/REimagineHome_1699890832016_2x-300x240.jpg"},"large":{"file":"REimagineHome_1699890832016_2x-1024x819.jpg","width":1024,"height":819,"mime-type":"image\/jpeg","filesize":92383,"url":"https:\/\/360mallorcaproperty.com\/wp-content\/uploads\/2024\/03\/REimagineHome_1699890832016_2x-1024x819.jpg"},"thumbnail":{"file":"REimagineHome_1699890832016_2x-150x150.jpg","width":150,"height":150,"mime-type":"image\/jpeg","filesize":5636,"url":"https:\/\/360mallorcaproperty.com\/wp-content\/uploads\/2024\/03\/REimagineHome_1699890832016_2x-150x150.jpg"},"medium_large":{"file":"REimagineHome_1699890832016_2x-768x614.jpg","width":768,"height":614,"mime-type":"image\/jpeg","filesize":59611,"url":"https:\/\/360mallorcaproperty.com\/wp-content\/uploads\/2024\/03\/REimagineHome_1699890832016_2x-768x614.jpg"},"1536x1536":{"file":"REimagineHome_1699890832016_2x-1536x1229.jpg","width":1536,"height":1229,"mime-type":"image\/jpeg","filesize":170098,"url":"https:\/\/360mallorcaproperty.com\/wp-content\/uploads\/2024\/03\/REimagineHome_1699890832016_2x-1536x1229.jpg"},"post-thumbnail":{"file":"REimagineHome_1699890832016_2x-150x120.jpg","width":150,"height":120,"mime-type":"image\/jpeg","filesize":5014,"url":"https:\/\/360mallorcaproperty.com\/wp-content\/uploads\/2024\/03\/REimagineHome_1699890832016_2x-150x120.jpg"},"modern-property-child-slider":{"file":"REimagineHome_1699890832016_2x-680x510.jpg","width":680,"height":510,"mime-type":"image\/jpeg","filesize":47406,"url":"https:\/\/360mallorcaproperty.com\/wp-content\/uploads\/2024\/03\/REimagineHome_1699890832016_2x-680x510.jpg"},"property-thumb-image":{"file":"REimagineHome_1699890832016_2x-488x326.jpg","width":488,"height":326,"mime-type":"image\/jpeg","filesize":25879,"url":"https:\/\/360mallorcaproperty.com\/wp-content\/uploads\/2024\/03\/REimagineHome_1699890832016_2x-488x326.jpg"},"property-detail-video-image":{"file":"REimagineHome_1699890832016_2x-818x417.jpg","width":818,"height":417,"mime-type":"image\/jpeg","filesize":49939,"url":"https:\/\/360mallorcaproperty.com\/wp-content\/uploads\/2024\/03\/REimagineHome_1699890832016_2x-818x417.jpg"},"agent-image":{"file":"REimagineHome_1699890832016_2x-210x210.jpg","width":210,"height":210,"mime-type":"image\/jpeg","filesize":9295,"url":"https:\/\/360mallorcaproperty.com\/wp-content\/uploads\/2024\/03\/REimagineHome_1699890832016_2x-210x210.jpg"},"partners-logo":{"file":"REimagineHome_1699890832016_2x-600x1536.jpg","width":600,"height":1536,"mime-type":"image\/jpeg","filesize":88015,"url":"https:\/\/360mallorcaproperty.com\/wp-content\/uploads\/2024\/03\/REimagineHome_1699890832016_2x-600x1536.jpg"},"post-featured-image":{"file":"REimagineHome_1699890832016_2x-1240x720.jpg","width":1240,"height":720,"mime-type":"image\/jpeg","filesize":101705,"url":"https:\/\/360mallorcaproperty.com\/wp-content\/uploads\/2024\/03\/REimagineHome_1699890832016_2x-1240x720.jpg"}},"image_meta":{"aperture":"0","credit":"","camera":"","caption":"","created_timestamp":"0","copyright":"","focal_length":"0","iso":"0","shutter_speed":"0","title":"","orientation":"0","keywords":[]},"ID":"24799","name":"REimagineHome_1699890832016_2x.jpg","path":"\/home\/mallorcaproperty\/public_html\/wp-content\/uploads\/2024\/03\/REimagineHome_1699890832016_2x.jpg","url":"https:\/\/360mallorcaproperty.com\/wp-content\/uploads\/2024\/03\/REimagineHome_1699890832016_2x-150x150.jpg","full_url":"https:\/\/360mallorcaproperty.com\/wp-content\/uploads\/2024\/03\/REimagineHome_1699890832016_2x.jpg","title":"REimagineHome_1699890832016_2x","caption":"","description":"","alt":"","srcset":"https:\/\/360mallorcaproperty.com\/wp-content\/uploads\/2024\/03\/REimagineHome_1699890832016_2x-150x150.jpg 150w, https:\/\/360mallorcaproperty.com\/wp-content\/uploads\/2024\/03\/REimagineHome_1699890832016_2x-210x210.jpg 210w"},{"width":150,"height":150,"file":"2024\/03\/20231113_101710-scaled.jpg","filesize":614537,"sizes":{"medium":{"file":"20231113_101710-300x225.jpg","width":300,"height":225,"mime-type":"image\/jpeg","filesize":12623,"url":"https:\/\/360mallorcaproperty.com\/wp-content\/uploads\/2024\/03\/20231113_101710-300x225.jpg"},"large":{"file":"20231113_101710-1024x768.jpg","width":1024,"height":768,"mime-type":"image\/jpeg","filesize":102323,"url":"https:\/\/360mallorcaproperty.com\/wp-content\/uploads\/2024\/03\/20231113_101710-1024x768.jpg"},"thumbnail":{"file":"20231113_101710-150x150.jpg","width":150,"height":150,"mime-type":"image\/jpeg","filesize":5798,"url":"https:\/\/360mallorcaproperty.com\/wp-content\/uploads\/2024\/03\/20231113_101710-150x150.jpg"},"medium_large":{"file":"20231113_101710-768x576.jpg","width":768,"height":576,"mime-type":"image\/jpeg","filesize":60287,"url":"https:\/\/360mallorcaproperty.com\/wp-content\/uploads\/2024\/03\/20231113_101710-768x576.jpg"},"1536x1536":{"file":"20231113_101710-1536x1152.jpg","width":1536,"height":1152,"mime-type":"image\/jpeg","filesize":221696,"url":"https:\/\/360mallorcaproperty.com\/wp-content\/uploads\/2024\/03\/20231113_101710-1536x1152.jpg"},"2048x2048":{"file":"20231113_101710-2048x1536.jpg","width":2048,"height":1536,"mime-type":"image\/jpeg","filesize":389912,"url":"https:\/\/360mallorcaproperty.com\/wp-content\/uploads\/2024\/03\/20231113_101710-2048x1536.jpg"},"post-thumbnail":{"file":"20231113_101710-150x113.jpg","width":150,"height":113,"mime-type":"image\/jpeg","filesize":4511,"url":"https:\/\/360mallorcaproperty.com\/wp-content\/uploads\/2024\/03\/20231113_101710-150x113.jpg"},"modern-property-child-slider":{"file":"20231113_101710-680x510.jpg","width":680,"height":510,"mime-type":"image\/jpeg","filesize":48613,"url":"https:\/\/360mallorcaproperty.com\/wp-content\/uploads\/2024\/03\/20231113_101710-680x510.jpg"},"property-thumb-image":{"file":"20231113_101710-488x326.jpg","width":488,"height":326,"mime-type":"image\/jpeg","filesize":25242,"url":"https:\/\/360mallorcaproperty.com\/wp-content\/uploads\/2024\/03\/20231113_101710-488x326.jpg"},"property-detail-video-image":{"file":"20231113_101710-818x417.jpg","width":818,"height":417,"mime-type":"image\/jpeg","filesize":50626,"url":"https:\/\/360mallorcaproperty.com\/wp-content\/uploads\/2024\/03\/20231113_101710-818x417.jpg"},"agent-image":{"file":"20231113_101710-210x210.jpg","width":210,"height":210,"mime-type":"image\/jpeg","filesize":9793,"url":"https:\/\/360mallorcaproperty.com\/wp-content\/uploads\/2024\/03\/20231113_101710-210x210.jpg"},"partners-logo":{"file":"20231113_101710-600x3000.jpg","width":600,"height":3000,"mime-type":"image\/jpeg","filesize":281354,"url":"https:\/\/360mallorcaproperty.com\/wp-content\/uploads\/2024\/03\/20231113_101710-600x3000.jpg"},"post-featured-image":{"file":"20231113_101710-1240x720.jpg","width":1240,"height":720,"mime-type":"image\/jpeg","filesize":118441,"url":"https:\/\/360mallorcaproperty.com\/wp-content\/uploads\/2024\/03\/20231113_101710-1240x720.jpg"}},"image_meta":{"aperture":"2.2","credit":"","camera":"SM-S908B","caption":"","created_timestamp":"1699870630","copyright":"","focal_length":"2.2","iso":"50","shutter_speed":"0.02","title":"","orientation":"1","keywords":[]},"original_image":"20231113_101710.jpg","ID":"24847","name":"20231113_101710-scaled.jpg","path":"\/home\/mallorcaproperty\/public_html\/wp-content\/uploads\/2024\/03\/20231113_101710-scaled.jpg","url":"https:\/\/360mallorcaproperty.com\/wp-content\/uploads\/2024\/03\/20231113_101710-150x150.jpg","full_url":"https:\/\/360mallorcaproperty.com\/wp-content\/uploads\/2024\/03\/20231113_101710-scaled.jpg","title":"20231113_101710","caption":"","description":"","alt":"","srcset":"https:\/\/360mallorcaproperty.com\/wp-content\/uploads\/2024\/03\/20231113_101710-150x150.jpg 150w, https:\/\/360mallorcaproperty.com\/wp-content\/uploads\/2024\/03\/20231113_101710-210x210.jpg 210w"},{"width":150,"height":150,"file":"2024\/03\/20231113_101048-scaled.jpg","filesize":712129,"sizes":{"medium":{"file":"20231113_101048-300x225.jpg","width":300,"height":225,"mime-type":"image\/jpeg","filesize":14263,"url":"https:\/\/360mallorcaproperty.com\/wp-content\/uploads\/2024\/03\/20231113_101048-300x225.jpg"},"large":{"file":"20231113_101048-1024x768.jpg","width":1024,"height":768,"mime-type":"image\/jpeg","filesize":110881,"url":"https:\/\/360mallorcaproperty.com\/wp-content\/uploads\/2024\/03\/20231113_101048-1024x768.jpg"},"thumbnail":{"file":"20231113_101048-150x150.jpg","width":150,"height":150,"mime-type":"image\/jpeg","filesize":5658,"url":"https:\/\/360mallorcaproperty.com\/wp-content\/uploads\/2024\/03\/20231113_101048-150x150.jpg"},"medium_large":{"file":"20231113_101048-768x576.jpg","width":768,"height":576,"mime-type":"image\/jpeg","filesize":65428,"url":"https:\/\/360mallorcaproperty.com\/wp-content\/uploads\/2024\/03\/20231113_101048-768x576.jpg"},"1536x1536":{"file":"20231113_101048-1536x1152.jpg","width":1536,"height":1152,"mime-type":"image\/jpeg","filesize":245999,"url":"https:\/\/360mallorcaproperty.com\/wp-content\/uploads\/2024\/03\/20231113_101048-1536x1152.jpg"},"2048x2048":{"file":"20231113_101048-2048x1536.jpg","width":2048,"height":1536,"mime-type":"image\/jpeg","filesize":445239,"url":"https:\/\/360mallorcaproperty.com\/wp-content\/uploads\/2024\/03\/20231113_101048-2048x1536.jpg"},"post-thumbnail":{"file":"20231113_101048-150x113.jpg","width":150,"height":113,"mime-type":"image\/jpeg","filesize":5157,"url":"https:\/\/360mallorcaproperty.com\/wp-content\/uploads\/2024\/03\/20231113_101048-150x113.jpg"},"modern-property-child-slider":{"file":"20231113_101048-680x510.jpg","width":680,"height":510,"mime-type":"image\/jpeg","filesize":53065,"url":"https:\/\/360mallorcaproperty.com\/wp-content\/uploads\/2024\/03\/20231113_101048-680x510.jpg"},"property-thumb-image":{"file":"20231113_101048-488x326.jpg","width":488,"height":326,"mime-type":"image\/jpeg","filesize":27508,"url":"https:\/\/360mallorcaproperty.com\/wp-content\/uploads\/2024\/03\/20231113_101048-488x326.jpg"},"property-detail-video-image":{"file":"20231113_101048-818x417.jpg","width":818,"height":417,"mime-type":"image\/jpeg","filesize":51683,"url":"https:\/\/360mallorcaproperty.com\/wp-content\/uploads\/2024\/03\/20231113_101048-818x417.jpg"},"agent-image":{"file":"20231113_101048-210x210.jpg","width":210,"height":210,"mime-type":"image\/jpeg","filesize":9388,"url":"https:\/\/360mallorcaproperty.com\/wp-content\/uploads\/2024\/03\/20231113_101048-210x210.jpg"},"partners-logo":{"file":"20231113_101048-600x3000.jpg","width":600,"height":3000,"mime-type":"image\/jpeg","filesize":311543,"url":"https:\/\/360mallorcaproperty.com\/wp-content\/uploads\/2024\/03\/20231113_101048-600x3000.jpg"},"post-featured-image":{"file":"20231113_101048-1240x720.jpg","width":1240,"height":720,"mime-type":"image\/jpeg","filesize":124758,"url":"https:\/\/360mallorcaproperty.com\/wp-content\/uploads\/2024\/03\/20231113_101048-1240x720.jpg"}},"image_meta":{"aperture":"2.2","credit":"","camera":"SM-S908B","caption":"","created_timestamp":"1699870249","copyright":"","focal_length":"2.2","iso":"50","shutter_speed":"0.0014880952380952","title":"","orientation":"0","keywords":[]},"original_image":"20231113_101048.jpg","ID":"24823","name":"20231113_101048-scaled.jpg","path":"\/home\/mallorcaproperty\/public_html\/wp-content\/uploads\/2024\/03\/20231113_101048-scaled.jpg","url":"https:\/\/360mallorcaproperty.com\/wp-content\/uploads\/2024\/03\/20231113_101048-150x150.jpg","full_url":"https:\/\/360mallorcaproperty.com\/wp-content\/uploads\/2024\/03\/20231113_101048-scaled.jpg","title":"20231113_101048","caption":"","description":"","alt":"","srcset":"https:\/\/360mallorcaproperty.com\/wp-content\/uploads\/2024\/03\/20231113_101048-150x150.jpg 150w, https:\/\/360mallorcaproperty.com\/wp-content\/uploads\/2024\/03\/20231113_101048-210x210.jpg 210w"},{"width":150,"height":150,"file":"2024\/03\/REimagineHome_1699890691718_2x.jpg","filesize":571841,"sizes":{"medium":{"file":"REimagineHome_1699890691718_2x-300x240.jpg","width":300,"height":240,"mime-type":"image\/jpeg","filesize":12652,"url":"https:\/\/360mallorcaproperty.com\/wp-content\/uploads\/2024\/03\/REimagineHome_1699890691718_2x-300x240.jpg"},"large":{"file":"REimagineHome_1699890691718_2x-1024x819.jpg","width":1024,"height":819,"mime-type":"image\/jpeg","filesize":84617,"url":"https:\/\/360mallorcaproperty.com\/wp-content\/uploads\/2024\/03\/REimagineHome_1699890691718_2x-1024x819.jpg"},"thumbnail":{"file":"REimagineHome_1699890691718_2x-150x150.jpg","width":150,"height":150,"mime-type":"image\/jpeg","filesize":5140,"url":"https:\/\/360mallorcaproperty.com\/wp-content\/uploads\/2024\/03\/REimagineHome_1699890691718_2x-150x150.jpg"},"medium_large":{"file":"REimagineHome_1699890691718_2x-768x614.jpg","width":768,"height":614,"mime-type":"image\/jpeg","filesize":54185,"url":"https:\/\/360mallorcaproperty.com\/wp-content\/uploads\/2024\/03\/REimagineHome_1699890691718_2x-768x614.jpg"},"1536x1536":{"file":"REimagineHome_1699890691718_2x-1536x1229.jpg","width":1536,"height":1229,"mime-type":"image\/jpeg","filesize":157562,"url":"https:\/\/360mallorcaproperty.com\/wp-content\/uploads\/2024\/03\/REimagineHome_1699890691718_2x-1536x1229.jpg"},"post-thumbnail":{"file":"REimagineHome_1699890691718_2x-150x120.jpg","width":150,"height":120,"mime-type":"image\/jpeg","filesize":4830,"url":"https:\/\/360mallorcaproperty.com\/wp-content\/uploads\/2024\/03\/REimagineHome_1699890691718_2x-150x120.jpg"},"modern-property-child-slider":{"file":"REimagineHome_1699890691718_2x-680x510.jpg","width":680,"height":510,"mime-type":"image\/jpeg","filesize":42152,"url":"https:\/\/360mallorcaproperty.com\/wp-content\/uploads\/2024\/03\/REimagineHome_1699890691718_2x-680x510.jpg"},"property-thumb-image":{"file":"REimagineHome_1699890691718_2x-488x326.jpg","width":488,"height":326,"mime-type":"image\/jpeg","filesize":22970,"url":"https:\/\/360mallorcaproperty.com\/wp-content\/uploads\/2024\/03\/REimagineHome_1699890691718_2x-488x326.jpg"},"property-detail-video-image":{"file":"REimagineHome_1699890691718_2x-818x417.jpg","width":818,"height":417,"mime-type":"image\/jpeg","filesize":39614,"url":"https:\/\/360mallorcaproperty.com\/wp-content\/uploads\/2024\/03\/REimagineHome_1699890691718_2x-818x417.jpg"},"agent-image":{"file":"REimagineHome_1699890691718_2x-210x210.jpg","width":210,"height":210,"mime-type":"image\/jpeg","filesize":8304,"url":"https:\/\/360mallorcaproperty.com\/wp-content\/uploads\/2024\/03\/REimagineHome_1699890691718_2x-210x210.jpg"},"partners-logo":{"file":"REimagineHome_1699890691718_2x-600x1536.jpg","width":600,"height":1536,"mime-type":"image\/jpeg","filesize":75883,"url":"https:\/\/360mallorcaproperty.com\/wp-content\/uploads\/2024\/03\/REimagineHome_1699890691718_2x-600x1536.jpg"},"post-featured-image":{"file":"REimagineHome_1699890691718_2x-1240x720.jpg","width":1240,"height":720,"mime-type":"image\/jpeg","filesize":81385,"url":"https:\/\/360mallorcaproperty.com\/wp-content\/uploads\/2024\/03\/REimagineHome_1699890691718_2x-1240x720.jpg"}},"image_meta":{"aperture":"0","credit":"","camera":"","caption":"","created_timestamp":"0","copyright":"","focal_length":"0","iso":"0","shutter_speed":"0","title":"","orientation":"0","keywords":[]},"ID":"24796","name":"REimagineHome_1699890691718_2x.jpg","path":"\/home\/mallorcaproperty\/public_html\/wp-content\/uploads\/2024\/03\/REimagineHome_1699890691718_2x.jpg","url":"https:\/\/360mallorcaproperty.com\/wp-content\/uploads\/2024\/03\/REimagineHome_1699890691718_2x-150x150.jpg","full_url":"https:\/\/360mallorcaproperty.com\/wp-content\/uploads\/2024\/03\/REimagineHome_1699890691718_2x.jpg","title":"REimagineHome_1699890691718_2x","caption":"","description":"","alt":"","srcset":"https:\/\/360mallorcaproperty.com\/wp-content\/uploads\/2024\/03\/REimagineHome_1699890691718_2x-150x150.jpg 150w, https:\/\/360mallorcaproperty.com\/wp-content\/uploads\/2024\/03\/REimagineHome_1699890691718_2x-210x210.jpg 210w"},{"width":150,"height":150,"file":"2024\/03\/20231113_101838-scaled.jpg","filesize":587186,"sizes":{"medium":{"file":"20231113_101838-300x140.jpg","width":300,"height":140,"mime-type":"image\/jpeg","filesize":11535,"url":"https:\/\/360mallorcaproperty.com\/wp-content\/uploads\/2024\/03\/20231113_101838-300x140.jpg"},"large":{"file":"20231113_101838-1024x478.jpg","width":1024,"height":478,"mime-type":"image\/jpeg","filesize":108672,"url":"https:\/\/360mallorcaproperty.com\/wp-content\/uploads\/2024\/03\/20231113_101838-1024x478.jpg"},"thumbnail":{"file":"20231113_101838-150x150.jpg","width":150,"height":150,"mime-type":"image\/jpeg","filesize":6561,"url":"https:\/\/360mallorcaproperty.com\/wp-content\/uploads\/2024\/03\/20231113_101838-150x150.jpg"},"medium_large":{"file":"20231113_101838-768x359.jpg","width":768,"height":359,"mime-type":"image\/jpeg","filesize":62844,"url":"https:\/\/360mallorcaproperty.com\/wp-content\/uploads\/2024\/03\/20231113_101838-768x359.jpg"},"1536x1536":{"file":"20231113_101838-1536x717.jpg","width":1536,"height":717,"mime-type":"image\/jpeg","filesize":236017,"url":"https:\/\/360mallorcaproperty.com\/wp-content\/uploads\/2024\/03\/20231113_101838-1536x717.jpg"},"2048x2048":{"file":"20231113_101838-2048x956.jpg","width":2048,"height":956,"mime-type":"image\/jpeg","filesize":398926,"url":"https:\/\/360mallorcaproperty.com\/wp-content\/uploads\/2024\/03\/20231113_101838-2048x956.jpg"},"post-thumbnail":{"file":"20231113_101838-150x70.jpg","width":150,"height":70,"mime-type":"image\/jpeg","filesize":3842,"url":"https:\/\/360mallorcaproperty.com\/wp-content\/uploads\/2024\/03\/20231113_101838-150x70.jpg"},"modern-property-child-slider":{"file":"20231113_101838-680x510.jpg","width":680,"height":510,"mime-type":"image\/jpeg","filesize":81555,"url":"https:\/\/360mallorcaproperty.com\/wp-content\/uploads\/2024\/03\/20231113_101838-680x510.jpg"},"property-thumb-image":{"file":"20231113_101838-488x326.jpg","width":488,"height":326,"mime-type":"image\/jpeg","filesize":38446,"url":"https:\/\/360mallorcaproperty.com\/wp-content\/uploads\/2024\/03\/20231113_101838-488x326.jpg"},"property-detail-video-image":{"file":"20231113_101838-818x417.jpg","width":818,"height":417,"mime-type":"image\/jpeg","filesize":78768,"url":"https:\/\/360mallorcaproperty.com\/wp-content\/uploads\/2024\/03\/20231113_101838-818x417.jpg"},"agent-image":{"file":"20231113_101838-210x210.jpg","width":210,"height":210,"mime-type":"image\/jpeg","filesize":11943,"url":"https:\/\/360mallorcaproperty.com\/wp-content\/uploads\/2024\/03\/20231113_101838-210x210.jpg"},"partners-logo":{"file":"20231113_101838-600x1868.jpg","width":600,"height":1868,"mime-type":"image\/jpeg","filesize":223554,"url":"https:\/\/360mallorcaproperty.com\/wp-content\/uploads\/2024\/03\/20231113_101838-600x1868.jpg"},"post-featured-image":{"file":"20231113_101838-1240x720.jpg","width":1240,"height":720,"mime-type":"image\/jpeg","filesize":196174,"url":"https:\/\/360mallorcaproperty.com\/wp-content\/uploads\/2024\/03\/20231113_101838-1240x720.jpg"}},"image_meta":{"aperture":"2.2","credit":"","camera":"SM-S908B","caption":"","created_timestamp":"1699870719","copyright":"","focal_length":"2.2","iso":"50","shutter_speed":"0.00025667351129363","title":"","orientation":"1","keywords":[]},"original_image":"20231113_101838.jpg","ID":"24787","name":"20231113_101838-scaled.jpg","path":"\/home\/mallorcaproperty\/public_html\/wp-content\/uploads\/2024\/03\/20231113_101838-scaled.jpg","url":"https:\/\/360mallorcaproperty.com\/wp-content\/uploads\/2024\/03\/20231113_101838-150x150.jpg","full_url":"https:\/\/360mallorcaproperty.com\/wp-content\/uploads\/2024\/03\/20231113_101838-scaled.jpg","title":"20231113_101838","caption":"","description":"","alt":"","srcset":"https:\/\/360mallorcaproperty.com\/wp-content\/uploads\/2024\/03\/20231113_101838-150x150.jpg 150w, https:\/\/360mallorcaproperty.com\/wp-content\/uploads\/2024\/03\/20231113_101838-210x210.jpg 210w"},{"width":150,"height":150,"file":"2024\/03\/20231113_101835-scaled.jpg","filesize":534348,"sizes":{"medium":{"file":"20231113_101835-300x140.jpg","width":300,"height":140,"mime-type":"image\/jpeg","filesize":10957,"url":"https:\/\/360mallorcaproperty.com\/wp-content\/uploads\/2024\/03\/20231113_101835-300x140.jpg"},"large":{"file":"20231113_101835-1024x478.jpg","width":1024,"height":478,"mime-type":"image\/jpeg","filesize":98740,"url":"https:\/\/360mallorcaproperty.com\/wp-content\/uploads\/2024\/03\/20231113_101835-1024x478.jpg"},"thumbnail":{"file":"20231113_101835-150x150.jpg","width":150,"height":150,"mime-type":"image\/jpeg","filesize":6017,"url":"https:\/\/360mallorcaproperty.com\/wp-content\/uploads\/2024\/03\/20231113_101835-150x150.jpg"},"medium_large":{"file":"20231113_101835-768x359.jpg","width":768,"height":359,"mime-type":"image\/jpeg","filesize":57488,"url":"https:\/\/360mallorcaproperty.com\/wp-content\/uploads\/2024\/03\/20231113_101835-768x359.jpg"},"1536x1536":{"file":"20231113_101835-1536x717.jpg","width":1536,"height":717,"mime-type":"image\/jpeg","filesize":213031,"url":"https:\/\/360mallorcaproperty.com\/wp-content\/uploads\/2024\/03\/20231113_101835-1536x717.jpg"},"2048x2048":{"file":"20231113_101835-2048x956.jpg","width":2048,"height":956,"mime-type":"image\/jpeg","filesize":360563,"url":"https:\/\/360mallorcaproperty.com\/wp-content\/uploads\/2024\/03\/20231113_101835-2048x956.jpg"},"post-thumbnail":{"file":"20231113_101835-150x70.jpg","width":150,"height":70,"mime-type":"image\/jpeg","filesize":3773,"url":"https:\/\/360mallorcaproperty.com\/wp-content\/uploads\/2024\/03\/20231113_101835-150x70.jpg"},"modern-property-child-slider":{"file":"20231113_101835-680x510.jpg","width":680,"height":510,"mime-type":"image\/jpeg","filesize":70575,"url":"https:\/\/360mallorcaproperty.com\/wp-content\/uploads\/2024\/03\/20231113_101835-680x510.jpg"},"property-thumb-image":{"file":"20231113_101835-488x326.jpg","width":488,"height":326,"mime-type":"image\/jpeg","filesize":33860,"url":"https:\/\/360mallorcaproperty.com\/wp-content\/uploads\/2024\/03\/20231113_101835-488x326.jpg"},"property-detail-video-image":{"file":"20231113_101835-818x417.jpg","width":818,"height":417,"mime-type":"image\/jpeg","filesize":70282,"url":"https:\/\/360mallorcaproperty.com\/wp-content\/uploads\/2024\/03\/20231113_101835-818x417.jpg"},"agent-image":{"file":"20231113_101835-210x210.jpg","width":210,"height":210,"mime-type":"image\/jpeg","filesize":10706,"url":"https:\/\/360mallorcaproperty.com\/wp-content\/uploads\/2024\/03\/20231113_101835-210x210.jpg"},"partners-logo":{"file":"20231113_101835-600x1868.jpg","width":600,"height":1868,"mime-type":"image\/jpeg","filesize":212514,"url":"https:\/\/360mallorcaproperty.com\/wp-content\/uploads\/2024\/03\/20231113_101835-600x1868.jpg"},"post-featured-image":{"file":"20231113_101835-1240x720.jpg","width":1240,"height":720,"mime-type":"image\/jpeg","filesize":174069,"url":"https:\/\/360mallorcaproperty.com\/wp-content\/uploads\/2024\/03\/20231113_101835-1240x720.jpg"}},"image_meta":{"aperture":"2.2","credit":"","camera":"SM-S908B","caption":"","created_timestamp":"1699870715","copyright":"","focal_length":"2.2","iso":"50","shutter_speed":"0.00025667351129363","title":"","orientation":"1","keywords":[]},"original_image":"20231113_101835.jpg","ID":"24784","name":"20231113_101835-scaled.jpg","path":"\/home\/mallorcaproperty\/public_html\/wp-content\/uploads\/2024\/03\/20231113_101835-scaled.jpg","url":"https:\/\/360mallorcaproperty.com\/wp-content\/uploads\/2024\/03\/20231113_101835-150x150.jpg","full_url":"https:\/\/360mallorcaproperty.com\/wp-content\/uploads\/2024\/03\/20231113_101835-scaled.jpg","title":"20231113_101835","caption":"","description":"","alt":"","srcset":"https:\/\/360mallorcaproperty.com\/wp-content\/uploads\/2024\/03\/20231113_101835-150x150.jpg 150w, https:\/\/360mallorcaproperty.com\/wp-content\/uploads\/2024\/03\/20231113_101835-210x210.jpg 210w"},{"width":150,"height":150,"file":"2024\/03\/20231113_101830-scaled.jpg","filesize":690842,"sizes":{"medium":{"file":"20231113_101830-300x140.jpg","width":300,"height":140,"mime-type":"image\/jpeg","filesize":13974,"url":"https:\/\/360mallorcaproperty.com\/wp-content\/uploads\/2024\/03\/20231113_101830-300x140.jpg"},"large":{"file":"20231113_101830-1024x478.jpg","width":1024,"height":478,"mime-type":"image\/jpeg","filesize":129796,"url":"https:\/\/360mallorcaproperty.com\/wp-content\/uploads\/2024\/03\/20231113_101830-1024x478.jpg"},"thumbnail":{"file":"20231113_101830-150x150.jpg","width":150,"height":150,"mime-type":"image\/jpeg","filesize":7428,"url":"https:\/\/360mallorcaproperty.com\/wp-content\/uploads\/2024\/03\/20231113_101830-150x150.jpg"},"medium_large":{"file":"20231113_101830-768x359.jpg","width":768,"height":359,"mime-type":"image\/jpeg","filesize":75776,"url":"https:\/\/360mallorcaproperty.com\/wp-content\/uploads\/2024\/03\/20231113_101830-768x359.jpg"},"1536x1536":{"file":"20231113_101830-1536x717.jpg","width":1536,"height":717,"mime-type":"image\/jpeg","filesize":276867,"url":"https:\/\/360mallorcaproperty.com\/wp-content\/uploads\/2024\/03\/20231113_101830-1536x717.jpg"},"2048x2048":{"file":"20231113_101830-2048x956.jpg","width":2048,"height":956,"mime-type":"image\/jpeg","filesize":466695,"url":"https:\/\/360mallorcaproperty.com\/wp-content\/uploads\/2024\/03\/20231113_101830-2048x956.jpg"},"post-thumbnail":{"file":"20231113_101830-150x70.jpg","width":150,"height":70,"mime-type":"image\/jpeg","filesize":4505,"url":"https:\/\/360mallorcaproperty.com\/wp-content\/uploads\/2024\/03\/20231113_101830-150x70.jpg"},"modern-property-child-slider":{"file":"20231113_101830-680x510.jpg","width":680,"height":510,"mime-type":"image\/jpeg","filesize":91443,"url":"https:\/\/360mallorcaproperty.com\/wp-content\/uploads\/2024\/03\/20231113_101830-680x510.jpg"},"property-thumb-image":{"file":"20231113_101830-488x326.jpg","width":488,"height":326,"mime-type":"image\/jpeg","filesize":45059,"url":"https:\/\/360mallorcaproperty.com\/wp-content\/uploads\/2024\/03\/20231113_101830-488x326.jpg"},"property-detail-video-image":{"file":"20231113_101830-818x417.jpg","width":818,"height":417,"mime-type":"image\/jpeg","filesize":96118,"url":"https:\/\/360mallorcaproperty.com\/wp-content\/uploads\/2024\/03\/20231113_101830-818x417.jpg"},"agent-image":{"file":"20231113_101830-210x210.jpg","width":210,"height":210,"mime-type":"image\/jpeg","filesize":13428,"url":"https:\/\/360mallorcaproperty.com\/wp-content\/uploads\/2024\/03\/20231113_101830-210x210.jpg"},"partners-logo":{"file":"20231113_101830-600x1868.jpg","width":600,"height":1868,"mime-type":"image\/jpeg","filesize":241276,"url":"https:\/\/360mallorcaproperty.com\/wp-content\/uploads\/2024\/03\/20231113_101830-600x1868.jpg"},"post-featured-image":{"file":"20231113_101830-1240x720.jpg","width":1240,"height":720,"mime-type":"image\/jpeg","filesize":232702,"url":"https:\/\/360mallorcaproperty.com\/wp-content\/uploads\/2024\/03\/20231113_101830-1240x720.jpg"}},"image_meta":{"aperture":"2.2","credit":"","camera":"SM-S908B","caption":"","created_timestamp":"1699870710","copyright":"","focal_length":"2.2","iso":"50","shutter_speed":"0.00043252595155709","title":"","orientation":"1","keywords":[]},"original_image":"20231113_101830.jpg","ID":"24781","name":"20231113_101830-scaled.jpg","path":"\/home\/mallorcaproperty\/public_html\/wp-content\/uploads\/2024\/03\/20231113_101830-scaled.jpg","url":"https:\/\/360mallorcaproperty.com\/wp-content\/uploads\/2024\/03\/20231113_101830-150x150.jpg","full_url":"https:\/\/360mallorcaproperty.com\/wp-content\/uploads\/2024\/03\/20231113_101830-scaled.jpg","title":"20231113_101830","caption":"","description":"","alt":"","srcset":"https:\/\/360mallorcaproperty.com\/wp-content\/uploads\/2024\/03\/20231113_101830-150x150.jpg 150w, https:\/\/360mallorcaproperty.com\/wp-content\/uploads\/2024\/03\/20231113_101830-210x210.jpg 210w"}],"REAL_HOMES_change_gallery_slider_type":"0","REAL_HOMES_gallery_slider_type":"thumb-on-right","inspiry_floor_plans":[{"inspiry_floor_plan_name":"Ground floor","inspiry_floor_plan_image":"https:\/\/360mallorcaproperty.com\/wp-content\/uploads\/2024\/03\/Erdgeschoss.jpg"}],"inspiry_video_group":[],"REAL_HOMES_360_virtual_tour":"","REAL_HOMES_agent_display_option":"none","REAL_HOMES_agents":[],"REAL_HOMES_energy_class":"none","REAL_HOMES_energy_performance":"","REAL_HOMES_epc_current_rating":"","REAL_HOMES_epc_potential_rating":"","ere_property_schedule_tour":"global","ere_property_schedule_time_slots":"","ere_property_schedule_description":"","REAL_HOMES_sticky":"0","inspiry_property_label":"","inspiry_property_label_color":"","inspiry_property_tax":"","inspiry_additional_fee":"","REAL_HOMES_attachments":[],"inspiry_property_owner_name":"","inspiry_property_owner_contact":"","inspiry_property_owner_address":"","REAL_HOMES_property_private_note":"","inspiry_message_to_reviewer":"","REAL_HOMES_add_in_slider":"no","REAL_HOMES_slider_image":[],"REAL_HOMES_page_banner_image":[],"REAL_HOMES_hide_property_advance_search":"0","inspiry_offmarket":[],"REAL_HOMES_custom_header_display":"default","REAL_HOMES_custom_header_position":"relative","REAL_HOMES_custom_footer_display":"default","REAL_HOMES_hide_advance_search":"0","REAL_HOMES_custom_search_form":"default","REAL_HOMES_search_form_margin_top":"","REAL_HOMES_search_form_margin_bottom":""},"_links":{"self":[{"href":"https:\/\/360mallorcaproperty.com\/es\/wp-json\/wp\/v2\/property\/24859","targetHints":{"allow":["GET"]}}],"collection":[{"href":"https:\/\/360mallorcaproperty.com\/es\/wp-json\/wp\/v2\/property"}],"about":[{"href":"https:\/\/360mallorcaproperty.com\/es\/wp-json\/wp\/v2\/types\/property"}],"author":[{"embeddable":true,"href":"https:\/\/360mallorcaproperty.com\/es\/wp-json\/wp\/v2\/users\/1"}],"replies":[{"embeddable":true,"href":"https:\/\/360mallorcaproperty.com\/es\/wp-json\/wp\/v2\/comments?post=24859"}],"version-history":[{"count":1,"href":"https:\/\/360mallorcaproperty.com\/es\/wp-json\/wp\/v2\/property\/24859\/revisions"}],"predecessor-version":[{"id":30180,"href":"https:\/\/360mallorcaproperty.com\/es\/wp-json\/wp\/v2\/property\/24859\/revisions\/30180"}],"wp:featuredmedia":[{"embeddable":true,"href":"https:\/\/360mallorcaproperty.com\/es\/wp-json\/wp\/v2\/media\/30178"}],"wp:attachment":[{"href":"https:\/\/360mallorcaproperty.com\/es\/wp-json\/wp\/v2\/media?parent=24859"}],"wp:term":[{"taxonomy":"property-feature","embeddable":true,"href":"https:\/\/360mallorcaproperty.com\/es\/wp-json\/wp\/v2\/property-feature?post=24859"},{"taxonomy":"property-type","embeddable":true,"href":"https:\/\/360mallorcaproperty.com\/es\/wp-json\/wp\/v2\/property-type?post=24859"},{"taxonomy":"property-city","embeddable":true,"href":"https:\/\/360mallorcaproperty.com\/es\/wp-json\/wp\/v2\/property-location?post=24859"},{"taxonomy":"property-status","embeddable":true,"href":"https:\/\/360mallorcaproperty.com\/es\/wp-json\/wp\/v2\/property-status?post=24859"}],"curies":[{"name":"wp","href":"https:\/\/api.w.org\/{rel}","templated":true}]}}