{"id":25734,"date":"2024-05-14T12:14:52","date_gmt":"2024-05-14T12:14:52","guid":{"rendered":"https:\/\/360mallorcaproperty.com\/property\/peacefull-countrside-plot-with-basic-building-project\/"},"modified":"2024-06-28T21:48:39","modified_gmt":"2024-06-28T21:48:39","slug":"parcela-rural-tranquila-con-proyecto-basico-de-construccion","status":"publish","type":"property","link":"https:\/\/360mallorcaproperty.com\/es\/property\/parcela-rural-tranquila-con-proyecto-basico-de-construccion\/","title":{"rendered":"Parcela rural tranquila con proyecto b\u00e1sico de construcci\u00f3n"},"content":{"rendered":"<p>Disponemos de un precioso terreno r\u00fastico situado en el campo mallorqu\u00edn entre Calonge y el pueblo pesquero de Porto Petro, con un proyecto de construcci\u00f3n ya presentado al Consell. El terreno mide 19.992m2 y ofrece vistas al paisaje circundante y vistas lejanas al mar. Situado a una distancia considerable de la carretera principal, lo que garantiza tranquilidad y silencio. La propuesta consta de una residencia familiar de dos plantas con s\u00f3tano, y ofrece cinco dormitorios en suite, y un ba\u00f1o de invitados. El \u00e1rea total de construcci\u00f3n es de 569m2, que incluye p\u00e9rgolas, terrazas, una sala de m\u00e1quinas, una piscina, y otras caracter\u00edsticas. El espacio habitable es de 298m2, divididos entre el s\u00f3tano, la planta baja y el primer piso.<\/p>\n<p>Para m\u00e1s informaci\u00f3n contacte con 360 Mallorca Property.<\/p>\n","protected":false},"excerpt":{"rendered":"<p>Disponemos de un precioso terreno r\u00fastico situado en el campo mallorqu\u00edn entre Calonge y el pueblo pesquero de Porto Petro, con un proyecto de construcci\u00f3n ya presentado al Consell. El terreno mide 19.992m2 y ofrece vistas al paisaje circundante y vistas lejanas al mar. Situado a una distancia considerable de la carretera principal, lo que&#8230;<\/p>\n","protected":false},"author":1,"featured_media":25713,"parent":0,"menu_order":0,"comment_status":"closed","ping_status":"closed","template":"","property-feature":[],"property-type":[229],"property-location":[272,284],"property-status":[231],"class_list":["post-25734","property","type-property","status-publish","has-post-thumbnail","hentry","property-type-parcela-rusticas","property-city-calonge-es","property-city-porto-petro-es","property-status-venta"],"property_meta":{"REAL_HOMES_property_price":"700000","REAL_HOMES_property_old_price":"","REAL_HOMES_property_price_prefix":"","REAL_HOMES_property_price_postfix":"","REAL_HOMES_property_size":"","REAL_HOMES_property_size_postfix":"","REAL_HOMES_property_lot_size":"","REAL_HOMES_property_lot_size_postfix":"","REAL_HOMES_property_bedrooms":"5","REAL_HOMES_property_bathrooms":"6","REAL_HOMES_property_garage":"","REAL_HOMES_property_id":"V4071","REAL_HOMES_property_year_built":"","REAL_HOMES_featured":"0","REAL_HOMES_additional_details_list":[],"rvr_booking_widget_display":"","rvr_booking_mode":"","rvr_govt_tax":"","rvr_govt_tax_type":"","rvr_govt_tax_calculation":"","rvr_service_charges":"","rvr_service_charges_type":"","rvr_service_charges_calculation":"","rvr_guests_capacity":"","rvr_book_child_as":"","rvr_min_stay":"","rvr_guests_capacity_extend":"","rvr_extra_guest_price":"","rvr_property_owner":"","rvr_bulk_pricing":[],"rvr_seasonal_pricing":[],"rvr_custom_reserved_dates":[],"rvr_additional_fees":[],"rvr_additional_amenities":[],"rvr_accommodation":[],"rvr_outdoor_features":[],"rvr_surroundings":[],"rvr_included":[],"rvr_not_included":[],"rvr_policies":[],"REAL_HOMES_property_location":{"latitude":"39.378065738168","longitude":"3.1981372833252","zoom":"14"},"REAL_HOMES_property_address":",07691 Porto Petro, Mallorca","REAL_HOMES_property_map":"","REAL_HOMES_property_images":[{"width":150,"height":150,"file":"2024\/05\/Screenshot-53.png","filesize":9111951,"sizes":{"medium":{"file":"Screenshot-53-300x200.png","width":300,"height":200,"mime-type":"image\/png","filesize":162166,"url":"https:\/\/360mallorcaproperty.com\/wp-content\/uploads\/2024\/05\/Screenshot-53-300x200.png"},"large":{"file":"Screenshot-53-1024x683.png","width":1024,"height":683,"mime-type":"image\/png","filesize":1683466,"url":"https:\/\/360mallorcaproperty.com\/wp-content\/uploads\/2024\/05\/Screenshot-53-1024x683.png"},"thumbnail":{"file":"Screenshot-53-150x150.png","width":150,"height":150,"mime-type":"image\/png","filesize":61752,"url":"https:\/\/360mallorcaproperty.com\/wp-content\/uploads\/2024\/05\/Screenshot-53-150x150.png"},"medium_large":{"file":"Screenshot-53-768x512.png","width":768,"height":512,"mime-type":"image\/png","filesize":994510,"url":"https:\/\/360mallorcaproperty.com\/wp-content\/uploads\/2024\/05\/Screenshot-53-768x512.png"},"1536x1536":{"file":"Screenshot-53-1536x1024.png","width":1536,"height":1024,"mime-type":"image\/png","filesize":3440785,"url":"https:\/\/360mallorcaproperty.com\/wp-content\/uploads\/2024\/05\/Screenshot-53-1536x1024.png"},"2048x2048":{"file":"Screenshot-53-2048x1365.png","width":2048,"height":1365,"mime-type":"image\/png","filesize":5515840,"url":"https:\/\/360mallorcaproperty.com\/wp-content\/uploads\/2024\/05\/Screenshot-53-2048x1365.png"},"post-thumbnail":{"file":"Screenshot-53-150x100.png","width":150,"height":100,"mime-type":"image\/png","filesize":40265,"url":"https:\/\/360mallorcaproperty.com\/wp-content\/uploads\/2024\/05\/Screenshot-53-150x100.png"},"modern-property-child-slider":{"file":"Screenshot-53-680x510.png","width":680,"height":510,"mime-type":"image\/png","filesize":880712,"url":"https:\/\/360mallorcaproperty.com\/wp-content\/uploads\/2024\/05\/Screenshot-53-680x510.png"},"property-thumb-image":{"file":"Screenshot-53-488x326.png","width":488,"height":326,"mime-type":"image\/png","filesize":421783,"url":"https:\/\/360mallorcaproperty.com\/wp-content\/uploads\/2024\/05\/Screenshot-53-488x326.png"},"property-detail-video-image":{"file":"Screenshot-53-818x417.png","width":818,"height":417,"mime-type":"image\/png","filesize":852272,"url":"https:\/\/360mallorcaproperty.com\/wp-content\/uploads\/2024\/05\/Screenshot-53-818x417.png"},"agent-image":{"file":"Screenshot-53-210x210.png","width":210,"height":210,"mime-type":"image\/png","filesize":120813,"url":"https:\/\/360mallorcaproperty.com\/wp-content\/uploads\/2024\/05\/Screenshot-53-210x210.png"},"partners-logo":{"file":"Screenshot-53-600x1824.png","width":600,"height":1824,"mime-type":"image\/png","filesize":1988477,"url":"https:\/\/360mallorcaproperty.com\/wp-content\/uploads\/2024\/05\/Screenshot-53-600x1824.png"},"post-featured-image":{"file":"Screenshot-53-1240x720.png","width":1240,"height":720,"mime-type":"image\/png","filesize":2061641,"url":"https:\/\/360mallorcaproperty.com\/wp-content\/uploads\/2024\/05\/Screenshot-53-1240x720.png"}},"image_meta":{"aperture":"0","credit":"","camera":"","caption":"","created_timestamp":"0","copyright":"","focal_length":"0","iso":"0","shutter_speed":"0","title":"","orientation":"0","keywords":[]},"ID":"25675","name":"Screenshot-53.png","path":"\/home\/mallorcaproperty\/public_html\/wp-content\/uploads\/2024\/05\/Screenshot-53.png","url":"https:\/\/360mallorcaproperty.com\/wp-content\/uploads\/2024\/05\/Screenshot-53-150x150.png","full_url":"https:\/\/360mallorcaproperty.com\/wp-content\/uploads\/2024\/05\/Screenshot-53.png","title":"Screenshot (53)","caption":"","description":"","alt":"","srcset":"https:\/\/360mallorcaproperty.com\/wp-content\/uploads\/2024\/05\/Screenshot-53-150x150.png 150w, https:\/\/360mallorcaproperty.com\/wp-content\/uploads\/2024\/05\/Screenshot-53-210x210.png 210w"},{"width":150,"height":150,"file":"2024\/05\/IMG-20230414-WA0001.jpg","filesize":72365,"sizes":{"medium":{"file":"IMG-20230414-WA0001-300x225.jpg","width":300,"height":225,"mime-type":"image\/jpeg","filesize":11947,"url":"https:\/\/360mallorcaproperty.com\/wp-content\/uploads\/2024\/05\/IMG-20230414-WA0001-300x225.jpg"},"thumbnail":{"file":"IMG-20230414-WA0001-150x150.jpg","width":150,"height":150,"mime-type":"image\/jpeg","filesize":4181,"url":"https:\/\/360mallorcaproperty.com\/wp-content\/uploads\/2024\/05\/IMG-20230414-WA0001-150x150.jpg"},"medium_large":{"file":"IMG-20230414-WA0001-768x576.jpg","width":768,"height":576,"mime-type":"image\/jpeg","filesize":55955,"url":"https:\/\/360mallorcaproperty.com\/wp-content\/uploads\/2024\/05\/IMG-20230414-WA0001-768x576.jpg"},"post-thumbnail":{"file":"IMG-20230414-WA0001-150x113.jpg","width":150,"height":113,"mime-type":"image\/jpeg","filesize":3826,"url":"https:\/\/360mallorcaproperty.com\/wp-content\/uploads\/2024\/05\/IMG-20230414-WA0001-150x113.jpg"},"modern-property-child-slider":{"file":"IMG-20230414-WA0001-680x510.jpg","width":680,"height":510,"mime-type":"image\/jpeg","filesize":45911,"url":"https:\/\/360mallorcaproperty.com\/wp-content\/uploads\/2024\/05\/IMG-20230414-WA0001-680x510.jpg"},"property-thumb-image":{"file":"IMG-20230414-WA0001-488x326.jpg","width":488,"height":326,"mime-type":"image\/jpeg","filesize":23232,"url":"https:\/\/360mallorcaproperty.com\/wp-content\/uploads\/2024\/05\/IMG-20230414-WA0001-488x326.jpg"},"property-detail-video-image":{"file":"IMG-20230414-WA0001-818x417.jpg","width":818,"height":417,"mime-type":"image\/jpeg","filesize":38332,"url":"https:\/\/360mallorcaproperty.com\/wp-content\/uploads\/2024\/05\/IMG-20230414-WA0001-818x417.jpg"},"agent-image":{"file":"IMG-20230414-WA0001-210x210.jpg","width":210,"height":210,"mime-type":"image\/jpeg","filesize":7360,"url":"https:\/\/360mallorcaproperty.com\/wp-content\/uploads\/2024\/05\/IMG-20230414-WA0001-210x210.jpg"},"partners-logo":{"file":"IMG-20230414-WA0001-600x768.jpg","width":600,"height":768,"mime-type":"image\/jpeg","filesize":40309,"url":"https:\/\/360mallorcaproperty.com\/wp-content\/uploads\/2024\/05\/IMG-20230414-WA0001-600x768.jpg"},"post-featured-image":{"file":"IMG-20230414-WA0001-1024x720.jpg","width":1024,"height":720,"mime-type":"image\/jpeg","filesize":78860,"url":"https:\/\/360mallorcaproperty.com\/wp-content\/uploads\/2024\/05\/IMG-20230414-WA0001-1024x720.jpg"}},"image_meta":{"aperture":"0","credit":"","camera":"","caption":"","created_timestamp":"0","copyright":"","focal_length":"0","iso":"0","shutter_speed":"0","title":"","orientation":"0","keywords":[]},"ID":"25678","name":"IMG-20230414-WA0001.jpg","path":"\/home\/mallorcaproperty\/public_html\/wp-content\/uploads\/2024\/05\/IMG-20230414-WA0001.jpg","url":"https:\/\/360mallorcaproperty.com\/wp-content\/uploads\/2024\/05\/IMG-20230414-WA0001-150x150.jpg","full_url":"https:\/\/360mallorcaproperty.com\/wp-content\/uploads\/2024\/05\/IMG-20230414-WA0001.jpg","title":"IMG-20230414-WA0001","caption":"","description":"","alt":"","srcset":"https:\/\/360mallorcaproperty.com\/wp-content\/uploads\/2024\/05\/IMG-20230414-WA0001-150x150.jpg 150w, https:\/\/360mallorcaproperty.com\/wp-content\/uploads\/2024\/05\/IMG-20230414-WA0001-210x210.jpg 210w"},{"width":150,"height":150,"file":"2024\/05\/IMG-20230414-WA0002.jpg","filesize":77341,"sizes":{"medium":{"file":"IMG-20230414-WA0002-300x225.jpg","width":300,"height":225,"mime-type":"image\/jpeg","filesize":12799,"url":"https:\/\/360mallorcaproperty.com\/wp-content\/uploads\/2024\/05\/IMG-20230414-WA0002-300x225.jpg"},"thumbnail":{"file":"IMG-20230414-WA0002-150x150.jpg","width":150,"height":150,"mime-type":"image\/jpeg","filesize":4937,"url":"https:\/\/360mallorcaproperty.com\/wp-content\/uploads\/2024\/05\/IMG-20230414-WA0002-150x150.jpg"},"medium_large":{"file":"IMG-20230414-WA0002-768x576.jpg","width":768,"height":576,"mime-type":"image\/jpeg","filesize":59346,"url":"https:\/\/360mallorcaproperty.com\/wp-content\/uploads\/2024\/05\/IMG-20230414-WA0002-768x576.jpg"},"post-thumbnail":{"file":"IMG-20230414-WA0002-150x113.jpg","width":150,"height":113,"mime-type":"image\/jpeg","filesize":4147,"url":"https:\/\/360mallorcaproperty.com\/wp-content\/uploads\/2024\/05\/IMG-20230414-WA0002-150x113.jpg"},"modern-property-child-slider":{"file":"IMG-20230414-WA0002-680x510.jpg","width":680,"height":510,"mime-type":"image\/jpeg","filesize":48691,"url":"https:\/\/360mallorcaproperty.com\/wp-content\/uploads\/2024\/05\/IMG-20230414-WA0002-680x510.jpg"},"property-thumb-image":{"file":"IMG-20230414-WA0002-488x326.jpg","width":488,"height":326,"mime-type":"image\/jpeg","filesize":25928,"url":"https:\/\/360mallorcaproperty.com\/wp-content\/uploads\/2024\/05\/IMG-20230414-WA0002-488x326.jpg"},"property-detail-video-image":{"file":"IMG-20230414-WA0002-818x417.jpg","width":818,"height":417,"mime-type":"image\/jpeg","filesize":45578,"url":"https:\/\/360mallorcaproperty.com\/wp-content\/uploads\/2024\/05\/IMG-20230414-WA0002-818x417.jpg"},"agent-image":{"file":"IMG-20230414-WA0002-210x210.jpg","width":210,"height":210,"mime-type":"image\/jpeg","filesize":8713,"url":"https:\/\/360mallorcaproperty.com\/wp-content\/uploads\/2024\/05\/IMG-20230414-WA0002-210x210.jpg"},"partners-logo":{"file":"IMG-20230414-WA0002-600x768.jpg","width":600,"height":768,"mime-type":"image\/jpeg","filesize":55431,"url":"https:\/\/360mallorcaproperty.com\/wp-content\/uploads\/2024\/05\/IMG-20230414-WA0002-600x768.jpg"},"post-featured-image":{"file":"IMG-20230414-WA0002-1024x720.jpg","width":1024,"height":720,"mime-type":"image\/jpeg","filesize":86169,"url":"https:\/\/360mallorcaproperty.com\/wp-content\/uploads\/2024\/05\/IMG-20230414-WA0002-1024x720.jpg"}},"image_meta":{"aperture":"0","credit":"","camera":"","caption":"","created_timestamp":"0","copyright":"","focal_length":"0","iso":"0","shutter_speed":"0","title":"","orientation":"0","keywords":[]},"ID":"25681","name":"IMG-20230414-WA0002.jpg","path":"\/home\/mallorcaproperty\/public_html\/wp-content\/uploads\/2024\/05\/IMG-20230414-WA0002.jpg","url":"https:\/\/360mallorcaproperty.com\/wp-content\/uploads\/2024\/05\/IMG-20230414-WA0002-150x150.jpg","full_url":"https:\/\/360mallorcaproperty.com\/wp-content\/uploads\/2024\/05\/IMG-20230414-WA0002.jpg","title":"IMG-20230414-WA0002","caption":"","description":"","alt":"","srcset":"https:\/\/360mallorcaproperty.com\/wp-content\/uploads\/2024\/05\/IMG-20230414-WA0002-150x150.jpg 150w, https:\/\/360mallorcaproperty.com\/wp-content\/uploads\/2024\/05\/IMG-20230414-WA0002-210x210.jpg 210w"},{"width":150,"height":150,"file":"2024\/05\/IMG-20230414-WA0003.jpg","filesize":84877,"sizes":{"medium":{"file":"IMG-20230414-WA0003-300x225.jpg","width":300,"height":225,"mime-type":"image\/jpeg","filesize":14044,"url":"https:\/\/360mallorcaproperty.com\/wp-content\/uploads\/2024\/05\/IMG-20230414-WA0003-300x225.jpg"},"thumbnail":{"file":"IMG-20230414-WA0003-150x150.jpg","width":150,"height":150,"mime-type":"image\/jpeg","filesize":5332,"url":"https:\/\/360mallorcaproperty.com\/wp-content\/uploads\/2024\/05\/IMG-20230414-WA0003-150x150.jpg"},"medium_large":{"file":"IMG-20230414-WA0003-768x576.jpg","width":768,"height":576,"mime-type":"image\/jpeg","filesize":65669,"url":"https:\/\/360mallorcaproperty.com\/wp-content\/uploads\/2024\/05\/IMG-20230414-WA0003-768x576.jpg"},"post-thumbnail":{"file":"IMG-20230414-WA0003-150x113.jpg","width":150,"height":113,"mime-type":"image\/jpeg","filesize":4369,"url":"https:\/\/360mallorcaproperty.com\/wp-content\/uploads\/2024\/05\/IMG-20230414-WA0003-150x113.jpg"},"modern-property-child-slider":{"file":"IMG-20230414-WA0003-680x510.jpg","width":680,"height":510,"mime-type":"image\/jpeg","filesize":53945,"url":"https:\/\/360mallorcaproperty.com\/wp-content\/uploads\/2024\/05\/IMG-20230414-WA0003-680x510.jpg"},"property-thumb-image":{"file":"IMG-20230414-WA0003-488x326.jpg","width":488,"height":326,"mime-type":"image\/jpeg","filesize":28420,"url":"https:\/\/360mallorcaproperty.com\/wp-content\/uploads\/2024\/05\/IMG-20230414-WA0003-488x326.jpg"},"property-detail-video-image":{"file":"IMG-20230414-WA0003-818x417.jpg","width":818,"height":417,"mime-type":"image\/jpeg","filesize":48547,"url":"https:\/\/360mallorcaproperty.com\/wp-content\/uploads\/2024\/05\/IMG-20230414-WA0003-818x417.jpg"},"agent-image":{"file":"IMG-20230414-WA0003-210x210.jpg","width":210,"height":210,"mime-type":"image\/jpeg","filesize":9503,"url":"https:\/\/360mallorcaproperty.com\/wp-content\/uploads\/2024\/05\/IMG-20230414-WA0003-210x210.jpg"},"partners-logo":{"file":"IMG-20230414-WA0003-600x768.jpg","width":600,"height":768,"mime-type":"image\/jpeg","filesize":62063,"url":"https:\/\/360mallorcaproperty.com\/wp-content\/uploads\/2024\/05\/IMG-20230414-WA0003-600x768.jpg"},"post-featured-image":{"file":"IMG-20230414-WA0003-1024x720.jpg","width":1024,"height":720,"mime-type":"image\/jpeg","filesize":94095,"url":"https:\/\/360mallorcaproperty.com\/wp-content\/uploads\/2024\/05\/IMG-20230414-WA0003-1024x720.jpg"}},"image_meta":{"aperture":"0","credit":"","camera":"","caption":"","created_timestamp":"0","copyright":"","focal_length":"0","iso":"0","shutter_speed":"0","title":"","orientation":"0","keywords":[]},"ID":"25684","name":"IMG-20230414-WA0003.jpg","path":"\/home\/mallorcaproperty\/public_html\/wp-content\/uploads\/2024\/05\/IMG-20230414-WA0003.jpg","url":"https:\/\/360mallorcaproperty.com\/wp-content\/uploads\/2024\/05\/IMG-20230414-WA0003-150x150.jpg","full_url":"https:\/\/360mallorcaproperty.com\/wp-content\/uploads\/2024\/05\/IMG-20230414-WA0003.jpg","title":"IMG-20230414-WA0003","caption":"","description":"","alt":"","srcset":"https:\/\/360mallorcaproperty.com\/wp-content\/uploads\/2024\/05\/IMG-20230414-WA0003-150x150.jpg 150w, https:\/\/360mallorcaproperty.com\/wp-content\/uploads\/2024\/05\/IMG-20230414-WA0003-210x210.jpg 210w"},{"width":150,"height":150,"file":"2024\/05\/IMG-20230414-WA0004.jpg","filesize":165397,"sizes":{"medium":{"file":"IMG-20230414-WA0004-300x225.jpg","width":300,"height":225,"mime-type":"image\/jpeg","filesize":26803,"url":"https:\/\/360mallorcaproperty.com\/wp-content\/uploads\/2024\/05\/IMG-20230414-WA0004-300x225.jpg"},"thumbnail":{"file":"IMG-20230414-WA0004-150x150.jpg","width":150,"height":150,"mime-type":"image\/jpeg","filesize":8606,"url":"https:\/\/360mallorcaproperty.com\/wp-content\/uploads\/2024\/05\/IMG-20230414-WA0004-150x150.jpg"},"medium_large":{"file":"IMG-20230414-WA0004-768x576.jpg","width":768,"height":576,"mime-type":"image\/jpeg","filesize":129677,"url":"https:\/\/360mallorcaproperty.com\/wp-content\/uploads\/2024\/05\/IMG-20230414-WA0004-768x576.jpg"},"post-thumbnail":{"file":"IMG-20230414-WA0004-150x113.jpg","width":150,"height":113,"mime-type":"image\/jpeg","filesize":7132,"url":"https:\/\/360mallorcaproperty.com\/wp-content\/uploads\/2024\/05\/IMG-20230414-WA0004-150x113.jpg"},"modern-property-child-slider":{"file":"IMG-20230414-WA0004-680x510.jpg","width":680,"height":510,"mime-type":"image\/jpeg","filesize":106667,"url":"https:\/\/360mallorcaproperty.com\/wp-content\/uploads\/2024\/05\/IMG-20230414-WA0004-680x510.jpg"},"property-thumb-image":{"file":"IMG-20230414-WA0004-488x326.jpg","width":488,"height":326,"mime-type":"image\/jpeg","filesize":56762,"url":"https:\/\/360mallorcaproperty.com\/wp-content\/uploads\/2024\/05\/IMG-20230414-WA0004-488x326.jpg"},"property-detail-video-image":{"file":"IMG-20230414-WA0004-818x417.jpg","width":818,"height":417,"mime-type":"image\/jpeg","filesize":98341,"url":"https:\/\/360mallorcaproperty.com\/wp-content\/uploads\/2024\/05\/IMG-20230414-WA0004-818x417.jpg"},"agent-image":{"file":"IMG-20230414-WA0004-210x210.jpg","width":210,"height":210,"mime-type":"image\/jpeg","filesize":16634,"url":"https:\/\/360mallorcaproperty.com\/wp-content\/uploads\/2024\/05\/IMG-20230414-WA0004-210x210.jpg"},"partners-logo":{"file":"IMG-20230414-WA0004-600x768.jpg","width":600,"height":768,"mime-type":"image\/jpeg","filesize":104328,"url":"https:\/\/360mallorcaproperty.com\/wp-content\/uploads\/2024\/05\/IMG-20230414-WA0004-600x768.jpg"},"post-featured-image":{"file":"IMG-20230414-WA0004-1024x720.jpg","width":1024,"height":720,"mime-type":"image\/jpeg","filesize":185657,"url":"https:\/\/360mallorcaproperty.com\/wp-content\/uploads\/2024\/05\/IMG-20230414-WA0004-1024x720.jpg"}},"image_meta":{"aperture":"0","credit":"","camera":"","caption":"","created_timestamp":"0","copyright":"","focal_length":"0","iso":"0","shutter_speed":"0","title":"","orientation":"0","keywords":[]},"ID":"25687","name":"IMG-20230414-WA0004.jpg","path":"\/home\/mallorcaproperty\/public_html\/wp-content\/uploads\/2024\/05\/IMG-20230414-WA0004.jpg","url":"https:\/\/360mallorcaproperty.com\/wp-content\/uploads\/2024\/05\/IMG-20230414-WA0004-150x150.jpg","full_url":"https:\/\/360mallorcaproperty.com\/wp-content\/uploads\/2024\/05\/IMG-20230414-WA0004.jpg","title":"IMG-20230414-WA0004","caption":"","description":"","alt":"","srcset":"https:\/\/360mallorcaproperty.com\/wp-content\/uploads\/2024\/05\/IMG-20230414-WA0004-150x150.jpg 150w, https:\/\/360mallorcaproperty.com\/wp-content\/uploads\/2024\/05\/IMG-20230414-WA0004-210x210.jpg 210w"},{"width":150,"height":150,"file":"2024\/05\/IMG-20230414-WA0005.jpg","filesize":162465,"sizes":{"medium":{"file":"IMG-20230414-WA0005-300x225.jpg","width":300,"height":225,"mime-type":"image\/jpeg","filesize":27035,"url":"https:\/\/360mallorcaproperty.com\/wp-content\/uploads\/2024\/05\/IMG-20230414-WA0005-300x225.jpg"},"thumbnail":{"file":"IMG-20230414-WA0005-150x150.jpg","width":150,"height":150,"mime-type":"image\/jpeg","filesize":9491,"url":"https:\/\/360mallorcaproperty.com\/wp-content\/uploads\/2024\/05\/IMG-20230414-WA0005-150x150.jpg"},"medium_large":{"file":"IMG-20230414-WA0005-768x576.jpg","width":768,"height":576,"mime-type":"image\/jpeg","filesize":126029,"url":"https:\/\/360mallorcaproperty.com\/wp-content\/uploads\/2024\/05\/IMG-20230414-WA0005-768x576.jpg"},"post-thumbnail":{"file":"IMG-20230414-WA0005-150x113.jpg","width":150,"height":113,"mime-type":"image\/jpeg","filesize":7334,"url":"https:\/\/360mallorcaproperty.com\/wp-content\/uploads\/2024\/05\/IMG-20230414-WA0005-150x113.jpg"},"modern-property-child-slider":{"file":"IMG-20230414-WA0005-680x510.jpg","width":680,"height":510,"mime-type":"image\/jpeg","filesize":104018,"url":"https:\/\/360mallorcaproperty.com\/wp-content\/uploads\/2024\/05\/IMG-20230414-WA0005-680x510.jpg"},"property-thumb-image":{"file":"IMG-20230414-WA0005-488x326.jpg","width":488,"height":326,"mime-type":"image\/jpeg","filesize":55941,"url":"https:\/\/360mallorcaproperty.com\/wp-content\/uploads\/2024\/05\/IMG-20230414-WA0005-488x326.jpg"},"property-detail-video-image":{"file":"IMG-20230414-WA0005-818x417.jpg","width":818,"height":417,"mime-type":"image\/jpeg","filesize":97945,"url":"https:\/\/360mallorcaproperty.com\/wp-content\/uploads\/2024\/05\/IMG-20230414-WA0005-818x417.jpg"},"agent-image":{"file":"IMG-20230414-WA0005-210x210.jpg","width":210,"height":210,"mime-type":"image\/jpeg","filesize":17997,"url":"https:\/\/360mallorcaproperty.com\/wp-content\/uploads\/2024\/05\/IMG-20230414-WA0005-210x210.jpg"},"partners-logo":{"file":"IMG-20230414-WA0005-600x768.jpg","width":600,"height":768,"mime-type":"image\/jpeg","filesize":118524,"url":"https:\/\/360mallorcaproperty.com\/wp-content\/uploads\/2024\/05\/IMG-20230414-WA0005-600x768.jpg"},"post-featured-image":{"file":"IMG-20230414-WA0005-1024x720.jpg","width":1024,"height":720,"mime-type":"image\/jpeg","filesize":181368,"url":"https:\/\/360mallorcaproperty.com\/wp-content\/uploads\/2024\/05\/IMG-20230414-WA0005-1024x720.jpg"}},"image_meta":{"aperture":"0","credit":"","camera":"","caption":"","created_timestamp":"0","copyright":"","focal_length":"0","iso":"0","shutter_speed":"0","title":"","orientation":"0","keywords":[]},"ID":"25690","name":"IMG-20230414-WA0005.jpg","path":"\/home\/mallorcaproperty\/public_html\/wp-content\/uploads\/2024\/05\/IMG-20230414-WA0005.jpg","url":"https:\/\/360mallorcaproperty.com\/wp-content\/uploads\/2024\/05\/IMG-20230414-WA0005-150x150.jpg","full_url":"https:\/\/360mallorcaproperty.com\/wp-content\/uploads\/2024\/05\/IMG-20230414-WA0005.jpg","title":"IMG-20230414-WA0005","caption":"","description":"","alt":"","srcset":"https:\/\/360mallorcaproperty.com\/wp-content\/uploads\/2024\/05\/IMG-20230414-WA0005-150x150.jpg 150w, https:\/\/360mallorcaproperty.com\/wp-content\/uploads\/2024\/05\/IMG-20230414-WA0005-210x210.jpg 210w"},{"width":150,"height":150,"file":"2024\/05\/IMG-20230414-WA0006.jpg","filesize":73986,"sizes":{"medium":{"file":"IMG-20230414-WA0006-300x225.jpg","width":300,"height":225,"mime-type":"image\/jpeg","filesize":12361,"url":"https:\/\/360mallorcaproperty.com\/wp-content\/uploads\/2024\/05\/IMG-20230414-WA0006-300x225.jpg"},"thumbnail":{"file":"IMG-20230414-WA0006-150x150.jpg","width":150,"height":150,"mime-type":"image\/jpeg","filesize":4782,"url":"https:\/\/360mallorcaproperty.com\/wp-content\/uploads\/2024\/05\/IMG-20230414-WA0006-150x150.jpg"},"medium_large":{"file":"IMG-20230414-WA0006-768x576.jpg","width":768,"height":576,"mime-type":"image\/jpeg","filesize":57224,"url":"https:\/\/360mallorcaproperty.com\/wp-content\/uploads\/2024\/05\/IMG-20230414-WA0006-768x576.jpg"},"post-thumbnail":{"file":"IMG-20230414-WA0006-150x113.jpg","width":150,"height":113,"mime-type":"image\/jpeg","filesize":4027,"url":"https:\/\/360mallorcaproperty.com\/wp-content\/uploads\/2024\/05\/IMG-20230414-WA0006-150x113.jpg"},"modern-property-child-slider":{"file":"IMG-20230414-WA0006-680x510.jpg","width":680,"height":510,"mime-type":"image\/jpeg","filesize":46852,"url":"https:\/\/360mallorcaproperty.com\/wp-content\/uploads\/2024\/05\/IMG-20230414-WA0006-680x510.jpg"},"property-thumb-image":{"file":"IMG-20230414-WA0006-488x326.jpg","width":488,"height":326,"mime-type":"image\/jpeg","filesize":24787,"url":"https:\/\/360mallorcaproperty.com\/wp-content\/uploads\/2024\/05\/IMG-20230414-WA0006-488x326.jpg"},"property-detail-video-image":{"file":"IMG-20230414-WA0006-818x417.jpg","width":818,"height":417,"mime-type":"image\/jpeg","filesize":41787,"url":"https:\/\/360mallorcaproperty.com\/wp-content\/uploads\/2024\/05\/IMG-20230414-WA0006-818x417.jpg"},"agent-image":{"file":"IMG-20230414-WA0006-210x210.jpg","width":210,"height":210,"mime-type":"image\/jpeg","filesize":8280,"url":"https:\/\/360mallorcaproperty.com\/wp-content\/uploads\/2024\/05\/IMG-20230414-WA0006-210x210.jpg"},"partners-logo":{"file":"IMG-20230414-WA0006-600x768.jpg","width":600,"height":768,"mime-type":"image\/jpeg","filesize":53855,"url":"https:\/\/360mallorcaproperty.com\/wp-content\/uploads\/2024\/05\/IMG-20230414-WA0006-600x768.jpg"},"post-featured-image":{"file":"IMG-20230414-WA0006-1024x720.jpg","width":1024,"height":720,"mime-type":"image\/jpeg","filesize":82681,"url":"https:\/\/360mallorcaproperty.com\/wp-content\/uploads\/2024\/05\/IMG-20230414-WA0006-1024x720.jpg"}},"image_meta":{"aperture":"0","credit":"","camera":"","caption":"","created_timestamp":"0","copyright":"","focal_length":"0","iso":"0","shutter_speed":"0","title":"","orientation":"0","keywords":[]},"ID":"25693","name":"IMG-20230414-WA0006.jpg","path":"\/home\/mallorcaproperty\/public_html\/wp-content\/uploads\/2024\/05\/IMG-20230414-WA0006.jpg","url":"https:\/\/360mallorcaproperty.com\/wp-content\/uploads\/2024\/05\/IMG-20230414-WA0006-150x150.jpg","full_url":"https:\/\/360mallorcaproperty.com\/wp-content\/uploads\/2024\/05\/IMG-20230414-WA0006.jpg","title":"IMG-20230414-WA0006","caption":"","description":"","alt":"","srcset":"https:\/\/360mallorcaproperty.com\/wp-content\/uploads\/2024\/05\/IMG-20230414-WA0006-150x150.jpg 150w, https:\/\/360mallorcaproperty.com\/wp-content\/uploads\/2024\/05\/IMG-20230414-WA0006-210x210.jpg 210w"},{"width":150,"height":150,"file":"2024\/05\/IMG-20230414-WA0007.jpg","filesize":183647,"sizes":{"medium":{"file":"IMG-20230414-WA0007-300x225.jpg","width":300,"height":225,"mime-type":"image\/jpeg","filesize":32138,"url":"https:\/\/360mallorcaproperty.com\/wp-content\/uploads\/2024\/05\/IMG-20230414-WA0007-300x225.jpg"},"thumbnail":{"file":"IMG-20230414-WA0007-150x150.jpg","width":150,"height":150,"mime-type":"image\/jpeg","filesize":11382,"url":"https:\/\/360mallorcaproperty.com\/wp-content\/uploads\/2024\/05\/IMG-20230414-WA0007-150x150.jpg"},"medium_large":{"file":"IMG-20230414-WA0007-768x576.jpg","width":768,"height":576,"mime-type":"image\/jpeg","filesize":144433,"url":"https:\/\/360mallorcaproperty.com\/wp-content\/uploads\/2024\/05\/IMG-20230414-WA0007-768x576.jpg"},"post-thumbnail":{"file":"IMG-20230414-WA0007-150x113.jpg","width":150,"height":113,"mime-type":"image\/jpeg","filesize":8894,"url":"https:\/\/360mallorcaproperty.com\/wp-content\/uploads\/2024\/05\/IMG-20230414-WA0007-150x113.jpg"},"modern-property-child-slider":{"file":"IMG-20230414-WA0007-680x510.jpg","width":680,"height":510,"mime-type":"image\/jpeg","filesize":119984,"url":"https:\/\/360mallorcaproperty.com\/wp-content\/uploads\/2024\/05\/IMG-20230414-WA0007-680x510.jpg"},"property-thumb-image":{"file":"IMG-20230414-WA0007-488x326.jpg","width":488,"height":326,"mime-type":"image\/jpeg","filesize":64124,"url":"https:\/\/360mallorcaproperty.com\/wp-content\/uploads\/2024\/05\/IMG-20230414-WA0007-488x326.jpg"},"property-detail-video-image":{"file":"IMG-20230414-WA0007-818x417.jpg","width":818,"height":417,"mime-type":"image\/jpeg","filesize":108760,"url":"https:\/\/360mallorcaproperty.com\/wp-content\/uploads\/2024\/05\/IMG-20230414-WA0007-818x417.jpg"},"agent-image":{"file":"IMG-20230414-WA0007-210x210.jpg","width":210,"height":210,"mime-type":"image\/jpeg","filesize":21310,"url":"https:\/\/360mallorcaproperty.com\/wp-content\/uploads\/2024\/05\/IMG-20230414-WA0007-210x210.jpg"},"partners-logo":{"file":"IMG-20230414-WA0007-600x768.jpg","width":600,"height":768,"mime-type":"image\/jpeg","filesize":141347,"url":"https:\/\/360mallorcaproperty.com\/wp-content\/uploads\/2024\/05\/IMG-20230414-WA0007-600x768.jpg"},"post-featured-image":{"file":"IMG-20230414-WA0007-1024x720.jpg","width":1024,"height":720,"mime-type":"image\/jpeg","filesize":203037,"url":"https:\/\/360mallorcaproperty.com\/wp-content\/uploads\/2024\/05\/IMG-20230414-WA0007-1024x720.jpg"}},"image_meta":{"aperture":"0","credit":"","camera":"","caption":"","created_timestamp":"0","copyright":"","focal_length":"0","iso":"0","shutter_speed":"0","title":"","orientation":"0","keywords":[]},"ID":"25696","name":"IMG-20230414-WA0007.jpg","path":"\/home\/mallorcaproperty\/public_html\/wp-content\/uploads\/2024\/05\/IMG-20230414-WA0007.jpg","url":"https:\/\/360mallorcaproperty.com\/wp-content\/uploads\/2024\/05\/IMG-20230414-WA0007-150x150.jpg","full_url":"https:\/\/360mallorcaproperty.com\/wp-content\/uploads\/2024\/05\/IMG-20230414-WA0007.jpg","title":"IMG-20230414-WA0007","caption":"","description":"","alt":"","srcset":"https:\/\/360mallorcaproperty.com\/wp-content\/uploads\/2024\/05\/IMG-20230414-WA0007-150x150.jpg 150w, https:\/\/360mallorcaproperty.com\/wp-content\/uploads\/2024\/05\/IMG-20230414-WA0007-210x210.jpg 210w"},{"width":150,"height":150,"file":"2024\/05\/WhatsApp-Image-2023-04-13-at-18.16.4.jpg","filesize":239271,"sizes":{"medium":{"file":"WhatsApp-Image-2023-04-13-at-18.16.4-300x169.jpg","width":300,"height":169,"mime-type":"image\/jpeg","filesize":15139,"url":"https:\/\/360mallorcaproperty.com\/wp-content\/uploads\/2024\/05\/WhatsApp-Image-2023-04-13-at-18.16.4-300x169.jpg"},"large":{"file":"WhatsApp-Image-2023-04-13-at-18.16.4-1024x576.jpg","width":1024,"height":576,"mime-type":"image\/jpeg","filesize":99591,"url":"https:\/\/360mallorcaproperty.com\/wp-content\/uploads\/2024\/05\/WhatsApp-Image-2023-04-13-at-18.16.4-1024x576.jpg"},"thumbnail":{"file":"WhatsApp-Image-2023-04-13-at-18.16.4-150x150.jpg","width":150,"height":150,"mime-type":"image\/jpeg","filesize":6399,"url":"https:\/\/360mallorcaproperty.com\/wp-content\/uploads\/2024\/05\/WhatsApp-Image-2023-04-13-at-18.16.4-150x150.jpg"},"medium_large":{"file":"WhatsApp-Image-2023-04-13-at-18.16.4-768x432.jpg","width":768,"height":432,"mime-type":"image\/jpeg","filesize":63993,"url":"https:\/\/360mallorcaproperty.com\/wp-content\/uploads\/2024\/05\/WhatsApp-Image-2023-04-13-at-18.16.4-768x432.jpg"},"1536x1536":{"file":"WhatsApp-Image-2023-04-13-at-18.16.4-1536x864.jpg","width":1536,"height":864,"mime-type":"image\/jpeg","filesize":175609,"url":"https:\/\/360mallorcaproperty.com\/wp-content\/uploads\/2024\/05\/WhatsApp-Image-2023-04-13-at-18.16.4-1536x864.jpg"},"post-thumbnail":{"file":"WhatsApp-Image-2023-04-13-at-18.16.4-150x84.jpg","width":150,"height":84,"mime-type":"image\/jpeg","filesize":4584,"url":"https:\/\/360mallorcaproperty.com\/wp-content\/uploads\/2024\/05\/WhatsApp-Image-2023-04-13-at-18.16.4-150x84.jpg"},"modern-property-child-slider":{"file":"WhatsApp-Image-2023-04-13-at-18.16.4-680x510.jpg","width":680,"height":510,"mime-type":"image\/jpeg","filesize":55591,"url":"https:\/\/360mallorcaproperty.com\/wp-content\/uploads\/2024\/05\/WhatsApp-Image-2023-04-13-at-18.16.4-680x510.jpg"},"property-thumb-image":{"file":"WhatsApp-Image-2023-04-13-at-18.16.4-488x326.jpg","width":488,"height":326,"mime-type":"image\/jpeg","filesize":33316,"url":"https:\/\/360mallorcaproperty.com\/wp-content\/uploads\/2024\/05\/WhatsApp-Image-2023-04-13-at-18.16.4-488x326.jpg"},"property-detail-video-image":{"file":"WhatsApp-Image-2023-04-13-at-18.16.4-818x417.jpg","width":818,"height":417,"mime-type":"image\/jpeg","filesize":64926,"url":"https:\/\/360mallorcaproperty.com\/wp-content\/uploads\/2024\/05\/WhatsApp-Image-2023-04-13-at-18.16.4-818x417.jpg"},"agent-image":{"file":"WhatsApp-Image-2023-04-13-at-18.16.4-210x210.jpg","width":210,"height":210,"mime-type":"image\/jpeg","filesize":11142,"url":"https:\/\/360mallorcaproperty.com\/wp-content\/uploads\/2024\/05\/WhatsApp-Image-2023-04-13-at-18.16.4-210x210.jpg"},"partners-logo":{"file":"WhatsApp-Image-2023-04-13-at-18.16.4-600x1152.jpg","width":600,"height":1152,"mime-type":"image\/jpeg","filesize":65892,"url":"https:\/\/360mallorcaproperty.com\/wp-content\/uploads\/2024\/05\/WhatsApp-Image-2023-04-13-at-18.16.4-600x1152.jpg"},"post-featured-image":{"file":"WhatsApp-Image-2023-04-13-at-18.16.4-1240x720.jpg","width":1240,"height":720,"mime-type":"image\/jpeg","filesize":128268,"url":"https:\/\/360mallorcaproperty.com\/wp-content\/uploads\/2024\/05\/WhatsApp-Image-2023-04-13-at-18.16.4-1240x720.jpg"}},"image_meta":{"aperture":"0","credit":"","camera":"","caption":"","created_timestamp":"0","copyright":"","focal_length":"0","iso":"0","shutter_speed":"0","title":"","orientation":"0","keywords":[]},"ID":"25699","name":"WhatsApp-Image-2023-04-13-at-18.16.4.jpg","path":"\/home\/mallorcaproperty\/public_html\/wp-content\/uploads\/2024\/05\/WhatsApp-Image-2023-04-13-at-18.16.4.jpg","url":"https:\/\/360mallorcaproperty.com\/wp-content\/uploads\/2024\/05\/WhatsApp-Image-2023-04-13-at-18.16.4-150x150.jpg","full_url":"https:\/\/360mallorcaproperty.com\/wp-content\/uploads\/2024\/05\/WhatsApp-Image-2023-04-13-at-18.16.4.jpg","title":"WhatsApp Image 2023-04-13 at 18.16.4","caption":"","description":"","alt":"","srcset":"https:\/\/360mallorcaproperty.com\/wp-content\/uploads\/2024\/05\/WhatsApp-Image-2023-04-13-at-18.16.4-150x150.jpg 150w, https:\/\/360mallorcaproperty.com\/wp-content\/uploads\/2024\/05\/WhatsApp-Image-2023-04-13-at-18.16.4-210x210.jpg 210w"},{"width":150,"height":150,"file":"2024\/05\/WhatsApp-Image-2023-04-13-at-18.16.46.jpg","filesize":270367,"sizes":{"medium":{"file":"WhatsApp-Image-2023-04-13-at-18.16.46-300x169.jpg","width":300,"height":169,"mime-type":"image\/jpeg","filesize":16303,"url":"https:\/\/360mallorcaproperty.com\/wp-content\/uploads\/2024\/05\/WhatsApp-Image-2023-04-13-at-18.16.46-300x169.jpg"},"large":{"file":"WhatsApp-Image-2023-04-13-at-18.16.46-1024x576.jpg","width":1024,"height":576,"mime-type":"image\/jpeg","filesize":112200,"url":"https:\/\/360mallorcaproperty.com\/wp-content\/uploads\/2024\/05\/WhatsApp-Image-2023-04-13-at-18.16.46-1024x576.jpg"},"thumbnail":{"file":"WhatsApp-Image-2023-04-13-at-18.16.46-150x150.jpg","width":150,"height":150,"mime-type":"image\/jpeg","filesize":7213,"url":"https:\/\/360mallorcaproperty.com\/wp-content\/uploads\/2024\/05\/WhatsApp-Image-2023-04-13-at-18.16.46-150x150.jpg"},"medium_large":{"file":"WhatsApp-Image-2023-04-13-at-18.16.46-768x432.jpg","width":768,"height":432,"mime-type":"image\/jpeg","filesize":72205,"url":"https:\/\/360mallorcaproperty.com\/wp-content\/uploads\/2024\/05\/WhatsApp-Image-2023-04-13-at-18.16.46-768x432.jpg"},"1536x1536":{"file":"WhatsApp-Image-2023-04-13-at-18.16.46-1536x864.jpg","width":1536,"height":864,"mime-type":"image\/jpeg","filesize":197505,"url":"https:\/\/360mallorcaproperty.com\/wp-content\/uploads\/2024\/05\/WhatsApp-Image-2023-04-13-at-18.16.46-1536x864.jpg"},"post-thumbnail":{"file":"WhatsApp-Image-2023-04-13-at-18.16.46-150x84.jpg","width":150,"height":84,"mime-type":"image\/jpeg","filesize":4820,"url":"https:\/\/360mallorcaproperty.com\/wp-content\/uploads\/2024\/05\/WhatsApp-Image-2023-04-13-at-18.16.46-150x84.jpg"},"modern-property-child-slider":{"file":"WhatsApp-Image-2023-04-13-at-18.16.46-680x510.jpg","width":680,"height":510,"mime-type":"image\/jpeg","filesize":65238,"url":"https:\/\/360mallorcaproperty.com\/wp-content\/uploads\/2024\/05\/WhatsApp-Image-2023-04-13-at-18.16.46-680x510.jpg"},"property-thumb-image":{"file":"WhatsApp-Image-2023-04-13-at-18.16.46-488x326.jpg","width":488,"height":326,"mime-type":"image\/jpeg","filesize":38537,"url":"https:\/\/360mallorcaproperty.com\/wp-content\/uploads\/2024\/05\/WhatsApp-Image-2023-04-13-at-18.16.46-488x326.jpg"},"property-detail-video-image":{"file":"WhatsApp-Image-2023-04-13-at-18.16.46-818x417.jpg","width":818,"height":417,"mime-type":"image\/jpeg","filesize":74786,"url":"https:\/\/360mallorcaproperty.com\/wp-content\/uploads\/2024\/05\/WhatsApp-Image-2023-04-13-at-18.16.46-818x417.jpg"},"agent-image":{"file":"WhatsApp-Image-2023-04-13-at-18.16.46-210x210.jpg","width":210,"height":210,"mime-type":"image\/jpeg","filesize":12884,"url":"https:\/\/360mallorcaproperty.com\/wp-content\/uploads\/2024\/05\/WhatsApp-Image-2023-04-13-at-18.16.46-210x210.jpg"},"partners-logo":{"file":"WhatsApp-Image-2023-04-13-at-18.16.46-600x1152.jpg","width":600,"height":1152,"mime-type":"image\/jpeg","filesize":79788,"url":"https:\/\/360mallorcaproperty.com\/wp-content\/uploads\/2024\/05\/WhatsApp-Image-2023-04-13-at-18.16.46-600x1152.jpg"},"post-featured-image":{"file":"WhatsApp-Image-2023-04-13-at-18.16.46-1240x720.jpg","width":1240,"height":720,"mime-type":"image\/jpeg","filesize":146081,"url":"https:\/\/360mallorcaproperty.com\/wp-content\/uploads\/2024\/05\/WhatsApp-Image-2023-04-13-at-18.16.46-1240x720.jpg"}},"image_meta":{"aperture":"0","credit":"","camera":"","caption":"","created_timestamp":"0","copyright":"","focal_length":"0","iso":"0","shutter_speed":"0","title":"","orientation":"0","keywords":[]},"ID":"25702","name":"WhatsApp-Image-2023-04-13-at-18.16.46.jpg","path":"\/home\/mallorcaproperty\/public_html\/wp-content\/uploads\/2024\/05\/WhatsApp-Image-2023-04-13-at-18.16.46.jpg","url":"https:\/\/360mallorcaproperty.com\/wp-content\/uploads\/2024\/05\/WhatsApp-Image-2023-04-13-at-18.16.46-150x150.jpg","full_url":"https:\/\/360mallorcaproperty.com\/wp-content\/uploads\/2024\/05\/WhatsApp-Image-2023-04-13-at-18.16.46.jpg","title":"WhatsApp Image 2023-04-13 at 18.16.46","caption":"","description":"","alt":"","srcset":"https:\/\/360mallorcaproperty.com\/wp-content\/uploads\/2024\/05\/WhatsApp-Image-2023-04-13-at-18.16.46-150x150.jpg 150w, https:\/\/360mallorcaproperty.com\/wp-content\/uploads\/2024\/05\/WhatsApp-Image-2023-04-13-at-18.16.46-210x210.jpg 210w"},{"width":150,"height":150,"file":"2024\/05\/WhatsApp-Image-2023-04-13-at-18.19.03.jpg","filesize":535841,"sizes":{"medium":{"file":"WhatsApp-Image-2023-04-13-at-18.19.03-300x169.jpg","width":300,"height":169,"mime-type":"image\/jpeg","filesize":12205,"url":"https:\/\/360mallorcaproperty.com\/wp-content\/uploads\/2024\/05\/WhatsApp-Image-2023-04-13-at-18.19.03-300x169.jpg"},"large":{"file":"WhatsApp-Image-2023-04-13-at-18.19.03-1024x576.jpg","width":1024,"height":576,"mime-type":"image\/jpeg","filesize":157944,"url":"https:\/\/360mallorcaproperty.com\/wp-content\/uploads\/2024\/05\/WhatsApp-Image-2023-04-13-at-18.19.03-1024x576.jpg"},"thumbnail":{"file":"WhatsApp-Image-2023-04-13-at-18.19.03-150x150.jpg","width":150,"height":150,"mime-type":"image\/jpeg","filesize":5630,"url":"https:\/\/360mallorcaproperty.com\/wp-content\/uploads\/2024\/05\/WhatsApp-Image-2023-04-13-at-18.19.03-150x150.jpg"},"medium_large":{"file":"WhatsApp-Image-2023-04-13-at-18.19.03-768x432.jpg","width":768,"height":432,"mime-type":"image\/jpeg","filesize":82583,"url":"https:\/\/360mallorcaproperty.com\/wp-content\/uploads\/2024\/05\/WhatsApp-Image-2023-04-13-at-18.19.03-768x432.jpg"},"1536x1536":{"file":"WhatsApp-Image-2023-04-13-at-18.19.03-1536x864.jpg","width":1536,"height":864,"mime-type":"image\/jpeg","filesize":324457,"url":"https:\/\/360mallorcaproperty.com\/wp-content\/uploads\/2024\/05\/WhatsApp-Image-2023-04-13-at-18.19.03-1536x864.jpg"},"post-thumbnail":{"file":"WhatsApp-Image-2023-04-13-at-18.19.03-150x84.jpg","width":150,"height":84,"mime-type":"image\/jpeg","filesize":3603,"url":"https:\/\/360mallorcaproperty.com\/wp-content\/uploads\/2024\/05\/WhatsApp-Image-2023-04-13-at-18.19.03-150x84.jpg"},"modern-property-child-slider":{"file":"WhatsApp-Image-2023-04-13-at-18.19.03-680x510.jpg","width":680,"height":510,"mime-type":"image\/jpeg","filesize":88197,"url":"https:\/\/360mallorcaproperty.com\/wp-content\/uploads\/2024\/05\/WhatsApp-Image-2023-04-13-at-18.19.03-680x510.jpg"},"property-thumb-image":{"file":"WhatsApp-Image-2023-04-13-at-18.19.03-488x326.jpg","width":488,"height":326,"mime-type":"image\/jpeg","filesize":38875,"url":"https:\/\/360mallorcaproperty.com\/wp-content\/uploads\/2024\/05\/WhatsApp-Image-2023-04-13-at-18.19.03-488x326.jpg"},"property-detail-video-image":{"file":"WhatsApp-Image-2023-04-13-at-18.19.03-818x417.jpg","width":818,"height":417,"mime-type":"image\/jpeg","filesize":87156,"url":"https:\/\/360mallorcaproperty.com\/wp-content\/uploads\/2024\/05\/WhatsApp-Image-2023-04-13-at-18.19.03-818x417.jpg"},"agent-image":{"file":"WhatsApp-Image-2023-04-13-at-18.19.03-210x210.jpg","width":210,"height":210,"mime-type":"image\/jpeg","filesize":10841,"url":"https:\/\/360mallorcaproperty.com\/wp-content\/uploads\/2024\/05\/WhatsApp-Image-2023-04-13-at-18.19.03-210x210.jpg"},"partners-logo":{"file":"WhatsApp-Image-2023-04-13-at-18.19.03-600x1152.jpg","width":600,"height":1152,"mime-type":"image\/jpeg","filesize":187729,"url":"https:\/\/360mallorcaproperty.com\/wp-content\/uploads\/2024\/05\/WhatsApp-Image-2023-04-13-at-18.19.03-600x1152.jpg"},"post-featured-image":{"file":"WhatsApp-Image-2023-04-13-at-18.19.03-1240x720.jpg","width":1240,"height":720,"mime-type":"image\/jpeg","filesize":223264,"url":"https:\/\/360mallorcaproperty.com\/wp-content\/uploads\/2024\/05\/WhatsApp-Image-2023-04-13-at-18.19.03-1240x720.jpg"}},"image_meta":{"aperture":"0","credit":"","camera":"","caption":"","created_timestamp":"0","copyright":"","focal_length":"0","iso":"0","shutter_speed":"0","title":"","orientation":"0","keywords":[]},"ID":"25705","name":"WhatsApp-Image-2023-04-13-at-18.19.03.jpg","path":"\/home\/mallorcaproperty\/public_html\/wp-content\/uploads\/2024\/05\/WhatsApp-Image-2023-04-13-at-18.19.03.jpg","url":"https:\/\/360mallorcaproperty.com\/wp-content\/uploads\/2024\/05\/WhatsApp-Image-2023-04-13-at-18.19.03-150x150.jpg","full_url":"https:\/\/360mallorcaproperty.com\/wp-content\/uploads\/2024\/05\/WhatsApp-Image-2023-04-13-at-18.19.03.jpg","title":"WhatsApp Image 2023-04-13 at 18.19.03","caption":"","description":"","alt":"","srcset":"https:\/\/360mallorcaproperty.com\/wp-content\/uploads\/2024\/05\/WhatsApp-Image-2023-04-13-at-18.19.03-150x150.jpg 150w, https:\/\/360mallorcaproperty.com\/wp-content\/uploads\/2024\/05\/WhatsApp-Image-2023-04-13-at-18.19.03-210x210.jpg 210w"}],"REAL_HOMES_change_gallery_slider_type":"0","REAL_HOMES_gallery_slider_type":"thumb-on-right","inspiry_floor_plans":[{"inspiry_floor_plan_name":"situaci\u00f3n ","inspiry_floor_plan_size":"19992m2","inspiry_floor_plan_bedrooms":"5","inspiry_floor_plan_bathrooms":"6","inspiry_floor_plan_image":"https:\/\/360mallorcaproperty.com\/wp-content\/uploads\/2024\/05\/V4071-PLANOS-1_page-0001-scaled.jpg"},{"inspiry_floor_plan_name":"s\u00f3tano ","inspiry_floor_plan_size":"147m2","inspiry_floor_plan_image":"https:\/\/360mallorcaproperty.com\/wp-content\/uploads\/2024\/05\/V4071-PLANOS-4_page-0001-scaled.jpg"},{"inspiry_floor_plan_name":"Planta baja","inspiry_floor_plan_size":"166m2","inspiry_floor_plan_bedrooms":"2","inspiry_floor_plan_bathrooms":"3","inspiry_floor_plan_image":"https:\/\/360mallorcaproperty.com\/wp-content\/uploads\/2024\/05\/V4071-PLANOS-2_page-0001-scaled.jpg"},{"inspiry_floor_plan_name":"Planta Piso","inspiry_floor_plan_size":"131m2","inspiry_floor_plan_bedrooms":"3","inspiry_floor_plan_bathrooms":"3","inspiry_floor_plan_image":"https:\/\/360mallorcaproperty.com\/wp-content\/uploads\/2024\/05\/V4071-PLANOS-3_page-0001-scaled.jpg"},{"inspiry_floor_plan_name":"Piscina","inspiry_floor_plan_image":"https:\/\/360mallorcaproperty.com\/wp-content\/uploads\/2024\/05\/V4071-PLANOS-8_page-0001-scaled.jpg"},{"inspiry_floor_plan_name":"Alzado Lateral ","inspiry_floor_plan_image":"https:\/\/360mallorcaproperty.com\/wp-content\/uploads\/2024\/05\/V4071-PLANOS-6_page-0001-scaled.jpg"},{"inspiry_floor_plan_name":"Fachada","inspiry_floor_plan_image":"https:\/\/360mallorcaproperty.com\/wp-content\/uploads\/2024\/05\/V4071-PLANOS-5_page-0001-scaled.jpg"},{"inspiry_floor_plan_name":"Secci\u00f3n ","inspiry_floor_plan_image":"https:\/\/360mallorcaproperty.com\/wp-content\/uploads\/2024\/05\/V4071-PLANOS-7_page-0001-scaled.jpg"}],"inspiry_video_group":[],"REAL_HOMES_360_virtual_tour":"","REAL_HOMES_agent_display_option":"none","REAL_HOMES_agents":[],"REAL_HOMES_energy_class":"none","REAL_HOMES_energy_performance":"","REAL_HOMES_epc_current_rating":"","REAL_HOMES_epc_potential_rating":"","ere_property_schedule_tour":"","ere_property_schedule_time_slots":"","ere_property_schedule_description":"","REAL_HOMES_sticky":"0","inspiry_property_label":"","inspiry_property_label_color":"","inspiry_property_tax":"","inspiry_additional_fee":"","REAL_HOMES_attachments":[],"inspiry_property_owner_name":"","inspiry_property_owner_contact":"","inspiry_property_owner_address":"","REAL_HOMES_property_private_note":"","inspiry_message_to_reviewer":"","REAL_HOMES_add_in_slider":"no","REAL_HOMES_slider_image":[],"REAL_HOMES_page_banner_image":[],"REAL_HOMES_hide_property_advance_search":"0","inspiry_offmarket":[],"REAL_HOMES_custom_header_display":"default","REAL_HOMES_custom_header_position":"relative","REAL_HOMES_custom_footer_display":"default","REAL_HOMES_hide_advance_search":"0","REAL_HOMES_custom_search_form":"default","REAL_HOMES_search_form_margin_top":"","REAL_HOMES_search_form_margin_bottom":""},"_links":{"self":[{"href":"https:\/\/360mallorcaproperty.com\/es\/wp-json\/wp\/v2\/property\/25734","targetHints":{"allow":["GET"]}}],"collection":[{"href":"https:\/\/360mallorcaproperty.com\/es\/wp-json\/wp\/v2\/property"}],"about":[{"href":"https:\/\/360mallorcaproperty.com\/es\/wp-json\/wp\/v2\/types\/property"}],"author":[{"embeddable":true,"href":"https:\/\/360mallorcaproperty.com\/es\/wp-json\/wp\/v2\/users\/1"}],"replies":[{"embeddable":true,"href":"https:\/\/360mallorcaproperty.com\/es\/wp-json\/wp\/v2\/comments?post=25734"}],"version-history":[{"count":0,"href":"https:\/\/360mallorcaproperty.com\/es\/wp-json\/wp\/v2\/property\/25734\/revisions"}],"wp:featuredmedia":[{"embeddable":true,"href":"https:\/\/360mallorcaproperty.com\/es\/wp-json\/wp\/v2\/media\/25713"}],"wp:attachment":[{"href":"https:\/\/360mallorcaproperty.com\/es\/wp-json\/wp\/v2\/media?parent=25734"}],"wp:term":[{"taxonomy":"property-feature","embeddable":true,"href":"https:\/\/360mallorcaproperty.com\/es\/wp-json\/wp\/v2\/property-feature?post=25734"},{"taxonomy":"property-type","embeddable":true,"href":"https:\/\/360mallorcaproperty.com\/es\/wp-json\/wp\/v2\/property-type?post=25734"},{"taxonomy":"property-city","embeddable":true,"href":"https:\/\/360mallorcaproperty.com\/es\/wp-json\/wp\/v2\/property-location?post=25734"},{"taxonomy":"property-status","embeddable":true,"href":"https:\/\/360mallorcaproperty.com\/es\/wp-json\/wp\/v2\/property-status?post=25734"}],"curies":[{"name":"wp","href":"https:\/\/api.w.org\/{rel}","templated":true}]}}