{"id":29060,"date":"2024-09-05T13:19:32","date_gmt":"2024-09-05T13:19:32","guid":{"rendered":"https:\/\/360mallorcaproperty.com\/property\/countryside-plot-with-approved-project\/"},"modified":"2024-09-05T13:28:46","modified_gmt":"2024-09-05T13:28:46","slug":"countryside-plot-with-approved-project","status":"publish","type":"property","link":"https:\/\/360mallorcaproperty.com\/es\/property\/countryside-plot-with-approved-project\/","title":{"rendered":"Parcela en Son Salom con proyecto aprobado"},"content":{"rendered":"<p>Situada en la prestigiosa zona de Son Salom, Santanyi, disponemos de una parcela de algo m\u00e1s de 18.000m2. La finca tiene un proyecto aprobado por el Consell de Mallorca para una propiedad de 280m2 de vivienda y una construcci\u00f3n total de 450m2.<\/p>\n<p>P\u00f3ngase en contacto con nosotros para concertar una visita.<\/p>\n","protected":false},"excerpt":{"rendered":"<p>Situada en la prestigiosa zona de Son Salom, Santanyi, disponemos de una parcela de algo m\u00e1s de 18.000m2. La finca tiene un proyecto aprobado por el Consell de Mallorca para una propiedad de 280m2 de vivienda y una construcci\u00f3n total de 450m2. P\u00f3ngase en contacto con nosotros para concertar una visita.<\/p>\n","protected":false},"author":1,"featured_media":29026,"parent":0,"menu_order":0,"comment_status":"closed","ping_status":"closed","template":"","property-feature":[],"property-type":[229],"property-location":[261],"property-status":[231],"class_list":["post-29060","property","type-property","status-publish","has-post-thumbnail","hentry","property-type-parcela-rusticas","property-city-santanyi-es","property-status-venta"],"property_meta":{"REAL_HOMES_property_price":"650000","REAL_HOMES_property_old_price":"","REAL_HOMES_property_price_prefix":"","REAL_HOMES_property_price_postfix":"","REAL_HOMES_property_size":"280m\u00b2","REAL_HOMES_property_size_postfix":"m\u00b2","REAL_HOMES_property_lot_size":"","REAL_HOMES_property_lot_size_postfix":"","REAL_HOMES_property_bedrooms":"","REAL_HOMES_property_bathrooms":"","REAL_HOMES_property_garage":"","REAL_HOMES_property_id":"V4086","REAL_HOMES_property_year_built":"","REAL_HOMES_featured":"0","REAL_HOMES_additional_details_list":[],"rvr_booking_widget_display":"","rvr_booking_mode":"","rvr_govt_tax":"","rvr_govt_tax_type":"","rvr_govt_tax_calculation":"","rvr_service_charges":"","rvr_service_charges_type":"","rvr_service_charges_calculation":"","rvr_guests_capacity":"","rvr_book_child_as":"","rvr_min_stay":"","rvr_guests_capacity_extend":"","rvr_extra_guest_price":"","rvr_property_owner":"0","rvr_bulk_pricing":[],"rvr_seasonal_pricing":[],"rvr_custom_reserved_dates":[],"rvr_additional_fees":[{"rvr_fee_type":"fixed","rvr_fee_calculation":"per_stay"}],"rvr_additional_amenities":[{"price_calculation":"per_stay"}],"rvr_accommodation":[],"rvr_outdoor_features":[],"rvr_surroundings":[],"rvr_included":[],"rvr_not_included":[],"rvr_policies":[],"REAL_HOMES_property_location":{"latitude":"39.356798893426","longitude":"3.0905055999756","zoom":"13"},"REAL_HOMES_property_address":"carrer de Son Salom, es Llombards, Santa\u00f1\u00ed, Migjorn, Islas Baleares, 07650, Espa\u00f1a","REAL_HOMES_property_map":"","REAL_HOMES_property_images":[{"width":150,"height":150,"file":"2024\/09\/WhatsApp-Image-2024-08-09-at-14.49.31-1.jpeg","filesize":259121,"sizes":{"medium":{"file":"WhatsApp-Image-2024-08-09-at-14.49.31-1-300x169.jpeg","width":300,"height":169,"mime-type":"image\/jpeg","filesize":11833,"url":"https:\/\/360mallorcaproperty.com\/wp-content\/uploads\/2024\/09\/WhatsApp-Image-2024-08-09-at-14.49.31-1-300x169.jpeg"},"large":{"file":"WhatsApp-Image-2024-08-09-at-14.49.31-1-1024x576.jpeg","width":1024,"height":576,"mime-type":"image\/jpeg","filesize":127229,"url":"https:\/\/360mallorcaproperty.com\/wp-content\/uploads\/2024\/09\/WhatsApp-Image-2024-08-09-at-14.49.31-1-1024x576.jpeg"},"thumbnail":{"file":"WhatsApp-Image-2024-08-09-at-14.49.31-1-150x150.jpeg","width":150,"height":150,"mime-type":"image\/jpeg","filesize":5659,"url":"https:\/\/360mallorcaproperty.com\/wp-content\/uploads\/2024\/09\/WhatsApp-Image-2024-08-09-at-14.49.31-1-150x150.jpeg"},"medium_large":{"file":"WhatsApp-Image-2024-08-09-at-14.49.31-1-768x432.jpeg","width":768,"height":432,"mime-type":"image\/jpeg","filesize":72852,"url":"https:\/\/360mallorcaproperty.com\/wp-content\/uploads\/2024\/09\/WhatsApp-Image-2024-08-09-at-14.49.31-1-768x432.jpeg"},"1536x1536":{"file":"WhatsApp-Image-2024-08-09-at-14.49.31-1-1536x864.jpeg","width":1536,"height":864,"mime-type":"image\/jpeg","filesize":264607,"url":"https:\/\/360mallorcaproperty.com\/wp-content\/uploads\/2024\/09\/WhatsApp-Image-2024-08-09-at-14.49.31-1-1536x864.jpeg"},"post-thumbnail":{"file":"WhatsApp-Image-2024-08-09-at-14.49.31-1-150x84.jpeg","width":150,"height":84,"mime-type":"image\/jpeg","filesize":3689,"url":"https:\/\/360mallorcaproperty.com\/wp-content\/uploads\/2024\/09\/WhatsApp-Image-2024-08-09-at-14.49.31-1-150x84.jpeg"},"modern-property-child-slider":{"file":"WhatsApp-Image-2024-08-09-at-14.49.31-1-680x510.jpeg","width":680,"height":510,"mime-type":"image\/jpeg","filesize":74661,"url":"https:\/\/360mallorcaproperty.com\/wp-content\/uploads\/2024\/09\/WhatsApp-Image-2024-08-09-at-14.49.31-1-680x510.jpeg"},"property-thumb-image":{"file":"WhatsApp-Image-2024-08-09-at-14.49.31-1-488x326.jpeg","width":488,"height":326,"mime-type":"image\/jpeg","filesize":35025,"url":"https:\/\/360mallorcaproperty.com\/wp-content\/uploads\/2024\/09\/WhatsApp-Image-2024-08-09-at-14.49.31-1-488x326.jpeg"},"property-detail-video-image":{"file":"WhatsApp-Image-2024-08-09-at-14.49.31-1-818x417.jpeg","width":818,"height":417,"mime-type":"image\/jpeg","filesize":75286,"url":"https:\/\/360mallorcaproperty.com\/wp-content\/uploads\/2024\/09\/WhatsApp-Image-2024-08-09-at-14.49.31-1-818x417.jpeg"},"agent-image":{"file":"WhatsApp-Image-2024-08-09-at-14.49.31-1-210x210.jpeg","width":210,"height":210,"mime-type":"image\/jpeg","filesize":10440,"url":"https:\/\/360mallorcaproperty.com\/wp-content\/uploads\/2024\/09\/WhatsApp-Image-2024-08-09-at-14.49.31-1-210x210.jpeg"},"partners-logo":{"file":"WhatsApp-Image-2024-08-09-at-14.49.31-1-600x900.jpeg","width":600,"height":900,"mime-type":"image\/jpeg","filesize":128834,"url":"https:\/\/360mallorcaproperty.com\/wp-content\/uploads\/2024\/09\/WhatsApp-Image-2024-08-09-at-14.49.31-1-600x900.jpeg"},"post-featured-image":{"file":"WhatsApp-Image-2024-08-09-at-14.49.31-1-1240x720.jpeg","width":1240,"height":720,"mime-type":"image\/jpeg","filesize":186693,"url":"https:\/\/360mallorcaproperty.com\/wp-content\/uploads\/2024\/09\/WhatsApp-Image-2024-08-09-at-14.49.31-1-1240x720.jpeg"}},"image_meta":{"aperture":"0","credit":"","camera":"","caption":"","created_timestamp":"0","copyright":"","focal_length":"0","iso":"0","shutter_speed":"0","title":"","orientation":"0","keywords":[]},"ID":"29024","name":"WhatsApp-Image-2024-08-09-at-14.49.31-1.jpeg","path":"\/home\/mallorcaproperty\/public_html\/wp-content\/uploads\/2024\/09\/WhatsApp-Image-2024-08-09-at-14.49.31-1.jpeg","url":"https:\/\/360mallorcaproperty.com\/wp-content\/uploads\/2024\/09\/WhatsApp-Image-2024-08-09-at-14.49.31-1-150x150.jpeg","full_url":"https:\/\/360mallorcaproperty.com\/wp-content\/uploads\/2024\/09\/WhatsApp-Image-2024-08-09-at-14.49.31-1.jpeg","title":"WhatsApp Image 2024-08-09 at 14.49.31 (1)","caption":"","description":"","alt":"","srcset":"https:\/\/360mallorcaproperty.com\/wp-content\/uploads\/2024\/09\/WhatsApp-Image-2024-08-09-at-14.49.31-1-150x150.jpeg 150w, https:\/\/360mallorcaproperty.com\/wp-content\/uploads\/2024\/09\/WhatsApp-Image-2024-08-09-at-14.49.31-1-210x210.jpeg 210w"},{"width":150,"height":150,"file":"2024\/09\/WhatsApp-Image-2024-08-09-at-14.49.31-2.jpeg","filesize":314806,"sizes":{"medium":{"file":"WhatsApp-Image-2024-08-09-at-14.49.31-2-300x169.jpeg","width":300,"height":169,"mime-type":"image\/jpeg","filesize":12759,"url":"https:\/\/360mallorcaproperty.com\/wp-content\/uploads\/2024\/09\/WhatsApp-Image-2024-08-09-at-14.49.31-2-300x169.jpeg"},"large":{"file":"WhatsApp-Image-2024-08-09-at-14.49.31-2-1024x576.jpeg","width":1024,"height":576,"mime-type":"image\/jpeg","filesize":147339,"url":"https:\/\/360mallorcaproperty.com\/wp-content\/uploads\/2024\/09\/WhatsApp-Image-2024-08-09-at-14.49.31-2-1024x576.jpeg"},"thumbnail":{"file":"WhatsApp-Image-2024-08-09-at-14.49.31-2-150x150.jpeg","width":150,"height":150,"mime-type":"image\/jpeg","filesize":6189,"url":"https:\/\/360mallorcaproperty.com\/wp-content\/uploads\/2024\/09\/WhatsApp-Image-2024-08-09-at-14.49.31-2-150x150.jpeg"},"medium_large":{"file":"WhatsApp-Image-2024-08-09-at-14.49.31-2-768x432.jpeg","width":768,"height":432,"mime-type":"image\/jpeg","filesize":82858,"url":"https:\/\/360mallorcaproperty.com\/wp-content\/uploads\/2024\/09\/WhatsApp-Image-2024-08-09-at-14.49.31-2-768x432.jpeg"},"1536x1536":{"file":"WhatsApp-Image-2024-08-09-at-14.49.31-2-1536x864.jpeg","width":1536,"height":864,"mime-type":"image\/jpeg","filesize":313971,"url":"https:\/\/360mallorcaproperty.com\/wp-content\/uploads\/2024\/09\/WhatsApp-Image-2024-08-09-at-14.49.31-2-1536x864.jpeg"},"post-thumbnail":{"file":"WhatsApp-Image-2024-08-09-at-14.49.31-2-150x84.jpeg","width":150,"height":84,"mime-type":"image\/jpeg","filesize":3759,"url":"https:\/\/360mallorcaproperty.com\/wp-content\/uploads\/2024\/09\/WhatsApp-Image-2024-08-09-at-14.49.31-2-150x84.jpeg"},"modern-property-child-slider":{"file":"WhatsApp-Image-2024-08-09-at-14.49.31-2-680x510.jpeg","width":680,"height":510,"mime-type":"image\/jpeg","filesize":87830,"url":"https:\/\/360mallorcaproperty.com\/wp-content\/uploads\/2024\/09\/WhatsApp-Image-2024-08-09-at-14.49.31-2-680x510.jpeg"},"property-thumb-image":{"file":"WhatsApp-Image-2024-08-09-at-14.49.31-2-488x326.jpeg","width":488,"height":326,"mime-type":"image\/jpeg","filesize":39156,"url":"https:\/\/360mallorcaproperty.com\/wp-content\/uploads\/2024\/09\/WhatsApp-Image-2024-08-09-at-14.49.31-2-488x326.jpeg"},"property-detail-video-image":{"file":"WhatsApp-Image-2024-08-09-at-14.49.31-2-818x417.jpeg","width":818,"height":417,"mime-type":"image\/jpeg","filesize":87237,"url":"https:\/\/360mallorcaproperty.com\/wp-content\/uploads\/2024\/09\/WhatsApp-Image-2024-08-09-at-14.49.31-2-818x417.jpeg"},"agent-image":{"file":"WhatsApp-Image-2024-08-09-at-14.49.31-2-210x210.jpeg","width":210,"height":210,"mime-type":"image\/jpeg","filesize":11596,"url":"https:\/\/360mallorcaproperty.com\/wp-content\/uploads\/2024\/09\/WhatsApp-Image-2024-08-09-at-14.49.31-2-210x210.jpeg"},"partners-logo":{"file":"WhatsApp-Image-2024-08-09-at-14.49.31-2-600x900.jpeg","width":600,"height":900,"mime-type":"image\/jpeg","filesize":162237,"url":"https:\/\/360mallorcaproperty.com\/wp-content\/uploads\/2024\/09\/WhatsApp-Image-2024-08-09-at-14.49.31-2-600x900.jpeg"},"post-featured-image":{"file":"WhatsApp-Image-2024-08-09-at-14.49.31-2-1240x720.jpeg","width":1240,"height":720,"mime-type":"image\/jpeg","filesize":220462,"url":"https:\/\/360mallorcaproperty.com\/wp-content\/uploads\/2024\/09\/WhatsApp-Image-2024-08-09-at-14.49.31-2-1240x720.jpeg"}},"image_meta":{"aperture":"0","credit":"","camera":"","caption":"","created_timestamp":"0","copyright":"","focal_length":"0","iso":"0","shutter_speed":"0","title":"","orientation":"0","keywords":[]},"ID":"29027","name":"WhatsApp-Image-2024-08-09-at-14.49.31-2.jpeg","path":"\/home\/mallorcaproperty\/public_html\/wp-content\/uploads\/2024\/09\/WhatsApp-Image-2024-08-09-at-14.49.31-2.jpeg","url":"https:\/\/360mallorcaproperty.com\/wp-content\/uploads\/2024\/09\/WhatsApp-Image-2024-08-09-at-14.49.31-2-150x150.jpeg","full_url":"https:\/\/360mallorcaproperty.com\/wp-content\/uploads\/2024\/09\/WhatsApp-Image-2024-08-09-at-14.49.31-2.jpeg","title":"WhatsApp Image 2024-08-09 at 14.49.31 (2)","caption":"","description":"","alt":"","srcset":"https:\/\/360mallorcaproperty.com\/wp-content\/uploads\/2024\/09\/WhatsApp-Image-2024-08-09-at-14.49.31-2-150x150.jpeg 150w, https:\/\/360mallorcaproperty.com\/wp-content\/uploads\/2024\/09\/WhatsApp-Image-2024-08-09-at-14.49.31-2-210x210.jpeg 210w"},{"width":150,"height":150,"file":"2024\/09\/WhatsApp-Image-2024-08-09-at-14.49.31.jpeg","filesize":251649,"sizes":{"medium":{"file":"WhatsApp-Image-2024-08-09-at-14.49.31-300x169.jpeg","width":300,"height":169,"mime-type":"image\/jpeg","filesize":11185,"url":"https:\/\/360mallorcaproperty.com\/wp-content\/uploads\/2024\/09\/WhatsApp-Image-2024-08-09-at-14.49.31-300x169.jpeg"},"large":{"file":"WhatsApp-Image-2024-08-09-at-14.49.31-1024x576.jpeg","width":1024,"height":576,"mime-type":"image\/jpeg","filesize":122059,"url":"https:\/\/360mallorcaproperty.com\/wp-content\/uploads\/2024\/09\/WhatsApp-Image-2024-08-09-at-14.49.31-1024x576.jpeg"},"thumbnail":{"file":"WhatsApp-Image-2024-08-09-at-14.49.31-150x150.jpeg","width":150,"height":150,"mime-type":"image\/jpeg","filesize":5502,"url":"https:\/\/360mallorcaproperty.com\/wp-content\/uploads\/2024\/09\/WhatsApp-Image-2024-08-09-at-14.49.31-150x150.jpeg"},"medium_large":{"file":"WhatsApp-Image-2024-08-09-at-14.49.31-768x432.jpeg","width":768,"height":432,"mime-type":"image\/jpeg","filesize":69559,"url":"https:\/\/360mallorcaproperty.com\/wp-content\/uploads\/2024\/09\/WhatsApp-Image-2024-08-09-at-14.49.31-768x432.jpeg"},"1536x1536":{"file":"WhatsApp-Image-2024-08-09-at-14.49.31-1536x864.jpeg","width":1536,"height":864,"mime-type":"image\/jpeg","filesize":256175,"url":"https:\/\/360mallorcaproperty.com\/wp-content\/uploads\/2024\/09\/WhatsApp-Image-2024-08-09-at-14.49.31-1536x864.jpeg"},"post-thumbnail":{"file":"WhatsApp-Image-2024-08-09-at-14.49.31-150x84.jpeg","width":150,"height":84,"mime-type":"image\/jpeg","filesize":3485,"url":"https:\/\/360mallorcaproperty.com\/wp-content\/uploads\/2024\/09\/WhatsApp-Image-2024-08-09-at-14.49.31-150x84.jpeg"},"modern-property-child-slider":{"file":"WhatsApp-Image-2024-08-09-at-14.49.31-680x510.jpeg","width":680,"height":510,"mime-type":"image\/jpeg","filesize":74030,"url":"https:\/\/360mallorcaproperty.com\/wp-content\/uploads\/2024\/09\/WhatsApp-Image-2024-08-09-at-14.49.31-680x510.jpeg"},"property-thumb-image":{"file":"WhatsApp-Image-2024-08-09-at-14.49.31-488x326.jpeg","width":488,"height":326,"mime-type":"image\/jpeg","filesize":34208,"url":"https:\/\/360mallorcaproperty.com\/wp-content\/uploads\/2024\/09\/WhatsApp-Image-2024-08-09-at-14.49.31-488x326.jpeg"},"property-detail-video-image":{"file":"WhatsApp-Image-2024-08-09-at-14.49.31-818x417.jpeg","width":818,"height":417,"mime-type":"image\/jpeg","filesize":71683,"url":"https:\/\/360mallorcaproperty.com\/wp-content\/uploads\/2024\/09\/WhatsApp-Image-2024-08-09-at-14.49.31-818x417.jpeg"},"agent-image":{"file":"WhatsApp-Image-2024-08-09-at-14.49.31-210x210.jpeg","width":210,"height":210,"mime-type":"image\/jpeg","filesize":10220,"url":"https:\/\/360mallorcaproperty.com\/wp-content\/uploads\/2024\/09\/WhatsApp-Image-2024-08-09-at-14.49.31-210x210.jpeg"},"partners-logo":{"file":"WhatsApp-Image-2024-08-09-at-14.49.31-600x900.jpeg","width":600,"height":900,"mime-type":"image\/jpeg","filesize":130596,"url":"https:\/\/360mallorcaproperty.com\/wp-content\/uploads\/2024\/09\/WhatsApp-Image-2024-08-09-at-14.49.31-600x900.jpeg"},"post-featured-image":{"file":"WhatsApp-Image-2024-08-09-at-14.49.31-1240x720.jpeg","width":1240,"height":720,"mime-type":"image\/jpeg","filesize":180682,"url":"https:\/\/360mallorcaproperty.com\/wp-content\/uploads\/2024\/09\/WhatsApp-Image-2024-08-09-at-14.49.31-1240x720.jpeg"}},"image_meta":{"aperture":"0","credit":"","camera":"","caption":"","created_timestamp":"0","copyright":"","focal_length":"0","iso":"0","shutter_speed":"0","title":"","orientation":"0","keywords":[]},"ID":"29030","name":"WhatsApp-Image-2024-08-09-at-14.49.31.jpeg","path":"\/home\/mallorcaproperty\/public_html\/wp-content\/uploads\/2024\/09\/WhatsApp-Image-2024-08-09-at-14.49.31.jpeg","url":"https:\/\/360mallorcaproperty.com\/wp-content\/uploads\/2024\/09\/WhatsApp-Image-2024-08-09-at-14.49.31-150x150.jpeg","full_url":"https:\/\/360mallorcaproperty.com\/wp-content\/uploads\/2024\/09\/WhatsApp-Image-2024-08-09-at-14.49.31.jpeg","title":"WhatsApp Image 2024-08-09 at 14.49.31","caption":"","description":"","alt":"","srcset":"https:\/\/360mallorcaproperty.com\/wp-content\/uploads\/2024\/09\/WhatsApp-Image-2024-08-09-at-14.49.31-150x150.jpeg 150w, https:\/\/360mallorcaproperty.com\/wp-content\/uploads\/2024\/09\/WhatsApp-Image-2024-08-09-at-14.49.31-210x210.jpeg 210w"},{"width":150,"height":150,"file":"2024\/09\/WhatsApp-Image-2024-08-09-at-14.49.32-1.jpeg","filesize":344695,"sizes":{"medium":{"file":"WhatsApp-Image-2024-08-09-at-14.49.32-1-300x169.jpeg","width":300,"height":169,"mime-type":"image\/jpeg","filesize":14589,"url":"https:\/\/360mallorcaproperty.com\/wp-content\/uploads\/2024\/09\/WhatsApp-Image-2024-08-09-at-14.49.32-1-300x169.jpeg"},"large":{"file":"WhatsApp-Image-2024-08-09-at-14.49.32-1-1024x576.jpeg","width":1024,"height":576,"mime-type":"image\/jpeg","filesize":165249,"url":"https:\/\/360mallorcaproperty.com\/wp-content\/uploads\/2024\/09\/WhatsApp-Image-2024-08-09-at-14.49.32-1-1024x576.jpeg"},"thumbnail":{"file":"WhatsApp-Image-2024-08-09-at-14.49.32-1-150x150.jpeg","width":150,"height":150,"mime-type":"image\/jpeg","filesize":6676,"url":"https:\/\/360mallorcaproperty.com\/wp-content\/uploads\/2024\/09\/WhatsApp-Image-2024-08-09-at-14.49.32-1-150x150.jpeg"},"medium_large":{"file":"WhatsApp-Image-2024-08-09-at-14.49.32-1-768x432.jpeg","width":768,"height":432,"mime-type":"image\/jpeg","filesize":94286,"url":"https:\/\/360mallorcaproperty.com\/wp-content\/uploads\/2024\/09\/WhatsApp-Image-2024-08-09-at-14.49.32-1-768x432.jpeg"},"1536x1536":{"file":"WhatsApp-Image-2024-08-09-at-14.49.32-1-1536x864.jpeg","width":1536,"height":864,"mime-type":"image\/jpeg","filesize":345537,"url":"https:\/\/360mallorcaproperty.com\/wp-content\/uploads\/2024\/09\/WhatsApp-Image-2024-08-09-at-14.49.32-1-1536x864.jpeg"},"post-thumbnail":{"file":"WhatsApp-Image-2024-08-09-at-14.49.32-1-150x84.jpeg","width":150,"height":84,"mime-type":"image\/jpeg","filesize":4233,"url":"https:\/\/360mallorcaproperty.com\/wp-content\/uploads\/2024\/09\/WhatsApp-Image-2024-08-09-at-14.49.32-1-150x84.jpeg"},"modern-property-child-slider":{"file":"WhatsApp-Image-2024-08-09-at-14.49.32-1-680x510.jpeg","width":680,"height":510,"mime-type":"image\/jpeg","filesize":94855,"url":"https:\/\/360mallorcaproperty.com\/wp-content\/uploads\/2024\/09\/WhatsApp-Image-2024-08-09-at-14.49.32-1-680x510.jpeg"},"property-thumb-image":{"file":"WhatsApp-Image-2024-08-09-at-14.49.32-1-488x326.jpeg","width":488,"height":326,"mime-type":"image\/jpeg","filesize":43775,"url":"https:\/\/360mallorcaproperty.com\/wp-content\/uploads\/2024\/09\/WhatsApp-Image-2024-08-09-at-14.49.32-1-488x326.jpeg"},"property-detail-video-image":{"file":"WhatsApp-Image-2024-08-09-at-14.49.32-1-818x417.jpeg","width":818,"height":417,"mime-type":"image\/jpeg","filesize":98553,"url":"https:\/\/360mallorcaproperty.com\/wp-content\/uploads\/2024\/09\/WhatsApp-Image-2024-08-09-at-14.49.32-1-818x417.jpeg"},"agent-image":{"file":"WhatsApp-Image-2024-08-09-at-14.49.32-1-210x210.jpeg","width":210,"height":210,"mime-type":"image\/jpeg","filesize":12622,"url":"https:\/\/360mallorcaproperty.com\/wp-content\/uploads\/2024\/09\/WhatsApp-Image-2024-08-09-at-14.49.32-1-210x210.jpeg"},"partners-logo":{"file":"WhatsApp-Image-2024-08-09-at-14.49.32-1-600x900.jpeg","width":600,"height":900,"mime-type":"image\/jpeg","filesize":168857,"url":"https:\/\/360mallorcaproperty.com\/wp-content\/uploads\/2024\/09\/WhatsApp-Image-2024-08-09-at-14.49.32-1-600x900.jpeg"},"post-featured-image":{"file":"WhatsApp-Image-2024-08-09-at-14.49.32-1-1240x720.jpeg","width":1240,"height":720,"mime-type":"image\/jpeg","filesize":243077,"url":"https:\/\/360mallorcaproperty.com\/wp-content\/uploads\/2024\/09\/WhatsApp-Image-2024-08-09-at-14.49.32-1-1240x720.jpeg"}},"image_meta":{"aperture":"0","credit":"","camera":"","caption":"","created_timestamp":"0","copyright":"","focal_length":"0","iso":"0","shutter_speed":"0","title":"","orientation":"0","keywords":[]},"ID":"29033","name":"WhatsApp-Image-2024-08-09-at-14.49.32-1.jpeg","path":"\/home\/mallorcaproperty\/public_html\/wp-content\/uploads\/2024\/09\/WhatsApp-Image-2024-08-09-at-14.49.32-1.jpeg","url":"https:\/\/360mallorcaproperty.com\/wp-content\/uploads\/2024\/09\/WhatsApp-Image-2024-08-09-at-14.49.32-1-150x150.jpeg","full_url":"https:\/\/360mallorcaproperty.com\/wp-content\/uploads\/2024\/09\/WhatsApp-Image-2024-08-09-at-14.49.32-1.jpeg","title":"WhatsApp Image 2024-08-09 at 14.49.32 (1)","caption":"","description":"","alt":"","srcset":"https:\/\/360mallorcaproperty.com\/wp-content\/uploads\/2024\/09\/WhatsApp-Image-2024-08-09-at-14.49.32-1-150x150.jpeg 150w, https:\/\/360mallorcaproperty.com\/wp-content\/uploads\/2024\/09\/WhatsApp-Image-2024-08-09-at-14.49.32-1-210x210.jpeg 210w"},{"width":150,"height":150,"file":"2024\/09\/WhatsApp-Image-2024-08-09-at-14.49.32.jpeg","filesize":314204,"sizes":{"medium":{"file":"WhatsApp-Image-2024-08-09-at-14.49.32-300x169.jpeg","width":300,"height":169,"mime-type":"image\/jpeg","filesize":12771,"url":"https:\/\/360mallorcaproperty.com\/wp-content\/uploads\/2024\/09\/WhatsApp-Image-2024-08-09-at-14.49.32-300x169.jpeg"},"large":{"file":"WhatsApp-Image-2024-08-09-at-14.49.32-1024x576.jpeg","width":1024,"height":576,"mime-type":"image\/jpeg","filesize":148575,"url":"https:\/\/360mallorcaproperty.com\/wp-content\/uploads\/2024\/09\/WhatsApp-Image-2024-08-09-at-14.49.32-1024x576.jpeg"},"thumbnail":{"file":"WhatsApp-Image-2024-08-09-at-14.49.32-150x150.jpeg","width":150,"height":150,"mime-type":"image\/jpeg","filesize":6156,"url":"https:\/\/360mallorcaproperty.com\/wp-content\/uploads\/2024\/09\/WhatsApp-Image-2024-08-09-at-14.49.32-150x150.jpeg"},"medium_large":{"file":"WhatsApp-Image-2024-08-09-at-14.49.32-768x432.jpeg","width":768,"height":432,"mime-type":"image\/jpeg","filesize":83595,"url":"https:\/\/360mallorcaproperty.com\/wp-content\/uploads\/2024\/09\/WhatsApp-Image-2024-08-09-at-14.49.32-768x432.jpeg"},"1536x1536":{"file":"WhatsApp-Image-2024-08-09-at-14.49.32-1536x864.jpeg","width":1536,"height":864,"mime-type":"image\/jpeg","filesize":314292,"url":"https:\/\/360mallorcaproperty.com\/wp-content\/uploads\/2024\/09\/WhatsApp-Image-2024-08-09-at-14.49.32-1536x864.jpeg"},"post-thumbnail":{"file":"WhatsApp-Image-2024-08-09-at-14.49.32-150x84.jpeg","width":150,"height":84,"mime-type":"image\/jpeg","filesize":3787,"url":"https:\/\/360mallorcaproperty.com\/wp-content\/uploads\/2024\/09\/WhatsApp-Image-2024-08-09-at-14.49.32-150x84.jpeg"},"modern-property-child-slider":{"file":"WhatsApp-Image-2024-08-09-at-14.49.32-680x510.jpeg","width":680,"height":510,"mime-type":"image\/jpeg","filesize":89340,"url":"https:\/\/360mallorcaproperty.com\/wp-content\/uploads\/2024\/09\/WhatsApp-Image-2024-08-09-at-14.49.32-680x510.jpeg"},"property-thumb-image":{"file":"WhatsApp-Image-2024-08-09-at-14.49.32-488x326.jpeg","width":488,"height":326,"mime-type":"image\/jpeg","filesize":40159,"url":"https:\/\/360mallorcaproperty.com\/wp-content\/uploads\/2024\/09\/WhatsApp-Image-2024-08-09-at-14.49.32-488x326.jpeg"},"property-detail-video-image":{"file":"WhatsApp-Image-2024-08-09-at-14.49.32-818x417.jpeg","width":818,"height":417,"mime-type":"image\/jpeg","filesize":88436,"url":"https:\/\/360mallorcaproperty.com\/wp-content\/uploads\/2024\/09\/WhatsApp-Image-2024-08-09-at-14.49.32-818x417.jpeg"},"agent-image":{"file":"WhatsApp-Image-2024-08-09-at-14.49.32-210x210.jpeg","width":210,"height":210,"mime-type":"image\/jpeg","filesize":11512,"url":"https:\/\/360mallorcaproperty.com\/wp-content\/uploads\/2024\/09\/WhatsApp-Image-2024-08-09-at-14.49.32-210x210.jpeg"},"partners-logo":{"file":"WhatsApp-Image-2024-08-09-at-14.49.32-600x900.jpeg","width":600,"height":900,"mime-type":"image\/jpeg","filesize":148670,"url":"https:\/\/360mallorcaproperty.com\/wp-content\/uploads\/2024\/09\/WhatsApp-Image-2024-08-09-at-14.49.32-600x900.jpeg"},"post-featured-image":{"file":"WhatsApp-Image-2024-08-09-at-14.49.32-1240x720.jpeg","width":1240,"height":720,"mime-type":"image\/jpeg","filesize":221324,"url":"https:\/\/360mallorcaproperty.com\/wp-content\/uploads\/2024\/09\/WhatsApp-Image-2024-08-09-at-14.49.32-1240x720.jpeg"}},"image_meta":{"aperture":"0","credit":"","camera":"","caption":"","created_timestamp":"0","copyright":"","focal_length":"0","iso":"0","shutter_speed":"0","title":"","orientation":"0","keywords":[]},"ID":"29036","name":"WhatsApp-Image-2024-08-09-at-14.49.32.jpeg","path":"\/home\/mallorcaproperty\/public_html\/wp-content\/uploads\/2024\/09\/WhatsApp-Image-2024-08-09-at-14.49.32.jpeg","url":"https:\/\/360mallorcaproperty.com\/wp-content\/uploads\/2024\/09\/WhatsApp-Image-2024-08-09-at-14.49.32-150x150.jpeg","full_url":"https:\/\/360mallorcaproperty.com\/wp-content\/uploads\/2024\/09\/WhatsApp-Image-2024-08-09-at-14.49.32.jpeg","title":"WhatsApp Image 2024-08-09 at 14.49.32","caption":"","description":"","alt":"","srcset":"https:\/\/360mallorcaproperty.com\/wp-content\/uploads\/2024\/09\/WhatsApp-Image-2024-08-09-at-14.49.32-150x150.jpeg 150w, https:\/\/360mallorcaproperty.com\/wp-content\/uploads\/2024\/09\/WhatsApp-Image-2024-08-09-at-14.49.32-210x210.jpeg 210w"},{"width":150,"height":150,"file":"2024\/09\/Screenshot-128.png","filesize":8393194,"sizes":{"medium":{"file":"Screenshot-128-300x200.png","width":300,"height":200,"mime-type":"image\/png","filesize":153100,"url":"https:\/\/360mallorcaproperty.com\/wp-content\/uploads\/2024\/09\/Screenshot-128-300x200.png"},"large":{"file":"Screenshot-128-1024x683.png","width":1024,"height":683,"mime-type":"image\/png","filesize":1578000,"url":"https:\/\/360mallorcaproperty.com\/wp-content\/uploads\/2024\/09\/Screenshot-128-1024x683.png"},"thumbnail":{"file":"Screenshot-128-150x150.png","width":150,"height":150,"mime-type":"image\/png","filesize":58475,"url":"https:\/\/360mallorcaproperty.com\/wp-content\/uploads\/2024\/09\/Screenshot-128-150x150.png"},"medium_large":{"file":"Screenshot-128-768x512.png","width":768,"height":512,"mime-type":"image\/png","filesize":934318,"url":"https:\/\/360mallorcaproperty.com\/wp-content\/uploads\/2024\/09\/Screenshot-128-768x512.png"},"1536x1536":{"file":"Screenshot-128-1536x1024.png","width":1536,"height":1024,"mime-type":"image\/png","filesize":3205617,"url":"https:\/\/360mallorcaproperty.com\/wp-content\/uploads\/2024\/09\/Screenshot-128-1536x1024.png"},"2048x2048":{"file":"Screenshot-128-2048x1365.png","width":2048,"height":1365,"mime-type":"image\/png","filesize":5142935,"url":"https:\/\/360mallorcaproperty.com\/wp-content\/uploads\/2024\/09\/Screenshot-128-2048x1365.png"},"post-thumbnail":{"file":"Screenshot-128-150x100.png","width":150,"height":100,"mime-type":"image\/png","filesize":38594,"url":"https:\/\/360mallorcaproperty.com\/wp-content\/uploads\/2024\/09\/Screenshot-128-150x100.png"},"modern-property-child-slider":{"file":"Screenshot-128-680x510.png","width":680,"height":510,"mime-type":"image\/png","filesize":824959,"url":"https:\/\/360mallorcaproperty.com\/wp-content\/uploads\/2024\/09\/Screenshot-128-680x510.png"},"property-thumb-image":{"file":"Screenshot-128-488x326.png","width":488,"height":326,"mime-type":"image\/png","filesize":397092,"url":"https:\/\/360mallorcaproperty.com\/wp-content\/uploads\/2024\/09\/Screenshot-128-488x326.png"},"property-detail-video-image":{"file":"Screenshot-128-818x417.png","width":818,"height":417,"mime-type":"image\/png","filesize":813653,"url":"https:\/\/360mallorcaproperty.com\/wp-content\/uploads\/2024\/09\/Screenshot-128-818x417.png"},"agent-image":{"file":"Screenshot-128-210x210.png","width":210,"height":210,"mime-type":"image\/png","filesize":113967,"url":"https:\/\/360mallorcaproperty.com\/wp-content\/uploads\/2024\/09\/Screenshot-128-210x210.png"},"partners-logo":{"file":"Screenshot-128-600x1824.png","width":600,"height":1824,"mime-type":"image\/png","filesize":1861710,"url":"https:\/\/360mallorcaproperty.com\/wp-content\/uploads\/2024\/09\/Screenshot-128-600x1824.png"},"post-featured-image":{"file":"Screenshot-128-1240x720.png","width":1240,"height":720,"mime-type":"image\/png","filesize":1949371,"url":"https:\/\/360mallorcaproperty.com\/wp-content\/uploads\/2024\/09\/Screenshot-128-1240x720.png"}},"image_meta":{"aperture":"0","credit":"","camera":"","caption":"","created_timestamp":"0","copyright":"","focal_length":"0","iso":"0","shutter_speed":"0","title":"","orientation":"0","keywords":[]},"ID":"29039","name":"Screenshot-128.png","path":"\/home\/mallorcaproperty\/public_html\/wp-content\/uploads\/2024\/09\/Screenshot-128.png","url":"https:\/\/360mallorcaproperty.com\/wp-content\/uploads\/2024\/09\/Screenshot-128-150x150.png","full_url":"https:\/\/360mallorcaproperty.com\/wp-content\/uploads\/2024\/09\/Screenshot-128.png","title":"Screenshot (128)","caption":"","description":"","alt":"","srcset":"https:\/\/360mallorcaproperty.com\/wp-content\/uploads\/2024\/09\/Screenshot-128-150x150.png 150w, https:\/\/360mallorcaproperty.com\/wp-content\/uploads\/2024\/09\/Screenshot-128-210x210.png 210w"}],"REAL_HOMES_change_gallery_slider_type":"0","REAL_HOMES_gallery_slider_type":"thumb-on-right","inspiry_floor_plans":[{"inspiry_floor_plan_name":"Situacion","inspiry_floor_plan_size":"18573","inspiry_floor_plan_size_postfix":"m2","inspiry_floor_plan_image":"https:\/\/360mallorcaproperty.com\/wp-content\/uploads\/2024\/09\/V4086-PROYECTO-BASICO_page-0001.jpg"},{"inspiry_floor_plan_name":"Pb y 1\u00ba","inspiry_floor_plan_size":"278","inspiry_floor_plan_size_postfix":"m2","inspiry_floor_plan_image":"https:\/\/360mallorcaproperty.com\/wp-content\/uploads\/2024\/09\/V4086-PROYECTO-BASICO_page-0002.jpg"},{"inspiry_floor_plan_name":"Fachada","inspiry_floor_plan_image":"https:\/\/360mallorcaproperty.com\/wp-content\/uploads\/2024\/09\/V4086-PROYECTO-BASICO_page-0003.jpg"},{"inspiry_floor_plan_name":"Alzado lateral","inspiry_floor_plan_image":"https:\/\/360mallorcaproperty.com\/wp-content\/uploads\/2024\/09\/V4086-PROYECTO-BASICO_page-0004.jpg"},{"inspiry_floor_plan_name":"Alzado lateral \/ secci\u00f3n ","inspiry_floor_plan_image":"https:\/\/360mallorcaproperty.com\/wp-content\/uploads\/2024\/09\/V4086-PROYECTO-BASICO_page-0005.jpg"}],"inspiry_video_group":[],"REAL_HOMES_360_virtual_tour":"","REAL_HOMES_agent_display_option":"none","REAL_HOMES_agents":[],"REAL_HOMES_energy_class":"none","REAL_HOMES_energy_performance":"","REAL_HOMES_epc_current_rating":"","REAL_HOMES_epc_potential_rating":"","ere_property_schedule_tour":"global","ere_property_schedule_time_slots":"","ere_property_schedule_description":"","REAL_HOMES_sticky":"0","inspiry_property_label":"","inspiry_property_label_color":"","inspiry_property_tax":"","inspiry_additional_fee":"","REAL_HOMES_attachments":[],"inspiry_property_owner_name":"","inspiry_property_owner_contact":"","inspiry_property_owner_address":"","REAL_HOMES_property_private_note":"","inspiry_message_to_reviewer":"","REAL_HOMES_add_in_slider":"no","REAL_HOMES_slider_image":[],"REAL_HOMES_page_banner_image":[],"REAL_HOMES_hide_property_advance_search":"0","inspiry_offmarket":[],"REAL_HOMES_custom_header_display":"default","REAL_HOMES_custom_header_position":"relative","REAL_HOMES_custom_footer_display":"default","REAL_HOMES_hide_advance_search":"0","REAL_HOMES_custom_search_form":"default","REAL_HOMES_search_form_margin_top":"","REAL_HOMES_search_form_margin_bottom":""},"_links":{"self":[{"href":"https:\/\/360mallorcaproperty.com\/es\/wp-json\/wp\/v2\/property\/29060","targetHints":{"allow":["GET"]}}],"collection":[{"href":"https:\/\/360mallorcaproperty.com\/es\/wp-json\/wp\/v2\/property"}],"about":[{"href":"https:\/\/360mallorcaproperty.com\/es\/wp-json\/wp\/v2\/types\/property"}],"author":[{"embeddable":true,"href":"https:\/\/360mallorcaproperty.com\/es\/wp-json\/wp\/v2\/users\/1"}],"replies":[{"embeddable":true,"href":"https:\/\/360mallorcaproperty.com\/es\/wp-json\/wp\/v2\/comments?post=29060"}],"version-history":[{"count":0,"href":"https:\/\/360mallorcaproperty.com\/es\/wp-json\/wp\/v2\/property\/29060\/revisions"}],"wp:featuredmedia":[{"embeddable":true,"href":"https:\/\/360mallorcaproperty.com\/es\/wp-json\/wp\/v2\/media\/29026"}],"wp:attachment":[{"href":"https:\/\/360mallorcaproperty.com\/es\/wp-json\/wp\/v2\/media?parent=29060"}],"wp:term":[{"taxonomy":"property-feature","embeddable":true,"href":"https:\/\/360mallorcaproperty.com\/es\/wp-json\/wp\/v2\/property-feature?post=29060"},{"taxonomy":"property-type","embeddable":true,"href":"https:\/\/360mallorcaproperty.com\/es\/wp-json\/wp\/v2\/property-type?post=29060"},{"taxonomy":"property-city","embeddable":true,"href":"https:\/\/360mallorcaproperty.com\/es\/wp-json\/wp\/v2\/property-location?post=29060"},{"taxonomy":"property-status","embeddable":true,"href":"https:\/\/360mallorcaproperty.com\/es\/wp-json\/wp\/v2\/property-status?post=29060"}],"curies":[{"name":"wp","href":"https:\/\/api.w.org\/{rel}","templated":true}]}}