{"id":29121,"date":"2024-09-05T14:26:23","date_gmt":"2024-09-05T14:26:23","guid":{"rendered":"https:\/\/360mallorcaproperty.com\/?post_type=property&#038;p=29121"},"modified":"2026-02-26T11:07:19","modified_gmt":"2026-02-26T11:07:19","slug":"proyecto-aprobodo-para-casa-del-campo-en-salqueria-blanca","status":"publish","type":"property","link":"https:\/\/360mallorcaproperty.com\/es\/property\/proyecto-aprobodo-para-casa-del-campo-en-salqueria-blanca\/","title":{"rendered":"Proyecto aprobado para casa del Campo en s&#8217;Alqueria Blanca"},"content":{"rendered":"<p data-start=\"129\" data-end=\"462\">Se ofrece este fant\u00e1stico terreno de 13.852 m\u00b2 situado a las afueras de Alqueria Blanca, en una ubicaci\u00f3n privilegiada que combina tranquilidad, privacidad y cercan\u00eda al n\u00facleo urbano, al que se puede acceder c\u00f3modamente a pie. Una oportunidad poco habitual para quienes desean construir en un entorno aut\u00e9ntico y bien conectado.<\/p>\n<p data-start=\"464\" data-end=\"836\">La propiedad se vende con proyecto aprobado y licencia vigente para la construcci\u00f3n de una vivienda unifamiliar con piscina. El dise\u00f1o prev\u00e9 una vivienda luminosa y funcional, con tres dormitorios, cuatro ba\u00f1os y aseos, y un amplio sal\u00f3n-comedor con cocina abierta, concebido como el coraz\u00f3n de la vivienda y conectado directamente con los espacios exteriores.<\/p>\n<p data-start=\"838\" data-end=\"1252\">El proyecto ha sido dise\u00f1ado para integrarse de forma arm\u00f3nica en el entorno natural, priorizando la amplitud, la luz y la relaci\u00f3n entre interior y exterior. Una base s\u00f3lida para desarrollar una vivienda moderna y confortable, ideal tanto como residencia habitual como segunda vivienda, en una de las zonas m\u00e1s demandadas del sureste de Mallorca, con la tranquilidad de contar con un proyecto listo para ejecutar.<\/p>\n","protected":false},"excerpt":{"rendered":"<p>Se ofrece este fant\u00e1stico terreno de 13.852 m\u00b2 situado a las afueras de Alqueria Blanca, en una ubicaci\u00f3n privilegiada que combina tranquilidad, privacidad y cercan\u00eda al n\u00facleo urbano, al que se puede acceder c\u00f3modamente a pie. Una oportunidad poco habitual para quienes desean construir en un entorno aut\u00e9ntico y bien conectado. La propiedad se vende&#8230;<\/p>\n","protected":false},"author":1,"featured_media":29143,"parent":0,"menu_order":0,"comment_status":"closed","ping_status":"closed","template":"","property-feature":[],"property-type":[229],"property-location":[248],"property-status":[231],"class_list":["post-29121","property","type-property","status-publish","has-post-thumbnail","hentry","property-type-parcela-rusticas","property-city-alqueria-blanca-es","property-status-venta"],"property_meta":{"REAL_HOMES_property_price":"350000","REAL_HOMES_property_old_price":"","REAL_HOMES_property_price_prefix":"","REAL_HOMES_property_price_postfix":"","REAL_HOMES_property_size":"","REAL_HOMES_property_size_postfix":"","REAL_HOMES_property_lot_size":"13852","REAL_HOMES_property_lot_size_postfix":"m\u00b2","REAL_HOMES_property_bedrooms":"4","REAL_HOMES_property_bathrooms":"3","REAL_HOMES_property_garage":"1","REAL_HOMES_property_id":"V4088","REAL_HOMES_property_year_built":"","REAL_HOMES_featured":"0","REAL_HOMES_additional_details_list":[],"rvr_booking_widget_display":"show","rvr_booking_mode":"deferred","rvr_govt_tax":"","rvr_govt_tax_type":"percentage","rvr_govt_tax_calculation":"per_stay","rvr_service_charges":"","rvr_service_charges_type":"percentage","rvr_service_charges_calculation":"per_stay","rvr_guests_capacity":"","rvr_book_child_as":"child","rvr_min_stay":"","rvr_guests_capacity_extend":"not_allowed","rvr_extra_guest_price":"","rvr_property_owner":"0","rvr_bulk_pricing":[],"rvr_seasonal_pricing":[],"rvr_custom_reserved_dates":[],"rvr_additional_fees":[{"rvr_fee_type":"fixed","rvr_fee_calculation":"per_stay"}],"rvr_additional_amenities":[{"price_calculation":"per_stay"}],"rvr_accommodation":[],"rvr_outdoor_features":[],"rvr_surroundings":[],"rvr_included":[],"rvr_not_included":[],"rvr_policies":[],"REAL_HOMES_property_location":{"latitude":"39.383820938835","longitude":"3.1738660629141","zoom":"16"},"REAL_HOMES_property_address":"s'Alqueria Blanca, Santany\u00ed, Migjorn, Balearic Islands, 07691, Spain","REAL_HOMES_property_map":"0","REAL_HOMES_property_images":[{"width":150,"height":150,"file":"2024\/09\/IMG-20240905-WA0005.jpg","filesize":285975,"sizes":{"medium":{"file":"IMG-20240905-WA0005-300x169.jpg","width":300,"height":169,"mime-type":"image\/jpeg","filesize":13471,"url":"https:\/\/360mallorcaproperty.com\/wp-content\/uploads\/2024\/09\/IMG-20240905-WA0005-300x169.jpg"},"large":{"file":"IMG-20240905-WA0005-1024x576.jpg","width":1024,"height":576,"mime-type":"image\/jpeg","filesize":141270,"url":"https:\/\/360mallorcaproperty.com\/wp-content\/uploads\/2024\/09\/IMG-20240905-WA0005-1024x576.jpg"},"thumbnail":{"file":"IMG-20240905-WA0005-150x150.jpg","width":150,"height":150,"mime-type":"image\/jpeg","filesize":6030,"url":"https:\/\/360mallorcaproperty.com\/wp-content\/uploads\/2024\/09\/IMG-20240905-WA0005-150x150.jpg"},"medium_large":{"file":"IMG-20240905-WA0005-768x432.jpg","width":768,"height":432,"mime-type":"image\/jpeg","filesize":81564,"url":"https:\/\/360mallorcaproperty.com\/wp-content\/uploads\/2024\/09\/IMG-20240905-WA0005-768x432.jpg"},"1536x1536":{"file":"IMG-20240905-WA0005-1536x864.jpg","width":1536,"height":864,"mime-type":"image\/jpeg","filesize":290561,"url":"https:\/\/360mallorcaproperty.com\/wp-content\/uploads\/2024\/09\/IMG-20240905-WA0005-1536x864.jpg"},"post-thumbnail":{"file":"IMG-20240905-WA0005-150x84.jpg","width":150,"height":84,"mime-type":"image\/jpeg","filesize":4086,"url":"https:\/\/360mallorcaproperty.com\/wp-content\/uploads\/2024\/09\/IMG-20240905-WA0005-150x84.jpg"},"modern-property-child-slider":{"file":"IMG-20240905-WA0005-680x510.jpg","width":680,"height":510,"mime-type":"image\/jpeg","filesize":79940,"url":"https:\/\/360mallorcaproperty.com\/wp-content\/uploads\/2024\/09\/IMG-20240905-WA0005-680x510.jpg"},"property-thumb-image":{"file":"IMG-20240905-WA0005-488x326.jpg","width":488,"height":326,"mime-type":"image\/jpeg","filesize":38348,"url":"https:\/\/360mallorcaproperty.com\/wp-content\/uploads\/2024\/09\/IMG-20240905-WA0005-488x326.jpg"},"property-detail-video-image":{"file":"IMG-20240905-WA0005-818x417.jpg","width":818,"height":417,"mime-type":"image\/jpeg","filesize":85033,"url":"https:\/\/360mallorcaproperty.com\/wp-content\/uploads\/2024\/09\/IMG-20240905-WA0005-818x417.jpg"},"agent-image":{"file":"IMG-20240905-WA0005-210x210.jpg","width":210,"height":210,"mime-type":"image\/jpeg","filesize":11195,"url":"https:\/\/360mallorcaproperty.com\/wp-content\/uploads\/2024\/09\/IMG-20240905-WA0005-210x210.jpg"},"partners-logo":{"file":"IMG-20240905-WA0005-600x900.jpg","width":600,"height":900,"mime-type":"image\/jpeg","filesize":131477,"url":"https:\/\/360mallorcaproperty.com\/wp-content\/uploads\/2024\/09\/IMG-20240905-WA0005-600x900.jpg"},"post-featured-image":{"file":"IMG-20240905-WA0005-1240x720.jpg","width":1240,"height":720,"mime-type":"image\/jpeg","filesize":204965,"url":"https:\/\/360mallorcaproperty.com\/wp-content\/uploads\/2024\/09\/IMG-20240905-WA0005-1240x720.jpg"}},"image_meta":{"aperture":"0","credit":"","camera":"","caption":"","created_timestamp":"0","copyright":"","focal_length":"0","iso":"0","shutter_speed":"0","title":"","orientation":"0","keywords":[]},"ID":"29122","name":"IMG-20240905-WA0005.jpg","path":"\/home\/mallorcaproperty\/public_html\/wp-content\/uploads\/2024\/09\/IMG-20240905-WA0005.jpg","url":"https:\/\/360mallorcaproperty.com\/wp-content\/uploads\/2024\/09\/IMG-20240905-WA0005-150x150.jpg","full_url":"https:\/\/360mallorcaproperty.com\/wp-content\/uploads\/2024\/09\/IMG-20240905-WA0005.jpg","title":"IMG-20240905-WA0005","caption":"","description":"","alt":"","srcset":"https:\/\/360mallorcaproperty.com\/wp-content\/uploads\/2024\/09\/IMG-20240905-WA0005-150x150.jpg 150w, https:\/\/360mallorcaproperty.com\/wp-content\/uploads\/2024\/09\/IMG-20240905-WA0005-210x210.jpg 210w"},{"width":150,"height":150,"file":"2024\/09\/IMG-20240905-WA0006.jpg","filesize":289612,"sizes":{"medium":{"file":"IMG-20240905-WA0006-300x169.jpg","width":300,"height":169,"mime-type":"image\/jpeg","filesize":13430,"url":"https:\/\/360mallorcaproperty.com\/wp-content\/uploads\/2024\/09\/IMG-20240905-WA0006-300x169.jpg"},"large":{"file":"IMG-20240905-WA0006-1024x576.jpg","width":1024,"height":576,"mime-type":"image\/jpeg","filesize":142009,"url":"https:\/\/360mallorcaproperty.com\/wp-content\/uploads\/2024\/09\/IMG-20240905-WA0006-1024x576.jpg"},"thumbnail":{"file":"IMG-20240905-WA0006-150x150.jpg","width":150,"height":150,"mime-type":"image\/jpeg","filesize":6437,"url":"https:\/\/360mallorcaproperty.com\/wp-content\/uploads\/2024\/09\/IMG-20240905-WA0006-150x150.jpg"},"medium_large":{"file":"IMG-20240905-WA0006-768x432.jpg","width":768,"height":432,"mime-type":"image\/jpeg","filesize":81693,"url":"https:\/\/360mallorcaproperty.com\/wp-content\/uploads\/2024\/09\/IMG-20240905-WA0006-768x432.jpg"},"1536x1536":{"file":"IMG-20240905-WA0006-1536x864.jpg","width":1536,"height":864,"mime-type":"image\/jpeg","filesize":293977,"url":"https:\/\/360mallorcaproperty.com\/wp-content\/uploads\/2024\/09\/IMG-20240905-WA0006-1536x864.jpg"},"post-thumbnail":{"file":"IMG-20240905-WA0006-150x84.jpg","width":150,"height":84,"mime-type":"image\/jpeg","filesize":4240,"url":"https:\/\/360mallorcaproperty.com\/wp-content\/uploads\/2024\/09\/IMG-20240905-WA0006-150x84.jpg"},"modern-property-child-slider":{"file":"IMG-20240905-WA0006-680x510.jpg","width":680,"height":510,"mime-type":"image\/jpeg","filesize":84490,"url":"https:\/\/360mallorcaproperty.com\/wp-content\/uploads\/2024\/09\/IMG-20240905-WA0006-680x510.jpg"},"property-thumb-image":{"file":"IMG-20240905-WA0006-488x326.jpg","width":488,"height":326,"mime-type":"image\/jpeg","filesize":39561,"url":"https:\/\/360mallorcaproperty.com\/wp-content\/uploads\/2024\/09\/IMG-20240905-WA0006-488x326.jpg"},"property-detail-video-image":{"file":"IMG-20240905-WA0006-818x417.jpg","width":818,"height":417,"mime-type":"image\/jpeg","filesize":85716,"url":"https:\/\/360mallorcaproperty.com\/wp-content\/uploads\/2024\/09\/IMG-20240905-WA0006-818x417.jpg"},"agent-image":{"file":"IMG-20240905-WA0006-210x210.jpg","width":210,"height":210,"mime-type":"image\/jpeg","filesize":11924,"url":"https:\/\/360mallorcaproperty.com\/wp-content\/uploads\/2024\/09\/IMG-20240905-WA0006-210x210.jpg"},"partners-logo":{"file":"IMG-20240905-WA0006-600x900.jpg","width":600,"height":900,"mime-type":"image\/jpeg","filesize":137204,"url":"https:\/\/360mallorcaproperty.com\/wp-content\/uploads\/2024\/09\/IMG-20240905-WA0006-600x900.jpg"},"post-featured-image":{"file":"IMG-20240905-WA0006-1240x720.jpg","width":1240,"height":720,"mime-type":"image\/jpeg","filesize":208438,"url":"https:\/\/360mallorcaproperty.com\/wp-content\/uploads\/2024\/09\/IMG-20240905-WA0006-1240x720.jpg"}},"image_meta":{"aperture":"0","credit":"","camera":"","caption":"","created_timestamp":"0","copyright":"","focal_length":"0","iso":"0","shutter_speed":"0","title":"","orientation":"0","keywords":[]},"ID":"29125","name":"IMG-20240905-WA0006.jpg","path":"\/home\/mallorcaproperty\/public_html\/wp-content\/uploads\/2024\/09\/IMG-20240905-WA0006.jpg","url":"https:\/\/360mallorcaproperty.com\/wp-content\/uploads\/2024\/09\/IMG-20240905-WA0006-150x150.jpg","full_url":"https:\/\/360mallorcaproperty.com\/wp-content\/uploads\/2024\/09\/IMG-20240905-WA0006.jpg","title":"IMG-20240905-WA0006","caption":"","description":"","alt":"","srcset":"https:\/\/360mallorcaproperty.com\/wp-content\/uploads\/2024\/09\/IMG-20240905-WA0006-150x150.jpg 150w, https:\/\/360mallorcaproperty.com\/wp-content\/uploads\/2024\/09\/IMG-20240905-WA0006-210x210.jpg 210w"},{"width":150,"height":150,"file":"2024\/09\/IMG-20240905-WA0007.jpg","filesize":418556,"sizes":{"medium":{"file":"IMG-20240905-WA0007-300x169.jpg","width":300,"height":169,"mime-type":"image\/jpeg","filesize":17285,"url":"https:\/\/360mallorcaproperty.com\/wp-content\/uploads\/2024\/09\/IMG-20240905-WA0007-300x169.jpg"},"large":{"file":"IMG-20240905-WA0007-1024x576.jpg","width":1024,"height":576,"mime-type":"image\/jpeg","filesize":202559,"url":"https:\/\/360mallorcaproperty.com\/wp-content\/uploads\/2024\/09\/IMG-20240905-WA0007-1024x576.jpg"},"thumbnail":{"file":"IMG-20240905-WA0007-150x150.jpg","width":150,"height":150,"mime-type":"image\/jpeg","filesize":7533,"url":"https:\/\/360mallorcaproperty.com\/wp-content\/uploads\/2024\/09\/IMG-20240905-WA0007-150x150.jpg"},"medium_large":{"file":"IMG-20240905-WA0007-768x432.jpg","width":768,"height":432,"mime-type":"image\/jpeg","filesize":115040,"url":"https:\/\/360mallorcaproperty.com\/wp-content\/uploads\/2024\/09\/IMG-20240905-WA0007-768x432.jpg"},"1536x1536":{"file":"IMG-20240905-WA0007-1536x864.jpg","width":1536,"height":864,"mime-type":"image\/jpeg","filesize":420962,"url":"https:\/\/360mallorcaproperty.com\/wp-content\/uploads\/2024\/09\/IMG-20240905-WA0007-1536x864.jpg"},"post-thumbnail":{"file":"IMG-20240905-WA0007-150x84.jpg","width":150,"height":84,"mime-type":"image\/jpeg","filesize":4750,"url":"https:\/\/360mallorcaproperty.com\/wp-content\/uploads\/2024\/09\/IMG-20240905-WA0007-150x84.jpg"},"modern-property-child-slider":{"file":"IMG-20240905-WA0007-680x510.jpg","width":680,"height":510,"mime-type":"image\/jpeg","filesize":116732,"url":"https:\/\/360mallorcaproperty.com\/wp-content\/uploads\/2024\/09\/IMG-20240905-WA0007-680x510.jpg"},"property-thumb-image":{"file":"IMG-20240905-WA0007-488x326.jpg","width":488,"height":326,"mime-type":"image\/jpeg","filesize":54071,"url":"https:\/\/360mallorcaproperty.com\/wp-content\/uploads\/2024\/09\/IMG-20240905-WA0007-488x326.jpg"},"property-detail-video-image":{"file":"IMG-20240905-WA0007-818x417.jpg","width":818,"height":417,"mime-type":"image\/jpeg","filesize":123599,"url":"https:\/\/360mallorcaproperty.com\/wp-content\/uploads\/2024\/09\/IMG-20240905-WA0007-818x417.jpg"},"agent-image":{"file":"IMG-20240905-WA0007-210x210.jpg","width":210,"height":210,"mime-type":"image\/jpeg","filesize":14496,"url":"https:\/\/360mallorcaproperty.com\/wp-content\/uploads\/2024\/09\/IMG-20240905-WA0007-210x210.jpg"},"partners-logo":{"file":"IMG-20240905-WA0007-600x900.jpg","width":600,"height":900,"mime-type":"image\/jpeg","filesize":178267,"url":"https:\/\/360mallorcaproperty.com\/wp-content\/uploads\/2024\/09\/IMG-20240905-WA0007-600x900.jpg"},"post-featured-image":{"file":"IMG-20240905-WA0007-1240x720.jpg","width":1240,"height":720,"mime-type":"image\/jpeg","filesize":297500,"url":"https:\/\/360mallorcaproperty.com\/wp-content\/uploads\/2024\/09\/IMG-20240905-WA0007-1240x720.jpg"}},"image_meta":{"aperture":"0","credit":"","camera":"","caption":"","created_timestamp":"0","copyright":"","focal_length":"0","iso":"0","shutter_speed":"0","title":"","orientation":"0","keywords":[]},"ID":"29128","name":"IMG-20240905-WA0007.jpg","path":"\/home\/mallorcaproperty\/public_html\/wp-content\/uploads\/2024\/09\/IMG-20240905-WA0007.jpg","url":"https:\/\/360mallorcaproperty.com\/wp-content\/uploads\/2024\/09\/IMG-20240905-WA0007-150x150.jpg","full_url":"https:\/\/360mallorcaproperty.com\/wp-content\/uploads\/2024\/09\/IMG-20240905-WA0007.jpg","title":"IMG-20240905-WA0007","caption":"","description":"","alt":"","srcset":"https:\/\/360mallorcaproperty.com\/wp-content\/uploads\/2024\/09\/IMG-20240905-WA0007-150x150.jpg 150w, https:\/\/360mallorcaproperty.com\/wp-content\/uploads\/2024\/09\/IMG-20240905-WA0007-210x210.jpg 210w"},{"width":150,"height":150,"file":"2024\/09\/IMG-20240905-WA0008.jpg","filesize":388620,"sizes":{"medium":{"file":"IMG-20240905-WA0008-300x169.jpg","width":300,"height":169,"mime-type":"image\/jpeg","filesize":16841,"url":"https:\/\/360mallorcaproperty.com\/wp-content\/uploads\/2024\/09\/IMG-20240905-WA0008-300x169.jpg"},"large":{"file":"IMG-20240905-WA0008-1024x576.jpg","width":1024,"height":576,"mime-type":"image\/jpeg","filesize":191406,"url":"https:\/\/360mallorcaproperty.com\/wp-content\/uploads\/2024\/09\/IMG-20240905-WA0008-1024x576.jpg"},"thumbnail":{"file":"IMG-20240905-WA0008-150x150.jpg","width":150,"height":150,"mime-type":"image\/jpeg","filesize":7544,"url":"https:\/\/360mallorcaproperty.com\/wp-content\/uploads\/2024\/09\/IMG-20240905-WA0008-150x150.jpg"},"medium_large":{"file":"IMG-20240905-WA0008-768x432.jpg","width":768,"height":432,"mime-type":"image\/jpeg","filesize":109620,"url":"https:\/\/360mallorcaproperty.com\/wp-content\/uploads\/2024\/09\/IMG-20240905-WA0008-768x432.jpg"},"1536x1536":{"file":"IMG-20240905-WA0008-1536x864.jpg","width":1536,"height":864,"mime-type":"image\/jpeg","filesize":393688,"url":"https:\/\/360mallorcaproperty.com\/wp-content\/uploads\/2024\/09\/IMG-20240905-WA0008-1536x864.jpg"},"post-thumbnail":{"file":"IMG-20240905-WA0008-150x84.jpg","width":150,"height":84,"mime-type":"image\/jpeg","filesize":4684,"url":"https:\/\/360mallorcaproperty.com\/wp-content\/uploads\/2024\/09\/IMG-20240905-WA0008-150x84.jpg"},"modern-property-child-slider":{"file":"IMG-20240905-WA0008-680x510.jpg","width":680,"height":510,"mime-type":"image\/jpeg","filesize":116105,"url":"https:\/\/360mallorcaproperty.com\/wp-content\/uploads\/2024\/09\/IMG-20240905-WA0008-680x510.jpg"},"property-thumb-image":{"file":"IMG-20240905-WA0008-488x326.jpg","width":488,"height":326,"mime-type":"image\/jpeg","filesize":53158,"url":"https:\/\/360mallorcaproperty.com\/wp-content\/uploads\/2024\/09\/IMG-20240905-WA0008-488x326.jpg"},"property-detail-video-image":{"file":"IMG-20240905-WA0008-818x417.jpg","width":818,"height":417,"mime-type":"image\/jpeg","filesize":115227,"url":"https:\/\/360mallorcaproperty.com\/wp-content\/uploads\/2024\/09\/IMG-20240905-WA0008-818x417.jpg"},"agent-image":{"file":"IMG-20240905-WA0008-210x210.jpg","width":210,"height":210,"mime-type":"image\/jpeg","filesize":14518,"url":"https:\/\/360mallorcaproperty.com\/wp-content\/uploads\/2024\/09\/IMG-20240905-WA0008-210x210.jpg"},"partners-logo":{"file":"IMG-20240905-WA0008-600x900.jpg","width":600,"height":900,"mime-type":"image\/jpeg","filesize":185672,"url":"https:\/\/360mallorcaproperty.com\/wp-content\/uploads\/2024\/09\/IMG-20240905-WA0008-600x900.jpg"},"post-featured-image":{"file":"IMG-20240905-WA0008-1240x720.jpg","width":1240,"height":720,"mime-type":"image\/jpeg","filesize":280614,"url":"https:\/\/360mallorcaproperty.com\/wp-content\/uploads\/2024\/09\/IMG-20240905-WA0008-1240x720.jpg"}},"image_meta":{"aperture":"0","credit":"","camera":"","caption":"","created_timestamp":"0","copyright":"","focal_length":"0","iso":"0","shutter_speed":"0","title":"","orientation":"0","keywords":[]},"ID":"29131","name":"IMG-20240905-WA0008.jpg","path":"\/home\/mallorcaproperty\/public_html\/wp-content\/uploads\/2024\/09\/IMG-20240905-WA0008.jpg","url":"https:\/\/360mallorcaproperty.com\/wp-content\/uploads\/2024\/09\/IMG-20240905-WA0008-150x150.jpg","full_url":"https:\/\/360mallorcaproperty.com\/wp-content\/uploads\/2024\/09\/IMG-20240905-WA0008.jpg","title":"IMG-20240905-WA0008","caption":"","description":"","alt":"","srcset":"https:\/\/360mallorcaproperty.com\/wp-content\/uploads\/2024\/09\/IMG-20240905-WA0008-150x150.jpg 150w, https:\/\/360mallorcaproperty.com\/wp-content\/uploads\/2024\/09\/IMG-20240905-WA0008-210x210.jpg 210w"},{"width":150,"height":150,"file":"2024\/09\/IMG-20240905-WA0009.jpg","filesize":276013,"sizes":{"medium":{"file":"IMG-20240905-WA0009-300x169.jpg","width":300,"height":169,"mime-type":"image\/jpeg","filesize":12292,"url":"https:\/\/360mallorcaproperty.com\/wp-content\/uploads\/2024\/09\/IMG-20240905-WA0009-300x169.jpg"},"large":{"file":"IMG-20240905-WA0009-1024x576.jpg","width":1024,"height":576,"mime-type":"image\/jpeg","filesize":134413,"url":"https:\/\/360mallorcaproperty.com\/wp-content\/uploads\/2024\/09\/IMG-20240905-WA0009-1024x576.jpg"},"thumbnail":{"file":"IMG-20240905-WA0009-150x150.jpg","width":150,"height":150,"mime-type":"image\/jpeg","filesize":5596,"url":"https:\/\/360mallorcaproperty.com\/wp-content\/uploads\/2024\/09\/IMG-20240905-WA0009-150x150.jpg"},"medium_large":{"file":"IMG-20240905-WA0009-768x432.jpg","width":768,"height":432,"mime-type":"image\/jpeg","filesize":76827,"url":"https:\/\/360mallorcaproperty.com\/wp-content\/uploads\/2024\/09\/IMG-20240905-WA0009-768x432.jpg"},"1536x1536":{"file":"IMG-20240905-WA0009-1536x864.jpg","width":1536,"height":864,"mime-type":"image\/jpeg","filesize":279409,"url":"https:\/\/360mallorcaproperty.com\/wp-content\/uploads\/2024\/09\/IMG-20240905-WA0009-1536x864.jpg"},"post-thumbnail":{"file":"IMG-20240905-WA0009-150x84.jpg","width":150,"height":84,"mime-type":"image\/jpeg","filesize":3686,"url":"https:\/\/360mallorcaproperty.com\/wp-content\/uploads\/2024\/09\/IMG-20240905-WA0009-150x84.jpg"},"modern-property-child-slider":{"file":"IMG-20240905-WA0009-680x510.jpg","width":680,"height":510,"mime-type":"image\/jpeg","filesize":80784,"url":"https:\/\/360mallorcaproperty.com\/wp-content\/uploads\/2024\/09\/IMG-20240905-WA0009-680x510.jpg"},"property-thumb-image":{"file":"IMG-20240905-WA0009-488x326.jpg","width":488,"height":326,"mime-type":"image\/jpeg","filesize":37226,"url":"https:\/\/360mallorcaproperty.com\/wp-content\/uploads\/2024\/09\/IMG-20240905-WA0009-488x326.jpg"},"property-detail-video-image":{"file":"IMG-20240905-WA0009-818x417.jpg","width":818,"height":417,"mime-type":"image\/jpeg","filesize":79830,"url":"https:\/\/360mallorcaproperty.com\/wp-content\/uploads\/2024\/09\/IMG-20240905-WA0009-818x417.jpg"},"agent-image":{"file":"IMG-20240905-WA0009-210x210.jpg","width":210,"height":210,"mime-type":"image\/jpeg","filesize":10563,"url":"https:\/\/360mallorcaproperty.com\/wp-content\/uploads\/2024\/09\/IMG-20240905-WA0009-210x210.jpg"},"partners-logo":{"file":"IMG-20240905-WA0009-600x900.jpg","width":600,"height":900,"mime-type":"image\/jpeg","filesize":136311,"url":"https:\/\/360mallorcaproperty.com\/wp-content\/uploads\/2024\/09\/IMG-20240905-WA0009-600x900.jpg"},"post-featured-image":{"file":"IMG-20240905-WA0009-1240x720.jpg","width":1240,"height":720,"mime-type":"image\/jpeg","filesize":198075,"url":"https:\/\/360mallorcaproperty.com\/wp-content\/uploads\/2024\/09\/IMG-20240905-WA0009-1240x720.jpg"}},"image_meta":{"aperture":"0","credit":"","camera":"","caption":"","created_timestamp":"0","copyright":"","focal_length":"0","iso":"0","shutter_speed":"0","title":"","orientation":"0","keywords":[]},"ID":"29134","name":"IMG-20240905-WA0009.jpg","path":"\/home\/mallorcaproperty\/public_html\/wp-content\/uploads\/2024\/09\/IMG-20240905-WA0009.jpg","url":"https:\/\/360mallorcaproperty.com\/wp-content\/uploads\/2024\/09\/IMG-20240905-WA0009-150x150.jpg","full_url":"https:\/\/360mallorcaproperty.com\/wp-content\/uploads\/2024\/09\/IMG-20240905-WA0009.jpg","title":"IMG-20240905-WA0009","caption":"","description":"","alt":"","srcset":"https:\/\/360mallorcaproperty.com\/wp-content\/uploads\/2024\/09\/IMG-20240905-WA0009-150x150.jpg 150w, https:\/\/360mallorcaproperty.com\/wp-content\/uploads\/2024\/09\/IMG-20240905-WA0009-210x210.jpg 210w"},{"width":150,"height":150,"file":"2024\/09\/IMG-20240905-WA0010.jpg","filesize":241104,"sizes":{"medium":{"file":"IMG-20240905-WA0010-300x169.jpg","width":300,"height":169,"mime-type":"image\/jpeg","filesize":12950,"url":"https:\/\/360mallorcaproperty.com\/wp-content\/uploads\/2024\/09\/IMG-20240905-WA0010-300x169.jpg"},"large":{"file":"IMG-20240905-WA0010-1024x576.jpg","width":1024,"height":576,"mime-type":"image\/jpeg","filesize":124378,"url":"https:\/\/360mallorcaproperty.com\/wp-content\/uploads\/2024\/09\/IMG-20240905-WA0010-1024x576.jpg"},"thumbnail":{"file":"IMG-20240905-WA0010-150x150.jpg","width":150,"height":150,"mime-type":"image\/jpeg","filesize":5249,"url":"https:\/\/360mallorcaproperty.com\/wp-content\/uploads\/2024\/09\/IMG-20240905-WA0010-150x150.jpg"},"medium_large":{"file":"IMG-20240905-WA0010-768x432.jpg","width":768,"height":432,"mime-type":"image\/jpeg","filesize":73541,"url":"https:\/\/360mallorcaproperty.com\/wp-content\/uploads\/2024\/09\/IMG-20240905-WA0010-768x432.jpg"},"1536x1536":{"file":"IMG-20240905-WA0010-1536x864.jpg","width":1536,"height":864,"mime-type":"image\/jpeg","filesize":249846,"url":"https:\/\/360mallorcaproperty.com\/wp-content\/uploads\/2024\/09\/IMG-20240905-WA0010-1536x864.jpg"},"post-thumbnail":{"file":"IMG-20240905-WA0010-150x84.jpg","width":150,"height":84,"mime-type":"image\/jpeg","filesize":4119,"url":"https:\/\/360mallorcaproperty.com\/wp-content\/uploads\/2024\/09\/IMG-20240905-WA0010-150x84.jpg"},"modern-property-child-slider":{"file":"IMG-20240905-WA0010-680x510.jpg","width":680,"height":510,"mime-type":"image\/jpeg","filesize":68669,"url":"https:\/\/360mallorcaproperty.com\/wp-content\/uploads\/2024\/09\/IMG-20240905-WA0010-680x510.jpg"},"property-thumb-image":{"file":"IMG-20240905-WA0010-488x326.jpg","width":488,"height":326,"mime-type":"image\/jpeg","filesize":34818,"url":"https:\/\/360mallorcaproperty.com\/wp-content\/uploads\/2024\/09\/IMG-20240905-WA0010-488x326.jpg"},"property-detail-video-image":{"file":"IMG-20240905-WA0010-818x417.jpg","width":818,"height":417,"mime-type":"image\/jpeg","filesize":75310,"url":"https:\/\/360mallorcaproperty.com\/wp-content\/uploads\/2024\/09\/IMG-20240905-WA0010-818x417.jpg"},"agent-image":{"file":"IMG-20240905-WA0010-210x210.jpg","width":210,"height":210,"mime-type":"image\/jpeg","filesize":9480,"url":"https:\/\/360mallorcaproperty.com\/wp-content\/uploads\/2024\/09\/IMG-20240905-WA0010-210x210.jpg"},"partners-logo":{"file":"IMG-20240905-WA0010-600x900.jpg","width":600,"height":900,"mime-type":"image\/jpeg","filesize":108528,"url":"https:\/\/360mallorcaproperty.com\/wp-content\/uploads\/2024\/09\/IMG-20240905-WA0010-600x900.jpg"},"post-featured-image":{"file":"IMG-20240905-WA0010-1240x720.jpg","width":1240,"height":720,"mime-type":"image\/jpeg","filesize":177581,"url":"https:\/\/360mallorcaproperty.com\/wp-content\/uploads\/2024\/09\/IMG-20240905-WA0010-1240x720.jpg"}},"image_meta":{"aperture":"0","credit":"","camera":"","caption":"","created_timestamp":"0","copyright":"","focal_length":"0","iso":"0","shutter_speed":"0","title":"","orientation":"0","keywords":[]},"ID":"29137","name":"IMG-20240905-WA0010.jpg","path":"\/home\/mallorcaproperty\/public_html\/wp-content\/uploads\/2024\/09\/IMG-20240905-WA0010.jpg","url":"https:\/\/360mallorcaproperty.com\/wp-content\/uploads\/2024\/09\/IMG-20240905-WA0010-150x150.jpg","full_url":"https:\/\/360mallorcaproperty.com\/wp-content\/uploads\/2024\/09\/IMG-20240905-WA0010.jpg","title":"IMG-20240905-WA0010","caption":"","description":"","alt":"","srcset":"https:\/\/360mallorcaproperty.com\/wp-content\/uploads\/2024\/09\/IMG-20240905-WA0010-150x150.jpg 150w, https:\/\/360mallorcaproperty.com\/wp-content\/uploads\/2024\/09\/IMG-20240905-WA0010-210x210.jpg 210w"},{"width":150,"height":150,"file":"2024\/09\/IMG-20240905-WA0011.jpg","filesize":357638,"sizes":{"medium":{"file":"IMG-20240905-WA0011-300x169.jpg","width":300,"height":169,"mime-type":"image\/jpeg","filesize":16711,"url":"https:\/\/360mallorcaproperty.com\/wp-content\/uploads\/2024\/09\/IMG-20240905-WA0011-300x169.jpg"},"large":{"file":"IMG-20240905-WA0011-1024x576.jpg","width":1024,"height":576,"mime-type":"image\/jpeg","filesize":177141,"url":"https:\/\/360mallorcaproperty.com\/wp-content\/uploads\/2024\/09\/IMG-20240905-WA0011-1024x576.jpg"},"thumbnail":{"file":"IMG-20240905-WA0011-150x150.jpg","width":150,"height":150,"mime-type":"image\/jpeg","filesize":7370,"url":"https:\/\/360mallorcaproperty.com\/wp-content\/uploads\/2024\/09\/IMG-20240905-WA0011-150x150.jpg"},"medium_large":{"file":"IMG-20240905-WA0011-768x432.jpg","width":768,"height":432,"mime-type":"image\/jpeg","filesize":102500,"url":"https:\/\/360mallorcaproperty.com\/wp-content\/uploads\/2024\/09\/IMG-20240905-WA0011-768x432.jpg"},"1536x1536":{"file":"IMG-20240905-WA0011-1536x864.jpg","width":1536,"height":864,"mime-type":"image\/jpeg","filesize":362558,"url":"https:\/\/360mallorcaproperty.com\/wp-content\/uploads\/2024\/09\/IMG-20240905-WA0011-1536x864.jpg"},"post-thumbnail":{"file":"IMG-20240905-WA0011-150x84.jpg","width":150,"height":84,"mime-type":"image\/jpeg","filesize":4994,"url":"https:\/\/360mallorcaproperty.com\/wp-content\/uploads\/2024\/09\/IMG-20240905-WA0011-150x84.jpg"},"modern-property-child-slider":{"file":"IMG-20240905-WA0011-680x510.jpg","width":680,"height":510,"mime-type":"image\/jpeg","filesize":103304,"url":"https:\/\/360mallorcaproperty.com\/wp-content\/uploads\/2024\/09\/IMG-20240905-WA0011-680x510.jpg"},"property-thumb-image":{"file":"IMG-20240905-WA0011-488x326.jpg","width":488,"height":326,"mime-type":"image\/jpeg","filesize":49247,"url":"https:\/\/360mallorcaproperty.com\/wp-content\/uploads\/2024\/09\/IMG-20240905-WA0011-488x326.jpg"},"property-detail-video-image":{"file":"IMG-20240905-WA0011-818x417.jpg","width":818,"height":417,"mime-type":"image\/jpeg","filesize":107469,"url":"https:\/\/360mallorcaproperty.com\/wp-content\/uploads\/2024\/09\/IMG-20240905-WA0011-818x417.jpg"},"agent-image":{"file":"IMG-20240905-WA0011-210x210.jpg","width":210,"height":210,"mime-type":"image\/jpeg","filesize":13846,"url":"https:\/\/360mallorcaproperty.com\/wp-content\/uploads\/2024\/09\/IMG-20240905-WA0011-210x210.jpg"},"partners-logo":{"file":"IMG-20240905-WA0011-600x900.jpg","width":600,"height":900,"mime-type":"image\/jpeg","filesize":156073,"url":"https:\/\/360mallorcaproperty.com\/wp-content\/uploads\/2024\/09\/IMG-20240905-WA0011-600x900.jpg"},"post-featured-image":{"file":"IMG-20240905-WA0011-1240x720.jpg","width":1240,"height":720,"mime-type":"image\/jpeg","filesize":257328,"url":"https:\/\/360mallorcaproperty.com\/wp-content\/uploads\/2024\/09\/IMG-20240905-WA0011-1240x720.jpg"}},"image_meta":{"aperture":"0","credit":"","camera":"","caption":"","created_timestamp":"0","copyright":"","focal_length":"0","iso":"0","shutter_speed":"0","title":"","orientation":"0","keywords":[]},"ID":"29140","name":"IMG-20240905-WA0011.jpg","path":"\/home\/mallorcaproperty\/public_html\/wp-content\/uploads\/2024\/09\/IMG-20240905-WA0011.jpg","url":"https:\/\/360mallorcaproperty.com\/wp-content\/uploads\/2024\/09\/IMG-20240905-WA0011-150x150.jpg","full_url":"https:\/\/360mallorcaproperty.com\/wp-content\/uploads\/2024\/09\/IMG-20240905-WA0011.jpg","title":"IMG-20240905-WA0011","caption":"","description":"","alt":"","srcset":"https:\/\/360mallorcaproperty.com\/wp-content\/uploads\/2024\/09\/IMG-20240905-WA0011-150x150.jpg 150w, https:\/\/360mallorcaproperty.com\/wp-content\/uploads\/2024\/09\/IMG-20240905-WA0011-210x210.jpg 210w"},{"width":150,"height":150,"file":"2024\/09\/IMG-20240905-WA0012.jpg","filesize":370402,"sizes":{"medium":{"file":"IMG-20240905-WA0012-300x169.jpg","width":300,"height":169,"mime-type":"image\/jpeg","filesize":16985,"url":"https:\/\/360mallorcaproperty.com\/wp-content\/uploads\/2024\/09\/IMG-20240905-WA0012-300x169.jpg"},"large":{"file":"IMG-20240905-WA0012-1024x576.jpg","width":1024,"height":576,"mime-type":"image\/jpeg","filesize":184536,"url":"https:\/\/360mallorcaproperty.com\/wp-content\/uploads\/2024\/09\/IMG-20240905-WA0012-1024x576.jpg"},"thumbnail":{"file":"IMG-20240905-WA0012-150x150.jpg","width":150,"height":150,"mime-type":"image\/jpeg","filesize":6911,"url":"https:\/\/360mallorcaproperty.com\/wp-content\/uploads\/2024\/09\/IMG-20240905-WA0012-150x150.jpg"},"medium_large":{"file":"IMG-20240905-WA0012-768x432.jpg","width":768,"height":432,"mime-type":"image\/jpeg","filesize":107003,"url":"https:\/\/360mallorcaproperty.com\/wp-content\/uploads\/2024\/09\/IMG-20240905-WA0012-768x432.jpg"},"1536x1536":{"file":"IMG-20240905-WA0012-1536x864.jpg","width":1536,"height":864,"mime-type":"image\/jpeg","filesize":376280,"url":"https:\/\/360mallorcaproperty.com\/wp-content\/uploads\/2024\/09\/IMG-20240905-WA0012-1536x864.jpg"},"post-thumbnail":{"file":"IMG-20240905-WA0012-150x84.jpg","width":150,"height":84,"mime-type":"image\/jpeg","filesize":4759,"url":"https:\/\/360mallorcaproperty.com\/wp-content\/uploads\/2024\/09\/IMG-20240905-WA0012-150x84.jpg"},"modern-property-child-slider":{"file":"IMG-20240905-WA0012-680x510.jpg","width":680,"height":510,"mime-type":"image\/jpeg","filesize":105112,"url":"https:\/\/360mallorcaproperty.com\/wp-content\/uploads\/2024\/09\/IMG-20240905-WA0012-680x510.jpg"},"property-thumb-image":{"file":"IMG-20240905-WA0012-488x326.jpg","width":488,"height":326,"mime-type":"image\/jpeg","filesize":50662,"url":"https:\/\/360mallorcaproperty.com\/wp-content\/uploads\/2024\/09\/IMG-20240905-WA0012-488x326.jpg"},"property-detail-video-image":{"file":"IMG-20240905-WA0012-818x417.jpg","width":818,"height":417,"mime-type":"image\/jpeg","filesize":113603,"url":"https:\/\/360mallorcaproperty.com\/wp-content\/uploads\/2024\/09\/IMG-20240905-WA0012-818x417.jpg"},"agent-image":{"file":"IMG-20240905-WA0012-210x210.jpg","width":210,"height":210,"mime-type":"image\/jpeg","filesize":13130,"url":"https:\/\/360mallorcaproperty.com\/wp-content\/uploads\/2024\/09\/IMG-20240905-WA0012-210x210.jpg"},"partners-logo":{"file":"IMG-20240905-WA0012-600x900.jpg","width":600,"height":900,"mime-type":"image\/jpeg","filesize":170246,"url":"https:\/\/360mallorcaproperty.com\/wp-content\/uploads\/2024\/09\/IMG-20240905-WA0012-600x900.jpg"},"post-featured-image":{"file":"IMG-20240905-WA0012-1240x720.jpg","width":1240,"height":720,"mime-type":"image\/jpeg","filesize":267636,"url":"https:\/\/360mallorcaproperty.com\/wp-content\/uploads\/2024\/09\/IMG-20240905-WA0012-1240x720.jpg"}},"image_meta":{"aperture":"0","credit":"","camera":"","caption":"","created_timestamp":"0","copyright":"","focal_length":"0","iso":"0","shutter_speed":"0","title":"","orientation":"0","keywords":[]},"ID":"29143","name":"IMG-20240905-WA0012.jpg","path":"\/home\/mallorcaproperty\/public_html\/wp-content\/uploads\/2024\/09\/IMG-20240905-WA0012.jpg","url":"https:\/\/360mallorcaproperty.com\/wp-content\/uploads\/2024\/09\/IMG-20240905-WA0012-150x150.jpg","full_url":"https:\/\/360mallorcaproperty.com\/wp-content\/uploads\/2024\/09\/IMG-20240905-WA0012.jpg","title":"IMG-20240905-WA0012","caption":"","description":"","alt":"","srcset":"https:\/\/360mallorcaproperty.com\/wp-content\/uploads\/2024\/09\/IMG-20240905-WA0012-150x150.jpg 150w, https:\/\/360mallorcaproperty.com\/wp-content\/uploads\/2024\/09\/IMG-20240905-WA0012-210x210.jpg 210w"},{"width":150,"height":150,"file":"2024\/09\/IMG-20240905-WA0013.jpg","filesize":369116,"sizes":{"medium":{"file":"IMG-20240905-WA0013-300x169.jpg","width":300,"height":169,"mime-type":"image\/jpeg","filesize":15621,"url":"https:\/\/360mallorcaproperty.com\/wp-content\/uploads\/2024\/09\/IMG-20240905-WA0013-300x169.jpg"},"large":{"file":"IMG-20240905-WA0013-1024x576.jpg","width":1024,"height":576,"mime-type":"image\/jpeg","filesize":178190,"url":"https:\/\/360mallorcaproperty.com\/wp-content\/uploads\/2024\/09\/IMG-20240905-WA0013-1024x576.jpg"},"thumbnail":{"file":"IMG-20240905-WA0013-150x150.jpg","width":150,"height":150,"mime-type":"image\/jpeg","filesize":8048,"url":"https:\/\/360mallorcaproperty.com\/wp-content\/uploads\/2024\/09\/IMG-20240905-WA0013-150x150.jpg"},"medium_large":{"file":"IMG-20240905-WA0013-768x432.jpg","width":768,"height":432,"mime-type":"image\/jpeg","filesize":101505,"url":"https:\/\/360mallorcaproperty.com\/wp-content\/uploads\/2024\/09\/IMG-20240905-WA0013-768x432.jpg"},"1536x1536":{"file":"IMG-20240905-WA0013-1536x864.jpg","width":1536,"height":864,"mime-type":"image\/jpeg","filesize":371144,"url":"https:\/\/360mallorcaproperty.com\/wp-content\/uploads\/2024\/09\/IMG-20240905-WA0013-1536x864.jpg"},"post-thumbnail":{"file":"IMG-20240905-WA0013-150x84.jpg","width":150,"height":84,"mime-type":"image\/jpeg","filesize":4421,"url":"https:\/\/360mallorcaproperty.com\/wp-content\/uploads\/2024\/09\/IMG-20240905-WA0013-150x84.jpg"},"modern-property-child-slider":{"file":"IMG-20240905-WA0013-680x510.jpg","width":680,"height":510,"mime-type":"image\/jpeg","filesize":111297,"url":"https:\/\/360mallorcaproperty.com\/wp-content\/uploads\/2024\/09\/IMG-20240905-WA0013-680x510.jpg"},"property-thumb-image":{"file":"IMG-20240905-WA0013-488x326.jpg","width":488,"height":326,"mime-type":"image\/jpeg","filesize":49976,"url":"https:\/\/360mallorcaproperty.com\/wp-content\/uploads\/2024\/09\/IMG-20240905-WA0013-488x326.jpg"},"property-detail-video-image":{"file":"IMG-20240905-WA0013-818x417.jpg","width":818,"height":417,"mime-type":"image\/jpeg","filesize":108480,"url":"https:\/\/360mallorcaproperty.com\/wp-content\/uploads\/2024\/09\/IMG-20240905-WA0013-818x417.jpg"},"agent-image":{"file":"IMG-20240905-WA0013-210x210.jpg","width":210,"height":210,"mime-type":"image\/jpeg","filesize":15459,"url":"https:\/\/360mallorcaproperty.com\/wp-content\/uploads\/2024\/09\/IMG-20240905-WA0013-210x210.jpg"},"partners-logo":{"file":"IMG-20240905-WA0013-600x900.jpg","width":600,"height":900,"mime-type":"image\/jpeg","filesize":206632,"url":"https:\/\/360mallorcaproperty.com\/wp-content\/uploads\/2024\/09\/IMG-20240905-WA0013-600x900.jpg"},"post-featured-image":{"file":"IMG-20240905-WA0013-1240x720.jpg","width":1240,"height":720,"mime-type":"image\/jpeg","filesize":263859,"url":"https:\/\/360mallorcaproperty.com\/wp-content\/uploads\/2024\/09\/IMG-20240905-WA0013-1240x720.jpg"}},"image_meta":{"aperture":"0","credit":"","camera":"","caption":"","created_timestamp":"0","copyright":"","focal_length":"0","iso":"0","shutter_speed":"0","title":"","orientation":"0","keywords":[]},"ID":"29146","name":"IMG-20240905-WA0013.jpg","path":"\/home\/mallorcaproperty\/public_html\/wp-content\/uploads\/2024\/09\/IMG-20240905-WA0013.jpg","url":"https:\/\/360mallorcaproperty.com\/wp-content\/uploads\/2024\/09\/IMG-20240905-WA0013-150x150.jpg","full_url":"https:\/\/360mallorcaproperty.com\/wp-content\/uploads\/2024\/09\/IMG-20240905-WA0013.jpg","title":"IMG-20240905-WA0013","caption":"","description":"","alt":"","srcset":"https:\/\/360mallorcaproperty.com\/wp-content\/uploads\/2024\/09\/IMG-20240905-WA0013-150x150.jpg 150w, https:\/\/360mallorcaproperty.com\/wp-content\/uploads\/2024\/09\/IMG-20240905-WA0013-210x210.jpg 210w"},{"width":150,"height":150,"file":"2024\/09\/IMG-20240905-WA0014.jpg","filesize":366294,"sizes":{"medium":{"file":"IMG-20240905-WA0014-300x169.jpg","width":300,"height":169,"mime-type":"image\/jpeg","filesize":15653,"url":"https:\/\/360mallorcaproperty.com\/wp-content\/uploads\/2024\/09\/IMG-20240905-WA0014-300x169.jpg"},"large":{"file":"IMG-20240905-WA0014-1024x576.jpg","width":1024,"height":576,"mime-type":"image\/jpeg","filesize":179164,"url":"https:\/\/360mallorcaproperty.com\/wp-content\/uploads\/2024\/09\/IMG-20240905-WA0014-1024x576.jpg"},"thumbnail":{"file":"IMG-20240905-WA0014-150x150.jpg","width":150,"height":150,"mime-type":"image\/jpeg","filesize":7371,"url":"https:\/\/360mallorcaproperty.com\/wp-content\/uploads\/2024\/09\/IMG-20240905-WA0014-150x150.jpg"},"medium_large":{"file":"IMG-20240905-WA0014-768x432.jpg","width":768,"height":432,"mime-type":"image\/jpeg","filesize":102362,"url":"https:\/\/360mallorcaproperty.com\/wp-content\/uploads\/2024\/09\/IMG-20240905-WA0014-768x432.jpg"},"1536x1536":{"file":"IMG-20240905-WA0014-1536x864.jpg","width":1536,"height":864,"mime-type":"image\/jpeg","filesize":370688,"url":"https:\/\/360mallorcaproperty.com\/wp-content\/uploads\/2024\/09\/IMG-20240905-WA0014-1536x864.jpg"},"post-thumbnail":{"file":"IMG-20240905-WA0014-150x84.jpg","width":150,"height":84,"mime-type":"image\/jpeg","filesize":4449,"url":"https:\/\/360mallorcaproperty.com\/wp-content\/uploads\/2024\/09\/IMG-20240905-WA0014-150x84.jpg"},"modern-property-child-slider":{"file":"IMG-20240905-WA0014-680x510.jpg","width":680,"height":510,"mime-type":"image\/jpeg","filesize":106043,"url":"https:\/\/360mallorcaproperty.com\/wp-content\/uploads\/2024\/09\/IMG-20240905-WA0014-680x510.jpg"},"property-thumb-image":{"file":"IMG-20240905-WA0014-488x326.jpg","width":488,"height":326,"mime-type":"image\/jpeg","filesize":49105,"url":"https:\/\/360mallorcaproperty.com\/wp-content\/uploads\/2024\/09\/IMG-20240905-WA0014-488x326.jpg"},"property-detail-video-image":{"file":"IMG-20240905-WA0014-818x417.jpg","width":818,"height":417,"mime-type":"image\/jpeg","filesize":107540,"url":"https:\/\/360mallorcaproperty.com\/wp-content\/uploads\/2024\/09\/IMG-20240905-WA0014-818x417.jpg"},"agent-image":{"file":"IMG-20240905-WA0014-210x210.jpg","width":210,"height":210,"mime-type":"image\/jpeg","filesize":14060,"url":"https:\/\/360mallorcaproperty.com\/wp-content\/uploads\/2024\/09\/IMG-20240905-WA0014-210x210.jpg"},"partners-logo":{"file":"IMG-20240905-WA0014-600x900.jpg","width":600,"height":900,"mime-type":"image\/jpeg","filesize":177431,"url":"https:\/\/360mallorcaproperty.com\/wp-content\/uploads\/2024\/09\/IMG-20240905-WA0014-600x900.jpg"},"post-featured-image":{"file":"IMG-20240905-WA0014-1240x720.jpg","width":1240,"height":720,"mime-type":"image\/jpeg","filesize":262000,"url":"https:\/\/360mallorcaproperty.com\/wp-content\/uploads\/2024\/09\/IMG-20240905-WA0014-1240x720.jpg"}},"image_meta":{"aperture":"0","credit":"","camera":"","caption":"","created_timestamp":"0","copyright":"","focal_length":"0","iso":"0","shutter_speed":"0","title":"","orientation":"0","keywords":[]},"ID":"29149","name":"IMG-20240905-WA0014.jpg","path":"\/home\/mallorcaproperty\/public_html\/wp-content\/uploads\/2024\/09\/IMG-20240905-WA0014.jpg","url":"https:\/\/360mallorcaproperty.com\/wp-content\/uploads\/2024\/09\/IMG-20240905-WA0014-150x150.jpg","full_url":"https:\/\/360mallorcaproperty.com\/wp-content\/uploads\/2024\/09\/IMG-20240905-WA0014.jpg","title":"IMG-20240905-WA0014","caption":"","description":"","alt":"","srcset":"https:\/\/360mallorcaproperty.com\/wp-content\/uploads\/2024\/09\/IMG-20240905-WA0014-150x150.jpg 150w, https:\/\/360mallorcaproperty.com\/wp-content\/uploads\/2024\/09\/IMG-20240905-WA0014-210x210.jpg 210w"},{"width":150,"height":150,"file":"2024\/09\/IMG-20240905-WA0015.jpg","filesize":377217,"sizes":{"medium":{"file":"IMG-20240905-WA0015-300x169.jpg","width":300,"height":169,"mime-type":"image\/jpeg","filesize":16190,"url":"https:\/\/360mallorcaproperty.com\/wp-content\/uploads\/2024\/09\/IMG-20240905-WA0015-300x169.jpg"},"large":{"file":"IMG-20240905-WA0015-1024x576.jpg","width":1024,"height":576,"mime-type":"image\/jpeg","filesize":184914,"url":"https:\/\/360mallorcaproperty.com\/wp-content\/uploads\/2024\/09\/IMG-20240905-WA0015-1024x576.jpg"},"thumbnail":{"file":"IMG-20240905-WA0015-150x150.jpg","width":150,"height":150,"mime-type":"image\/jpeg","filesize":7520,"url":"https:\/\/360mallorcaproperty.com\/wp-content\/uploads\/2024\/09\/IMG-20240905-WA0015-150x150.jpg"},"medium_large":{"file":"IMG-20240905-WA0015-768x432.jpg","width":768,"height":432,"mime-type":"image\/jpeg","filesize":105842,"url":"https:\/\/360mallorcaproperty.com\/wp-content\/uploads\/2024\/09\/IMG-20240905-WA0015-768x432.jpg"},"1536x1536":{"file":"IMG-20240905-WA0015-1536x864.jpg","width":1536,"height":864,"mime-type":"image\/jpeg","filesize":381007,"url":"https:\/\/360mallorcaproperty.com\/wp-content\/uploads\/2024\/09\/IMG-20240905-WA0015-1536x864.jpg"},"post-thumbnail":{"file":"IMG-20240905-WA0015-150x84.jpg","width":150,"height":84,"mime-type":"image\/jpeg","filesize":4489,"url":"https:\/\/360mallorcaproperty.com\/wp-content\/uploads\/2024\/09\/IMG-20240905-WA0015-150x84.jpg"},"modern-property-child-slider":{"file":"IMG-20240905-WA0015-680x510.jpg","width":680,"height":510,"mime-type":"image\/jpeg","filesize":111660,"url":"https:\/\/360mallorcaproperty.com\/wp-content\/uploads\/2024\/09\/IMG-20240905-WA0015-680x510.jpg"},"property-thumb-image":{"file":"IMG-20240905-WA0015-488x326.jpg","width":488,"height":326,"mime-type":"image\/jpeg","filesize":51543,"url":"https:\/\/360mallorcaproperty.com\/wp-content\/uploads\/2024\/09\/IMG-20240905-WA0015-488x326.jpg"},"property-detail-video-image":{"file":"IMG-20240905-WA0015-818x417.jpg","width":818,"height":417,"mime-type":"image\/jpeg","filesize":110545,"url":"https:\/\/360mallorcaproperty.com\/wp-content\/uploads\/2024\/09\/IMG-20240905-WA0015-818x417.jpg"},"agent-image":{"file":"IMG-20240905-WA0015-210x210.jpg","width":210,"height":210,"mime-type":"image\/jpeg","filesize":14447,"url":"https:\/\/360mallorcaproperty.com\/wp-content\/uploads\/2024\/09\/IMG-20240905-WA0015-210x210.jpg"},"partners-logo":{"file":"IMG-20240905-WA0015-600x900.jpg","width":600,"height":900,"mime-type":"image\/jpeg","filesize":183965,"url":"https:\/\/360mallorcaproperty.com\/wp-content\/uploads\/2024\/09\/IMG-20240905-WA0015-600x900.jpg"},"post-featured-image":{"file":"IMG-20240905-WA0015-1240x720.jpg","width":1240,"height":720,"mime-type":"image\/jpeg","filesize":270971,"url":"https:\/\/360mallorcaproperty.com\/wp-content\/uploads\/2024\/09\/IMG-20240905-WA0015-1240x720.jpg"}},"image_meta":{"aperture":"0","credit":"","camera":"","caption":"","created_timestamp":"0","copyright":"","focal_length":"0","iso":"0","shutter_speed":"0","title":"","orientation":"0","keywords":[]},"ID":"29152","name":"IMG-20240905-WA0015.jpg","path":"\/home\/mallorcaproperty\/public_html\/wp-content\/uploads\/2024\/09\/IMG-20240905-WA0015.jpg","url":"https:\/\/360mallorcaproperty.com\/wp-content\/uploads\/2024\/09\/IMG-20240905-WA0015-150x150.jpg","full_url":"https:\/\/360mallorcaproperty.com\/wp-content\/uploads\/2024\/09\/IMG-20240905-WA0015.jpg","title":"IMG-20240905-WA0015","caption":"","description":"","alt":"","srcset":"https:\/\/360mallorcaproperty.com\/wp-content\/uploads\/2024\/09\/IMG-20240905-WA0015-150x150.jpg 150w, https:\/\/360mallorcaproperty.com\/wp-content\/uploads\/2024\/09\/IMG-20240905-WA0015-210x210.jpg 210w"},{"width":150,"height":150,"file":"2024\/09\/IMG-20240905-WA0016.jpg","filesize":321020,"sizes":{"medium":{"file":"IMG-20240905-WA0016-300x169.jpg","width":300,"height":169,"mime-type":"image\/jpeg","filesize":14157,"url":"https:\/\/360mallorcaproperty.com\/wp-content\/uploads\/2024\/09\/IMG-20240905-WA0016-300x169.jpg"},"large":{"file":"IMG-20240905-WA0016-1024x576.jpg","width":1024,"height":576,"mime-type":"image\/jpeg","filesize":156313,"url":"https:\/\/360mallorcaproperty.com\/wp-content\/uploads\/2024\/09\/IMG-20240905-WA0016-1024x576.jpg"},"thumbnail":{"file":"IMG-20240905-WA0016-150x150.jpg","width":150,"height":150,"mime-type":"image\/jpeg","filesize":6482,"url":"https:\/\/360mallorcaproperty.com\/wp-content\/uploads\/2024\/09\/IMG-20240905-WA0016-150x150.jpg"},"medium_large":{"file":"IMG-20240905-WA0016-768x432.jpg","width":768,"height":432,"mime-type":"image\/jpeg","filesize":89464,"url":"https:\/\/360mallorcaproperty.com\/wp-content\/uploads\/2024\/09\/IMG-20240905-WA0016-768x432.jpg"},"1536x1536":{"file":"IMG-20240905-WA0016-1536x864.jpg","width":1536,"height":864,"mime-type":"image\/jpeg","filesize":324614,"url":"https:\/\/360mallorcaproperty.com\/wp-content\/uploads\/2024\/09\/IMG-20240905-WA0016-1536x864.jpg"},"post-thumbnail":{"file":"IMG-20240905-WA0016-150x84.jpg","width":150,"height":84,"mime-type":"image\/jpeg","filesize":4161,"url":"https:\/\/360mallorcaproperty.com\/wp-content\/uploads\/2024\/09\/IMG-20240905-WA0016-150x84.jpg"},"modern-property-child-slider":{"file":"IMG-20240905-WA0016-680x510.jpg","width":680,"height":510,"mime-type":"image\/jpeg","filesize":91910,"url":"https:\/\/360mallorcaproperty.com\/wp-content\/uploads\/2024\/09\/IMG-20240905-WA0016-680x510.jpg"},"property-thumb-image":{"file":"IMG-20240905-WA0016-488x326.jpg","width":488,"height":326,"mime-type":"image\/jpeg","filesize":42222,"url":"https:\/\/360mallorcaproperty.com\/wp-content\/uploads\/2024\/09\/IMG-20240905-WA0016-488x326.jpg"},"property-detail-video-image":{"file":"IMG-20240905-WA0016-818x417.jpg","width":818,"height":417,"mime-type":"image\/jpeg","filesize":93978,"url":"https:\/\/360mallorcaproperty.com\/wp-content\/uploads\/2024\/09\/IMG-20240905-WA0016-818x417.jpg"},"agent-image":{"file":"IMG-20240905-WA0016-210x210.jpg","width":210,"height":210,"mime-type":"image\/jpeg","filesize":12259,"url":"https:\/\/360mallorcaproperty.com\/wp-content\/uploads\/2024\/09\/IMG-20240905-WA0016-210x210.jpg"},"partners-logo":{"file":"IMG-20240905-WA0016-600x900.jpg","width":600,"height":900,"mime-type":"image\/jpeg","filesize":151483,"url":"https:\/\/360mallorcaproperty.com\/wp-content\/uploads\/2024\/09\/IMG-20240905-WA0016-600x900.jpg"},"post-featured-image":{"file":"IMG-20240905-WA0016-1240x720.jpg","width":1240,"height":720,"mime-type":"image\/jpeg","filesize":229193,"url":"https:\/\/360mallorcaproperty.com\/wp-content\/uploads\/2024\/09\/IMG-20240905-WA0016-1240x720.jpg"}},"image_meta":{"aperture":"0","credit":"","camera":"","caption":"","created_timestamp":"0","copyright":"","focal_length":"0","iso":"0","shutter_speed":"0","title":"","orientation":"0","keywords":[]},"ID":"29155","name":"IMG-20240905-WA0016.jpg","path":"\/home\/mallorcaproperty\/public_html\/wp-content\/uploads\/2024\/09\/IMG-20240905-WA0016.jpg","url":"https:\/\/360mallorcaproperty.com\/wp-content\/uploads\/2024\/09\/IMG-20240905-WA0016-150x150.jpg","full_url":"https:\/\/360mallorcaproperty.com\/wp-content\/uploads\/2024\/09\/IMG-20240905-WA0016.jpg","title":"IMG-20240905-WA0016","caption":"","description":"","alt":"","srcset":"https:\/\/360mallorcaproperty.com\/wp-content\/uploads\/2024\/09\/IMG-20240905-WA0016-150x150.jpg 150w, https:\/\/360mallorcaproperty.com\/wp-content\/uploads\/2024\/09\/IMG-20240905-WA0016-210x210.jpg 210w"},{"width":150,"height":150,"file":"2024\/09\/IMG-20240905-WA0017.jpg","filesize":393829,"sizes":{"medium":{"file":"IMG-20240905-WA0017-300x169.jpg","width":300,"height":169,"mime-type":"image\/jpeg","filesize":17095,"url":"https:\/\/360mallorcaproperty.com\/wp-content\/uploads\/2024\/09\/IMG-20240905-WA0017-300x169.jpg"},"large":{"file":"IMG-20240905-WA0017-1024x576.jpg","width":1024,"height":576,"mime-type":"image\/jpeg","filesize":192102,"url":"https:\/\/360mallorcaproperty.com\/wp-content\/uploads\/2024\/09\/IMG-20240905-WA0017-1024x576.jpg"},"thumbnail":{"file":"IMG-20240905-WA0017-150x150.jpg","width":150,"height":150,"mime-type":"image\/jpeg","filesize":7285,"url":"https:\/\/360mallorcaproperty.com\/wp-content\/uploads\/2024\/09\/IMG-20240905-WA0017-150x150.jpg"},"medium_large":{"file":"IMG-20240905-WA0017-768x432.jpg","width":768,"height":432,"mime-type":"image\/jpeg","filesize":109918,"url":"https:\/\/360mallorcaproperty.com\/wp-content\/uploads\/2024\/09\/IMG-20240905-WA0017-768x432.jpg"},"1536x1536":{"file":"IMG-20240905-WA0017-1536x864.jpg","width":1536,"height":864,"mime-type":"image\/jpeg","filesize":397198,"url":"https:\/\/360mallorcaproperty.com\/wp-content\/uploads\/2024\/09\/IMG-20240905-WA0017-1536x864.jpg"},"post-thumbnail":{"file":"IMG-20240905-WA0017-150x84.jpg","width":150,"height":84,"mime-type":"image\/jpeg","filesize":4782,"url":"https:\/\/360mallorcaproperty.com\/wp-content\/uploads\/2024\/09\/IMG-20240905-WA0017-150x84.jpg"},"modern-property-child-slider":{"file":"IMG-20240905-WA0017-680x510.jpg","width":680,"height":510,"mime-type":"image\/jpeg","filesize":110843,"url":"https:\/\/360mallorcaproperty.com\/wp-content\/uploads\/2024\/09\/IMG-20240905-WA0017-680x510.jpg"},"property-thumb-image":{"file":"IMG-20240905-WA0017-488x326.jpg","width":488,"height":326,"mime-type":"image\/jpeg","filesize":51861,"url":"https:\/\/360mallorcaproperty.com\/wp-content\/uploads\/2024\/09\/IMG-20240905-WA0017-488x326.jpg"},"property-detail-video-image":{"file":"IMG-20240905-WA0017-818x417.jpg","width":818,"height":417,"mime-type":"image\/jpeg","filesize":117382,"url":"https:\/\/360mallorcaproperty.com\/wp-content\/uploads\/2024\/09\/IMG-20240905-WA0017-818x417.jpg"},"agent-image":{"file":"IMG-20240905-WA0017-210x210.jpg","width":210,"height":210,"mime-type":"image\/jpeg","filesize":14022,"url":"https:\/\/360mallorcaproperty.com\/wp-content\/uploads\/2024\/09\/IMG-20240905-WA0017-210x210.jpg"},"partners-logo":{"file":"IMG-20240905-WA0017-600x900.jpg","width":600,"height":900,"mime-type":"image\/jpeg","filesize":176589,"url":"https:\/\/360mallorcaproperty.com\/wp-content\/uploads\/2024\/09\/IMG-20240905-WA0017-600x900.jpg"},"post-featured-image":{"file":"IMG-20240905-WA0017-1240x720.jpg","width":1240,"height":720,"mime-type":"image\/jpeg","filesize":280998,"url":"https:\/\/360mallorcaproperty.com\/wp-content\/uploads\/2024\/09\/IMG-20240905-WA0017-1240x720.jpg"}},"image_meta":{"aperture":"0","credit":"","camera":"","caption":"","created_timestamp":"0","copyright":"","focal_length":"0","iso":"0","shutter_speed":"0","title":"","orientation":"0","keywords":[]},"ID":"29158","name":"IMG-20240905-WA0017.jpg","path":"\/home\/mallorcaproperty\/public_html\/wp-content\/uploads\/2024\/09\/IMG-20240905-WA0017.jpg","url":"https:\/\/360mallorcaproperty.com\/wp-content\/uploads\/2024\/09\/IMG-20240905-WA0017-150x150.jpg","full_url":"https:\/\/360mallorcaproperty.com\/wp-content\/uploads\/2024\/09\/IMG-20240905-WA0017.jpg","title":"IMG-20240905-WA0017","caption":"","description":"","alt":"","srcset":"https:\/\/360mallorcaproperty.com\/wp-content\/uploads\/2024\/09\/IMG-20240905-WA0017-150x150.jpg 150w, https:\/\/360mallorcaproperty.com\/wp-content\/uploads\/2024\/09\/IMG-20240905-WA0017-210x210.jpg 210w"},{"width":150,"height":150,"file":"2024\/09\/IMG-20240905-WA0018.jpg","filesize":327700,"sizes":{"medium":{"file":"IMG-20240905-WA0018-300x169.jpg","width":300,"height":169,"mime-type":"image\/jpeg","filesize":14988,"url":"https:\/\/360mallorcaproperty.com\/wp-content\/uploads\/2024\/09\/IMG-20240905-WA0018-300x169.jpg"},"large":{"file":"IMG-20240905-WA0018-1024x576.jpg","width":1024,"height":576,"mime-type":"image\/jpeg","filesize":162207,"url":"https:\/\/360mallorcaproperty.com\/wp-content\/uploads\/2024\/09\/IMG-20240905-WA0018-1024x576.jpg"},"thumbnail":{"file":"IMG-20240905-WA0018-150x150.jpg","width":150,"height":150,"mime-type":"image\/jpeg","filesize":6804,"url":"https:\/\/360mallorcaproperty.com\/wp-content\/uploads\/2024\/09\/IMG-20240905-WA0018-150x150.jpg"},"medium_large":{"file":"IMG-20240905-WA0018-768x432.jpg","width":768,"height":432,"mime-type":"image\/jpeg","filesize":93599,"url":"https:\/\/360mallorcaproperty.com\/wp-content\/uploads\/2024\/09\/IMG-20240905-WA0018-768x432.jpg"},"1536x1536":{"file":"IMG-20240905-WA0018-1536x864.jpg","width":1536,"height":864,"mime-type":"image\/jpeg","filesize":333325,"url":"https:\/\/360mallorcaproperty.com\/wp-content\/uploads\/2024\/09\/IMG-20240905-WA0018-1536x864.jpg"},"post-thumbnail":{"file":"IMG-20240905-WA0018-150x84.jpg","width":150,"height":84,"mime-type":"image\/jpeg","filesize":4456,"url":"https:\/\/360mallorcaproperty.com\/wp-content\/uploads\/2024\/09\/IMG-20240905-WA0018-150x84.jpg"},"modern-property-child-slider":{"file":"IMG-20240905-WA0018-680x510.jpg","width":680,"height":510,"mime-type":"image\/jpeg","filesize":94960,"url":"https:\/\/360mallorcaproperty.com\/wp-content\/uploads\/2024\/09\/IMG-20240905-WA0018-680x510.jpg"},"property-thumb-image":{"file":"IMG-20240905-WA0018-488x326.jpg","width":488,"height":326,"mime-type":"image\/jpeg","filesize":44687,"url":"https:\/\/360mallorcaproperty.com\/wp-content\/uploads\/2024\/09\/IMG-20240905-WA0018-488x326.jpg"},"property-detail-video-image":{"file":"IMG-20240905-WA0018-818x417.jpg","width":818,"height":417,"mime-type":"image\/jpeg","filesize":97942,"url":"https:\/\/360mallorcaproperty.com\/wp-content\/uploads\/2024\/09\/IMG-20240905-WA0018-818x417.jpg"},"agent-image":{"file":"IMG-20240905-WA0018-210x210.jpg","width":210,"height":210,"mime-type":"image\/jpeg","filesize":12660,"url":"https:\/\/360mallorcaproperty.com\/wp-content\/uploads\/2024\/09\/IMG-20240905-WA0018-210x210.jpg"},"partners-logo":{"file":"IMG-20240905-WA0018-600x900.jpg","width":600,"height":900,"mime-type":"image\/jpeg","filesize":152666,"url":"https:\/\/360mallorcaproperty.com\/wp-content\/uploads\/2024\/09\/IMG-20240905-WA0018-600x900.jpg"},"post-featured-image":{"file":"IMG-20240905-WA0018-1240x720.jpg","width":1240,"height":720,"mime-type":"image\/jpeg","filesize":236510,"url":"https:\/\/360mallorcaproperty.com\/wp-content\/uploads\/2024\/09\/IMG-20240905-WA0018-1240x720.jpg"}},"image_meta":{"aperture":"0","credit":"","camera":"","caption":"","created_timestamp":"0","copyright":"","focal_length":"0","iso":"0","shutter_speed":"0","title":"","orientation":"0","keywords":[]},"ID":"29161","name":"IMG-20240905-WA0018.jpg","path":"\/home\/mallorcaproperty\/public_html\/wp-content\/uploads\/2024\/09\/IMG-20240905-WA0018.jpg","url":"https:\/\/360mallorcaproperty.com\/wp-content\/uploads\/2024\/09\/IMG-20240905-WA0018-150x150.jpg","full_url":"https:\/\/360mallorcaproperty.com\/wp-content\/uploads\/2024\/09\/IMG-20240905-WA0018.jpg","title":"IMG-20240905-WA0018","caption":"","description":"","alt":"","srcset":"https:\/\/360mallorcaproperty.com\/wp-content\/uploads\/2024\/09\/IMG-20240905-WA0018-150x150.jpg 150w, https:\/\/360mallorcaproperty.com\/wp-content\/uploads\/2024\/09\/IMG-20240905-WA0018-210x210.jpg 210w"},{"width":150,"height":150,"file":"2024\/09\/IMG-20240905-WA0019.jpg","filesize":315307,"sizes":{"medium":{"file":"IMG-20240905-WA0019-300x169.jpg","width":300,"height":169,"mime-type":"image\/jpeg","filesize":14215,"url":"https:\/\/360mallorcaproperty.com\/wp-content\/uploads\/2024\/09\/IMG-20240905-WA0019-300x169.jpg"},"large":{"file":"IMG-20240905-WA0019-1024x576.jpg","width":1024,"height":576,"mime-type":"image\/jpeg","filesize":154857,"url":"https:\/\/360mallorcaproperty.com\/wp-content\/uploads\/2024\/09\/IMG-20240905-WA0019-1024x576.jpg"},"thumbnail":{"file":"IMG-20240905-WA0019-150x150.jpg","width":150,"height":150,"mime-type":"image\/jpeg","filesize":6759,"url":"https:\/\/360mallorcaproperty.com\/wp-content\/uploads\/2024\/09\/IMG-20240905-WA0019-150x150.jpg"},"medium_large":{"file":"IMG-20240905-WA0019-768x432.jpg","width":768,"height":432,"mime-type":"image\/jpeg","filesize":89177,"url":"https:\/\/360mallorcaproperty.com\/wp-content\/uploads\/2024\/09\/IMG-20240905-WA0019-768x432.jpg"},"1536x1536":{"file":"IMG-20240905-WA0019-1536x864.jpg","width":1536,"height":864,"mime-type":"image\/jpeg","filesize":319548,"url":"https:\/\/360mallorcaproperty.com\/wp-content\/uploads\/2024\/09\/IMG-20240905-WA0019-1536x864.jpg"},"post-thumbnail":{"file":"IMG-20240905-WA0019-150x84.jpg","width":150,"height":84,"mime-type":"image\/jpeg","filesize":4274,"url":"https:\/\/360mallorcaproperty.com\/wp-content\/uploads\/2024\/09\/IMG-20240905-WA0019-150x84.jpg"},"modern-property-child-slider":{"file":"IMG-20240905-WA0019-680x510.jpg","width":680,"height":510,"mime-type":"image\/jpeg","filesize":93769,"url":"https:\/\/360mallorcaproperty.com\/wp-content\/uploads\/2024\/09\/IMG-20240905-WA0019-680x510.jpg"},"property-thumb-image":{"file":"IMG-20240905-WA0019-488x326.jpg","width":488,"height":326,"mime-type":"image\/jpeg","filesize":43606,"url":"https:\/\/360mallorcaproperty.com\/wp-content\/uploads\/2024\/09\/IMG-20240905-WA0019-488x326.jpg"},"property-detail-video-image":{"file":"IMG-20240905-WA0019-818x417.jpg","width":818,"height":417,"mime-type":"image\/jpeg","filesize":93601,"url":"https:\/\/360mallorcaproperty.com\/wp-content\/uploads\/2024\/09\/IMG-20240905-WA0019-818x417.jpg"},"agent-image":{"file":"IMG-20240905-WA0019-210x210.jpg","width":210,"height":210,"mime-type":"image\/jpeg","filesize":12918,"url":"https:\/\/360mallorcaproperty.com\/wp-content\/uploads\/2024\/09\/IMG-20240905-WA0019-210x210.jpg"},"partners-logo":{"file":"IMG-20240905-WA0019-600x900.jpg","width":600,"height":900,"mime-type":"image\/jpeg","filesize":164187,"url":"https:\/\/360mallorcaproperty.com\/wp-content\/uploads\/2024\/09\/IMG-20240905-WA0019-600x900.jpg"},"post-featured-image":{"file":"IMG-20240905-WA0019-1240x720.jpg","width":1240,"height":720,"mime-type":"image\/jpeg","filesize":226929,"url":"https:\/\/360mallorcaproperty.com\/wp-content\/uploads\/2024\/09\/IMG-20240905-WA0019-1240x720.jpg"}},"image_meta":{"aperture":"0","credit":"","camera":"","caption":"","created_timestamp":"0","copyright":"","focal_length":"0","iso":"0","shutter_speed":"0","title":"","orientation":"0","keywords":[]},"ID":"29164","name":"IMG-20240905-WA0019.jpg","path":"\/home\/mallorcaproperty\/public_html\/wp-content\/uploads\/2024\/09\/IMG-20240905-WA0019.jpg","url":"https:\/\/360mallorcaproperty.com\/wp-content\/uploads\/2024\/09\/IMG-20240905-WA0019-150x150.jpg","full_url":"https:\/\/360mallorcaproperty.com\/wp-content\/uploads\/2024\/09\/IMG-20240905-WA0019.jpg","title":"IMG-20240905-WA0019","caption":"","description":"","alt":"","srcset":"https:\/\/360mallorcaproperty.com\/wp-content\/uploads\/2024\/09\/IMG-20240905-WA0019-150x150.jpg 150w, https:\/\/360mallorcaproperty.com\/wp-content\/uploads\/2024\/09\/IMG-20240905-WA0019-210x210.jpg 210w"},{"width":150,"height":150,"file":"2024\/09\/Screenshot_20221227_140441.png","filesize":7174629,"sizes":{"medium":{"file":"Screenshot_20221227_140441-300x208.png","width":300,"height":208,"mime-type":"image\/png","filesize":164970,"url":"https:\/\/360mallorcaproperty.com\/wp-content\/uploads\/2024\/09\/Screenshot_20221227_140441-300x208.png"},"large":{"file":"Screenshot_20221227_140441-1024x709.png","width":1024,"height":709,"mime-type":"image\/png","filesize":1589388,"url":"https:\/\/360mallorcaproperty.com\/wp-content\/uploads\/2024\/09\/Screenshot_20221227_140441-1024x709.png"},"thumbnail":{"file":"Screenshot_20221227_140441-150x150.png","width":150,"height":150,"mime-type":"image\/png","filesize":60878,"url":"https:\/\/360mallorcaproperty.com\/wp-content\/uploads\/2024\/09\/Screenshot_20221227_140441-150x150.png"},"medium_large":{"file":"Screenshot_20221227_140441-768x532.png","width":768,"height":532,"mime-type":"image\/png","filesize":952718,"url":"https:\/\/360mallorcaproperty.com\/wp-content\/uploads\/2024\/09\/Screenshot_20221227_140441-768x532.png"},"1536x1536":{"file":"Screenshot_20221227_140441-1536x1063.png","width":1536,"height":1063,"mime-type":"image\/png","filesize":3189667,"url":"https:\/\/360mallorcaproperty.com\/wp-content\/uploads\/2024\/09\/Screenshot_20221227_140441-1536x1063.png"},"2048x2048":{"file":"Screenshot_20221227_140441-2048x1418.png","width":2048,"height":1418,"mime-type":"image\/png","filesize":5146954,"url":"https:\/\/360mallorcaproperty.com\/wp-content\/uploads\/2024\/09\/Screenshot_20221227_140441-2048x1418.png"},"post-thumbnail":{"file":"Screenshot_20221227_140441-150x104.png","width":150,"height":104,"mime-type":"image\/png","filesize":42038,"url":"https:\/\/360mallorcaproperty.com\/wp-content\/uploads\/2024\/09\/Screenshot_20221227_140441-150x104.png"},"modern-property-child-slider":{"file":"Screenshot_20221227_140441-680x510.png","width":680,"height":510,"mime-type":"image\/png","filesize":816734,"url":"https:\/\/360mallorcaproperty.com\/wp-content\/uploads\/2024\/09\/Screenshot_20221227_140441-680x510.png"},"property-thumb-image":{"file":"Screenshot_20221227_140441-488x326.png","width":488,"height":326,"mime-type":"image\/png","filesize":398805,"url":"https:\/\/360mallorcaproperty.com\/wp-content\/uploads\/2024\/09\/Screenshot_20221227_140441-488x326.png"},"property-detail-video-image":{"file":"Screenshot_20221227_140441-818x417.png","width":818,"height":417,"mime-type":"image\/png","filesize":787798,"url":"https:\/\/360mallorcaproperty.com\/wp-content\/uploads\/2024\/09\/Screenshot_20221227_140441-818x417.png"},"agent-image":{"file":"Screenshot_20221227_140441-210x210.png","width":210,"height":210,"mime-type":"image\/png","filesize":117285,"url":"https:\/\/360mallorcaproperty.com\/wp-content\/uploads\/2024\/09\/Screenshot_20221227_140441-210x210.png"},"partners-logo":{"file":"Screenshot_20221227_140441-600x1721.png","width":600,"height":1721,"mime-type":"image\/png","filesize":1697372,"url":"https:\/\/360mallorcaproperty.com\/wp-content\/uploads\/2024\/09\/Screenshot_20221227_140441-600x1721.png"},"post-featured-image":{"file":"Screenshot_20221227_140441-1240x720.png","width":1240,"height":720,"mime-type":"image\/png","filesize":1853668,"url":"https:\/\/360mallorcaproperty.com\/wp-content\/uploads\/2024\/09\/Screenshot_20221227_140441-1240x720.png"}},"image_meta":{"aperture":"0","credit":"","camera":"","caption":"","created_timestamp":"0","copyright":"","focal_length":"0","iso":"0","shutter_speed":"0","title":"","orientation":"0","keywords":[]},"ID":"29167","name":"Screenshot_20221227_140441.png","path":"\/home\/mallorcaproperty\/public_html\/wp-content\/uploads\/2024\/09\/Screenshot_20221227_140441.png","url":"https:\/\/360mallorcaproperty.com\/wp-content\/uploads\/2024\/09\/Screenshot_20221227_140441-150x150.png","full_url":"https:\/\/360mallorcaproperty.com\/wp-content\/uploads\/2024\/09\/Screenshot_20221227_140441.png","title":"Screenshot_20221227_140441","caption":"","description":"","alt":"","srcset":"https:\/\/360mallorcaproperty.com\/wp-content\/uploads\/2024\/09\/Screenshot_20221227_140441-150x150.png 150w, https:\/\/360mallorcaproperty.com\/wp-content\/uploads\/2024\/09\/Screenshot_20221227_140441-210x210.png 210w"}],"REAL_HOMES_change_gallery_slider_type":"0","REAL_HOMES_gallery_slider_type":"thumb-on-right","inspiry_floor_plans":[],"inspiry_video_group":[],"REAL_HOMES_360_virtual_tour":"","REAL_HOMES_agent_display_option":"none","REAL_HOMES_agents":[],"REAL_HOMES_energy_class":"none","REAL_HOMES_energy_performance":"","REAL_HOMES_epc_current_rating":"","REAL_HOMES_epc_potential_rating":"","ere_property_schedule_tour":"global","ere_property_schedule_time_slots":"","ere_property_schedule_description":"","REAL_HOMES_sticky":"0","inspiry_property_label":"","inspiry_property_label_color":"","inspiry_property_tax":"0","inspiry_additional_fee":"0","REAL_HOMES_attachments":[{"width":1414,"height":2000,"file":"2024\/09\/V4088-S.png","filesize":1630007,"sizes":{"medium":{"file":"V4088-S-212x300.png","width":212,"height":300,"mime-type":"image\/png","filesize":58245},"large":{"file":"V4088-S-724x1024.png","width":724,"height":1024,"mime-type":"image\/png","filesize":517566},"thumbnail":{"file":"V4088-S-150x150.png","width":150,"height":150,"mime-type":"image\/png","filesize":28123},"medium_large":{"file":"V4088-S-768x1086.png","width":768,"height":1086,"mime-type":"image\/png","filesize":573780},"1536x1536":{"file":"V4088-S-1086x1536.png","width":1086,"height":1536,"mime-type":"image\/png","filesize":1044910},"post-thumbnail":{"file":"V4088-S-106x150.png","width":106,"height":150,"mime-type":"image\/png","filesize":17006},"modern-property-child-slider":{"file":"V4088-S-680x510.png","width":680,"height":510,"mime-type":"image\/png","filesize":382094},"property-thumb-image":{"file":"V4088-S-488x326.png","width":488,"height":326,"mime-type":"image\/png","filesize":196177},"property-detail-video-image":{"file":"V4088-S-818x417.png","width":818,"height":417,"mime-type":"image\/png","filesize":441617},"agent-image":{"file":"V4088-S-210x210.png","width":210,"height":210,"mime-type":"image\/png","filesize":51151},"partners-logo":{"file":"V4088-S-600x2000.png","width":600,"height":2000,"mime-type":"image\/png","filesize":716317},"post-featured-image":{"file":"V4088-S-1240x720.png","width":1240,"height":720,"mime-type":"image\/png","filesize":988909}},"image_meta":{"aperture":"0","credit":"","camera":"","caption":"","created_timestamp":"0","copyright":"","focal_length":"0","iso":"0","shutter_speed":"0","title":"","orientation":"0","keywords":[]},"ID":"32689","name":"V4088-S.png","path":"\/home\/mallorcaproperty\/public_html\/wp-content\/uploads\/2024\/09\/V4088-S.png","url":"https:\/\/360mallorcaproperty.com\/wp-content\/uploads\/2024\/09\/V4088-S.png","title":"V4088 S"}],"inspiry_property_owner_name":"","inspiry_property_owner_contact":"","inspiry_property_owner_address":"","REAL_HOMES_property_private_note":"","inspiry_message_to_reviewer":"","REAL_HOMES_add_in_slider":"no","REAL_HOMES_slider_image":[],"REAL_HOMES_page_banner_image":[],"REAL_HOMES_hide_property_advance_search":"0","inspiry_offmarket":[],"REAL_HOMES_custom_header_display":"default","REAL_HOMES_custom_header_position":"relative","REAL_HOMES_custom_footer_display":"default","REAL_HOMES_hide_advance_search":"0","REAL_HOMES_custom_search_form":"default","REAL_HOMES_search_form_margin_top":"","REAL_HOMES_search_form_margin_bottom":""},"_links":{"self":[{"href":"https:\/\/360mallorcaproperty.com\/es\/wp-json\/wp\/v2\/property\/29121","targetHints":{"allow":["GET"]}}],"collection":[{"href":"https:\/\/360mallorcaproperty.com\/es\/wp-json\/wp\/v2\/property"}],"about":[{"href":"https:\/\/360mallorcaproperty.com\/es\/wp-json\/wp\/v2\/types\/property"}],"author":[{"embeddable":true,"href":"https:\/\/360mallorcaproperty.com\/es\/wp-json\/wp\/v2\/users\/1"}],"replies":[{"embeddable":true,"href":"https:\/\/360mallorcaproperty.com\/es\/wp-json\/wp\/v2\/comments?post=29121"}],"version-history":[{"count":3,"href":"https:\/\/360mallorcaproperty.com\/es\/wp-json\/wp\/v2\/property\/29121\/revisions"}],"predecessor-version":[{"id":32169,"href":"https:\/\/360mallorcaproperty.com\/es\/wp-json\/wp\/v2\/property\/29121\/revisions\/32169"}],"wp:featuredmedia":[{"embeddable":true,"href":"https:\/\/360mallorcaproperty.com\/es\/wp-json\/wp\/v2\/media\/29143"}],"wp:attachment":[{"href":"https:\/\/360mallorcaproperty.com\/es\/wp-json\/wp\/v2\/media?parent=29121"}],"wp:term":[{"taxonomy":"property-feature","embeddable":true,"href":"https:\/\/360mallorcaproperty.com\/es\/wp-json\/wp\/v2\/property-feature?post=29121"},{"taxonomy":"property-type","embeddable":true,"href":"https:\/\/360mallorcaproperty.com\/es\/wp-json\/wp\/v2\/property-type?post=29121"},{"taxonomy":"property-city","embeddable":true,"href":"https:\/\/360mallorcaproperty.com\/es\/wp-json\/wp\/v2\/property-location?post=29121"},{"taxonomy":"property-status","embeddable":true,"href":"https:\/\/360mallorcaproperty.com\/es\/wp-json\/wp\/v2\/property-status?post=29121"}],"curies":[{"name":"wp","href":"https:\/\/api.w.org\/{rel}","templated":true}]}}