{"id":29409,"date":"2024-10-23T11:55:25","date_gmt":"2024-10-23T11:55:25","guid":{"rendered":"https:\/\/360mallorcaproperty.com\/property\/charming-mediterranean-retreat-near-cas-concos-and-santanyi\/"},"modified":"2025-07-29T09:10:11","modified_gmt":"2025-07-29T09:10:11","slug":"charming-mediterranean-retreat-near-cas-concos-and-santanyi","status":"publish","type":"property","link":"https:\/\/360mallorcaproperty.com\/es\/property\/charming-mediterranean-retreat-near-cas-concos-and-santanyi\/","title":{"rendered":"**Casa mediterr\u00e1nea con encanto cerca de Cas Concos y Santany\u00ed**."},"content":{"rendered":"<p>Descubra la casa de sus sue\u00f1os a s\u00f3lo 2 minutos del pintoresco pueblo de Cas Concos y a escasos 5 minutos de la vibrante Santany\u00ed. Accesible a trav\u00e9s de una carretera asfaltada en buen estado, esta impresionante propiedad se encuentra en una generosa parcela de 15.200 m2. La casa de planta baja reci\u00e9n terminada cuenta con aproximadamente 250 m2 de espacio habitable, exudando elegancia con su fachada tradicional revestida de piedra y un amplio s\u00f3tano de 135 m2.<\/p>\n<p>En su interior encontramos un amplio sal\u00f3n-comedor perfectamente comunicado con una cocina integrada y totalmente equipada. Con 3 dormitorios y 3 ba\u00f1os (2 de ellos en suite), adem\u00e1s de un aseo de invitados y un lavadero, el confort y la comodidad est\u00e1n a la vanguardia. Varias terrazas cubiertas rodean la casa, perfectas para disfrutar de la serenidad del entorno.<\/p>\n<p>El exterior cuenta con un garaje doble, una cocina de verano y una impresionante piscina de 67 m2 con sol\u00e1rium. La propiedad est\u00e1 equipada con calefacci\u00f3n por suelo radiante fr\u00edo\/calor a trav\u00e9s de un sistema aerot\u00e9rmico, garantizando el confort durante todo el a\u00f1o. Acabados de alta calidad y toques tradicionales mallorquines a\u00f1aden encanto, mientras que el jard\u00edn, adornado con olivos y un sistema de riego autom\u00e1tico, completa este id\u00edlico refugio. \u00a1No pierda la oportunidad de poseer este exquisito pedazo de para\u00edso!<\/p>\n","protected":false},"excerpt":{"rendered":"<p>Descubra la casa de sus sue\u00f1os a s\u00f3lo 2 minutos del pintoresco pueblo de Cas Concos y a escasos 5 minutos de la vibrante Santany\u00ed. Accesible a trav\u00e9s de una carretera asfaltada en buen estado, esta impresionante propiedad se encuentra en una generosa parcela de 15.200 m2. La casa de planta baja reci\u00e9n terminada cuenta&#8230;<\/p>\n","protected":false},"author":1,"featured_media":30627,"parent":0,"menu_order":0,"comment_status":"closed","ping_status":"closed","template":"","property-feature":[277,280,279,285,278,281,282,283,384,355],"property-type":[380,361],"property-location":[556],"property-status":[419],"class_list":["post-29409","property","type-property","status-publish","has-post-thumbnail","hentry","property-feature-aire-acondicionado","property-feature-armarios-empotrados","property-feature-chimenea","property-feature-cocina-exterior-barbacoa","property-feature-doble-acristalamiento","property-feature-garaje-aparcamiento","property-feature-jardin","property-feature-piscina","property-feature-terrace-es","property-feature-underfloor-heating-es","property-type-chalet-es","property-type-finca-es","property-city-cas-concos-es","property-status-vendido-es"],"property_meta":{"REAL_HOMES_property_price":"2750000","REAL_HOMES_property_old_price":"","REAL_HOMES_property_price_prefix":"","REAL_HOMES_property_price_postfix":"","REAL_HOMES_property_size":"440m\u00b2","REAL_HOMES_property_size_postfix":"","REAL_HOMES_property_lot_size":"15200m2","REAL_HOMES_property_lot_size_postfix":"","REAL_HOMES_property_bedrooms":"3","REAL_HOMES_property_bathrooms":"3","REAL_HOMES_property_garage":"parking \ud83c\udd7f","REAL_HOMES_property_id":"V2025","REAL_HOMES_property_year_built":"2024","REAL_HOMES_featured":"0","REAL_HOMES_additional_details_list":[],"rvr_booking_widget_display":"","rvr_booking_mode":"","rvr_govt_tax":"","rvr_govt_tax_type":"percentage","rvr_govt_tax_calculation":"per_stay","rvr_service_charges":"","rvr_service_charges_type":"percentage","rvr_service_charges_calculation":"per_stay","rvr_guests_capacity":"","rvr_book_child_as":"","rvr_min_stay":"","rvr_guests_capacity_extend":"","rvr_extra_guest_price":"","rvr_property_owner":"0","rvr_bulk_pricing":[],"rvr_seasonal_pricing":[],"rvr_custom_reserved_dates":[],"rvr_additional_fees":[{"rvr_fee_type":"fixed","rvr_fee_calculation":"per_stay"}],"rvr_additional_amenities":[{"price_calculation":"per_stay"}],"rvr_accommodation":[],"rvr_outdoor_features":[],"rvr_surroundings":[],"rvr_included":[],"rvr_not_included":[],"rvr_policies":[],"REAL_HOMES_property_location":{"latitude":"39.404963494229","longitude":"3.1139520487819","zoom":"14"},"REAL_HOMES_property_address":"Cas Concos, carrer de Sant Nicolau, Cas Concos des Cavaller, Felanitx, Migjorn, Islas Baleares, 07208, Espa\u00f1a","REAL_HOMES_property_map":"","REAL_HOMES_property_images":[{"width":150,"height":150,"file":"2024\/10\/DSC_5212-HDR-Editar.jpg","filesize":2898287,"sizes":{"medium":{"file":"DSC_5212-HDR-Editar-300x200.jpg","width":300,"height":200,"mime-type":"image\/jpeg","filesize":15354,"url":"https:\/\/360mallorcaproperty.com\/wp-content\/uploads\/2024\/10\/DSC_5212-HDR-Editar-300x200.jpg"},"large":{"file":"DSC_5212-HDR-Editar-1024x681.jpg","width":1024,"height":681,"mime-type":"image\/jpeg","filesize":124618,"url":"https:\/\/360mallorcaproperty.com\/wp-content\/uploads\/2024\/10\/DSC_5212-HDR-Editar-1024x681.jpg"},"thumbnail":{"file":"DSC_5212-HDR-Editar-150x150.jpg","width":150,"height":150,"mime-type":"image\/jpeg","filesize":6477,"url":"https:\/\/360mallorcaproperty.com\/wp-content\/uploads\/2024\/10\/DSC_5212-HDR-Editar-150x150.jpg"},"medium_large":{"file":"DSC_5212-HDR-Editar-768x511.jpg","width":768,"height":511,"mime-type":"image\/jpeg","filesize":75156,"url":"https:\/\/360mallorcaproperty.com\/wp-content\/uploads\/2024\/10\/DSC_5212-HDR-Editar-768x511.jpg"},"1536x1536":{"file":"DSC_5212-HDR-Editar-1536x1022.jpg","width":1536,"height":1022,"mime-type":"image\/jpeg","filesize":250058,"url":"https:\/\/360mallorcaproperty.com\/wp-content\/uploads\/2024\/10\/DSC_5212-HDR-Editar-1536x1022.jpg"},"2048x2048":{"file":"DSC_5212-HDR-Editar-2048x1362.jpg","width":2048,"height":1362,"mime-type":"image\/jpeg","filesize":405974,"url":"https:\/\/360mallorcaproperty.com\/wp-content\/uploads\/2024\/10\/DSC_5212-HDR-Editar-2048x1362.jpg"},"post-thumbnail":{"file":"DSC_5212-HDR-Editar-150x100.jpg","width":150,"height":100,"mime-type":"image\/jpeg","filesize":5298,"url":"https:\/\/360mallorcaproperty.com\/wp-content\/uploads\/2024\/10\/DSC_5212-HDR-Editar-150x100.jpg"},"modern-property-child-slider":{"file":"DSC_5212-HDR-Editar-680x510.jpg","width":680,"height":510,"mime-type":"image\/jpeg","filesize":66633,"url":"https:\/\/360mallorcaproperty.com\/wp-content\/uploads\/2024\/10\/DSC_5212-HDR-Editar-680x510.jpg"},"property-thumb-image":{"file":"DSC_5212-HDR-Editar-488x326.jpg","width":488,"height":326,"mime-type":"image\/jpeg","filesize":34585,"url":"https:\/\/360mallorcaproperty.com\/wp-content\/uploads\/2024\/10\/DSC_5212-HDR-Editar-488x326.jpg"},"property-detail-video-image":{"file":"DSC_5212-HDR-Editar-818x417.jpg","width":818,"height":417,"mime-type":"image\/jpeg","filesize":71716,"url":"https:\/\/360mallorcaproperty.com\/wp-content\/uploads\/2024\/10\/DSC_5212-HDR-Editar-818x417.jpg"},"agent-image":{"file":"DSC_5212-HDR-Editar-210x210.jpg","width":210,"height":210,"mime-type":"image\/jpeg","filesize":11177,"url":"https:\/\/360mallorcaproperty.com\/wp-content\/uploads\/2024\/10\/DSC_5212-HDR-Editar-210x210.jpg"},"partners-logo":{"file":"DSC_5212-HDR-Editar-600x1663.jpg","width":600,"height":1663,"mime-type":"image\/jpeg","filesize":136476,"url":"https:\/\/360mallorcaproperty.com\/wp-content\/uploads\/2024\/10\/DSC_5212-HDR-Editar-600x1663.jpg"},"post-featured-image":{"file":"DSC_5212-HDR-Editar-1240x720.jpg","width":1240,"height":720,"mime-type":"image\/jpeg","filesize":160378,"url":"https:\/\/360mallorcaproperty.com\/wp-content\/uploads\/2024\/10\/DSC_5212-HDR-Editar-1240x720.jpg"}},"image_meta":{"aperture":"8","credit":"","camera":"NIKON Z 6_2","caption":"","created_timestamp":"1726832400","copyright":"","focal_length":"15","iso":"500","shutter_speed":"0.001","title":"","orientation":"1","keywords":[]},"ID":"29385","name":"DSC_5212-HDR-Editar.jpg","path":"\/home\/mallorcaproperty\/public_html\/wp-content\/uploads\/2024\/10\/DSC_5212-HDR-Editar.jpg","url":"https:\/\/360mallorcaproperty.com\/wp-content\/uploads\/2024\/10\/DSC_5212-HDR-Editar-150x150.jpg","full_url":"https:\/\/360mallorcaproperty.com\/wp-content\/uploads\/2024\/10\/DSC_5212-HDR-Editar.jpg","title":"DSC_5212-HDR-Editar","caption":"","description":"","alt":"","srcset":"https:\/\/360mallorcaproperty.com\/wp-content\/uploads\/2024\/10\/DSC_5212-HDR-Editar-150x150.jpg 150w, https:\/\/360mallorcaproperty.com\/wp-content\/uploads\/2024\/10\/DSC_5212-HDR-Editar-210x210.jpg 210w"},{"width":150,"height":150,"file":"2024\/10\/IMG-20240923-WA0074.jpg","filesize":330893,"sizes":{"medium":{"file":"IMG-20240923-WA0074-300x169.jpg","width":300,"height":169,"mime-type":"image\/jpeg","filesize":13660,"url":"https:\/\/360mallorcaproperty.com\/wp-content\/uploads\/2024\/10\/IMG-20240923-WA0074-300x169.jpg"},"large":{"file":"IMG-20240923-WA0074-1024x576.jpg","width":1024,"height":576,"mime-type":"image\/jpeg","filesize":114909,"url":"https:\/\/360mallorcaproperty.com\/wp-content\/uploads\/2024\/10\/IMG-20240923-WA0074-1024x576.jpg"},"thumbnail":{"file":"IMG-20240923-WA0074-150x150.jpg","width":150,"height":150,"mime-type":"image\/jpeg","filesize":7112,"url":"https:\/\/360mallorcaproperty.com\/wp-content\/uploads\/2024\/10\/IMG-20240923-WA0074-150x150.jpg"},"medium_large":{"file":"IMG-20240923-WA0074-768x432.jpg","width":768,"height":432,"mime-type":"image\/jpeg","filesize":69559,"url":"https:\/\/360mallorcaproperty.com\/wp-content\/uploads\/2024\/10\/IMG-20240923-WA0074-768x432.jpg"},"1536x1536":{"file":"IMG-20240923-WA0074-1536x864.jpg","width":1536,"height":864,"mime-type":"image\/jpeg","filesize":226753,"url":"https:\/\/360mallorcaproperty.com\/wp-content\/uploads\/2024\/10\/IMG-20240923-WA0074-1536x864.jpg"},"post-thumbnail":{"file":"IMG-20240923-WA0074-150x84.jpg","width":150,"height":84,"mime-type":"image\/jpeg","filesize":4577,"url":"https:\/\/360mallorcaproperty.com\/wp-content\/uploads\/2024\/10\/IMG-20240923-WA0074-150x84.jpg"},"modern-property-child-slider":{"file":"IMG-20240923-WA0074-680x510.jpg","width":680,"height":510,"mime-type":"image\/jpeg","filesize":71293,"url":"https:\/\/360mallorcaproperty.com\/wp-content\/uploads\/2024\/10\/IMG-20240923-WA0074-680x510.jpg"},"property-thumb-image":{"file":"IMG-20240923-WA0074-488x326.jpg","width":488,"height":326,"mime-type":"image\/jpeg","filesize":36217,"url":"https:\/\/360mallorcaproperty.com\/wp-content\/uploads\/2024\/10\/IMG-20240923-WA0074-488x326.jpg"},"property-detail-video-image":{"file":"IMG-20240923-WA0074-818x417.jpg","width":818,"height":417,"mime-type":"image\/jpeg","filesize":73539,"url":"https:\/\/360mallorcaproperty.com\/wp-content\/uploads\/2024\/10\/IMG-20240923-WA0074-818x417.jpg"},"agent-image":{"file":"IMG-20240923-WA0074-210x210.jpg","width":210,"height":210,"mime-type":"image\/jpeg","filesize":12301,"url":"https:\/\/360mallorcaproperty.com\/wp-content\/uploads\/2024\/10\/IMG-20240923-WA0074-210x210.jpg"},"partners-logo":{"file":"IMG-20240923-WA0074-600x900.jpg","width":600,"height":900,"mime-type":"image\/jpeg","filesize":111761,"url":"https:\/\/360mallorcaproperty.com\/wp-content\/uploads\/2024\/10\/IMG-20240923-WA0074-600x900.jpg"},"post-featured-image":{"file":"IMG-20240923-WA0074-1240x720.jpg","width":1240,"height":720,"mime-type":"image\/jpeg","filesize":163714,"url":"https:\/\/360mallorcaproperty.com\/wp-content\/uploads\/2024\/10\/IMG-20240923-WA0074-1240x720.jpg"}},"image_meta":{"aperture":"0","credit":"","camera":"","caption":"","created_timestamp":"0","copyright":"","focal_length":"0","iso":"0","shutter_speed":"0","title":"","orientation":"0","keywords":[]},"ID":"29331","name":"IMG-20240923-WA0074.jpg","path":"\/home\/mallorcaproperty\/public_html\/wp-content\/uploads\/2024\/10\/IMG-20240923-WA0074.jpg","url":"https:\/\/360mallorcaproperty.com\/wp-content\/uploads\/2024\/10\/IMG-20240923-WA0074-150x150.jpg","full_url":"https:\/\/360mallorcaproperty.com\/wp-content\/uploads\/2024\/10\/IMG-20240923-WA0074.jpg","title":"IMG-20240923-WA0074","caption":"","description":"","alt":"","srcset":"https:\/\/360mallorcaproperty.com\/wp-content\/uploads\/2024\/10\/IMG-20240923-WA0074-150x150.jpg 150w, https:\/\/360mallorcaproperty.com\/wp-content\/uploads\/2024\/10\/IMG-20240923-WA0074-210x210.jpg 210w"},{"width":150,"height":150,"file":"2024\/10\/IMG-20240923-WA0080.jpg","filesize":297607,"sizes":{"medium":{"file":"IMG-20240923-WA0080-300x169.jpg","width":300,"height":169,"mime-type":"image\/jpeg","filesize":14009,"url":"https:\/\/360mallorcaproperty.com\/wp-content\/uploads\/2024\/10\/IMG-20240923-WA0080-300x169.jpg"},"large":{"file":"IMG-20240923-WA0080-1024x576.jpg","width":1024,"height":576,"mime-type":"image\/jpeg","filesize":110619,"url":"https:\/\/360mallorcaproperty.com\/wp-content\/uploads\/2024\/10\/IMG-20240923-WA0080-1024x576.jpg"},"thumbnail":{"file":"IMG-20240923-WA0080-150x150.jpg","width":150,"height":150,"mime-type":"image\/jpeg","filesize":7329,"url":"https:\/\/360mallorcaproperty.com\/wp-content\/uploads\/2024\/10\/IMG-20240923-WA0080-150x150.jpg"},"medium_large":{"file":"IMG-20240923-WA0080-768x432.jpg","width":768,"height":432,"mime-type":"image\/jpeg","filesize":67933,"url":"https:\/\/360mallorcaproperty.com\/wp-content\/uploads\/2024\/10\/IMG-20240923-WA0080-768x432.jpg"},"1536x1536":{"file":"IMG-20240923-WA0080-1536x864.jpg","width":1536,"height":864,"mime-type":"image\/jpeg","filesize":213913,"url":"https:\/\/360mallorcaproperty.com\/wp-content\/uploads\/2024\/10\/IMG-20240923-WA0080-1536x864.jpg"},"post-thumbnail":{"file":"IMG-20240923-WA0080-150x84.jpg","width":150,"height":84,"mime-type":"image\/jpeg","filesize":4607,"url":"https:\/\/360mallorcaproperty.com\/wp-content\/uploads\/2024\/10\/IMG-20240923-WA0080-150x84.jpg"},"modern-property-child-slider":{"file":"IMG-20240923-WA0080-680x510.jpg","width":680,"height":510,"mime-type":"image\/jpeg","filesize":72672,"url":"https:\/\/360mallorcaproperty.com\/wp-content\/uploads\/2024\/10\/IMG-20240923-WA0080-680x510.jpg"},"property-thumb-image":{"file":"IMG-20240923-WA0080-488x326.jpg","width":488,"height":326,"mime-type":"image\/jpeg","filesize":37124,"url":"https:\/\/360mallorcaproperty.com\/wp-content\/uploads\/2024\/10\/IMG-20240923-WA0080-488x326.jpg"},"property-detail-video-image":{"file":"IMG-20240923-WA0080-818x417.jpg","width":818,"height":417,"mime-type":"image\/jpeg","filesize":71303,"url":"https:\/\/360mallorcaproperty.com\/wp-content\/uploads\/2024\/10\/IMG-20240923-WA0080-818x417.jpg"},"agent-image":{"file":"IMG-20240923-WA0080-210x210.jpg","width":210,"height":210,"mime-type":"image\/jpeg","filesize":12758,"url":"https:\/\/360mallorcaproperty.com\/wp-content\/uploads\/2024\/10\/IMG-20240923-WA0080-210x210.jpg"},"partners-logo":{"file":"IMG-20240923-WA0080-600x900.jpg","width":600,"height":900,"mime-type":"image\/jpeg","filesize":105086,"url":"https:\/\/360mallorcaproperty.com\/wp-content\/uploads\/2024\/10\/IMG-20240923-WA0080-600x900.jpg"},"post-featured-image":{"file":"IMG-20240923-WA0080-1240x720.jpg","width":1240,"height":720,"mime-type":"image\/jpeg","filesize":155934,"url":"https:\/\/360mallorcaproperty.com\/wp-content\/uploads\/2024\/10\/IMG-20240923-WA0080-1240x720.jpg"}},"image_meta":{"aperture":"0","credit":"","camera":"","caption":"","created_timestamp":"0","copyright":"","focal_length":"0","iso":"0","shutter_speed":"0","title":"","orientation":"0","keywords":[]},"ID":"29334","name":"IMG-20240923-WA0080.jpg","path":"\/home\/mallorcaproperty\/public_html\/wp-content\/uploads\/2024\/10\/IMG-20240923-WA0080.jpg","url":"https:\/\/360mallorcaproperty.com\/wp-content\/uploads\/2024\/10\/IMG-20240923-WA0080-150x150.jpg","full_url":"https:\/\/360mallorcaproperty.com\/wp-content\/uploads\/2024\/10\/IMG-20240923-WA0080.jpg","title":"IMG-20240923-WA0080","caption":"","description":"","alt":"","srcset":"https:\/\/360mallorcaproperty.com\/wp-content\/uploads\/2024\/10\/IMG-20240923-WA0080-150x150.jpg 150w, https:\/\/360mallorcaproperty.com\/wp-content\/uploads\/2024\/10\/IMG-20240923-WA0080-210x210.jpg 210w"},{"width":150,"height":150,"file":"2024\/10\/IMG-20240923-WA0081.jpg","filesize":380453,"sizes":{"medium":{"file":"IMG-20240923-WA0081-300x169.jpg","width":300,"height":169,"mime-type":"image\/jpeg","filesize":15025,"url":"https:\/\/360mallorcaproperty.com\/wp-content\/uploads\/2024\/10\/IMG-20240923-WA0081-300x169.jpg"},"large":{"file":"IMG-20240923-WA0081-1024x576.jpg","width":1024,"height":576,"mime-type":"image\/jpeg","filesize":132850,"url":"https:\/\/360mallorcaproperty.com\/wp-content\/uploads\/2024\/10\/IMG-20240923-WA0081-1024x576.jpg"},"thumbnail":{"file":"IMG-20240923-WA0081-150x150.jpg","width":150,"height":150,"mime-type":"image\/jpeg","filesize":7729,"url":"https:\/\/360mallorcaproperty.com\/wp-content\/uploads\/2024\/10\/IMG-20240923-WA0081-150x150.jpg"},"medium_large":{"file":"IMG-20240923-WA0081-768x432.jpg","width":768,"height":432,"mime-type":"image\/jpeg","filesize":79812,"url":"https:\/\/360mallorcaproperty.com\/wp-content\/uploads\/2024\/10\/IMG-20240923-WA0081-768x432.jpg"},"1536x1536":{"file":"IMG-20240923-WA0081-1536x864.jpg","width":1536,"height":864,"mime-type":"image\/jpeg","filesize":263257,"url":"https:\/\/360mallorcaproperty.com\/wp-content\/uploads\/2024\/10\/IMG-20240923-WA0081-1536x864.jpg"},"post-thumbnail":{"file":"IMG-20240923-WA0081-150x84.jpg","width":150,"height":84,"mime-type":"image\/jpeg","filesize":4713,"url":"https:\/\/360mallorcaproperty.com\/wp-content\/uploads\/2024\/10\/IMG-20240923-WA0081-150x84.jpg"},"modern-property-child-slider":{"file":"IMG-20240923-WA0081-680x510.jpg","width":680,"height":510,"mime-type":"image\/jpeg","filesize":83863,"url":"https:\/\/360mallorcaproperty.com\/wp-content\/uploads\/2024\/10\/IMG-20240923-WA0081-680x510.jpg"},"property-thumb-image":{"file":"IMG-20240923-WA0081-488x326.jpg","width":488,"height":326,"mime-type":"image\/jpeg","filesize":41238,"url":"https:\/\/360mallorcaproperty.com\/wp-content\/uploads\/2024\/10\/IMG-20240923-WA0081-488x326.jpg"},"property-detail-video-image":{"file":"IMG-20240923-WA0081-818x417.jpg","width":818,"height":417,"mime-type":"image\/jpeg","filesize":82630,"url":"https:\/\/360mallorcaproperty.com\/wp-content\/uploads\/2024\/10\/IMG-20240923-WA0081-818x417.jpg"},"agent-image":{"file":"IMG-20240923-WA0081-210x210.jpg","width":210,"height":210,"mime-type":"image\/jpeg","filesize":13876,"url":"https:\/\/360mallorcaproperty.com\/wp-content\/uploads\/2024\/10\/IMG-20240923-WA0081-210x210.jpg"},"partners-logo":{"file":"IMG-20240923-WA0081-600x900.jpg","width":600,"height":900,"mime-type":"image\/jpeg","filesize":139251,"url":"https:\/\/360mallorcaproperty.com\/wp-content\/uploads\/2024\/10\/IMG-20240923-WA0081-600x900.jpg"},"post-featured-image":{"file":"IMG-20240923-WA0081-1240x720.jpg","width":1240,"height":720,"mime-type":"image\/jpeg","filesize":188726,"url":"https:\/\/360mallorcaproperty.com\/wp-content\/uploads\/2024\/10\/IMG-20240923-WA0081-1240x720.jpg"}},"image_meta":{"aperture":"0","credit":"","camera":"","caption":"","created_timestamp":"0","copyright":"","focal_length":"0","iso":"0","shutter_speed":"0","title":"","orientation":"0","keywords":[]},"ID":"29337","name":"IMG-20240923-WA0081.jpg","path":"\/home\/mallorcaproperty\/public_html\/wp-content\/uploads\/2024\/10\/IMG-20240923-WA0081.jpg","url":"https:\/\/360mallorcaproperty.com\/wp-content\/uploads\/2024\/10\/IMG-20240923-WA0081-150x150.jpg","full_url":"https:\/\/360mallorcaproperty.com\/wp-content\/uploads\/2024\/10\/IMG-20240923-WA0081.jpg","title":"IMG-20240923-WA0081","caption":"","description":"","alt":"","srcset":"https:\/\/360mallorcaproperty.com\/wp-content\/uploads\/2024\/10\/IMG-20240923-WA0081-150x150.jpg 150w, https:\/\/360mallorcaproperty.com\/wp-content\/uploads\/2024\/10\/IMG-20240923-WA0081-210x210.jpg 210w"},{"width":150,"height":150,"file":"2024\/10\/DSC_5527.jpg","filesize":2697642,"sizes":{"medium":{"file":"DSC_5527-300x200.jpg","width":300,"height":200,"mime-type":"image\/jpeg","filesize":10334,"url":"https:\/\/360mallorcaproperty.com\/wp-content\/uploads\/2024\/10\/DSC_5527-300x200.jpg"},"large":{"file":"DSC_5527-1024x681.jpg","width":1024,"height":681,"mime-type":"image\/jpeg","filesize":90422,"url":"https:\/\/360mallorcaproperty.com\/wp-content\/uploads\/2024\/10\/DSC_5527-1024x681.jpg"},"thumbnail":{"file":"DSC_5527-150x150.jpg","width":150,"height":150,"mime-type":"image\/jpeg","filesize":4384,"url":"https:\/\/360mallorcaproperty.com\/wp-content\/uploads\/2024\/10\/DSC_5527-150x150.jpg"},"medium_large":{"file":"DSC_5527-768x511.jpg","width":768,"height":511,"mime-type":"image\/jpeg","filesize":52868,"url":"https:\/\/360mallorcaproperty.com\/wp-content\/uploads\/2024\/10\/DSC_5527-768x511.jpg"},"1536x1536":{"file":"DSC_5527-1536x1022.jpg","width":1536,"height":1022,"mime-type":"image\/jpeg","filesize":191365,"url":"https:\/\/360mallorcaproperty.com\/wp-content\/uploads\/2024\/10\/DSC_5527-1536x1022.jpg"},"2048x2048":{"file":"DSC_5527-2048x1363.jpg","width":2048,"height":1363,"mime-type":"image\/jpeg","filesize":325179,"url":"https:\/\/360mallorcaproperty.com\/wp-content\/uploads\/2024\/10\/DSC_5527-2048x1363.jpg"},"post-thumbnail":{"file":"DSC_5527-150x100.jpg","width":150,"height":100,"mime-type":"image\/jpeg","filesize":3742,"url":"https:\/\/360mallorcaproperty.com\/wp-content\/uploads\/2024\/10\/DSC_5527-150x100.jpg"},"modern-property-child-slider":{"file":"DSC_5527-680x510.jpg","width":680,"height":510,"mime-type":"image\/jpeg","filesize":48163,"url":"https:\/\/360mallorcaproperty.com\/wp-content\/uploads\/2024\/10\/DSC_5527-680x510.jpg"},"property-thumb-image":{"file":"DSC_5527-488x326.jpg","width":488,"height":326,"mime-type":"image\/jpeg","filesize":23785,"url":"https:\/\/360mallorcaproperty.com\/wp-content\/uploads\/2024\/10\/DSC_5527-488x326.jpg"},"property-detail-video-image":{"file":"DSC_5527-818x417.jpg","width":818,"height":417,"mime-type":"image\/jpeg","filesize":47071,"url":"https:\/\/360mallorcaproperty.com\/wp-content\/uploads\/2024\/10\/DSC_5527-818x417.jpg"},"agent-image":{"file":"DSC_5527-210x210.jpg","width":210,"height":210,"mime-type":"image\/jpeg","filesize":7690,"url":"https:\/\/360mallorcaproperty.com\/wp-content\/uploads\/2024\/10\/DSC_5527-210x210.jpg"},"partners-logo":{"file":"DSC_5527-600x1663.jpg","width":600,"height":1663,"mime-type":"image\/jpeg","filesize":104225,"url":"https:\/\/360mallorcaproperty.com\/wp-content\/uploads\/2024\/10\/DSC_5527-600x1663.jpg"},"post-featured-image":{"file":"DSC_5527-1240x720.jpg","width":1240,"height":720,"mime-type":"image\/jpeg","filesize":112761,"url":"https:\/\/360mallorcaproperty.com\/wp-content\/uploads\/2024\/10\/DSC_5527-1240x720.jpg"}},"image_meta":{"aperture":"11","credit":"","camera":"NIKON Z 6_2","caption":"","created_timestamp":"1726833817","copyright":"","focal_length":"15.5","iso":"250","shutter_speed":"0.066666666666667","title":"","orientation":"1","keywords":[]},"ID":"29319","name":"DSC_5527.jpg","path":"\/home\/mallorcaproperty\/public_html\/wp-content\/uploads\/2024\/10\/DSC_5527.jpg","url":"https:\/\/360mallorcaproperty.com\/wp-content\/uploads\/2024\/10\/DSC_5527-150x150.jpg","full_url":"https:\/\/360mallorcaproperty.com\/wp-content\/uploads\/2024\/10\/DSC_5527.jpg","title":"DSC_5527","caption":"","description":"","alt":"","srcset":"https:\/\/360mallorcaproperty.com\/wp-content\/uploads\/2024\/10\/DSC_5527-150x150.jpg 150w, https:\/\/360mallorcaproperty.com\/wp-content\/uploads\/2024\/10\/DSC_5527-210x210.jpg 210w"},{"width":150,"height":150,"file":"2024\/10\/DSC_5483.jpg","filesize":2127328,"sizes":{"medium":{"file":"DSC_5483-300x200.jpg","width":300,"height":200,"mime-type":"image\/jpeg","filesize":8056,"url":"https:\/\/360mallorcaproperty.com\/wp-content\/uploads\/2024\/10\/DSC_5483-300x200.jpg"},"large":{"file":"DSC_5483-1024x681.jpg","width":1024,"height":681,"mime-type":"image\/jpeg","filesize":60420,"url":"https:\/\/360mallorcaproperty.com\/wp-content\/uploads\/2024\/10\/DSC_5483-1024x681.jpg"},"thumbnail":{"file":"DSC_5483-150x150.jpg","width":150,"height":150,"mime-type":"image\/jpeg","filesize":3904,"url":"https:\/\/360mallorcaproperty.com\/wp-content\/uploads\/2024\/10\/DSC_5483-150x150.jpg"},"medium_large":{"file":"DSC_5483-768x511.jpg","width":768,"height":511,"mime-type":"image\/jpeg","filesize":36317,"url":"https:\/\/360mallorcaproperty.com\/wp-content\/uploads\/2024\/10\/DSC_5483-768x511.jpg"},"1536x1536":{"file":"DSC_5483-1536x1022.jpg","width":1536,"height":1022,"mime-type":"image\/jpeg","filesize":124618,"url":"https:\/\/360mallorcaproperty.com\/wp-content\/uploads\/2024\/10\/DSC_5483-1536x1022.jpg"},"2048x2048":{"file":"DSC_5483-2048x1363.jpg","width":2048,"height":1363,"mime-type":"image\/jpeg","filesize":211596,"url":"https:\/\/360mallorcaproperty.com\/wp-content\/uploads\/2024\/10\/DSC_5483-2048x1363.jpg"},"post-thumbnail":{"file":"DSC_5483-150x100.jpg","width":150,"height":100,"mime-type":"image\/jpeg","filesize":3206,"url":"https:\/\/360mallorcaproperty.com\/wp-content\/uploads\/2024\/10\/DSC_5483-150x100.jpg"},"modern-property-child-slider":{"file":"DSC_5483-680x510.jpg","width":680,"height":510,"mime-type":"image\/jpeg","filesize":32581,"url":"https:\/\/360mallorcaproperty.com\/wp-content\/uploads\/2024\/10\/DSC_5483-680x510.jpg"},"property-thumb-image":{"file":"DSC_5483-488x326.jpg","width":488,"height":326,"mime-type":"image\/jpeg","filesize":17420,"url":"https:\/\/360mallorcaproperty.com\/wp-content\/uploads\/2024\/10\/DSC_5483-488x326.jpg"},"property-detail-video-image":{"file":"DSC_5483-818x417.jpg","width":818,"height":417,"mime-type":"image\/jpeg","filesize":34390,"url":"https:\/\/360mallorcaproperty.com\/wp-content\/uploads\/2024\/10\/DSC_5483-818x417.jpg"},"agent-image":{"file":"DSC_5483-210x210.jpg","width":210,"height":210,"mime-type":"image\/jpeg","filesize":6415,"url":"https:\/\/360mallorcaproperty.com\/wp-content\/uploads\/2024\/10\/DSC_5483-210x210.jpg"},"partners-logo":{"file":"DSC_5483-600x1663.jpg","width":600,"height":1663,"mime-type":"image\/jpeg","filesize":88312,"url":"https:\/\/360mallorcaproperty.com\/wp-content\/uploads\/2024\/10\/DSC_5483-600x1663.jpg"},"post-featured-image":{"file":"DSC_5483-1240x720.jpg","width":1240,"height":720,"mime-type":"image\/jpeg","filesize":76315,"url":"https:\/\/360mallorcaproperty.com\/wp-content\/uploads\/2024\/10\/DSC_5483-1240x720.jpg"}},"image_meta":{"aperture":"11","credit":"","camera":"NIKON Z 6_2","caption":"","created_timestamp":"1726833603","copyright":"","focal_length":"15.5","iso":"250","shutter_speed":"0.1","title":"","orientation":"1","keywords":[]},"ID":"29310","name":"DSC_5483.jpg","path":"\/home\/mallorcaproperty\/public_html\/wp-content\/uploads\/2024\/10\/DSC_5483.jpg","url":"https:\/\/360mallorcaproperty.com\/wp-content\/uploads\/2024\/10\/DSC_5483-150x150.jpg","full_url":"https:\/\/360mallorcaproperty.com\/wp-content\/uploads\/2024\/10\/DSC_5483.jpg","title":"DSC_5483","caption":"","description":"","alt":"","srcset":"https:\/\/360mallorcaproperty.com\/wp-content\/uploads\/2024\/10\/DSC_5483-150x150.jpg 150w, https:\/\/360mallorcaproperty.com\/wp-content\/uploads\/2024\/10\/DSC_5483-210x210.jpg 210w"},{"width":150,"height":150,"file":"2024\/10\/DSC_5498.jpg","filesize":2341595,"sizes":{"medium":{"file":"DSC_5498-300x200.jpg","width":300,"height":200,"mime-type":"image\/jpeg","filesize":10451,"url":"https:\/\/360mallorcaproperty.com\/wp-content\/uploads\/2024\/10\/DSC_5498-300x200.jpg"},"large":{"file":"DSC_5498-1024x681.jpg","width":1024,"height":681,"mime-type":"image\/jpeg","filesize":80388,"url":"https:\/\/360mallorcaproperty.com\/wp-content\/uploads\/2024\/10\/DSC_5498-1024x681.jpg"},"thumbnail":{"file":"DSC_5498-150x150.jpg","width":150,"height":150,"mime-type":"image\/jpeg","filesize":4522,"url":"https:\/\/360mallorcaproperty.com\/wp-content\/uploads\/2024\/10\/DSC_5498-150x150.jpg"},"medium_large":{"file":"DSC_5498-768x511.jpg","width":768,"height":511,"mime-type":"image\/jpeg","filesize":48338,"url":"https:\/\/360mallorcaproperty.com\/wp-content\/uploads\/2024\/10\/DSC_5498-768x511.jpg"},"1536x1536":{"file":"DSC_5498-1536x1022.jpg","width":1536,"height":1022,"mime-type":"image\/jpeg","filesize":163141,"url":"https:\/\/360mallorcaproperty.com\/wp-content\/uploads\/2024\/10\/DSC_5498-1536x1022.jpg"},"2048x2048":{"file":"DSC_5498-2048x1363.jpg","width":2048,"height":1363,"mime-type":"image\/jpeg","filesize":274800,"url":"https:\/\/360mallorcaproperty.com\/wp-content\/uploads\/2024\/10\/DSC_5498-2048x1363.jpg"},"post-thumbnail":{"file":"DSC_5498-150x100.jpg","width":150,"height":100,"mime-type":"image\/jpeg","filesize":3906,"url":"https:\/\/360mallorcaproperty.com\/wp-content\/uploads\/2024\/10\/DSC_5498-150x100.jpg"},"modern-property-child-slider":{"file":"DSC_5498-680x510.jpg","width":680,"height":510,"mime-type":"image\/jpeg","filesize":41977,"url":"https:\/\/360mallorcaproperty.com\/wp-content\/uploads\/2024\/10\/DSC_5498-680x510.jpg"},"property-thumb-image":{"file":"DSC_5498-488x326.jpg","width":488,"height":326,"mime-type":"image\/jpeg","filesize":22732,"url":"https:\/\/360mallorcaproperty.com\/wp-content\/uploads\/2024\/10\/DSC_5498-488x326.jpg"},"property-detail-video-image":{"file":"DSC_5498-818x417.jpg","width":818,"height":417,"mime-type":"image\/jpeg","filesize":41951,"url":"https:\/\/360mallorcaproperty.com\/wp-content\/uploads\/2024\/10\/DSC_5498-818x417.jpg"},"agent-image":{"file":"DSC_5498-210x210.jpg","width":210,"height":210,"mime-type":"image\/jpeg","filesize":7429,"url":"https:\/\/360mallorcaproperty.com\/wp-content\/uploads\/2024\/10\/DSC_5498-210x210.jpg"},"partners-logo":{"file":"DSC_5498-600x1663.jpg","width":600,"height":1663,"mime-type":"image\/jpeg","filesize":100694,"url":"https:\/\/360mallorcaproperty.com\/wp-content\/uploads\/2024\/10\/DSC_5498-600x1663.jpg"},"post-featured-image":{"file":"DSC_5498-1240x720.jpg","width":1240,"height":720,"mime-type":"image\/jpeg","filesize":96506,"url":"https:\/\/360mallorcaproperty.com\/wp-content\/uploads\/2024\/10\/DSC_5498-1240x720.jpg"}},"image_meta":{"aperture":"11","credit":"","camera":"NIKON Z 6_2","caption":"","created_timestamp":"1726833679","copyright":"","focal_length":"17","iso":"250","shutter_speed":"0.2","title":"","orientation":"1","keywords":[]},"ID":"29313","name":"DSC_5498.jpg","path":"\/home\/mallorcaproperty\/public_html\/wp-content\/uploads\/2024\/10\/DSC_5498.jpg","url":"https:\/\/360mallorcaproperty.com\/wp-content\/uploads\/2024\/10\/DSC_5498-150x150.jpg","full_url":"https:\/\/360mallorcaproperty.com\/wp-content\/uploads\/2024\/10\/DSC_5498.jpg","title":"DSC_5498","caption":"","description":"","alt":"","srcset":"https:\/\/360mallorcaproperty.com\/wp-content\/uploads\/2024\/10\/DSC_5498-150x150.jpg 150w, https:\/\/360mallorcaproperty.com\/wp-content\/uploads\/2024\/10\/DSC_5498-210x210.jpg 210w"},{"width":150,"height":150,"file":"2024\/10\/IMG-20240923-WA0087.jpg","filesize":201885,"sizes":{"medium":{"file":"IMG-20240923-WA0087-300x169.jpg","width":300,"height":169,"mime-type":"image\/jpeg","filesize":8968,"url":"https:\/\/360mallorcaproperty.com\/wp-content\/uploads\/2024\/10\/IMG-20240923-WA0087-300x169.jpg"},"large":{"file":"IMG-20240923-WA0087-1024x576.jpg","width":1024,"height":576,"mime-type":"image\/jpeg","filesize":71963,"url":"https:\/\/360mallorcaproperty.com\/wp-content\/uploads\/2024\/10\/IMG-20240923-WA0087-1024x576.jpg"},"thumbnail":{"file":"IMG-20240923-WA0087-150x150.jpg","width":150,"height":150,"mime-type":"image\/jpeg","filesize":4307,"url":"https:\/\/360mallorcaproperty.com\/wp-content\/uploads\/2024\/10\/IMG-20240923-WA0087-150x150.jpg"},"medium_large":{"file":"IMG-20240923-WA0087-768x432.jpg","width":768,"height":432,"mime-type":"image\/jpeg","filesize":43070,"url":"https:\/\/360mallorcaproperty.com\/wp-content\/uploads\/2024\/10\/IMG-20240923-WA0087-768x432.jpg"},"1536x1536":{"file":"IMG-20240923-WA0087-1536x864.jpg","width":1536,"height":864,"mime-type":"image\/jpeg","filesize":145053,"url":"https:\/\/360mallorcaproperty.com\/wp-content\/uploads\/2024\/10\/IMG-20240923-WA0087-1536x864.jpg"},"post-thumbnail":{"file":"IMG-20240923-WA0087-150x84.jpg","width":150,"height":84,"mime-type":"image\/jpeg","filesize":3302,"url":"https:\/\/360mallorcaproperty.com\/wp-content\/uploads\/2024\/10\/IMG-20240923-WA0087-150x84.jpg"},"modern-property-child-slider":{"file":"IMG-20240923-WA0087-680x510.jpg","width":680,"height":510,"mime-type":"image\/jpeg","filesize":43767,"url":"https:\/\/360mallorcaproperty.com\/wp-content\/uploads\/2024\/10\/IMG-20240923-WA0087-680x510.jpg"},"property-thumb-image":{"file":"IMG-20240923-WA0087-488x326.jpg","width":488,"height":326,"mime-type":"image\/jpeg","filesize":22252,"url":"https:\/\/360mallorcaproperty.com\/wp-content\/uploads\/2024\/10\/IMG-20240923-WA0087-488x326.jpg"},"property-detail-video-image":{"file":"IMG-20240923-WA0087-818x417.jpg","width":818,"height":417,"mime-type":"image\/jpeg","filesize":44778,"url":"https:\/\/360mallorcaproperty.com\/wp-content\/uploads\/2024\/10\/IMG-20240923-WA0087-818x417.jpg"},"agent-image":{"file":"IMG-20240923-WA0087-210x210.jpg","width":210,"height":210,"mime-type":"image\/jpeg","filesize":7242,"url":"https:\/\/360mallorcaproperty.com\/wp-content\/uploads\/2024\/10\/IMG-20240923-WA0087-210x210.jpg"},"partners-logo":{"file":"IMG-20240923-WA0087-600x900.jpg","width":600,"height":900,"mime-type":"image\/jpeg","filesize":67221,"url":"https:\/\/360mallorcaproperty.com\/wp-content\/uploads\/2024\/10\/IMG-20240923-WA0087-600x900.jpg"},"post-featured-image":{"file":"IMG-20240923-WA0087-1240x720.jpg","width":1240,"height":720,"mime-type":"image\/jpeg","filesize":103482,"url":"https:\/\/360mallorcaproperty.com\/wp-content\/uploads\/2024\/10\/IMG-20240923-WA0087-1240x720.jpg"}},"image_meta":{"aperture":"0","credit":"","camera":"","caption":"","created_timestamp":"0","copyright":"","focal_length":"0","iso":"0","shutter_speed":"0","title":"","orientation":"0","keywords":[]},"ID":"29340","name":"IMG-20240923-WA0087.jpg","path":"\/home\/mallorcaproperty\/public_html\/wp-content\/uploads\/2024\/10\/IMG-20240923-WA0087.jpg","url":"https:\/\/360mallorcaproperty.com\/wp-content\/uploads\/2024\/10\/IMG-20240923-WA0087-150x150.jpg","full_url":"https:\/\/360mallorcaproperty.com\/wp-content\/uploads\/2024\/10\/IMG-20240923-WA0087.jpg","title":"IMG-20240923-WA0087","caption":"","description":"","alt":"","srcset":"https:\/\/360mallorcaproperty.com\/wp-content\/uploads\/2024\/10\/IMG-20240923-WA0087-150x150.jpg 150w, https:\/\/360mallorcaproperty.com\/wp-content\/uploads\/2024\/10\/IMG-20240923-WA0087-210x210.jpg 210w"},{"width":150,"height":150,"file":"2024\/10\/IMG-20240923-WA0088.jpg","filesize":236219,"sizes":{"medium":{"file":"IMG-20240923-WA0088-300x169.jpg","width":300,"height":169,"mime-type":"image\/jpeg","filesize":11665,"url":"https:\/\/360mallorcaproperty.com\/wp-content\/uploads\/2024\/10\/IMG-20240923-WA0088-300x169.jpg"},"large":{"file":"IMG-20240923-WA0088-1024x576.jpg","width":1024,"height":576,"mime-type":"image\/jpeg","filesize":85157,"url":"https:\/\/360mallorcaproperty.com\/wp-content\/uploads\/2024\/10\/IMG-20240923-WA0088-1024x576.jpg"},"thumbnail":{"file":"IMG-20240923-WA0088-150x150.jpg","width":150,"height":150,"mime-type":"image\/jpeg","filesize":6555,"url":"https:\/\/360mallorcaproperty.com\/wp-content\/uploads\/2024\/10\/IMG-20240923-WA0088-150x150.jpg"},"medium_large":{"file":"IMG-20240923-WA0088-768x432.jpg","width":768,"height":432,"mime-type":"image\/jpeg","filesize":52905,"url":"https:\/\/360mallorcaproperty.com\/wp-content\/uploads\/2024\/10\/IMG-20240923-WA0088-768x432.jpg"},"1536x1536":{"file":"IMG-20240923-WA0088-1536x864.jpg","width":1536,"height":864,"mime-type":"image\/jpeg","filesize":165871,"url":"https:\/\/360mallorcaproperty.com\/wp-content\/uploads\/2024\/10\/IMG-20240923-WA0088-1536x864.jpg"},"post-thumbnail":{"file":"IMG-20240923-WA0088-150x84.jpg","width":150,"height":84,"mime-type":"image\/jpeg","filesize":4281,"url":"https:\/\/360mallorcaproperty.com\/wp-content\/uploads\/2024\/10\/IMG-20240923-WA0088-150x84.jpg"},"modern-property-child-slider":{"file":"IMG-20240923-WA0088-680x510.jpg","width":680,"height":510,"mime-type":"image\/jpeg","filesize":56577,"url":"https:\/\/360mallorcaproperty.com\/wp-content\/uploads\/2024\/10\/IMG-20240923-WA0088-680x510.jpg"},"property-thumb-image":{"file":"IMG-20240923-WA0088-488x326.jpg","width":488,"height":326,"mime-type":"image\/jpeg","filesize":29629,"url":"https:\/\/360mallorcaproperty.com\/wp-content\/uploads\/2024\/10\/IMG-20240923-WA0088-488x326.jpg"},"property-detail-video-image":{"file":"IMG-20240923-WA0088-818x417.jpg","width":818,"height":417,"mime-type":"image\/jpeg","filesize":54777,"url":"https:\/\/360mallorcaproperty.com\/wp-content\/uploads\/2024\/10\/IMG-20240923-WA0088-818x417.jpg"},"agent-image":{"file":"IMG-20240923-WA0088-210x210.jpg","width":210,"height":210,"mime-type":"image\/jpeg","filesize":11126,"url":"https:\/\/360mallorcaproperty.com\/wp-content\/uploads\/2024\/10\/IMG-20240923-WA0088-210x210.jpg"},"partners-logo":{"file":"IMG-20240923-WA0088-600x900.jpg","width":600,"height":900,"mime-type":"image\/jpeg","filesize":93026,"url":"https:\/\/360mallorcaproperty.com\/wp-content\/uploads\/2024\/10\/IMG-20240923-WA0088-600x900.jpg"},"post-featured-image":{"file":"IMG-20240923-WA0088-1240x720.jpg","width":1240,"height":720,"mime-type":"image\/jpeg","filesize":120395,"url":"https:\/\/360mallorcaproperty.com\/wp-content\/uploads\/2024\/10\/IMG-20240923-WA0088-1240x720.jpg"}},"image_meta":{"aperture":"0","credit":"","camera":"","caption":"","created_timestamp":"0","copyright":"","focal_length":"0","iso":"0","shutter_speed":"0","title":"","orientation":"0","keywords":[]},"ID":"29343","name":"IMG-20240923-WA0088.jpg","path":"\/home\/mallorcaproperty\/public_html\/wp-content\/uploads\/2024\/10\/IMG-20240923-WA0088.jpg","url":"https:\/\/360mallorcaproperty.com\/wp-content\/uploads\/2024\/10\/IMG-20240923-WA0088-150x150.jpg","full_url":"https:\/\/360mallorcaproperty.com\/wp-content\/uploads\/2024\/10\/IMG-20240923-WA0088.jpg","title":"IMG-20240923-WA0088","caption":"","description":"","alt":"","srcset":"https:\/\/360mallorcaproperty.com\/wp-content\/uploads\/2024\/10\/IMG-20240923-WA0088-150x150.jpg 150w, https:\/\/360mallorcaproperty.com\/wp-content\/uploads\/2024\/10\/IMG-20240923-WA0088-210x210.jpg 210w"},{"width":150,"height":150,"file":"2024\/10\/IMG-20240923-WA0129.jpg","filesize":253694,"sizes":{"medium":{"file":"IMG-20240923-WA0129-300x169.jpg","width":300,"height":169,"mime-type":"image\/jpeg","filesize":11965,"url":"https:\/\/360mallorcaproperty.com\/wp-content\/uploads\/2024\/10\/IMG-20240923-WA0129-300x169.jpg"},"large":{"file":"IMG-20240923-WA0129-1024x576.jpg","width":1024,"height":576,"mime-type":"image\/jpeg","filesize":89012,"url":"https:\/\/360mallorcaproperty.com\/wp-content\/uploads\/2024\/10\/IMG-20240923-WA0129-1024x576.jpg"},"thumbnail":{"file":"IMG-20240923-WA0129-150x150.jpg","width":150,"height":150,"mime-type":"image\/jpeg","filesize":6103,"url":"https:\/\/360mallorcaproperty.com\/wp-content\/uploads\/2024\/10\/IMG-20240923-WA0129-150x150.jpg"},"medium_large":{"file":"IMG-20240923-WA0129-768x432.jpg","width":768,"height":432,"mime-type":"image\/jpeg","filesize":54675,"url":"https:\/\/360mallorcaproperty.com\/wp-content\/uploads\/2024\/10\/IMG-20240923-WA0129-768x432.jpg"},"1536x1536":{"file":"IMG-20240923-WA0129-1536x864.jpg","width":1536,"height":864,"mime-type":"image\/jpeg","filesize":175921,"url":"https:\/\/360mallorcaproperty.com\/wp-content\/uploads\/2024\/10\/IMG-20240923-WA0129-1536x864.jpg"},"post-thumbnail":{"file":"IMG-20240923-WA0129-150x84.jpg","width":150,"height":84,"mime-type":"image\/jpeg","filesize":4298,"url":"https:\/\/360mallorcaproperty.com\/wp-content\/uploads\/2024\/10\/IMG-20240923-WA0129-150x84.jpg"},"modern-property-child-slider":{"file":"IMG-20240923-WA0129-680x510.jpg","width":680,"height":510,"mime-type":"image\/jpeg","filesize":57404,"url":"https:\/\/360mallorcaproperty.com\/wp-content\/uploads\/2024\/10\/IMG-20240923-WA0129-680x510.jpg"},"property-thumb-image":{"file":"IMG-20240923-WA0129-488x326.jpg","width":488,"height":326,"mime-type":"image\/jpeg","filesize":29236,"url":"https:\/\/360mallorcaproperty.com\/wp-content\/uploads\/2024\/10\/IMG-20240923-WA0129-488x326.jpg"},"property-detail-video-image":{"file":"IMG-20240923-WA0129-818x417.jpg","width":818,"height":417,"mime-type":"image\/jpeg","filesize":57033,"url":"https:\/\/360mallorcaproperty.com\/wp-content\/uploads\/2024\/10\/IMG-20240923-WA0129-818x417.jpg"},"agent-image":{"file":"IMG-20240923-WA0129-210x210.jpg","width":210,"height":210,"mime-type":"image\/jpeg","filesize":10323,"url":"https:\/\/360mallorcaproperty.com\/wp-content\/uploads\/2024\/10\/IMG-20240923-WA0129-210x210.jpg"},"partners-logo":{"file":"IMG-20240923-WA0129-600x900.jpg","width":600,"height":900,"mime-type":"image\/jpeg","filesize":83341,"url":"https:\/\/360mallorcaproperty.com\/wp-content\/uploads\/2024\/10\/IMG-20240923-WA0129-600x900.jpg"},"post-featured-image":{"file":"IMG-20240923-WA0129-1240x720.jpg","width":1240,"height":720,"mime-type":"image\/jpeg","filesize":126609,"url":"https:\/\/360mallorcaproperty.com\/wp-content\/uploads\/2024\/10\/IMG-20240923-WA0129-1240x720.jpg"}},"image_meta":{"aperture":"0","credit":"","camera":"","caption":"","created_timestamp":"0","copyright":"","focal_length":"0","iso":"0","shutter_speed":"0","title":"","orientation":"0","keywords":[]},"ID":"29361","name":"IMG-20240923-WA0129.jpg","path":"\/home\/mallorcaproperty\/public_html\/wp-content\/uploads\/2024\/10\/IMG-20240923-WA0129.jpg","url":"https:\/\/360mallorcaproperty.com\/wp-content\/uploads\/2024\/10\/IMG-20240923-WA0129-150x150.jpg","full_url":"https:\/\/360mallorcaproperty.com\/wp-content\/uploads\/2024\/10\/IMG-20240923-WA0129.jpg","title":"IMG-20240923-WA0129","caption":"","description":"","alt":"","srcset":"https:\/\/360mallorcaproperty.com\/wp-content\/uploads\/2024\/10\/IMG-20240923-WA0129-150x150.jpg 150w, https:\/\/360mallorcaproperty.com\/wp-content\/uploads\/2024\/10\/IMG-20240923-WA0129-210x210.jpg 210w"},{"width":150,"height":150,"file":"2024\/10\/DSC_5522.jpg","filesize":2397257,"sizes":{"medium":{"file":"DSC_5522-300x200.jpg","width":300,"height":200,"mime-type":"image\/jpeg","filesize":8665,"url":"https:\/\/360mallorcaproperty.com\/wp-content\/uploads\/2024\/10\/DSC_5522-300x200.jpg"},"large":{"file":"DSC_5522-1024x681.jpg","width":1024,"height":681,"mime-type":"image\/jpeg","filesize":68560,"url":"https:\/\/360mallorcaproperty.com\/wp-content\/uploads\/2024\/10\/DSC_5522-1024x681.jpg"},"thumbnail":{"file":"DSC_5522-150x150.jpg","width":150,"height":150,"mime-type":"image\/jpeg","filesize":3910,"url":"https:\/\/360mallorcaproperty.com\/wp-content\/uploads\/2024\/10\/DSC_5522-150x150.jpg"},"medium_large":{"file":"DSC_5522-768x511.jpg","width":768,"height":511,"mime-type":"image\/jpeg","filesize":41081,"url":"https:\/\/360mallorcaproperty.com\/wp-content\/uploads\/2024\/10\/DSC_5522-768x511.jpg"},"1536x1536":{"file":"DSC_5522-1536x1022.jpg","width":1536,"height":1022,"mime-type":"image\/jpeg","filesize":144247,"url":"https:\/\/360mallorcaproperty.com\/wp-content\/uploads\/2024\/10\/DSC_5522-1536x1022.jpg"},"2048x2048":{"file":"DSC_5522-2048x1363.jpg","width":2048,"height":1363,"mime-type":"image\/jpeg","filesize":246817,"url":"https:\/\/360mallorcaproperty.com\/wp-content\/uploads\/2024\/10\/DSC_5522-2048x1363.jpg"},"post-thumbnail":{"file":"DSC_5522-150x100.jpg","width":150,"height":100,"mime-type":"image\/jpeg","filesize":3302,"url":"https:\/\/360mallorcaproperty.com\/wp-content\/uploads\/2024\/10\/DSC_5522-150x100.jpg"},"modern-property-child-slider":{"file":"DSC_5522-680x510.jpg","width":680,"height":510,"mime-type":"image\/jpeg","filesize":36932,"url":"https:\/\/360mallorcaproperty.com\/wp-content\/uploads\/2024\/10\/DSC_5522-680x510.jpg"},"property-thumb-image":{"file":"DSC_5522-488x326.jpg","width":488,"height":326,"mime-type":"image\/jpeg","filesize":19267,"url":"https:\/\/360mallorcaproperty.com\/wp-content\/uploads\/2024\/10\/DSC_5522-488x326.jpg"},"property-detail-video-image":{"file":"DSC_5522-818x417.jpg","width":818,"height":417,"mime-type":"image\/jpeg","filesize":36999,"url":"https:\/\/360mallorcaproperty.com\/wp-content\/uploads\/2024\/10\/DSC_5522-818x417.jpg"},"agent-image":{"file":"DSC_5522-210x210.jpg","width":210,"height":210,"mime-type":"image\/jpeg","filesize":6357,"url":"https:\/\/360mallorcaproperty.com\/wp-content\/uploads\/2024\/10\/DSC_5522-210x210.jpg"},"partners-logo":{"file":"DSC_5522-600x1663.jpg","width":600,"height":1663,"mime-type":"image\/jpeg","filesize":92720,"url":"https:\/\/360mallorcaproperty.com\/wp-content\/uploads\/2024\/10\/DSC_5522-600x1663.jpg"},"post-featured-image":{"file":"DSC_5522-1240x720.jpg","width":1240,"height":720,"mime-type":"image\/jpeg","filesize":85060,"url":"https:\/\/360mallorcaproperty.com\/wp-content\/uploads\/2024\/10\/DSC_5522-1240x720.jpg"}},"image_meta":{"aperture":"11","credit":"","camera":"NIKON Z 6_2","caption":"","created_timestamp":"1726833780","copyright":"","focal_length":"20","iso":"250","shutter_speed":"0.076923076923077","title":"","orientation":"1","keywords":[]},"ID":"29316","name":"DSC_5522.jpg","path":"\/home\/mallorcaproperty\/public_html\/wp-content\/uploads\/2024\/10\/DSC_5522.jpg","url":"https:\/\/360mallorcaproperty.com\/wp-content\/uploads\/2024\/10\/DSC_5522-150x150.jpg","full_url":"https:\/\/360mallorcaproperty.com\/wp-content\/uploads\/2024\/10\/DSC_5522.jpg","title":"DSC_5522","caption":"","description":"","alt":"","srcset":"https:\/\/360mallorcaproperty.com\/wp-content\/uploads\/2024\/10\/DSC_5522-150x150.jpg 150w, https:\/\/360mallorcaproperty.com\/wp-content\/uploads\/2024\/10\/DSC_5522-210x210.jpg 210w"},{"width":150,"height":150,"file":"2024\/10\/DSC_5558.jpg","filesize":2623073,"sizes":{"medium":{"file":"DSC_5558-300x200.jpg","width":300,"height":200,"mime-type":"image\/jpeg","filesize":8777,"url":"https:\/\/360mallorcaproperty.com\/wp-content\/uploads\/2024\/10\/DSC_5558-300x200.jpg"},"large":{"file":"DSC_5558-1024x681.jpg","width":1024,"height":681,"mime-type":"image\/jpeg","filesize":71194,"url":"https:\/\/360mallorcaproperty.com\/wp-content\/uploads\/2024\/10\/DSC_5558-1024x681.jpg"},"thumbnail":{"file":"DSC_5558-150x150.jpg","width":150,"height":150,"mime-type":"image\/jpeg","filesize":4135,"url":"https:\/\/360mallorcaproperty.com\/wp-content\/uploads\/2024\/10\/DSC_5558-150x150.jpg"},"medium_large":{"file":"DSC_5558-768x511.jpg","width":768,"height":511,"mime-type":"image\/jpeg","filesize":42383,"url":"https:\/\/360mallorcaproperty.com\/wp-content\/uploads\/2024\/10\/DSC_5558-768x511.jpg"},"1536x1536":{"file":"DSC_5558-1536x1022.jpg","width":1536,"height":1022,"mime-type":"image\/jpeg","filesize":152443,"url":"https:\/\/360mallorcaproperty.com\/wp-content\/uploads\/2024\/10\/DSC_5558-1536x1022.jpg"},"2048x2048":{"file":"DSC_5558-2048x1363.jpg","width":2048,"height":1363,"mime-type":"image\/jpeg","filesize":262755,"url":"https:\/\/360mallorcaproperty.com\/wp-content\/uploads\/2024\/10\/DSC_5558-2048x1363.jpg"},"post-thumbnail":{"file":"DSC_5558-150x100.jpg","width":150,"height":100,"mime-type":"image\/jpeg","filesize":3357,"url":"https:\/\/360mallorcaproperty.com\/wp-content\/uploads\/2024\/10\/DSC_5558-150x100.jpg"},"modern-property-child-slider":{"file":"DSC_5558-680x510.jpg","width":680,"height":510,"mime-type":"image\/jpeg","filesize":39978,"url":"https:\/\/360mallorcaproperty.com\/wp-content\/uploads\/2024\/10\/DSC_5558-680x510.jpg"},"property-thumb-image":{"file":"DSC_5558-488x326.jpg","width":488,"height":326,"mime-type":"image\/jpeg","filesize":19483,"url":"https:\/\/360mallorcaproperty.com\/wp-content\/uploads\/2024\/10\/DSC_5558-488x326.jpg"},"property-detail-video-image":{"file":"DSC_5558-818x417.jpg","width":818,"height":417,"mime-type":"image\/jpeg","filesize":40252,"url":"https:\/\/360mallorcaproperty.com\/wp-content\/uploads\/2024\/10\/DSC_5558-818x417.jpg"},"agent-image":{"file":"DSC_5558-210x210.jpg","width":210,"height":210,"mime-type":"image\/jpeg","filesize":6877,"url":"https:\/\/360mallorcaproperty.com\/wp-content\/uploads\/2024\/10\/DSC_5558-210x210.jpg"},"partners-logo":{"file":"DSC_5558-600x1663.jpg","width":600,"height":1663,"mime-type":"image\/jpeg","filesize":147081,"url":"https:\/\/360mallorcaproperty.com\/wp-content\/uploads\/2024\/10\/DSC_5558-600x1663.jpg"},"post-featured-image":{"file":"DSC_5558-1240x720.jpg","width":1240,"height":720,"mime-type":"image\/jpeg","filesize":92307,"url":"https:\/\/360mallorcaproperty.com\/wp-content\/uploads\/2024\/10\/DSC_5558-1240x720.jpg"}},"image_meta":{"aperture":"11","credit":"","camera":"NIKON Z 6_2","caption":"","created_timestamp":"1726833964","copyright":"","focal_length":"18.5","iso":"250","shutter_speed":"0.1","title":"","orientation":"1","keywords":[]},"ID":"29322","name":"DSC_5558.jpg","path":"\/home\/mallorcaproperty\/public_html\/wp-content\/uploads\/2024\/10\/DSC_5558.jpg","url":"https:\/\/360mallorcaproperty.com\/wp-content\/uploads\/2024\/10\/DSC_5558-150x150.jpg","full_url":"https:\/\/360mallorcaproperty.com\/wp-content\/uploads\/2024\/10\/DSC_5558.jpg","title":"DSC_5558","caption":"","description":"","alt":"","srcset":"https:\/\/360mallorcaproperty.com\/wp-content\/uploads\/2024\/10\/DSC_5558-150x150.jpg 150w, https:\/\/360mallorcaproperty.com\/wp-content\/uploads\/2024\/10\/DSC_5558-210x210.jpg 210w"},{"width":150,"height":150,"file":"2024\/10\/IMG-20240923-WA0126.jpg","filesize":190078,"sizes":{"medium":{"file":"IMG-20240923-WA0126-300x169.jpg","width":300,"height":169,"mime-type":"image\/jpeg","filesize":8805,"url":"https:\/\/360mallorcaproperty.com\/wp-content\/uploads\/2024\/10\/IMG-20240923-WA0126-300x169.jpg"},"large":{"file":"IMG-20240923-WA0126-1024x576.jpg","width":1024,"height":576,"mime-type":"image\/jpeg","filesize":66717,"url":"https:\/\/360mallorcaproperty.com\/wp-content\/uploads\/2024\/10\/IMG-20240923-WA0126-1024x576.jpg"},"thumbnail":{"file":"IMG-20240923-WA0126-150x150.jpg","width":150,"height":150,"mime-type":"image\/jpeg","filesize":4900,"url":"https:\/\/360mallorcaproperty.com\/wp-content\/uploads\/2024\/10\/IMG-20240923-WA0126-150x150.jpg"},"medium_large":{"file":"IMG-20240923-WA0126-768x432.jpg","width":768,"height":432,"mime-type":"image\/jpeg","filesize":40022,"url":"https:\/\/360mallorcaproperty.com\/wp-content\/uploads\/2024\/10\/IMG-20240923-WA0126-768x432.jpg"},"1536x1536":{"file":"IMG-20240923-WA0126-1536x864.jpg","width":1536,"height":864,"mime-type":"image\/jpeg","filesize":137493,"url":"https:\/\/360mallorcaproperty.com\/wp-content\/uploads\/2024\/10\/IMG-20240923-WA0126-1536x864.jpg"},"post-thumbnail":{"file":"IMG-20240923-WA0126-150x84.jpg","width":150,"height":84,"mime-type":"image\/jpeg","filesize":3197,"url":"https:\/\/360mallorcaproperty.com\/wp-content\/uploads\/2024\/10\/IMG-20240923-WA0126-150x84.jpg"},"modern-property-child-slider":{"file":"IMG-20240923-WA0126-680x510.jpg","width":680,"height":510,"mime-type":"image\/jpeg","filesize":43482,"url":"https:\/\/360mallorcaproperty.com\/wp-content\/uploads\/2024\/10\/IMG-20240923-WA0126-680x510.jpg"},"property-thumb-image":{"file":"IMG-20240923-WA0126-488x326.jpg","width":488,"height":326,"mime-type":"image\/jpeg","filesize":21918,"url":"https:\/\/360mallorcaproperty.com\/wp-content\/uploads\/2024\/10\/IMG-20240923-WA0126-488x326.jpg"},"property-detail-video-image":{"file":"IMG-20240923-WA0126-818x417.jpg","width":818,"height":417,"mime-type":"image\/jpeg","filesize":41924,"url":"https:\/\/360mallorcaproperty.com\/wp-content\/uploads\/2024\/10\/IMG-20240923-WA0126-818x417.jpg"},"agent-image":{"file":"IMG-20240923-WA0126-210x210.jpg","width":210,"height":210,"mime-type":"image\/jpeg","filesize":8197,"url":"https:\/\/360mallorcaproperty.com\/wp-content\/uploads\/2024\/10\/IMG-20240923-WA0126-210x210.jpg"},"partners-logo":{"file":"IMG-20240923-WA0126-600x900.jpg","width":600,"height":900,"mime-type":"image\/jpeg","filesize":62066,"url":"https:\/\/360mallorcaproperty.com\/wp-content\/uploads\/2024\/10\/IMG-20240923-WA0126-600x900.jpg"},"post-featured-image":{"file":"IMG-20240923-WA0126-1240x720.jpg","width":1240,"height":720,"mime-type":"image\/jpeg","filesize":96865,"url":"https:\/\/360mallorcaproperty.com\/wp-content\/uploads\/2024\/10\/IMG-20240923-WA0126-1240x720.jpg"}},"image_meta":{"aperture":"0","credit":"","camera":"","caption":"","created_timestamp":"0","copyright":"","focal_length":"0","iso":"0","shutter_speed":"0","title":"","orientation":"0","keywords":[]},"ID":"29355","name":"IMG-20240923-WA0126.jpg","path":"\/home\/mallorcaproperty\/public_html\/wp-content\/uploads\/2024\/10\/IMG-20240923-WA0126.jpg","url":"https:\/\/360mallorcaproperty.com\/wp-content\/uploads\/2024\/10\/IMG-20240923-WA0126-150x150.jpg","full_url":"https:\/\/360mallorcaproperty.com\/wp-content\/uploads\/2024\/10\/IMG-20240923-WA0126.jpg","title":"IMG-20240923-WA0126","caption":"","description":"","alt":"","srcset":"https:\/\/360mallorcaproperty.com\/wp-content\/uploads\/2024\/10\/IMG-20240923-WA0126-150x150.jpg 150w, https:\/\/360mallorcaproperty.com\/wp-content\/uploads\/2024\/10\/IMG-20240923-WA0126-210x210.jpg 210w"},{"width":150,"height":150,"file":"2024\/10\/DSC_5581.jpg","filesize":3418050,"sizes":{"medium":{"file":"DSC_5581-300x200.jpg","width":300,"height":200,"mime-type":"image\/jpeg","filesize":7448,"url":"https:\/\/360mallorcaproperty.com\/wp-content\/uploads\/2024\/10\/DSC_5581-300x200.jpg"},"large":{"file":"DSC_5581-1024x681.jpg","width":1024,"height":681,"mime-type":"image\/jpeg","filesize":80107,"url":"https:\/\/360mallorcaproperty.com\/wp-content\/uploads\/2024\/10\/DSC_5581-1024x681.jpg"},"thumbnail":{"file":"DSC_5581-150x150.jpg","width":150,"height":150,"mime-type":"image\/jpeg","filesize":3600,"url":"https:\/\/360mallorcaproperty.com\/wp-content\/uploads\/2024\/10\/DSC_5581-150x150.jpg"},"medium_large":{"file":"DSC_5581-768x511.jpg","width":768,"height":511,"mime-type":"image\/jpeg","filesize":43190,"url":"https:\/\/360mallorcaproperty.com\/wp-content\/uploads\/2024\/10\/DSC_5581-768x511.jpg"},"1536x1536":{"file":"DSC_5581-1536x1022.jpg","width":1536,"height":1022,"mime-type":"image\/jpeg","filesize":190941,"url":"https:\/\/360mallorcaproperty.com\/wp-content\/uploads\/2024\/10\/DSC_5581-1536x1022.jpg"},"2048x2048":{"file":"DSC_5581-2048x1362.jpg","width":2048,"height":1362,"mime-type":"image\/jpeg","filesize":356094,"url":"https:\/\/360mallorcaproperty.com\/wp-content\/uploads\/2024\/10\/DSC_5581-2048x1362.jpg"},"post-thumbnail":{"file":"DSC_5581-150x100.jpg","width":150,"height":100,"mime-type":"image\/jpeg","filesize":2725,"url":"https:\/\/360mallorcaproperty.com\/wp-content\/uploads\/2024\/10\/DSC_5581-150x100.jpg"},"modern-property-child-slider":{"file":"DSC_5581-680x510.jpg","width":680,"height":510,"mime-type":"image\/jpeg","filesize":39161,"url":"https:\/\/360mallorcaproperty.com\/wp-content\/uploads\/2024\/10\/DSC_5581-680x510.jpg"},"property-thumb-image":{"file":"DSC_5581-488x326.jpg","width":488,"height":326,"mime-type":"image\/jpeg","filesize":17791,"url":"https:\/\/360mallorcaproperty.com\/wp-content\/uploads\/2024\/10\/DSC_5581-488x326.jpg"},"property-detail-video-image":{"file":"DSC_5581-818x417.jpg","width":818,"height":417,"mime-type":"image\/jpeg","filesize":37900,"url":"https:\/\/360mallorcaproperty.com\/wp-content\/uploads\/2024\/10\/DSC_5581-818x417.jpg"},"agent-image":{"file":"DSC_5581-210x210.jpg","width":210,"height":210,"mime-type":"image\/jpeg","filesize":6119,"url":"https:\/\/360mallorcaproperty.com\/wp-content\/uploads\/2024\/10\/DSC_5581-210x210.jpg"},"partners-logo":{"file":"DSC_5581-600x1663.jpg","width":600,"height":1663,"mime-type":"image\/jpeg","filesize":149658,"url":"https:\/\/360mallorcaproperty.com\/wp-content\/uploads\/2024\/10\/DSC_5581-600x1663.jpg"},"post-featured-image":{"file":"DSC_5581-1240x720.jpg","width":1240,"height":720,"mime-type":"image\/jpeg","filesize":101537,"url":"https:\/\/360mallorcaproperty.com\/wp-content\/uploads\/2024\/10\/DSC_5581-1240x720.jpg"}},"image_meta":{"aperture":"8","credit":"","camera":"NIKON Z 6_2","caption":"","created_timestamp":"1726834079","copyright":"","focal_length":"16","iso":"500","shutter_speed":"1","title":"","orientation":"1","keywords":[]},"ID":"29325","name":"DSC_5581.jpg","path":"\/home\/mallorcaproperty\/public_html\/wp-content\/uploads\/2024\/10\/DSC_5581.jpg","url":"https:\/\/360mallorcaproperty.com\/wp-content\/uploads\/2024\/10\/DSC_5581-150x150.jpg","full_url":"https:\/\/360mallorcaproperty.com\/wp-content\/uploads\/2024\/10\/DSC_5581.jpg","title":"DSC_5581","caption":"","description":"","alt":"","srcset":"https:\/\/360mallorcaproperty.com\/wp-content\/uploads\/2024\/10\/DSC_5581-150x150.jpg 150w, https:\/\/360mallorcaproperty.com\/wp-content\/uploads\/2024\/10\/DSC_5581-210x210.jpg 210w"},{"width":150,"height":150,"file":"2024\/10\/DSC_5145.jpg","filesize":2177954,"sizes":{"medium":{"file":"DSC_5145-300x200.jpg","width":300,"height":200,"mime-type":"image\/jpeg","filesize":6804,"url":"https:\/\/360mallorcaproperty.com\/wp-content\/uploads\/2024\/10\/DSC_5145-300x200.jpg"},"large":{"file":"DSC_5145-1024x681.jpg","width":1024,"height":681,"mime-type":"image\/jpeg","filesize":51768,"url":"https:\/\/360mallorcaproperty.com\/wp-content\/uploads\/2024\/10\/DSC_5145-1024x681.jpg"},"thumbnail":{"file":"DSC_5145-150x150.jpg","width":150,"height":150,"mime-type":"image\/jpeg","filesize":3328,"url":"https:\/\/360mallorcaproperty.com\/wp-content\/uploads\/2024\/10\/DSC_5145-150x150.jpg"},"medium_large":{"file":"DSC_5145-768x511.jpg","width":768,"height":511,"mime-type":"image\/jpeg","filesize":30877,"url":"https:\/\/360mallorcaproperty.com\/wp-content\/uploads\/2024\/10\/DSC_5145-768x511.jpg"},"1536x1536":{"file":"DSC_5145-1536x1022.jpg","width":1536,"height":1022,"mime-type":"image\/jpeg","filesize":110349,"url":"https:\/\/360mallorcaproperty.com\/wp-content\/uploads\/2024\/10\/DSC_5145-1536x1022.jpg"},"2048x2048":{"file":"DSC_5145-2048x1362.jpg","width":2048,"height":1362,"mime-type":"image\/jpeg","filesize":194452,"url":"https:\/\/360mallorcaproperty.com\/wp-content\/uploads\/2024\/10\/DSC_5145-2048x1362.jpg"},"post-thumbnail":{"file":"DSC_5145-150x100.jpg","width":150,"height":100,"mime-type":"image\/jpeg","filesize":2747,"url":"https:\/\/360mallorcaproperty.com\/wp-content\/uploads\/2024\/10\/DSC_5145-150x100.jpg"},"modern-property-child-slider":{"file":"DSC_5145-680x510.jpg","width":680,"height":510,"mime-type":"image\/jpeg","filesize":29060,"url":"https:\/\/360mallorcaproperty.com\/wp-content\/uploads\/2024\/10\/DSC_5145-680x510.jpg"},"property-thumb-image":{"file":"DSC_5145-488x326.jpg","width":488,"height":326,"mime-type":"image\/jpeg","filesize":14778,"url":"https:\/\/360mallorcaproperty.com\/wp-content\/uploads\/2024\/10\/DSC_5145-488x326.jpg"},"property-detail-video-image":{"file":"DSC_5145-818x417.jpg","width":818,"height":417,"mime-type":"image\/jpeg","filesize":29329,"url":"https:\/\/360mallorcaproperty.com\/wp-content\/uploads\/2024\/10\/DSC_5145-818x417.jpg"},"agent-image":{"file":"DSC_5145-210x210.jpg","width":210,"height":210,"mime-type":"image\/jpeg","filesize":5350,"url":"https:\/\/360mallorcaproperty.com\/wp-content\/uploads\/2024\/10\/DSC_5145-210x210.jpg"},"partners-logo":{"file":"DSC_5145-600x1663.jpg","width":600,"height":1663,"mime-type":"image\/jpeg","filesize":62192,"url":"https:\/\/360mallorcaproperty.com\/wp-content\/uploads\/2024\/10\/DSC_5145-600x1663.jpg"},"post-featured-image":{"file":"DSC_5145-1240x720.jpg","width":1240,"height":720,"mime-type":"image\/jpeg","filesize":65576,"url":"https:\/\/360mallorcaproperty.com\/wp-content\/uploads\/2024\/10\/DSC_5145-1240x720.jpg"}},"image_meta":{"aperture":"11","credit":"","camera":"NIKON Z 6_2","caption":"","created_timestamp":"1726832062","copyright":"","focal_length":"16","iso":"250","shutter_speed":"0.066666666666667","title":"","orientation":"1","keywords":[]},"ID":"29376","name":"DSC_5145.jpg","path":"\/home\/mallorcaproperty\/public_html\/wp-content\/uploads\/2024\/10\/DSC_5145.jpg","url":"https:\/\/360mallorcaproperty.com\/wp-content\/uploads\/2024\/10\/DSC_5145-150x150.jpg","full_url":"https:\/\/360mallorcaproperty.com\/wp-content\/uploads\/2024\/10\/DSC_5145.jpg","title":"DSC_5145","caption":"","description":"","alt":"","srcset":"https:\/\/360mallorcaproperty.com\/wp-content\/uploads\/2024\/10\/DSC_5145-150x150.jpg 150w, https:\/\/360mallorcaproperty.com\/wp-content\/uploads\/2024\/10\/DSC_5145-210x210.jpg 210w"},{"width":150,"height":150,"file":"2024\/10\/DSC_5125.jpg","filesize":2236999,"sizes":{"medium":{"file":"DSC_5125-300x200.jpg","width":300,"height":200,"mime-type":"image\/jpeg","filesize":7923,"url":"https:\/\/360mallorcaproperty.com\/wp-content\/uploads\/2024\/10\/DSC_5125-300x200.jpg"},"large":{"file":"DSC_5125-1024x681.jpg","width":1024,"height":681,"mime-type":"image\/jpeg","filesize":58428,"url":"https:\/\/360mallorcaproperty.com\/wp-content\/uploads\/2024\/10\/DSC_5125-1024x681.jpg"},"thumbnail":{"file":"DSC_5125-150x150.jpg","width":150,"height":150,"mime-type":"image\/jpeg","filesize":3550,"url":"https:\/\/360mallorcaproperty.com\/wp-content\/uploads\/2024\/10\/DSC_5125-150x150.jpg"},"medium_large":{"file":"DSC_5125-768x511.jpg","width":768,"height":511,"mime-type":"image\/jpeg","filesize":35216,"url":"https:\/\/360mallorcaproperty.com\/wp-content\/uploads\/2024\/10\/DSC_5125-768x511.jpg"},"1536x1536":{"file":"DSC_5125-1536x1022.jpg","width":1536,"height":1022,"mime-type":"image\/jpeg","filesize":124133,"url":"https:\/\/360mallorcaproperty.com\/wp-content\/uploads\/2024\/10\/DSC_5125-1536x1022.jpg"},"2048x2048":{"file":"DSC_5125-2048x1363.jpg","width":2048,"height":1363,"mime-type":"image\/jpeg","filesize":217852,"url":"https:\/\/360mallorcaproperty.com\/wp-content\/uploads\/2024\/10\/DSC_5125-2048x1363.jpg"},"post-thumbnail":{"file":"DSC_5125-150x100.jpg","width":150,"height":100,"mime-type":"image\/jpeg","filesize":3131,"url":"https:\/\/360mallorcaproperty.com\/wp-content\/uploads\/2024\/10\/DSC_5125-150x100.jpg"},"modern-property-child-slider":{"file":"DSC_5125-680x510.jpg","width":680,"height":510,"mime-type":"image\/jpeg","filesize":30683,"url":"https:\/\/360mallorcaproperty.com\/wp-content\/uploads\/2024\/10\/DSC_5125-680x510.jpg"},"property-thumb-image":{"file":"DSC_5125-488x326.jpg","width":488,"height":326,"mime-type":"image\/jpeg","filesize":16662,"url":"https:\/\/360mallorcaproperty.com\/wp-content\/uploads\/2024\/10\/DSC_5125-488x326.jpg"},"property-detail-video-image":{"file":"DSC_5125-818x417.jpg","width":818,"height":417,"mime-type":"image\/jpeg","filesize":31146,"url":"https:\/\/360mallorcaproperty.com\/wp-content\/uploads\/2024\/10\/DSC_5125-818x417.jpg"},"agent-image":{"file":"DSC_5125-210x210.jpg","width":210,"height":210,"mime-type":"image\/jpeg","filesize":5696,"url":"https:\/\/360mallorcaproperty.com\/wp-content\/uploads\/2024\/10\/DSC_5125-210x210.jpg"},"partners-logo":{"file":"DSC_5125-600x1663.jpg","width":600,"height":1663,"mime-type":"image\/jpeg","filesize":105111,"url":"https:\/\/360mallorcaproperty.com\/wp-content\/uploads\/2024\/10\/DSC_5125-600x1663.jpg"},"post-featured-image":{"file":"DSC_5125-1240x720.jpg","width":1240,"height":720,"mime-type":"image\/jpeg","filesize":71266,"url":"https:\/\/360mallorcaproperty.com\/wp-content\/uploads\/2024\/10\/DSC_5125-1240x720.jpg"}},"image_meta":{"aperture":"11","credit":"","camera":"NIKON Z 6_2","caption":"","created_timestamp":"1726831994","copyright":"","focal_length":"15.5","iso":"250","shutter_speed":"0.066666666666667","title":"","orientation":"1","keywords":[]},"ID":"29373","name":"DSC_5125.jpg","path":"\/home\/mallorcaproperty\/public_html\/wp-content\/uploads\/2024\/10\/DSC_5125.jpg","url":"https:\/\/360mallorcaproperty.com\/wp-content\/uploads\/2024\/10\/DSC_5125-150x150.jpg","full_url":"https:\/\/360mallorcaproperty.com\/wp-content\/uploads\/2024\/10\/DSC_5125.jpg","title":"DSC_5125","caption":"","description":"","alt":"","srcset":"https:\/\/360mallorcaproperty.com\/wp-content\/uploads\/2024\/10\/DSC_5125-150x150.jpg 150w, https:\/\/360mallorcaproperty.com\/wp-content\/uploads\/2024\/10\/DSC_5125-210x210.jpg 210w"},{"width":150,"height":150,"file":"2024\/10\/DSC_5156.jpg","filesize":2663533,"sizes":{"medium":{"file":"DSC_5156-300x200.jpg","width":300,"height":200,"mime-type":"image\/jpeg","filesize":8904,"url":"https:\/\/360mallorcaproperty.com\/wp-content\/uploads\/2024\/10\/DSC_5156-300x200.jpg"},"large":{"file":"DSC_5156-1024x681.jpg","width":1024,"height":681,"mime-type":"image\/jpeg","filesize":75533,"url":"https:\/\/360mallorcaproperty.com\/wp-content\/uploads\/2024\/10\/DSC_5156-1024x681.jpg"},"thumbnail":{"file":"DSC_5156-150x150.jpg","width":150,"height":150,"mime-type":"image\/jpeg","filesize":4245,"url":"https:\/\/360mallorcaproperty.com\/wp-content\/uploads\/2024\/10\/DSC_5156-150x150.jpg"},"medium_large":{"file":"DSC_5156-768x511.jpg","width":768,"height":511,"mime-type":"image\/jpeg","filesize":43641,"url":"https:\/\/360mallorcaproperty.com\/wp-content\/uploads\/2024\/10\/DSC_5156-768x511.jpg"},"1536x1536":{"file":"DSC_5156-1536x1022.jpg","width":1536,"height":1022,"mime-type":"image\/jpeg","filesize":165594,"url":"https:\/\/360mallorcaproperty.com\/wp-content\/uploads\/2024\/10\/DSC_5156-1536x1022.jpg"},"2048x2048":{"file":"DSC_5156-2048x1363.jpg","width":2048,"height":1363,"mime-type":"image\/jpeg","filesize":294525,"url":"https:\/\/360mallorcaproperty.com\/wp-content\/uploads\/2024\/10\/DSC_5156-2048x1363.jpg"},"post-thumbnail":{"file":"DSC_5156-150x100.jpg","width":150,"height":100,"mime-type":"image\/jpeg","filesize":3395,"url":"https:\/\/360mallorcaproperty.com\/wp-content\/uploads\/2024\/10\/DSC_5156-150x100.jpg"},"modern-property-child-slider":{"file":"DSC_5156-680x510.jpg","width":680,"height":510,"mime-type":"image\/jpeg","filesize":39016,"url":"https:\/\/360mallorcaproperty.com\/wp-content\/uploads\/2024\/10\/DSC_5156-680x510.jpg"},"property-thumb-image":{"file":"DSC_5156-488x326.jpg","width":488,"height":326,"mime-type":"image\/jpeg","filesize":19785,"url":"https:\/\/360mallorcaproperty.com\/wp-content\/uploads\/2024\/10\/DSC_5156-488x326.jpg"},"property-detail-video-image":{"file":"DSC_5156-818x417.jpg","width":818,"height":417,"mime-type":"image\/jpeg","filesize":38238,"url":"https:\/\/360mallorcaproperty.com\/wp-content\/uploads\/2024\/10\/DSC_5156-818x417.jpg"},"agent-image":{"file":"DSC_5156-210x210.jpg","width":210,"height":210,"mime-type":"image\/jpeg","filesize":7081,"url":"https:\/\/360mallorcaproperty.com\/wp-content\/uploads\/2024\/10\/DSC_5156-210x210.jpg"},"partners-logo":{"file":"DSC_5156-600x1663.jpg","width":600,"height":1663,"mime-type":"image\/jpeg","filesize":131838,"url":"https:\/\/360mallorcaproperty.com\/wp-content\/uploads\/2024\/10\/DSC_5156-600x1663.jpg"},"post-featured-image":{"file":"DSC_5156-1240x720.jpg","width":1240,"height":720,"mime-type":"image\/jpeg","filesize":93599,"url":"https:\/\/360mallorcaproperty.com\/wp-content\/uploads\/2024\/10\/DSC_5156-1240x720.jpg"}},"image_meta":{"aperture":"11","credit":"","camera":"NIKON Z 6_2","caption":"","created_timestamp":"1726832110","copyright":"","focal_length":"17.5","iso":"250","shutter_speed":"0.16666666666667","title":"","orientation":"1","keywords":[]},"ID":"29379","name":"DSC_5156.jpg","path":"\/home\/mallorcaproperty\/public_html\/wp-content\/uploads\/2024\/10\/DSC_5156.jpg","url":"https:\/\/360mallorcaproperty.com\/wp-content\/uploads\/2024\/10\/DSC_5156-150x150.jpg","full_url":"https:\/\/360mallorcaproperty.com\/wp-content\/uploads\/2024\/10\/DSC_5156.jpg","title":"DSC_5156","caption":"","description":"","alt":"","srcset":"https:\/\/360mallorcaproperty.com\/wp-content\/uploads\/2024\/10\/DSC_5156-150x150.jpg 150w, https:\/\/360mallorcaproperty.com\/wp-content\/uploads\/2024\/10\/DSC_5156-210x210.jpg 210w"},{"width":150,"height":150,"file":"2024\/10\/DSC_5413.jpg","filesize":3015971,"sizes":{"medium":{"file":"DSC_5413-300x200.jpg","width":300,"height":200,"mime-type":"image\/jpeg","filesize":8618,"url":"https:\/\/360mallorcaproperty.com\/wp-content\/uploads\/2024\/10\/DSC_5413-300x200.jpg"},"large":{"file":"DSC_5413-1024x681.jpg","width":1024,"height":681,"mime-type":"image\/jpeg","filesize":80100,"url":"https:\/\/360mallorcaproperty.com\/wp-content\/uploads\/2024\/10\/DSC_5413-1024x681.jpg"},"thumbnail":{"file":"DSC_5413-150x150.jpg","width":150,"height":150,"mime-type":"image\/jpeg","filesize":4008,"url":"https:\/\/360mallorcaproperty.com\/wp-content\/uploads\/2024\/10\/DSC_5413-150x150.jpg"},"medium_large":{"file":"DSC_5413-768x511.jpg","width":768,"height":511,"mime-type":"image\/jpeg","filesize":45415,"url":"https:\/\/360mallorcaproperty.com\/wp-content\/uploads\/2024\/10\/DSC_5413-768x511.jpg"},"1536x1536":{"file":"DSC_5413-1536x1022.jpg","width":1536,"height":1022,"mime-type":"image\/jpeg","filesize":180726,"url":"https:\/\/360mallorcaproperty.com\/wp-content\/uploads\/2024\/10\/DSC_5413-1536x1022.jpg"},"2048x2048":{"file":"DSC_5413-2048x1362.jpg","width":2048,"height":1362,"mime-type":"image\/jpeg","filesize":327540,"url":"https:\/\/360mallorcaproperty.com\/wp-content\/uploads\/2024\/10\/DSC_5413-2048x1362.jpg"},"post-thumbnail":{"file":"DSC_5413-150x100.jpg","width":150,"height":100,"mime-type":"image\/jpeg","filesize":3181,"url":"https:\/\/360mallorcaproperty.com\/wp-content\/uploads\/2024\/10\/DSC_5413-150x100.jpg"},"modern-property-child-slider":{"file":"DSC_5413-680x510.jpg","width":680,"height":510,"mime-type":"image\/jpeg","filesize":40372,"url":"https:\/\/360mallorcaproperty.com\/wp-content\/uploads\/2024\/10\/DSC_5413-680x510.jpg"},"property-thumb-image":{"file":"DSC_5413-488x326.jpg","width":488,"height":326,"mime-type":"image\/jpeg","filesize":19945,"url":"https:\/\/360mallorcaproperty.com\/wp-content\/uploads\/2024\/10\/DSC_5413-488x326.jpg"},"property-detail-video-image":{"file":"DSC_5413-818x417.jpg","width":818,"height":417,"mime-type":"image\/jpeg","filesize":39597,"url":"https:\/\/360mallorcaproperty.com\/wp-content\/uploads\/2024\/10\/DSC_5413-818x417.jpg"},"agent-image":{"file":"DSC_5413-210x210.jpg","width":210,"height":210,"mime-type":"image\/jpeg","filesize":6844,"url":"https:\/\/360mallorcaproperty.com\/wp-content\/uploads\/2024\/10\/DSC_5413-210x210.jpg"},"partners-logo":{"file":"DSC_5413-600x1663.jpg","width":600,"height":1663,"mime-type":"image\/jpeg","filesize":128120,"url":"https:\/\/360mallorcaproperty.com\/wp-content\/uploads\/2024\/10\/DSC_5413-600x1663.jpg"},"post-featured-image":{"file":"DSC_5413-1240x720.jpg","width":1240,"height":720,"mime-type":"image\/jpeg","filesize":101613,"url":"https:\/\/360mallorcaproperty.com\/wp-content\/uploads\/2024\/10\/DSC_5413-1240x720.jpg"}},"image_meta":{"aperture":"11","credit":"","camera":"NIKON Z 6_2","caption":"","created_timestamp":"1726833312","copyright":"","focal_length":"18.5","iso":"250","shutter_speed":"0.25","title":"","orientation":"1","keywords":[]},"ID":"29397","name":"DSC_5413.jpg","path":"\/home\/mallorcaproperty\/public_html\/wp-content\/uploads\/2024\/10\/DSC_5413.jpg","url":"https:\/\/360mallorcaproperty.com\/wp-content\/uploads\/2024\/10\/DSC_5413-150x150.jpg","full_url":"https:\/\/360mallorcaproperty.com\/wp-content\/uploads\/2024\/10\/DSC_5413.jpg","title":"DSC_5413","caption":"","description":"","alt":"","srcset":"https:\/\/360mallorcaproperty.com\/wp-content\/uploads\/2024\/10\/DSC_5413-150x150.jpg 150w, https:\/\/360mallorcaproperty.com\/wp-content\/uploads\/2024\/10\/DSC_5413-210x210.jpg 210w"},{"width":150,"height":150,"file":"2024\/10\/DSC_5309.jpg","filesize":3460665,"sizes":{"medium":{"file":"DSC_5309-300x200.jpg","width":300,"height":200,"mime-type":"image\/jpeg","filesize":9077,"url":"https:\/\/360mallorcaproperty.com\/wp-content\/uploads\/2024\/10\/DSC_5309-300x200.jpg"},"large":{"file":"DSC_5309-1024x681.jpg","width":1024,"height":681,"mime-type":"image\/jpeg","filesize":91749,"url":"https:\/\/360mallorcaproperty.com\/wp-content\/uploads\/2024\/10\/DSC_5309-1024x681.jpg"},"thumbnail":{"file":"DSC_5309-150x150.jpg","width":150,"height":150,"mime-type":"image\/jpeg","filesize":4010,"url":"https:\/\/360mallorcaproperty.com\/wp-content\/uploads\/2024\/10\/DSC_5309-150x150.jpg"},"medium_large":{"file":"DSC_5309-768x511.jpg","width":768,"height":511,"mime-type":"image\/jpeg","filesize":50413,"url":"https:\/\/360mallorcaproperty.com\/wp-content\/uploads\/2024\/10\/DSC_5309-768x511.jpg"},"1536x1536":{"file":"DSC_5309-1536x1022.jpg","width":1536,"height":1022,"mime-type":"image\/jpeg","filesize":217667,"url":"https:\/\/360mallorcaproperty.com\/wp-content\/uploads\/2024\/10\/DSC_5309-1536x1022.jpg"},"2048x2048":{"file":"DSC_5309-2048x1363.jpg","width":2048,"height":1363,"mime-type":"image\/jpeg","filesize":397241,"url":"https:\/\/360mallorcaproperty.com\/wp-content\/uploads\/2024\/10\/DSC_5309-2048x1363.jpg"},"post-thumbnail":{"file":"DSC_5309-150x100.jpg","width":150,"height":100,"mime-type":"image\/jpeg","filesize":3282,"url":"https:\/\/360mallorcaproperty.com\/wp-content\/uploads\/2024\/10\/DSC_5309-150x100.jpg"},"modern-property-child-slider":{"file":"DSC_5309-680x510.jpg","width":680,"height":510,"mime-type":"image\/jpeg","filesize":44214,"url":"https:\/\/360mallorcaproperty.com\/wp-content\/uploads\/2024\/10\/DSC_5309-680x510.jpg"},"property-thumb-image":{"file":"DSC_5309-488x326.jpg","width":488,"height":326,"mime-type":"image\/jpeg","filesize":21369,"url":"https:\/\/360mallorcaproperty.com\/wp-content\/uploads\/2024\/10\/DSC_5309-488x326.jpg"},"property-detail-video-image":{"file":"DSC_5309-818x417.jpg","width":818,"height":417,"mime-type":"image\/jpeg","filesize":45397,"url":"https:\/\/360mallorcaproperty.com\/wp-content\/uploads\/2024\/10\/DSC_5309-818x417.jpg"},"agent-image":{"file":"DSC_5309-210x210.jpg","width":210,"height":210,"mime-type":"image\/jpeg","filesize":6933,"url":"https:\/\/360mallorcaproperty.com\/wp-content\/uploads\/2024\/10\/DSC_5309-210x210.jpg"},"partners-logo":{"file":"DSC_5309-600x1663.jpg","width":600,"height":1663,"mime-type":"image\/jpeg","filesize":130895,"url":"https:\/\/360mallorcaproperty.com\/wp-content\/uploads\/2024\/10\/DSC_5309-600x1663.jpg"},"post-featured-image":{"file":"DSC_5309-1240x720.jpg","width":1240,"height":720,"mime-type":"image\/jpeg","filesize":121724,"url":"https:\/\/360mallorcaproperty.com\/wp-content\/uploads\/2024\/10\/DSC_5309-1240x720.jpg"}},"image_meta":{"aperture":"11","credit":"","camera":"NIKON Z 6_2","caption":"","created_timestamp":"1726832805","copyright":"","focal_length":"15.5","iso":"250","shutter_speed":"0.16666666666667","title":"","orientation":"1","keywords":[]},"ID":"29394","name":"DSC_5309.jpg","path":"\/home\/mallorcaproperty\/public_html\/wp-content\/uploads\/2024\/10\/DSC_5309.jpg","url":"https:\/\/360mallorcaproperty.com\/wp-content\/uploads\/2024\/10\/DSC_5309-150x150.jpg","full_url":"https:\/\/360mallorcaproperty.com\/wp-content\/uploads\/2024\/10\/DSC_5309.jpg","title":"DSC_5309","caption":"","description":"","alt":"","srcset":"https:\/\/360mallorcaproperty.com\/wp-content\/uploads\/2024\/10\/DSC_5309-150x150.jpg 150w, https:\/\/360mallorcaproperty.com\/wp-content\/uploads\/2024\/10\/DSC_5309-210x210.jpg 210w"},{"width":150,"height":150,"file":"2024\/10\/DSC_5457.jpg","filesize":2873411,"sizes":{"medium":{"file":"DSC_5457-300x200.jpg","width":300,"height":200,"mime-type":"image\/jpeg","filesize":9651,"url":"https:\/\/360mallorcaproperty.com\/wp-content\/uploads\/2024\/10\/DSC_5457-300x200.jpg"},"large":{"file":"DSC_5457-1024x681.jpg","width":1024,"height":681,"mime-type":"image\/jpeg","filesize":80234,"url":"https:\/\/360mallorcaproperty.com\/wp-content\/uploads\/2024\/10\/DSC_5457-1024x681.jpg"},"thumbnail":{"file":"DSC_5457-150x150.jpg","width":150,"height":150,"mime-type":"image\/jpeg","filesize":4143,"url":"https:\/\/360mallorcaproperty.com\/wp-content\/uploads\/2024\/10\/DSC_5457-150x150.jpg"},"medium_large":{"file":"DSC_5457-768x511.jpg","width":768,"height":511,"mime-type":"image\/jpeg","filesize":47527,"url":"https:\/\/360mallorcaproperty.com\/wp-content\/uploads\/2024\/10\/DSC_5457-768x511.jpg"},"1536x1536":{"file":"DSC_5457-1536x1022.jpg","width":1536,"height":1022,"mime-type":"image\/jpeg","filesize":170773,"url":"https:\/\/360mallorcaproperty.com\/wp-content\/uploads\/2024\/10\/DSC_5457-1536x1022.jpg"},"2048x2048":{"file":"DSC_5457-2048x1363.jpg","width":2048,"height":1363,"mime-type":"image\/jpeg","filesize":292937,"url":"https:\/\/360mallorcaproperty.com\/wp-content\/uploads\/2024\/10\/DSC_5457-2048x1363.jpg"},"post-thumbnail":{"file":"DSC_5457-150x100.jpg","width":150,"height":100,"mime-type":"image\/jpeg","filesize":3561,"url":"https:\/\/360mallorcaproperty.com\/wp-content\/uploads\/2024\/10\/DSC_5457-150x100.jpg"},"modern-property-child-slider":{"file":"DSC_5457-680x510.jpg","width":680,"height":510,"mime-type":"image\/jpeg","filesize":41189,"url":"https:\/\/360mallorcaproperty.com\/wp-content\/uploads\/2024\/10\/DSC_5457-680x510.jpg"},"property-thumb-image":{"file":"DSC_5457-488x326.jpg","width":488,"height":326,"mime-type":"image\/jpeg","filesize":21861,"url":"https:\/\/360mallorcaproperty.com\/wp-content\/uploads\/2024\/10\/DSC_5457-488x326.jpg"},"property-detail-video-image":{"file":"DSC_5457-818x417.jpg","width":818,"height":417,"mime-type":"image\/jpeg","filesize":40917,"url":"https:\/\/360mallorcaproperty.com\/wp-content\/uploads\/2024\/10\/DSC_5457-818x417.jpg"},"agent-image":{"file":"DSC_5457-210x210.jpg","width":210,"height":210,"mime-type":"image\/jpeg","filesize":6924,"url":"https:\/\/360mallorcaproperty.com\/wp-content\/uploads\/2024\/10\/DSC_5457-210x210.jpg"},"partners-logo":{"file":"DSC_5457-600x1663.jpg","width":600,"height":1663,"mime-type":"image\/jpeg","filesize":127076,"url":"https:\/\/360mallorcaproperty.com\/wp-content\/uploads\/2024\/10\/DSC_5457-600x1663.jpg"},"post-featured-image":{"file":"DSC_5457-1240x720.jpg","width":1240,"height":720,"mime-type":"image\/jpeg","filesize":98312,"url":"https:\/\/360mallorcaproperty.com\/wp-content\/uploads\/2024\/10\/DSC_5457-1240x720.jpg"}},"image_meta":{"aperture":"11","credit":"","camera":"NIKON Z 6_2","caption":"","created_timestamp":"1726833480","copyright":"","focal_length":"19","iso":"250","shutter_speed":"0.076923076923077","title":"","orientation":"1","keywords":[]},"ID":"29403","name":"DSC_5457.jpg","path":"\/home\/mallorcaproperty\/public_html\/wp-content\/uploads\/2024\/10\/DSC_5457.jpg","url":"https:\/\/360mallorcaproperty.com\/wp-content\/uploads\/2024\/10\/DSC_5457-150x150.jpg","full_url":"https:\/\/360mallorcaproperty.com\/wp-content\/uploads\/2024\/10\/DSC_5457.jpg","title":"DSC_5457","caption":"","description":"","alt":"","srcset":"https:\/\/360mallorcaproperty.com\/wp-content\/uploads\/2024\/10\/DSC_5457-150x150.jpg 150w, https:\/\/360mallorcaproperty.com\/wp-content\/uploads\/2024\/10\/DSC_5457-210x210.jpg 210w"},{"width":150,"height":150,"file":"2024\/10\/DSC_5437.jpg","filesize":2395086,"sizes":{"medium":{"file":"DSC_5437-300x200.jpg","width":300,"height":200,"mime-type":"image\/jpeg","filesize":9267,"url":"https:\/\/360mallorcaproperty.com\/wp-content\/uploads\/2024\/10\/DSC_5437-300x200.jpg"},"large":{"file":"DSC_5437-1024x681.jpg","width":1024,"height":681,"mime-type":"image\/jpeg","filesize":71381,"url":"https:\/\/360mallorcaproperty.com\/wp-content\/uploads\/2024\/10\/DSC_5437-1024x681.jpg"},"thumbnail":{"file":"DSC_5437-150x150.jpg","width":150,"height":150,"mime-type":"image\/jpeg","filesize":3846,"url":"https:\/\/360mallorcaproperty.com\/wp-content\/uploads\/2024\/10\/DSC_5437-150x150.jpg"},"medium_large":{"file":"DSC_5437-768x511.jpg","width":768,"height":511,"mime-type":"image\/jpeg","filesize":42912,"url":"https:\/\/360mallorcaproperty.com\/wp-content\/uploads\/2024\/10\/DSC_5437-768x511.jpg"},"1536x1536":{"file":"DSC_5437-1536x1022.jpg","width":1536,"height":1022,"mime-type":"image\/jpeg","filesize":146407,"url":"https:\/\/360mallorcaproperty.com\/wp-content\/uploads\/2024\/10\/DSC_5437-1536x1022.jpg"},"2048x2048":{"file":"DSC_5437-2048x1363.jpg","width":2048,"height":1363,"mime-type":"image\/jpeg","filesize":247836,"url":"https:\/\/360mallorcaproperty.com\/wp-content\/uploads\/2024\/10\/DSC_5437-2048x1363.jpg"},"post-thumbnail":{"file":"DSC_5437-150x100.jpg","width":150,"height":100,"mime-type":"image\/jpeg","filesize":3324,"url":"https:\/\/360mallorcaproperty.com\/wp-content\/uploads\/2024\/10\/DSC_5437-150x100.jpg"},"modern-property-child-slider":{"file":"DSC_5437-680x510.jpg","width":680,"height":510,"mime-type":"image\/jpeg","filesize":37342,"url":"https:\/\/360mallorcaproperty.com\/wp-content\/uploads\/2024\/10\/DSC_5437-680x510.jpg"},"property-thumb-image":{"file":"DSC_5437-488x326.jpg","width":488,"height":326,"mime-type":"image\/jpeg","filesize":20353,"url":"https:\/\/360mallorcaproperty.com\/wp-content\/uploads\/2024\/10\/DSC_5437-488x326.jpg"},"property-detail-video-image":{"file":"DSC_5437-818x417.jpg","width":818,"height":417,"mime-type":"image\/jpeg","filesize":39634,"url":"https:\/\/360mallorcaproperty.com\/wp-content\/uploads\/2024\/10\/DSC_5437-818x417.jpg"},"agent-image":{"file":"DSC_5437-210x210.jpg","width":210,"height":210,"mime-type":"image\/jpeg","filesize":6437,"url":"https:\/\/360mallorcaproperty.com\/wp-content\/uploads\/2024\/10\/DSC_5437-210x210.jpg"},"partners-logo":{"file":"DSC_5437-600x1663.jpg","width":600,"height":1663,"mime-type":"image\/jpeg","filesize":87727,"url":"https:\/\/360mallorcaproperty.com\/wp-content\/uploads\/2024\/10\/DSC_5437-600x1663.jpg"},"post-featured-image":{"file":"DSC_5437-1240x720.jpg","width":1240,"height":720,"mime-type":"image\/jpeg","filesize":89335,"url":"https:\/\/360mallorcaproperty.com\/wp-content\/uploads\/2024\/10\/DSC_5437-1240x720.jpg"}},"image_meta":{"aperture":"11","credit":"","camera":"NIKON Z 6_2","caption":"","created_timestamp":"1726833433","copyright":"","focal_length":"19.5","iso":"250","shutter_speed":"0.076923076923077","title":"","orientation":"1","keywords":[]},"ID":"29400","name":"DSC_5437.jpg","path":"\/home\/mallorcaproperty\/public_html\/wp-content\/uploads\/2024\/10\/DSC_5437.jpg","url":"https:\/\/360mallorcaproperty.com\/wp-content\/uploads\/2024\/10\/DSC_5437-150x150.jpg","full_url":"https:\/\/360mallorcaproperty.com\/wp-content\/uploads\/2024\/10\/DSC_5437.jpg","title":"DSC_5437","caption":"","description":"","alt":"","srcset":"https:\/\/360mallorcaproperty.com\/wp-content\/uploads\/2024\/10\/DSC_5437-150x150.jpg 150w, https:\/\/360mallorcaproperty.com\/wp-content\/uploads\/2024\/10\/DSC_5437-210x210.jpg 210w"},{"width":150,"height":150,"file":"2024\/10\/DSC_5588.jpg","filesize":3063925,"sizes":{"medium":{"file":"DSC_5588-300x200.jpg","width":300,"height":200,"mime-type":"image\/jpeg","filesize":8653,"url":"https:\/\/360mallorcaproperty.com\/wp-content\/uploads\/2024\/10\/DSC_5588-300x200.jpg"},"large":{"file":"DSC_5588-1024x681.jpg","width":1024,"height":681,"mime-type":"image\/jpeg","filesize":90161,"url":"https:\/\/360mallorcaproperty.com\/wp-content\/uploads\/2024\/10\/DSC_5588-1024x681.jpg"},"thumbnail":{"file":"DSC_5588-150x150.jpg","width":150,"height":150,"mime-type":"image\/jpeg","filesize":3542,"url":"https:\/\/360mallorcaproperty.com\/wp-content\/uploads\/2024\/10\/DSC_5588-150x150.jpg"},"medium_large":{"file":"DSC_5588-768x511.jpg","width":768,"height":511,"mime-type":"image\/jpeg","filesize":49944,"url":"https:\/\/360mallorcaproperty.com\/wp-content\/uploads\/2024\/10\/DSC_5588-768x511.jpg"},"1536x1536":{"file":"DSC_5588-1536x1022.jpg","width":1536,"height":1022,"mime-type":"image\/jpeg","filesize":205058,"url":"https:\/\/360mallorcaproperty.com\/wp-content\/uploads\/2024\/10\/DSC_5588-1536x1022.jpg"},"2048x2048":{"file":"DSC_5588-2048x1363.jpg","width":2048,"height":1363,"mime-type":"image\/jpeg","filesize":366616,"url":"https:\/\/360mallorcaproperty.com\/wp-content\/uploads\/2024\/10\/DSC_5588-2048x1363.jpg"},"post-thumbnail":{"file":"DSC_5588-150x100.jpg","width":150,"height":100,"mime-type":"image\/jpeg","filesize":3000,"url":"https:\/\/360mallorcaproperty.com\/wp-content\/uploads\/2024\/10\/DSC_5588-150x100.jpg"},"modern-property-child-slider":{"file":"DSC_5588-680x510.jpg","width":680,"height":510,"mime-type":"image\/jpeg","filesize":42399,"url":"https:\/\/360mallorcaproperty.com\/wp-content\/uploads\/2024\/10\/DSC_5588-680x510.jpg"},"property-thumb-image":{"file":"DSC_5588-488x326.jpg","width":488,"height":326,"mime-type":"image\/jpeg","filesize":21153,"url":"https:\/\/360mallorcaproperty.com\/wp-content\/uploads\/2024\/10\/DSC_5588-488x326.jpg"},"property-detail-video-image":{"file":"DSC_5588-818x417.jpg","width":818,"height":417,"mime-type":"image\/jpeg","filesize":42088,"url":"https:\/\/360mallorcaproperty.com\/wp-content\/uploads\/2024\/10\/DSC_5588-818x417.jpg"},"agent-image":{"file":"DSC_5588-210x210.jpg","width":210,"height":210,"mime-type":"image\/jpeg","filesize":6044,"url":"https:\/\/360mallorcaproperty.com\/wp-content\/uploads\/2024\/10\/DSC_5588-210x210.jpg"},"partners-logo":{"file":"DSC_5588-600x1663.jpg","width":600,"height":1663,"mime-type":"image\/jpeg","filesize":86599,"url":"https:\/\/360mallorcaproperty.com\/wp-content\/uploads\/2024\/10\/DSC_5588-600x1663.jpg"},"post-featured-image":{"file":"DSC_5588-1240x720.jpg","width":1240,"height":720,"mime-type":"image\/jpeg","filesize":111440,"url":"https:\/\/360mallorcaproperty.com\/wp-content\/uploads\/2024\/10\/DSC_5588-1240x720.jpg"}},"image_meta":{"aperture":"8","credit":"","camera":"NIKON Z 6_2","caption":"","created_timestamp":"1726834137","copyright":"","focal_length":"14","iso":"500","shutter_speed":"1.6","title":"","orientation":"1","keywords":[]},"ID":"29328","name":"DSC_5588.jpg","path":"\/home\/mallorcaproperty\/public_html\/wp-content\/uploads\/2024\/10\/DSC_5588.jpg","url":"https:\/\/360mallorcaproperty.com\/wp-content\/uploads\/2024\/10\/DSC_5588-150x150.jpg","full_url":"https:\/\/360mallorcaproperty.com\/wp-content\/uploads\/2024\/10\/DSC_5588.jpg","title":"DSC_5588","caption":"","description":"","alt":"","srcset":"https:\/\/360mallorcaproperty.com\/wp-content\/uploads\/2024\/10\/DSC_5588-150x150.jpg 150w, https:\/\/360mallorcaproperty.com\/wp-content\/uploads\/2024\/10\/DSC_5588-210x210.jpg 210w"},{"width":150,"height":150,"file":"2024\/10\/IMG-20240923-WA0136.jpg","filesize":386301,"sizes":{"medium":{"file":"IMG-20240923-WA0136-169x300.jpg","width":169,"height":300,"mime-type":"image\/jpeg","filesize":14641,"url":"https:\/\/360mallorcaproperty.com\/wp-content\/uploads\/2024\/10\/IMG-20240923-WA0136-169x300.jpg"},"large":{"file":"IMG-20240923-WA0136-576x1024.jpg","width":576,"height":1024,"mime-type":"image\/jpeg","filesize":132710,"url":"https:\/\/360mallorcaproperty.com\/wp-content\/uploads\/2024\/10\/IMG-20240923-WA0136-576x1024.jpg"},"thumbnail":{"file":"IMG-20240923-WA0136-150x150.jpg","width":150,"height":150,"mime-type":"image\/jpeg","filesize":7006,"url":"https:\/\/360mallorcaproperty.com\/wp-content\/uploads\/2024\/10\/IMG-20240923-WA0136-150x150.jpg"},"medium_large":{"file":"IMG-20240923-WA0136-768x1365.jpg","width":768,"height":1365,"mime-type":"image\/jpeg","filesize":219317,"url":"https:\/\/360mallorcaproperty.com\/wp-content\/uploads\/2024\/10\/IMG-20240923-WA0136-768x1365.jpg"},"1536x1536":{"file":"IMG-20240923-WA0136-864x1536.jpg","width":864,"height":1536,"mime-type":"image\/jpeg","filesize":265390,"url":"https:\/\/360mallorcaproperty.com\/wp-content\/uploads\/2024\/10\/IMG-20240923-WA0136-864x1536.jpg"},"post-thumbnail":{"file":"IMG-20240923-WA0136-84x150.jpg","width":84,"height":150,"mime-type":"image\/jpeg","filesize":4505,"url":"https:\/\/360mallorcaproperty.com\/wp-content\/uploads\/2024\/10\/IMG-20240923-WA0136-84x150.jpg"},"modern-property-child-slider":{"file":"IMG-20240923-WA0136-680x510.jpg","width":680,"height":510,"mime-type":"image\/jpeg","filesize":77535,"url":"https:\/\/360mallorcaproperty.com\/wp-content\/uploads\/2024\/10\/IMG-20240923-WA0136-680x510.jpg"},"property-thumb-image":{"file":"IMG-20240923-WA0136-488x326.jpg","width":488,"height":326,"mime-type":"image\/jpeg","filesize":39421,"url":"https:\/\/360mallorcaproperty.com\/wp-content\/uploads\/2024\/10\/IMG-20240923-WA0136-488x326.jpg"},"property-detail-video-image":{"file":"IMG-20240923-WA0136-818x417.jpg","width":818,"height":417,"mime-type":"image\/jpeg","filesize":76017,"url":"https:\/\/360mallorcaproperty.com\/wp-content\/uploads\/2024\/10\/IMG-20240923-WA0136-818x417.jpg"},"agent-image":{"file":"IMG-20240923-WA0136-210x210.jpg","width":210,"height":210,"mime-type":"image\/jpeg","filesize":12796,"url":"https:\/\/360mallorcaproperty.com\/wp-content\/uploads\/2024\/10\/IMG-20240923-WA0136-210x210.jpg"},"partners-logo":{"file":"IMG-20240923-WA0136-600x1600.jpg","width":600,"height":1600,"mime-type":"image\/jpeg","filesize":221178,"url":"https:\/\/360mallorcaproperty.com\/wp-content\/uploads\/2024\/10\/IMG-20240923-WA0136-600x1600.jpg"},"post-featured-image":{"file":"IMG-20240923-WA0136-900x720.jpg","width":900,"height":720,"mime-type":"image\/jpeg","filesize":145305,"url":"https:\/\/360mallorcaproperty.com\/wp-content\/uploads\/2024\/10\/IMG-20240923-WA0136-900x720.jpg"}},"image_meta":{"aperture":"0","credit":"","camera":"","caption":"","created_timestamp":"0","copyright":"","focal_length":"0","iso":"0","shutter_speed":"0","title":"","orientation":"0","keywords":[]},"ID":"29367","name":"IMG-20240923-WA0136.jpg","path":"\/home\/mallorcaproperty\/public_html\/wp-content\/uploads\/2024\/10\/IMG-20240923-WA0136.jpg","url":"https:\/\/360mallorcaproperty.com\/wp-content\/uploads\/2024\/10\/IMG-20240923-WA0136-150x150.jpg","full_url":"https:\/\/360mallorcaproperty.com\/wp-content\/uploads\/2024\/10\/IMG-20240923-WA0136.jpg","title":"IMG-20240923-WA0136","caption":"","description":"","alt":"","srcset":"https:\/\/360mallorcaproperty.com\/wp-content\/uploads\/2024\/10\/IMG-20240923-WA0136-150x150.jpg 150w, https:\/\/360mallorcaproperty.com\/wp-content\/uploads\/2024\/10\/IMG-20240923-WA0136-210x210.jpg 210w"},{"width":150,"height":150,"file":"2024\/10\/IMG-20240923-WA0094.jpg","filesize":370756,"sizes":{"medium":{"file":"IMG-20240923-WA0094-300x169.jpg","width":300,"height":169,"mime-type":"image\/jpeg","filesize":13656,"url":"https:\/\/360mallorcaproperty.com\/wp-content\/uploads\/2024\/10\/IMG-20240923-WA0094-300x169.jpg"},"large":{"file":"IMG-20240923-WA0094-1024x576.jpg","width":1024,"height":576,"mime-type":"image\/jpeg","filesize":118718,"url":"https:\/\/360mallorcaproperty.com\/wp-content\/uploads\/2024\/10\/IMG-20240923-WA0094-1024x576.jpg"},"thumbnail":{"file":"IMG-20240923-WA0094-150x150.jpg","width":150,"height":150,"mime-type":"image\/jpeg","filesize":6641,"url":"https:\/\/360mallorcaproperty.com\/wp-content\/uploads\/2024\/10\/IMG-20240923-WA0094-150x150.jpg"},"medium_large":{"file":"IMG-20240923-WA0094-768x432.jpg","width":768,"height":432,"mime-type":"image\/jpeg","filesize":70556,"url":"https:\/\/360mallorcaproperty.com\/wp-content\/uploads\/2024\/10\/IMG-20240923-WA0094-768x432.jpg"},"1536x1536":{"file":"IMG-20240923-WA0094-1536x864.jpg","width":1536,"height":864,"mime-type":"image\/jpeg","filesize":240853,"url":"https:\/\/360mallorcaproperty.com\/wp-content\/uploads\/2024\/10\/IMG-20240923-WA0094-1536x864.jpg"},"post-thumbnail":{"file":"IMG-20240923-WA0094-150x84.jpg","width":150,"height":84,"mime-type":"image\/jpeg","filesize":4610,"url":"https:\/\/360mallorcaproperty.com\/wp-content\/uploads\/2024\/10\/IMG-20240923-WA0094-150x84.jpg"},"modern-property-child-slider":{"file":"IMG-20240923-WA0094-680x510.jpg","width":680,"height":510,"mime-type":"image\/jpeg","filesize":72664,"url":"https:\/\/360mallorcaproperty.com\/wp-content\/uploads\/2024\/10\/IMG-20240923-WA0094-680x510.jpg"},"property-thumb-image":{"file":"IMG-20240923-WA0094-488x326.jpg","width":488,"height":326,"mime-type":"image\/jpeg","filesize":36004,"url":"https:\/\/360mallorcaproperty.com\/wp-content\/uploads\/2024\/10\/IMG-20240923-WA0094-488x326.jpg"},"property-detail-video-image":{"file":"IMG-20240923-WA0094-818x417.jpg","width":818,"height":417,"mime-type":"image\/jpeg","filesize":74413,"url":"https:\/\/360mallorcaproperty.com\/wp-content\/uploads\/2024\/10\/IMG-20240923-WA0094-818x417.jpg"},"agent-image":{"file":"IMG-20240923-WA0094-210x210.jpg","width":210,"height":210,"mime-type":"image\/jpeg","filesize":11624,"url":"https:\/\/360mallorcaproperty.com\/wp-content\/uploads\/2024\/10\/IMG-20240923-WA0094-210x210.jpg"},"partners-logo":{"file":"IMG-20240923-WA0094-600x900.jpg","width":600,"height":900,"mime-type":"image\/jpeg","filesize":116454,"url":"https:\/\/360mallorcaproperty.com\/wp-content\/uploads\/2024\/10\/IMG-20240923-WA0094-600x900.jpg"},"post-featured-image":{"file":"IMG-20240923-WA0094-1240x720.jpg","width":1240,"height":720,"mime-type":"image\/jpeg","filesize":171395,"url":"https:\/\/360mallorcaproperty.com\/wp-content\/uploads\/2024\/10\/IMG-20240923-WA0094-1240x720.jpg"}},"image_meta":{"aperture":"0","credit":"","camera":"","caption":"","created_timestamp":"0","copyright":"","focal_length":"0","iso":"0","shutter_speed":"0","title":"","orientation":"0","keywords":[]},"ID":"29346","name":"IMG-20240923-WA0094.jpg","path":"\/home\/mallorcaproperty\/public_html\/wp-content\/uploads\/2024\/10\/IMG-20240923-WA0094.jpg","url":"https:\/\/360mallorcaproperty.com\/wp-content\/uploads\/2024\/10\/IMG-20240923-WA0094-150x150.jpg","full_url":"https:\/\/360mallorcaproperty.com\/wp-content\/uploads\/2024\/10\/IMG-20240923-WA0094.jpg","title":"IMG-20240923-WA0094","caption":"","description":"","alt":"","srcset":"https:\/\/360mallorcaproperty.com\/wp-content\/uploads\/2024\/10\/IMG-20240923-WA0094-150x150.jpg 150w, https:\/\/360mallorcaproperty.com\/wp-content\/uploads\/2024\/10\/IMG-20240923-WA0094-210x210.jpg 210w"},{"width":150,"height":150,"file":"2024\/10\/IMG-20240923-WA0122.jpg","filesize":493378,"sizes":{"medium":{"file":"IMG-20240923-WA0122-300x169.jpg","width":300,"height":169,"mime-type":"image\/jpeg","filesize":17361,"url":"https:\/\/360mallorcaproperty.com\/wp-content\/uploads\/2024\/10\/IMG-20240923-WA0122-300x169.jpg"},"large":{"file":"IMG-20240923-WA0122-1024x576.jpg","width":1024,"height":576,"mime-type":"image\/jpeg","filesize":163481,"url":"https:\/\/360mallorcaproperty.com\/wp-content\/uploads\/2024\/10\/IMG-20240923-WA0122-1024x576.jpg"},"thumbnail":{"file":"IMG-20240923-WA0122-150x150.jpg","width":150,"height":150,"mime-type":"image\/jpeg","filesize":7926,"url":"https:\/\/360mallorcaproperty.com\/wp-content\/uploads\/2024\/10\/IMG-20240923-WA0122-150x150.jpg"},"medium_large":{"file":"IMG-20240923-WA0122-768x432.jpg","width":768,"height":432,"mime-type":"image\/jpeg","filesize":96579,"url":"https:\/\/360mallorcaproperty.com\/wp-content\/uploads\/2024\/10\/IMG-20240923-WA0122-768x432.jpg"},"1536x1536":{"file":"IMG-20240923-WA0122-1536x864.jpg","width":1536,"height":864,"mime-type":"image\/jpeg","filesize":330436,"url":"https:\/\/360mallorcaproperty.com\/wp-content\/uploads\/2024\/10\/IMG-20240923-WA0122-1536x864.jpg"},"post-thumbnail":{"file":"IMG-20240923-WA0122-150x84.jpg","width":150,"height":84,"mime-type":"image\/jpeg","filesize":5227,"url":"https:\/\/360mallorcaproperty.com\/wp-content\/uploads\/2024\/10\/IMG-20240923-WA0122-150x84.jpg"},"modern-property-child-slider":{"file":"IMG-20240923-WA0122-680x510.jpg","width":680,"height":510,"mime-type":"image\/jpeg","filesize":95927,"url":"https:\/\/360mallorcaproperty.com\/wp-content\/uploads\/2024\/10\/IMG-20240923-WA0122-680x510.jpg"},"property-thumb-image":{"file":"IMG-20240923-WA0122-488x326.jpg","width":488,"height":326,"mime-type":"image\/jpeg","filesize":47530,"url":"https:\/\/360mallorcaproperty.com\/wp-content\/uploads\/2024\/10\/IMG-20240923-WA0122-488x326.jpg"},"property-detail-video-image":{"file":"IMG-20240923-WA0122-818x417.jpg","width":818,"height":417,"mime-type":"image\/jpeg","filesize":100157,"url":"https:\/\/360mallorcaproperty.com\/wp-content\/uploads\/2024\/10\/IMG-20240923-WA0122-818x417.jpg"},"agent-image":{"file":"IMG-20240923-WA0122-210x210.jpg","width":210,"height":210,"mime-type":"image\/jpeg","filesize":14266,"url":"https:\/\/360mallorcaproperty.com\/wp-content\/uploads\/2024\/10\/IMG-20240923-WA0122-210x210.jpg"},"partners-logo":{"file":"IMG-20240923-WA0122-600x900.jpg","width":600,"height":900,"mime-type":"image\/jpeg","filesize":170428,"url":"https:\/\/360mallorcaproperty.com\/wp-content\/uploads\/2024\/10\/IMG-20240923-WA0122-600x900.jpg"},"post-featured-image":{"file":"IMG-20240923-WA0122-1240x720.jpg","width":1240,"height":720,"mime-type":"image\/jpeg","filesize":235719,"url":"https:\/\/360mallorcaproperty.com\/wp-content\/uploads\/2024\/10\/IMG-20240923-WA0122-1240x720.jpg"}},"image_meta":{"aperture":"0","credit":"","camera":"","caption":"","created_timestamp":"0","copyright":"","focal_length":"0","iso":"0","shutter_speed":"0","title":"","orientation":"0","keywords":[]},"ID":"29349","name":"IMG-20240923-WA0122.jpg","path":"\/home\/mallorcaproperty\/public_html\/wp-content\/uploads\/2024\/10\/IMG-20240923-WA0122.jpg","url":"https:\/\/360mallorcaproperty.com\/wp-content\/uploads\/2024\/10\/IMG-20240923-WA0122-150x150.jpg","full_url":"https:\/\/360mallorcaproperty.com\/wp-content\/uploads\/2024\/10\/IMG-20240923-WA0122.jpg","title":"IMG-20240923-WA0122","caption":"","description":"","alt":"","srcset":"https:\/\/360mallorcaproperty.com\/wp-content\/uploads\/2024\/10\/IMG-20240923-WA0122-150x150.jpg 150w, https:\/\/360mallorcaproperty.com\/wp-content\/uploads\/2024\/10\/IMG-20240923-WA0122-210x210.jpg 210w"},{"width":150,"height":150,"file":"2024\/10\/IMG-20240923-WA0124.jpg","filesize":479299,"sizes":{"medium":{"file":"IMG-20240923-WA0124-300x169.jpg","width":300,"height":169,"mime-type":"image\/jpeg","filesize":17297,"url":"https:\/\/360mallorcaproperty.com\/wp-content\/uploads\/2024\/10\/IMG-20240923-WA0124-300x169.jpg"},"large":{"file":"IMG-20240923-WA0124-1024x576.jpg","width":1024,"height":576,"mime-type":"image\/jpeg","filesize":157613,"url":"https:\/\/360mallorcaproperty.com\/wp-content\/uploads\/2024\/10\/IMG-20240923-WA0124-1024x576.jpg"},"thumbnail":{"file":"IMG-20240923-WA0124-150x150.jpg","width":150,"height":150,"mime-type":"image\/jpeg","filesize":8411,"url":"https:\/\/360mallorcaproperty.com\/wp-content\/uploads\/2024\/10\/IMG-20240923-WA0124-150x150.jpg"},"medium_large":{"file":"IMG-20240923-WA0124-768x432.jpg","width":768,"height":432,"mime-type":"image\/jpeg","filesize":93672,"url":"https:\/\/360mallorcaproperty.com\/wp-content\/uploads\/2024\/10\/IMG-20240923-WA0124-768x432.jpg"},"1536x1536":{"file":"IMG-20240923-WA0124-1536x864.jpg","width":1536,"height":864,"mime-type":"image\/jpeg","filesize":315163,"url":"https:\/\/360mallorcaproperty.com\/wp-content\/uploads\/2024\/10\/IMG-20240923-WA0124-1536x864.jpg"},"post-thumbnail":{"file":"IMG-20240923-WA0124-150x84.jpg","width":150,"height":84,"mime-type":"image\/jpeg","filesize":5455,"url":"https:\/\/360mallorcaproperty.com\/wp-content\/uploads\/2024\/10\/IMG-20240923-WA0124-150x84.jpg"},"modern-property-child-slider":{"file":"IMG-20240923-WA0124-680x510.jpg","width":680,"height":510,"mime-type":"image\/jpeg","filesize":102051,"url":"https:\/\/360mallorcaproperty.com\/wp-content\/uploads\/2024\/10\/IMG-20240923-WA0124-680x510.jpg"},"property-thumb-image":{"file":"IMG-20240923-WA0124-488x326.jpg","width":488,"height":326,"mime-type":"image\/jpeg","filesize":49149,"url":"https:\/\/360mallorcaproperty.com\/wp-content\/uploads\/2024\/10\/IMG-20240923-WA0124-488x326.jpg"},"property-detail-video-image":{"file":"IMG-20240923-WA0124-818x417.jpg","width":818,"height":417,"mime-type":"image\/jpeg","filesize":98450,"url":"https:\/\/360mallorcaproperty.com\/wp-content\/uploads\/2024\/10\/IMG-20240923-WA0124-818x417.jpg"},"agent-image":{"file":"IMG-20240923-WA0124-210x210.jpg","width":210,"height":210,"mime-type":"image\/jpeg","filesize":15471,"url":"https:\/\/360mallorcaproperty.com\/wp-content\/uploads\/2024\/10\/IMG-20240923-WA0124-210x210.jpg"},"partners-logo":{"file":"IMG-20240923-WA0124-600x900.jpg","width":600,"height":900,"mime-type":"image\/jpeg","filesize":170998,"url":"https:\/\/360mallorcaproperty.com\/wp-content\/uploads\/2024\/10\/IMG-20240923-WA0124-600x900.jpg"},"post-featured-image":{"file":"IMG-20240923-WA0124-1240x720.jpg","width":1240,"height":720,"mime-type":"image\/jpeg","filesize":227362,"url":"https:\/\/360mallorcaproperty.com\/wp-content\/uploads\/2024\/10\/IMG-20240923-WA0124-1240x720.jpg"}},"image_meta":{"aperture":"0","credit":"","camera":"","caption":"","created_timestamp":"0","copyright":"","focal_length":"0","iso":"0","shutter_speed":"0","title":"","orientation":"0","keywords":[]},"ID":"29352","name":"IMG-20240923-WA0124.jpg","path":"\/home\/mallorcaproperty\/public_html\/wp-content\/uploads\/2024\/10\/IMG-20240923-WA0124.jpg","url":"https:\/\/360mallorcaproperty.com\/wp-content\/uploads\/2024\/10\/IMG-20240923-WA0124-150x150.jpg","full_url":"https:\/\/360mallorcaproperty.com\/wp-content\/uploads\/2024\/10\/IMG-20240923-WA0124.jpg","title":"IMG-20240923-WA0124","caption":"","description":"","alt":"","srcset":"https:\/\/360mallorcaproperty.com\/wp-content\/uploads\/2024\/10\/IMG-20240923-WA0124-150x150.jpg 150w, https:\/\/360mallorcaproperty.com\/wp-content\/uploads\/2024\/10\/IMG-20240923-WA0124-210x210.jpg 210w"},{"width":150,"height":150,"file":"2024\/10\/IMG-20240923-WA0127.jpg","filesize":402765,"sizes":{"medium":{"file":"IMG-20240923-WA0127-300x169.jpg","width":300,"height":169,"mime-type":"image\/jpeg","filesize":13700,"url":"https:\/\/360mallorcaproperty.com\/wp-content\/uploads\/2024\/10\/IMG-20240923-WA0127-300x169.jpg"},"large":{"file":"IMG-20240923-WA0127-1024x576.jpg","width":1024,"height":576,"mime-type":"image\/jpeg","filesize":123683,"url":"https:\/\/360mallorcaproperty.com\/wp-content\/uploads\/2024\/10\/IMG-20240923-WA0127-1024x576.jpg"},"thumbnail":{"file":"IMG-20240923-WA0127-150x150.jpg","width":150,"height":150,"mime-type":"image\/jpeg","filesize":6315,"url":"https:\/\/360mallorcaproperty.com\/wp-content\/uploads\/2024\/10\/IMG-20240923-WA0127-150x150.jpg"},"medium_large":{"file":"IMG-20240923-WA0127-768x432.jpg","width":768,"height":432,"mime-type":"image\/jpeg","filesize":72449,"url":"https:\/\/360mallorcaproperty.com\/wp-content\/uploads\/2024\/10\/IMG-20240923-WA0127-768x432.jpg"},"1536x1536":{"file":"IMG-20240923-WA0127-1536x864.jpg","width":1536,"height":864,"mime-type":"image\/jpeg","filesize":256530,"url":"https:\/\/360mallorcaproperty.com\/wp-content\/uploads\/2024\/10\/IMG-20240923-WA0127-1536x864.jpg"},"post-thumbnail":{"file":"IMG-20240923-WA0127-150x84.jpg","width":150,"height":84,"mime-type":"image\/jpeg","filesize":4519,"url":"https:\/\/360mallorcaproperty.com\/wp-content\/uploads\/2024\/10\/IMG-20240923-WA0127-150x84.jpg"},"modern-property-child-slider":{"file":"IMG-20240923-WA0127-680x510.jpg","width":680,"height":510,"mime-type":"image\/jpeg","filesize":69170,"url":"https:\/\/360mallorcaproperty.com\/wp-content\/uploads\/2024\/10\/IMG-20240923-WA0127-680x510.jpg"},"property-thumb-image":{"file":"IMG-20240923-WA0127-488x326.jpg","width":488,"height":326,"mime-type":"image\/jpeg","filesize":33424,"url":"https:\/\/360mallorcaproperty.com\/wp-content\/uploads\/2024\/10\/IMG-20240923-WA0127-488x326.jpg"},"property-detail-video-image":{"file":"IMG-20240923-WA0127-818x417.jpg","width":818,"height":417,"mime-type":"image\/jpeg","filesize":74623,"url":"https:\/\/360mallorcaproperty.com\/wp-content\/uploads\/2024\/10\/IMG-20240923-WA0127-818x417.jpg"},"agent-image":{"file":"IMG-20240923-WA0127-210x210.jpg","width":210,"height":210,"mime-type":"image\/jpeg","filesize":10851,"url":"https:\/\/360mallorcaproperty.com\/wp-content\/uploads\/2024\/10\/IMG-20240923-WA0127-210x210.jpg"},"partners-logo":{"file":"IMG-20240923-WA0127-600x900.jpg","width":600,"height":900,"mime-type":"image\/jpeg","filesize":112453,"url":"https:\/\/360mallorcaproperty.com\/wp-content\/uploads\/2024\/10\/IMG-20240923-WA0127-600x900.jpg"},"post-featured-image":{"file":"IMG-20240923-WA0127-1240x720.jpg","width":1240,"height":720,"mime-type":"image\/jpeg","filesize":178293,"url":"https:\/\/360mallorcaproperty.com\/wp-content\/uploads\/2024\/10\/IMG-20240923-WA0127-1240x720.jpg"}},"image_meta":{"aperture":"0","credit":"","camera":"","caption":"","created_timestamp":"0","copyright":"","focal_length":"0","iso":"0","shutter_speed":"0","title":"","orientation":"0","keywords":[]},"ID":"29358","name":"IMG-20240923-WA0127.jpg","path":"\/home\/mallorcaproperty\/public_html\/wp-content\/uploads\/2024\/10\/IMG-20240923-WA0127.jpg","url":"https:\/\/360mallorcaproperty.com\/wp-content\/uploads\/2024\/10\/IMG-20240923-WA0127-150x150.jpg","full_url":"https:\/\/360mallorcaproperty.com\/wp-content\/uploads\/2024\/10\/IMG-20240923-WA0127.jpg","title":"IMG-20240923-WA0127","caption":"","description":"","alt":"","srcset":"https:\/\/360mallorcaproperty.com\/wp-content\/uploads\/2024\/10\/IMG-20240923-WA0127-150x150.jpg 150w, https:\/\/360mallorcaproperty.com\/wp-content\/uploads\/2024\/10\/IMG-20240923-WA0127-210x210.jpg 210w"},{"width":150,"height":150,"file":"2024\/10\/IMG-20240923-WA0131.jpg","filesize":324796,"sizes":{"medium":{"file":"IMG-20240923-WA0131-300x169.jpg","width":300,"height":169,"mime-type":"image\/jpeg","filesize":13600,"url":"https:\/\/360mallorcaproperty.com\/wp-content\/uploads\/2024\/10\/IMG-20240923-WA0131-300x169.jpg"},"large":{"file":"IMG-20240923-WA0131-1024x576.jpg","width":1024,"height":576,"mime-type":"image\/jpeg","filesize":112454,"url":"https:\/\/360mallorcaproperty.com\/wp-content\/uploads\/2024\/10\/IMG-20240923-WA0131-1024x576.jpg"},"thumbnail":{"file":"IMG-20240923-WA0131-150x150.jpg","width":150,"height":150,"mime-type":"image\/jpeg","filesize":6785,"url":"https:\/\/360mallorcaproperty.com\/wp-content\/uploads\/2024\/10\/IMG-20240923-WA0131-150x150.jpg"},"medium_large":{"file":"IMG-20240923-WA0131-768x432.jpg","width":768,"height":432,"mime-type":"image\/jpeg","filesize":68152,"url":"https:\/\/360mallorcaproperty.com\/wp-content\/uploads\/2024\/10\/IMG-20240923-WA0131-768x432.jpg"},"1536x1536":{"file":"IMG-20240923-WA0131-1536x864.jpg","width":1536,"height":864,"mime-type":"image\/jpeg","filesize":222536,"url":"https:\/\/360mallorcaproperty.com\/wp-content\/uploads\/2024\/10\/IMG-20240923-WA0131-1536x864.jpg"},"post-thumbnail":{"file":"IMG-20240923-WA0131-150x84.jpg","width":150,"height":84,"mime-type":"image\/jpeg","filesize":4472,"url":"https:\/\/360mallorcaproperty.com\/wp-content\/uploads\/2024\/10\/IMG-20240923-WA0131-150x84.jpg"},"modern-property-child-slider":{"file":"IMG-20240923-WA0131-680x510.jpg","width":680,"height":510,"mime-type":"image\/jpeg","filesize":70815,"url":"https:\/\/360mallorcaproperty.com\/wp-content\/uploads\/2024\/10\/IMG-20240923-WA0131-680x510.jpg"},"property-thumb-image":{"file":"IMG-20240923-WA0131-488x326.jpg","width":488,"height":326,"mime-type":"image\/jpeg","filesize":35694,"url":"https:\/\/360mallorcaproperty.com\/wp-content\/uploads\/2024\/10\/IMG-20240923-WA0131-488x326.jpg"},"property-detail-video-image":{"file":"IMG-20240923-WA0131-818x417.jpg","width":818,"height":417,"mime-type":"image\/jpeg","filesize":70864,"url":"https:\/\/360mallorcaproperty.com\/wp-content\/uploads\/2024\/10\/IMG-20240923-WA0131-818x417.jpg"},"agent-image":{"file":"IMG-20240923-WA0131-210x210.jpg","width":210,"height":210,"mime-type":"image\/jpeg","filesize":11774,"url":"https:\/\/360mallorcaproperty.com\/wp-content\/uploads\/2024\/10\/IMG-20240923-WA0131-210x210.jpg"},"partners-logo":{"file":"IMG-20240923-WA0131-600x900.jpg","width":600,"height":900,"mime-type":"image\/jpeg","filesize":102813,"url":"https:\/\/360mallorcaproperty.com\/wp-content\/uploads\/2024\/10\/IMG-20240923-WA0131-600x900.jpg"},"post-featured-image":{"file":"IMG-20240923-WA0131-1240x720.jpg","width":1240,"height":720,"mime-type":"image\/jpeg","filesize":159758,"url":"https:\/\/360mallorcaproperty.com\/wp-content\/uploads\/2024\/10\/IMG-20240923-WA0131-1240x720.jpg"}},"image_meta":{"aperture":"0","credit":"","camera":"","caption":"","created_timestamp":"0","copyright":"","focal_length":"0","iso":"0","shutter_speed":"0","title":"","orientation":"0","keywords":[]},"ID":"29364","name":"IMG-20240923-WA0131.jpg","path":"\/home\/mallorcaproperty\/public_html\/wp-content\/uploads\/2024\/10\/IMG-20240923-WA0131.jpg","url":"https:\/\/360mallorcaproperty.com\/wp-content\/uploads\/2024\/10\/IMG-20240923-WA0131-150x150.jpg","full_url":"https:\/\/360mallorcaproperty.com\/wp-content\/uploads\/2024\/10\/IMG-20240923-WA0131.jpg","title":"IMG-20240923-WA0131","caption":"","description":"","alt":"","srcset":"https:\/\/360mallorcaproperty.com\/wp-content\/uploads\/2024\/10\/IMG-20240923-WA0131-150x150.jpg 150w, https:\/\/360mallorcaproperty.com\/wp-content\/uploads\/2024\/10\/IMG-20240923-WA0131-210x210.jpg 210w"},{"width":150,"height":150,"file":"2024\/10\/IMG-20240923-WA0138.jpg","filesize":415394,"sizes":{"medium":{"file":"IMG-20240923-WA0138-300x169.jpg","width":300,"height":169,"mime-type":"image\/jpeg","filesize":15399,"url":"https:\/\/360mallorcaproperty.com\/wp-content\/uploads\/2024\/10\/IMG-20240923-WA0138-300x169.jpg"},"large":{"file":"IMG-20240923-WA0138-1024x576.jpg","width":1024,"height":576,"mime-type":"image\/jpeg","filesize":141799,"url":"https:\/\/360mallorcaproperty.com\/wp-content\/uploads\/2024\/10\/IMG-20240923-WA0138-1024x576.jpg"},"thumbnail":{"file":"IMG-20240923-WA0138-150x150.jpg","width":150,"height":150,"mime-type":"image\/jpeg","filesize":7405,"url":"https:\/\/360mallorcaproperty.com\/wp-content\/uploads\/2024\/10\/IMG-20240923-WA0138-150x150.jpg"},"medium_large":{"file":"IMG-20240923-WA0138-768x432.jpg","width":768,"height":432,"mime-type":"image\/jpeg","filesize":84831,"url":"https:\/\/360mallorcaproperty.com\/wp-content\/uploads\/2024\/10\/IMG-20240923-WA0138-768x432.jpg"},"1536x1536":{"file":"IMG-20240923-WA0138-1536x864.jpg","width":1536,"height":864,"mime-type":"image\/jpeg","filesize":282027,"url":"https:\/\/360mallorcaproperty.com\/wp-content\/uploads\/2024\/10\/IMG-20240923-WA0138-1536x864.jpg"},"post-thumbnail":{"file":"IMG-20240923-WA0138-150x84.jpg","width":150,"height":84,"mime-type":"image\/jpeg","filesize":4869,"url":"https:\/\/360mallorcaproperty.com\/wp-content\/uploads\/2024\/10\/IMG-20240923-WA0138-150x84.jpg"},"modern-property-child-slider":{"file":"IMG-20240923-WA0138-680x510.jpg","width":680,"height":510,"mime-type":"image\/jpeg","filesize":84706,"url":"https:\/\/360mallorcaproperty.com\/wp-content\/uploads\/2024\/10\/IMG-20240923-WA0138-680x510.jpg"},"property-thumb-image":{"file":"IMG-20240923-WA0138-488x326.jpg","width":488,"height":326,"mime-type":"image\/jpeg","filesize":42449,"url":"https:\/\/360mallorcaproperty.com\/wp-content\/uploads\/2024\/10\/IMG-20240923-WA0138-488x326.jpg"},"property-detail-video-image":{"file":"IMG-20240923-WA0138-818x417.jpg","width":818,"height":417,"mime-type":"image\/jpeg","filesize":89128,"url":"https:\/\/360mallorcaproperty.com\/wp-content\/uploads\/2024\/10\/IMG-20240923-WA0138-818x417.jpg"},"agent-image":{"file":"IMG-20240923-WA0138-210x210.jpg","width":210,"height":210,"mime-type":"image\/jpeg","filesize":13183,"url":"https:\/\/360mallorcaproperty.com\/wp-content\/uploads\/2024\/10\/IMG-20240923-WA0138-210x210.jpg"},"partners-logo":{"file":"IMG-20240923-WA0138-600x900.jpg","width":600,"height":900,"mime-type":"image\/jpeg","filesize":130770,"url":"https:\/\/360mallorcaproperty.com\/wp-content\/uploads\/2024\/10\/IMG-20240923-WA0138-600x900.jpg"},"post-featured-image":{"file":"IMG-20240923-WA0138-1240x720.jpg","width":1240,"height":720,"mime-type":"image\/jpeg","filesize":201523,"url":"https:\/\/360mallorcaproperty.com\/wp-content\/uploads\/2024\/10\/IMG-20240923-WA0138-1240x720.jpg"}},"image_meta":{"aperture":"0","credit":"","camera":"","caption":"","created_timestamp":"0","copyright":"","focal_length":"0","iso":"0","shutter_speed":"0","title":"","orientation":"0","keywords":[]},"ID":"29370","name":"IMG-20240923-WA0138.jpg","path":"\/home\/mallorcaproperty\/public_html\/wp-content\/uploads\/2024\/10\/IMG-20240923-WA0138.jpg","url":"https:\/\/360mallorcaproperty.com\/wp-content\/uploads\/2024\/10\/IMG-20240923-WA0138-150x150.jpg","full_url":"https:\/\/360mallorcaproperty.com\/wp-content\/uploads\/2024\/10\/IMG-20240923-WA0138.jpg","title":"IMG-20240923-WA0138","caption":"","description":"","alt":"","srcset":"https:\/\/360mallorcaproperty.com\/wp-content\/uploads\/2024\/10\/IMG-20240923-WA0138-150x150.jpg 150w, https:\/\/360mallorcaproperty.com\/wp-content\/uploads\/2024\/10\/IMG-20240923-WA0138-210x210.jpg 210w"},{"width":150,"height":150,"file":"2024\/10\/DSC_5200-HDR-Editar.jpg","filesize":3952770,"sizes":{"medium":{"file":"DSC_5200-HDR-Editar-300x200.jpg","width":300,"height":200,"mime-type":"image\/jpeg","filesize":17731,"url":"https:\/\/360mallorcaproperty.com\/wp-content\/uploads\/2024\/10\/DSC_5200-HDR-Editar-300x200.jpg"},"large":{"file":"DSC_5200-HDR-Editar-1024x681.jpg","width":1024,"height":681,"mime-type":"image\/jpeg","filesize":170590,"url":"https:\/\/360mallorcaproperty.com\/wp-content\/uploads\/2024\/10\/DSC_5200-HDR-Editar-1024x681.jpg"},"thumbnail":{"file":"DSC_5200-HDR-Editar-150x150.jpg","width":150,"height":150,"mime-type":"image\/jpeg","filesize":7291,"url":"https:\/\/360mallorcaproperty.com\/wp-content\/uploads\/2024\/10\/DSC_5200-HDR-Editar-150x150.jpg"},"medium_large":{"file":"DSC_5200-HDR-Editar-768x511.jpg","width":768,"height":511,"mime-type":"image\/jpeg","filesize":98898,"url":"https:\/\/360mallorcaproperty.com\/wp-content\/uploads\/2024\/10\/DSC_5200-HDR-Editar-768x511.jpg"},"1536x1536":{"file":"DSC_5200-HDR-Editar-1536x1022.jpg","width":1536,"height":1022,"mime-type":"image\/jpeg","filesize":358765,"url":"https:\/\/360mallorcaproperty.com\/wp-content\/uploads\/2024\/10\/DSC_5200-HDR-Editar-1536x1022.jpg"},"2048x2048":{"file":"DSC_5200-HDR-Editar-2048x1362.jpg","width":2048,"height":1362,"mime-type":"image\/jpeg","filesize":594596,"url":"https:\/\/360mallorcaproperty.com\/wp-content\/uploads\/2024\/10\/DSC_5200-HDR-Editar-2048x1362.jpg"},"post-thumbnail":{"file":"DSC_5200-HDR-Editar-150x100.jpg","width":150,"height":100,"mime-type":"image\/jpeg","filesize":5607,"url":"https:\/\/360mallorcaproperty.com\/wp-content\/uploads\/2024\/10\/DSC_5200-HDR-Editar-150x100.jpg"},"modern-property-child-slider":{"file":"DSC_5200-HDR-Editar-680x510.jpg","width":680,"height":510,"mime-type":"image\/jpeg","filesize":88266,"url":"https:\/\/360mallorcaproperty.com\/wp-content\/uploads\/2024\/10\/DSC_5200-HDR-Editar-680x510.jpg"},"property-thumb-image":{"file":"DSC_5200-HDR-Editar-488x326.jpg","width":488,"height":326,"mime-type":"image\/jpeg","filesize":42718,"url":"https:\/\/360mallorcaproperty.com\/wp-content\/uploads\/2024\/10\/DSC_5200-HDR-Editar-488x326.jpg"},"property-detail-video-image":{"file":"DSC_5200-HDR-Editar-818x417.jpg","width":818,"height":417,"mime-type":"image\/jpeg","filesize":87142,"url":"https:\/\/360mallorcaproperty.com\/wp-content\/uploads\/2024\/10\/DSC_5200-HDR-Editar-818x417.jpg"},"agent-image":{"file":"DSC_5200-HDR-Editar-210x210.jpg","width":210,"height":210,"mime-type":"image\/jpeg","filesize":13307,"url":"https:\/\/360mallorcaproperty.com\/wp-content\/uploads\/2024\/10\/DSC_5200-HDR-Editar-210x210.jpg"},"partners-logo":{"file":"DSC_5200-HDR-Editar-600x1663.jpg","width":600,"height":1663,"mime-type":"image\/jpeg","filesize":226281,"url":"https:\/\/360mallorcaproperty.com\/wp-content\/uploads\/2024\/10\/DSC_5200-HDR-Editar-600x1663.jpg"},"post-featured-image":{"file":"DSC_5200-HDR-Editar-1240x720.jpg","width":1240,"height":720,"mime-type":"image\/jpeg","filesize":211095,"url":"https:\/\/360mallorcaproperty.com\/wp-content\/uploads\/2024\/10\/DSC_5200-HDR-Editar-1240x720.jpg"}},"image_meta":{"aperture":"8","credit":"","camera":"NIKON Z 6_2","caption":"","created_timestamp":"1726832367","copyright":"","focal_length":"16","iso":"500","shutter_speed":"0.00125","title":"","orientation":"1","keywords":[]},"ID":"29382","name":"DSC_5200-HDR-Editar.jpg","path":"\/home\/mallorcaproperty\/public_html\/wp-content\/uploads\/2024\/10\/DSC_5200-HDR-Editar.jpg","url":"https:\/\/360mallorcaproperty.com\/wp-content\/uploads\/2024\/10\/DSC_5200-HDR-Editar-150x150.jpg","full_url":"https:\/\/360mallorcaproperty.com\/wp-content\/uploads\/2024\/10\/DSC_5200-HDR-Editar.jpg","title":"DSC_5200-HDR-Editar","caption":"","description":"","alt":"","srcset":"https:\/\/360mallorcaproperty.com\/wp-content\/uploads\/2024\/10\/DSC_5200-HDR-Editar-150x150.jpg 150w, https:\/\/360mallorcaproperty.com\/wp-content\/uploads\/2024\/10\/DSC_5200-HDR-Editar-210x210.jpg 210w"},{"width":150,"height":150,"file":"2024\/10\/DSC_5272-HDR-Editar.jpg","filesize":4061971,"sizes":{"medium":{"file":"DSC_5272-HDR-Editar-300x200.jpg","width":300,"height":200,"mime-type":"image\/jpeg","filesize":16635,"url":"https:\/\/360mallorcaproperty.com\/wp-content\/uploads\/2024\/10\/DSC_5272-HDR-Editar-300x200.jpg"},"large":{"file":"DSC_5272-HDR-Editar-1024x681.jpg","width":1024,"height":681,"mime-type":"image\/jpeg","filesize":168205,"url":"https:\/\/360mallorcaproperty.com\/wp-content\/uploads\/2024\/10\/DSC_5272-HDR-Editar-1024x681.jpg"},"thumbnail":{"file":"DSC_5272-HDR-Editar-150x150.jpg","width":150,"height":150,"mime-type":"image\/jpeg","filesize":7114,"url":"https:\/\/360mallorcaproperty.com\/wp-content\/uploads\/2024\/10\/DSC_5272-HDR-Editar-150x150.jpg"},"medium_large":{"file":"DSC_5272-HDR-Editar-768x511.jpg","width":768,"height":511,"mime-type":"image\/jpeg","filesize":96049,"url":"https:\/\/360mallorcaproperty.com\/wp-content\/uploads\/2024\/10\/DSC_5272-HDR-Editar-768x511.jpg"},"1536x1536":{"file":"DSC_5272-HDR-Editar-1536x1022.jpg","width":1536,"height":1022,"mime-type":"image\/jpeg","filesize":361925,"url":"https:\/\/360mallorcaproperty.com\/wp-content\/uploads\/2024\/10\/DSC_5272-HDR-Editar-1536x1022.jpg"},"2048x2048":{"file":"DSC_5272-HDR-Editar-2048x1362.jpg","width":2048,"height":1362,"mime-type":"image\/jpeg","filesize":607759,"url":"https:\/\/360mallorcaproperty.com\/wp-content\/uploads\/2024\/10\/DSC_5272-HDR-Editar-2048x1362.jpg"},"post-thumbnail":{"file":"DSC_5272-HDR-Editar-150x100.jpg","width":150,"height":100,"mime-type":"image\/jpeg","filesize":5373,"url":"https:\/\/360mallorcaproperty.com\/wp-content\/uploads\/2024\/10\/DSC_5272-HDR-Editar-150x100.jpg"},"modern-property-child-slider":{"file":"DSC_5272-HDR-Editar-680x510.jpg","width":680,"height":510,"mime-type":"image\/jpeg","filesize":85568,"url":"https:\/\/360mallorcaproperty.com\/wp-content\/uploads\/2024\/10\/DSC_5272-HDR-Editar-680x510.jpg"},"property-thumb-image":{"file":"DSC_5272-HDR-Editar-488x326.jpg","width":488,"height":326,"mime-type":"image\/jpeg","filesize":40934,"url":"https:\/\/360mallorcaproperty.com\/wp-content\/uploads\/2024\/10\/DSC_5272-HDR-Editar-488x326.jpg"},"property-detail-video-image":{"file":"DSC_5272-HDR-Editar-818x417.jpg","width":818,"height":417,"mime-type":"image\/jpeg","filesize":83807,"url":"https:\/\/360mallorcaproperty.com\/wp-content\/uploads\/2024\/10\/DSC_5272-HDR-Editar-818x417.jpg"},"agent-image":{"file":"DSC_5272-HDR-Editar-210x210.jpg","width":210,"height":210,"mime-type":"image\/jpeg","filesize":12741,"url":"https:\/\/360mallorcaproperty.com\/wp-content\/uploads\/2024\/10\/DSC_5272-HDR-Editar-210x210.jpg"},"partners-logo":{"file":"DSC_5272-HDR-Editar-600x1663.jpg","width":600,"height":1663,"mime-type":"image\/jpeg","filesize":229428,"url":"https:\/\/360mallorcaproperty.com\/wp-content\/uploads\/2024\/10\/DSC_5272-HDR-Editar-600x1663.jpg"},"post-featured-image":{"file":"DSC_5272-HDR-Editar-1240x720.jpg","width":1240,"height":720,"mime-type":"image\/jpeg","filesize":208831,"url":"https:\/\/360mallorcaproperty.com\/wp-content\/uploads\/2024\/10\/DSC_5272-HDR-Editar-1240x720.jpg"}},"image_meta":{"aperture":"8","credit":"","camera":"NIKON Z 6_2","caption":"","created_timestamp":"1726832606","copyright":"","focal_length":"19.5","iso":"500","shutter_speed":"0.0008","title":"","orientation":"1","keywords":[]},"ID":"29388","name":"DSC_5272-HDR-Editar.jpg","path":"\/home\/mallorcaproperty\/public_html\/wp-content\/uploads\/2024\/10\/DSC_5272-HDR-Editar.jpg","url":"https:\/\/360mallorcaproperty.com\/wp-content\/uploads\/2024\/10\/DSC_5272-HDR-Editar-150x150.jpg","full_url":"https:\/\/360mallorcaproperty.com\/wp-content\/uploads\/2024\/10\/DSC_5272-HDR-Editar.jpg","title":"DSC_5272-HDR-Editar","caption":"","description":"","alt":"","srcset":"https:\/\/360mallorcaproperty.com\/wp-content\/uploads\/2024\/10\/DSC_5272-HDR-Editar-150x150.jpg 150w, https:\/\/360mallorcaproperty.com\/wp-content\/uploads\/2024\/10\/DSC_5272-HDR-Editar-210x210.jpg 210w"},{"width":150,"height":150,"file":"2024\/10\/DSC_5293-HDR-Editar.jpg","filesize":3579859,"sizes":{"medium":{"file":"DSC_5293-HDR-Editar-300x200.jpg","width":300,"height":200,"mime-type":"image\/jpeg","filesize":13747,"url":"https:\/\/360mallorcaproperty.com\/wp-content\/uploads\/2024\/10\/DSC_5293-HDR-Editar-300x200.jpg"},"large":{"file":"DSC_5293-HDR-Editar-1024x681.jpg","width":1024,"height":681,"mime-type":"image\/jpeg","filesize":125408,"url":"https:\/\/360mallorcaproperty.com\/wp-content\/uploads\/2024\/10\/DSC_5293-HDR-Editar-1024x681.jpg"},"thumbnail":{"file":"DSC_5293-HDR-Editar-150x150.jpg","width":150,"height":150,"mime-type":"image\/jpeg","filesize":5651,"url":"https:\/\/360mallorcaproperty.com\/wp-content\/uploads\/2024\/10\/DSC_5293-HDR-Editar-150x150.jpg"},"medium_large":{"file":"DSC_5293-HDR-Editar-768x511.jpg","width":768,"height":511,"mime-type":"image\/jpeg","filesize":72511,"url":"https:\/\/360mallorcaproperty.com\/wp-content\/uploads\/2024\/10\/DSC_5293-HDR-Editar-768x511.jpg"},"1536x1536":{"file":"DSC_5293-HDR-Editar-1536x1022.jpg","width":1536,"height":1022,"mime-type":"image\/jpeg","filesize":268054,"url":"https:\/\/360mallorcaproperty.com\/wp-content\/uploads\/2024\/10\/DSC_5293-HDR-Editar-1536x1022.jpg"},"2048x2048":{"file":"DSC_5293-HDR-Editar-2048x1362.jpg","width":2048,"height":1362,"mime-type":"image\/jpeg","filesize":454824,"url":"https:\/\/360mallorcaproperty.com\/wp-content\/uploads\/2024\/10\/DSC_5293-HDR-Editar-2048x1362.jpg"},"post-thumbnail":{"file":"DSC_5293-HDR-Editar-150x100.jpg","width":150,"height":100,"mime-type":"image\/jpeg","filesize":4808,"url":"https:\/\/360mallorcaproperty.com\/wp-content\/uploads\/2024\/10\/DSC_5293-HDR-Editar-150x100.jpg"},"modern-property-child-slider":{"file":"DSC_5293-HDR-Editar-680x510.jpg","width":680,"height":510,"mime-type":"image\/jpeg","filesize":62216,"url":"https:\/\/360mallorcaproperty.com\/wp-content\/uploads\/2024\/10\/DSC_5293-HDR-Editar-680x510.jpg"},"property-thumb-image":{"file":"DSC_5293-HDR-Editar-488x326.jpg","width":488,"height":326,"mime-type":"image\/jpeg","filesize":31621,"url":"https:\/\/360mallorcaproperty.com\/wp-content\/uploads\/2024\/10\/DSC_5293-HDR-Editar-488x326.jpg"},"property-detail-video-image":{"file":"DSC_5293-HDR-Editar-818x417.jpg","width":818,"height":417,"mime-type":"image\/jpeg","filesize":72221,"url":"https:\/\/360mallorcaproperty.com\/wp-content\/uploads\/2024\/10\/DSC_5293-HDR-Editar-818x417.jpg"},"agent-image":{"file":"DSC_5293-HDR-Editar-210x210.jpg","width":210,"height":210,"mime-type":"image\/jpeg","filesize":9565,"url":"https:\/\/360mallorcaproperty.com\/wp-content\/uploads\/2024\/10\/DSC_5293-HDR-Editar-210x210.jpg"},"partners-logo":{"file":"DSC_5293-HDR-Editar-600x1663.jpg","width":600,"height":1663,"mime-type":"image\/jpeg","filesize":134517,"url":"https:\/\/360mallorcaproperty.com\/wp-content\/uploads\/2024\/10\/DSC_5293-HDR-Editar-600x1663.jpg"},"post-featured-image":{"file":"DSC_5293-HDR-Editar-1240x720.jpg","width":1240,"height":720,"mime-type":"image\/jpeg","filesize":167696,"url":"https:\/\/360mallorcaproperty.com\/wp-content\/uploads\/2024\/10\/DSC_5293-HDR-Editar-1240x720.jpg"}},"image_meta":{"aperture":"8","credit":"","camera":"NIKON Z 6_2","caption":"","created_timestamp":"1726832693","copyright":"","focal_length":"17","iso":"500","shutter_speed":"0.0008","title":"","orientation":"1","keywords":[]},"ID":"29391","name":"DSC_5293-HDR-Editar.jpg","path":"\/home\/mallorcaproperty\/public_html\/wp-content\/uploads\/2024\/10\/DSC_5293-HDR-Editar.jpg","url":"https:\/\/360mallorcaproperty.com\/wp-content\/uploads\/2024\/10\/DSC_5293-HDR-Editar-150x150.jpg","full_url":"https:\/\/360mallorcaproperty.com\/wp-content\/uploads\/2024\/10\/DSC_5293-HDR-Editar.jpg","title":"DSC_5293-HDR-Editar","caption":"","description":"","alt":"","srcset":"https:\/\/360mallorcaproperty.com\/wp-content\/uploads\/2024\/10\/DSC_5293-HDR-Editar-150x150.jpg 150w, https:\/\/360mallorcaproperty.com\/wp-content\/uploads\/2024\/10\/DSC_5293-HDR-Editar-210x210.jpg 210w"}],"REAL_HOMES_change_gallery_slider_type":"0","REAL_HOMES_gallery_slider_type":"thumb-on-right","inspiry_floor_plans":[],"inspiry_video_group":[],"REAL_HOMES_360_virtual_tour":"","REAL_HOMES_agent_display_option":"none","REAL_HOMES_agents":[],"REAL_HOMES_energy_class":"none","REAL_HOMES_energy_performance":"","REAL_HOMES_epc_current_rating":"","REAL_HOMES_epc_potential_rating":"","ere_property_schedule_tour":"global","ere_property_schedule_time_slots":"","ere_property_schedule_description":"","REAL_HOMES_sticky":"0","inspiry_property_label":"","inspiry_property_label_color":"","inspiry_property_tax":"","inspiry_additional_fee":"","REAL_HOMES_attachments":[],"inspiry_property_owner_name":"","inspiry_property_owner_contact":"","inspiry_property_owner_address":"","REAL_HOMES_property_private_note":"","inspiry_message_to_reviewer":"","REAL_HOMES_add_in_slider":"no","REAL_HOMES_slider_image":[],"REAL_HOMES_page_banner_image":[],"REAL_HOMES_hide_property_advance_search":"0","inspiry_offmarket":[],"REAL_HOMES_custom_header_display":"default","REAL_HOMES_custom_header_position":"relative","REAL_HOMES_custom_footer_display":"default","REAL_HOMES_hide_advance_search":"0","REAL_HOMES_custom_search_form":"default","REAL_HOMES_search_form_margin_top":"","REAL_HOMES_search_form_margin_bottom":""},"_links":{"self":[{"href":"https:\/\/360mallorcaproperty.com\/es\/wp-json\/wp\/v2\/property\/29409","targetHints":{"allow":["GET"]}}],"collection":[{"href":"https:\/\/360mallorcaproperty.com\/es\/wp-json\/wp\/v2\/property"}],"about":[{"href":"https:\/\/360mallorcaproperty.com\/es\/wp-json\/wp\/v2\/types\/property"}],"author":[{"embeddable":true,"href":"https:\/\/360mallorcaproperty.com\/es\/wp-json\/wp\/v2\/users\/1"}],"replies":[{"embeddable":true,"href":"https:\/\/360mallorcaproperty.com\/es\/wp-json\/wp\/v2\/comments?post=29409"}],"version-history":[{"count":1,"href":"https:\/\/360mallorcaproperty.com\/es\/wp-json\/wp\/v2\/property\/29409\/revisions"}],"predecessor-version":[{"id":30403,"href":"https:\/\/360mallorcaproperty.com\/es\/wp-json\/wp\/v2\/property\/29409\/revisions\/30403"}],"wp:featuredmedia":[{"embeddable":true,"href":"https:\/\/360mallorcaproperty.com\/es\/wp-json\/wp\/v2\/media\/30627"}],"wp:attachment":[{"href":"https:\/\/360mallorcaproperty.com\/es\/wp-json\/wp\/v2\/media?parent=29409"}],"wp:term":[{"taxonomy":"property-feature","embeddable":true,"href":"https:\/\/360mallorcaproperty.com\/es\/wp-json\/wp\/v2\/property-feature?post=29409"},{"taxonomy":"property-type","embeddable":true,"href":"https:\/\/360mallorcaproperty.com\/es\/wp-json\/wp\/v2\/property-type?post=29409"},{"taxonomy":"property-city","embeddable":true,"href":"https:\/\/360mallorcaproperty.com\/es\/wp-json\/wp\/v2\/property-location?post=29409"},{"taxonomy":"property-status","embeddable":true,"href":"https:\/\/360mallorcaproperty.com\/es\/wp-json\/wp\/v2\/property-status?post=29409"}],"curies":[{"name":"wp","href":"https:\/\/api.w.org\/{rel}","templated":true}]}}