{"id":29508,"date":"2024-11-15T09:47:01","date_gmt":"2024-11-15T09:47:01","guid":{"rendered":"https:\/\/360mallorcaproperty.com\/property\/investment-cala-dor\/"},"modified":"2024-11-15T09:49:44","modified_gmt":"2024-11-15T09:49:44","slug":"investment-cala-dor","status":"publish","type":"property","link":"https:\/\/360mallorcaproperty.com\/es\/property\/investment-cala-dor\/","title":{"rendered":"Oportunidad de inversi\u00f3n Cala dor"},"content":{"rendered":"<p>Ofrecemos una excelente oportunidad de inversi\u00f3n en una destacada ubicaci\u00f3n residencial y tur\u00edstica.<br \/>\nEn una parcela de 5600m2, a un minuto a pie de la playa m\u00e1s cercana. Los c\u00f3digos de construcci\u00f3n municipales permiten la construcci\u00f3n de estructuras tanto comerciales como residenciales.<\/p>\n<p>Para obtener especificaciones completas, p\u00f3ngase en contacto con nosotros aqu\u00ed.<\/p>\n","protected":false},"excerpt":{"rendered":"<p>Ofrecemos una excelente oportunidad de inversi\u00f3n en una destacada ubicaci\u00f3n residencial y tur\u00edstica. En una parcela de 5600m2, a un minuto a pie de la playa m\u00e1s cercana. Los c\u00f3digos de construcci\u00f3n municipales permiten la construcci\u00f3n de estructuras tanto comerciales como residenciales. Para obtener especificaciones completas, p\u00f3ngase en contacto con nosotros aqu\u00ed.<\/p>\n","protected":false},"author":1,"featured_media":29487,"parent":0,"menu_order":0,"comment_status":"closed","ping_status":"closed","template":"","property-feature":[],"property-type":[566,258],"property-location":[259,260],"property-status":[231],"class_list":["post-29508","property","type-property","status-publish","has-post-thumbnail","hentry","property-type-investment-es","property-type-solares-urbanos","property-city-cala-dor-es","property-city-cala-egos-es","property-status-venta"],"property_meta":{"REAL_HOMES_property_price":"2863350","REAL_HOMES_property_old_price":"","REAL_HOMES_property_price_prefix":"","REAL_HOMES_property_price_postfix":"","REAL_HOMES_property_size":"5.621 m\u00b2","REAL_HOMES_property_size_postfix":"","REAL_HOMES_property_lot_size":"","REAL_HOMES_property_lot_size_postfix":"","REAL_HOMES_property_bedrooms":"","REAL_HOMES_property_bathrooms":"","REAL_HOMES_property_garage":"","REAL_HOMES_property_id":"V5030","REAL_HOMES_property_year_built":"","REAL_HOMES_featured":"0","REAL_HOMES_additional_details_list":[],"rvr_booking_widget_display":"","rvr_booking_mode":"","rvr_govt_tax":"","rvr_govt_tax_type":"percentage","rvr_govt_tax_calculation":"per_stay","rvr_service_charges":"","rvr_service_charges_type":"percentage","rvr_service_charges_calculation":"per_stay","rvr_guests_capacity":"","rvr_book_child_as":"","rvr_min_stay":"","rvr_guests_capacity_extend":"","rvr_extra_guest_price":"","rvr_property_owner":"0","rvr_bulk_pricing":[],"rvr_seasonal_pricing":[],"rvr_custom_reserved_dates":[],"rvr_additional_fees":[{"rvr_fee_type":"fixed","rvr_fee_calculation":"per_stay"}],"rvr_additional_amenities":[{"price_calculation":"per_stay"}],"rvr_accommodation":[],"rvr_outdoor_features":[],"rvr_surroundings":[],"rvr_included":[],"rvr_not_included":[],"rvr_policies":[],"REAL_HOMES_property_location":{"latitude":"39.363020364488","longitude":"3.2228357426994","zoom":"16"},"REAL_HOMES_property_address":"Carrer de l'Aguila, Cala Egos, Santa\u00f1\u00ed, Migjorn, Islas Baleares, 07660, Espa\u00f1a","REAL_HOMES_property_map":"","REAL_HOMES_property_images":[{"width":150,"height":150,"file":"2024\/11\/IMG-20241113-WA0015.jpg","filesize":384942,"sizes":{"medium":{"file":"IMG-20241113-WA0015-300x169.jpg","width":300,"height":169,"mime-type":"image\/jpeg","filesize":15611,"url":"https:\/\/360mallorcaproperty.com\/wp-content\/uploads\/2024\/11\/IMG-20241113-WA0015-300x169.jpg"},"large":{"file":"IMG-20241113-WA0015-1024x576.jpg","width":1024,"height":576,"mime-type":"image\/jpeg","filesize":182007,"url":"https:\/\/360mallorcaproperty.com\/wp-content\/uploads\/2024\/11\/IMG-20241113-WA0015-1024x576.jpg"},"thumbnail":{"file":"IMG-20241113-WA0015-150x150.jpg","width":150,"height":150,"mime-type":"image\/jpeg","filesize":7298,"url":"https:\/\/360mallorcaproperty.com\/wp-content\/uploads\/2024\/11\/IMG-20241113-WA0015-150x150.jpg"},"medium_large":{"file":"IMG-20241113-WA0015-768x432.jpg","width":768,"height":432,"mime-type":"image\/jpeg","filesize":102597,"url":"https:\/\/360mallorcaproperty.com\/wp-content\/uploads\/2024\/11\/IMG-20241113-WA0015-768x432.jpg"},"1536x1536":{"file":"IMG-20241113-WA0015-1536x864.jpg","width":1536,"height":864,"mime-type":"image\/jpeg","filesize":385577,"url":"https:\/\/360mallorcaproperty.com\/wp-content\/uploads\/2024\/11\/IMG-20241113-WA0015-1536x864.jpg"},"post-thumbnail":{"file":"IMG-20241113-WA0015-150x84.jpg","width":150,"height":84,"mime-type":"image\/jpeg","filesize":4585,"url":"https:\/\/360mallorcaproperty.com\/wp-content\/uploads\/2024\/11\/IMG-20241113-WA0015-150x84.jpg"},"modern-property-child-slider":{"file":"IMG-20241113-WA0015-680x510.jpg","width":680,"height":510,"mime-type":"image\/jpeg","filesize":112914,"url":"https:\/\/360mallorcaproperty.com\/wp-content\/uploads\/2024\/11\/IMG-20241113-WA0015-680x510.jpg"},"property-thumb-image":{"file":"IMG-20241113-WA0015-488x326.jpg","width":488,"height":326,"mime-type":"image\/jpeg","filesize":49840,"url":"https:\/\/360mallorcaproperty.com\/wp-content\/uploads\/2024\/11\/IMG-20241113-WA0015-488x326.jpg"},"property-detail-video-image":{"file":"IMG-20241113-WA0015-818x417.jpg","width":818,"height":417,"mime-type":"image\/jpeg","filesize":108244,"url":"https:\/\/360mallorcaproperty.com\/wp-content\/uploads\/2024\/11\/IMG-20241113-WA0015-818x417.jpg"},"agent-image":{"file":"IMG-20241113-WA0015-210x210.jpg","width":210,"height":210,"mime-type":"image\/jpeg","filesize":14011,"url":"https:\/\/360mallorcaproperty.com\/wp-content\/uploads\/2024\/11\/IMG-20241113-WA0015-210x210.jpg"},"partners-logo":{"file":"IMG-20241113-WA0015-600x900.jpg","width":600,"height":900,"mime-type":"image\/jpeg","filesize":200216,"url":"https:\/\/360mallorcaproperty.com\/wp-content\/uploads\/2024\/11\/IMG-20241113-WA0015-600x900.jpg"},"post-featured-image":{"file":"IMG-20241113-WA0015-1240x720.jpg","width":1240,"height":720,"mime-type":"image\/jpeg","filesize":273221,"url":"https:\/\/360mallorcaproperty.com\/wp-content\/uploads\/2024\/11\/IMG-20241113-WA0015-1240x720.jpg"}},"image_meta":{"aperture":"0","credit":"","camera":"","caption":"","created_timestamp":"0","copyright":"","focal_length":"0","iso":"0","shutter_speed":"0","title":"","orientation":"0","keywords":[]},"ID":"29467","name":"IMG-20241113-WA0015.jpg","path":"\/home\/mallorcaproperty\/public_html\/wp-content\/uploads\/2024\/11\/IMG-20241113-WA0015.jpg","url":"https:\/\/360mallorcaproperty.com\/wp-content\/uploads\/2024\/11\/IMG-20241113-WA0015-150x150.jpg","full_url":"https:\/\/360mallorcaproperty.com\/wp-content\/uploads\/2024\/11\/IMG-20241113-WA0015.jpg","title":"IMG-20241113-WA0015","caption":"","description":"","alt":"","srcset":"https:\/\/360mallorcaproperty.com\/wp-content\/uploads\/2024\/11\/IMG-20241113-WA0015-150x150.jpg 150w, https:\/\/360mallorcaproperty.com\/wp-content\/uploads\/2024\/11\/IMG-20241113-WA0015-210x210.jpg 210w"},{"width":150,"height":150,"file":"2024\/11\/IMG-20241113-WA0016.jpg","filesize":450048,"sizes":{"medium":{"file":"IMG-20241113-WA0016-300x169.jpg","width":300,"height":169,"mime-type":"image\/jpeg","filesize":20279,"url":"https:\/\/360mallorcaproperty.com\/wp-content\/uploads\/2024\/11\/IMG-20241113-WA0016-300x169.jpg"},"large":{"file":"IMG-20241113-WA0016-1024x576.jpg","width":1024,"height":576,"mime-type":"image\/jpeg","filesize":223024,"url":"https:\/\/360mallorcaproperty.com\/wp-content\/uploads\/2024\/11\/IMG-20241113-WA0016-1024x576.jpg"},"thumbnail":{"file":"IMG-20241113-WA0016-150x150.jpg","width":150,"height":150,"mime-type":"image\/jpeg","filesize":9661,"url":"https:\/\/360mallorcaproperty.com\/wp-content\/uploads\/2024\/11\/IMG-20241113-WA0016-150x150.jpg"},"medium_large":{"file":"IMG-20241113-WA0016-768x432.jpg","width":768,"height":432,"mime-type":"image\/jpeg","filesize":128913,"url":"https:\/\/360mallorcaproperty.com\/wp-content\/uploads\/2024\/11\/IMG-20241113-WA0016-768x432.jpg"},"1536x1536":{"file":"IMG-20241113-WA0016-1536x864.jpg","width":1536,"height":864,"mime-type":"image\/jpeg","filesize":455974,"url":"https:\/\/360mallorcaproperty.com\/wp-content\/uploads\/2024\/11\/IMG-20241113-WA0016-1536x864.jpg"},"post-thumbnail":{"file":"IMG-20241113-WA0016-150x84.jpg","width":150,"height":84,"mime-type":"image\/jpeg","filesize":5505,"url":"https:\/\/360mallorcaproperty.com\/wp-content\/uploads\/2024\/11\/IMG-20241113-WA0016-150x84.jpg"},"modern-property-child-slider":{"file":"IMG-20241113-WA0016-680x510.jpg","width":680,"height":510,"mime-type":"image\/jpeg","filesize":141174,"url":"https:\/\/360mallorcaproperty.com\/wp-content\/uploads\/2024\/11\/IMG-20241113-WA0016-680x510.jpg"},"property-thumb-image":{"file":"IMG-20241113-WA0016-488x326.jpg","width":488,"height":326,"mime-type":"image\/jpeg","filesize":64762,"url":"https:\/\/360mallorcaproperty.com\/wp-content\/uploads\/2024\/11\/IMG-20241113-WA0016-488x326.jpg"},"property-detail-video-image":{"file":"IMG-20241113-WA0016-818x417.jpg","width":818,"height":417,"mime-type":"image\/jpeg","filesize":132465,"url":"https:\/\/360mallorcaproperty.com\/wp-content\/uploads\/2024\/11\/IMG-20241113-WA0016-818x417.jpg"},"agent-image":{"file":"IMG-20241113-WA0016-210x210.jpg","width":210,"height":210,"mime-type":"image\/jpeg","filesize":18715,"url":"https:\/\/360mallorcaproperty.com\/wp-content\/uploads\/2024\/11\/IMG-20241113-WA0016-210x210.jpg"},"partners-logo":{"file":"IMG-20241113-WA0016-600x900.jpg","width":600,"height":900,"mime-type":"image\/jpeg","filesize":242705,"url":"https:\/\/360mallorcaproperty.com\/wp-content\/uploads\/2024\/11\/IMG-20241113-WA0016-600x900.jpg"},"post-featured-image":{"file":"IMG-20241113-WA0016-1240x720.jpg","width":1240,"height":720,"mime-type":"image\/jpeg","filesize":327658,"url":"https:\/\/360mallorcaproperty.com\/wp-content\/uploads\/2024\/11\/IMG-20241113-WA0016-1240x720.jpg"}},"image_meta":{"aperture":"0","credit":"","camera":"","caption":"","created_timestamp":"0","copyright":"","focal_length":"0","iso":"0","shutter_speed":"0","title":"","orientation":"0","keywords":[]},"ID":"29470","name":"IMG-20241113-WA0016.jpg","path":"\/home\/mallorcaproperty\/public_html\/wp-content\/uploads\/2024\/11\/IMG-20241113-WA0016.jpg","url":"https:\/\/360mallorcaproperty.com\/wp-content\/uploads\/2024\/11\/IMG-20241113-WA0016-150x150.jpg","full_url":"https:\/\/360mallorcaproperty.com\/wp-content\/uploads\/2024\/11\/IMG-20241113-WA0016.jpg","title":"IMG-20241113-WA0016","caption":"","description":"","alt":"","srcset":"https:\/\/360mallorcaproperty.com\/wp-content\/uploads\/2024\/11\/IMG-20241113-WA0016-150x150.jpg 150w, https:\/\/360mallorcaproperty.com\/wp-content\/uploads\/2024\/11\/IMG-20241113-WA0016-210x210.jpg 210w"},{"width":150,"height":150,"file":"2024\/11\/IMG-20241113-WA0017.jpg","filesize":448468,"sizes":{"medium":{"file":"IMG-20241113-WA0017-300x169.jpg","width":300,"height":169,"mime-type":"image\/jpeg","filesize":21418,"url":"https:\/\/360mallorcaproperty.com\/wp-content\/uploads\/2024\/11\/IMG-20241113-WA0017-300x169.jpg"},"large":{"file":"IMG-20241113-WA0017-1024x576.jpg","width":1024,"height":576,"mime-type":"image\/jpeg","filesize":227792,"url":"https:\/\/360mallorcaproperty.com\/wp-content\/uploads\/2024\/11\/IMG-20241113-WA0017-1024x576.jpg"},"thumbnail":{"file":"IMG-20241113-WA0017-150x150.jpg","width":150,"height":150,"mime-type":"image\/jpeg","filesize":10036,"url":"https:\/\/360mallorcaproperty.com\/wp-content\/uploads\/2024\/11\/IMG-20241113-WA0017-150x150.jpg"},"medium_large":{"file":"IMG-20241113-WA0017-768x432.jpg","width":768,"height":432,"mime-type":"image\/jpeg","filesize":133551,"url":"https:\/\/360mallorcaproperty.com\/wp-content\/uploads\/2024\/11\/IMG-20241113-WA0017-768x432.jpg"},"1536x1536":{"file":"IMG-20241113-WA0017-1536x864.jpg","width":1536,"height":864,"mime-type":"image\/jpeg","filesize":458065,"url":"https:\/\/360mallorcaproperty.com\/wp-content\/uploads\/2024\/11\/IMG-20241113-WA0017-1536x864.jpg"},"post-thumbnail":{"file":"IMG-20241113-WA0017-150x84.jpg","width":150,"height":84,"mime-type":"image\/jpeg","filesize":5773,"url":"https:\/\/360mallorcaproperty.com\/wp-content\/uploads\/2024\/11\/IMG-20241113-WA0017-150x84.jpg"},"modern-property-child-slider":{"file":"IMG-20241113-WA0017-680x510.jpg","width":680,"height":510,"mime-type":"image\/jpeg","filesize":141938,"url":"https:\/\/360mallorcaproperty.com\/wp-content\/uploads\/2024\/11\/IMG-20241113-WA0017-680x510.jpg"},"property-thumb-image":{"file":"IMG-20241113-WA0017-488x326.jpg","width":488,"height":326,"mime-type":"image\/jpeg","filesize":66319,"url":"https:\/\/360mallorcaproperty.com\/wp-content\/uploads\/2024\/11\/IMG-20241113-WA0017-488x326.jpg"},"property-detail-video-image":{"file":"IMG-20241113-WA0017-818x417.jpg","width":818,"height":417,"mime-type":"image\/jpeg","filesize":136768,"url":"https:\/\/360mallorcaproperty.com\/wp-content\/uploads\/2024\/11\/IMG-20241113-WA0017-818x417.jpg"},"agent-image":{"file":"IMG-20241113-WA0017-210x210.jpg","width":210,"height":210,"mime-type":"image\/jpeg","filesize":19424,"url":"https:\/\/360mallorcaproperty.com\/wp-content\/uploads\/2024\/11\/IMG-20241113-WA0017-210x210.jpg"},"partners-logo":{"file":"IMG-20241113-WA0017-600x900.jpg","width":600,"height":900,"mime-type":"image\/jpeg","filesize":248177,"url":"https:\/\/360mallorcaproperty.com\/wp-content\/uploads\/2024\/11\/IMG-20241113-WA0017-600x900.jpg"},"post-featured-image":{"file":"IMG-20241113-WA0017-1240x720.jpg","width":1240,"height":720,"mime-type":"image\/jpeg","filesize":329677,"url":"https:\/\/360mallorcaproperty.com\/wp-content\/uploads\/2024\/11\/IMG-20241113-WA0017-1240x720.jpg"}},"image_meta":{"aperture":"0","credit":"","camera":"","caption":"","created_timestamp":"0","copyright":"","focal_length":"0","iso":"0","shutter_speed":"0","title":"","orientation":"0","keywords":[]},"ID":"29473","name":"IMG-20241113-WA0017.jpg","path":"\/home\/mallorcaproperty\/public_html\/wp-content\/uploads\/2024\/11\/IMG-20241113-WA0017.jpg","url":"https:\/\/360mallorcaproperty.com\/wp-content\/uploads\/2024\/11\/IMG-20241113-WA0017-150x150.jpg","full_url":"https:\/\/360mallorcaproperty.com\/wp-content\/uploads\/2024\/11\/IMG-20241113-WA0017.jpg","title":"IMG-20241113-WA0017","caption":"","description":"","alt":"","srcset":"https:\/\/360mallorcaproperty.com\/wp-content\/uploads\/2024\/11\/IMG-20241113-WA0017-150x150.jpg 150w, https:\/\/360mallorcaproperty.com\/wp-content\/uploads\/2024\/11\/IMG-20241113-WA0017-210x210.jpg 210w"},{"width":150,"height":150,"file":"2024\/11\/IMG-20241113-WA0018.jpg","filesize":432013,"sizes":{"medium":{"file":"IMG-20241113-WA0018-300x169.jpg","width":300,"height":169,"mime-type":"image\/jpeg","filesize":20058,"url":"https:\/\/360mallorcaproperty.com\/wp-content\/uploads\/2024\/11\/IMG-20241113-WA0018-300x169.jpg"},"large":{"file":"IMG-20241113-WA0018-1024x576.jpg","width":1024,"height":576,"mime-type":"image\/jpeg","filesize":219916,"url":"https:\/\/360mallorcaproperty.com\/wp-content\/uploads\/2024\/11\/IMG-20241113-WA0018-1024x576.jpg"},"thumbnail":{"file":"IMG-20241113-WA0018-150x150.jpg","width":150,"height":150,"mime-type":"image\/jpeg","filesize":9492,"url":"https:\/\/360mallorcaproperty.com\/wp-content\/uploads\/2024\/11\/IMG-20241113-WA0018-150x150.jpg"},"medium_large":{"file":"IMG-20241113-WA0018-768x432.jpg","width":768,"height":432,"mime-type":"image\/jpeg","filesize":128663,"url":"https:\/\/360mallorcaproperty.com\/wp-content\/uploads\/2024\/11\/IMG-20241113-WA0018-768x432.jpg"},"1536x1536":{"file":"IMG-20241113-WA0018-1536x864.jpg","width":1536,"height":864,"mime-type":"image\/jpeg","filesize":442497,"url":"https:\/\/360mallorcaproperty.com\/wp-content\/uploads\/2024\/11\/IMG-20241113-WA0018-1536x864.jpg"},"post-thumbnail":{"file":"IMG-20241113-WA0018-150x84.jpg","width":150,"height":84,"mime-type":"image\/jpeg","filesize":5385,"url":"https:\/\/360mallorcaproperty.com\/wp-content\/uploads\/2024\/11\/IMG-20241113-WA0018-150x84.jpg"},"modern-property-child-slider":{"file":"IMG-20241113-WA0018-680x510.jpg","width":680,"height":510,"mime-type":"image\/jpeg","filesize":140224,"url":"https:\/\/360mallorcaproperty.com\/wp-content\/uploads\/2024\/11\/IMG-20241113-WA0018-680x510.jpg"},"property-thumb-image":{"file":"IMG-20241113-WA0018-488x326.jpg","width":488,"height":326,"mime-type":"image\/jpeg","filesize":64100,"url":"https:\/\/360mallorcaproperty.com\/wp-content\/uploads\/2024\/11\/IMG-20241113-WA0018-488x326.jpg"},"property-detail-video-image":{"file":"IMG-20241113-WA0018-818x417.jpg","width":818,"height":417,"mime-type":"image\/jpeg","filesize":132990,"url":"https:\/\/360mallorcaproperty.com\/wp-content\/uploads\/2024\/11\/IMG-20241113-WA0018-818x417.jpg"},"agent-image":{"file":"IMG-20241113-WA0018-210x210.jpg","width":210,"height":210,"mime-type":"image\/jpeg","filesize":18713,"url":"https:\/\/360mallorcaproperty.com\/wp-content\/uploads\/2024\/11\/IMG-20241113-WA0018-210x210.jpg"},"partners-logo":{"file":"IMG-20241113-WA0018-600x900.jpg","width":600,"height":900,"mime-type":"image\/jpeg","filesize":243875,"url":"https:\/\/360mallorcaproperty.com\/wp-content\/uploads\/2024\/11\/IMG-20241113-WA0018-600x900.jpg"},"post-featured-image":{"file":"IMG-20241113-WA0018-1240x720.jpg","width":1240,"height":720,"mime-type":"image\/jpeg","filesize":318942,"url":"https:\/\/360mallorcaproperty.com\/wp-content\/uploads\/2024\/11\/IMG-20241113-WA0018-1240x720.jpg"}},"image_meta":{"aperture":"0","credit":"","camera":"","caption":"","created_timestamp":"0","copyright":"","focal_length":"0","iso":"0","shutter_speed":"0","title":"","orientation":"0","keywords":[]},"ID":"29476","name":"IMG-20241113-WA0018.jpg","path":"\/home\/mallorcaproperty\/public_html\/wp-content\/uploads\/2024\/11\/IMG-20241113-WA0018.jpg","url":"https:\/\/360mallorcaproperty.com\/wp-content\/uploads\/2024\/11\/IMG-20241113-WA0018-150x150.jpg","full_url":"https:\/\/360mallorcaproperty.com\/wp-content\/uploads\/2024\/11\/IMG-20241113-WA0018.jpg","title":"IMG-20241113-WA0018","caption":"","description":"","alt":"","srcset":"https:\/\/360mallorcaproperty.com\/wp-content\/uploads\/2024\/11\/IMG-20241113-WA0018-150x150.jpg 150w, https:\/\/360mallorcaproperty.com\/wp-content\/uploads\/2024\/11\/IMG-20241113-WA0018-210x210.jpg 210w"},{"width":150,"height":150,"file":"2024\/11\/IMG-20241113-WA0019.jpg","filesize":252198,"sizes":{"medium":{"file":"IMG-20241113-WA0019-300x169.jpg","width":300,"height":169,"mime-type":"image\/jpeg","filesize":13007,"url":"https:\/\/360mallorcaproperty.com\/wp-content\/uploads\/2024\/11\/IMG-20241113-WA0019-300x169.jpg"},"large":{"file":"IMG-20241113-WA0019-1024x576.jpg","width":1024,"height":576,"mime-type":"image\/jpeg","filesize":125548,"url":"https:\/\/360mallorcaproperty.com\/wp-content\/uploads\/2024\/11\/IMG-20241113-WA0019-1024x576.jpg"},"thumbnail":{"file":"IMG-20241113-WA0019-150x150.jpg","width":150,"height":150,"mime-type":"image\/jpeg","filesize":6820,"url":"https:\/\/360mallorcaproperty.com\/wp-content\/uploads\/2024\/11\/IMG-20241113-WA0019-150x150.jpg"},"medium_large":{"file":"IMG-20241113-WA0019-768x432.jpg","width":768,"height":432,"mime-type":"image\/jpeg","filesize":73039,"url":"https:\/\/360mallorcaproperty.com\/wp-content\/uploads\/2024\/11\/IMG-20241113-WA0019-768x432.jpg"},"1536x1536":{"file":"IMG-20241113-WA0019-1536x864.jpg","width":1536,"height":864,"mime-type":"image\/jpeg","filesize":258105,"url":"https:\/\/360mallorcaproperty.com\/wp-content\/uploads\/2024\/11\/IMG-20241113-WA0019-1536x864.jpg"},"post-thumbnail":{"file":"IMG-20241113-WA0019-150x84.jpg","width":150,"height":84,"mime-type":"image\/jpeg","filesize":4219,"url":"https:\/\/360mallorcaproperty.com\/wp-content\/uploads\/2024\/11\/IMG-20241113-WA0019-150x84.jpg"},"modern-property-child-slider":{"file":"IMG-20241113-WA0019-680x510.jpg","width":680,"height":510,"mime-type":"image\/jpeg","filesize":79956,"url":"https:\/\/360mallorcaproperty.com\/wp-content\/uploads\/2024\/11\/IMG-20241113-WA0019-680x510.jpg"},"property-thumb-image":{"file":"IMG-20241113-WA0019-488x326.jpg","width":488,"height":326,"mime-type":"image\/jpeg","filesize":37326,"url":"https:\/\/360mallorcaproperty.com\/wp-content\/uploads\/2024\/11\/IMG-20241113-WA0019-488x326.jpg"},"property-detail-video-image":{"file":"IMG-20241113-WA0019-818x417.jpg","width":818,"height":417,"mime-type":"image\/jpeg","filesize":79194,"url":"https:\/\/360mallorcaproperty.com\/wp-content\/uploads\/2024\/11\/IMG-20241113-WA0019-818x417.jpg"},"agent-image":{"file":"IMG-20241113-WA0019-210x210.jpg","width":210,"height":210,"mime-type":"image\/jpeg","filesize":12290,"url":"https:\/\/360mallorcaproperty.com\/wp-content\/uploads\/2024\/11\/IMG-20241113-WA0019-210x210.jpg"},"partners-logo":{"file":"IMG-20241113-WA0019-600x900.jpg","width":600,"height":900,"mime-type":"image\/jpeg","filesize":150541,"url":"https:\/\/360mallorcaproperty.com\/wp-content\/uploads\/2024\/11\/IMG-20241113-WA0019-600x900.jpg"},"post-featured-image":{"file":"IMG-20241113-WA0019-1240x720.jpg","width":1240,"height":720,"mime-type":"image\/jpeg","filesize":184085,"url":"https:\/\/360mallorcaproperty.com\/wp-content\/uploads\/2024\/11\/IMG-20241113-WA0019-1240x720.jpg"}},"image_meta":{"aperture":"0","credit":"","camera":"","caption":"","created_timestamp":"0","copyright":"","focal_length":"0","iso":"0","shutter_speed":"0","title":"","orientation":"0","keywords":[]},"ID":"29479","name":"IMG-20241113-WA0019.jpg","path":"\/home\/mallorcaproperty\/public_html\/wp-content\/uploads\/2024\/11\/IMG-20241113-WA0019.jpg","url":"https:\/\/360mallorcaproperty.com\/wp-content\/uploads\/2024\/11\/IMG-20241113-WA0019-150x150.jpg","full_url":"https:\/\/360mallorcaproperty.com\/wp-content\/uploads\/2024\/11\/IMG-20241113-WA0019.jpg","title":"IMG-20241113-WA0019","caption":"","description":"","alt":"","srcset":"https:\/\/360mallorcaproperty.com\/wp-content\/uploads\/2024\/11\/IMG-20241113-WA0019-150x150.jpg 150w, https:\/\/360mallorcaproperty.com\/wp-content\/uploads\/2024\/11\/IMG-20241113-WA0019-210x210.jpg 210w"},{"width":150,"height":150,"file":"2024\/11\/IMG-20241113-WA0020.jpg","filesize":251624,"sizes":{"medium":{"file":"IMG-20241113-WA0020-300x169.jpg","width":300,"height":169,"mime-type":"image\/jpeg","filesize":12967,"url":"https:\/\/360mallorcaproperty.com\/wp-content\/uploads\/2024\/11\/IMG-20241113-WA0020-300x169.jpg"},"large":{"file":"IMG-20241113-WA0020-1024x576.jpg","width":1024,"height":576,"mime-type":"image\/jpeg","filesize":125125,"url":"https:\/\/360mallorcaproperty.com\/wp-content\/uploads\/2024\/11\/IMG-20241113-WA0020-1024x576.jpg"},"thumbnail":{"file":"IMG-20241113-WA0020-150x150.jpg","width":150,"height":150,"mime-type":"image\/jpeg","filesize":6804,"url":"https:\/\/360mallorcaproperty.com\/wp-content\/uploads\/2024\/11\/IMG-20241113-WA0020-150x150.jpg"},"medium_large":{"file":"IMG-20241113-WA0020-768x432.jpg","width":768,"height":432,"mime-type":"image\/jpeg","filesize":72896,"url":"https:\/\/360mallorcaproperty.com\/wp-content\/uploads\/2024\/11\/IMG-20241113-WA0020-768x432.jpg"},"1536x1536":{"file":"IMG-20241113-WA0020-1536x864.jpg","width":1536,"height":864,"mime-type":"image\/jpeg","filesize":257421,"url":"https:\/\/360mallorcaproperty.com\/wp-content\/uploads\/2024\/11\/IMG-20241113-WA0020-1536x864.jpg"},"post-thumbnail":{"file":"IMG-20241113-WA0020-150x84.jpg","width":150,"height":84,"mime-type":"image\/jpeg","filesize":4205,"url":"https:\/\/360mallorcaproperty.com\/wp-content\/uploads\/2024\/11\/IMG-20241113-WA0020-150x84.jpg"},"modern-property-child-slider":{"file":"IMG-20241113-WA0020-680x510.jpg","width":680,"height":510,"mime-type":"image\/jpeg","filesize":79630,"url":"https:\/\/360mallorcaproperty.com\/wp-content\/uploads\/2024\/11\/IMG-20241113-WA0020-680x510.jpg"},"property-thumb-image":{"file":"IMG-20241113-WA0020-488x326.jpg","width":488,"height":326,"mime-type":"image\/jpeg","filesize":37273,"url":"https:\/\/360mallorcaproperty.com\/wp-content\/uploads\/2024\/11\/IMG-20241113-WA0020-488x326.jpg"},"property-detail-video-image":{"file":"IMG-20241113-WA0020-818x417.jpg","width":818,"height":417,"mime-type":"image\/jpeg","filesize":78910,"url":"https:\/\/360mallorcaproperty.com\/wp-content\/uploads\/2024\/11\/IMG-20241113-WA0020-818x417.jpg"},"agent-image":{"file":"IMG-20241113-WA0020-210x210.jpg","width":210,"height":210,"mime-type":"image\/jpeg","filesize":12267,"url":"https:\/\/360mallorcaproperty.com\/wp-content\/uploads\/2024\/11\/IMG-20241113-WA0020-210x210.jpg"},"partners-logo":{"file":"IMG-20241113-WA0020-600x900.jpg","width":600,"height":900,"mime-type":"image\/jpeg","filesize":150608,"url":"https:\/\/360mallorcaproperty.com\/wp-content\/uploads\/2024\/11\/IMG-20241113-WA0020-600x900.jpg"},"post-featured-image":{"file":"IMG-20241113-WA0020-1240x720.jpg","width":1240,"height":720,"mime-type":"image\/jpeg","filesize":183847,"url":"https:\/\/360mallorcaproperty.com\/wp-content\/uploads\/2024\/11\/IMG-20241113-WA0020-1240x720.jpg"}},"image_meta":{"aperture":"0","credit":"","camera":"","caption":"","created_timestamp":"0","copyright":"","focal_length":"0","iso":"0","shutter_speed":"0","title":"","orientation":"0","keywords":[]},"ID":"29482","name":"IMG-20241113-WA0020.jpg","path":"\/home\/mallorcaproperty\/public_html\/wp-content\/uploads\/2024\/11\/IMG-20241113-WA0020.jpg","url":"https:\/\/360mallorcaproperty.com\/wp-content\/uploads\/2024\/11\/IMG-20241113-WA0020-150x150.jpg","full_url":"https:\/\/360mallorcaproperty.com\/wp-content\/uploads\/2024\/11\/IMG-20241113-WA0020.jpg","title":"IMG-20241113-WA0020","caption":"","description":"","alt":"","srcset":"https:\/\/360mallorcaproperty.com\/wp-content\/uploads\/2024\/11\/IMG-20241113-WA0020-150x150.jpg 150w, https:\/\/360mallorcaproperty.com\/wp-content\/uploads\/2024\/11\/IMG-20241113-WA0020-210x210.jpg 210w"},{"width":150,"height":150,"file":"2024\/11\/Screenshot-140.png","filesize":9562969,"sizes":{"medium":{"file":"Screenshot-140-300x200.png","width":300,"height":200,"mime-type":"image\/png","filesize":172188,"url":"https:\/\/360mallorcaproperty.com\/wp-content\/uploads\/2024\/11\/Screenshot-140-300x200.png"},"large":{"file":"Screenshot-140-1024x683.png","width":1024,"height":683,"mime-type":"image\/png","filesize":1755907,"url":"https:\/\/360mallorcaproperty.com\/wp-content\/uploads\/2024\/11\/Screenshot-140-1024x683.png"},"thumbnail":{"file":"Screenshot-140-150x150.png","width":150,"height":150,"mime-type":"image\/png","filesize":66466,"url":"https:\/\/360mallorcaproperty.com\/wp-content\/uploads\/2024\/11\/Screenshot-140-150x150.png"},"medium_large":{"file":"Screenshot-140-768x512.png","width":768,"height":512,"mime-type":"image\/png","filesize":1036352,"url":"https:\/\/360mallorcaproperty.com\/wp-content\/uploads\/2024\/11\/Screenshot-140-768x512.png"},"1536x1536":{"file":"Screenshot-140-1536x1024.png","width":1536,"height":1024,"mime-type":"image\/png","filesize":3579545,"url":"https:\/\/360mallorcaproperty.com\/wp-content\/uploads\/2024\/11\/Screenshot-140-1536x1024.png"},"2048x2048":{"file":"Screenshot-140-2048x1365.png","width":2048,"height":1365,"mime-type":"image\/png","filesize":5821141,"url":"https:\/\/360mallorcaproperty.com\/wp-content\/uploads\/2024\/11\/Screenshot-140-2048x1365.png"},"post-thumbnail":{"file":"Screenshot-140-150x100.png","width":150,"height":100,"mime-type":"image\/png","filesize":44223,"url":"https:\/\/360mallorcaproperty.com\/wp-content\/uploads\/2024\/11\/Screenshot-140-150x100.png"},"modern-property-child-slider":{"file":"Screenshot-140-680x510.png","width":680,"height":510,"mime-type":"image\/png","filesize":924987,"url":"https:\/\/360mallorcaproperty.com\/wp-content\/uploads\/2024\/11\/Screenshot-140-680x510.png"},"property-thumb-image":{"file":"Screenshot-140-488x326.png","width":488,"height":326,"mime-type":"image\/png","filesize":441378,"url":"https:\/\/360mallorcaproperty.com\/wp-content\/uploads\/2024\/11\/Screenshot-140-488x326.png"},"property-detail-video-image":{"file":"Screenshot-140-818x417.png","width":818,"height":417,"mime-type":"image\/png","filesize":892863,"url":"https:\/\/360mallorcaproperty.com\/wp-content\/uploads\/2024\/11\/Screenshot-140-818x417.png"},"agent-image":{"file":"Screenshot-140-210x210.png","width":210,"height":210,"mime-type":"image\/png","filesize":128374,"url":"https:\/\/360mallorcaproperty.com\/wp-content\/uploads\/2024\/11\/Screenshot-140-210x210.png"},"partners-logo":{"file":"Screenshot-140-600x1824.png","width":600,"height":1824,"mime-type":"image\/png","filesize":2124747,"url":"https:\/\/360mallorcaproperty.com\/wp-content\/uploads\/2024\/11\/Screenshot-140-600x1824.png"},"post-featured-image":{"file":"Screenshot-140-1240x720.png","width":1240,"height":720,"mime-type":"image\/png","filesize":2152728,"url":"https:\/\/360mallorcaproperty.com\/wp-content\/uploads\/2024\/11\/Screenshot-140-1240x720.png"}},"image_meta":{"aperture":"0","credit":"","camera":"","caption":"","created_timestamp":"0","copyright":"","focal_length":"0","iso":"0","shutter_speed":"0","title":"","orientation":"0","keywords":[]},"ID":"29485","name":"Screenshot-140.png","path":"\/home\/mallorcaproperty\/public_html\/wp-content\/uploads\/2024\/11\/Screenshot-140.png","url":"https:\/\/360mallorcaproperty.com\/wp-content\/uploads\/2024\/11\/Screenshot-140-150x150.png","full_url":"https:\/\/360mallorcaproperty.com\/wp-content\/uploads\/2024\/11\/Screenshot-140.png","title":"Screenshot (140)","caption":"","description":"","alt":"","srcset":"https:\/\/360mallorcaproperty.com\/wp-content\/uploads\/2024\/11\/Screenshot-140-150x150.png 150w, https:\/\/360mallorcaproperty.com\/wp-content\/uploads\/2024\/11\/Screenshot-140-210x210.png 210w"},{"width":150,"height":150,"file":"2024\/11\/IMG-20241113-WA0009.jpg","filesize":286810,"sizes":{"medium":{"file":"IMG-20241113-WA0009-300x169.jpg","width":300,"height":169,"mime-type":"image\/jpeg","filesize":13826,"url":"https:\/\/360mallorcaproperty.com\/wp-content\/uploads\/2024\/11\/IMG-20241113-WA0009-300x169.jpg"},"large":{"file":"IMG-20241113-WA0009-1024x576.jpg","width":1024,"height":576,"mime-type":"image\/jpeg","filesize":141611,"url":"https:\/\/360mallorcaproperty.com\/wp-content\/uploads\/2024\/11\/IMG-20241113-WA0009-1024x576.jpg"},"thumbnail":{"file":"IMG-20241113-WA0009-150x150.jpg","width":150,"height":150,"mime-type":"image\/jpeg","filesize":6236,"url":"https:\/\/360mallorcaproperty.com\/wp-content\/uploads\/2024\/11\/IMG-20241113-WA0009-150x150.jpg"},"medium_large":{"file":"IMG-20241113-WA0009-768x432.jpg","width":768,"height":432,"mime-type":"image\/jpeg","filesize":81904,"url":"https:\/\/360mallorcaproperty.com\/wp-content\/uploads\/2024\/11\/IMG-20241113-WA0009-768x432.jpg"},"1536x1536":{"file":"IMG-20241113-WA0009-1536x864.jpg","width":1536,"height":864,"mime-type":"image\/jpeg","filesize":291531,"url":"https:\/\/360mallorcaproperty.com\/wp-content\/uploads\/2024\/11\/IMG-20241113-WA0009-1536x864.jpg"},"post-thumbnail":{"file":"IMG-20241113-WA0009-150x84.jpg","width":150,"height":84,"mime-type":"image\/jpeg","filesize":4210,"url":"https:\/\/360mallorcaproperty.com\/wp-content\/uploads\/2024\/11\/IMG-20241113-WA0009-150x84.jpg"},"modern-property-child-slider":{"file":"IMG-20241113-WA0009-680x510.jpg","width":680,"height":510,"mime-type":"image\/jpeg","filesize":83206,"url":"https:\/\/360mallorcaproperty.com\/wp-content\/uploads\/2024\/11\/IMG-20241113-WA0009-680x510.jpg"},"property-thumb-image":{"file":"IMG-20241113-WA0009-488x326.jpg","width":488,"height":326,"mime-type":"image\/jpeg","filesize":39972,"url":"https:\/\/360mallorcaproperty.com\/wp-content\/uploads\/2024\/11\/IMG-20241113-WA0009-488x326.jpg"},"property-detail-video-image":{"file":"IMG-20241113-WA0009-818x417.jpg","width":818,"height":417,"mime-type":"image\/jpeg","filesize":86968,"url":"https:\/\/360mallorcaproperty.com\/wp-content\/uploads\/2024\/11\/IMG-20241113-WA0009-818x417.jpg"},"agent-image":{"file":"IMG-20241113-WA0009-210x210.jpg","width":210,"height":210,"mime-type":"image\/jpeg","filesize":11373,"url":"https:\/\/360mallorcaproperty.com\/wp-content\/uploads\/2024\/11\/IMG-20241113-WA0009-210x210.jpg"},"partners-logo":{"file":"IMG-20241113-WA0009-600x900.jpg","width":600,"height":900,"mime-type":"image\/jpeg","filesize":126354,"url":"https:\/\/360mallorcaproperty.com\/wp-content\/uploads\/2024\/11\/IMG-20241113-WA0009-600x900.jpg"},"post-featured-image":{"file":"IMG-20241113-WA0009-1240x720.jpg","width":1240,"height":720,"mime-type":"image\/jpeg","filesize":207991,"url":"https:\/\/360mallorcaproperty.com\/wp-content\/uploads\/2024\/11\/IMG-20241113-WA0009-1240x720.jpg"}},"image_meta":{"aperture":"0","credit":"","camera":"","caption":"","created_timestamp":"0","copyright":"","focal_length":"0","iso":"0","shutter_speed":"0","title":"","orientation":"0","keywords":[]},"ID":"29488","name":"IMG-20241113-WA0009.jpg","path":"\/home\/mallorcaproperty\/public_html\/wp-content\/uploads\/2024\/11\/IMG-20241113-WA0009.jpg","url":"https:\/\/360mallorcaproperty.com\/wp-content\/uploads\/2024\/11\/IMG-20241113-WA0009-150x150.jpg","full_url":"https:\/\/360mallorcaproperty.com\/wp-content\/uploads\/2024\/11\/IMG-20241113-WA0009.jpg","title":"IMG-20241113-WA0009","caption":"","description":"","alt":"","srcset":"https:\/\/360mallorcaproperty.com\/wp-content\/uploads\/2024\/11\/IMG-20241113-WA0009-150x150.jpg 150w, https:\/\/360mallorcaproperty.com\/wp-content\/uploads\/2024\/11\/IMG-20241113-WA0009-210x210.jpg 210w"},{"width":150,"height":150,"file":"2024\/11\/IMG-20241113-WA0010.jpg","filesize":271491,"sizes":{"medium":{"file":"IMG-20241113-WA0010-300x169.jpg","width":300,"height":169,"mime-type":"image\/jpeg","filesize":13417,"url":"https:\/\/360mallorcaproperty.com\/wp-content\/uploads\/2024\/11\/IMG-20241113-WA0010-300x169.jpg"},"large":{"file":"IMG-20241113-WA0010-1024x576.jpg","width":1024,"height":576,"mime-type":"image\/jpeg","filesize":135373,"url":"https:\/\/360mallorcaproperty.com\/wp-content\/uploads\/2024\/11\/IMG-20241113-WA0010-1024x576.jpg"},"thumbnail":{"file":"IMG-20241113-WA0010-150x150.jpg","width":150,"height":150,"mime-type":"image\/jpeg","filesize":6062,"url":"https:\/\/360mallorcaproperty.com\/wp-content\/uploads\/2024\/11\/IMG-20241113-WA0010-150x150.jpg"},"medium_large":{"file":"IMG-20241113-WA0010-768x432.jpg","width":768,"height":432,"mime-type":"image\/jpeg","filesize":78862,"url":"https:\/\/360mallorcaproperty.com\/wp-content\/uploads\/2024\/11\/IMG-20241113-WA0010-768x432.jpg"},"1536x1536":{"file":"IMG-20241113-WA0010-1536x864.jpg","width":1536,"height":864,"mime-type":"image\/jpeg","filesize":276710,"url":"https:\/\/360mallorcaproperty.com\/wp-content\/uploads\/2024\/11\/IMG-20241113-WA0010-1536x864.jpg"},"post-thumbnail":{"file":"IMG-20241113-WA0010-150x84.jpg","width":150,"height":84,"mime-type":"image\/jpeg","filesize":4109,"url":"https:\/\/360mallorcaproperty.com\/wp-content\/uploads\/2024\/11\/IMG-20241113-WA0010-150x84.jpg"},"modern-property-child-slider":{"file":"IMG-20241113-WA0010-680x510.jpg","width":680,"height":510,"mime-type":"image\/jpeg","filesize":81413,"url":"https:\/\/360mallorcaproperty.com\/wp-content\/uploads\/2024\/11\/IMG-20241113-WA0010-680x510.jpg"},"property-thumb-image":{"file":"IMG-20241113-WA0010-488x326.jpg","width":488,"height":326,"mime-type":"image\/jpeg","filesize":38451,"url":"https:\/\/360mallorcaproperty.com\/wp-content\/uploads\/2024\/11\/IMG-20241113-WA0010-488x326.jpg"},"property-detail-video-image":{"file":"IMG-20241113-WA0010-818x417.jpg","width":818,"height":417,"mime-type":"image\/jpeg","filesize":83314,"url":"https:\/\/360mallorcaproperty.com\/wp-content\/uploads\/2024\/11\/IMG-20241113-WA0010-818x417.jpg"},"agent-image":{"file":"IMG-20241113-WA0010-210x210.jpg","width":210,"height":210,"mime-type":"image\/jpeg","filesize":11284,"url":"https:\/\/360mallorcaproperty.com\/wp-content\/uploads\/2024\/11\/IMG-20241113-WA0010-210x210.jpg"},"partners-logo":{"file":"IMG-20241113-WA0010-600x900.jpg","width":600,"height":900,"mime-type":"image\/jpeg","filesize":137125,"url":"https:\/\/360mallorcaproperty.com\/wp-content\/uploads\/2024\/11\/IMG-20241113-WA0010-600x900.jpg"},"post-featured-image":{"file":"IMG-20241113-WA0010-1240x720.jpg","width":1240,"height":720,"mime-type":"image\/jpeg","filesize":197356,"url":"https:\/\/360mallorcaproperty.com\/wp-content\/uploads\/2024\/11\/IMG-20241113-WA0010-1240x720.jpg"}},"image_meta":{"aperture":"0","credit":"","camera":"","caption":"","created_timestamp":"0","copyright":"","focal_length":"0","iso":"0","shutter_speed":"0","title":"","orientation":"0","keywords":[]},"ID":"29491","name":"IMG-20241113-WA0010.jpg","path":"\/home\/mallorcaproperty\/public_html\/wp-content\/uploads\/2024\/11\/IMG-20241113-WA0010.jpg","url":"https:\/\/360mallorcaproperty.com\/wp-content\/uploads\/2024\/11\/IMG-20241113-WA0010-150x150.jpg","full_url":"https:\/\/360mallorcaproperty.com\/wp-content\/uploads\/2024\/11\/IMG-20241113-WA0010.jpg","title":"IMG-20241113-WA0010","caption":"","description":"","alt":"","srcset":"https:\/\/360mallorcaproperty.com\/wp-content\/uploads\/2024\/11\/IMG-20241113-WA0010-150x150.jpg 150w, https:\/\/360mallorcaproperty.com\/wp-content\/uploads\/2024\/11\/IMG-20241113-WA0010-210x210.jpg 210w"},{"width":150,"height":150,"file":"2024\/11\/IMG-20241113-WA0011.jpg","filesize":179334,"sizes":{"medium":{"file":"IMG-20241113-WA0011-300x169.jpg","width":300,"height":169,"mime-type":"image\/jpeg","filesize":9686,"url":"https:\/\/360mallorcaproperty.com\/wp-content\/uploads\/2024\/11\/IMG-20241113-WA0011-300x169.jpg"},"large":{"file":"IMG-20241113-WA0011-1024x576.jpg","width":1024,"height":576,"mime-type":"image\/jpeg","filesize":89613,"url":"https:\/\/360mallorcaproperty.com\/wp-content\/uploads\/2024\/11\/IMG-20241113-WA0011-1024x576.jpg"},"thumbnail":{"file":"IMG-20241113-WA0011-150x150.jpg","width":150,"height":150,"mime-type":"image\/jpeg","filesize":4810,"url":"https:\/\/360mallorcaproperty.com\/wp-content\/uploads\/2024\/11\/IMG-20241113-WA0011-150x150.jpg"},"medium_large":{"file":"IMG-20241113-WA0011-768x432.jpg","width":768,"height":432,"mime-type":"image\/jpeg","filesize":51871,"url":"https:\/\/360mallorcaproperty.com\/wp-content\/uploads\/2024\/11\/IMG-20241113-WA0011-768x432.jpg"},"1536x1536":{"file":"IMG-20241113-WA0011-1536x864.jpg","width":1536,"height":864,"mime-type":"image\/jpeg","filesize":185938,"url":"https:\/\/360mallorcaproperty.com\/wp-content\/uploads\/2024\/11\/IMG-20241113-WA0011-1536x864.jpg"},"post-thumbnail":{"file":"IMG-20241113-WA0011-150x84.jpg","width":150,"height":84,"mime-type":"image\/jpeg","filesize":3453,"url":"https:\/\/360mallorcaproperty.com\/wp-content\/uploads\/2024\/11\/IMG-20241113-WA0011-150x84.jpg"},"modern-property-child-slider":{"file":"IMG-20241113-WA0011-680x510.jpg","width":680,"height":510,"mime-type":"image\/jpeg","filesize":55705,"url":"https:\/\/360mallorcaproperty.com\/wp-content\/uploads\/2024\/11\/IMG-20241113-WA0011-680x510.jpg"},"property-thumb-image":{"file":"IMG-20241113-WA0011-488x326.jpg","width":488,"height":326,"mime-type":"image\/jpeg","filesize":26488,"url":"https:\/\/360mallorcaproperty.com\/wp-content\/uploads\/2024\/11\/IMG-20241113-WA0011-488x326.jpg"},"property-detail-video-image":{"file":"IMG-20241113-WA0011-818x417.jpg","width":818,"height":417,"mime-type":"image\/jpeg","filesize":54376,"url":"https:\/\/360mallorcaproperty.com\/wp-content\/uploads\/2024\/11\/IMG-20241113-WA0011-818x417.jpg"},"agent-image":{"file":"IMG-20241113-WA0011-210x210.jpg","width":210,"height":210,"mime-type":"image\/jpeg","filesize":8377,"url":"https:\/\/360mallorcaproperty.com\/wp-content\/uploads\/2024\/11\/IMG-20241113-WA0011-210x210.jpg"},"partners-logo":{"file":"IMG-20241113-WA0011-600x900.jpg","width":600,"height":900,"mime-type":"image\/jpeg","filesize":93794,"url":"https:\/\/360mallorcaproperty.com\/wp-content\/uploads\/2024\/11\/IMG-20241113-WA0011-600x900.jpg"},"post-featured-image":{"file":"IMG-20241113-WA0011-1240x720.jpg","width":1240,"height":720,"mime-type":"image\/jpeg","filesize":131870,"url":"https:\/\/360mallorcaproperty.com\/wp-content\/uploads\/2024\/11\/IMG-20241113-WA0011-1240x720.jpg"}},"image_meta":{"aperture":"0","credit":"","camera":"","caption":"","created_timestamp":"0","copyright":"","focal_length":"0","iso":"0","shutter_speed":"0","title":"","orientation":"0","keywords":[]},"ID":"29494","name":"IMG-20241113-WA0011.jpg","path":"\/home\/mallorcaproperty\/public_html\/wp-content\/uploads\/2024\/11\/IMG-20241113-WA0011.jpg","url":"https:\/\/360mallorcaproperty.com\/wp-content\/uploads\/2024\/11\/IMG-20241113-WA0011-150x150.jpg","full_url":"https:\/\/360mallorcaproperty.com\/wp-content\/uploads\/2024\/11\/IMG-20241113-WA0011.jpg","title":"IMG-20241113-WA0011","caption":"","description":"","alt":"","srcset":"https:\/\/360mallorcaproperty.com\/wp-content\/uploads\/2024\/11\/IMG-20241113-WA0011-150x150.jpg 150w, https:\/\/360mallorcaproperty.com\/wp-content\/uploads\/2024\/11\/IMG-20241113-WA0011-210x210.jpg 210w"},{"width":150,"height":150,"file":"2024\/11\/IMG-20241113-WA0012.jpg","filesize":182498,"sizes":{"medium":{"file":"IMG-20241113-WA0012-300x169.jpg","width":300,"height":169,"mime-type":"image\/jpeg","filesize":10191,"url":"https:\/\/360mallorcaproperty.com\/wp-content\/uploads\/2024\/11\/IMG-20241113-WA0012-300x169.jpg"},"large":{"file":"IMG-20241113-WA0012-1024x576.jpg","width":1024,"height":576,"mime-type":"image\/jpeg","filesize":91987,"url":"https:\/\/360mallorcaproperty.com\/wp-content\/uploads\/2024\/11\/IMG-20241113-WA0012-1024x576.jpg"},"thumbnail":{"file":"IMG-20241113-WA0012-150x150.jpg","width":150,"height":150,"mime-type":"image\/jpeg","filesize":4655,"url":"https:\/\/360mallorcaproperty.com\/wp-content\/uploads\/2024\/11\/IMG-20241113-WA0012-150x150.jpg"},"medium_large":{"file":"IMG-20241113-WA0012-768x432.jpg","width":768,"height":432,"mime-type":"image\/jpeg","filesize":53928,"url":"https:\/\/360mallorcaproperty.com\/wp-content\/uploads\/2024\/11\/IMG-20241113-WA0012-768x432.jpg"},"1536x1536":{"file":"IMG-20241113-WA0012-1536x864.jpg","width":1536,"height":864,"mime-type":"image\/jpeg","filesize":189410,"url":"https:\/\/360mallorcaproperty.com\/wp-content\/uploads\/2024\/11\/IMG-20241113-WA0012-1536x864.jpg"},"post-thumbnail":{"file":"IMG-20241113-WA0012-150x84.jpg","width":150,"height":84,"mime-type":"image\/jpeg","filesize":3555,"url":"https:\/\/360mallorcaproperty.com\/wp-content\/uploads\/2024\/11\/IMG-20241113-WA0012-150x84.jpg"},"modern-property-child-slider":{"file":"IMG-20241113-WA0012-680x510.jpg","width":680,"height":510,"mime-type":"image\/jpeg","filesize":53146,"url":"https:\/\/360mallorcaproperty.com\/wp-content\/uploads\/2024\/11\/IMG-20241113-WA0012-680x510.jpg"},"property-thumb-image":{"file":"IMG-20241113-WA0012-488x326.jpg","width":488,"height":326,"mime-type":"image\/jpeg","filesize":26113,"url":"https:\/\/360mallorcaproperty.com\/wp-content\/uploads\/2024\/11\/IMG-20241113-WA0012-488x326.jpg"},"property-detail-video-image":{"file":"IMG-20241113-WA0012-818x417.jpg","width":818,"height":417,"mime-type":"image\/jpeg","filesize":56293,"url":"https:\/\/360mallorcaproperty.com\/wp-content\/uploads\/2024\/11\/IMG-20241113-WA0012-818x417.jpg"},"agent-image":{"file":"IMG-20241113-WA0012-210x210.jpg","width":210,"height":210,"mime-type":"image\/jpeg","filesize":8134,"url":"https:\/\/360mallorcaproperty.com\/wp-content\/uploads\/2024\/11\/IMG-20241113-WA0012-210x210.jpg"},"partners-logo":{"file":"IMG-20241113-WA0012-600x900.jpg","width":600,"height":900,"mime-type":"image\/jpeg","filesize":90603,"url":"https:\/\/360mallorcaproperty.com\/wp-content\/uploads\/2024\/11\/IMG-20241113-WA0012-600x900.jpg"},"post-featured-image":{"file":"IMG-20241113-WA0012-1240x720.jpg","width":1240,"height":720,"mime-type":"image\/jpeg","filesize":133795,"url":"https:\/\/360mallorcaproperty.com\/wp-content\/uploads\/2024\/11\/IMG-20241113-WA0012-1240x720.jpg"}},"image_meta":{"aperture":"0","credit":"","camera":"","caption":"","created_timestamp":"0","copyright":"","focal_length":"0","iso":"0","shutter_speed":"0","title":"","orientation":"0","keywords":[]},"ID":"29497","name":"IMG-20241113-WA0012.jpg","path":"\/home\/mallorcaproperty\/public_html\/wp-content\/uploads\/2024\/11\/IMG-20241113-WA0012.jpg","url":"https:\/\/360mallorcaproperty.com\/wp-content\/uploads\/2024\/11\/IMG-20241113-WA0012-150x150.jpg","full_url":"https:\/\/360mallorcaproperty.com\/wp-content\/uploads\/2024\/11\/IMG-20241113-WA0012.jpg","title":"IMG-20241113-WA0012","caption":"","description":"","alt":"","srcset":"https:\/\/360mallorcaproperty.com\/wp-content\/uploads\/2024\/11\/IMG-20241113-WA0012-150x150.jpg 150w, https:\/\/360mallorcaproperty.com\/wp-content\/uploads\/2024\/11\/IMG-20241113-WA0012-210x210.jpg 210w"},{"width":150,"height":150,"file":"2024\/11\/IMG-20241113-WA0013.jpg","filesize":303945,"sizes":{"medium":{"file":"IMG-20241113-WA0013-300x169.jpg","width":300,"height":169,"mime-type":"image\/jpeg","filesize":14990,"url":"https:\/\/360mallorcaproperty.com\/wp-content\/uploads\/2024\/11\/IMG-20241113-WA0013-300x169.jpg"},"large":{"file":"IMG-20241113-WA0013-1024x576.jpg","width":1024,"height":576,"mime-type":"image\/jpeg","filesize":151193,"url":"https:\/\/360mallorcaproperty.com\/wp-content\/uploads\/2024\/11\/IMG-20241113-WA0013-1024x576.jpg"},"thumbnail":{"file":"IMG-20241113-WA0013-150x150.jpg","width":150,"height":150,"mime-type":"image\/jpeg","filesize":7334,"url":"https:\/\/360mallorcaproperty.com\/wp-content\/uploads\/2024\/11\/IMG-20241113-WA0013-150x150.jpg"},"medium_large":{"file":"IMG-20241113-WA0013-768x432.jpg","width":768,"height":432,"mime-type":"image\/jpeg","filesize":87867,"url":"https:\/\/360mallorcaproperty.com\/wp-content\/uploads\/2024\/11\/IMG-20241113-WA0013-768x432.jpg"},"1536x1536":{"file":"IMG-20241113-WA0013-1536x864.jpg","width":1536,"height":864,"mime-type":"image\/jpeg","filesize":308964,"url":"https:\/\/360mallorcaproperty.com\/wp-content\/uploads\/2024\/11\/IMG-20241113-WA0013-1536x864.jpg"},"post-thumbnail":{"file":"IMG-20241113-WA0013-150x84.jpg","width":150,"height":84,"mime-type":"image\/jpeg","filesize":4552,"url":"https:\/\/360mallorcaproperty.com\/wp-content\/uploads\/2024\/11\/IMG-20241113-WA0013-150x84.jpg"},"modern-property-child-slider":{"file":"IMG-20241113-WA0013-680x510.jpg","width":680,"height":510,"mime-type":"image\/jpeg","filesize":95796,"url":"https:\/\/360mallorcaproperty.com\/wp-content\/uploads\/2024\/11\/IMG-20241113-WA0013-680x510.jpg"},"property-thumb-image":{"file":"IMG-20241113-WA0013-488x326.jpg","width":488,"height":326,"mime-type":"image\/jpeg","filesize":44733,"url":"https:\/\/360mallorcaproperty.com\/wp-content\/uploads\/2024\/11\/IMG-20241113-WA0013-488x326.jpg"},"property-detail-video-image":{"file":"IMG-20241113-WA0013-818x417.jpg","width":818,"height":417,"mime-type":"image\/jpeg","filesize":92740,"url":"https:\/\/360mallorcaproperty.com\/wp-content\/uploads\/2024\/11\/IMG-20241113-WA0013-818x417.jpg"},"agent-image":{"file":"IMG-20241113-WA0013-210x210.jpg","width":210,"height":210,"mime-type":"image\/jpeg","filesize":13704,"url":"https:\/\/360mallorcaproperty.com\/wp-content\/uploads\/2024\/11\/IMG-20241113-WA0013-210x210.jpg"},"partners-logo":{"file":"IMG-20241113-WA0013-600x900.jpg","width":600,"height":900,"mime-type":"image\/jpeg","filesize":171940,"url":"https:\/\/360mallorcaproperty.com\/wp-content\/uploads\/2024\/11\/IMG-20241113-WA0013-600x900.jpg"},"post-featured-image":{"file":"IMG-20241113-WA0013-1240x720.jpg","width":1240,"height":720,"mime-type":"image\/jpeg","filesize":221343,"url":"https:\/\/360mallorcaproperty.com\/wp-content\/uploads\/2024\/11\/IMG-20241113-WA0013-1240x720.jpg"}},"image_meta":{"aperture":"0","credit":"","camera":"","caption":"","created_timestamp":"0","copyright":"","focal_length":"0","iso":"0","shutter_speed":"0","title":"","orientation":"0","keywords":[]},"ID":"29500","name":"IMG-20241113-WA0013.jpg","path":"\/home\/mallorcaproperty\/public_html\/wp-content\/uploads\/2024\/11\/IMG-20241113-WA0013.jpg","url":"https:\/\/360mallorcaproperty.com\/wp-content\/uploads\/2024\/11\/IMG-20241113-WA0013-150x150.jpg","full_url":"https:\/\/360mallorcaproperty.com\/wp-content\/uploads\/2024\/11\/IMG-20241113-WA0013.jpg","title":"IMG-20241113-WA0013","caption":"","description":"","alt":"","srcset":"https:\/\/360mallorcaproperty.com\/wp-content\/uploads\/2024\/11\/IMG-20241113-WA0013-150x150.jpg 150w, https:\/\/360mallorcaproperty.com\/wp-content\/uploads\/2024\/11\/IMG-20241113-WA0013-210x210.jpg 210w"},{"width":150,"height":150,"file":"2024\/11\/IMG-20241113-WA0014.jpg","filesize":401109,"sizes":{"medium":{"file":"IMG-20241113-WA0014-300x169.jpg","width":300,"height":169,"mime-type":"image\/jpeg","filesize":17011,"url":"https:\/\/360mallorcaproperty.com\/wp-content\/uploads\/2024\/11\/IMG-20241113-WA0014-300x169.jpg"},"large":{"file":"IMG-20241113-WA0014-1024x576.jpg","width":1024,"height":576,"mime-type":"image\/jpeg","filesize":193201,"url":"https:\/\/360mallorcaproperty.com\/wp-content\/uploads\/2024\/11\/IMG-20241113-WA0014-1024x576.jpg"},"thumbnail":{"file":"IMG-20241113-WA0014-150x150.jpg","width":150,"height":150,"mime-type":"image\/jpeg","filesize":8745,"url":"https:\/\/360mallorcaproperty.com\/wp-content\/uploads\/2024\/11\/IMG-20241113-WA0014-150x150.jpg"},"medium_large":{"file":"IMG-20241113-WA0014-768x432.jpg","width":768,"height":432,"mime-type":"image\/jpeg","filesize":110212,"url":"https:\/\/360mallorcaproperty.com\/wp-content\/uploads\/2024\/11\/IMG-20241113-WA0014-768x432.jpg"},"1536x1536":{"file":"IMG-20241113-WA0014-1536x864.jpg","width":1536,"height":864,"mime-type":"image\/jpeg","filesize":402425,"url":"https:\/\/360mallorcaproperty.com\/wp-content\/uploads\/2024\/11\/IMG-20241113-WA0014-1536x864.jpg"},"post-thumbnail":{"file":"IMG-20241113-WA0014-150x84.jpg","width":150,"height":84,"mime-type":"image\/jpeg","filesize":4835,"url":"https:\/\/360mallorcaproperty.com\/wp-content\/uploads\/2024\/11\/IMG-20241113-WA0014-150x84.jpg"},"modern-property-child-slider":{"file":"IMG-20241113-WA0014-680x510.jpg","width":680,"height":510,"mime-type":"image\/jpeg","filesize":124789,"url":"https:\/\/360mallorcaproperty.com\/wp-content\/uploads\/2024\/11\/IMG-20241113-WA0014-680x510.jpg"},"property-thumb-image":{"file":"IMG-20241113-WA0014-488x326.jpg","width":488,"height":326,"mime-type":"image\/jpeg","filesize":55436,"url":"https:\/\/360mallorcaproperty.com\/wp-content\/uploads\/2024\/11\/IMG-20241113-WA0014-488x326.jpg"},"property-detail-video-image":{"file":"IMG-20241113-WA0014-818x417.jpg","width":818,"height":417,"mime-type":"image\/jpeg","filesize":113716,"url":"https:\/\/360mallorcaproperty.com\/wp-content\/uploads\/2024\/11\/IMG-20241113-WA0014-818x417.jpg"},"agent-image":{"file":"IMG-20241113-WA0014-210x210.jpg","width":210,"height":210,"mime-type":"image\/jpeg","filesize":16804,"url":"https:\/\/360mallorcaproperty.com\/wp-content\/uploads\/2024\/11\/IMG-20241113-WA0014-210x210.jpg"},"partners-logo":{"file":"IMG-20241113-WA0014-600x900.jpg","width":600,"height":900,"mime-type":"image\/jpeg","filesize":233270,"url":"https:\/\/360mallorcaproperty.com\/wp-content\/uploads\/2024\/11\/IMG-20241113-WA0014-600x900.jpg"},"post-featured-image":{"file":"IMG-20241113-WA0014-1240x720.jpg","width":1240,"height":720,"mime-type":"image\/jpeg","filesize":287745,"url":"https:\/\/360mallorcaproperty.com\/wp-content\/uploads\/2024\/11\/IMG-20241113-WA0014-1240x720.jpg"}},"image_meta":{"aperture":"0","credit":"","camera":"","caption":"","created_timestamp":"0","copyright":"","focal_length":"0","iso":"0","shutter_speed":"0","title":"","orientation":"0","keywords":[]},"ID":"29503","name":"IMG-20241113-WA0014.jpg","path":"\/home\/mallorcaproperty\/public_html\/wp-content\/uploads\/2024\/11\/IMG-20241113-WA0014.jpg","url":"https:\/\/360mallorcaproperty.com\/wp-content\/uploads\/2024\/11\/IMG-20241113-WA0014-150x150.jpg","full_url":"https:\/\/360mallorcaproperty.com\/wp-content\/uploads\/2024\/11\/IMG-20241113-WA0014.jpg","title":"IMG-20241113-WA0014","caption":"","description":"","alt":"","srcset":"https:\/\/360mallorcaproperty.com\/wp-content\/uploads\/2024\/11\/IMG-20241113-WA0014-150x150.jpg 150w, https:\/\/360mallorcaproperty.com\/wp-content\/uploads\/2024\/11\/IMG-20241113-WA0014-210x210.jpg 210w"}],"REAL_HOMES_change_gallery_slider_type":"0","REAL_HOMES_gallery_slider_type":"thumb-on-right","inspiry_floor_plans":[],"inspiry_video_group":[],"REAL_HOMES_360_virtual_tour":"","REAL_HOMES_agent_display_option":"none","REAL_HOMES_agents":[],"REAL_HOMES_energy_class":"none","REAL_HOMES_energy_performance":"","REAL_HOMES_epc_current_rating":"","REAL_HOMES_epc_potential_rating":"","ere_property_schedule_tour":"global","ere_property_schedule_time_slots":"","ere_property_schedule_description":"","REAL_HOMES_sticky":"0","inspiry_property_label":"","inspiry_property_label_color":"","inspiry_property_tax":"","inspiry_additional_fee":"","REAL_HOMES_attachments":[],"inspiry_property_owner_name":"","inspiry_property_owner_contact":"","inspiry_property_owner_address":"","REAL_HOMES_property_private_note":"","inspiry_message_to_reviewer":"","REAL_HOMES_add_in_slider":"no","REAL_HOMES_slider_image":[],"REAL_HOMES_page_banner_image":[],"REAL_HOMES_hide_property_advance_search":"0","inspiry_offmarket":[],"REAL_HOMES_custom_header_display":"default","REAL_HOMES_custom_header_position":"relative","REAL_HOMES_custom_footer_display":"default","REAL_HOMES_hide_advance_search":"0","REAL_HOMES_custom_search_form":"default","REAL_HOMES_search_form_margin_top":"","REAL_HOMES_search_form_margin_bottom":""},"_links":{"self":[{"href":"https:\/\/360mallorcaproperty.com\/es\/wp-json\/wp\/v2\/property\/29508","targetHints":{"allow":["GET"]}}],"collection":[{"href":"https:\/\/360mallorcaproperty.com\/es\/wp-json\/wp\/v2\/property"}],"about":[{"href":"https:\/\/360mallorcaproperty.com\/es\/wp-json\/wp\/v2\/types\/property"}],"author":[{"embeddable":true,"href":"https:\/\/360mallorcaproperty.com\/es\/wp-json\/wp\/v2\/users\/1"}],"replies":[{"embeddable":true,"href":"https:\/\/360mallorcaproperty.com\/es\/wp-json\/wp\/v2\/comments?post=29508"}],"version-history":[{"count":0,"href":"https:\/\/360mallorcaproperty.com\/es\/wp-json\/wp\/v2\/property\/29508\/revisions"}],"wp:featuredmedia":[{"embeddable":true,"href":"https:\/\/360mallorcaproperty.com\/es\/wp-json\/wp\/v2\/media\/29487"}],"wp:attachment":[{"href":"https:\/\/360mallorcaproperty.com\/es\/wp-json\/wp\/v2\/media?parent=29508"}],"wp:term":[{"taxonomy":"property-feature","embeddable":true,"href":"https:\/\/360mallorcaproperty.com\/es\/wp-json\/wp\/v2\/property-feature?post=29508"},{"taxonomy":"property-type","embeddable":true,"href":"https:\/\/360mallorcaproperty.com\/es\/wp-json\/wp\/v2\/property-type?post=29508"},{"taxonomy":"property-city","embeddable":true,"href":"https:\/\/360mallorcaproperty.com\/es\/wp-json\/wp\/v2\/property-location?post=29508"},{"taxonomy":"property-status","embeddable":true,"href":"https:\/\/360mallorcaproperty.com\/es\/wp-json\/wp\/v2\/property-status?post=29508"}],"curies":[{"name":"wp","href":"https:\/\/api.w.org\/{rel}","templated":true}]}}