{"id":29827,"date":"2025-01-08T15:02:26","date_gmt":"2025-01-08T15:02:26","guid":{"rendered":"https:\/\/360mallorcaproperty.com\/property\/jardins-de-portocolom\/"},"modified":"2026-01-20T09:55:36","modified_gmt":"2026-01-20T09:55:36","slug":"jardins-de-portocolom","status":"publish","type":"property","link":"https:\/\/360mallorcaproperty.com\/es\/property\/jardins-de-portocolom\/","title":{"rendered":"Jardins de Portocolom"},"content":{"rendered":"<div class=\"propertyDetail__basicInfo\">\n<div class=\"propertyDetail__basicInfo__descriptionText\">Jardins de Portocolom es un nuevo desarrollo privado de 61 viviendas construidas para proporcionar el m\u00e1ximo confort y eficiencia energ\u00e9tica. Los apartamentos gozan de una ubicaci\u00f3n privilegiada: a s\u00f3lo 200 metros del puerto natural de Porto Colom, a 10 minutos en coche del popular destino tur\u00edstico de Cala d&#8217;Or y a 4 kil\u00f3metros en coche del campo de golf de Vall d&#8217;Or.<br \/>\nLas viviendas se dividen en tres categor\u00edas: planta baja, 1\u00ba planta y \u00e1ticos, todos los cuales incluyen amplias terrazas, solariums o jardines privados.Con una variedad de tama\u00f1os y dise\u00f1os para elegir, p\u00f3ngase en contacto con nosotros para una especificaci\u00f3n completa.<\/div>\n<\/div>\n<div class=\"propertyDetail__features\">\n<div class=\"propertyDetail__features__generalInfo\">\n<div class=\"propertyDetail__features__generalInfo__title\"><\/div>\n<\/div>\n<\/div>\n<p>&nbsp;<\/p>\n","protected":false},"excerpt":{"rendered":"<p>Jardins de Portocolom es un nuevo desarrollo privado de 61 viviendas construidas para proporcionar el m\u00e1ximo confort y eficiencia energ\u00e9tica. Los apartamentos gozan de una ubicaci\u00f3n privilegiada: a s\u00f3lo 200 metros del puerto natural de Porto Colom, a 10 minutos en coche del popular destino tur\u00edstico de Cala d&#8217;Or y a 4 kil\u00f3metros en coche&#8230;<\/p>\n","protected":false},"author":1,"featured_media":29728,"parent":0,"menu_order":0,"comment_status":"closed","ping_status":"closed","template":"","property-feature":[277,280,337,278,281,393,282,283,384],"property-type":[306],"property-location":[286],"property-status":[231],"class_list":["post-29827","property","type-property","status-publish","has-post-thumbnail","hentry","property-feature-aire-acondicionado","property-feature-armarios-empotrados","property-feature-comunidad","property-feature-doble-acristalamiento","property-feature-garaje-aparcamiento","property-feature-gym-es","property-feature-jardin","property-feature-piscina","property-feature-terrace-es","property-type-apartamento","property-city-porto-colom-es","property-status-venta"],"property_meta":{"REAL_HOMES_property_price":"425000","REAL_HOMES_property_old_price":"","REAL_HOMES_property_price_prefix":"","REAL_HOMES_property_price_postfix":"","REAL_HOMES_property_size":"70m\u00b2","REAL_HOMES_property_size_postfix":"","REAL_HOMES_property_lot_size":"","REAL_HOMES_property_lot_size_postfix":"","REAL_HOMES_property_bedrooms":"2","REAL_HOMES_property_bathrooms":"2","REAL_HOMES_property_garage":"parking \ud83c\udd7f","REAL_HOMES_property_id":"V1025","REAL_HOMES_property_year_built":"","REAL_HOMES_featured":"1","REAL_HOMES_additional_details_list":[],"rvr_booking_widget_display":"","rvr_booking_mode":"","rvr_govt_tax":"","rvr_govt_tax_type":"percentage","rvr_govt_tax_calculation":"per_stay","rvr_service_charges":"","rvr_service_charges_type":"percentage","rvr_service_charges_calculation":"per_stay","rvr_guests_capacity":"","rvr_book_child_as":"","rvr_min_stay":"","rvr_guests_capacity_extend":"","rvr_extra_guest_price":"","rvr_property_owner":"0","rvr_bulk_pricing":[],"rvr_seasonal_pricing":[],"rvr_custom_reserved_dates":[],"rvr_additional_fees":[{"rvr_fee_type":"fixed","rvr_fee_calculation":"per_stay"}],"rvr_additional_amenities":[{"price_calculation":"per_stay"}],"rvr_accommodation":[],"rvr_outdoor_features":[],"rvr_surroundings":[],"rvr_included":[],"rvr_not_included":[],"rvr_policies":[],"REAL_HOMES_property_location":{"latitude":"39.419088124483","longitude":"3.2575753392786","zoom":"18"},"REAL_HOMES_property_address":"C\/ santa maria portocolom, 07670","REAL_HOMES_property_map":"0","REAL_HOMES_property_images":[{"width":150,"height":150,"file":"2025\/01\/BL-12-BB-JARDIN.jpg","filesize":3425363,"sizes":{"medium":{"file":"BL-12-BB-JARDIN-300x225.jpg","width":300,"height":225,"mime-type":"image\/jpeg","filesize":15479,"url":"https:\/\/360mallorcaproperty.com\/wp-content\/uploads\/2025\/01\/BL-12-BB-JARDIN-300x225.jpg"},"large":{"file":"BL-12-BB-JARDIN-1024x768.jpg","width":1024,"height":768,"mime-type":"image\/jpeg","filesize":122642,"url":"https:\/\/360mallorcaproperty.com\/wp-content\/uploads\/2025\/01\/BL-12-BB-JARDIN-1024x768.jpg"},"thumbnail":{"file":"BL-12-BB-JARDIN-150x150.jpg","width":150,"height":150,"mime-type":"image\/jpeg","filesize":6563,"url":"https:\/\/360mallorcaproperty.com\/wp-content\/uploads\/2025\/01\/BL-12-BB-JARDIN-150x150.jpg"},"medium_large":{"file":"BL-12-BB-JARDIN-768x576.jpg","width":768,"height":576,"mime-type":"image\/jpeg","filesize":74349,"url":"https:\/\/360mallorcaproperty.com\/wp-content\/uploads\/2025\/01\/BL-12-BB-JARDIN-768x576.jpg"},"1536x1536":{"file":"BL-12-BB-JARDIN-1536x1152.jpg","width":1536,"height":1152,"mime-type":"image\/jpeg","filesize":250627,"url":"https:\/\/360mallorcaproperty.com\/wp-content\/uploads\/2025\/01\/BL-12-BB-JARDIN-1536x1152.jpg"},"2048x2048":{"file":"BL-12-BB-JARDIN-2048x1536.jpg","width":2048,"height":1536,"mime-type":"image\/jpeg","filesize":415215,"url":"https:\/\/360mallorcaproperty.com\/wp-content\/uploads\/2025\/01\/BL-12-BB-JARDIN-2048x1536.jpg"},"post-thumbnail":{"file":"BL-12-BB-JARDIN-150x113.jpg","width":150,"height":113,"mime-type":"image\/jpeg","filesize":5271,"url":"https:\/\/360mallorcaproperty.com\/wp-content\/uploads\/2025\/01\/BL-12-BB-JARDIN-150x113.jpg"},"modern-property-child-slider":{"file":"BL-12-BB-JARDIN-680x510.jpg","width":680,"height":510,"mime-type":"image\/jpeg","filesize":60524,"url":"https:\/\/360mallorcaproperty.com\/wp-content\/uploads\/2025\/01\/BL-12-BB-JARDIN-680x510.jpg"},"property-thumb-image":{"file":"BL-12-BB-JARDIN-488x326.jpg","width":488,"height":326,"mime-type":"image\/jpeg","filesize":31561,"url":"https:\/\/360mallorcaproperty.com\/wp-content\/uploads\/2025\/01\/BL-12-BB-JARDIN-488x326.jpg"},"property-detail-video-image":{"file":"BL-12-BB-JARDIN-818x417.jpg","width":818,"height":417,"mime-type":"image\/jpeg","filesize":62060,"url":"https:\/\/360mallorcaproperty.com\/wp-content\/uploads\/2025\/01\/BL-12-BB-JARDIN-818x417.jpg"},"agent-image":{"file":"BL-12-BB-JARDIN-210x210.jpg","width":210,"height":210,"mime-type":"image\/jpeg","filesize":11168,"url":"https:\/\/360mallorcaproperty.com\/wp-content\/uploads\/2025\/01\/BL-12-BB-JARDIN-210x210.jpg"},"partners-logo":{"file":"BL-12-BB-JARDIN-600x1875.jpg","width":600,"height":1875,"mime-type":"image\/jpeg","filesize":184945,"url":"https:\/\/360mallorcaproperty.com\/wp-content\/uploads\/2025\/01\/BL-12-BB-JARDIN-600x1875.jpg"},"post-featured-image":{"file":"BL-12-BB-JARDIN-1240x720.jpg","width":1240,"height":720,"mime-type":"image\/jpeg","filesize":136608,"url":"https:\/\/360mallorcaproperty.com\/wp-content\/uploads\/2025\/01\/BL-12-BB-JARDIN-1240x720.jpg"}},"image_meta":{"aperture":"0","credit":"","camera":"","caption":"","created_timestamp":"0","copyright":"","focal_length":"0","iso":"0","shutter_speed":"0","title":"","orientation":"1","keywords":[]},"ID":"29732","name":"BL-12-BB-JARDIN.jpg","path":"\/home\/mallorcaproperty\/public_html\/wp-content\/uploads\/2025\/01\/BL-12-BB-JARDIN.jpg","url":"https:\/\/360mallorcaproperty.com\/wp-content\/uploads\/2025\/01\/BL-12-BB-JARDIN-150x150.jpg","full_url":"https:\/\/360mallorcaproperty.com\/wp-content\/uploads\/2025\/01\/BL-12-BB-JARDIN.jpg","title":"BL 12 BB JARDIN","caption":"","description":"","alt":"","srcset":"https:\/\/360mallorcaproperty.com\/wp-content\/uploads\/2025\/01\/BL-12-BB-JARDIN-150x150.jpg 150w, https:\/\/360mallorcaproperty.com\/wp-content\/uploads\/2025\/01\/BL-12-BB-JARDIN-210x210.jpg 210w"},{"width":150,"height":150,"file":"2025\/01\/BL12-AT-A-INT-COMEDOR.jpg","filesize":2289665,"sizes":{"medium":{"file":"BL12-AT-A-INT-COMEDOR-300x225.jpg","width":300,"height":225,"mime-type":"image\/jpeg","filesize":10982,"url":"https:\/\/360mallorcaproperty.com\/wp-content\/uploads\/2025\/01\/BL12-AT-A-INT-COMEDOR-300x225.jpg"},"large":{"file":"BL12-AT-A-INT-COMEDOR-1024x768.jpg","width":1024,"height":768,"mime-type":"image\/jpeg","filesize":79031,"url":"https:\/\/360mallorcaproperty.com\/wp-content\/uploads\/2025\/01\/BL12-AT-A-INT-COMEDOR-1024x768.jpg"},"thumbnail":{"file":"BL12-AT-A-INT-COMEDOR-150x150.jpg","width":150,"height":150,"mime-type":"image\/jpeg","filesize":5065,"url":"https:\/\/360mallorcaproperty.com\/wp-content\/uploads\/2025\/01\/BL12-AT-A-INT-COMEDOR-150x150.jpg"},"medium_large":{"file":"BL12-AT-A-INT-COMEDOR-768x576.jpg","width":768,"height":576,"mime-type":"image\/jpeg","filesize":47742,"url":"https:\/\/360mallorcaproperty.com\/wp-content\/uploads\/2025\/01\/BL12-AT-A-INT-COMEDOR-768x576.jpg"},"1536x1536":{"file":"BL12-AT-A-INT-COMEDOR-1536x1152.jpg","width":1536,"height":1152,"mime-type":"image\/jpeg","filesize":167424,"url":"https:\/\/360mallorcaproperty.com\/wp-content\/uploads\/2025\/01\/BL12-AT-A-INT-COMEDOR-1536x1152.jpg"},"2048x2048":{"file":"BL12-AT-A-INT-COMEDOR-2048x1536.jpg","width":2048,"height":1536,"mime-type":"image\/jpeg","filesize":291851,"url":"https:\/\/360mallorcaproperty.com\/wp-content\/uploads\/2025\/01\/BL12-AT-A-INT-COMEDOR-2048x1536.jpg"},"post-thumbnail":{"file":"BL12-AT-A-INT-COMEDOR-150x113.jpg","width":150,"height":113,"mime-type":"image\/jpeg","filesize":4162,"url":"https:\/\/360mallorcaproperty.com\/wp-content\/uploads\/2025\/01\/BL12-AT-A-INT-COMEDOR-150x113.jpg"},"modern-property-child-slider":{"file":"BL12-AT-A-INT-COMEDOR-680x510.jpg","width":680,"height":510,"mime-type":"image\/jpeg","filesize":39384,"url":"https:\/\/360mallorcaproperty.com\/wp-content\/uploads\/2025\/01\/BL12-AT-A-INT-COMEDOR-680x510.jpg"},"property-thumb-image":{"file":"BL12-AT-A-INT-COMEDOR-488x326.jpg","width":488,"height":326,"mime-type":"image\/jpeg","filesize":21574,"url":"https:\/\/360mallorcaproperty.com\/wp-content\/uploads\/2025\/01\/BL12-AT-A-INT-COMEDOR-488x326.jpg"},"property-detail-video-image":{"file":"BL12-AT-A-INT-COMEDOR-818x417.jpg","width":818,"height":417,"mime-type":"image\/jpeg","filesize":42668,"url":"https:\/\/360mallorcaproperty.com\/wp-content\/uploads\/2025\/01\/BL12-AT-A-INT-COMEDOR-818x417.jpg"},"agent-image":{"file":"BL12-AT-A-INT-COMEDOR-210x210.jpg","width":210,"height":210,"mime-type":"image\/jpeg","filesize":8357,"url":"https:\/\/360mallorcaproperty.com\/wp-content\/uploads\/2025\/01\/BL12-AT-A-INT-COMEDOR-210x210.jpg"},"partners-logo":{"file":"BL12-AT-A-INT-COMEDOR-600x1575.jpg","width":600,"height":1575,"mime-type":"image\/jpeg","filesize":118187,"url":"https:\/\/360mallorcaproperty.com\/wp-content\/uploads\/2025\/01\/BL12-AT-A-INT-COMEDOR-600x1575.jpg"},"post-featured-image":{"file":"BL12-AT-A-INT-COMEDOR-1240x720.jpg","width":1240,"height":720,"mime-type":"image\/jpeg","filesize":94539,"url":"https:\/\/360mallorcaproperty.com\/wp-content\/uploads\/2025\/01\/BL12-AT-A-INT-COMEDOR-1240x720.jpg"}},"image_meta":{"aperture":"0","credit":"","camera":"","caption":"","created_timestamp":"0","copyright":"","focal_length":"0","iso":"0","shutter_speed":"0","title":"","orientation":"1","keywords":[]},"ID":"29711","name":"BL12-AT-A-INT-COMEDOR.jpg","path":"\/home\/mallorcaproperty\/public_html\/wp-content\/uploads\/2025\/01\/BL12-AT-A-INT-COMEDOR.jpg","url":"https:\/\/360mallorcaproperty.com\/wp-content\/uploads\/2025\/01\/BL12-AT-A-INT-COMEDOR-150x150.jpg","full_url":"https:\/\/360mallorcaproperty.com\/wp-content\/uploads\/2025\/01\/BL12-AT-A-INT-COMEDOR.jpg","title":"BL12 AT A INT COMEDOR","caption":"","description":"","alt":"","srcset":"https:\/\/360mallorcaproperty.com\/wp-content\/uploads\/2025\/01\/BL12-AT-A-INT-COMEDOR-150x150.jpg 150w, https:\/\/360mallorcaproperty.com\/wp-content\/uploads\/2025\/01\/BL12-AT-A-INT-COMEDOR-210x210.jpg 210w"},{"width":150,"height":150,"file":"2025\/01\/BL12-AT-A-INT-SOFAS.jpg","filesize":2298145,"sizes":{"medium":{"file":"BL12-AT-A-INT-SOFAS-300x225.jpg","width":300,"height":225,"mime-type":"image\/jpeg","filesize":11573,"url":"https:\/\/360mallorcaproperty.com\/wp-content\/uploads\/2025\/01\/BL12-AT-A-INT-SOFAS-300x225.jpg"},"large":{"file":"BL12-AT-A-INT-SOFAS-1024x768.jpg","width":1024,"height":768,"mime-type":"image\/jpeg","filesize":81036,"url":"https:\/\/360mallorcaproperty.com\/wp-content\/uploads\/2025\/01\/BL12-AT-A-INT-SOFAS-1024x768.jpg"},"thumbnail":{"file":"BL12-AT-A-INT-SOFAS-150x150.jpg","width":150,"height":150,"mime-type":"image\/jpeg","filesize":5559,"url":"https:\/\/360mallorcaproperty.com\/wp-content\/uploads\/2025\/01\/BL12-AT-A-INT-SOFAS-150x150.jpg"},"medium_large":{"file":"BL12-AT-A-INT-SOFAS-768x576.jpg","width":768,"height":576,"mime-type":"image\/jpeg","filesize":49832,"url":"https:\/\/360mallorcaproperty.com\/wp-content\/uploads\/2025\/01\/BL12-AT-A-INT-SOFAS-768x576.jpg"},"1536x1536":{"file":"BL12-AT-A-INT-SOFAS-1536x1152.jpg","width":1536,"height":1152,"mime-type":"image\/jpeg","filesize":170716,"url":"https:\/\/360mallorcaproperty.com\/wp-content\/uploads\/2025\/01\/BL12-AT-A-INT-SOFAS-1536x1152.jpg"},"2048x2048":{"file":"BL12-AT-A-INT-SOFAS-2048x1536.jpg","width":2048,"height":1536,"mime-type":"image\/jpeg","filesize":294739,"url":"https:\/\/360mallorcaproperty.com\/wp-content\/uploads\/2025\/01\/BL12-AT-A-INT-SOFAS-2048x1536.jpg"},"post-thumbnail":{"file":"BL12-AT-A-INT-SOFAS-150x113.jpg","width":150,"height":113,"mime-type":"image\/jpeg","filesize":4362,"url":"https:\/\/360mallorcaproperty.com\/wp-content\/uploads\/2025\/01\/BL12-AT-A-INT-SOFAS-150x113.jpg"},"modern-property-child-slider":{"file":"BL12-AT-A-INT-SOFAS-680x510.jpg","width":680,"height":510,"mime-type":"image\/jpeg","filesize":40767,"url":"https:\/\/360mallorcaproperty.com\/wp-content\/uploads\/2025\/01\/BL12-AT-A-INT-SOFAS-680x510.jpg"},"property-thumb-image":{"file":"BL12-AT-A-INT-SOFAS-488x326.jpg","width":488,"height":326,"mime-type":"image\/jpeg","filesize":22465,"url":"https:\/\/360mallorcaproperty.com\/wp-content\/uploads\/2025\/01\/BL12-AT-A-INT-SOFAS-488x326.jpg"},"property-detail-video-image":{"file":"BL12-AT-A-INT-SOFAS-818x417.jpg","width":818,"height":417,"mime-type":"image\/jpeg","filesize":44035,"url":"https:\/\/360mallorcaproperty.com\/wp-content\/uploads\/2025\/01\/BL12-AT-A-INT-SOFAS-818x417.jpg"},"agent-image":{"file":"BL12-AT-A-INT-SOFAS-210x210.jpg","width":210,"height":210,"mime-type":"image\/jpeg","filesize":8965,"url":"https:\/\/360mallorcaproperty.com\/wp-content\/uploads\/2025\/01\/BL12-AT-A-INT-SOFAS-210x210.jpg"},"partners-logo":{"file":"BL12-AT-A-INT-SOFAS-600x1575.jpg","width":600,"height":1575,"mime-type":"image\/jpeg","filesize":104400,"url":"https:\/\/360mallorcaproperty.com\/wp-content\/uploads\/2025\/01\/BL12-AT-A-INT-SOFAS-600x1575.jpg"},"post-featured-image":{"file":"BL12-AT-A-INT-SOFAS-1240x720.jpg","width":1240,"height":720,"mime-type":"image\/jpeg","filesize":96980,"url":"https:\/\/360mallorcaproperty.com\/wp-content\/uploads\/2025\/01\/BL12-AT-A-INT-SOFAS-1240x720.jpg"}},"image_meta":{"aperture":"0","credit":"","camera":"","caption":"","created_timestamp":"0","copyright":"","focal_length":"0","iso":"0","shutter_speed":"0","title":"","orientation":"1","keywords":[]},"ID":"29714","name":"BL12-AT-A-INT-SOFAS.jpg","path":"\/home\/mallorcaproperty\/public_html\/wp-content\/uploads\/2025\/01\/BL12-AT-A-INT-SOFAS.jpg","url":"https:\/\/360mallorcaproperty.com\/wp-content\/uploads\/2025\/01\/BL12-AT-A-INT-SOFAS-150x150.jpg","full_url":"https:\/\/360mallorcaproperty.com\/wp-content\/uploads\/2025\/01\/BL12-AT-A-INT-SOFAS.jpg","title":"BL12 AT A INT SOFAS","caption":"","description":"","alt":"","srcset":"https:\/\/360mallorcaproperty.com\/wp-content\/uploads\/2025\/01\/BL12-AT-A-INT-SOFAS-150x150.jpg 150w, https:\/\/360mallorcaproperty.com\/wp-content\/uploads\/2025\/01\/BL12-AT-A-INT-SOFAS-210x210.jpg 210w"},{"width":150,"height":150,"file":"2025\/01\/BL12-AT-B-SOFAS-copia.jpg","filesize":2251182,"sizes":{"medium":{"file":"BL12-AT-B-SOFAS-copia-300x225.jpg","width":300,"height":225,"mime-type":"image\/jpeg","filesize":11926,"url":"https:\/\/360mallorcaproperty.com\/wp-content\/uploads\/2025\/01\/BL12-AT-B-SOFAS-copia-300x225.jpg"},"large":{"file":"BL12-AT-B-SOFAS-copia-1024x768.jpg","width":1024,"height":768,"mime-type":"image\/jpeg","filesize":81621,"url":"https:\/\/360mallorcaproperty.com\/wp-content\/uploads\/2025\/01\/BL12-AT-B-SOFAS-copia-1024x768.jpg"},"thumbnail":{"file":"BL12-AT-B-SOFAS-copia-150x150.jpg","width":150,"height":150,"mime-type":"image\/jpeg","filesize":5485,"url":"https:\/\/360mallorcaproperty.com\/wp-content\/uploads\/2025\/01\/BL12-AT-B-SOFAS-copia-150x150.jpg"},"medium_large":{"file":"BL12-AT-B-SOFAS-copia-768x576.jpg","width":768,"height":576,"mime-type":"image\/jpeg","filesize":50086,"url":"https:\/\/360mallorcaproperty.com\/wp-content\/uploads\/2025\/01\/BL12-AT-B-SOFAS-copia-768x576.jpg"},"1536x1536":{"file":"BL12-AT-B-SOFAS-copia-1536x1152.jpg","width":1536,"height":1152,"mime-type":"image\/jpeg","filesize":170570,"url":"https:\/\/360mallorcaproperty.com\/wp-content\/uploads\/2025\/01\/BL12-AT-B-SOFAS-copia-1536x1152.jpg"},"2048x2048":{"file":"BL12-AT-B-SOFAS-copia-2048x1536.jpg","width":2048,"height":1536,"mime-type":"image\/jpeg","filesize":294785,"url":"https:\/\/360mallorcaproperty.com\/wp-content\/uploads\/2025\/01\/BL12-AT-B-SOFAS-copia-2048x1536.jpg"},"post-thumbnail":{"file":"BL12-AT-B-SOFAS-copia-150x113.jpg","width":150,"height":113,"mime-type":"image\/jpeg","filesize":4580,"url":"https:\/\/360mallorcaproperty.com\/wp-content\/uploads\/2025\/01\/BL12-AT-B-SOFAS-copia-150x113.jpg"},"modern-property-child-slider":{"file":"BL12-AT-B-SOFAS-copia-680x510.jpg","width":680,"height":510,"mime-type":"image\/jpeg","filesize":41282,"url":"https:\/\/360mallorcaproperty.com\/wp-content\/uploads\/2025\/01\/BL12-AT-B-SOFAS-copia-680x510.jpg"},"property-thumb-image":{"file":"BL12-AT-B-SOFAS-copia-488x326.jpg","width":488,"height":326,"mime-type":"image\/jpeg","filesize":23202,"url":"https:\/\/360mallorcaproperty.com\/wp-content\/uploads\/2025\/01\/BL12-AT-B-SOFAS-copia-488x326.jpg"},"property-detail-video-image":{"file":"BL12-AT-B-SOFAS-copia-818x417.jpg","width":818,"height":417,"mime-type":"image\/jpeg","filesize":45640,"url":"https:\/\/360mallorcaproperty.com\/wp-content\/uploads\/2025\/01\/BL12-AT-B-SOFAS-copia-818x417.jpg"},"agent-image":{"file":"BL12-AT-B-SOFAS-copia-210x210.jpg","width":210,"height":210,"mime-type":"image\/jpeg","filesize":8828,"url":"https:\/\/360mallorcaproperty.com\/wp-content\/uploads\/2025\/01\/BL12-AT-B-SOFAS-copia-210x210.jpg"},"partners-logo":{"file":"BL12-AT-B-SOFAS-copia-600x1575.jpg","width":600,"height":1575,"mime-type":"image\/jpeg","filesize":105781,"url":"https:\/\/360mallorcaproperty.com\/wp-content\/uploads\/2025\/01\/BL12-AT-B-SOFAS-copia-600x1575.jpg"},"post-featured-image":{"file":"BL12-AT-B-SOFAS-copia-1240x720.jpg","width":1240,"height":720,"mime-type":"image\/jpeg","filesize":99946,"url":"https:\/\/360mallorcaproperty.com\/wp-content\/uploads\/2025\/01\/BL12-AT-B-SOFAS-copia-1240x720.jpg"}},"image_meta":{"aperture":"0","credit":"","camera":"","caption":"","created_timestamp":"0","copyright":"","focal_length":"0","iso":"0","shutter_speed":"0","title":"","orientation":"1","keywords":[]},"ID":"29717","name":"BL12-AT-B-SOFAS-copia.jpg","path":"\/home\/mallorcaproperty\/public_html\/wp-content\/uploads\/2025\/01\/BL12-AT-B-SOFAS-copia.jpg","url":"https:\/\/360mallorcaproperty.com\/wp-content\/uploads\/2025\/01\/BL12-AT-B-SOFAS-copia-150x150.jpg","full_url":"https:\/\/360mallorcaproperty.com\/wp-content\/uploads\/2025\/01\/BL12-AT-B-SOFAS-copia.jpg","title":"BL12 AT B SOFAS - copia","caption":"","description":"","alt":"","srcset":"https:\/\/360mallorcaproperty.com\/wp-content\/uploads\/2025\/01\/BL12-AT-B-SOFAS-copia-150x150.jpg 150w, https:\/\/360mallorcaproperty.com\/wp-content\/uploads\/2025\/01\/BL12-AT-B-SOFAS-copia-210x210.jpg 210w"},{"width":150,"height":150,"file":"2025\/01\/BL-12-BB-COMEDOR.jpg","filesize":2639870,"sizes":{"medium":{"file":"BL-12-BB-COMEDOR-300x225.jpg","width":300,"height":225,"mime-type":"image\/jpeg","filesize":12719,"url":"https:\/\/360mallorcaproperty.com\/wp-content\/uploads\/2025\/01\/BL-12-BB-COMEDOR-300x225.jpg"},"large":{"file":"BL-12-BB-COMEDOR-1024x768.jpg","width":1024,"height":768,"mime-type":"image\/jpeg","filesize":97251,"url":"https:\/\/360mallorcaproperty.com\/wp-content\/uploads\/2025\/01\/BL-12-BB-COMEDOR-1024x768.jpg"},"thumbnail":{"file":"BL-12-BB-COMEDOR-150x150.jpg","width":150,"height":150,"mime-type":"image\/jpeg","filesize":5619,"url":"https:\/\/360mallorcaproperty.com\/wp-content\/uploads\/2025\/01\/BL-12-BB-COMEDOR-150x150.jpg"},"medium_large":{"file":"BL-12-BB-COMEDOR-768x576.jpg","width":768,"height":576,"mime-type":"image\/jpeg","filesize":58003,"url":"https:\/\/360mallorcaproperty.com\/wp-content\/uploads\/2025\/01\/BL-12-BB-COMEDOR-768x576.jpg"},"1536x1536":{"file":"BL-12-BB-COMEDOR-1536x1152.jpg","width":1536,"height":1152,"mime-type":"image\/jpeg","filesize":208912,"url":"https:\/\/360mallorcaproperty.com\/wp-content\/uploads\/2025\/01\/BL-12-BB-COMEDOR-1536x1152.jpg"},"2048x2048":{"file":"BL-12-BB-COMEDOR-2048x1536.jpg","width":2048,"height":1536,"mime-type":"image\/jpeg","filesize":362437,"url":"https:\/\/360mallorcaproperty.com\/wp-content\/uploads\/2025\/01\/BL-12-BB-COMEDOR-2048x1536.jpg"},"post-thumbnail":{"file":"BL-12-BB-COMEDOR-150x113.jpg","width":150,"height":113,"mime-type":"image\/jpeg","filesize":4742,"url":"https:\/\/360mallorcaproperty.com\/wp-content\/uploads\/2025\/01\/BL-12-BB-COMEDOR-150x113.jpg"},"modern-property-child-slider":{"file":"BL-12-BB-COMEDOR-680x510.jpg","width":680,"height":510,"mime-type":"image\/jpeg","filesize":46942,"url":"https:\/\/360mallorcaproperty.com\/wp-content\/uploads\/2025\/01\/BL-12-BB-COMEDOR-680x510.jpg"},"property-thumb-image":{"file":"BL-12-BB-COMEDOR-488x326.jpg","width":488,"height":326,"mime-type":"image\/jpeg","filesize":25638,"url":"https:\/\/360mallorcaproperty.com\/wp-content\/uploads\/2025\/01\/BL-12-BB-COMEDOR-488x326.jpg"},"property-detail-video-image":{"file":"BL-12-BB-COMEDOR-818x417.jpg","width":818,"height":417,"mime-type":"image\/jpeg","filesize":53766,"url":"https:\/\/360mallorcaproperty.com\/wp-content\/uploads\/2025\/01\/BL-12-BB-COMEDOR-818x417.jpg"},"agent-image":{"file":"BL-12-BB-COMEDOR-210x210.jpg","width":210,"height":210,"mime-type":"image\/jpeg","filesize":8932,"url":"https:\/\/360mallorcaproperty.com\/wp-content\/uploads\/2025\/01\/BL-12-BB-COMEDOR-210x210.jpg"},"partners-logo":{"file":"BL-12-BB-COMEDOR-600x1575.jpg","width":600,"height":1575,"mime-type":"image\/jpeg","filesize":117586,"url":"https:\/\/360mallorcaproperty.com\/wp-content\/uploads\/2025\/01\/BL-12-BB-COMEDOR-600x1575.jpg"},"post-featured-image":{"file":"BL-12-BB-COMEDOR-1240x720.jpg","width":1240,"height":720,"mime-type":"image\/jpeg","filesize":119165,"url":"https:\/\/360mallorcaproperty.com\/wp-content\/uploads\/2025\/01\/BL-12-BB-COMEDOR-1240x720.jpg"}},"image_meta":{"aperture":"0","credit":"","camera":"","caption":"","created_timestamp":"0","copyright":"","focal_length":"0","iso":"0","shutter_speed":"0","title":"","orientation":"1","keywords":[]},"ID":"29729","name":"BL-12-BB-COMEDOR.jpg","path":"\/home\/mallorcaproperty\/public_html\/wp-content\/uploads\/2025\/01\/BL-12-BB-COMEDOR.jpg","url":"https:\/\/360mallorcaproperty.com\/wp-content\/uploads\/2025\/01\/BL-12-BB-COMEDOR-150x150.jpg","full_url":"https:\/\/360mallorcaproperty.com\/wp-content\/uploads\/2025\/01\/BL-12-BB-COMEDOR.jpg","title":"BL 12 BB COMEDOR","caption":"","description":"","alt":"","srcset":"https:\/\/360mallorcaproperty.com\/wp-content\/uploads\/2025\/01\/BL-12-BB-COMEDOR-150x150.jpg 150w, https:\/\/360mallorcaproperty.com\/wp-content\/uploads\/2025\/01\/BL-12-BB-COMEDOR-210x210.jpg 210w"},{"width":150,"height":150,"file":"2025\/01\/BL12-AT-B-TERRAZA.jpg","filesize":1975262,"sizes":{"medium":{"file":"BL12-AT-B-TERRAZA-300x225.jpg","width":300,"height":225,"mime-type":"image\/jpeg","filesize":14386,"url":"https:\/\/360mallorcaproperty.com\/wp-content\/uploads\/2025\/01\/BL12-AT-B-TERRAZA-300x225.jpg"},"large":{"file":"BL12-AT-B-TERRAZA-1024x768.jpg","width":1024,"height":768,"mime-type":"image\/jpeg","filesize":99393,"url":"https:\/\/360mallorcaproperty.com\/wp-content\/uploads\/2025\/01\/BL12-AT-B-TERRAZA-1024x768.jpg"},"thumbnail":{"file":"BL12-AT-B-TERRAZA-150x150.jpg","width":150,"height":150,"mime-type":"image\/jpeg","filesize":5928,"url":"https:\/\/360mallorcaproperty.com\/wp-content\/uploads\/2025\/01\/BL12-AT-B-TERRAZA-150x150.jpg"},"medium_large":{"file":"BL12-AT-B-TERRAZA-768x576.jpg","width":768,"height":576,"mime-type":"image\/jpeg","filesize":62870,"url":"https:\/\/360mallorcaproperty.com\/wp-content\/uploads\/2025\/01\/BL12-AT-B-TERRAZA-768x576.jpg"},"1536x1536":{"file":"BL12-AT-B-TERRAZA-1536x1152.jpg","width":1536,"height":1152,"mime-type":"image\/jpeg","filesize":190891,"url":"https:\/\/360mallorcaproperty.com\/wp-content\/uploads\/2025\/01\/BL12-AT-B-TERRAZA-1536x1152.jpg"},"2048x2048":{"file":"BL12-AT-B-TERRAZA-2048x1536.jpg","width":2048,"height":1536,"mime-type":"image\/jpeg","filesize":302587,"url":"https:\/\/360mallorcaproperty.com\/wp-content\/uploads\/2025\/01\/BL12-AT-B-TERRAZA-2048x1536.jpg"},"post-thumbnail":{"file":"BL12-AT-B-TERRAZA-150x113.jpg","width":150,"height":113,"mime-type":"image\/jpeg","filesize":5002,"url":"https:\/\/360mallorcaproperty.com\/wp-content\/uploads\/2025\/01\/BL12-AT-B-TERRAZA-150x113.jpg"},"modern-property-child-slider":{"file":"BL12-AT-B-TERRAZA-680x510.jpg","width":680,"height":510,"mime-type":"image\/jpeg","filesize":52442,"url":"https:\/\/360mallorcaproperty.com\/wp-content\/uploads\/2025\/01\/BL12-AT-B-TERRAZA-680x510.jpg"},"property-thumb-image":{"file":"BL12-AT-B-TERRAZA-488x326.jpg","width":488,"height":326,"mime-type":"image\/jpeg","filesize":28500,"url":"https:\/\/360mallorcaproperty.com\/wp-content\/uploads\/2025\/01\/BL12-AT-B-TERRAZA-488x326.jpg"},"property-detail-video-image":{"file":"BL12-AT-B-TERRAZA-818x417.jpg","width":818,"height":417,"mime-type":"image\/jpeg","filesize":53103,"url":"https:\/\/360mallorcaproperty.com\/wp-content\/uploads\/2025\/01\/BL12-AT-B-TERRAZA-818x417.jpg"},"agent-image":{"file":"BL12-AT-B-TERRAZA-210x210.jpg","width":210,"height":210,"mime-type":"image\/jpeg","filesize":10120,"url":"https:\/\/360mallorcaproperty.com\/wp-content\/uploads\/2025\/01\/BL12-AT-B-TERRAZA-210x210.jpg"},"partners-logo":{"file":"BL12-AT-B-TERRAZA-600x1575.jpg","width":600,"height":1575,"mime-type":"image\/jpeg","filesize":98422,"url":"https:\/\/360mallorcaproperty.com\/wp-content\/uploads\/2025\/01\/BL12-AT-B-TERRAZA-600x1575.jpg"},"post-featured-image":{"file":"BL12-AT-B-TERRAZA-1240x720.jpg","width":1240,"height":720,"mime-type":"image\/jpeg","filesize":112642,"url":"https:\/\/360mallorcaproperty.com\/wp-content\/uploads\/2025\/01\/BL12-AT-B-TERRAZA-1240x720.jpg"}},"image_meta":{"aperture":"0","credit":"","camera":"","caption":"","created_timestamp":"0","copyright":"","focal_length":"0","iso":"0","shutter_speed":"0","title":"","orientation":"1","keywords":[]},"ID":"29720","name":"BL12-AT-B-TERRAZA.jpg","path":"\/home\/mallorcaproperty\/public_html\/wp-content\/uploads\/2025\/01\/BL12-AT-B-TERRAZA.jpg","url":"https:\/\/360mallorcaproperty.com\/wp-content\/uploads\/2025\/01\/BL12-AT-B-TERRAZA-150x150.jpg","full_url":"https:\/\/360mallorcaproperty.com\/wp-content\/uploads\/2025\/01\/BL12-AT-B-TERRAZA.jpg","title":"BL12 AT B TERRAZA","caption":"","description":"","alt":"","srcset":"https:\/\/360mallorcaproperty.com\/wp-content\/uploads\/2025\/01\/BL12-AT-B-TERRAZA-150x150.jpg 150w, https:\/\/360mallorcaproperty.com\/wp-content\/uploads\/2025\/01\/BL12-AT-B-TERRAZA-210x210.jpg 210w"},{"width":150,"height":150,"file":"2025\/01\/BL-11-Y-12-PISCINA-CL.jpg","filesize":3273467,"sizes":{"medium":{"file":"BL-11-Y-12-PISCINA-CL-300x225.jpg","width":300,"height":225,"mime-type":"image\/jpeg","filesize":13763,"url":"https:\/\/360mallorcaproperty.com\/wp-content\/uploads\/2025\/01\/BL-11-Y-12-PISCINA-CL-300x225.jpg"},"large":{"file":"BL-11-Y-12-PISCINA-CL-1024x768.jpg","width":1024,"height":768,"mime-type":"image\/jpeg","filesize":121664,"url":"https:\/\/360mallorcaproperty.com\/wp-content\/uploads\/2025\/01\/BL-11-Y-12-PISCINA-CL-1024x768.jpg"},"thumbnail":{"file":"BL-11-Y-12-PISCINA-CL-150x150.jpg","width":150,"height":150,"mime-type":"image\/jpeg","filesize":5324,"url":"https:\/\/360mallorcaproperty.com\/wp-content\/uploads\/2025\/01\/BL-11-Y-12-PISCINA-CL-150x150.jpg"},"medium_large":{"file":"BL-11-Y-12-PISCINA-CL-768x576.jpg","width":768,"height":576,"mime-type":"image\/jpeg","filesize":71356,"url":"https:\/\/360mallorcaproperty.com\/wp-content\/uploads\/2025\/01\/BL-11-Y-12-PISCINA-CL-768x576.jpg"},"1536x1536":{"file":"BL-11-Y-12-PISCINA-CL-1536x1152.jpg","width":1536,"height":1152,"mime-type":"image\/jpeg","filesize":254258,"url":"https:\/\/360mallorcaproperty.com\/wp-content\/uploads\/2025\/01\/BL-11-Y-12-PISCINA-CL-1536x1152.jpg"},"2048x2048":{"file":"BL-11-Y-12-PISCINA-CL-2048x1536.jpg","width":2048,"height":1536,"mime-type":"image\/jpeg","filesize":423743,"url":"https:\/\/360mallorcaproperty.com\/wp-content\/uploads\/2025\/01\/BL-11-Y-12-PISCINA-CL-2048x1536.jpg"},"post-thumbnail":{"file":"BL-11-Y-12-PISCINA-CL-150x113.jpg","width":150,"height":113,"mime-type":"image\/jpeg","filesize":4573,"url":"https:\/\/360mallorcaproperty.com\/wp-content\/uploads\/2025\/01\/BL-11-Y-12-PISCINA-CL-150x113.jpg"},"modern-property-child-slider":{"file":"BL-11-Y-12-PISCINA-CL-680x510.jpg","width":680,"height":510,"mime-type":"image\/jpeg","filesize":57293,"url":"https:\/\/360mallorcaproperty.com\/wp-content\/uploads\/2025\/01\/BL-11-Y-12-PISCINA-CL-680x510.jpg"},"property-thumb-image":{"file":"BL-11-Y-12-PISCINA-CL-488x326.jpg","width":488,"height":326,"mime-type":"image\/jpeg","filesize":29582,"url":"https:\/\/360mallorcaproperty.com\/wp-content\/uploads\/2025\/01\/BL-11-Y-12-PISCINA-CL-488x326.jpg"},"property-detail-video-image":{"file":"BL-11-Y-12-PISCINA-CL-818x417.jpg","width":818,"height":417,"mime-type":"image\/jpeg","filesize":64638,"url":"https:\/\/360mallorcaproperty.com\/wp-content\/uploads\/2025\/01\/BL-11-Y-12-PISCINA-CL-818x417.jpg"},"agent-image":{"file":"BL-11-Y-12-PISCINA-CL-210x210.jpg","width":210,"height":210,"mime-type":"image\/jpeg","filesize":9368,"url":"https:\/\/360mallorcaproperty.com\/wp-content\/uploads\/2025\/01\/BL-11-Y-12-PISCINA-CL-210x210.jpg"},"partners-logo":{"file":"BL-11-Y-12-PISCINA-CL-600x1875.jpg","width":600,"height":1875,"mime-type":"image\/jpeg","filesize":159324,"url":"https:\/\/360mallorcaproperty.com\/wp-content\/uploads\/2025\/01\/BL-11-Y-12-PISCINA-CL-600x1875.jpg"},"post-featured-image":{"file":"BL-11-Y-12-PISCINA-CL-1240x720.jpg","width":1240,"height":720,"mime-type":"image\/jpeg","filesize":146033,"url":"https:\/\/360mallorcaproperty.com\/wp-content\/uploads\/2025\/01\/BL-11-Y-12-PISCINA-CL-1240x720.jpg"}},"image_meta":{"aperture":"0","credit":"","camera":"","caption":"","created_timestamp":"0","copyright":"","focal_length":"0","iso":"0","shutter_speed":"0","title":"","orientation":"1","keywords":[]},"ID":"29723","name":"BL-11-Y-12-PISCINA-CL.jpg","path":"\/home\/mallorcaproperty\/public_html\/wp-content\/uploads\/2025\/01\/BL-11-Y-12-PISCINA-CL.jpg","url":"https:\/\/360mallorcaproperty.com\/wp-content\/uploads\/2025\/01\/BL-11-Y-12-PISCINA-CL-150x150.jpg","full_url":"https:\/\/360mallorcaproperty.com\/wp-content\/uploads\/2025\/01\/BL-11-Y-12-PISCINA-CL.jpg","title":"BL 11 Y 12 PISCINA CL","caption":"","description":"","alt":"","srcset":"https:\/\/360mallorcaproperty.com\/wp-content\/uploads\/2025\/01\/BL-11-Y-12-PISCINA-CL-150x150.jpg 150w, https:\/\/360mallorcaproperty.com\/wp-content\/uploads\/2025\/01\/BL-11-Y-12-PISCINA-CL-210x210.jpg 210w"},{"width":150,"height":150,"file":"2025\/01\/BL-11-Y-12-PISCINA-DIA.jpg","filesize":3410451,"sizes":{"medium":{"file":"BL-11-Y-12-PISCINA-DIA-300x225.jpg","width":300,"height":225,"mime-type":"image\/jpeg","filesize":14541,"url":"https:\/\/360mallorcaproperty.com\/wp-content\/uploads\/2025\/01\/BL-11-Y-12-PISCINA-DIA-300x225.jpg"},"large":{"file":"BL-11-Y-12-PISCINA-DIA-1024x768.jpg","width":1024,"height":768,"mime-type":"image\/jpeg","filesize":129881,"url":"https:\/\/360mallorcaproperty.com\/wp-content\/uploads\/2025\/01\/BL-11-Y-12-PISCINA-DIA-1024x768.jpg"},"thumbnail":{"file":"BL-11-Y-12-PISCINA-DIA-150x150.jpg","width":150,"height":150,"mime-type":"image\/jpeg","filesize":5773,"url":"https:\/\/360mallorcaproperty.com\/wp-content\/uploads\/2025\/01\/BL-11-Y-12-PISCINA-DIA-150x150.jpg"},"medium_large":{"file":"BL-11-Y-12-PISCINA-DIA-768x576.jpg","width":768,"height":576,"mime-type":"image\/jpeg","filesize":76004,"url":"https:\/\/360mallorcaproperty.com\/wp-content\/uploads\/2025\/01\/BL-11-Y-12-PISCINA-DIA-768x576.jpg"},"1536x1536":{"file":"BL-11-Y-12-PISCINA-DIA-1536x1152.jpg","width":1536,"height":1152,"mime-type":"image\/jpeg","filesize":272703,"url":"https:\/\/360mallorcaproperty.com\/wp-content\/uploads\/2025\/01\/BL-11-Y-12-PISCINA-DIA-1536x1152.jpg"},"2048x2048":{"file":"BL-11-Y-12-PISCINA-DIA-2048x1536.jpg","width":2048,"height":1536,"mime-type":"image\/jpeg","filesize":454802,"url":"https:\/\/360mallorcaproperty.com\/wp-content\/uploads\/2025\/01\/BL-11-Y-12-PISCINA-DIA-2048x1536.jpg"},"post-thumbnail":{"file":"BL-11-Y-12-PISCINA-DIA-150x113.jpg","width":150,"height":113,"mime-type":"image\/jpeg","filesize":4795,"url":"https:\/\/360mallorcaproperty.com\/wp-content\/uploads\/2025\/01\/BL-11-Y-12-PISCINA-DIA-150x113.jpg"},"modern-property-child-slider":{"file":"BL-11-Y-12-PISCINA-DIA-680x510.jpg","width":680,"height":510,"mime-type":"image\/jpeg","filesize":61113,"url":"https:\/\/360mallorcaproperty.com\/wp-content\/uploads\/2025\/01\/BL-11-Y-12-PISCINA-DIA-680x510.jpg"},"property-thumb-image":{"file":"BL-11-Y-12-PISCINA-DIA-488x326.jpg","width":488,"height":326,"mime-type":"image\/jpeg","filesize":32135,"url":"https:\/\/360mallorcaproperty.com\/wp-content\/uploads\/2025\/01\/BL-11-Y-12-PISCINA-DIA-488x326.jpg"},"property-detail-video-image":{"file":"BL-11-Y-12-PISCINA-DIA-818x417.jpg","width":818,"height":417,"mime-type":"image\/jpeg","filesize":70672,"url":"https:\/\/360mallorcaproperty.com\/wp-content\/uploads\/2025\/01\/BL-11-Y-12-PISCINA-DIA-818x417.jpg"},"agent-image":{"file":"BL-11-Y-12-PISCINA-DIA-210x210.jpg","width":210,"height":210,"mime-type":"image\/jpeg","filesize":10127,"url":"https:\/\/360mallorcaproperty.com\/wp-content\/uploads\/2025\/01\/BL-11-Y-12-PISCINA-DIA-210x210.jpg"},"partners-logo":{"file":"BL-11-Y-12-PISCINA-DIA-600x1875.jpg","width":600,"height":1875,"mime-type":"image\/jpeg","filesize":175088,"url":"https:\/\/360mallorcaproperty.com\/wp-content\/uploads\/2025\/01\/BL-11-Y-12-PISCINA-DIA-600x1875.jpg"},"post-featured-image":{"file":"BL-11-Y-12-PISCINA-DIA-1240x720.jpg","width":1240,"height":720,"mime-type":"image\/jpeg","filesize":159566,"url":"https:\/\/360mallorcaproperty.com\/wp-content\/uploads\/2025\/01\/BL-11-Y-12-PISCINA-DIA-1240x720.jpg"}},"image_meta":{"aperture":"0","credit":"","camera":"","caption":"","created_timestamp":"0","copyright":"","focal_length":"0","iso":"0","shutter_speed":"0","title":"","orientation":"1","keywords":[]},"ID":"29726","name":"BL-11-Y-12-PISCINA-DIA.jpg","path":"\/home\/mallorcaproperty\/public_html\/wp-content\/uploads\/2025\/01\/BL-11-Y-12-PISCINA-DIA.jpg","url":"https:\/\/360mallorcaproperty.com\/wp-content\/uploads\/2025\/01\/BL-11-Y-12-PISCINA-DIA-150x150.jpg","full_url":"https:\/\/360mallorcaproperty.com\/wp-content\/uploads\/2025\/01\/BL-11-Y-12-PISCINA-DIA.jpg","title":"BL 11 Y 12 PISCINA DIA","caption":"","description":"","alt":"","srcset":"https:\/\/360mallorcaproperty.com\/wp-content\/uploads\/2025\/01\/BL-11-Y-12-PISCINA-DIA-150x150.jpg 150w, https:\/\/360mallorcaproperty.com\/wp-content\/uploads\/2025\/01\/BL-11-Y-12-PISCINA-DIA-210x210.jpg 210w"},{"width":150,"height":150,"file":"2025\/01\/BL-11-1-B-COMEDOR.jpg","filesize":2466609,"sizes":{"medium":{"file":"BL-11-1-B-COMEDOR-300x225.jpg","width":300,"height":225,"mime-type":"image\/jpeg","filesize":11621,"url":"https:\/\/360mallorcaproperty.com\/wp-content\/uploads\/2025\/01\/BL-11-1-B-COMEDOR-300x225.jpg"},"large":{"file":"BL-11-1-B-COMEDOR-1024x768.jpg","width":1024,"height":768,"mime-type":"image\/jpeg","filesize":98068,"url":"https:\/\/360mallorcaproperty.com\/wp-content\/uploads\/2025\/01\/BL-11-1-B-COMEDOR-1024x768.jpg"},"thumbnail":{"file":"BL-11-1-B-COMEDOR-150x150.jpg","width":150,"height":150,"mime-type":"image\/jpeg","filesize":5108,"url":"https:\/\/360mallorcaproperty.com\/wp-content\/uploads\/2025\/01\/BL-11-1-B-COMEDOR-150x150.jpg"},"medium_large":{"file":"BL-11-1-B-COMEDOR-768x576.jpg","width":768,"height":576,"mime-type":"image\/jpeg","filesize":56812,"url":"https:\/\/360mallorcaproperty.com\/wp-content\/uploads\/2025\/01\/BL-11-1-B-COMEDOR-768x576.jpg"},"1536x1536":{"file":"BL-11-1-B-COMEDOR-1536x1152.jpg","width":1536,"height":1152,"mime-type":"image\/jpeg","filesize":216490,"url":"https:\/\/360mallorcaproperty.com\/wp-content\/uploads\/2025\/01\/BL-11-1-B-COMEDOR-1536x1152.jpg"},"2048x2048":{"file":"BL-11-1-B-COMEDOR-2048x1536.jpg","width":2048,"height":1536,"mime-type":"image\/jpeg","filesize":379017,"url":"https:\/\/360mallorcaproperty.com\/wp-content\/uploads\/2025\/01\/BL-11-1-B-COMEDOR-2048x1536.jpg"},"post-thumbnail":{"file":"BL-11-1-B-COMEDOR-150x113.jpg","width":150,"height":113,"mime-type":"image\/jpeg","filesize":4260,"url":"https:\/\/360mallorcaproperty.com\/wp-content\/uploads\/2025\/01\/BL-11-1-B-COMEDOR-150x113.jpg"},"modern-property-child-slider":{"file":"BL-11-1-B-COMEDOR-680x510.jpg","width":680,"height":510,"mime-type":"image\/jpeg","filesize":45239,"url":"https:\/\/360mallorcaproperty.com\/wp-content\/uploads\/2025\/01\/BL-11-1-B-COMEDOR-680x510.jpg"},"property-thumb-image":{"file":"BL-11-1-B-COMEDOR-488x326.jpg","width":488,"height":326,"mime-type":"image\/jpeg","filesize":23913,"url":"https:\/\/360mallorcaproperty.com\/wp-content\/uploads\/2025\/01\/BL-11-1-B-COMEDOR-488x326.jpg"},"property-detail-video-image":{"file":"BL-11-1-B-COMEDOR-818x417.jpg","width":818,"height":417,"mime-type":"image\/jpeg","filesize":50784,"url":"https:\/\/360mallorcaproperty.com\/wp-content\/uploads\/2025\/01\/BL-11-1-B-COMEDOR-818x417.jpg"},"agent-image":{"file":"BL-11-1-B-COMEDOR-210x210.jpg","width":210,"height":210,"mime-type":"image\/jpeg","filesize":8283,"url":"https:\/\/360mallorcaproperty.com\/wp-content\/uploads\/2025\/01\/BL-11-1-B-COMEDOR-210x210.jpg"},"partners-logo":{"file":"BL-11-1-B-COMEDOR-600x1575.jpg","width":600,"height":1575,"mime-type":"image\/jpeg","filesize":146752,"url":"https:\/\/360mallorcaproperty.com\/wp-content\/uploads\/2025\/01\/BL-11-1-B-COMEDOR-600x1575.jpg"},"post-featured-image":{"file":"BL-11-1-B-COMEDOR-1240x720.jpg","width":1240,"height":720,"mime-type":"image\/jpeg","filesize":116632,"url":"https:\/\/360mallorcaproperty.com\/wp-content\/uploads\/2025\/01\/BL-11-1-B-COMEDOR-1240x720.jpg"}},"image_meta":{"aperture":"0","credit":"","camera":"","caption":"","created_timestamp":"0","copyright":"","focal_length":"0","iso":"0","shutter_speed":"0","title":"","orientation":"1","keywords":[]},"ID":"29735","name":"BL-11-1-B-COMEDOR.jpg","path":"\/home\/mallorcaproperty\/public_html\/wp-content\/uploads\/2025\/01\/BL-11-1-B-COMEDOR.jpg","url":"https:\/\/360mallorcaproperty.com\/wp-content\/uploads\/2025\/01\/BL-11-1-B-COMEDOR-150x150.jpg","full_url":"https:\/\/360mallorcaproperty.com\/wp-content\/uploads\/2025\/01\/BL-11-1-B-COMEDOR.jpg","title":"BL 11 1 B COMEDOR","caption":"","description":"","alt":"","srcset":"https:\/\/360mallorcaproperty.com\/wp-content\/uploads\/2025\/01\/BL-11-1-B-COMEDOR-150x150.jpg 150w, https:\/\/360mallorcaproperty.com\/wp-content\/uploads\/2025\/01\/BL-11-1-B-COMEDOR-210x210.jpg 210w"},{"width":150,"height":150,"file":"2025\/01\/BL-11-1-B-PORCHE.jpg","filesize":2481530,"sizes":{"medium":{"file":"BL-11-1-B-PORCHE-300x225.jpg","width":300,"height":225,"mime-type":"image\/jpeg","filesize":14903,"url":"https:\/\/360mallorcaproperty.com\/wp-content\/uploads\/2025\/01\/BL-11-1-B-PORCHE-300x225.jpg"},"large":{"file":"BL-11-1-B-PORCHE-1024x768.jpg","width":1024,"height":768,"mime-type":"image\/jpeg","filesize":113004,"url":"https:\/\/360mallorcaproperty.com\/wp-content\/uploads\/2025\/01\/BL-11-1-B-PORCHE-1024x768.jpg"},"thumbnail":{"file":"BL-11-1-B-PORCHE-150x150.jpg","width":150,"height":150,"mime-type":"image\/jpeg","filesize":6484,"url":"https:\/\/360mallorcaproperty.com\/wp-content\/uploads\/2025\/01\/BL-11-1-B-PORCHE-150x150.jpg"},"medium_large":{"file":"BL-11-1-B-PORCHE-768x576.jpg","width":768,"height":576,"mime-type":"image\/jpeg","filesize":68060,"url":"https:\/\/360mallorcaproperty.com\/wp-content\/uploads\/2025\/01\/BL-11-1-B-PORCHE-768x576.jpg"},"1536x1536":{"file":"BL-11-1-B-PORCHE-1536x1152.jpg","width":1536,"height":1152,"mime-type":"image\/jpeg","filesize":233665,"url":"https:\/\/360mallorcaproperty.com\/wp-content\/uploads\/2025\/01\/BL-11-1-B-PORCHE-1536x1152.jpg"},"2048x2048":{"file":"BL-11-1-B-PORCHE-2048x1536.jpg","width":2048,"height":1536,"mime-type":"image\/jpeg","filesize":396428,"url":"https:\/\/360mallorcaproperty.com\/wp-content\/uploads\/2025\/01\/BL-11-1-B-PORCHE-2048x1536.jpg"},"post-thumbnail":{"file":"BL-11-1-B-PORCHE-150x113.jpg","width":150,"height":113,"mime-type":"image\/jpeg","filesize":5278,"url":"https:\/\/360mallorcaproperty.com\/wp-content\/uploads\/2025\/01\/BL-11-1-B-PORCHE-150x113.jpg"},"modern-property-child-slider":{"file":"BL-11-1-B-PORCHE-680x510.jpg","width":680,"height":510,"mime-type":"image\/jpeg","filesize":55621,"url":"https:\/\/360mallorcaproperty.com\/wp-content\/uploads\/2025\/01\/BL-11-1-B-PORCHE-680x510.jpg"},"property-thumb-image":{"file":"BL-11-1-B-PORCHE-488x326.jpg","width":488,"height":326,"mime-type":"image\/jpeg","filesize":29074,"url":"https:\/\/360mallorcaproperty.com\/wp-content\/uploads\/2025\/01\/BL-11-1-B-PORCHE-488x326.jpg"},"property-detail-video-image":{"file":"BL-11-1-B-PORCHE-818x417.jpg","width":818,"height":417,"mime-type":"image\/jpeg","filesize":56997,"url":"https:\/\/360mallorcaproperty.com\/wp-content\/uploads\/2025\/01\/BL-11-1-B-PORCHE-818x417.jpg"},"agent-image":{"file":"BL-11-1-B-PORCHE-210x210.jpg","width":210,"height":210,"mime-type":"image\/jpeg","filesize":10960,"url":"https:\/\/360mallorcaproperty.com\/wp-content\/uploads\/2025\/01\/BL-11-1-B-PORCHE-210x210.jpg"},"partners-logo":{"file":"BL-11-1-B-PORCHE-600x1575.jpg","width":600,"height":1575,"mime-type":"image\/jpeg","filesize":137644,"url":"https:\/\/360mallorcaproperty.com\/wp-content\/uploads\/2025\/01\/BL-11-1-B-PORCHE-600x1575.jpg"},"post-featured-image":{"file":"BL-11-1-B-PORCHE-1240x720.jpg","width":1240,"height":720,"mime-type":"image\/jpeg","filesize":127321,"url":"https:\/\/360mallorcaproperty.com\/wp-content\/uploads\/2025\/01\/BL-11-1-B-PORCHE-1240x720.jpg"}},"image_meta":{"aperture":"0","credit":"","camera":"","caption":"","created_timestamp":"0","copyright":"","focal_length":"0","iso":"0","shutter_speed":"0","title":"","orientation":"1","keywords":[]},"ID":"29738","name":"BL-11-1-B-PORCHE.jpg","path":"\/home\/mallorcaproperty\/public_html\/wp-content\/uploads\/2025\/01\/BL-11-1-B-PORCHE.jpg","url":"https:\/\/360mallorcaproperty.com\/wp-content\/uploads\/2025\/01\/BL-11-1-B-PORCHE-150x150.jpg","full_url":"https:\/\/360mallorcaproperty.com\/wp-content\/uploads\/2025\/01\/BL-11-1-B-PORCHE.jpg","title":"BL 11 1 B PORCHE","caption":"","description":"","alt":"","srcset":"https:\/\/360mallorcaproperty.com\/wp-content\/uploads\/2025\/01\/BL-11-1-B-PORCHE-150x150.jpg 150w, https:\/\/360mallorcaproperty.com\/wp-content\/uploads\/2025\/01\/BL-11-1-B-PORCHE-210x210.jpg 210w"},{"width":150,"height":150,"file":"2025\/01\/BL11-AT-A-COMEDOR.jpg","filesize":2489789,"sizes":{"medium":{"file":"BL11-AT-A-COMEDOR-300x225.jpg","width":300,"height":225,"mime-type":"image\/jpeg","filesize":12089,"url":"https:\/\/360mallorcaproperty.com\/wp-content\/uploads\/2025\/01\/BL11-AT-A-COMEDOR-300x225.jpg"},"large":{"file":"BL11-AT-A-COMEDOR-1024x768.jpg","width":1024,"height":768,"mime-type":"image\/jpeg","filesize":101081,"url":"https:\/\/360mallorcaproperty.com\/wp-content\/uploads\/2025\/01\/BL11-AT-A-COMEDOR-1024x768.jpg"},"thumbnail":{"file":"BL11-AT-A-COMEDOR-150x150.jpg","width":150,"height":150,"mime-type":"image\/jpeg","filesize":5146,"url":"https:\/\/360mallorcaproperty.com\/wp-content\/uploads\/2025\/01\/BL11-AT-A-COMEDOR-150x150.jpg"},"medium_large":{"file":"BL11-AT-A-COMEDOR-768x576.jpg","width":768,"height":576,"mime-type":"image\/jpeg","filesize":58458,"url":"https:\/\/360mallorcaproperty.com\/wp-content\/uploads\/2025\/01\/BL11-AT-A-COMEDOR-768x576.jpg"},"1536x1536":{"file":"BL11-AT-A-COMEDOR-1536x1152.jpg","width":1536,"height":1152,"mime-type":"image\/jpeg","filesize":222698,"url":"https:\/\/360mallorcaproperty.com\/wp-content\/uploads\/2025\/01\/BL11-AT-A-COMEDOR-1536x1152.jpg"},"2048x2048":{"file":"BL11-AT-A-COMEDOR-2048x1536.jpg","width":2048,"height":1536,"mime-type":"image\/jpeg","filesize":388425,"url":"https:\/\/360mallorcaproperty.com\/wp-content\/uploads\/2025\/01\/BL11-AT-A-COMEDOR-2048x1536.jpg"},"post-thumbnail":{"file":"BL11-AT-A-COMEDOR-150x113.jpg","width":150,"height":113,"mime-type":"image\/jpeg","filesize":4457,"url":"https:\/\/360mallorcaproperty.com\/wp-content\/uploads\/2025\/01\/BL11-AT-A-COMEDOR-150x113.jpg"},"modern-property-child-slider":{"file":"BL11-AT-A-COMEDOR-680x510.jpg","width":680,"height":510,"mime-type":"image\/jpeg","filesize":47026,"url":"https:\/\/360mallorcaproperty.com\/wp-content\/uploads\/2025\/01\/BL11-AT-A-COMEDOR-680x510.jpg"},"property-thumb-image":{"file":"BL11-AT-A-COMEDOR-488x326.jpg","width":488,"height":326,"mime-type":"image\/jpeg","filesize":24277,"url":"https:\/\/360mallorcaproperty.com\/wp-content\/uploads\/2025\/01\/BL11-AT-A-COMEDOR-488x326.jpg"},"property-detail-video-image":{"file":"BL11-AT-A-COMEDOR-818x417.jpg","width":818,"height":417,"mime-type":"image\/jpeg","filesize":49260,"url":"https:\/\/360mallorcaproperty.com\/wp-content\/uploads\/2025\/01\/BL11-AT-A-COMEDOR-818x417.jpg"},"agent-image":{"file":"BL11-AT-A-COMEDOR-210x210.jpg","width":210,"height":210,"mime-type":"image\/jpeg","filesize":8628,"url":"https:\/\/360mallorcaproperty.com\/wp-content\/uploads\/2025\/01\/BL11-AT-A-COMEDOR-210x210.jpg"},"partners-logo":{"file":"BL11-AT-A-COMEDOR-600x1575.jpg","width":600,"height":1575,"mime-type":"image\/jpeg","filesize":131619,"url":"https:\/\/360mallorcaproperty.com\/wp-content\/uploads\/2025\/01\/BL11-AT-A-COMEDOR-600x1575.jpg"},"post-featured-image":{"file":"BL11-AT-A-COMEDOR-1240x720.jpg","width":1240,"height":720,"mime-type":"image\/jpeg","filesize":113813,"url":"https:\/\/360mallorcaproperty.com\/wp-content\/uploads\/2025\/01\/BL11-AT-A-COMEDOR-1240x720.jpg"}},"image_meta":{"aperture":"0","credit":"","camera":"","caption":"","created_timestamp":"0","copyright":"","focal_length":"0","iso":"0","shutter_speed":"0","title":"","orientation":"1","keywords":[]},"ID":"29741","name":"BL11-AT-A-COMEDOR.jpg","path":"\/home\/mallorcaproperty\/public_html\/wp-content\/uploads\/2025\/01\/BL11-AT-A-COMEDOR.jpg","url":"https:\/\/360mallorcaproperty.com\/wp-content\/uploads\/2025\/01\/BL11-AT-A-COMEDOR-150x150.jpg","full_url":"https:\/\/360mallorcaproperty.com\/wp-content\/uploads\/2025\/01\/BL11-AT-A-COMEDOR.jpg","title":"BL11 AT A COMEDOR","caption":"","description":"","alt":"","srcset":"https:\/\/360mallorcaproperty.com\/wp-content\/uploads\/2025\/01\/BL11-AT-A-COMEDOR-150x150.jpg 150w, https:\/\/360mallorcaproperty.com\/wp-content\/uploads\/2025\/01\/BL11-AT-A-COMEDOR-210x210.jpg 210w"},{"width":150,"height":150,"file":"2025\/01\/BL11-B-B-INT-COMEDOR.jpg","filesize":2170991,"sizes":{"medium":{"file":"BL11-B-B-INT-COMEDOR-300x225.jpg","width":300,"height":225,"mime-type":"image\/jpeg","filesize":12170,"url":"https:\/\/360mallorcaproperty.com\/wp-content\/uploads\/2025\/01\/BL11-B-B-INT-COMEDOR-300x225.jpg"},"large":{"file":"BL11-B-B-INT-COMEDOR-1024x768.jpg","width":1024,"height":768,"mime-type":"image\/jpeg","filesize":95135,"url":"https:\/\/360mallorcaproperty.com\/wp-content\/uploads\/2025\/01\/BL11-B-B-INT-COMEDOR-1024x768.jpg"},"thumbnail":{"file":"BL11-B-B-INT-COMEDOR-150x150.jpg","width":150,"height":150,"mime-type":"image\/jpeg","filesize":5273,"url":"https:\/\/360mallorcaproperty.com\/wp-content\/uploads\/2025\/01\/BL11-B-B-INT-COMEDOR-150x150.jpg"},"medium_large":{"file":"BL11-B-B-INT-COMEDOR-768x576.jpg","width":768,"height":576,"mime-type":"image\/jpeg","filesize":56676,"url":"https:\/\/360mallorcaproperty.com\/wp-content\/uploads\/2025\/01\/BL11-B-B-INT-COMEDOR-768x576.jpg"},"1536x1536":{"file":"BL11-B-B-INT-COMEDOR-1536x1152.jpg","width":1536,"height":1152,"mime-type":"image\/jpeg","filesize":202852,"url":"https:\/\/360mallorcaproperty.com\/wp-content\/uploads\/2025\/01\/BL11-B-B-INT-COMEDOR-1536x1152.jpg"},"2048x2048":{"file":"BL11-B-B-INT-COMEDOR-2048x1536.jpg","width":2048,"height":1536,"mime-type":"image\/jpeg","filesize":349691,"url":"https:\/\/360mallorcaproperty.com\/wp-content\/uploads\/2025\/01\/BL11-B-B-INT-COMEDOR-2048x1536.jpg"},"post-thumbnail":{"file":"BL11-B-B-INT-COMEDOR-150x113.jpg","width":150,"height":113,"mime-type":"image\/jpeg","filesize":4523,"url":"https:\/\/360mallorcaproperty.com\/wp-content\/uploads\/2025\/01\/BL11-B-B-INT-COMEDOR-150x113.jpg"},"modern-property-child-slider":{"file":"BL11-B-B-INT-COMEDOR-680x510.jpg","width":680,"height":510,"mime-type":"image\/jpeg","filesize":46004,"url":"https:\/\/360mallorcaproperty.com\/wp-content\/uploads\/2025\/01\/BL11-B-B-INT-COMEDOR-680x510.jpg"},"property-thumb-image":{"file":"BL11-B-B-INT-COMEDOR-488x326.jpg","width":488,"height":326,"mime-type":"image\/jpeg","filesize":24725,"url":"https:\/\/360mallorcaproperty.com\/wp-content\/uploads\/2025\/01\/BL11-B-B-INT-COMEDOR-488x326.jpg"},"property-detail-video-image":{"file":"BL11-B-B-INT-COMEDOR-818x417.jpg","width":818,"height":417,"mime-type":"image\/jpeg","filesize":49631,"url":"https:\/\/360mallorcaproperty.com\/wp-content\/uploads\/2025\/01\/BL11-B-B-INT-COMEDOR-818x417.jpg"},"agent-image":{"file":"BL11-B-B-INT-COMEDOR-210x210.jpg","width":210,"height":210,"mime-type":"image\/jpeg","filesize":8807,"url":"https:\/\/360mallorcaproperty.com\/wp-content\/uploads\/2025\/01\/BL11-B-B-INT-COMEDOR-210x210.jpg"},"partners-logo":{"file":"BL11-B-B-INT-COMEDOR-600x1575.jpg","width":600,"height":1575,"mime-type":"image\/jpeg","filesize":124302,"url":"https:\/\/360mallorcaproperty.com\/wp-content\/uploads\/2025\/01\/BL11-B-B-INT-COMEDOR-600x1575.jpg"},"post-featured-image":{"file":"BL11-B-B-INT-COMEDOR-1240x720.jpg","width":1240,"height":720,"mime-type":"image\/jpeg","filesize":111797,"url":"https:\/\/360mallorcaproperty.com\/wp-content\/uploads\/2025\/01\/BL11-B-B-INT-COMEDOR-1240x720.jpg"}},"image_meta":{"aperture":"0","credit":"","camera":"","caption":"","created_timestamp":"0","copyright":"","focal_length":"0","iso":"0","shutter_speed":"0","title":"","orientation":"0","keywords":[]},"ID":"29750","name":"BL11-B-B-INT-COMEDOR.jpg","path":"\/home\/mallorcaproperty\/public_html\/wp-content\/uploads\/2025\/01\/BL11-B-B-INT-COMEDOR.jpg","url":"https:\/\/360mallorcaproperty.com\/wp-content\/uploads\/2025\/01\/BL11-B-B-INT-COMEDOR-150x150.jpg","full_url":"https:\/\/360mallorcaproperty.com\/wp-content\/uploads\/2025\/01\/BL11-B-B-INT-COMEDOR.jpg","title":"BL11 B B INT COMEDOR","caption":"","description":"","alt":"","srcset":"https:\/\/360mallorcaproperty.com\/wp-content\/uploads\/2025\/01\/BL11-B-B-INT-COMEDOR-150x150.jpg 150w, https:\/\/360mallorcaproperty.com\/wp-content\/uploads\/2025\/01\/BL11-B-B-INT-COMEDOR-210x210.jpg 210w"},{"width":150,"height":150,"file":"2025\/01\/BL11-B-A-EXT-JARD.jpg","filesize":2337270,"sizes":{"medium":{"file":"BL11-B-A-EXT-JARD-300x225.jpg","width":300,"height":225,"mime-type":"image\/jpeg","filesize":16321,"url":"https:\/\/360mallorcaproperty.com\/wp-content\/uploads\/2025\/01\/BL11-B-A-EXT-JARD-300x225.jpg"},"large":{"file":"BL11-B-A-EXT-JARD-1024x768.jpg","width":1024,"height":768,"mime-type":"image\/jpeg","filesize":127311,"url":"https:\/\/360mallorcaproperty.com\/wp-content\/uploads\/2025\/01\/BL11-B-A-EXT-JARD-1024x768.jpg"},"thumbnail":{"file":"BL11-B-A-EXT-JARD-150x150.jpg","width":150,"height":150,"mime-type":"image\/jpeg","filesize":6640,"url":"https:\/\/360mallorcaproperty.com\/wp-content\/uploads\/2025\/01\/BL11-B-A-EXT-JARD-150x150.jpg"},"medium_large":{"file":"BL11-B-A-EXT-JARD-768x576.jpg","width":768,"height":576,"mime-type":"image\/jpeg","filesize":77951,"url":"https:\/\/360mallorcaproperty.com\/wp-content\/uploads\/2025\/01\/BL11-B-A-EXT-JARD-768x576.jpg"},"1536x1536":{"file":"BL11-B-A-EXT-JARD-1536x1152.jpg","width":1536,"height":1152,"mime-type":"image\/jpeg","filesize":255560,"url":"https:\/\/360mallorcaproperty.com\/wp-content\/uploads\/2025\/01\/BL11-B-A-EXT-JARD-1536x1152.jpg"},"2048x2048":{"file":"BL11-B-A-EXT-JARD-2048x1536.jpg","width":2048,"height":1536,"mime-type":"image\/jpeg","filesize":421236,"url":"https:\/\/360mallorcaproperty.com\/wp-content\/uploads\/2025\/01\/BL11-B-A-EXT-JARD-2048x1536.jpg"},"post-thumbnail":{"file":"BL11-B-A-EXT-JARD-150x113.jpg","width":150,"height":113,"mime-type":"image\/jpeg","filesize":5587,"url":"https:\/\/360mallorcaproperty.com\/wp-content\/uploads\/2025\/01\/BL11-B-A-EXT-JARD-150x113.jpg"},"modern-property-child-slider":{"file":"BL11-B-A-EXT-JARD-680x510.jpg","width":680,"height":510,"mime-type":"image\/jpeg","filesize":63128,"url":"https:\/\/360mallorcaproperty.com\/wp-content\/uploads\/2025\/01\/BL11-B-A-EXT-JARD-680x510.jpg"},"property-thumb-image":{"file":"BL11-B-A-EXT-JARD-488x326.jpg","width":488,"height":326,"mime-type":"image\/jpeg","filesize":32743,"url":"https:\/\/360mallorcaproperty.com\/wp-content\/uploads\/2025\/01\/BL11-B-A-EXT-JARD-488x326.jpg"},"property-detail-video-image":{"file":"BL11-B-A-EXT-JARD-818x417.jpg","width":818,"height":417,"mime-type":"image\/jpeg","filesize":60354,"url":"https:\/\/360mallorcaproperty.com\/wp-content\/uploads\/2025\/01\/BL11-B-A-EXT-JARD-818x417.jpg"},"agent-image":{"file":"BL11-B-A-EXT-JARD-210x210.jpg","width":210,"height":210,"mime-type":"image\/jpeg","filesize":11531,"url":"https:\/\/360mallorcaproperty.com\/wp-content\/uploads\/2025\/01\/BL11-B-A-EXT-JARD-210x210.jpg"},"partners-logo":{"file":"BL11-B-A-EXT-JARD-600x1575.jpg","width":600,"height":1575,"mime-type":"image\/jpeg","filesize":142116,"url":"https:\/\/360mallorcaproperty.com\/wp-content\/uploads\/2025\/01\/BL11-B-A-EXT-JARD-600x1575.jpg"},"post-featured-image":{"file":"BL11-B-A-EXT-JARD-1240x720.jpg","width":1240,"height":720,"mime-type":"image\/jpeg","filesize":133204,"url":"https:\/\/360mallorcaproperty.com\/wp-content\/uploads\/2025\/01\/BL11-B-A-EXT-JARD-1240x720.jpg"}},"image_meta":{"aperture":"0","credit":"","camera":"","caption":"","created_timestamp":"0","copyright":"","focal_length":"0","iso":"0","shutter_speed":"0","title":"","orientation":"1","keywords":[]},"ID":"29744","name":"BL11-B-A-EXT-JARD.jpg","path":"\/home\/mallorcaproperty\/public_html\/wp-content\/uploads\/2025\/01\/BL11-B-A-EXT-JARD.jpg","url":"https:\/\/360mallorcaproperty.com\/wp-content\/uploads\/2025\/01\/BL11-B-A-EXT-JARD-150x150.jpg","full_url":"https:\/\/360mallorcaproperty.com\/wp-content\/uploads\/2025\/01\/BL11-B-A-EXT-JARD.jpg","title":"BL11 B A EXT JARD","caption":"","description":"","alt":"","srcset":"https:\/\/360mallorcaproperty.com\/wp-content\/uploads\/2025\/01\/BL11-B-A-EXT-JARD-150x150.jpg 150w, https:\/\/360mallorcaproperty.com\/wp-content\/uploads\/2025\/01\/BL11-B-A-EXT-JARD-210x210.jpg 210w"},{"width":150,"height":150,"file":"2025\/01\/BL11-B-B-EXT-NOTTE.max_.jpg","filesize":3255958,"sizes":{"medium":{"file":"BL11-B-B-EXT-NOTTE.max_-300x225.jpg","width":300,"height":225,"mime-type":"image\/jpeg","filesize":15464,"url":"https:\/\/360mallorcaproperty.com\/wp-content\/uploads\/2025\/01\/BL11-B-B-EXT-NOTTE.max_-300x225.jpg"},"large":{"file":"BL11-B-B-EXT-NOTTE.max_-1024x768.jpg","width":1024,"height":768,"mime-type":"image\/jpeg","filesize":117374,"url":"https:\/\/360mallorcaproperty.com\/wp-content\/uploads\/2025\/01\/BL11-B-B-EXT-NOTTE.max_-1024x768.jpg"},"thumbnail":{"file":"BL11-B-B-EXT-NOTTE.max_-150x150.jpg","width":150,"height":150,"mime-type":"image\/jpeg","filesize":6602,"url":"https:\/\/360mallorcaproperty.com\/wp-content\/uploads\/2025\/01\/BL11-B-B-EXT-NOTTE.max_-150x150.jpg"},"medium_large":{"file":"BL11-B-B-EXT-NOTTE.max_-768x576.jpg","width":768,"height":576,"mime-type":"image\/jpeg","filesize":71923,"url":"https:\/\/360mallorcaproperty.com\/wp-content\/uploads\/2025\/01\/BL11-B-B-EXT-NOTTE.max_-768x576.jpg"},"1536x1536":{"file":"BL11-B-B-EXT-NOTTE.max_-1536x1152.jpg","width":1536,"height":1152,"mime-type":"image\/jpeg","filesize":237870,"url":"https:\/\/360mallorcaproperty.com\/wp-content\/uploads\/2025\/01\/BL11-B-B-EXT-NOTTE.max_-1536x1152.jpg"},"2048x2048":{"file":"BL11-B-B-EXT-NOTTE.max_-2048x1536.jpg","width":2048,"height":1536,"mime-type":"image\/jpeg","filesize":395139,"url":"https:\/\/360mallorcaproperty.com\/wp-content\/uploads\/2025\/01\/BL11-B-B-EXT-NOTTE.max_-2048x1536.jpg"},"post-thumbnail":{"file":"BL11-B-B-EXT-NOTTE.max_-150x113.jpg","width":150,"height":113,"mime-type":"image\/jpeg","filesize":5408,"url":"https:\/\/360mallorcaproperty.com\/wp-content\/uploads\/2025\/01\/BL11-B-B-EXT-NOTTE.max_-150x113.jpg"},"modern-property-child-slider":{"file":"BL11-B-B-EXT-NOTTE.max_-680x510.jpg","width":680,"height":510,"mime-type":"image\/jpeg","filesize":58641,"url":"https:\/\/360mallorcaproperty.com\/wp-content\/uploads\/2025\/01\/BL11-B-B-EXT-NOTTE.max_-680x510.jpg"},"property-thumb-image":{"file":"BL11-B-B-EXT-NOTTE.max_-488x326.jpg","width":488,"height":326,"mime-type":"image\/jpeg","filesize":30697,"url":"https:\/\/360mallorcaproperty.com\/wp-content\/uploads\/2025\/01\/BL11-B-B-EXT-NOTTE.max_-488x326.jpg"},"property-detail-video-image":{"file":"BL11-B-B-EXT-NOTTE.max_-818x417.jpg","width":818,"height":417,"mime-type":"image\/jpeg","filesize":56508,"url":"https:\/\/360mallorcaproperty.com\/wp-content\/uploads\/2025\/01\/BL11-B-B-EXT-NOTTE.max_-818x417.jpg"},"agent-image":{"file":"BL11-B-B-EXT-NOTTE.max_-210x210.jpg","width":210,"height":210,"mime-type":"image\/jpeg","filesize":11198,"url":"https:\/\/360mallorcaproperty.com\/wp-content\/uploads\/2025\/01\/BL11-B-B-EXT-NOTTE.max_-210x210.jpg"},"partners-logo":{"file":"BL11-B-B-EXT-NOTTE.max_-600x1875.jpg","width":600,"height":1875,"mime-type":"image\/jpeg","filesize":176992,"url":"https:\/\/360mallorcaproperty.com\/wp-content\/uploads\/2025\/01\/BL11-B-B-EXT-NOTTE.max_-600x1875.jpg"},"post-featured-image":{"file":"BL11-B-B-EXT-NOTTE.max_-1240x720.jpg","width":1240,"height":720,"mime-type":"image\/jpeg","filesize":125811,"url":"https:\/\/360mallorcaproperty.com\/wp-content\/uploads\/2025\/01\/BL11-B-B-EXT-NOTTE.max_-1240x720.jpg"}},"image_meta":{"aperture":"0","credit":"","camera":"","caption":"","created_timestamp":"0","copyright":"","focal_length":"0","iso":"0","shutter_speed":"0","title":"","orientation":"1","keywords":[]},"ID":"29747","name":"BL11-B-B-EXT-NOTTE.max_.jpg","path":"\/home\/mallorcaproperty\/public_html\/wp-content\/uploads\/2025\/01\/BL11-B-B-EXT-NOTTE.max_.jpg","url":"https:\/\/360mallorcaproperty.com\/wp-content\/uploads\/2025\/01\/BL11-B-B-EXT-NOTTE.max_-150x150.jpg","full_url":"https:\/\/360mallorcaproperty.com\/wp-content\/uploads\/2025\/01\/BL11-B-B-EXT-NOTTE.max_.jpg","title":"BL11 B B EXT NOTTE.max","caption":"","description":"","alt":"","srcset":"https:\/\/360mallorcaproperty.com\/wp-content\/uploads\/2025\/01\/BL11-B-B-EXT-NOTTE.max_-150x150.jpg 150w, https:\/\/360mallorcaproperty.com\/wp-content\/uploads\/2025\/01\/BL11-B-B-EXT-NOTTE.max_-210x210.jpg 210w"},{"width":150,"height":150,"file":"2025\/01\/PLANOS-A3-PORTOCOLOM-HD-planta-1-B-2.jpg","filesize":1027643,"sizes":{"medium":{"file":"PLANOS-A3-PORTOCOLOM-HD-planta-1-B-2-300x212.jpg","width":300,"height":212,"mime-type":"image\/jpeg","filesize":10053,"url":"https:\/\/360mallorcaproperty.com\/wp-content\/uploads\/2025\/01\/PLANOS-A3-PORTOCOLOM-HD-planta-1-B-2-300x212.jpg"},"large":{"file":"PLANOS-A3-PORTOCOLOM-HD-planta-1-B-2-1024x724.jpg","width":1024,"height":724,"mime-type":"image\/jpeg","filesize":68925,"url":"https:\/\/360mallorcaproperty.com\/wp-content\/uploads\/2025\/01\/PLANOS-A3-PORTOCOLOM-HD-planta-1-B-2-1024x724.jpg"},"thumbnail":{"file":"PLANOS-A3-PORTOCOLOM-HD-planta-1-B-2-150x150.jpg","width":150,"height":150,"mime-type":"image\/jpeg","filesize":5156,"url":"https:\/\/360mallorcaproperty.com\/wp-content\/uploads\/2025\/01\/PLANOS-A3-PORTOCOLOM-HD-planta-1-B-2-150x150.jpg"},"medium_large":{"file":"PLANOS-A3-PORTOCOLOM-HD-planta-1-B-2-768x543.jpg","width":768,"height":543,"mime-type":"image\/jpeg","filesize":42669,"url":"https:\/\/360mallorcaproperty.com\/wp-content\/uploads\/2025\/01\/PLANOS-A3-PORTOCOLOM-HD-planta-1-B-2-768x543.jpg"},"1536x1536":{"file":"PLANOS-A3-PORTOCOLOM-HD-planta-1-B-2-1536x1086.jpg","width":1536,"height":1086,"mime-type":"image\/jpeg","filesize":131906,"url":"https:\/\/360mallorcaproperty.com\/wp-content\/uploads\/2025\/01\/PLANOS-A3-PORTOCOLOM-HD-planta-1-B-2-1536x1086.jpg"},"2048x2048":{"file":"PLANOS-A3-PORTOCOLOM-HD-planta-1-B-2-2048x1448.jpg","width":2048,"height":1448,"mime-type":"image\/jpeg","filesize":208726,"url":"https:\/\/360mallorcaproperty.com\/wp-content\/uploads\/2025\/01\/PLANOS-A3-PORTOCOLOM-HD-planta-1-B-2-2048x1448.jpg"},"post-thumbnail":{"file":"PLANOS-A3-PORTOCOLOM-HD-planta-1-B-2-150x106.jpg","width":150,"height":106,"mime-type":"image\/jpeg","filesize":3991,"url":"https:\/\/360mallorcaproperty.com\/wp-content\/uploads\/2025\/01\/PLANOS-A3-PORTOCOLOM-HD-planta-1-B-2-150x106.jpg"},"modern-property-child-slider":{"file":"PLANOS-A3-PORTOCOLOM-HD-planta-1-B-2-680x510.jpg","width":680,"height":510,"mime-type":"image\/jpeg","filesize":38568,"url":"https:\/\/360mallorcaproperty.com\/wp-content\/uploads\/2025\/01\/PLANOS-A3-PORTOCOLOM-HD-planta-1-B-2-680x510.jpg"},"property-thumb-image":{"file":"PLANOS-A3-PORTOCOLOM-HD-planta-1-B-2-488x326.jpg","width":488,"height":326,"mime-type":"image\/jpeg","filesize":20717,"url":"https:\/\/360mallorcaproperty.com\/wp-content\/uploads\/2025\/01\/PLANOS-A3-PORTOCOLOM-HD-planta-1-B-2-488x326.jpg"},"property-detail-video-image":{"file":"PLANOS-A3-PORTOCOLOM-HD-planta-1-B-2-818x417.jpg","width":818,"height":417,"mime-type":"image\/jpeg","filesize":40878,"url":"https:\/\/360mallorcaproperty.com\/wp-content\/uploads\/2025\/01\/PLANOS-A3-PORTOCOLOM-HD-planta-1-B-2-818x417.jpg"},"agent-image":{"file":"PLANOS-A3-PORTOCOLOM-HD-planta-1-B-2-210x210.jpg","width":210,"height":210,"mime-type":"image\/jpeg","filesize":8080,"url":"https:\/\/360mallorcaproperty.com\/wp-content\/uploads\/2025\/01\/PLANOS-A3-PORTOCOLOM-HD-planta-1-B-2-210x210.jpg"},"partners-logo":{"file":"PLANOS-A3-PORTOCOLOM-HD-planta-1-B-2-600x1754.jpg","width":600,"height":1754,"mime-type":"image\/jpeg","filesize":88117,"url":"https:\/\/360mallorcaproperty.com\/wp-content\/uploads\/2025\/01\/PLANOS-A3-PORTOCOLOM-HD-planta-1-B-2-600x1754.jpg"},"post-featured-image":{"file":"PLANOS-A3-PORTOCOLOM-HD-planta-1-B-2-1240x720.jpg","width":1240,"height":720,"mime-type":"image\/jpeg","filesize":83381,"url":"https:\/\/360mallorcaproperty.com\/wp-content\/uploads\/2025\/01\/PLANOS-A3-PORTOCOLOM-HD-planta-1-B-2-1240x720.jpg"}},"image_meta":{"aperture":"0","credit":"","camera":"","caption":"","created_timestamp":"0","copyright":"","focal_length":"0","iso":"0","shutter_speed":"0","title":"","orientation":"0","keywords":[]},"ID":"29756","name":"PLANOS-A3-PORTOCOLOM-HD-planta-1-B-2.jpg","path":"\/home\/mallorcaproperty\/public_html\/wp-content\/uploads\/2025\/01\/PLANOS-A3-PORTOCOLOM-HD-planta-1-B-2.jpg","url":"https:\/\/360mallorcaproperty.com\/wp-content\/uploads\/2025\/01\/PLANOS-A3-PORTOCOLOM-HD-planta-1-B-2-150x150.jpg","full_url":"https:\/\/360mallorcaproperty.com\/wp-content\/uploads\/2025\/01\/PLANOS-A3-PORTOCOLOM-HD-planta-1-B-2.jpg","title":"PLANOS A3 PORTOCOLOM HD planta 1 B (2)","caption":"","description":"","alt":"","srcset":"https:\/\/360mallorcaproperty.com\/wp-content\/uploads\/2025\/01\/PLANOS-A3-PORTOCOLOM-HD-planta-1-B-2-150x150.jpg 150w, https:\/\/360mallorcaproperty.com\/wp-content\/uploads\/2025\/01\/PLANOS-A3-PORTOCOLOM-HD-planta-1-B-2-210x210.jpg 210w"},{"width":150,"height":150,"file":"2025\/01\/PLANOS-A3-PORTOCOLOM-planta-baja-A.jpg","filesize":1514595,"sizes":{"medium":{"file":"PLANOS-A3-PORTOCOLOM-planta-baja-A-300x212.jpg","width":300,"height":212,"mime-type":"image\/jpeg","filesize":11805,"url":"https:\/\/360mallorcaproperty.com\/wp-content\/uploads\/2025\/01\/PLANOS-A3-PORTOCOLOM-planta-baja-A-300x212.jpg"},"large":{"file":"PLANOS-A3-PORTOCOLOM-planta-baja-A-1024x724.jpg","width":1024,"height":724,"mime-type":"image\/jpeg","filesize":85669,"url":"https:\/\/360mallorcaproperty.com\/wp-content\/uploads\/2025\/01\/PLANOS-A3-PORTOCOLOM-planta-baja-A-1024x724.jpg"},"thumbnail":{"file":"PLANOS-A3-PORTOCOLOM-planta-baja-A-150x150.jpg","width":150,"height":150,"mime-type":"image\/jpeg","filesize":6070,"url":"https:\/\/360mallorcaproperty.com\/wp-content\/uploads\/2025\/01\/PLANOS-A3-PORTOCOLOM-planta-baja-A-150x150.jpg"},"medium_large":{"file":"PLANOS-A3-PORTOCOLOM-planta-baja-A-768x543.jpg","width":768,"height":543,"mime-type":"image\/jpeg","filesize":52421,"url":"https:\/\/360mallorcaproperty.com\/wp-content\/uploads\/2025\/01\/PLANOS-A3-PORTOCOLOM-planta-baja-A-768x543.jpg"},"1536x1536":{"file":"PLANOS-A3-PORTOCOLOM-planta-baja-A-1536x1086.jpg","width":1536,"height":1086,"mime-type":"image\/jpeg","filesize":167412,"url":"https:\/\/360mallorcaproperty.com\/wp-content\/uploads\/2025\/01\/PLANOS-A3-PORTOCOLOM-planta-baja-A-1536x1086.jpg"},"2048x2048":{"file":"PLANOS-A3-PORTOCOLOM-planta-baja-A-2048x1448.jpg","width":2048,"height":1448,"mime-type":"image\/jpeg","filesize":268193,"url":"https:\/\/360mallorcaproperty.com\/wp-content\/uploads\/2025\/01\/PLANOS-A3-PORTOCOLOM-planta-baja-A-2048x1448.jpg"},"post-thumbnail":{"file":"PLANOS-A3-PORTOCOLOM-planta-baja-A-150x106.jpg","width":150,"height":106,"mime-type":"image\/jpeg","filesize":4479,"url":"https:\/\/360mallorcaproperty.com\/wp-content\/uploads\/2025\/01\/PLANOS-A3-PORTOCOLOM-planta-baja-A-150x106.jpg"},"modern-property-child-slider":{"file":"PLANOS-A3-PORTOCOLOM-planta-baja-A-680x510.jpg","width":680,"height":510,"mime-type":"image\/jpeg","filesize":46792,"url":"https:\/\/360mallorcaproperty.com\/wp-content\/uploads\/2025\/01\/PLANOS-A3-PORTOCOLOM-planta-baja-A-680x510.jpg"},"property-thumb-image":{"file":"PLANOS-A3-PORTOCOLOM-planta-baja-A-488x326.jpg","width":488,"height":326,"mime-type":"image\/jpeg","filesize":24760,"url":"https:\/\/360mallorcaproperty.com\/wp-content\/uploads\/2025\/01\/PLANOS-A3-PORTOCOLOM-planta-baja-A-488x326.jpg"},"property-detail-video-image":{"file":"PLANOS-A3-PORTOCOLOM-planta-baja-A-818x417.jpg","width":818,"height":417,"mime-type":"image\/jpeg","filesize":50444,"url":"https:\/\/360mallorcaproperty.com\/wp-content\/uploads\/2025\/01\/PLANOS-A3-PORTOCOLOM-planta-baja-A-818x417.jpg"},"agent-image":{"file":"PLANOS-A3-PORTOCOLOM-planta-baja-A-210x210.jpg","width":210,"height":210,"mime-type":"image\/jpeg","filesize":9503,"url":"https:\/\/360mallorcaproperty.com\/wp-content\/uploads\/2025\/01\/PLANOS-A3-PORTOCOLOM-planta-baja-A-210x210.jpg"},"partners-logo":{"file":"PLANOS-A3-PORTOCOLOM-planta-baja-A-600x1754.jpg","width":600,"height":1754,"mime-type":"image\/jpeg","filesize":91397,"url":"https:\/\/360mallorcaproperty.com\/wp-content\/uploads\/2025\/01\/PLANOS-A3-PORTOCOLOM-planta-baja-A-600x1754.jpg"},"post-featured-image":{"file":"PLANOS-A3-PORTOCOLOM-planta-baja-A-1240x720.jpg","width":1240,"height":720,"mime-type":"image\/jpeg","filesize":108626,"url":"https:\/\/360mallorcaproperty.com\/wp-content\/uploads\/2025\/01\/PLANOS-A3-PORTOCOLOM-planta-baja-A-1240x720.jpg"}},"image_meta":{"aperture":"0","credit":"","camera":"","caption":"","created_timestamp":"0","copyright":"","focal_length":"0","iso":"0","shutter_speed":"0","title":"","orientation":"0","keywords":[]},"ID":"29759","name":"PLANOS-A3-PORTOCOLOM-planta-baja-A.jpg","path":"\/home\/mallorcaproperty\/public_html\/wp-content\/uploads\/2025\/01\/PLANOS-A3-PORTOCOLOM-planta-baja-A.jpg","url":"https:\/\/360mallorcaproperty.com\/wp-content\/uploads\/2025\/01\/PLANOS-A3-PORTOCOLOM-planta-baja-A-150x150.jpg","full_url":"https:\/\/360mallorcaproperty.com\/wp-content\/uploads\/2025\/01\/PLANOS-A3-PORTOCOLOM-planta-baja-A.jpg","title":"PLANOS A3 PORTOCOLOM planta baja A","caption":"","description":"","alt":"","srcset":"https:\/\/360mallorcaproperty.com\/wp-content\/uploads\/2025\/01\/PLANOS-A3-PORTOCOLOM-planta-baja-A-150x150.jpg 150w, https:\/\/360mallorcaproperty.com\/wp-content\/uploads\/2025\/01\/PLANOS-A3-PORTOCOLOM-planta-baja-A-210x210.jpg 210w"},{"width":150,"height":150,"file":"2025\/01\/PORTOCOLOM-11-BAJO-planta-baja-B.jpg","filesize":1005464,"sizes":{"medium":{"file":"PORTOCOLOM-11-BAJO-planta-baja-B-300x105.jpg","width":300,"height":105,"mime-type":"image\/jpeg","filesize":6325,"url":"https:\/\/360mallorcaproperty.com\/wp-content\/uploads\/2025\/01\/PORTOCOLOM-11-BAJO-planta-baja-B-300x105.jpg"},"large":{"file":"PORTOCOLOM-11-BAJO-planta-baja-B-1024x359.jpg","width":1024,"height":359,"mime-type":"image\/jpeg","filesize":41649,"url":"https:\/\/360mallorcaproperty.com\/wp-content\/uploads\/2025\/01\/PORTOCOLOM-11-BAJO-planta-baja-B-1024x359.jpg"},"thumbnail":{"file":"PORTOCOLOM-11-BAJO-planta-baja-B-150x150.jpg","width":150,"height":150,"mime-type":"image\/jpeg","filesize":5600,"url":"https:\/\/360mallorcaproperty.com\/wp-content\/uploads\/2025\/01\/PORTOCOLOM-11-BAJO-planta-baja-B-150x150.jpg"},"medium_large":{"file":"PORTOCOLOM-11-BAJO-planta-baja-B-768x269.jpg","width":768,"height":269,"mime-type":"image\/jpeg","filesize":25568,"url":"https:\/\/360mallorcaproperty.com\/wp-content\/uploads\/2025\/01\/PORTOCOLOM-11-BAJO-planta-baja-B-768x269.jpg"},"1536x1536":{"file":"PORTOCOLOM-11-BAJO-planta-baja-B-1536x538.jpg","width":1536,"height":538,"mime-type":"image\/jpeg","filesize":82050,"url":"https:\/\/360mallorcaproperty.com\/wp-content\/uploads\/2025\/01\/PORTOCOLOM-11-BAJO-planta-baja-B-1536x538.jpg"},"2048x2048":{"file":"PORTOCOLOM-11-BAJO-planta-baja-B-2048x717.jpg","width":2048,"height":717,"mime-type":"image\/jpeg","filesize":131160,"url":"https:\/\/360mallorcaproperty.com\/wp-content\/uploads\/2025\/01\/PORTOCOLOM-11-BAJO-planta-baja-B-2048x717.jpg"},"post-thumbnail":{"file":"PORTOCOLOM-11-BAJO-planta-baja-B-150x53.jpg","width":150,"height":53,"mime-type":"image\/jpeg","filesize":2642,"url":"https:\/\/360mallorcaproperty.com\/wp-content\/uploads\/2025\/01\/PORTOCOLOM-11-BAJO-planta-baja-B-150x53.jpg"},"modern-property-child-slider":{"file":"PORTOCOLOM-11-BAJO-planta-baja-B-680x510.jpg","width":680,"height":510,"mime-type":"image\/jpeg","filesize":47382,"url":"https:\/\/360mallorcaproperty.com\/wp-content\/uploads\/2025\/01\/PORTOCOLOM-11-BAJO-planta-baja-B-680x510.jpg"},"property-thumb-image":{"file":"PORTOCOLOM-11-BAJO-planta-baja-B-488x326.jpg","width":488,"height":326,"mime-type":"image\/jpeg","filesize":23944,"url":"https:\/\/360mallorcaproperty.com\/wp-content\/uploads\/2025\/01\/PORTOCOLOM-11-BAJO-planta-baja-B-488x326.jpg"},"property-detail-video-image":{"file":"PORTOCOLOM-11-BAJO-planta-baja-B-818x417.jpg","width":818,"height":417,"mime-type":"image\/jpeg","filesize":40950,"url":"https:\/\/360mallorcaproperty.com\/wp-content\/uploads\/2025\/01\/PORTOCOLOM-11-BAJO-planta-baja-B-818x417.jpg"},"agent-image":{"file":"PORTOCOLOM-11-BAJO-planta-baja-B-210x210.jpg","width":210,"height":210,"mime-type":"image\/jpeg","filesize":9288,"url":"https:\/\/360mallorcaproperty.com\/wp-content\/uploads\/2025\/01\/PORTOCOLOM-11-BAJO-planta-baja-B-210x210.jpg"},"partners-logo":{"file":"PORTOCOLOM-11-BAJO-planta-baja-B-600x1241.jpg","width":600,"height":1241,"mime-type":"image\/jpeg","filesize":61029,"url":"https:\/\/360mallorcaproperty.com\/wp-content\/uploads\/2025\/01\/PORTOCOLOM-11-BAJO-planta-baja-B-600x1241.jpg"},"post-featured-image":{"file":"PORTOCOLOM-11-BAJO-planta-baja-B-1240x720.jpg","width":1240,"height":720,"mime-type":"image\/jpeg","filesize":86894,"url":"https:\/\/360mallorcaproperty.com\/wp-content\/uploads\/2025\/01\/PORTOCOLOM-11-BAJO-planta-baja-B-1240x720.jpg"}},"image_meta":{"aperture":"0","credit":"","camera":"","caption":"","created_timestamp":"0","copyright":"","focal_length":"0","iso":"0","shutter_speed":"0","title":"","orientation":"0","keywords":[]},"ID":"29762","name":"PORTOCOLOM-11-BAJO-planta-baja-B.jpg","path":"\/home\/mallorcaproperty\/public_html\/wp-content\/uploads\/2025\/01\/PORTOCOLOM-11-BAJO-planta-baja-B.jpg","url":"https:\/\/360mallorcaproperty.com\/wp-content\/uploads\/2025\/01\/PORTOCOLOM-11-BAJO-planta-baja-B-150x150.jpg","full_url":"https:\/\/360mallorcaproperty.com\/wp-content\/uploads\/2025\/01\/PORTOCOLOM-11-BAJO-planta-baja-B.jpg","title":"PORTOCOLOM 11 BAJO planta baja B","caption":"","description":"","alt":"","srcset":"https:\/\/360mallorcaproperty.com\/wp-content\/uploads\/2025\/01\/PORTOCOLOM-11-BAJO-planta-baja-B-150x150.jpg 150w, https:\/\/360mallorcaproperty.com\/wp-content\/uploads\/2025\/01\/PORTOCOLOM-11-BAJO-planta-baja-B-210x210.jpg 210w"},{"width":150,"height":150,"file":"2025\/01\/PLANOS-A3-PORTOCOLOM-planta-baja-A-2.jpg","filesize":1514595,"sizes":{"medium":{"file":"PLANOS-A3-PORTOCOLOM-planta-baja-A-2-300x212.jpg","width":300,"height":212,"mime-type":"image\/jpeg","filesize":11805,"url":"https:\/\/360mallorcaproperty.com\/wp-content\/uploads\/2025\/01\/PLANOS-A3-PORTOCOLOM-planta-baja-A-2-300x212.jpg"},"large":{"file":"PLANOS-A3-PORTOCOLOM-planta-baja-A-2-1024x724.jpg","width":1024,"height":724,"mime-type":"image\/jpeg","filesize":85669,"url":"https:\/\/360mallorcaproperty.com\/wp-content\/uploads\/2025\/01\/PLANOS-A3-PORTOCOLOM-planta-baja-A-2-1024x724.jpg"},"thumbnail":{"file":"PLANOS-A3-PORTOCOLOM-planta-baja-A-2-150x150.jpg","width":150,"height":150,"mime-type":"image\/jpeg","filesize":6070,"url":"https:\/\/360mallorcaproperty.com\/wp-content\/uploads\/2025\/01\/PLANOS-A3-PORTOCOLOM-planta-baja-A-2-150x150.jpg"},"medium_large":{"file":"PLANOS-A3-PORTOCOLOM-planta-baja-A-2-768x543.jpg","width":768,"height":543,"mime-type":"image\/jpeg","filesize":52421,"url":"https:\/\/360mallorcaproperty.com\/wp-content\/uploads\/2025\/01\/PLANOS-A3-PORTOCOLOM-planta-baja-A-2-768x543.jpg"},"1536x1536":{"file":"PLANOS-A3-PORTOCOLOM-planta-baja-A-2-1536x1086.jpg","width":1536,"height":1086,"mime-type":"image\/jpeg","filesize":167412,"url":"https:\/\/360mallorcaproperty.com\/wp-content\/uploads\/2025\/01\/PLANOS-A3-PORTOCOLOM-planta-baja-A-2-1536x1086.jpg"},"2048x2048":{"file":"PLANOS-A3-PORTOCOLOM-planta-baja-A-2-2048x1448.jpg","width":2048,"height":1448,"mime-type":"image\/jpeg","filesize":268193,"url":"https:\/\/360mallorcaproperty.com\/wp-content\/uploads\/2025\/01\/PLANOS-A3-PORTOCOLOM-planta-baja-A-2-2048x1448.jpg"},"post-thumbnail":{"file":"PLANOS-A3-PORTOCOLOM-planta-baja-A-2-150x106.jpg","width":150,"height":106,"mime-type":"image\/jpeg","filesize":4479,"url":"https:\/\/360mallorcaproperty.com\/wp-content\/uploads\/2025\/01\/PLANOS-A3-PORTOCOLOM-planta-baja-A-2-150x106.jpg"},"modern-property-child-slider":{"file":"PLANOS-A3-PORTOCOLOM-planta-baja-A-2-680x510.jpg","width":680,"height":510,"mime-type":"image\/jpeg","filesize":46792,"url":"https:\/\/360mallorcaproperty.com\/wp-content\/uploads\/2025\/01\/PLANOS-A3-PORTOCOLOM-planta-baja-A-2-680x510.jpg"},"property-thumb-image":{"file":"PLANOS-A3-PORTOCOLOM-planta-baja-A-2-488x326.jpg","width":488,"height":326,"mime-type":"image\/jpeg","filesize":24760,"url":"https:\/\/360mallorcaproperty.com\/wp-content\/uploads\/2025\/01\/PLANOS-A3-PORTOCOLOM-planta-baja-A-2-488x326.jpg"},"property-detail-video-image":{"file":"PLANOS-A3-PORTOCOLOM-planta-baja-A-2-818x417.jpg","width":818,"height":417,"mime-type":"image\/jpeg","filesize":50444,"url":"https:\/\/360mallorcaproperty.com\/wp-content\/uploads\/2025\/01\/PLANOS-A3-PORTOCOLOM-planta-baja-A-2-818x417.jpg"},"agent-image":{"file":"PLANOS-A3-PORTOCOLOM-planta-baja-A-2-210x210.jpg","width":210,"height":210,"mime-type":"image\/jpeg","filesize":9503,"url":"https:\/\/360mallorcaproperty.com\/wp-content\/uploads\/2025\/01\/PLANOS-A3-PORTOCOLOM-planta-baja-A-2-210x210.jpg"},"partners-logo":{"file":"PLANOS-A3-PORTOCOLOM-planta-baja-A-2-600x1754.jpg","width":600,"height":1754,"mime-type":"image\/jpeg","filesize":91397,"url":"https:\/\/360mallorcaproperty.com\/wp-content\/uploads\/2025\/01\/PLANOS-A3-PORTOCOLOM-planta-baja-A-2-600x1754.jpg"},"post-featured-image":{"file":"PLANOS-A3-PORTOCOLOM-planta-baja-A-2-1240x720.jpg","width":1240,"height":720,"mime-type":"image\/jpeg","filesize":108626,"url":"https:\/\/360mallorcaproperty.com\/wp-content\/uploads\/2025\/01\/PLANOS-A3-PORTOCOLOM-planta-baja-A-2-1240x720.jpg"}},"image_meta":{"aperture":"0","credit":"","camera":"","caption":"","created_timestamp":"0","copyright":"","focal_length":"0","iso":"0","shutter_speed":"0","title":"","orientation":"0","keywords":[]},"ID":"29819","name":"PLANOS-A3-PORTOCOLOM-planta-baja-A-2.jpg","path":"\/home\/mallorcaproperty\/public_html\/wp-content\/uploads\/2025\/01\/PLANOS-A3-PORTOCOLOM-planta-baja-A-2.jpg","url":"https:\/\/360mallorcaproperty.com\/wp-content\/uploads\/2025\/01\/PLANOS-A3-PORTOCOLOM-planta-baja-A-2-150x150.jpg","full_url":"https:\/\/360mallorcaproperty.com\/wp-content\/uploads\/2025\/01\/PLANOS-A3-PORTOCOLOM-planta-baja-A-2.jpg","title":"PLANOS A3 PORTOCOLOM planta baja A","caption":"","description":"","alt":"","srcset":"https:\/\/360mallorcaproperty.com\/wp-content\/uploads\/2025\/01\/PLANOS-A3-PORTOCOLOM-planta-baja-A-2-150x150.jpg 150w, https:\/\/360mallorcaproperty.com\/wp-content\/uploads\/2025\/01\/PLANOS-A3-PORTOCOLOM-planta-baja-A-2-210x210.jpg 210w"},{"width":150,"height":150,"file":"2025\/01\/PLANOS-A3-PORTOCOLOM-HD-planta-1-A-1.jpg","filesize":1003797,"sizes":{"medium":{"file":"PLANOS-A3-PORTOCOLOM-HD-planta-1-A-1-300x212.jpg","width":300,"height":212,"mime-type":"image\/jpeg","filesize":9981,"url":"https:\/\/360mallorcaproperty.com\/wp-content\/uploads\/2025\/01\/PLANOS-A3-PORTOCOLOM-HD-planta-1-A-1-300x212.jpg"},"large":{"file":"PLANOS-A3-PORTOCOLOM-HD-planta-1-A-1-1024x724.jpg","width":1024,"height":724,"mime-type":"image\/jpeg","filesize":66169,"url":"https:\/\/360mallorcaproperty.com\/wp-content\/uploads\/2025\/01\/PLANOS-A3-PORTOCOLOM-HD-planta-1-A-1-1024x724.jpg"},"thumbnail":{"file":"PLANOS-A3-PORTOCOLOM-HD-planta-1-A-1-150x150.jpg","width":150,"height":150,"mime-type":"image\/jpeg","filesize":5056,"url":"https:\/\/360mallorcaproperty.com\/wp-content\/uploads\/2025\/01\/PLANOS-A3-PORTOCOLOM-HD-planta-1-A-1-150x150.jpg"},"medium_large":{"file":"PLANOS-A3-PORTOCOLOM-HD-planta-1-A-1-768x543.jpg","width":768,"height":543,"mime-type":"image\/jpeg","filesize":41296,"url":"https:\/\/360mallorcaproperty.com\/wp-content\/uploads\/2025\/01\/PLANOS-A3-PORTOCOLOM-HD-planta-1-A-1-768x543.jpg"},"1536x1536":{"file":"PLANOS-A3-PORTOCOLOM-HD-planta-1-A-1-1536x1086.jpg","width":1536,"height":1086,"mime-type":"image\/jpeg","filesize":128034,"url":"https:\/\/360mallorcaproperty.com\/wp-content\/uploads\/2025\/01\/PLANOS-A3-PORTOCOLOM-HD-planta-1-A-1-1536x1086.jpg"},"2048x2048":{"file":"PLANOS-A3-PORTOCOLOM-HD-planta-1-A-1-2048x1448.jpg","width":2048,"height":1448,"mime-type":"image\/jpeg","filesize":201765,"url":"https:\/\/360mallorcaproperty.com\/wp-content\/uploads\/2025\/01\/PLANOS-A3-PORTOCOLOM-HD-planta-1-A-1-2048x1448.jpg"},"post-thumbnail":{"file":"PLANOS-A3-PORTOCOLOM-HD-planta-1-A-1-150x106.jpg","width":150,"height":106,"mime-type":"image\/jpeg","filesize":3835,"url":"https:\/\/360mallorcaproperty.com\/wp-content\/uploads\/2025\/01\/PLANOS-A3-PORTOCOLOM-HD-planta-1-A-1-150x106.jpg"},"modern-property-child-slider":{"file":"PLANOS-A3-PORTOCOLOM-HD-planta-1-A-1-680x510.jpg","width":680,"height":510,"mime-type":"image\/jpeg","filesize":37649,"url":"https:\/\/360mallorcaproperty.com\/wp-content\/uploads\/2025\/01\/PLANOS-A3-PORTOCOLOM-HD-planta-1-A-1-680x510.jpg"},"property-thumb-image":{"file":"PLANOS-A3-PORTOCOLOM-HD-planta-1-A-1-488x326.jpg","width":488,"height":326,"mime-type":"image\/jpeg","filesize":20697,"url":"https:\/\/360mallorcaproperty.com\/wp-content\/uploads\/2025\/01\/PLANOS-A3-PORTOCOLOM-HD-planta-1-A-1-488x326.jpg"},"property-detail-video-image":{"file":"PLANOS-A3-PORTOCOLOM-HD-planta-1-A-1-818x417.jpg","width":818,"height":417,"mime-type":"image\/jpeg","filesize":40271,"url":"https:\/\/360mallorcaproperty.com\/wp-content\/uploads\/2025\/01\/PLANOS-A3-PORTOCOLOM-HD-planta-1-A-1-818x417.jpg"},"agent-image":{"file":"PLANOS-A3-PORTOCOLOM-HD-planta-1-A-1-210x210.jpg","width":210,"height":210,"mime-type":"image\/jpeg","filesize":8028,"url":"https:\/\/360mallorcaproperty.com\/wp-content\/uploads\/2025\/01\/PLANOS-A3-PORTOCOLOM-HD-planta-1-A-1-210x210.jpg"},"partners-logo":{"file":"PLANOS-A3-PORTOCOLOM-HD-planta-1-A-1-600x1754.jpg","width":600,"height":1754,"mime-type":"image\/jpeg","filesize":68616,"url":"https:\/\/360mallorcaproperty.com\/wp-content\/uploads\/2025\/01\/PLANOS-A3-PORTOCOLOM-HD-planta-1-A-1-600x1754.jpg"},"post-featured-image":{"file":"PLANOS-A3-PORTOCOLOM-HD-planta-1-A-1-1240x720.jpg","width":1240,"height":720,"mime-type":"image\/jpeg","filesize":82792,"url":"https:\/\/360mallorcaproperty.com\/wp-content\/uploads\/2025\/01\/PLANOS-A3-PORTOCOLOM-HD-planta-1-A-1-1240x720.jpg"}},"image_meta":{"aperture":"0","credit":"","camera":"","caption":"","created_timestamp":"0","copyright":"","focal_length":"0","iso":"0","shutter_speed":"0","title":"","orientation":"0","keywords":[]},"ID":"29753","name":"PLANOS-A3-PORTOCOLOM-HD-planta-1-A-1.jpg","path":"\/home\/mallorcaproperty\/public_html\/wp-content\/uploads\/2025\/01\/PLANOS-A3-PORTOCOLOM-HD-planta-1-A-1.jpg","url":"https:\/\/360mallorcaproperty.com\/wp-content\/uploads\/2025\/01\/PLANOS-A3-PORTOCOLOM-HD-planta-1-A-1-150x150.jpg","full_url":"https:\/\/360mallorcaproperty.com\/wp-content\/uploads\/2025\/01\/PLANOS-A3-PORTOCOLOM-HD-planta-1-A-1.jpg","title":"PLANOS A3 PORTOCOLOM HD planta 1 A (1)","caption":"","description":"","alt":"","srcset":"https:\/\/360mallorcaproperty.com\/wp-content\/uploads\/2025\/01\/PLANOS-A3-PORTOCOLOM-HD-planta-1-A-1-150x150.jpg 150w, https:\/\/360mallorcaproperty.com\/wp-content\/uploads\/2025\/01\/PLANOS-A3-PORTOCOLOM-HD-planta-1-A-1-210x210.jpg 210w"}],"REAL_HOMES_change_gallery_slider_type":"0","REAL_HOMES_gallery_slider_type":"thumb-on-right","inspiry_floor_plans":[],"inspiry_video_group":[],"REAL_HOMES_360_virtual_tour":"","REAL_HOMES_agent_display_option":"none","REAL_HOMES_agents":[],"REAL_HOMES_energy_class":"none","REAL_HOMES_energy_performance":"","REAL_HOMES_epc_current_rating":"","REAL_HOMES_epc_potential_rating":"","ere_property_schedule_tour":"global","ere_property_schedule_time_slots":"","ere_property_schedule_description":"","REAL_HOMES_sticky":"0","inspiry_property_label":"","inspiry_property_label_color":"","inspiry_property_tax":"","inspiry_additional_fee":"","REAL_HOMES_attachments":[{"width":1414,"height":2000,"file":"2025\/01\/V1025-S.png","filesize":2104394,"sizes":{"medium":{"file":"V1025-S-212x300.png","width":212,"height":300,"mime-type":"image\/png","filesize":60027},"large":{"file":"V1025-S-724x1024.png","width":724,"height":1024,"mime-type":"image\/png","filesize":509092},"thumbnail":{"file":"V1025-S-150x150.png","width":150,"height":150,"mime-type":"image\/png","filesize":29901},"medium_large":{"file":"V1025-S-768x1086.png","width":768,"height":1086,"mime-type":"image\/png","filesize":564809},"1536x1536":{"file":"V1025-S-1086x1536.png","width":1086,"height":1536,"mime-type":"image\/png","filesize":1026612},"post-thumbnail":{"file":"V1025-S-106x150.png","width":106,"height":150,"mime-type":"image\/png","filesize":18239},"modern-property-child-slider":{"file":"V1025-S-680x510.png","width":680,"height":510,"mime-type":"image\/png","filesize":342797},"property-thumb-image":{"file":"V1025-S-488x326.png","width":488,"height":326,"mime-type":"image\/png","filesize":171402},"property-detail-video-image":{"file":"V1025-S-818x417.png","width":818,"height":417,"mime-type":"image\/png","filesize":328045},"agent-image":{"file":"V1025-S-210x210.png","width":210,"height":210,"mime-type":"image\/png","filesize":53088},"partners-logo":{"file":"V1025-S-600x2000.png","width":600,"height":2000,"mime-type":"image\/png","filesize":741127},"post-featured-image":{"file":"V1025-S-1240x720.png","width":1240,"height":720,"mime-type":"image\/png","filesize":769212}},"image_meta":{"aperture":"0","credit":"","camera":"","caption":"","created_timestamp":"0","copyright":"","focal_length":"0","iso":"0","shutter_speed":"0","title":"","orientation":"0","keywords":[]},"ID":"31617","name":"V1025-S.png","path":"\/home\/mallorcaproperty\/public_html\/wp-content\/uploads\/2025\/01\/V1025-S.png","url":"https:\/\/360mallorcaproperty.com\/wp-content\/uploads\/2025\/01\/V1025-S.png","title":"V1025 S"}],"inspiry_property_owner_name":"","inspiry_property_owner_contact":"","inspiry_property_owner_address":"","REAL_HOMES_property_private_note":"","inspiry_message_to_reviewer":"","REAL_HOMES_add_in_slider":"no","REAL_HOMES_slider_image":[],"REAL_HOMES_page_banner_image":[],"REAL_HOMES_hide_property_advance_search":"0","inspiry_offmarket":[],"REAL_HOMES_custom_header_display":"default","REAL_HOMES_custom_header_position":"relative","REAL_HOMES_custom_footer_display":"default","REAL_HOMES_hide_advance_search":"0","REAL_HOMES_custom_search_form":"default","REAL_HOMES_search_form_margin_top":"","REAL_HOMES_search_form_margin_bottom":""},"_links":{"self":[{"href":"https:\/\/360mallorcaproperty.com\/es\/wp-json\/wp\/v2\/property\/29827","targetHints":{"allow":["GET"]}}],"collection":[{"href":"https:\/\/360mallorcaproperty.com\/es\/wp-json\/wp\/v2\/property"}],"about":[{"href":"https:\/\/360mallorcaproperty.com\/es\/wp-json\/wp\/v2\/types\/property"}],"author":[{"embeddable":true,"href":"https:\/\/360mallorcaproperty.com\/es\/wp-json\/wp\/v2\/users\/1"}],"replies":[{"embeddable":true,"href":"https:\/\/360mallorcaproperty.com\/es\/wp-json\/wp\/v2\/comments?post=29827"}],"version-history":[{"count":3,"href":"https:\/\/360mallorcaproperty.com\/es\/wp-json\/wp\/v2\/property\/29827\/revisions"}],"predecessor-version":[{"id":29832,"href":"https:\/\/360mallorcaproperty.com\/es\/wp-json\/wp\/v2\/property\/29827\/revisions\/29832"}],"wp:featuredmedia":[{"embeddable":true,"href":"https:\/\/360mallorcaproperty.com\/es\/wp-json\/wp\/v2\/media\/29728"}],"wp:attachment":[{"href":"https:\/\/360mallorcaproperty.com\/es\/wp-json\/wp\/v2\/media?parent=29827"}],"wp:term":[{"taxonomy":"property-feature","embeddable":true,"href":"https:\/\/360mallorcaproperty.com\/es\/wp-json\/wp\/v2\/property-feature?post=29827"},{"taxonomy":"property-type","embeddable":true,"href":"https:\/\/360mallorcaproperty.com\/es\/wp-json\/wp\/v2\/property-type?post=29827"},{"taxonomy":"property-city","embeddable":true,"href":"https:\/\/360mallorcaproperty.com\/es\/wp-json\/wp\/v2\/property-location?post=29827"},{"taxonomy":"property-status","embeddable":true,"href":"https:\/\/360mallorcaproperty.com\/es\/wp-json\/wp\/v2\/property-status?post=29827"}],"curies":[{"name":"wp","href":"https:\/\/api.w.org\/{rel}","templated":true}]}}