{"id":29956,"date":"2025-03-14T08:57:26","date_gmt":"2025-03-14T08:57:26","guid":{"rendered":"https:\/\/360mallorcaproperty.com\/?post_type=property&#038;p=29956"},"modified":"2026-02-02T11:33:13","modified_gmt":"2026-02-02T11:33:13","slug":"casa-o-chalet-en-venta-en-calle-farrallo","status":"publish","type":"property","link":"https:\/\/360mallorcaproperty.com\/es\/property\/casa-o-chalet-en-venta-en-calle-farrallo\/","title":{"rendered":"Casa o chalet en venta en calle Farrallo"},"content":{"rendered":"<p>Bienvenido a esta encantadora propiedad de 2 dormitorios, perfecto para los compradores por primera vez, personas que buscan una vivienda m\u00e1s peque\u00f1a, o los inversores. Ubicado en una ubicaci\u00f3n deseable segunda l\u00ednea del mar en Es Cap Des Moro, esta casa ofrece una mezcla de confort, estilo y comodidad.<\/p>\n<p>Al entrar, usted es recibido por un pasillo luminoso y ventilado que recorre la longitud de la casa. El pasillo le lleva a la cocina en un lado y la sala de estar y comedor en el otro. Los 2 dormitorios est\u00e1n situados en el extremo de la propiedad con excelentes vistas al jard\u00edn. La cocina es moderna y est\u00e1 bien equipada con amplio espacio de almacenamiento, electrodom\u00e9sticos de calidad y elegantes acabados, por lo que es un placer cocinar en ella.<\/p>\n<p>Ambos dormitorios son de tama\u00f1o generoso, que ofrece mucha luz natural y almacenamiento incorporado. El cuarto de ba\u00f1o familiar est\u00e1 dise\u00f1ado con buen gusto con accesorios contempor\u00e1neos.<\/p>\n<p>En el exterior, la propiedad cuenta con un jard\u00edn privado, perfecto para disfrutar de los d\u00edas c\u00e1lidos de verano o para organizar barbacoas. Otros beneficios incluyen aparcamiento en la calle, gran terraza en la azotea con vistas al mar y una terraza cubierta en la parte delantera de la propiedad tambi\u00e9n.<\/p>\n<p>No se pierda esta fant\u00e1stica oportunidad, \u00a1concierte una cita hoy mismo!<\/p>\n","protected":false},"excerpt":{"rendered":"<p>Bienvenido a esta encantadora propiedad de 2 dormitorios, perfecto para los compradores por primera vez, personas que buscan una vivienda m\u00e1s peque\u00f1a, o los inversores. Ubicado en una ubicaci\u00f3n deseable segunda l\u00ednea del mar en Es Cap Des Moro, esta casa ofrece una mezcla de confort, estilo y comodidad. Al entrar, usted es recibido por&#8230;<\/p>\n","protected":false},"author":1,"featured_media":29903,"parent":0,"menu_order":0,"comment_status":"closed","ping_status":"closed","template":"","property-feature":[280,282,384],"property-type":[380],"property-location":[261],"property-status":[231],"class_list":["post-29956","property","type-property","status-publish","has-post-thumbnail","hentry","property-feature-armarios-empotrados","property-feature-jardin","property-feature-terrace-es","property-type-chalet-es","property-city-santanyi-es","property-status-venta"],"property_meta":{"REAL_HOMES_property_price":"792500","REAL_HOMES_property_old_price":"","REAL_HOMES_property_price_prefix":"","REAL_HOMES_property_price_postfix":"","REAL_HOMES_property_size":"115","REAL_HOMES_property_size_postfix":"m2","REAL_HOMES_property_lot_size":"400","REAL_HOMES_property_lot_size_postfix":"m2","REAL_HOMES_property_bedrooms":"2","REAL_HOMES_property_bathrooms":"1","REAL_HOMES_property_garage":"","REAL_HOMES_property_id":"V3073","REAL_HOMES_property_year_built":"","REAL_HOMES_featured":"0","REAL_HOMES_additional_details_list":[],"rvr_booking_widget_display":"show","rvr_booking_mode":"deferred","rvr_govt_tax":"","rvr_govt_tax_type":"percentage","rvr_govt_tax_calculation":"per_stay","rvr_service_charges":"","rvr_service_charges_type":"percentage","rvr_service_charges_calculation":"per_stay","rvr_guests_capacity":"","rvr_book_child_as":"child","rvr_min_stay":"","rvr_guests_capacity_extend":"not_allowed","rvr_extra_guest_price":"","rvr_property_owner":"0","rvr_bulk_pricing":[],"rvr_seasonal_pricing":[],"rvr_custom_reserved_dates":[],"rvr_additional_fees":[{"rvr_fee_type":"fixed","rvr_fee_calculation":"per_stay"}],"rvr_additional_amenities":[{"price_calculation":"per_stay"}],"rvr_accommodation":[],"rvr_outdoor_features":[],"rvr_surroundings":[],"rvr_included":[],"rvr_not_included":[],"rvr_policies":[],"REAL_HOMES_property_location":{"latitude":"39.336533795453","longitude":"3.184125338407","zoom":"18"},"REAL_HOMES_property_address":"C\/ des Farall\u00f3 M, 26. S'Amarador","REAL_HOMES_property_map":"0","REAL_HOMES_property_images":[{"width":150,"height":150,"file":"2025\/03\/IMG-20250313-WA0029.jpg","filesize":904480,"sizes":{"medium":{"file":"IMG-20250313-WA0029-300x169.jpg","width":300,"height":169,"mime-type":"image\/jpeg","filesize":18415,"url":"https:\/\/360mallorcaproperty.com\/wp-content\/uploads\/2025\/03\/IMG-20250313-WA0029-300x169.jpg"},"large":{"file":"IMG-20250313-WA0029-1024x576.jpg","width":1024,"height":576,"mime-type":"image\/jpeg","filesize":193820,"url":"https:\/\/360mallorcaproperty.com\/wp-content\/uploads\/2025\/03\/IMG-20250313-WA0029-1024x576.jpg"},"thumbnail":{"file":"IMG-20250313-WA0029-150x150.jpg","width":150,"height":150,"mime-type":"image\/jpeg","filesize":8402,"url":"https:\/\/360mallorcaproperty.com\/wp-content\/uploads\/2025\/03\/IMG-20250313-WA0029-150x150.jpg"},"medium_large":{"file":"IMG-20250313-WA0029-768x432.jpg","width":768,"height":432,"mime-type":"image\/jpeg","filesize":106545,"url":"https:\/\/360mallorcaproperty.com\/wp-content\/uploads\/2025\/03\/IMG-20250313-WA0029-768x432.jpg"},"1536x1536":{"file":"IMG-20250313-WA0029-1536x864.jpg","width":1536,"height":864,"mime-type":"image\/jpeg","filesize":392234,"url":"https:\/\/360mallorcaproperty.com\/wp-content\/uploads\/2025\/03\/IMG-20250313-WA0029-1536x864.jpg"},"post-thumbnail":{"file":"IMG-20250313-WA0029-150x84.jpg","width":150,"height":84,"mime-type":"image\/jpeg","filesize":5658,"url":"https:\/\/360mallorcaproperty.com\/wp-content\/uploads\/2025\/03\/IMG-20250313-WA0029-150x84.jpg"},"modern-property-child-slider":{"file":"IMG-20250313-WA0029-680x510.jpg","width":680,"height":510,"mime-type":"image\/jpeg","filesize":111882,"url":"https:\/\/360mallorcaproperty.com\/wp-content\/uploads\/2025\/03\/IMG-20250313-WA0029-680x510.jpg"},"property-thumb-image":{"file":"IMG-20250313-WA0029-488x326.jpg","width":488,"height":326,"mime-type":"image\/jpeg","filesize":52837,"url":"https:\/\/360mallorcaproperty.com\/wp-content\/uploads\/2025\/03\/IMG-20250313-WA0029-488x326.jpg"},"property-detail-video-image":{"file":"IMG-20250313-WA0029-818x417.jpg","width":818,"height":417,"mime-type":"image\/jpeg","filesize":111293,"url":"https:\/\/360mallorcaproperty.com\/wp-content\/uploads\/2025\/03\/IMG-20250313-WA0029-818x417.jpg"},"agent-image":{"file":"IMG-20250313-WA0029-210x210.jpg","width":210,"height":210,"mime-type":"image\/jpeg","filesize":15569,"url":"https:\/\/360mallorcaproperty.com\/wp-content\/uploads\/2025\/03\/IMG-20250313-WA0029-210x210.jpg"},"partners-logo":{"file":"IMG-20250313-WA0029-600x1152.jpg","width":600,"height":1152,"mime-type":"image\/jpeg","filesize":223336,"url":"https:\/\/360mallorcaproperty.com\/wp-content\/uploads\/2025\/03\/IMG-20250313-WA0029-600x1152.jpg"},"post-featured-image":{"file":"IMG-20250313-WA0029-1240x720.jpg","width":1240,"height":720,"mime-type":"image\/jpeg","filesize":271889,"url":"https:\/\/360mallorcaproperty.com\/wp-content\/uploads\/2025\/03\/IMG-20250313-WA0029-1240x720.jpg"}},"image_meta":{"aperture":"0","credit":"","camera":"","caption":"","created_timestamp":"0","copyright":"","focal_length":"0","iso":"0","shutter_speed":"0","title":"","orientation":"0","keywords":[]},"ID":"29901","name":"IMG-20250313-WA0029.jpg","path":"\/home\/mallorcaproperty\/public_html\/wp-content\/uploads\/2025\/03\/IMG-20250313-WA0029.jpg","url":"https:\/\/360mallorcaproperty.com\/wp-content\/uploads\/2025\/03\/IMG-20250313-WA0029-150x150.jpg","full_url":"https:\/\/360mallorcaproperty.com\/wp-content\/uploads\/2025\/03\/IMG-20250313-WA0029.jpg","title":"IMG-20250313-WA0029","caption":"","description":"","alt":"","srcset":"https:\/\/360mallorcaproperty.com\/wp-content\/uploads\/2025\/03\/IMG-20250313-WA0029-150x150.jpg 150w, https:\/\/360mallorcaproperty.com\/wp-content\/uploads\/2025\/03\/IMG-20250313-WA0029-210x210.jpg 210w"},{"width":150,"height":150,"file":"2025\/03\/IMG-20250313-WA0002.jpg","filesize":545087,"sizes":{"medium":{"file":"IMG-20250313-WA0002-300x169.jpg","width":300,"height":169,"mime-type":"image\/jpeg","filesize":20048,"url":"https:\/\/360mallorcaproperty.com\/wp-content\/uploads\/2025\/03\/IMG-20250313-WA0002-300x169.jpg"},"large":{"file":"IMG-20250313-WA0002-1024x576.jpg","width":1024,"height":576,"mime-type":"image\/jpeg","filesize":177013,"url":"https:\/\/360mallorcaproperty.com\/wp-content\/uploads\/2025\/03\/IMG-20250313-WA0002-1024x576.jpg"},"thumbnail":{"file":"IMG-20250313-WA0002-150x150.jpg","width":150,"height":150,"mime-type":"image\/jpeg","filesize":8982,"url":"https:\/\/360mallorcaproperty.com\/wp-content\/uploads\/2025\/03\/IMG-20250313-WA0002-150x150.jpg"},"medium_large":{"file":"IMG-20250313-WA0002-768x432.jpg","width":768,"height":432,"mime-type":"image\/jpeg","filesize":105861,"url":"https:\/\/360mallorcaproperty.com\/wp-content\/uploads\/2025\/03\/IMG-20250313-WA0002-768x432.jpg"},"1536x1536":{"file":"IMG-20250313-WA0002-1536x864.jpg","width":1536,"height":864,"mime-type":"image\/jpeg","filesize":350426,"url":"https:\/\/360mallorcaproperty.com\/wp-content\/uploads\/2025\/03\/IMG-20250313-WA0002-1536x864.jpg"},"post-thumbnail":{"file":"IMG-20250313-WA0002-150x84.jpg","width":150,"height":84,"mime-type":"image\/jpeg","filesize":6136,"url":"https:\/\/360mallorcaproperty.com\/wp-content\/uploads\/2025\/03\/IMG-20250313-WA0002-150x84.jpg"},"modern-property-child-slider":{"file":"IMG-20250313-WA0002-680x510.jpg","width":680,"height":510,"mime-type":"image\/jpeg","filesize":102034,"url":"https:\/\/360mallorcaproperty.com\/wp-content\/uploads\/2025\/03\/IMG-20250313-WA0002-680x510.jpg"},"property-thumb-image":{"file":"IMG-20250313-WA0002-488x326.jpg","width":488,"height":326,"mime-type":"image\/jpeg","filesize":52792,"url":"https:\/\/360mallorcaproperty.com\/wp-content\/uploads\/2025\/03\/IMG-20250313-WA0002-488x326.jpg"},"property-detail-video-image":{"file":"IMG-20250313-WA0002-818x417.jpg","width":818,"height":417,"mime-type":"image\/jpeg","filesize":111867,"url":"https:\/\/360mallorcaproperty.com\/wp-content\/uploads\/2025\/03\/IMG-20250313-WA0002-818x417.jpg"},"agent-image":{"file":"IMG-20250313-WA0002-210x210.jpg","width":210,"height":210,"mime-type":"image\/jpeg","filesize":15940,"url":"https:\/\/360mallorcaproperty.com\/wp-content\/uploads\/2025\/03\/IMG-20250313-WA0002-210x210.jpg"},"partners-logo":{"file":"IMG-20250313-WA0002-600x900.jpg","width":600,"height":900,"mime-type":"image\/jpeg","filesize":125649,"url":"https:\/\/360mallorcaproperty.com\/wp-content\/uploads\/2025\/03\/IMG-20250313-WA0002-600x900.jpg"},"post-featured-image":{"file":"IMG-20250313-WA0002-1240x720.jpg","width":1240,"height":720,"mime-type":"image\/jpeg","filesize":252803,"url":"https:\/\/360mallorcaproperty.com\/wp-content\/uploads\/2025\/03\/IMG-20250313-WA0002-1240x720.jpg"}},"image_meta":{"aperture":"0","credit":"","camera":"","caption":"","created_timestamp":"0","copyright":"","focal_length":"0","iso":"0","shutter_speed":"0","title":"","orientation":"0","keywords":[]},"ID":"29904","name":"IMG-20250313-WA0002.jpg","path":"\/home\/mallorcaproperty\/public_html\/wp-content\/uploads\/2025\/03\/IMG-20250313-WA0002.jpg","url":"https:\/\/360mallorcaproperty.com\/wp-content\/uploads\/2025\/03\/IMG-20250313-WA0002-150x150.jpg","full_url":"https:\/\/360mallorcaproperty.com\/wp-content\/uploads\/2025\/03\/IMG-20250313-WA0002.jpg","title":"IMG-20250313-WA0002","caption":"","description":"","alt":"","srcset":"https:\/\/360mallorcaproperty.com\/wp-content\/uploads\/2025\/03\/IMG-20250313-WA0002-150x150.jpg 150w, https:\/\/360mallorcaproperty.com\/wp-content\/uploads\/2025\/03\/IMG-20250313-WA0002-210x210.jpg 210w"},{"width":150,"height":150,"file":"2025\/03\/IMG-20250313-WA0004.jpg","filesize":318831,"sizes":{"medium":{"file":"IMG-20250313-WA0004-300x169.jpg","width":300,"height":169,"mime-type":"image\/jpeg","filesize":16999,"url":"https:\/\/360mallorcaproperty.com\/wp-content\/uploads\/2025\/03\/IMG-20250313-WA0004-300x169.jpg"},"large":{"file":"IMG-20250313-WA0004-1024x576.jpg","width":1024,"height":576,"mime-type":"image\/jpeg","filesize":161291,"url":"https:\/\/360mallorcaproperty.com\/wp-content\/uploads\/2025\/03\/IMG-20250313-WA0004-1024x576.jpg"},"thumbnail":{"file":"IMG-20250313-WA0004-150x150.jpg","width":150,"height":150,"mime-type":"image\/jpeg","filesize":8219,"url":"https:\/\/360mallorcaproperty.com\/wp-content\/uploads\/2025\/03\/IMG-20250313-WA0004-150x150.jpg"},"medium_large":{"file":"IMG-20250313-WA0004-768x432.jpg","width":768,"height":432,"mime-type":"image\/jpeg","filesize":94769,"url":"https:\/\/360mallorcaproperty.com\/wp-content\/uploads\/2025\/03\/IMG-20250313-WA0004-768x432.jpg"},"1536x1536":{"file":"IMG-20250313-WA0004-1536x864.jpg","width":1536,"height":864,"mime-type":"image\/jpeg","filesize":325992,"url":"https:\/\/360mallorcaproperty.com\/wp-content\/uploads\/2025\/03\/IMG-20250313-WA0004-1536x864.jpg"},"post-thumbnail":{"file":"IMG-20250313-WA0004-150x84.jpg","width":150,"height":84,"mime-type":"image\/jpeg","filesize":5214,"url":"https:\/\/360mallorcaproperty.com\/wp-content\/uploads\/2025\/03\/IMG-20250313-WA0004-150x84.jpg"},"modern-property-child-slider":{"file":"IMG-20250313-WA0004-680x510.jpg","width":680,"height":510,"mime-type":"image\/jpeg","filesize":102890,"url":"https:\/\/360mallorcaproperty.com\/wp-content\/uploads\/2025\/03\/IMG-20250313-WA0004-680x510.jpg"},"property-thumb-image":{"file":"IMG-20250313-WA0004-488x326.jpg","width":488,"height":326,"mime-type":"image\/jpeg","filesize":48573,"url":"https:\/\/360mallorcaproperty.com\/wp-content\/uploads\/2025\/03\/IMG-20250313-WA0004-488x326.jpg"},"property-detail-video-image":{"file":"IMG-20250313-WA0004-818x417.jpg","width":818,"height":417,"mime-type":"image\/jpeg","filesize":102094,"url":"https:\/\/360mallorcaproperty.com\/wp-content\/uploads\/2025\/03\/IMG-20250313-WA0004-818x417.jpg"},"agent-image":{"file":"IMG-20250313-WA0004-210x210.jpg","width":210,"height":210,"mime-type":"image\/jpeg","filesize":15165,"url":"https:\/\/360mallorcaproperty.com\/wp-content\/uploads\/2025\/03\/IMG-20250313-WA0004-210x210.jpg"},"partners-logo":{"file":"IMG-20250313-WA0004-600x900.jpg","width":600,"height":900,"mime-type":"image\/jpeg","filesize":178626,"url":"https:\/\/360mallorcaproperty.com\/wp-content\/uploads\/2025\/03\/IMG-20250313-WA0004-600x900.jpg"},"post-featured-image":{"file":"IMG-20250313-WA0004-1240x720.jpg","width":1240,"height":720,"mime-type":"image\/jpeg","filesize":233305,"url":"https:\/\/360mallorcaproperty.com\/wp-content\/uploads\/2025\/03\/IMG-20250313-WA0004-1240x720.jpg"}},"image_meta":{"aperture":"0","credit":"","camera":"","caption":"","created_timestamp":"0","copyright":"","focal_length":"0","iso":"0","shutter_speed":"0","title":"","orientation":"0","keywords":[]},"ID":"29907","name":"IMG-20250313-WA0004.jpg","path":"\/home\/mallorcaproperty\/public_html\/wp-content\/uploads\/2025\/03\/IMG-20250313-WA0004.jpg","url":"https:\/\/360mallorcaproperty.com\/wp-content\/uploads\/2025\/03\/IMG-20250313-WA0004-150x150.jpg","full_url":"https:\/\/360mallorcaproperty.com\/wp-content\/uploads\/2025\/03\/IMG-20250313-WA0004.jpg","title":"IMG-20250313-WA0004","caption":"","description":"","alt":"","srcset":"https:\/\/360mallorcaproperty.com\/wp-content\/uploads\/2025\/03\/IMG-20250313-WA0004-150x150.jpg 150w, https:\/\/360mallorcaproperty.com\/wp-content\/uploads\/2025\/03\/IMG-20250313-WA0004-210x210.jpg 210w"},{"width":150,"height":150,"file":"2025\/03\/IMG-20250313-WA0007.jpg","filesize":239053,"sizes":{"medium":{"file":"IMG-20250313-WA0007-300x169.jpg","width":300,"height":169,"mime-type":"image\/jpeg","filesize":12722,"url":"https:\/\/360mallorcaproperty.com\/wp-content\/uploads\/2025\/03\/IMG-20250313-WA0007-300x169.jpg"},"large":{"file":"IMG-20250313-WA0007-1024x576.jpg","width":1024,"height":576,"mime-type":"image\/jpeg","filesize":119232,"url":"https:\/\/360mallorcaproperty.com\/wp-content\/uploads\/2025\/03\/IMG-20250313-WA0007-1024x576.jpg"},"thumbnail":{"file":"IMG-20250313-WA0007-150x150.jpg","width":150,"height":150,"mime-type":"image\/jpeg","filesize":6000,"url":"https:\/\/360mallorcaproperty.com\/wp-content\/uploads\/2025\/03\/IMG-20250313-WA0007-150x150.jpg"},"medium_large":{"file":"IMG-20250313-WA0007-768x432.jpg","width":768,"height":432,"mime-type":"image\/jpeg","filesize":69688,"url":"https:\/\/360mallorcaproperty.com\/wp-content\/uploads\/2025\/03\/IMG-20250313-WA0007-768x432.jpg"},"1536x1536":{"file":"IMG-20250313-WA0007-1536x864.jpg","width":1536,"height":864,"mime-type":"image\/jpeg","filesize":243190,"url":"https:\/\/360mallorcaproperty.com\/wp-content\/uploads\/2025\/03\/IMG-20250313-WA0007-1536x864.jpg"},"post-thumbnail":{"file":"IMG-20250313-WA0007-150x84.jpg","width":150,"height":84,"mime-type":"image\/jpeg","filesize":4156,"url":"https:\/\/360mallorcaproperty.com\/wp-content\/uploads\/2025\/03\/IMG-20250313-WA0007-150x84.jpg"},"modern-property-child-slider":{"file":"IMG-20250313-WA0007-680x510.jpg","width":680,"height":510,"mime-type":"image\/jpeg","filesize":70611,"url":"https:\/\/360mallorcaproperty.com\/wp-content\/uploads\/2025\/03\/IMG-20250313-WA0007-680x510.jpg"},"property-thumb-image":{"file":"IMG-20250313-WA0007-488x326.jpg","width":488,"height":326,"mime-type":"image\/jpeg","filesize":35126,"url":"https:\/\/360mallorcaproperty.com\/wp-content\/uploads\/2025\/03\/IMG-20250313-WA0007-488x326.jpg"},"property-detail-video-image":{"file":"IMG-20250313-WA0007-818x417.jpg","width":818,"height":417,"mime-type":"image\/jpeg","filesize":74453,"url":"https:\/\/360mallorcaproperty.com\/wp-content\/uploads\/2025\/03\/IMG-20250313-WA0007-818x417.jpg"},"agent-image":{"file":"IMG-20250313-WA0007-210x210.jpg","width":210,"height":210,"mime-type":"image\/jpeg","filesize":10573,"url":"https:\/\/360mallorcaproperty.com\/wp-content\/uploads\/2025\/03\/IMG-20250313-WA0007-210x210.jpg"},"partners-logo":{"file":"IMG-20250313-WA0007-600x900.jpg","width":600,"height":900,"mime-type":"image\/jpeg","filesize":111321,"url":"https:\/\/360mallorcaproperty.com\/wp-content\/uploads\/2025\/03\/IMG-20250313-WA0007-600x900.jpg"},"post-featured-image":{"file":"IMG-20250313-WA0007-1240x720.jpg","width":1240,"height":720,"mime-type":"image\/jpeg","filesize":174076,"url":"https:\/\/360mallorcaproperty.com\/wp-content\/uploads\/2025\/03\/IMG-20250313-WA0007-1240x720.jpg"}},"image_meta":{"aperture":"0","credit":"","camera":"","caption":"","created_timestamp":"0","copyright":"","focal_length":"0","iso":"0","shutter_speed":"0","title":"","orientation":"0","keywords":[]},"ID":"29910","name":"IMG-20250313-WA0007.jpg","path":"\/home\/mallorcaproperty\/public_html\/wp-content\/uploads\/2025\/03\/IMG-20250313-WA0007.jpg","url":"https:\/\/360mallorcaproperty.com\/wp-content\/uploads\/2025\/03\/IMG-20250313-WA0007-150x150.jpg","full_url":"https:\/\/360mallorcaproperty.com\/wp-content\/uploads\/2025\/03\/IMG-20250313-WA0007.jpg","title":"IMG-20250313-WA0007","caption":"","description":"","alt":"","srcset":"https:\/\/360mallorcaproperty.com\/wp-content\/uploads\/2025\/03\/IMG-20250313-WA0007-150x150.jpg 150w, https:\/\/360mallorcaproperty.com\/wp-content\/uploads\/2025\/03\/IMG-20250313-WA0007-210x210.jpg 210w"},{"width":150,"height":150,"file":"2025\/03\/IMG-20250313-WA0021.jpg","filesize":722532,"sizes":{"medium":{"file":"IMG-20250313-WA0021-300x169.jpg","width":300,"height":169,"mime-type":"image\/jpeg","filesize":16685,"url":"https:\/\/360mallorcaproperty.com\/wp-content\/uploads\/2025\/03\/IMG-20250313-WA0021-300x169.jpg"},"large":{"file":"IMG-20250313-WA0021-1024x576.jpg","width":1024,"height":576,"mime-type":"image\/jpeg","filesize":159053,"url":"https:\/\/360mallorcaproperty.com\/wp-content\/uploads\/2025\/03\/IMG-20250313-WA0021-1024x576.jpg"},"thumbnail":{"file":"IMG-20250313-WA0021-150x150.jpg","width":150,"height":150,"mime-type":"image\/jpeg","filesize":7769,"url":"https:\/\/360mallorcaproperty.com\/wp-content\/uploads\/2025\/03\/IMG-20250313-WA0021-150x150.jpg"},"medium_large":{"file":"IMG-20250313-WA0021-768x432.jpg","width":768,"height":432,"mime-type":"image\/jpeg","filesize":90031,"url":"https:\/\/360mallorcaproperty.com\/wp-content\/uploads\/2025\/03\/IMG-20250313-WA0021-768x432.jpg"},"1536x1536":{"file":"IMG-20250313-WA0021-1536x864.jpg","width":1536,"height":864,"mime-type":"image\/jpeg","filesize":315082,"url":"https:\/\/360mallorcaproperty.com\/wp-content\/uploads\/2025\/03\/IMG-20250313-WA0021-1536x864.jpg"},"post-thumbnail":{"file":"IMG-20250313-WA0021-150x84.jpg","width":150,"height":84,"mime-type":"image\/jpeg","filesize":5252,"url":"https:\/\/360mallorcaproperty.com\/wp-content\/uploads\/2025\/03\/IMG-20250313-WA0021-150x84.jpg"},"modern-property-child-slider":{"file":"IMG-20250313-WA0021-680x510.jpg","width":680,"height":510,"mime-type":"image\/jpeg","filesize":92101,"url":"https:\/\/360mallorcaproperty.com\/wp-content\/uploads\/2025\/03\/IMG-20250313-WA0021-680x510.jpg"},"property-thumb-image":{"file":"IMG-20250313-WA0021-488x326.jpg","width":488,"height":326,"mime-type":"image\/jpeg","filesize":46796,"url":"https:\/\/360mallorcaproperty.com\/wp-content\/uploads\/2025\/03\/IMG-20250313-WA0021-488x326.jpg"},"property-detail-video-image":{"file":"IMG-20250313-WA0021-818x417.jpg","width":818,"height":417,"mime-type":"image\/jpeg","filesize":94303,"url":"https:\/\/360mallorcaproperty.com\/wp-content\/uploads\/2025\/03\/IMG-20250313-WA0021-818x417.jpg"},"agent-image":{"file":"IMG-20250313-WA0021-210x210.jpg","width":210,"height":210,"mime-type":"image\/jpeg","filesize":14070,"url":"https:\/\/360mallorcaproperty.com\/wp-content\/uploads\/2025\/03\/IMG-20250313-WA0021-210x210.jpg"},"partners-logo":{"file":"IMG-20250313-WA0021-600x1152.jpg","width":600,"height":1152,"mime-type":"image\/jpeg","filesize":164690,"url":"https:\/\/360mallorcaproperty.com\/wp-content\/uploads\/2025\/03\/IMG-20250313-WA0021-600x1152.jpg"},"post-featured-image":{"file":"IMG-20250313-WA0021-1240x720.jpg","width":1240,"height":720,"mime-type":"image\/jpeg","filesize":221524,"url":"https:\/\/360mallorcaproperty.com\/wp-content\/uploads\/2025\/03\/IMG-20250313-WA0021-1240x720.jpg"}},"image_meta":{"aperture":"0","credit":"","camera":"","caption":"","created_timestamp":"0","copyright":"","focal_length":"0","iso":"0","shutter_speed":"0","title":"","orientation":"0","keywords":[]},"ID":"29913","name":"IMG-20250313-WA0021.jpg","path":"\/home\/mallorcaproperty\/public_html\/wp-content\/uploads\/2025\/03\/IMG-20250313-WA0021.jpg","url":"https:\/\/360mallorcaproperty.com\/wp-content\/uploads\/2025\/03\/IMG-20250313-WA0021-150x150.jpg","full_url":"https:\/\/360mallorcaproperty.com\/wp-content\/uploads\/2025\/03\/IMG-20250313-WA0021.jpg","title":"IMG-20250313-WA0021","caption":"","description":"","alt":"","srcset":"https:\/\/360mallorcaproperty.com\/wp-content\/uploads\/2025\/03\/IMG-20250313-WA0021-150x150.jpg 150w, https:\/\/360mallorcaproperty.com\/wp-content\/uploads\/2025\/03\/IMG-20250313-WA0021-210x210.jpg 210w"},{"width":150,"height":150,"file":"2025\/03\/IMG-20250313-WA0022.jpg","filesize":577341,"sizes":{"medium":{"file":"IMG-20250313-WA0022-300x169.jpg","width":300,"height":169,"mime-type":"image\/jpeg","filesize":14301,"url":"https:\/\/360mallorcaproperty.com\/wp-content\/uploads\/2025\/03\/IMG-20250313-WA0022-300x169.jpg"},"large":{"file":"IMG-20250313-WA0022-1024x576.jpg","width":1024,"height":576,"mime-type":"image\/jpeg","filesize":122261,"url":"https:\/\/360mallorcaproperty.com\/wp-content\/uploads\/2025\/03\/IMG-20250313-WA0022-1024x576.jpg"},"thumbnail":{"file":"IMG-20250313-WA0022-150x150.jpg","width":150,"height":150,"mime-type":"image\/jpeg","filesize":7495,"url":"https:\/\/360mallorcaproperty.com\/wp-content\/uploads\/2025\/03\/IMG-20250313-WA0022-150x150.jpg"},"medium_large":{"file":"IMG-20250313-WA0022-768x432.jpg","width":768,"height":432,"mime-type":"image\/jpeg","filesize":70658,"url":"https:\/\/360mallorcaproperty.com\/wp-content\/uploads\/2025\/03\/IMG-20250313-WA0022-768x432.jpg"},"1536x1536":{"file":"IMG-20250313-WA0022-1536x864.jpg","width":1536,"height":864,"mime-type":"image\/jpeg","filesize":242588,"url":"https:\/\/360mallorcaproperty.com\/wp-content\/uploads\/2025\/03\/IMG-20250313-WA0022-1536x864.jpg"},"post-thumbnail":{"file":"IMG-20250313-WA0022-150x84.jpg","width":150,"height":84,"mime-type":"image\/jpeg","filesize":4960,"url":"https:\/\/360mallorcaproperty.com\/wp-content\/uploads\/2025\/03\/IMG-20250313-WA0022-150x84.jpg"},"modern-property-child-slider":{"file":"IMG-20250313-WA0022-680x510.jpg","width":680,"height":510,"mime-type":"image\/jpeg","filesize":73671,"url":"https:\/\/360mallorcaproperty.com\/wp-content\/uploads\/2025\/03\/IMG-20250313-WA0022-680x510.jpg"},"property-thumb-image":{"file":"IMG-20250313-WA0022-488x326.jpg","width":488,"height":326,"mime-type":"image\/jpeg","filesize":37410,"url":"https:\/\/360mallorcaproperty.com\/wp-content\/uploads\/2025\/03\/IMG-20250313-WA0022-488x326.jpg"},"property-detail-video-image":{"file":"IMG-20250313-WA0022-818x417.jpg","width":818,"height":417,"mime-type":"image\/jpeg","filesize":74136,"url":"https:\/\/360mallorcaproperty.com\/wp-content\/uploads\/2025\/03\/IMG-20250313-WA0022-818x417.jpg"},"agent-image":{"file":"IMG-20250313-WA0022-210x210.jpg","width":210,"height":210,"mime-type":"image\/jpeg","filesize":12962,"url":"https:\/\/360mallorcaproperty.com\/wp-content\/uploads\/2025\/03\/IMG-20250313-WA0022-210x210.jpg"},"partners-logo":{"file":"IMG-20250313-WA0022-600x1152.jpg","width":600,"height":1152,"mime-type":"image\/jpeg","filesize":133702,"url":"https:\/\/360mallorcaproperty.com\/wp-content\/uploads\/2025\/03\/IMG-20250313-WA0022-600x1152.jpg"},"post-featured-image":{"file":"IMG-20250313-WA0022-1240x720.jpg","width":1240,"height":720,"mime-type":"image\/jpeg","filesize":170097,"url":"https:\/\/360mallorcaproperty.com\/wp-content\/uploads\/2025\/03\/IMG-20250313-WA0022-1240x720.jpg"}},"image_meta":{"aperture":"0","credit":"","camera":"","caption":"","created_timestamp":"0","copyright":"","focal_length":"0","iso":"0","shutter_speed":"0","title":"","orientation":"0","keywords":[]},"ID":"29916","name":"IMG-20250313-WA0022.jpg","path":"\/home\/mallorcaproperty\/public_html\/wp-content\/uploads\/2025\/03\/IMG-20250313-WA0022.jpg","url":"https:\/\/360mallorcaproperty.com\/wp-content\/uploads\/2025\/03\/IMG-20250313-WA0022-150x150.jpg","full_url":"https:\/\/360mallorcaproperty.com\/wp-content\/uploads\/2025\/03\/IMG-20250313-WA0022.jpg","title":"IMG-20250313-WA0022","caption":"","description":"","alt":"","srcset":"https:\/\/360mallorcaproperty.com\/wp-content\/uploads\/2025\/03\/IMG-20250313-WA0022-150x150.jpg 150w, https:\/\/360mallorcaproperty.com\/wp-content\/uploads\/2025\/03\/IMG-20250313-WA0022-210x210.jpg 210w"},{"width":150,"height":150,"file":"2025\/03\/IMG-20250313-WA0024.jpg","filesize":808608,"sizes":{"medium":{"file":"IMG-20250313-WA0024-169x300.jpg","width":169,"height":300,"mime-type":"image\/jpeg","filesize":18364,"url":"https:\/\/360mallorcaproperty.com\/wp-content\/uploads\/2025\/03\/IMG-20250313-WA0024-169x300.jpg"},"large":{"file":"IMG-20250313-WA0024-576x1024.jpg","width":576,"height":1024,"mime-type":"image\/jpeg","filesize":173207,"url":"https:\/\/360mallorcaproperty.com\/wp-content\/uploads\/2025\/03\/IMG-20250313-WA0024-576x1024.jpg"},"thumbnail":{"file":"IMG-20250313-WA0024-150x150.jpg","width":150,"height":150,"mime-type":"image\/jpeg","filesize":9279,"url":"https:\/\/360mallorcaproperty.com\/wp-content\/uploads\/2025\/03\/IMG-20250313-WA0024-150x150.jpg"},"medium_large":{"file":"IMG-20250313-WA0024-768x1365.jpg","width":768,"height":1365,"mime-type":"image\/jpeg","filesize":281046,"url":"https:\/\/360mallorcaproperty.com\/wp-content\/uploads\/2025\/03\/IMG-20250313-WA0024-768x1365.jpg"},"1536x1536":{"file":"IMG-20250313-WA0024-864x1536.jpg","width":864,"height":1536,"mime-type":"image\/jpeg","filesize":347112,"url":"https:\/\/360mallorcaproperty.com\/wp-content\/uploads\/2025\/03\/IMG-20250313-WA0024-864x1536.jpg"},"post-thumbnail":{"file":"IMG-20250313-WA0024-84x150.jpg","width":84,"height":150,"mime-type":"image\/jpeg","filesize":5792,"url":"https:\/\/360mallorcaproperty.com\/wp-content\/uploads\/2025\/03\/IMG-20250313-WA0024-84x150.jpg"},"modern-property-child-slider":{"file":"IMG-20250313-WA0024-680x510.jpg","width":680,"height":510,"mime-type":"image\/jpeg","filesize":125948,"url":"https:\/\/360mallorcaproperty.com\/wp-content\/uploads\/2025\/03\/IMG-20250313-WA0024-680x510.jpg"},"property-thumb-image":{"file":"IMG-20250313-WA0024-488x326.jpg","width":488,"height":326,"mime-type":"image\/jpeg","filesize":60935,"url":"https:\/\/360mallorcaproperty.com\/wp-content\/uploads\/2025\/03\/IMG-20250313-WA0024-488x326.jpg"},"property-detail-video-image":{"file":"IMG-20250313-WA0024-818x417.jpg","width":818,"height":417,"mime-type":"image\/jpeg","filesize":126289,"url":"https:\/\/360mallorcaproperty.com\/wp-content\/uploads\/2025\/03\/IMG-20250313-WA0024-818x417.jpg"},"agent-image":{"file":"IMG-20250313-WA0024-210x210.jpg","width":210,"height":210,"mime-type":"image\/jpeg","filesize":17221,"url":"https:\/\/360mallorcaproperty.com\/wp-content\/uploads\/2025\/03\/IMG-20250313-WA0024-210x210.jpg"},"partners-logo":{"file":"IMG-20250313-WA0024-600x2048.jpg","width":600,"height":2048,"mime-type":"image\/jpeg","filesize":343400,"url":"https:\/\/360mallorcaproperty.com\/wp-content\/uploads\/2025\/03\/IMG-20250313-WA0024-600x2048.jpg"},"post-featured-image":{"file":"IMG-20250313-WA0024-1152x720.jpg","width":1152,"height":720,"mime-type":"image\/jpeg","filesize":321581,"url":"https:\/\/360mallorcaproperty.com\/wp-content\/uploads\/2025\/03\/IMG-20250313-WA0024-1152x720.jpg"}},"image_meta":{"aperture":"0","credit":"","camera":"","caption":"","created_timestamp":"0","copyright":"","focal_length":"0","iso":"0","shutter_speed":"0","title":"","orientation":"0","keywords":[]},"ID":"29919","name":"IMG-20250313-WA0024.jpg","path":"\/home\/mallorcaproperty\/public_html\/wp-content\/uploads\/2025\/03\/IMG-20250313-WA0024.jpg","url":"https:\/\/360mallorcaproperty.com\/wp-content\/uploads\/2025\/03\/IMG-20250313-WA0024-150x150.jpg","full_url":"https:\/\/360mallorcaproperty.com\/wp-content\/uploads\/2025\/03\/IMG-20250313-WA0024.jpg","title":"IMG-20250313-WA0024","caption":"","description":"","alt":"","srcset":"https:\/\/360mallorcaproperty.com\/wp-content\/uploads\/2025\/03\/IMG-20250313-WA0024-150x150.jpg 150w, https:\/\/360mallorcaproperty.com\/wp-content\/uploads\/2025\/03\/IMG-20250313-WA0024-210x210.jpg 210w"},{"width":150,"height":150,"file":"2025\/03\/IMG-20250313-WA0025.jpg","filesize":715623,"sizes":{"medium":{"file":"IMG-20250313-WA0025-300x169.jpg","width":300,"height":169,"mime-type":"image\/jpeg","filesize":17064,"url":"https:\/\/360mallorcaproperty.com\/wp-content\/uploads\/2025\/03\/IMG-20250313-WA0025-300x169.jpg"},"large":{"file":"IMG-20250313-WA0025-1024x576.jpg","width":1024,"height":576,"mime-type":"image\/jpeg","filesize":157104,"url":"https:\/\/360mallorcaproperty.com\/wp-content\/uploads\/2025\/03\/IMG-20250313-WA0025-1024x576.jpg"},"thumbnail":{"file":"IMG-20250313-WA0025-150x150.jpg","width":150,"height":150,"mime-type":"image\/jpeg","filesize":8009,"url":"https:\/\/360mallorcaproperty.com\/wp-content\/uploads\/2025\/03\/IMG-20250313-WA0025-150x150.jpg"},"medium_large":{"file":"IMG-20250313-WA0025-768x432.jpg","width":768,"height":432,"mime-type":"image\/jpeg","filesize":89608,"url":"https:\/\/360mallorcaproperty.com\/wp-content\/uploads\/2025\/03\/IMG-20250313-WA0025-768x432.jpg"},"1536x1536":{"file":"IMG-20250313-WA0025-1536x864.jpg","width":1536,"height":864,"mime-type":"image\/jpeg","filesize":312398,"url":"https:\/\/360mallorcaproperty.com\/wp-content\/uploads\/2025\/03\/IMG-20250313-WA0025-1536x864.jpg"},"post-thumbnail":{"file":"IMG-20250313-WA0025-150x84.jpg","width":150,"height":84,"mime-type":"image\/jpeg","filesize":5562,"url":"https:\/\/360mallorcaproperty.com\/wp-content\/uploads\/2025\/03\/IMG-20250313-WA0025-150x84.jpg"},"modern-property-child-slider":{"file":"IMG-20250313-WA0025-680x510.jpg","width":680,"height":510,"mime-type":"image\/jpeg","filesize":86428,"url":"https:\/\/360mallorcaproperty.com\/wp-content\/uploads\/2025\/03\/IMG-20250313-WA0025-680x510.jpg"},"property-thumb-image":{"file":"IMG-20250313-WA0025-488x326.jpg","width":488,"height":326,"mime-type":"image\/jpeg","filesize":44228,"url":"https:\/\/360mallorcaproperty.com\/wp-content\/uploads\/2025\/03\/IMG-20250313-WA0025-488x326.jpg"},"property-detail-video-image":{"file":"IMG-20250313-WA0025-818x417.jpg","width":818,"height":417,"mime-type":"image\/jpeg","filesize":93468,"url":"https:\/\/360mallorcaproperty.com\/wp-content\/uploads\/2025\/03\/IMG-20250313-WA0025-818x417.jpg"},"agent-image":{"file":"IMG-20250313-WA0025-210x210.jpg","width":210,"height":210,"mime-type":"image\/jpeg","filesize":13988,"url":"https:\/\/360mallorcaproperty.com\/wp-content\/uploads\/2025\/03\/IMG-20250313-WA0025-210x210.jpg"},"partners-logo":{"file":"IMG-20250313-WA0025-600x1152.jpg","width":600,"height":1152,"mime-type":"image\/jpeg","filesize":139984,"url":"https:\/\/360mallorcaproperty.com\/wp-content\/uploads\/2025\/03\/IMG-20250313-WA0025-600x1152.jpg"},"post-featured-image":{"file":"IMG-20250313-WA0025-1240x720.jpg","width":1240,"height":720,"mime-type":"image\/jpeg","filesize":217454,"url":"https:\/\/360mallorcaproperty.com\/wp-content\/uploads\/2025\/03\/IMG-20250313-WA0025-1240x720.jpg"}},"image_meta":{"aperture":"0","credit":"","camera":"","caption":"","created_timestamp":"0","copyright":"","focal_length":"0","iso":"0","shutter_speed":"0","title":"","orientation":"0","keywords":[]},"ID":"29922","name":"IMG-20250313-WA0025.jpg","path":"\/home\/mallorcaproperty\/public_html\/wp-content\/uploads\/2025\/03\/IMG-20250313-WA0025.jpg","url":"https:\/\/360mallorcaproperty.com\/wp-content\/uploads\/2025\/03\/IMG-20250313-WA0025-150x150.jpg","full_url":"https:\/\/360mallorcaproperty.com\/wp-content\/uploads\/2025\/03\/IMG-20250313-WA0025.jpg","title":"IMG-20250313-WA0025","caption":"","description":"","alt":"","srcset":"https:\/\/360mallorcaproperty.com\/wp-content\/uploads\/2025\/03\/IMG-20250313-WA0025-150x150.jpg 150w, https:\/\/360mallorcaproperty.com\/wp-content\/uploads\/2025\/03\/IMG-20250313-WA0025-210x210.jpg 210w"},{"width":150,"height":150,"file":"2025\/03\/IMG-20250313-WA0026.jpg","filesize":741558,"sizes":{"medium":{"file":"IMG-20250313-WA0026-300x169.jpg","width":300,"height":169,"mime-type":"image\/jpeg","filesize":15773,"url":"https:\/\/360mallorcaproperty.com\/wp-content\/uploads\/2025\/03\/IMG-20250313-WA0026-300x169.jpg"},"large":{"file":"IMG-20250313-WA0026-1024x576.jpg","width":1024,"height":576,"mime-type":"image\/jpeg","filesize":161961,"url":"https:\/\/360mallorcaproperty.com\/wp-content\/uploads\/2025\/03\/IMG-20250313-WA0026-1024x576.jpg"},"thumbnail":{"file":"IMG-20250313-WA0026-150x150.jpg","width":150,"height":150,"mime-type":"image\/jpeg","filesize":7357,"url":"https:\/\/360mallorcaproperty.com\/wp-content\/uploads\/2025\/03\/IMG-20250313-WA0026-150x150.jpg"},"medium_large":{"file":"IMG-20250313-WA0026-768x432.jpg","width":768,"height":432,"mime-type":"image\/jpeg","filesize":89485,"url":"https:\/\/360mallorcaproperty.com\/wp-content\/uploads\/2025\/03\/IMG-20250313-WA0026-768x432.jpg"},"1536x1536":{"file":"IMG-20250313-WA0026-1536x864.jpg","width":1536,"height":864,"mime-type":"image\/jpeg","filesize":325972,"url":"https:\/\/360mallorcaproperty.com\/wp-content\/uploads\/2025\/03\/IMG-20250313-WA0026-1536x864.jpg"},"post-thumbnail":{"file":"IMG-20250313-WA0026-150x84.jpg","width":150,"height":84,"mime-type":"image\/jpeg","filesize":4939,"url":"https:\/\/360mallorcaproperty.com\/wp-content\/uploads\/2025\/03\/IMG-20250313-WA0026-150x84.jpg"},"modern-property-child-slider":{"file":"IMG-20250313-WA0026-680x510.jpg","width":680,"height":510,"mime-type":"image\/jpeg","filesize":90349,"url":"https:\/\/360mallorcaproperty.com\/wp-content\/uploads\/2025\/03\/IMG-20250313-WA0026-680x510.jpg"},"property-thumb-image":{"file":"IMG-20250313-WA0026-488x326.jpg","width":488,"height":326,"mime-type":"image\/jpeg","filesize":43950,"url":"https:\/\/360mallorcaproperty.com\/wp-content\/uploads\/2025\/03\/IMG-20250313-WA0026-488x326.jpg"},"property-detail-video-image":{"file":"IMG-20250313-WA0026-818x417.jpg","width":818,"height":417,"mime-type":"image\/jpeg","filesize":94034,"url":"https:\/\/360mallorcaproperty.com\/wp-content\/uploads\/2025\/03\/IMG-20250313-WA0026-818x417.jpg"},"agent-image":{"file":"IMG-20250313-WA0026-210x210.jpg","width":210,"height":210,"mime-type":"image\/jpeg","filesize":13365,"url":"https:\/\/360mallorcaproperty.com\/wp-content\/uploads\/2025\/03\/IMG-20250313-WA0026-210x210.jpg"},"partners-logo":{"file":"IMG-20250313-WA0026-600x1152.jpg","width":600,"height":1152,"mime-type":"image\/jpeg","filesize":160154,"url":"https:\/\/360mallorcaproperty.com\/wp-content\/uploads\/2025\/03\/IMG-20250313-WA0026-600x1152.jpg"},"post-featured-image":{"file":"IMG-20250313-WA0026-1240x720.jpg","width":1240,"height":720,"mime-type":"image\/jpeg","filesize":225251,"url":"https:\/\/360mallorcaproperty.com\/wp-content\/uploads\/2025\/03\/IMG-20250313-WA0026-1240x720.jpg"}},"image_meta":{"aperture":"0","credit":"","camera":"","caption":"","created_timestamp":"0","copyright":"","focal_length":"0","iso":"0","shutter_speed":"0","title":"","orientation":"0","keywords":[]},"ID":"29925","name":"IMG-20250313-WA0026.jpg","path":"\/home\/mallorcaproperty\/public_html\/wp-content\/uploads\/2025\/03\/IMG-20250313-WA0026.jpg","url":"https:\/\/360mallorcaproperty.com\/wp-content\/uploads\/2025\/03\/IMG-20250313-WA0026-150x150.jpg","full_url":"https:\/\/360mallorcaproperty.com\/wp-content\/uploads\/2025\/03\/IMG-20250313-WA0026.jpg","title":"IMG-20250313-WA0026","caption":"","description":"","alt":"","srcset":"https:\/\/360mallorcaproperty.com\/wp-content\/uploads\/2025\/03\/IMG-20250313-WA0026-150x150.jpg 150w, https:\/\/360mallorcaproperty.com\/wp-content\/uploads\/2025\/03\/IMG-20250313-WA0026-210x210.jpg 210w"},{"width":150,"height":150,"file":"2025\/03\/IMG-20250313-WA0032.jpg","filesize":381822,"sizes":{"medium":{"file":"IMG-20250313-WA0032-300x169.jpg","width":300,"height":169,"mime-type":"image\/jpeg","filesize":5654,"url":"https:\/\/360mallorcaproperty.com\/wp-content\/uploads\/2025\/03\/IMG-20250313-WA0032-300x169.jpg"},"large":{"file":"IMG-20250313-WA0032-1024x576.jpg","width":1024,"height":576,"mime-type":"image\/jpeg","filesize":50030,"url":"https:\/\/360mallorcaproperty.com\/wp-content\/uploads\/2025\/03\/IMG-20250313-WA0032-1024x576.jpg"},"thumbnail":{"file":"IMG-20250313-WA0032-150x150.jpg","width":150,"height":150,"mime-type":"image\/jpeg","filesize":4158,"url":"https:\/\/360mallorcaproperty.com\/wp-content\/uploads\/2025\/03\/IMG-20250313-WA0032-150x150.jpg"},"medium_large":{"file":"IMG-20250313-WA0032-768x432.jpg","width":768,"height":432,"mime-type":"image\/jpeg","filesize":25781,"url":"https:\/\/360mallorcaproperty.com\/wp-content\/uploads\/2025\/03\/IMG-20250313-WA0032-768x432.jpg"},"1536x1536":{"file":"IMG-20250313-WA0032-1536x864.jpg","width":1536,"height":864,"mime-type":"image\/jpeg","filesize":128731,"url":"https:\/\/360mallorcaproperty.com\/wp-content\/uploads\/2025\/03\/IMG-20250313-WA0032-1536x864.jpg"},"post-thumbnail":{"file":"IMG-20250313-WA0032-150x84.jpg","width":150,"height":84,"mime-type":"image\/jpeg","filesize":2411,"url":"https:\/\/360mallorcaproperty.com\/wp-content\/uploads\/2025\/03\/IMG-20250313-WA0032-150x84.jpg"},"modern-property-child-slider":{"file":"IMG-20250313-WA0032-680x510.jpg","width":680,"height":510,"mime-type":"image\/jpeg","filesize":29958,"url":"https:\/\/360mallorcaproperty.com\/wp-content\/uploads\/2025\/03\/IMG-20250313-WA0032-680x510.jpg"},"property-thumb-image":{"file":"IMG-20250313-WA0032-488x326.jpg","width":488,"height":326,"mime-type":"image\/jpeg","filesize":13899,"url":"https:\/\/360mallorcaproperty.com\/wp-content\/uploads\/2025\/03\/IMG-20250313-WA0032-488x326.jpg"},"property-detail-video-image":{"file":"IMG-20250313-WA0032-818x417.jpg","width":818,"height":417,"mime-type":"image\/jpeg","filesize":27206,"url":"https:\/\/360mallorcaproperty.com\/wp-content\/uploads\/2025\/03\/IMG-20250313-WA0032-818x417.jpg"},"agent-image":{"file":"IMG-20250313-WA0032-210x210.jpg","width":210,"height":210,"mime-type":"image\/jpeg","filesize":6542,"url":"https:\/\/360mallorcaproperty.com\/wp-content\/uploads\/2025\/03\/IMG-20250313-WA0032-210x210.jpg"},"partners-logo":{"file":"IMG-20250313-WA0032-600x1152.jpg","width":600,"height":1152,"mime-type":"image\/jpeg","filesize":106988,"url":"https:\/\/360mallorcaproperty.com\/wp-content\/uploads\/2025\/03\/IMG-20250313-WA0032-600x1152.jpg"},"post-featured-image":{"file":"IMG-20250313-WA0032-1240x720.jpg","width":1240,"height":720,"mime-type":"image\/jpeg","filesize":77656,"url":"https:\/\/360mallorcaproperty.com\/wp-content\/uploads\/2025\/03\/IMG-20250313-WA0032-1240x720.jpg"}},"image_meta":{"aperture":"0","credit":"","camera":"","caption":"","created_timestamp":"0","copyright":"","focal_length":"0","iso":"0","shutter_speed":"0","title":"","orientation":"0","keywords":[]},"ID":"29928","name":"IMG-20250313-WA0032.jpg","path":"\/home\/mallorcaproperty\/public_html\/wp-content\/uploads\/2025\/03\/IMG-20250313-WA0032.jpg","url":"https:\/\/360mallorcaproperty.com\/wp-content\/uploads\/2025\/03\/IMG-20250313-WA0032-150x150.jpg","full_url":"https:\/\/360mallorcaproperty.com\/wp-content\/uploads\/2025\/03\/IMG-20250313-WA0032.jpg","title":"IMG-20250313-WA0032","caption":"","description":"","alt":"","srcset":"https:\/\/360mallorcaproperty.com\/wp-content\/uploads\/2025\/03\/IMG-20250313-WA0032-150x150.jpg 150w, https:\/\/360mallorcaproperty.com\/wp-content\/uploads\/2025\/03\/IMG-20250313-WA0032-210x210.jpg 210w"},{"width":150,"height":150,"file":"2025\/03\/IMG-20250313-WA0033.jpg","filesize":333587,"sizes":{"medium":{"file":"IMG-20250313-WA0033-300x169.jpg","width":300,"height":169,"mime-type":"image\/jpeg","filesize":7574,"url":"https:\/\/360mallorcaproperty.com\/wp-content\/uploads\/2025\/03\/IMG-20250313-WA0033-300x169.jpg"},"large":{"file":"IMG-20250313-WA0033-1024x576.jpg","width":1024,"height":576,"mime-type":"image\/jpeg","filesize":50216,"url":"https:\/\/360mallorcaproperty.com\/wp-content\/uploads\/2025\/03\/IMG-20250313-WA0033-1024x576.jpg"},"thumbnail":{"file":"IMG-20250313-WA0033-150x150.jpg","width":150,"height":150,"mime-type":"image\/jpeg","filesize":4472,"url":"https:\/\/360mallorcaproperty.com\/wp-content\/uploads\/2025\/03\/IMG-20250313-WA0033-150x150.jpg"},"medium_large":{"file":"IMG-20250313-WA0033-768x432.jpg","width":768,"height":432,"mime-type":"image\/jpeg","filesize":30121,"url":"https:\/\/360mallorcaproperty.com\/wp-content\/uploads\/2025\/03\/IMG-20250313-WA0033-768x432.jpg"},"1536x1536":{"file":"IMG-20250313-WA0033-1536x864.jpg","width":1536,"height":864,"mime-type":"image\/jpeg","filesize":114210,"url":"https:\/\/360mallorcaproperty.com\/wp-content\/uploads\/2025\/03\/IMG-20250313-WA0033-1536x864.jpg"},"post-thumbnail":{"file":"IMG-20250313-WA0033-150x84.jpg","width":150,"height":84,"mime-type":"image\/jpeg","filesize":3159,"url":"https:\/\/360mallorcaproperty.com\/wp-content\/uploads\/2025\/03\/IMG-20250313-WA0033-150x84.jpg"},"modern-property-child-slider":{"file":"IMG-20250313-WA0033-680x510.jpg","width":680,"height":510,"mime-type":"image\/jpeg","filesize":32918,"url":"https:\/\/360mallorcaproperty.com\/wp-content\/uploads\/2025\/03\/IMG-20250313-WA0033-680x510.jpg"},"property-thumb-image":{"file":"IMG-20250313-WA0033-488x326.jpg","width":488,"height":326,"mime-type":"image\/jpeg","filesize":17687,"url":"https:\/\/360mallorcaproperty.com\/wp-content\/uploads\/2025\/03\/IMG-20250313-WA0033-488x326.jpg"},"property-detail-video-image":{"file":"IMG-20250313-WA0033-818x417.jpg","width":818,"height":417,"mime-type":"image\/jpeg","filesize":30638,"url":"https:\/\/360mallorcaproperty.com\/wp-content\/uploads\/2025\/03\/IMG-20250313-WA0033-818x417.jpg"},"agent-image":{"file":"IMG-20250313-WA0033-210x210.jpg","width":210,"height":210,"mime-type":"image\/jpeg","filesize":7055,"url":"https:\/\/360mallorcaproperty.com\/wp-content\/uploads\/2025\/03\/IMG-20250313-WA0033-210x210.jpg"},"partners-logo":{"file":"IMG-20250313-WA0033-600x1152.jpg","width":600,"height":1152,"mime-type":"image\/jpeg","filesize":72149,"url":"https:\/\/360mallorcaproperty.com\/wp-content\/uploads\/2025\/03\/IMG-20250313-WA0033-600x1152.jpg"},"post-featured-image":{"file":"IMG-20250313-WA0033-1240x720.jpg","width":1240,"height":720,"mime-type":"image\/jpeg","filesize":73918,"url":"https:\/\/360mallorcaproperty.com\/wp-content\/uploads\/2025\/03\/IMG-20250313-WA0033-1240x720.jpg"}},"image_meta":{"aperture":"0","credit":"","camera":"","caption":"","created_timestamp":"0","copyright":"","focal_length":"0","iso":"0","shutter_speed":"0","title":"","orientation":"0","keywords":[]},"ID":"29931","name":"IMG-20250313-WA0033.jpg","path":"\/home\/mallorcaproperty\/public_html\/wp-content\/uploads\/2025\/03\/IMG-20250313-WA0033.jpg","url":"https:\/\/360mallorcaproperty.com\/wp-content\/uploads\/2025\/03\/IMG-20250313-WA0033-150x150.jpg","full_url":"https:\/\/360mallorcaproperty.com\/wp-content\/uploads\/2025\/03\/IMG-20250313-WA0033.jpg","title":"IMG-20250313-WA0033","caption":"","description":"","alt":"","srcset":"https:\/\/360mallorcaproperty.com\/wp-content\/uploads\/2025\/03\/IMG-20250313-WA0033-150x150.jpg 150w, https:\/\/360mallorcaproperty.com\/wp-content\/uploads\/2025\/03\/IMG-20250313-WA0033-210x210.jpg 210w"},{"width":150,"height":150,"file":"2025\/03\/IMG-20250313-WA0035.jpg","filesize":434400,"sizes":{"medium":{"file":"IMG-20250313-WA0035-300x169.jpg","width":300,"height":169,"mime-type":"image\/jpeg","filesize":7944,"url":"https:\/\/360mallorcaproperty.com\/wp-content\/uploads\/2025\/03\/IMG-20250313-WA0035-300x169.jpg"},"large":{"file":"IMG-20250313-WA0035-1024x576.jpg","width":1024,"height":576,"mime-type":"image\/jpeg","filesize":65596,"url":"https:\/\/360mallorcaproperty.com\/wp-content\/uploads\/2025\/03\/IMG-20250313-WA0035-1024x576.jpg"},"thumbnail":{"file":"IMG-20250313-WA0035-150x150.jpg","width":150,"height":150,"mime-type":"image\/jpeg","filesize":4862,"url":"https:\/\/360mallorcaproperty.com\/wp-content\/uploads\/2025\/03\/IMG-20250313-WA0035-150x150.jpg"},"medium_large":{"file":"IMG-20250313-WA0035-768x432.jpg","width":768,"height":432,"mime-type":"image\/jpeg","filesize":35490,"url":"https:\/\/360mallorcaproperty.com\/wp-content\/uploads\/2025\/03\/IMG-20250313-WA0035-768x432.jpg"},"1536x1536":{"file":"IMG-20250313-WA0035-1536x864.jpg","width":1536,"height":864,"mime-type":"image\/jpeg","filesize":155441,"url":"https:\/\/360mallorcaproperty.com\/wp-content\/uploads\/2025\/03\/IMG-20250313-WA0035-1536x864.jpg"},"post-thumbnail":{"file":"IMG-20250313-WA0035-150x84.jpg","width":150,"height":84,"mime-type":"image\/jpeg","filesize":3210,"url":"https:\/\/360mallorcaproperty.com\/wp-content\/uploads\/2025\/03\/IMG-20250313-WA0035-150x84.jpg"},"modern-property-child-slider":{"file":"IMG-20250313-WA0035-680x510.jpg","width":680,"height":510,"mime-type":"image\/jpeg","filesize":39915,"url":"https:\/\/360mallorcaproperty.com\/wp-content\/uploads\/2025\/03\/IMG-20250313-WA0035-680x510.jpg"},"property-thumb-image":{"file":"IMG-20250313-WA0035-488x326.jpg","width":488,"height":326,"mime-type":"image\/jpeg","filesize":20030,"url":"https:\/\/360mallorcaproperty.com\/wp-content\/uploads\/2025\/03\/IMG-20250313-WA0035-488x326.jpg"},"property-detail-video-image":{"file":"IMG-20250313-WA0035-818x417.jpg","width":818,"height":417,"mime-type":"image\/jpeg","filesize":36625,"url":"https:\/\/360mallorcaproperty.com\/wp-content\/uploads\/2025\/03\/IMG-20250313-WA0035-818x417.jpg"},"agent-image":{"file":"IMG-20250313-WA0035-210x210.jpg","width":210,"height":210,"mime-type":"image\/jpeg","filesize":7849,"url":"https:\/\/360mallorcaproperty.com\/wp-content\/uploads\/2025\/03\/IMG-20250313-WA0035-210x210.jpg"},"partners-logo":{"file":"IMG-20250313-WA0035-600x1152.jpg","width":600,"height":1152,"mime-type":"image\/jpeg","filesize":92744,"url":"https:\/\/360mallorcaproperty.com\/wp-content\/uploads\/2025\/03\/IMG-20250313-WA0035-600x1152.jpg"},"post-featured-image":{"file":"IMG-20250313-WA0035-1240x720.jpg","width":1240,"height":720,"mime-type":"image\/jpeg","filesize":97212,"url":"https:\/\/360mallorcaproperty.com\/wp-content\/uploads\/2025\/03\/IMG-20250313-WA0035-1240x720.jpg"}},"image_meta":{"aperture":"0","credit":"","camera":"","caption":"","created_timestamp":"0","copyright":"","focal_length":"0","iso":"0","shutter_speed":"0","title":"","orientation":"0","keywords":[]},"ID":"29934","name":"IMG-20250313-WA0035.jpg","path":"\/home\/mallorcaproperty\/public_html\/wp-content\/uploads\/2025\/03\/IMG-20250313-WA0035.jpg","url":"https:\/\/360mallorcaproperty.com\/wp-content\/uploads\/2025\/03\/IMG-20250313-WA0035-150x150.jpg","full_url":"https:\/\/360mallorcaproperty.com\/wp-content\/uploads\/2025\/03\/IMG-20250313-WA0035.jpg","title":"IMG-20250313-WA0035","caption":"","description":"","alt":"","srcset":"https:\/\/360mallorcaproperty.com\/wp-content\/uploads\/2025\/03\/IMG-20250313-WA0035-150x150.jpg 150w, https:\/\/360mallorcaproperty.com\/wp-content\/uploads\/2025\/03\/IMG-20250313-WA0035-210x210.jpg 210w"},{"width":150,"height":150,"file":"2025\/03\/IMG-20250313-WA0036.jpg","filesize":386780,"sizes":{"medium":{"file":"IMG-20250313-WA0036-300x169.jpg","width":300,"height":169,"mime-type":"image\/jpeg","filesize":8423,"url":"https:\/\/360mallorcaproperty.com\/wp-content\/uploads\/2025\/03\/IMG-20250313-WA0036-300x169.jpg"},"large":{"file":"IMG-20250313-WA0036-1024x576.jpg","width":1024,"height":576,"mime-type":"image\/jpeg","filesize":64143,"url":"https:\/\/360mallorcaproperty.com\/wp-content\/uploads\/2025\/03\/IMG-20250313-WA0036-1024x576.jpg"},"thumbnail":{"file":"IMG-20250313-WA0036-150x150.jpg","width":150,"height":150,"mime-type":"image\/jpeg","filesize":4541,"url":"https:\/\/360mallorcaproperty.com\/wp-content\/uploads\/2025\/03\/IMG-20250313-WA0036-150x150.jpg"},"medium_large":{"file":"IMG-20250313-WA0036-768x432.jpg","width":768,"height":432,"mime-type":"image\/jpeg","filesize":36753,"url":"https:\/\/360mallorcaproperty.com\/wp-content\/uploads\/2025\/03\/IMG-20250313-WA0036-768x432.jpg"},"1536x1536":{"file":"IMG-20250313-WA0036-1536x864.jpg","width":1536,"height":864,"mime-type":"image\/jpeg","filesize":145384,"url":"https:\/\/360mallorcaproperty.com\/wp-content\/uploads\/2025\/03\/IMG-20250313-WA0036-1536x864.jpg"},"post-thumbnail":{"file":"IMG-20250313-WA0036-150x84.jpg","width":150,"height":84,"mime-type":"image\/jpeg","filesize":3271,"url":"https:\/\/360mallorcaproperty.com\/wp-content\/uploads\/2025\/03\/IMG-20250313-WA0036-150x84.jpg"},"modern-property-child-slider":{"file":"IMG-20250313-WA0036-680x510.jpg","width":680,"height":510,"mime-type":"image\/jpeg","filesize":37130,"url":"https:\/\/360mallorcaproperty.com\/wp-content\/uploads\/2025\/03\/IMG-20250313-WA0036-680x510.jpg"},"property-thumb-image":{"file":"IMG-20250313-WA0036-488x326.jpg","width":488,"height":326,"mime-type":"image\/jpeg","filesize":20052,"url":"https:\/\/360mallorcaproperty.com\/wp-content\/uploads\/2025\/03\/IMG-20250313-WA0036-488x326.jpg"},"property-detail-video-image":{"file":"IMG-20250313-WA0036-818x417.jpg","width":818,"height":417,"mime-type":"image\/jpeg","filesize":38034,"url":"https:\/\/360mallorcaproperty.com\/wp-content\/uploads\/2025\/03\/IMG-20250313-WA0036-818x417.jpg"},"agent-image":{"file":"IMG-20250313-WA0036-210x210.jpg","width":210,"height":210,"mime-type":"image\/jpeg","filesize":7319,"url":"https:\/\/360mallorcaproperty.com\/wp-content\/uploads\/2025\/03\/IMG-20250313-WA0036-210x210.jpg"},"partners-logo":{"file":"IMG-20250313-WA0036-600x1152.jpg","width":600,"height":1152,"mime-type":"image\/jpeg","filesize":86800,"url":"https:\/\/360mallorcaproperty.com\/wp-content\/uploads\/2025\/03\/IMG-20250313-WA0036-600x1152.jpg"},"post-featured-image":{"file":"IMG-20250313-WA0036-1240x720.jpg","width":1240,"height":720,"mime-type":"image\/jpeg","filesize":93289,"url":"https:\/\/360mallorcaproperty.com\/wp-content\/uploads\/2025\/03\/IMG-20250313-WA0036-1240x720.jpg"}},"image_meta":{"aperture":"0","credit":"","camera":"","caption":"","created_timestamp":"0","copyright":"","focal_length":"0","iso":"0","shutter_speed":"0","title":"","orientation":"0","keywords":[]},"ID":"29937","name":"IMG-20250313-WA0036.jpg","path":"\/home\/mallorcaproperty\/public_html\/wp-content\/uploads\/2025\/03\/IMG-20250313-WA0036.jpg","url":"https:\/\/360mallorcaproperty.com\/wp-content\/uploads\/2025\/03\/IMG-20250313-WA0036-150x150.jpg","full_url":"https:\/\/360mallorcaproperty.com\/wp-content\/uploads\/2025\/03\/IMG-20250313-WA0036.jpg","title":"IMG-20250313-WA0036","caption":"","description":"","alt":"","srcset":"https:\/\/360mallorcaproperty.com\/wp-content\/uploads\/2025\/03\/IMG-20250313-WA0036-150x150.jpg 150w, https:\/\/360mallorcaproperty.com\/wp-content\/uploads\/2025\/03\/IMG-20250313-WA0036-210x210.jpg 210w"},{"width":150,"height":150,"file":"2025\/03\/IMG-20250313-WA0037.jpg","filesize":411531,"sizes":{"medium":{"file":"IMG-20250313-WA0037-300x169.jpg","width":300,"height":169,"mime-type":"image\/jpeg","filesize":10521,"url":"https:\/\/360mallorcaproperty.com\/wp-content\/uploads\/2025\/03\/IMG-20250313-WA0037-300x169.jpg"},"large":{"file":"IMG-20250313-WA0037-1024x576.jpg","width":1024,"height":576,"mime-type":"image\/jpeg","filesize":76974,"url":"https:\/\/360mallorcaproperty.com\/wp-content\/uploads\/2025\/03\/IMG-20250313-WA0037-1024x576.jpg"},"thumbnail":{"file":"IMG-20250313-WA0037-150x150.jpg","width":150,"height":150,"mime-type":"image\/jpeg","filesize":5595,"url":"https:\/\/360mallorcaproperty.com\/wp-content\/uploads\/2025\/03\/IMG-20250313-WA0037-150x150.jpg"},"medium_large":{"file":"IMG-20250313-WA0037-768x432.jpg","width":768,"height":432,"mime-type":"image\/jpeg","filesize":45222,"url":"https:\/\/360mallorcaproperty.com\/wp-content\/uploads\/2025\/03\/IMG-20250313-WA0037-768x432.jpg"},"1536x1536":{"file":"IMG-20250313-WA0037-1536x864.jpg","width":1536,"height":864,"mime-type":"image\/jpeg","filesize":162820,"url":"https:\/\/360mallorcaproperty.com\/wp-content\/uploads\/2025\/03\/IMG-20250313-WA0037-1536x864.jpg"},"post-thumbnail":{"file":"IMG-20250313-WA0037-150x84.jpg","width":150,"height":84,"mime-type":"image\/jpeg","filesize":3975,"url":"https:\/\/360mallorcaproperty.com\/wp-content\/uploads\/2025\/03\/IMG-20250313-WA0037-150x84.jpg"},"modern-property-child-slider":{"file":"IMG-20250313-WA0037-680x510.jpg","width":680,"height":510,"mime-type":"image\/jpeg","filesize":47051,"url":"https:\/\/360mallorcaproperty.com\/wp-content\/uploads\/2025\/03\/IMG-20250313-WA0037-680x510.jpg"},"property-thumb-image":{"file":"IMG-20250313-WA0037-488x326.jpg","width":488,"height":326,"mime-type":"image\/jpeg","filesize":24840,"url":"https:\/\/360mallorcaproperty.com\/wp-content\/uploads\/2025\/03\/IMG-20250313-WA0037-488x326.jpg"},"property-detail-video-image":{"file":"IMG-20250313-WA0037-818x417.jpg","width":818,"height":417,"mime-type":"image\/jpeg","filesize":47445,"url":"https:\/\/360mallorcaproperty.com\/wp-content\/uploads\/2025\/03\/IMG-20250313-WA0037-818x417.jpg"},"agent-image":{"file":"IMG-20250313-WA0037-210x210.jpg","width":210,"height":210,"mime-type":"image\/jpeg","filesize":9272,"url":"https:\/\/360mallorcaproperty.com\/wp-content\/uploads\/2025\/03\/IMG-20250313-WA0037-210x210.jpg"},"partners-logo":{"file":"IMG-20250313-WA0037-600x1152.jpg","width":600,"height":1152,"mime-type":"image\/jpeg","filesize":113187,"url":"https:\/\/360mallorcaproperty.com\/wp-content\/uploads\/2025\/03\/IMG-20250313-WA0037-600x1152.jpg"},"post-featured-image":{"file":"IMG-20250313-WA0037-1240x720.jpg","width":1240,"height":720,"mime-type":"image\/jpeg","filesize":109695,"url":"https:\/\/360mallorcaproperty.com\/wp-content\/uploads\/2025\/03\/IMG-20250313-WA0037-1240x720.jpg"}},"image_meta":{"aperture":"0","credit":"","camera":"","caption":"","created_timestamp":"0","copyright":"","focal_length":"0","iso":"0","shutter_speed":"0","title":"","orientation":"0","keywords":[]},"ID":"29940","name":"IMG-20250313-WA0037.jpg","path":"\/home\/mallorcaproperty\/public_html\/wp-content\/uploads\/2025\/03\/IMG-20250313-WA0037.jpg","url":"https:\/\/360mallorcaproperty.com\/wp-content\/uploads\/2025\/03\/IMG-20250313-WA0037-150x150.jpg","full_url":"https:\/\/360mallorcaproperty.com\/wp-content\/uploads\/2025\/03\/IMG-20250313-WA0037.jpg","title":"IMG-20250313-WA0037","caption":"","description":"","alt":"","srcset":"https:\/\/360mallorcaproperty.com\/wp-content\/uploads\/2025\/03\/IMG-20250313-WA0037-150x150.jpg 150w, https:\/\/360mallorcaproperty.com\/wp-content\/uploads\/2025\/03\/IMG-20250313-WA0037-210x210.jpg 210w"},{"width":150,"height":150,"file":"2025\/03\/IMG-20250313-WA0038.jpg","filesize":488360,"sizes":{"medium":{"file":"IMG-20250313-WA0038-300x169.jpg","width":300,"height":169,"mime-type":"image\/jpeg","filesize":11773,"url":"https:\/\/360mallorcaproperty.com\/wp-content\/uploads\/2025\/03\/IMG-20250313-WA0038-300x169.jpg"},"large":{"file":"IMG-20250313-WA0038-1024x576.jpg","width":1024,"height":576,"mime-type":"image\/jpeg","filesize":92285,"url":"https:\/\/360mallorcaproperty.com\/wp-content\/uploads\/2025\/03\/IMG-20250313-WA0038-1024x576.jpg"},"thumbnail":{"file":"IMG-20250313-WA0038-150x150.jpg","width":150,"height":150,"mime-type":"image\/jpeg","filesize":6690,"url":"https:\/\/360mallorcaproperty.com\/wp-content\/uploads\/2025\/03\/IMG-20250313-WA0038-150x150.jpg"},"medium_large":{"file":"IMG-20250313-WA0038-768x432.jpg","width":768,"height":432,"mime-type":"image\/jpeg","filesize":53344,"url":"https:\/\/360mallorcaproperty.com\/wp-content\/uploads\/2025\/03\/IMG-20250313-WA0038-768x432.jpg"},"1536x1536":{"file":"IMG-20250313-WA0038-1536x864.jpg","width":1536,"height":864,"mime-type":"image\/jpeg","filesize":194712,"url":"https:\/\/360mallorcaproperty.com\/wp-content\/uploads\/2025\/03\/IMG-20250313-WA0038-1536x864.jpg"},"post-thumbnail":{"file":"IMG-20250313-WA0038-150x84.jpg","width":150,"height":84,"mime-type":"image\/jpeg","filesize":4188,"url":"https:\/\/360mallorcaproperty.com\/wp-content\/uploads\/2025\/03\/IMG-20250313-WA0038-150x84.jpg"},"modern-property-child-slider":{"file":"IMG-20250313-WA0038-680x510.jpg","width":680,"height":510,"mime-type":"image\/jpeg","filesize":58938,"url":"https:\/\/360mallorcaproperty.com\/wp-content\/uploads\/2025\/03\/IMG-20250313-WA0038-680x510.jpg"},"property-thumb-image":{"file":"IMG-20250313-WA0038-488x326.jpg","width":488,"height":326,"mime-type":"image\/jpeg","filesize":29960,"url":"https:\/\/360mallorcaproperty.com\/wp-content\/uploads\/2025\/03\/IMG-20250313-WA0038-488x326.jpg"},"property-detail-video-image":{"file":"IMG-20250313-WA0038-818x417.jpg","width":818,"height":417,"mime-type":"image\/jpeg","filesize":55462,"url":"https:\/\/360mallorcaproperty.com\/wp-content\/uploads\/2025\/03\/IMG-20250313-WA0038-818x417.jpg"},"agent-image":{"file":"IMG-20250313-WA0038-210x210.jpg","width":210,"height":210,"mime-type":"image\/jpeg","filesize":11382,"url":"https:\/\/360mallorcaproperty.com\/wp-content\/uploads\/2025\/03\/IMG-20250313-WA0038-210x210.jpg"},"partners-logo":{"file":"IMG-20250313-WA0038-600x1152.jpg","width":600,"height":1152,"mime-type":"image\/jpeg","filesize":113603,"url":"https:\/\/360mallorcaproperty.com\/wp-content\/uploads\/2025\/03\/IMG-20250313-WA0038-600x1152.jpg"},"post-featured-image":{"file":"IMG-20250313-WA0038-1240x720.jpg","width":1240,"height":720,"mime-type":"image\/jpeg","filesize":130951,"url":"https:\/\/360mallorcaproperty.com\/wp-content\/uploads\/2025\/03\/IMG-20250313-WA0038-1240x720.jpg"}},"image_meta":{"aperture":"0","credit":"","camera":"","caption":"","created_timestamp":"0","copyright":"","focal_length":"0","iso":"0","shutter_speed":"0","title":"","orientation":"0","keywords":[]},"ID":"29943","name":"IMG-20250313-WA0038.jpg","path":"\/home\/mallorcaproperty\/public_html\/wp-content\/uploads\/2025\/03\/IMG-20250313-WA0038.jpg","url":"https:\/\/360mallorcaproperty.com\/wp-content\/uploads\/2025\/03\/IMG-20250313-WA0038-150x150.jpg","full_url":"https:\/\/360mallorcaproperty.com\/wp-content\/uploads\/2025\/03\/IMG-20250313-WA0038.jpg","title":"IMG-20250313-WA0038","caption":"","description":"","alt":"","srcset":"https:\/\/360mallorcaproperty.com\/wp-content\/uploads\/2025\/03\/IMG-20250313-WA0038-150x150.jpg 150w, https:\/\/360mallorcaproperty.com\/wp-content\/uploads\/2025\/03\/IMG-20250313-WA0038-210x210.jpg 210w"},{"width":150,"height":150,"file":"2025\/03\/IMG-20250313-WA0042.jpg","filesize":365835,"sizes":{"medium":{"file":"IMG-20250313-WA0042-300x169.jpg","width":300,"height":169,"mime-type":"image\/jpeg","filesize":10274,"url":"https:\/\/360mallorcaproperty.com\/wp-content\/uploads\/2025\/03\/IMG-20250313-WA0042-300x169.jpg"},"large":{"file":"IMG-20250313-WA0042-1024x576.jpg","width":1024,"height":576,"mime-type":"image\/jpeg","filesize":70941,"url":"https:\/\/360mallorcaproperty.com\/wp-content\/uploads\/2025\/03\/IMG-20250313-WA0042-1024x576.jpg"},"thumbnail":{"file":"IMG-20250313-WA0042-150x150.jpg","width":150,"height":150,"mime-type":"image\/jpeg","filesize":5538,"url":"https:\/\/360mallorcaproperty.com\/wp-content\/uploads\/2025\/03\/IMG-20250313-WA0042-150x150.jpg"},"medium_large":{"file":"IMG-20250313-WA0042-768x432.jpg","width":768,"height":432,"mime-type":"image\/jpeg","filesize":43014,"url":"https:\/\/360mallorcaproperty.com\/wp-content\/uploads\/2025\/03\/IMG-20250313-WA0042-768x432.jpg"},"1536x1536":{"file":"IMG-20250313-WA0042-1536x864.jpg","width":1536,"height":864,"mime-type":"image\/jpeg","filesize":141795,"url":"https:\/\/360mallorcaproperty.com\/wp-content\/uploads\/2025\/03\/IMG-20250313-WA0042-1536x864.jpg"},"post-thumbnail":{"file":"IMG-20250313-WA0042-150x84.jpg","width":150,"height":84,"mime-type":"image\/jpeg","filesize":3931,"url":"https:\/\/360mallorcaproperty.com\/wp-content\/uploads\/2025\/03\/IMG-20250313-WA0042-150x84.jpg"},"modern-property-child-slider":{"file":"IMG-20250313-WA0042-680x510.jpg","width":680,"height":510,"mime-type":"image\/jpeg","filesize":43981,"url":"https:\/\/360mallorcaproperty.com\/wp-content\/uploads\/2025\/03\/IMG-20250313-WA0042-680x510.jpg"},"property-thumb-image":{"file":"IMG-20250313-WA0042-488x326.jpg","width":488,"height":326,"mime-type":"image\/jpeg","filesize":23318,"url":"https:\/\/360mallorcaproperty.com\/wp-content\/uploads\/2025\/03\/IMG-20250313-WA0042-488x326.jpg"},"property-detail-video-image":{"file":"IMG-20250313-WA0042-818x417.jpg","width":818,"height":417,"mime-type":"image\/jpeg","filesize":45690,"url":"https:\/\/360mallorcaproperty.com\/wp-content\/uploads\/2025\/03\/IMG-20250313-WA0042-818x417.jpg"},"agent-image":{"file":"IMG-20250313-WA0042-210x210.jpg","width":210,"height":210,"mime-type":"image\/jpeg","filesize":9276,"url":"https:\/\/360mallorcaproperty.com\/wp-content\/uploads\/2025\/03\/IMG-20250313-WA0042-210x210.jpg"},"partners-logo":{"file":"IMG-20250313-WA0042-600x1152.jpg","width":600,"height":1152,"mime-type":"image\/jpeg","filesize":107089,"url":"https:\/\/360mallorcaproperty.com\/wp-content\/uploads\/2025\/03\/IMG-20250313-WA0042-600x1152.jpg"},"post-featured-image":{"file":"IMG-20250313-WA0042-1240x720.jpg","width":1240,"height":720,"mime-type":"image\/jpeg","filesize":97776,"url":"https:\/\/360mallorcaproperty.com\/wp-content\/uploads\/2025\/03\/IMG-20250313-WA0042-1240x720.jpg"}},"image_meta":{"aperture":"0","credit":"","camera":"","caption":"","created_timestamp":"0","copyright":"","focal_length":"0","iso":"0","shutter_speed":"0","title":"","orientation":"0","keywords":[]},"ID":"29946","name":"IMG-20250313-WA0042.jpg","path":"\/home\/mallorcaproperty\/public_html\/wp-content\/uploads\/2025\/03\/IMG-20250313-WA0042.jpg","url":"https:\/\/360mallorcaproperty.com\/wp-content\/uploads\/2025\/03\/IMG-20250313-WA0042-150x150.jpg","full_url":"https:\/\/360mallorcaproperty.com\/wp-content\/uploads\/2025\/03\/IMG-20250313-WA0042.jpg","title":"IMG-20250313-WA0042","caption":"","description":"","alt":"","srcset":"https:\/\/360mallorcaproperty.com\/wp-content\/uploads\/2025\/03\/IMG-20250313-WA0042-150x150.jpg 150w, https:\/\/360mallorcaproperty.com\/wp-content\/uploads\/2025\/03\/IMG-20250313-WA0042-210x210.jpg 210w"},{"width":150,"height":150,"file":"2025\/03\/IMG-20250313-WA0045.jpg","filesize":322603,"sizes":{"medium":{"file":"IMG-20250313-WA0045-300x169.jpg","width":300,"height":169,"mime-type":"image\/jpeg","filesize":8467,"url":"https:\/\/360mallorcaproperty.com\/wp-content\/uploads\/2025\/03\/IMG-20250313-WA0045-300x169.jpg"},"large":{"file":"IMG-20250313-WA0045-1024x576.jpg","width":1024,"height":576,"mime-type":"image\/jpeg","filesize":60591,"url":"https:\/\/360mallorcaproperty.com\/wp-content\/uploads\/2025\/03\/IMG-20250313-WA0045-1024x576.jpg"},"thumbnail":{"file":"IMG-20250313-WA0045-150x150.jpg","width":150,"height":150,"mime-type":"image\/jpeg","filesize":4547,"url":"https:\/\/360mallorcaproperty.com\/wp-content\/uploads\/2025\/03\/IMG-20250313-WA0045-150x150.jpg"},"medium_large":{"file":"IMG-20250313-WA0045-768x432.jpg","width":768,"height":432,"mime-type":"image\/jpeg","filesize":35936,"url":"https:\/\/360mallorcaproperty.com\/wp-content\/uploads\/2025\/03\/IMG-20250313-WA0045-768x432.jpg"},"1536x1536":{"file":"IMG-20250313-WA0045-1536x864.jpg","width":1536,"height":864,"mime-type":"image\/jpeg","filesize":127406,"url":"https:\/\/360mallorcaproperty.com\/wp-content\/uploads\/2025\/03\/IMG-20250313-WA0045-1536x864.jpg"},"post-thumbnail":{"file":"IMG-20250313-WA0045-150x84.jpg","width":150,"height":84,"mime-type":"image\/jpeg","filesize":3272,"url":"https:\/\/360mallorcaproperty.com\/wp-content\/uploads\/2025\/03\/IMG-20250313-WA0045-150x84.jpg"},"modern-property-child-slider":{"file":"IMG-20250313-WA0045-680x510.jpg","width":680,"height":510,"mime-type":"image\/jpeg","filesize":38186,"url":"https:\/\/360mallorcaproperty.com\/wp-content\/uploads\/2025\/03\/IMG-20250313-WA0045-680x510.jpg"},"property-thumb-image":{"file":"IMG-20250313-WA0045-488x326.jpg","width":488,"height":326,"mime-type":"image\/jpeg","filesize":20514,"url":"https:\/\/360mallorcaproperty.com\/wp-content\/uploads\/2025\/03\/IMG-20250313-WA0045-488x326.jpg"},"property-detail-video-image":{"file":"IMG-20250313-WA0045-818x417.jpg","width":818,"height":417,"mime-type":"image\/jpeg","filesize":37324,"url":"https:\/\/360mallorcaproperty.com\/wp-content\/uploads\/2025\/03\/IMG-20250313-WA0045-818x417.jpg"},"agent-image":{"file":"IMG-20250313-WA0045-210x210.jpg","width":210,"height":210,"mime-type":"image\/jpeg","filesize":7425,"url":"https:\/\/360mallorcaproperty.com\/wp-content\/uploads\/2025\/03\/IMG-20250313-WA0045-210x210.jpg"},"partners-logo":{"file":"IMG-20250313-WA0045-600x1152.jpg","width":600,"height":1152,"mime-type":"image\/jpeg","filesize":81899,"url":"https:\/\/360mallorcaproperty.com\/wp-content\/uploads\/2025\/03\/IMG-20250313-WA0045-600x1152.jpg"},"post-featured-image":{"file":"IMG-20250313-WA0045-1240x720.jpg","width":1240,"height":720,"mime-type":"image\/jpeg","filesize":86866,"url":"https:\/\/360mallorcaproperty.com\/wp-content\/uploads\/2025\/03\/IMG-20250313-WA0045-1240x720.jpg"}},"image_meta":{"aperture":"0","credit":"","camera":"","caption":"","created_timestamp":"0","copyright":"","focal_length":"0","iso":"0","shutter_speed":"0","title":"","orientation":"0","keywords":[]},"ID":"29949","name":"IMG-20250313-WA0045.jpg","path":"\/home\/mallorcaproperty\/public_html\/wp-content\/uploads\/2025\/03\/IMG-20250313-WA0045.jpg","url":"https:\/\/360mallorcaproperty.com\/wp-content\/uploads\/2025\/03\/IMG-20250313-WA0045-150x150.jpg","full_url":"https:\/\/360mallorcaproperty.com\/wp-content\/uploads\/2025\/03\/IMG-20250313-WA0045.jpg","title":"IMG-20250313-WA0045","caption":"","description":"","alt":"","srcset":"https:\/\/360mallorcaproperty.com\/wp-content\/uploads\/2025\/03\/IMG-20250313-WA0045-150x150.jpg 150w, https:\/\/360mallorcaproperty.com\/wp-content\/uploads\/2025\/03\/IMG-20250313-WA0045-210x210.jpg 210w"},{"width":150,"height":150,"file":"2025\/03\/IMG-20250313-WA0046.jpg","filesize":446317,"sizes":{"medium":{"file":"IMG-20250313-WA0046-300x169.jpg","width":300,"height":169,"mime-type":"image\/jpeg","filesize":8320,"url":"https:\/\/360mallorcaproperty.com\/wp-content\/uploads\/2025\/03\/IMG-20250313-WA0046-300x169.jpg"},"large":{"file":"IMG-20250313-WA0046-1024x576.jpg","width":1024,"height":576,"mime-type":"image\/jpeg","filesize":67894,"url":"https:\/\/360mallorcaproperty.com\/wp-content\/uploads\/2025\/03\/IMG-20250313-WA0046-1024x576.jpg"},"thumbnail":{"file":"IMG-20250313-WA0046-150x150.jpg","width":150,"height":150,"mime-type":"image\/jpeg","filesize":4503,"url":"https:\/\/360mallorcaproperty.com\/wp-content\/uploads\/2025\/03\/IMG-20250313-WA0046-150x150.jpg"},"medium_large":{"file":"IMG-20250313-WA0046-768x432.jpg","width":768,"height":432,"mime-type":"image\/jpeg","filesize":37194,"url":"https:\/\/360mallorcaproperty.com\/wp-content\/uploads\/2025\/03\/IMG-20250313-WA0046-768x432.jpg"},"1536x1536":{"file":"IMG-20250313-WA0046-1536x864.jpg","width":1536,"height":864,"mime-type":"image\/jpeg","filesize":158066,"url":"https:\/\/360mallorcaproperty.com\/wp-content\/uploads\/2025\/03\/IMG-20250313-WA0046-1536x864.jpg"},"post-thumbnail":{"file":"IMG-20250313-WA0046-150x84.jpg","width":150,"height":84,"mime-type":"image\/jpeg","filesize":3221,"url":"https:\/\/360mallorcaproperty.com\/wp-content\/uploads\/2025\/03\/IMG-20250313-WA0046-150x84.jpg"},"modern-property-child-slider":{"file":"IMG-20250313-WA0046-680x510.jpg","width":680,"height":510,"mime-type":"image\/jpeg","filesize":41121,"url":"https:\/\/360mallorcaproperty.com\/wp-content\/uploads\/2025\/03\/IMG-20250313-WA0046-680x510.jpg"},"property-thumb-image":{"file":"IMG-20250313-WA0046-488x326.jpg","width":488,"height":326,"mime-type":"image\/jpeg","filesize":20481,"url":"https:\/\/360mallorcaproperty.com\/wp-content\/uploads\/2025\/03\/IMG-20250313-WA0046-488x326.jpg"},"property-detail-video-image":{"file":"IMG-20250313-WA0046-818x417.jpg","width":818,"height":417,"mime-type":"image\/jpeg","filesize":39011,"url":"https:\/\/360mallorcaproperty.com\/wp-content\/uploads\/2025\/03\/IMG-20250313-WA0046-818x417.jpg"},"agent-image":{"file":"IMG-20250313-WA0046-210x210.jpg","width":210,"height":210,"mime-type":"image\/jpeg","filesize":7708,"url":"https:\/\/360mallorcaproperty.com\/wp-content\/uploads\/2025\/03\/IMG-20250313-WA0046-210x210.jpg"},"partners-logo":{"file":"IMG-20250313-WA0046-600x1152.jpg","width":600,"height":1152,"mime-type":"image\/jpeg","filesize":99919,"url":"https:\/\/360mallorcaproperty.com\/wp-content\/uploads\/2025\/03\/IMG-20250313-WA0046-600x1152.jpg"},"post-featured-image":{"file":"IMG-20250313-WA0046-1240x720.jpg","width":1240,"height":720,"mime-type":"image\/jpeg","filesize":100964,"url":"https:\/\/360mallorcaproperty.com\/wp-content\/uploads\/2025\/03\/IMG-20250313-WA0046-1240x720.jpg"}},"image_meta":{"aperture":"0","credit":"","camera":"","caption":"","created_timestamp":"0","copyright":"","focal_length":"0","iso":"0","shutter_speed":"0","title":"","orientation":"0","keywords":[]},"ID":"29952","name":"IMG-20250313-WA0046.jpg","path":"\/home\/mallorcaproperty\/public_html\/wp-content\/uploads\/2025\/03\/IMG-20250313-WA0046.jpg","url":"https:\/\/360mallorcaproperty.com\/wp-content\/uploads\/2025\/03\/IMG-20250313-WA0046-150x150.jpg","full_url":"https:\/\/360mallorcaproperty.com\/wp-content\/uploads\/2025\/03\/IMG-20250313-WA0046.jpg","title":"IMG-20250313-WA0046","caption":"","description":"","alt":"","srcset":"https:\/\/360mallorcaproperty.com\/wp-content\/uploads\/2025\/03\/IMG-20250313-WA0046-150x150.jpg 150w, https:\/\/360mallorcaproperty.com\/wp-content\/uploads\/2025\/03\/IMG-20250313-WA0046-210x210.jpg 210w"}],"REAL_HOMES_change_gallery_slider_type":"0","REAL_HOMES_gallery_slider_type":"thumb-on-right","inspiry_floor_plans":[],"inspiry_video_group":[],"REAL_HOMES_360_virtual_tour":"","REAL_HOMES_agent_display_option":"none","REAL_HOMES_agents":[],"REAL_HOMES_energy_class":"none","REAL_HOMES_energy_performance":"","REAL_HOMES_epc_current_rating":"","REAL_HOMES_epc_potential_rating":"","ere_property_schedule_tour":"global","ere_property_schedule_time_slots":"","ere_property_schedule_description":"","REAL_HOMES_sticky":"0","inspiry_property_label":"","inspiry_property_label_color":"","inspiry_property_tax":"0","inspiry_additional_fee":"0","REAL_HOMES_attachments":[{"width":1414,"height":2000,"file":"2025\/03\/V3073E-1.png","filesize":2449260,"sizes":{"medium":{"file":"V3073E-1-212x300.png","width":212,"height":300,"mime-type":"image\/png","filesize":70073},"large":{"file":"V3073E-1-724x1024.png","width":724,"height":1024,"mime-type":"image\/png","filesize":648859},"thumbnail":{"file":"V3073E-1-150x150.png","width":150,"height":150,"mime-type":"image\/png","filesize":34498},"medium_large":{"file":"V3073E-1-768x1086.png","width":768,"height":1086,"mime-type":"image\/png","filesize":719737},"1536x1536":{"file":"V3073E-1-1086x1536.png","width":1086,"height":1536,"mime-type":"image\/png","filesize":1329068},"post-thumbnail":{"file":"V3073E-1-106x150.png","width":106,"height":150,"mime-type":"image\/png","filesize":20473},"modern-property-child-slider":{"file":"V3073E-1-680x510.png","width":680,"height":510,"mime-type":"image\/png","filesize":437007},"property-thumb-image":{"file":"V3073E-1-488x326.png","width":488,"height":326,"mime-type":"image\/png","filesize":213432},"property-detail-video-image":{"file":"V3073E-1-818x417.png","width":818,"height":417,"mime-type":"image\/png","filesize":423932},"agent-image":{"file":"V3073E-1-210x210.png","width":210,"height":210,"mime-type":"image\/png","filesize":63344},"partners-logo":{"file":"V3073E-1-600x2000.png","width":600,"height":2000,"mime-type":"image\/png","filesize":1043908},"post-featured-image":{"file":"V3073E-1-1240x720.png","width":1240,"height":720,"mime-type":"image\/png","filesize":1020629}},"image_meta":{"aperture":"0","credit":"","camera":"","caption":"","created_timestamp":"0","copyright":"","focal_length":"0","iso":"0","shutter_speed":"0","title":"","orientation":"0","keywords":[]},"ID":"31874","name":"V3073E-1.png","path":"\/home\/mallorcaproperty\/public_html\/wp-content\/uploads\/2025\/03\/V3073E-1.png","url":"https:\/\/360mallorcaproperty.com\/wp-content\/uploads\/2025\/03\/V3073E-1.png","title":"V3073E"}],"inspiry_property_owner_name":"","inspiry_property_owner_contact":"","inspiry_property_owner_address":"","REAL_HOMES_property_private_note":"","inspiry_message_to_reviewer":"","REAL_HOMES_add_in_slider":"no","REAL_HOMES_slider_image":[],"REAL_HOMES_page_banner_image":[],"REAL_HOMES_hide_property_advance_search":"0","inspiry_offmarket":[],"REAL_HOMES_custom_header_display":"default","REAL_HOMES_custom_header_position":"relative","REAL_HOMES_custom_footer_display":"default","REAL_HOMES_hide_advance_search":"0","REAL_HOMES_custom_search_form":"default","REAL_HOMES_search_form_margin_top":"","REAL_HOMES_search_form_margin_bottom":""},"_links":{"self":[{"href":"https:\/\/360mallorcaproperty.com\/es\/wp-json\/wp\/v2\/property\/29956","targetHints":{"allow":["GET"]}}],"collection":[{"href":"https:\/\/360mallorcaproperty.com\/es\/wp-json\/wp\/v2\/property"}],"about":[{"href":"https:\/\/360mallorcaproperty.com\/es\/wp-json\/wp\/v2\/types\/property"}],"author":[{"embeddable":true,"href":"https:\/\/360mallorcaproperty.com\/es\/wp-json\/wp\/v2\/users\/1"}],"replies":[{"embeddable":true,"href":"https:\/\/360mallorcaproperty.com\/es\/wp-json\/wp\/v2\/comments?post=29956"}],"version-history":[{"count":2,"href":"https:\/\/360mallorcaproperty.com\/es\/wp-json\/wp\/v2\/property\/29956\/revisions"}],"predecessor-version":[{"id":29962,"href":"https:\/\/360mallorcaproperty.com\/es\/wp-json\/wp\/v2\/property\/29956\/revisions\/29962"}],"wp:featuredmedia":[{"embeddable":true,"href":"https:\/\/360mallorcaproperty.com\/es\/wp-json\/wp\/v2\/media\/29903"}],"wp:attachment":[{"href":"https:\/\/360mallorcaproperty.com\/es\/wp-json\/wp\/v2\/media?parent=29956"}],"wp:term":[{"taxonomy":"property-feature","embeddable":true,"href":"https:\/\/360mallorcaproperty.com\/es\/wp-json\/wp\/v2\/property-feature?post=29956"},{"taxonomy":"property-type","embeddable":true,"href":"https:\/\/360mallorcaproperty.com\/es\/wp-json\/wp\/v2\/property-type?post=29956"},{"taxonomy":"property-city","embeddable":true,"href":"https:\/\/360mallorcaproperty.com\/es\/wp-json\/wp\/v2\/property-location?post=29956"},{"taxonomy":"property-status","embeddable":true,"href":"https:\/\/360mallorcaproperty.com\/es\/wp-json\/wp\/v2\/property-status?post=29956"}],"curies":[{"name":"wp","href":"https:\/\/api.w.org\/{rel}","templated":true}]}}