{"id":30308,"date":"2025-05-14T08:51:51","date_gmt":"2025-05-14T08:51:51","guid":{"rendered":"https:\/\/360mallorcaproperty.com\/property\/exceptional-corner-property-with-approved-project-in-the-heart-of-santanyi\/"},"modified":"2025-05-14T08:58:19","modified_gmt":"2025-05-14T08:58:19","slug":"exceptional-corner-property-with-approved-project-in-the-heart-of-santanyi","status":"publish","type":"property","link":"https:\/\/360mallorcaproperty.com\/es\/property\/exceptional-corner-property-with-approved-project-in-the-heart-of-santanyi\/","title":{"rendered":"Excepcional finca esquinera con proyecto aprobado en el coraz\u00f3n de Santany\u00ed"},"content":{"rendered":"<p>Estamos encantados de presentar esta magn\u00edfica propiedad de esquina situada en el codiciado pueblo de Santany\u00ed, Mallorca. Con un proyecto aprobado de demolici\u00f3n y construcci\u00f3n ya en marcha, esta es una oportunidad \u00fanica para crear la casa de sus sue\u00f1os en uno de los lugares m\u00e1s deseables de la isla.<\/p>\n<p>La residencia prevista ofrecer\u00e1 un total de 160 m\u00b2 de espacio habitable distribuido en dos niveles. Destaca una terraza privada perfecta para comer al aire libre y relajarse, as\u00ed como una piscina privada que a\u00f1ade un toque de lujo y aislamiento.<\/p>\n<p>Este proyecto ofrece una mezcla perfecta de tranquilidad y privacidad a la vez que se encuentra a pocos pasos del vibrante encanto y las comodidades de Santany\u00ed. Tanto si busca un refugio sereno como una elegante casa de pueblo, esta propiedad le ofrece lo mejor de ambos mundos.<\/p>\n<p>&nbsp;<\/p>\n<p>&nbsp;<\/p>\n","protected":false},"excerpt":{"rendered":"<p>Estamos encantados de presentar esta magn\u00edfica propiedad de esquina situada en el codiciado pueblo de Santany\u00ed, Mallorca. Con un proyecto aprobado de demolici\u00f3n y construcci\u00f3n ya en marcha, esta es una oportunidad \u00fanica para crear la casa de sus sue\u00f1os en uno de los lugares m\u00e1s deseables de la isla. La residencia prevista ofrecer\u00e1 un&#8230;<\/p>\n","protected":false},"author":1,"featured_media":30287,"parent":0,"menu_order":0,"comment_status":"closed","ping_status":"closed","template":"","property-feature":[281,282,283,384],"property-type":[258],"property-location":[261],"property-status":[231],"class_list":["post-30308","property","type-property","status-publish","has-post-thumbnail","hentry","property-feature-garaje-aparcamiento","property-feature-jardin","property-feature-piscina","property-feature-terrace-es","property-type-solares-urbanos","property-city-santanyi-es","property-status-venta"],"property_meta":{"REAL_HOMES_property_price":"630000","REAL_HOMES_property_old_price":"","REAL_HOMES_property_price_prefix":"","REAL_HOMES_property_price_postfix":"","REAL_HOMES_property_size":"160m2","REAL_HOMES_property_size_postfix":"","REAL_HOMES_property_lot_size":"","REAL_HOMES_property_lot_size_postfix":"","REAL_HOMES_property_bedrooms":"2","REAL_HOMES_property_bathrooms":"2","REAL_HOMES_property_garage":"Garage","REAL_HOMES_property_id":"V5037","REAL_HOMES_property_year_built":"","REAL_HOMES_featured":"0","REAL_HOMES_additional_details_list":[],"rvr_booking_widget_display":"","rvr_booking_mode":"","rvr_govt_tax":"","rvr_govt_tax_type":"percentage","rvr_govt_tax_calculation":"per_stay","rvr_service_charges":"","rvr_service_charges_type":"percentage","rvr_service_charges_calculation":"per_stay","rvr_guests_capacity":"","rvr_book_child_as":"","rvr_min_stay":"","rvr_guests_capacity_extend":"","rvr_extra_guest_price":"","rvr_property_owner":"0","rvr_bulk_pricing":[],"rvr_seasonal_pricing":[],"rvr_custom_reserved_dates":[],"rvr_additional_fees":[{"rvr_fee_type":"fixed","rvr_fee_calculation":"per_stay"}],"rvr_additional_amenities":[{"price_calculation":"per_stay"}],"rvr_accommodation":[],"rvr_outdoor_features":[],"rvr_surroundings":[],"rvr_included":[],"rvr_not_included":[],"rvr_policies":[],"REAL_HOMES_property_location":{"latitude":"39.361172","longitude":"3.20965","zoom":"0"},"REAL_HOMES_property_address":"C\/ Crist\u00f2for Colom 37 bajos, 07691 Porto Petro, Mallorca","REAL_HOMES_property_map":"","REAL_HOMES_property_images":[{"width":150,"height":150,"file":"2025\/05\/IMG-20250410-WA0018-copia.jpg","filesize":234815,"sizes":{"medium":{"file":"IMG-20250410-WA0018-copia-300x169.jpg","width":300,"height":169,"mime-type":"image\/jpeg","filesize":14376,"url":"https:\/\/360mallorcaproperty.com\/wp-content\/uploads\/2025\/05\/IMG-20250410-WA0018-copia-300x169.jpg"},"large":{"file":"IMG-20250410-WA0018-copia-1024x576.jpg","width":1024,"height":576,"mime-type":"image\/jpeg","filesize":121107,"url":"https:\/\/360mallorcaproperty.com\/wp-content\/uploads\/2025\/05\/IMG-20250410-WA0018-copia-1024x576.jpg"},"thumbnail":{"file":"IMG-20250410-WA0018-copia-150x150.jpg","width":150,"height":150,"mime-type":"image\/jpeg","filesize":7381,"url":"https:\/\/360mallorcaproperty.com\/wp-content\/uploads\/2025\/05\/IMG-20250410-WA0018-copia-150x150.jpg"},"medium_large":{"file":"IMG-20250410-WA0018-copia-768x432.jpg","width":768,"height":432,"mime-type":"image\/jpeg","filesize":72891,"url":"https:\/\/360mallorcaproperty.com\/wp-content\/uploads\/2025\/05\/IMG-20250410-WA0018-copia-768x432.jpg"},"1536x1536":{"file":"IMG-20250410-WA0018-copia-1536x864.jpg","width":1536,"height":864,"mime-type":"image\/jpeg","filesize":240915,"url":"https:\/\/360mallorcaproperty.com\/wp-content\/uploads\/2025\/05\/IMG-20250410-WA0018-copia-1536x864.jpg"},"post-thumbnail":{"file":"IMG-20250410-WA0018-copia-150x84.jpg","width":150,"height":84,"mime-type":"image\/jpeg","filesize":4799,"url":"https:\/\/360mallorcaproperty.com\/wp-content\/uploads\/2025\/05\/IMG-20250410-WA0018-copia-150x84.jpg"},"modern-property-child-slider":{"file":"IMG-20250410-WA0018-copia-680x510.jpg","width":680,"height":510,"mime-type":"image\/jpeg","filesize":79046,"url":"https:\/\/360mallorcaproperty.com\/wp-content\/uploads\/2025\/05\/IMG-20250410-WA0018-copia-680x510.jpg"},"property-thumb-image":{"file":"IMG-20250410-WA0018-copia-488x326.jpg","width":488,"height":326,"mime-type":"image\/jpeg","filesize":38948,"url":"https:\/\/360mallorcaproperty.com\/wp-content\/uploads\/2025\/05\/IMG-20250410-WA0018-copia-488x326.jpg"},"property-detail-video-image":{"file":"IMG-20250410-WA0018-copia-818x417.jpg","width":818,"height":417,"mime-type":"image\/jpeg","filesize":76143,"url":"https:\/\/360mallorcaproperty.com\/wp-content\/uploads\/2025\/05\/IMG-20250410-WA0018-copia-818x417.jpg"},"agent-image":{"file":"IMG-20250410-WA0018-copia-210x210.jpg","width":210,"height":210,"mime-type":"image\/jpeg","filesize":13214,"url":"https:\/\/360mallorcaproperty.com\/wp-content\/uploads\/2025\/05\/IMG-20250410-WA0018-copia-210x210.jpg"},"partners-logo":{"file":"IMG-20250410-WA0018-copia-600x900.jpg","width":600,"height":900,"mime-type":"image\/jpeg","filesize":131102,"url":"https:\/\/360mallorcaproperty.com\/wp-content\/uploads\/2025\/05\/IMG-20250410-WA0018-copia-600x900.jpg"},"post-featured-image":{"file":"IMG-20250410-WA0018-copia-1240x720.jpg","width":1240,"height":720,"mime-type":"image\/jpeg","filesize":174169,"url":"https:\/\/360mallorcaproperty.com\/wp-content\/uploads\/2025\/05\/IMG-20250410-WA0018-copia-1240x720.jpg"}},"image_meta":{"aperture":"0","credit":"","camera":"","caption":"","created_timestamp":"0","copyright":"","focal_length":"0","iso":"0","shutter_speed":"0","title":"","orientation":"0","keywords":[]},"ID":"30279","name":"IMG-20250410-WA0018-copia.jpg","path":"\/home\/mallorcaproperty\/public_html\/wp-content\/uploads\/2025\/05\/IMG-20250410-WA0018-copia.jpg","url":"https:\/\/360mallorcaproperty.com\/wp-content\/uploads\/2025\/05\/IMG-20250410-WA0018-copia-150x150.jpg","full_url":"https:\/\/360mallorcaproperty.com\/wp-content\/uploads\/2025\/05\/IMG-20250410-WA0018-copia.jpg","title":"IMG-20250410-WA0018 - copia","caption":"","description":"","alt":"","srcset":"https:\/\/360mallorcaproperty.com\/wp-content\/uploads\/2025\/05\/IMG-20250410-WA0018-copia-150x150.jpg 150w, https:\/\/360mallorcaproperty.com\/wp-content\/uploads\/2025\/05\/IMG-20250410-WA0018-copia-210x210.jpg 210w"},{"width":150,"height":150,"file":"2025\/05\/Imagen-de-WhatsApp-2025-04-09-a-las-12.32.42_e57777cd.jpg","filesize":313593,"sizes":{"medium":{"file":"Imagen-de-WhatsApp-2025-04-09-a-las-12.32.42_e57777cd-300x169.jpg","width":300,"height":169,"mime-type":"image\/jpeg","filesize":18632,"url":"https:\/\/360mallorcaproperty.com\/wp-content\/uploads\/2025\/05\/Imagen-de-WhatsApp-2025-04-09-a-las-12.32.42_e57777cd-300x169.jpg"},"large":{"file":"Imagen-de-WhatsApp-2025-04-09-a-las-12.32.42_e57777cd-1024x576.jpg","width":1024,"height":576,"mime-type":"image\/jpeg","filesize":166101,"url":"https:\/\/360mallorcaproperty.com\/wp-content\/uploads\/2025\/05\/Imagen-de-WhatsApp-2025-04-09-a-las-12.32.42_e57777cd-1024x576.jpg"},"thumbnail":{"file":"Imagen-de-WhatsApp-2025-04-09-a-las-12.32.42_e57777cd-150x150.jpg","width":150,"height":150,"mime-type":"image\/jpeg","filesize":9253,"url":"https:\/\/360mallorcaproperty.com\/wp-content\/uploads\/2025\/05\/Imagen-de-WhatsApp-2025-04-09-a-las-12.32.42_e57777cd-150x150.jpg"},"medium_large":{"file":"Imagen-de-WhatsApp-2025-04-09-a-las-12.32.42_e57777cd-768x432.jpg","width":768,"height":432,"mime-type":"image\/jpeg","filesize":100752,"url":"https:\/\/360mallorcaproperty.com\/wp-content\/uploads\/2025\/05\/Imagen-de-WhatsApp-2025-04-09-a-las-12.32.42_e57777cd-768x432.jpg"},"1536x1536":{"file":"Imagen-de-WhatsApp-2025-04-09-a-las-12.32.42_e57777cd-1536x864.jpg","width":1536,"height":864,"mime-type":"image\/jpeg","filesize":324106,"url":"https:\/\/360mallorcaproperty.com\/wp-content\/uploads\/2025\/05\/Imagen-de-WhatsApp-2025-04-09-a-las-12.32.42_e57777cd-1536x864.jpg"},"post-thumbnail":{"file":"Imagen-de-WhatsApp-2025-04-09-a-las-12.32.42_e57777cd-150x84.jpg","width":150,"height":84,"mime-type":"image\/jpeg","filesize":5756,"url":"https:\/\/360mallorcaproperty.com\/wp-content\/uploads\/2025\/05\/Imagen-de-WhatsApp-2025-04-09-a-las-12.32.42_e57777cd-150x84.jpg"},"modern-property-child-slider":{"file":"Imagen-de-WhatsApp-2025-04-09-a-las-12.32.42_e57777cd-680x510.jpg","width":680,"height":510,"mime-type":"image\/jpeg","filesize":106690,"url":"https:\/\/360mallorcaproperty.com\/wp-content\/uploads\/2025\/05\/Imagen-de-WhatsApp-2025-04-09-a-las-12.32.42_e57777cd-680x510.jpg"},"property-thumb-image":{"file":"Imagen-de-WhatsApp-2025-04-09-a-las-12.32.42_e57777cd-488x326.jpg","width":488,"height":326,"mime-type":"image\/jpeg","filesize":53011,"url":"https:\/\/360mallorcaproperty.com\/wp-content\/uploads\/2025\/05\/Imagen-de-WhatsApp-2025-04-09-a-las-12.32.42_e57777cd-488x326.jpg"},"property-detail-video-image":{"file":"Imagen-de-WhatsApp-2025-04-09-a-las-12.32.42_e57777cd-818x417.jpg","width":818,"height":417,"mime-type":"image\/jpeg","filesize":106527,"url":"https:\/\/360mallorcaproperty.com\/wp-content\/uploads\/2025\/05\/Imagen-de-WhatsApp-2025-04-09-a-las-12.32.42_e57777cd-818x417.jpg"},"agent-image":{"file":"Imagen-de-WhatsApp-2025-04-09-a-las-12.32.42_e57777cd-210x210.jpg","width":210,"height":210,"mime-type":"image\/jpeg","filesize":17013,"url":"https:\/\/360mallorcaproperty.com\/wp-content\/uploads\/2025\/05\/Imagen-de-WhatsApp-2025-04-09-a-las-12.32.42_e57777cd-210x210.jpg"},"partners-logo":{"file":"Imagen-de-WhatsApp-2025-04-09-a-las-12.32.42_e57777cd-600x900.jpg","width":600,"height":900,"mime-type":"image\/jpeg","filesize":150808,"url":"https:\/\/360mallorcaproperty.com\/wp-content\/uploads\/2025\/05\/Imagen-de-WhatsApp-2025-04-09-a-las-12.32.42_e57777cd-600x900.jpg"},"post-featured-image":{"file":"Imagen-de-WhatsApp-2025-04-09-a-las-12.32.42_e57777cd-1240x720.jpg","width":1240,"height":720,"mime-type":"image\/jpeg","filesize":234938,"url":"https:\/\/360mallorcaproperty.com\/wp-content\/uploads\/2025\/05\/Imagen-de-WhatsApp-2025-04-09-a-las-12.32.42_e57777cd-1240x720.jpg"}},"image_meta":{"aperture":"0","credit":"","camera":"","caption":"","created_timestamp":"0","copyright":"","focal_length":"0","iso":"0","shutter_speed":"0","title":"","orientation":"0","keywords":[]},"ID":"30282","name":"Imagen-de-WhatsApp-2025-04-09-a-las-12.32.42_e57777cd.jpg","path":"\/home\/mallorcaproperty\/public_html\/wp-content\/uploads\/2025\/05\/Imagen-de-WhatsApp-2025-04-09-a-las-12.32.42_e57777cd.jpg","url":"https:\/\/360mallorcaproperty.com\/wp-content\/uploads\/2025\/05\/Imagen-de-WhatsApp-2025-04-09-a-las-12.32.42_e57777cd-150x150.jpg","full_url":"https:\/\/360mallorcaproperty.com\/wp-content\/uploads\/2025\/05\/Imagen-de-WhatsApp-2025-04-09-a-las-12.32.42_e57777cd.jpg","title":"Imagen de WhatsApp 2025-04-09 a las 12.32.42_e57777cd","caption":"","description":"","alt":"","srcset":"https:\/\/360mallorcaproperty.com\/wp-content\/uploads\/2025\/05\/Imagen-de-WhatsApp-2025-04-09-a-las-12.32.42_e57777cd-150x150.jpg 150w, https:\/\/360mallorcaproperty.com\/wp-content\/uploads\/2025\/05\/Imagen-de-WhatsApp-2025-04-09-a-las-12.32.42_e57777cd-210x210.jpg 210w"},{"width":150,"height":150,"file":"2025\/05\/Imagen-de-WhatsApp-2025-04-09-a-las-12.32.42_2b3c200a-copia.jpg","filesize":257763,"sizes":{"medium":{"file":"Imagen-de-WhatsApp-2025-04-09-a-las-12.32.42_2b3c200a-copia-300x169.jpg","width":300,"height":169,"mime-type":"image\/jpeg","filesize":14948,"url":"https:\/\/360mallorcaproperty.com\/wp-content\/uploads\/2025\/05\/Imagen-de-WhatsApp-2025-04-09-a-las-12.32.42_2b3c200a-copia-300x169.jpg"},"large":{"file":"Imagen-de-WhatsApp-2025-04-09-a-las-12.32.42_2b3c200a-copia-1024x576.jpg","width":1024,"height":576,"mime-type":"image\/jpeg","filesize":132864,"url":"https:\/\/360mallorcaproperty.com\/wp-content\/uploads\/2025\/05\/Imagen-de-WhatsApp-2025-04-09-a-las-12.32.42_2b3c200a-copia-1024x576.jpg"},"thumbnail":{"file":"Imagen-de-WhatsApp-2025-04-09-a-las-12.32.42_2b3c200a-copia-150x150.jpg","width":150,"height":150,"mime-type":"image\/jpeg","filesize":7656,"url":"https:\/\/360mallorcaproperty.com\/wp-content\/uploads\/2025\/05\/Imagen-de-WhatsApp-2025-04-09-a-las-12.32.42_2b3c200a-copia-150x150.jpg"},"medium_large":{"file":"Imagen-de-WhatsApp-2025-04-09-a-las-12.32.42_2b3c200a-copia-768x432.jpg","width":768,"height":432,"mime-type":"image\/jpeg","filesize":79434,"url":"https:\/\/360mallorcaproperty.com\/wp-content\/uploads\/2025\/05\/Imagen-de-WhatsApp-2025-04-09-a-las-12.32.42_2b3c200a-copia-768x432.jpg"},"1536x1536":{"file":"Imagen-de-WhatsApp-2025-04-09-a-las-12.32.42_2b3c200a-copia-1536x864.jpg","width":1536,"height":864,"mime-type":"image\/jpeg","filesize":265384,"url":"https:\/\/360mallorcaproperty.com\/wp-content\/uploads\/2025\/05\/Imagen-de-WhatsApp-2025-04-09-a-las-12.32.42_2b3c200a-copia-1536x864.jpg"},"post-thumbnail":{"file":"Imagen-de-WhatsApp-2025-04-09-a-las-12.32.42_2b3c200a-copia-150x84.jpg","width":150,"height":84,"mime-type":"image\/jpeg","filesize":4793,"url":"https:\/\/360mallorcaproperty.com\/wp-content\/uploads\/2025\/05\/Imagen-de-WhatsApp-2025-04-09-a-las-12.32.42_2b3c200a-copia-150x84.jpg"},"modern-property-child-slider":{"file":"Imagen-de-WhatsApp-2025-04-09-a-las-12.32.42_2b3c200a-copia-680x510.jpg","width":680,"height":510,"mime-type":"image\/jpeg","filesize":86613,"url":"https:\/\/360mallorcaproperty.com\/wp-content\/uploads\/2025\/05\/Imagen-de-WhatsApp-2025-04-09-a-las-12.32.42_2b3c200a-copia-680x510.jpg"},"property-thumb-image":{"file":"Imagen-de-WhatsApp-2025-04-09-a-las-12.32.42_2b3c200a-copia-488x326.jpg","width":488,"height":326,"mime-type":"image\/jpeg","filesize":41843,"url":"https:\/\/360mallorcaproperty.com\/wp-content\/uploads\/2025\/05\/Imagen-de-WhatsApp-2025-04-09-a-las-12.32.42_2b3c200a-copia-488x326.jpg"},"property-detail-video-image":{"file":"Imagen-de-WhatsApp-2025-04-09-a-las-12.32.42_2b3c200a-copia-818x417.jpg","width":818,"height":417,"mime-type":"image\/jpeg","filesize":84375,"url":"https:\/\/360mallorcaproperty.com\/wp-content\/uploads\/2025\/05\/Imagen-de-WhatsApp-2025-04-09-a-las-12.32.42_2b3c200a-copia-818x417.jpg"},"agent-image":{"file":"Imagen-de-WhatsApp-2025-04-09-a-las-12.32.42_2b3c200a-copia-210x210.jpg","width":210,"height":210,"mime-type":"image\/jpeg","filesize":13827,"url":"https:\/\/360mallorcaproperty.com\/wp-content\/uploads\/2025\/05\/Imagen-de-WhatsApp-2025-04-09-a-las-12.32.42_2b3c200a-copia-210x210.jpg"},"partners-logo":{"file":"Imagen-de-WhatsApp-2025-04-09-a-las-12.32.42_2b3c200a-copia-600x900.jpg","width":600,"height":900,"mime-type":"image\/jpeg","filesize":158739,"url":"https:\/\/360mallorcaproperty.com\/wp-content\/uploads\/2025\/05\/Imagen-de-WhatsApp-2025-04-09-a-las-12.32.42_2b3c200a-copia-600x900.jpg"},"post-featured-image":{"file":"Imagen-de-WhatsApp-2025-04-09-a-las-12.32.42_2b3c200a-copia-1240x720.jpg","width":1240,"height":720,"mime-type":"image\/jpeg","filesize":191472,"url":"https:\/\/360mallorcaproperty.com\/wp-content\/uploads\/2025\/05\/Imagen-de-WhatsApp-2025-04-09-a-las-12.32.42_2b3c200a-copia-1240x720.jpg"}},"image_meta":{"aperture":"0","credit":"","camera":"","caption":"","created_timestamp":"0","copyright":"","focal_length":"0","iso":"0","shutter_speed":"0","title":"","orientation":"0","keywords":[]},"ID":"30285","name":"Imagen-de-WhatsApp-2025-04-09-a-las-12.32.42_2b3c200a-copia.jpg","path":"\/home\/mallorcaproperty\/public_html\/wp-content\/uploads\/2025\/05\/Imagen-de-WhatsApp-2025-04-09-a-las-12.32.42_2b3c200a-copia.jpg","url":"https:\/\/360mallorcaproperty.com\/wp-content\/uploads\/2025\/05\/Imagen-de-WhatsApp-2025-04-09-a-las-12.32.42_2b3c200a-copia-150x150.jpg","full_url":"https:\/\/360mallorcaproperty.com\/wp-content\/uploads\/2025\/05\/Imagen-de-WhatsApp-2025-04-09-a-las-12.32.42_2b3c200a-copia.jpg","title":"Imagen de WhatsApp 2025-04-09 a las 12.32.42_2b3c200a - copia","caption":"","description":"","alt":"","srcset":"https:\/\/360mallorcaproperty.com\/wp-content\/uploads\/2025\/05\/Imagen-de-WhatsApp-2025-04-09-a-las-12.32.42_2b3c200a-copia-150x150.jpg 150w, https:\/\/360mallorcaproperty.com\/wp-content\/uploads\/2025\/05\/Imagen-de-WhatsApp-2025-04-09-a-las-12.32.42_2b3c200a-copia-210x210.jpg 210w"},{"width":150,"height":150,"file":"2025\/05\/mercado-santanyi.jpg","filesize":351694,"sizes":{"medium":{"file":"mercado-santanyi-300x200.jpg","width":300,"height":200,"mime-type":"image\/jpeg","filesize":23405,"url":"https:\/\/360mallorcaproperty.com\/wp-content\/uploads\/2025\/05\/mercado-santanyi-300x200.jpg"},"thumbnail":{"file":"mercado-santanyi-150x150.jpg","width":150,"height":150,"mime-type":"image\/jpeg","filesize":10087,"url":"https:\/\/360mallorcaproperty.com\/wp-content\/uploads\/2025\/05\/mercado-santanyi-150x150.jpg"},"post-thumbnail":{"file":"mercado-santanyi-150x100.jpg","width":150,"height":100,"mime-type":"image\/jpeg","filesize":7412,"url":"https:\/\/360mallorcaproperty.com\/wp-content\/uploads\/2025\/05\/mercado-santanyi-150x100.jpg"},"modern-property-child-slider":{"file":"mercado-santanyi-680x457.jpg","width":680,"height":457,"mime-type":"image\/jpeg","filesize":99825,"url":"https:\/\/360mallorcaproperty.com\/wp-content\/uploads\/2025\/05\/mercado-santanyi-680x457.jpg"},"property-thumb-image":{"file":"mercado-santanyi-488x326.jpg","width":488,"height":326,"mime-type":"image\/jpeg","filesize":52922,"url":"https:\/\/360mallorcaproperty.com\/wp-content\/uploads\/2025\/05\/mercado-santanyi-488x326.jpg"},"property-detail-video-image":{"file":"mercado-santanyi-685x417.jpg","width":685,"height":417,"mime-type":"image\/jpeg","filesize":93517,"url":"https:\/\/360mallorcaproperty.com\/wp-content\/uploads\/2025\/05\/mercado-santanyi-685x417.jpg"},"agent-image":{"file":"mercado-santanyi-210x210.jpg","width":210,"height":210,"mime-type":"image\/jpeg","filesize":17991,"url":"https:\/\/360mallorcaproperty.com\/wp-content\/uploads\/2025\/05\/mercado-santanyi-210x210.jpg"},"partners-logo":{"file":"mercado-santanyi-600x457.jpg","width":600,"height":457,"mime-type":"image\/jpeg","filesize":89744,"url":"https:\/\/360mallorcaproperty.com\/wp-content\/uploads\/2025\/05\/mercado-santanyi-600x457.jpg"}},"image_meta":{"aperture":"0","credit":"","camera":"","caption":"","created_timestamp":"0","copyright":"","focal_length":"0","iso":"0","shutter_speed":"0","title":"","orientation":"1","keywords":[]},"ID":"30288","name":"mercado-santanyi.jpg","path":"\/home\/mallorcaproperty\/public_html\/wp-content\/uploads\/2025\/05\/mercado-santanyi.jpg","url":"https:\/\/360mallorcaproperty.com\/wp-content\/uploads\/2025\/05\/mercado-santanyi-150x150.jpg","full_url":"https:\/\/360mallorcaproperty.com\/wp-content\/uploads\/2025\/05\/mercado-santanyi.jpg","title":"mercado-santanyi","caption":"","description":"","alt":"","srcset":"https:\/\/360mallorcaproperty.com\/wp-content\/uploads\/2025\/05\/mercado-santanyi-150x150.jpg 150w, https:\/\/360mallorcaproperty.com\/wp-content\/uploads\/2025\/05\/mercado-santanyi-210x210.jpg 210w"},{"width":150,"height":150,"file":"2025\/05\/Santanyi1-800x553-1.jpg","filesize":102779,"sizes":{"medium":{"file":"Santanyi1-800x553-1-300x207.jpg","width":300,"height":207,"mime-type":"image\/jpeg","filesize":19015,"url":"https:\/\/360mallorcaproperty.com\/wp-content\/uploads\/2025\/05\/Santanyi1-800x553-1-300x207.jpg"},"thumbnail":{"file":"Santanyi1-800x553-1-150x150.jpg","width":150,"height":150,"mime-type":"image\/jpeg","filesize":7709,"url":"https:\/\/360mallorcaproperty.com\/wp-content\/uploads\/2025\/05\/Santanyi1-800x553-1-150x150.jpg"},"medium_large":{"file":"Santanyi1-800x553-1-768x531.jpg","width":768,"height":531,"mime-type":"image\/jpeg","filesize":89140,"url":"https:\/\/360mallorcaproperty.com\/wp-content\/uploads\/2025\/05\/Santanyi1-800x553-1-768x531.jpg"},"post-thumbnail":{"file":"Santanyi1-800x553-1-150x104.jpg","width":150,"height":104,"mime-type":"image\/jpeg","filesize":6150,"url":"https:\/\/360mallorcaproperty.com\/wp-content\/uploads\/2025\/05\/Santanyi1-800x553-1-150x104.jpg"},"modern-property-child-slider":{"file":"Santanyi1-800x553-1-680x510.jpg","width":680,"height":510,"mime-type":"image\/jpeg","filesize":76116,"url":"https:\/\/360mallorcaproperty.com\/wp-content\/uploads\/2025\/05\/Santanyi1-800x553-1-680x510.jpg"},"property-thumb-image":{"file":"Santanyi1-800x553-1-488x326.jpg","width":488,"height":326,"mime-type":"image\/jpeg","filesize":41474,"url":"https:\/\/360mallorcaproperty.com\/wp-content\/uploads\/2025\/05\/Santanyi1-800x553-1-488x326.jpg"},"property-detail-video-image":{"file":"Santanyi1-800x553-1-800x417.jpg","width":800,"height":417,"mime-type":"image\/jpeg","filesize":89064,"url":"https:\/\/360mallorcaproperty.com\/wp-content\/uploads\/2025\/05\/Santanyi1-800x553-1-800x417.jpg"},"agent-image":{"file":"Santanyi1-800x553-1-210x210.jpg","width":210,"height":210,"mime-type":"image\/jpeg","filesize":13400,"url":"https:\/\/360mallorcaproperty.com\/wp-content\/uploads\/2025\/05\/Santanyi1-800x553-1-210x210.jpg"},"partners-logo":{"file":"Santanyi1-800x553-1-600x553.jpg","width":600,"height":553,"mime-type":"image\/jpeg","filesize":77370,"url":"https:\/\/360mallorcaproperty.com\/wp-content\/uploads\/2025\/05\/Santanyi1-800x553-1-600x553.jpg"}},"image_meta":{"aperture":"0","credit":"","camera":"","caption":"","created_timestamp":"0","copyright":"","focal_length":"0","iso":"0","shutter_speed":"0","title":"","orientation":"0","keywords":[]},"ID":"30291","name":"Santanyi1-800x553-1.jpg","path":"\/home\/mallorcaproperty\/public_html\/wp-content\/uploads\/2025\/05\/Santanyi1-800x553-1.jpg","url":"https:\/\/360mallorcaproperty.com\/wp-content\/uploads\/2025\/05\/Santanyi1-800x553-1-150x150.jpg","full_url":"https:\/\/360mallorcaproperty.com\/wp-content\/uploads\/2025\/05\/Santanyi1-800x553-1.jpg","title":"Santanyi1-800x553","caption":"","description":"","alt":"","srcset":"https:\/\/360mallorcaproperty.com\/wp-content\/uploads\/2025\/05\/Santanyi1-800x553-1-150x150.jpg 150w, https:\/\/360mallorcaproperty.com\/wp-content\/uploads\/2025\/05\/Santanyi1-800x553-1-210x210.jpg 210w"}],"REAL_HOMES_change_gallery_slider_type":"0","REAL_HOMES_gallery_slider_type":"thumb-on-right","inspiry_floor_plans":[{"inspiry_floor_plan_name":"Situacion","inspiry_floor_plan_bedrooms":"182m2","inspiry_floor_plan_image":"https:\/\/360mallorcaproperty.com\/wp-content\/uploads\/2025\/05\/1.-SITUACION-Y-EMPLAZAMIENTO_page-0001.jpg"},{"inspiry_floor_plan_name":"Planta baja y piso","inspiry_floor_plan_bedrooms":"2","inspiry_floor_plan_image":"https:\/\/360mallorcaproperty.com\/wp-content\/uploads\/2025\/05\/2.-PLANTAS-BAJA-Y-PISO-ESTADO-FINAL_page-0001.jpg"},{"inspiry_floor_plan_name":"Secci\u00f3n","inspiry_floor_plan_image":"https:\/\/360mallorcaproperty.com\/wp-content\/uploads\/2025\/05\/Santacruz-Molinos.-Estado-actual_page-0003.jpg"}],"inspiry_video_group":[],"REAL_HOMES_360_virtual_tour":"","REAL_HOMES_agent_display_option":"none","REAL_HOMES_agents":[],"REAL_HOMES_energy_class":"none","REAL_HOMES_energy_performance":"","REAL_HOMES_epc_current_rating":"","REAL_HOMES_epc_potential_rating":"","ere_property_schedule_tour":"global","ere_property_schedule_time_slots":"","ere_property_schedule_description":"","REAL_HOMES_sticky":"0","inspiry_property_label":"","inspiry_property_label_color":"","inspiry_property_tax":"","inspiry_additional_fee":"","REAL_HOMES_attachments":[],"inspiry_property_owner_name":"","inspiry_property_owner_contact":"","inspiry_property_owner_address":"","REAL_HOMES_property_private_note":"","inspiry_message_to_reviewer":"","REAL_HOMES_add_in_slider":"no","REAL_HOMES_slider_image":[],"REAL_HOMES_page_banner_image":[],"REAL_HOMES_hide_property_advance_search":"0","inspiry_offmarket":[],"REAL_HOMES_custom_header_display":"default","REAL_HOMES_custom_header_position":"relative","REAL_HOMES_custom_footer_display":"default","REAL_HOMES_hide_advance_search":"0","REAL_HOMES_custom_search_form":"default","REAL_HOMES_search_form_margin_top":"","REAL_HOMES_search_form_margin_bottom":""},"_links":{"self":[{"href":"https:\/\/360mallorcaproperty.com\/es\/wp-json\/wp\/v2\/property\/30308","targetHints":{"allow":["GET"]}}],"collection":[{"href":"https:\/\/360mallorcaproperty.com\/es\/wp-json\/wp\/v2\/property"}],"about":[{"href":"https:\/\/360mallorcaproperty.com\/es\/wp-json\/wp\/v2\/types\/property"}],"author":[{"embeddable":true,"href":"https:\/\/360mallorcaproperty.com\/es\/wp-json\/wp\/v2\/users\/1"}],"replies":[{"embeddable":true,"href":"https:\/\/360mallorcaproperty.com\/es\/wp-json\/wp\/v2\/comments?post=30308"}],"version-history":[{"count":4,"href":"https:\/\/360mallorcaproperty.com\/es\/wp-json\/wp\/v2\/property\/30308\/revisions"}],"predecessor-version":[{"id":30313,"href":"https:\/\/360mallorcaproperty.com\/es\/wp-json\/wp\/v2\/property\/30308\/revisions\/30313"}],"wp:featuredmedia":[{"embeddable":true,"href":"https:\/\/360mallorcaproperty.com\/es\/wp-json\/wp\/v2\/media\/30287"}],"wp:attachment":[{"href":"https:\/\/360mallorcaproperty.com\/es\/wp-json\/wp\/v2\/media?parent=30308"}],"wp:term":[{"taxonomy":"property-feature","embeddable":true,"href":"https:\/\/360mallorcaproperty.com\/es\/wp-json\/wp\/v2\/property-feature?post=30308"},{"taxonomy":"property-type","embeddable":true,"href":"https:\/\/360mallorcaproperty.com\/es\/wp-json\/wp\/v2\/property-type?post=30308"},{"taxonomy":"property-city","embeddable":true,"href":"https:\/\/360mallorcaproperty.com\/es\/wp-json\/wp\/v2\/property-location?post=30308"},{"taxonomy":"property-status","embeddable":true,"href":"https:\/\/360mallorcaproperty.com\/es\/wp-json\/wp\/v2\/property-status?post=30308"}],"curies":[{"name":"wp","href":"https:\/\/api.w.org\/{rel}","templated":true}]}}