{"id":30505,"date":"2025-07-29T08:49:21","date_gmt":"2025-07-29T08:49:21","guid":{"rendered":"https:\/\/360mallorcaproperty.com\/?post_type=property&#038;p=30505"},"modified":"2025-07-29T08:55:25","modified_gmt":"2025-07-29T08:55:25","slug":"casa-o-chalet-en-venta-en-avenida-punta-grossa","status":"publish","type":"property","link":"https:\/\/360mallorcaproperty.com\/es\/property\/casa-o-chalet-en-venta-en-avenida-punta-grossa\/","title":{"rendered":"Casa o chalet en venta en Avenida Punta Grossa"},"content":{"rendered":"<p>\u00a1Fant\u00e1stica oportunidad! Esta propiedad en Cala Ferrera &#8211; Cala d&#8217;Or consta de dos propiedades individuales adyacentes. Uno de ellos ya est\u00e1 funcionando como un alquiler de vacaciones con \u00e9xito, ofreciendo 6 apartamentos totalmente equipados con 1 y 2 dormitorios. Los tama\u00f1os de los apartamentos van desde 42m2 a 73m2, proporcionando un amplio espacio para una vida c\u00f3moda. Cada apartamento dispone de aire acondicionado, radiadores de aceite, ventanas de doble acristalamiento y acceso a una terraza privada con impresionantes vistas a la piscina comunitaria y al jard\u00edn. La segunda propiedad ha sido recientemente renovada y est\u00e1 a la espera del certificado final de las autoridades locales. Esta propiedad es ideal para reventa o alquiler a largo plazo, e incluso existe la posibilidad de dividir el terreno para construir otra propiedad.<br \/>\nPara un informe m\u00e1s detallado p\u00f3ngase en contacto con nosotros aqu\u00ed en 360 Mallorca Property.<br \/>\n\u00a1No se pierda esta incre\u00edble oportunidad de inversi\u00f3n!<\/p>\n","protected":false},"excerpt":{"rendered":"<p>\u00a1Fant\u00e1stica oportunidad! Esta propiedad en Cala Ferrera &#8211; Cala d&#8217;Or consta de dos propiedades individuales adyacentes. Uno de ellos ya est\u00e1 funcionando como un alquiler de vacaciones con \u00e9xito, ofreciendo 6 apartamentos totalmente equipados con 1 y 2 dormitorios. Los tama\u00f1os de los apartamentos van desde 42m2 a 73m2, proporcionando un amplio espacio para una&#8230;<\/p>\n","protected":false},"author":1,"featured_media":30624,"parent":0,"menu_order":0,"comment_status":"closed","ping_status":"closed","template":"","property-feature":[277,280,282,283],"property-type":[380],"property-location":[321],"property-status":[231],"class_list":["post-30505","property","type-property","status-publish","has-post-thumbnail","hentry","property-feature-aire-acondicionado","property-feature-armarios-empotrados","property-feature-jardin","property-feature-piscina","property-type-chalet-es","property-city-cala-ferrera-es","property-status-venta"],"property_meta":{"REAL_HOMES_property_price":"3600000","REAL_HOMES_property_old_price":"","REAL_HOMES_property_price_prefix":"","REAL_HOMES_property_price_postfix":"","REAL_HOMES_property_size":"700","REAL_HOMES_property_size_postfix":"m2","REAL_HOMES_property_lot_size":"2813","REAL_HOMES_property_lot_size_postfix":"m2","REAL_HOMES_property_bedrooms":"12","REAL_HOMES_property_bathrooms":"12","REAL_HOMES_property_garage":"","REAL_HOMES_property_id":"V3067","REAL_HOMES_property_year_built":"","REAL_HOMES_featured":"0","REAL_HOMES_additional_details_list":[],"rvr_booking_widget_display":"","rvr_booking_mode":"","rvr_govt_tax":"","rvr_govt_tax_type":"percentage","rvr_govt_tax_calculation":"per_stay","rvr_service_charges":"","rvr_service_charges_type":"percentage","rvr_service_charges_calculation":"per_stay","rvr_guests_capacity":"","rvr_book_child_as":"","rvr_min_stay":"","rvr_guests_capacity_extend":"","rvr_extra_guest_price":"","rvr_property_owner":"0","rvr_bulk_pricing":[],"rvr_seasonal_pricing":[],"rvr_custom_reserved_dates":[],"rvr_additional_fees":[{"rvr_fee_type":"fixed","rvr_fee_calculation":"per_stay"}],"rvr_additional_amenities":[{"price_calculation":"per_stay"}],"rvr_accommodation":[],"rvr_outdoor_features":[],"rvr_surroundings":[],"rvr_included":[],"rvr_not_included":[],"rvr_policies":[],"REAL_HOMES_property_location":{"latitude":"39.361172","longitude":"3.20965","zoom":"0"},"REAL_HOMES_property_address":"C\/ Crist\u00f2for Colom 37 bajos, 07691 Porto Petro, Mallorca","REAL_HOMES_property_map":"","REAL_HOMES_property_images":[{"width":150,"height":150,"file":"2025\/07\/WhatsApp-Image-2024-03-27-at-3.45.56-PM-11.jpeg","filesize":452431,"sizes":{"medium":{"file":"WhatsApp-Image-2024-03-27-at-3.45.56-PM-11-300x169.jpeg","width":300,"height":169,"mime-type":"image\/jpeg","filesize":17735,"url":"https:\/\/360mallorcaproperty.com\/wp-content\/uploads\/2025\/07\/WhatsApp-Image-2024-03-27-at-3.45.56-PM-11-300x169.jpeg"},"large":{"file":"WhatsApp-Image-2024-03-27-at-3.45.56-PM-11-1024x576.jpeg","width":1024,"height":576,"mime-type":"image\/jpeg","filesize":154336,"url":"https:\/\/360mallorcaproperty.com\/wp-content\/uploads\/2025\/07\/WhatsApp-Image-2024-03-27-at-3.45.56-PM-11-1024x576.jpeg"},"thumbnail":{"file":"WhatsApp-Image-2024-03-27-at-3.45.56-PM-11-150x150.jpeg","width":150,"height":150,"mime-type":"image\/jpeg","filesize":8474,"url":"https:\/\/360mallorcaproperty.com\/wp-content\/uploads\/2025\/07\/WhatsApp-Image-2024-03-27-at-3.45.56-PM-11-150x150.jpeg"},"medium_large":{"file":"WhatsApp-Image-2024-03-27-at-3.45.56-PM-11-768x432.jpeg","width":768,"height":432,"mime-type":"image\/jpeg","filesize":92606,"url":"https:\/\/360mallorcaproperty.com\/wp-content\/uploads\/2025\/07\/WhatsApp-Image-2024-03-27-at-3.45.56-PM-11-768x432.jpeg"},"1536x1536":{"file":"WhatsApp-Image-2024-03-27-at-3.45.56-PM-11-1536x864.jpeg","width":1536,"height":864,"mime-type":"image\/jpeg","filesize":305038,"url":"https:\/\/360mallorcaproperty.com\/wp-content\/uploads\/2025\/07\/WhatsApp-Image-2024-03-27-at-3.45.56-PM-11-1536x864.jpeg"},"post-thumbnail":{"file":"WhatsApp-Image-2024-03-27-at-3.45.56-PM-11-150x84.jpeg","width":150,"height":84,"mime-type":"image\/jpeg","filesize":5764,"url":"https:\/\/360mallorcaproperty.com\/wp-content\/uploads\/2025\/07\/WhatsApp-Image-2024-03-27-at-3.45.56-PM-11-150x84.jpeg"},"modern-property-child-slider":{"file":"WhatsApp-Image-2024-03-27-at-3.45.56-PM-11-680x510.jpeg","width":680,"height":510,"mime-type":"image\/jpeg","filesize":96257,"url":"https:\/\/360mallorcaproperty.com\/wp-content\/uploads\/2025\/07\/WhatsApp-Image-2024-03-27-at-3.45.56-PM-11-680x510.jpeg"},"property-thumb-image":{"file":"WhatsApp-Image-2024-03-27-at-3.45.56-PM-11-488x326.jpeg","width":488,"height":326,"mime-type":"image\/jpeg","filesize":47757,"url":"https:\/\/360mallorcaproperty.com\/wp-content\/uploads\/2025\/07\/WhatsApp-Image-2024-03-27-at-3.45.56-PM-11-488x326.jpeg"},"property-detail-video-image":{"file":"WhatsApp-Image-2024-03-27-at-3.45.56-PM-11-818x417.jpeg","width":818,"height":417,"mime-type":"image\/jpeg","filesize":97396,"url":"https:\/\/360mallorcaproperty.com\/wp-content\/uploads\/2025\/07\/WhatsApp-Image-2024-03-27-at-3.45.56-PM-11-818x417.jpeg"},"agent-image":{"file":"WhatsApp-Image-2024-03-27-at-3.45.56-PM-11-210x210.jpeg","width":210,"height":210,"mime-type":"image\/jpeg","filesize":15058,"url":"https:\/\/360mallorcaproperty.com\/wp-content\/uploads\/2025\/07\/WhatsApp-Image-2024-03-27-at-3.45.56-PM-11-210x210.jpeg"},"partners-logo":{"file":"WhatsApp-Image-2024-03-27-at-3.45.56-PM-11-600x900.jpeg","width":600,"height":900,"mime-type":"image\/jpeg","filesize":137189,"url":"https:\/\/360mallorcaproperty.com\/wp-content\/uploads\/2025\/07\/WhatsApp-Image-2024-03-27-at-3.45.56-PM-11-600x900.jpeg"},"post-featured-image":{"file":"WhatsApp-Image-2024-03-27-at-3.45.56-PM-11-1240x720.jpeg","width":1240,"height":720,"mime-type":"image\/jpeg","filesize":220115,"url":"https:\/\/360mallorcaproperty.com\/wp-content\/uploads\/2025\/07\/WhatsApp-Image-2024-03-27-at-3.45.56-PM-11-1240x720.jpeg"}},"image_meta":{"aperture":"0","credit":"","camera":"","caption":"","created_timestamp":"0","copyright":"","focal_length":"0","iso":"0","shutter_speed":"0","title":"","orientation":"0","keywords":[]},"ID":"30520","name":"WhatsApp-Image-2024-03-27-at-3.45.56-PM-11.jpeg","path":"\/home\/mallorcaproperty\/public_html\/wp-content\/uploads\/2025\/07\/WhatsApp-Image-2024-03-27-at-3.45.56-PM-11.jpeg","url":"https:\/\/360mallorcaproperty.com\/wp-content\/uploads\/2025\/07\/WhatsApp-Image-2024-03-27-at-3.45.56-PM-11-150x150.jpeg","full_url":"https:\/\/360mallorcaproperty.com\/wp-content\/uploads\/2025\/07\/WhatsApp-Image-2024-03-27-at-3.45.56-PM-11.jpeg","title":"WhatsApp Image 2024-03-27 at 3.45.56 PM (11)","caption":"","description":"","alt":"","srcset":"https:\/\/360mallorcaproperty.com\/wp-content\/uploads\/2025\/07\/WhatsApp-Image-2024-03-27-at-3.45.56-PM-11-150x150.jpeg 150w, https:\/\/360mallorcaproperty.com\/wp-content\/uploads\/2025\/07\/WhatsApp-Image-2024-03-27-at-3.45.56-PM-11-210x210.jpeg 210w"},{"width":150,"height":150,"file":"2025\/07\/WhatsApp-Image-2024-03-27-at-3.45.56-PM-5.jpeg","filesize":557263,"sizes":{"medium":{"file":"WhatsApp-Image-2024-03-27-at-3.45.56-PM-5-300x169.jpeg","width":300,"height":169,"mime-type":"image\/jpeg","filesize":18914,"url":"https:\/\/360mallorcaproperty.com\/wp-content\/uploads\/2025\/07\/WhatsApp-Image-2024-03-27-at-3.45.56-PM-5-300x169.jpeg"},"large":{"file":"WhatsApp-Image-2024-03-27-at-3.45.56-PM-5-1024x576.jpeg","width":1024,"height":576,"mime-type":"image\/jpeg","filesize":182605,"url":"https:\/\/360mallorcaproperty.com\/wp-content\/uploads\/2025\/07\/WhatsApp-Image-2024-03-27-at-3.45.56-PM-5-1024x576.jpeg"},"thumbnail":{"file":"WhatsApp-Image-2024-03-27-at-3.45.56-PM-5-150x150.jpeg","width":150,"height":150,"mime-type":"image\/jpeg","filesize":9513,"url":"https:\/\/360mallorcaproperty.com\/wp-content\/uploads\/2025\/07\/WhatsApp-Image-2024-03-27-at-3.45.56-PM-5-150x150.jpeg"},"medium_large":{"file":"WhatsApp-Image-2024-03-27-at-3.45.56-PM-5-768x432.jpeg","width":768,"height":432,"mime-type":"image\/jpeg","filesize":107225,"url":"https:\/\/360mallorcaproperty.com\/wp-content\/uploads\/2025\/07\/WhatsApp-Image-2024-03-27-at-3.45.56-PM-5-768x432.jpeg"},"1536x1536":{"file":"WhatsApp-Image-2024-03-27-at-3.45.56-PM-5-1536x864.jpeg","width":1536,"height":864,"mime-type":"image\/jpeg","filesize":369535,"url":"https:\/\/360mallorcaproperty.com\/wp-content\/uploads\/2025\/07\/WhatsApp-Image-2024-03-27-at-3.45.56-PM-5-1536x864.jpeg"},"post-thumbnail":{"file":"WhatsApp-Image-2024-03-27-at-3.45.56-PM-5-150x84.jpeg","width":150,"height":84,"mime-type":"image\/jpeg","filesize":5854,"url":"https:\/\/360mallorcaproperty.com\/wp-content\/uploads\/2025\/07\/WhatsApp-Image-2024-03-27-at-3.45.56-PM-5-150x84.jpeg"},"modern-property-child-slider":{"file":"WhatsApp-Image-2024-03-27-at-3.45.56-PM-5-680x510.jpeg","width":680,"height":510,"mime-type":"image\/jpeg","filesize":116020,"url":"https:\/\/360mallorcaproperty.com\/wp-content\/uploads\/2025\/07\/WhatsApp-Image-2024-03-27-at-3.45.56-PM-5-680x510.jpeg"},"property-thumb-image":{"file":"WhatsApp-Image-2024-03-27-at-3.45.56-PM-5-488x326.jpeg","width":488,"height":326,"mime-type":"image\/jpeg","filesize":55145,"url":"https:\/\/360mallorcaproperty.com\/wp-content\/uploads\/2025\/07\/WhatsApp-Image-2024-03-27-at-3.45.56-PM-5-488x326.jpeg"},"property-detail-video-image":{"file":"WhatsApp-Image-2024-03-27-at-3.45.56-PM-5-818x417.jpeg","width":818,"height":417,"mime-type":"image\/jpeg","filesize":109768,"url":"https:\/\/360mallorcaproperty.com\/wp-content\/uploads\/2025\/07\/WhatsApp-Image-2024-03-27-at-3.45.56-PM-5-818x417.jpeg"},"agent-image":{"file":"WhatsApp-Image-2024-03-27-at-3.45.56-PM-5-210x210.jpeg","width":210,"height":210,"mime-type":"image\/jpeg","filesize":17375,"url":"https:\/\/360mallorcaproperty.com\/wp-content\/uploads\/2025\/07\/WhatsApp-Image-2024-03-27-at-3.45.56-PM-5-210x210.jpeg"},"partners-logo":{"file":"WhatsApp-Image-2024-03-27-at-3.45.56-PM-5-600x900.jpeg","width":600,"height":900,"mime-type":"image\/jpeg","filesize":184016,"url":"https:\/\/360mallorcaproperty.com\/wp-content\/uploads\/2025\/07\/WhatsApp-Image-2024-03-27-at-3.45.56-PM-5-600x900.jpeg"},"post-featured-image":{"file":"WhatsApp-Image-2024-03-27-at-3.45.56-PM-5-1240x720.jpeg","width":1240,"height":720,"mime-type":"image\/jpeg","filesize":266520,"url":"https:\/\/360mallorcaproperty.com\/wp-content\/uploads\/2025\/07\/WhatsApp-Image-2024-03-27-at-3.45.56-PM-5-1240x720.jpeg"}},"image_meta":{"aperture":"0","credit":"","camera":"","caption":"","created_timestamp":"0","copyright":"","focal_length":"0","iso":"0","shutter_speed":"0","title":"","orientation":"0","keywords":[]},"ID":"30514","name":"WhatsApp-Image-2024-03-27-at-3.45.56-PM-5.jpeg","path":"\/home\/mallorcaproperty\/public_html\/wp-content\/uploads\/2025\/07\/WhatsApp-Image-2024-03-27-at-3.45.56-PM-5.jpeg","url":"https:\/\/360mallorcaproperty.com\/wp-content\/uploads\/2025\/07\/WhatsApp-Image-2024-03-27-at-3.45.56-PM-5-150x150.jpeg","full_url":"https:\/\/360mallorcaproperty.com\/wp-content\/uploads\/2025\/07\/WhatsApp-Image-2024-03-27-at-3.45.56-PM-5.jpeg","title":"WhatsApp Image 2024-03-27 at 3.45.56 PM (5)","caption":"","description":"","alt":"","srcset":"https:\/\/360mallorcaproperty.com\/wp-content\/uploads\/2025\/07\/WhatsApp-Image-2024-03-27-at-3.45.56-PM-5-150x150.jpeg 150w, https:\/\/360mallorcaproperty.com\/wp-content\/uploads\/2025\/07\/WhatsApp-Image-2024-03-27-at-3.45.56-PM-5-210x210.jpeg 210w"},{"width":150,"height":150,"file":"2025\/07\/WhatsApp-Image-2024-03-27-at-3.45.56-PM-3.jpeg","filesize":553401,"sizes":{"medium":{"file":"WhatsApp-Image-2024-03-27-at-3.45.56-PM-3-300x169.jpeg","width":300,"height":169,"mime-type":"image\/jpeg","filesize":17688,"url":"https:\/\/360mallorcaproperty.com\/wp-content\/uploads\/2025\/07\/WhatsApp-Image-2024-03-27-at-3.45.56-PM-3-300x169.jpeg"},"large":{"file":"WhatsApp-Image-2024-03-27-at-3.45.56-PM-3-1024x576.jpeg","width":1024,"height":576,"mime-type":"image\/jpeg","filesize":177694,"url":"https:\/\/360mallorcaproperty.com\/wp-content\/uploads\/2025\/07\/WhatsApp-Image-2024-03-27-at-3.45.56-PM-3-1024x576.jpeg"},"thumbnail":{"file":"WhatsApp-Image-2024-03-27-at-3.45.56-PM-3-150x150.jpeg","width":150,"height":150,"mime-type":"image\/jpeg","filesize":8625,"url":"https:\/\/360mallorcaproperty.com\/wp-content\/uploads\/2025\/07\/WhatsApp-Image-2024-03-27-at-3.45.56-PM-3-150x150.jpeg"},"medium_large":{"file":"WhatsApp-Image-2024-03-27-at-3.45.56-PM-3-768x432.jpeg","width":768,"height":432,"mime-type":"image\/jpeg","filesize":103258,"url":"https:\/\/360mallorcaproperty.com\/wp-content\/uploads\/2025\/07\/WhatsApp-Image-2024-03-27-at-3.45.56-PM-3-768x432.jpeg"},"1536x1536":{"file":"WhatsApp-Image-2024-03-27-at-3.45.56-PM-3-1536x864.jpeg","width":1536,"height":864,"mime-type":"image\/jpeg","filesize":361900,"url":"https:\/\/360mallorcaproperty.com\/wp-content\/uploads\/2025\/07\/WhatsApp-Image-2024-03-27-at-3.45.56-PM-3-1536x864.jpeg"},"post-thumbnail":{"file":"WhatsApp-Image-2024-03-27-at-3.45.56-PM-3-150x84.jpeg","width":150,"height":84,"mime-type":"image\/jpeg","filesize":5397,"url":"https:\/\/360mallorcaproperty.com\/wp-content\/uploads\/2025\/07\/WhatsApp-Image-2024-03-27-at-3.45.56-PM-3-150x84.jpeg"},"modern-property-child-slider":{"file":"WhatsApp-Image-2024-03-27-at-3.45.56-PM-3-680x510.jpeg","width":680,"height":510,"mime-type":"image\/jpeg","filesize":115853,"url":"https:\/\/360mallorcaproperty.com\/wp-content\/uploads\/2025\/07\/WhatsApp-Image-2024-03-27-at-3.45.56-PM-3-680x510.jpeg"},"property-thumb-image":{"file":"WhatsApp-Image-2024-03-27-at-3.45.56-PM-3-488x326.jpeg","width":488,"height":326,"mime-type":"image\/jpeg","filesize":53185,"url":"https:\/\/360mallorcaproperty.com\/wp-content\/uploads\/2025\/07\/WhatsApp-Image-2024-03-27-at-3.45.56-PM-3-488x326.jpeg"},"property-detail-video-image":{"file":"WhatsApp-Image-2024-03-27-at-3.45.56-PM-3-818x417.jpeg","width":818,"height":417,"mime-type":"image\/jpeg","filesize":105466,"url":"https:\/\/360mallorcaproperty.com\/wp-content\/uploads\/2025\/07\/WhatsApp-Image-2024-03-27-at-3.45.56-PM-3-818x417.jpeg"},"agent-image":{"file":"WhatsApp-Image-2024-03-27-at-3.45.56-PM-3-210x210.jpeg","width":210,"height":210,"mime-type":"image\/jpeg","filesize":16198,"url":"https:\/\/360mallorcaproperty.com\/wp-content\/uploads\/2025\/07\/WhatsApp-Image-2024-03-27-at-3.45.56-PM-3-210x210.jpeg"},"partners-logo":{"file":"WhatsApp-Image-2024-03-27-at-3.45.56-PM-3-600x900.jpeg","width":600,"height":900,"mime-type":"image\/jpeg","filesize":204002,"url":"https:\/\/360mallorcaproperty.com\/wp-content\/uploads\/2025\/07\/WhatsApp-Image-2024-03-27-at-3.45.56-PM-3-600x900.jpeg"},"post-featured-image":{"file":"WhatsApp-Image-2024-03-27-at-3.45.56-PM-3-1240x720.jpeg","width":1240,"height":720,"mime-type":"image\/jpeg","filesize":260641,"url":"https:\/\/360mallorcaproperty.com\/wp-content\/uploads\/2025\/07\/WhatsApp-Image-2024-03-27-at-3.45.56-PM-3-1240x720.jpeg"}},"image_meta":{"aperture":"0","credit":"","camera":"","caption":"","created_timestamp":"0","copyright":"","focal_length":"0","iso":"0","shutter_speed":"0","title":"","orientation":"0","keywords":[]},"ID":"30511","name":"WhatsApp-Image-2024-03-27-at-3.45.56-PM-3.jpeg","path":"\/home\/mallorcaproperty\/public_html\/wp-content\/uploads\/2025\/07\/WhatsApp-Image-2024-03-27-at-3.45.56-PM-3.jpeg","url":"https:\/\/360mallorcaproperty.com\/wp-content\/uploads\/2025\/07\/WhatsApp-Image-2024-03-27-at-3.45.56-PM-3-150x150.jpeg","full_url":"https:\/\/360mallorcaproperty.com\/wp-content\/uploads\/2025\/07\/WhatsApp-Image-2024-03-27-at-3.45.56-PM-3.jpeg","title":"WhatsApp Image 2024-03-27 at 3.45.56 PM (3)","caption":"","description":"","alt":"","srcset":"https:\/\/360mallorcaproperty.com\/wp-content\/uploads\/2025\/07\/WhatsApp-Image-2024-03-27-at-3.45.56-PM-3-150x150.jpeg 150w, https:\/\/360mallorcaproperty.com\/wp-content\/uploads\/2025\/07\/WhatsApp-Image-2024-03-27-at-3.45.56-PM-3-210x210.jpeg 210w"},{"width":150,"height":150,"file":"2025\/07\/WhatsApp-Image-2024-03-27-at-3.45.56-PM-9.jpeg","filesize":490132,"sizes":{"medium":{"file":"WhatsApp-Image-2024-03-27-at-3.45.56-PM-9-300x169.jpeg","width":300,"height":169,"mime-type":"image\/jpeg","filesize":18163,"url":"https:\/\/360mallorcaproperty.com\/wp-content\/uploads\/2025\/07\/WhatsApp-Image-2024-03-27-at-3.45.56-PM-9-300x169.jpeg"},"large":{"file":"WhatsApp-Image-2024-03-27-at-3.45.56-PM-9-1024x576.jpeg","width":1024,"height":576,"mime-type":"image\/jpeg","filesize":163672,"url":"https:\/\/360mallorcaproperty.com\/wp-content\/uploads\/2025\/07\/WhatsApp-Image-2024-03-27-at-3.45.56-PM-9-1024x576.jpeg"},"thumbnail":{"file":"WhatsApp-Image-2024-03-27-at-3.45.56-PM-9-150x150.jpeg","width":150,"height":150,"mime-type":"image\/jpeg","filesize":8398,"url":"https:\/\/360mallorcaproperty.com\/wp-content\/uploads\/2025\/07\/WhatsApp-Image-2024-03-27-at-3.45.56-PM-9-150x150.jpeg"},"medium_large":{"file":"WhatsApp-Image-2024-03-27-at-3.45.56-PM-9-768x432.jpeg","width":768,"height":432,"mime-type":"image\/jpeg","filesize":97756,"url":"https:\/\/360mallorcaproperty.com\/wp-content\/uploads\/2025\/07\/WhatsApp-Image-2024-03-27-at-3.45.56-PM-9-768x432.jpeg"},"1536x1536":{"file":"WhatsApp-Image-2024-03-27-at-3.45.56-PM-9-1536x864.jpeg","width":1536,"height":864,"mime-type":"image\/jpeg","filesize":325513,"url":"https:\/\/360mallorcaproperty.com\/wp-content\/uploads\/2025\/07\/WhatsApp-Image-2024-03-27-at-3.45.56-PM-9-1536x864.jpeg"},"post-thumbnail":{"file":"WhatsApp-Image-2024-03-27-at-3.45.56-PM-9-150x84.jpeg","width":150,"height":84,"mime-type":"image\/jpeg","filesize":5740,"url":"https:\/\/360mallorcaproperty.com\/wp-content\/uploads\/2025\/07\/WhatsApp-Image-2024-03-27-at-3.45.56-PM-9-150x84.jpeg"},"modern-property-child-slider":{"file":"WhatsApp-Image-2024-03-27-at-3.45.56-PM-9-680x510.jpeg","width":680,"height":510,"mime-type":"image\/jpeg","filesize":101087,"url":"https:\/\/360mallorcaproperty.com\/wp-content\/uploads\/2025\/07\/WhatsApp-Image-2024-03-27-at-3.45.56-PM-9-680x510.jpeg"},"property-thumb-image":{"file":"WhatsApp-Image-2024-03-27-at-3.45.56-PM-9-488x326.jpeg","width":488,"height":326,"mime-type":"image\/jpeg","filesize":49431,"url":"https:\/\/360mallorcaproperty.com\/wp-content\/uploads\/2025\/07\/WhatsApp-Image-2024-03-27-at-3.45.56-PM-9-488x326.jpeg"},"property-detail-video-image":{"file":"WhatsApp-Image-2024-03-27-at-3.45.56-PM-9-818x417.jpeg","width":818,"height":417,"mime-type":"image\/jpeg","filesize":102195,"url":"https:\/\/360mallorcaproperty.com\/wp-content\/uploads\/2025\/07\/WhatsApp-Image-2024-03-27-at-3.45.56-PM-9-818x417.jpeg"},"agent-image":{"file":"WhatsApp-Image-2024-03-27-at-3.45.56-PM-9-210x210.jpeg","width":210,"height":210,"mime-type":"image\/jpeg","filesize":15125,"url":"https:\/\/360mallorcaproperty.com\/wp-content\/uploads\/2025\/07\/WhatsApp-Image-2024-03-27-at-3.45.56-PM-9-210x210.jpeg"},"partners-logo":{"file":"WhatsApp-Image-2024-03-27-at-3.45.56-PM-9-600x900.jpeg","width":600,"height":900,"mime-type":"image\/jpeg","filesize":140227,"url":"https:\/\/360mallorcaproperty.com\/wp-content\/uploads\/2025\/07\/WhatsApp-Image-2024-03-27-at-3.45.56-PM-9-600x900.jpeg"},"post-featured-image":{"file":"WhatsApp-Image-2024-03-27-at-3.45.56-PM-9-1240x720.jpeg","width":1240,"height":720,"mime-type":"image\/jpeg","filesize":234857,"url":"https:\/\/360mallorcaproperty.com\/wp-content\/uploads\/2025\/07\/WhatsApp-Image-2024-03-27-at-3.45.56-PM-9-1240x720.jpeg"}},"image_meta":{"aperture":"0","credit":"","camera":"","caption":"","created_timestamp":"0","copyright":"","focal_length":"0","iso":"0","shutter_speed":"0","title":"","orientation":"0","keywords":[]},"ID":"30517","name":"WhatsApp-Image-2024-03-27-at-3.45.56-PM-9.jpeg","path":"\/home\/mallorcaproperty\/public_html\/wp-content\/uploads\/2025\/07\/WhatsApp-Image-2024-03-27-at-3.45.56-PM-9.jpeg","url":"https:\/\/360mallorcaproperty.com\/wp-content\/uploads\/2025\/07\/WhatsApp-Image-2024-03-27-at-3.45.56-PM-9-150x150.jpeg","full_url":"https:\/\/360mallorcaproperty.com\/wp-content\/uploads\/2025\/07\/WhatsApp-Image-2024-03-27-at-3.45.56-PM-9.jpeg","title":"WhatsApp Image 2024-03-27 at 3.45.56 PM (9)","caption":"","description":"","alt":"","srcset":"https:\/\/360mallorcaproperty.com\/wp-content\/uploads\/2025\/07\/WhatsApp-Image-2024-03-27-at-3.45.56-PM-9-150x150.jpeg 150w, https:\/\/360mallorcaproperty.com\/wp-content\/uploads\/2025\/07\/WhatsApp-Image-2024-03-27-at-3.45.56-PM-9-210x210.jpeg 210w"},{"width":150,"height":150,"file":"2025\/07\/WhatsApp-Image-2024-03-27-at-3.45.56-PM-16.jpeg","filesize":539056,"sizes":{"medium":{"file":"WhatsApp-Image-2024-03-27-at-3.45.56-PM-16-300x169.jpeg","width":300,"height":169,"mime-type":"image\/jpeg","filesize":18264,"url":"https:\/\/360mallorcaproperty.com\/wp-content\/uploads\/2025\/07\/WhatsApp-Image-2024-03-27-at-3.45.56-PM-16-300x169.jpeg"},"large":{"file":"WhatsApp-Image-2024-03-27-at-3.45.56-PM-16-1024x576.jpeg","width":1024,"height":576,"mime-type":"image\/jpeg","filesize":182397,"url":"https:\/\/360mallorcaproperty.com\/wp-content\/uploads\/2025\/07\/WhatsApp-Image-2024-03-27-at-3.45.56-PM-16-1024x576.jpeg"},"thumbnail":{"file":"WhatsApp-Image-2024-03-27-at-3.45.56-PM-16-150x150.jpeg","width":150,"height":150,"mime-type":"image\/jpeg","filesize":8688,"url":"https:\/\/360mallorcaproperty.com\/wp-content\/uploads\/2025\/07\/WhatsApp-Image-2024-03-27-at-3.45.56-PM-16-150x150.jpeg"},"medium_large":{"file":"WhatsApp-Image-2024-03-27-at-3.45.56-PM-16-768x432.jpeg","width":768,"height":432,"mime-type":"image\/jpeg","filesize":107212,"url":"https:\/\/360mallorcaproperty.com\/wp-content\/uploads\/2025\/07\/WhatsApp-Image-2024-03-27-at-3.45.56-PM-16-768x432.jpeg"},"1536x1536":{"file":"WhatsApp-Image-2024-03-27-at-3.45.56-PM-16-1536x864.jpeg","width":1536,"height":864,"mime-type":"image\/jpeg","filesize":366211,"url":"https:\/\/360mallorcaproperty.com\/wp-content\/uploads\/2025\/07\/WhatsApp-Image-2024-03-27-at-3.45.56-PM-16-1536x864.jpeg"},"post-thumbnail":{"file":"WhatsApp-Image-2024-03-27-at-3.45.56-PM-16-150x84.jpeg","width":150,"height":84,"mime-type":"image\/jpeg","filesize":5534,"url":"https:\/\/360mallorcaproperty.com\/wp-content\/uploads\/2025\/07\/WhatsApp-Image-2024-03-27-at-3.45.56-PM-16-150x84.jpeg"},"modern-property-child-slider":{"file":"WhatsApp-Image-2024-03-27-at-3.45.56-PM-16-680x510.jpeg","width":680,"height":510,"mime-type":"image\/jpeg","filesize":113609,"url":"https:\/\/360mallorcaproperty.com\/wp-content\/uploads\/2025\/07\/WhatsApp-Image-2024-03-27-at-3.45.56-PM-16-680x510.jpeg"},"property-thumb-image":{"file":"WhatsApp-Image-2024-03-27-at-3.45.56-PM-16-488x326.jpeg","width":488,"height":326,"mime-type":"image\/jpeg","filesize":53272,"url":"https:\/\/360mallorcaproperty.com\/wp-content\/uploads\/2025\/07\/WhatsApp-Image-2024-03-27-at-3.45.56-PM-16-488x326.jpeg"},"property-detail-video-image":{"file":"WhatsApp-Image-2024-03-27-at-3.45.56-PM-16-818x417.jpeg","width":818,"height":417,"mime-type":"image\/jpeg","filesize":112490,"url":"https:\/\/360mallorcaproperty.com\/wp-content\/uploads\/2025\/07\/WhatsApp-Image-2024-03-27-at-3.45.56-PM-16-818x417.jpeg"},"agent-image":{"file":"WhatsApp-Image-2024-03-27-at-3.45.56-PM-16-210x210.jpeg","width":210,"height":210,"mime-type":"image\/jpeg","filesize":16167,"url":"https:\/\/360mallorcaproperty.com\/wp-content\/uploads\/2025\/07\/WhatsApp-Image-2024-03-27-at-3.45.56-PM-16-210x210.jpeg"},"partners-logo":{"file":"WhatsApp-Image-2024-03-27-at-3.45.56-PM-16-600x900.jpeg","width":600,"height":900,"mime-type":"image\/jpeg","filesize":172669,"url":"https:\/\/360mallorcaproperty.com\/wp-content\/uploads\/2025\/07\/WhatsApp-Image-2024-03-27-at-3.45.56-PM-16-600x900.jpeg"},"post-featured-image":{"file":"WhatsApp-Image-2024-03-27-at-3.45.56-PM-16-1240x720.jpeg","width":1240,"height":720,"mime-type":"image\/jpeg","filesize":263332,"url":"https:\/\/360mallorcaproperty.com\/wp-content\/uploads\/2025\/07\/WhatsApp-Image-2024-03-27-at-3.45.56-PM-16-1240x720.jpeg"}},"image_meta":{"aperture":"0","credit":"","camera":"","caption":"","created_timestamp":"0","copyright":"","focal_length":"0","iso":"0","shutter_speed":"0","title":"","orientation":"0","keywords":[]},"ID":"30523","name":"WhatsApp-Image-2024-03-27-at-3.45.56-PM-16.jpeg","path":"\/home\/mallorcaproperty\/public_html\/wp-content\/uploads\/2025\/07\/WhatsApp-Image-2024-03-27-at-3.45.56-PM-16.jpeg","url":"https:\/\/360mallorcaproperty.com\/wp-content\/uploads\/2025\/07\/WhatsApp-Image-2024-03-27-at-3.45.56-PM-16-150x150.jpeg","full_url":"https:\/\/360mallorcaproperty.com\/wp-content\/uploads\/2025\/07\/WhatsApp-Image-2024-03-27-at-3.45.56-PM-16.jpeg","title":"WhatsApp Image 2024-03-27 at 3.45.56 PM (16)","caption":"","description":"","alt":"","srcset":"https:\/\/360mallorcaproperty.com\/wp-content\/uploads\/2025\/07\/WhatsApp-Image-2024-03-27-at-3.45.56-PM-16-150x150.jpeg 150w, https:\/\/360mallorcaproperty.com\/wp-content\/uploads\/2025\/07\/WhatsApp-Image-2024-03-27-at-3.45.56-PM-16-210x210.jpeg 210w"},{"width":150,"height":150,"file":"2025\/07\/WhatsApp-Image-2024-03-27-at-3.45.56-PM-18.jpeg","filesize":239932,"sizes":{"medium":{"file":"WhatsApp-Image-2024-03-27-at-3.45.56-PM-18-169x300.jpeg","width":169,"height":300,"mime-type":"image\/jpeg","filesize":10591,"url":"https:\/\/360mallorcaproperty.com\/wp-content\/uploads\/2025\/07\/WhatsApp-Image-2024-03-27-at-3.45.56-PM-18-169x300.jpeg"},"large":{"file":"WhatsApp-Image-2024-03-27-at-3.45.56-PM-18-576x1024.jpeg","width":576,"height":1024,"mime-type":"image\/jpeg","filesize":84669,"url":"https:\/\/360mallorcaproperty.com\/wp-content\/uploads\/2025\/07\/WhatsApp-Image-2024-03-27-at-3.45.56-PM-18-576x1024.jpeg"},"thumbnail":{"file":"WhatsApp-Image-2024-03-27-at-3.45.56-PM-18-150x150.jpeg","width":150,"height":150,"mime-type":"image\/jpeg","filesize":6292,"url":"https:\/\/360mallorcaproperty.com\/wp-content\/uploads\/2025\/07\/WhatsApp-Image-2024-03-27-at-3.45.56-PM-18-150x150.jpeg"},"medium_large":{"file":"WhatsApp-Image-2024-03-27-at-3.45.56-PM-18-768x1365.jpeg","width":768,"height":1365,"mime-type":"image\/jpeg","filesize":141143,"url":"https:\/\/360mallorcaproperty.com\/wp-content\/uploads\/2025\/07\/WhatsApp-Image-2024-03-27-at-3.45.56-PM-18-768x1365.jpeg"},"1536x1536":{"file":"WhatsApp-Image-2024-03-27-at-3.45.56-PM-18-864x1536.jpeg","width":864,"height":1536,"mime-type":"image\/jpeg","filesize":171640,"url":"https:\/\/360mallorcaproperty.com\/wp-content\/uploads\/2025\/07\/WhatsApp-Image-2024-03-27-at-3.45.56-PM-18-864x1536.jpeg"},"post-thumbnail":{"file":"WhatsApp-Image-2024-03-27-at-3.45.56-PM-18-84x150.jpeg","width":84,"height":150,"mime-type":"image\/jpeg","filesize":3814,"url":"https:\/\/360mallorcaproperty.com\/wp-content\/uploads\/2025\/07\/WhatsApp-Image-2024-03-27-at-3.45.56-PM-18-84x150.jpeg"},"modern-property-child-slider":{"file":"WhatsApp-Image-2024-03-27-at-3.45.56-PM-18-680x510.jpeg","width":680,"height":510,"mime-type":"image\/jpeg","filesize":60377,"url":"https:\/\/360mallorcaproperty.com\/wp-content\/uploads\/2025\/07\/WhatsApp-Image-2024-03-27-at-3.45.56-PM-18-680x510.jpeg"},"property-thumb-image":{"file":"WhatsApp-Image-2024-03-27-at-3.45.56-PM-18-488x326.jpeg","width":488,"height":326,"mime-type":"image\/jpeg","filesize":31341,"url":"https:\/\/360mallorcaproperty.com\/wp-content\/uploads\/2025\/07\/WhatsApp-Image-2024-03-27-at-3.45.56-PM-18-488x326.jpeg"},"property-detail-video-image":{"file":"WhatsApp-Image-2024-03-27-at-3.45.56-PM-18-818x417.jpeg","width":818,"height":417,"mime-type":"image\/jpeg","filesize":59313,"url":"https:\/\/360mallorcaproperty.com\/wp-content\/uploads\/2025\/07\/WhatsApp-Image-2024-03-27-at-3.45.56-PM-18-818x417.jpeg"},"agent-image":{"file":"WhatsApp-Image-2024-03-27-at-3.45.56-PM-18-210x210.jpeg","width":210,"height":210,"mime-type":"image\/jpeg","filesize":10774,"url":"https:\/\/360mallorcaproperty.com\/wp-content\/uploads\/2025\/07\/WhatsApp-Image-2024-03-27-at-3.45.56-PM-18-210x210.jpeg"},"partners-logo":{"file":"WhatsApp-Image-2024-03-27-at-3.45.56-PM-18-600x1600.jpeg","width":600,"height":1600,"mime-type":"image\/jpeg","filesize":134429,"url":"https:\/\/360mallorcaproperty.com\/wp-content\/uploads\/2025\/07\/WhatsApp-Image-2024-03-27-at-3.45.56-PM-18-600x1600.jpeg"},"post-featured-image":{"file":"WhatsApp-Image-2024-03-27-at-3.45.56-PM-18-900x720.jpeg","width":900,"height":720,"mime-type":"image\/jpeg","filesize":106477,"url":"https:\/\/360mallorcaproperty.com\/wp-content\/uploads\/2025\/07\/WhatsApp-Image-2024-03-27-at-3.45.56-PM-18-900x720.jpeg"}},"image_meta":{"aperture":"0","credit":"","camera":"","caption":"","created_timestamp":"0","copyright":"","focal_length":"0","iso":"0","shutter_speed":"0","title":"","orientation":"0","keywords":[]},"ID":"30526","name":"WhatsApp-Image-2024-03-27-at-3.45.56-PM-18.jpeg","path":"\/home\/mallorcaproperty\/public_html\/wp-content\/uploads\/2025\/07\/WhatsApp-Image-2024-03-27-at-3.45.56-PM-18.jpeg","url":"https:\/\/360mallorcaproperty.com\/wp-content\/uploads\/2025\/07\/WhatsApp-Image-2024-03-27-at-3.45.56-PM-18-150x150.jpeg","full_url":"https:\/\/360mallorcaproperty.com\/wp-content\/uploads\/2025\/07\/WhatsApp-Image-2024-03-27-at-3.45.56-PM-18.jpeg","title":"WhatsApp Image 2024-03-27 at 3.45.56 PM (18)","caption":"","description":"","alt":"","srcset":"https:\/\/360mallorcaproperty.com\/wp-content\/uploads\/2025\/07\/WhatsApp-Image-2024-03-27-at-3.45.56-PM-18-150x150.jpeg 150w, https:\/\/360mallorcaproperty.com\/wp-content\/uploads\/2025\/07\/WhatsApp-Image-2024-03-27-at-3.45.56-PM-18-210x210.jpeg 210w"},{"width":150,"height":150,"file":"2025\/07\/WhatsApp-Image-2024-03-27-at-3.45.56-PM-19.jpeg","filesize":302041,"sizes":{"medium":{"file":"WhatsApp-Image-2024-03-27-at-3.45.56-PM-19-300x169.jpeg","width":300,"height":169,"mime-type":"image\/jpeg","filesize":13182,"url":"https:\/\/360mallorcaproperty.com\/wp-content\/uploads\/2025\/07\/WhatsApp-Image-2024-03-27-at-3.45.56-PM-19-300x169.jpeg"},"large":{"file":"WhatsApp-Image-2024-03-27-at-3.45.56-PM-19-1024x576.jpeg","width":1024,"height":576,"mime-type":"image\/jpeg","filesize":106955,"url":"https:\/\/360mallorcaproperty.com\/wp-content\/uploads\/2025\/07\/WhatsApp-Image-2024-03-27-at-3.45.56-PM-19-1024x576.jpeg"},"thumbnail":{"file":"WhatsApp-Image-2024-03-27-at-3.45.56-PM-19-150x150.jpeg","width":150,"height":150,"mime-type":"image\/jpeg","filesize":7123,"url":"https:\/\/360mallorcaproperty.com\/wp-content\/uploads\/2025\/07\/WhatsApp-Image-2024-03-27-at-3.45.56-PM-19-150x150.jpeg"},"medium_large":{"file":"WhatsApp-Image-2024-03-27-at-3.45.56-PM-19-768x432.jpeg","width":768,"height":432,"mime-type":"image\/jpeg","filesize":64735,"url":"https:\/\/360mallorcaproperty.com\/wp-content\/uploads\/2025\/07\/WhatsApp-Image-2024-03-27-at-3.45.56-PM-19-768x432.jpeg"},"1536x1536":{"file":"WhatsApp-Image-2024-03-27-at-3.45.56-PM-19-1536x864.jpeg","width":1536,"height":864,"mime-type":"image\/jpeg","filesize":212781,"url":"https:\/\/360mallorcaproperty.com\/wp-content\/uploads\/2025\/07\/WhatsApp-Image-2024-03-27-at-3.45.56-PM-19-1536x864.jpeg"},"post-thumbnail":{"file":"WhatsApp-Image-2024-03-27-at-3.45.56-PM-19-150x84.jpeg","width":150,"height":84,"mime-type":"image\/jpeg","filesize":4554,"url":"https:\/\/360mallorcaproperty.com\/wp-content\/uploads\/2025\/07\/WhatsApp-Image-2024-03-27-at-3.45.56-PM-19-150x84.jpeg"},"modern-property-child-slider":{"file":"WhatsApp-Image-2024-03-27-at-3.45.56-PM-19-680x510.jpeg","width":680,"height":510,"mime-type":"image\/jpeg","filesize":68785,"url":"https:\/\/360mallorcaproperty.com\/wp-content\/uploads\/2025\/07\/WhatsApp-Image-2024-03-27-at-3.45.56-PM-19-680x510.jpeg"},"property-thumb-image":{"file":"WhatsApp-Image-2024-03-27-at-3.45.56-PM-19-488x326.jpeg","width":488,"height":326,"mime-type":"image\/jpeg","filesize":35482,"url":"https:\/\/360mallorcaproperty.com\/wp-content\/uploads\/2025\/07\/WhatsApp-Image-2024-03-27-at-3.45.56-PM-19-488x326.jpeg"},"property-detail-video-image":{"file":"WhatsApp-Image-2024-03-27-at-3.45.56-PM-19-818x417.jpeg","width":818,"height":417,"mime-type":"image\/jpeg","filesize":68246,"url":"https:\/\/360mallorcaproperty.com\/wp-content\/uploads\/2025\/07\/WhatsApp-Image-2024-03-27-at-3.45.56-PM-19-818x417.jpeg"},"agent-image":{"file":"WhatsApp-Image-2024-03-27-at-3.45.56-PM-19-210x210.jpeg","width":210,"height":210,"mime-type":"image\/jpeg","filesize":12187,"url":"https:\/\/360mallorcaproperty.com\/wp-content\/uploads\/2025\/07\/WhatsApp-Image-2024-03-27-at-3.45.56-PM-19-210x210.jpeg"},"partners-logo":{"file":"WhatsApp-Image-2024-03-27-at-3.45.56-PM-19-600x900.jpeg","width":600,"height":900,"mime-type":"image\/jpeg","filesize":101562,"url":"https:\/\/360mallorcaproperty.com\/wp-content\/uploads\/2025\/07\/WhatsApp-Image-2024-03-27-at-3.45.56-PM-19-600x900.jpeg"},"post-featured-image":{"file":"WhatsApp-Image-2024-03-27-at-3.45.56-PM-19-1240x720.jpeg","width":1240,"height":720,"mime-type":"image\/jpeg","filesize":152884,"url":"https:\/\/360mallorcaproperty.com\/wp-content\/uploads\/2025\/07\/WhatsApp-Image-2024-03-27-at-3.45.56-PM-19-1240x720.jpeg"}},"image_meta":{"aperture":"0","credit":"","camera":"","caption":"","created_timestamp":"0","copyright":"","focal_length":"0","iso":"0","shutter_speed":"0","title":"","orientation":"0","keywords":[]},"ID":"30529","name":"WhatsApp-Image-2024-03-27-at-3.45.56-PM-19.jpeg","path":"\/home\/mallorcaproperty\/public_html\/wp-content\/uploads\/2025\/07\/WhatsApp-Image-2024-03-27-at-3.45.56-PM-19.jpeg","url":"https:\/\/360mallorcaproperty.com\/wp-content\/uploads\/2025\/07\/WhatsApp-Image-2024-03-27-at-3.45.56-PM-19-150x150.jpeg","full_url":"https:\/\/360mallorcaproperty.com\/wp-content\/uploads\/2025\/07\/WhatsApp-Image-2024-03-27-at-3.45.56-PM-19.jpeg","title":"WhatsApp Image 2024-03-27 at 3.45.56 PM (19)","caption":"","description":"","alt":"","srcset":"https:\/\/360mallorcaproperty.com\/wp-content\/uploads\/2025\/07\/WhatsApp-Image-2024-03-27-at-3.45.56-PM-19-150x150.jpeg 150w, https:\/\/360mallorcaproperty.com\/wp-content\/uploads\/2025\/07\/WhatsApp-Image-2024-03-27-at-3.45.56-PM-19-210x210.jpeg 210w"},{"width":150,"height":150,"file":"2025\/07\/WhatsApp-Image-2024-03-27-at-3.45.56-PM-22.jpeg","filesize":203922,"sizes":{"medium":{"file":"WhatsApp-Image-2024-03-27-at-3.45.56-PM-22-169x300.jpeg","width":169,"height":300,"mime-type":"image\/jpeg","filesize":8672,"url":"https:\/\/360mallorcaproperty.com\/wp-content\/uploads\/2025\/07\/WhatsApp-Image-2024-03-27-at-3.45.56-PM-22-169x300.jpeg"},"large":{"file":"WhatsApp-Image-2024-03-27-at-3.45.56-PM-22-576x1024.jpeg","width":576,"height":1024,"mime-type":"image\/jpeg","filesize":63290,"url":"https:\/\/360mallorcaproperty.com\/wp-content\/uploads\/2025\/07\/WhatsApp-Image-2024-03-27-at-3.45.56-PM-22-576x1024.jpeg"},"thumbnail":{"file":"WhatsApp-Image-2024-03-27-at-3.45.56-PM-22-150x150.jpeg","width":150,"height":150,"mime-type":"image\/jpeg","filesize":5602,"url":"https:\/\/360mallorcaproperty.com\/wp-content\/uploads\/2025\/07\/WhatsApp-Image-2024-03-27-at-3.45.56-PM-22-150x150.jpeg"},"medium_large":{"file":"WhatsApp-Image-2024-03-27-at-3.45.56-PM-22-768x1365.jpeg","width":768,"height":1365,"mime-type":"image\/jpeg","filesize":109799,"url":"https:\/\/360mallorcaproperty.com\/wp-content\/uploads\/2025\/07\/WhatsApp-Image-2024-03-27-at-3.45.56-PM-22-768x1365.jpeg"},"1536x1536":{"file":"WhatsApp-Image-2024-03-27-at-3.45.56-PM-22-864x1536.jpeg","width":864,"height":1536,"mime-type":"image\/jpeg","filesize":135930,"url":"https:\/\/360mallorcaproperty.com\/wp-content\/uploads\/2025\/07\/WhatsApp-Image-2024-03-27-at-3.45.56-PM-22-864x1536.jpeg"},"post-thumbnail":{"file":"WhatsApp-Image-2024-03-27-at-3.45.56-PM-22-84x150.jpeg","width":84,"height":150,"mime-type":"image\/jpeg","filesize":3396,"url":"https:\/\/360mallorcaproperty.com\/wp-content\/uploads\/2025\/07\/WhatsApp-Image-2024-03-27-at-3.45.56-PM-22-84x150.jpeg"},"modern-property-child-slider":{"file":"WhatsApp-Image-2024-03-27-at-3.45.56-PM-22-680x510.jpeg","width":680,"height":510,"mime-type":"image\/jpeg","filesize":49286,"url":"https:\/\/360mallorcaproperty.com\/wp-content\/uploads\/2025\/07\/WhatsApp-Image-2024-03-27-at-3.45.56-PM-22-680x510.jpeg"},"property-thumb-image":{"file":"WhatsApp-Image-2024-03-27-at-3.45.56-PM-22-488x326.jpeg","width":488,"height":326,"mime-type":"image\/jpeg","filesize":26295,"url":"https:\/\/360mallorcaproperty.com\/wp-content\/uploads\/2025\/07\/WhatsApp-Image-2024-03-27-at-3.45.56-PM-22-488x326.jpeg"},"property-detail-video-image":{"file":"WhatsApp-Image-2024-03-27-at-3.45.56-PM-22-818x417.jpeg","width":818,"height":417,"mime-type":"image\/jpeg","filesize":50222,"url":"https:\/\/360mallorcaproperty.com\/wp-content\/uploads\/2025\/07\/WhatsApp-Image-2024-03-27-at-3.45.56-PM-22-818x417.jpeg"},"agent-image":{"file":"WhatsApp-Image-2024-03-27-at-3.45.56-PM-22-210x210.jpeg","width":210,"height":210,"mime-type":"image\/jpeg","filesize":9190,"url":"https:\/\/360mallorcaproperty.com\/wp-content\/uploads\/2025\/07\/WhatsApp-Image-2024-03-27-at-3.45.56-PM-22-210x210.jpeg"},"partners-logo":{"file":"WhatsApp-Image-2024-03-27-at-3.45.56-PM-22-600x1600.jpeg","width":600,"height":1600,"mime-type":"image\/jpeg","filesize":106343,"url":"https:\/\/360mallorcaproperty.com\/wp-content\/uploads\/2025\/07\/WhatsApp-Image-2024-03-27-at-3.45.56-PM-22-600x1600.jpeg"},"post-featured-image":{"file":"WhatsApp-Image-2024-03-27-at-3.45.56-PM-22-900x720.jpeg","width":900,"height":720,"mime-type":"image\/jpeg","filesize":88329,"url":"https:\/\/360mallorcaproperty.com\/wp-content\/uploads\/2025\/07\/WhatsApp-Image-2024-03-27-at-3.45.56-PM-22-900x720.jpeg"}},"image_meta":{"aperture":"0","credit":"","camera":"","caption":"","created_timestamp":"0","copyright":"","focal_length":"0","iso":"0","shutter_speed":"0","title":"","orientation":"0","keywords":[]},"ID":"30532","name":"WhatsApp-Image-2024-03-27-at-3.45.56-PM-22.jpeg","path":"\/home\/mallorcaproperty\/public_html\/wp-content\/uploads\/2025\/07\/WhatsApp-Image-2024-03-27-at-3.45.56-PM-22.jpeg","url":"https:\/\/360mallorcaproperty.com\/wp-content\/uploads\/2025\/07\/WhatsApp-Image-2024-03-27-at-3.45.56-PM-22-150x150.jpeg","full_url":"https:\/\/360mallorcaproperty.com\/wp-content\/uploads\/2025\/07\/WhatsApp-Image-2024-03-27-at-3.45.56-PM-22.jpeg","title":"WhatsApp Image 2024-03-27 at 3.45.56 PM (22)","caption":"","description":"","alt":"","srcset":"https:\/\/360mallorcaproperty.com\/wp-content\/uploads\/2025\/07\/WhatsApp-Image-2024-03-27-at-3.45.56-PM-22-150x150.jpeg 150w, https:\/\/360mallorcaproperty.com\/wp-content\/uploads\/2025\/07\/WhatsApp-Image-2024-03-27-at-3.45.56-PM-22-210x210.jpeg 210w"},{"width":150,"height":150,"file":"2025\/07\/WhatsApp-Image-2024-03-27-at-3.45.56-PM-23.jpeg","filesize":225688,"sizes":{"medium":{"file":"WhatsApp-Image-2024-03-27-at-3.45.56-PM-23-300x169.jpeg","width":300,"height":169,"mime-type":"image\/jpeg","filesize":11847,"url":"https:\/\/360mallorcaproperty.com\/wp-content\/uploads\/2025\/07\/WhatsApp-Image-2024-03-27-at-3.45.56-PM-23-300x169.jpeg"},"large":{"file":"WhatsApp-Image-2024-03-27-at-3.45.56-PM-23-1024x576.jpeg","width":1024,"height":576,"mime-type":"image\/jpeg","filesize":83301,"url":"https:\/\/360mallorcaproperty.com\/wp-content\/uploads\/2025\/07\/WhatsApp-Image-2024-03-27-at-3.45.56-PM-23-1024x576.jpeg"},"thumbnail":{"file":"WhatsApp-Image-2024-03-27-at-3.45.56-PM-23-150x150.jpeg","width":150,"height":150,"mime-type":"image\/jpeg","filesize":5877,"url":"https:\/\/360mallorcaproperty.com\/wp-content\/uploads\/2025\/07\/WhatsApp-Image-2024-03-27-at-3.45.56-PM-23-150x150.jpeg"},"medium_large":{"file":"WhatsApp-Image-2024-03-27-at-3.45.56-PM-23-768x432.jpeg","width":768,"height":432,"mime-type":"image\/jpeg","filesize":51616,"url":"https:\/\/360mallorcaproperty.com\/wp-content\/uploads\/2025\/07\/WhatsApp-Image-2024-03-27-at-3.45.56-PM-23-768x432.jpeg"},"1536x1536":{"file":"WhatsApp-Image-2024-03-27-at-3.45.56-PM-23-1536x864.jpeg","width":1536,"height":864,"mime-type":"image\/jpeg","filesize":160832,"url":"https:\/\/360mallorcaproperty.com\/wp-content\/uploads\/2025\/07\/WhatsApp-Image-2024-03-27-at-3.45.56-PM-23-1536x864.jpeg"},"post-thumbnail":{"file":"WhatsApp-Image-2024-03-27-at-3.45.56-PM-23-150x84.jpeg","width":150,"height":84,"mime-type":"image\/jpeg","filesize":4352,"url":"https:\/\/360mallorcaproperty.com\/wp-content\/uploads\/2025\/07\/WhatsApp-Image-2024-03-27-at-3.45.56-PM-23-150x84.jpeg"},"modern-property-child-slider":{"file":"WhatsApp-Image-2024-03-27-at-3.45.56-PM-23-680x510.jpeg","width":680,"height":510,"mime-type":"image\/jpeg","filesize":50662,"url":"https:\/\/360mallorcaproperty.com\/wp-content\/uploads\/2025\/07\/WhatsApp-Image-2024-03-27-at-3.45.56-PM-23-680x510.jpeg"},"property-thumb-image":{"file":"WhatsApp-Image-2024-03-27-at-3.45.56-PM-23-488x326.jpeg","width":488,"height":326,"mime-type":"image\/jpeg","filesize":27948,"url":"https:\/\/360mallorcaproperty.com\/wp-content\/uploads\/2025\/07\/WhatsApp-Image-2024-03-27-at-3.45.56-PM-23-488x326.jpeg"},"property-detail-video-image":{"file":"WhatsApp-Image-2024-03-27-at-3.45.56-PM-23-818x417.jpeg","width":818,"height":417,"mime-type":"image\/jpeg","filesize":54012,"url":"https:\/\/360mallorcaproperty.com\/wp-content\/uploads\/2025\/07\/WhatsApp-Image-2024-03-27-at-3.45.56-PM-23-818x417.jpeg"},"agent-image":{"file":"WhatsApp-Image-2024-03-27-at-3.45.56-PM-23-210x210.jpeg","width":210,"height":210,"mime-type":"image\/jpeg","filesize":9568,"url":"https:\/\/360mallorcaproperty.com\/wp-content\/uploads\/2025\/07\/WhatsApp-Image-2024-03-27-at-3.45.56-PM-23-210x210.jpeg"},"partners-logo":{"file":"WhatsApp-Image-2024-03-27-at-3.45.56-PM-23-600x900.jpeg","width":600,"height":900,"mime-type":"image\/jpeg","filesize":66504,"url":"https:\/\/360mallorcaproperty.com\/wp-content\/uploads\/2025\/07\/WhatsApp-Image-2024-03-27-at-3.45.56-PM-23-600x900.jpeg"},"post-featured-image":{"file":"WhatsApp-Image-2024-03-27-at-3.45.56-PM-23-1240x720.jpeg","width":1240,"height":720,"mime-type":"image\/jpeg","filesize":115849,"url":"https:\/\/360mallorcaproperty.com\/wp-content\/uploads\/2025\/07\/WhatsApp-Image-2024-03-27-at-3.45.56-PM-23-1240x720.jpeg"}},"image_meta":{"aperture":"0","credit":"","camera":"","caption":"","created_timestamp":"0","copyright":"","focal_length":"0","iso":"0","shutter_speed":"0","title":"","orientation":"0","keywords":[]},"ID":"30535","name":"WhatsApp-Image-2024-03-27-at-3.45.56-PM-23.jpeg","path":"\/home\/mallorcaproperty\/public_html\/wp-content\/uploads\/2025\/07\/WhatsApp-Image-2024-03-27-at-3.45.56-PM-23.jpeg","url":"https:\/\/360mallorcaproperty.com\/wp-content\/uploads\/2025\/07\/WhatsApp-Image-2024-03-27-at-3.45.56-PM-23-150x150.jpeg","full_url":"https:\/\/360mallorcaproperty.com\/wp-content\/uploads\/2025\/07\/WhatsApp-Image-2024-03-27-at-3.45.56-PM-23.jpeg","title":"WhatsApp Image 2024-03-27 at 3.45.56 PM (23)","caption":"","description":"","alt":"","srcset":"https:\/\/360mallorcaproperty.com\/wp-content\/uploads\/2025\/07\/WhatsApp-Image-2024-03-27-at-3.45.56-PM-23-150x150.jpeg 150w, https:\/\/360mallorcaproperty.com\/wp-content\/uploads\/2025\/07\/WhatsApp-Image-2024-03-27-at-3.45.56-PM-23-210x210.jpeg 210w"},{"width":150,"height":150,"file":"2025\/07\/WhatsApp-Image-2024-03-27-at-3.45.56-PM-24.jpeg","filesize":202178,"sizes":{"medium":{"file":"WhatsApp-Image-2024-03-27-at-3.45.56-PM-24-300x169.jpeg","width":300,"height":169,"mime-type":"image\/jpeg","filesize":9787,"url":"https:\/\/360mallorcaproperty.com\/wp-content\/uploads\/2025\/07\/WhatsApp-Image-2024-03-27-at-3.45.56-PM-24-300x169.jpeg"},"large":{"file":"WhatsApp-Image-2024-03-27-at-3.45.56-PM-24-1024x576.jpeg","width":1024,"height":576,"mime-type":"image\/jpeg","filesize":67894,"url":"https:\/\/360mallorcaproperty.com\/wp-content\/uploads\/2025\/07\/WhatsApp-Image-2024-03-27-at-3.45.56-PM-24-1024x576.jpeg"},"thumbnail":{"file":"WhatsApp-Image-2024-03-27-at-3.45.56-PM-24-150x150.jpeg","width":150,"height":150,"mime-type":"image\/jpeg","filesize":5290,"url":"https:\/\/360mallorcaproperty.com\/wp-content\/uploads\/2025\/07\/WhatsApp-Image-2024-03-27-at-3.45.56-PM-24-150x150.jpeg"},"medium_large":{"file":"WhatsApp-Image-2024-03-27-at-3.45.56-PM-24-768x432.jpeg","width":768,"height":432,"mime-type":"image\/jpeg","filesize":41541,"url":"https:\/\/360mallorcaproperty.com\/wp-content\/uploads\/2025\/07\/WhatsApp-Image-2024-03-27-at-3.45.56-PM-24-768x432.jpeg"},"1536x1536":{"file":"WhatsApp-Image-2024-03-27-at-3.45.56-PM-24-1536x864.jpeg","width":1536,"height":864,"mime-type":"image\/jpeg","filesize":138925,"url":"https:\/\/360mallorcaproperty.com\/wp-content\/uploads\/2025\/07\/WhatsApp-Image-2024-03-27-at-3.45.56-PM-24-1536x864.jpeg"},"post-thumbnail":{"file":"WhatsApp-Image-2024-03-27-at-3.45.56-PM-24-150x84.jpeg","width":150,"height":84,"mime-type":"image\/jpeg","filesize":3788,"url":"https:\/\/360mallorcaproperty.com\/wp-content\/uploads\/2025\/07\/WhatsApp-Image-2024-03-27-at-3.45.56-PM-24-150x84.jpeg"},"modern-property-child-slider":{"file":"WhatsApp-Image-2024-03-27-at-3.45.56-PM-24-680x510.jpeg","width":680,"height":510,"mime-type":"image\/jpeg","filesize":45113,"url":"https:\/\/360mallorcaproperty.com\/wp-content\/uploads\/2025\/07\/WhatsApp-Image-2024-03-27-at-3.45.56-PM-24-680x510.jpeg"},"property-thumb-image":{"file":"WhatsApp-Image-2024-03-27-at-3.45.56-PM-24-488x326.jpeg","width":488,"height":326,"mime-type":"image\/jpeg","filesize":23534,"url":"https:\/\/360mallorcaproperty.com\/wp-content\/uploads\/2025\/07\/WhatsApp-Image-2024-03-27-at-3.45.56-PM-24-488x326.jpeg"},"property-detail-video-image":{"file":"WhatsApp-Image-2024-03-27-at-3.45.56-PM-24-818x417.jpeg","width":818,"height":417,"mime-type":"image\/jpeg","filesize":43537,"url":"https:\/\/360mallorcaproperty.com\/wp-content\/uploads\/2025\/07\/WhatsApp-Image-2024-03-27-at-3.45.56-PM-24-818x417.jpeg"},"agent-image":{"file":"WhatsApp-Image-2024-03-27-at-3.45.56-PM-24-210x210.jpeg","width":210,"height":210,"mime-type":"image\/jpeg","filesize":8866,"url":"https:\/\/360mallorcaproperty.com\/wp-content\/uploads\/2025\/07\/WhatsApp-Image-2024-03-27-at-3.45.56-PM-24-210x210.jpeg"},"partners-logo":{"file":"WhatsApp-Image-2024-03-27-at-3.45.56-PM-24-600x900.jpeg","width":600,"height":900,"mime-type":"image\/jpeg","filesize":74011,"url":"https:\/\/360mallorcaproperty.com\/wp-content\/uploads\/2025\/07\/WhatsApp-Image-2024-03-27-at-3.45.56-PM-24-600x900.jpeg"},"post-featured-image":{"file":"WhatsApp-Image-2024-03-27-at-3.45.56-PM-24-1240x720.jpeg","width":1240,"height":720,"mime-type":"image\/jpeg","filesize":98797,"url":"https:\/\/360mallorcaproperty.com\/wp-content\/uploads\/2025\/07\/WhatsApp-Image-2024-03-27-at-3.45.56-PM-24-1240x720.jpeg"}},"image_meta":{"aperture":"0","credit":"","camera":"","caption":"","created_timestamp":"0","copyright":"","focal_length":"0","iso":"0","shutter_speed":"0","title":"","orientation":"0","keywords":[]},"ID":"30538","name":"WhatsApp-Image-2024-03-27-at-3.45.56-PM-24.jpeg","path":"\/home\/mallorcaproperty\/public_html\/wp-content\/uploads\/2025\/07\/WhatsApp-Image-2024-03-27-at-3.45.56-PM-24.jpeg","url":"https:\/\/360mallorcaproperty.com\/wp-content\/uploads\/2025\/07\/WhatsApp-Image-2024-03-27-at-3.45.56-PM-24-150x150.jpeg","full_url":"https:\/\/360mallorcaproperty.com\/wp-content\/uploads\/2025\/07\/WhatsApp-Image-2024-03-27-at-3.45.56-PM-24.jpeg","title":"WhatsApp Image 2024-03-27 at 3.45.56 PM (24)","caption":"","description":"","alt":"","srcset":"https:\/\/360mallorcaproperty.com\/wp-content\/uploads\/2025\/07\/WhatsApp-Image-2024-03-27-at-3.45.56-PM-24-150x150.jpeg 150w, https:\/\/360mallorcaproperty.com\/wp-content\/uploads\/2025\/07\/WhatsApp-Image-2024-03-27-at-3.45.56-PM-24-210x210.jpeg 210w"},{"width":150,"height":150,"file":"2025\/07\/WhatsApp-Image-2024-03-27-at-3.45.56-PM-25.jpeg","filesize":246758,"sizes":{"medium":{"file":"WhatsApp-Image-2024-03-27-at-3.45.56-PM-25-300x169.jpeg","width":300,"height":169,"mime-type":"image\/jpeg","filesize":12386,"url":"https:\/\/360mallorcaproperty.com\/wp-content\/uploads\/2025\/07\/WhatsApp-Image-2024-03-27-at-3.45.56-PM-25-300x169.jpeg"},"large":{"file":"WhatsApp-Image-2024-03-27-at-3.45.56-PM-25-1024x576.jpeg","width":1024,"height":576,"mime-type":"image\/jpeg","filesize":88485,"url":"https:\/\/360mallorcaproperty.com\/wp-content\/uploads\/2025\/07\/WhatsApp-Image-2024-03-27-at-3.45.56-PM-25-1024x576.jpeg"},"thumbnail":{"file":"WhatsApp-Image-2024-03-27-at-3.45.56-PM-25-150x150.jpeg","width":150,"height":150,"mime-type":"image\/jpeg","filesize":6030,"url":"https:\/\/360mallorcaproperty.com\/wp-content\/uploads\/2025\/07\/WhatsApp-Image-2024-03-27-at-3.45.56-PM-25-150x150.jpeg"},"medium_large":{"file":"WhatsApp-Image-2024-03-27-at-3.45.56-PM-25-768x432.jpeg","width":768,"height":432,"mime-type":"image\/jpeg","filesize":54656,"url":"https:\/\/360mallorcaproperty.com\/wp-content\/uploads\/2025\/07\/WhatsApp-Image-2024-03-27-at-3.45.56-PM-25-768x432.jpeg"},"1536x1536":{"file":"WhatsApp-Image-2024-03-27-at-3.45.56-PM-25-1536x864.jpeg","width":1536,"height":864,"mime-type":"image\/jpeg","filesize":173721,"url":"https:\/\/360mallorcaproperty.com\/wp-content\/uploads\/2025\/07\/WhatsApp-Image-2024-03-27-at-3.45.56-PM-25-1536x864.jpeg"},"post-thumbnail":{"file":"WhatsApp-Image-2024-03-27-at-3.45.56-PM-25-150x84.jpeg","width":150,"height":84,"mime-type":"image\/jpeg","filesize":4506,"url":"https:\/\/360mallorcaproperty.com\/wp-content\/uploads\/2025\/07\/WhatsApp-Image-2024-03-27-at-3.45.56-PM-25-150x84.jpeg"},"modern-property-child-slider":{"file":"WhatsApp-Image-2024-03-27-at-3.45.56-PM-25-680x510.jpeg","width":680,"height":510,"mime-type":"image\/jpeg","filesize":55589,"url":"https:\/\/360mallorcaproperty.com\/wp-content\/uploads\/2025\/07\/WhatsApp-Image-2024-03-27-at-3.45.56-PM-25-680x510.jpeg"},"property-thumb-image":{"file":"WhatsApp-Image-2024-03-27-at-3.45.56-PM-25-488x326.jpeg","width":488,"height":326,"mime-type":"image\/jpeg","filesize":29753,"url":"https:\/\/360mallorcaproperty.com\/wp-content\/uploads\/2025\/07\/WhatsApp-Image-2024-03-27-at-3.45.56-PM-25-488x326.jpeg"},"property-detail-video-image":{"file":"WhatsApp-Image-2024-03-27-at-3.45.56-PM-25-818x417.jpeg","width":818,"height":417,"mime-type":"image\/jpeg","filesize":58112,"url":"https:\/\/360mallorcaproperty.com\/wp-content\/uploads\/2025\/07\/WhatsApp-Image-2024-03-27-at-3.45.56-PM-25-818x417.jpeg"},"agent-image":{"file":"WhatsApp-Image-2024-03-27-at-3.45.56-PM-25-210x210.jpeg","width":210,"height":210,"mime-type":"image\/jpeg","filesize":10090,"url":"https:\/\/360mallorcaproperty.com\/wp-content\/uploads\/2025\/07\/WhatsApp-Image-2024-03-27-at-3.45.56-PM-25-210x210.jpeg"},"partners-logo":{"file":"WhatsApp-Image-2024-03-27-at-3.45.56-PM-25-600x900.jpeg","width":600,"height":900,"mime-type":"image\/jpeg","filesize":96085,"url":"https:\/\/360mallorcaproperty.com\/wp-content\/uploads\/2025\/07\/WhatsApp-Image-2024-03-27-at-3.45.56-PM-25-600x900.jpeg"},"post-featured-image":{"file":"WhatsApp-Image-2024-03-27-at-3.45.56-PM-25-1240x720.jpeg","width":1240,"height":720,"mime-type":"image\/jpeg","filesize":125424,"url":"https:\/\/360mallorcaproperty.com\/wp-content\/uploads\/2025\/07\/WhatsApp-Image-2024-03-27-at-3.45.56-PM-25-1240x720.jpeg"}},"image_meta":{"aperture":"0","credit":"","camera":"","caption":"","created_timestamp":"0","copyright":"","focal_length":"0","iso":"0","shutter_speed":"0","title":"","orientation":"0","keywords":[]},"ID":"30541","name":"WhatsApp-Image-2024-03-27-at-3.45.56-PM-25.jpeg","path":"\/home\/mallorcaproperty\/public_html\/wp-content\/uploads\/2025\/07\/WhatsApp-Image-2024-03-27-at-3.45.56-PM-25.jpeg","url":"https:\/\/360mallorcaproperty.com\/wp-content\/uploads\/2025\/07\/WhatsApp-Image-2024-03-27-at-3.45.56-PM-25-150x150.jpeg","full_url":"https:\/\/360mallorcaproperty.com\/wp-content\/uploads\/2025\/07\/WhatsApp-Image-2024-03-27-at-3.45.56-PM-25.jpeg","title":"WhatsApp Image 2024-03-27 at 3.45.56 PM (25)","caption":"","description":"","alt":"","srcset":"https:\/\/360mallorcaproperty.com\/wp-content\/uploads\/2025\/07\/WhatsApp-Image-2024-03-27-at-3.45.56-PM-25-150x150.jpeg 150w, https:\/\/360mallorcaproperty.com\/wp-content\/uploads\/2025\/07\/WhatsApp-Image-2024-03-27-at-3.45.56-PM-25-210x210.jpeg 210w"},{"width":150,"height":150,"file":"2025\/07\/WhatsApp-Image-2024-03-27-at-3.45.56-PM-26.jpeg","filesize":278818,"sizes":{"medium":{"file":"WhatsApp-Image-2024-03-27-at-3.45.56-PM-26-300x169.jpeg","width":300,"height":169,"mime-type":"image\/jpeg","filesize":13130,"url":"https:\/\/360mallorcaproperty.com\/wp-content\/uploads\/2025\/07\/WhatsApp-Image-2024-03-27-at-3.45.56-PM-26-300x169.jpeg"},"large":{"file":"WhatsApp-Image-2024-03-27-at-3.45.56-PM-26-1024x576.jpeg","width":1024,"height":576,"mime-type":"image\/jpeg","filesize":98265,"url":"https:\/\/360mallorcaproperty.com\/wp-content\/uploads\/2025\/07\/WhatsApp-Image-2024-03-27-at-3.45.56-PM-26-1024x576.jpeg"},"thumbnail":{"file":"WhatsApp-Image-2024-03-27-at-3.45.56-PM-26-150x150.jpeg","width":150,"height":150,"mime-type":"image\/jpeg","filesize":6275,"url":"https:\/\/360mallorcaproperty.com\/wp-content\/uploads\/2025\/07\/WhatsApp-Image-2024-03-27-at-3.45.56-PM-26-150x150.jpeg"},"medium_large":{"file":"WhatsApp-Image-2024-03-27-at-3.45.56-PM-26-768x432.jpeg","width":768,"height":432,"mime-type":"image\/jpeg","filesize":60140,"url":"https:\/\/360mallorcaproperty.com\/wp-content\/uploads\/2025\/07\/WhatsApp-Image-2024-03-27-at-3.45.56-PM-26-768x432.jpeg"},"1536x1536":{"file":"WhatsApp-Image-2024-03-27-at-3.45.56-PM-26-1536x864.jpeg","width":1536,"height":864,"mime-type":"image\/jpeg","filesize":193217,"url":"https:\/\/360mallorcaproperty.com\/wp-content\/uploads\/2025\/07\/WhatsApp-Image-2024-03-27-at-3.45.56-PM-26-1536x864.jpeg"},"post-thumbnail":{"file":"WhatsApp-Image-2024-03-27-at-3.45.56-PM-26-150x84.jpeg","width":150,"height":84,"mime-type":"image\/jpeg","filesize":4743,"url":"https:\/\/360mallorcaproperty.com\/wp-content\/uploads\/2025\/07\/WhatsApp-Image-2024-03-27-at-3.45.56-PM-26-150x84.jpeg"},"modern-property-child-slider":{"file":"WhatsApp-Image-2024-03-27-at-3.45.56-PM-26-680x510.jpeg","width":680,"height":510,"mime-type":"image\/jpeg","filesize":60116,"url":"https:\/\/360mallorcaproperty.com\/wp-content\/uploads\/2025\/07\/WhatsApp-Image-2024-03-27-at-3.45.56-PM-26-680x510.jpeg"},"property-thumb-image":{"file":"WhatsApp-Image-2024-03-27-at-3.45.56-PM-26-488x326.jpeg","width":488,"height":326,"mime-type":"image\/jpeg","filesize":31959,"url":"https:\/\/360mallorcaproperty.com\/wp-content\/uploads\/2025\/07\/WhatsApp-Image-2024-03-27-at-3.45.56-PM-26-488x326.jpeg"},"property-detail-video-image":{"file":"WhatsApp-Image-2024-03-27-at-3.45.56-PM-26-818x417.jpeg","width":818,"height":417,"mime-type":"image\/jpeg","filesize":64167,"url":"https:\/\/360mallorcaproperty.com\/wp-content\/uploads\/2025\/07\/WhatsApp-Image-2024-03-27-at-3.45.56-PM-26-818x417.jpeg"},"agent-image":{"file":"WhatsApp-Image-2024-03-27-at-3.45.56-PM-26-210x210.jpeg","width":210,"height":210,"mime-type":"image\/jpeg","filesize":10486,"url":"https:\/\/360mallorcaproperty.com\/wp-content\/uploads\/2025\/07\/WhatsApp-Image-2024-03-27-at-3.45.56-PM-26-210x210.jpeg"},"partners-logo":{"file":"WhatsApp-Image-2024-03-27-at-3.45.56-PM-26-600x900.jpeg","width":600,"height":900,"mime-type":"image\/jpeg","filesize":77025,"url":"https:\/\/360mallorcaproperty.com\/wp-content\/uploads\/2025\/07\/WhatsApp-Image-2024-03-27-at-3.45.56-PM-26-600x900.jpeg"},"post-featured-image":{"file":"WhatsApp-Image-2024-03-27-at-3.45.56-PM-26-1240x720.jpeg","width":1240,"height":720,"mime-type":"image\/jpeg","filesize":139335,"url":"https:\/\/360mallorcaproperty.com\/wp-content\/uploads\/2025\/07\/WhatsApp-Image-2024-03-27-at-3.45.56-PM-26-1240x720.jpeg"}},"image_meta":{"aperture":"0","credit":"","camera":"","caption":"","created_timestamp":"0","copyright":"","focal_length":"0","iso":"0","shutter_speed":"0","title":"","orientation":"0","keywords":[]},"ID":"30544","name":"WhatsApp-Image-2024-03-27-at-3.45.56-PM-26.jpeg","path":"\/home\/mallorcaproperty\/public_html\/wp-content\/uploads\/2025\/07\/WhatsApp-Image-2024-03-27-at-3.45.56-PM-26.jpeg","url":"https:\/\/360mallorcaproperty.com\/wp-content\/uploads\/2025\/07\/WhatsApp-Image-2024-03-27-at-3.45.56-PM-26-150x150.jpeg","full_url":"https:\/\/360mallorcaproperty.com\/wp-content\/uploads\/2025\/07\/WhatsApp-Image-2024-03-27-at-3.45.56-PM-26.jpeg","title":"WhatsApp Image 2024-03-27 at 3.45.56 PM (26)","caption":"","description":"","alt":"","srcset":"https:\/\/360mallorcaproperty.com\/wp-content\/uploads\/2025\/07\/WhatsApp-Image-2024-03-27-at-3.45.56-PM-26-150x150.jpeg 150w, https:\/\/360mallorcaproperty.com\/wp-content\/uploads\/2025\/07\/WhatsApp-Image-2024-03-27-at-3.45.56-PM-26-210x210.jpeg 210w"},{"width":150,"height":150,"file":"2025\/07\/WhatsApp-Image-2024-03-27-at-12.52.45-PM.jpeg","filesize":508990,"sizes":{"medium":{"file":"WhatsApp-Image-2024-03-27-at-12.52.45-PM-300x169.jpeg","width":300,"height":169,"mime-type":"image\/jpeg","filesize":20125,"url":"https:\/\/360mallorcaproperty.com\/wp-content\/uploads\/2025\/07\/WhatsApp-Image-2024-03-27-at-12.52.45-PM-300x169.jpeg"},"large":{"file":"WhatsApp-Image-2024-03-27-at-12.52.45-PM-1024x576.jpeg","width":1024,"height":576,"mime-type":"image\/jpeg","filesize":177270,"url":"https:\/\/360mallorcaproperty.com\/wp-content\/uploads\/2025\/07\/WhatsApp-Image-2024-03-27-at-12.52.45-PM-1024x576.jpeg"},"thumbnail":{"file":"WhatsApp-Image-2024-03-27-at-12.52.45-PM-150x150.jpeg","width":150,"height":150,"mime-type":"image\/jpeg","filesize":9347,"url":"https:\/\/360mallorcaproperty.com\/wp-content\/uploads\/2025\/07\/WhatsApp-Image-2024-03-27-at-12.52.45-PM-150x150.jpeg"},"medium_large":{"file":"WhatsApp-Image-2024-03-27-at-12.52.45-PM-768x432.jpeg","width":768,"height":432,"mime-type":"image\/jpeg","filesize":106950,"url":"https:\/\/360mallorcaproperty.com\/wp-content\/uploads\/2025\/07\/WhatsApp-Image-2024-03-27-at-12.52.45-PM-768x432.jpeg"},"1536x1536":{"file":"WhatsApp-Image-2024-03-27-at-12.52.45-PM-1536x864.jpeg","width":1536,"height":864,"mime-type":"image\/jpeg","filesize":348311,"url":"https:\/\/360mallorcaproperty.com\/wp-content\/uploads\/2025\/07\/WhatsApp-Image-2024-03-27-at-12.52.45-PM-1536x864.jpeg"},"post-thumbnail":{"file":"WhatsApp-Image-2024-03-27-at-12.52.45-PM-150x84.jpeg","width":150,"height":84,"mime-type":"image\/jpeg","filesize":6273,"url":"https:\/\/360mallorcaproperty.com\/wp-content\/uploads\/2025\/07\/WhatsApp-Image-2024-03-27-at-12.52.45-PM-150x84.jpeg"},"modern-property-child-slider":{"file":"WhatsApp-Image-2024-03-27-at-12.52.45-PM-680x510.jpeg","width":680,"height":510,"mime-type":"image\/jpeg","filesize":107735,"url":"https:\/\/360mallorcaproperty.com\/wp-content\/uploads\/2025\/07\/WhatsApp-Image-2024-03-27-at-12.52.45-PM-680x510.jpeg"},"property-thumb-image":{"file":"WhatsApp-Image-2024-03-27-at-12.52.45-PM-488x326.jpeg","width":488,"height":326,"mime-type":"image\/jpeg","filesize":54206,"url":"https:\/\/360mallorcaproperty.com\/wp-content\/uploads\/2025\/07\/WhatsApp-Image-2024-03-27-at-12.52.45-PM-488x326.jpeg"},"property-detail-video-image":{"file":"WhatsApp-Image-2024-03-27-at-12.52.45-PM-818x417.jpeg","width":818,"height":417,"mime-type":"image\/jpeg","filesize":111469,"url":"https:\/\/360mallorcaproperty.com\/wp-content\/uploads\/2025\/07\/WhatsApp-Image-2024-03-27-at-12.52.45-PM-818x417.jpeg"},"agent-image":{"file":"WhatsApp-Image-2024-03-27-at-12.52.45-PM-210x210.jpeg","width":210,"height":210,"mime-type":"image\/jpeg","filesize":16436,"url":"https:\/\/360mallorcaproperty.com\/wp-content\/uploads\/2025\/07\/WhatsApp-Image-2024-03-27-at-12.52.45-PM-210x210.jpeg"},"partners-logo":{"file":"WhatsApp-Image-2024-03-27-at-12.52.45-PM-600x900.jpeg","width":600,"height":900,"mime-type":"image\/jpeg","filesize":147715,"url":"https:\/\/360mallorcaproperty.com\/wp-content\/uploads\/2025\/07\/WhatsApp-Image-2024-03-27-at-12.52.45-PM-600x900.jpeg"},"post-featured-image":{"file":"WhatsApp-Image-2024-03-27-at-12.52.45-PM-1240x720.jpeg","width":1240,"height":720,"mime-type":"image\/jpeg","filesize":252683,"url":"https:\/\/360mallorcaproperty.com\/wp-content\/uploads\/2025\/07\/WhatsApp-Image-2024-03-27-at-12.52.45-PM-1240x720.jpeg"}},"image_meta":{"aperture":"0","credit":"","camera":"","caption":"","created_timestamp":"0","copyright":"","focal_length":"0","iso":"0","shutter_speed":"0","title":"","orientation":"0","keywords":[]},"ID":"30547","name":"WhatsApp-Image-2024-03-27-at-12.52.45-PM.jpeg","path":"\/home\/mallorcaproperty\/public_html\/wp-content\/uploads\/2025\/07\/WhatsApp-Image-2024-03-27-at-12.52.45-PM.jpeg","url":"https:\/\/360mallorcaproperty.com\/wp-content\/uploads\/2025\/07\/WhatsApp-Image-2024-03-27-at-12.52.45-PM-150x150.jpeg","full_url":"https:\/\/360mallorcaproperty.com\/wp-content\/uploads\/2025\/07\/WhatsApp-Image-2024-03-27-at-12.52.45-PM.jpeg","title":"WhatsApp Image 2024-03-27 at 12.52.45 PM","caption":"","description":"","alt":"","srcset":"https:\/\/360mallorcaproperty.com\/wp-content\/uploads\/2025\/07\/WhatsApp-Image-2024-03-27-at-12.52.45-PM-150x150.jpeg 150w, https:\/\/360mallorcaproperty.com\/wp-content\/uploads\/2025\/07\/WhatsApp-Image-2024-03-27-at-12.52.45-PM-210x210.jpeg 210w"},{"width":150,"height":150,"file":"2025\/07\/WhatsApp-Image-2024-03-27-at-12.52.46-PM-1.jpeg","filesize":248036,"sizes":{"medium":{"file":"WhatsApp-Image-2024-03-27-at-12.52.46-PM-1-300x169.jpeg","width":300,"height":169,"mime-type":"image\/jpeg","filesize":11557,"url":"https:\/\/360mallorcaproperty.com\/wp-content\/uploads\/2025\/07\/WhatsApp-Image-2024-03-27-at-12.52.46-PM-1-300x169.jpeg"},"large":{"file":"WhatsApp-Image-2024-03-27-at-12.52.46-PM-1-1024x576.jpeg","width":1024,"height":576,"mime-type":"image\/jpeg","filesize":85136,"url":"https:\/\/360mallorcaproperty.com\/wp-content\/uploads\/2025\/07\/WhatsApp-Image-2024-03-27-at-12.52.46-PM-1-1024x576.jpeg"},"thumbnail":{"file":"WhatsApp-Image-2024-03-27-at-12.52.46-PM-1-150x150.jpeg","width":150,"height":150,"mime-type":"image\/jpeg","filesize":6576,"url":"https:\/\/360mallorcaproperty.com\/wp-content\/uploads\/2025\/07\/WhatsApp-Image-2024-03-27-at-12.52.46-PM-1-150x150.jpeg"},"medium_large":{"file":"WhatsApp-Image-2024-03-27-at-12.52.46-PM-1-768x432.jpeg","width":768,"height":432,"mime-type":"image\/jpeg","filesize":51919,"url":"https:\/\/360mallorcaproperty.com\/wp-content\/uploads\/2025\/07\/WhatsApp-Image-2024-03-27-at-12.52.46-PM-1-768x432.jpeg"},"1536x1536":{"file":"WhatsApp-Image-2024-03-27-at-12.52.46-PM-1-1536x864.jpeg","width":1536,"height":864,"mime-type":"image\/jpeg","filesize":172756,"url":"https:\/\/360mallorcaproperty.com\/wp-content\/uploads\/2025\/07\/WhatsApp-Image-2024-03-27-at-12.52.46-PM-1-1536x864.jpeg"},"post-thumbnail":{"file":"WhatsApp-Image-2024-03-27-at-12.52.46-PM-1-150x84.jpeg","width":150,"height":84,"mime-type":"image\/jpeg","filesize":4257,"url":"https:\/\/360mallorcaproperty.com\/wp-content\/uploads\/2025\/07\/WhatsApp-Image-2024-03-27-at-12.52.46-PM-1-150x84.jpeg"},"modern-property-child-slider":{"file":"WhatsApp-Image-2024-03-27-at-12.52.46-PM-1-680x510.jpeg","width":680,"height":510,"mime-type":"image\/jpeg","filesize":56011,"url":"https:\/\/360mallorcaproperty.com\/wp-content\/uploads\/2025\/07\/WhatsApp-Image-2024-03-27-at-12.52.46-PM-1-680x510.jpeg"},"property-thumb-image":{"file":"WhatsApp-Image-2024-03-27-at-12.52.46-PM-1-488x326.jpeg","width":488,"height":326,"mime-type":"image\/jpeg","filesize":28120,"url":"https:\/\/360mallorcaproperty.com\/wp-content\/uploads\/2025\/07\/WhatsApp-Image-2024-03-27-at-12.52.46-PM-1-488x326.jpeg"},"property-detail-video-image":{"file":"WhatsApp-Image-2024-03-27-at-12.52.46-PM-1-818x417.jpeg","width":818,"height":417,"mime-type":"image\/jpeg","filesize":55042,"url":"https:\/\/360mallorcaproperty.com\/wp-content\/uploads\/2025\/07\/WhatsApp-Image-2024-03-27-at-12.52.46-PM-1-818x417.jpeg"},"agent-image":{"file":"WhatsApp-Image-2024-03-27-at-12.52.46-PM-1-210x210.jpeg","width":210,"height":210,"mime-type":"image\/jpeg","filesize":11008,"url":"https:\/\/360mallorcaproperty.com\/wp-content\/uploads\/2025\/07\/WhatsApp-Image-2024-03-27-at-12.52.46-PM-1-210x210.jpeg"},"partners-logo":{"file":"WhatsApp-Image-2024-03-27-at-12.52.46-PM-1-600x900.jpeg","width":600,"height":900,"mime-type":"image\/jpeg","filesize":100519,"url":"https:\/\/360mallorcaproperty.com\/wp-content\/uploads\/2025\/07\/WhatsApp-Image-2024-03-27-at-12.52.46-PM-1-600x900.jpeg"},"post-featured-image":{"file":"WhatsApp-Image-2024-03-27-at-12.52.46-PM-1-1240x720.jpeg","width":1240,"height":720,"mime-type":"image\/jpeg","filesize":122160,"url":"https:\/\/360mallorcaproperty.com\/wp-content\/uploads\/2025\/07\/WhatsApp-Image-2024-03-27-at-12.52.46-PM-1-1240x720.jpeg"}},"image_meta":{"aperture":"0","credit":"","camera":"","caption":"","created_timestamp":"0","copyright":"","focal_length":"0","iso":"0","shutter_speed":"0","title":"","orientation":"0","keywords":[]},"ID":"30550","name":"WhatsApp-Image-2024-03-27-at-12.52.46-PM-1.jpeg","path":"\/home\/mallorcaproperty\/public_html\/wp-content\/uploads\/2025\/07\/WhatsApp-Image-2024-03-27-at-12.52.46-PM-1.jpeg","url":"https:\/\/360mallorcaproperty.com\/wp-content\/uploads\/2025\/07\/WhatsApp-Image-2024-03-27-at-12.52.46-PM-1-150x150.jpeg","full_url":"https:\/\/360mallorcaproperty.com\/wp-content\/uploads\/2025\/07\/WhatsApp-Image-2024-03-27-at-12.52.46-PM-1.jpeg","title":"WhatsApp Image 2024-03-27 at 12.52.46 PM (1)","caption":"","description":"","alt":"","srcset":"https:\/\/360mallorcaproperty.com\/wp-content\/uploads\/2025\/07\/WhatsApp-Image-2024-03-27-at-12.52.46-PM-1-150x150.jpeg 150w, https:\/\/360mallorcaproperty.com\/wp-content\/uploads\/2025\/07\/WhatsApp-Image-2024-03-27-at-12.52.46-PM-1-210x210.jpeg 210w"},{"width":150,"height":150,"file":"2025\/07\/WhatsApp-Image-2024-03-27-at-12.52.46-PM-2.jpeg","filesize":535615,"sizes":{"medium":{"file":"WhatsApp-Image-2024-03-27-at-12.52.46-PM-2-300x169.jpeg","width":300,"height":169,"mime-type":"image\/jpeg","filesize":19583,"url":"https:\/\/360mallorcaproperty.com\/wp-content\/uploads\/2025\/07\/WhatsApp-Image-2024-03-27-at-12.52.46-PM-2-300x169.jpeg"},"large":{"file":"WhatsApp-Image-2024-03-27-at-12.52.46-PM-2-1024x576.jpeg","width":1024,"height":576,"mime-type":"image\/jpeg","filesize":181631,"url":"https:\/\/360mallorcaproperty.com\/wp-content\/uploads\/2025\/07\/WhatsApp-Image-2024-03-27-at-12.52.46-PM-2-1024x576.jpeg"},"thumbnail":{"file":"WhatsApp-Image-2024-03-27-at-12.52.46-PM-2-150x150.jpeg","width":150,"height":150,"mime-type":"image\/jpeg","filesize":9264,"url":"https:\/\/360mallorcaproperty.com\/wp-content\/uploads\/2025\/07\/WhatsApp-Image-2024-03-27-at-12.52.46-PM-2-150x150.jpeg"},"medium_large":{"file":"WhatsApp-Image-2024-03-27-at-12.52.46-PM-2-768x432.jpeg","width":768,"height":432,"mime-type":"image\/jpeg","filesize":107993,"url":"https:\/\/360mallorcaproperty.com\/wp-content\/uploads\/2025\/07\/WhatsApp-Image-2024-03-27-at-12.52.46-PM-2-768x432.jpeg"},"1536x1536":{"file":"WhatsApp-Image-2024-03-27-at-12.52.46-PM-2-1536x864.jpeg","width":1536,"height":864,"mime-type":"image\/jpeg","filesize":363148,"url":"https:\/\/360mallorcaproperty.com\/wp-content\/uploads\/2025\/07\/WhatsApp-Image-2024-03-27-at-12.52.46-PM-2-1536x864.jpeg"},"post-thumbnail":{"file":"WhatsApp-Image-2024-03-27-at-12.52.46-PM-2-150x84.jpeg","width":150,"height":84,"mime-type":"image\/jpeg","filesize":6011,"url":"https:\/\/360mallorcaproperty.com\/wp-content\/uploads\/2025\/07\/WhatsApp-Image-2024-03-27-at-12.52.46-PM-2-150x84.jpeg"},"modern-property-child-slider":{"file":"WhatsApp-Image-2024-03-27-at-12.52.46-PM-2-680x510.jpeg","width":680,"height":510,"mime-type":"image\/jpeg","filesize":114507,"url":"https:\/\/360mallorcaproperty.com\/wp-content\/uploads\/2025\/07\/WhatsApp-Image-2024-03-27-at-12.52.46-PM-2-680x510.jpeg"},"property-thumb-image":{"file":"WhatsApp-Image-2024-03-27-at-12.52.46-PM-2-488x326.jpeg","width":488,"height":326,"mime-type":"image\/jpeg","filesize":55804,"url":"https:\/\/360mallorcaproperty.com\/wp-content\/uploads\/2025\/07\/WhatsApp-Image-2024-03-27-at-12.52.46-PM-2-488x326.jpeg"},"property-detail-video-image":{"file":"WhatsApp-Image-2024-03-27-at-12.52.46-PM-2-818x417.jpeg","width":818,"height":417,"mime-type":"image\/jpeg","filesize":113230,"url":"https:\/\/360mallorcaproperty.com\/wp-content\/uploads\/2025\/07\/WhatsApp-Image-2024-03-27-at-12.52.46-PM-2-818x417.jpeg"},"agent-image":{"file":"WhatsApp-Image-2024-03-27-at-12.52.46-PM-2-210x210.jpeg","width":210,"height":210,"mime-type":"image\/jpeg","filesize":16875,"url":"https:\/\/360mallorcaproperty.com\/wp-content\/uploads\/2025\/07\/WhatsApp-Image-2024-03-27-at-12.52.46-PM-2-210x210.jpeg"},"partners-logo":{"file":"WhatsApp-Image-2024-03-27-at-12.52.46-PM-2-600x900.jpeg","width":600,"height":900,"mime-type":"image\/jpeg","filesize":169176,"url":"https:\/\/360mallorcaproperty.com\/wp-content\/uploads\/2025\/07\/WhatsApp-Image-2024-03-27-at-12.52.46-PM-2-600x900.jpeg"},"post-featured-image":{"file":"WhatsApp-Image-2024-03-27-at-12.52.46-PM-2-1240x720.jpeg","width":1240,"height":720,"mime-type":"image\/jpeg","filesize":262866,"url":"https:\/\/360mallorcaproperty.com\/wp-content\/uploads\/2025\/07\/WhatsApp-Image-2024-03-27-at-12.52.46-PM-2-1240x720.jpeg"}},"image_meta":{"aperture":"0","credit":"","camera":"","caption":"","created_timestamp":"0","copyright":"","focal_length":"0","iso":"0","shutter_speed":"0","title":"","orientation":"0","keywords":[]},"ID":"30553","name":"WhatsApp-Image-2024-03-27-at-12.52.46-PM-2.jpeg","path":"\/home\/mallorcaproperty\/public_html\/wp-content\/uploads\/2025\/07\/WhatsApp-Image-2024-03-27-at-12.52.46-PM-2.jpeg","url":"https:\/\/360mallorcaproperty.com\/wp-content\/uploads\/2025\/07\/WhatsApp-Image-2024-03-27-at-12.52.46-PM-2-150x150.jpeg","full_url":"https:\/\/360mallorcaproperty.com\/wp-content\/uploads\/2025\/07\/WhatsApp-Image-2024-03-27-at-12.52.46-PM-2.jpeg","title":"WhatsApp Image 2024-03-27 at 12.52.46 PM (2)","caption":"","description":"","alt":"","srcset":"https:\/\/360mallorcaproperty.com\/wp-content\/uploads\/2025\/07\/WhatsApp-Image-2024-03-27-at-12.52.46-PM-2-150x150.jpeg 150w, https:\/\/360mallorcaproperty.com\/wp-content\/uploads\/2025\/07\/WhatsApp-Image-2024-03-27-at-12.52.46-PM-2-210x210.jpeg 210w"},{"width":150,"height":150,"file":"2025\/07\/WhatsApp-Image-2024-03-27-at-12.52.46-PM.jpeg","filesize":221421,"sizes":{"medium":{"file":"WhatsApp-Image-2024-03-27-at-12.52.46-PM-300x169.jpeg","width":300,"height":169,"mime-type":"image\/jpeg","filesize":11115,"url":"https:\/\/360mallorcaproperty.com\/wp-content\/uploads\/2025\/07\/WhatsApp-Image-2024-03-27-at-12.52.46-PM-300x169.jpeg"},"large":{"file":"WhatsApp-Image-2024-03-27-at-12.52.46-PM-1024x576.jpeg","width":1024,"height":576,"mime-type":"image\/jpeg","filesize":77967,"url":"https:\/\/360mallorcaproperty.com\/wp-content\/uploads\/2025\/07\/WhatsApp-Image-2024-03-27-at-12.52.46-PM-1024x576.jpeg"},"thumbnail":{"file":"WhatsApp-Image-2024-03-27-at-12.52.46-PM-150x150.jpeg","width":150,"height":150,"mime-type":"image\/jpeg","filesize":6317,"url":"https:\/\/360mallorcaproperty.com\/wp-content\/uploads\/2025\/07\/WhatsApp-Image-2024-03-27-at-12.52.46-PM-150x150.jpeg"},"medium_large":{"file":"WhatsApp-Image-2024-03-27-at-12.52.46-PM-768x432.jpeg","width":768,"height":432,"mime-type":"image\/jpeg","filesize":47729,"url":"https:\/\/360mallorcaproperty.com\/wp-content\/uploads\/2025\/07\/WhatsApp-Image-2024-03-27-at-12.52.46-PM-768x432.jpeg"},"1536x1536":{"file":"WhatsApp-Image-2024-03-27-at-12.52.46-PM-1536x864.jpeg","width":1536,"height":864,"mime-type":"image\/jpeg","filesize":154892,"url":"https:\/\/360mallorcaproperty.com\/wp-content\/uploads\/2025\/07\/WhatsApp-Image-2024-03-27-at-12.52.46-PM-1536x864.jpeg"},"post-thumbnail":{"file":"WhatsApp-Image-2024-03-27-at-12.52.46-PM-150x84.jpeg","width":150,"height":84,"mime-type":"image\/jpeg","filesize":4177,"url":"https:\/\/360mallorcaproperty.com\/wp-content\/uploads\/2025\/07\/WhatsApp-Image-2024-03-27-at-12.52.46-PM-150x84.jpeg"},"modern-property-child-slider":{"file":"WhatsApp-Image-2024-03-27-at-12.52.46-PM-680x510.jpeg","width":680,"height":510,"mime-type":"image\/jpeg","filesize":51902,"url":"https:\/\/360mallorcaproperty.com\/wp-content\/uploads\/2025\/07\/WhatsApp-Image-2024-03-27-at-12.52.46-PM-680x510.jpeg"},"property-thumb-image":{"file":"WhatsApp-Image-2024-03-27-at-12.52.46-PM-488x326.jpeg","width":488,"height":326,"mime-type":"image\/jpeg","filesize":27164,"url":"https:\/\/360mallorcaproperty.com\/wp-content\/uploads\/2025\/07\/WhatsApp-Image-2024-03-27-at-12.52.46-PM-488x326.jpeg"},"property-detail-video-image":{"file":"WhatsApp-Image-2024-03-27-at-12.52.46-PM-818x417.jpeg","width":818,"height":417,"mime-type":"image\/jpeg","filesize":50916,"url":"https:\/\/360mallorcaproperty.com\/wp-content\/uploads\/2025\/07\/WhatsApp-Image-2024-03-27-at-12.52.46-PM-818x417.jpeg"},"agent-image":{"file":"WhatsApp-Image-2024-03-27-at-12.52.46-PM-210x210.jpeg","width":210,"height":210,"mime-type":"image\/jpeg","filesize":10568,"url":"https:\/\/360mallorcaproperty.com\/wp-content\/uploads\/2025\/07\/WhatsApp-Image-2024-03-27-at-12.52.46-PM-210x210.jpeg"},"partners-logo":{"file":"WhatsApp-Image-2024-03-27-at-12.52.46-PM-600x900.jpeg","width":600,"height":900,"mime-type":"image\/jpeg","filesize":88357,"url":"https:\/\/360mallorcaproperty.com\/wp-content\/uploads\/2025\/07\/WhatsApp-Image-2024-03-27-at-12.52.46-PM-600x900.jpeg"},"post-featured-image":{"file":"WhatsApp-Image-2024-03-27-at-12.52.46-PM-1240x720.jpeg","width":1240,"height":720,"mime-type":"image\/jpeg","filesize":112119,"url":"https:\/\/360mallorcaproperty.com\/wp-content\/uploads\/2025\/07\/WhatsApp-Image-2024-03-27-at-12.52.46-PM-1240x720.jpeg"}},"image_meta":{"aperture":"0","credit":"","camera":"","caption":"","created_timestamp":"0","copyright":"","focal_length":"0","iso":"0","shutter_speed":"0","title":"","orientation":"0","keywords":[]},"ID":"30556","name":"WhatsApp-Image-2024-03-27-at-12.52.46-PM.jpeg","path":"\/home\/mallorcaproperty\/public_html\/wp-content\/uploads\/2025\/07\/WhatsApp-Image-2024-03-27-at-12.52.46-PM.jpeg","url":"https:\/\/360mallorcaproperty.com\/wp-content\/uploads\/2025\/07\/WhatsApp-Image-2024-03-27-at-12.52.46-PM-150x150.jpeg","full_url":"https:\/\/360mallorcaproperty.com\/wp-content\/uploads\/2025\/07\/WhatsApp-Image-2024-03-27-at-12.52.46-PM.jpeg","title":"WhatsApp Image 2024-03-27 at 12.52.46 PM","caption":"","description":"","alt":"","srcset":"https:\/\/360mallorcaproperty.com\/wp-content\/uploads\/2025\/07\/WhatsApp-Image-2024-03-27-at-12.52.46-PM-150x150.jpeg 150w, https:\/\/360mallorcaproperty.com\/wp-content\/uploads\/2025\/07\/WhatsApp-Image-2024-03-27-at-12.52.46-PM-210x210.jpeg 210w"},{"width":150,"height":150,"file":"2025\/07\/WhatsApp-Image-2024-03-27-at-12.52.47-PM-1.jpeg","filesize":254914,"sizes":{"medium":{"file":"WhatsApp-Image-2024-03-27-at-12.52.47-PM-1-300x169.jpeg","width":300,"height":169,"mime-type":"image\/jpeg","filesize":12323,"url":"https:\/\/360mallorcaproperty.com\/wp-content\/uploads\/2025\/07\/WhatsApp-Image-2024-03-27-at-12.52.47-PM-1-300x169.jpeg"},"large":{"file":"WhatsApp-Image-2024-03-27-at-12.52.47-PM-1-1024x576.jpeg","width":1024,"height":576,"mime-type":"image\/jpeg","filesize":89225,"url":"https:\/\/360mallorcaproperty.com\/wp-content\/uploads\/2025\/07\/WhatsApp-Image-2024-03-27-at-12.52.47-PM-1-1024x576.jpeg"},"thumbnail":{"file":"WhatsApp-Image-2024-03-27-at-12.52.47-PM-1-150x150.jpeg","width":150,"height":150,"mime-type":"image\/jpeg","filesize":6549,"url":"https:\/\/360mallorcaproperty.com\/wp-content\/uploads\/2025\/07\/WhatsApp-Image-2024-03-27-at-12.52.47-PM-1-150x150.jpeg"},"medium_large":{"file":"WhatsApp-Image-2024-03-27-at-12.52.47-PM-1-768x432.jpeg","width":768,"height":432,"mime-type":"image\/jpeg","filesize":54863,"url":"https:\/\/360mallorcaproperty.com\/wp-content\/uploads\/2025\/07\/WhatsApp-Image-2024-03-27-at-12.52.47-PM-1-768x432.jpeg"},"1536x1536":{"file":"WhatsApp-Image-2024-03-27-at-12.52.47-PM-1-1536x864.jpeg","width":1536,"height":864,"mime-type":"image\/jpeg","filesize":176112,"url":"https:\/\/360mallorcaproperty.com\/wp-content\/uploads\/2025\/07\/WhatsApp-Image-2024-03-27-at-12.52.47-PM-1-1536x864.jpeg"},"post-thumbnail":{"file":"WhatsApp-Image-2024-03-27-at-12.52.47-PM-1-150x84.jpeg","width":150,"height":84,"mime-type":"image\/jpeg","filesize":4577,"url":"https:\/\/360mallorcaproperty.com\/wp-content\/uploads\/2025\/07\/WhatsApp-Image-2024-03-27-at-12.52.47-PM-1-150x84.jpeg"},"modern-property-child-slider":{"file":"WhatsApp-Image-2024-03-27-at-12.52.47-PM-1-680x510.jpeg","width":680,"height":510,"mime-type":"image\/jpeg","filesize":55952,"url":"https:\/\/360mallorcaproperty.com\/wp-content\/uploads\/2025\/07\/WhatsApp-Image-2024-03-27-at-12.52.47-PM-1-680x510.jpeg"},"property-thumb-image":{"file":"WhatsApp-Image-2024-03-27-at-12.52.47-PM-1-488x326.jpeg","width":488,"height":326,"mime-type":"image\/jpeg","filesize":29656,"url":"https:\/\/360mallorcaproperty.com\/wp-content\/uploads\/2025\/07\/WhatsApp-Image-2024-03-27-at-12.52.47-PM-1-488x326.jpeg"},"property-detail-video-image":{"file":"WhatsApp-Image-2024-03-27-at-12.52.47-PM-1-818x417.jpeg","width":818,"height":417,"mime-type":"image\/jpeg","filesize":57977,"url":"https:\/\/360mallorcaproperty.com\/wp-content\/uploads\/2025\/07\/WhatsApp-Image-2024-03-27-at-12.52.47-PM-1-818x417.jpeg"},"agent-image":{"file":"WhatsApp-Image-2024-03-27-at-12.52.47-PM-1-210x210.jpeg","width":210,"height":210,"mime-type":"image\/jpeg","filesize":10620,"url":"https:\/\/360mallorcaproperty.com\/wp-content\/uploads\/2025\/07\/WhatsApp-Image-2024-03-27-at-12.52.47-PM-1-210x210.jpeg"},"partners-logo":{"file":"WhatsApp-Image-2024-03-27-at-12.52.47-PM-1-600x900.jpeg","width":600,"height":900,"mime-type":"image\/jpeg","filesize":89871,"url":"https:\/\/360mallorcaproperty.com\/wp-content\/uploads\/2025\/07\/WhatsApp-Image-2024-03-27-at-12.52.47-PM-1-600x900.jpeg"},"post-featured-image":{"file":"WhatsApp-Image-2024-03-27-at-12.52.47-PM-1-1240x720.jpeg","width":1240,"height":720,"mime-type":"image\/jpeg","filesize":126596,"url":"https:\/\/360mallorcaproperty.com\/wp-content\/uploads\/2025\/07\/WhatsApp-Image-2024-03-27-at-12.52.47-PM-1-1240x720.jpeg"}},"image_meta":{"aperture":"0","credit":"","camera":"","caption":"","created_timestamp":"0","copyright":"","focal_length":"0","iso":"0","shutter_speed":"0","title":"","orientation":"0","keywords":[]},"ID":"30559","name":"WhatsApp-Image-2024-03-27-at-12.52.47-PM-1.jpeg","path":"\/home\/mallorcaproperty\/public_html\/wp-content\/uploads\/2025\/07\/WhatsApp-Image-2024-03-27-at-12.52.47-PM-1.jpeg","url":"https:\/\/360mallorcaproperty.com\/wp-content\/uploads\/2025\/07\/WhatsApp-Image-2024-03-27-at-12.52.47-PM-1-150x150.jpeg","full_url":"https:\/\/360mallorcaproperty.com\/wp-content\/uploads\/2025\/07\/WhatsApp-Image-2024-03-27-at-12.52.47-PM-1.jpeg","title":"WhatsApp Image 2024-03-27 at 12.52.47 PM (1)","caption":"","description":"","alt":"","srcset":"https:\/\/360mallorcaproperty.com\/wp-content\/uploads\/2025\/07\/WhatsApp-Image-2024-03-27-at-12.52.47-PM-1-150x150.jpeg 150w, https:\/\/360mallorcaproperty.com\/wp-content\/uploads\/2025\/07\/WhatsApp-Image-2024-03-27-at-12.52.47-PM-1-210x210.jpeg 210w"},{"width":150,"height":150,"file":"2025\/07\/WhatsApp-Image-2024-03-27-at-12.52.47-PM-2.jpeg","filesize":219099,"sizes":{"medium":{"file":"WhatsApp-Image-2024-03-27-at-12.52.47-PM-2-300x169.jpeg","width":300,"height":169,"mime-type":"image\/jpeg","filesize":12039,"url":"https:\/\/360mallorcaproperty.com\/wp-content\/uploads\/2025\/07\/WhatsApp-Image-2024-03-27-at-12.52.47-PM-2-300x169.jpeg"},"large":{"file":"WhatsApp-Image-2024-03-27-at-12.52.47-PM-2-1024x576.jpeg","width":1024,"height":576,"mime-type":"image\/jpeg","filesize":79242,"url":"https:\/\/360mallorcaproperty.com\/wp-content\/uploads\/2025\/07\/WhatsApp-Image-2024-03-27-at-12.52.47-PM-2-1024x576.jpeg"},"thumbnail":{"file":"WhatsApp-Image-2024-03-27-at-12.52.47-PM-2-150x150.jpeg","width":150,"height":150,"mime-type":"image\/jpeg","filesize":5736,"url":"https:\/\/360mallorcaproperty.com\/wp-content\/uploads\/2025\/07\/WhatsApp-Image-2024-03-27-at-12.52.47-PM-2-150x150.jpeg"},"medium_large":{"file":"WhatsApp-Image-2024-03-27-at-12.52.47-PM-2-768x432.jpeg","width":768,"height":432,"mime-type":"image\/jpeg","filesize":49515,"url":"https:\/\/360mallorcaproperty.com\/wp-content\/uploads\/2025\/07\/WhatsApp-Image-2024-03-27-at-12.52.47-PM-2-768x432.jpeg"},"1536x1536":{"file":"WhatsApp-Image-2024-03-27-at-12.52.47-PM-2-1536x864.jpeg","width":1536,"height":864,"mime-type":"image\/jpeg","filesize":155198,"url":"https:\/\/360mallorcaproperty.com\/wp-content\/uploads\/2025\/07\/WhatsApp-Image-2024-03-27-at-12.52.47-PM-2-1536x864.jpeg"},"post-thumbnail":{"file":"WhatsApp-Image-2024-03-27-at-12.52.47-PM-2-150x84.jpeg","width":150,"height":84,"mime-type":"image\/jpeg","filesize":4473,"url":"https:\/\/360mallorcaproperty.com\/wp-content\/uploads\/2025\/07\/WhatsApp-Image-2024-03-27-at-12.52.47-PM-2-150x84.jpeg"},"modern-property-child-slider":{"file":"WhatsApp-Image-2024-03-27-at-12.52.47-PM-2-680x510.jpeg","width":680,"height":510,"mime-type":"image\/jpeg","filesize":50588,"url":"https:\/\/360mallorcaproperty.com\/wp-content\/uploads\/2025\/07\/WhatsApp-Image-2024-03-27-at-12.52.47-PM-2-680x510.jpeg"},"property-thumb-image":{"file":"WhatsApp-Image-2024-03-27-at-12.52.47-PM-2-488x326.jpeg","width":488,"height":326,"mime-type":"image\/jpeg","filesize":27903,"url":"https:\/\/360mallorcaproperty.com\/wp-content\/uploads\/2025\/07\/WhatsApp-Image-2024-03-27-at-12.52.47-PM-2-488x326.jpeg"},"property-detail-video-image":{"file":"WhatsApp-Image-2024-03-27-at-12.52.47-PM-2-818x417.jpeg","width":818,"height":417,"mime-type":"image\/jpeg","filesize":51750,"url":"https:\/\/360mallorcaproperty.com\/wp-content\/uploads\/2025\/07\/WhatsApp-Image-2024-03-27-at-12.52.47-PM-2-818x417.jpeg"},"agent-image":{"file":"WhatsApp-Image-2024-03-27-at-12.52.47-PM-2-210x210.jpeg","width":210,"height":210,"mime-type":"image\/jpeg","filesize":9274,"url":"https:\/\/360mallorcaproperty.com\/wp-content\/uploads\/2025\/07\/WhatsApp-Image-2024-03-27-at-12.52.47-PM-2-210x210.jpeg"},"partners-logo":{"file":"WhatsApp-Image-2024-03-27-at-12.52.47-PM-2-600x900.jpeg","width":600,"height":900,"mime-type":"image\/jpeg","filesize":62267,"url":"https:\/\/360mallorcaproperty.com\/wp-content\/uploads\/2025\/07\/WhatsApp-Image-2024-03-27-at-12.52.47-PM-2-600x900.jpeg"},"post-featured-image":{"file":"WhatsApp-Image-2024-03-27-at-12.52.47-PM-2-1240x720.jpeg","width":1240,"height":720,"mime-type":"image\/jpeg","filesize":111534,"url":"https:\/\/360mallorcaproperty.com\/wp-content\/uploads\/2025\/07\/WhatsApp-Image-2024-03-27-at-12.52.47-PM-2-1240x720.jpeg"}},"image_meta":{"aperture":"0","credit":"","camera":"","caption":"","created_timestamp":"0","copyright":"","focal_length":"0","iso":"0","shutter_speed":"0","title":"","orientation":"0","keywords":[]},"ID":"30562","name":"WhatsApp-Image-2024-03-27-at-12.52.47-PM-2.jpeg","path":"\/home\/mallorcaproperty\/public_html\/wp-content\/uploads\/2025\/07\/WhatsApp-Image-2024-03-27-at-12.52.47-PM-2.jpeg","url":"https:\/\/360mallorcaproperty.com\/wp-content\/uploads\/2025\/07\/WhatsApp-Image-2024-03-27-at-12.52.47-PM-2-150x150.jpeg","full_url":"https:\/\/360mallorcaproperty.com\/wp-content\/uploads\/2025\/07\/WhatsApp-Image-2024-03-27-at-12.52.47-PM-2.jpeg","title":"WhatsApp Image 2024-03-27 at 12.52.47 PM (2)","caption":"","description":"","alt":"","srcset":"https:\/\/360mallorcaproperty.com\/wp-content\/uploads\/2025\/07\/WhatsApp-Image-2024-03-27-at-12.52.47-PM-2-150x150.jpeg 150w, https:\/\/360mallorcaproperty.com\/wp-content\/uploads\/2025\/07\/WhatsApp-Image-2024-03-27-at-12.52.47-PM-2-210x210.jpeg 210w"},{"width":150,"height":150,"file":"2025\/07\/WhatsApp-Image-2024-03-27-at-12.52.48-PM-1.jpeg","filesize":266787,"sizes":{"medium":{"file":"WhatsApp-Image-2024-03-27-at-12.52.48-PM-1-300x169.jpeg","width":300,"height":169,"mime-type":"image\/jpeg","filesize":12598,"url":"https:\/\/360mallorcaproperty.com\/wp-content\/uploads\/2025\/07\/WhatsApp-Image-2024-03-27-at-12.52.48-PM-1-300x169.jpeg"},"large":{"file":"WhatsApp-Image-2024-03-27-at-12.52.48-PM-1-1024x576.jpeg","width":1024,"height":576,"mime-type":"image\/jpeg","filesize":93674,"url":"https:\/\/360mallorcaproperty.com\/wp-content\/uploads\/2025\/07\/WhatsApp-Image-2024-03-27-at-12.52.48-PM-1-1024x576.jpeg"},"thumbnail":{"file":"WhatsApp-Image-2024-03-27-at-12.52.48-PM-1-150x150.jpeg","width":150,"height":150,"mime-type":"image\/jpeg","filesize":7184,"url":"https:\/\/360mallorcaproperty.com\/wp-content\/uploads\/2025\/07\/WhatsApp-Image-2024-03-27-at-12.52.48-PM-1-150x150.jpeg"},"medium_large":{"file":"WhatsApp-Image-2024-03-27-at-12.52.48-PM-1-768x432.jpeg","width":768,"height":432,"mime-type":"image\/jpeg","filesize":57300,"url":"https:\/\/360mallorcaproperty.com\/wp-content\/uploads\/2025\/07\/WhatsApp-Image-2024-03-27-at-12.52.48-PM-1-768x432.jpeg"},"1536x1536":{"file":"WhatsApp-Image-2024-03-27-at-12.52.48-PM-1-1536x864.jpeg","width":1536,"height":864,"mime-type":"image\/jpeg","filesize":185302,"url":"https:\/\/360mallorcaproperty.com\/wp-content\/uploads\/2025\/07\/WhatsApp-Image-2024-03-27-at-12.52.48-PM-1-1536x864.jpeg"},"post-thumbnail":{"file":"WhatsApp-Image-2024-03-27-at-12.52.48-PM-1-150x84.jpeg","width":150,"height":84,"mime-type":"image\/jpeg","filesize":4629,"url":"https:\/\/360mallorcaproperty.com\/wp-content\/uploads\/2025\/07\/WhatsApp-Image-2024-03-27-at-12.52.48-PM-1-150x84.jpeg"},"modern-property-child-slider":{"file":"WhatsApp-Image-2024-03-27-at-12.52.48-PM-1-680x510.jpeg","width":680,"height":510,"mime-type":"image\/jpeg","filesize":62657,"url":"https:\/\/360mallorcaproperty.com\/wp-content\/uploads\/2025\/07\/WhatsApp-Image-2024-03-27-at-12.52.48-PM-1-680x510.jpeg"},"property-thumb-image":{"file":"WhatsApp-Image-2024-03-27-at-12.52.48-PM-1-488x326.jpeg","width":488,"height":326,"mime-type":"image\/jpeg","filesize":32610,"url":"https:\/\/360mallorcaproperty.com\/wp-content\/uploads\/2025\/07\/WhatsApp-Image-2024-03-27-at-12.52.48-PM-1-488x326.jpeg"},"property-detail-video-image":{"file":"WhatsApp-Image-2024-03-27-at-12.52.48-PM-1-818x417.jpeg","width":818,"height":417,"mime-type":"image\/jpeg","filesize":60565,"url":"https:\/\/360mallorcaproperty.com\/wp-content\/uploads\/2025\/07\/WhatsApp-Image-2024-03-27-at-12.52.48-PM-1-818x417.jpeg"},"agent-image":{"file":"WhatsApp-Image-2024-03-27-at-12.52.48-PM-1-210x210.jpeg","width":210,"height":210,"mime-type":"image\/jpeg","filesize":12066,"url":"https:\/\/360mallorcaproperty.com\/wp-content\/uploads\/2025\/07\/WhatsApp-Image-2024-03-27-at-12.52.48-PM-1-210x210.jpeg"},"partners-logo":{"file":"WhatsApp-Image-2024-03-27-at-12.52.48-PM-1-600x900.jpeg","width":600,"height":900,"mime-type":"image\/jpeg","filesize":97930,"url":"https:\/\/360mallorcaproperty.com\/wp-content\/uploads\/2025\/07\/WhatsApp-Image-2024-03-27-at-12.52.48-PM-1-600x900.jpeg"},"post-featured-image":{"file":"WhatsApp-Image-2024-03-27-at-12.52.48-PM-1-1240x720.jpeg","width":1240,"height":720,"mime-type":"image\/jpeg","filesize":133748,"url":"https:\/\/360mallorcaproperty.com\/wp-content\/uploads\/2025\/07\/WhatsApp-Image-2024-03-27-at-12.52.48-PM-1-1240x720.jpeg"}},"image_meta":{"aperture":"0","credit":"","camera":"","caption":"","created_timestamp":"0","copyright":"","focal_length":"0","iso":"0","shutter_speed":"0","title":"","orientation":"0","keywords":[]},"ID":"30565","name":"WhatsApp-Image-2024-03-27-at-12.52.48-PM-1.jpeg","path":"\/home\/mallorcaproperty\/public_html\/wp-content\/uploads\/2025\/07\/WhatsApp-Image-2024-03-27-at-12.52.48-PM-1.jpeg","url":"https:\/\/360mallorcaproperty.com\/wp-content\/uploads\/2025\/07\/WhatsApp-Image-2024-03-27-at-12.52.48-PM-1-150x150.jpeg","full_url":"https:\/\/360mallorcaproperty.com\/wp-content\/uploads\/2025\/07\/WhatsApp-Image-2024-03-27-at-12.52.48-PM-1.jpeg","title":"WhatsApp Image 2024-03-27 at 12.52.48 PM (1)","caption":"","description":"","alt":"","srcset":"https:\/\/360mallorcaproperty.com\/wp-content\/uploads\/2025\/07\/WhatsApp-Image-2024-03-27-at-12.52.48-PM-1-150x150.jpeg 150w, https:\/\/360mallorcaproperty.com\/wp-content\/uploads\/2025\/07\/WhatsApp-Image-2024-03-27-at-12.52.48-PM-1-210x210.jpeg 210w"},{"width":150,"height":150,"file":"2025\/07\/WhatsApp-Image-2024-03-27-at-12.52.48-PM-2.jpeg","filesize":228857,"sizes":{"medium":{"file":"WhatsApp-Image-2024-03-27-at-12.52.48-PM-2-300x169.jpeg","width":300,"height":169,"mime-type":"image\/jpeg","filesize":12233,"url":"https:\/\/360mallorcaproperty.com\/wp-content\/uploads\/2025\/07\/WhatsApp-Image-2024-03-27-at-12.52.48-PM-2-300x169.jpeg"},"large":{"file":"WhatsApp-Image-2024-03-27-at-12.52.48-PM-2-1024x576.jpeg","width":1024,"height":576,"mime-type":"image\/jpeg","filesize":83438,"url":"https:\/\/360mallorcaproperty.com\/wp-content\/uploads\/2025\/07\/WhatsApp-Image-2024-03-27-at-12.52.48-PM-2-1024x576.jpeg"},"thumbnail":{"file":"WhatsApp-Image-2024-03-27-at-12.52.48-PM-2-150x150.jpeg","width":150,"height":150,"mime-type":"image\/jpeg","filesize":6262,"url":"https:\/\/360mallorcaproperty.com\/wp-content\/uploads\/2025\/07\/WhatsApp-Image-2024-03-27-at-12.52.48-PM-2-150x150.jpeg"},"medium_large":{"file":"WhatsApp-Image-2024-03-27-at-12.52.48-PM-2-768x432.jpeg","width":768,"height":432,"mime-type":"image\/jpeg","filesize":51888,"url":"https:\/\/360mallorcaproperty.com\/wp-content\/uploads\/2025\/07\/WhatsApp-Image-2024-03-27-at-12.52.48-PM-2-768x432.jpeg"},"1536x1536":{"file":"WhatsApp-Image-2024-03-27-at-12.52.48-PM-2-1536x864.jpeg","width":1536,"height":864,"mime-type":"image\/jpeg","filesize":162754,"url":"https:\/\/360mallorcaproperty.com\/wp-content\/uploads\/2025\/07\/WhatsApp-Image-2024-03-27-at-12.52.48-PM-2-1536x864.jpeg"},"post-thumbnail":{"file":"WhatsApp-Image-2024-03-27-at-12.52.48-PM-2-150x84.jpeg","width":150,"height":84,"mime-type":"image\/jpeg","filesize":4625,"url":"https:\/\/360mallorcaproperty.com\/wp-content\/uploads\/2025\/07\/WhatsApp-Image-2024-03-27-at-12.52.48-PM-2-150x84.jpeg"},"modern-property-child-slider":{"file":"WhatsApp-Image-2024-03-27-at-12.52.48-PM-2-680x510.jpeg","width":680,"height":510,"mime-type":"image\/jpeg","filesize":54532,"url":"https:\/\/360mallorcaproperty.com\/wp-content\/uploads\/2025\/07\/WhatsApp-Image-2024-03-27-at-12.52.48-PM-2-680x510.jpeg"},"property-thumb-image":{"file":"WhatsApp-Image-2024-03-27-at-12.52.48-PM-2-488x326.jpeg","width":488,"height":326,"mime-type":"image\/jpeg","filesize":28909,"url":"https:\/\/360mallorcaproperty.com\/wp-content\/uploads\/2025\/07\/WhatsApp-Image-2024-03-27-at-12.52.48-PM-2-488x326.jpeg"},"property-detail-video-image":{"file":"WhatsApp-Image-2024-03-27-at-12.52.48-PM-2-818x417.jpeg","width":818,"height":417,"mime-type":"image\/jpeg","filesize":53953,"url":"https:\/\/360mallorcaproperty.com\/wp-content\/uploads\/2025\/07\/WhatsApp-Image-2024-03-27-at-12.52.48-PM-2-818x417.jpeg"},"agent-image":{"file":"WhatsApp-Image-2024-03-27-at-12.52.48-PM-2-210x210.jpeg","width":210,"height":210,"mime-type":"image\/jpeg","filesize":10140,"url":"https:\/\/360mallorcaproperty.com\/wp-content\/uploads\/2025\/07\/WhatsApp-Image-2024-03-27-at-12.52.48-PM-2-210x210.jpeg"},"partners-logo":{"file":"WhatsApp-Image-2024-03-27-at-12.52.48-PM-2-600x900.jpeg","width":600,"height":900,"mime-type":"image\/jpeg","filesize":71784,"url":"https:\/\/360mallorcaproperty.com\/wp-content\/uploads\/2025\/07\/WhatsApp-Image-2024-03-27-at-12.52.48-PM-2-600x900.jpeg"},"post-featured-image":{"file":"WhatsApp-Image-2024-03-27-at-12.52.48-PM-2-1240x720.jpeg","width":1240,"height":720,"mime-type":"image\/jpeg","filesize":117959,"url":"https:\/\/360mallorcaproperty.com\/wp-content\/uploads\/2025\/07\/WhatsApp-Image-2024-03-27-at-12.52.48-PM-2-1240x720.jpeg"}},"image_meta":{"aperture":"0","credit":"","camera":"","caption":"","created_timestamp":"0","copyright":"","focal_length":"0","iso":"0","shutter_speed":"0","title":"","orientation":"0","keywords":[]},"ID":"30568","name":"WhatsApp-Image-2024-03-27-at-12.52.48-PM-2.jpeg","path":"\/home\/mallorcaproperty\/public_html\/wp-content\/uploads\/2025\/07\/WhatsApp-Image-2024-03-27-at-12.52.48-PM-2.jpeg","url":"https:\/\/360mallorcaproperty.com\/wp-content\/uploads\/2025\/07\/WhatsApp-Image-2024-03-27-at-12.52.48-PM-2-150x150.jpeg","full_url":"https:\/\/360mallorcaproperty.com\/wp-content\/uploads\/2025\/07\/WhatsApp-Image-2024-03-27-at-12.52.48-PM-2.jpeg","title":"WhatsApp Image 2024-03-27 at 12.52.48 PM (2)","caption":"","description":"","alt":"","srcset":"https:\/\/360mallorcaproperty.com\/wp-content\/uploads\/2025\/07\/WhatsApp-Image-2024-03-27-at-12.52.48-PM-2-150x150.jpeg 150w, https:\/\/360mallorcaproperty.com\/wp-content\/uploads\/2025\/07\/WhatsApp-Image-2024-03-27-at-12.52.48-PM-2-210x210.jpeg 210w"},{"width":150,"height":150,"file":"2025\/07\/WhatsApp-Image-2024-03-27-at-12.52.48-PM.jpeg","filesize":228733,"sizes":{"medium":{"file":"WhatsApp-Image-2024-03-27-at-12.52.48-PM-300x169.jpeg","width":300,"height":169,"mime-type":"image\/jpeg","filesize":11025,"url":"https:\/\/360mallorcaproperty.com\/wp-content\/uploads\/2025\/07\/WhatsApp-Image-2024-03-27-at-12.52.48-PM-300x169.jpeg"},"large":{"file":"WhatsApp-Image-2024-03-27-at-12.52.48-PM-1024x576.jpeg","width":1024,"height":576,"mime-type":"image\/jpeg","filesize":77966,"url":"https:\/\/360mallorcaproperty.com\/wp-content\/uploads\/2025\/07\/WhatsApp-Image-2024-03-27-at-12.52.48-PM-1024x576.jpeg"},"thumbnail":{"file":"WhatsApp-Image-2024-03-27-at-12.52.48-PM-150x150.jpeg","width":150,"height":150,"mime-type":"image\/jpeg","filesize":6384,"url":"https:\/\/360mallorcaproperty.com\/wp-content\/uploads\/2025\/07\/WhatsApp-Image-2024-03-27-at-12.52.48-PM-150x150.jpeg"},"medium_large":{"file":"WhatsApp-Image-2024-03-27-at-12.52.48-PM-768x432.jpeg","width":768,"height":432,"mime-type":"image\/jpeg","filesize":47442,"url":"https:\/\/360mallorcaproperty.com\/wp-content\/uploads\/2025\/07\/WhatsApp-Image-2024-03-27-at-12.52.48-PM-768x432.jpeg"},"1536x1536":{"file":"WhatsApp-Image-2024-03-27-at-12.52.48-PM-1536x864.jpeg","width":1536,"height":864,"mime-type":"image\/jpeg","filesize":157374,"url":"https:\/\/360mallorcaproperty.com\/wp-content\/uploads\/2025\/07\/WhatsApp-Image-2024-03-27-at-12.52.48-PM-1536x864.jpeg"},"post-thumbnail":{"file":"WhatsApp-Image-2024-03-27-at-12.52.48-PM-150x84.jpeg","width":150,"height":84,"mime-type":"image\/jpeg","filesize":4203,"url":"https:\/\/360mallorcaproperty.com\/wp-content\/uploads\/2025\/07\/WhatsApp-Image-2024-03-27-at-12.52.48-PM-150x84.jpeg"},"modern-property-child-slider":{"file":"WhatsApp-Image-2024-03-27-at-12.52.48-PM-680x510.jpeg","width":680,"height":510,"mime-type":"image\/jpeg","filesize":51907,"url":"https:\/\/360mallorcaproperty.com\/wp-content\/uploads\/2025\/07\/WhatsApp-Image-2024-03-27-at-12.52.48-PM-680x510.jpeg"},"property-thumb-image":{"file":"WhatsApp-Image-2024-03-27-at-12.52.48-PM-488x326.jpeg","width":488,"height":326,"mime-type":"image\/jpeg","filesize":27257,"url":"https:\/\/360mallorcaproperty.com\/wp-content\/uploads\/2025\/07\/WhatsApp-Image-2024-03-27-at-12.52.48-PM-488x326.jpeg"},"property-detail-video-image":{"file":"WhatsApp-Image-2024-03-27-at-12.52.48-PM-818x417.jpeg","width":818,"height":417,"mime-type":"image\/jpeg","filesize":49930,"url":"https:\/\/360mallorcaproperty.com\/wp-content\/uploads\/2025\/07\/WhatsApp-Image-2024-03-27-at-12.52.48-PM-818x417.jpeg"},"agent-image":{"file":"WhatsApp-Image-2024-03-27-at-12.52.48-PM-210x210.jpeg","width":210,"height":210,"mime-type":"image\/jpeg","filesize":10634,"url":"https:\/\/360mallorcaproperty.com\/wp-content\/uploads\/2025\/07\/WhatsApp-Image-2024-03-27-at-12.52.48-PM-210x210.jpeg"},"partners-logo":{"file":"WhatsApp-Image-2024-03-27-at-12.52.48-PM-600x900.jpeg","width":600,"height":900,"mime-type":"image\/jpeg","filesize":89521,"url":"https:\/\/360mallorcaproperty.com\/wp-content\/uploads\/2025\/07\/WhatsApp-Image-2024-03-27-at-12.52.48-PM-600x900.jpeg"},"post-featured-image":{"file":"WhatsApp-Image-2024-03-27-at-12.52.48-PM-1240x720.jpeg","width":1240,"height":720,"mime-type":"image\/jpeg","filesize":112195,"url":"https:\/\/360mallorcaproperty.com\/wp-content\/uploads\/2025\/07\/WhatsApp-Image-2024-03-27-at-12.52.48-PM-1240x720.jpeg"}},"image_meta":{"aperture":"0","credit":"","camera":"","caption":"","created_timestamp":"0","copyright":"","focal_length":"0","iso":"0","shutter_speed":"0","title":"","orientation":"0","keywords":[]},"ID":"30571","name":"WhatsApp-Image-2024-03-27-at-12.52.48-PM.jpeg","path":"\/home\/mallorcaproperty\/public_html\/wp-content\/uploads\/2025\/07\/WhatsApp-Image-2024-03-27-at-12.52.48-PM.jpeg","url":"https:\/\/360mallorcaproperty.com\/wp-content\/uploads\/2025\/07\/WhatsApp-Image-2024-03-27-at-12.52.48-PM-150x150.jpeg","full_url":"https:\/\/360mallorcaproperty.com\/wp-content\/uploads\/2025\/07\/WhatsApp-Image-2024-03-27-at-12.52.48-PM.jpeg","title":"WhatsApp Image 2024-03-27 at 12.52.48 PM","caption":"","description":"","alt":"","srcset":"https:\/\/360mallorcaproperty.com\/wp-content\/uploads\/2025\/07\/WhatsApp-Image-2024-03-27-at-12.52.48-PM-150x150.jpeg 150w, https:\/\/360mallorcaproperty.com\/wp-content\/uploads\/2025\/07\/WhatsApp-Image-2024-03-27-at-12.52.48-PM-210x210.jpeg 210w"},{"width":150,"height":150,"file":"2025\/07\/WhatsApp-Image-2024-03-27-at-12.52.51-PM-1.jpeg","filesize":239669,"sizes":{"medium":{"file":"WhatsApp-Image-2024-03-27-at-12.52.51-PM-1-300x169.jpeg","width":300,"height":169,"mime-type":"image\/jpeg","filesize":11689,"url":"https:\/\/360mallorcaproperty.com\/wp-content\/uploads\/2025\/07\/WhatsApp-Image-2024-03-27-at-12.52.51-PM-1-300x169.jpeg"},"large":{"file":"WhatsApp-Image-2024-03-27-at-12.52.51-PM-1-1024x576.jpeg","width":1024,"height":576,"mime-type":"image\/jpeg","filesize":84441,"url":"https:\/\/360mallorcaproperty.com\/wp-content\/uploads\/2025\/07\/WhatsApp-Image-2024-03-27-at-12.52.51-PM-1-1024x576.jpeg"},"thumbnail":{"file":"WhatsApp-Image-2024-03-27-at-12.52.51-PM-1-150x150.jpeg","width":150,"height":150,"mime-type":"image\/jpeg","filesize":6606,"url":"https:\/\/360mallorcaproperty.com\/wp-content\/uploads\/2025\/07\/WhatsApp-Image-2024-03-27-at-12.52.51-PM-1-150x150.jpeg"},"medium_large":{"file":"WhatsApp-Image-2024-03-27-at-12.52.51-PM-1-768x432.jpeg","width":768,"height":432,"mime-type":"image\/jpeg","filesize":51674,"url":"https:\/\/360mallorcaproperty.com\/wp-content\/uploads\/2025\/07\/WhatsApp-Image-2024-03-27-at-12.52.51-PM-1-768x432.jpeg"},"1536x1536":{"file":"WhatsApp-Image-2024-03-27-at-12.52.51-PM-1-1536x864.jpeg","width":1536,"height":864,"mime-type":"image\/jpeg","filesize":167506,"url":"https:\/\/360mallorcaproperty.com\/wp-content\/uploads\/2025\/07\/WhatsApp-Image-2024-03-27-at-12.52.51-PM-1-1536x864.jpeg"},"post-thumbnail":{"file":"WhatsApp-Image-2024-03-27-at-12.52.51-PM-1-150x84.jpeg","width":150,"height":84,"mime-type":"image\/jpeg","filesize":4318,"url":"https:\/\/360mallorcaproperty.com\/wp-content\/uploads\/2025\/07\/WhatsApp-Image-2024-03-27-at-12.52.51-PM-1-150x84.jpeg"},"modern-property-child-slider":{"file":"WhatsApp-Image-2024-03-27-at-12.52.51-PM-1-680x510.jpeg","width":680,"height":510,"mime-type":"image\/jpeg","filesize":54766,"url":"https:\/\/360mallorcaproperty.com\/wp-content\/uploads\/2025\/07\/WhatsApp-Image-2024-03-27-at-12.52.51-PM-1-680x510.jpeg"},"property-thumb-image":{"file":"WhatsApp-Image-2024-03-27-at-12.52.51-PM-1-488x326.jpeg","width":488,"height":326,"mime-type":"image\/jpeg","filesize":29090,"url":"https:\/\/360mallorcaproperty.com\/wp-content\/uploads\/2025\/07\/WhatsApp-Image-2024-03-27-at-12.52.51-PM-1-488x326.jpeg"},"property-detail-video-image":{"file":"WhatsApp-Image-2024-03-27-at-12.52.51-PM-1-818x417.jpeg","width":818,"height":417,"mime-type":"image\/jpeg","filesize":53637,"url":"https:\/\/360mallorcaproperty.com\/wp-content\/uploads\/2025\/07\/WhatsApp-Image-2024-03-27-at-12.52.51-PM-1-818x417.jpeg"},"agent-image":{"file":"WhatsApp-Image-2024-03-27-at-12.52.51-PM-1-210x210.jpeg","width":210,"height":210,"mime-type":"image\/jpeg","filesize":10917,"url":"https:\/\/360mallorcaproperty.com\/wp-content\/uploads\/2025\/07\/WhatsApp-Image-2024-03-27-at-12.52.51-PM-1-210x210.jpeg"},"partners-logo":{"file":"WhatsApp-Image-2024-03-27-at-12.52.51-PM-1-600x900.jpeg","width":600,"height":900,"mime-type":"image\/jpeg","filesize":74547,"url":"https:\/\/360mallorcaproperty.com\/wp-content\/uploads\/2025\/07\/WhatsApp-Image-2024-03-27-at-12.52.51-PM-1-600x900.jpeg"},"post-featured-image":{"file":"WhatsApp-Image-2024-03-27-at-12.52.51-PM-1-1240x720.jpeg","width":1240,"height":720,"mime-type":"image\/jpeg","filesize":120068,"url":"https:\/\/360mallorcaproperty.com\/wp-content\/uploads\/2025\/07\/WhatsApp-Image-2024-03-27-at-12.52.51-PM-1-1240x720.jpeg"}},"image_meta":{"aperture":"0","credit":"","camera":"","caption":"","created_timestamp":"0","copyright":"","focal_length":"0","iso":"0","shutter_speed":"0","title":"","orientation":"0","keywords":[]},"ID":"30580","name":"WhatsApp-Image-2024-03-27-at-12.52.51-PM-1.jpeg","path":"\/home\/mallorcaproperty\/public_html\/wp-content\/uploads\/2025\/07\/WhatsApp-Image-2024-03-27-at-12.52.51-PM-1.jpeg","url":"https:\/\/360mallorcaproperty.com\/wp-content\/uploads\/2025\/07\/WhatsApp-Image-2024-03-27-at-12.52.51-PM-1-150x150.jpeg","full_url":"https:\/\/360mallorcaproperty.com\/wp-content\/uploads\/2025\/07\/WhatsApp-Image-2024-03-27-at-12.52.51-PM-1.jpeg","title":"WhatsApp Image 2024-03-27 at 12.52.51 PM (1)","caption":"","description":"","alt":"","srcset":"https:\/\/360mallorcaproperty.com\/wp-content\/uploads\/2025\/07\/WhatsApp-Image-2024-03-27-at-12.52.51-PM-1-150x150.jpeg 150w, https:\/\/360mallorcaproperty.com\/wp-content\/uploads\/2025\/07\/WhatsApp-Image-2024-03-27-at-12.52.51-PM-1-210x210.jpeg 210w"},{"width":150,"height":150,"file":"2025\/07\/WhatsApp-Image-2024-03-27-at-12.52.52-PM-1.jpeg","filesize":242313,"sizes":{"medium":{"file":"WhatsApp-Image-2024-03-27-at-12.52.52-PM-1-300x169.jpeg","width":300,"height":169,"mime-type":"image\/jpeg","filesize":11958,"url":"https:\/\/360mallorcaproperty.com\/wp-content\/uploads\/2025\/07\/WhatsApp-Image-2024-03-27-at-12.52.52-PM-1-300x169.jpeg"},"large":{"file":"WhatsApp-Image-2024-03-27-at-12.52.52-PM-1-1024x576.jpeg","width":1024,"height":576,"mime-type":"image\/jpeg","filesize":83357,"url":"https:\/\/360mallorcaproperty.com\/wp-content\/uploads\/2025\/07\/WhatsApp-Image-2024-03-27-at-12.52.52-PM-1-1024x576.jpeg"},"thumbnail":{"file":"WhatsApp-Image-2024-03-27-at-12.52.52-PM-1-150x150.jpeg","width":150,"height":150,"mime-type":"image\/jpeg","filesize":6176,"url":"https:\/\/360mallorcaproperty.com\/wp-content\/uploads\/2025\/07\/WhatsApp-Image-2024-03-27-at-12.52.52-PM-1-150x150.jpeg"},"medium_large":{"file":"WhatsApp-Image-2024-03-27-at-12.52.52-PM-1-768x432.jpeg","width":768,"height":432,"mime-type":"image\/jpeg","filesize":51459,"url":"https:\/\/360mallorcaproperty.com\/wp-content\/uploads\/2025\/07\/WhatsApp-Image-2024-03-27-at-12.52.52-PM-1-768x432.jpeg"},"1536x1536":{"file":"WhatsApp-Image-2024-03-27-at-12.52.52-PM-1-1536x864.jpeg","width":1536,"height":864,"mime-type":"image\/jpeg","filesize":167552,"url":"https:\/\/360mallorcaproperty.com\/wp-content\/uploads\/2025\/07\/WhatsApp-Image-2024-03-27-at-12.52.52-PM-1-1536x864.jpeg"},"post-thumbnail":{"file":"WhatsApp-Image-2024-03-27-at-12.52.52-PM-1-150x84.jpeg","width":150,"height":84,"mime-type":"image\/jpeg","filesize":4419,"url":"https:\/\/360mallorcaproperty.com\/wp-content\/uploads\/2025\/07\/WhatsApp-Image-2024-03-27-at-12.52.52-PM-1-150x84.jpeg"},"modern-property-child-slider":{"file":"WhatsApp-Image-2024-03-27-at-12.52.52-PM-1-680x510.jpeg","width":680,"height":510,"mime-type":"image\/jpeg","filesize":52045,"url":"https:\/\/360mallorcaproperty.com\/wp-content\/uploads\/2025\/07\/WhatsApp-Image-2024-03-27-at-12.52.52-PM-1-680x510.jpeg"},"property-thumb-image":{"file":"WhatsApp-Image-2024-03-27-at-12.52.52-PM-1-488x326.jpeg","width":488,"height":326,"mime-type":"image\/jpeg","filesize":28268,"url":"https:\/\/360mallorcaproperty.com\/wp-content\/uploads\/2025\/07\/WhatsApp-Image-2024-03-27-at-12.52.52-PM-1-488x326.jpeg"},"property-detail-video-image":{"file":"WhatsApp-Image-2024-03-27-at-12.52.52-PM-1-818x417.jpeg","width":818,"height":417,"mime-type":"image\/jpeg","filesize":54470,"url":"https:\/\/360mallorcaproperty.com\/wp-content\/uploads\/2025\/07\/WhatsApp-Image-2024-03-27-at-12.52.52-PM-1-818x417.jpeg"},"agent-image":{"file":"WhatsApp-Image-2024-03-27-at-12.52.52-PM-1-210x210.jpeg","width":210,"height":210,"mime-type":"image\/jpeg","filesize":10145,"url":"https:\/\/360mallorcaproperty.com\/wp-content\/uploads\/2025\/07\/WhatsApp-Image-2024-03-27-at-12.52.52-PM-1-210x210.jpeg"},"partners-logo":{"file":"WhatsApp-Image-2024-03-27-at-12.52.52-PM-1-600x900.jpeg","width":600,"height":900,"mime-type":"image\/jpeg","filesize":76468,"url":"https:\/\/360mallorcaproperty.com\/wp-content\/uploads\/2025\/07\/WhatsApp-Image-2024-03-27-at-12.52.52-PM-1-600x900.jpeg"},"post-featured-image":{"file":"WhatsApp-Image-2024-03-27-at-12.52.52-PM-1-1240x720.jpeg","width":1240,"height":720,"mime-type":"image\/jpeg","filesize":119759,"url":"https:\/\/360mallorcaproperty.com\/wp-content\/uploads\/2025\/07\/WhatsApp-Image-2024-03-27-at-12.52.52-PM-1-1240x720.jpeg"}},"image_meta":{"aperture":"0","credit":"","camera":"","caption":"","created_timestamp":"0","copyright":"","focal_length":"0","iso":"0","shutter_speed":"0","title":"","orientation":"0","keywords":[]},"ID":"30583","name":"WhatsApp-Image-2024-03-27-at-12.52.52-PM-1.jpeg","path":"\/home\/mallorcaproperty\/public_html\/wp-content\/uploads\/2025\/07\/WhatsApp-Image-2024-03-27-at-12.52.52-PM-1.jpeg","url":"https:\/\/360mallorcaproperty.com\/wp-content\/uploads\/2025\/07\/WhatsApp-Image-2024-03-27-at-12.52.52-PM-1-150x150.jpeg","full_url":"https:\/\/360mallorcaproperty.com\/wp-content\/uploads\/2025\/07\/WhatsApp-Image-2024-03-27-at-12.52.52-PM-1.jpeg","title":"WhatsApp Image 2024-03-27 at 12.52.52 PM (1)","caption":"","description":"","alt":"","srcset":"https:\/\/360mallorcaproperty.com\/wp-content\/uploads\/2025\/07\/WhatsApp-Image-2024-03-27-at-12.52.52-PM-1-150x150.jpeg 150w, https:\/\/360mallorcaproperty.com\/wp-content\/uploads\/2025\/07\/WhatsApp-Image-2024-03-27-at-12.52.52-PM-1-210x210.jpeg 210w"},{"width":150,"height":150,"file":"2025\/07\/WhatsApp-Image-2024-03-27-at-12.52.52-PM-2.jpeg","filesize":221637,"sizes":{"medium":{"file":"WhatsApp-Image-2024-03-27-at-12.52.52-PM-2-300x169.jpeg","width":300,"height":169,"mime-type":"image\/jpeg","filesize":11338,"url":"https:\/\/360mallorcaproperty.com\/wp-content\/uploads\/2025\/07\/WhatsApp-Image-2024-03-27-at-12.52.52-PM-2-300x169.jpeg"},"large":{"file":"WhatsApp-Image-2024-03-27-at-12.52.52-PM-2-1024x576.jpeg","width":1024,"height":576,"mime-type":"image\/jpeg","filesize":78313,"url":"https:\/\/360mallorcaproperty.com\/wp-content\/uploads\/2025\/07\/WhatsApp-Image-2024-03-27-at-12.52.52-PM-2-1024x576.jpeg"},"thumbnail":{"file":"WhatsApp-Image-2024-03-27-at-12.52.52-PM-2-150x150.jpeg","width":150,"height":150,"mime-type":"image\/jpeg","filesize":5629,"url":"https:\/\/360mallorcaproperty.com\/wp-content\/uploads\/2025\/07\/WhatsApp-Image-2024-03-27-at-12.52.52-PM-2-150x150.jpeg"},"medium_large":{"file":"WhatsApp-Image-2024-03-27-at-12.52.52-PM-2-768x432.jpeg","width":768,"height":432,"mime-type":"image\/jpeg","filesize":48632,"url":"https:\/\/360mallorcaproperty.com\/wp-content\/uploads\/2025\/07\/WhatsApp-Image-2024-03-27-at-12.52.52-PM-2-768x432.jpeg"},"1536x1536":{"file":"WhatsApp-Image-2024-03-27-at-12.52.52-PM-2-1536x864.jpeg","width":1536,"height":864,"mime-type":"image\/jpeg","filesize":154749,"url":"https:\/\/360mallorcaproperty.com\/wp-content\/uploads\/2025\/07\/WhatsApp-Image-2024-03-27-at-12.52.52-PM-2-1536x864.jpeg"},"post-thumbnail":{"file":"WhatsApp-Image-2024-03-27-at-12.52.52-PM-2-150x84.jpeg","width":150,"height":84,"mime-type":"image\/jpeg","filesize":4276,"url":"https:\/\/360mallorcaproperty.com\/wp-content\/uploads\/2025\/07\/WhatsApp-Image-2024-03-27-at-12.52.52-PM-2-150x84.jpeg"},"modern-property-child-slider":{"file":"WhatsApp-Image-2024-03-27-at-12.52.52-PM-2-680x510.jpeg","width":680,"height":510,"mime-type":"image\/jpeg","filesize":49395,"url":"https:\/\/360mallorcaproperty.com\/wp-content\/uploads\/2025\/07\/WhatsApp-Image-2024-03-27-at-12.52.52-PM-2-680x510.jpeg"},"property-thumb-image":{"file":"WhatsApp-Image-2024-03-27-at-12.52.52-PM-2-488x326.jpeg","width":488,"height":326,"mime-type":"image\/jpeg","filesize":27002,"url":"https:\/\/360mallorcaproperty.com\/wp-content\/uploads\/2025\/07\/WhatsApp-Image-2024-03-27-at-12.52.52-PM-2-488x326.jpeg"},"property-detail-video-image":{"file":"WhatsApp-Image-2024-03-27-at-12.52.52-PM-2-818x417.jpeg","width":818,"height":417,"mime-type":"image\/jpeg","filesize":50486,"url":"https:\/\/360mallorcaproperty.com\/wp-content\/uploads\/2025\/07\/WhatsApp-Image-2024-03-27-at-12.52.52-PM-2-818x417.jpeg"},"agent-image":{"file":"WhatsApp-Image-2024-03-27-at-12.52.52-PM-2-210x210.jpeg","width":210,"height":210,"mime-type":"image\/jpeg","filesize":9257,"url":"https:\/\/360mallorcaproperty.com\/wp-content\/uploads\/2025\/07\/WhatsApp-Image-2024-03-27-at-12.52.52-PM-2-210x210.jpeg"},"partners-logo":{"file":"WhatsApp-Image-2024-03-27-at-12.52.52-PM-2-600x900.jpeg","width":600,"height":900,"mime-type":"image\/jpeg","filesize":66547,"url":"https:\/\/360mallorcaproperty.com\/wp-content\/uploads\/2025\/07\/WhatsApp-Image-2024-03-27-at-12.52.52-PM-2-600x900.jpeg"},"post-featured-image":{"file":"WhatsApp-Image-2024-03-27-at-12.52.52-PM-2-1240x720.jpeg","width":1240,"height":720,"mime-type":"image\/jpeg","filesize":110474,"url":"https:\/\/360mallorcaproperty.com\/wp-content\/uploads\/2025\/07\/WhatsApp-Image-2024-03-27-at-12.52.52-PM-2-1240x720.jpeg"}},"image_meta":{"aperture":"0","credit":"","camera":"","caption":"","created_timestamp":"0","copyright":"","focal_length":"0","iso":"0","shutter_speed":"0","title":"","orientation":"0","keywords":[]},"ID":"30586","name":"WhatsApp-Image-2024-03-27-at-12.52.52-PM-2.jpeg","path":"\/home\/mallorcaproperty\/public_html\/wp-content\/uploads\/2025\/07\/WhatsApp-Image-2024-03-27-at-12.52.52-PM-2.jpeg","url":"https:\/\/360mallorcaproperty.com\/wp-content\/uploads\/2025\/07\/WhatsApp-Image-2024-03-27-at-12.52.52-PM-2-150x150.jpeg","full_url":"https:\/\/360mallorcaproperty.com\/wp-content\/uploads\/2025\/07\/WhatsApp-Image-2024-03-27-at-12.52.52-PM-2.jpeg","title":"WhatsApp Image 2024-03-27 at 12.52.52 PM (2)","caption":"","description":"","alt":"","srcset":"https:\/\/360mallorcaproperty.com\/wp-content\/uploads\/2025\/07\/WhatsApp-Image-2024-03-27-at-12.52.52-PM-2-150x150.jpeg 150w, https:\/\/360mallorcaproperty.com\/wp-content\/uploads\/2025\/07\/WhatsApp-Image-2024-03-27-at-12.52.52-PM-2-210x210.jpeg 210w"},{"width":150,"height":150,"file":"2025\/07\/WhatsApp-Image-2024-03-27-at-12.52.53-PM-1.jpeg","filesize":221318,"sizes":{"medium":{"file":"WhatsApp-Image-2024-03-27-at-12.52.53-PM-1-169x300.jpeg","width":169,"height":300,"mime-type":"image\/jpeg","filesize":10317,"url":"https:\/\/360mallorcaproperty.com\/wp-content\/uploads\/2025\/07\/WhatsApp-Image-2024-03-27-at-12.52.53-PM-1-169x300.jpeg"},"large":{"file":"WhatsApp-Image-2024-03-27-at-12.52.53-PM-1-576x1024.jpeg","width":576,"height":1024,"mime-type":"image\/jpeg","filesize":77042,"url":"https:\/\/360mallorcaproperty.com\/wp-content\/uploads\/2025\/07\/WhatsApp-Image-2024-03-27-at-12.52.53-PM-1-576x1024.jpeg"},"thumbnail":{"file":"WhatsApp-Image-2024-03-27-at-12.52.53-PM-1-150x150.jpeg","width":150,"height":150,"mime-type":"image\/jpeg","filesize":6256,"url":"https:\/\/360mallorcaproperty.com\/wp-content\/uploads\/2025\/07\/WhatsApp-Image-2024-03-27-at-12.52.53-PM-1-150x150.jpeg"},"medium_large":{"file":"WhatsApp-Image-2024-03-27-at-12.52.53-PM-1-768x1365.jpeg","width":768,"height":1365,"mime-type":"image\/jpeg","filesize":128134,"url":"https:\/\/360mallorcaproperty.com\/wp-content\/uploads\/2025\/07\/WhatsApp-Image-2024-03-27-at-12.52.53-PM-1-768x1365.jpeg"},"1536x1536":{"file":"WhatsApp-Image-2024-03-27-at-12.52.53-PM-1-864x1536.jpeg","width":864,"height":1536,"mime-type":"image\/jpeg","filesize":156063,"url":"https:\/\/360mallorcaproperty.com\/wp-content\/uploads\/2025\/07\/WhatsApp-Image-2024-03-27-at-12.52.53-PM-1-864x1536.jpeg"},"post-thumbnail":{"file":"WhatsApp-Image-2024-03-27-at-12.52.53-PM-1-84x150.jpeg","width":84,"height":150,"mime-type":"image\/jpeg","filesize":3836,"url":"https:\/\/360mallorcaproperty.com\/wp-content\/uploads\/2025\/07\/WhatsApp-Image-2024-03-27-at-12.52.53-PM-1-84x150.jpeg"},"modern-property-child-slider":{"file":"WhatsApp-Image-2024-03-27-at-12.52.53-PM-1-680x510.jpeg","width":680,"height":510,"mime-type":"image\/jpeg","filesize":53186,"url":"https:\/\/360mallorcaproperty.com\/wp-content\/uploads\/2025\/07\/WhatsApp-Image-2024-03-27-at-12.52.53-PM-1-680x510.jpeg"},"property-thumb-image":{"file":"WhatsApp-Image-2024-03-27-at-12.52.53-PM-1-488x326.jpeg","width":488,"height":326,"mime-type":"image\/jpeg","filesize":28618,"url":"https:\/\/360mallorcaproperty.com\/wp-content\/uploads\/2025\/07\/WhatsApp-Image-2024-03-27-at-12.52.53-PM-1-488x326.jpeg"},"property-detail-video-image":{"file":"WhatsApp-Image-2024-03-27-at-12.52.53-PM-1-818x417.jpeg","width":818,"height":417,"mime-type":"image\/jpeg","filesize":54325,"url":"https:\/\/360mallorcaproperty.com\/wp-content\/uploads\/2025\/07\/WhatsApp-Image-2024-03-27-at-12.52.53-PM-1-818x417.jpeg"},"agent-image":{"file":"WhatsApp-Image-2024-03-27-at-12.52.53-PM-1-210x210.jpeg","width":210,"height":210,"mime-type":"image\/jpeg","filesize":10234,"url":"https:\/\/360mallorcaproperty.com\/wp-content\/uploads\/2025\/07\/WhatsApp-Image-2024-03-27-at-12.52.53-PM-1-210x210.jpeg"},"partners-logo":{"file":"WhatsApp-Image-2024-03-27-at-12.52.53-PM-1-600x1600.jpeg","width":600,"height":1600,"mime-type":"image\/jpeg","filesize":115905,"url":"https:\/\/360mallorcaproperty.com\/wp-content\/uploads\/2025\/07\/WhatsApp-Image-2024-03-27-at-12.52.53-PM-1-600x1600.jpeg"},"post-featured-image":{"file":"WhatsApp-Image-2024-03-27-at-12.52.53-PM-1-900x720.jpeg","width":900,"height":720,"mime-type":"image\/jpeg","filesize":92136,"url":"https:\/\/360mallorcaproperty.com\/wp-content\/uploads\/2025\/07\/WhatsApp-Image-2024-03-27-at-12.52.53-PM-1-900x720.jpeg"}},"image_meta":{"aperture":"0","credit":"","camera":"","caption":"","created_timestamp":"0","copyright":"","focal_length":"0","iso":"0","shutter_speed":"0","title":"","orientation":"0","keywords":[]},"ID":"30589","name":"WhatsApp-Image-2024-03-27-at-12.52.53-PM-1.jpeg","path":"\/home\/mallorcaproperty\/public_html\/wp-content\/uploads\/2025\/07\/WhatsApp-Image-2024-03-27-at-12.52.53-PM-1.jpeg","url":"https:\/\/360mallorcaproperty.com\/wp-content\/uploads\/2025\/07\/WhatsApp-Image-2024-03-27-at-12.52.53-PM-1-150x150.jpeg","full_url":"https:\/\/360mallorcaproperty.com\/wp-content\/uploads\/2025\/07\/WhatsApp-Image-2024-03-27-at-12.52.53-PM-1.jpeg","title":"WhatsApp Image 2024-03-27 at 12.52.53 PM (1)","caption":"","description":"","alt":"","srcset":"https:\/\/360mallorcaproperty.com\/wp-content\/uploads\/2025\/07\/WhatsApp-Image-2024-03-27-at-12.52.53-PM-1-150x150.jpeg 150w, https:\/\/360mallorcaproperty.com\/wp-content\/uploads\/2025\/07\/WhatsApp-Image-2024-03-27-at-12.52.53-PM-1-210x210.jpeg 210w"},{"width":150,"height":150,"file":"2025\/07\/WhatsApp-Image-2024-03-27-at-12.52.53-PM.jpeg","filesize":259395,"sizes":{"medium":{"file":"WhatsApp-Image-2024-03-27-at-12.52.53-PM-169x300.jpeg","width":169,"height":300,"mime-type":"image\/jpeg","filesize":11001,"url":"https:\/\/360mallorcaproperty.com\/wp-content\/uploads\/2025\/07\/WhatsApp-Image-2024-03-27-at-12.52.53-PM-169x300.jpeg"},"large":{"file":"WhatsApp-Image-2024-03-27-at-12.52.53-PM-576x1024.jpeg","width":576,"height":1024,"mime-type":"image\/jpeg","filesize":87732,"url":"https:\/\/360mallorcaproperty.com\/wp-content\/uploads\/2025\/07\/WhatsApp-Image-2024-03-27-at-12.52.53-PM-576x1024.jpeg"},"thumbnail":{"file":"WhatsApp-Image-2024-03-27-at-12.52.53-PM-150x150.jpeg","width":150,"height":150,"mime-type":"image\/jpeg","filesize":5975,"url":"https:\/\/360mallorcaproperty.com\/wp-content\/uploads\/2025\/07\/WhatsApp-Image-2024-03-27-at-12.52.53-PM-150x150.jpeg"},"medium_large":{"file":"WhatsApp-Image-2024-03-27-at-12.52.53-PM-768x1365.jpeg","width":768,"height":1365,"mime-type":"image\/jpeg","filesize":147319,"url":"https:\/\/360mallorcaproperty.com\/wp-content\/uploads\/2025\/07\/WhatsApp-Image-2024-03-27-at-12.52.53-PM-768x1365.jpeg"},"1536x1536":{"file":"WhatsApp-Image-2024-03-27-at-12.52.53-PM-864x1536.jpeg","width":864,"height":1536,"mime-type":"image\/jpeg","filesize":180327,"url":"https:\/\/360mallorcaproperty.com\/wp-content\/uploads\/2025\/07\/WhatsApp-Image-2024-03-27-at-12.52.53-PM-864x1536.jpeg"},"post-thumbnail":{"file":"WhatsApp-Image-2024-03-27-at-12.52.53-PM-84x150.jpeg","width":84,"height":150,"mime-type":"image\/jpeg","filesize":3942,"url":"https:\/\/360mallorcaproperty.com\/wp-content\/uploads\/2025\/07\/WhatsApp-Image-2024-03-27-at-12.52.53-PM-84x150.jpeg"},"modern-property-child-slider":{"file":"WhatsApp-Image-2024-03-27-at-12.52.53-PM-680x510.jpeg","width":680,"height":510,"mime-type":"image\/jpeg","filesize":59840,"url":"https:\/\/360mallorcaproperty.com\/wp-content\/uploads\/2025\/07\/WhatsApp-Image-2024-03-27-at-12.52.53-PM-680x510.jpeg"},"property-thumb-image":{"file":"WhatsApp-Image-2024-03-27-at-12.52.53-PM-488x326.jpeg","width":488,"height":326,"mime-type":"image\/jpeg","filesize":30535,"url":"https:\/\/360mallorcaproperty.com\/wp-content\/uploads\/2025\/07\/WhatsApp-Image-2024-03-27-at-12.52.53-PM-488x326.jpeg"},"property-detail-video-image":{"file":"WhatsApp-Image-2024-03-27-at-12.52.53-PM-818x417.jpeg","width":818,"height":417,"mime-type":"image\/jpeg","filesize":59436,"url":"https:\/\/360mallorcaproperty.com\/wp-content\/uploads\/2025\/07\/WhatsApp-Image-2024-03-27-at-12.52.53-PM-818x417.jpeg"},"agent-image":{"file":"WhatsApp-Image-2024-03-27-at-12.52.53-PM-210x210.jpeg","width":210,"height":210,"mime-type":"image\/jpeg","filesize":10500,"url":"https:\/\/360mallorcaproperty.com\/wp-content\/uploads\/2025\/07\/WhatsApp-Image-2024-03-27-at-12.52.53-PM-210x210.jpeg"},"partners-logo":{"file":"WhatsApp-Image-2024-03-27-at-12.52.53-PM-600x1600.jpeg","width":600,"height":1600,"mime-type":"image\/jpeg","filesize":142933,"url":"https:\/\/360mallorcaproperty.com\/wp-content\/uploads\/2025\/07\/WhatsApp-Image-2024-03-27-at-12.52.53-PM-600x1600.jpeg"},"post-featured-image":{"file":"WhatsApp-Image-2024-03-27-at-12.52.53-PM-900x720.jpeg","width":900,"height":720,"mime-type":"image\/jpeg","filesize":106494,"url":"https:\/\/360mallorcaproperty.com\/wp-content\/uploads\/2025\/07\/WhatsApp-Image-2024-03-27-at-12.52.53-PM-900x720.jpeg"}},"image_meta":{"aperture":"0","credit":"","camera":"","caption":"","created_timestamp":"0","copyright":"","focal_length":"0","iso":"0","shutter_speed":"0","title":"","orientation":"0","keywords":[]},"ID":"30592","name":"WhatsApp-Image-2024-03-27-at-12.52.53-PM.jpeg","path":"\/home\/mallorcaproperty\/public_html\/wp-content\/uploads\/2025\/07\/WhatsApp-Image-2024-03-27-at-12.52.53-PM.jpeg","url":"https:\/\/360mallorcaproperty.com\/wp-content\/uploads\/2025\/07\/WhatsApp-Image-2024-03-27-at-12.52.53-PM-150x150.jpeg","full_url":"https:\/\/360mallorcaproperty.com\/wp-content\/uploads\/2025\/07\/WhatsApp-Image-2024-03-27-at-12.52.53-PM.jpeg","title":"WhatsApp Image 2024-03-27 at 12.52.53 PM","caption":"","description":"","alt":"","srcset":"https:\/\/360mallorcaproperty.com\/wp-content\/uploads\/2025\/07\/WhatsApp-Image-2024-03-27-at-12.52.53-PM-150x150.jpeg 150w, https:\/\/360mallorcaproperty.com\/wp-content\/uploads\/2025\/07\/WhatsApp-Image-2024-03-27-at-12.52.53-PM-210x210.jpeg 210w"},{"width":150,"height":150,"file":"2025\/07\/WhatsApp-Image-2024-03-27-at-12.52.54-PM.jpeg","filesize":210090,"sizes":{"medium":{"file":"WhatsApp-Image-2024-03-27-at-12.52.54-PM-300x169.jpeg","width":300,"height":169,"mime-type":"image\/jpeg","filesize":10338,"url":"https:\/\/360mallorcaproperty.com\/wp-content\/uploads\/2025\/07\/WhatsApp-Image-2024-03-27-at-12.52.54-PM-300x169.jpeg"},"large":{"file":"WhatsApp-Image-2024-03-27-at-12.52.54-PM-1024x576.jpeg","width":1024,"height":576,"mime-type":"image\/jpeg","filesize":74549,"url":"https:\/\/360mallorcaproperty.com\/wp-content\/uploads\/2025\/07\/WhatsApp-Image-2024-03-27-at-12.52.54-PM-1024x576.jpeg"},"thumbnail":{"file":"WhatsApp-Image-2024-03-27-at-12.52.54-PM-150x150.jpeg","width":150,"height":150,"mime-type":"image\/jpeg","filesize":5777,"url":"https:\/\/360mallorcaproperty.com\/wp-content\/uploads\/2025\/07\/WhatsApp-Image-2024-03-27-at-12.52.54-PM-150x150.jpeg"},"medium_large":{"file":"WhatsApp-Image-2024-03-27-at-12.52.54-PM-768x432.jpeg","width":768,"height":432,"mime-type":"image\/jpeg","filesize":45750,"url":"https:\/\/360mallorcaproperty.com\/wp-content\/uploads\/2025\/07\/WhatsApp-Image-2024-03-27-at-12.52.54-PM-768x432.jpeg"},"1536x1536":{"file":"WhatsApp-Image-2024-03-27-at-12.52.54-PM-1536x864.jpeg","width":1536,"height":864,"mime-type":"image\/jpeg","filesize":148136,"url":"https:\/\/360mallorcaproperty.com\/wp-content\/uploads\/2025\/07\/WhatsApp-Image-2024-03-27-at-12.52.54-PM-1536x864.jpeg"},"post-thumbnail":{"file":"WhatsApp-Image-2024-03-27-at-12.52.54-PM-150x84.jpeg","width":150,"height":84,"mime-type":"image\/jpeg","filesize":3893,"url":"https:\/\/360mallorcaproperty.com\/wp-content\/uploads\/2025\/07\/WhatsApp-Image-2024-03-27-at-12.52.54-PM-150x84.jpeg"},"modern-property-child-slider":{"file":"WhatsApp-Image-2024-03-27-at-12.52.54-PM-680x510.jpeg","width":680,"height":510,"mime-type":"image\/jpeg","filesize":49714,"url":"https:\/\/360mallorcaproperty.com\/wp-content\/uploads\/2025\/07\/WhatsApp-Image-2024-03-27-at-12.52.54-PM-680x510.jpeg"},"property-thumb-image":{"file":"WhatsApp-Image-2024-03-27-at-12.52.54-PM-488x326.jpeg","width":488,"height":326,"mime-type":"image\/jpeg","filesize":25828,"url":"https:\/\/360mallorcaproperty.com\/wp-content\/uploads\/2025\/07\/WhatsApp-Image-2024-03-27-at-12.52.54-PM-488x326.jpeg"},"property-detail-video-image":{"file":"WhatsApp-Image-2024-03-27-at-12.52.54-PM-818x417.jpeg","width":818,"height":417,"mime-type":"image\/jpeg","filesize":48474,"url":"https:\/\/360mallorcaproperty.com\/wp-content\/uploads\/2025\/07\/WhatsApp-Image-2024-03-27-at-12.52.54-PM-818x417.jpeg"},"agent-image":{"file":"WhatsApp-Image-2024-03-27-at-12.52.54-PM-210x210.jpeg","width":210,"height":210,"mime-type":"image\/jpeg","filesize":9647,"url":"https:\/\/360mallorcaproperty.com\/wp-content\/uploads\/2025\/07\/WhatsApp-Image-2024-03-27-at-12.52.54-PM-210x210.jpeg"},"partners-logo":{"file":"WhatsApp-Image-2024-03-27-at-12.52.54-PM-600x900.jpeg","width":600,"height":900,"mime-type":"image\/jpeg","filesize":83116,"url":"https:\/\/360mallorcaproperty.com\/wp-content\/uploads\/2025\/07\/WhatsApp-Image-2024-03-27-at-12.52.54-PM-600x900.jpeg"},"post-featured-image":{"file":"WhatsApp-Image-2024-03-27-at-12.52.54-PM-1240x720.jpeg","width":1240,"height":720,"mime-type":"image\/jpeg","filesize":106817,"url":"https:\/\/360mallorcaproperty.com\/wp-content\/uploads\/2025\/07\/WhatsApp-Image-2024-03-27-at-12.52.54-PM-1240x720.jpeg"}},"image_meta":{"aperture":"0","credit":"","camera":"","caption":"","created_timestamp":"0","copyright":"","focal_length":"0","iso":"0","shutter_speed":"0","title":"","orientation":"0","keywords":[]},"ID":"30595","name":"WhatsApp-Image-2024-03-27-at-12.52.54-PM.jpeg","path":"\/home\/mallorcaproperty\/public_html\/wp-content\/uploads\/2025\/07\/WhatsApp-Image-2024-03-27-at-12.52.54-PM.jpeg","url":"https:\/\/360mallorcaproperty.com\/wp-content\/uploads\/2025\/07\/WhatsApp-Image-2024-03-27-at-12.52.54-PM-150x150.jpeg","full_url":"https:\/\/360mallorcaproperty.com\/wp-content\/uploads\/2025\/07\/WhatsApp-Image-2024-03-27-at-12.52.54-PM.jpeg","title":"WhatsApp Image 2024-03-27 at 12.52.54 PM","caption":"","description":"","alt":"","srcset":"https:\/\/360mallorcaproperty.com\/wp-content\/uploads\/2025\/07\/WhatsApp-Image-2024-03-27-at-12.52.54-PM-150x150.jpeg 150w, https:\/\/360mallorcaproperty.com\/wp-content\/uploads\/2025\/07\/WhatsApp-Image-2024-03-27-at-12.52.54-PM-210x210.jpeg 210w"},{"width":150,"height":150,"file":"2025\/07\/WhatsApp-Image-2024-03-27-at-12.52.57-PM-1.jpeg","filesize":232734,"sizes":{"medium":{"file":"WhatsApp-Image-2024-03-27-at-12.52.57-PM-1-300x169.jpeg","width":300,"height":169,"mime-type":"image\/jpeg","filesize":12594,"url":"https:\/\/360mallorcaproperty.com\/wp-content\/uploads\/2025\/07\/WhatsApp-Image-2024-03-27-at-12.52.57-PM-1-300x169.jpeg"},"large":{"file":"WhatsApp-Image-2024-03-27-at-12.52.57-PM-1-1024x576.jpeg","width":1024,"height":576,"mime-type":"image\/jpeg","filesize":84977,"url":"https:\/\/360mallorcaproperty.com\/wp-content\/uploads\/2025\/07\/WhatsApp-Image-2024-03-27-at-12.52.57-PM-1-1024x576.jpeg"},"thumbnail":{"file":"WhatsApp-Image-2024-03-27-at-12.52.57-PM-1-150x150.jpeg","width":150,"height":150,"mime-type":"image\/jpeg","filesize":6606,"url":"https:\/\/360mallorcaproperty.com\/wp-content\/uploads\/2025\/07\/WhatsApp-Image-2024-03-27-at-12.52.57-PM-1-150x150.jpeg"},"medium_large":{"file":"WhatsApp-Image-2024-03-27-at-12.52.57-PM-1-768x432.jpeg","width":768,"height":432,"mime-type":"image\/jpeg","filesize":53213,"url":"https:\/\/360mallorcaproperty.com\/wp-content\/uploads\/2025\/07\/WhatsApp-Image-2024-03-27-at-12.52.57-PM-1-768x432.jpeg"},"1536x1536":{"file":"WhatsApp-Image-2024-03-27-at-12.52.57-PM-1-1536x864.jpeg","width":1536,"height":864,"mime-type":"image\/jpeg","filesize":163687,"url":"https:\/\/360mallorcaproperty.com\/wp-content\/uploads\/2025\/07\/WhatsApp-Image-2024-03-27-at-12.52.57-PM-1-1536x864.jpeg"},"post-thumbnail":{"file":"WhatsApp-Image-2024-03-27-at-12.52.57-PM-1-150x84.jpeg","width":150,"height":84,"mime-type":"image\/jpeg","filesize":4654,"url":"https:\/\/360mallorcaproperty.com\/wp-content\/uploads\/2025\/07\/WhatsApp-Image-2024-03-27-at-12.52.57-PM-1-150x84.jpeg"},"modern-property-child-slider":{"file":"WhatsApp-Image-2024-03-27-at-12.52.57-PM-1-680x510.jpeg","width":680,"height":510,"mime-type":"image\/jpeg","filesize":53639,"url":"https:\/\/360mallorcaproperty.com\/wp-content\/uploads\/2025\/07\/WhatsApp-Image-2024-03-27-at-12.52.57-PM-1-680x510.jpeg"},"property-thumb-image":{"file":"WhatsApp-Image-2024-03-27-at-12.52.57-PM-1-488x326.jpeg","width":488,"height":326,"mime-type":"image\/jpeg","filesize":29760,"url":"https:\/\/360mallorcaproperty.com\/wp-content\/uploads\/2025\/07\/WhatsApp-Image-2024-03-27-at-12.52.57-PM-1-488x326.jpeg"},"property-detail-video-image":{"file":"WhatsApp-Image-2024-03-27-at-12.52.57-PM-1-818x417.jpeg","width":818,"height":417,"mime-type":"image\/jpeg","filesize":55297,"url":"https:\/\/360mallorcaproperty.com\/wp-content\/uploads\/2025\/07\/WhatsApp-Image-2024-03-27-at-12.52.57-PM-1-818x417.jpeg"},"agent-image":{"file":"WhatsApp-Image-2024-03-27-at-12.52.57-PM-1-210x210.jpeg","width":210,"height":210,"mime-type":"image\/jpeg","filesize":10801,"url":"https:\/\/360mallorcaproperty.com\/wp-content\/uploads\/2025\/07\/WhatsApp-Image-2024-03-27-at-12.52.57-PM-1-210x210.jpeg"},"partners-logo":{"file":"WhatsApp-Image-2024-03-27-at-12.52.57-PM-1-600x900.jpeg","width":600,"height":900,"mime-type":"image\/jpeg","filesize":84123,"url":"https:\/\/360mallorcaproperty.com\/wp-content\/uploads\/2025\/07\/WhatsApp-Image-2024-03-27-at-12.52.57-PM-1-600x900.jpeg"},"post-featured-image":{"file":"WhatsApp-Image-2024-03-27-at-12.52.57-PM-1-1240x720.jpeg","width":1240,"height":720,"mime-type":"image\/jpeg","filesize":119029,"url":"https:\/\/360mallorcaproperty.com\/wp-content\/uploads\/2025\/07\/WhatsApp-Image-2024-03-27-at-12.52.57-PM-1-1240x720.jpeg"}},"image_meta":{"aperture":"0","credit":"","camera":"","caption":"","created_timestamp":"0","copyright":"","focal_length":"0","iso":"0","shutter_speed":"0","title":"","orientation":"0","keywords":[]},"ID":"30598","name":"WhatsApp-Image-2024-03-27-at-12.52.57-PM-1.jpeg","path":"\/home\/mallorcaproperty\/public_html\/wp-content\/uploads\/2025\/07\/WhatsApp-Image-2024-03-27-at-12.52.57-PM-1.jpeg","url":"https:\/\/360mallorcaproperty.com\/wp-content\/uploads\/2025\/07\/WhatsApp-Image-2024-03-27-at-12.52.57-PM-1-150x150.jpeg","full_url":"https:\/\/360mallorcaproperty.com\/wp-content\/uploads\/2025\/07\/WhatsApp-Image-2024-03-27-at-12.52.57-PM-1.jpeg","title":"WhatsApp Image 2024-03-27 at 12.52.57 PM (1)","caption":"","description":"","alt":"","srcset":"https:\/\/360mallorcaproperty.com\/wp-content\/uploads\/2025\/07\/WhatsApp-Image-2024-03-27-at-12.52.57-PM-1-150x150.jpeg 150w, https:\/\/360mallorcaproperty.com\/wp-content\/uploads\/2025\/07\/WhatsApp-Image-2024-03-27-at-12.52.57-PM-1-210x210.jpeg 210w"},{"width":150,"height":150,"file":"2025\/07\/WhatsApp-Image-2024-03-27-at-12.52.57-PM-2.jpeg","filesize":214600,"sizes":{"medium":{"file":"WhatsApp-Image-2024-03-27-at-12.52.57-PM-2-300x169.jpeg","width":300,"height":169,"mime-type":"image\/jpeg","filesize":12348,"url":"https:\/\/360mallorcaproperty.com\/wp-content\/uploads\/2025\/07\/WhatsApp-Image-2024-03-27-at-12.52.57-PM-2-300x169.jpeg"},"large":{"file":"WhatsApp-Image-2024-03-27-at-12.52.57-PM-2-1024x576.jpeg","width":1024,"height":576,"mime-type":"image\/jpeg","filesize":80647,"url":"https:\/\/360mallorcaproperty.com\/wp-content\/uploads\/2025\/07\/WhatsApp-Image-2024-03-27-at-12.52.57-PM-2-1024x576.jpeg"},"thumbnail":{"file":"WhatsApp-Image-2024-03-27-at-12.52.57-PM-2-150x150.jpeg","width":150,"height":150,"mime-type":"image\/jpeg","filesize":6001,"url":"https:\/\/360mallorcaproperty.com\/wp-content\/uploads\/2025\/07\/WhatsApp-Image-2024-03-27-at-12.52.57-PM-2-150x150.jpeg"},"medium_large":{"file":"WhatsApp-Image-2024-03-27-at-12.52.57-PM-2-768x432.jpeg","width":768,"height":432,"mime-type":"image\/jpeg","filesize":50993,"url":"https:\/\/360mallorcaproperty.com\/wp-content\/uploads\/2025\/07\/WhatsApp-Image-2024-03-27-at-12.52.57-PM-2-768x432.jpeg"},"1536x1536":{"file":"WhatsApp-Image-2024-03-27-at-12.52.57-PM-2-1536x864.jpeg","width":1536,"height":864,"mime-type":"image\/jpeg","filesize":153111,"url":"https:\/\/360mallorcaproperty.com\/wp-content\/uploads\/2025\/07\/WhatsApp-Image-2024-03-27-at-12.52.57-PM-2-1536x864.jpeg"},"post-thumbnail":{"file":"WhatsApp-Image-2024-03-27-at-12.52.57-PM-2-150x84.jpeg","width":150,"height":84,"mime-type":"image\/jpeg","filesize":4702,"url":"https:\/\/360mallorcaproperty.com\/wp-content\/uploads\/2025\/07\/WhatsApp-Image-2024-03-27-at-12.52.57-PM-2-150x84.jpeg"},"modern-property-child-slider":{"file":"WhatsApp-Image-2024-03-27-at-12.52.57-PM-2-680x510.jpeg","width":680,"height":510,"mime-type":"image\/jpeg","filesize":51891,"url":"https:\/\/360mallorcaproperty.com\/wp-content\/uploads\/2025\/07\/WhatsApp-Image-2024-03-27-at-12.52.57-PM-2-680x510.jpeg"},"property-thumb-image":{"file":"WhatsApp-Image-2024-03-27-at-12.52.57-PM-2-488x326.jpeg","width":488,"height":326,"mime-type":"image\/jpeg","filesize":28912,"url":"https:\/\/360mallorcaproperty.com\/wp-content\/uploads\/2025\/07\/WhatsApp-Image-2024-03-27-at-12.52.57-PM-2-488x326.jpeg"},"property-detail-video-image":{"file":"WhatsApp-Image-2024-03-27-at-12.52.57-PM-2-818x417.jpeg","width":818,"height":417,"mime-type":"image\/jpeg","filesize":53415,"url":"https:\/\/360mallorcaproperty.com\/wp-content\/uploads\/2025\/07\/WhatsApp-Image-2024-03-27-at-12.52.57-PM-2-818x417.jpeg"},"agent-image":{"file":"WhatsApp-Image-2024-03-27-at-12.52.57-PM-2-210x210.jpeg","width":210,"height":210,"mime-type":"image\/jpeg","filesize":9934,"url":"https:\/\/360mallorcaproperty.com\/wp-content\/uploads\/2025\/07\/WhatsApp-Image-2024-03-27-at-12.52.57-PM-2-210x210.jpeg"},"partners-logo":{"file":"WhatsApp-Image-2024-03-27-at-12.52.57-PM-2-600x900.jpeg","width":600,"height":900,"mime-type":"image\/jpeg","filesize":68667,"url":"https:\/\/360mallorcaproperty.com\/wp-content\/uploads\/2025\/07\/WhatsApp-Image-2024-03-27-at-12.52.57-PM-2-600x900.jpeg"},"post-featured-image":{"file":"WhatsApp-Image-2024-03-27-at-12.52.57-PM-2-1240x720.jpeg","width":1240,"height":720,"mime-type":"image\/jpeg","filesize":112223,"url":"https:\/\/360mallorcaproperty.com\/wp-content\/uploads\/2025\/07\/WhatsApp-Image-2024-03-27-at-12.52.57-PM-2-1240x720.jpeg"}},"image_meta":{"aperture":"0","credit":"","camera":"","caption":"","created_timestamp":"0","copyright":"","focal_length":"0","iso":"0","shutter_speed":"0","title":"","orientation":"0","keywords":[]},"ID":"30601","name":"WhatsApp-Image-2024-03-27-at-12.52.57-PM-2.jpeg","path":"\/home\/mallorcaproperty\/public_html\/wp-content\/uploads\/2025\/07\/WhatsApp-Image-2024-03-27-at-12.52.57-PM-2.jpeg","url":"https:\/\/360mallorcaproperty.com\/wp-content\/uploads\/2025\/07\/WhatsApp-Image-2024-03-27-at-12.52.57-PM-2-150x150.jpeg","full_url":"https:\/\/360mallorcaproperty.com\/wp-content\/uploads\/2025\/07\/WhatsApp-Image-2024-03-27-at-12.52.57-PM-2.jpeg","title":"WhatsApp Image 2024-03-27 at 12.52.57 PM (2)","caption":"","description":"","alt":"","srcset":"https:\/\/360mallorcaproperty.com\/wp-content\/uploads\/2025\/07\/WhatsApp-Image-2024-03-27-at-12.52.57-PM-2-150x150.jpeg 150w, https:\/\/360mallorcaproperty.com\/wp-content\/uploads\/2025\/07\/WhatsApp-Image-2024-03-27-at-12.52.57-PM-2-210x210.jpeg 210w"},{"width":150,"height":150,"file":"2025\/07\/WhatsApp-Image-2024-03-27-at-12.52.58-PM-1.jpeg","filesize":235385,"sizes":{"medium":{"file":"WhatsApp-Image-2024-03-27-at-12.52.58-PM-1-300x169.jpeg","width":300,"height":169,"mime-type":"image\/jpeg","filesize":12946,"url":"https:\/\/360mallorcaproperty.com\/wp-content\/uploads\/2025\/07\/WhatsApp-Image-2024-03-27-at-12.52.58-PM-1-300x169.jpeg"},"large":{"file":"WhatsApp-Image-2024-03-27-at-12.52.58-PM-1-1024x576.jpeg","width":1024,"height":576,"mime-type":"image\/jpeg","filesize":86366,"url":"https:\/\/360mallorcaproperty.com\/wp-content\/uploads\/2025\/07\/WhatsApp-Image-2024-03-27-at-12.52.58-PM-1-1024x576.jpeg"},"thumbnail":{"file":"WhatsApp-Image-2024-03-27-at-12.52.58-PM-1-150x150.jpeg","width":150,"height":150,"mime-type":"image\/jpeg","filesize":6742,"url":"https:\/\/360mallorcaproperty.com\/wp-content\/uploads\/2025\/07\/WhatsApp-Image-2024-03-27-at-12.52.58-PM-1-150x150.jpeg"},"medium_large":{"file":"WhatsApp-Image-2024-03-27-at-12.52.58-PM-1-768x432.jpeg","width":768,"height":432,"mime-type":"image\/jpeg","filesize":54105,"url":"https:\/\/360mallorcaproperty.com\/wp-content\/uploads\/2025\/07\/WhatsApp-Image-2024-03-27-at-12.52.58-PM-1-768x432.jpeg"},"1536x1536":{"file":"WhatsApp-Image-2024-03-27-at-12.52.58-PM-1-1536x864.jpeg","width":1536,"height":864,"mime-type":"image\/jpeg","filesize":166088,"url":"https:\/\/360mallorcaproperty.com\/wp-content\/uploads\/2025\/07\/WhatsApp-Image-2024-03-27-at-12.52.58-PM-1-1536x864.jpeg"},"post-thumbnail":{"file":"WhatsApp-Image-2024-03-27-at-12.52.58-PM-1-150x84.jpeg","width":150,"height":84,"mime-type":"image\/jpeg","filesize":4795,"url":"https:\/\/360mallorcaproperty.com\/wp-content\/uploads\/2025\/07\/WhatsApp-Image-2024-03-27-at-12.52.58-PM-1-150x84.jpeg"},"modern-property-child-slider":{"file":"WhatsApp-Image-2024-03-27-at-12.52.58-PM-1-680x510.jpeg","width":680,"height":510,"mime-type":"image\/jpeg","filesize":53774,"url":"https:\/\/360mallorcaproperty.com\/wp-content\/uploads\/2025\/07\/WhatsApp-Image-2024-03-27-at-12.52.58-PM-1-680x510.jpeg"},"property-thumb-image":{"file":"WhatsApp-Image-2024-03-27-at-12.52.58-PM-1-488x326.jpeg","width":488,"height":326,"mime-type":"image\/jpeg","filesize":29947,"url":"https:\/\/360mallorcaproperty.com\/wp-content\/uploads\/2025\/07\/WhatsApp-Image-2024-03-27-at-12.52.58-PM-1-488x326.jpeg"},"property-detail-video-image":{"file":"WhatsApp-Image-2024-03-27-at-12.52.58-PM-1-818x417.jpeg","width":818,"height":417,"mime-type":"image\/jpeg","filesize":56719,"url":"https:\/\/360mallorcaproperty.com\/wp-content\/uploads\/2025\/07\/WhatsApp-Image-2024-03-27-at-12.52.58-PM-1-818x417.jpeg"},"agent-image":{"file":"WhatsApp-Image-2024-03-27-at-12.52.58-PM-1-210x210.jpeg","width":210,"height":210,"mime-type":"image\/jpeg","filesize":10970,"url":"https:\/\/360mallorcaproperty.com\/wp-content\/uploads\/2025\/07\/WhatsApp-Image-2024-03-27-at-12.52.58-PM-1-210x210.jpeg"},"partners-logo":{"file":"WhatsApp-Image-2024-03-27-at-12.52.58-PM-1-600x900.jpeg","width":600,"height":900,"mime-type":"image\/jpeg","filesize":89437,"url":"https:\/\/360mallorcaproperty.com\/wp-content\/uploads\/2025\/07\/WhatsApp-Image-2024-03-27-at-12.52.58-PM-1-600x900.jpeg"},"post-featured-image":{"file":"WhatsApp-Image-2024-03-27-at-12.52.58-PM-1-1240x720.jpeg","width":1240,"height":720,"mime-type":"image\/jpeg","filesize":121087,"url":"https:\/\/360mallorcaproperty.com\/wp-content\/uploads\/2025\/07\/WhatsApp-Image-2024-03-27-at-12.52.58-PM-1-1240x720.jpeg"}},"image_meta":{"aperture":"0","credit":"","camera":"","caption":"","created_timestamp":"0","copyright":"","focal_length":"0","iso":"0","shutter_speed":"0","title":"","orientation":"0","keywords":[]},"ID":"30604","name":"WhatsApp-Image-2024-03-27-at-12.52.58-PM-1.jpeg","path":"\/home\/mallorcaproperty\/public_html\/wp-content\/uploads\/2025\/07\/WhatsApp-Image-2024-03-27-at-12.52.58-PM-1.jpeg","url":"https:\/\/360mallorcaproperty.com\/wp-content\/uploads\/2025\/07\/WhatsApp-Image-2024-03-27-at-12.52.58-PM-1-150x150.jpeg","full_url":"https:\/\/360mallorcaproperty.com\/wp-content\/uploads\/2025\/07\/WhatsApp-Image-2024-03-27-at-12.52.58-PM-1.jpeg","title":"WhatsApp Image 2024-03-27 at 12.52.58 PM (1)","caption":"","description":"","alt":"","srcset":"https:\/\/360mallorcaproperty.com\/wp-content\/uploads\/2025\/07\/WhatsApp-Image-2024-03-27-at-12.52.58-PM-1-150x150.jpeg 150w, https:\/\/360mallorcaproperty.com\/wp-content\/uploads\/2025\/07\/WhatsApp-Image-2024-03-27-at-12.52.58-PM-1-210x210.jpeg 210w"},{"width":150,"height":150,"file":"2025\/07\/WhatsApp-Image-2024-03-27-at-12.52.59-PM-1.jpeg","filesize":272583,"sizes":{"medium":{"file":"WhatsApp-Image-2024-03-27-at-12.52.59-PM-1-300x169.jpeg","width":300,"height":169,"mime-type":"image\/jpeg","filesize":13126,"url":"https:\/\/360mallorcaproperty.com\/wp-content\/uploads\/2025\/07\/WhatsApp-Image-2024-03-27-at-12.52.59-PM-1-300x169.jpeg"},"large":{"file":"WhatsApp-Image-2024-03-27-at-12.52.59-PM-1-1024x576.jpeg","width":1024,"height":576,"mime-type":"image\/jpeg","filesize":98263,"url":"https:\/\/360mallorcaproperty.com\/wp-content\/uploads\/2025\/07\/WhatsApp-Image-2024-03-27-at-12.52.59-PM-1-1024x576.jpeg"},"thumbnail":{"file":"WhatsApp-Image-2024-03-27-at-12.52.59-PM-1-150x150.jpeg","width":150,"height":150,"mime-type":"image\/jpeg","filesize":6735,"url":"https:\/\/360mallorcaproperty.com\/wp-content\/uploads\/2025\/07\/WhatsApp-Image-2024-03-27-at-12.52.59-PM-1-150x150.jpeg"},"medium_large":{"file":"WhatsApp-Image-2024-03-27-at-12.52.59-PM-1-768x432.jpeg","width":768,"height":432,"mime-type":"image\/jpeg","filesize":60438,"url":"https:\/\/360mallorcaproperty.com\/wp-content\/uploads\/2025\/07\/WhatsApp-Image-2024-03-27-at-12.52.59-PM-1-768x432.jpeg"},"1536x1536":{"file":"WhatsApp-Image-2024-03-27-at-12.52.59-PM-1-1536x864.jpeg","width":1536,"height":864,"mime-type":"image\/jpeg","filesize":190529,"url":"https:\/\/360mallorcaproperty.com\/wp-content\/uploads\/2025\/07\/WhatsApp-Image-2024-03-27-at-12.52.59-PM-1-1536x864.jpeg"},"post-thumbnail":{"file":"WhatsApp-Image-2024-03-27-at-12.52.59-PM-1-150x84.jpeg","width":150,"height":84,"mime-type":"image\/jpeg","filesize":4705,"url":"https:\/\/360mallorcaproperty.com\/wp-content\/uploads\/2025\/07\/WhatsApp-Image-2024-03-27-at-12.52.59-PM-1-150x84.jpeg"},"modern-property-child-slider":{"file":"WhatsApp-Image-2024-03-27-at-12.52.59-PM-1-680x510.jpeg","width":680,"height":510,"mime-type":"image\/jpeg","filesize":58274,"url":"https:\/\/360mallorcaproperty.com\/wp-content\/uploads\/2025\/07\/WhatsApp-Image-2024-03-27-at-12.52.59-PM-1-680x510.jpeg"},"property-thumb-image":{"file":"WhatsApp-Image-2024-03-27-at-12.52.59-PM-1-488x326.jpeg","width":488,"height":326,"mime-type":"image\/jpeg","filesize":31449,"url":"https:\/\/360mallorcaproperty.com\/wp-content\/uploads\/2025\/07\/WhatsApp-Image-2024-03-27-at-12.52.59-PM-1-488x326.jpeg"},"property-detail-video-image":{"file":"WhatsApp-Image-2024-03-27-at-12.52.59-PM-1-818x417.jpeg","width":818,"height":417,"mime-type":"image\/jpeg","filesize":63558,"url":"https:\/\/360mallorcaproperty.com\/wp-content\/uploads\/2025\/07\/WhatsApp-Image-2024-03-27-at-12.52.59-PM-1-818x417.jpeg"},"agent-image":{"file":"WhatsApp-Image-2024-03-27-at-12.52.59-PM-1-210x210.jpeg","width":210,"height":210,"mime-type":"image\/jpeg","filesize":11506,"url":"https:\/\/360mallorcaproperty.com\/wp-content\/uploads\/2025\/07\/WhatsApp-Image-2024-03-27-at-12.52.59-PM-1-210x210.jpeg"},"partners-logo":{"file":"WhatsApp-Image-2024-03-27-at-12.52.59-PM-1-600x900.jpeg","width":600,"height":900,"mime-type":"image\/jpeg","filesize":97647,"url":"https:\/\/360mallorcaproperty.com\/wp-content\/uploads\/2025\/07\/WhatsApp-Image-2024-03-27-at-12.52.59-PM-1-600x900.jpeg"},"post-featured-image":{"file":"WhatsApp-Image-2024-03-27-at-12.52.59-PM-1-1240x720.jpeg","width":1240,"height":720,"mime-type":"image\/jpeg","filesize":136543,"url":"https:\/\/360mallorcaproperty.com\/wp-content\/uploads\/2025\/07\/WhatsApp-Image-2024-03-27-at-12.52.59-PM-1-1240x720.jpeg"}},"image_meta":{"aperture":"0","credit":"","camera":"","caption":"","created_timestamp":"0","copyright":"","focal_length":"0","iso":"0","shutter_speed":"0","title":"","orientation":"0","keywords":[]},"ID":"30607","name":"WhatsApp-Image-2024-03-27-at-12.52.59-PM-1.jpeg","path":"\/home\/mallorcaproperty\/public_html\/wp-content\/uploads\/2025\/07\/WhatsApp-Image-2024-03-27-at-12.52.59-PM-1.jpeg","url":"https:\/\/360mallorcaproperty.com\/wp-content\/uploads\/2025\/07\/WhatsApp-Image-2024-03-27-at-12.52.59-PM-1-150x150.jpeg","full_url":"https:\/\/360mallorcaproperty.com\/wp-content\/uploads\/2025\/07\/WhatsApp-Image-2024-03-27-at-12.52.59-PM-1.jpeg","title":"WhatsApp Image 2024-03-27 at 12.52.59 PM (1)","caption":"","description":"","alt":"","srcset":"https:\/\/360mallorcaproperty.com\/wp-content\/uploads\/2025\/07\/WhatsApp-Image-2024-03-27-at-12.52.59-PM-1-150x150.jpeg 150w, https:\/\/360mallorcaproperty.com\/wp-content\/uploads\/2025\/07\/WhatsApp-Image-2024-03-27-at-12.52.59-PM-1-210x210.jpeg 210w"},{"width":150,"height":150,"file":"2025\/07\/WhatsApp-Image-2024-03-27-at-12.52.59-PM.jpeg","filesize":201324,"sizes":{"medium":{"file":"WhatsApp-Image-2024-03-27-at-12.52.59-PM-300x169.jpeg","width":300,"height":169,"mime-type":"image\/jpeg","filesize":10804,"url":"https:\/\/360mallorcaproperty.com\/wp-content\/uploads\/2025\/07\/WhatsApp-Image-2024-03-27-at-12.52.59-PM-300x169.jpeg"},"large":{"file":"WhatsApp-Image-2024-03-27-at-12.52.59-PM-1024x576.jpeg","width":1024,"height":576,"mime-type":"image\/jpeg","filesize":72803,"url":"https:\/\/360mallorcaproperty.com\/wp-content\/uploads\/2025\/07\/WhatsApp-Image-2024-03-27-at-12.52.59-PM-1024x576.jpeg"},"thumbnail":{"file":"WhatsApp-Image-2024-03-27-at-12.52.59-PM-150x150.jpeg","width":150,"height":150,"mime-type":"image\/jpeg","filesize":5353,"url":"https:\/\/360mallorcaproperty.com\/wp-content\/uploads\/2025\/07\/WhatsApp-Image-2024-03-27-at-12.52.59-PM-150x150.jpeg"},"medium_large":{"file":"WhatsApp-Image-2024-03-27-at-12.52.59-PM-768x432.jpeg","width":768,"height":432,"mime-type":"image\/jpeg","filesize":45224,"url":"https:\/\/360mallorcaproperty.com\/wp-content\/uploads\/2025\/07\/WhatsApp-Image-2024-03-27-at-12.52.59-PM-768x432.jpeg"},"1536x1536":{"file":"WhatsApp-Image-2024-03-27-at-12.52.59-PM-1536x864.jpeg","width":1536,"height":864,"mime-type":"image\/jpeg","filesize":143226,"url":"https:\/\/360mallorcaproperty.com\/wp-content\/uploads\/2025\/07\/WhatsApp-Image-2024-03-27-at-12.52.59-PM-1536x864.jpeg"},"post-thumbnail":{"file":"WhatsApp-Image-2024-03-27-at-12.52.59-PM-150x84.jpeg","width":150,"height":84,"mime-type":"image\/jpeg","filesize":4116,"url":"https:\/\/360mallorcaproperty.com\/wp-content\/uploads\/2025\/07\/WhatsApp-Image-2024-03-27-at-12.52.59-PM-150x84.jpeg"},"modern-property-child-slider":{"file":"WhatsApp-Image-2024-03-27-at-12.52.59-PM-680x510.jpeg","width":680,"height":510,"mime-type":"image\/jpeg","filesize":45211,"url":"https:\/\/360mallorcaproperty.com\/wp-content\/uploads\/2025\/07\/WhatsApp-Image-2024-03-27-at-12.52.59-PM-680x510.jpeg"},"property-thumb-image":{"file":"WhatsApp-Image-2024-03-27-at-12.52.59-PM-488x326.jpeg","width":488,"height":326,"mime-type":"image\/jpeg","filesize":24571,"url":"https:\/\/360mallorcaproperty.com\/wp-content\/uploads\/2025\/07\/WhatsApp-Image-2024-03-27-at-12.52.59-PM-488x326.jpeg"},"property-detail-video-image":{"file":"WhatsApp-Image-2024-03-27-at-12.52.59-PM-818x417.jpeg","width":818,"height":417,"mime-type":"image\/jpeg","filesize":46951,"url":"https:\/\/360mallorcaproperty.com\/wp-content\/uploads\/2025\/07\/WhatsApp-Image-2024-03-27-at-12.52.59-PM-818x417.jpeg"},"agent-image":{"file":"WhatsApp-Image-2024-03-27-at-12.52.59-PM-210x210.jpeg","width":210,"height":210,"mime-type":"image\/jpeg","filesize":8759,"url":"https:\/\/360mallorcaproperty.com\/wp-content\/uploads\/2025\/07\/WhatsApp-Image-2024-03-27-at-12.52.59-PM-210x210.jpeg"},"partners-logo":{"file":"WhatsApp-Image-2024-03-27-at-12.52.59-PM-600x900.jpeg","width":600,"height":900,"mime-type":"image\/jpeg","filesize":64831,"url":"https:\/\/360mallorcaproperty.com\/wp-content\/uploads\/2025\/07\/WhatsApp-Image-2024-03-27-at-12.52.59-PM-600x900.jpeg"},"post-featured-image":{"file":"WhatsApp-Image-2024-03-27-at-12.52.59-PM-1240x720.jpeg","width":1240,"height":720,"mime-type":"image\/jpeg","filesize":102234,"url":"https:\/\/360mallorcaproperty.com\/wp-content\/uploads\/2025\/07\/WhatsApp-Image-2024-03-27-at-12.52.59-PM-1240x720.jpeg"}},"image_meta":{"aperture":"0","credit":"","camera":"","caption":"","created_timestamp":"0","copyright":"","focal_length":"0","iso":"0","shutter_speed":"0","title":"","orientation":"0","keywords":[]},"ID":"30610","name":"WhatsApp-Image-2024-03-27-at-12.52.59-PM.jpeg","path":"\/home\/mallorcaproperty\/public_html\/wp-content\/uploads\/2025\/07\/WhatsApp-Image-2024-03-27-at-12.52.59-PM.jpeg","url":"https:\/\/360mallorcaproperty.com\/wp-content\/uploads\/2025\/07\/WhatsApp-Image-2024-03-27-at-12.52.59-PM-150x150.jpeg","full_url":"https:\/\/360mallorcaproperty.com\/wp-content\/uploads\/2025\/07\/WhatsApp-Image-2024-03-27-at-12.52.59-PM.jpeg","title":"WhatsApp Image 2024-03-27 at 12.52.59 PM","caption":"","description":"","alt":"","srcset":"https:\/\/360mallorcaproperty.com\/wp-content\/uploads\/2025\/07\/WhatsApp-Image-2024-03-27-at-12.52.59-PM-150x150.jpeg 150w, https:\/\/360mallorcaproperty.com\/wp-content\/uploads\/2025\/07\/WhatsApp-Image-2024-03-27-at-12.52.59-PM-210x210.jpeg 210w"},{"width":150,"height":150,"file":"2025\/07\/WhatsApp-Image-2024-03-27-at-12.53.00-PM.jpeg","filesize":413514,"sizes":{"medium":{"file":"WhatsApp-Image-2024-03-27-at-12.53.00-PM-300x169.jpeg","width":300,"height":169,"mime-type":"image\/jpeg","filesize":17147,"url":"https:\/\/360mallorcaproperty.com\/wp-content\/uploads\/2025\/07\/WhatsApp-Image-2024-03-27-at-12.53.00-PM-300x169.jpeg"},"large":{"file":"WhatsApp-Image-2024-03-27-at-12.53.00-PM-1024x576.jpeg","width":1024,"height":576,"mime-type":"image\/jpeg","filesize":144283,"url":"https:\/\/360mallorcaproperty.com\/wp-content\/uploads\/2025\/07\/WhatsApp-Image-2024-03-27-at-12.53.00-PM-1024x576.jpeg"},"thumbnail":{"file":"WhatsApp-Image-2024-03-27-at-12.53.00-PM-150x150.jpeg","width":150,"height":150,"mime-type":"image\/jpeg","filesize":8251,"url":"https:\/\/360mallorcaproperty.com\/wp-content\/uploads\/2025\/07\/WhatsApp-Image-2024-03-27-at-12.53.00-PM-150x150.jpeg"},"medium_large":{"file":"WhatsApp-Image-2024-03-27-at-12.53.00-PM-768x432.jpeg","width":768,"height":432,"mime-type":"image\/jpeg","filesize":86912,"url":"https:\/\/360mallorcaproperty.com\/wp-content\/uploads\/2025\/07\/WhatsApp-Image-2024-03-27-at-12.53.00-PM-768x432.jpeg"},"1536x1536":{"file":"WhatsApp-Image-2024-03-27-at-12.53.00-PM-1536x864.jpeg","width":1536,"height":864,"mime-type":"image\/jpeg","filesize":284366,"url":"https:\/\/360mallorcaproperty.com\/wp-content\/uploads\/2025\/07\/WhatsApp-Image-2024-03-27-at-12.53.00-PM-1536x864.jpeg"},"post-thumbnail":{"file":"WhatsApp-Image-2024-03-27-at-12.53.00-PM-150x84.jpeg","width":150,"height":84,"mime-type":"image\/jpeg","filesize":5732,"url":"https:\/\/360mallorcaproperty.com\/wp-content\/uploads\/2025\/07\/WhatsApp-Image-2024-03-27-at-12.53.00-PM-150x84.jpeg"},"modern-property-child-slider":{"file":"WhatsApp-Image-2024-03-27-at-12.53.00-PM-680x510.jpeg","width":680,"height":510,"mime-type":"image\/jpeg","filesize":91489,"url":"https:\/\/360mallorcaproperty.com\/wp-content\/uploads\/2025\/07\/WhatsApp-Image-2024-03-27-at-12.53.00-PM-680x510.jpeg"},"property-thumb-image":{"file":"WhatsApp-Image-2024-03-27-at-12.53.00-PM-488x326.jpeg","width":488,"height":326,"mime-type":"image\/jpeg","filesize":45238,"url":"https:\/\/360mallorcaproperty.com\/wp-content\/uploads\/2025\/07\/WhatsApp-Image-2024-03-27-at-12.53.00-PM-488x326.jpeg"},"property-detail-video-image":{"file":"WhatsApp-Image-2024-03-27-at-12.53.00-PM-818x417.jpeg","width":818,"height":417,"mime-type":"image\/jpeg","filesize":89950,"url":"https:\/\/360mallorcaproperty.com\/wp-content\/uploads\/2025\/07\/WhatsApp-Image-2024-03-27-at-12.53.00-PM-818x417.jpeg"},"agent-image":{"file":"WhatsApp-Image-2024-03-27-at-12.53.00-PM-210x210.jpeg","width":210,"height":210,"mime-type":"image\/jpeg","filesize":14631,"url":"https:\/\/360mallorcaproperty.com\/wp-content\/uploads\/2025\/07\/WhatsApp-Image-2024-03-27-at-12.53.00-PM-210x210.jpeg"},"partners-logo":{"file":"WhatsApp-Image-2024-03-27-at-12.53.00-PM-600x900.jpeg","width":600,"height":900,"mime-type":"image\/jpeg","filesize":153255,"url":"https:\/\/360mallorcaproperty.com\/wp-content\/uploads\/2025\/07\/WhatsApp-Image-2024-03-27-at-12.53.00-PM-600x900.jpeg"},"post-featured-image":{"file":"WhatsApp-Image-2024-03-27-at-12.53.00-PM-1240x720.jpeg","width":1240,"height":720,"mime-type":"image\/jpeg","filesize":205813,"url":"https:\/\/360mallorcaproperty.com\/wp-content\/uploads\/2025\/07\/WhatsApp-Image-2024-03-27-at-12.53.00-PM-1240x720.jpeg"}},"image_meta":{"aperture":"0","credit":"","camera":"","caption":"","created_timestamp":"0","copyright":"","focal_length":"0","iso":"0","shutter_speed":"0","title":"","orientation":"0","keywords":[]},"ID":"30613","name":"WhatsApp-Image-2024-03-27-at-12.53.00-PM.jpeg","path":"\/home\/mallorcaproperty\/public_html\/wp-content\/uploads\/2025\/07\/WhatsApp-Image-2024-03-27-at-12.53.00-PM.jpeg","url":"https:\/\/360mallorcaproperty.com\/wp-content\/uploads\/2025\/07\/WhatsApp-Image-2024-03-27-at-12.53.00-PM-150x150.jpeg","full_url":"https:\/\/360mallorcaproperty.com\/wp-content\/uploads\/2025\/07\/WhatsApp-Image-2024-03-27-at-12.53.00-PM.jpeg","title":"WhatsApp Image 2024-03-27 at 12.53.00 PM","caption":"","description":"","alt":"","srcset":"https:\/\/360mallorcaproperty.com\/wp-content\/uploads\/2025\/07\/WhatsApp-Image-2024-03-27-at-12.53.00-PM-150x150.jpeg 150w, https:\/\/360mallorcaproperty.com\/wp-content\/uploads\/2025\/07\/WhatsApp-Image-2024-03-27-at-12.53.00-PM-210x210.jpeg 210w"},{"width":150,"height":150,"file":"2025\/07\/WhatsApp-Image-2024-03-27-at-12.53.01-PM-1.jpeg","filesize":575538,"sizes":{"medium":{"file":"WhatsApp-Image-2024-03-27-at-12.53.01-PM-1-300x169.jpeg","width":300,"height":169,"mime-type":"image\/jpeg","filesize":20680,"url":"https:\/\/360mallorcaproperty.com\/wp-content\/uploads\/2025\/07\/WhatsApp-Image-2024-03-27-at-12.53.01-PM-1-300x169.jpeg"},"large":{"file":"WhatsApp-Image-2024-03-27-at-12.53.01-PM-1-1024x576.jpeg","width":1024,"height":576,"mime-type":"image\/jpeg","filesize":192140,"url":"https:\/\/360mallorcaproperty.com\/wp-content\/uploads\/2025\/07\/WhatsApp-Image-2024-03-27-at-12.53.01-PM-1-1024x576.jpeg"},"thumbnail":{"file":"WhatsApp-Image-2024-03-27-at-12.53.01-PM-1-150x150.jpeg","width":150,"height":150,"mime-type":"image\/jpeg","filesize":9517,"url":"https:\/\/360mallorcaproperty.com\/wp-content\/uploads\/2025\/07\/WhatsApp-Image-2024-03-27-at-12.53.01-PM-1-150x150.jpeg"},"medium_large":{"file":"WhatsApp-Image-2024-03-27-at-12.53.01-PM-1-768x432.jpeg","width":768,"height":432,"mime-type":"image\/jpeg","filesize":114320,"url":"https:\/\/360mallorcaproperty.com\/wp-content\/uploads\/2025\/07\/WhatsApp-Image-2024-03-27-at-12.53.01-PM-1-768x432.jpeg"},"1536x1536":{"file":"WhatsApp-Image-2024-03-27-at-12.53.01-PM-1-1536x864.jpeg","width":1536,"height":864,"mime-type":"image\/jpeg","filesize":382690,"url":"https:\/\/360mallorcaproperty.com\/wp-content\/uploads\/2025\/07\/WhatsApp-Image-2024-03-27-at-12.53.01-PM-1-1536x864.jpeg"},"post-thumbnail":{"file":"WhatsApp-Image-2024-03-27-at-12.53.01-PM-1-150x84.jpeg","width":150,"height":84,"mime-type":"image\/jpeg","filesize":6328,"url":"https:\/\/360mallorcaproperty.com\/wp-content\/uploads\/2025\/07\/WhatsApp-Image-2024-03-27-at-12.53.01-PM-1-150x84.jpeg"},"modern-property-child-slider":{"file":"WhatsApp-Image-2024-03-27-at-12.53.01-PM-1-680x510.jpeg","width":680,"height":510,"mime-type":"image\/jpeg","filesize":112809,"url":"https:\/\/360mallorcaproperty.com\/wp-content\/uploads\/2025\/07\/WhatsApp-Image-2024-03-27-at-12.53.01-PM-1-680x510.jpeg"},"property-thumb-image":{"file":"WhatsApp-Image-2024-03-27-at-12.53.01-PM-1-488x326.jpeg","width":488,"height":326,"mime-type":"image\/jpeg","filesize":55997,"url":"https:\/\/360mallorcaproperty.com\/wp-content\/uploads\/2025\/07\/WhatsApp-Image-2024-03-27-at-12.53.01-PM-1-488x326.jpeg"},"property-detail-video-image":{"file":"WhatsApp-Image-2024-03-27-at-12.53.01-PM-1-818x417.jpeg","width":818,"height":417,"mime-type":"image\/jpeg","filesize":119212,"url":"https:\/\/360mallorcaproperty.com\/wp-content\/uploads\/2025\/07\/WhatsApp-Image-2024-03-27-at-12.53.01-PM-1-818x417.jpeg"},"agent-image":{"file":"WhatsApp-Image-2024-03-27-at-12.53.01-PM-1-210x210.jpeg","width":210,"height":210,"mime-type":"image\/jpeg","filesize":16863,"url":"https:\/\/360mallorcaproperty.com\/wp-content\/uploads\/2025\/07\/WhatsApp-Image-2024-03-27-at-12.53.01-PM-1-210x210.jpeg"},"partners-logo":{"file":"WhatsApp-Image-2024-03-27-at-12.53.01-PM-1-600x900.jpeg","width":600,"height":900,"mime-type":"image\/jpeg","filesize":168099,"url":"https:\/\/360mallorcaproperty.com\/wp-content\/uploads\/2025\/07\/WhatsApp-Image-2024-03-27-at-12.53.01-PM-1-600x900.jpeg"},"post-featured-image":{"file":"WhatsApp-Image-2024-03-27-at-12.53.01-PM-1-1240x720.jpeg","width":1240,"height":720,"mime-type":"image\/jpeg","filesize":274539,"url":"https:\/\/360mallorcaproperty.com\/wp-content\/uploads\/2025\/07\/WhatsApp-Image-2024-03-27-at-12.53.01-PM-1-1240x720.jpeg"}},"image_meta":{"aperture":"0","credit":"","camera":"","caption":"","created_timestamp":"0","copyright":"","focal_length":"0","iso":"0","shutter_speed":"0","title":"","orientation":"0","keywords":[]},"ID":"30616","name":"WhatsApp-Image-2024-03-27-at-12.53.01-PM-1.jpeg","path":"\/home\/mallorcaproperty\/public_html\/wp-content\/uploads\/2025\/07\/WhatsApp-Image-2024-03-27-at-12.53.01-PM-1.jpeg","url":"https:\/\/360mallorcaproperty.com\/wp-content\/uploads\/2025\/07\/WhatsApp-Image-2024-03-27-at-12.53.01-PM-1-150x150.jpeg","full_url":"https:\/\/360mallorcaproperty.com\/wp-content\/uploads\/2025\/07\/WhatsApp-Image-2024-03-27-at-12.53.01-PM-1.jpeg","title":"WhatsApp Image 2024-03-27 at 12.53.01 PM (1)","caption":"","description":"","alt":"","srcset":"https:\/\/360mallorcaproperty.com\/wp-content\/uploads\/2025\/07\/WhatsApp-Image-2024-03-27-at-12.53.01-PM-1-150x150.jpeg 150w, https:\/\/360mallorcaproperty.com\/wp-content\/uploads\/2025\/07\/WhatsApp-Image-2024-03-27-at-12.53.01-PM-1-210x210.jpeg 210w"},{"width":150,"height":150,"file":"2025\/07\/WhatsApp-Image-2024-03-27-at-12.53.01-PM.jpeg","filesize":416703,"sizes":{"medium":{"file":"WhatsApp-Image-2024-03-27-at-12.53.01-PM-300x169.jpeg","width":300,"height":169,"mime-type":"image\/jpeg","filesize":16967,"url":"https:\/\/360mallorcaproperty.com\/wp-content\/uploads\/2025\/07\/WhatsApp-Image-2024-03-27-at-12.53.01-PM-300x169.jpeg"},"large":{"file":"WhatsApp-Image-2024-03-27-at-12.53.01-PM-1024x576.jpeg","width":1024,"height":576,"mime-type":"image\/jpeg","filesize":144515,"url":"https:\/\/360mallorcaproperty.com\/wp-content\/uploads\/2025\/07\/WhatsApp-Image-2024-03-27-at-12.53.01-PM-1024x576.jpeg"},"thumbnail":{"file":"WhatsApp-Image-2024-03-27-at-12.53.01-PM-150x150.jpeg","width":150,"height":150,"mime-type":"image\/jpeg","filesize":8496,"url":"https:\/\/360mallorcaproperty.com\/wp-content\/uploads\/2025\/07\/WhatsApp-Image-2024-03-27-at-12.53.01-PM-150x150.jpeg"},"medium_large":{"file":"WhatsApp-Image-2024-03-27-at-12.53.01-PM-768x432.jpeg","width":768,"height":432,"mime-type":"image\/jpeg","filesize":86751,"url":"https:\/\/360mallorcaproperty.com\/wp-content\/uploads\/2025\/07\/WhatsApp-Image-2024-03-27-at-12.53.01-PM-768x432.jpeg"},"1536x1536":{"file":"WhatsApp-Image-2024-03-27-at-12.53.01-PM-1536x864.jpeg","width":1536,"height":864,"mime-type":"image\/jpeg","filesize":286987,"url":"https:\/\/360mallorcaproperty.com\/wp-content\/uploads\/2025\/07\/WhatsApp-Image-2024-03-27-at-12.53.01-PM-1536x864.jpeg"},"post-thumbnail":{"file":"WhatsApp-Image-2024-03-27-at-12.53.01-PM-150x84.jpeg","width":150,"height":84,"mime-type":"image\/jpeg","filesize":5711,"url":"https:\/\/360mallorcaproperty.com\/wp-content\/uploads\/2025\/07\/WhatsApp-Image-2024-03-27-at-12.53.01-PM-150x84.jpeg"},"modern-property-child-slider":{"file":"WhatsApp-Image-2024-03-27-at-12.53.01-PM-680x510.jpeg","width":680,"height":510,"mime-type":"image\/jpeg","filesize":91048,"url":"https:\/\/360mallorcaproperty.com\/wp-content\/uploads\/2025\/07\/WhatsApp-Image-2024-03-27-at-12.53.01-PM-680x510.jpeg"},"property-thumb-image":{"file":"WhatsApp-Image-2024-03-27-at-12.53.01-PM-488x326.jpeg","width":488,"height":326,"mime-type":"image\/jpeg","filesize":44954,"url":"https:\/\/360mallorcaproperty.com\/wp-content\/uploads\/2025\/07\/WhatsApp-Image-2024-03-27-at-12.53.01-PM-488x326.jpeg"},"property-detail-video-image":{"file":"WhatsApp-Image-2024-03-27-at-12.53.01-PM-818x417.jpeg","width":818,"height":417,"mime-type":"image\/jpeg","filesize":91389,"url":"https:\/\/360mallorcaproperty.com\/wp-content\/uploads\/2025\/07\/WhatsApp-Image-2024-03-27-at-12.53.01-PM-818x417.jpeg"},"agent-image":{"file":"WhatsApp-Image-2024-03-27-at-12.53.01-PM-210x210.jpeg","width":210,"height":210,"mime-type":"image\/jpeg","filesize":14847,"url":"https:\/\/360mallorcaproperty.com\/wp-content\/uploads\/2025\/07\/WhatsApp-Image-2024-03-27-at-12.53.01-PM-210x210.jpeg"},"partners-logo":{"file":"WhatsApp-Image-2024-03-27-at-12.53.01-PM-600x900.jpeg","width":600,"height":900,"mime-type":"image\/jpeg","filesize":162881,"url":"https:\/\/360mallorcaproperty.com\/wp-content\/uploads\/2025\/07\/WhatsApp-Image-2024-03-27-at-12.53.01-PM-600x900.jpeg"},"post-featured-image":{"file":"WhatsApp-Image-2024-03-27-at-12.53.01-PM-1240x720.jpeg","width":1240,"height":720,"mime-type":"image\/jpeg","filesize":207268,"url":"https:\/\/360mallorcaproperty.com\/wp-content\/uploads\/2025\/07\/WhatsApp-Image-2024-03-27-at-12.53.01-PM-1240x720.jpeg"}},"image_meta":{"aperture":"0","credit":"","camera":"","caption":"","created_timestamp":"0","copyright":"","focal_length":"0","iso":"0","shutter_speed":"0","title":"","orientation":"0","keywords":[]},"ID":"30619","name":"WhatsApp-Image-2024-03-27-at-12.53.01-PM.jpeg","path":"\/home\/mallorcaproperty\/public_html\/wp-content\/uploads\/2025\/07\/WhatsApp-Image-2024-03-27-at-12.53.01-PM.jpeg","url":"https:\/\/360mallorcaproperty.com\/wp-content\/uploads\/2025\/07\/WhatsApp-Image-2024-03-27-at-12.53.01-PM-150x150.jpeg","full_url":"https:\/\/360mallorcaproperty.com\/wp-content\/uploads\/2025\/07\/WhatsApp-Image-2024-03-27-at-12.53.01-PM.jpeg","title":"WhatsApp Image 2024-03-27 at 12.53.01 PM","caption":"","description":"","alt":"","srcset":"https:\/\/360mallorcaproperty.com\/wp-content\/uploads\/2025\/07\/WhatsApp-Image-2024-03-27-at-12.53.01-PM-150x150.jpeg 150w, https:\/\/360mallorcaproperty.com\/wp-content\/uploads\/2025\/07\/WhatsApp-Image-2024-03-27-at-12.53.01-PM-210x210.jpeg 210w"},{"width":150,"height":150,"file":"2025\/07\/WhatsApp-Image-2024-03-27-at-12.53.03-PM-1.jpeg","filesize":401636,"sizes":{"medium":{"file":"WhatsApp-Image-2024-03-27-at-12.53.03-PM-1-300x169.jpeg","width":300,"height":169,"mime-type":"image\/jpeg","filesize":17271,"url":"https:\/\/360mallorcaproperty.com\/wp-content\/uploads\/2025\/07\/WhatsApp-Image-2024-03-27-at-12.53.03-PM-1-300x169.jpeg"},"large":{"file":"WhatsApp-Image-2024-03-27-at-12.53.03-PM-1-1024x576.jpeg","width":1024,"height":576,"mime-type":"image\/jpeg","filesize":138468,"url":"https:\/\/360mallorcaproperty.com\/wp-content\/uploads\/2025\/07\/WhatsApp-Image-2024-03-27-at-12.53.03-PM-1-1024x576.jpeg"},"thumbnail":{"file":"WhatsApp-Image-2024-03-27-at-12.53.03-PM-1-150x150.jpeg","width":150,"height":150,"mime-type":"image\/jpeg","filesize":8699,"url":"https:\/\/360mallorcaproperty.com\/wp-content\/uploads\/2025\/07\/WhatsApp-Image-2024-03-27-at-12.53.03-PM-1-150x150.jpeg"},"medium_large":{"file":"WhatsApp-Image-2024-03-27-at-12.53.03-PM-1-768x432.jpeg","width":768,"height":432,"mime-type":"image\/jpeg","filesize":83995,"url":"https:\/\/360mallorcaproperty.com\/wp-content\/uploads\/2025\/07\/WhatsApp-Image-2024-03-27-at-12.53.03-PM-1-768x432.jpeg"},"1536x1536":{"file":"WhatsApp-Image-2024-03-27-at-12.53.03-PM-1-1536x864.jpeg","width":1536,"height":864,"mime-type":"image\/jpeg","filesize":271720,"url":"https:\/\/360mallorcaproperty.com\/wp-content\/uploads\/2025\/07\/WhatsApp-Image-2024-03-27-at-12.53.03-PM-1-1536x864.jpeg"},"post-thumbnail":{"file":"WhatsApp-Image-2024-03-27-at-12.53.03-PM-1-150x84.jpeg","width":150,"height":84,"mime-type":"image\/jpeg","filesize":5799,"url":"https:\/\/360mallorcaproperty.com\/wp-content\/uploads\/2025\/07\/WhatsApp-Image-2024-03-27-at-12.53.03-PM-1-150x84.jpeg"},"modern-property-child-slider":{"file":"WhatsApp-Image-2024-03-27-at-12.53.03-PM-1-680x510.jpeg","width":680,"height":510,"mime-type":"image\/jpeg","filesize":84986,"url":"https:\/\/360mallorcaproperty.com\/wp-content\/uploads\/2025\/07\/WhatsApp-Image-2024-03-27-at-12.53.03-PM-1-680x510.jpeg"},"property-thumb-image":{"file":"WhatsApp-Image-2024-03-27-at-12.53.03-PM-1-488x326.jpeg","width":488,"height":326,"mime-type":"image\/jpeg","filesize":43577,"url":"https:\/\/360mallorcaproperty.com\/wp-content\/uploads\/2025\/07\/WhatsApp-Image-2024-03-27-at-12.53.03-PM-1-488x326.jpeg"},"property-detail-video-image":{"file":"WhatsApp-Image-2024-03-27-at-12.53.03-PM-1-818x417.jpeg","width":818,"height":417,"mime-type":"image\/jpeg","filesize":88632,"url":"https:\/\/360mallorcaproperty.com\/wp-content\/uploads\/2025\/07\/WhatsApp-Image-2024-03-27-at-12.53.03-PM-1-818x417.jpeg"},"agent-image":{"file":"WhatsApp-Image-2024-03-27-at-12.53.03-PM-1-210x210.jpeg","width":210,"height":210,"mime-type":"image\/jpeg","filesize":15083,"url":"https:\/\/360mallorcaproperty.com\/wp-content\/uploads\/2025\/07\/WhatsApp-Image-2024-03-27-at-12.53.03-PM-1-210x210.jpeg"},"partners-logo":{"file":"WhatsApp-Image-2024-03-27-at-12.53.03-PM-1-600x900.jpeg","width":600,"height":900,"mime-type":"image\/jpeg","filesize":140273,"url":"https:\/\/360mallorcaproperty.com\/wp-content\/uploads\/2025\/07\/WhatsApp-Image-2024-03-27-at-12.53.03-PM-1-600x900.jpeg"},"post-featured-image":{"file":"WhatsApp-Image-2024-03-27-at-12.53.03-PM-1-1240x720.jpeg","width":1240,"height":720,"mime-type":"image\/jpeg","filesize":195753,"url":"https:\/\/360mallorcaproperty.com\/wp-content\/uploads\/2025\/07\/WhatsApp-Image-2024-03-27-at-12.53.03-PM-1-1240x720.jpeg"}},"image_meta":{"aperture":"0","credit":"","camera":"","caption":"","created_timestamp":"0","copyright":"","focal_length":"0","iso":"0","shutter_speed":"0","title":"","orientation":"0","keywords":[]},"ID":"30622","name":"WhatsApp-Image-2024-03-27-at-12.53.03-PM-1.jpeg","path":"\/home\/mallorcaproperty\/public_html\/wp-content\/uploads\/2025\/07\/WhatsApp-Image-2024-03-27-at-12.53.03-PM-1.jpeg","url":"https:\/\/360mallorcaproperty.com\/wp-content\/uploads\/2025\/07\/WhatsApp-Image-2024-03-27-at-12.53.03-PM-1-150x150.jpeg","full_url":"https:\/\/360mallorcaproperty.com\/wp-content\/uploads\/2025\/07\/WhatsApp-Image-2024-03-27-at-12.53.03-PM-1.jpeg","title":"WhatsApp Image 2024-03-27 at 12.53.03 PM (1)","caption":"","description":"","alt":"","srcset":"https:\/\/360mallorcaproperty.com\/wp-content\/uploads\/2025\/07\/WhatsApp-Image-2024-03-27-at-12.53.03-PM-1-150x150.jpeg 150w, https:\/\/360mallorcaproperty.com\/wp-content\/uploads\/2025\/07\/WhatsApp-Image-2024-03-27-at-12.53.03-PM-1-210x210.jpeg 210w"}],"REAL_HOMES_change_gallery_slider_type":"0","REAL_HOMES_gallery_slider_type":"thumb-on-right","inspiry_floor_plans":[],"inspiry_video_group":[],"REAL_HOMES_360_virtual_tour":"","REAL_HOMES_agent_display_option":"none","REAL_HOMES_agents":[],"REAL_HOMES_energy_class":"none","REAL_HOMES_energy_performance":"","REAL_HOMES_epc_current_rating":"","REAL_HOMES_epc_potential_rating":"","ere_property_schedule_tour":"global","ere_property_schedule_time_slots":"","ere_property_schedule_description":"","REAL_HOMES_sticky":"0","inspiry_property_label":"","inspiry_property_label_color":"","inspiry_property_tax":"","inspiry_additional_fee":"","REAL_HOMES_attachments":[],"inspiry_property_owner_name":"","inspiry_property_owner_contact":"","inspiry_property_owner_address":"","REAL_HOMES_property_private_note":"","inspiry_message_to_reviewer":"","REAL_HOMES_add_in_slider":"no","REAL_HOMES_slider_image":[],"REAL_HOMES_page_banner_image":[],"REAL_HOMES_hide_property_advance_search":"0","inspiry_offmarket":[],"REAL_HOMES_custom_header_display":"default","REAL_HOMES_custom_header_position":"relative","REAL_HOMES_custom_footer_display":"default","REAL_HOMES_hide_advance_search":"0","REAL_HOMES_custom_search_form":"default","REAL_HOMES_search_form_margin_top":"","REAL_HOMES_search_form_margin_bottom":""},"_links":{"self":[{"href":"https:\/\/360mallorcaproperty.com\/es\/wp-json\/wp\/v2\/property\/30505","targetHints":{"allow":["GET"]}}],"collection":[{"href":"https:\/\/360mallorcaproperty.com\/es\/wp-json\/wp\/v2\/property"}],"about":[{"href":"https:\/\/360mallorcaproperty.com\/es\/wp-json\/wp\/v2\/types\/property"}],"author":[{"embeddable":true,"href":"https:\/\/360mallorcaproperty.com\/es\/wp-json\/wp\/v2\/users\/1"}],"replies":[{"embeddable":true,"href":"https:\/\/360mallorcaproperty.com\/es\/wp-json\/wp\/v2\/comments?post=30505"}],"version-history":[{"count":1,"href":"https:\/\/360mallorcaproperty.com\/es\/wp-json\/wp\/v2\/property\/30505\/revisions"}],"predecessor-version":[{"id":30507,"href":"https:\/\/360mallorcaproperty.com\/es\/wp-json\/wp\/v2\/property\/30505\/revisions\/30507"}],"wp:featuredmedia":[{"embeddable":true,"href":"https:\/\/360mallorcaproperty.com\/es\/wp-json\/wp\/v2\/media\/30624"}],"wp:attachment":[{"href":"https:\/\/360mallorcaproperty.com\/es\/wp-json\/wp\/v2\/media?parent=30505"}],"wp:term":[{"taxonomy":"property-feature","embeddable":true,"href":"https:\/\/360mallorcaproperty.com\/es\/wp-json\/wp\/v2\/property-feature?post=30505"},{"taxonomy":"property-type","embeddable":true,"href":"https:\/\/360mallorcaproperty.com\/es\/wp-json\/wp\/v2\/property-type?post=30505"},{"taxonomy":"property-city","embeddable":true,"href":"https:\/\/360mallorcaproperty.com\/es\/wp-json\/wp\/v2\/property-location?post=30505"},{"taxonomy":"property-status","embeddable":true,"href":"https:\/\/360mallorcaproperty.com\/es\/wp-json\/wp\/v2\/property-status?post=30505"}],"curies":[{"name":"wp","href":"https:\/\/api.w.org\/{rel}","templated":true}]}}