{"id":31021,"date":"2025-10-14T14:47:57","date_gmt":"2025-10-14T14:47:57","guid":{"rendered":"https:\/\/360mallorcaproperty.com\/property\/lokalgeschaeft-in-santanyi\/"},"modified":"2026-01-26T10:33:03","modified_gmt":"2026-01-26T10:33:03","slug":"lokalgeschaeft-in-santanyi","status":"publish","type":"property","link":"https:\/\/360mallorcaproperty.com\/es\/property\/lokalgeschaeft-in-santanyi\/","title":{"rendered":"Local comercial en Santany\u00ed"},"content":{"rendered":"<p>Este local comercial est\u00e1 situado a la entrada de Santany\u00ed, en la animada zona este de la ciudad, y goza de una ubicaci\u00f3n privilegiada con excelente visibilidad y alto tr\u00e1nsito peatonal. La propiedad ofrece 122 m\u00b2 de superficie en la planta baja, complementados con un amplio s\u00f3tano de 149 m\u00b2 y un patio trasero de 50 m\u00b2, lo que permite una distribuci\u00f3n vers\u00e1til para una amplia gama de usos comerciales.<\/p>\n<p>El local necesita ser renovado, lo que ofrece a los compradores o inversores una oportunidad \u00fanica para crear un espacio que se adapte a sus necesidades espec\u00edficas. Su privilegiada ubicaci\u00f3n a las afueras de Santany\u00ed garantiza una gran visibilidad tanto para los residentes locales como para los visitantes, lo que lo convierte en un lugar ideal para una tienda minorista, un restaurante, una galer\u00eda o una oficina.<\/p>\n<p>Con sus generosas proporciones, su ubicaci\u00f3n c\u00e9ntrica y su potencial para el dise\u00f1o personalizado, esta propiedad ofrece una oportunidad \u00fanica para establecer una presencia comercial en una de las zonas m\u00e1s populares y pr\u00f3speras de Mallorca.<\/p>\n","protected":false},"excerpt":{"rendered":"<p>Este local comercial est\u00e1 situado a la entrada de Santany\u00ed, en la animada zona este de la ciudad, y goza de una ubicaci\u00f3n privilegiada con excelente visibilidad y alto tr\u00e1nsito peatonal. La propiedad ofrece 122 m\u00b2 de superficie en la planta baja, complementados con un amplio s\u00f3tano de 149 m\u00b2 y un patio trasero de&#8230;<\/p>\n","protected":false},"author":1,"featured_media":31017,"parent":0,"menu_order":0,"comment_status":"closed","ping_status":"closed","template":"","property-feature":[],"property-type":[316],"property-location":[261],"property-status":[231],"class_list":["post-31021","property","type-property","status-publish","has-post-thumbnail","hentry","property-type-comercial","property-city-santanyi-es","property-status-venta"],"property_meta":{"REAL_HOMES_property_price":"398000","REAL_HOMES_property_old_price":"","REAL_HOMES_property_price_prefix":"","REAL_HOMES_property_price_postfix":"","REAL_HOMES_property_size":"330m\u00b2","REAL_HOMES_property_size_postfix":"","REAL_HOMES_property_lot_size":"1332m\u00b2","REAL_HOMES_property_lot_size_postfix":"","REAL_HOMES_property_bedrooms":"","REAL_HOMES_property_bathrooms":"","REAL_HOMES_property_garage":"","REAL_HOMES_property_id":"V6013","REAL_HOMES_property_year_built":"2003","REAL_HOMES_featured":"0","REAL_HOMES_additional_details_list":[],"rvr_booking_widget_display":"","rvr_booking_mode":"","rvr_govt_tax":"","rvr_govt_tax_type":"percentage","rvr_govt_tax_calculation":"per_stay","rvr_service_charges":"","rvr_service_charges_type":"percentage","rvr_service_charges_calculation":"per_stay","rvr_guests_capacity":"","rvr_book_child_as":"","rvr_min_stay":"","rvr_guests_capacity_extend":"","rvr_extra_guest_price":"","rvr_property_owner":"0","rvr_bulk_pricing":[],"rvr_seasonal_pricing":[],"rvr_custom_reserved_dates":[],"rvr_additional_fees":[{"rvr_fee_type":"fixed","rvr_fee_calculation":"per_stay"}],"rvr_additional_amenities":[{"price_calculation":"per_stay"}],"rvr_accommodation":[],"rvr_outdoor_features":[],"rvr_surroundings":[],"rvr_included":[],"rvr_not_included":[],"rvr_policies":[],"REAL_HOMES_property_location":{"latitude":"39.358420676944","longitude":"3.133453032033","zoom":"18"},"REAL_HOMES_property_address":"Carrer Consolaci\u00f3, 24, 07650 Santany\u00ed, Illes Balears","REAL_HOMES_property_map":"","REAL_HOMES_property_images":[{"width":150,"height":150,"file":"2025\/10\/Captura-de-pantalla-2025-10-14-161650.jpg","filesize":164868,"sizes":{"medium":{"file":"Captura-de-pantalla-2025-10-14-161650-300x166.jpg","width":300,"height":166,"mime-type":"image\/jpeg","filesize":21911,"url":"https:\/\/360mallorcaproperty.com\/wp-content\/uploads\/2025\/10\/Captura-de-pantalla-2025-10-14-161650-300x166.jpg"},"thumbnail":{"file":"Captura-de-pantalla-2025-10-14-161650-150x150.jpg","width":150,"height":150,"mime-type":"image\/jpeg","filesize":11213,"url":"https:\/\/360mallorcaproperty.com\/wp-content\/uploads\/2025\/10\/Captura-de-pantalla-2025-10-14-161650-150x150.jpg"},"medium_large":{"file":"Captura-de-pantalla-2025-10-14-161650-768x426.jpg","width":768,"height":426,"mime-type":"image\/jpeg","filesize":91583,"url":"https:\/\/360mallorcaproperty.com\/wp-content\/uploads\/2025\/10\/Captura-de-pantalla-2025-10-14-161650-768x426.jpg"},"post-thumbnail":{"file":"Captura-de-pantalla-2025-10-14-161650-150x83.jpg","width":150,"height":83,"mime-type":"image\/jpeg","filesize":6817,"url":"https:\/\/360mallorcaproperty.com\/wp-content\/uploads\/2025\/10\/Captura-de-pantalla-2025-10-14-161650-150x83.jpg"},"modern-property-child-slider":{"file":"Captura-de-pantalla-2025-10-14-161650-680x495.jpg","width":680,"height":495,"mime-type":"image\/jpeg","filesize":97804,"url":"https:\/\/360mallorcaproperty.com\/wp-content\/uploads\/2025\/10\/Captura-de-pantalla-2025-10-14-161650-680x495.jpg"},"property-thumb-image":{"file":"Captura-de-pantalla-2025-10-14-161650-488x326.jpg","width":488,"height":326,"mime-type":"image\/jpeg","filesize":52693,"url":"https:\/\/360mallorcaproperty.com\/wp-content\/uploads\/2025\/10\/Captura-de-pantalla-2025-10-14-161650-488x326.jpg"},"property-detail-video-image":{"file":"Captura-de-pantalla-2025-10-14-161650-818x417.jpg","width":818,"height":417,"mime-type":"image\/jpeg","filesize":93979,"url":"https:\/\/360mallorcaproperty.com\/wp-content\/uploads\/2025\/10\/Captura-de-pantalla-2025-10-14-161650-818x417.jpg"},"agent-image":{"file":"Captura-de-pantalla-2025-10-14-161650-210x210.jpg","width":210,"height":210,"mime-type":"image\/jpeg","filesize":19507,"url":"https:\/\/360mallorcaproperty.com\/wp-content\/uploads\/2025\/10\/Captura-de-pantalla-2025-10-14-161650-210x210.jpg"},"partners-logo":{"file":"Captura-de-pantalla-2025-10-14-161650-600x495.jpg","width":600,"height":495,"mime-type":"image\/jpeg","filesize":87245,"url":"https:\/\/360mallorcaproperty.com\/wp-content\/uploads\/2025\/10\/Captura-de-pantalla-2025-10-14-161650-600x495.jpg"}},"image_meta":{"aperture":"0","credit":"","camera":"","caption":"","created_timestamp":"0","copyright":"","focal_length":"0","iso":"0","shutter_speed":"0","title":"","orientation":"0","keywords":[]},"ID":"31012","name":"Captura-de-pantalla-2025-10-14-161650.jpg","path":"\/home\/mallorcaproperty\/public_html\/wp-content\/uploads\/2025\/10\/Captura-de-pantalla-2025-10-14-161650.jpg","url":"https:\/\/360mallorcaproperty.com\/wp-content\/uploads\/2025\/10\/Captura-de-pantalla-2025-10-14-161650-150x150.jpg","full_url":"https:\/\/360mallorcaproperty.com\/wp-content\/uploads\/2025\/10\/Captura-de-pantalla-2025-10-14-161650.jpg","title":"Captura de pantalla 2025-10-14 161650","caption":"","description":"","alt":"","srcset":"https:\/\/360mallorcaproperty.com\/wp-content\/uploads\/2025\/10\/Captura-de-pantalla-2025-10-14-161650-150x150.jpg 150w, https:\/\/360mallorcaproperty.com\/wp-content\/uploads\/2025\/10\/Captura-de-pantalla-2025-10-14-161650-210x210.jpg 210w"},{"width":150,"height":150,"file":"2025\/10\/Captura-de-pantalla-2025-10-14-162029.jpg","filesize":68868,"sizes":{"medium":{"file":"Captura-de-pantalla-2025-10-14-162029-200x300.jpg","width":200,"height":300,"mime-type":"image\/jpeg","filesize":13412,"url":"https:\/\/360mallorcaproperty.com\/wp-content\/uploads\/2025\/10\/Captura-de-pantalla-2025-10-14-162029-200x300.jpg"},"thumbnail":{"file":"Captura-de-pantalla-2025-10-14-162029-150x150.jpg","width":150,"height":150,"mime-type":"image\/jpeg","filesize":6808,"url":"https:\/\/360mallorcaproperty.com\/wp-content\/uploads\/2025\/10\/Captura-de-pantalla-2025-10-14-162029-150x150.jpg"},"post-thumbnail":{"file":"Captura-de-pantalla-2025-10-14-162029-100x150.jpg","width":100,"height":150,"mime-type":"image\/jpeg","filesize":5019,"url":"https:\/\/360mallorcaproperty.com\/wp-content\/uploads\/2025\/10\/Captura-de-pantalla-2025-10-14-162029-100x150.jpg"},"modern-property-child-slider":{"file":"Captura-de-pantalla-2025-10-14-162029-446x510.jpg","width":446,"height":510,"mime-type":"image\/jpeg","filesize":47602,"url":"https:\/\/360mallorcaproperty.com\/wp-content\/uploads\/2025\/10\/Captura-de-pantalla-2025-10-14-162029-446x510.jpg"},"property-thumb-image":{"file":"Captura-de-pantalla-2025-10-14-162029-446x326.jpg","width":446,"height":326,"mime-type":"image\/jpeg","filesize":28277,"url":"https:\/\/360mallorcaproperty.com\/wp-content\/uploads\/2025\/10\/Captura-de-pantalla-2025-10-14-162029-446x326.jpg"},"property-detail-video-image":{"file":"Captura-de-pantalla-2025-10-14-162029-446x417.jpg","width":446,"height":417,"mime-type":"image\/jpeg","filesize":36532,"url":"https:\/\/360mallorcaproperty.com\/wp-content\/uploads\/2025\/10\/Captura-de-pantalla-2025-10-14-162029-446x417.jpg"},"agent-image":{"file":"Captura-de-pantalla-2025-10-14-162029-210x210.jpg","width":210,"height":210,"mime-type":"image\/jpeg","filesize":11308,"url":"https:\/\/360mallorcaproperty.com\/wp-content\/uploads\/2025\/10\/Captura-de-pantalla-2025-10-14-162029-210x210.jpg"}},"image_meta":{"aperture":"0","credit":"","camera":"","caption":"","created_timestamp":"0","copyright":"","focal_length":"0","iso":"0","shutter_speed":"0","title":"","orientation":"0","keywords":[]},"ID":"31015","name":"Captura-de-pantalla-2025-10-14-162029.jpg","path":"\/home\/mallorcaproperty\/public_html\/wp-content\/uploads\/2025\/10\/Captura-de-pantalla-2025-10-14-162029.jpg","url":"https:\/\/360mallorcaproperty.com\/wp-content\/uploads\/2025\/10\/Captura-de-pantalla-2025-10-14-162029-150x150.jpg","full_url":"https:\/\/360mallorcaproperty.com\/wp-content\/uploads\/2025\/10\/Captura-de-pantalla-2025-10-14-162029.jpg","title":"Captura de pantalla 2025-10-14 162029","caption":"","description":"","alt":"","srcset":"https:\/\/360mallorcaproperty.com\/wp-content\/uploads\/2025\/10\/Captura-de-pantalla-2025-10-14-162029-150x150.jpg 150w, https:\/\/360mallorcaproperty.com\/wp-content\/uploads\/2025\/10\/Captura-de-pantalla-2025-10-14-162029-210x210.jpg 210w"},{"width":150,"height":150,"file":"2025\/10\/IMG-20250704-WA0073.jpg","filesize":326632,"sizes":{"medium":{"file":"IMG-20250704-WA0073-300x169.jpg","width":300,"height":169,"mime-type":"image\/jpeg","filesize":11606,"url":"https:\/\/360mallorcaproperty.com\/wp-content\/uploads\/2025\/10\/IMG-20250704-WA0073-300x169.jpg"},"large":{"file":"IMG-20250704-WA0073-1024x576.jpg","width":1024,"height":576,"mime-type":"image\/jpeg","filesize":103985,"url":"https:\/\/360mallorcaproperty.com\/wp-content\/uploads\/2025\/10\/IMG-20250704-WA0073-1024x576.jpg"},"thumbnail":{"file":"IMG-20250704-WA0073-150x150.jpg","width":150,"height":150,"mime-type":"image\/jpeg","filesize":5263,"url":"https:\/\/360mallorcaproperty.com\/wp-content\/uploads\/2025\/10\/IMG-20250704-WA0073-150x150.jpg"},"medium_large":{"file":"IMG-20250704-WA0073-768x432.jpg","width":768,"height":432,"mime-type":"image\/jpeg","filesize":61052,"url":"https:\/\/360mallorcaproperty.com\/wp-content\/uploads\/2025\/10\/IMG-20250704-WA0073-768x432.jpg"},"1536x1536":{"file":"IMG-20250704-WA0073-1536x864.jpg","width":1536,"height":864,"mime-type":"image\/jpeg","filesize":213443,"url":"https:\/\/360mallorcaproperty.com\/wp-content\/uploads\/2025\/10\/IMG-20250704-WA0073-1536x864.jpg"},"post-thumbnail":{"file":"IMG-20250704-WA0073-150x84.jpg","width":150,"height":84,"mime-type":"image\/jpeg","filesize":3818,"url":"https:\/\/360mallorcaproperty.com\/wp-content\/uploads\/2025\/10\/IMG-20250704-WA0073-150x84.jpg"},"modern-property-child-slider":{"file":"IMG-20250704-WA0073-680x510.jpg","width":680,"height":510,"mime-type":"image\/jpeg","filesize":61253,"url":"https:\/\/360mallorcaproperty.com\/wp-content\/uploads\/2025\/10\/IMG-20250704-WA0073-680x510.jpg"},"property-thumb-image":{"file":"IMG-20250704-WA0073-488x326.jpg","width":488,"height":326,"mime-type":"image\/jpeg","filesize":30116,"url":"https:\/\/360mallorcaproperty.com\/wp-content\/uploads\/2025\/10\/IMG-20250704-WA0073-488x326.jpg"},"property-detail-video-image":{"file":"IMG-20250704-WA0073-818x417.jpg","width":818,"height":417,"mime-type":"image\/jpeg","filesize":63394,"url":"https:\/\/360mallorcaproperty.com\/wp-content\/uploads\/2025\/10\/IMG-20250704-WA0073-818x417.jpg"},"agent-image":{"file":"IMG-20250704-WA0073-210x210.jpg","width":210,"height":210,"mime-type":"image\/jpeg","filesize":9127,"url":"https:\/\/360mallorcaproperty.com\/wp-content\/uploads\/2025\/10\/IMG-20250704-WA0073-210x210.jpg"},"partners-logo":{"file":"IMG-20250704-WA0073-600x900.jpg","width":600,"height":900,"mime-type":"image\/jpeg","filesize":89776,"url":"https:\/\/360mallorcaproperty.com\/wp-content\/uploads\/2025\/10\/IMG-20250704-WA0073-600x900.jpg"},"post-featured-image":{"file":"IMG-20250704-WA0073-1240x720.jpg","width":1240,"height":720,"mime-type":"image\/jpeg","filesize":151057,"url":"https:\/\/360mallorcaproperty.com\/wp-content\/uploads\/2025\/10\/IMG-20250704-WA0073-1240x720.jpg"}},"image_meta":{"aperture":"0","credit":"","camera":"","caption":"","created_timestamp":"0","copyright":"","focal_length":"0","iso":"0","shutter_speed":"0","title":"","orientation":"0","keywords":[]},"ID":"30979","name":"IMG-20250704-WA0073.jpg","path":"\/home\/mallorcaproperty\/public_html\/wp-content\/uploads\/2025\/10\/IMG-20250704-WA0073.jpg","url":"https:\/\/360mallorcaproperty.com\/wp-content\/uploads\/2025\/10\/IMG-20250704-WA0073-150x150.jpg","full_url":"https:\/\/360mallorcaproperty.com\/wp-content\/uploads\/2025\/10\/IMG-20250704-WA0073.jpg","title":"IMG-20250704-WA0073","caption":"","description":"","alt":"","srcset":"https:\/\/360mallorcaproperty.com\/wp-content\/uploads\/2025\/10\/IMG-20250704-WA0073-150x150.jpg 150w, https:\/\/360mallorcaproperty.com\/wp-content\/uploads\/2025\/10\/IMG-20250704-WA0073-210x210.jpg 210w"},{"width":150,"height":150,"file":"2025\/10\/IMG-20250930-WA0039.jpg","filesize":257749,"sizes":{"medium":{"file":"IMG-20250930-WA0039-300x169.jpg","width":300,"height":169,"mime-type":"image\/jpeg","filesize":9601,"url":"https:\/\/360mallorcaproperty.com\/wp-content\/uploads\/2025\/10\/IMG-20250930-WA0039-300x169.jpg"},"large":{"file":"IMG-20250930-WA0039-1024x576.jpg","width":1024,"height":576,"mime-type":"image\/jpeg","filesize":86186,"url":"https:\/\/360mallorcaproperty.com\/wp-content\/uploads\/2025\/10\/IMG-20250930-WA0039-1024x576.jpg"},"thumbnail":{"file":"IMG-20250930-WA0039-150x150.jpg","width":150,"height":150,"mime-type":"image\/jpeg","filesize":5309,"url":"https:\/\/360mallorcaproperty.com\/wp-content\/uploads\/2025\/10\/IMG-20250930-WA0039-150x150.jpg"},"medium_large":{"file":"IMG-20250930-WA0039-768x432.jpg","width":768,"height":432,"mime-type":"image\/jpeg","filesize":49475,"url":"https:\/\/360mallorcaproperty.com\/wp-content\/uploads\/2025\/10\/IMG-20250930-WA0039-768x432.jpg"},"1536x1536":{"file":"IMG-20250930-WA0039-1536x864.jpg","width":1536,"height":864,"mime-type":"image\/jpeg","filesize":183586,"url":"https:\/\/360mallorcaproperty.com\/wp-content\/uploads\/2025\/10\/IMG-20250930-WA0039-1536x864.jpg"},"post-thumbnail":{"file":"IMG-20250930-WA0039-150x84.jpg","width":150,"height":84,"mime-type":"image\/jpeg","filesize":3337,"url":"https:\/\/360mallorcaproperty.com\/wp-content\/uploads\/2025\/10\/IMG-20250930-WA0039-150x84.jpg"},"modern-property-child-slider":{"file":"IMG-20250930-WA0039-680x510.jpg","width":680,"height":510,"mime-type":"image\/jpeg","filesize":54240,"url":"https:\/\/360mallorcaproperty.com\/wp-content\/uploads\/2025\/10\/IMG-20250930-WA0039-680x510.jpg"},"property-thumb-image":{"file":"IMG-20250930-WA0039-488x326.jpg","width":488,"height":326,"mime-type":"image\/jpeg","filesize":26143,"url":"https:\/\/360mallorcaproperty.com\/wp-content\/uploads\/2025\/10\/IMG-20250930-WA0039-488x326.jpg"},"property-detail-video-image":{"file":"IMG-20250930-WA0039-818x417.jpg","width":818,"height":417,"mime-type":"image\/jpeg","filesize":52010,"url":"https:\/\/360mallorcaproperty.com\/wp-content\/uploads\/2025\/10\/IMG-20250930-WA0039-818x417.jpg"},"agent-image":{"file":"IMG-20250930-WA0039-210x210.jpg","width":210,"height":210,"mime-type":"image\/jpeg","filesize":9064,"url":"https:\/\/360mallorcaproperty.com\/wp-content\/uploads\/2025\/10\/IMG-20250930-WA0039-210x210.jpg"},"partners-logo":{"file":"IMG-20250930-WA0039-600x900.jpg","width":600,"height":900,"mime-type":"image\/jpeg","filesize":92719,"url":"https:\/\/360mallorcaproperty.com\/wp-content\/uploads\/2025\/10\/IMG-20250930-WA0039-600x900.jpg"},"post-featured-image":{"file":"IMG-20250930-WA0039-1240x720.jpg","width":1240,"height":720,"mime-type":"image\/jpeg","filesize":129263,"url":"https:\/\/360mallorcaproperty.com\/wp-content\/uploads\/2025\/10\/IMG-20250930-WA0039-1240x720.jpg"}},"image_meta":{"aperture":"0","credit":"","camera":"","caption":"","created_timestamp":"0","copyright":"","focal_length":"0","iso":"0","shutter_speed":"0","title":"","orientation":"0","keywords":[]},"ID":"30985","name":"IMG-20250930-WA0039.jpg","path":"\/home\/mallorcaproperty\/public_html\/wp-content\/uploads\/2025\/10\/IMG-20250930-WA0039.jpg","url":"https:\/\/360mallorcaproperty.com\/wp-content\/uploads\/2025\/10\/IMG-20250930-WA0039-150x150.jpg","full_url":"https:\/\/360mallorcaproperty.com\/wp-content\/uploads\/2025\/10\/IMG-20250930-WA0039.jpg","title":"IMG-20250930-WA0039","caption":"","description":"","alt":"","srcset":"https:\/\/360mallorcaproperty.com\/wp-content\/uploads\/2025\/10\/IMG-20250930-WA0039-150x150.jpg 150w, https:\/\/360mallorcaproperty.com\/wp-content\/uploads\/2025\/10\/IMG-20250930-WA0039-210x210.jpg 210w"},{"width":150,"height":150,"file":"2025\/10\/IMG-20250930-WA0048.jpg","filesize":1043097,"sizes":{"medium":{"file":"IMG-20250930-WA0048-300x169.jpg","width":300,"height":169,"mime-type":"image\/jpeg","filesize":19124,"url":"https:\/\/360mallorcaproperty.com\/wp-content\/uploads\/2025\/10\/IMG-20250930-WA0048-300x169.jpg"},"large":{"file":"IMG-20250930-WA0048-1024x576.jpg","width":1024,"height":576,"mime-type":"image\/jpeg","filesize":220339,"url":"https:\/\/360mallorcaproperty.com\/wp-content\/uploads\/2025\/10\/IMG-20250930-WA0048-1024x576.jpg"},"thumbnail":{"file":"IMG-20250930-WA0048-150x150.jpg","width":150,"height":150,"mime-type":"image\/jpeg","filesize":9003,"url":"https:\/\/360mallorcaproperty.com\/wp-content\/uploads\/2025\/10\/IMG-20250930-WA0048-150x150.jpg"},"medium_large":{"file":"IMG-20250930-WA0048-768x432.jpg","width":768,"height":432,"mime-type":"image\/jpeg","filesize":119070,"url":"https:\/\/360mallorcaproperty.com\/wp-content\/uploads\/2025\/10\/IMG-20250930-WA0048-768x432.jpg"},"1536x1536":{"file":"IMG-20250930-WA0048-1536x864.jpg","width":1536,"height":864,"mime-type":"image\/jpeg","filesize":449333,"url":"https:\/\/360mallorcaproperty.com\/wp-content\/uploads\/2025\/10\/IMG-20250930-WA0048-1536x864.jpg"},"post-thumbnail":{"file":"IMG-20250930-WA0048-150x84.jpg","width":150,"height":84,"mime-type":"image\/jpeg","filesize":5364,"url":"https:\/\/360mallorcaproperty.com\/wp-content\/uploads\/2025\/10\/IMG-20250930-WA0048-150x84.jpg"},"modern-property-child-slider":{"file":"IMG-20250930-WA0048-680x510.jpg","width":680,"height":510,"mime-type":"image\/jpeg","filesize":133031,"url":"https:\/\/360mallorcaproperty.com\/wp-content\/uploads\/2025\/10\/IMG-20250930-WA0048-680x510.jpg"},"property-thumb-image":{"file":"IMG-20250930-WA0048-488x326.jpg","width":488,"height":326,"mime-type":"image\/jpeg","filesize":58833,"url":"https:\/\/360mallorcaproperty.com\/wp-content\/uploads\/2025\/10\/IMG-20250930-WA0048-488x326.jpg"},"property-detail-video-image":{"file":"IMG-20250930-WA0048-818x417.jpg","width":818,"height":417,"mime-type":"image\/jpeg","filesize":122730,"url":"https:\/\/360mallorcaproperty.com\/wp-content\/uploads\/2025\/10\/IMG-20250930-WA0048-818x417.jpg"},"agent-image":{"file":"IMG-20250930-WA0048-210x210.jpg","width":210,"height":210,"mime-type":"image\/jpeg","filesize":17285,"url":"https:\/\/360mallorcaproperty.com\/wp-content\/uploads\/2025\/10\/IMG-20250930-WA0048-210x210.jpg"},"partners-logo":{"file":"IMG-20250930-WA0048-600x1152.jpg","width":600,"height":1152,"mime-type":"image\/jpeg","filesize":280632,"url":"https:\/\/360mallorcaproperty.com\/wp-content\/uploads\/2025\/10\/IMG-20250930-WA0048-600x1152.jpg"},"post-featured-image":{"file":"IMG-20250930-WA0048-1240x720.jpg","width":1240,"height":720,"mime-type":"image\/jpeg","filesize":312063,"url":"https:\/\/360mallorcaproperty.com\/wp-content\/uploads\/2025\/10\/IMG-20250930-WA0048-1240x720.jpg"}},"image_meta":{"aperture":"0","credit":"","camera":"","caption":"","created_timestamp":"0","copyright":"","focal_length":"0","iso":"0","shutter_speed":"0","title":"","orientation":"0","keywords":[]},"ID":"30946","name":"IMG-20250930-WA0048.jpg","path":"\/home\/mallorcaproperty\/public_html\/wp-content\/uploads\/2025\/10\/IMG-20250930-WA0048.jpg","url":"https:\/\/360mallorcaproperty.com\/wp-content\/uploads\/2025\/10\/IMG-20250930-WA0048-150x150.jpg","full_url":"https:\/\/360mallorcaproperty.com\/wp-content\/uploads\/2025\/10\/IMG-20250930-WA0048.jpg","title":"IMG-20250930-WA0048","caption":"","description":"","alt":"","srcset":"https:\/\/360mallorcaproperty.com\/wp-content\/uploads\/2025\/10\/IMG-20250930-WA0048-150x150.jpg 150w, https:\/\/360mallorcaproperty.com\/wp-content\/uploads\/2025\/10\/IMG-20250930-WA0048-210x210.jpg 210w"},{"width":150,"height":150,"file":"2025\/10\/IMG-20250930-WA0038.jpg","filesize":344280,"sizes":{"medium":{"file":"IMG-20250930-WA0038-169x300.jpg","width":169,"height":300,"mime-type":"image\/jpeg","filesize":8355,"url":"https:\/\/360mallorcaproperty.com\/wp-content\/uploads\/2025\/10\/IMG-20250930-WA0038-169x300.jpg"},"large":{"file":"IMG-20250930-WA0038-576x1024.jpg","width":576,"height":1024,"mime-type":"image\/jpeg","filesize":66275,"url":"https:\/\/360mallorcaproperty.com\/wp-content\/uploads\/2025\/10\/IMG-20250930-WA0038-576x1024.jpg"},"thumbnail":{"file":"IMG-20250930-WA0038-150x150.jpg","width":150,"height":150,"mime-type":"image\/jpeg","filesize":4680,"url":"https:\/\/360mallorcaproperty.com\/wp-content\/uploads\/2025\/10\/IMG-20250930-WA0038-150x150.jpg"},"medium_large":{"file":"IMG-20250930-WA0038-768x1365.jpg","width":768,"height":1365,"mime-type":"image\/jpeg","filesize":112286,"url":"https:\/\/360mallorcaproperty.com\/wp-content\/uploads\/2025\/10\/IMG-20250930-WA0038-768x1365.jpg"},"1536x1536":{"file":"IMG-20250930-WA0038-864x1536.jpg","width":864,"height":1536,"mime-type":"image\/jpeg","filesize":143369,"url":"https:\/\/360mallorcaproperty.com\/wp-content\/uploads\/2025\/10\/IMG-20250930-WA0038-864x1536.jpg"},"post-thumbnail":{"file":"IMG-20250930-WA0038-84x150.jpg","width":84,"height":150,"mime-type":"image\/jpeg","filesize":3136,"url":"https:\/\/360mallorcaproperty.com\/wp-content\/uploads\/2025\/10\/IMG-20250930-WA0038-84x150.jpg"},"modern-property-child-slider":{"file":"IMG-20250930-WA0038-680x510.jpg","width":680,"height":510,"mime-type":"image\/jpeg","filesize":38931,"url":"https:\/\/360mallorcaproperty.com\/wp-content\/uploads\/2025\/10\/IMG-20250930-WA0038-680x510.jpg"},"property-thumb-image":{"file":"IMG-20250930-WA0038-488x326.jpg","width":488,"height":326,"mime-type":"image\/jpeg","filesize":20060,"url":"https:\/\/360mallorcaproperty.com\/wp-content\/uploads\/2025\/10\/IMG-20250930-WA0038-488x326.jpg"},"property-detail-video-image":{"file":"IMG-20250930-WA0038-818x417.jpg","width":818,"height":417,"mime-type":"image\/jpeg","filesize":38748,"url":"https:\/\/360mallorcaproperty.com\/wp-content\/uploads\/2025\/10\/IMG-20250930-WA0038-818x417.jpg"},"agent-image":{"file":"IMG-20250930-WA0038-210x210.jpg","width":210,"height":210,"mime-type":"image\/jpeg","filesize":7893,"url":"https:\/\/360mallorcaproperty.com\/wp-content\/uploads\/2025\/10\/IMG-20250930-WA0038-210x210.jpg"},"partners-logo":{"file":"IMG-20250930-WA0038-600x2048.jpg","width":600,"height":2048,"mime-type":"image\/jpeg","filesize":150111,"url":"https:\/\/360mallorcaproperty.com\/wp-content\/uploads\/2025\/10\/IMG-20250930-WA0038-600x2048.jpg"},"post-featured-image":{"file":"IMG-20250930-WA0038-1152x720.jpg","width":1152,"height":720,"mime-type":"image\/jpeg","filesize":99560,"url":"https:\/\/360mallorcaproperty.com\/wp-content\/uploads\/2025\/10\/IMG-20250930-WA0038-1152x720.jpg"}},"image_meta":{"aperture":"0","credit":"","camera":"","caption":"","created_timestamp":"0","copyright":"","focal_length":"0","iso":"0","shutter_speed":"0","title":"","orientation":"0","keywords":[]},"ID":"30982","name":"IMG-20250930-WA0038.jpg","path":"\/home\/mallorcaproperty\/public_html\/wp-content\/uploads\/2025\/10\/IMG-20250930-WA0038.jpg","url":"https:\/\/360mallorcaproperty.com\/wp-content\/uploads\/2025\/10\/IMG-20250930-WA0038-150x150.jpg","full_url":"https:\/\/360mallorcaproperty.com\/wp-content\/uploads\/2025\/10\/IMG-20250930-WA0038.jpg","title":"IMG-20250930-WA0038","caption":"","description":"","alt":"","srcset":"https:\/\/360mallorcaproperty.com\/wp-content\/uploads\/2025\/10\/IMG-20250930-WA0038-150x150.jpg 150w, https:\/\/360mallorcaproperty.com\/wp-content\/uploads\/2025\/10\/IMG-20250930-WA0038-210x210.jpg 210w"},{"width":150,"height":150,"file":"2025\/10\/IMG-20250930-WA0040.jpg","filesize":333160,"sizes":{"medium":{"file":"IMG-20250930-WA0040-169x300.jpg","width":169,"height":300,"mime-type":"image\/jpeg","filesize":8125,"url":"https:\/\/360mallorcaproperty.com\/wp-content\/uploads\/2025\/10\/IMG-20250930-WA0040-169x300.jpg"},"large":{"file":"IMG-20250930-WA0040-576x1024.jpg","width":576,"height":1024,"mime-type":"image\/jpeg","filesize":62013,"url":"https:\/\/360mallorcaproperty.com\/wp-content\/uploads\/2025\/10\/IMG-20250930-WA0040-576x1024.jpg"},"thumbnail":{"file":"IMG-20250930-WA0040-150x150.jpg","width":150,"height":150,"mime-type":"image\/jpeg","filesize":4335,"url":"https:\/\/360mallorcaproperty.com\/wp-content\/uploads\/2025\/10\/IMG-20250930-WA0040-150x150.jpg"},"medium_large":{"file":"IMG-20250930-WA0040-768x1365.jpg","width":768,"height":1365,"mime-type":"image\/jpeg","filesize":108479,"url":"https:\/\/360mallorcaproperty.com\/wp-content\/uploads\/2025\/10\/IMG-20250930-WA0040-768x1365.jpg"},"1536x1536":{"file":"IMG-20250930-WA0040-864x1536.jpg","width":864,"height":1536,"mime-type":"image\/jpeg","filesize":140582,"url":"https:\/\/360mallorcaproperty.com\/wp-content\/uploads\/2025\/10\/IMG-20250930-WA0040-864x1536.jpg"},"post-thumbnail":{"file":"IMG-20250930-WA0040-84x150.jpg","width":84,"height":150,"mime-type":"image\/jpeg","filesize":3191,"url":"https:\/\/360mallorcaproperty.com\/wp-content\/uploads\/2025\/10\/IMG-20250930-WA0040-84x150.jpg"},"modern-property-child-slider":{"file":"IMG-20250930-WA0040-680x510.jpg","width":680,"height":510,"mime-type":"image\/jpeg","filesize":33220,"url":"https:\/\/360mallorcaproperty.com\/wp-content\/uploads\/2025\/10\/IMG-20250930-WA0040-680x510.jpg"},"property-thumb-image":{"file":"IMG-20250930-WA0040-488x326.jpg","width":488,"height":326,"mime-type":"image\/jpeg","filesize":16954,"url":"https:\/\/360mallorcaproperty.com\/wp-content\/uploads\/2025\/10\/IMG-20250930-WA0040-488x326.jpg"},"property-detail-video-image":{"file":"IMG-20250930-WA0040-818x417.jpg","width":818,"height":417,"mime-type":"image\/jpeg","filesize":34500,"url":"https:\/\/360mallorcaproperty.com\/wp-content\/uploads\/2025\/10\/IMG-20250930-WA0040-818x417.jpg"},"agent-image":{"file":"IMG-20250930-WA0040-210x210.jpg","width":210,"height":210,"mime-type":"image\/jpeg","filesize":6908,"url":"https:\/\/360mallorcaproperty.com\/wp-content\/uploads\/2025\/10\/IMG-20250930-WA0040-210x210.jpg"},"partners-logo":{"file":"IMG-20250930-WA0040-600x2048.jpg","width":600,"height":2048,"mime-type":"image\/jpeg","filesize":159413,"url":"https:\/\/360mallorcaproperty.com\/wp-content\/uploads\/2025\/10\/IMG-20250930-WA0040-600x2048.jpg"},"post-featured-image":{"file":"IMG-20250930-WA0040-1152x720.jpg","width":1152,"height":720,"mime-type":"image\/jpeg","filesize":86182,"url":"https:\/\/360mallorcaproperty.com\/wp-content\/uploads\/2025\/10\/IMG-20250930-WA0040-1152x720.jpg"}},"image_meta":{"aperture":"0","credit":"","camera":"","caption":"","created_timestamp":"0","copyright":"","focal_length":"0","iso":"0","shutter_speed":"0","title":"","orientation":"0","keywords":[]},"ID":"30988","name":"IMG-20250930-WA0040.jpg","path":"\/home\/mallorcaproperty\/public_html\/wp-content\/uploads\/2025\/10\/IMG-20250930-WA0040.jpg","url":"https:\/\/360mallorcaproperty.com\/wp-content\/uploads\/2025\/10\/IMG-20250930-WA0040-150x150.jpg","full_url":"https:\/\/360mallorcaproperty.com\/wp-content\/uploads\/2025\/10\/IMG-20250930-WA0040.jpg","title":"IMG-20250930-WA0040","caption":"","description":"","alt":"","srcset":"https:\/\/360mallorcaproperty.com\/wp-content\/uploads\/2025\/10\/IMG-20250930-WA0040-150x150.jpg 150w, https:\/\/360mallorcaproperty.com\/wp-content\/uploads\/2025\/10\/IMG-20250930-WA0040-210x210.jpg 210w"},{"width":150,"height":150,"file":"2025\/10\/IMG-20250930-WA0041.jpg","filesize":291583,"sizes":{"medium":{"file":"IMG-20250930-WA0041-300x169.jpg","width":300,"height":169,"mime-type":"image\/jpeg","filesize":11341,"url":"https:\/\/360mallorcaproperty.com\/wp-content\/uploads\/2025\/10\/IMG-20250930-WA0041-300x169.jpg"},"large":{"file":"IMG-20250930-WA0041-1024x576.jpg","width":1024,"height":576,"mime-type":"image\/jpeg","filesize":98403,"url":"https:\/\/360mallorcaproperty.com\/wp-content\/uploads\/2025\/10\/IMG-20250930-WA0041-1024x576.jpg"},"thumbnail":{"file":"IMG-20250930-WA0041-150x150.jpg","width":150,"height":150,"mime-type":"image\/jpeg","filesize":5863,"url":"https:\/\/360mallorcaproperty.com\/wp-content\/uploads\/2025\/10\/IMG-20250930-WA0041-150x150.jpg"},"medium_large":{"file":"IMG-20250930-WA0041-768x432.jpg","width":768,"height":432,"mime-type":"image\/jpeg","filesize":58045,"url":"https:\/\/360mallorcaproperty.com\/wp-content\/uploads\/2025\/10\/IMG-20250930-WA0041-768x432.jpg"},"1536x1536":{"file":"IMG-20250930-WA0041-1536x864.jpg","width":1536,"height":864,"mime-type":"image\/jpeg","filesize":205145,"url":"https:\/\/360mallorcaproperty.com\/wp-content\/uploads\/2025\/10\/IMG-20250930-WA0041-1536x864.jpg"},"post-thumbnail":{"file":"IMG-20250930-WA0041-150x84.jpg","width":150,"height":84,"mime-type":"image\/jpeg","filesize":3739,"url":"https:\/\/360mallorcaproperty.com\/wp-content\/uploads\/2025\/10\/IMG-20250930-WA0041-150x84.jpg"},"modern-property-child-slider":{"file":"IMG-20250930-WA0041-680x510.jpg","width":680,"height":510,"mime-type":"image\/jpeg","filesize":62949,"url":"https:\/\/360mallorcaproperty.com\/wp-content\/uploads\/2025\/10\/IMG-20250930-WA0041-680x510.jpg"},"property-thumb-image":{"file":"IMG-20250930-WA0041-488x326.jpg","width":488,"height":326,"mime-type":"image\/jpeg","filesize":31194,"url":"https:\/\/360mallorcaproperty.com\/wp-content\/uploads\/2025\/10\/IMG-20250930-WA0041-488x326.jpg"},"property-detail-video-image":{"file":"IMG-20250930-WA0041-818x417.jpg","width":818,"height":417,"mime-type":"image\/jpeg","filesize":59361,"url":"https:\/\/360mallorcaproperty.com\/wp-content\/uploads\/2025\/10\/IMG-20250930-WA0041-818x417.jpg"},"agent-image":{"file":"IMG-20250930-WA0041-210x210.jpg","width":210,"height":210,"mime-type":"image\/jpeg","filesize":10308,"url":"https:\/\/360mallorcaproperty.com\/wp-content\/uploads\/2025\/10\/IMG-20250930-WA0041-210x210.jpg"},"partners-logo":{"file":"IMG-20250930-WA0041-600x900.jpg","width":600,"height":900,"mime-type":"image\/jpeg","filesize":105027,"url":"https:\/\/360mallorcaproperty.com\/wp-content\/uploads\/2025\/10\/IMG-20250930-WA0041-600x900.jpg"},"post-featured-image":{"file":"IMG-20250930-WA0041-1240x720.jpg","width":1240,"height":720,"mime-type":"image\/jpeg","filesize":145012,"url":"https:\/\/360mallorcaproperty.com\/wp-content\/uploads\/2025\/10\/IMG-20250930-WA0041-1240x720.jpg"}},"image_meta":{"aperture":"0","credit":"","camera":"","caption":"","created_timestamp":"0","copyright":"","focal_length":"0","iso":"0","shutter_speed":"0","title":"","orientation":"0","keywords":[]},"ID":"30991","name":"IMG-20250930-WA0041.jpg","path":"\/home\/mallorcaproperty\/public_html\/wp-content\/uploads\/2025\/10\/IMG-20250930-WA0041.jpg","url":"https:\/\/360mallorcaproperty.com\/wp-content\/uploads\/2025\/10\/IMG-20250930-WA0041-150x150.jpg","full_url":"https:\/\/360mallorcaproperty.com\/wp-content\/uploads\/2025\/10\/IMG-20250930-WA0041.jpg","title":"IMG-20250930-WA0041","caption":"","description":"","alt":"","srcset":"https:\/\/360mallorcaproperty.com\/wp-content\/uploads\/2025\/10\/IMG-20250930-WA0041-150x150.jpg 150w, https:\/\/360mallorcaproperty.com\/wp-content\/uploads\/2025\/10\/IMG-20250930-WA0041-210x210.jpg 210w"},{"width":150,"height":150,"file":"2025\/10\/IMG-20250930-WA0043.jpg","filesize":516927,"sizes":{"medium":{"file":"IMG-20250930-WA0043-300x169.jpg","width":300,"height":169,"mime-type":"image\/jpeg","filesize":9580,"url":"https:\/\/360mallorcaproperty.com\/wp-content\/uploads\/2025\/10\/IMG-20250930-WA0043-300x169.jpg"},"large":{"file":"IMG-20250930-WA0043-1024x576.jpg","width":1024,"height":576,"mime-type":"image\/jpeg","filesize":97296,"url":"https:\/\/360mallorcaproperty.com\/wp-content\/uploads\/2025\/10\/IMG-20250930-WA0043-1024x576.jpg"},"thumbnail":{"file":"IMG-20250930-WA0043-150x150.jpg","width":150,"height":150,"mime-type":"image\/jpeg","filesize":5291,"url":"https:\/\/360mallorcaproperty.com\/wp-content\/uploads\/2025\/10\/IMG-20250930-WA0043-150x150.jpg"},"medium_large":{"file":"IMG-20250930-WA0043-768x432.jpg","width":768,"height":432,"mime-type":"image\/jpeg","filesize":51163,"url":"https:\/\/360mallorcaproperty.com\/wp-content\/uploads\/2025\/10\/IMG-20250930-WA0043-768x432.jpg"},"1536x1536":{"file":"IMG-20250930-WA0043-1536x864.jpg","width":1536,"height":864,"mime-type":"image\/jpeg","filesize":220586,"url":"https:\/\/360mallorcaproperty.com\/wp-content\/uploads\/2025\/10\/IMG-20250930-WA0043-1536x864.jpg"},"post-thumbnail":{"file":"IMG-20250930-WA0043-150x84.jpg","width":150,"height":84,"mime-type":"image\/jpeg","filesize":3303,"url":"https:\/\/360mallorcaproperty.com\/wp-content\/uploads\/2025\/10\/IMG-20250930-WA0043-150x84.jpg"},"modern-property-child-slider":{"file":"IMG-20250930-WA0043-680x510.jpg","width":680,"height":510,"mime-type":"image\/jpeg","filesize":56092,"url":"https:\/\/360mallorcaproperty.com\/wp-content\/uploads\/2025\/10\/IMG-20250930-WA0043-680x510.jpg"},"property-thumb-image":{"file":"IMG-20250930-WA0043-488x326.jpg","width":488,"height":326,"mime-type":"image\/jpeg","filesize":26384,"url":"https:\/\/360mallorcaproperty.com\/wp-content\/uploads\/2025\/10\/IMG-20250930-WA0043-488x326.jpg"},"property-detail-video-image":{"file":"IMG-20250930-WA0043-818x417.jpg","width":818,"height":417,"mime-type":"image\/jpeg","filesize":52988,"url":"https:\/\/360mallorcaproperty.com\/wp-content\/uploads\/2025\/10\/IMG-20250930-WA0043-818x417.jpg"},"agent-image":{"file":"IMG-20250930-WA0043-210x210.jpg","width":210,"height":210,"mime-type":"image\/jpeg","filesize":9226,"url":"https:\/\/360mallorcaproperty.com\/wp-content\/uploads\/2025\/10\/IMG-20250930-WA0043-210x210.jpg"},"partners-logo":{"file":"IMG-20250930-WA0043-600x1152.jpg","width":600,"height":1152,"mime-type":"image\/jpeg","filesize":130051,"url":"https:\/\/360mallorcaproperty.com\/wp-content\/uploads\/2025\/10\/IMG-20250930-WA0043-600x1152.jpg"},"post-featured-image":{"file":"IMG-20250930-WA0043-1240x720.jpg","width":1240,"height":720,"mime-type":"image\/jpeg","filesize":142984,"url":"https:\/\/360mallorcaproperty.com\/wp-content\/uploads\/2025\/10\/IMG-20250930-WA0043-1240x720.jpg"}},"image_meta":{"aperture":"0","credit":"","camera":"","caption":"","created_timestamp":"0","copyright":"","focal_length":"0","iso":"0","shutter_speed":"0","title":"","orientation":"0","keywords":[]},"ID":"30997","name":"IMG-20250930-WA0043.jpg","path":"\/home\/mallorcaproperty\/public_html\/wp-content\/uploads\/2025\/10\/IMG-20250930-WA0043.jpg","url":"https:\/\/360mallorcaproperty.com\/wp-content\/uploads\/2025\/10\/IMG-20250930-WA0043-150x150.jpg","full_url":"https:\/\/360mallorcaproperty.com\/wp-content\/uploads\/2025\/10\/IMG-20250930-WA0043.jpg","title":"IMG-20250930-WA0043","caption":"","description":"","alt":"","srcset":"https:\/\/360mallorcaproperty.com\/wp-content\/uploads\/2025\/10\/IMG-20250930-WA0043-150x150.jpg 150w, https:\/\/360mallorcaproperty.com\/wp-content\/uploads\/2025\/10\/IMG-20250930-WA0043-210x210.jpg 210w"},{"width":150,"height":150,"file":"2025\/10\/IMG-20250930-WA0046.jpg","filesize":139312,"sizes":{"medium":{"file":"IMG-20250930-WA0046-300x169.jpg","width":300,"height":169,"mime-type":"image\/jpeg","filesize":8271,"url":"https:\/\/360mallorcaproperty.com\/wp-content\/uploads\/2025\/10\/IMG-20250930-WA0046-300x169.jpg"},"large":{"file":"IMG-20250930-WA0046-1024x576.jpg","width":1024,"height":576,"mime-type":"image\/jpeg","filesize":70927,"url":"https:\/\/360mallorcaproperty.com\/wp-content\/uploads\/2025\/10\/IMG-20250930-WA0046-1024x576.jpg"},"thumbnail":{"file":"IMG-20250930-WA0046-150x150.jpg","width":150,"height":150,"mime-type":"image\/jpeg","filesize":4817,"url":"https:\/\/360mallorcaproperty.com\/wp-content\/uploads\/2025\/10\/IMG-20250930-WA0046-150x150.jpg"},"medium_large":{"file":"IMG-20250930-WA0046-768x432.jpg","width":768,"height":432,"mime-type":"image\/jpeg","filesize":41213,"url":"https:\/\/360mallorcaproperty.com\/wp-content\/uploads\/2025\/10\/IMG-20250930-WA0046-768x432.jpg"},"1536x1536":{"file":"IMG-20250930-WA0046-1536x864.jpg","width":1536,"height":864,"mime-type":"image\/jpeg","filesize":152523,"url":"https:\/\/360mallorcaproperty.com\/wp-content\/uploads\/2025\/10\/IMG-20250930-WA0046-1536x864.jpg"},"post-thumbnail":{"file":"IMG-20250930-WA0046-150x84.jpg","width":150,"height":84,"mime-type":"image\/jpeg","filesize":2943,"url":"https:\/\/360mallorcaproperty.com\/wp-content\/uploads\/2025\/10\/IMG-20250930-WA0046-150x84.jpg"},"modern-property-child-slider":{"file":"IMG-20250930-WA0046-680x510.jpg","width":680,"height":510,"mime-type":"image\/jpeg","filesize":46852,"url":"https:\/\/360mallorcaproperty.com\/wp-content\/uploads\/2025\/10\/IMG-20250930-WA0046-680x510.jpg"},"property-thumb-image":{"file":"IMG-20250930-WA0046-488x326.jpg","width":488,"height":326,"mime-type":"image\/jpeg","filesize":22553,"url":"https:\/\/360mallorcaproperty.com\/wp-content\/uploads\/2025\/10\/IMG-20250930-WA0046-488x326.jpg"},"property-detail-video-image":{"file":"IMG-20250930-WA0046-818x417.jpg","width":818,"height":417,"mime-type":"image\/jpeg","filesize":43178,"url":"https:\/\/360mallorcaproperty.com\/wp-content\/uploads\/2025\/10\/IMG-20250930-WA0046-818x417.jpg"},"agent-image":{"file":"IMG-20250930-WA0046-210x210.jpg","width":210,"height":210,"mime-type":"image\/jpeg","filesize":8161,"url":"https:\/\/360mallorcaproperty.com\/wp-content\/uploads\/2025\/10\/IMG-20250930-WA0046-210x210.jpg"},"partners-logo":{"file":"IMG-20250930-WA0046-600x900.jpg","width":600,"height":900,"mime-type":"image\/jpeg","filesize":85480,"url":"https:\/\/360mallorcaproperty.com\/wp-content\/uploads\/2025\/10\/IMG-20250930-WA0046-600x900.jpg"},"post-featured-image":{"file":"IMG-20250930-WA0046-1240x720.jpg","width":1240,"height":720,"mime-type":"image\/jpeg","filesize":106781,"url":"https:\/\/360mallorcaproperty.com\/wp-content\/uploads\/2025\/10\/IMG-20250930-WA0046-1240x720.jpg"}},"image_meta":{"aperture":"0","credit":"","camera":"","caption":"","created_timestamp":"0","copyright":"","focal_length":"0","iso":"0","shutter_speed":"0","title":"","orientation":"0","keywords":[]},"ID":"31006","name":"IMG-20250930-WA0046.jpg","path":"\/home\/mallorcaproperty\/public_html\/wp-content\/uploads\/2025\/10\/IMG-20250930-WA0046.jpg","url":"https:\/\/360mallorcaproperty.com\/wp-content\/uploads\/2025\/10\/IMG-20250930-WA0046-150x150.jpg","full_url":"https:\/\/360mallorcaproperty.com\/wp-content\/uploads\/2025\/10\/IMG-20250930-WA0046.jpg","title":"IMG-20250930-WA0046","caption":"","description":"","alt":"","srcset":"https:\/\/360mallorcaproperty.com\/wp-content\/uploads\/2025\/10\/IMG-20250930-WA0046-150x150.jpg 150w, https:\/\/360mallorcaproperty.com\/wp-content\/uploads\/2025\/10\/IMG-20250930-WA0046-210x210.jpg 210w"},{"width":150,"height":150,"file":"2025\/10\/IMG-20250930-WA0045.jpg","filesize":255724,"sizes":{"medium":{"file":"IMG-20250930-WA0045-300x169.jpg","width":300,"height":169,"mime-type":"image\/jpeg","filesize":10084,"url":"https:\/\/360mallorcaproperty.com\/wp-content\/uploads\/2025\/10\/IMG-20250930-WA0045-300x169.jpg"},"large":{"file":"IMG-20250930-WA0045-1024x576.jpg","width":1024,"height":576,"mime-type":"image\/jpeg","filesize":81912,"url":"https:\/\/360mallorcaproperty.com\/wp-content\/uploads\/2025\/10\/IMG-20250930-WA0045-1024x576.jpg"},"thumbnail":{"file":"IMG-20250930-WA0045-150x150.jpg","width":150,"height":150,"mime-type":"image\/jpeg","filesize":5264,"url":"https:\/\/360mallorcaproperty.com\/wp-content\/uploads\/2025\/10\/IMG-20250930-WA0045-150x150.jpg"},"medium_large":{"file":"IMG-20250930-WA0045-768x432.jpg","width":768,"height":432,"mime-type":"image\/jpeg","filesize":47294,"url":"https:\/\/360mallorcaproperty.com\/wp-content\/uploads\/2025\/10\/IMG-20250930-WA0045-768x432.jpg"},"1536x1536":{"file":"IMG-20250930-WA0045-1536x864.jpg","width":1536,"height":864,"mime-type":"image\/jpeg","filesize":177840,"url":"https:\/\/360mallorcaproperty.com\/wp-content\/uploads\/2025\/10\/IMG-20250930-WA0045-1536x864.jpg"},"post-thumbnail":{"file":"IMG-20250930-WA0045-150x84.jpg","width":150,"height":84,"mime-type":"image\/jpeg","filesize":3690,"url":"https:\/\/360mallorcaproperty.com\/wp-content\/uploads\/2025\/10\/IMG-20250930-WA0045-150x84.jpg"},"modern-property-child-slider":{"file":"IMG-20250930-WA0045-680x510.jpg","width":680,"height":510,"mime-type":"image\/jpeg","filesize":50057,"url":"https:\/\/360mallorcaproperty.com\/wp-content\/uploads\/2025\/10\/IMG-20250930-WA0045-680x510.jpg"},"property-thumb-image":{"file":"IMG-20250930-WA0045-488x326.jpg","width":488,"height":326,"mime-type":"image\/jpeg","filesize":25096,"url":"https:\/\/360mallorcaproperty.com\/wp-content\/uploads\/2025\/10\/IMG-20250930-WA0045-488x326.jpg"},"property-detail-video-image":{"file":"IMG-20250930-WA0045-818x417.jpg","width":818,"height":417,"mime-type":"image\/jpeg","filesize":49612,"url":"https:\/\/360mallorcaproperty.com\/wp-content\/uploads\/2025\/10\/IMG-20250930-WA0045-818x417.jpg"},"agent-image":{"file":"IMG-20250930-WA0045-210x210.jpg","width":210,"height":210,"mime-type":"image\/jpeg","filesize":8892,"url":"https:\/\/360mallorcaproperty.com\/wp-content\/uploads\/2025\/10\/IMG-20250930-WA0045-210x210.jpg"},"partners-logo":{"file":"IMG-20250930-WA0045-600x900.jpg","width":600,"height":900,"mime-type":"image\/jpeg","filesize":84763,"url":"https:\/\/360mallorcaproperty.com\/wp-content\/uploads\/2025\/10\/IMG-20250930-WA0045-600x900.jpg"},"post-featured-image":{"file":"IMG-20250930-WA0045-1240x720.jpg","width":1240,"height":720,"mime-type":"image\/jpeg","filesize":122733,"url":"https:\/\/360mallorcaproperty.com\/wp-content\/uploads\/2025\/10\/IMG-20250930-WA0045-1240x720.jpg"}},"image_meta":{"aperture":"0","credit":"","camera":"","caption":"","created_timestamp":"0","copyright":"","focal_length":"0","iso":"0","shutter_speed":"0","title":"","orientation":"0","keywords":[]},"ID":"31003","name":"IMG-20250930-WA0045.jpg","path":"\/home\/mallorcaproperty\/public_html\/wp-content\/uploads\/2025\/10\/IMG-20250930-WA0045.jpg","url":"https:\/\/360mallorcaproperty.com\/wp-content\/uploads\/2025\/10\/IMG-20250930-WA0045-150x150.jpg","full_url":"https:\/\/360mallorcaproperty.com\/wp-content\/uploads\/2025\/10\/IMG-20250930-WA0045.jpg","title":"IMG-20250930-WA0045","caption":"","description":"","alt":"","srcset":"https:\/\/360mallorcaproperty.com\/wp-content\/uploads\/2025\/10\/IMG-20250930-WA0045-150x150.jpg 150w, https:\/\/360mallorcaproperty.com\/wp-content\/uploads\/2025\/10\/IMG-20250930-WA0045-210x210.jpg 210w"},{"width":150,"height":150,"file":"2025\/10\/IMG-20250930-WA0047.jpg","filesize":919673,"sizes":{"medium":{"file":"IMG-20250930-WA0047-300x169.jpg","width":300,"height":169,"mime-type":"image\/jpeg","filesize":19143,"url":"https:\/\/360mallorcaproperty.com\/wp-content\/uploads\/2025\/10\/IMG-20250930-WA0047-300x169.jpg"},"large":{"file":"IMG-20250930-WA0047-1024x576.jpg","width":1024,"height":576,"mime-type":"image\/jpeg","filesize":206271,"url":"https:\/\/360mallorcaproperty.com\/wp-content\/uploads\/2025\/10\/IMG-20250930-WA0047-1024x576.jpg"},"thumbnail":{"file":"IMG-20250930-WA0047-150x150.jpg","width":150,"height":150,"mime-type":"image\/jpeg","filesize":9035,"url":"https:\/\/360mallorcaproperty.com\/wp-content\/uploads\/2025\/10\/IMG-20250930-WA0047-150x150.jpg"},"medium_large":{"file":"IMG-20250930-WA0047-768x432.jpg","width":768,"height":432,"mime-type":"image\/jpeg","filesize":113699,"url":"https:\/\/360mallorcaproperty.com\/wp-content\/uploads\/2025\/10\/IMG-20250930-WA0047-768x432.jpg"},"1536x1536":{"file":"IMG-20250930-WA0047-1536x864.jpg","width":1536,"height":864,"mime-type":"image\/jpeg","filesize":410139,"url":"https:\/\/360mallorcaproperty.com\/wp-content\/uploads\/2025\/10\/IMG-20250930-WA0047-1536x864.jpg"},"post-thumbnail":{"file":"IMG-20250930-WA0047-150x84.jpg","width":150,"height":84,"mime-type":"image\/jpeg","filesize":5552,"url":"https:\/\/360mallorcaproperty.com\/wp-content\/uploads\/2025\/10\/IMG-20250930-WA0047-150x84.jpg"},"modern-property-child-slider":{"file":"IMG-20250930-WA0047-680x510.jpg","width":680,"height":510,"mime-type":"image\/jpeg","filesize":123484,"url":"https:\/\/360mallorcaproperty.com\/wp-content\/uploads\/2025\/10\/IMG-20250930-WA0047-680x510.jpg"},"property-thumb-image":{"file":"IMG-20250930-WA0047-488x326.jpg","width":488,"height":326,"mime-type":"image\/jpeg","filesize":57347,"url":"https:\/\/360mallorcaproperty.com\/wp-content\/uploads\/2025\/10\/IMG-20250930-WA0047-488x326.jpg"},"property-detail-video-image":{"file":"IMG-20250930-WA0047-818x417.jpg","width":818,"height":417,"mime-type":"image\/jpeg","filesize":116659,"url":"https:\/\/360mallorcaproperty.com\/wp-content\/uploads\/2025\/10\/IMG-20250930-WA0047-818x417.jpg"},"agent-image":{"file":"IMG-20250930-WA0047-210x210.jpg","width":210,"height":210,"mime-type":"image\/jpeg","filesize":17178,"url":"https:\/\/360mallorcaproperty.com\/wp-content\/uploads\/2025\/10\/IMG-20250930-WA0047-210x210.jpg"},"partners-logo":{"file":"IMG-20250930-WA0047-600x1152.jpg","width":600,"height":1152,"mime-type":"image\/jpeg","filesize":239053,"url":"https:\/\/360mallorcaproperty.com\/wp-content\/uploads\/2025\/10\/IMG-20250930-WA0047-600x1152.jpg"},"post-featured-image":{"file":"IMG-20250930-WA0047-1240x720.jpg","width":1240,"height":720,"mime-type":"image\/jpeg","filesize":288421,"url":"https:\/\/360mallorcaproperty.com\/wp-content\/uploads\/2025\/10\/IMG-20250930-WA0047-1240x720.jpg"}},"image_meta":{"aperture":"0","credit":"","camera":"","caption":"","created_timestamp":"0","copyright":"","focal_length":"0","iso":"0","shutter_speed":"0","title":"","orientation":"0","keywords":[]},"ID":"31009","name":"IMG-20250930-WA0047.jpg","path":"\/home\/mallorcaproperty\/public_html\/wp-content\/uploads\/2025\/10\/IMG-20250930-WA0047.jpg","url":"https:\/\/360mallorcaproperty.com\/wp-content\/uploads\/2025\/10\/IMG-20250930-WA0047-150x150.jpg","full_url":"https:\/\/360mallorcaproperty.com\/wp-content\/uploads\/2025\/10\/IMG-20250930-WA0047.jpg","title":"IMG-20250930-WA0047","caption":"","description":"","alt":"","srcset":"https:\/\/360mallorcaproperty.com\/wp-content\/uploads\/2025\/10\/IMG-20250930-WA0047-150x150.jpg 150w, https:\/\/360mallorcaproperty.com\/wp-content\/uploads\/2025\/10\/IMG-20250930-WA0047-210x210.jpg 210w"},{"width":150,"height":150,"file":"2025\/10\/IMG-20250930-WA0044.jpg","filesize":1118233,"sizes":{"medium":{"file":"IMG-20250930-WA0044-300x169.jpg","width":300,"height":169,"mime-type":"image\/jpeg","filesize":20064,"url":"https:\/\/360mallorcaproperty.com\/wp-content\/uploads\/2025\/10\/IMG-20250930-WA0044-300x169.jpg"},"large":{"file":"IMG-20250930-WA0044-1024x576.jpg","width":1024,"height":576,"mime-type":"image\/jpeg","filesize":236298,"url":"https:\/\/360mallorcaproperty.com\/wp-content\/uploads\/2025\/10\/IMG-20250930-WA0044-1024x576.jpg"},"thumbnail":{"file":"IMG-20250930-WA0044-150x150.jpg","width":150,"height":150,"mime-type":"image\/jpeg","filesize":9677,"url":"https:\/\/360mallorcaproperty.com\/wp-content\/uploads\/2025\/10\/IMG-20250930-WA0044-150x150.jpg"},"medium_large":{"file":"IMG-20250930-WA0044-768x432.jpg","width":768,"height":432,"mime-type":"image\/jpeg","filesize":127641,"url":"https:\/\/360mallorcaproperty.com\/wp-content\/uploads\/2025\/10\/IMG-20250930-WA0044-768x432.jpg"},"1536x1536":{"file":"IMG-20250930-WA0044-1536x864.jpg","width":1536,"height":864,"mime-type":"image\/jpeg","filesize":482194,"url":"https:\/\/360mallorcaproperty.com\/wp-content\/uploads\/2025\/10\/IMG-20250930-WA0044-1536x864.jpg"},"post-thumbnail":{"file":"IMG-20250930-WA0044-150x84.jpg","width":150,"height":84,"mime-type":"image\/jpeg","filesize":5705,"url":"https:\/\/360mallorcaproperty.com\/wp-content\/uploads\/2025\/10\/IMG-20250930-WA0044-150x84.jpg"},"modern-property-child-slider":{"file":"IMG-20250930-WA0044-680x510.jpg","width":680,"height":510,"mime-type":"image\/jpeg","filesize":145361,"url":"https:\/\/360mallorcaproperty.com\/wp-content\/uploads\/2025\/10\/IMG-20250930-WA0044-680x510.jpg"},"property-thumb-image":{"file":"IMG-20250930-WA0044-488x326.jpg","width":488,"height":326,"mime-type":"image\/jpeg","filesize":64505,"url":"https:\/\/360mallorcaproperty.com\/wp-content\/uploads\/2025\/10\/IMG-20250930-WA0044-488x326.jpg"},"property-detail-video-image":{"file":"IMG-20250930-WA0044-818x417.jpg","width":818,"height":417,"mime-type":"image\/jpeg","filesize":132596,"url":"https:\/\/360mallorcaproperty.com\/wp-content\/uploads\/2025\/10\/IMG-20250930-WA0044-818x417.jpg"},"agent-image":{"file":"IMG-20250930-WA0044-210x210.jpg","width":210,"height":210,"mime-type":"image\/jpeg","filesize":19030,"url":"https:\/\/360mallorcaproperty.com\/wp-content\/uploads\/2025\/10\/IMG-20250930-WA0044-210x210.jpg"},"partners-logo":{"file":"IMG-20250930-WA0044-600x1152.jpg","width":600,"height":1152,"mime-type":"image\/jpeg","filesize":309968,"url":"https:\/\/360mallorcaproperty.com\/wp-content\/uploads\/2025\/10\/IMG-20250930-WA0044-600x1152.jpg"},"post-featured-image":{"file":"IMG-20250930-WA0044-1240x720.jpg","width":1240,"height":720,"mime-type":"image\/jpeg","filesize":335582,"url":"https:\/\/360mallorcaproperty.com\/wp-content\/uploads\/2025\/10\/IMG-20250930-WA0044-1240x720.jpg"}},"image_meta":{"aperture":"0","credit":"","camera":"","caption":"","created_timestamp":"0","copyright":"","focal_length":"0","iso":"0","shutter_speed":"0","title":"","orientation":"0","keywords":[]},"ID":"31000","name":"IMG-20250930-WA0044.jpg","path":"\/home\/mallorcaproperty\/public_html\/wp-content\/uploads\/2025\/10\/IMG-20250930-WA0044.jpg","url":"https:\/\/360mallorcaproperty.com\/wp-content\/uploads\/2025\/10\/IMG-20250930-WA0044-150x150.jpg","full_url":"https:\/\/360mallorcaproperty.com\/wp-content\/uploads\/2025\/10\/IMG-20250930-WA0044.jpg","title":"IMG-20250930-WA0044","caption":"","description":"","alt":"","srcset":"https:\/\/360mallorcaproperty.com\/wp-content\/uploads\/2025\/10\/IMG-20250930-WA0044-150x150.jpg 150w, https:\/\/360mallorcaproperty.com\/wp-content\/uploads\/2025\/10\/IMG-20250930-WA0044-210x210.jpg 210w"},{"width":150,"height":150,"file":"2025\/10\/IMG-20250930-WA0042.jpg","filesize":931555,"sizes":{"medium":{"file":"IMG-20250930-WA0042-300x169.jpg","width":300,"height":169,"mime-type":"image\/jpeg","filesize":17839,"url":"https:\/\/360mallorcaproperty.com\/wp-content\/uploads\/2025\/10\/IMG-20250930-WA0042-300x169.jpg"},"large":{"file":"IMG-20250930-WA0042-1024x576.jpg","width":1024,"height":576,"mime-type":"image\/jpeg","filesize":199896,"url":"https:\/\/360mallorcaproperty.com\/wp-content\/uploads\/2025\/10\/IMG-20250930-WA0042-1024x576.jpg"},"thumbnail":{"file":"IMG-20250930-WA0042-150x150.jpg","width":150,"height":150,"mime-type":"image\/jpeg","filesize":8018,"url":"https:\/\/360mallorcaproperty.com\/wp-content\/uploads\/2025\/10\/IMG-20250930-WA0042-150x150.jpg"},"medium_large":{"file":"IMG-20250930-WA0042-768x432.jpg","width":768,"height":432,"mime-type":"image\/jpeg","filesize":107709,"url":"https:\/\/360mallorcaproperty.com\/wp-content\/uploads\/2025\/10\/IMG-20250930-WA0042-768x432.jpg"},"1536x1536":{"file":"IMG-20250930-WA0042-1536x864.jpg","width":1536,"height":864,"mime-type":"image\/jpeg","filesize":406720,"url":"https:\/\/360mallorcaproperty.com\/wp-content\/uploads\/2025\/10\/IMG-20250930-WA0042-1536x864.jpg"},"post-thumbnail":{"file":"IMG-20250930-WA0042-150x84.jpg","width":150,"height":84,"mime-type":"image\/jpeg","filesize":5235,"url":"https:\/\/360mallorcaproperty.com\/wp-content\/uploads\/2025\/10\/IMG-20250930-WA0042-150x84.jpg"},"modern-property-child-slider":{"file":"IMG-20250930-WA0042-680x510.jpg","width":680,"height":510,"mime-type":"image\/jpeg","filesize":116503,"url":"https:\/\/360mallorcaproperty.com\/wp-content\/uploads\/2025\/10\/IMG-20250930-WA0042-680x510.jpg"},"property-thumb-image":{"file":"IMG-20250930-WA0042-488x326.jpg","width":488,"height":326,"mime-type":"image\/jpeg","filesize":53135,"url":"https:\/\/360mallorcaproperty.com\/wp-content\/uploads\/2025\/10\/IMG-20250930-WA0042-488x326.jpg"},"property-detail-video-image":{"file":"IMG-20250930-WA0042-818x417.jpg","width":818,"height":417,"mime-type":"image\/jpeg","filesize":112000,"url":"https:\/\/360mallorcaproperty.com\/wp-content\/uploads\/2025\/10\/IMG-20250930-WA0042-818x417.jpg"},"agent-image":{"file":"IMG-20250930-WA0042-210x210.jpg","width":210,"height":210,"mime-type":"image\/jpeg","filesize":15228,"url":"https:\/\/360mallorcaproperty.com\/wp-content\/uploads\/2025\/10\/IMG-20250930-WA0042-210x210.jpg"},"partners-logo":{"file":"IMG-20250930-WA0042-600x1152.jpg","width":600,"height":1152,"mime-type":"image\/jpeg","filesize":254080,"url":"https:\/\/360mallorcaproperty.com\/wp-content\/uploads\/2025\/10\/IMG-20250930-WA0042-600x1152.jpg"},"post-featured-image":{"file":"IMG-20250930-WA0042-1240x720.jpg","width":1240,"height":720,"mime-type":"image\/jpeg","filesize":281662,"url":"https:\/\/360mallorcaproperty.com\/wp-content\/uploads\/2025\/10\/IMG-20250930-WA0042-1240x720.jpg"}},"image_meta":{"aperture":"0","credit":"","camera":"","caption":"","created_timestamp":"0","copyright":"","focal_length":"0","iso":"0","shutter_speed":"0","title":"","orientation":"0","keywords":[]},"ID":"30994","name":"IMG-20250930-WA0042.jpg","path":"\/home\/mallorcaproperty\/public_html\/wp-content\/uploads\/2025\/10\/IMG-20250930-WA0042.jpg","url":"https:\/\/360mallorcaproperty.com\/wp-content\/uploads\/2025\/10\/IMG-20250930-WA0042-150x150.jpg","full_url":"https:\/\/360mallorcaproperty.com\/wp-content\/uploads\/2025\/10\/IMG-20250930-WA0042.jpg","title":"IMG-20250930-WA0042","caption":"","description":"","alt":"","srcset":"https:\/\/360mallorcaproperty.com\/wp-content\/uploads\/2025\/10\/IMG-20250930-WA0042-150x150.jpg 150w, https:\/\/360mallorcaproperty.com\/wp-content\/uploads\/2025\/10\/IMG-20250930-WA0042-210x210.jpg 210w"}],"REAL_HOMES_change_gallery_slider_type":"0","REAL_HOMES_gallery_slider_type":"thumb-on-right","inspiry_floor_plans":[],"inspiry_video_group":[],"REAL_HOMES_360_virtual_tour":"","REAL_HOMES_agent_display_option":"none","REAL_HOMES_agents":[],"REAL_HOMES_energy_class":"none","REAL_HOMES_energy_performance":"","REAL_HOMES_epc_current_rating":"","REAL_HOMES_epc_potential_rating":"","ere_property_schedule_tour":"global","ere_property_schedule_time_slots":"","ere_property_schedule_description":"","REAL_HOMES_sticky":"0","inspiry_property_label":"","inspiry_property_label_color":"","inspiry_property_tax":"","inspiry_additional_fee":"","REAL_HOMES_attachments":[{"width":1414,"height":2000,"file":"2025\/10\/V6013S.png","filesize":2172835,"sizes":{"medium":{"file":"V6013S-212x300.png","width":212,"height":300,"mime-type":"image\/png","filesize":65659},"large":{"file":"V6013S-724x1024.png","width":724,"height":1024,"mime-type":"image\/png","filesize":568391},"thumbnail":{"file":"V6013S-150x150.png","width":150,"height":150,"mime-type":"image\/png","filesize":32060},"medium_large":{"file":"V6013S-768x1086.png","width":768,"height":1086,"mime-type":"image\/png","filesize":628330},"1536x1536":{"file":"V6013S-1086x1536.png","width":1086,"height":1536,"mime-type":"image\/png","filesize":1134431},"post-thumbnail":{"file":"V6013S-106x150.png","width":106,"height":150,"mime-type":"image\/png","filesize":19291},"modern-property-child-slider":{"file":"V6013S-680x510.png","width":680,"height":510,"mime-type":"image\/png","filesize":365423},"property-thumb-image":{"file":"V6013S-488x326.png","width":488,"height":326,"mime-type":"image\/png","filesize":182184},"property-detail-video-image":{"file":"V6013S-818x417.png","width":818,"height":417,"mime-type":"image\/png","filesize":351160},"agent-image":{"file":"V6013S-210x210.png","width":210,"height":210,"mime-type":"image\/png","filesize":58068},"partners-logo":{"file":"V6013S-600x2000.png","width":600,"height":2000,"mime-type":"image\/png","filesize":714729},"post-featured-image":{"file":"V6013S-1240x720.png","width":1240,"height":720,"mime-type":"image\/png","filesize":802494}},"image_meta":{"aperture":"0","credit":"","camera":"","caption":"","created_timestamp":"0","copyright":"","focal_length":"0","iso":"0","shutter_speed":"0","title":"","orientation":"0","keywords":[]},"ID":"31787","name":"V6013S.png","path":"\/home\/mallorcaproperty\/public_html\/wp-content\/uploads\/2025\/10\/V6013S.png","url":"https:\/\/360mallorcaproperty.com\/wp-content\/uploads\/2025\/10\/V6013S.png","title":"V6013S"}],"inspiry_property_owner_name":"","inspiry_property_owner_contact":"","inspiry_property_owner_address":"","REAL_HOMES_property_private_note":"","inspiry_message_to_reviewer":"","REAL_HOMES_add_in_slider":"no","REAL_HOMES_slider_image":[],"REAL_HOMES_page_banner_image":[],"REAL_HOMES_hide_property_advance_search":"0","inspiry_offmarket":[],"REAL_HOMES_custom_header_display":"default","REAL_HOMES_custom_header_position":"relative","REAL_HOMES_custom_footer_display":"default","REAL_HOMES_hide_advance_search":"0","REAL_HOMES_custom_search_form":"default","REAL_HOMES_search_form_margin_top":"","REAL_HOMES_search_form_margin_bottom":""},"_links":{"self":[{"href":"https:\/\/360mallorcaproperty.com\/es\/wp-json\/wp\/v2\/property\/31021","targetHints":{"allow":["GET"]}}],"collection":[{"href":"https:\/\/360mallorcaproperty.com\/es\/wp-json\/wp\/v2\/property"}],"about":[{"href":"https:\/\/360mallorcaproperty.com\/es\/wp-json\/wp\/v2\/types\/property"}],"author":[{"embeddable":true,"href":"https:\/\/360mallorcaproperty.com\/es\/wp-json\/wp\/v2\/users\/1"}],"replies":[{"embeddable":true,"href":"https:\/\/360mallorcaproperty.com\/es\/wp-json\/wp\/v2\/comments?post=31021"}],"version-history":[{"count":4,"href":"https:\/\/360mallorcaproperty.com\/es\/wp-json\/wp\/v2\/property\/31021\/revisions"}],"predecessor-version":[{"id":31755,"href":"https:\/\/360mallorcaproperty.com\/es\/wp-json\/wp\/v2\/property\/31021\/revisions\/31755"}],"wp:featuredmedia":[{"embeddable":true,"href":"https:\/\/360mallorcaproperty.com\/es\/wp-json\/wp\/v2\/media\/31017"}],"wp:attachment":[{"href":"https:\/\/360mallorcaproperty.com\/es\/wp-json\/wp\/v2\/media?parent=31021"}],"wp:term":[{"taxonomy":"property-feature","embeddable":true,"href":"https:\/\/360mallorcaproperty.com\/es\/wp-json\/wp\/v2\/property-feature?post=31021"},{"taxonomy":"property-type","embeddable":true,"href":"https:\/\/360mallorcaproperty.com\/es\/wp-json\/wp\/v2\/property-type?post=31021"},{"taxonomy":"property-city","embeddable":true,"href":"https:\/\/360mallorcaproperty.com\/es\/wp-json\/wp\/v2\/property-location?post=31021"},{"taxonomy":"property-status","embeddable":true,"href":"https:\/\/360mallorcaproperty.com\/es\/wp-json\/wp\/v2\/property-status?post=31021"}],"curies":[{"name":"wp","href":"https:\/\/api.w.org\/{rel}","templated":true}]}}