{"id":32615,"date":"2026-02-23T10:21:59","date_gmt":"2026-02-23T10:21:59","guid":{"rendered":"https:\/\/360mallorcaproperty.com\/?post_type=property&#038;p=32615"},"modified":"2026-02-23T10:29:57","modified_gmt":"2026-02-23T10:29:57","slug":"planta-baja-a-100-metros-del-mar-en-cala-dor","status":"publish","type":"property","link":"https:\/\/360mallorcaproperty.com\/es\/property\/planta-baja-a-100-metros-del-mar-en-cala-dor\/","title":{"rendered":"Planta baja a 100 metros del mar en Cala d\u2019Or"},"content":{"rendered":"<p data-start=\"165\" data-end=\"338\">Descubra este encantador apartamento en planta baja situado en una cuidada y tranquila comunidad de tan solo tres viviendas, en una de las zonas m\u00e1s agradables de Cala d\u2019Or.<\/p>\n<p data-start=\"340\" data-end=\"623\">La propiedad ofrece 83 m\u00b2 construidos distribuidos de forma c\u00f3moda y funcional. Dispone de dos amplios dormitorios con armarios empotrados, dos ba\u00f1os completos, y una cocina con barra americana abierta al sal\u00f3n-comedor, creando un espacio luminoso y acogedor ideal para el d\u00eda a d\u00eda.<\/p>\n<p data-start=\"625\" data-end=\"763\">Desde el sal\u00f3n se accede directamente a una agradable terraza privada, perfecta para disfrutar del clima mediterr\u00e1neo durante todo el a\u00f1o.<\/p>\n<p data-start=\"765\" data-end=\"922\">La vivienda forma parte de una comunidad muy bien mantenida, con zonas ajardinadas y patio com\u00fan que aportan sensaci\u00f3n de amplitud, tranquilidad y bienestar.<\/p>\n","protected":false},"excerpt":{"rendered":"<p>Descubra este encantador apartamento en planta baja situado en una cuidada y tranquila comunidad de tan solo tres viviendas, en una de las zonas m\u00e1s agradables de Cala d\u2019Or. La propiedad ofrece 83 m\u00b2 construidos distribuidos de forma c\u00f3moda y funcional. Dispone de dos amplios dormitorios con armarios empotrados, dos ba\u00f1os completos, y una cocina&#8230;<\/p>\n","protected":false},"author":1,"featured_media":32524,"parent":0,"menu_order":0,"comment_status":"closed","ping_status":"closed","template":"","property-feature":[280,346,384],"property-type":[306],"property-location":[259,261],"property-status":[231],"class_list":["post-32615","property","type-property","status-publish","has-post-thumbnail","hentry","property-feature-armarios-empotrados","property-feature-central-heating-es","property-feature-terrace-es","property-type-apartamento","property-city-cala-dor-es","property-city-santanyi-es","property-status-venta"],"property_meta":{"REAL_HOMES_property_price":"595000","REAL_HOMES_property_old_price":"","REAL_HOMES_property_price_prefix":"","REAL_HOMES_property_price_postfix":"","REAL_HOMES_property_size":"83","REAL_HOMES_property_size_postfix":"","REAL_HOMES_property_lot_size":"","REAL_HOMES_property_lot_size_postfix":"","REAL_HOMES_property_bedrooms":"2","REAL_HOMES_property_bathrooms":"2","REAL_HOMES_property_garage":"","REAL_HOMES_property_id":"V3081","REAL_HOMES_property_year_built":"","REAL_HOMES_featured":"0","REAL_HOMES_additional_details_list":[],"rvr_booking_widget_display":"show","rvr_booking_mode":"deferred","rvr_govt_tax":"","rvr_govt_tax_type":"percentage","rvr_govt_tax_calculation":"per_stay","rvr_service_charges":"","rvr_service_charges_type":"percentage","rvr_service_charges_calculation":"per_stay","rvr_guests_capacity":"","rvr_book_child_as":"child","rvr_min_stay":"","rvr_guests_capacity_extend":"not_allowed","rvr_extra_guest_price":"","rvr_property_owner":"0","rvr_bulk_pricing":[],"rvr_seasonal_pricing":[],"rvr_custom_reserved_dates":[],"rvr_additional_fees":[{"rvr_fee_type":"fixed","rvr_fee_calculation":"per_stay"}],"rvr_additional_amenities":[{"price_calculation":"per_stay"}],"rvr_accommodation":[],"rvr_outdoor_features":[],"rvr_surroundings":[],"rvr_included":[],"rvr_not_included":[],"rvr_policies":[],"REAL_HOMES_property_location":{"latitude":"39.372571317884","longitude":"3.2313337991856","zoom":"16"},"REAL_HOMES_property_address":"Carrer del Marqu\u00e8s de Comillas, Cala d'Or, Santany\u00ed, Migjorn, Balearic Islands, 07660, Spain","REAL_HOMES_property_map":"0","REAL_HOMES_property_images":[{"width":150,"height":150,"file":"2026\/02\/WhatsApp-Image-2026-02-03-at-09.54.24-1.jpeg","filesize":505554,"sizes":{"medium":{"file":"WhatsApp-Image-2026-02-03-at-09.54.24-1-300x225.jpeg","width":300,"height":225,"mime-type":"image\/jpeg","filesize":22107,"url":"https:\/\/360mallorcaproperty.com\/wp-content\/uploads\/2026\/02\/WhatsApp-Image-2026-02-03-at-09.54.24-1-300x225.jpeg"},"large":{"file":"WhatsApp-Image-2026-02-03-at-09.54.24-1-1024x768.jpeg","width":1024,"height":768,"mime-type":"image\/jpeg","filesize":226687,"url":"https:\/\/360mallorcaproperty.com\/wp-content\/uploads\/2026\/02\/WhatsApp-Image-2026-02-03-at-09.54.24-1-1024x768.jpeg"},"thumbnail":{"file":"WhatsApp-Image-2026-02-03-at-09.54.24-1-150x150.jpeg","width":150,"height":150,"mime-type":"image\/jpeg","filesize":8121,"url":"https:\/\/360mallorcaproperty.com\/wp-content\/uploads\/2026\/02\/WhatsApp-Image-2026-02-03-at-09.54.24-1-150x150.jpeg"},"medium_large":{"file":"WhatsApp-Image-2026-02-03-at-09.54.24-1-768x576.jpeg","width":768,"height":576,"mime-type":"image\/jpeg","filesize":131290,"url":"https:\/\/360mallorcaproperty.com\/wp-content\/uploads\/2026\/02\/WhatsApp-Image-2026-02-03-at-09.54.24-1-768x576.jpeg"},"1536x1536":{"file":"WhatsApp-Image-2026-02-03-at-09.54.24-1-1536x1152.jpeg","width":1536,"height":1152,"mime-type":"image\/jpeg","filesize":462123,"url":"https:\/\/360mallorcaproperty.com\/wp-content\/uploads\/2026\/02\/WhatsApp-Image-2026-02-03-at-09.54.24-1-1536x1152.jpeg"},"post-thumbnail":{"file":"WhatsApp-Image-2026-02-03-at-09.54.24-1-150x113.jpeg","width":150,"height":113,"mime-type":"image\/jpeg","filesize":6514,"url":"https:\/\/360mallorcaproperty.com\/wp-content\/uploads\/2026\/02\/WhatsApp-Image-2026-02-03-at-09.54.24-1-150x113.jpeg"},"modern-property-child-slider":{"file":"WhatsApp-Image-2026-02-03-at-09.54.24-1-680x510.jpeg","width":680,"height":510,"mime-type":"image\/jpeg","filesize":104416,"url":"https:\/\/360mallorcaproperty.com\/wp-content\/uploads\/2026\/02\/WhatsApp-Image-2026-02-03-at-09.54.24-1-680x510.jpeg"},"property-thumb-image":{"file":"WhatsApp-Image-2026-02-03-at-09.54.24-1-488x326.jpeg","width":488,"height":326,"mime-type":"image\/jpeg","filesize":48657,"url":"https:\/\/360mallorcaproperty.com\/wp-content\/uploads\/2026\/02\/WhatsApp-Image-2026-02-03-at-09.54.24-1-488x326.jpeg"},"property-detail-video-image":{"file":"WhatsApp-Image-2026-02-03-at-09.54.24-1-818x417.jpeg","width":818,"height":417,"mime-type":"image\/jpeg","filesize":99039,"url":"https:\/\/360mallorcaproperty.com\/wp-content\/uploads\/2026\/02\/WhatsApp-Image-2026-02-03-at-09.54.24-1-818x417.jpeg"},"agent-image":{"file":"WhatsApp-Image-2026-02-03-at-09.54.24-1-210x210.jpeg","width":210,"height":210,"mime-type":"image\/jpeg","filesize":14962,"url":"https:\/\/360mallorcaproperty.com\/wp-content\/uploads\/2026\/02\/WhatsApp-Image-2026-02-03-at-09.54.24-1-210x210.jpeg"},"partners-logo":{"file":"WhatsApp-Image-2026-02-03-at-09.54.24-1-600x1200.jpeg","width":600,"height":1200,"mime-type":"image\/jpeg","filesize":223549,"url":"https:\/\/360mallorcaproperty.com\/wp-content\/uploads\/2026\/02\/WhatsApp-Image-2026-02-03-at-09.54.24-1-600x1200.jpeg"},"post-featured-image":{"file":"WhatsApp-Image-2026-02-03-at-09.54.24-1-1240x720.jpeg","width":1240,"height":720,"mime-type":"image\/jpeg","filesize":239676,"url":"https:\/\/360mallorcaproperty.com\/wp-content\/uploads\/2026\/02\/WhatsApp-Image-2026-02-03-at-09.54.24-1-1240x720.jpeg"}},"image_meta":{"aperture":"0","credit":"","camera":"","caption":"","created_timestamp":"0","copyright":"","focal_length":"0","iso":"0","shutter_speed":"0","title":"","orientation":"0","keywords":[]},"ID":"32522","name":"WhatsApp-Image-2026-02-03-at-09.54.24-1.jpeg","path":"\/home\/mallorcaproperty\/public_html\/wp-content\/uploads\/2026\/02\/WhatsApp-Image-2026-02-03-at-09.54.24-1.jpeg","url":"https:\/\/360mallorcaproperty.com\/wp-content\/uploads\/2026\/02\/WhatsApp-Image-2026-02-03-at-09.54.24-1-150x150.jpeg","full_url":"https:\/\/360mallorcaproperty.com\/wp-content\/uploads\/2026\/02\/WhatsApp-Image-2026-02-03-at-09.54.24-1.jpeg","title":"WhatsApp Image 2026-02-03 at 09.54.24 (1)","caption":"","description":"","alt":"","srcset":"https:\/\/360mallorcaproperty.com\/wp-content\/uploads\/2026\/02\/WhatsApp-Image-2026-02-03-at-09.54.24-1-150x150.jpeg 150w, https:\/\/360mallorcaproperty.com\/wp-content\/uploads\/2026\/02\/WhatsApp-Image-2026-02-03-at-09.54.24-1-210x210.jpeg 210w"},{"width":150,"height":150,"file":"2026\/02\/WhatsApp-Image-2026-02-03-at-09.54.24-2.jpeg","filesize":497839,"sizes":{"medium":{"file":"WhatsApp-Image-2026-02-03-at-09.54.24-2-300x225.jpeg","width":300,"height":225,"mime-type":"image\/jpeg","filesize":21829,"url":"https:\/\/360mallorcaproperty.com\/wp-content\/uploads\/2026\/02\/WhatsApp-Image-2026-02-03-at-09.54.24-2-300x225.jpeg"},"large":{"file":"WhatsApp-Image-2026-02-03-at-09.54.24-2-1024x768.jpeg","width":1024,"height":768,"mime-type":"image\/jpeg","filesize":223852,"url":"https:\/\/360mallorcaproperty.com\/wp-content\/uploads\/2026\/02\/WhatsApp-Image-2026-02-03-at-09.54.24-2-1024x768.jpeg"},"thumbnail":{"file":"WhatsApp-Image-2026-02-03-at-09.54.24-2-150x150.jpeg","width":150,"height":150,"mime-type":"image\/jpeg","filesize":8039,"url":"https:\/\/360mallorcaproperty.com\/wp-content\/uploads\/2026\/02\/WhatsApp-Image-2026-02-03-at-09.54.24-2-150x150.jpeg"},"medium_large":{"file":"WhatsApp-Image-2026-02-03-at-09.54.24-2-768x576.jpeg","width":768,"height":576,"mime-type":"image\/jpeg","filesize":129794,"url":"https:\/\/360mallorcaproperty.com\/wp-content\/uploads\/2026\/02\/WhatsApp-Image-2026-02-03-at-09.54.24-2-768x576.jpeg"},"1536x1536":{"file":"WhatsApp-Image-2026-02-03-at-09.54.24-2-1536x1152.jpeg","width":1536,"height":1152,"mime-type":"image\/jpeg","filesize":454296,"url":"https:\/\/360mallorcaproperty.com\/wp-content\/uploads\/2026\/02\/WhatsApp-Image-2026-02-03-at-09.54.24-2-1536x1152.jpeg"},"post-thumbnail":{"file":"WhatsApp-Image-2026-02-03-at-09.54.24-2-150x113.jpeg","width":150,"height":113,"mime-type":"image\/jpeg","filesize":6451,"url":"https:\/\/360mallorcaproperty.com\/wp-content\/uploads\/2026\/02\/WhatsApp-Image-2026-02-03-at-09.54.24-2-150x113.jpeg"},"modern-property-child-slider":{"file":"WhatsApp-Image-2026-02-03-at-09.54.24-2-680x510.jpeg","width":680,"height":510,"mime-type":"image\/jpeg","filesize":103269,"url":"https:\/\/360mallorcaproperty.com\/wp-content\/uploads\/2026\/02\/WhatsApp-Image-2026-02-03-at-09.54.24-2-680x510.jpeg"},"property-thumb-image":{"file":"WhatsApp-Image-2026-02-03-at-09.54.24-2-488x326.jpeg","width":488,"height":326,"mime-type":"image\/jpeg","filesize":48871,"url":"https:\/\/360mallorcaproperty.com\/wp-content\/uploads\/2026\/02\/WhatsApp-Image-2026-02-03-at-09.54.24-2-488x326.jpeg"},"property-detail-video-image":{"file":"WhatsApp-Image-2026-02-03-at-09.54.24-2-818x417.jpeg","width":818,"height":417,"mime-type":"image\/jpeg","filesize":105358,"url":"https:\/\/360mallorcaproperty.com\/wp-content\/uploads\/2026\/02\/WhatsApp-Image-2026-02-03-at-09.54.24-2-818x417.jpeg"},"agent-image":{"file":"WhatsApp-Image-2026-02-03-at-09.54.24-2-210x210.jpeg","width":210,"height":210,"mime-type":"image\/jpeg","filesize":14908,"url":"https:\/\/360mallorcaproperty.com\/wp-content\/uploads\/2026\/02\/WhatsApp-Image-2026-02-03-at-09.54.24-2-210x210.jpeg"},"partners-logo":{"file":"WhatsApp-Image-2026-02-03-at-09.54.24-2-600x1200.jpeg","width":600,"height":1200,"mime-type":"image\/jpeg","filesize":225838,"url":"https:\/\/360mallorcaproperty.com\/wp-content\/uploads\/2026\/02\/WhatsApp-Image-2026-02-03-at-09.54.24-2-600x1200.jpeg"},"post-featured-image":{"file":"WhatsApp-Image-2026-02-03-at-09.54.24-2-1240x720.jpeg","width":1240,"height":720,"mime-type":"image\/jpeg","filesize":249159,"url":"https:\/\/360mallorcaproperty.com\/wp-content\/uploads\/2026\/02\/WhatsApp-Image-2026-02-03-at-09.54.24-2-1240x720.jpeg"}},"image_meta":{"aperture":"0","credit":"","camera":"","caption":"","created_timestamp":"0","copyright":"","focal_length":"0","iso":"0","shutter_speed":"0","title":"","orientation":"0","keywords":[]},"ID":"32525","name":"WhatsApp-Image-2026-02-03-at-09.54.24-2.jpeg","path":"\/home\/mallorcaproperty\/public_html\/wp-content\/uploads\/2026\/02\/WhatsApp-Image-2026-02-03-at-09.54.24-2.jpeg","url":"https:\/\/360mallorcaproperty.com\/wp-content\/uploads\/2026\/02\/WhatsApp-Image-2026-02-03-at-09.54.24-2-150x150.jpeg","full_url":"https:\/\/360mallorcaproperty.com\/wp-content\/uploads\/2026\/02\/WhatsApp-Image-2026-02-03-at-09.54.24-2.jpeg","title":"WhatsApp Image 2026-02-03 at 09.54.24 (2)","caption":"","description":"","alt":"","srcset":"https:\/\/360mallorcaproperty.com\/wp-content\/uploads\/2026\/02\/WhatsApp-Image-2026-02-03-at-09.54.24-2-150x150.jpeg 150w, https:\/\/360mallorcaproperty.com\/wp-content\/uploads\/2026\/02\/WhatsApp-Image-2026-02-03-at-09.54.24-2-210x210.jpeg 210w"},{"width":150,"height":150,"file":"2026\/02\/WhatsApp-Image-2026-02-03-at-09.54.24-3.jpeg","filesize":434300,"sizes":{"medium":{"file":"WhatsApp-Image-2026-02-03-at-09.54.24-3-300x225.jpeg","width":300,"height":225,"mime-type":"image\/jpeg","filesize":21965,"url":"https:\/\/360mallorcaproperty.com\/wp-content\/uploads\/2026\/02\/WhatsApp-Image-2026-02-03-at-09.54.24-3-300x225.jpeg"},"large":{"file":"WhatsApp-Image-2026-02-03-at-09.54.24-3-1024x768.jpeg","width":1024,"height":768,"mime-type":"image\/jpeg","filesize":200736,"url":"https:\/\/360mallorcaproperty.com\/wp-content\/uploads\/2026\/02\/WhatsApp-Image-2026-02-03-at-09.54.24-3-1024x768.jpeg"},"thumbnail":{"file":"WhatsApp-Image-2026-02-03-at-09.54.24-3-150x150.jpeg","width":150,"height":150,"mime-type":"image\/jpeg","filesize":8637,"url":"https:\/\/360mallorcaproperty.com\/wp-content\/uploads\/2026\/02\/WhatsApp-Image-2026-02-03-at-09.54.24-3-150x150.jpeg"},"medium_large":{"file":"WhatsApp-Image-2026-02-03-at-09.54.24-3-768x576.jpeg","width":768,"height":576,"mime-type":"image\/jpeg","filesize":119792,"url":"https:\/\/360mallorcaproperty.com\/wp-content\/uploads\/2026\/02\/WhatsApp-Image-2026-02-03-at-09.54.24-3-768x576.jpeg"},"1536x1536":{"file":"WhatsApp-Image-2026-02-03-at-09.54.24-3-1536x1152.jpeg","width":1536,"height":1152,"mime-type":"image\/jpeg","filesize":397282,"url":"https:\/\/360mallorcaproperty.com\/wp-content\/uploads\/2026\/02\/WhatsApp-Image-2026-02-03-at-09.54.24-3-1536x1152.jpeg"},"post-thumbnail":{"file":"WhatsApp-Image-2026-02-03-at-09.54.24-3-150x113.jpeg","width":150,"height":113,"mime-type":"image\/jpeg","filesize":6798,"url":"https:\/\/360mallorcaproperty.com\/wp-content\/uploads\/2026\/02\/WhatsApp-Image-2026-02-03-at-09.54.24-3-150x113.jpeg"},"modern-property-child-slider":{"file":"WhatsApp-Image-2026-02-03-at-09.54.24-3-680x510.jpeg","width":680,"height":510,"mime-type":"image\/jpeg","filesize":95855,"url":"https:\/\/360mallorcaproperty.com\/wp-content\/uploads\/2026\/02\/WhatsApp-Image-2026-02-03-at-09.54.24-3-680x510.jpeg"},"property-thumb-image":{"file":"WhatsApp-Image-2026-02-03-at-09.54.24-3-488x326.jpeg","width":488,"height":326,"mime-type":"image\/jpeg","filesize":47126,"url":"https:\/\/360mallorcaproperty.com\/wp-content\/uploads\/2026\/02\/WhatsApp-Image-2026-02-03-at-09.54.24-3-488x326.jpeg"},"property-detail-video-image":{"file":"WhatsApp-Image-2026-02-03-at-09.54.24-3-818x417.jpeg","width":818,"height":417,"mime-type":"image\/jpeg","filesize":100085,"url":"https:\/\/360mallorcaproperty.com\/wp-content\/uploads\/2026\/02\/WhatsApp-Image-2026-02-03-at-09.54.24-3-818x417.jpeg"},"agent-image":{"file":"WhatsApp-Image-2026-02-03-at-09.54.24-3-210x210.jpeg","width":210,"height":210,"mime-type":"image\/jpeg","filesize":15541,"url":"https:\/\/360mallorcaproperty.com\/wp-content\/uploads\/2026\/02\/WhatsApp-Image-2026-02-03-at-09.54.24-3-210x210.jpeg"},"partners-logo":{"file":"WhatsApp-Image-2026-02-03-at-09.54.24-3-600x1200.jpeg","width":600,"height":1200,"mime-type":"image\/jpeg","filesize":194836,"url":"https:\/\/360mallorcaproperty.com\/wp-content\/uploads\/2026\/02\/WhatsApp-Image-2026-02-03-at-09.54.24-3-600x1200.jpeg"},"post-featured-image":{"file":"WhatsApp-Image-2026-02-03-at-09.54.24-3-1240x720.jpeg","width":1240,"height":720,"mime-type":"image\/jpeg","filesize":232169,"url":"https:\/\/360mallorcaproperty.com\/wp-content\/uploads\/2026\/02\/WhatsApp-Image-2026-02-03-at-09.54.24-3-1240x720.jpeg"}},"image_meta":{"aperture":"0","credit":"","camera":"","caption":"","created_timestamp":"0","copyright":"","focal_length":"0","iso":"0","shutter_speed":"0","title":"","orientation":"0","keywords":[]},"ID":"32528","name":"WhatsApp-Image-2026-02-03-at-09.54.24-3.jpeg","path":"\/home\/mallorcaproperty\/public_html\/wp-content\/uploads\/2026\/02\/WhatsApp-Image-2026-02-03-at-09.54.24-3.jpeg","url":"https:\/\/360mallorcaproperty.com\/wp-content\/uploads\/2026\/02\/WhatsApp-Image-2026-02-03-at-09.54.24-3-150x150.jpeg","full_url":"https:\/\/360mallorcaproperty.com\/wp-content\/uploads\/2026\/02\/WhatsApp-Image-2026-02-03-at-09.54.24-3.jpeg","title":"WhatsApp Image 2026-02-03 at 09.54.24 (3)","caption":"","description":"","alt":"","srcset":"https:\/\/360mallorcaproperty.com\/wp-content\/uploads\/2026\/02\/WhatsApp-Image-2026-02-03-at-09.54.24-3-150x150.jpeg 150w, https:\/\/360mallorcaproperty.com\/wp-content\/uploads\/2026\/02\/WhatsApp-Image-2026-02-03-at-09.54.24-3-210x210.jpeg 210w"},{"width":150,"height":150,"file":"2026\/02\/WhatsApp-Image-2026-02-03-at-09.54.25-1.jpeg","filesize":384225,"sizes":{"medium":{"file":"WhatsApp-Image-2026-02-03-at-09.54.25-1-300x225.jpeg","width":300,"height":225,"mime-type":"image\/jpeg","filesize":19598,"url":"https:\/\/360mallorcaproperty.com\/wp-content\/uploads\/2026\/02\/WhatsApp-Image-2026-02-03-at-09.54.25-1-300x225.jpeg"},"large":{"file":"WhatsApp-Image-2026-02-03-at-09.54.25-1-1024x768.jpeg","width":1024,"height":768,"mime-type":"image\/jpeg","filesize":174119,"url":"https:\/\/360mallorcaproperty.com\/wp-content\/uploads\/2026\/02\/WhatsApp-Image-2026-02-03-at-09.54.25-1-1024x768.jpeg"},"thumbnail":{"file":"WhatsApp-Image-2026-02-03-at-09.54.25-1-150x150.jpeg","width":150,"height":150,"mime-type":"image\/jpeg","filesize":7378,"url":"https:\/\/360mallorcaproperty.com\/wp-content\/uploads\/2026\/02\/WhatsApp-Image-2026-02-03-at-09.54.25-1-150x150.jpeg"},"medium_large":{"file":"WhatsApp-Image-2026-02-03-at-09.54.25-1-768x576.jpeg","width":768,"height":576,"mime-type":"image\/jpeg","filesize":103503,"url":"https:\/\/360mallorcaproperty.com\/wp-content\/uploads\/2026\/02\/WhatsApp-Image-2026-02-03-at-09.54.25-1-768x576.jpeg"},"1536x1536":{"file":"WhatsApp-Image-2026-02-03-at-09.54.25-1-1536x1152.jpeg","width":1536,"height":1152,"mime-type":"image\/jpeg","filesize":350934,"url":"https:\/\/360mallorcaproperty.com\/wp-content\/uploads\/2026\/02\/WhatsApp-Image-2026-02-03-at-09.54.25-1-1536x1152.jpeg"},"post-thumbnail":{"file":"WhatsApp-Image-2026-02-03-at-09.54.25-1-150x113.jpeg","width":150,"height":113,"mime-type":"image\/jpeg","filesize":6287,"url":"https:\/\/360mallorcaproperty.com\/wp-content\/uploads\/2026\/02\/WhatsApp-Image-2026-02-03-at-09.54.25-1-150x113.jpeg"},"modern-property-child-slider":{"file":"WhatsApp-Image-2026-02-03-at-09.54.25-1-680x510.jpeg","width":680,"height":510,"mime-type":"image\/jpeg","filesize":83232,"url":"https:\/\/360mallorcaproperty.com\/wp-content\/uploads\/2026\/02\/WhatsApp-Image-2026-02-03-at-09.54.25-1-680x510.jpeg"},"property-thumb-image":{"file":"WhatsApp-Image-2026-02-03-at-09.54.25-1-488x326.jpeg","width":488,"height":326,"mime-type":"image\/jpeg","filesize":41985,"url":"https:\/\/360mallorcaproperty.com\/wp-content\/uploads\/2026\/02\/WhatsApp-Image-2026-02-03-at-09.54.25-1-488x326.jpeg"},"property-detail-video-image":{"file":"WhatsApp-Image-2026-02-03-at-09.54.25-1-818x417.jpeg","width":818,"height":417,"mime-type":"image\/jpeg","filesize":88707,"url":"https:\/\/360mallorcaproperty.com\/wp-content\/uploads\/2026\/02\/WhatsApp-Image-2026-02-03-at-09.54.25-1-818x417.jpeg"},"agent-image":{"file":"WhatsApp-Image-2026-02-03-at-09.54.25-1-210x210.jpeg","width":210,"height":210,"mime-type":"image\/jpeg","filesize":12816,"url":"https:\/\/360mallorcaproperty.com\/wp-content\/uploads\/2026\/02\/WhatsApp-Image-2026-02-03-at-09.54.25-1-210x210.jpeg"},"partners-logo":{"file":"WhatsApp-Image-2026-02-03-at-09.54.25-1-600x1200.jpeg","width":600,"height":1200,"mime-type":"image\/jpeg","filesize":166759,"url":"https:\/\/360mallorcaproperty.com\/wp-content\/uploads\/2026\/02\/WhatsApp-Image-2026-02-03-at-09.54.25-1-600x1200.jpeg"},"post-featured-image":{"file":"WhatsApp-Image-2026-02-03-at-09.54.25-1-1240x720.jpeg","width":1240,"height":720,"mime-type":"image\/jpeg","filesize":202918,"url":"https:\/\/360mallorcaproperty.com\/wp-content\/uploads\/2026\/02\/WhatsApp-Image-2026-02-03-at-09.54.25-1-1240x720.jpeg"}},"image_meta":{"aperture":"0","credit":"","camera":"","caption":"","created_timestamp":"0","copyright":"","focal_length":"0","iso":"0","shutter_speed":"0","title":"","orientation":"0","keywords":[]},"ID":"32537","name":"WhatsApp-Image-2026-02-03-at-09.54.25-1.jpeg","path":"\/home\/mallorcaproperty\/public_html\/wp-content\/uploads\/2026\/02\/WhatsApp-Image-2026-02-03-at-09.54.25-1.jpeg","url":"https:\/\/360mallorcaproperty.com\/wp-content\/uploads\/2026\/02\/WhatsApp-Image-2026-02-03-at-09.54.25-1-150x150.jpeg","full_url":"https:\/\/360mallorcaproperty.com\/wp-content\/uploads\/2026\/02\/WhatsApp-Image-2026-02-03-at-09.54.25-1.jpeg","title":"WhatsApp Image 2026-02-03 at 09.54.25 (1)","caption":"","description":"","alt":"","srcset":"https:\/\/360mallorcaproperty.com\/wp-content\/uploads\/2026\/02\/WhatsApp-Image-2026-02-03-at-09.54.25-1-150x150.jpeg 150w, https:\/\/360mallorcaproperty.com\/wp-content\/uploads\/2026\/02\/WhatsApp-Image-2026-02-03-at-09.54.25-1-210x210.jpeg 210w"},{"width":150,"height":150,"file":"2026\/02\/WhatsApp-Image-2026-02-03-at-09.54.25-2.jpeg","filesize":326292,"sizes":{"medium":{"file":"WhatsApp-Image-2026-02-03-at-09.54.25-2-300x225.jpeg","width":300,"height":225,"mime-type":"image\/jpeg","filesize":16350,"url":"https:\/\/360mallorcaproperty.com\/wp-content\/uploads\/2026\/02\/WhatsApp-Image-2026-02-03-at-09.54.25-2-300x225.jpeg"},"large":{"file":"WhatsApp-Image-2026-02-03-at-09.54.25-2-1024x768.jpeg","width":1024,"height":768,"mime-type":"image\/jpeg","filesize":146587,"url":"https:\/\/360mallorcaproperty.com\/wp-content\/uploads\/2026\/02\/WhatsApp-Image-2026-02-03-at-09.54.25-2-1024x768.jpeg"},"thumbnail":{"file":"WhatsApp-Image-2026-02-03-at-09.54.25-2-150x150.jpeg","width":150,"height":150,"mime-type":"image\/jpeg","filesize":6605,"url":"https:\/\/360mallorcaproperty.com\/wp-content\/uploads\/2026\/02\/WhatsApp-Image-2026-02-03-at-09.54.25-2-150x150.jpeg"},"medium_large":{"file":"WhatsApp-Image-2026-02-03-at-09.54.25-2-768x576.jpeg","width":768,"height":576,"mime-type":"image\/jpeg","filesize":86717,"url":"https:\/\/360mallorcaproperty.com\/wp-content\/uploads\/2026\/02\/WhatsApp-Image-2026-02-03-at-09.54.25-2-768x576.jpeg"},"1536x1536":{"file":"WhatsApp-Image-2026-02-03-at-09.54.25-2-1536x1152.jpeg","width":1536,"height":1152,"mime-type":"image\/jpeg","filesize":299372,"url":"https:\/\/360mallorcaproperty.com\/wp-content\/uploads\/2026\/02\/WhatsApp-Image-2026-02-03-at-09.54.25-2-1536x1152.jpeg"},"post-thumbnail":{"file":"WhatsApp-Image-2026-02-03-at-09.54.25-2-150x113.jpeg","width":150,"height":113,"mime-type":"image\/jpeg","filesize":5354,"url":"https:\/\/360mallorcaproperty.com\/wp-content\/uploads\/2026\/02\/WhatsApp-Image-2026-02-03-at-09.54.25-2-150x113.jpeg"},"modern-property-child-slider":{"file":"WhatsApp-Image-2026-02-03-at-09.54.25-2-680x510.jpeg","width":680,"height":510,"mime-type":"image\/jpeg","filesize":69374,"url":"https:\/\/360mallorcaproperty.com\/wp-content\/uploads\/2026\/02\/WhatsApp-Image-2026-02-03-at-09.54.25-2-680x510.jpeg"},"property-thumb-image":{"file":"WhatsApp-Image-2026-02-03-at-09.54.25-2-488x326.jpeg","width":488,"height":326,"mime-type":"image\/jpeg","filesize":35384,"url":"https:\/\/360mallorcaproperty.com\/wp-content\/uploads\/2026\/02\/WhatsApp-Image-2026-02-03-at-09.54.25-2-488x326.jpeg"},"property-detail-video-image":{"file":"WhatsApp-Image-2026-02-03-at-09.54.25-2-818x417.jpeg","width":818,"height":417,"mime-type":"image\/jpeg","filesize":78574,"url":"https:\/\/360mallorcaproperty.com\/wp-content\/uploads\/2026\/02\/WhatsApp-Image-2026-02-03-at-09.54.25-2-818x417.jpeg"},"agent-image":{"file":"WhatsApp-Image-2026-02-03-at-09.54.25-2-210x210.jpeg","width":210,"height":210,"mime-type":"image\/jpeg","filesize":11579,"url":"https:\/\/360mallorcaproperty.com\/wp-content\/uploads\/2026\/02\/WhatsApp-Image-2026-02-03-at-09.54.25-2-210x210.jpeg"},"partners-logo":{"file":"WhatsApp-Image-2026-02-03-at-09.54.25-2-600x1200.jpeg","width":600,"height":1200,"mime-type":"image\/jpeg","filesize":166797,"url":"https:\/\/360mallorcaproperty.com\/wp-content\/uploads\/2026\/02\/WhatsApp-Image-2026-02-03-at-09.54.25-2-600x1200.jpeg"},"post-featured-image":{"file":"WhatsApp-Image-2026-02-03-at-09.54.25-2-1240x720.jpeg","width":1240,"height":720,"mime-type":"image\/jpeg","filesize":178849,"url":"https:\/\/360mallorcaproperty.com\/wp-content\/uploads\/2026\/02\/WhatsApp-Image-2026-02-03-at-09.54.25-2-1240x720.jpeg"}},"image_meta":{"aperture":"0","credit":"","camera":"","caption":"","created_timestamp":"0","copyright":"","focal_length":"0","iso":"0","shutter_speed":"0","title":"","orientation":"0","keywords":[]},"ID":"32540","name":"WhatsApp-Image-2026-02-03-at-09.54.25-2.jpeg","path":"\/home\/mallorcaproperty\/public_html\/wp-content\/uploads\/2026\/02\/WhatsApp-Image-2026-02-03-at-09.54.25-2.jpeg","url":"https:\/\/360mallorcaproperty.com\/wp-content\/uploads\/2026\/02\/WhatsApp-Image-2026-02-03-at-09.54.25-2-150x150.jpeg","full_url":"https:\/\/360mallorcaproperty.com\/wp-content\/uploads\/2026\/02\/WhatsApp-Image-2026-02-03-at-09.54.25-2.jpeg","title":"WhatsApp Image 2026-02-03 at 09.54.25 (2)","caption":"","description":"","alt":"","srcset":"https:\/\/360mallorcaproperty.com\/wp-content\/uploads\/2026\/02\/WhatsApp-Image-2026-02-03-at-09.54.25-2-150x150.jpeg 150w, https:\/\/360mallorcaproperty.com\/wp-content\/uploads\/2026\/02\/WhatsApp-Image-2026-02-03-at-09.54.25-2-210x210.jpeg 210w"},{"width":150,"height":150,"file":"2026\/02\/WhatsApp-Image-2026-02-03-at-09.54.25-4.jpeg","filesize":265141,"sizes":{"medium":{"file":"WhatsApp-Image-2026-02-03-at-09.54.25-4-300x225.jpeg","width":300,"height":225,"mime-type":"image\/jpeg","filesize":18424,"url":"https:\/\/360mallorcaproperty.com\/wp-content\/uploads\/2026\/02\/WhatsApp-Image-2026-02-03-at-09.54.25-4-300x225.jpeg"},"large":{"file":"WhatsApp-Image-2026-02-03-at-09.54.25-4-1024x768.jpeg","width":1024,"height":768,"mime-type":"image\/jpeg","filesize":131387,"url":"https:\/\/360mallorcaproperty.com\/wp-content\/uploads\/2026\/02\/WhatsApp-Image-2026-02-03-at-09.54.25-4-1024x768.jpeg"},"thumbnail":{"file":"WhatsApp-Image-2026-02-03-at-09.54.25-4-150x150.jpeg","width":150,"height":150,"mime-type":"image\/jpeg","filesize":7537,"url":"https:\/\/360mallorcaproperty.com\/wp-content\/uploads\/2026\/02\/WhatsApp-Image-2026-02-03-at-09.54.25-4-150x150.jpeg"},"medium_large":{"file":"WhatsApp-Image-2026-02-03-at-09.54.25-4-768x576.jpeg","width":768,"height":576,"mime-type":"image\/jpeg","filesize":82217,"url":"https:\/\/360mallorcaproperty.com\/wp-content\/uploads\/2026\/02\/WhatsApp-Image-2026-02-03-at-09.54.25-4-768x576.jpeg"},"1536x1536":{"file":"WhatsApp-Image-2026-02-03-at-09.54.25-4-1536x1152.jpeg","width":1536,"height":1152,"mime-type":"image\/jpeg","filesize":250743,"url":"https:\/\/360mallorcaproperty.com\/wp-content\/uploads\/2026\/02\/WhatsApp-Image-2026-02-03-at-09.54.25-4-1536x1152.jpeg"},"post-thumbnail":{"file":"WhatsApp-Image-2026-02-03-at-09.54.25-4-150x113.jpeg","width":150,"height":113,"mime-type":"image\/jpeg","filesize":6236,"url":"https:\/\/360mallorcaproperty.com\/wp-content\/uploads\/2026\/02\/WhatsApp-Image-2026-02-03-at-09.54.25-4-150x113.jpeg"},"modern-property-child-slider":{"file":"WhatsApp-Image-2026-02-03-at-09.54.25-4-680x510.jpeg","width":680,"height":510,"mime-type":"image\/jpeg","filesize":67851,"url":"https:\/\/360mallorcaproperty.com\/wp-content\/uploads\/2026\/02\/WhatsApp-Image-2026-02-03-at-09.54.25-4-680x510.jpeg"},"property-thumb-image":{"file":"WhatsApp-Image-2026-02-03-at-09.54.25-4-488x326.jpeg","width":488,"height":326,"mime-type":"image\/jpeg","filesize":37401,"url":"https:\/\/360mallorcaproperty.com\/wp-content\/uploads\/2026\/02\/WhatsApp-Image-2026-02-03-at-09.54.25-4-488x326.jpeg"},"property-detail-video-image":{"file":"WhatsApp-Image-2026-02-03-at-09.54.25-4-818x417.jpeg","width":818,"height":417,"mime-type":"image\/jpeg","filesize":73392,"url":"https:\/\/360mallorcaproperty.com\/wp-content\/uploads\/2026\/02\/WhatsApp-Image-2026-02-03-at-09.54.25-4-818x417.jpeg"},"agent-image":{"file":"WhatsApp-Image-2026-02-03-at-09.54.25-4-210x210.jpeg","width":210,"height":210,"mime-type":"image\/jpeg","filesize":12875,"url":"https:\/\/360mallorcaproperty.com\/wp-content\/uploads\/2026\/02\/WhatsApp-Image-2026-02-03-at-09.54.25-4-210x210.jpeg"},"partners-logo":{"file":"WhatsApp-Image-2026-02-03-at-09.54.25-4-600x1200.jpeg","width":600,"height":1200,"mime-type":"image\/jpeg","filesize":106551,"url":"https:\/\/360mallorcaproperty.com\/wp-content\/uploads\/2026\/02\/WhatsApp-Image-2026-02-03-at-09.54.25-4-600x1200.jpeg"},"post-featured-image":{"file":"WhatsApp-Image-2026-02-03-at-09.54.25-4-1240x720.jpeg","width":1240,"height":720,"mime-type":"image\/jpeg","filesize":152258,"url":"https:\/\/360mallorcaproperty.com\/wp-content\/uploads\/2026\/02\/WhatsApp-Image-2026-02-03-at-09.54.25-4-1240x720.jpeg"}},"image_meta":{"aperture":"0","credit":"","camera":"","caption":"","created_timestamp":"0","copyright":"","focal_length":"0","iso":"0","shutter_speed":"0","title":"","orientation":"0","keywords":[]},"ID":"32546","name":"WhatsApp-Image-2026-02-03-at-09.54.25-4.jpeg","path":"\/home\/mallorcaproperty\/public_html\/wp-content\/uploads\/2026\/02\/WhatsApp-Image-2026-02-03-at-09.54.25-4.jpeg","url":"https:\/\/360mallorcaproperty.com\/wp-content\/uploads\/2026\/02\/WhatsApp-Image-2026-02-03-at-09.54.25-4-150x150.jpeg","full_url":"https:\/\/360mallorcaproperty.com\/wp-content\/uploads\/2026\/02\/WhatsApp-Image-2026-02-03-at-09.54.25-4.jpeg","title":"WhatsApp Image 2026-02-03 at 09.54.25 (4)","caption":"","description":"","alt":"","srcset":"https:\/\/360mallorcaproperty.com\/wp-content\/uploads\/2026\/02\/WhatsApp-Image-2026-02-03-at-09.54.25-4-150x150.jpeg 150w, https:\/\/360mallorcaproperty.com\/wp-content\/uploads\/2026\/02\/WhatsApp-Image-2026-02-03-at-09.54.25-4-210x210.jpeg 210w"},{"width":150,"height":150,"file":"2026\/02\/WhatsApp-Image-2026-02-03-at-09.54.25-5.jpeg","filesize":246067,"sizes":{"medium":{"file":"WhatsApp-Image-2026-02-03-at-09.54.25-5-300x225.jpeg","width":300,"height":225,"mime-type":"image\/jpeg","filesize":16859,"url":"https:\/\/360mallorcaproperty.com\/wp-content\/uploads\/2026\/02\/WhatsApp-Image-2026-02-03-at-09.54.25-5-300x225.jpeg"},"large":{"file":"WhatsApp-Image-2026-02-03-at-09.54.25-5-1024x768.jpeg","width":1024,"height":768,"mime-type":"image\/jpeg","filesize":122011,"url":"https:\/\/360mallorcaproperty.com\/wp-content\/uploads\/2026\/02\/WhatsApp-Image-2026-02-03-at-09.54.25-5-1024x768.jpeg"},"thumbnail":{"file":"WhatsApp-Image-2026-02-03-at-09.54.25-5-150x150.jpeg","width":150,"height":150,"mime-type":"image\/jpeg","filesize":6811,"url":"https:\/\/360mallorcaproperty.com\/wp-content\/uploads\/2026\/02\/WhatsApp-Image-2026-02-03-at-09.54.25-5-150x150.jpeg"},"medium_large":{"file":"WhatsApp-Image-2026-02-03-at-09.54.25-5-768x576.jpeg","width":768,"height":576,"mime-type":"image\/jpeg","filesize":76024,"url":"https:\/\/360mallorcaproperty.com\/wp-content\/uploads\/2026\/02\/WhatsApp-Image-2026-02-03-at-09.54.25-5-768x576.jpeg"},"1536x1536":{"file":"WhatsApp-Image-2026-02-03-at-09.54.25-5-1536x1152.jpeg","width":1536,"height":1152,"mime-type":"image\/jpeg","filesize":233681,"url":"https:\/\/360mallorcaproperty.com\/wp-content\/uploads\/2026\/02\/WhatsApp-Image-2026-02-03-at-09.54.25-5-1536x1152.jpeg"},"post-thumbnail":{"file":"WhatsApp-Image-2026-02-03-at-09.54.25-5-150x113.jpeg","width":150,"height":113,"mime-type":"image\/jpeg","filesize":5826,"url":"https:\/\/360mallorcaproperty.com\/wp-content\/uploads\/2026\/02\/WhatsApp-Image-2026-02-03-at-09.54.25-5-150x113.jpeg"},"modern-property-child-slider":{"file":"WhatsApp-Image-2026-02-03-at-09.54.25-5-680x510.jpeg","width":680,"height":510,"mime-type":"image\/jpeg","filesize":62733,"url":"https:\/\/360mallorcaproperty.com\/wp-content\/uploads\/2026\/02\/WhatsApp-Image-2026-02-03-at-09.54.25-5-680x510.jpeg"},"property-thumb-image":{"file":"WhatsApp-Image-2026-02-03-at-09.54.25-5-488x326.jpeg","width":488,"height":326,"mime-type":"image\/jpeg","filesize":34315,"url":"https:\/\/360mallorcaproperty.com\/wp-content\/uploads\/2026\/02\/WhatsApp-Image-2026-02-03-at-09.54.25-5-488x326.jpeg"},"property-detail-video-image":{"file":"WhatsApp-Image-2026-02-03-at-09.54.25-5-818x417.jpeg","width":818,"height":417,"mime-type":"image\/jpeg","filesize":68729,"url":"https:\/\/360mallorcaproperty.com\/wp-content\/uploads\/2026\/02\/WhatsApp-Image-2026-02-03-at-09.54.25-5-818x417.jpeg"},"agent-image":{"file":"WhatsApp-Image-2026-02-03-at-09.54.25-5-210x210.jpeg","width":210,"height":210,"mime-type":"image\/jpeg","filesize":11554,"url":"https:\/\/360mallorcaproperty.com\/wp-content\/uploads\/2026\/02\/WhatsApp-Image-2026-02-03-at-09.54.25-5-210x210.jpeg"},"partners-logo":{"file":"WhatsApp-Image-2026-02-03-at-09.54.25-5-600x1200.jpeg","width":600,"height":1200,"mime-type":"image\/jpeg","filesize":101098,"url":"https:\/\/360mallorcaproperty.com\/wp-content\/uploads\/2026\/02\/WhatsApp-Image-2026-02-03-at-09.54.25-5-600x1200.jpeg"},"post-featured-image":{"file":"WhatsApp-Image-2026-02-03-at-09.54.25-5-1240x720.jpeg","width":1240,"height":720,"mime-type":"image\/jpeg","filesize":141943,"url":"https:\/\/360mallorcaproperty.com\/wp-content\/uploads\/2026\/02\/WhatsApp-Image-2026-02-03-at-09.54.25-5-1240x720.jpeg"}},"image_meta":{"aperture":"0","credit":"","camera":"","caption":"","created_timestamp":"0","copyright":"","focal_length":"0","iso":"0","shutter_speed":"0","title":"","orientation":"0","keywords":[]},"ID":"32549","name":"WhatsApp-Image-2026-02-03-at-09.54.25-5.jpeg","path":"\/home\/mallorcaproperty\/public_html\/wp-content\/uploads\/2026\/02\/WhatsApp-Image-2026-02-03-at-09.54.25-5.jpeg","url":"https:\/\/360mallorcaproperty.com\/wp-content\/uploads\/2026\/02\/WhatsApp-Image-2026-02-03-at-09.54.25-5-150x150.jpeg","full_url":"https:\/\/360mallorcaproperty.com\/wp-content\/uploads\/2026\/02\/WhatsApp-Image-2026-02-03-at-09.54.25-5.jpeg","title":"WhatsApp Image 2026-02-03 at 09.54.25 (5)","caption":"","description":"","alt":"","srcset":"https:\/\/360mallorcaproperty.com\/wp-content\/uploads\/2026\/02\/WhatsApp-Image-2026-02-03-at-09.54.25-5-150x150.jpeg 150w, https:\/\/360mallorcaproperty.com\/wp-content\/uploads\/2026\/02\/WhatsApp-Image-2026-02-03-at-09.54.25-5-210x210.jpeg 210w"},{"width":150,"height":150,"file":"2026\/02\/WhatsApp-Image-2026-02-03-at-09.54.25-6.jpeg","filesize":234215,"sizes":{"medium":{"file":"WhatsApp-Image-2026-02-03-at-09.54.25-6-300x225.jpeg","width":300,"height":225,"mime-type":"image\/jpeg","filesize":16423,"url":"https:\/\/360mallorcaproperty.com\/wp-content\/uploads\/2026\/02\/WhatsApp-Image-2026-02-03-at-09.54.25-6-300x225.jpeg"},"large":{"file":"WhatsApp-Image-2026-02-03-at-09.54.25-6-1024x768.jpeg","width":1024,"height":768,"mime-type":"image\/jpeg","filesize":115663,"url":"https:\/\/360mallorcaproperty.com\/wp-content\/uploads\/2026\/02\/WhatsApp-Image-2026-02-03-at-09.54.25-6-1024x768.jpeg"},"thumbnail":{"file":"WhatsApp-Image-2026-02-03-at-09.54.25-6-150x150.jpeg","width":150,"height":150,"mime-type":"image\/jpeg","filesize":6410,"url":"https:\/\/360mallorcaproperty.com\/wp-content\/uploads\/2026\/02\/WhatsApp-Image-2026-02-03-at-09.54.25-6-150x150.jpeg"},"medium_large":{"file":"WhatsApp-Image-2026-02-03-at-09.54.25-6-768x576.jpeg","width":768,"height":576,"mime-type":"image\/jpeg","filesize":72251,"url":"https:\/\/360mallorcaproperty.com\/wp-content\/uploads\/2026\/02\/WhatsApp-Image-2026-02-03-at-09.54.25-6-768x576.jpeg"},"1536x1536":{"file":"WhatsApp-Image-2026-02-03-at-09.54.25-6-1536x1152.jpeg","width":1536,"height":1152,"mime-type":"image\/jpeg","filesize":222943,"url":"https:\/\/360mallorcaproperty.com\/wp-content\/uploads\/2026\/02\/WhatsApp-Image-2026-02-03-at-09.54.25-6-1536x1152.jpeg"},"post-thumbnail":{"file":"WhatsApp-Image-2026-02-03-at-09.54.25-6-150x113.jpeg","width":150,"height":113,"mime-type":"image\/jpeg","filesize":5608,"url":"https:\/\/360mallorcaproperty.com\/wp-content\/uploads\/2026\/02\/WhatsApp-Image-2026-02-03-at-09.54.25-6-150x113.jpeg"},"modern-property-child-slider":{"file":"WhatsApp-Image-2026-02-03-at-09.54.25-6-680x510.jpeg","width":680,"height":510,"mime-type":"image\/jpeg","filesize":59573,"url":"https:\/\/360mallorcaproperty.com\/wp-content\/uploads\/2026\/02\/WhatsApp-Image-2026-02-03-at-09.54.25-6-680x510.jpeg"},"property-thumb-image":{"file":"WhatsApp-Image-2026-02-03-at-09.54.25-6-488x326.jpeg","width":488,"height":326,"mime-type":"image\/jpeg","filesize":32731,"url":"https:\/\/360mallorcaproperty.com\/wp-content\/uploads\/2026\/02\/WhatsApp-Image-2026-02-03-at-09.54.25-6-488x326.jpeg"},"property-detail-video-image":{"file":"WhatsApp-Image-2026-02-03-at-09.54.25-6-818x417.jpeg","width":818,"height":417,"mime-type":"image\/jpeg","filesize":64383,"url":"https:\/\/360mallorcaproperty.com\/wp-content\/uploads\/2026\/02\/WhatsApp-Image-2026-02-03-at-09.54.25-6-818x417.jpeg"},"agent-image":{"file":"WhatsApp-Image-2026-02-03-at-09.54.25-6-210x210.jpeg","width":210,"height":210,"mime-type":"image\/jpeg","filesize":11000,"url":"https:\/\/360mallorcaproperty.com\/wp-content\/uploads\/2026\/02\/WhatsApp-Image-2026-02-03-at-09.54.25-6-210x210.jpeg"},"partners-logo":{"file":"WhatsApp-Image-2026-02-03-at-09.54.25-6-600x1200.jpeg","width":600,"height":1200,"mime-type":"image\/jpeg","filesize":105464,"url":"https:\/\/360mallorcaproperty.com\/wp-content\/uploads\/2026\/02\/WhatsApp-Image-2026-02-03-at-09.54.25-6-600x1200.jpeg"},"post-featured-image":{"file":"WhatsApp-Image-2026-02-03-at-09.54.25-6-1240x720.jpeg","width":1240,"height":720,"mime-type":"image\/jpeg","filesize":134636,"url":"https:\/\/360mallorcaproperty.com\/wp-content\/uploads\/2026\/02\/WhatsApp-Image-2026-02-03-at-09.54.25-6-1240x720.jpeg"}},"image_meta":{"aperture":"0","credit":"","camera":"","caption":"","created_timestamp":"0","copyright":"","focal_length":"0","iso":"0","shutter_speed":"0","title":"","orientation":"0","keywords":[]},"ID":"32552","name":"WhatsApp-Image-2026-02-03-at-09.54.25-6.jpeg","path":"\/home\/mallorcaproperty\/public_html\/wp-content\/uploads\/2026\/02\/WhatsApp-Image-2026-02-03-at-09.54.25-6.jpeg","url":"https:\/\/360mallorcaproperty.com\/wp-content\/uploads\/2026\/02\/WhatsApp-Image-2026-02-03-at-09.54.25-6-150x150.jpeg","full_url":"https:\/\/360mallorcaproperty.com\/wp-content\/uploads\/2026\/02\/WhatsApp-Image-2026-02-03-at-09.54.25-6.jpeg","title":"WhatsApp Image 2026-02-03 at 09.54.25 (6)","caption":"","description":"","alt":"","srcset":"https:\/\/360mallorcaproperty.com\/wp-content\/uploads\/2026\/02\/WhatsApp-Image-2026-02-03-at-09.54.25-6-150x150.jpeg 150w, https:\/\/360mallorcaproperty.com\/wp-content\/uploads\/2026\/02\/WhatsApp-Image-2026-02-03-at-09.54.25-6-210x210.jpeg 210w"},{"width":150,"height":150,"file":"2026\/02\/WhatsApp-Image-2026-02-03-at-09.54.25-9.jpeg","filesize":297202,"sizes":{"medium":{"file":"WhatsApp-Image-2026-02-03-at-09.54.25-9-300x225.jpeg","width":300,"height":225,"mime-type":"image\/jpeg","filesize":20705,"url":"https:\/\/360mallorcaproperty.com\/wp-content\/uploads\/2026\/02\/WhatsApp-Image-2026-02-03-at-09.54.25-9-300x225.jpeg"},"large":{"file":"WhatsApp-Image-2026-02-03-at-09.54.25-9-1024x768.jpeg","width":1024,"height":768,"mime-type":"image\/jpeg","filesize":149432,"url":"https:\/\/360mallorcaproperty.com\/wp-content\/uploads\/2026\/02\/WhatsApp-Image-2026-02-03-at-09.54.25-9-1024x768.jpeg"},"thumbnail":{"file":"WhatsApp-Image-2026-02-03-at-09.54.25-9-150x150.jpeg","width":150,"height":150,"mime-type":"image\/jpeg","filesize":8043,"url":"https:\/\/360mallorcaproperty.com\/wp-content\/uploads\/2026\/02\/WhatsApp-Image-2026-02-03-at-09.54.25-9-150x150.jpeg"},"medium_large":{"file":"WhatsApp-Image-2026-02-03-at-09.54.25-9-768x576.jpeg","width":768,"height":576,"mime-type":"image\/jpeg","filesize":94453,"url":"https:\/\/360mallorcaproperty.com\/wp-content\/uploads\/2026\/02\/WhatsApp-Image-2026-02-03-at-09.54.25-9-768x576.jpeg"},"1536x1536":{"file":"WhatsApp-Image-2026-02-03-at-09.54.25-9-1536x1152.jpeg","width":1536,"height":1152,"mime-type":"image\/jpeg","filesize":281431,"url":"https:\/\/360mallorcaproperty.com\/wp-content\/uploads\/2026\/02\/WhatsApp-Image-2026-02-03-at-09.54.25-9-1536x1152.jpeg"},"post-thumbnail":{"file":"WhatsApp-Image-2026-02-03-at-09.54.25-9-150x113.jpeg","width":150,"height":113,"mime-type":"image\/jpeg","filesize":6866,"url":"https:\/\/360mallorcaproperty.com\/wp-content\/uploads\/2026\/02\/WhatsApp-Image-2026-02-03-at-09.54.25-9-150x113.jpeg"},"modern-property-child-slider":{"file":"WhatsApp-Image-2026-02-03-at-09.54.25-9-680x510.jpeg","width":680,"height":510,"mime-type":"image\/jpeg","filesize":77792,"url":"https:\/\/360mallorcaproperty.com\/wp-content\/uploads\/2026\/02\/WhatsApp-Image-2026-02-03-at-09.54.25-9-680x510.jpeg"},"property-thumb-image":{"file":"WhatsApp-Image-2026-02-03-at-09.54.25-9-488x326.jpeg","width":488,"height":326,"mime-type":"image\/jpeg","filesize":42095,"url":"https:\/\/360mallorcaproperty.com\/wp-content\/uploads\/2026\/02\/WhatsApp-Image-2026-02-03-at-09.54.25-9-488x326.jpeg"},"property-detail-video-image":{"file":"WhatsApp-Image-2026-02-03-at-09.54.25-9-818x417.jpeg","width":818,"height":417,"mime-type":"image\/jpeg","filesize":79265,"url":"https:\/\/360mallorcaproperty.com\/wp-content\/uploads\/2026\/02\/WhatsApp-Image-2026-02-03-at-09.54.25-9-818x417.jpeg"},"agent-image":{"file":"WhatsApp-Image-2026-02-03-at-09.54.25-9-210x210.jpeg","width":210,"height":210,"mime-type":"image\/jpeg","filesize":13901,"url":"https:\/\/360mallorcaproperty.com\/wp-content\/uploads\/2026\/02\/WhatsApp-Image-2026-02-03-at-09.54.25-9-210x210.jpeg"},"partners-logo":{"file":"WhatsApp-Image-2026-02-03-at-09.54.25-9-600x1200.jpeg","width":600,"height":1200,"mime-type":"image\/jpeg","filesize":107330,"url":"https:\/\/360mallorcaproperty.com\/wp-content\/uploads\/2026\/02\/WhatsApp-Image-2026-02-03-at-09.54.25-9-600x1200.jpeg"},"post-featured-image":{"file":"WhatsApp-Image-2026-02-03-at-09.54.25-9-1240x720.jpeg","width":1240,"height":720,"mime-type":"image\/jpeg","filesize":166960,"url":"https:\/\/360mallorcaproperty.com\/wp-content\/uploads\/2026\/02\/WhatsApp-Image-2026-02-03-at-09.54.25-9-1240x720.jpeg"}},"image_meta":{"aperture":"0","credit":"","camera":"","caption":"","created_timestamp":"0","copyright":"","focal_length":"0","iso":"0","shutter_speed":"0","title":"","orientation":"0","keywords":[]},"ID":"32561","name":"WhatsApp-Image-2026-02-03-at-09.54.25-9.jpeg","path":"\/home\/mallorcaproperty\/public_html\/wp-content\/uploads\/2026\/02\/WhatsApp-Image-2026-02-03-at-09.54.25-9.jpeg","url":"https:\/\/360mallorcaproperty.com\/wp-content\/uploads\/2026\/02\/WhatsApp-Image-2026-02-03-at-09.54.25-9-150x150.jpeg","full_url":"https:\/\/360mallorcaproperty.com\/wp-content\/uploads\/2026\/02\/WhatsApp-Image-2026-02-03-at-09.54.25-9.jpeg","title":"WhatsApp Image 2026-02-03 at 09.54.25 (9)","caption":"","description":"","alt":"","srcset":"https:\/\/360mallorcaproperty.com\/wp-content\/uploads\/2026\/02\/WhatsApp-Image-2026-02-03-at-09.54.25-9-150x150.jpeg 150w, https:\/\/360mallorcaproperty.com\/wp-content\/uploads\/2026\/02\/WhatsApp-Image-2026-02-03-at-09.54.25-9-210x210.jpeg 210w"},{"width":150,"height":150,"file":"2026\/02\/WhatsApp-Image-2026-02-03-at-09.55.10-1.jpeg","filesize":268720,"sizes":{"medium":{"file":"WhatsApp-Image-2026-02-03-at-09.55.10-1-300x225.jpeg","width":300,"height":225,"mime-type":"image\/jpeg","filesize":18142,"url":"https:\/\/360mallorcaproperty.com\/wp-content\/uploads\/2026\/02\/WhatsApp-Image-2026-02-03-at-09.55.10-1-300x225.jpeg"},"large":{"file":"WhatsApp-Image-2026-02-03-at-09.55.10-1-1024x768.jpeg","width":1024,"height":768,"mime-type":"image\/jpeg","filesize":133377,"url":"https:\/\/360mallorcaproperty.com\/wp-content\/uploads\/2026\/02\/WhatsApp-Image-2026-02-03-at-09.55.10-1-1024x768.jpeg"},"thumbnail":{"file":"WhatsApp-Image-2026-02-03-at-09.55.10-1-150x150.jpeg","width":150,"height":150,"mime-type":"image\/jpeg","filesize":7557,"url":"https:\/\/360mallorcaproperty.com\/wp-content\/uploads\/2026\/02\/WhatsApp-Image-2026-02-03-at-09.55.10-1-150x150.jpeg"},"medium_large":{"file":"WhatsApp-Image-2026-02-03-at-09.55.10-1-768x576.jpeg","width":768,"height":576,"mime-type":"image\/jpeg","filesize":83382,"url":"https:\/\/360mallorcaproperty.com\/wp-content\/uploads\/2026\/02\/WhatsApp-Image-2026-02-03-at-09.55.10-1-768x576.jpeg"},"1536x1536":{"file":"WhatsApp-Image-2026-02-03-at-09.55.10-1-1536x1152.jpeg","width":1536,"height":1152,"mime-type":"image\/jpeg","filesize":254449,"url":"https:\/\/360mallorcaproperty.com\/wp-content\/uploads\/2026\/02\/WhatsApp-Image-2026-02-03-at-09.55.10-1-1536x1152.jpeg"},"post-thumbnail":{"file":"WhatsApp-Image-2026-02-03-at-09.55.10-1-150x113.jpeg","width":150,"height":113,"mime-type":"image\/jpeg","filesize":6104,"url":"https:\/\/360mallorcaproperty.com\/wp-content\/uploads\/2026\/02\/WhatsApp-Image-2026-02-03-at-09.55.10-1-150x113.jpeg"},"modern-property-child-slider":{"file":"WhatsApp-Image-2026-02-03-at-09.55.10-1-680x510.jpeg","width":680,"height":510,"mime-type":"image\/jpeg","filesize":68498,"url":"https:\/\/360mallorcaproperty.com\/wp-content\/uploads\/2026\/02\/WhatsApp-Image-2026-02-03-at-09.55.10-1-680x510.jpeg"},"property-thumb-image":{"file":"WhatsApp-Image-2026-02-03-at-09.55.10-1-488x326.jpeg","width":488,"height":326,"mime-type":"image\/jpeg","filesize":36780,"url":"https:\/\/360mallorcaproperty.com\/wp-content\/uploads\/2026\/02\/WhatsApp-Image-2026-02-03-at-09.55.10-1-488x326.jpeg"},"property-detail-video-image":{"file":"WhatsApp-Image-2026-02-03-at-09.55.10-1-818x417.jpeg","width":818,"height":417,"mime-type":"image\/jpeg","filesize":70505,"url":"https:\/\/360mallorcaproperty.com\/wp-content\/uploads\/2026\/02\/WhatsApp-Image-2026-02-03-at-09.55.10-1-818x417.jpeg"},"agent-image":{"file":"WhatsApp-Image-2026-02-03-at-09.55.10-1-210x210.jpeg","width":210,"height":210,"mime-type":"image\/jpeg","filesize":13001,"url":"https:\/\/360mallorcaproperty.com\/wp-content\/uploads\/2026\/02\/WhatsApp-Image-2026-02-03-at-09.55.10-1-210x210.jpeg"},"partners-logo":{"file":"WhatsApp-Image-2026-02-03-at-09.55.10-1-600x1200.jpeg","width":600,"height":1200,"mime-type":"image\/jpeg","filesize":112697,"url":"https:\/\/360mallorcaproperty.com\/wp-content\/uploads\/2026\/02\/WhatsApp-Image-2026-02-03-at-09.55.10-1-600x1200.jpeg"},"post-featured-image":{"file":"WhatsApp-Image-2026-02-03-at-09.55.10-1-1240x720.jpeg","width":1240,"height":720,"mime-type":"image\/jpeg","filesize":150227,"url":"https:\/\/360mallorcaproperty.com\/wp-content\/uploads\/2026\/02\/WhatsApp-Image-2026-02-03-at-09.55.10-1-1240x720.jpeg"}},"image_meta":{"aperture":"0","credit":"","camera":"","caption":"","created_timestamp":"0","copyright":"","focal_length":"0","iso":"0","shutter_speed":"0","title":"","orientation":"0","keywords":[]},"ID":"32567","name":"WhatsApp-Image-2026-02-03-at-09.55.10-1.jpeg","path":"\/home\/mallorcaproperty\/public_html\/wp-content\/uploads\/2026\/02\/WhatsApp-Image-2026-02-03-at-09.55.10-1.jpeg","url":"https:\/\/360mallorcaproperty.com\/wp-content\/uploads\/2026\/02\/WhatsApp-Image-2026-02-03-at-09.55.10-1-150x150.jpeg","full_url":"https:\/\/360mallorcaproperty.com\/wp-content\/uploads\/2026\/02\/WhatsApp-Image-2026-02-03-at-09.55.10-1.jpeg","title":"WhatsApp Image 2026-02-03 at 09.55.10 (1)","caption":"","description":"","alt":"","srcset":"https:\/\/360mallorcaproperty.com\/wp-content\/uploads\/2026\/02\/WhatsApp-Image-2026-02-03-at-09.55.10-1-150x150.jpeg 150w, https:\/\/360mallorcaproperty.com\/wp-content\/uploads\/2026\/02\/WhatsApp-Image-2026-02-03-at-09.55.10-1-210x210.jpeg 210w"},{"width":150,"height":150,"file":"2026\/02\/WhatsApp-Image-2026-02-03-at-09.55.10-2.jpeg","filesize":211601,"sizes":{"medium":{"file":"WhatsApp-Image-2026-02-03-at-09.55.10-2-300x225.jpeg","width":300,"height":225,"mime-type":"image\/jpeg","filesize":14800,"url":"https:\/\/360mallorcaproperty.com\/wp-content\/uploads\/2026\/02\/WhatsApp-Image-2026-02-03-at-09.55.10-2-300x225.jpeg"},"large":{"file":"WhatsApp-Image-2026-02-03-at-09.55.10-2-1024x768.jpeg","width":1024,"height":768,"mime-type":"image\/jpeg","filesize":103182,"url":"https:\/\/360mallorcaproperty.com\/wp-content\/uploads\/2026\/02\/WhatsApp-Image-2026-02-03-at-09.55.10-2-1024x768.jpeg"},"thumbnail":{"file":"WhatsApp-Image-2026-02-03-at-09.55.10-2-150x150.jpeg","width":150,"height":150,"mime-type":"image\/jpeg","filesize":6353,"url":"https:\/\/360mallorcaproperty.com\/wp-content\/uploads\/2026\/02\/WhatsApp-Image-2026-02-03-at-09.55.10-2-150x150.jpeg"},"medium_large":{"file":"WhatsApp-Image-2026-02-03-at-09.55.10-2-768x576.jpeg","width":768,"height":576,"mime-type":"image\/jpeg","filesize":64539,"url":"https:\/\/360mallorcaproperty.com\/wp-content\/uploads\/2026\/02\/WhatsApp-Image-2026-02-03-at-09.55.10-2-768x576.jpeg"},"1536x1536":{"file":"WhatsApp-Image-2026-02-03-at-09.55.10-2-1536x1152.jpeg","width":1536,"height":1152,"mime-type":"image\/jpeg","filesize":201547,"url":"https:\/\/360mallorcaproperty.com\/wp-content\/uploads\/2026\/02\/WhatsApp-Image-2026-02-03-at-09.55.10-2-1536x1152.jpeg"},"post-thumbnail":{"file":"WhatsApp-Image-2026-02-03-at-09.55.10-2-150x113.jpeg","width":150,"height":113,"mime-type":"image\/jpeg","filesize":5220,"url":"https:\/\/360mallorcaproperty.com\/wp-content\/uploads\/2026\/02\/WhatsApp-Image-2026-02-03-at-09.55.10-2-150x113.jpeg"},"modern-property-child-slider":{"file":"WhatsApp-Image-2026-02-03-at-09.55.10-2-680x510.jpeg","width":680,"height":510,"mime-type":"image\/jpeg","filesize":53620,"url":"https:\/\/360mallorcaproperty.com\/wp-content\/uploads\/2026\/02\/WhatsApp-Image-2026-02-03-at-09.55.10-2-680x510.jpeg"},"property-thumb-image":{"file":"WhatsApp-Image-2026-02-03-at-09.55.10-2-488x326.jpeg","width":488,"height":326,"mime-type":"image\/jpeg","filesize":29427,"url":"https:\/\/360mallorcaproperty.com\/wp-content\/uploads\/2026\/02\/WhatsApp-Image-2026-02-03-at-09.55.10-2-488x326.jpeg"},"property-detail-video-image":{"file":"WhatsApp-Image-2026-02-03-at-09.55.10-2-818x417.jpeg","width":818,"height":417,"mime-type":"image\/jpeg","filesize":54873,"url":"https:\/\/360mallorcaproperty.com\/wp-content\/uploads\/2026\/02\/WhatsApp-Image-2026-02-03-at-09.55.10-2-818x417.jpeg"},"agent-image":{"file":"WhatsApp-Image-2026-02-03-at-09.55.10-2-210x210.jpeg","width":210,"height":210,"mime-type":"image\/jpeg","filesize":10753,"url":"https:\/\/360mallorcaproperty.com\/wp-content\/uploads\/2026\/02\/WhatsApp-Image-2026-02-03-at-09.55.10-2-210x210.jpeg"},"partners-logo":{"file":"WhatsApp-Image-2026-02-03-at-09.55.10-2-600x1200.jpeg","width":600,"height":1200,"mime-type":"image\/jpeg","filesize":95637,"url":"https:\/\/360mallorcaproperty.com\/wp-content\/uploads\/2026\/02\/WhatsApp-Image-2026-02-03-at-09.55.10-2-600x1200.jpeg"},"post-featured-image":{"file":"WhatsApp-Image-2026-02-03-at-09.55.10-2-1240x720.jpeg","width":1240,"height":720,"mime-type":"image\/jpeg","filesize":120224,"url":"https:\/\/360mallorcaproperty.com\/wp-content\/uploads\/2026\/02\/WhatsApp-Image-2026-02-03-at-09.55.10-2-1240x720.jpeg"}},"image_meta":{"aperture":"0","credit":"","camera":"","caption":"","created_timestamp":"0","copyright":"","focal_length":"0","iso":"0","shutter_speed":"0","title":"","orientation":"0","keywords":[]},"ID":"32570","name":"WhatsApp-Image-2026-02-03-at-09.55.10-2.jpeg","path":"\/home\/mallorcaproperty\/public_html\/wp-content\/uploads\/2026\/02\/WhatsApp-Image-2026-02-03-at-09.55.10-2.jpeg","url":"https:\/\/360mallorcaproperty.com\/wp-content\/uploads\/2026\/02\/WhatsApp-Image-2026-02-03-at-09.55.10-2-150x150.jpeg","full_url":"https:\/\/360mallorcaproperty.com\/wp-content\/uploads\/2026\/02\/WhatsApp-Image-2026-02-03-at-09.55.10-2.jpeg","title":"WhatsApp Image 2026-02-03 at 09.55.10 (2)","caption":"","description":"","alt":"","srcset":"https:\/\/360mallorcaproperty.com\/wp-content\/uploads\/2026\/02\/WhatsApp-Image-2026-02-03-at-09.55.10-2-150x150.jpeg 150w, https:\/\/360mallorcaproperty.com\/wp-content\/uploads\/2026\/02\/WhatsApp-Image-2026-02-03-at-09.55.10-2-210x210.jpeg 210w"},{"width":150,"height":150,"file":"2026\/02\/WhatsApp-Image-2026-02-03-at-09.55.11-1.jpeg","filesize":209711,"sizes":{"medium":{"file":"WhatsApp-Image-2026-02-03-at-09.55.11-1-225x300.jpeg","width":225,"height":300,"mime-type":"image\/jpeg","filesize":13403,"url":"https:\/\/360mallorcaproperty.com\/wp-content\/uploads\/2026\/02\/WhatsApp-Image-2026-02-03-at-09.55.11-1-225x300.jpeg"},"large":{"file":"WhatsApp-Image-2026-02-03-at-09.55.11-1-768x1024.jpeg","width":768,"height":1024,"mime-type":"image\/jpeg","filesize":98726,"url":"https:\/\/360mallorcaproperty.com\/wp-content\/uploads\/2026\/02\/WhatsApp-Image-2026-02-03-at-09.55.11-1-768x1024.jpeg"},"thumbnail":{"file":"WhatsApp-Image-2026-02-03-at-09.55.11-1-150x150.jpeg","width":150,"height":150,"mime-type":"image\/jpeg","filesize":6094,"url":"https:\/\/360mallorcaproperty.com\/wp-content\/uploads\/2026\/02\/WhatsApp-Image-2026-02-03-at-09.55.11-1-150x150.jpeg"},"medium_large":{"file":"WhatsApp-Image-2026-02-03-at-09.55.11-1-768x1024.jpeg","width":768,"height":1024,"mime-type":"image\/jpeg","filesize":98726,"url":"https:\/\/360mallorcaproperty.com\/wp-content\/uploads\/2026\/02\/WhatsApp-Image-2026-02-03-at-09.55.11-1-768x1024.jpeg"},"1536x1536":{"file":"WhatsApp-Image-2026-02-03-at-09.55.11-1-1152x1536.jpeg","width":1152,"height":1536,"mime-type":"image\/jpeg","filesize":198609,"url":"https:\/\/360mallorcaproperty.com\/wp-content\/uploads\/2026\/02\/WhatsApp-Image-2026-02-03-at-09.55.11-1-1152x1536.jpeg"},"post-thumbnail":{"file":"WhatsApp-Image-2026-02-03-at-09.55.11-1-113x150.jpeg","width":113,"height":150,"mime-type":"image\/jpeg","filesize":4771,"url":"https:\/\/360mallorcaproperty.com\/wp-content\/uploads\/2026\/02\/WhatsApp-Image-2026-02-03-at-09.55.11-1-113x150.jpeg"},"modern-property-child-slider":{"file":"WhatsApp-Image-2026-02-03-at-09.55.11-1-680x510.jpeg","width":680,"height":510,"mime-type":"image\/jpeg","filesize":55046,"url":"https:\/\/360mallorcaproperty.com\/wp-content\/uploads\/2026\/02\/WhatsApp-Image-2026-02-03-at-09.55.11-1-680x510.jpeg"},"property-thumb-image":{"file":"WhatsApp-Image-2026-02-03-at-09.55.11-1-488x326.jpeg","width":488,"height":326,"mime-type":"image\/jpeg","filesize":28067,"url":"https:\/\/360mallorcaproperty.com\/wp-content\/uploads\/2026\/02\/WhatsApp-Image-2026-02-03-at-09.55.11-1-488x326.jpeg"},"property-detail-video-image":{"file":"WhatsApp-Image-2026-02-03-at-09.55.11-1-818x417.jpeg","width":818,"height":417,"mime-type":"image\/jpeg","filesize":54577,"url":"https:\/\/360mallorcaproperty.com\/wp-content\/uploads\/2026\/02\/WhatsApp-Image-2026-02-03-at-09.55.11-1-818x417.jpeg"},"agent-image":{"file":"WhatsApp-Image-2026-02-03-at-09.55.11-1-210x210.jpeg","width":210,"height":210,"mime-type":"image\/jpeg","filesize":10182,"url":"https:\/\/360mallorcaproperty.com\/wp-content\/uploads\/2026\/02\/WhatsApp-Image-2026-02-03-at-09.55.11-1-210x210.jpeg"},"partners-logo":{"file":"WhatsApp-Image-2026-02-03-at-09.55.11-1-600x1600.jpeg","width":600,"height":1600,"mime-type":"image\/jpeg","filesize":133205,"url":"https:\/\/360mallorcaproperty.com\/wp-content\/uploads\/2026\/02\/WhatsApp-Image-2026-02-03-at-09.55.11-1-600x1600.jpeg"},"post-featured-image":{"file":"WhatsApp-Image-2026-02-03-at-09.55.11-1-1200x720.jpeg","width":1200,"height":720,"mime-type":"image\/jpeg","filesize":128331,"url":"https:\/\/360mallorcaproperty.com\/wp-content\/uploads\/2026\/02\/WhatsApp-Image-2026-02-03-at-09.55.11-1-1200x720.jpeg"}},"image_meta":{"aperture":"0","credit":"","camera":"","caption":"","created_timestamp":"0","copyright":"","focal_length":"0","iso":"0","shutter_speed":"0","title":"","orientation":"0","keywords":[]},"ID":"32576","name":"WhatsApp-Image-2026-02-03-at-09.55.11-1.jpeg","path":"\/home\/mallorcaproperty\/public_html\/wp-content\/uploads\/2026\/02\/WhatsApp-Image-2026-02-03-at-09.55.11-1.jpeg","url":"https:\/\/360mallorcaproperty.com\/wp-content\/uploads\/2026\/02\/WhatsApp-Image-2026-02-03-at-09.55.11-1-150x150.jpeg","full_url":"https:\/\/360mallorcaproperty.com\/wp-content\/uploads\/2026\/02\/WhatsApp-Image-2026-02-03-at-09.55.11-1.jpeg","title":"WhatsApp Image 2026-02-03 at 09.55.11 (1)","caption":"","description":"","alt":"","srcset":"https:\/\/360mallorcaproperty.com\/wp-content\/uploads\/2026\/02\/WhatsApp-Image-2026-02-03-at-09.55.11-1-150x150.jpeg 150w, https:\/\/360mallorcaproperty.com\/wp-content\/uploads\/2026\/02\/WhatsApp-Image-2026-02-03-at-09.55.11-1-210x210.jpeg 210w"},{"width":150,"height":150,"file":"2026\/02\/WhatsApp-Image-2026-02-03-at-09.55.11-2.jpeg","filesize":224536,"sizes":{"medium":{"file":"WhatsApp-Image-2026-02-03-at-09.55.11-2-300x225.jpeg","width":300,"height":225,"mime-type":"image\/jpeg","filesize":15670,"url":"https:\/\/360mallorcaproperty.com\/wp-content\/uploads\/2026\/02\/WhatsApp-Image-2026-02-03-at-09.55.11-2-300x225.jpeg"},"large":{"file":"WhatsApp-Image-2026-02-03-at-09.55.11-2-1024x768.jpeg","width":1024,"height":768,"mime-type":"image\/jpeg","filesize":110340,"url":"https:\/\/360mallorcaproperty.com\/wp-content\/uploads\/2026\/02\/WhatsApp-Image-2026-02-03-at-09.55.11-2-1024x768.jpeg"},"thumbnail":{"file":"WhatsApp-Image-2026-02-03-at-09.55.11-2-150x150.jpeg","width":150,"height":150,"mime-type":"image\/jpeg","filesize":6238,"url":"https:\/\/360mallorcaproperty.com\/wp-content\/uploads\/2026\/02\/WhatsApp-Image-2026-02-03-at-09.55.11-2-150x150.jpeg"},"medium_large":{"file":"WhatsApp-Image-2026-02-03-at-09.55.11-2-768x576.jpeg","width":768,"height":576,"mime-type":"image\/jpeg","filesize":69361,"url":"https:\/\/360mallorcaproperty.com\/wp-content\/uploads\/2026\/02\/WhatsApp-Image-2026-02-03-at-09.55.11-2-768x576.jpeg"},"1536x1536":{"file":"WhatsApp-Image-2026-02-03-at-09.55.11-2-1536x1152.jpeg","width":1536,"height":1152,"mime-type":"image\/jpeg","filesize":212670,"url":"https:\/\/360mallorcaproperty.com\/wp-content\/uploads\/2026\/02\/WhatsApp-Image-2026-02-03-at-09.55.11-2-1536x1152.jpeg"},"post-thumbnail":{"file":"WhatsApp-Image-2026-02-03-at-09.55.11-2-150x113.jpeg","width":150,"height":113,"mime-type":"image\/jpeg","filesize":5375,"url":"https:\/\/360mallorcaproperty.com\/wp-content\/uploads\/2026\/02\/WhatsApp-Image-2026-02-03-at-09.55.11-2-150x113.jpeg"},"modern-property-child-slider":{"file":"WhatsApp-Image-2026-02-03-at-09.55.11-2-680x510.jpeg","width":680,"height":510,"mime-type":"image\/jpeg","filesize":57218,"url":"https:\/\/360mallorcaproperty.com\/wp-content\/uploads\/2026\/02\/WhatsApp-Image-2026-02-03-at-09.55.11-2-680x510.jpeg"},"property-thumb-image":{"file":"WhatsApp-Image-2026-02-03-at-09.55.11-2-488x326.jpeg","width":488,"height":326,"mime-type":"image\/jpeg","filesize":30654,"url":"https:\/\/360mallorcaproperty.com\/wp-content\/uploads\/2026\/02\/WhatsApp-Image-2026-02-03-at-09.55.11-2-488x326.jpeg"},"property-detail-video-image":{"file":"WhatsApp-Image-2026-02-03-at-09.55.11-2-818x417.jpeg","width":818,"height":417,"mime-type":"image\/jpeg","filesize":56644,"url":"https:\/\/360mallorcaproperty.com\/wp-content\/uploads\/2026\/02\/WhatsApp-Image-2026-02-03-at-09.55.11-2-818x417.jpeg"},"agent-image":{"file":"WhatsApp-Image-2026-02-03-at-09.55.11-2-210x210.jpeg","width":210,"height":210,"mime-type":"image\/jpeg","filesize":10607,"url":"https:\/\/360mallorcaproperty.com\/wp-content\/uploads\/2026\/02\/WhatsApp-Image-2026-02-03-at-09.55.11-2-210x210.jpeg"},"partners-logo":{"file":"WhatsApp-Image-2026-02-03-at-09.55.11-2-600x1200.jpeg","width":600,"height":1200,"mime-type":"image\/jpeg","filesize":96755,"url":"https:\/\/360mallorcaproperty.com\/wp-content\/uploads\/2026\/02\/WhatsApp-Image-2026-02-03-at-09.55.11-2-600x1200.jpeg"},"post-featured-image":{"file":"WhatsApp-Image-2026-02-03-at-09.55.11-2-1240x720.jpeg","width":1240,"height":720,"mime-type":"image\/jpeg","filesize":121515,"url":"https:\/\/360mallorcaproperty.com\/wp-content\/uploads\/2026\/02\/WhatsApp-Image-2026-02-03-at-09.55.11-2-1240x720.jpeg"}},"image_meta":{"aperture":"0","credit":"","camera":"","caption":"","created_timestamp":"0","copyright":"","focal_length":"0","iso":"0","shutter_speed":"0","title":"","orientation":"0","keywords":[]},"ID":"32579","name":"WhatsApp-Image-2026-02-03-at-09.55.11-2.jpeg","path":"\/home\/mallorcaproperty\/public_html\/wp-content\/uploads\/2026\/02\/WhatsApp-Image-2026-02-03-at-09.55.11-2.jpeg","url":"https:\/\/360mallorcaproperty.com\/wp-content\/uploads\/2026\/02\/WhatsApp-Image-2026-02-03-at-09.55.11-2-150x150.jpeg","full_url":"https:\/\/360mallorcaproperty.com\/wp-content\/uploads\/2026\/02\/WhatsApp-Image-2026-02-03-at-09.55.11-2.jpeg","title":"WhatsApp Image 2026-02-03 at 09.55.11 (2)","caption":"","description":"","alt":"","srcset":"https:\/\/360mallorcaproperty.com\/wp-content\/uploads\/2026\/02\/WhatsApp-Image-2026-02-03-at-09.55.11-2-150x150.jpeg 150w, https:\/\/360mallorcaproperty.com\/wp-content\/uploads\/2026\/02\/WhatsApp-Image-2026-02-03-at-09.55.11-2-210x210.jpeg 210w"},{"width":150,"height":150,"file":"2026\/02\/WhatsApp-Image-2026-02-03-at-09.55.11-4.jpeg","filesize":233913,"sizes":{"medium":{"file":"WhatsApp-Image-2026-02-03-at-09.55.11-4-225x300.jpeg","width":225,"height":300,"mime-type":"image\/jpeg","filesize":13895,"url":"https:\/\/360mallorcaproperty.com\/wp-content\/uploads\/2026\/02\/WhatsApp-Image-2026-02-03-at-09.55.11-4-225x300.jpeg"},"large":{"file":"WhatsApp-Image-2026-02-03-at-09.55.11-4-768x1024.jpeg","width":768,"height":1024,"mime-type":"image\/jpeg","filesize":107906,"url":"https:\/\/360mallorcaproperty.com\/wp-content\/uploads\/2026\/02\/WhatsApp-Image-2026-02-03-at-09.55.11-4-768x1024.jpeg"},"thumbnail":{"file":"WhatsApp-Image-2026-02-03-at-09.55.11-4-150x150.jpeg","width":150,"height":150,"mime-type":"image\/jpeg","filesize":6168,"url":"https:\/\/360mallorcaproperty.com\/wp-content\/uploads\/2026\/02\/WhatsApp-Image-2026-02-03-at-09.55.11-4-150x150.jpeg"},"medium_large":{"file":"WhatsApp-Image-2026-02-03-at-09.55.11-4-768x1024.jpeg","width":768,"height":1024,"mime-type":"image\/jpeg","filesize":107906,"url":"https:\/\/360mallorcaproperty.com\/wp-content\/uploads\/2026\/02\/WhatsApp-Image-2026-02-03-at-09.55.11-4-768x1024.jpeg"},"1536x1536":{"file":"WhatsApp-Image-2026-02-03-at-09.55.11-4-1152x1536.jpeg","width":1152,"height":1536,"mime-type":"image\/jpeg","filesize":217347,"url":"https:\/\/360mallorcaproperty.com\/wp-content\/uploads\/2026\/02\/WhatsApp-Image-2026-02-03-at-09.55.11-4-1152x1536.jpeg"},"post-thumbnail":{"file":"WhatsApp-Image-2026-02-03-at-09.55.11-4-113x150.jpeg","width":113,"height":150,"mime-type":"image\/jpeg","filesize":4973,"url":"https:\/\/360mallorcaproperty.com\/wp-content\/uploads\/2026\/02\/WhatsApp-Image-2026-02-03-at-09.55.11-4-113x150.jpeg"},"modern-property-child-slider":{"file":"WhatsApp-Image-2026-02-03-at-09.55.11-4-680x510.jpeg","width":680,"height":510,"mime-type":"image\/jpeg","filesize":58727,"url":"https:\/\/360mallorcaproperty.com\/wp-content\/uploads\/2026\/02\/WhatsApp-Image-2026-02-03-at-09.55.11-4-680x510.jpeg"},"property-thumb-image":{"file":"WhatsApp-Image-2026-02-03-at-09.55.11-4-488x326.jpeg","width":488,"height":326,"mime-type":"image\/jpeg","filesize":28727,"url":"https:\/\/360mallorcaproperty.com\/wp-content\/uploads\/2026\/02\/WhatsApp-Image-2026-02-03-at-09.55.11-4-488x326.jpeg"},"property-detail-video-image":{"file":"WhatsApp-Image-2026-02-03-at-09.55.11-4-818x417.jpeg","width":818,"height":417,"mime-type":"image\/jpeg","filesize":56281,"url":"https:\/\/360mallorcaproperty.com\/wp-content\/uploads\/2026\/02\/WhatsApp-Image-2026-02-03-at-09.55.11-4-818x417.jpeg"},"agent-image":{"file":"WhatsApp-Image-2026-02-03-at-09.55.11-4-210x210.jpeg","width":210,"height":210,"mime-type":"image\/jpeg","filesize":10420,"url":"https:\/\/360mallorcaproperty.com\/wp-content\/uploads\/2026\/02\/WhatsApp-Image-2026-02-03-at-09.55.11-4-210x210.jpeg"},"partners-logo":{"file":"WhatsApp-Image-2026-02-03-at-09.55.11-4-600x1600.jpeg","width":600,"height":1600,"mime-type":"image\/jpeg","filesize":139838,"url":"https:\/\/360mallorcaproperty.com\/wp-content\/uploads\/2026\/02\/WhatsApp-Image-2026-02-03-at-09.55.11-4-600x1600.jpeg"},"post-featured-image":{"file":"WhatsApp-Image-2026-02-03-at-09.55.11-4-1200x720.jpeg","width":1200,"height":720,"mime-type":"image\/jpeg","filesize":139642,"url":"https:\/\/360mallorcaproperty.com\/wp-content\/uploads\/2026\/02\/WhatsApp-Image-2026-02-03-at-09.55.11-4-1200x720.jpeg"}},"image_meta":{"aperture":"0","credit":"","camera":"","caption":"","created_timestamp":"0","copyright":"","focal_length":"0","iso":"0","shutter_speed":"0","title":"","orientation":"0","keywords":[]},"ID":"32585","name":"WhatsApp-Image-2026-02-03-at-09.55.11-4.jpeg","path":"\/home\/mallorcaproperty\/public_html\/wp-content\/uploads\/2026\/02\/WhatsApp-Image-2026-02-03-at-09.55.11-4.jpeg","url":"https:\/\/360mallorcaproperty.com\/wp-content\/uploads\/2026\/02\/WhatsApp-Image-2026-02-03-at-09.55.11-4-150x150.jpeg","full_url":"https:\/\/360mallorcaproperty.com\/wp-content\/uploads\/2026\/02\/WhatsApp-Image-2026-02-03-at-09.55.11-4.jpeg","title":"WhatsApp Image 2026-02-03 at 09.55.11 (4)","caption":"","description":"","alt":"","srcset":"https:\/\/360mallorcaproperty.com\/wp-content\/uploads\/2026\/02\/WhatsApp-Image-2026-02-03-at-09.55.11-4-150x150.jpeg 150w, https:\/\/360mallorcaproperty.com\/wp-content\/uploads\/2026\/02\/WhatsApp-Image-2026-02-03-at-09.55.11-4-210x210.jpeg 210w"},{"width":150,"height":150,"file":"2026\/02\/WhatsApp-Image-2026-02-03-at-09.55.11-5.jpeg","filesize":194882,"sizes":{"medium":{"file":"WhatsApp-Image-2026-02-03-at-09.55.11-5-225x300.jpeg","width":225,"height":300,"mime-type":"image\/jpeg","filesize":11160,"url":"https:\/\/360mallorcaproperty.com\/wp-content\/uploads\/2026\/02\/WhatsApp-Image-2026-02-03-at-09.55.11-5-225x300.jpeg"},"large":{"file":"WhatsApp-Image-2026-02-03-at-09.55.11-5-768x1024.jpeg","width":768,"height":1024,"mime-type":"image\/jpeg","filesize":86481,"url":"https:\/\/360mallorcaproperty.com\/wp-content\/uploads\/2026\/02\/WhatsApp-Image-2026-02-03-at-09.55.11-5-768x1024.jpeg"},"thumbnail":{"file":"WhatsApp-Image-2026-02-03-at-09.55.11-5-150x150.jpeg","width":150,"height":150,"mime-type":"image\/jpeg","filesize":5311,"url":"https:\/\/360mallorcaproperty.com\/wp-content\/uploads\/2026\/02\/WhatsApp-Image-2026-02-03-at-09.55.11-5-150x150.jpeg"},"medium_large":{"file":"WhatsApp-Image-2026-02-03-at-09.55.11-5-768x1024.jpeg","width":768,"height":1024,"mime-type":"image\/jpeg","filesize":86481,"url":"https:\/\/360mallorcaproperty.com\/wp-content\/uploads\/2026\/02\/WhatsApp-Image-2026-02-03-at-09.55.11-5-768x1024.jpeg"},"1536x1536":{"file":"WhatsApp-Image-2026-02-03-at-09.55.11-5-1152x1536.jpeg","width":1152,"height":1536,"mime-type":"image\/jpeg","filesize":186702,"url":"https:\/\/360mallorcaproperty.com\/wp-content\/uploads\/2026\/02\/WhatsApp-Image-2026-02-03-at-09.55.11-5-1152x1536.jpeg"},"post-thumbnail":{"file":"WhatsApp-Image-2026-02-03-at-09.55.11-5-113x150.jpeg","width":113,"height":150,"mime-type":"image\/jpeg","filesize":4303,"url":"https:\/\/360mallorcaproperty.com\/wp-content\/uploads\/2026\/02\/WhatsApp-Image-2026-02-03-at-09.55.11-5-113x150.jpeg"},"modern-property-child-slider":{"file":"WhatsApp-Image-2026-02-03-at-09.55.11-5-680x510.jpeg","width":680,"height":510,"mime-type":"image\/jpeg","filesize":48170,"url":"https:\/\/360mallorcaproperty.com\/wp-content\/uploads\/2026\/02\/WhatsApp-Image-2026-02-03-at-09.55.11-5-680x510.jpeg"},"property-thumb-image":{"file":"WhatsApp-Image-2026-02-03-at-09.55.11-5-488x326.jpeg","width":488,"height":326,"mime-type":"image\/jpeg","filesize":25048,"url":"https:\/\/360mallorcaproperty.com\/wp-content\/uploads\/2026\/02\/WhatsApp-Image-2026-02-03-at-09.55.11-5-488x326.jpeg"},"property-detail-video-image":{"file":"WhatsApp-Image-2026-02-03-at-09.55.11-5-818x417.jpeg","width":818,"height":417,"mime-type":"image\/jpeg","filesize":51588,"url":"https:\/\/360mallorcaproperty.com\/wp-content\/uploads\/2026\/02\/WhatsApp-Image-2026-02-03-at-09.55.11-5-818x417.jpeg"},"agent-image":{"file":"WhatsApp-Image-2026-02-03-at-09.55.11-5-210x210.jpeg","width":210,"height":210,"mime-type":"image\/jpeg","filesize":8576,"url":"https:\/\/360mallorcaproperty.com\/wp-content\/uploads\/2026\/02\/WhatsApp-Image-2026-02-03-at-09.55.11-5-210x210.jpeg"},"partners-logo":{"file":"WhatsApp-Image-2026-02-03-at-09.55.11-5-600x1600.jpeg","width":600,"height":1600,"mime-type":"image\/jpeg","filesize":116498,"url":"https:\/\/360mallorcaproperty.com\/wp-content\/uploads\/2026\/02\/WhatsApp-Image-2026-02-03-at-09.55.11-5-600x1600.jpeg"},"post-featured-image":{"file":"WhatsApp-Image-2026-02-03-at-09.55.11-5-1200x720.jpeg","width":1200,"height":720,"mime-type":"image\/jpeg","filesize":121510,"url":"https:\/\/360mallorcaproperty.com\/wp-content\/uploads\/2026\/02\/WhatsApp-Image-2026-02-03-at-09.55.11-5-1200x720.jpeg"}},"image_meta":{"aperture":"0","credit":"","camera":"","caption":"","created_timestamp":"0","copyright":"","focal_length":"0","iso":"0","shutter_speed":"0","title":"","orientation":"0","keywords":[]},"ID":"32588","name":"WhatsApp-Image-2026-02-03-at-09.55.11-5.jpeg","path":"\/home\/mallorcaproperty\/public_html\/wp-content\/uploads\/2026\/02\/WhatsApp-Image-2026-02-03-at-09.55.11-5.jpeg","url":"https:\/\/360mallorcaproperty.com\/wp-content\/uploads\/2026\/02\/WhatsApp-Image-2026-02-03-at-09.55.11-5-150x150.jpeg","full_url":"https:\/\/360mallorcaproperty.com\/wp-content\/uploads\/2026\/02\/WhatsApp-Image-2026-02-03-at-09.55.11-5.jpeg","title":"WhatsApp Image 2026-02-03 at 09.55.11 (5)","caption":"","description":"","alt":"","srcset":"https:\/\/360mallorcaproperty.com\/wp-content\/uploads\/2026\/02\/WhatsApp-Image-2026-02-03-at-09.55.11-5-150x150.jpeg 150w, https:\/\/360mallorcaproperty.com\/wp-content\/uploads\/2026\/02\/WhatsApp-Image-2026-02-03-at-09.55.11-5-210x210.jpeg 210w"},{"width":150,"height":150,"file":"2026\/02\/WhatsApp-Image-2026-02-03-at-09.55.11-6.jpeg","filesize":503583,"sizes":{"medium":{"file":"WhatsApp-Image-2026-02-03-at-09.55.11-6-300x225.jpeg","width":300,"height":225,"mime-type":"image\/jpeg","filesize":23655,"url":"https:\/\/360mallorcaproperty.com\/wp-content\/uploads\/2026\/02\/WhatsApp-Image-2026-02-03-at-09.55.11-6-300x225.jpeg"},"large":{"file":"WhatsApp-Image-2026-02-03-at-09.55.11-6-1024x768.jpeg","width":1024,"height":768,"mime-type":"image\/jpeg","filesize":229166,"url":"https:\/\/360mallorcaproperty.com\/wp-content\/uploads\/2026\/02\/WhatsApp-Image-2026-02-03-at-09.55.11-6-1024x768.jpeg"},"thumbnail":{"file":"WhatsApp-Image-2026-02-03-at-09.55.11-6-150x150.jpeg","width":150,"height":150,"mime-type":"image\/jpeg","filesize":8502,"url":"https:\/\/360mallorcaproperty.com\/wp-content\/uploads\/2026\/02\/WhatsApp-Image-2026-02-03-at-09.55.11-6-150x150.jpeg"},"medium_large":{"file":"WhatsApp-Image-2026-02-03-at-09.55.11-6-768x576.jpeg","width":768,"height":576,"mime-type":"image\/jpeg","filesize":135249,"url":"https:\/\/360mallorcaproperty.com\/wp-content\/uploads\/2026\/02\/WhatsApp-Image-2026-02-03-at-09.55.11-6-768x576.jpeg"},"1536x1536":{"file":"WhatsApp-Image-2026-02-03-at-09.55.11-6-1536x1152.jpeg","width":1536,"height":1152,"mime-type":"image\/jpeg","filesize":457474,"url":"https:\/\/360mallorcaproperty.com\/wp-content\/uploads\/2026\/02\/WhatsApp-Image-2026-02-03-at-09.55.11-6-1536x1152.jpeg"},"post-thumbnail":{"file":"WhatsApp-Image-2026-02-03-at-09.55.11-6-150x113.jpeg","width":150,"height":113,"mime-type":"image\/jpeg","filesize":7017,"url":"https:\/\/360mallorcaproperty.com\/wp-content\/uploads\/2026\/02\/WhatsApp-Image-2026-02-03-at-09.55.11-6-150x113.jpeg"},"modern-property-child-slider":{"file":"WhatsApp-Image-2026-02-03-at-09.55.11-6-680x510.jpeg","width":680,"height":510,"mime-type":"image\/jpeg","filesize":108266,"url":"https:\/\/360mallorcaproperty.com\/wp-content\/uploads\/2026\/02\/WhatsApp-Image-2026-02-03-at-09.55.11-6-680x510.jpeg"},"property-thumb-image":{"file":"WhatsApp-Image-2026-02-03-at-09.55.11-6-488x326.jpeg","width":488,"height":326,"mime-type":"image\/jpeg","filesize":53060,"url":"https:\/\/360mallorcaproperty.com\/wp-content\/uploads\/2026\/02\/WhatsApp-Image-2026-02-03-at-09.55.11-6-488x326.jpeg"},"property-detail-video-image":{"file":"WhatsApp-Image-2026-02-03-at-09.55.11-6-818x417.jpeg","width":818,"height":417,"mime-type":"image\/jpeg","filesize":112605,"url":"https:\/\/360mallorcaproperty.com\/wp-content\/uploads\/2026\/02\/WhatsApp-Image-2026-02-03-at-09.55.11-6-818x417.jpeg"},"agent-image":{"file":"WhatsApp-Image-2026-02-03-at-09.55.11-6-210x210.jpeg","width":210,"height":210,"mime-type":"image\/jpeg","filesize":15333,"url":"https:\/\/360mallorcaproperty.com\/wp-content\/uploads\/2026\/02\/WhatsApp-Image-2026-02-03-at-09.55.11-6-210x210.jpeg"},"partners-logo":{"file":"WhatsApp-Image-2026-02-03-at-09.55.11-6-600x1200.jpeg","width":600,"height":1200,"mime-type":"image\/jpeg","filesize":198069,"url":"https:\/\/360mallorcaproperty.com\/wp-content\/uploads\/2026\/02\/WhatsApp-Image-2026-02-03-at-09.55.11-6-600x1200.jpeg"},"post-featured-image":{"file":"WhatsApp-Image-2026-02-03-at-09.55.11-6-1240x720.jpeg","width":1240,"height":720,"mime-type":"image\/jpeg","filesize":260888,"url":"https:\/\/360mallorcaproperty.com\/wp-content\/uploads\/2026\/02\/WhatsApp-Image-2026-02-03-at-09.55.11-6-1240x720.jpeg"}},"image_meta":{"aperture":"0","credit":"","camera":"","caption":"","created_timestamp":"0","copyright":"","focal_length":"0","iso":"0","shutter_speed":"0","title":"","orientation":"0","keywords":[]},"ID":"32591","name":"WhatsApp-Image-2026-02-03-at-09.55.11-6.jpeg","path":"\/home\/mallorcaproperty\/public_html\/wp-content\/uploads\/2026\/02\/WhatsApp-Image-2026-02-03-at-09.55.11-6.jpeg","url":"https:\/\/360mallorcaproperty.com\/wp-content\/uploads\/2026\/02\/WhatsApp-Image-2026-02-03-at-09.55.11-6-150x150.jpeg","full_url":"https:\/\/360mallorcaproperty.com\/wp-content\/uploads\/2026\/02\/WhatsApp-Image-2026-02-03-at-09.55.11-6.jpeg","title":"WhatsApp Image 2026-02-03 at 09.55.11 (6)","caption":"","description":"","alt":"","srcset":"https:\/\/360mallorcaproperty.com\/wp-content\/uploads\/2026\/02\/WhatsApp-Image-2026-02-03-at-09.55.11-6-150x150.jpeg 150w, https:\/\/360mallorcaproperty.com\/wp-content\/uploads\/2026\/02\/WhatsApp-Image-2026-02-03-at-09.55.11-6-210x210.jpeg 210w"},{"width":150,"height":150,"file":"2026\/02\/WhatsApp-Image-2026-02-03-at-09.55.11-8.jpeg","filesize":501877,"sizes":{"medium":{"file":"WhatsApp-Image-2026-02-03-at-09.55.11-8-300x225.jpeg","width":300,"height":225,"mime-type":"image\/jpeg","filesize":22321,"url":"https:\/\/360mallorcaproperty.com\/wp-content\/uploads\/2026\/02\/WhatsApp-Image-2026-02-03-at-09.55.11-8-300x225.jpeg"},"large":{"file":"WhatsApp-Image-2026-02-03-at-09.55.11-8-1024x768.jpeg","width":1024,"height":768,"mime-type":"image\/jpeg","filesize":221575,"url":"https:\/\/360mallorcaproperty.com\/wp-content\/uploads\/2026\/02\/WhatsApp-Image-2026-02-03-at-09.55.11-8-1024x768.jpeg"},"thumbnail":{"file":"WhatsApp-Image-2026-02-03-at-09.55.11-8-150x150.jpeg","width":150,"height":150,"mime-type":"image\/jpeg","filesize":8258,"url":"https:\/\/360mallorcaproperty.com\/wp-content\/uploads\/2026\/02\/WhatsApp-Image-2026-02-03-at-09.55.11-8-150x150.jpeg"},"medium_large":{"file":"WhatsApp-Image-2026-02-03-at-09.55.11-8-768x576.jpeg","width":768,"height":576,"mime-type":"image\/jpeg","filesize":128944,"url":"https:\/\/360mallorcaproperty.com\/wp-content\/uploads\/2026\/02\/WhatsApp-Image-2026-02-03-at-09.55.11-8-768x576.jpeg"},"1536x1536":{"file":"WhatsApp-Image-2026-02-03-at-09.55.11-8-1536x1152.jpeg","width":1536,"height":1152,"mime-type":"image\/jpeg","filesize":451234,"url":"https:\/\/360mallorcaproperty.com\/wp-content\/uploads\/2026\/02\/WhatsApp-Image-2026-02-03-at-09.55.11-8-1536x1152.jpeg"},"post-thumbnail":{"file":"WhatsApp-Image-2026-02-03-at-09.55.11-8-150x113.jpeg","width":150,"height":113,"mime-type":"image\/jpeg","filesize":6617,"url":"https:\/\/360mallorcaproperty.com\/wp-content\/uploads\/2026\/02\/WhatsApp-Image-2026-02-03-at-09.55.11-8-150x113.jpeg"},"modern-property-child-slider":{"file":"WhatsApp-Image-2026-02-03-at-09.55.11-8-680x510.jpeg","width":680,"height":510,"mime-type":"image\/jpeg","filesize":102591,"url":"https:\/\/360mallorcaproperty.com\/wp-content\/uploads\/2026\/02\/WhatsApp-Image-2026-02-03-at-09.55.11-8-680x510.jpeg"},"property-thumb-image":{"file":"WhatsApp-Image-2026-02-03-at-09.55.11-8-488x326.jpeg","width":488,"height":326,"mime-type":"image\/jpeg","filesize":49101,"url":"https:\/\/360mallorcaproperty.com\/wp-content\/uploads\/2026\/02\/WhatsApp-Image-2026-02-03-at-09.55.11-8-488x326.jpeg"},"property-detail-video-image":{"file":"WhatsApp-Image-2026-02-03-at-09.55.11-8-818x417.jpeg","width":818,"height":417,"mime-type":"image\/jpeg","filesize":102505,"url":"https:\/\/360mallorcaproperty.com\/wp-content\/uploads\/2026\/02\/WhatsApp-Image-2026-02-03-at-09.55.11-8-818x417.jpeg"},"agent-image":{"file":"WhatsApp-Image-2026-02-03-at-09.55.11-8-210x210.jpeg","width":210,"height":210,"mime-type":"image\/jpeg","filesize":14991,"url":"https:\/\/360mallorcaproperty.com\/wp-content\/uploads\/2026\/02\/WhatsApp-Image-2026-02-03-at-09.55.11-8-210x210.jpeg"},"partners-logo":{"file":"WhatsApp-Image-2026-02-03-at-09.55.11-8-600x1200.jpeg","width":600,"height":1200,"mime-type":"image\/jpeg","filesize":224879,"url":"https:\/\/360mallorcaproperty.com\/wp-content\/uploads\/2026\/02\/WhatsApp-Image-2026-02-03-at-09.55.11-8-600x1200.jpeg"},"post-featured-image":{"file":"WhatsApp-Image-2026-02-03-at-09.55.11-8-1240x720.jpeg","width":1240,"height":720,"mime-type":"image\/jpeg","filesize":247927,"url":"https:\/\/360mallorcaproperty.com\/wp-content\/uploads\/2026\/02\/WhatsApp-Image-2026-02-03-at-09.55.11-8-1240x720.jpeg"}},"image_meta":{"aperture":"0","credit":"","camera":"","caption":"","created_timestamp":"0","copyright":"","focal_length":"0","iso":"0","shutter_speed":"0","title":"","orientation":"0","keywords":[]},"ID":"32597","name":"WhatsApp-Image-2026-02-03-at-09.55.11-8.jpeg","path":"\/home\/mallorcaproperty\/public_html\/wp-content\/uploads\/2026\/02\/WhatsApp-Image-2026-02-03-at-09.55.11-8.jpeg","url":"https:\/\/360mallorcaproperty.com\/wp-content\/uploads\/2026\/02\/WhatsApp-Image-2026-02-03-at-09.55.11-8-150x150.jpeg","full_url":"https:\/\/360mallorcaproperty.com\/wp-content\/uploads\/2026\/02\/WhatsApp-Image-2026-02-03-at-09.55.11-8.jpeg","title":"WhatsApp Image 2026-02-03 at 09.55.11 (8)","caption":"","description":"","alt":"","srcset":"https:\/\/360mallorcaproperty.com\/wp-content\/uploads\/2026\/02\/WhatsApp-Image-2026-02-03-at-09.55.11-8-150x150.jpeg 150w, https:\/\/360mallorcaproperty.com\/wp-content\/uploads\/2026\/02\/WhatsApp-Image-2026-02-03-at-09.55.11-8-210x210.jpeg 210w"},{"width":150,"height":150,"file":"2026\/02\/WhatsApp-Image-2026-02-03-at-09.55.11-9.jpeg","filesize":310576,"sizes":{"medium":{"file":"WhatsApp-Image-2026-02-03-at-09.55.11-9-300x225.jpeg","width":300,"height":225,"mime-type":"image\/jpeg","filesize":15813,"url":"https:\/\/360mallorcaproperty.com\/wp-content\/uploads\/2026\/02\/WhatsApp-Image-2026-02-03-at-09.55.11-9-300x225.jpeg"},"large":{"file":"WhatsApp-Image-2026-02-03-at-09.55.11-9-1024x768.jpeg","width":1024,"height":768,"mime-type":"image\/jpeg","filesize":139772,"url":"https:\/\/360mallorcaproperty.com\/wp-content\/uploads\/2026\/02\/WhatsApp-Image-2026-02-03-at-09.55.11-9-1024x768.jpeg"},"thumbnail":{"file":"WhatsApp-Image-2026-02-03-at-09.55.11-9-150x150.jpeg","width":150,"height":150,"mime-type":"image\/jpeg","filesize":6765,"url":"https:\/\/360mallorcaproperty.com\/wp-content\/uploads\/2026\/02\/WhatsApp-Image-2026-02-03-at-09.55.11-9-150x150.jpeg"},"medium_large":{"file":"WhatsApp-Image-2026-02-03-at-09.55.11-9-768x576.jpeg","width":768,"height":576,"mime-type":"image\/jpeg","filesize":82819,"url":"https:\/\/360mallorcaproperty.com\/wp-content\/uploads\/2026\/02\/WhatsApp-Image-2026-02-03-at-09.55.11-9-768x576.jpeg"},"1536x1536":{"file":"WhatsApp-Image-2026-02-03-at-09.55.11-9-1536x1152.jpeg","width":1536,"height":1152,"mime-type":"image\/jpeg","filesize":286437,"url":"https:\/\/360mallorcaproperty.com\/wp-content\/uploads\/2026\/02\/WhatsApp-Image-2026-02-03-at-09.55.11-9-1536x1152.jpeg"},"post-thumbnail":{"file":"WhatsApp-Image-2026-02-03-at-09.55.11-9-150x113.jpeg","width":150,"height":113,"mime-type":"image\/jpeg","filesize":5277,"url":"https:\/\/360mallorcaproperty.com\/wp-content\/uploads\/2026\/02\/WhatsApp-Image-2026-02-03-at-09.55.11-9-150x113.jpeg"},"modern-property-child-slider":{"file":"WhatsApp-Image-2026-02-03-at-09.55.11-9-680x510.jpeg","width":680,"height":510,"mime-type":"image\/jpeg","filesize":66191,"url":"https:\/\/360mallorcaproperty.com\/wp-content\/uploads\/2026\/02\/WhatsApp-Image-2026-02-03-at-09.55.11-9-680x510.jpeg"},"property-thumb-image":{"file":"WhatsApp-Image-2026-02-03-at-09.55.11-9-488x326.jpeg","width":488,"height":326,"mime-type":"image\/jpeg","filesize":33338,"url":"https:\/\/360mallorcaproperty.com\/wp-content\/uploads\/2026\/02\/WhatsApp-Image-2026-02-03-at-09.55.11-9-488x326.jpeg"},"property-detail-video-image":{"file":"WhatsApp-Image-2026-02-03-at-09.55.11-9-818x417.jpeg","width":818,"height":417,"mime-type":"image\/jpeg","filesize":68141,"url":"https:\/\/360mallorcaproperty.com\/wp-content\/uploads\/2026\/02\/WhatsApp-Image-2026-02-03-at-09.55.11-9-818x417.jpeg"},"agent-image":{"file":"WhatsApp-Image-2026-02-03-at-09.55.11-9-210x210.jpeg","width":210,"height":210,"mime-type":"image\/jpeg","filesize":11732,"url":"https:\/\/360mallorcaproperty.com\/wp-content\/uploads\/2026\/02\/WhatsApp-Image-2026-02-03-at-09.55.11-9-210x210.jpeg"},"partners-logo":{"file":"WhatsApp-Image-2026-02-03-at-09.55.11-9-600x1200.jpeg","width":600,"height":1200,"mime-type":"image\/jpeg","filesize":127974,"url":"https:\/\/360mallorcaproperty.com\/wp-content\/uploads\/2026\/02\/WhatsApp-Image-2026-02-03-at-09.55.11-9-600x1200.jpeg"},"post-featured-image":{"file":"WhatsApp-Image-2026-02-03-at-09.55.11-9-1240x720.jpeg","width":1240,"height":720,"mime-type":"image\/jpeg","filesize":161874,"url":"https:\/\/360mallorcaproperty.com\/wp-content\/uploads\/2026\/02\/WhatsApp-Image-2026-02-03-at-09.55.11-9-1240x720.jpeg"}},"image_meta":{"aperture":"0","credit":"","camera":"","caption":"","created_timestamp":"0","copyright":"","focal_length":"0","iso":"0","shutter_speed":"0","title":"","orientation":"0","keywords":[]},"ID":"32600","name":"WhatsApp-Image-2026-02-03-at-09.55.11-9.jpeg","path":"\/home\/mallorcaproperty\/public_html\/wp-content\/uploads\/2026\/02\/WhatsApp-Image-2026-02-03-at-09.55.11-9.jpeg","url":"https:\/\/360mallorcaproperty.com\/wp-content\/uploads\/2026\/02\/WhatsApp-Image-2026-02-03-at-09.55.11-9-150x150.jpeg","full_url":"https:\/\/360mallorcaproperty.com\/wp-content\/uploads\/2026\/02\/WhatsApp-Image-2026-02-03-at-09.55.11-9.jpeg","title":"WhatsApp Image 2026-02-03 at 09.55.11 (9)","caption":"","description":"","alt":"","srcset":"https:\/\/360mallorcaproperty.com\/wp-content\/uploads\/2026\/02\/WhatsApp-Image-2026-02-03-at-09.55.11-9-150x150.jpeg 150w, https:\/\/360mallorcaproperty.com\/wp-content\/uploads\/2026\/02\/WhatsApp-Image-2026-02-03-at-09.55.11-9-210x210.jpeg 210w"},{"width":150,"height":150,"file":"2026\/02\/WhatsApp-Image-2026-02-03-at-09.55.11.jpeg","filesize":216042,"sizes":{"medium":{"file":"WhatsApp-Image-2026-02-03-at-09.55.11-300x225.jpeg","width":300,"height":225,"mime-type":"image\/jpeg","filesize":14221,"url":"https:\/\/360mallorcaproperty.com\/wp-content\/uploads\/2026\/02\/WhatsApp-Image-2026-02-03-at-09.55.11-300x225.jpeg"},"large":{"file":"WhatsApp-Image-2026-02-03-at-09.55.11-1024x768.jpeg","width":1024,"height":768,"mime-type":"image\/jpeg","filesize":103882,"url":"https:\/\/360mallorcaproperty.com\/wp-content\/uploads\/2026\/02\/WhatsApp-Image-2026-02-03-at-09.55.11-1024x768.jpeg"},"thumbnail":{"file":"WhatsApp-Image-2026-02-03-at-09.55.11-150x150.jpeg","width":150,"height":150,"mime-type":"image\/jpeg","filesize":6394,"url":"https:\/\/360mallorcaproperty.com\/wp-content\/uploads\/2026\/02\/WhatsApp-Image-2026-02-03-at-09.55.11-150x150.jpeg"},"medium_large":{"file":"WhatsApp-Image-2026-02-03-at-09.55.11-768x576.jpeg","width":768,"height":576,"mime-type":"image\/jpeg","filesize":63930,"url":"https:\/\/360mallorcaproperty.com\/wp-content\/uploads\/2026\/02\/WhatsApp-Image-2026-02-03-at-09.55.11-768x576.jpeg"},"1536x1536":{"file":"WhatsApp-Image-2026-02-03-at-09.55.11-1536x1152.jpeg","width":1536,"height":1152,"mime-type":"image\/jpeg","filesize":205707,"url":"https:\/\/360mallorcaproperty.com\/wp-content\/uploads\/2026\/02\/WhatsApp-Image-2026-02-03-at-09.55.11-1536x1152.jpeg"},"post-thumbnail":{"file":"WhatsApp-Image-2026-02-03-at-09.55.11-150x113.jpeg","width":150,"height":113,"mime-type":"image\/jpeg","filesize":5018,"url":"https:\/\/360mallorcaproperty.com\/wp-content\/uploads\/2026\/02\/WhatsApp-Image-2026-02-03-at-09.55.11-150x113.jpeg"},"modern-property-child-slider":{"file":"WhatsApp-Image-2026-02-03-at-09.55.11-680x510.jpeg","width":680,"height":510,"mime-type":"image\/jpeg","filesize":52472,"url":"https:\/\/360mallorcaproperty.com\/wp-content\/uploads\/2026\/02\/WhatsApp-Image-2026-02-03-at-09.55.11-680x510.jpeg"},"property-thumb-image":{"file":"WhatsApp-Image-2026-02-03-at-09.55.11-488x326.jpeg","width":488,"height":326,"mime-type":"image\/jpeg","filesize":29085,"url":"https:\/\/360mallorcaproperty.com\/wp-content\/uploads\/2026\/02\/WhatsApp-Image-2026-02-03-at-09.55.11-488x326.jpeg"},"property-detail-video-image":{"file":"WhatsApp-Image-2026-02-03-at-09.55.11-818x417.jpeg","width":818,"height":417,"mime-type":"image\/jpeg","filesize":56854,"url":"https:\/\/360mallorcaproperty.com\/wp-content\/uploads\/2026\/02\/WhatsApp-Image-2026-02-03-at-09.55.11-818x417.jpeg"},"agent-image":{"file":"WhatsApp-Image-2026-02-03-at-09.55.11-210x210.jpeg","width":210,"height":210,"mime-type":"image\/jpeg","filesize":10756,"url":"https:\/\/360mallorcaproperty.com\/wp-content\/uploads\/2026\/02\/WhatsApp-Image-2026-02-03-at-09.55.11-210x210.jpeg"},"partners-logo":{"file":"WhatsApp-Image-2026-02-03-at-09.55.11-600x1200.jpeg","width":600,"height":1200,"mime-type":"image\/jpeg","filesize":106999,"url":"https:\/\/360mallorcaproperty.com\/wp-content\/uploads\/2026\/02\/WhatsApp-Image-2026-02-03-at-09.55.11-600x1200.jpeg"},"post-featured-image":{"file":"WhatsApp-Image-2026-02-03-at-09.55.11-1240x720.jpeg","width":1240,"height":720,"mime-type":"image\/jpeg","filesize":123044,"url":"https:\/\/360mallorcaproperty.com\/wp-content\/uploads\/2026\/02\/WhatsApp-Image-2026-02-03-at-09.55.11-1240x720.jpeg"}},"image_meta":{"aperture":"0","credit":"","camera":"","caption":"","created_timestamp":"0","copyright":"","focal_length":"0","iso":"0","shutter_speed":"0","title":"","orientation":"0","keywords":[]},"ID":"32603","name":"WhatsApp-Image-2026-02-03-at-09.55.11.jpeg","path":"\/home\/mallorcaproperty\/public_html\/wp-content\/uploads\/2026\/02\/WhatsApp-Image-2026-02-03-at-09.55.11.jpeg","url":"https:\/\/360mallorcaproperty.com\/wp-content\/uploads\/2026\/02\/WhatsApp-Image-2026-02-03-at-09.55.11-150x150.jpeg","full_url":"https:\/\/360mallorcaproperty.com\/wp-content\/uploads\/2026\/02\/WhatsApp-Image-2026-02-03-at-09.55.11.jpeg","title":"WhatsApp Image 2026-02-03 at 09.55.11","caption":"","description":"","alt":"","srcset":"https:\/\/360mallorcaproperty.com\/wp-content\/uploads\/2026\/02\/WhatsApp-Image-2026-02-03-at-09.55.11-150x150.jpeg 150w, https:\/\/360mallorcaproperty.com\/wp-content\/uploads\/2026\/02\/WhatsApp-Image-2026-02-03-at-09.55.11-210x210.jpeg 210w"}],"REAL_HOMES_change_gallery_slider_type":"0","REAL_HOMES_gallery_slider_type":"thumb-on-right","inspiry_floor_plans":[],"inspiry_video_group":[],"REAL_HOMES_360_virtual_tour":"","REAL_HOMES_agent_display_option":"none","REAL_HOMES_agents":[],"REAL_HOMES_energy_class":"none","REAL_HOMES_energy_performance":"","REAL_HOMES_epc_current_rating":"","REAL_HOMES_epc_potential_rating":"","ere_property_schedule_tour":"global","ere_property_schedule_time_slots":"","ere_property_schedule_description":"","REAL_HOMES_sticky":"0","inspiry_property_label":"","inspiry_property_label_color":"","inspiry_property_tax":"0","inspiry_additional_fee":"0","REAL_HOMES_attachments":[],"inspiry_property_owner_name":"","inspiry_property_owner_contact":"","inspiry_property_owner_address":"","REAL_HOMES_property_private_note":"","inspiry_message_to_reviewer":"","REAL_HOMES_add_in_slider":"no","REAL_HOMES_slider_image":[],"REAL_HOMES_page_banner_image":[],"REAL_HOMES_hide_property_advance_search":"0","inspiry_offmarket":[],"REAL_HOMES_custom_header_display":"default","REAL_HOMES_custom_header_position":"relative","REAL_HOMES_custom_footer_display":"default","REAL_HOMES_hide_advance_search":"0","REAL_HOMES_custom_search_form":"default","REAL_HOMES_search_form_margin_top":"","REAL_HOMES_search_form_margin_bottom":""},"_links":{"self":[{"href":"https:\/\/360mallorcaproperty.com\/es\/wp-json\/wp\/v2\/property\/32615","targetHints":{"allow":["GET"]}}],"collection":[{"href":"https:\/\/360mallorcaproperty.com\/es\/wp-json\/wp\/v2\/property"}],"about":[{"href":"https:\/\/360mallorcaproperty.com\/es\/wp-json\/wp\/v2\/types\/property"}],"author":[{"embeddable":true,"href":"https:\/\/360mallorcaproperty.com\/es\/wp-json\/wp\/v2\/users\/1"}],"replies":[{"embeddable":true,"href":"https:\/\/360mallorcaproperty.com\/es\/wp-json\/wp\/v2\/comments?post=32615"}],"version-history":[{"count":1,"href":"https:\/\/360mallorcaproperty.com\/es\/wp-json\/wp\/v2\/property\/32615\/revisions"}],"predecessor-version":[{"id":32616,"href":"https:\/\/360mallorcaproperty.com\/es\/wp-json\/wp\/v2\/property\/32615\/revisions\/32616"}],"wp:featuredmedia":[{"embeddable":true,"href":"https:\/\/360mallorcaproperty.com\/es\/wp-json\/wp\/v2\/media\/32524"}],"wp:attachment":[{"href":"https:\/\/360mallorcaproperty.com\/es\/wp-json\/wp\/v2\/media?parent=32615"}],"wp:term":[{"taxonomy":"property-feature","embeddable":true,"href":"https:\/\/360mallorcaproperty.com\/es\/wp-json\/wp\/v2\/property-feature?post=32615"},{"taxonomy":"property-type","embeddable":true,"href":"https:\/\/360mallorcaproperty.com\/es\/wp-json\/wp\/v2\/property-type?post=32615"},{"taxonomy":"property-city","embeddable":true,"href":"https:\/\/360mallorcaproperty.com\/es\/wp-json\/wp\/v2\/property-location?post=32615"},{"taxonomy":"property-status","embeddable":true,"href":"https:\/\/360mallorcaproperty.com\/es\/wp-json\/wp\/v2\/property-status?post=32615"}],"curies":[{"name":"wp","href":"https:\/\/api.w.org\/{rel}","templated":true}]}}