{"id":32856,"date":"2026-03-13T11:55:33","date_gmt":"2026-03-13T11:55:33","guid":{"rendered":"https:\/\/360mallorcaproperty.com\/property\/new-project-in-son-sans-between-salqueria-blanca-and-santanyi-2\/"},"modified":"2026-03-13T12:19:35","modified_gmt":"2026-03-13T12:19:35","slug":"new-project-in-son-sans-between-salqueria-blanca-and-santanyi-2","status":"publish","type":"property","link":"https:\/\/360mallorcaproperty.com\/es\/property\/new-project-in-son-sans-between-salqueria-blanca-and-santanyi-2\/","title":{"rendered":"Nuevo proyecto en Son Sans: entre S\u2019Alqueria Blanca y Santany\u00ed"},"content":{"rendered":"<p>Esta excepcional parcela est\u00e1 situada en la tranquila zona de Son Sans, entre los encantadores pueblos de S\u2019Alqueria Blanca y Santany\u00ed, y ofrece una oportunidad \u00fanica para construir una preciosa casa de campo en uno de los lugares m\u00e1s codiciados del sureste de Mallorca.<\/p>\n<p>La parcela tiene una superficie de 14 635 m\u00b2 y ofrece unas vistas panor\u00e1micas del campo con vistas lejanas al mar: un entorno tranquilo y privado rodeado de naturaleza.<\/p>\n<p>Se ha presentado una solicitud de licencia de obras al Consell de Mallorca para su aprobaci\u00f3n, en la que se propone la construcci\u00f3n de una elegante villa de dos plantas con una superficie habitable de 470 m\u00b2 y una superficie construida total de 607 m\u00b2, que incluye amplias terrazas, una piscina y un s\u00f3tano.<\/p>\n<p>El dise\u00f1o combina el confort moderno con el estilo mediterr\u00e1neo y aprovecha al m\u00e1ximo la orientaci\u00f3n de la parcela, las vistas y el entorno tranquilo.<\/p>\n<p>Se trata de una oportunidad ideal para crear una lujosa residencia de campo cerca de las playas, los restaurantes y los servicios de Santany\u00ed, al tiempo que se disfruta de la privacidad de la Mallorca rural.<\/p>\n","protected":false},"excerpt":{"rendered":"<p>Esta excepcional parcela est\u00e1 situada en la tranquila zona de Son Sans, entre los encantadores pueblos de S\u2019Alqueria Blanca y Santany\u00ed, y ofrece una oportunidad \u00fanica para construir una preciosa casa de campo en uno de los lugares m\u00e1s codiciados del sureste de Mallorca. La parcela tiene una superficie de 14 635 m\u00b2 y ofrece&#8230;<\/p>\n","protected":false},"author":1,"featured_media":32844,"parent":0,"menu_order":0,"comment_status":"closed","ping_status":"closed","template":"","property-feature":[],"property-type":[229],"property-location":[248,261],"property-status":[411,231],"class_list":["post-32856","property","type-property","status-publish","has-post-thumbnail","hentry","property-type-parcela-rusticas","property-city-alqueria-blanca-es","property-city-santanyi-es","property-status-exclusivo","property-status-venta"],"property_meta":{"REAL_HOMES_property_price":"550000","REAL_HOMES_property_old_price":"","REAL_HOMES_property_price_prefix":"","REAL_HOMES_property_price_postfix":"","REAL_HOMES_property_size":"470m2","REAL_HOMES_property_size_postfix":"","REAL_HOMES_property_lot_size":"","REAL_HOMES_property_lot_size_postfix":"","REAL_HOMES_property_bedrooms":"5","REAL_HOMES_property_bathrooms":"5","REAL_HOMES_property_garage":"","REAL_HOMES_property_id":"V4094","REAL_HOMES_property_year_built":"","REAL_HOMES_featured":"0","REAL_HOMES_additional_details_list":[],"rvr_booking_widget_display":"","rvr_booking_mode":"","rvr_govt_tax":"","rvr_govt_tax_type":"percentage","rvr_govt_tax_calculation":"per_stay","rvr_service_charges":"","rvr_service_charges_type":"percentage","rvr_service_charges_calculation":"per_stay","rvr_guests_capacity":"","rvr_book_child_as":"","rvr_min_stay":"","rvr_guests_capacity_extend":"","rvr_extra_guest_price":"","rvr_property_owner":"0","rvr_bulk_pricing":[],"rvr_seasonal_pricing":[],"rvr_custom_reserved_dates":[],"rvr_additional_fees":[{"rvr_fee_type":"fixed","rvr_fee_calculation":"per_stay"}],"rvr_additional_amenities":[{"price_calculation":"per_stay"}],"rvr_accommodation":[],"rvr_outdoor_features":[],"rvr_surroundings":[],"rvr_included":[],"rvr_not_included":[],"rvr_policies":[],"REAL_HOMES_property_location":{"latitude":"39.372857453084","longitude":"3.1524057295891","zoom":"14"},"REAL_HOMES_property_address":"Cami de sa cova den cabrer","REAL_HOMES_property_map":"","REAL_HOMES_property_images":[{"width":150,"height":150,"file":"2026\/03\/WhatsApp-Image-2026-02-25-at-20.18.10.jpeg","filesize":331400,"sizes":{"medium":{"file":"WhatsApp-Image-2026-02-25-at-20.18.10-300x169.jpeg","width":300,"height":169,"mime-type":"image\/jpeg","filesize":17591,"url":"https:\/\/360mallorcaproperty.com\/wp-content\/uploads\/2026\/03\/WhatsApp-Image-2026-02-25-at-20.18.10-300x169.jpeg"},"large":{"file":"WhatsApp-Image-2026-02-25-at-20.18.10-1024x576.jpeg","width":1024,"height":576,"mime-type":"image\/jpeg","filesize":170092,"url":"https:\/\/360mallorcaproperty.com\/wp-content\/uploads\/2026\/03\/WhatsApp-Image-2026-02-25-at-20.18.10-1024x576.jpeg"},"thumbnail":{"file":"WhatsApp-Image-2026-02-25-at-20.18.10-150x150.jpeg","width":150,"height":150,"mime-type":"image\/jpeg","filesize":8088,"url":"https:\/\/360mallorcaproperty.com\/wp-content\/uploads\/2026\/03\/WhatsApp-Image-2026-02-25-at-20.18.10-150x150.jpeg"},"medium_large":{"file":"WhatsApp-Image-2026-02-25-at-20.18.10-768x432.jpeg","width":768,"height":432,"mime-type":"image\/jpeg","filesize":100520,"url":"https:\/\/360mallorcaproperty.com\/wp-content\/uploads\/2026\/03\/WhatsApp-Image-2026-02-25-at-20.18.10-768x432.jpeg"},"1536x1536":{"file":"WhatsApp-Image-2026-02-25-at-20.18.10-1536x864.jpeg","width":1536,"height":864,"mime-type":"image\/jpeg","filesize":342151,"url":"https:\/\/360mallorcaproperty.com\/wp-content\/uploads\/2026\/03\/WhatsApp-Image-2026-02-25-at-20.18.10-1536x864.jpeg"},"post-thumbnail":{"file":"WhatsApp-Image-2026-02-25-at-20.18.10-150x84.jpeg","width":150,"height":84,"mime-type":"image\/jpeg","filesize":5197,"url":"https:\/\/360mallorcaproperty.com\/wp-content\/uploads\/2026\/03\/WhatsApp-Image-2026-02-25-at-20.18.10-150x84.jpeg"},"modern-property-child-slider":{"file":"WhatsApp-Image-2026-02-25-at-20.18.10-680x510.jpeg","width":680,"height":510,"mime-type":"image\/jpeg","filesize":103499,"url":"https:\/\/360mallorcaproperty.com\/wp-content\/uploads\/2026\/03\/WhatsApp-Image-2026-02-25-at-20.18.10-680x510.jpeg"},"property-thumb-image":{"file":"WhatsApp-Image-2026-02-25-at-20.18.10-488x326.jpeg","width":488,"height":326,"mime-type":"image\/jpeg","filesize":50020,"url":"https:\/\/360mallorcaproperty.com\/wp-content\/uploads\/2026\/03\/WhatsApp-Image-2026-02-25-at-20.18.10-488x326.jpeg"},"property-detail-video-image":{"file":"WhatsApp-Image-2026-02-25-at-20.18.10-818x417.jpeg","width":818,"height":417,"mime-type":"image\/jpeg","filesize":108095,"url":"https:\/\/360mallorcaproperty.com\/wp-content\/uploads\/2026\/03\/WhatsApp-Image-2026-02-25-at-20.18.10-818x417.jpeg"},"agent-image":{"file":"WhatsApp-Image-2026-02-25-at-20.18.10-210x210.jpeg","width":210,"height":210,"mime-type":"image\/jpeg","filesize":15132,"url":"https:\/\/360mallorcaproperty.com\/wp-content\/uploads\/2026\/03\/WhatsApp-Image-2026-02-25-at-20.18.10-210x210.jpeg"},"partners-logo":{"file":"WhatsApp-Image-2026-02-25-at-20.18.10-600x900.jpeg","width":600,"height":900,"mime-type":"image\/jpeg","filesize":158099,"url":"https:\/\/360mallorcaproperty.com\/wp-content\/uploads\/2026\/03\/WhatsApp-Image-2026-02-25-at-20.18.10-600x900.jpeg"},"post-featured-image":{"file":"WhatsApp-Image-2026-02-25-at-20.18.10-1240x720.jpeg","width":1240,"height":720,"mime-type":"image\/jpeg","filesize":244374,"url":"https:\/\/360mallorcaproperty.com\/wp-content\/uploads\/2026\/03\/WhatsApp-Image-2026-02-25-at-20.18.10-1240x720.jpeg"}},"image_meta":{"aperture":"0","credit":"","camera":"","caption":"","created_timestamp":"0","copyright":"","focal_length":"0","iso":"0","shutter_speed":"0","title":"","orientation":"0","keywords":[]},"ID":"32839","name":"WhatsApp-Image-2026-02-25-at-20.18.10.jpeg","path":"\/home\/mallorcaproperty\/public_html\/wp-content\/uploads\/2026\/03\/WhatsApp-Image-2026-02-25-at-20.18.10.jpeg","url":"https:\/\/360mallorcaproperty.com\/wp-content\/uploads\/2026\/03\/WhatsApp-Image-2026-02-25-at-20.18.10-150x150.jpeg","full_url":"https:\/\/360mallorcaproperty.com\/wp-content\/uploads\/2026\/03\/WhatsApp-Image-2026-02-25-at-20.18.10.jpeg","title":"WhatsApp Image 2026-02-25 at 20.18.10","caption":"","description":"","alt":"","srcset":"https:\/\/360mallorcaproperty.com\/wp-content\/uploads\/2026\/03\/WhatsApp-Image-2026-02-25-at-20.18.10-150x150.jpeg 150w, https:\/\/360mallorcaproperty.com\/wp-content\/uploads\/2026\/03\/WhatsApp-Image-2026-02-25-at-20.18.10-210x210.jpeg 210w"},{"width":150,"height":150,"file":"2026\/03\/Vista-.jpg","filesize":126972,"sizes":{"medium":{"file":"Vista--300x118.jpg","width":300,"height":118,"mime-type":"image\/jpeg","filesize":8453,"url":"https:\/\/360mallorcaproperty.com\/wp-content\/uploads\/2026\/03\/Vista--300x118.jpg"},"large":{"file":"Vista--1024x402.jpg","width":1024,"height":402,"mime-type":"image\/jpeg","filesize":57572,"url":"https:\/\/360mallorcaproperty.com\/wp-content\/uploads\/2026\/03\/Vista--1024x402.jpg"},"thumbnail":{"file":"Vista--150x150.jpg","width":150,"height":150,"mime-type":"image\/jpeg","filesize":5386,"url":"https:\/\/360mallorcaproperty.com\/wp-content\/uploads\/2026\/03\/Vista--150x150.jpg"},"medium_large":{"file":"Vista--768x302.jpg","width":768,"height":302,"mime-type":"image\/jpeg","filesize":37364,"url":"https:\/\/360mallorcaproperty.com\/wp-content\/uploads\/2026\/03\/Vista--768x302.jpg"},"post-thumbnail":{"file":"Vista--150x59.jpg","width":150,"height":59,"mime-type":"image\/jpeg","filesize":2939,"url":"https:\/\/360mallorcaproperty.com\/wp-content\/uploads\/2026\/03\/Vista--150x59.jpg"},"modern-property-child-slider":{"file":"Vista--680x510.jpg","width":680,"height":510,"mime-type":"image\/jpeg","filesize":42995,"url":"https:\/\/360mallorcaproperty.com\/wp-content\/uploads\/2026\/03\/Vista--680x510.jpg"},"property-thumb-image":{"file":"Vista--488x326.jpg","width":488,"height":326,"mime-type":"image\/jpeg","filesize":25360,"url":"https:\/\/360mallorcaproperty.com\/wp-content\/uploads\/2026\/03\/Vista--488x326.jpg"},"property-detail-video-image":{"file":"Vista--818x417.jpg","width":818,"height":417,"mime-type":"image\/jpeg","filesize":47497,"url":"https:\/\/360mallorcaproperty.com\/wp-content\/uploads\/2026\/03\/Vista--818x417.jpg"},"agent-image":{"file":"Vista--210x210.jpg","width":210,"height":210,"mime-type":"image\/jpeg","filesize":9165,"url":"https:\/\/360mallorcaproperty.com\/wp-content\/uploads\/2026\/03\/Vista--210x210.jpg"},"partners-logo":{"file":"Vista--600x567.jpg","width":600,"height":567,"mime-type":"image\/jpeg","filesize":41360,"url":"https:\/\/360mallorcaproperty.com\/wp-content\/uploads\/2026\/03\/Vista--600x567.jpg"},"post-featured-image":{"file":"Vista--1240x567.jpg","width":1240,"height":567,"mime-type":"image\/jpeg","filesize":83629,"url":"https:\/\/360mallorcaproperty.com\/wp-content\/uploads\/2026\/03\/Vista--1240x567.jpg"}},"image_meta":{"aperture":"0","credit":"","camera":"","caption":"","created_timestamp":"0","copyright":"","focal_length":"0","iso":"0","shutter_speed":"0","title":"","orientation":"0","keywords":[]},"ID":"32807","name":"Vista-.jpg","path":"\/home\/mallorcaproperty\/public_html\/wp-content\/uploads\/2026\/03\/Vista-.jpg","url":"https:\/\/360mallorcaproperty.com\/wp-content\/uploads\/2026\/03\/Vista--150x150.jpg","full_url":"https:\/\/360mallorcaproperty.com\/wp-content\/uploads\/2026\/03\/Vista-.jpg","title":"Vista","caption":"","description":"","alt":"","srcset":"https:\/\/360mallorcaproperty.com\/wp-content\/uploads\/2026\/03\/Vista--150x150.jpg 150w, https:\/\/360mallorcaproperty.com\/wp-content\/uploads\/2026\/03\/Vista--210x210.jpg 210w"},{"width":150,"height":150,"file":"2026\/03\/V4094-vistas-85mts.jpeg","filesize":347096,"sizes":{"medium":{"file":"V4094-vistas-85mts-169x300.jpeg","width":169,"height":300,"mime-type":"image\/jpeg","filesize":16681,"url":"https:\/\/360mallorcaproperty.com\/wp-content\/uploads\/2026\/03\/V4094-vistas-85mts-169x300.jpeg"},"large":{"file":"V4094-vistas-85mts-576x1024.jpeg","width":576,"height":1024,"mime-type":"image\/jpeg","filesize":173668,"url":"https:\/\/360mallorcaproperty.com\/wp-content\/uploads\/2026\/03\/V4094-vistas-85mts-576x1024.jpeg"},"thumbnail":{"file":"V4094-vistas-85mts-150x150.jpeg","width":150,"height":150,"mime-type":"image\/jpeg","filesize":8891,"url":"https:\/\/360mallorcaproperty.com\/wp-content\/uploads\/2026\/03\/V4094-vistas-85mts-150x150.jpeg"},"medium_large":{"file":"V4094-vistas-85mts-768x1365.jpeg","width":768,"height":1365,"mime-type":"image\/jpeg","filesize":291331,"url":"https:\/\/360mallorcaproperty.com\/wp-content\/uploads\/2026\/03\/V4094-vistas-85mts-768x1365.jpeg"},"1536x1536":{"file":"V4094-vistas-85mts-864x1536.jpeg","width":864,"height":1536,"mime-type":"image\/jpeg","filesize":354836,"url":"https:\/\/360mallorcaproperty.com\/wp-content\/uploads\/2026\/03\/V4094-vistas-85mts-864x1536.jpeg"},"post-thumbnail":{"file":"V4094-vistas-85mts-84x150.jpeg","width":84,"height":150,"mime-type":"image\/jpeg","filesize":4829,"url":"https:\/\/360mallorcaproperty.com\/wp-content\/uploads\/2026\/03\/V4094-vistas-85mts-84x150.jpeg"},"modern-property-child-slider":{"file":"V4094-vistas-85mts-680x510.jpeg","width":680,"height":510,"mime-type":"image\/jpeg","filesize":108151,"url":"https:\/\/360mallorcaproperty.com\/wp-content\/uploads\/2026\/03\/V4094-vistas-85mts-680x510.jpeg"},"property-thumb-image":{"file":"V4094-vistas-85mts-488x326.jpeg","width":488,"height":326,"mime-type":"image\/jpeg","filesize":52440,"url":"https:\/\/360mallorcaproperty.com\/wp-content\/uploads\/2026\/03\/V4094-vistas-85mts-488x326.jpeg"},"property-detail-video-image":{"file":"V4094-vistas-85mts-818x417.jpeg","width":818,"height":417,"mime-type":"image\/jpeg","filesize":101621,"url":"https:\/\/360mallorcaproperty.com\/wp-content\/uploads\/2026\/03\/V4094-vistas-85mts-818x417.jpeg"},"agent-image":{"file":"V4094-vistas-85mts-210x210.jpeg","width":210,"height":210,"mime-type":"image\/jpeg","filesize":16444,"url":"https:\/\/360mallorcaproperty.com\/wp-content\/uploads\/2026\/03\/V4094-vistas-85mts-210x210.jpeg"},"partners-logo":{"file":"V4094-vistas-85mts-600x1600.jpeg","width":600,"height":1600,"mime-type":"image\/jpeg","filesize":294300,"url":"https:\/\/360mallorcaproperty.com\/wp-content\/uploads\/2026\/03\/V4094-vistas-85mts-600x1600.jpeg"},"post-featured-image":{"file":"V4094-vistas-85mts-900x720.jpeg","width":900,"height":720,"mime-type":"image\/jpeg","filesize":196720,"url":"https:\/\/360mallorcaproperty.com\/wp-content\/uploads\/2026\/03\/V4094-vistas-85mts-900x720.jpeg"}},"image_meta":{"aperture":"0","credit":"","camera":"","caption":"","created_timestamp":"0","copyright":"","focal_length":"0","iso":"0","shutter_speed":"0","title":"","orientation":"0","keywords":[]},"ID":"32845","name":"V4094-vistas-85mts.jpeg","path":"\/home\/mallorcaproperty\/public_html\/wp-content\/uploads\/2026\/03\/V4094-vistas-85mts.jpeg","url":"https:\/\/360mallorcaproperty.com\/wp-content\/uploads\/2026\/03\/V4094-vistas-85mts-150x150.jpeg","full_url":"https:\/\/360mallorcaproperty.com\/wp-content\/uploads\/2026\/03\/V4094-vistas-85mts.jpeg","title":"V4094 vistas 85mts","caption":"","description":"","alt":"","srcset":"https:\/\/360mallorcaproperty.com\/wp-content\/uploads\/2026\/03\/V4094-vistas-85mts-150x150.jpeg 150w, https:\/\/360mallorcaproperty.com\/wp-content\/uploads\/2026\/03\/V4094-vistas-85mts-210x210.jpeg 210w"},{"width":150,"height":150,"file":"2026\/03\/V4094-Vista-aerea.jpeg","filesize":401988,"sizes":{"medium":{"file":"V4094-Vista-aerea-300x169.jpeg","width":300,"height":169,"mime-type":"image\/jpeg","filesize":20290,"url":"https:\/\/360mallorcaproperty.com\/wp-content\/uploads\/2026\/03\/V4094-Vista-aerea-300x169.jpeg"},"large":{"file":"V4094-Vista-aerea-1024x576.jpeg","width":1024,"height":576,"mime-type":"image\/jpeg","filesize":202925,"url":"https:\/\/360mallorcaproperty.com\/wp-content\/uploads\/2026\/03\/V4094-Vista-aerea-1024x576.jpeg"},"thumbnail":{"file":"V4094-Vista-aerea-150x150.jpeg","width":150,"height":150,"mime-type":"image\/jpeg","filesize":9408,"url":"https:\/\/360mallorcaproperty.com\/wp-content\/uploads\/2026\/03\/V4094-Vista-aerea-150x150.jpeg"},"medium_large":{"file":"V4094-Vista-aerea-768x432.jpeg","width":768,"height":432,"mime-type":"image\/jpeg","filesize":118754,"url":"https:\/\/360mallorcaproperty.com\/wp-content\/uploads\/2026\/03\/V4094-Vista-aerea-768x432.jpeg"},"1536x1536":{"file":"V4094-Vista-aerea-1536x864.jpeg","width":1536,"height":864,"mime-type":"image\/jpeg","filesize":412126,"url":"https:\/\/360mallorcaproperty.com\/wp-content\/uploads\/2026\/03\/V4094-Vista-aerea-1536x864.jpeg"},"post-thumbnail":{"file":"V4094-Vista-aerea-150x84.jpeg","width":150,"height":84,"mime-type":"image\/jpeg","filesize":5956,"url":"https:\/\/360mallorcaproperty.com\/wp-content\/uploads\/2026\/03\/V4094-Vista-aerea-150x84.jpeg"},"modern-property-child-slider":{"file":"V4094-Vista-aerea-680x510.jpeg","width":680,"height":510,"mime-type":"image\/jpeg","filesize":123019,"url":"https:\/\/360mallorcaproperty.com\/wp-content\/uploads\/2026\/03\/V4094-Vista-aerea-680x510.jpeg"},"property-thumb-image":{"file":"V4094-Vista-aerea-488x326.jpeg","width":488,"height":326,"mime-type":"image\/jpeg","filesize":58351,"url":"https:\/\/360mallorcaproperty.com\/wp-content\/uploads\/2026\/03\/V4094-Vista-aerea-488x326.jpeg"},"property-detail-video-image":{"file":"V4094-Vista-aerea-818x417.jpeg","width":818,"height":417,"mime-type":"image\/jpeg","filesize":122201,"url":"https:\/\/360mallorcaproperty.com\/wp-content\/uploads\/2026\/03\/V4094-Vista-aerea-818x417.jpeg"},"agent-image":{"file":"V4094-Vista-aerea-210x210.jpeg","width":210,"height":210,"mime-type":"image\/jpeg","filesize":17492,"url":"https:\/\/360mallorcaproperty.com\/wp-content\/uploads\/2026\/03\/V4094-Vista-aerea-210x210.jpeg"},"partners-logo":{"file":"V4094-Vista-aerea-600x900.jpeg","width":600,"height":900,"mime-type":"image\/jpeg","filesize":196993,"url":"https:\/\/360mallorcaproperty.com\/wp-content\/uploads\/2026\/03\/V4094-Vista-aerea-600x900.jpeg"},"post-featured-image":{"file":"V4094-Vista-aerea-1240x720.jpeg","width":1240,"height":720,"mime-type":"image\/jpeg","filesize":293955,"url":"https:\/\/360mallorcaproperty.com\/wp-content\/uploads\/2026\/03\/V4094-Vista-aerea-1240x720.jpeg"}},"image_meta":{"aperture":"0","credit":"","camera":"","caption":"","created_timestamp":"0","copyright":"","focal_length":"0","iso":"0","shutter_speed":"0","title":"","orientation":"0","keywords":[]},"ID":"32842","name":"V4094-Vista-aerea.jpeg","path":"\/home\/mallorcaproperty\/public_html\/wp-content\/uploads\/2026\/03\/V4094-Vista-aerea.jpeg","url":"https:\/\/360mallorcaproperty.com\/wp-content\/uploads\/2026\/03\/V4094-Vista-aerea-150x150.jpeg","full_url":"https:\/\/360mallorcaproperty.com\/wp-content\/uploads\/2026\/03\/V4094-Vista-aerea.jpeg","title":"V4094 Vista a\u00e9rea","caption":"","description":"","alt":"","srcset":"https:\/\/360mallorcaproperty.com\/wp-content\/uploads\/2026\/03\/V4094-Vista-aerea-150x150.jpeg 150w, https:\/\/360mallorcaproperty.com\/wp-content\/uploads\/2026\/03\/V4094-Vista-aerea-210x210.jpeg 210w"},{"width":150,"height":150,"file":"2026\/03\/V4093-foto-8mts-de-altura.jpg","filesize":137192,"sizes":{"medium":{"file":"V4093-foto-8mts-de-altura-300x157.jpg","width":300,"height":157,"mime-type":"image\/jpeg","filesize":8628,"url":"https:\/\/360mallorcaproperty.com\/wp-content\/uploads\/2026\/03\/V4093-foto-8mts-de-altura-300x157.jpg"},"large":{"file":"V4093-foto-8mts-de-altura-1024x537.jpg","width":1024,"height":537,"mime-type":"image\/jpeg","filesize":61343,"url":"https:\/\/360mallorcaproperty.com\/wp-content\/uploads\/2026\/03\/V4093-foto-8mts-de-altura-1024x537.jpg"},"thumbnail":{"file":"V4093-foto-8mts-de-altura-150x150.jpg","width":150,"height":150,"mime-type":"image\/jpeg","filesize":4650,"url":"https:\/\/360mallorcaproperty.com\/wp-content\/uploads\/2026\/03\/V4093-foto-8mts-de-altura-150x150.jpg"},"medium_large":{"file":"V4093-foto-8mts-de-altura-768x403.jpg","width":768,"height":403,"mime-type":"image\/jpeg","filesize":39921,"url":"https:\/\/360mallorcaproperty.com\/wp-content\/uploads\/2026\/03\/V4093-foto-8mts-de-altura-768x403.jpg"},"post-thumbnail":{"file":"V4093-foto-8mts-de-altura-150x79.jpg","width":150,"height":79,"mime-type":"image\/jpeg","filesize":2985,"url":"https:\/\/360mallorcaproperty.com\/wp-content\/uploads\/2026\/03\/V4093-foto-8mts-de-altura-150x79.jpg"},"modern-property-child-slider":{"file":"V4093-foto-8mts-de-altura-680x510.jpg","width":680,"height":510,"mime-type":"image\/jpeg","filesize":40398,"url":"https:\/\/360mallorcaproperty.com\/wp-content\/uploads\/2026\/03\/V4093-foto-8mts-de-altura-680x510.jpg"},"property-thumb-image":{"file":"V4093-foto-8mts-de-altura-488x326.jpg","width":488,"height":326,"mime-type":"image\/jpeg","filesize":22536,"url":"https:\/\/360mallorcaproperty.com\/wp-content\/uploads\/2026\/03\/V4093-foto-8mts-de-altura-488x326.jpg"},"property-detail-video-image":{"file":"V4093-foto-8mts-de-altura-818x417.jpg","width":818,"height":417,"mime-type":"image\/jpeg","filesize":43247,"url":"https:\/\/360mallorcaproperty.com\/wp-content\/uploads\/2026\/03\/V4093-foto-8mts-de-altura-818x417.jpg"},"agent-image":{"file":"V4093-foto-8mts-de-altura-210x210.jpg","width":210,"height":210,"mime-type":"image\/jpeg","filesize":7983,"url":"https:\/\/360mallorcaproperty.com\/wp-content\/uploads\/2026\/03\/V4093-foto-8mts-de-altura-210x210.jpg"},"partners-logo":{"file":"V4093-foto-8mts-de-altura-600x755.jpg","width":600,"height":755,"mime-type":"image\/jpeg","filesize":45297,"url":"https:\/\/360mallorcaproperty.com\/wp-content\/uploads\/2026\/03\/V4093-foto-8mts-de-altura-600x755.jpg"},"post-featured-image":{"file":"V4093-foto-8mts-de-altura-1240x720.jpg","width":1240,"height":720,"mime-type":"image\/jpeg","filesize":84117,"url":"https:\/\/360mallorcaproperty.com\/wp-content\/uploads\/2026\/03\/V4093-foto-8mts-de-altura-1240x720.jpg"}},"image_meta":{"aperture":"0","credit":"","camera":"","caption":"","created_timestamp":"0","copyright":"","focal_length":"0","iso":"0","shutter_speed":"0","title":"","orientation":"0","keywords":[]},"ID":"32768","name":"V4093-foto-8mts-de-altura.jpg","path":"\/home\/mallorcaproperty\/public_html\/wp-content\/uploads\/2026\/03\/V4093-foto-8mts-de-altura.jpg","url":"https:\/\/360mallorcaproperty.com\/wp-content\/uploads\/2026\/03\/V4093-foto-8mts-de-altura-150x150.jpg","full_url":"https:\/\/360mallorcaproperty.com\/wp-content\/uploads\/2026\/03\/V4093-foto-8mts-de-altura.jpg","title":"V4093 foto 8mts de altura","caption":"","description":"","alt":"","srcset":"https:\/\/360mallorcaproperty.com\/wp-content\/uploads\/2026\/03\/V4093-foto-8mts-de-altura-150x150.jpg 150w, https:\/\/360mallorcaproperty.com\/wp-content\/uploads\/2026\/03\/V4093-foto-8mts-de-altura-210x210.jpg 210w"},{"width":150,"height":150,"file":"2026\/03\/Alzado-1.jpg","filesize":235340,"sizes":{"medium":{"file":"Alzado-1-300x210.jpg","width":300,"height":210,"mime-type":"image\/jpeg","filesize":12732,"url":"https:\/\/360mallorcaproperty.com\/wp-content\/uploads\/2026\/03\/Alzado-1-300x210.jpg"},"large":{"file":"Alzado-1-1024x717.jpg","width":1024,"height":717,"mime-type":"image\/jpeg","filesize":127663,"url":"https:\/\/360mallorcaproperty.com\/wp-content\/uploads\/2026\/03\/Alzado-1-1024x717.jpg"},"thumbnail":{"file":"Alzado-1-150x150.jpg","width":150,"height":150,"mime-type":"image\/jpeg","filesize":5615,"url":"https:\/\/360mallorcaproperty.com\/wp-content\/uploads\/2026\/03\/Alzado-1-150x150.jpg"},"medium_large":{"file":"Alzado-1-768x537.jpg","width":768,"height":537,"mime-type":"image\/jpeg","filesize":75967,"url":"https:\/\/360mallorcaproperty.com\/wp-content\/uploads\/2026\/03\/Alzado-1-768x537.jpg"},"post-thumbnail":{"file":"Alzado-1-150x105.jpg","width":150,"height":105,"mime-type":"image\/jpeg","filesize":3810,"url":"https:\/\/360mallorcaproperty.com\/wp-content\/uploads\/2026\/03\/Alzado-1-150x105.jpg"},"modern-property-child-slider":{"file":"Alzado-1-680x510.jpg","width":680,"height":510,"mime-type":"image\/jpeg","filesize":65974,"url":"https:\/\/360mallorcaproperty.com\/wp-content\/uploads\/2026\/03\/Alzado-1-680x510.jpg"},"property-thumb-image":{"file":"Alzado-1-488x326.jpg","width":488,"height":326,"mime-type":"image\/jpeg","filesize":31176,"url":"https:\/\/360mallorcaproperty.com\/wp-content\/uploads\/2026\/03\/Alzado-1-488x326.jpg"},"property-detail-video-image":{"file":"Alzado-1-818x417.jpg","width":818,"height":417,"mime-type":"image\/jpeg","filesize":70925,"url":"https:\/\/360mallorcaproperty.com\/wp-content\/uploads\/2026\/03\/Alzado-1-818x417.jpg"},"agent-image":{"file":"Alzado-1-210x210.jpg","width":210,"height":210,"mime-type":"image\/jpeg","filesize":11169,"url":"https:\/\/360mallorcaproperty.com\/wp-content\/uploads\/2026\/03\/Alzado-1-210x210.jpg"},"partners-logo":{"file":"Alzado-1-600x839.jpg","width":600,"height":839,"mime-type":"image\/jpeg","filesize":150048,"url":"https:\/\/360mallorcaproperty.com\/wp-content\/uploads\/2026\/03\/Alzado-1-600x839.jpg"},"post-featured-image":{"file":"Alzado-1-1199x720.jpg","width":1199,"height":720,"mime-type":"image\/jpeg","filesize":178411,"url":"https:\/\/360mallorcaproperty.com\/wp-content\/uploads\/2026\/03\/Alzado-1-1199x720.jpg"}},"image_meta":{"aperture":"0","credit":"","camera":"","caption":"","created_timestamp":"0","copyright":"","focal_length":"0","iso":"0","shutter_speed":"0","title":"","orientation":"0","keywords":[]},"ID":"32812","name":"Alzado-1.jpg","path":"\/home\/mallorcaproperty\/public_html\/wp-content\/uploads\/2026\/03\/Alzado-1.jpg","url":"https:\/\/360mallorcaproperty.com\/wp-content\/uploads\/2026\/03\/Alzado-1-150x150.jpg","full_url":"https:\/\/360mallorcaproperty.com\/wp-content\/uploads\/2026\/03\/Alzado-1.jpg","title":"Alzado","caption":"","description":"","alt":"","srcset":"https:\/\/360mallorcaproperty.com\/wp-content\/uploads\/2026\/03\/Alzado-1-150x150.jpg 150w, https:\/\/360mallorcaproperty.com\/wp-content\/uploads\/2026\/03\/Alzado-1-210x210.jpg 210w"},{"width":150,"height":150,"file":"2026\/03\/Planta-baja-y-sotano.jpg","filesize":327784,"sizes":{"medium":{"file":"Planta-baja-y-sotano-300x210.jpg","width":300,"height":210,"mime-type":"image\/jpeg","filesize":17771,"url":"https:\/\/360mallorcaproperty.com\/wp-content\/uploads\/2026\/03\/Planta-baja-y-sotano-300x210.jpg"},"large":{"file":"Planta-baja-y-sotano-1024x716.jpg","width":1024,"height":716,"mime-type":"image\/jpeg","filesize":170609,"url":"https:\/\/360mallorcaproperty.com\/wp-content\/uploads\/2026\/03\/Planta-baja-y-sotano-1024x716.jpg"},"thumbnail":{"file":"Planta-baja-y-sotano-150x150.jpg","width":150,"height":150,"mime-type":"image\/jpeg","filesize":6827,"url":"https:\/\/360mallorcaproperty.com\/wp-content\/uploads\/2026\/03\/Planta-baja-y-sotano-150x150.jpg"},"medium_large":{"file":"Planta-baja-y-sotano-768x537.jpg","width":768,"height":537,"mime-type":"image\/jpeg","filesize":102111,"url":"https:\/\/360mallorcaproperty.com\/wp-content\/uploads\/2026\/03\/Planta-baja-y-sotano-768x537.jpg"},"post-thumbnail":{"file":"Planta-baja-y-sotano-150x105.jpg","width":150,"height":105,"mime-type":"image\/jpeg","filesize":4981,"url":"https:\/\/360mallorcaproperty.com\/wp-content\/uploads\/2026\/03\/Planta-baja-y-sotano-150x105.jpg"},"modern-property-child-slider":{"file":"Planta-baja-y-sotano-680x510.jpg","width":680,"height":510,"mime-type":"image\/jpeg","filesize":86165,"url":"https:\/\/360mallorcaproperty.com\/wp-content\/uploads\/2026\/03\/Planta-baja-y-sotano-680x510.jpg"},"property-thumb-image":{"file":"Planta-baja-y-sotano-488x326.jpg","width":488,"height":326,"mime-type":"image\/jpeg","filesize":42681,"url":"https:\/\/360mallorcaproperty.com\/wp-content\/uploads\/2026\/03\/Planta-baja-y-sotano-488x326.jpg"},"property-detail-video-image":{"file":"Planta-baja-y-sotano-818x417.jpg","width":818,"height":417,"mime-type":"image\/jpeg","filesize":87644,"url":"https:\/\/360mallorcaproperty.com\/wp-content\/uploads\/2026\/03\/Planta-baja-y-sotano-818x417.jpg"},"agent-image":{"file":"Planta-baja-y-sotano-210x210.jpg","width":210,"height":210,"mime-type":"image\/jpeg","filesize":12891,"url":"https:\/\/360mallorcaproperty.com\/wp-content\/uploads\/2026\/03\/Planta-baja-y-sotano-210x210.jpg"},"partners-logo":{"file":"Planta-baja-y-sotano-600x846.jpg","width":600,"height":846,"mime-type":"image\/jpeg","filesize":132852,"url":"https:\/\/360mallorcaproperty.com\/wp-content\/uploads\/2026\/03\/Planta-baja-y-sotano-600x846.jpg"},"post-featured-image":{"file":"Planta-baja-y-sotano-1210x720.jpg","width":1210,"height":720,"mime-type":"image\/jpeg","filesize":228079,"url":"https:\/\/360mallorcaproperty.com\/wp-content\/uploads\/2026\/03\/Planta-baja-y-sotano-1210x720.jpg"}},"image_meta":{"aperture":"0","credit":"","camera":"","caption":"","created_timestamp":"0","copyright":"","focal_length":"0","iso":"0","shutter_speed":"0","title":"","orientation":"0","keywords":[]},"ID":"32815","name":"Planta-baja-y-sotano.jpg","path":"\/home\/mallorcaproperty\/public_html\/wp-content\/uploads\/2026\/03\/Planta-baja-y-sotano.jpg","url":"https:\/\/360mallorcaproperty.com\/wp-content\/uploads\/2026\/03\/Planta-baja-y-sotano-150x150.jpg","full_url":"https:\/\/360mallorcaproperty.com\/wp-content\/uploads\/2026\/03\/Planta-baja-y-sotano.jpg","title":"Planta baja y sotano","caption":"","description":"","alt":"","srcset":"https:\/\/360mallorcaproperty.com\/wp-content\/uploads\/2026\/03\/Planta-baja-y-sotano-150x150.jpg 150w, https:\/\/360mallorcaproperty.com\/wp-content\/uploads\/2026\/03\/Planta-baja-y-sotano-210x210.jpg 210w"},{"width":150,"height":150,"file":"2026\/03\/Planta-piso-1.jpg","filesize":226134,"sizes":{"medium":{"file":"Planta-piso-1-300x213.jpg","width":300,"height":213,"mime-type":"image\/jpeg","filesize":12436,"url":"https:\/\/360mallorcaproperty.com\/wp-content\/uploads\/2026\/03\/Planta-piso-1-300x213.jpg"},"large":{"file":"Planta-piso-1-1024x727.jpg","width":1024,"height":727,"mime-type":"image\/jpeg","filesize":124295,"url":"https:\/\/360mallorcaproperty.com\/wp-content\/uploads\/2026\/03\/Planta-piso-1-1024x727.jpg"},"thumbnail":{"file":"Planta-piso-1-150x150.jpg","width":150,"height":150,"mime-type":"image\/jpeg","filesize":4987,"url":"https:\/\/360mallorcaproperty.com\/wp-content\/uploads\/2026\/03\/Planta-piso-1-150x150.jpg"},"medium_large":{"file":"Planta-piso-1-768x545.jpg","width":768,"height":545,"mime-type":"image\/jpeg","filesize":72817,"url":"https:\/\/360mallorcaproperty.com\/wp-content\/uploads\/2026\/03\/Planta-piso-1-768x545.jpg"},"post-thumbnail":{"file":"Planta-piso-1-150x106.jpg","width":150,"height":106,"mime-type":"image\/jpeg","filesize":3639,"url":"https:\/\/360mallorcaproperty.com\/wp-content\/uploads\/2026\/03\/Planta-piso-1-150x106.jpg"},"modern-property-child-slider":{"file":"Planta-piso-1-680x510.jpg","width":680,"height":510,"mime-type":"image\/jpeg","filesize":62885,"url":"https:\/\/360mallorcaproperty.com\/wp-content\/uploads\/2026\/03\/Planta-piso-1-680x510.jpg"},"property-thumb-image":{"file":"Planta-piso-1-488x326.jpg","width":488,"height":326,"mime-type":"image\/jpeg","filesize":30019,"url":"https:\/\/360mallorcaproperty.com\/wp-content\/uploads\/2026\/03\/Planta-piso-1-488x326.jpg"},"property-detail-video-image":{"file":"Planta-piso-1-818x417.jpg","width":818,"height":417,"mime-type":"image\/jpeg","filesize":69218,"url":"https:\/\/360mallorcaproperty.com\/wp-content\/uploads\/2026\/03\/Planta-piso-1-818x417.jpg"},"agent-image":{"file":"Planta-piso-1-210x210.jpg","width":210,"height":210,"mime-type":"image\/jpeg","filesize":9125,"url":"https:\/\/360mallorcaproperty.com\/wp-content\/uploads\/2026\/03\/Planta-piso-1-210x210.jpg"},"partners-logo":{"file":"Planta-piso-1-600x839.jpg","width":600,"height":839,"mime-type":"image\/jpeg","filesize":98953,"url":"https:\/\/360mallorcaproperty.com\/wp-content\/uploads\/2026\/03\/Planta-piso-1-600x839.jpg"},"post-featured-image":{"file":"Planta-piso-1-1182x720.jpg","width":1182,"height":720,"mime-type":"image\/jpeg","filesize":166025,"url":"https:\/\/360mallorcaproperty.com\/wp-content\/uploads\/2026\/03\/Planta-piso-1-1182x720.jpg"}},"image_meta":{"aperture":"0","credit":"","camera":"","caption":"","created_timestamp":"0","copyright":"","focal_length":"0","iso":"0","shutter_speed":"0","title":"","orientation":"0","keywords":[]},"ID":"32818","name":"Planta-piso-1.jpg","path":"\/home\/mallorcaproperty\/public_html\/wp-content\/uploads\/2026\/03\/Planta-piso-1.jpg","url":"https:\/\/360mallorcaproperty.com\/wp-content\/uploads\/2026\/03\/Planta-piso-1-150x150.jpg","full_url":"https:\/\/360mallorcaproperty.com\/wp-content\/uploads\/2026\/03\/Planta-piso-1.jpg","title":"Planta piso","caption":"","description":"","alt":"","srcset":"https:\/\/360mallorcaproperty.com\/wp-content\/uploads\/2026\/03\/Planta-piso-1-150x150.jpg 150w, https:\/\/360mallorcaproperty.com\/wp-content\/uploads\/2026\/03\/Planta-piso-1-210x210.jpg 210w"},{"width":150,"height":150,"file":"2026\/03\/Situaccion-de-la-finca.jpg","filesize":298454,"sizes":{"medium":{"file":"Situaccion-de-la-finca-300x211.jpg","width":300,"height":211,"mime-type":"image\/jpeg","filesize":16619,"url":"https:\/\/360mallorcaproperty.com\/wp-content\/uploads\/2026\/03\/Situaccion-de-la-finca-300x211.jpg"},"large":{"file":"Situaccion-de-la-finca-1024x720.jpg","width":1024,"height":720,"mime-type":"image\/jpeg","filesize":154158,"url":"https:\/\/360mallorcaproperty.com\/wp-content\/uploads\/2026\/03\/Situaccion-de-la-finca-1024x720.jpg"},"thumbnail":{"file":"Situaccion-de-la-finca-150x150.jpg","width":150,"height":150,"mime-type":"image\/jpeg","filesize":6256,"url":"https:\/\/360mallorcaproperty.com\/wp-content\/uploads\/2026\/03\/Situaccion-de-la-finca-150x150.jpg"},"medium_large":{"file":"Situaccion-de-la-finca-768x540.jpg","width":768,"height":540,"mime-type":"image\/jpeg","filesize":92849,"url":"https:\/\/360mallorcaproperty.com\/wp-content\/uploads\/2026\/03\/Situaccion-de-la-finca-768x540.jpg"},"post-thumbnail":{"file":"Situaccion-de-la-finca-150x106.jpg","width":150,"height":106,"mime-type":"image\/jpeg","filesize":5054,"url":"https:\/\/360mallorcaproperty.com\/wp-content\/uploads\/2026\/03\/Situaccion-de-la-finca-150x106.jpg"},"modern-property-child-slider":{"file":"Situaccion-de-la-finca-680x510.jpg","width":680,"height":510,"mime-type":"image\/jpeg","filesize":78888,"url":"https:\/\/360mallorcaproperty.com\/wp-content\/uploads\/2026\/03\/Situaccion-de-la-finca-680x510.jpg"},"property-thumb-image":{"file":"Situaccion-de-la-finca-488x326.jpg","width":488,"height":326,"mime-type":"image\/jpeg","filesize":39066,"url":"https:\/\/360mallorcaproperty.com\/wp-content\/uploads\/2026\/03\/Situaccion-de-la-finca-488x326.jpg"},"property-detail-video-image":{"file":"Situaccion-de-la-finca-818x417.jpg","width":818,"height":417,"mime-type":"image\/jpeg","filesize":77421,"url":"https:\/\/360mallorcaproperty.com\/wp-content\/uploads\/2026\/03\/Situaccion-de-la-finca-818x417.jpg"},"agent-image":{"file":"Situaccion-de-la-finca-210x210.jpg","width":210,"height":210,"mime-type":"image\/jpeg","filesize":11202,"url":"https:\/\/360mallorcaproperty.com\/wp-content\/uploads\/2026\/03\/Situaccion-de-la-finca-210x210.jpg"},"partners-logo":{"file":"Situaccion-de-la-finca-600x847.jpg","width":600,"height":847,"mime-type":"image\/jpeg","filesize":114092,"url":"https:\/\/360mallorcaproperty.com\/wp-content\/uploads\/2026\/03\/Situaccion-de-la-finca-600x847.jpg"},"post-featured-image":{"file":"Situaccion-de-la-finca-1204x720.jpg","width":1204,"height":720,"mime-type":"image\/jpeg","filesize":200486,"url":"https:\/\/360mallorcaproperty.com\/wp-content\/uploads\/2026\/03\/Situaccion-de-la-finca-1204x720.jpg"}},"image_meta":{"aperture":"0","credit":"","camera":"","caption":"","created_timestamp":"0","copyright":"","focal_length":"0","iso":"0","shutter_speed":"0","title":"","orientation":"0","keywords":[]},"ID":"32821","name":"Situaccion-de-la-finca.jpg","path":"\/home\/mallorcaproperty\/public_html\/wp-content\/uploads\/2026\/03\/Situaccion-de-la-finca.jpg","url":"https:\/\/360mallorcaproperty.com\/wp-content\/uploads\/2026\/03\/Situaccion-de-la-finca-150x150.jpg","full_url":"https:\/\/360mallorcaproperty.com\/wp-content\/uploads\/2026\/03\/Situaccion-de-la-finca.jpg","title":"Situaccion de la finca","caption":"","description":"","alt":"","srcset":"https:\/\/360mallorcaproperty.com\/wp-content\/uploads\/2026\/03\/Situaccion-de-la-finca-150x150.jpg 150w, https:\/\/360mallorcaproperty.com\/wp-content\/uploads\/2026\/03\/Situaccion-de-la-finca-210x210.jpg 210w"},{"width":150,"height":150,"file":"2026\/03\/Seccion-1.jpg","filesize":183117,"sizes":{"medium":{"file":"Seccion-1-300x211.jpg","width":300,"height":211,"mime-type":"image\/jpeg","filesize":11935,"url":"https:\/\/360mallorcaproperty.com\/wp-content\/uploads\/2026\/03\/Seccion-1-300x211.jpg"},"large":{"file":"Seccion-1-1024x721.jpg","width":1024,"height":721,"mime-type":"image\/jpeg","filesize":100655,"url":"https:\/\/360mallorcaproperty.com\/wp-content\/uploads\/2026\/03\/Seccion-1-1024x721.jpg"},"thumbnail":{"file":"Seccion-1-150x150.jpg","width":150,"height":150,"mime-type":"image\/jpeg","filesize":5602,"url":"https:\/\/360mallorcaproperty.com\/wp-content\/uploads\/2026\/03\/Seccion-1-150x150.jpg"},"medium_large":{"file":"Seccion-1-768x540.jpg","width":768,"height":540,"mime-type":"image\/jpeg","filesize":61652,"url":"https:\/\/360mallorcaproperty.com\/wp-content\/uploads\/2026\/03\/Seccion-1-768x540.jpg"},"post-thumbnail":{"file":"Seccion-1-150x106.jpg","width":150,"height":106,"mime-type":"image\/jpeg","filesize":3901,"url":"https:\/\/360mallorcaproperty.com\/wp-content\/uploads\/2026\/03\/Seccion-1-150x106.jpg"},"modern-property-child-slider":{"file":"Seccion-1-680x510.jpg","width":680,"height":510,"mime-type":"image\/jpeg","filesize":56074,"url":"https:\/\/360mallorcaproperty.com\/wp-content\/uploads\/2026\/03\/Seccion-1-680x510.jpg"},"property-thumb-image":{"file":"Seccion-1-488x326.jpg","width":488,"height":326,"mime-type":"image\/jpeg","filesize":27946,"url":"https:\/\/360mallorcaproperty.com\/wp-content\/uploads\/2026\/03\/Seccion-1-488x326.jpg"},"property-detail-video-image":{"file":"Seccion-1-818x417.jpg","width":818,"height":417,"mime-type":"image\/jpeg","filesize":60093,"url":"https:\/\/360mallorcaproperty.com\/wp-content\/uploads\/2026\/03\/Seccion-1-818x417.jpg"},"agent-image":{"file":"Seccion-1-210x210.jpg","width":210,"height":210,"mime-type":"image\/jpeg","filesize":9889,"url":"https:\/\/360mallorcaproperty.com\/wp-content\/uploads\/2026\/03\/Seccion-1-210x210.jpg"},"partners-logo":{"file":"Seccion-1-600x843.jpg","width":600,"height":843,"mime-type":"image\/jpeg","filesize":109109,"url":"https:\/\/360mallorcaproperty.com\/wp-content\/uploads\/2026\/03\/Seccion-1-600x843.jpg"},"post-featured-image":{"file":"Seccion-1-1198x720.jpg","width":1198,"height":720,"mime-type":"image\/jpeg","filesize":141474,"url":"https:\/\/360mallorcaproperty.com\/wp-content\/uploads\/2026\/03\/Seccion-1-1198x720.jpg"}},"image_meta":{"aperture":"0","credit":"","camera":"","caption":"","created_timestamp":"0","copyright":"","focal_length":"0","iso":"0","shutter_speed":"0","title":"","orientation":"0","keywords":[]},"ID":"32824","name":"Seccion-1.jpg","path":"\/home\/mallorcaproperty\/public_html\/wp-content\/uploads\/2026\/03\/Seccion-1.jpg","url":"https:\/\/360mallorcaproperty.com\/wp-content\/uploads\/2026\/03\/Seccion-1-150x150.jpg","full_url":"https:\/\/360mallorcaproperty.com\/wp-content\/uploads\/2026\/03\/Seccion-1.jpg","title":"Seccion","caption":"","description":"","alt":"","srcset":"https:\/\/360mallorcaproperty.com\/wp-content\/uploads\/2026\/03\/Seccion-1-150x150.jpg 150w, https:\/\/360mallorcaproperty.com\/wp-content\/uploads\/2026\/03\/Seccion-1-210x210.jpg 210w"},{"width":150,"height":150,"file":"2026\/03\/Piscina-1.jpg","filesize":225186,"sizes":{"medium":{"file":"Piscina-1-300x211.jpg","width":300,"height":211,"mime-type":"image\/jpeg","filesize":13381,"url":"https:\/\/360mallorcaproperty.com\/wp-content\/uploads\/2026\/03\/Piscina-1-300x211.jpg"},"large":{"file":"Piscina-1-1024x721.jpg","width":1024,"height":721,"mime-type":"image\/jpeg","filesize":123423,"url":"https:\/\/360mallorcaproperty.com\/wp-content\/uploads\/2026\/03\/Piscina-1-1024x721.jpg"},"thumbnail":{"file":"Piscina-1-150x150.jpg","width":150,"height":150,"mime-type":"image\/jpeg","filesize":5543,"url":"https:\/\/360mallorcaproperty.com\/wp-content\/uploads\/2026\/03\/Piscina-1-150x150.jpg"},"medium_large":{"file":"Piscina-1-768x541.jpg","width":768,"height":541,"mime-type":"image\/jpeg","filesize":74566,"url":"https:\/\/360mallorcaproperty.com\/wp-content\/uploads\/2026\/03\/Piscina-1-768x541.jpg"},"post-thumbnail":{"file":"Piscina-1-150x106.jpg","width":150,"height":106,"mime-type":"image\/jpeg","filesize":4437,"url":"https:\/\/360mallorcaproperty.com\/wp-content\/uploads\/2026\/03\/Piscina-1-150x106.jpg"},"modern-property-child-slider":{"file":"Piscina-1-680x510.jpg","width":680,"height":510,"mime-type":"image\/jpeg","filesize":65938,"url":"https:\/\/360mallorcaproperty.com\/wp-content\/uploads\/2026\/03\/Piscina-1-680x510.jpg"},"property-thumb-image":{"file":"Piscina-1-488x326.jpg","width":488,"height":326,"mime-type":"image\/jpeg","filesize":32595,"url":"https:\/\/360mallorcaproperty.com\/wp-content\/uploads\/2026\/03\/Piscina-1-488x326.jpg"},"property-detail-video-image":{"file":"Piscina-1-818x417.jpg","width":818,"height":417,"mime-type":"image\/jpeg","filesize":66998,"url":"https:\/\/360mallorcaproperty.com\/wp-content\/uploads\/2026\/03\/Piscina-1-818x417.jpg"},"agent-image":{"file":"Piscina-1-210x210.jpg","width":210,"height":210,"mime-type":"image\/jpeg","filesize":10014,"url":"https:\/\/360mallorcaproperty.com\/wp-content\/uploads\/2026\/03\/Piscina-1-210x210.jpg"},"partners-logo":{"file":"Piscina-1-600x838.jpg","width":600,"height":838,"mime-type":"image\/jpeg","filesize":90168,"url":"https:\/\/360mallorcaproperty.com\/wp-content\/uploads\/2026\/03\/Piscina-1-600x838.jpg"},"post-featured-image":{"file":"Piscina-1-1190x720.jpg","width":1190,"height":720,"mime-type":"image\/jpeg","filesize":165854,"url":"https:\/\/360mallorcaproperty.com\/wp-content\/uploads\/2026\/03\/Piscina-1-1190x720.jpg"}},"image_meta":{"aperture":"0","credit":"","camera":"","caption":"","created_timestamp":"0","copyright":"","focal_length":"0","iso":"0","shutter_speed":"0","title":"","orientation":"0","keywords":[]},"ID":"32827","name":"Piscina-1.jpg","path":"\/home\/mallorcaproperty\/public_html\/wp-content\/uploads\/2026\/03\/Piscina-1.jpg","url":"https:\/\/360mallorcaproperty.com\/wp-content\/uploads\/2026\/03\/Piscina-1-150x150.jpg","full_url":"https:\/\/360mallorcaproperty.com\/wp-content\/uploads\/2026\/03\/Piscina-1.jpg","title":"Piscina","caption":"","description":"","alt":"","srcset":"https:\/\/360mallorcaproperty.com\/wp-content\/uploads\/2026\/03\/Piscina-1-150x150.jpg 150w, https:\/\/360mallorcaproperty.com\/wp-content\/uploads\/2026\/03\/Piscina-1-210x210.jpg 210w"},{"width":150,"height":150,"file":"2026\/03\/Volumen.jpg","filesize":88258,"sizes":{"medium":{"file":"Volumen-300x216.jpg","width":300,"height":216,"mime-type":"image\/jpeg","filesize":8044,"url":"https:\/\/360mallorcaproperty.com\/wp-content\/uploads\/2026\/03\/Volumen-300x216.jpg"},"large":{"file":"Volumen-1024x739.jpg","width":1024,"height":739,"mime-type":"image\/jpeg","filesize":58567,"url":"https:\/\/360mallorcaproperty.com\/wp-content\/uploads\/2026\/03\/Volumen-1024x739.jpg"},"thumbnail":{"file":"Volumen-150x150.jpg","width":150,"height":150,"mime-type":"image\/jpeg","filesize":3721,"url":"https:\/\/360mallorcaproperty.com\/wp-content\/uploads\/2026\/03\/Volumen-150x150.jpg"},"medium_large":{"file":"Volumen-768x554.jpg","width":768,"height":554,"mime-type":"image\/jpeg","filesize":37070,"url":"https:\/\/360mallorcaproperty.com\/wp-content\/uploads\/2026\/03\/Volumen-768x554.jpg"},"post-thumbnail":{"file":"Volumen-150x108.jpg","width":150,"height":108,"mime-type":"image\/jpeg","filesize":2841,"url":"https:\/\/360mallorcaproperty.com\/wp-content\/uploads\/2026\/03\/Volumen-150x108.jpg"},"modern-property-child-slider":{"file":"Volumen-680x510.jpg","width":680,"height":510,"mime-type":"image\/jpeg","filesize":30514,"url":"https:\/\/360mallorcaproperty.com\/wp-content\/uploads\/2026\/03\/Volumen-680x510.jpg"},"property-thumb-image":{"file":"Volumen-488x326.jpg","width":488,"height":326,"mime-type":"image\/jpeg","filesize":16882,"url":"https:\/\/360mallorcaproperty.com\/wp-content\/uploads\/2026\/03\/Volumen-488x326.jpg"},"property-detail-video-image":{"file":"Volumen-818x417.jpg","width":818,"height":417,"mime-type":"image\/jpeg","filesize":29532,"url":"https:\/\/360mallorcaproperty.com\/wp-content\/uploads\/2026\/03\/Volumen-818x417.jpg"},"agent-image":{"file":"Volumen-210x210.jpg","width":210,"height":210,"mime-type":"image\/jpeg","filesize":5829,"url":"https:\/\/360mallorcaproperty.com\/wp-content\/uploads\/2026\/03\/Volumen-210x210.jpg"},"partners-logo":{"file":"Volumen-600x815.jpg","width":600,"height":815,"mime-type":"image\/jpeg","filesize":44392,"url":"https:\/\/360mallorcaproperty.com\/wp-content\/uploads\/2026\/03\/Volumen-600x815.jpg"},"post-featured-image":{"file":"Volumen-1130x720.jpg","width":1130,"height":720,"mime-type":"image\/jpeg","filesize":69906,"url":"https:\/\/360mallorcaproperty.com\/wp-content\/uploads\/2026\/03\/Volumen-1130x720.jpg"}},"image_meta":{"aperture":"0","credit":"","camera":"","caption":"","created_timestamp":"0","copyright":"","focal_length":"0","iso":"0","shutter_speed":"0","title":"","orientation":"0","keywords":[]},"ID":"32830","name":"Volumen.jpg","path":"\/home\/mallorcaproperty\/public_html\/wp-content\/uploads\/2026\/03\/Volumen.jpg","url":"https:\/\/360mallorcaproperty.com\/wp-content\/uploads\/2026\/03\/Volumen-150x150.jpg","full_url":"https:\/\/360mallorcaproperty.com\/wp-content\/uploads\/2026\/03\/Volumen.jpg","title":"Volumen","caption":"","description":"","alt":"","srcset":"https:\/\/360mallorcaproperty.com\/wp-content\/uploads\/2026\/03\/Volumen-150x150.jpg 150w, https:\/\/360mallorcaproperty.com\/wp-content\/uploads\/2026\/03\/Volumen-210x210.jpg 210w"},{"width":150,"height":150,"file":"2026\/03\/Almacen-a-demoler.jpg","filesize":143126,"sizes":{"medium":{"file":"Almacen-a-demoler-300x210.jpg","width":300,"height":210,"mime-type":"image\/jpeg","filesize":10901,"url":"https:\/\/360mallorcaproperty.com\/wp-content\/uploads\/2026\/03\/Almacen-a-demoler-300x210.jpg"},"large":{"file":"Almacen-a-demoler-1024x717.jpg","width":1024,"height":717,"mime-type":"image\/jpeg","filesize":82003,"url":"https:\/\/360mallorcaproperty.com\/wp-content\/uploads\/2026\/03\/Almacen-a-demoler-1024x717.jpg"},"thumbnail":{"file":"Almacen-a-demoler-150x150.jpg","width":150,"height":150,"mime-type":"image\/jpeg","filesize":5231,"url":"https:\/\/360mallorcaproperty.com\/wp-content\/uploads\/2026\/03\/Almacen-a-demoler-150x150.jpg"},"medium_large":{"file":"Almacen-a-demoler-768x538.jpg","width":768,"height":538,"mime-type":"image\/jpeg","filesize":50237,"url":"https:\/\/360mallorcaproperty.com\/wp-content\/uploads\/2026\/03\/Almacen-a-demoler-768x538.jpg"},"post-thumbnail":{"file":"Almacen-a-demoler-150x105.jpg","width":150,"height":105,"mime-type":"image\/jpeg","filesize":4032,"url":"https:\/\/360mallorcaproperty.com\/wp-content\/uploads\/2026\/03\/Almacen-a-demoler-150x105.jpg"},"modern-property-child-slider":{"file":"Almacen-a-demoler-680x510.jpg","width":680,"height":510,"mime-type":"image\/jpeg","filesize":44487,"url":"https:\/\/360mallorcaproperty.com\/wp-content\/uploads\/2026\/03\/Almacen-a-demoler-680x510.jpg"},"property-thumb-image":{"file":"Almacen-a-demoler-488x326.jpg","width":488,"height":326,"mime-type":"image\/jpeg","filesize":23843,"url":"https:\/\/360mallorcaproperty.com\/wp-content\/uploads\/2026\/03\/Almacen-a-demoler-488x326.jpg"},"property-detail-video-image":{"file":"Almacen-a-demoler-818x417.jpg","width":818,"height":417,"mime-type":"image\/jpeg","filesize":41046,"url":"https:\/\/360mallorcaproperty.com\/wp-content\/uploads\/2026\/03\/Almacen-a-demoler-818x417.jpg"},"agent-image":{"file":"Almacen-a-demoler-210x210.jpg","width":210,"height":210,"mime-type":"image\/jpeg","filesize":8609,"url":"https:\/\/360mallorcaproperty.com\/wp-content\/uploads\/2026\/03\/Almacen-a-demoler-210x210.jpg"},"partners-logo":{"file":"Almacen-a-demoler-600x834.jpg","width":600,"height":834,"mime-type":"image\/jpeg","filesize":64415,"url":"https:\/\/360mallorcaproperty.com\/wp-content\/uploads\/2026\/03\/Almacen-a-demoler-600x834.jpg"},"post-featured-image":{"file":"Almacen-a-demoler-1191x720.jpg","width":1191,"height":720,"mime-type":"image\/jpeg","filesize":99132,"url":"https:\/\/360mallorcaproperty.com\/wp-content\/uploads\/2026\/03\/Almacen-a-demoler-1191x720.jpg"}},"image_meta":{"aperture":"0","credit":"","camera":"","caption":"","created_timestamp":"0","copyright":"","focal_length":"0","iso":"0","shutter_speed":"0","title":"","orientation":"0","keywords":[]},"ID":"32833","name":"Almacen-a-demoler.jpg","path":"\/home\/mallorcaproperty\/public_html\/wp-content\/uploads\/2026\/03\/Almacen-a-demoler.jpg","url":"https:\/\/360mallorcaproperty.com\/wp-content\/uploads\/2026\/03\/Almacen-a-demoler-150x150.jpg","full_url":"https:\/\/360mallorcaproperty.com\/wp-content\/uploads\/2026\/03\/Almacen-a-demoler.jpg","title":"Almacen a demoler","caption":"","description":"","alt":"","srcset":"https:\/\/360mallorcaproperty.com\/wp-content\/uploads\/2026\/03\/Almacen-a-demoler-150x150.jpg 150w, https:\/\/360mallorcaproperty.com\/wp-content\/uploads\/2026\/03\/Almacen-a-demoler-210x210.jpg 210w"},{"width":150,"height":150,"file":"2026\/03\/Alzado-seccion-1.jpg","filesize":280596,"sizes":{"medium":{"file":"Alzado-seccion-1-300x214.jpg","width":300,"height":214,"mime-type":"image\/jpeg","filesize":14454,"url":"https:\/\/360mallorcaproperty.com\/wp-content\/uploads\/2026\/03\/Alzado-seccion-1-300x214.jpg"},"large":{"file":"Alzado-seccion-1-1024x732.jpg","width":1024,"height":732,"mime-type":"image\/jpeg","filesize":146209,"url":"https:\/\/360mallorcaproperty.com\/wp-content\/uploads\/2026\/03\/Alzado-seccion-1-1024x732.jpg"},"thumbnail":{"file":"Alzado-seccion-1-150x150.jpg","width":150,"height":150,"mime-type":"image\/jpeg","filesize":6054,"url":"https:\/\/360mallorcaproperty.com\/wp-content\/uploads\/2026\/03\/Alzado-seccion-1-150x150.jpg"},"medium_large":{"file":"Alzado-seccion-1-768x549.jpg","width":768,"height":549,"mime-type":"image\/jpeg","filesize":87435,"url":"https:\/\/360mallorcaproperty.com\/wp-content\/uploads\/2026\/03\/Alzado-seccion-1-768x549.jpg"},"post-thumbnail":{"file":"Alzado-seccion-1-150x107.jpg","width":150,"height":107,"mime-type":"image\/jpeg","filesize":4334,"url":"https:\/\/360mallorcaproperty.com\/wp-content\/uploads\/2026\/03\/Alzado-seccion-1-150x107.jpg"},"modern-property-child-slider":{"file":"Alzado-seccion-1-680x510.jpg","width":680,"height":510,"mime-type":"image\/jpeg","filesize":74839,"url":"https:\/\/360mallorcaproperty.com\/wp-content\/uploads\/2026\/03\/Alzado-seccion-1-680x510.jpg"},"property-thumb-image":{"file":"Alzado-seccion-1-488x326.jpg","width":488,"height":326,"mime-type":"image\/jpeg","filesize":36108,"url":"https:\/\/360mallorcaproperty.com\/wp-content\/uploads\/2026\/03\/Alzado-seccion-1-488x326.jpg"},"property-detail-video-image":{"file":"Alzado-seccion-1-818x417.jpg","width":818,"height":417,"mime-type":"image\/jpeg","filesize":78352,"url":"https:\/\/360mallorcaproperty.com\/wp-content\/uploads\/2026\/03\/Alzado-seccion-1-818x417.jpg"},"agent-image":{"file":"Alzado-seccion-1-210x210.jpg","width":210,"height":210,"mime-type":"image\/jpeg","filesize":11371,"url":"https:\/\/360mallorcaproperty.com\/wp-content\/uploads\/2026\/03\/Alzado-seccion-1-210x210.jpg"},"partners-logo":{"file":"Alzado-seccion-1-600x853.jpg","width":600,"height":853,"mime-type":"image\/jpeg","filesize":130258,"url":"https:\/\/360mallorcaproperty.com\/wp-content\/uploads\/2026\/03\/Alzado-seccion-1-600x853.jpg"},"post-featured-image":{"file":"Alzado-seccion-1-1194x720.jpg","width":1194,"height":720,"mime-type":"image\/jpeg","filesize":197857,"url":"https:\/\/360mallorcaproperty.com\/wp-content\/uploads\/2026\/03\/Alzado-seccion-1-1194x720.jpg"}},"image_meta":{"aperture":"0","credit":"","camera":"","caption":"","created_timestamp":"0","copyright":"","focal_length":"0","iso":"0","shutter_speed":"0","title":"","orientation":"0","keywords":[]},"ID":"32836","name":"Alzado-seccion-1.jpg","path":"\/home\/mallorcaproperty\/public_html\/wp-content\/uploads\/2026\/03\/Alzado-seccion-1.jpg","url":"https:\/\/360mallorcaproperty.com\/wp-content\/uploads\/2026\/03\/Alzado-seccion-1-150x150.jpg","full_url":"https:\/\/360mallorcaproperty.com\/wp-content\/uploads\/2026\/03\/Alzado-seccion-1.jpg","title":"Alzado seccion","caption":"","description":"","alt":"","srcset":"https:\/\/360mallorcaproperty.com\/wp-content\/uploads\/2026\/03\/Alzado-seccion-1-150x150.jpg 150w, https:\/\/360mallorcaproperty.com\/wp-content\/uploads\/2026\/03\/Alzado-seccion-1-210x210.jpg 210w"}],"REAL_HOMES_change_gallery_slider_type":"0","REAL_HOMES_gallery_slider_type":"thumb-on-right","inspiry_floor_plans":[],"inspiry_video_group":[],"REAL_HOMES_360_virtual_tour":"","REAL_HOMES_agent_display_option":"none","REAL_HOMES_agents":[],"REAL_HOMES_energy_class":"none","REAL_HOMES_energy_performance":"","REAL_HOMES_epc_current_rating":"","REAL_HOMES_epc_potential_rating":"","ere_property_schedule_tour":"global","ere_property_schedule_time_slots":"","ere_property_schedule_description":"","REAL_HOMES_sticky":"0","inspiry_property_label":"","inspiry_property_label_color":"","inspiry_property_tax":"","inspiry_additional_fee":"","REAL_HOMES_attachments":[],"inspiry_property_owner_name":"","inspiry_property_owner_contact":"","inspiry_property_owner_address":"","REAL_HOMES_property_private_note":"","inspiry_message_to_reviewer":"","REAL_HOMES_add_in_slider":"no","REAL_HOMES_slider_image":[],"REAL_HOMES_page_banner_image":[],"REAL_HOMES_hide_property_advance_search":"0","inspiry_offmarket":[],"REAL_HOMES_custom_header_display":"default","REAL_HOMES_custom_header_position":"relative","REAL_HOMES_custom_footer_display":"default","REAL_HOMES_hide_advance_search":"0","REAL_HOMES_custom_search_form":"default","REAL_HOMES_search_form_margin_top":"","REAL_HOMES_search_form_margin_bottom":""},"_links":{"self":[{"href":"https:\/\/360mallorcaproperty.com\/es\/wp-json\/wp\/v2\/property\/32856","targetHints":{"allow":["GET"]}}],"collection":[{"href":"https:\/\/360mallorcaproperty.com\/es\/wp-json\/wp\/v2\/property"}],"about":[{"href":"https:\/\/360mallorcaproperty.com\/es\/wp-json\/wp\/v2\/types\/property"}],"author":[{"embeddable":true,"href":"https:\/\/360mallorcaproperty.com\/es\/wp-json\/wp\/v2\/users\/1"}],"replies":[{"embeddable":true,"href":"https:\/\/360mallorcaproperty.com\/es\/wp-json\/wp\/v2\/comments?post=32856"}],"version-history":[{"count":3,"href":"https:\/\/360mallorcaproperty.com\/es\/wp-json\/wp\/v2\/property\/32856\/revisions"}],"predecessor-version":[{"id":32863,"href":"https:\/\/360mallorcaproperty.com\/es\/wp-json\/wp\/v2\/property\/32856\/revisions\/32863"}],"wp:featuredmedia":[{"embeddable":true,"href":"https:\/\/360mallorcaproperty.com\/es\/wp-json\/wp\/v2\/media\/32844"}],"wp:attachment":[{"href":"https:\/\/360mallorcaproperty.com\/es\/wp-json\/wp\/v2\/media?parent=32856"}],"wp:term":[{"taxonomy":"property-feature","embeddable":true,"href":"https:\/\/360mallorcaproperty.com\/es\/wp-json\/wp\/v2\/property-feature?post=32856"},{"taxonomy":"property-type","embeddable":true,"href":"https:\/\/360mallorcaproperty.com\/es\/wp-json\/wp\/v2\/property-type?post=32856"},{"taxonomy":"property-city","embeddable":true,"href":"https:\/\/360mallorcaproperty.com\/es\/wp-json\/wp\/v2\/property-location?post=32856"},{"taxonomy":"property-status","embeddable":true,"href":"https:\/\/360mallorcaproperty.com\/es\/wp-json\/wp\/v2\/property-status?post=32856"}],"curies":[{"name":"wp","href":"https:\/\/api.w.org\/{rel}","templated":true}]}}