{"id":33317,"date":"2026-04-28T12:24:32","date_gmt":"2026-04-28T12:24:32","guid":{"rendered":"https:\/\/360mallorcaproperty.com\/property\/exclusive-secluded-retreat-porto-petro-calonge\/"},"modified":"2026-04-28T14:43:29","modified_gmt":"2026-04-28T14:43:29","slug":"exclusive-secluded-retreat-porto-petro-calonge","status":"publish","type":"property","link":"https:\/\/360mallorcaproperty.com\/es\/property\/exclusive-secluded-retreat-porto-petro-calonge\/","title":{"rendered":"Un refugio exclusivo y apartado &#8211; Porto Petro &#8211; Calonge"},"content":{"rendered":"<p>Situado en una amplia parcela de 10 755 m\u00b2, este excepcional refugio en Mallorca ofrece m\u00e1s de 400 m\u00b2 de superficie, que incluye una impresionante piscina de 85 m\u00b2. Construida por los actuales propietarios con un nivel de exigencia muy alto y un dise\u00f1o altamente personalizado, la propiedad combina elegancia, comodidad y privacidad en un entorno verdaderamente impresionante.<\/p>\n<p>Las grandes puertas de madera maciza con arcos dan paso a un acogedor vest\u00edbulo de recepci\u00f3n, que marca la pauta de la calidad y el car\u00e1cter que se respira en toda la vivienda. La planta baja cuenta con una amplia zona di\u00e1fana de sal\u00f3n, comedor y cocina, todo ello dise\u00f1ado para aprovechar al m\u00e1ximo la luz natural y conectar a la perfecci\u00f3n con los espacios exteriores. Desde aqu\u00ed se divisa la amplia terraza, la piscina, el jacuzzi y la cocina exterior totalmente equipada, perfecta para recibir invitados, hacer barbacoas y celebrar reuniones sociales.<\/p>\n<p>Tambi\u00e9n en la planta baja hay un amplio dormitorio doble con ba\u00f1o en suite y vestidor.<\/p>\n<p>En la planta superior, la primera planta ofrece tres dormitorios adicionales, cada uno con su propio ba\u00f1o en suite y armarios de madera maciza hechos a medida. Dos de los dormitorios tienen acceso directo a una gran terraza, desde donde se pueden contemplar unas impresionantes vistas del campo y del mar, en su estado m\u00e1s natural.<\/p>\n<p>Esta es una propiedad que hay que ver para apreciarla en su totalidad, ya que ofrece una combinaci\u00f3n \u00fanica de lujo, tranquilidad y belleza natural.<\/p>\n","protected":false},"excerpt":{"rendered":"<p>Situado en una amplia parcela de 10 755 m\u00b2, este excepcional refugio en Mallorca ofrece m\u00e1s de 400 m\u00b2 de superficie, que incluye una impresionante piscina de 85 m\u00b2. Construida por los actuales propietarios con un nivel de exigencia muy alto y un dise\u00f1o altamente personalizado, la propiedad combina elegancia, comodidad y privacidad en un&#8230;<\/p>\n","protected":false},"author":1,"featured_media":33281,"parent":0,"menu_order":0,"comment_status":"closed","ping_status":"closed","template":"","property-feature":[277,280,279,285,278,281,394,282,283,384],"property-type":[],"property-location":[272,284],"property-status":[411,231],"class_list":["post-33317","property","type-property","status-publish","has-post-thumbnail","hentry","property-feature-aire-acondicionado","property-feature-armarios-empotrados","property-feature-chimenea","property-feature-cocina-exterior-barbacoa","property-feature-doble-acristalamiento","property-feature-garaje-aparcamiento","property-feature-jacuzzi-es","property-feature-jardin","property-feature-piscina","property-feature-terrace-es","property-city-calonge-es","property-city-porto-petro-es","property-status-exclusivo","property-status-venta"],"property_meta":{"REAL_HOMES_property_price":"2870000","REAL_HOMES_property_old_price":"","REAL_HOMES_property_price_prefix":"","REAL_HOMES_property_price_postfix":"","REAL_HOMES_property_size":"435 m\u00b2","REAL_HOMES_property_size_postfix":"","REAL_HOMES_property_lot_size":"","REAL_HOMES_property_lot_size_postfix":"","REAL_HOMES_property_bedrooms":"4","REAL_HOMES_property_bathrooms":"4","REAL_HOMES_property_garage":"Garage","REAL_HOMES_property_id":"V2030","REAL_HOMES_property_year_built":"","REAL_HOMES_featured":"1","REAL_HOMES_additional_details_list":[],"rvr_booking_widget_display":"","rvr_booking_mode":"","rvr_govt_tax":"","rvr_govt_tax_type":"percentage","rvr_govt_tax_calculation":"per_stay","rvr_service_charges":"","rvr_service_charges_type":"percentage","rvr_service_charges_calculation":"per_stay","rvr_guests_capacity":"","rvr_book_child_as":"","rvr_min_stay":"","rvr_guests_capacity_extend":"","rvr_extra_guest_price":"","rvr_property_owner":"0","rvr_bulk_pricing":[],"rvr_seasonal_pricing":[],"rvr_custom_reserved_dates":[],"rvr_additional_fees":[{"rvr_fee_type":"fixed","rvr_fee_calculation":"per_stay"}],"rvr_additional_amenities":[{"price_calculation":"per_stay"}],"rvr_accommodation":[],"rvr_outdoor_features":[],"rvr_surroundings":[],"rvr_included":[],"rvr_not_included":[],"rvr_policies":[],"REAL_HOMES_property_location":{"latitude":"39.375030383589","longitude":"3.2109488678976","zoom":"16"},"REAL_HOMES_property_address":"C\/ Cami de na bugera, 07990","REAL_HOMES_property_map":"","REAL_HOMES_property_images":[{"width":150,"height":150,"file":"2026\/04\/Fachada.jpeg","filesize":480567,"sizes":{"medium":{"file":"Fachada-300x169.jpeg","width":300,"height":169,"mime-type":"image\/jpeg","filesize":16545,"url":"https:\/\/360mallorcaproperty.com\/wp-content\/uploads\/2026\/04\/Fachada-300x169.jpeg"},"large":{"file":"Fachada-1024x576.jpeg","width":1024,"height":576,"mime-type":"image\/jpeg","filesize":160145,"url":"https:\/\/360mallorcaproperty.com\/wp-content\/uploads\/2026\/04\/Fachada-1024x576.jpeg"},"thumbnail":{"file":"Fachada-150x150.jpeg","width":150,"height":150,"mime-type":"image\/jpeg","filesize":6866,"url":"https:\/\/360mallorcaproperty.com\/wp-content\/uploads\/2026\/04\/Fachada-150x150.jpeg"},"medium_large":{"file":"Fachada-768x432.jpeg","width":768,"height":432,"mime-type":"image\/jpeg","filesize":94488,"url":"https:\/\/360mallorcaproperty.com\/wp-content\/uploads\/2026\/04\/Fachada-768x432.jpeg"},"1536x1536":{"file":"Fachada-1536x864.jpeg","width":1536,"height":864,"mime-type":"image\/jpeg","filesize":322941,"url":"https:\/\/360mallorcaproperty.com\/wp-content\/uploads\/2026\/04\/Fachada-1536x864.jpeg"},"post-thumbnail":{"file":"Fachada-150x84.jpeg","width":150,"height":84,"mime-type":"image\/jpeg","filesize":5003,"url":"https:\/\/360mallorcaproperty.com\/wp-content\/uploads\/2026\/04\/Fachada-150x84.jpeg"},"modern-property-child-slider":{"file":"Fachada-680x510.jpeg","width":680,"height":510,"mime-type":"image\/jpeg","filesize":91215,"url":"https:\/\/360mallorcaproperty.com\/wp-content\/uploads\/2026\/04\/Fachada-680x510.jpeg"},"property-thumb-image":{"file":"Fachada-488x326.jpeg","width":488,"height":326,"mime-type":"image\/jpeg","filesize":45431,"url":"https:\/\/360mallorcaproperty.com\/wp-content\/uploads\/2026\/04\/Fachada-488x326.jpeg"},"property-detail-video-image":{"file":"Fachada-818x417.jpeg","width":818,"height":417,"mime-type":"image\/jpeg","filesize":101094,"url":"https:\/\/360mallorcaproperty.com\/wp-content\/uploads\/2026\/04\/Fachada-818x417.jpeg"},"agent-image":{"file":"Fachada-210x210.jpeg","width":210,"height":210,"mime-type":"image\/jpeg","filesize":12567,"url":"https:\/\/360mallorcaproperty.com\/wp-content\/uploads\/2026\/04\/Fachada-210x210.jpeg"},"partners-logo":{"file":"Fachada-600x900.jpeg","width":600,"height":900,"mime-type":"image\/jpeg","filesize":129724,"url":"https:\/\/360mallorcaproperty.com\/wp-content\/uploads\/2026\/04\/Fachada-600x900.jpeg"},"post-featured-image":{"file":"Fachada-1240x720.jpeg","width":1240,"height":720,"mime-type":"image\/jpeg","filesize":229580,"url":"https:\/\/360mallorcaproperty.com\/wp-content\/uploads\/2026\/04\/Fachada-1240x720.jpeg"}},"image_meta":{"aperture":"0","credit":"","camera":"","caption":"","created_timestamp":"0","copyright":"","focal_length":"0","iso":"0","shutter_speed":"0","title":"","orientation":"0","keywords":[]},"ID":"33225","name":"Fachada.jpeg","path":"\/home\/mallorcaproperty\/public_html\/wp-content\/uploads\/2026\/04\/Fachada.jpeg","url":"https:\/\/360mallorcaproperty.com\/wp-content\/uploads\/2026\/04\/Fachada-150x150.jpeg","full_url":"https:\/\/360mallorcaproperty.com\/wp-content\/uploads\/2026\/04\/Fachada.jpeg","title":"Fachada","caption":"","description":"","alt":"","srcset":"https:\/\/360mallorcaproperty.com\/wp-content\/uploads\/2026\/04\/Fachada-150x150.jpeg 150w, https:\/\/360mallorcaproperty.com\/wp-content\/uploads\/2026\/04\/Fachada-210x210.jpeg 210w"},{"width":150,"height":150,"file":"2026\/04\/Piscina.jpeg","filesize":364287,"sizes":{"medium":{"file":"Piscina-300x155.jpeg","width":300,"height":155,"mime-type":"image\/jpeg","filesize":13414,"url":"https:\/\/360mallorcaproperty.com\/wp-content\/uploads\/2026\/04\/Piscina-300x155.jpeg"},"large":{"file":"Piscina-1024x529.jpeg","width":1024,"height":529,"mime-type":"image\/jpeg","filesize":124124,"url":"https:\/\/360mallorcaproperty.com\/wp-content\/uploads\/2026\/04\/Piscina-1024x529.jpeg"},"thumbnail":{"file":"Piscina-150x150.jpeg","width":150,"height":150,"mime-type":"image\/jpeg","filesize":7267,"url":"https:\/\/360mallorcaproperty.com\/wp-content\/uploads\/2026\/04\/Piscina-150x150.jpeg"},"medium_large":{"file":"Piscina-768x396.jpeg","width":768,"height":396,"mime-type":"image\/jpeg","filesize":73673,"url":"https:\/\/360mallorcaproperty.com\/wp-content\/uploads\/2026\/04\/Piscina-768x396.jpeg"},"1536x1536":{"file":"Piscina-1536x793.jpeg","width":1536,"height":793,"mime-type":"image\/jpeg","filesize":247071,"url":"https:\/\/360mallorcaproperty.com\/wp-content\/uploads\/2026\/04\/Piscina-1536x793.jpeg"},"post-thumbnail":{"file":"Piscina-150x77.jpeg","width":150,"height":77,"mime-type":"image\/jpeg","filesize":4211,"url":"https:\/\/360mallorcaproperty.com\/wp-content\/uploads\/2026\/04\/Piscina-150x77.jpeg"},"modern-property-child-slider":{"file":"Piscina-680x510.jpeg","width":680,"height":510,"mime-type":"image\/jpeg","filesize":86780,"url":"https:\/\/360mallorcaproperty.com\/wp-content\/uploads\/2026\/04\/Piscina-680x510.jpeg"},"property-thumb-image":{"file":"Piscina-488x326.jpeg","width":488,"height":326,"mime-type":"image\/jpeg","filesize":42299,"url":"https:\/\/360mallorcaproperty.com\/wp-content\/uploads\/2026\/04\/Piscina-488x326.jpeg"},"property-detail-video-image":{"file":"Piscina-818x417.jpeg","width":818,"height":417,"mime-type":"image\/jpeg","filesize":82472,"url":"https:\/\/360mallorcaproperty.com\/wp-content\/uploads\/2026\/04\/Piscina-818x417.jpeg"},"agent-image":{"file":"Piscina-210x210.jpeg","width":210,"height":210,"mime-type":"image\/jpeg","filesize":13357,"url":"https:\/\/360mallorcaproperty.com\/wp-content\/uploads\/2026\/04\/Piscina-210x210.jpeg"},"partners-logo":{"file":"Piscina-600x826.jpeg","width":600,"height":826,"mime-type":"image\/jpeg","filesize":133001,"url":"https:\/\/360mallorcaproperty.com\/wp-content\/uploads\/2026\/04\/Piscina-600x826.jpeg"},"post-featured-image":{"file":"Piscina-1240x720.jpeg","width":1240,"height":720,"mime-type":"image\/jpeg","filesize":191530,"url":"https:\/\/360mallorcaproperty.com\/wp-content\/uploads\/2026\/04\/Piscina-1240x720.jpeg"}},"image_meta":{"aperture":"0","credit":"","camera":"","caption":"","created_timestamp":"0","copyright":"","focal_length":"0","iso":"0","shutter_speed":"0","title":"","orientation":"0","keywords":[]},"ID":"33279","name":"Piscina.jpeg","path":"\/home\/mallorcaproperty\/public_html\/wp-content\/uploads\/2026\/04\/Piscina.jpeg","url":"https:\/\/360mallorcaproperty.com\/wp-content\/uploads\/2026\/04\/Piscina-150x150.jpeg","full_url":"https:\/\/360mallorcaproperty.com\/wp-content\/uploads\/2026\/04\/Piscina.jpeg","title":"Piscina","caption":"","description":"","alt":"","srcset":"https:\/\/360mallorcaproperty.com\/wp-content\/uploads\/2026\/04\/Piscina-150x150.jpeg 150w, https:\/\/360mallorcaproperty.com\/wp-content\/uploads\/2026\/04\/Piscina-210x210.jpeg 210w"},{"width":150,"height":150,"file":"2026\/04\/Fachada-olivero.jpeg","filesize":444342,"sizes":{"medium":{"file":"Fachada-olivero-300x169.jpeg","width":300,"height":169,"mime-type":"image\/jpeg","filesize":14579,"url":"https:\/\/360mallorcaproperty.com\/wp-content\/uploads\/2026\/04\/Fachada-olivero-300x169.jpeg"},"large":{"file":"Fachada-olivero-1024x576.jpeg","width":1024,"height":576,"mime-type":"image\/jpeg","filesize":142158,"url":"https:\/\/360mallorcaproperty.com\/wp-content\/uploads\/2026\/04\/Fachada-olivero-1024x576.jpeg"},"thumbnail":{"file":"Fachada-olivero-150x150.jpeg","width":150,"height":150,"mime-type":"image\/jpeg","filesize":7462,"url":"https:\/\/360mallorcaproperty.com\/wp-content\/uploads\/2026\/04\/Fachada-olivero-150x150.jpeg"},"medium_large":{"file":"Fachada-olivero-768x432.jpeg","width":768,"height":432,"mime-type":"image\/jpeg","filesize":83311,"url":"https:\/\/360mallorcaproperty.com\/wp-content\/uploads\/2026\/04\/Fachada-olivero-768x432.jpeg"},"1536x1536":{"file":"Fachada-olivero-1536x864.jpeg","width":1536,"height":864,"mime-type":"image\/jpeg","filesize":289964,"url":"https:\/\/360mallorcaproperty.com\/wp-content\/uploads\/2026\/04\/Fachada-olivero-1536x864.jpeg"},"post-thumbnail":{"file":"Fachada-olivero-150x84.jpeg","width":150,"height":84,"mime-type":"image\/jpeg","filesize":4553,"url":"https:\/\/360mallorcaproperty.com\/wp-content\/uploads\/2026\/04\/Fachada-olivero-150x84.jpeg"},"modern-property-child-slider":{"file":"Fachada-olivero-680x510.jpeg","width":680,"height":510,"mime-type":"image\/jpeg","filesize":87941,"url":"https:\/\/360mallorcaproperty.com\/wp-content\/uploads\/2026\/04\/Fachada-olivero-680x510.jpeg"},"property-thumb-image":{"file":"Fachada-olivero-488x326.jpeg","width":488,"height":326,"mime-type":"image\/jpeg","filesize":41566,"url":"https:\/\/360mallorcaproperty.com\/wp-content\/uploads\/2026\/04\/Fachada-olivero-488x326.jpeg"},"property-detail-video-image":{"file":"Fachada-olivero-818x417.jpeg","width":818,"height":417,"mime-type":"image\/jpeg","filesize":89322,"url":"https:\/\/360mallorcaproperty.com\/wp-content\/uploads\/2026\/04\/Fachada-olivero-818x417.jpeg"},"agent-image":{"file":"Fachada-olivero-210x210.jpeg","width":210,"height":210,"mime-type":"image\/jpeg","filesize":13800,"url":"https:\/\/360mallorcaproperty.com\/wp-content\/uploads\/2026\/04\/Fachada-olivero-210x210.jpeg"},"partners-logo":{"file":"Fachada-olivero-600x900.jpeg","width":600,"height":900,"mime-type":"image\/jpeg","filesize":170028,"url":"https:\/\/360mallorcaproperty.com\/wp-content\/uploads\/2026\/04\/Fachada-olivero-600x900.jpeg"},"post-featured-image":{"file":"Fachada-olivero-1240x720.jpeg","width":1240,"height":720,"mime-type":"image\/jpeg","filesize":206373,"url":"https:\/\/360mallorcaproperty.com\/wp-content\/uploads\/2026\/04\/Fachada-olivero-1240x720.jpeg"}},"image_meta":{"aperture":"0","credit":"","camera":"","caption":"","created_timestamp":"0","copyright":"","focal_length":"0","iso":"0","shutter_speed":"0","title":"","orientation":"0","keywords":[]},"ID":"33222","name":"Fachada-olivero.jpeg","path":"\/home\/mallorcaproperty\/public_html\/wp-content\/uploads\/2026\/04\/Fachada-olivero.jpeg","url":"https:\/\/360mallorcaproperty.com\/wp-content\/uploads\/2026\/04\/Fachada-olivero-150x150.jpeg","full_url":"https:\/\/360mallorcaproperty.com\/wp-content\/uploads\/2026\/04\/Fachada-olivero.jpeg","title":"Fachada olivero","caption":"","description":"","alt":"","srcset":"https:\/\/360mallorcaproperty.com\/wp-content\/uploads\/2026\/04\/Fachada-olivero-150x150.jpeg 150w, https:\/\/360mallorcaproperty.com\/wp-content\/uploads\/2026\/04\/Fachada-olivero-210x210.jpeg 210w"},{"width":150,"height":150,"file":"2026\/04\/Recibidor.jpeg","filesize":241372,"sizes":{"medium":{"file":"Recibidor-300x169.jpeg","width":300,"height":169,"mime-type":"image\/jpeg","filesize":11972,"url":"https:\/\/360mallorcaproperty.com\/wp-content\/uploads\/2026\/04\/Recibidor-300x169.jpeg"},"large":{"file":"Recibidor-1024x576.jpeg","width":1024,"height":576,"mime-type":"image\/jpeg","filesize":88244,"url":"https:\/\/360mallorcaproperty.com\/wp-content\/uploads\/2026\/04\/Recibidor-1024x576.jpeg"},"thumbnail":{"file":"Recibidor-150x150.jpeg","width":150,"height":150,"mime-type":"image\/jpeg","filesize":5595,"url":"https:\/\/360mallorcaproperty.com\/wp-content\/uploads\/2026\/04\/Recibidor-150x150.jpeg"},"medium_large":{"file":"Recibidor-768x432.jpeg","width":768,"height":432,"mime-type":"image\/jpeg","filesize":54429,"url":"https:\/\/360mallorcaproperty.com\/wp-content\/uploads\/2026\/04\/Recibidor-768x432.jpeg"},"1536x1536":{"file":"Recibidor-1536x864.jpeg","width":1536,"height":864,"mime-type":"image\/jpeg","filesize":170356,"url":"https:\/\/360mallorcaproperty.com\/wp-content\/uploads\/2026\/04\/Recibidor-1536x864.jpeg"},"post-thumbnail":{"file":"Recibidor-150x84.jpeg","width":150,"height":84,"mime-type":"image\/jpeg","filesize":4316,"url":"https:\/\/360mallorcaproperty.com\/wp-content\/uploads\/2026\/04\/Recibidor-150x84.jpeg"},"modern-property-child-slider":{"file":"Recibidor-680x510.jpeg","width":680,"height":510,"mime-type":"image\/jpeg","filesize":55927,"url":"https:\/\/360mallorcaproperty.com\/wp-content\/uploads\/2026\/04\/Recibidor-680x510.jpeg"},"property-thumb-image":{"file":"Recibidor-488x326.jpeg","width":488,"height":326,"mime-type":"image\/jpeg","filesize":28674,"url":"https:\/\/360mallorcaproperty.com\/wp-content\/uploads\/2026\/04\/Recibidor-488x326.jpeg"},"property-detail-video-image":{"file":"Recibidor-818x417.jpeg","width":818,"height":417,"mime-type":"image\/jpeg","filesize":56238,"url":"https:\/\/360mallorcaproperty.com\/wp-content\/uploads\/2026\/04\/Recibidor-818x417.jpeg"},"agent-image":{"file":"Recibidor-210x210.jpeg","width":210,"height":210,"mime-type":"image\/jpeg","filesize":9586,"url":"https:\/\/360mallorcaproperty.com\/wp-content\/uploads\/2026\/04\/Recibidor-210x210.jpeg"},"partners-logo":{"file":"Recibidor-600x900.jpeg","width":600,"height":900,"mime-type":"image\/jpeg","filesize":83435,"url":"https:\/\/360mallorcaproperty.com\/wp-content\/uploads\/2026\/04\/Recibidor-600x900.jpeg"},"post-featured-image":{"file":"Recibidor-1240x720.jpeg","width":1240,"height":720,"mime-type":"image\/jpeg","filesize":123236,"url":"https:\/\/360mallorcaproperty.com\/wp-content\/uploads\/2026\/04\/Recibidor-1240x720.jpeg"}},"image_meta":{"aperture":"0","credit":"","camera":"","caption":"","created_timestamp":"0","copyright":"","focal_length":"0","iso":"0","shutter_speed":"0","title":"","orientation":"0","keywords":[]},"ID":"33285","name":"Recibidor.jpeg","path":"\/home\/mallorcaproperty\/public_html\/wp-content\/uploads\/2026\/04\/Recibidor.jpeg","url":"https:\/\/360mallorcaproperty.com\/wp-content\/uploads\/2026\/04\/Recibidor-150x150.jpeg","full_url":"https:\/\/360mallorcaproperty.com\/wp-content\/uploads\/2026\/04\/Recibidor.jpeg","title":"Recibidor","caption":"","description":"","alt":"","srcset":"https:\/\/360mallorcaproperty.com\/wp-content\/uploads\/2026\/04\/Recibidor-150x150.jpeg 150w, https:\/\/360mallorcaproperty.com\/wp-content\/uploads\/2026\/04\/Recibidor-210x210.jpeg 210w"},{"width":150,"height":150,"file":"2026\/04\/Salon-2.jpeg","filesize":234068,"sizes":{"medium":{"file":"Salon-2-300x169.jpeg","width":300,"height":169,"mime-type":"image\/jpeg","filesize":11246,"url":"https:\/\/360mallorcaproperty.com\/wp-content\/uploads\/2026\/04\/Salon-2-300x169.jpeg"},"large":{"file":"Salon-2-1024x576.jpeg","width":1024,"height":576,"mime-type":"image\/jpeg","filesize":80523,"url":"https:\/\/360mallorcaproperty.com\/wp-content\/uploads\/2026\/04\/Salon-2-1024x576.jpeg"},"thumbnail":{"file":"Salon-2-150x150.jpeg","width":150,"height":150,"mime-type":"image\/jpeg","filesize":6540,"url":"https:\/\/360mallorcaproperty.com\/wp-content\/uploads\/2026\/04\/Salon-2-150x150.jpeg"},"medium_large":{"file":"Salon-2-768x432.jpeg","width":768,"height":432,"mime-type":"image\/jpeg","filesize":49616,"url":"https:\/\/360mallorcaproperty.com\/wp-content\/uploads\/2026\/04\/Salon-2-768x432.jpeg"},"1536x1536":{"file":"Salon-2-1536x864.jpeg","width":1536,"height":864,"mime-type":"image\/jpeg","filesize":163357,"url":"https:\/\/360mallorcaproperty.com\/wp-content\/uploads\/2026\/04\/Salon-2-1536x864.jpeg"},"post-thumbnail":{"file":"Salon-2-150x84.jpeg","width":150,"height":84,"mime-type":"image\/jpeg","filesize":4145,"url":"https:\/\/360mallorcaproperty.com\/wp-content\/uploads\/2026\/04\/Salon-2-150x84.jpeg"},"modern-property-child-slider":{"file":"Salon-2-680x510.jpeg","width":680,"height":510,"mime-type":"image\/jpeg","filesize":54762,"url":"https:\/\/360mallorcaproperty.com\/wp-content\/uploads\/2026\/04\/Salon-2-680x510.jpeg"},"property-thumb-image":{"file":"Salon-2-488x326.jpeg","width":488,"height":326,"mime-type":"image\/jpeg","filesize":28365,"url":"https:\/\/360mallorcaproperty.com\/wp-content\/uploads\/2026\/04\/Salon-2-488x326.jpeg"},"property-detail-video-image":{"file":"Salon-2-818x417.jpeg","width":818,"height":417,"mime-type":"image\/jpeg","filesize":51916,"url":"https:\/\/360mallorcaproperty.com\/wp-content\/uploads\/2026\/04\/Salon-2-818x417.jpeg"},"agent-image":{"file":"Salon-2-210x210.jpeg","width":210,"height":210,"mime-type":"image\/jpeg","filesize":10957,"url":"https:\/\/360mallorcaproperty.com\/wp-content\/uploads\/2026\/04\/Salon-2-210x210.jpeg"},"partners-logo":{"file":"Salon-2-600x900.jpeg","width":600,"height":900,"mime-type":"image\/jpeg","filesize":89950,"url":"https:\/\/360mallorcaproperty.com\/wp-content\/uploads\/2026\/04\/Salon-2-600x900.jpeg"},"post-featured-image":{"file":"Salon-2-1240x720.jpeg","width":1240,"height":720,"mime-type":"image\/jpeg","filesize":116033,"url":"https:\/\/360mallorcaproperty.com\/wp-content\/uploads\/2026\/04\/Salon-2-1240x720.jpeg"}},"image_meta":{"aperture":"0","credit":"","camera":"","caption":"","created_timestamp":"0","copyright":"","focal_length":"0","iso":"0","shutter_speed":"0","title":"","orientation":"0","keywords":[]},"ID":"33288","name":"Salon-2.jpeg","path":"\/home\/mallorcaproperty\/public_html\/wp-content\/uploads\/2026\/04\/Salon-2.jpeg","url":"https:\/\/360mallorcaproperty.com\/wp-content\/uploads\/2026\/04\/Salon-2-150x150.jpeg","full_url":"https:\/\/360mallorcaproperty.com\/wp-content\/uploads\/2026\/04\/Salon-2.jpeg","title":"Salon (2)","caption":"","description":"","alt":"","srcset":"https:\/\/360mallorcaproperty.com\/wp-content\/uploads\/2026\/04\/Salon-2-150x150.jpeg 150w, https:\/\/360mallorcaproperty.com\/wp-content\/uploads\/2026\/04\/Salon-2-210x210.jpeg 210w"},{"width":150,"height":150,"file":"2026\/04\/Salon3.jpeg","filesize":292821,"sizes":{"medium":{"file":"Salon3-300x169.jpeg","width":300,"height":169,"mime-type":"image\/jpeg","filesize":13684,"url":"https:\/\/360mallorcaproperty.com\/wp-content\/uploads\/2026\/04\/Salon3-300x169.jpeg"},"large":{"file":"Salon3-1024x576.jpeg","width":1024,"height":576,"mime-type":"image\/jpeg","filesize":105315,"url":"https:\/\/360mallorcaproperty.com\/wp-content\/uploads\/2026\/04\/Salon3-1024x576.jpeg"},"thumbnail":{"file":"Salon3-150x150.jpeg","width":150,"height":150,"mime-type":"image\/jpeg","filesize":7600,"url":"https:\/\/360mallorcaproperty.com\/wp-content\/uploads\/2026\/04\/Salon3-150x150.jpeg"},"medium_large":{"file":"Salon3-768x432.jpeg","width":768,"height":432,"mime-type":"image\/jpeg","filesize":65037,"url":"https:\/\/360mallorcaproperty.com\/wp-content\/uploads\/2026\/04\/Salon3-768x432.jpeg"},"1536x1536":{"file":"Salon3-1536x864.jpeg","width":1536,"height":864,"mime-type":"image\/jpeg","filesize":204123,"url":"https:\/\/360mallorcaproperty.com\/wp-content\/uploads\/2026\/04\/Salon3-1536x864.jpeg"},"post-thumbnail":{"file":"Salon3-150x84.jpeg","width":150,"height":84,"mime-type":"image\/jpeg","filesize":4664,"url":"https:\/\/360mallorcaproperty.com\/wp-content\/uploads\/2026\/04\/Salon3-150x84.jpeg"},"modern-property-child-slider":{"file":"Salon3-680x510.jpeg","width":680,"height":510,"mime-type":"image\/jpeg","filesize":72081,"url":"https:\/\/360mallorcaproperty.com\/wp-content\/uploads\/2026\/04\/Salon3-680x510.jpeg"},"property-thumb-image":{"file":"Salon3-488x326.jpeg","width":488,"height":326,"mime-type":"image\/jpeg","filesize":36160,"url":"https:\/\/360mallorcaproperty.com\/wp-content\/uploads\/2026\/04\/Salon3-488x326.jpeg"},"property-detail-video-image":{"file":"Salon3-818x417.jpeg","width":818,"height":417,"mime-type":"image\/jpeg","filesize":67521,"url":"https:\/\/360mallorcaproperty.com\/wp-content\/uploads\/2026\/04\/Salon3-818x417.jpeg"},"agent-image":{"file":"Salon3-210x210.jpeg","width":210,"height":210,"mime-type":"image\/jpeg","filesize":13546,"url":"https:\/\/360mallorcaproperty.com\/wp-content\/uploads\/2026\/04\/Salon3-210x210.jpeg"},"partners-logo":{"file":"Salon3-600x900.jpeg","width":600,"height":900,"mime-type":"image\/jpeg","filesize":123057,"url":"https:\/\/360mallorcaproperty.com\/wp-content\/uploads\/2026\/04\/Salon3-600x900.jpeg"},"post-featured-image":{"file":"Salon3-1240x720.jpeg","width":1240,"height":720,"mime-type":"image\/jpeg","filesize":148594,"url":"https:\/\/360mallorcaproperty.com\/wp-content\/uploads\/2026\/04\/Salon3-1240x720.jpeg"}},"image_meta":{"aperture":"0","credit":"","camera":"","caption":"","created_timestamp":"0","copyright":"","focal_length":"0","iso":"0","shutter_speed":"0","title":"","orientation":"0","keywords":[]},"ID":"33300","name":"Salon3.jpeg","path":"\/home\/mallorcaproperty\/public_html\/wp-content\/uploads\/2026\/04\/Salon3.jpeg","url":"https:\/\/360mallorcaproperty.com\/wp-content\/uploads\/2026\/04\/Salon3-150x150.jpeg","full_url":"https:\/\/360mallorcaproperty.com\/wp-content\/uploads\/2026\/04\/Salon3.jpeg","title":"Salon(3)","caption":"","description":"","alt":"","srcset":"https:\/\/360mallorcaproperty.com\/wp-content\/uploads\/2026\/04\/Salon3-150x150.jpeg 150w, https:\/\/360mallorcaproperty.com\/wp-content\/uploads\/2026\/04\/Salon3-210x210.jpeg 210w"},{"width":150,"height":150,"file":"2026\/04\/Salon-cocina.jpeg","filesize":247320,"sizes":{"medium":{"file":"Salon-cocina-300x169.jpeg","width":300,"height":169,"mime-type":"image\/jpeg","filesize":12876,"url":"https:\/\/360mallorcaproperty.com\/wp-content\/uploads\/2026\/04\/Salon-cocina-300x169.jpeg"},"large":{"file":"Salon-cocina-1024x576.jpeg","width":1024,"height":576,"mime-type":"image\/jpeg","filesize":92830,"url":"https:\/\/360mallorcaproperty.com\/wp-content\/uploads\/2026\/04\/Salon-cocina-1024x576.jpeg"},"thumbnail":{"file":"Salon-cocina-150x150.jpeg","width":150,"height":150,"mime-type":"image\/jpeg","filesize":6491,"url":"https:\/\/360mallorcaproperty.com\/wp-content\/uploads\/2026\/04\/Salon-cocina-150x150.jpeg"},"medium_large":{"file":"Salon-cocina-768x432.jpeg","width":768,"height":432,"mime-type":"image\/jpeg","filesize":57073,"url":"https:\/\/360mallorcaproperty.com\/wp-content\/uploads\/2026\/04\/Salon-cocina-768x432.jpeg"},"1536x1536":{"file":"Salon-cocina-1536x864.jpeg","width":1536,"height":864,"mime-type":"image\/jpeg","filesize":184401,"url":"https:\/\/360mallorcaproperty.com\/wp-content\/uploads\/2026\/04\/Salon-cocina-1536x864.jpeg"},"post-thumbnail":{"file":"Salon-cocina-150x84.jpeg","width":150,"height":84,"mime-type":"image\/jpeg","filesize":4682,"url":"https:\/\/360mallorcaproperty.com\/wp-content\/uploads\/2026\/04\/Salon-cocina-150x84.jpeg"},"modern-property-child-slider":{"file":"Salon-cocina-680x510.jpeg","width":680,"height":510,"mime-type":"image\/jpeg","filesize":59666,"url":"https:\/\/360mallorcaproperty.com\/wp-content\/uploads\/2026\/04\/Salon-cocina-680x510.jpeg"},"property-thumb-image":{"file":"Salon-cocina-488x326.jpeg","width":488,"height":326,"mime-type":"image\/jpeg","filesize":32017,"url":"https:\/\/360mallorcaproperty.com\/wp-content\/uploads\/2026\/04\/Salon-cocina-488x326.jpeg"},"property-detail-video-image":{"file":"Salon-cocina-818x417.jpeg","width":818,"height":417,"mime-type":"image\/jpeg","filesize":59179,"url":"https:\/\/360mallorcaproperty.com\/wp-content\/uploads\/2026\/04\/Salon-cocina-818x417.jpeg"},"agent-image":{"file":"Salon-cocina-210x210.jpeg","width":210,"height":210,"mime-type":"image\/jpeg","filesize":10909,"url":"https:\/\/360mallorcaproperty.com\/wp-content\/uploads\/2026\/04\/Salon-cocina-210x210.jpeg"},"partners-logo":{"file":"Salon-cocina-600x900.jpeg","width":600,"height":900,"mime-type":"image\/jpeg","filesize":77824,"url":"https:\/\/360mallorcaproperty.com\/wp-content\/uploads\/2026\/04\/Salon-cocina-600x900.jpeg"},"post-featured-image":{"file":"Salon-cocina-1240x720.jpeg","width":1240,"height":720,"mime-type":"image\/jpeg","filesize":131914,"url":"https:\/\/360mallorcaproperty.com\/wp-content\/uploads\/2026\/04\/Salon-cocina-1240x720.jpeg"}},"image_meta":{"aperture":"0","credit":"","camera":"","caption":"","created_timestamp":"0","copyright":"","focal_length":"0","iso":"0","shutter_speed":"0","title":"","orientation":"0","keywords":[]},"ID":"33297","name":"Salon-cocina.jpeg","path":"\/home\/mallorcaproperty\/public_html\/wp-content\/uploads\/2026\/04\/Salon-cocina.jpeg","url":"https:\/\/360mallorcaproperty.com\/wp-content\/uploads\/2026\/04\/Salon-cocina-150x150.jpeg","full_url":"https:\/\/360mallorcaproperty.com\/wp-content\/uploads\/2026\/04\/Salon-cocina.jpeg","title":"Salon cocina","caption":"","description":"","alt":"","srcset":"https:\/\/360mallorcaproperty.com\/wp-content\/uploads\/2026\/04\/Salon-cocina-150x150.jpeg 150w, https:\/\/360mallorcaproperty.com\/wp-content\/uploads\/2026\/04\/Salon-cocina-210x210.jpeg 210w"},{"width":150,"height":150,"file":"2026\/04\/Cocina-1.jpeg","filesize":323511,"sizes":{"medium":{"file":"Cocina-1-300x169.jpeg","width":300,"height":169,"mime-type":"image\/jpeg","filesize":16777,"url":"https:\/\/360mallorcaproperty.com\/wp-content\/uploads\/2026\/04\/Cocina-1-300x169.jpeg"},"large":{"file":"Cocina-1-1024x576.jpeg","width":1024,"height":576,"mime-type":"image\/jpeg","filesize":122064,"url":"https:\/\/360mallorcaproperty.com\/wp-content\/uploads\/2026\/04\/Cocina-1-1024x576.jpeg"},"thumbnail":{"file":"Cocina-1-150x150.jpeg","width":150,"height":150,"mime-type":"image\/jpeg","filesize":8275,"url":"https:\/\/360mallorcaproperty.com\/wp-content\/uploads\/2026\/04\/Cocina-1-150x150.jpeg"},"medium_large":{"file":"Cocina-1-768x432.jpeg","width":768,"height":432,"mime-type":"image\/jpeg","filesize":76555,"url":"https:\/\/360mallorcaproperty.com\/wp-content\/uploads\/2026\/04\/Cocina-1-768x432.jpeg"},"1536x1536":{"file":"Cocina-1-1536x864.jpeg","width":1536,"height":864,"mime-type":"image\/jpeg","filesize":233839,"url":"https:\/\/360mallorcaproperty.com\/wp-content\/uploads\/2026\/04\/Cocina-1-1536x864.jpeg"},"post-thumbnail":{"file":"Cocina-1-150x84.jpeg","width":150,"height":84,"mime-type":"image\/jpeg","filesize":5685,"url":"https:\/\/360mallorcaproperty.com\/wp-content\/uploads\/2026\/04\/Cocina-1-150x84.jpeg"},"modern-property-child-slider":{"file":"Cocina-1-680x510.jpeg","width":680,"height":510,"mime-type":"image\/jpeg","filesize":78623,"url":"https:\/\/360mallorcaproperty.com\/wp-content\/uploads\/2026\/04\/Cocina-1-680x510.jpeg"},"property-thumb-image":{"file":"Cocina-1-488x326.jpeg","width":488,"height":326,"mime-type":"image\/jpeg","filesize":42231,"url":"https:\/\/360mallorcaproperty.com\/wp-content\/uploads\/2026\/04\/Cocina-1-488x326.jpeg"},"property-detail-video-image":{"file":"Cocina-1-818x417.jpeg","width":818,"height":417,"mime-type":"image\/jpeg","filesize":79836,"url":"https:\/\/360mallorcaproperty.com\/wp-content\/uploads\/2026\/04\/Cocina-1-818x417.jpeg"},"agent-image":{"file":"Cocina-1-210x210.jpeg","width":210,"height":210,"mime-type":"image\/jpeg","filesize":14488,"url":"https:\/\/360mallorcaproperty.com\/wp-content\/uploads\/2026\/04\/Cocina-1-210x210.jpeg"},"partners-logo":{"file":"Cocina-1-600x900.jpeg","width":600,"height":900,"mime-type":"image\/jpeg","filesize":109012,"url":"https:\/\/360mallorcaproperty.com\/wp-content\/uploads\/2026\/04\/Cocina-1-600x900.jpeg"},"post-featured-image":{"file":"Cocina-1-1240x720.jpeg","width":1240,"height":720,"mime-type":"image\/jpeg","filesize":170961,"url":"https:\/\/360mallorcaproperty.com\/wp-content\/uploads\/2026\/04\/Cocina-1-1240x720.jpeg"}},"image_meta":{"aperture":"0","credit":"","camera":"","caption":"","created_timestamp":"0","copyright":"","focal_length":"0","iso":"0","shutter_speed":"0","title":"","orientation":"0","keywords":[]},"ID":"33213","name":"Cocina-1.jpeg","path":"\/home\/mallorcaproperty\/public_html\/wp-content\/uploads\/2026\/04\/Cocina-1.jpeg","url":"https:\/\/360mallorcaproperty.com\/wp-content\/uploads\/2026\/04\/Cocina-1-150x150.jpeg","full_url":"https:\/\/360mallorcaproperty.com\/wp-content\/uploads\/2026\/04\/Cocina-1.jpeg","title":"Cocina 1","caption":"","description":"","alt":"","srcset":"https:\/\/360mallorcaproperty.com\/wp-content\/uploads\/2026\/04\/Cocina-1-150x150.jpeg 150w, https:\/\/360mallorcaproperty.com\/wp-content\/uploads\/2026\/04\/Cocina-1-210x210.jpeg 210w"},{"width":150,"height":150,"file":"2026\/04\/Cocina.jpeg","filesize":298319,"sizes":{"medium":{"file":"Cocina-300x169.jpeg","width":300,"height":169,"mime-type":"image\/jpeg","filesize":15109,"url":"https:\/\/360mallorcaproperty.com\/wp-content\/uploads\/2026\/04\/Cocina-300x169.jpeg"},"large":{"file":"Cocina-1024x576.jpeg","width":1024,"height":576,"mime-type":"image\/jpeg","filesize":106769,"url":"https:\/\/360mallorcaproperty.com\/wp-content\/uploads\/2026\/04\/Cocina-1024x576.jpeg"},"thumbnail":{"file":"Cocina-150x150.jpeg","width":150,"height":150,"mime-type":"image\/jpeg","filesize":7743,"url":"https:\/\/360mallorcaproperty.com\/wp-content\/uploads\/2026\/04\/Cocina-150x150.jpeg"},"medium_large":{"file":"Cocina-768x432.jpeg","width":768,"height":432,"mime-type":"image\/jpeg","filesize":66846,"url":"https:\/\/360mallorcaproperty.com\/wp-content\/uploads\/2026\/04\/Cocina-768x432.jpeg"},"1536x1536":{"file":"Cocina-1536x864.jpeg","width":1536,"height":864,"mime-type":"image\/jpeg","filesize":204095,"url":"https:\/\/360mallorcaproperty.com\/wp-content\/uploads\/2026\/04\/Cocina-1536x864.jpeg"},"post-thumbnail":{"file":"Cocina-150x84.jpeg","width":150,"height":84,"mime-type":"image\/jpeg","filesize":5264,"url":"https:\/\/360mallorcaproperty.com\/wp-content\/uploads\/2026\/04\/Cocina-150x84.jpeg"},"modern-property-child-slider":{"file":"Cocina-680x510.jpeg","width":680,"height":510,"mime-type":"image\/jpeg","filesize":69602,"url":"https:\/\/360mallorcaproperty.com\/wp-content\/uploads\/2026\/04\/Cocina-680x510.jpeg"},"property-thumb-image":{"file":"Cocina-488x326.jpeg","width":488,"height":326,"mime-type":"image\/jpeg","filesize":37426,"url":"https:\/\/360mallorcaproperty.com\/wp-content\/uploads\/2026\/04\/Cocina-488x326.jpeg"},"property-detail-video-image":{"file":"Cocina-818x417.jpeg","width":818,"height":417,"mime-type":"image\/jpeg","filesize":70888,"url":"https:\/\/360mallorcaproperty.com\/wp-content\/uploads\/2026\/04\/Cocina-818x417.jpeg"},"agent-image":{"file":"Cocina-210x210.jpeg","width":210,"height":210,"mime-type":"image\/jpeg","filesize":13241,"url":"https:\/\/360mallorcaproperty.com\/wp-content\/uploads\/2026\/04\/Cocina-210x210.jpeg"},"partners-logo":{"file":"Cocina-600x900.jpeg","width":600,"height":900,"mime-type":"image\/jpeg","filesize":97688,"url":"https:\/\/360mallorcaproperty.com\/wp-content\/uploads\/2026\/04\/Cocina-600x900.jpeg"},"post-featured-image":{"file":"Cocina-1240x720.jpeg","width":1240,"height":720,"mime-type":"image\/jpeg","filesize":148778,"url":"https:\/\/360mallorcaproperty.com\/wp-content\/uploads\/2026\/04\/Cocina-1240x720.jpeg"}},"image_meta":{"aperture":"0","credit":"","camera":"","caption":"","created_timestamp":"0","copyright":"","focal_length":"0","iso":"0","shutter_speed":"0","title":"","orientation":"0","keywords":[]},"ID":"33219","name":"Cocina.jpeg","path":"\/home\/mallorcaproperty\/public_html\/wp-content\/uploads\/2026\/04\/Cocina.jpeg","url":"https:\/\/360mallorcaproperty.com\/wp-content\/uploads\/2026\/04\/Cocina-150x150.jpeg","full_url":"https:\/\/360mallorcaproperty.com\/wp-content\/uploads\/2026\/04\/Cocina.jpeg","title":"Cocina","caption":"","description":"","alt":"","srcset":"https:\/\/360mallorcaproperty.com\/wp-content\/uploads\/2026\/04\/Cocina-150x150.jpeg 150w, https:\/\/360mallorcaproperty.com\/wp-content\/uploads\/2026\/04\/Cocina-210x210.jpeg 210w"},{"width":150,"height":150,"file":"2026\/04\/Cocina-salon.jpeg","filesize":275815,"sizes":{"medium":{"file":"Cocina-salon-300x169.jpeg","width":300,"height":169,"mime-type":"image\/jpeg","filesize":14370,"url":"https:\/\/360mallorcaproperty.com\/wp-content\/uploads\/2026\/04\/Cocina-salon-300x169.jpeg"},"large":{"file":"Cocina-salon-1024x576.jpeg","width":1024,"height":576,"mime-type":"image\/jpeg","filesize":104061,"url":"https:\/\/360mallorcaproperty.com\/wp-content\/uploads\/2026\/04\/Cocina-salon-1024x576.jpeg"},"thumbnail":{"file":"Cocina-salon-150x150.jpeg","width":150,"height":150,"mime-type":"image\/jpeg","filesize":6989,"url":"https:\/\/360mallorcaproperty.com\/wp-content\/uploads\/2026\/04\/Cocina-salon-150x150.jpeg"},"medium_large":{"file":"Cocina-salon-768x432.jpeg","width":768,"height":432,"mime-type":"image\/jpeg","filesize":64439,"url":"https:\/\/360mallorcaproperty.com\/wp-content\/uploads\/2026\/04\/Cocina-salon-768x432.jpeg"},"1536x1536":{"file":"Cocina-salon-1536x864.jpeg","width":1536,"height":864,"mime-type":"image\/jpeg","filesize":202905,"url":"https:\/\/360mallorcaproperty.com\/wp-content\/uploads\/2026\/04\/Cocina-salon-1536x864.jpeg"},"post-thumbnail":{"file":"Cocina-salon-150x84.jpeg","width":150,"height":84,"mime-type":"image\/jpeg","filesize":5007,"url":"https:\/\/360mallorcaproperty.com\/wp-content\/uploads\/2026\/04\/Cocina-salon-150x84.jpeg"},"modern-property-child-slider":{"file":"Cocina-salon-680x510.jpeg","width":680,"height":510,"mime-type":"image\/jpeg","filesize":64522,"url":"https:\/\/360mallorcaproperty.com\/wp-content\/uploads\/2026\/04\/Cocina-salon-680x510.jpeg"},"property-thumb-image":{"file":"Cocina-salon-488x326.jpeg","width":488,"height":326,"mime-type":"image\/jpeg","filesize":34881,"url":"https:\/\/360mallorcaproperty.com\/wp-content\/uploads\/2026\/04\/Cocina-salon-488x326.jpeg"},"property-detail-video-image":{"file":"Cocina-salon-818x417.jpeg","width":818,"height":417,"mime-type":"image\/jpeg","filesize":67272,"url":"https:\/\/360mallorcaproperty.com\/wp-content\/uploads\/2026\/04\/Cocina-salon-818x417.jpeg"},"agent-image":{"file":"Cocina-salon-210x210.jpeg","width":210,"height":210,"mime-type":"image\/jpeg","filesize":11918,"url":"https:\/\/360mallorcaproperty.com\/wp-content\/uploads\/2026\/04\/Cocina-salon-210x210.jpeg"},"partners-logo":{"file":"Cocina-salon-600x900.jpeg","width":600,"height":900,"mime-type":"image\/jpeg","filesize":88372,"url":"https:\/\/360mallorcaproperty.com\/wp-content\/uploads\/2026\/04\/Cocina-salon-600x900.jpeg"},"post-featured-image":{"file":"Cocina-salon-1240x720.jpeg","width":1240,"height":720,"mime-type":"image\/jpeg","filesize":146256,"url":"https:\/\/360mallorcaproperty.com\/wp-content\/uploads\/2026\/04\/Cocina-salon-1240x720.jpeg"}},"image_meta":{"aperture":"0","credit":"","camera":"","caption":"","created_timestamp":"0","copyright":"","focal_length":"0","iso":"0","shutter_speed":"0","title":"","orientation":"0","keywords":[]},"ID":"33216","name":"Cocina-salon.jpeg","path":"\/home\/mallorcaproperty\/public_html\/wp-content\/uploads\/2026\/04\/Cocina-salon.jpeg","url":"https:\/\/360mallorcaproperty.com\/wp-content\/uploads\/2026\/04\/Cocina-salon-150x150.jpeg","full_url":"https:\/\/360mallorcaproperty.com\/wp-content\/uploads\/2026\/04\/Cocina-salon.jpeg","title":"Cocina salon","caption":"","description":"","alt":"","srcset":"https:\/\/360mallorcaproperty.com\/wp-content\/uploads\/2026\/04\/Cocina-salon-150x150.jpeg 150w, https:\/\/360mallorcaproperty.com\/wp-content\/uploads\/2026\/04\/Cocina-salon-210x210.jpeg 210w"},{"width":150,"height":150,"file":"2026\/04\/Salon.jpeg","filesize":247117,"sizes":{"medium":{"file":"Salon-300x169.jpeg","width":300,"height":169,"mime-type":"image\/jpeg","filesize":12357,"url":"https:\/\/360mallorcaproperty.com\/wp-content\/uploads\/2026\/04\/Salon-300x169.jpeg"},"large":{"file":"Salon-1024x576.jpeg","width":1024,"height":576,"mime-type":"image\/jpeg","filesize":88113,"url":"https:\/\/360mallorcaproperty.com\/wp-content\/uploads\/2026\/04\/Salon-1024x576.jpeg"},"thumbnail":{"file":"Salon-150x150.jpeg","width":150,"height":150,"mime-type":"image\/jpeg","filesize":6214,"url":"https:\/\/360mallorcaproperty.com\/wp-content\/uploads\/2026\/04\/Salon-150x150.jpeg"},"medium_large":{"file":"Salon-768x432.jpeg","width":768,"height":432,"mime-type":"image\/jpeg","filesize":54597,"url":"https:\/\/360mallorcaproperty.com\/wp-content\/uploads\/2026\/04\/Salon-768x432.jpeg"},"1536x1536":{"file":"Salon-1536x864.jpeg","width":1536,"height":864,"mime-type":"image\/jpeg","filesize":174052,"url":"https:\/\/360mallorcaproperty.com\/wp-content\/uploads\/2026\/04\/Salon-1536x864.jpeg"},"post-thumbnail":{"file":"Salon-150x84.jpeg","width":150,"height":84,"mime-type":"image\/jpeg","filesize":4476,"url":"https:\/\/360mallorcaproperty.com\/wp-content\/uploads\/2026\/04\/Salon-150x84.jpeg"},"modern-property-child-slider":{"file":"Salon-680x510.jpeg","width":680,"height":510,"mime-type":"image\/jpeg","filesize":54324,"url":"https:\/\/360mallorcaproperty.com\/wp-content\/uploads\/2026\/04\/Salon-680x510.jpeg"},"property-thumb-image":{"file":"Salon-488x326.jpeg","width":488,"height":326,"mime-type":"image\/jpeg","filesize":29103,"url":"https:\/\/360mallorcaproperty.com\/wp-content\/uploads\/2026\/04\/Salon-488x326.jpeg"},"property-detail-video-image":{"file":"Salon-818x417.jpeg","width":818,"height":417,"mime-type":"image\/jpeg","filesize":57002,"url":"https:\/\/360mallorcaproperty.com\/wp-content\/uploads\/2026\/04\/Salon-818x417.jpeg"},"agent-image":{"file":"Salon-210x210.jpeg","width":210,"height":210,"mime-type":"image\/jpeg","filesize":10378,"url":"https:\/\/360mallorcaproperty.com\/wp-content\/uploads\/2026\/04\/Salon-210x210.jpeg"},"partners-logo":{"file":"Salon-600x900.jpeg","width":600,"height":900,"mime-type":"image\/jpeg","filesize":72100,"url":"https:\/\/360mallorcaproperty.com\/wp-content\/uploads\/2026\/04\/Salon-600x900.jpeg"},"post-featured-image":{"file":"Salon-1240x720.jpeg","width":1240,"height":720,"mime-type":"image\/jpeg","filesize":123928,"url":"https:\/\/360mallorcaproperty.com\/wp-content\/uploads\/2026\/04\/Salon-1240x720.jpeg"}},"image_meta":{"aperture":"0","credit":"","camera":"","caption":"","created_timestamp":"0","copyright":"","focal_length":"0","iso":"0","shutter_speed":"0","title":"","orientation":"0","keywords":[]},"ID":"33303","name":"Salon.jpeg","path":"\/home\/mallorcaproperty\/public_html\/wp-content\/uploads\/2026\/04\/Salon.jpeg","url":"https:\/\/360mallorcaproperty.com\/wp-content\/uploads\/2026\/04\/Salon-150x150.jpeg","full_url":"https:\/\/360mallorcaproperty.com\/wp-content\/uploads\/2026\/04\/Salon.jpeg","title":"Salon","caption":"","description":"","alt":"","srcset":"https:\/\/360mallorcaproperty.com\/wp-content\/uploads\/2026\/04\/Salon-150x150.jpeg 150w, https:\/\/360mallorcaproperty.com\/wp-content\/uploads\/2026\/04\/Salon-210x210.jpeg 210w"},{"width":150,"height":150,"file":"2026\/04\/Salon-3.jpeg","filesize":197209,"sizes":{"medium":{"file":"Salon-3-300x169.jpeg","width":300,"height":169,"mime-type":"image\/jpeg","filesize":9131,"url":"https:\/\/360mallorcaproperty.com\/wp-content\/uploads\/2026\/04\/Salon-3-300x169.jpeg"},"large":{"file":"Salon-3-1024x576.jpeg","width":1024,"height":576,"mime-type":"image\/jpeg","filesize":66869,"url":"https:\/\/360mallorcaproperty.com\/wp-content\/uploads\/2026\/04\/Salon-3-1024x576.jpeg"},"thumbnail":{"file":"Salon-3-150x150.jpeg","width":150,"height":150,"mime-type":"image\/jpeg","filesize":6180,"url":"https:\/\/360mallorcaproperty.com\/wp-content\/uploads\/2026\/04\/Salon-3-150x150.jpeg"},"medium_large":{"file":"Salon-3-768x432.jpeg","width":768,"height":432,"mime-type":"image\/jpeg","filesize":39721,"url":"https:\/\/360mallorcaproperty.com\/wp-content\/uploads\/2026\/04\/Salon-3-768x432.jpeg"},"1536x1536":{"file":"Salon-3-1536x864.jpeg","width":1536,"height":864,"mime-type":"image\/jpeg","filesize":144590,"url":"https:\/\/360mallorcaproperty.com\/wp-content\/uploads\/2026\/04\/Salon-3-1536x864.jpeg"},"post-thumbnail":{"file":"Salon-3-150x84.jpeg","width":150,"height":84,"mime-type":"image\/jpeg","filesize":3597,"url":"https:\/\/360mallorcaproperty.com\/wp-content\/uploads\/2026\/04\/Salon-3-150x84.jpeg"},"modern-property-child-slider":{"file":"Salon-3-680x510.jpeg","width":680,"height":510,"mime-type":"image\/jpeg","filesize":45931,"url":"https:\/\/360mallorcaproperty.com\/wp-content\/uploads\/2026\/04\/Salon-3-680x510.jpeg"},"property-thumb-image":{"file":"Salon-3-488x326.jpeg","width":488,"height":326,"mime-type":"image\/jpeg","filesize":22921,"url":"https:\/\/360mallorcaproperty.com\/wp-content\/uploads\/2026\/04\/Salon-3-488x326.jpeg"},"property-detail-video-image":{"file":"Salon-3-818x417.jpeg","width":818,"height":417,"mime-type":"image\/jpeg","filesize":42013,"url":"https:\/\/360mallorcaproperty.com\/wp-content\/uploads\/2026\/04\/Salon-3-818x417.jpeg"},"agent-image":{"file":"Salon-3-210x210.jpeg","width":210,"height":210,"mime-type":"image\/jpeg","filesize":10138,"url":"https:\/\/360mallorcaproperty.com\/wp-content\/uploads\/2026\/04\/Salon-3-210x210.jpeg"},"partners-logo":{"file":"Salon-3-600x900.jpeg","width":600,"height":900,"mime-type":"image\/jpeg","filesize":75037,"url":"https:\/\/360mallorcaproperty.com\/wp-content\/uploads\/2026\/04\/Salon-3-600x900.jpeg"},"post-featured-image":{"file":"Salon-3-1240x720.jpeg","width":1240,"height":720,"mime-type":"image\/jpeg","filesize":98991,"url":"https:\/\/360mallorcaproperty.com\/wp-content\/uploads\/2026\/04\/Salon-3-1240x720.jpeg"}},"image_meta":{"aperture":"0","credit":"","camera":"","caption":"","created_timestamp":"0","copyright":"","focal_length":"0","iso":"0","shutter_speed":"0","title":"","orientation":"0","keywords":[]},"ID":"33294","name":"Salon-3.jpeg","path":"\/home\/mallorcaproperty\/public_html\/wp-content\/uploads\/2026\/04\/Salon-3.jpeg","url":"https:\/\/360mallorcaproperty.com\/wp-content\/uploads\/2026\/04\/Salon-3-150x150.jpeg","full_url":"https:\/\/360mallorcaproperty.com\/wp-content\/uploads\/2026\/04\/Salon-3.jpeg","title":"Salon 3","caption":"","description":"","alt":"","srcset":"https:\/\/360mallorcaproperty.com\/wp-content\/uploads\/2026\/04\/Salon-3-150x150.jpeg 150w, https:\/\/360mallorcaproperty.com\/wp-content\/uploads\/2026\/04\/Salon-3-210x210.jpeg 210w"},{"width":150,"height":150,"file":"2026\/04\/Habitacion-2.1.jpeg","filesize":175017,"sizes":{"medium":{"file":"Habitacion-2.1-300x169.jpeg","width":300,"height":169,"mime-type":"image\/jpeg","filesize":9969,"url":"https:\/\/360mallorcaproperty.com\/wp-content\/uploads\/2026\/04\/Habitacion-2.1-300x169.jpeg"},"large":{"file":"Habitacion-2.1-1024x576.jpeg","width":1024,"height":576,"mime-type":"image\/jpeg","filesize":64248,"url":"https:\/\/360mallorcaproperty.com\/wp-content\/uploads\/2026\/04\/Habitacion-2.1-1024x576.jpeg"},"thumbnail":{"file":"Habitacion-2.1-150x150.jpeg","width":150,"height":150,"mime-type":"image\/jpeg","filesize":5323,"url":"https:\/\/360mallorcaproperty.com\/wp-content\/uploads\/2026\/04\/Habitacion-2.1-150x150.jpeg"},"medium_large":{"file":"Habitacion-2.1-768x432.jpeg","width":768,"height":432,"mime-type":"image\/jpeg","filesize":40711,"url":"https:\/\/360mallorcaproperty.com\/wp-content\/uploads\/2026\/04\/Habitacion-2.1-768x432.jpeg"},"1536x1536":{"file":"Habitacion-2.1-1536x864.jpeg","width":1536,"height":864,"mime-type":"image\/jpeg","filesize":124956,"url":"https:\/\/360mallorcaproperty.com\/wp-content\/uploads\/2026\/04\/Habitacion-2.1-1536x864.jpeg"},"post-thumbnail":{"file":"Habitacion-2.1-150x84.jpeg","width":150,"height":84,"mime-type":"image\/jpeg","filesize":3904,"url":"https:\/\/360mallorcaproperty.com\/wp-content\/uploads\/2026\/04\/Habitacion-2.1-150x84.jpeg"},"modern-property-child-slider":{"file":"Habitacion-2.1-680x510.jpeg","width":680,"height":510,"mime-type":"image\/jpeg","filesize":41110,"url":"https:\/\/360mallorcaproperty.com\/wp-content\/uploads\/2026\/04\/Habitacion-2.1-680x510.jpeg"},"property-thumb-image":{"file":"Habitacion-2.1-488x326.jpeg","width":488,"height":326,"mime-type":"image\/jpeg","filesize":22565,"url":"https:\/\/360mallorcaproperty.com\/wp-content\/uploads\/2026\/04\/Habitacion-2.1-488x326.jpeg"},"property-detail-video-image":{"file":"Habitacion-2.1-818x417.jpeg","width":818,"height":417,"mime-type":"image\/jpeg","filesize":42298,"url":"https:\/\/360mallorcaproperty.com\/wp-content\/uploads\/2026\/04\/Habitacion-2.1-818x417.jpeg"},"agent-image":{"file":"Habitacion-2.1-210x210.jpeg","width":210,"height":210,"mime-type":"image\/jpeg","filesize":8590,"url":"https:\/\/360mallorcaproperty.com\/wp-content\/uploads\/2026\/04\/Habitacion-2.1-210x210.jpeg"},"partners-logo":{"file":"Habitacion-2.1-600x900.jpeg","width":600,"height":900,"mime-type":"image\/jpeg","filesize":53728,"url":"https:\/\/360mallorcaproperty.com\/wp-content\/uploads\/2026\/04\/Habitacion-2.1-600x900.jpeg"},"post-featured-image":{"file":"Habitacion-2.1-1240x720.jpeg","width":1240,"height":720,"mime-type":"image\/jpeg","filesize":89570,"url":"https:\/\/360mallorcaproperty.com\/wp-content\/uploads\/2026\/04\/Habitacion-2.1-1240x720.jpeg"}},"image_meta":{"aperture":"0","credit":"","camera":"","caption":"","created_timestamp":"0","copyright":"","focal_length":"0","iso":"0","shutter_speed":"0","title":"","orientation":"0","keywords":[]},"ID":"33234","name":"Habitacion-2.1.jpeg","path":"\/home\/mallorcaproperty\/public_html\/wp-content\/uploads\/2026\/04\/Habitacion-2.1.jpeg","url":"https:\/\/360mallorcaproperty.com\/wp-content\/uploads\/2026\/04\/Habitacion-2.1-150x150.jpeg","full_url":"https:\/\/360mallorcaproperty.com\/wp-content\/uploads\/2026\/04\/Habitacion-2.1.jpeg","title":"Habitacion 2.1","caption":"","description":"","alt":"","srcset":"https:\/\/360mallorcaproperty.com\/wp-content\/uploads\/2026\/04\/Habitacion-2.1-150x150.jpeg 150w, https:\/\/360mallorcaproperty.com\/wp-content\/uploads\/2026\/04\/Habitacion-2.1-210x210.jpeg 210w"},{"width":150,"height":150,"file":"2026\/04\/Bano.jpeg","filesize":207324,"sizes":{"medium":{"file":"Bano-169x300.jpeg","width":169,"height":300,"mime-type":"image\/jpeg","filesize":10456,"url":"https:\/\/360mallorcaproperty.com\/wp-content\/uploads\/2026\/04\/Bano-169x300.jpeg"},"large":{"file":"Bano-576x1024.jpeg","width":576,"height":1024,"mime-type":"image\/jpeg","filesize":74757,"url":"https:\/\/360mallorcaproperty.com\/wp-content\/uploads\/2026\/04\/Bano-576x1024.jpeg"},"thumbnail":{"file":"Bano-150x150.jpeg","width":150,"height":150,"mime-type":"image\/jpeg","filesize":5651,"url":"https:\/\/360mallorcaproperty.com\/wp-content\/uploads\/2026\/04\/Bano-150x150.jpeg"},"medium_large":{"file":"Bano-768x1365.jpeg","width":768,"height":1365,"mime-type":"image\/jpeg","filesize":123906,"url":"https:\/\/360mallorcaproperty.com\/wp-content\/uploads\/2026\/04\/Bano-768x1365.jpeg"},"1536x1536":{"file":"Bano-864x1536.jpeg","width":864,"height":1536,"mime-type":"image\/jpeg","filesize":150505,"url":"https:\/\/360mallorcaproperty.com\/wp-content\/uploads\/2026\/04\/Bano-864x1536.jpeg"},"post-thumbnail":{"file":"Bano-84x150.jpeg","width":84,"height":150,"mime-type":"image\/jpeg","filesize":3835,"url":"https:\/\/360mallorcaproperty.com\/wp-content\/uploads\/2026\/04\/Bano-84x150.jpeg"},"modern-property-child-slider":{"file":"Bano-680x510.jpeg","width":680,"height":510,"mime-type":"image\/jpeg","filesize":47346,"url":"https:\/\/360mallorcaproperty.com\/wp-content\/uploads\/2026\/04\/Bano-680x510.jpeg"},"property-thumb-image":{"file":"Bano-488x326.jpeg","width":488,"height":326,"mime-type":"image\/jpeg","filesize":24565,"url":"https:\/\/360mallorcaproperty.com\/wp-content\/uploads\/2026\/04\/Bano-488x326.jpeg"},"property-detail-video-image":{"file":"Bano-818x417.jpeg","width":818,"height":417,"mime-type":"image\/jpeg","filesize":45215,"url":"https:\/\/360mallorcaproperty.com\/wp-content\/uploads\/2026\/04\/Bano-818x417.jpeg"},"agent-image":{"file":"Bano-210x210.jpeg","width":210,"height":210,"mime-type":"image\/jpeg","filesize":9446,"url":"https:\/\/360mallorcaproperty.com\/wp-content\/uploads\/2026\/04\/Bano-210x210.jpeg"},"partners-logo":{"file":"Bano-600x1600.jpeg","width":600,"height":1600,"mime-type":"image\/jpeg","filesize":114527,"url":"https:\/\/360mallorcaproperty.com\/wp-content\/uploads\/2026\/04\/Bano-600x1600.jpeg"},"post-featured-image":{"file":"Bano-900x720.jpeg","width":900,"height":720,"mime-type":"image\/jpeg","filesize":82991,"url":"https:\/\/360mallorcaproperty.com\/wp-content\/uploads\/2026\/04\/Bano-900x720.jpeg"}},"image_meta":{"aperture":"0","credit":"","camera":"","caption":"","created_timestamp":"0","copyright":"","focal_length":"0","iso":"0","shutter_speed":"0","title":"","orientation":"0","keywords":[]},"ID":"33204","name":"Bano.jpeg","path":"\/home\/mallorcaproperty\/public_html\/wp-content\/uploads\/2026\/04\/Bano.jpeg","url":"https:\/\/360mallorcaproperty.com\/wp-content\/uploads\/2026\/04\/Bano-150x150.jpeg","full_url":"https:\/\/360mallorcaproperty.com\/wp-content\/uploads\/2026\/04\/Bano.jpeg","title":"Ba\u00f1o","caption":"","description":"","alt":"","srcset":"https:\/\/360mallorcaproperty.com\/wp-content\/uploads\/2026\/04\/Bano-150x150.jpeg 150w, https:\/\/360mallorcaproperty.com\/wp-content\/uploads\/2026\/04\/Bano-210x210.jpeg 210w"},{"width":150,"height":150,"file":"2026\/04\/Habitacion-3.jpeg","filesize":278768,"sizes":{"medium":{"file":"Habitacion-3-300x169.jpeg","width":300,"height":169,"mime-type":"image\/jpeg","filesize":13871,"url":"https:\/\/360mallorcaproperty.com\/wp-content\/uploads\/2026\/04\/Habitacion-3-300x169.jpeg"},"large":{"file":"Habitacion-3-1024x576.jpeg","width":1024,"height":576,"mime-type":"image\/jpeg","filesize":99100,"url":"https:\/\/360mallorcaproperty.com\/wp-content\/uploads\/2026\/04\/Habitacion-3-1024x576.jpeg"},"thumbnail":{"file":"Habitacion-3-150x150.jpeg","width":150,"height":150,"mime-type":"image\/jpeg","filesize":6992,"url":"https:\/\/360mallorcaproperty.com\/wp-content\/uploads\/2026\/04\/Habitacion-3-150x150.jpeg"},"medium_large":{"file":"Habitacion-3-768x432.jpeg","width":768,"height":432,"mime-type":"image\/jpeg","filesize":61707,"url":"https:\/\/360mallorcaproperty.com\/wp-content\/uploads\/2026\/04\/Habitacion-3-768x432.jpeg"},"1536x1536":{"file":"Habitacion-3-1536x864.jpeg","width":1536,"height":864,"mime-type":"image\/jpeg","filesize":195488,"url":"https:\/\/360mallorcaproperty.com\/wp-content\/uploads\/2026\/04\/Habitacion-3-1536x864.jpeg"},"post-thumbnail":{"file":"Habitacion-3-150x84.jpeg","width":150,"height":84,"mime-type":"image\/jpeg","filesize":4979,"url":"https:\/\/360mallorcaproperty.com\/wp-content\/uploads\/2026\/04\/Habitacion-3-150x84.jpeg"},"modern-property-child-slider":{"file":"Habitacion-3-680x510.jpeg","width":680,"height":510,"mime-type":"image\/jpeg","filesize":62097,"url":"https:\/\/360mallorcaproperty.com\/wp-content\/uploads\/2026\/04\/Habitacion-3-680x510.jpeg"},"property-thumb-image":{"file":"Habitacion-3-488x326.jpeg","width":488,"height":326,"mime-type":"image\/jpeg","filesize":34256,"url":"https:\/\/360mallorcaproperty.com\/wp-content\/uploads\/2026\/04\/Habitacion-3-488x326.jpeg"},"property-detail-video-image":{"file":"Habitacion-3-818x417.jpeg","width":818,"height":417,"mime-type":"image\/jpeg","filesize":65169,"url":"https:\/\/360mallorcaproperty.com\/wp-content\/uploads\/2026\/04\/Habitacion-3-818x417.jpeg"},"agent-image":{"file":"Habitacion-3-210x210.jpeg","width":210,"height":210,"mime-type":"image\/jpeg","filesize":11874,"url":"https:\/\/360mallorcaproperty.com\/wp-content\/uploads\/2026\/04\/Habitacion-3-210x210.jpeg"},"partners-logo":{"file":"Habitacion-3-600x900.jpeg","width":600,"height":900,"mime-type":"image\/jpeg","filesize":84335,"url":"https:\/\/360mallorcaproperty.com\/wp-content\/uploads\/2026\/04\/Habitacion-3-600x900.jpeg"},"post-featured-image":{"file":"Habitacion-3-1240x720.jpeg","width":1240,"height":720,"mime-type":"image\/jpeg","filesize":140247,"url":"https:\/\/360mallorcaproperty.com\/wp-content\/uploads\/2026\/04\/Habitacion-3-1240x720.jpeg"}},"image_meta":{"aperture":"0","credit":"","camera":"","caption":"","created_timestamp":"0","copyright":"","focal_length":"0","iso":"0","shutter_speed":"0","title":"","orientation":"0","keywords":[]},"ID":"33246","name":"Habitacion-3.jpeg","path":"\/home\/mallorcaproperty\/public_html\/wp-content\/uploads\/2026\/04\/Habitacion-3.jpeg","url":"https:\/\/360mallorcaproperty.com\/wp-content\/uploads\/2026\/04\/Habitacion-3-150x150.jpeg","full_url":"https:\/\/360mallorcaproperty.com\/wp-content\/uploads\/2026\/04\/Habitacion-3.jpeg","title":"Habitacion 3","caption":"","description":"","alt":"","srcset":"https:\/\/360mallorcaproperty.com\/wp-content\/uploads\/2026\/04\/Habitacion-3-150x150.jpeg 150w, https:\/\/360mallorcaproperty.com\/wp-content\/uploads\/2026\/04\/Habitacion-3-210x210.jpeg 210w"},{"width":150,"height":150,"file":"2026\/04\/Habitacion-PB-2.jpeg","filesize":228170,"sizes":{"medium":{"file":"Habitacion-PB-2-300x169.jpeg","width":300,"height":169,"mime-type":"image\/jpeg","filesize":12218,"url":"https:\/\/360mallorcaproperty.com\/wp-content\/uploads\/2026\/04\/Habitacion-PB-2-300x169.jpeg"},"large":{"file":"Habitacion-PB-2-1024x576.jpeg","width":1024,"height":576,"mime-type":"image\/jpeg","filesize":82196,"url":"https:\/\/360mallorcaproperty.com\/wp-content\/uploads\/2026\/04\/Habitacion-PB-2-1024x576.jpeg"},"thumbnail":{"file":"Habitacion-PB-2-150x150.jpeg","width":150,"height":150,"mime-type":"image\/jpeg","filesize":6058,"url":"https:\/\/360mallorcaproperty.com\/wp-content\/uploads\/2026\/04\/Habitacion-PB-2-150x150.jpeg"},"medium_large":{"file":"Habitacion-PB-2-768x432.jpeg","width":768,"height":432,"mime-type":"image\/jpeg","filesize":51338,"url":"https:\/\/360mallorcaproperty.com\/wp-content\/uploads\/2026\/04\/Habitacion-PB-2-768x432.jpeg"},"1536x1536":{"file":"Habitacion-PB-2-1536x864.jpeg","width":1536,"height":864,"mime-type":"image\/jpeg","filesize":160848,"url":"https:\/\/360mallorcaproperty.com\/wp-content\/uploads\/2026\/04\/Habitacion-PB-2-1536x864.jpeg"},"post-thumbnail":{"file":"Habitacion-PB-2-150x84.jpeg","width":150,"height":84,"mime-type":"image\/jpeg","filesize":4572,"url":"https:\/\/360mallorcaproperty.com\/wp-content\/uploads\/2026\/04\/Habitacion-PB-2-150x84.jpeg"},"modern-property-child-slider":{"file":"Habitacion-PB-2-680x510.jpeg","width":680,"height":510,"mime-type":"image\/jpeg","filesize":51610,"url":"https:\/\/360mallorcaproperty.com\/wp-content\/uploads\/2026\/04\/Habitacion-PB-2-680x510.jpeg"},"property-thumb-image":{"file":"Habitacion-PB-2-488x326.jpeg","width":488,"height":326,"mime-type":"image\/jpeg","filesize":28558,"url":"https:\/\/360mallorcaproperty.com\/wp-content\/uploads\/2026\/04\/Habitacion-PB-2-488x326.jpeg"},"property-detail-video-image":{"file":"Habitacion-PB-2-818x417.jpeg","width":818,"height":417,"mime-type":"image\/jpeg","filesize":54094,"url":"https:\/\/360mallorcaproperty.com\/wp-content\/uploads\/2026\/04\/Habitacion-PB-2-818x417.jpeg"},"agent-image":{"file":"Habitacion-PB-2-210x210.jpeg","width":210,"height":210,"mime-type":"image\/jpeg","filesize":10016,"url":"https:\/\/360mallorcaproperty.com\/wp-content\/uploads\/2026\/04\/Habitacion-PB-2-210x210.jpeg"},"partners-logo":{"file":"Habitacion-PB-2-600x900.jpeg","width":600,"height":900,"mime-type":"image\/jpeg","filesize":78118,"url":"https:\/\/360mallorcaproperty.com\/wp-content\/uploads\/2026\/04\/Habitacion-PB-2-600x900.jpeg"},"post-featured-image":{"file":"Habitacion-PB-2-1240x720.jpeg","width":1240,"height":720,"mime-type":"image\/jpeg","filesize":115722,"url":"https:\/\/360mallorcaproperty.com\/wp-content\/uploads\/2026\/04\/Habitacion-PB-2-1240x720.jpeg"}},"image_meta":{"aperture":"0","credit":"","camera":"","caption":"","created_timestamp":"0","copyright":"","focal_length":"0","iso":"0","shutter_speed":"0","title":"","orientation":"0","keywords":[]},"ID":"33252","name":"Habitacion-PB-2.jpeg","path":"\/home\/mallorcaproperty\/public_html\/wp-content\/uploads\/2026\/04\/Habitacion-PB-2.jpeg","url":"https:\/\/360mallorcaproperty.com\/wp-content\/uploads\/2026\/04\/Habitacion-PB-2-150x150.jpeg","full_url":"https:\/\/360mallorcaproperty.com\/wp-content\/uploads\/2026\/04\/Habitacion-PB-2.jpeg","title":"Habitacion PB 2","caption":"","description":"","alt":"","srcset":"https:\/\/360mallorcaproperty.com\/wp-content\/uploads\/2026\/04\/Habitacion-PB-2-150x150.jpeg 150w, https:\/\/360mallorcaproperty.com\/wp-content\/uploads\/2026\/04\/Habitacion-PB-2-210x210.jpeg 210w"},{"width":150,"height":150,"file":"2026\/04\/Terraza.jpeg","filesize":475605,"sizes":{"medium":{"file":"Terraza-300x169.jpeg","width":300,"height":169,"mime-type":"image\/jpeg","filesize":17346,"url":"https:\/\/360mallorcaproperty.com\/wp-content\/uploads\/2026\/04\/Terraza-300x169.jpeg"},"large":{"file":"Terraza-1024x576.jpeg","width":1024,"height":576,"mime-type":"image\/jpeg","filesize":158842,"url":"https:\/\/360mallorcaproperty.com\/wp-content\/uploads\/2026\/04\/Terraza-1024x576.jpeg"},"thumbnail":{"file":"Terraza-150x150.jpeg","width":150,"height":150,"mime-type":"image\/jpeg","filesize":8789,"url":"https:\/\/360mallorcaproperty.com\/wp-content\/uploads\/2026\/04\/Terraza-150x150.jpeg"},"medium_large":{"file":"Terraza-768x432.jpeg","width":768,"height":432,"mime-type":"image\/jpeg","filesize":94750,"url":"https:\/\/360mallorcaproperty.com\/wp-content\/uploads\/2026\/04\/Terraza-768x432.jpeg"},"1536x1536":{"file":"Terraza-1536x864.jpeg","width":1536,"height":864,"mime-type":"image\/jpeg","filesize":318429,"url":"https:\/\/360mallorcaproperty.com\/wp-content\/uploads\/2026\/04\/Terraza-1536x864.jpeg"},"post-thumbnail":{"file":"Terraza-150x84.jpeg","width":150,"height":84,"mime-type":"image\/jpeg","filesize":5537,"url":"https:\/\/360mallorcaproperty.com\/wp-content\/uploads\/2026\/04\/Terraza-150x84.jpeg"},"modern-property-child-slider":{"file":"Terraza-680x510.jpeg","width":680,"height":510,"mime-type":"image\/jpeg","filesize":99618,"url":"https:\/\/360mallorcaproperty.com\/wp-content\/uploads\/2026\/04\/Terraza-680x510.jpeg"},"property-thumb-image":{"file":"Terraza-488x326.jpeg","width":488,"height":326,"mime-type":"image\/jpeg","filesize":49034,"url":"https:\/\/360mallorcaproperty.com\/wp-content\/uploads\/2026\/04\/Terraza-488x326.jpeg"},"property-detail-video-image":{"file":"Terraza-818x417.jpeg","width":818,"height":417,"mime-type":"image\/jpeg","filesize":99075,"url":"https:\/\/360mallorcaproperty.com\/wp-content\/uploads\/2026\/04\/Terraza-818x417.jpeg"},"agent-image":{"file":"Terraza-210x210.jpeg","width":210,"height":210,"mime-type":"image\/jpeg","filesize":15638,"url":"https:\/\/360mallorcaproperty.com\/wp-content\/uploads\/2026\/04\/Terraza-210x210.jpeg"},"partners-logo":{"file":"Terraza-600x900.jpeg","width":600,"height":900,"mime-type":"image\/jpeg","filesize":155563,"url":"https:\/\/360mallorcaproperty.com\/wp-content\/uploads\/2026\/04\/Terraza-600x900.jpeg"},"post-featured-image":{"file":"Terraza-1240x720.jpeg","width":1240,"height":720,"mime-type":"image\/jpeg","filesize":229894,"url":"https:\/\/360mallorcaproperty.com\/wp-content\/uploads\/2026\/04\/Terraza-1240x720.jpeg"}},"image_meta":{"aperture":"0","credit":"","camera":"","caption":"","created_timestamp":"0","copyright":"","focal_length":"0","iso":"0","shutter_speed":"0","title":"","orientation":"0","keywords":[]},"ID":"33183","name":"Terraza.jpeg","path":"\/home\/mallorcaproperty\/public_html\/wp-content\/uploads\/2026\/04\/Terraza.jpeg","url":"https:\/\/360mallorcaproperty.com\/wp-content\/uploads\/2026\/04\/Terraza-150x150.jpeg","full_url":"https:\/\/360mallorcaproperty.com\/wp-content\/uploads\/2026\/04\/Terraza.jpeg","title":"Terraza","caption":"","description":"","alt":"","srcset":"https:\/\/360mallorcaproperty.com\/wp-content\/uploads\/2026\/04\/Terraza-150x150.jpeg 150w, https:\/\/360mallorcaproperty.com\/wp-content\/uploads\/2026\/04\/Terraza-210x210.jpeg 210w"},{"width":150,"height":150,"file":"2026\/04\/Terraza-2.jpeg","filesize":349492,"sizes":{"medium":{"file":"Terraza-2-300x169.jpeg","width":300,"height":169,"mime-type":"image\/jpeg","filesize":14795,"url":"https:\/\/360mallorcaproperty.com\/wp-content\/uploads\/2026\/04\/Terraza-2-300x169.jpeg"},"large":{"file":"Terraza-2-1024x576.jpeg","width":1024,"height":576,"mime-type":"image\/jpeg","filesize":120150,"url":"https:\/\/360mallorcaproperty.com\/wp-content\/uploads\/2026\/04\/Terraza-2-1024x576.jpeg"},"thumbnail":{"file":"Terraza-2-150x150.jpeg","width":150,"height":150,"mime-type":"image\/jpeg","filesize":7724,"url":"https:\/\/360mallorcaproperty.com\/wp-content\/uploads\/2026\/04\/Terraza-2-150x150.jpeg"},"medium_large":{"file":"Terraza-2-768x432.jpeg","width":768,"height":432,"mime-type":"image\/jpeg","filesize":72351,"url":"https:\/\/360mallorcaproperty.com\/wp-content\/uploads\/2026\/04\/Terraza-2-768x432.jpeg"},"1536x1536":{"file":"Terraza-2-1536x864.jpeg","width":1536,"height":864,"mime-type":"image\/jpeg","filesize":239970,"url":"https:\/\/360mallorcaproperty.com\/wp-content\/uploads\/2026\/04\/Terraza-2-1536x864.jpeg"},"post-thumbnail":{"file":"Terraza-2-150x84.jpeg","width":150,"height":84,"mime-type":"image\/jpeg","filesize":5153,"url":"https:\/\/360mallorcaproperty.com\/wp-content\/uploads\/2026\/04\/Terraza-2-150x84.jpeg"},"modern-property-child-slider":{"file":"Terraza-2-680x510.jpeg","width":680,"height":510,"mime-type":"image\/jpeg","filesize":79329,"url":"https:\/\/360mallorcaproperty.com\/wp-content\/uploads\/2026\/04\/Terraza-2-680x510.jpeg"},"property-thumb-image":{"file":"Terraza-2-488x326.jpeg","width":488,"height":326,"mime-type":"image\/jpeg","filesize":39677,"url":"https:\/\/360mallorcaproperty.com\/wp-content\/uploads\/2026\/04\/Terraza-2-488x326.jpeg"},"property-detail-video-image":{"file":"Terraza-2-818x417.jpeg","width":818,"height":417,"mime-type":"image\/jpeg","filesize":78504,"url":"https:\/\/360mallorcaproperty.com\/wp-content\/uploads\/2026\/04\/Terraza-2-818x417.jpeg"},"agent-image":{"file":"Terraza-2-210x210.jpeg","width":210,"height":210,"mime-type":"image\/jpeg","filesize":13306,"url":"https:\/\/360mallorcaproperty.com\/wp-content\/uploads\/2026\/04\/Terraza-2-210x210.jpeg"},"partners-logo":{"file":"Terraza-2-600x900.jpeg","width":600,"height":900,"mime-type":"image\/jpeg","filesize":128455,"url":"https:\/\/360mallorcaproperty.com\/wp-content\/uploads\/2026\/04\/Terraza-2-600x900.jpeg"},"post-featured-image":{"file":"Terraza-2-1240x720.jpeg","width":1240,"height":720,"mime-type":"image\/jpeg","filesize":174925,"url":"https:\/\/360mallorcaproperty.com\/wp-content\/uploads\/2026\/04\/Terraza-2-1240x720.jpeg"}},"image_meta":{"aperture":"0","credit":"","camera":"","caption":"","created_timestamp":"0","copyright":"","focal_length":"0","iso":"0","shutter_speed":"0","title":"","orientation":"0","keywords":[]},"ID":"33309","name":"Terraza-2.jpeg","path":"\/home\/mallorcaproperty\/public_html\/wp-content\/uploads\/2026\/04\/Terraza-2.jpeg","url":"https:\/\/360mallorcaproperty.com\/wp-content\/uploads\/2026\/04\/Terraza-2-150x150.jpeg","full_url":"https:\/\/360mallorcaproperty.com\/wp-content\/uploads\/2026\/04\/Terraza-2.jpeg","title":"Terraza 2","caption":"","description":"","alt":"","srcset":"https:\/\/360mallorcaproperty.com\/wp-content\/uploads\/2026\/04\/Terraza-2-150x150.jpeg 150w, https:\/\/360mallorcaproperty.com\/wp-content\/uploads\/2026\/04\/Terraza-2-210x210.jpeg 210w"},{"width":150,"height":150,"file":"2026\/04\/Piscina-BBQ-terraza.jpeg","filesize":312610,"sizes":{"medium":{"file":"Piscina-BBQ-terraza-300x169.jpeg","width":300,"height":169,"mime-type":"image\/jpeg","filesize":14654,"url":"https:\/\/360mallorcaproperty.com\/wp-content\/uploads\/2026\/04\/Piscina-BBQ-terraza-300x169.jpeg"},"large":{"file":"Piscina-BBQ-terraza-1024x576.jpeg","width":1024,"height":576,"mime-type":"image\/jpeg","filesize":111385,"url":"https:\/\/360mallorcaproperty.com\/wp-content\/uploads\/2026\/04\/Piscina-BBQ-terraza-1024x576.jpeg"},"thumbnail":{"file":"Piscina-BBQ-terraza-150x150.jpeg","width":150,"height":150,"mime-type":"image\/jpeg","filesize":7958,"url":"https:\/\/360mallorcaproperty.com\/wp-content\/uploads\/2026\/04\/Piscina-BBQ-terraza-150x150.jpeg"},"medium_large":{"file":"Piscina-BBQ-terraza-768x432.jpeg","width":768,"height":432,"mime-type":"image\/jpeg","filesize":68038,"url":"https:\/\/360mallorcaproperty.com\/wp-content\/uploads\/2026\/04\/Piscina-BBQ-terraza-768x432.jpeg"},"1536x1536":{"file":"Piscina-BBQ-terraza-1536x864.jpeg","width":1536,"height":864,"mime-type":"image\/jpeg","filesize":217023,"url":"https:\/\/360mallorcaproperty.com\/wp-content\/uploads\/2026\/04\/Piscina-BBQ-terraza-1536x864.jpeg"},"post-thumbnail":{"file":"Piscina-BBQ-terraza-150x84.jpeg","width":150,"height":84,"mime-type":"image\/jpeg","filesize":5167,"url":"https:\/\/360mallorcaproperty.com\/wp-content\/uploads\/2026\/04\/Piscina-BBQ-terraza-150x84.jpeg"},"modern-property-child-slider":{"file":"Piscina-BBQ-terraza-680x510.jpeg","width":680,"height":510,"mime-type":"image\/jpeg","filesize":70485,"url":"https:\/\/360mallorcaproperty.com\/wp-content\/uploads\/2026\/04\/Piscina-BBQ-terraza-680x510.jpeg"},"property-thumb-image":{"file":"Piscina-BBQ-terraza-488x326.jpeg","width":488,"height":326,"mime-type":"image\/jpeg","filesize":37019,"url":"https:\/\/360mallorcaproperty.com\/wp-content\/uploads\/2026\/04\/Piscina-BBQ-terraza-488x326.jpeg"},"property-detail-video-image":{"file":"Piscina-BBQ-terraza-818x417.jpeg","width":818,"height":417,"mime-type":"image\/jpeg","filesize":72860,"url":"https:\/\/360mallorcaproperty.com\/wp-content\/uploads\/2026\/04\/Piscina-BBQ-terraza-818x417.jpeg"},"agent-image":{"file":"Piscina-BBQ-terraza-210x210.jpeg","width":210,"height":210,"mime-type":"image\/jpeg","filesize":13321,"url":"https:\/\/360mallorcaproperty.com\/wp-content\/uploads\/2026\/04\/Piscina-BBQ-terraza-210x210.jpeg"},"partners-logo":{"file":"Piscina-BBQ-terraza-600x900.jpeg","width":600,"height":900,"mime-type":"image\/jpeg","filesize":102834,"url":"https:\/\/360mallorcaproperty.com\/wp-content\/uploads\/2026\/04\/Piscina-BBQ-terraza-600x900.jpeg"},"post-featured-image":{"file":"Piscina-BBQ-terraza-1240x720.jpeg","width":1240,"height":720,"mime-type":"image\/jpeg","filesize":156440,"url":"https:\/\/360mallorcaproperty.com\/wp-content\/uploads\/2026\/04\/Piscina-BBQ-terraza-1240x720.jpeg"}},"image_meta":{"aperture":"0","credit":"","camera":"","caption":"","created_timestamp":"0","copyright":"","focal_length":"0","iso":"0","shutter_speed":"0","title":"","orientation":"0","keywords":[]},"ID":"33273","name":"Piscina-BBQ-terraza.jpeg","path":"\/home\/mallorcaproperty\/public_html\/wp-content\/uploads\/2026\/04\/Piscina-BBQ-terraza.jpeg","url":"https:\/\/360mallorcaproperty.com\/wp-content\/uploads\/2026\/04\/Piscina-BBQ-terraza-150x150.jpeg","full_url":"https:\/\/360mallorcaproperty.com\/wp-content\/uploads\/2026\/04\/Piscina-BBQ-terraza.jpeg","title":"Piscina BBQ terraza","caption":"","description":"","alt":"","srcset":"https:\/\/360mallorcaproperty.com\/wp-content\/uploads\/2026\/04\/Piscina-BBQ-terraza-150x150.jpeg 150w, https:\/\/360mallorcaproperty.com\/wp-content\/uploads\/2026\/04\/Piscina-BBQ-terraza-210x210.jpeg 210w"},{"width":150,"height":150,"file":"2026\/04\/Teraza.jpeg","filesize":292062,"sizes":{"medium":{"file":"Teraza-300x169.jpeg","width":300,"height":169,"mime-type":"image\/jpeg","filesize":14031,"url":"https:\/\/360mallorcaproperty.com\/wp-content\/uploads\/2026\/04\/Teraza-300x169.jpeg"},"large":{"file":"Teraza-1024x576.jpeg","width":1024,"height":576,"mime-type":"image\/jpeg","filesize":106958,"url":"https:\/\/360mallorcaproperty.com\/wp-content\/uploads\/2026\/04\/Teraza-1024x576.jpeg"},"thumbnail":{"file":"Teraza-150x150.jpeg","width":150,"height":150,"mime-type":"image\/jpeg","filesize":6789,"url":"https:\/\/360mallorcaproperty.com\/wp-content\/uploads\/2026\/04\/Teraza-150x150.jpeg"},"medium_large":{"file":"Teraza-768x432.jpeg","width":768,"height":432,"mime-type":"image\/jpeg","filesize":66057,"url":"https:\/\/360mallorcaproperty.com\/wp-content\/uploads\/2026\/04\/Teraza-768x432.jpeg"},"1536x1536":{"file":"Teraza-1536x864.jpeg","width":1536,"height":864,"mime-type":"image\/jpeg","filesize":207282,"url":"https:\/\/360mallorcaproperty.com\/wp-content\/uploads\/2026\/04\/Teraza-1536x864.jpeg"},"post-thumbnail":{"file":"Teraza-150x84.jpeg","width":150,"height":84,"mime-type":"image\/jpeg","filesize":4892,"url":"https:\/\/360mallorcaproperty.com\/wp-content\/uploads\/2026\/04\/Teraza-150x84.jpeg"},"modern-property-child-slider":{"file":"Teraza-680x510.jpeg","width":680,"height":510,"mime-type":"image\/jpeg","filesize":65054,"url":"https:\/\/360mallorcaproperty.com\/wp-content\/uploads\/2026\/04\/Teraza-680x510.jpeg"},"property-thumb-image":{"file":"Teraza-488x326.jpeg","width":488,"height":326,"mime-type":"image\/jpeg","filesize":34551,"url":"https:\/\/360mallorcaproperty.com\/wp-content\/uploads\/2026\/04\/Teraza-488x326.jpeg"},"property-detail-video-image":{"file":"Teraza-818x417.jpeg","width":818,"height":417,"mime-type":"image\/jpeg","filesize":70264,"url":"https:\/\/360mallorcaproperty.com\/wp-content\/uploads\/2026\/04\/Teraza-818x417.jpeg"},"agent-image":{"file":"Teraza-210x210.jpeg","width":210,"height":210,"mime-type":"image\/jpeg","filesize":11664,"url":"https:\/\/360mallorcaproperty.com\/wp-content\/uploads\/2026\/04\/Teraza-210x210.jpeg"},"partners-logo":{"file":"Teraza-600x900.jpeg","width":600,"height":900,"mime-type":"image\/jpeg","filesize":91565,"url":"https:\/\/360mallorcaproperty.com\/wp-content\/uploads\/2026\/04\/Teraza-600x900.jpeg"},"post-featured-image":{"file":"Teraza-1240x720.jpeg","width":1240,"height":720,"mime-type":"image\/jpeg","filesize":149907,"url":"https:\/\/360mallorcaproperty.com\/wp-content\/uploads\/2026\/04\/Teraza-1240x720.jpeg"}},"image_meta":{"aperture":"0","credit":"","camera":"","caption":"","created_timestamp":"0","copyright":"","focal_length":"0","iso":"0","shutter_speed":"0","title":"","orientation":"0","keywords":[]},"ID":"33306","name":"Teraza.jpeg","path":"\/home\/mallorcaproperty\/public_html\/wp-content\/uploads\/2026\/04\/Teraza.jpeg","url":"https:\/\/360mallorcaproperty.com\/wp-content\/uploads\/2026\/04\/Teraza-150x150.jpeg","full_url":"https:\/\/360mallorcaproperty.com\/wp-content\/uploads\/2026\/04\/Teraza.jpeg","title":"Teraza","caption":"","description":"","alt":"","srcset":"https:\/\/360mallorcaproperty.com\/wp-content\/uploads\/2026\/04\/Teraza-150x150.jpeg 150w, https:\/\/360mallorcaproperty.com\/wp-content\/uploads\/2026\/04\/Teraza-210x210.jpeg 210w"},{"width":150,"height":150,"file":"2026\/04\/Habitacion-3.3.jpeg","filesize":169498,"sizes":{"medium":{"file":"Habitacion-3.3-300x169.jpeg","width":300,"height":169,"mime-type":"image\/jpeg","filesize":9852,"url":"https:\/\/360mallorcaproperty.com\/wp-content\/uploads\/2026\/04\/Habitacion-3.3-300x169.jpeg"},"large":{"file":"Habitacion-3.3-1024x576.jpeg","width":1024,"height":576,"mime-type":"image\/jpeg","filesize":66229,"url":"https:\/\/360mallorcaproperty.com\/wp-content\/uploads\/2026\/04\/Habitacion-3.3-1024x576.jpeg"},"thumbnail":{"file":"Habitacion-3.3-150x150.jpeg","width":150,"height":150,"mime-type":"image\/jpeg","filesize":5106,"url":"https:\/\/360mallorcaproperty.com\/wp-content\/uploads\/2026\/04\/Habitacion-3.3-150x150.jpeg"},"medium_large":{"file":"Habitacion-3.3-768x432.jpeg","width":768,"height":432,"mime-type":"image\/jpeg","filesize":41109,"url":"https:\/\/360mallorcaproperty.com\/wp-content\/uploads\/2026\/04\/Habitacion-3.3-768x432.jpeg"},"1536x1536":{"file":"Habitacion-3.3-1536x864.jpeg","width":1536,"height":864,"mime-type":"image\/jpeg","filesize":129377,"url":"https:\/\/360mallorcaproperty.com\/wp-content\/uploads\/2026\/04\/Habitacion-3.3-1536x864.jpeg"},"post-thumbnail":{"file":"Habitacion-3.3-150x84.jpeg","width":150,"height":84,"mime-type":"image\/jpeg","filesize":3769,"url":"https:\/\/360mallorcaproperty.com\/wp-content\/uploads\/2026\/04\/Habitacion-3.3-150x84.jpeg"},"modern-property-child-slider":{"file":"Habitacion-3.3-680x510.jpeg","width":680,"height":510,"mime-type":"image\/jpeg","filesize":42372,"url":"https:\/\/360mallorcaproperty.com\/wp-content\/uploads\/2026\/04\/Habitacion-3.3-680x510.jpeg"},"property-thumb-image":{"file":"Habitacion-3.3-488x326.jpeg","width":488,"height":326,"mime-type":"image\/jpeg","filesize":22702,"url":"https:\/\/360mallorcaproperty.com\/wp-content\/uploads\/2026\/04\/Habitacion-3.3-488x326.jpeg"},"property-detail-video-image":{"file":"Habitacion-3.3-818x417.jpeg","width":818,"height":417,"mime-type":"image\/jpeg","filesize":42393,"url":"https:\/\/360mallorcaproperty.com\/wp-content\/uploads\/2026\/04\/Habitacion-3.3-818x417.jpeg"},"agent-image":{"file":"Habitacion-3.3-210x210.jpeg","width":210,"height":210,"mime-type":"image\/jpeg","filesize":8441,"url":"https:\/\/360mallorcaproperty.com\/wp-content\/uploads\/2026\/04\/Habitacion-3.3-210x210.jpeg"},"partners-logo":{"file":"Habitacion-3.3-600x900.jpeg","width":600,"height":900,"mime-type":"image\/jpeg","filesize":54284,"url":"https:\/\/360mallorcaproperty.com\/wp-content\/uploads\/2026\/04\/Habitacion-3.3-600x900.jpeg"},"post-featured-image":{"file":"Habitacion-3.3-1240x720.jpeg","width":1240,"height":720,"mime-type":"image\/jpeg","filesize":92412,"url":"https:\/\/360mallorcaproperty.com\/wp-content\/uploads\/2026\/04\/Habitacion-3.3-1240x720.jpeg"}},"image_meta":{"aperture":"0","credit":"","camera":"","caption":"","created_timestamp":"0","copyright":"","focal_length":"0","iso":"0","shutter_speed":"0","title":"","orientation":"0","keywords":[]},"ID":"33243","name":"Habitacion-3.3.jpeg","path":"\/home\/mallorcaproperty\/public_html\/wp-content\/uploads\/2026\/04\/Habitacion-3.3.jpeg","url":"https:\/\/360mallorcaproperty.com\/wp-content\/uploads\/2026\/04\/Habitacion-3.3-150x150.jpeg","full_url":"https:\/\/360mallorcaproperty.com\/wp-content\/uploads\/2026\/04\/Habitacion-3.3.jpeg","title":"Habitacion 3.3","caption":"","description":"","alt":"","srcset":"https:\/\/360mallorcaproperty.com\/wp-content\/uploads\/2026\/04\/Habitacion-3.3-150x150.jpeg 150w, https:\/\/360mallorcaproperty.com\/wp-content\/uploads\/2026\/04\/Habitacion-3.3-210x210.jpeg 210w"},{"width":150,"height":150,"file":"2026\/04\/Habitacion-principal.jpeg","filesize":186987,"sizes":{"medium":{"file":"Habitacion-principal-300x202.jpeg","width":300,"height":202,"mime-type":"image\/jpeg","filesize":12865,"url":"https:\/\/360mallorcaproperty.com\/wp-content\/uploads\/2026\/04\/Habitacion-principal-300x202.jpeg"},"large":{"file":"Habitacion-principal-1024x690.jpeg","width":1024,"height":690,"mime-type":"image\/jpeg","filesize":92162,"url":"https:\/\/360mallorcaproperty.com\/wp-content\/uploads\/2026\/04\/Habitacion-principal-1024x690.jpeg"},"thumbnail":{"file":"Habitacion-principal-150x150.jpeg","width":150,"height":150,"mime-type":"image\/jpeg","filesize":6302,"url":"https:\/\/360mallorcaproperty.com\/wp-content\/uploads\/2026\/04\/Habitacion-principal-150x150.jpeg"},"medium_large":{"file":"Habitacion-principal-768x517.jpeg","width":768,"height":517,"mime-type":"image\/jpeg","filesize":57231,"url":"https:\/\/360mallorcaproperty.com\/wp-content\/uploads\/2026\/04\/Habitacion-principal-768x517.jpeg"},"post-thumbnail":{"file":"Habitacion-principal-150x101.jpeg","width":150,"height":101,"mime-type":"image\/jpeg","filesize":4631,"url":"https:\/\/360mallorcaproperty.com\/wp-content\/uploads\/2026\/04\/Habitacion-principal-150x101.jpeg"},"modern-property-child-slider":{"file":"Habitacion-principal-680x510.jpeg","width":680,"height":510,"mime-type":"image\/jpeg","filesize":52486,"url":"https:\/\/360mallorcaproperty.com\/wp-content\/uploads\/2026\/04\/Habitacion-principal-680x510.jpeg"},"property-thumb-image":{"file":"Habitacion-principal-488x326.jpeg","width":488,"height":326,"mime-type":"image\/jpeg","filesize":27430,"url":"https:\/\/360mallorcaproperty.com\/wp-content\/uploads\/2026\/04\/Habitacion-principal-488x326.jpeg"},"property-detail-video-image":{"file":"Habitacion-principal-818x417.jpeg","width":818,"height":417,"mime-type":"image\/jpeg","filesize":53815,"url":"https:\/\/360mallorcaproperty.com\/wp-content\/uploads\/2026\/04\/Habitacion-principal-818x417.jpeg"},"agent-image":{"file":"Habitacion-principal-210x210.jpeg","width":210,"height":210,"mime-type":"image\/jpeg","filesize":10607,"url":"https:\/\/360mallorcaproperty.com\/wp-content\/uploads\/2026\/04\/Habitacion-principal-210x210.jpeg"},"partners-logo":{"file":"Habitacion-principal-600x900.jpeg","width":600,"height":900,"mime-type":"image\/jpeg","filesize":77974,"url":"https:\/\/360mallorcaproperty.com\/wp-content\/uploads\/2026\/04\/Habitacion-principal-600x900.jpeg"},"post-featured-image":{"file":"Habitacion-principal-1240x720.jpeg","width":1240,"height":720,"mime-type":"image\/jpeg","filesize":112861,"url":"https:\/\/360mallorcaproperty.com\/wp-content\/uploads\/2026\/04\/Habitacion-principal-1240x720.jpeg"}},"image_meta":{"aperture":"0","credit":"","camera":"","caption":"","created_timestamp":"0","copyright":"","focal_length":"0","iso":"0","shutter_speed":"0","title":"","orientation":"0","keywords":[]},"ID":"33264","name":"Habitacion-principal.jpeg","path":"\/home\/mallorcaproperty\/public_html\/wp-content\/uploads\/2026\/04\/Habitacion-principal.jpeg","url":"https:\/\/360mallorcaproperty.com\/wp-content\/uploads\/2026\/04\/Habitacion-principal-150x150.jpeg","full_url":"https:\/\/360mallorcaproperty.com\/wp-content\/uploads\/2026\/04\/Habitacion-principal.jpeg","title":"Habitacion principal","caption":"","description":"","alt":"","srcset":"https:\/\/360mallorcaproperty.com\/wp-content\/uploads\/2026\/04\/Habitacion-principal-150x150.jpeg 150w, https:\/\/360mallorcaproperty.com\/wp-content\/uploads\/2026\/04\/Habitacion-principal-210x210.jpeg 210w"},{"width":150,"height":150,"file":"2026\/04\/Habitacion-principal-1.jpeg","filesize":224271,"sizes":{"medium":{"file":"Habitacion-principal-1-300x169.jpeg","width":300,"height":169,"mime-type":"image\/jpeg","filesize":11672,"url":"https:\/\/360mallorcaproperty.com\/wp-content\/uploads\/2026\/04\/Habitacion-principal-1-300x169.jpeg"},"large":{"file":"Habitacion-principal-1-1024x576.jpeg","width":1024,"height":576,"mime-type":"image\/jpeg","filesize":82869,"url":"https:\/\/360mallorcaproperty.com\/wp-content\/uploads\/2026\/04\/Habitacion-principal-1-1024x576.jpeg"},"thumbnail":{"file":"Habitacion-principal-1-150x150.jpeg","width":150,"height":150,"mime-type":"image\/jpeg","filesize":6980,"url":"https:\/\/360mallorcaproperty.com\/wp-content\/uploads\/2026\/04\/Habitacion-principal-1-150x150.jpeg"},"medium_large":{"file":"Habitacion-principal-1-768x432.jpeg","width":768,"height":432,"mime-type":"image\/jpeg","filesize":51046,"url":"https:\/\/360mallorcaproperty.com\/wp-content\/uploads\/2026\/04\/Habitacion-principal-1-768x432.jpeg"},"1536x1536":{"file":"Habitacion-principal-1-1536x864.jpeg","width":1536,"height":864,"mime-type":"image\/jpeg","filesize":164475,"url":"https:\/\/360mallorcaproperty.com\/wp-content\/uploads\/2026\/04\/Habitacion-principal-1-1536x864.jpeg"},"post-thumbnail":{"file":"Habitacion-principal-1-150x84.jpeg","width":150,"height":84,"mime-type":"image\/jpeg","filesize":4376,"url":"https:\/\/360mallorcaproperty.com\/wp-content\/uploads\/2026\/04\/Habitacion-principal-1-150x84.jpeg"},"modern-property-child-slider":{"file":"Habitacion-principal-1-680x510.jpeg","width":680,"height":510,"mime-type":"image\/jpeg","filesize":58807,"url":"https:\/\/360mallorcaproperty.com\/wp-content\/uploads\/2026\/04\/Habitacion-principal-1-680x510.jpeg"},"property-thumb-image":{"file":"Habitacion-principal-1-488x326.jpeg","width":488,"height":326,"mime-type":"image\/jpeg","filesize":30684,"url":"https:\/\/360mallorcaproperty.com\/wp-content\/uploads\/2026\/04\/Habitacion-principal-1-488x326.jpeg"},"property-detail-video-image":{"file":"Habitacion-principal-1-818x417.jpeg","width":818,"height":417,"mime-type":"image\/jpeg","filesize":54070,"url":"https:\/\/360mallorcaproperty.com\/wp-content\/uploads\/2026\/04\/Habitacion-principal-1-818x417.jpeg"},"agent-image":{"file":"Habitacion-principal-1-210x210.jpeg","width":210,"height":210,"mime-type":"image\/jpeg","filesize":11777,"url":"https:\/\/360mallorcaproperty.com\/wp-content\/uploads\/2026\/04\/Habitacion-principal-1-210x210.jpeg"},"partners-logo":{"file":"Habitacion-principal-1-600x900.jpeg","width":600,"height":900,"mime-type":"image\/jpeg","filesize":84676,"url":"https:\/\/360mallorcaproperty.com\/wp-content\/uploads\/2026\/04\/Habitacion-principal-1-600x900.jpeg"},"post-featured-image":{"file":"Habitacion-principal-1-1240x720.jpeg","width":1240,"height":720,"mime-type":"image\/jpeg","filesize":118841,"url":"https:\/\/360mallorcaproperty.com\/wp-content\/uploads\/2026\/04\/Habitacion-principal-1-1240x720.jpeg"}},"image_meta":{"aperture":"0","credit":"","camera":"","caption":"","created_timestamp":"0","copyright":"","focal_length":"0","iso":"0","shutter_speed":"0","title":"","orientation":"0","keywords":[]},"ID":"33261","name":"Habitacion-principal-1.jpeg","path":"\/home\/mallorcaproperty\/public_html\/wp-content\/uploads\/2026\/04\/Habitacion-principal-1.jpeg","url":"https:\/\/360mallorcaproperty.com\/wp-content\/uploads\/2026\/04\/Habitacion-principal-1-150x150.jpeg","full_url":"https:\/\/360mallorcaproperty.com\/wp-content\/uploads\/2026\/04\/Habitacion-principal-1.jpeg","title":"Habitacion principal 1","caption":"","description":"","alt":"","srcset":"https:\/\/360mallorcaproperty.com\/wp-content\/uploads\/2026\/04\/Habitacion-principal-1-150x150.jpeg 150w, https:\/\/360mallorcaproperty.com\/wp-content\/uploads\/2026\/04\/Habitacion-principal-1-210x210.jpeg 210w"},{"width":150,"height":150,"file":"2026\/04\/Habitacion-3.2.jpeg","filesize":291673,"sizes":{"medium":{"file":"Habitacion-3.2-300x169.jpeg","width":300,"height":169,"mime-type":"image\/jpeg","filesize":13494,"url":"https:\/\/360mallorcaproperty.com\/wp-content\/uploads\/2026\/04\/Habitacion-3.2-300x169.jpeg"},"large":{"file":"Habitacion-3.2-1024x576.jpeg","width":1024,"height":576,"mime-type":"image\/jpeg","filesize":104491,"url":"https:\/\/360mallorcaproperty.com\/wp-content\/uploads\/2026\/04\/Habitacion-3.2-1024x576.jpeg"},"thumbnail":{"file":"Habitacion-3.2-150x150.jpeg","width":150,"height":150,"mime-type":"image\/jpeg","filesize":7257,"url":"https:\/\/360mallorcaproperty.com\/wp-content\/uploads\/2026\/04\/Habitacion-3.2-150x150.jpeg"},"medium_large":{"file":"Habitacion-3.2-768x432.jpeg","width":768,"height":432,"mime-type":"image\/jpeg","filesize":64720,"url":"https:\/\/360mallorcaproperty.com\/wp-content\/uploads\/2026\/04\/Habitacion-3.2-768x432.jpeg"},"1536x1536":{"file":"Habitacion-3.2-1536x864.jpeg","width":1536,"height":864,"mime-type":"image\/jpeg","filesize":205680,"url":"https:\/\/360mallorcaproperty.com\/wp-content\/uploads\/2026\/04\/Habitacion-3.2-1536x864.jpeg"},"post-thumbnail":{"file":"Habitacion-3.2-150x84.jpeg","width":150,"height":84,"mime-type":"image\/jpeg","filesize":4684,"url":"https:\/\/360mallorcaproperty.com\/wp-content\/uploads\/2026\/04\/Habitacion-3.2-150x84.jpeg"},"modern-property-child-slider":{"file":"Habitacion-3.2-680x510.jpeg","width":680,"height":510,"mime-type":"image\/jpeg","filesize":68590,"url":"https:\/\/360mallorcaproperty.com\/wp-content\/uploads\/2026\/04\/Habitacion-3.2-680x510.jpeg"},"property-thumb-image":{"file":"Habitacion-3.2-488x326.jpeg","width":488,"height":326,"mime-type":"image\/jpeg","filesize":35420,"url":"https:\/\/360mallorcaproperty.com\/wp-content\/uploads\/2026\/04\/Habitacion-3.2-488x326.jpeg"},"property-detail-video-image":{"file":"Habitacion-3.2-818x417.jpeg","width":818,"height":417,"mime-type":"image\/jpeg","filesize":67841,"url":"https:\/\/360mallorcaproperty.com\/wp-content\/uploads\/2026\/04\/Habitacion-3.2-818x417.jpeg"},"agent-image":{"file":"Habitacion-3.2-210x210.jpeg","width":210,"height":210,"mime-type":"image\/jpeg","filesize":12427,"url":"https:\/\/360mallorcaproperty.com\/wp-content\/uploads\/2026\/04\/Habitacion-3.2-210x210.jpeg"},"partners-logo":{"file":"Habitacion-3.2-600x900.jpeg","width":600,"height":900,"mime-type":"image\/jpeg","filesize":106836,"url":"https:\/\/360mallorcaproperty.com\/wp-content\/uploads\/2026\/04\/Habitacion-3.2-600x900.jpeg"},"post-featured-image":{"file":"Habitacion-3.2-1240x720.jpeg","width":1240,"height":720,"mime-type":"image\/jpeg","filesize":147626,"url":"https:\/\/360mallorcaproperty.com\/wp-content\/uploads\/2026\/04\/Habitacion-3.2-1240x720.jpeg"}},"image_meta":{"aperture":"0","credit":"","camera":"","caption":"","created_timestamp":"0","copyright":"","focal_length":"0","iso":"0","shutter_speed":"0","title":"","orientation":"0","keywords":[]},"ID":"33240","name":"Habitacion-3.2.jpeg","path":"\/home\/mallorcaproperty\/public_html\/wp-content\/uploads\/2026\/04\/Habitacion-3.2.jpeg","url":"https:\/\/360mallorcaproperty.com\/wp-content\/uploads\/2026\/04\/Habitacion-3.2-150x150.jpeg","full_url":"https:\/\/360mallorcaproperty.com\/wp-content\/uploads\/2026\/04\/Habitacion-3.2.jpeg","title":"Habitacion 3.2","caption":"","description":"","alt":"","srcset":"https:\/\/360mallorcaproperty.com\/wp-content\/uploads\/2026\/04\/Habitacion-3.2-150x150.jpeg 150w, https:\/\/360mallorcaproperty.com\/wp-content\/uploads\/2026\/04\/Habitacion-3.2-210x210.jpeg 210w"},{"width":150,"height":150,"file":"2026\/04\/Bano-habitacion-principal.jpeg","filesize":219531,"sizes":{"medium":{"file":"Bano-habitacion-principal-169x300.jpeg","width":169,"height":300,"mime-type":"image\/jpeg","filesize":11060,"url":"https:\/\/360mallorcaproperty.com\/wp-content\/uploads\/2026\/04\/Bano-habitacion-principal-169x300.jpeg"},"large":{"file":"Bano-habitacion-principal-576x1024.jpeg","width":576,"height":1024,"mime-type":"image\/jpeg","filesize":77933,"url":"https:\/\/360mallorcaproperty.com\/wp-content\/uploads\/2026\/04\/Bano-habitacion-principal-576x1024.jpeg"},"thumbnail":{"file":"Bano-habitacion-principal-150x150.jpeg","width":150,"height":150,"mime-type":"image\/jpeg","filesize":6312,"url":"https:\/\/360mallorcaproperty.com\/wp-content\/uploads\/2026\/04\/Bano-habitacion-principal-150x150.jpeg"},"medium_large":{"file":"Bano-habitacion-principal-768x1365.jpeg","width":768,"height":1365,"mime-type":"image\/jpeg","filesize":127138,"url":"https:\/\/360mallorcaproperty.com\/wp-content\/uploads\/2026\/04\/Bano-habitacion-principal-768x1365.jpeg"},"1536x1536":{"file":"Bano-habitacion-principal-864x1536.jpeg","width":864,"height":1536,"mime-type":"image\/jpeg","filesize":154592,"url":"https:\/\/360mallorcaproperty.com\/wp-content\/uploads\/2026\/04\/Bano-habitacion-principal-864x1536.jpeg"},"post-thumbnail":{"file":"Bano-habitacion-principal-84x150.jpeg","width":84,"height":150,"mime-type":"image\/jpeg","filesize":4129,"url":"https:\/\/360mallorcaproperty.com\/wp-content\/uploads\/2026\/04\/Bano-habitacion-principal-84x150.jpeg"},"modern-property-child-slider":{"file":"Bano-habitacion-principal-680x510.jpeg","width":680,"height":510,"mime-type":"image\/jpeg","filesize":51893,"url":"https:\/\/360mallorcaproperty.com\/wp-content\/uploads\/2026\/04\/Bano-habitacion-principal-680x510.jpeg"},"property-thumb-image":{"file":"Bano-habitacion-principal-488x326.jpeg","width":488,"height":326,"mime-type":"image\/jpeg","filesize":27346,"url":"https:\/\/360mallorcaproperty.com\/wp-content\/uploads\/2026\/04\/Bano-habitacion-principal-488x326.jpeg"},"property-detail-video-image":{"file":"Bano-habitacion-principal-818x417.jpeg","width":818,"height":417,"mime-type":"image\/jpeg","filesize":48517,"url":"https:\/\/360mallorcaproperty.com\/wp-content\/uploads\/2026\/04\/Bano-habitacion-principal-818x417.jpeg"},"agent-image":{"file":"Bano-habitacion-principal-210x210.jpeg","width":210,"height":210,"mime-type":"image\/jpeg","filesize":10590,"url":"https:\/\/360mallorcaproperty.com\/wp-content\/uploads\/2026\/04\/Bano-habitacion-principal-210x210.jpeg"},"partners-logo":{"file":"Bano-habitacion-principal-600x1600.jpeg","width":600,"height":1600,"mime-type":"image\/jpeg","filesize":119146,"url":"https:\/\/360mallorcaproperty.com\/wp-content\/uploads\/2026\/04\/Bano-habitacion-principal-600x1600.jpeg"},"post-featured-image":{"file":"Bano-habitacion-principal-900x720.jpeg","width":900,"height":720,"mime-type":"image\/jpeg","filesize":92008,"url":"https:\/\/360mallorcaproperty.com\/wp-content\/uploads\/2026\/04\/Bano-habitacion-principal-900x720.jpeg"}},"image_meta":{"aperture":"0","credit":"","camera":"","caption":"","created_timestamp":"0","copyright":"","focal_length":"0","iso":"0","shutter_speed":"0","title":"","orientation":"0","keywords":[]},"ID":"33201","name":"Bano-habitacion-principal.jpeg","path":"\/home\/mallorcaproperty\/public_html\/wp-content\/uploads\/2026\/04\/Bano-habitacion-principal.jpeg","url":"https:\/\/360mallorcaproperty.com\/wp-content\/uploads\/2026\/04\/Bano-habitacion-principal-150x150.jpeg","full_url":"https:\/\/360mallorcaproperty.com\/wp-content\/uploads\/2026\/04\/Bano-habitacion-principal.jpeg","title":"Ba\u00f1o habitacion principal","caption":"","description":"","alt":"","srcset":"https:\/\/360mallorcaproperty.com\/wp-content\/uploads\/2026\/04\/Bano-habitacion-principal-150x150.jpeg 150w, https:\/\/360mallorcaproperty.com\/wp-content\/uploads\/2026\/04\/Bano-habitacion-principal-210x210.jpeg 210w"},{"width":150,"height":150,"file":"2026\/04\/Armarios-empotrados-hechos-a-mano.jpeg","filesize":436078,"sizes":{"medium":{"file":"Armarios-empotrados-hechos-a-mano-169x300.jpeg","width":169,"height":300,"mime-type":"image\/jpeg","filesize":15189,"url":"https:\/\/360mallorcaproperty.com\/wp-content\/uploads\/2026\/04\/Armarios-empotrados-hechos-a-mano-169x300.jpeg"},"large":{"file":"Armarios-empotrados-hechos-a-mano-576x1024.jpeg","width":576,"height":1024,"mime-type":"image\/jpeg","filesize":146893,"url":"https:\/\/360mallorcaproperty.com\/wp-content\/uploads\/2026\/04\/Armarios-empotrados-hechos-a-mano-576x1024.jpeg"},"thumbnail":{"file":"Armarios-empotrados-hechos-a-mano-150x150.jpeg","width":150,"height":150,"mime-type":"image\/jpeg","filesize":8758,"url":"https:\/\/360mallorcaproperty.com\/wp-content\/uploads\/2026\/04\/Armarios-empotrados-hechos-a-mano-150x150.jpeg"},"medium_large":{"file":"Armarios-empotrados-hechos-a-mano-768x1365.jpeg","width":768,"height":1365,"mime-type":"image\/jpeg","filesize":240879,"url":"https:\/\/360mallorcaproperty.com\/wp-content\/uploads\/2026\/04\/Armarios-empotrados-hechos-a-mano-768x1365.jpeg"},"1536x1536":{"file":"Armarios-empotrados-hechos-a-mano-864x1536.jpeg","width":864,"height":1536,"mime-type":"image\/jpeg","filesize":290784,"url":"https:\/\/360mallorcaproperty.com\/wp-content\/uploads\/2026\/04\/Armarios-empotrados-hechos-a-mano-864x1536.jpeg"},"post-thumbnail":{"file":"Armarios-empotrados-hechos-a-mano-84x150.jpeg","width":84,"height":150,"mime-type":"image\/jpeg","filesize":4596,"url":"https:\/\/360mallorcaproperty.com\/wp-content\/uploads\/2026\/04\/Armarios-empotrados-hechos-a-mano-84x150.jpeg"},"modern-property-child-slider":{"file":"Armarios-empotrados-hechos-a-mano-680x510.jpeg","width":680,"height":510,"mime-type":"image\/jpeg","filesize":115215,"url":"https:\/\/360mallorcaproperty.com\/wp-content\/uploads\/2026\/04\/Armarios-empotrados-hechos-a-mano-680x510.jpeg"},"property-thumb-image":{"file":"Armarios-empotrados-hechos-a-mano-488x326.jpeg","width":488,"height":326,"mime-type":"image\/jpeg","filesize":56905,"url":"https:\/\/360mallorcaproperty.com\/wp-content\/uploads\/2026\/04\/Armarios-empotrados-hechos-a-mano-488x326.jpeg"},"property-detail-video-image":{"file":"Armarios-empotrados-hechos-a-mano-818x417.jpeg","width":818,"height":417,"mime-type":"image\/jpeg","filesize":112700,"url":"https:\/\/360mallorcaproperty.com\/wp-content\/uploads\/2026\/04\/Armarios-empotrados-hechos-a-mano-818x417.jpeg"},"agent-image":{"file":"Armarios-empotrados-hechos-a-mano-210x210.jpeg","width":210,"height":210,"mime-type":"image\/jpeg","filesize":17074,"url":"https:\/\/360mallorcaproperty.com\/wp-content\/uploads\/2026\/04\/Armarios-empotrados-hechos-a-mano-210x210.jpeg"},"partners-logo":{"file":"Armarios-empotrados-hechos-a-mano-600x1600.jpeg","width":600,"height":1600,"mime-type":"image\/jpeg","filesize":239312,"url":"https:\/\/360mallorcaproperty.com\/wp-content\/uploads\/2026\/04\/Armarios-empotrados-hechos-a-mano-600x1600.jpeg"},"post-featured-image":{"file":"Armarios-empotrados-hechos-a-mano-900x720.jpeg","width":900,"height":720,"mime-type":"image\/jpeg","filesize":218601,"url":"https:\/\/360mallorcaproperty.com\/wp-content\/uploads\/2026\/04\/Armarios-empotrados-hechos-a-mano-900x720.jpeg"}},"image_meta":{"aperture":"0","credit":"","camera":"","caption":"","created_timestamp":"0","copyright":"","focal_length":"0","iso":"0","shutter_speed":"0","title":"","orientation":"0","keywords":[]},"ID":"33189","name":"Armarios-empotrados-hechos-a-mano.jpeg","path":"\/home\/mallorcaproperty\/public_html\/wp-content\/uploads\/2026\/04\/Armarios-empotrados-hechos-a-mano.jpeg","url":"https:\/\/360mallorcaproperty.com\/wp-content\/uploads\/2026\/04\/Armarios-empotrados-hechos-a-mano-150x150.jpeg","full_url":"https:\/\/360mallorcaproperty.com\/wp-content\/uploads\/2026\/04\/Armarios-empotrados-hechos-a-mano.jpeg","title":"Armarios empotrados hechos a mano","caption":"","description":"","alt":"","srcset":"https:\/\/360mallorcaproperty.com\/wp-content\/uploads\/2026\/04\/Armarios-empotrados-hechos-a-mano-150x150.jpeg 150w, https:\/\/360mallorcaproperty.com\/wp-content\/uploads\/2026\/04\/Armarios-empotrados-hechos-a-mano-210x210.jpeg 210w"},{"width":150,"height":150,"file":"2026\/04\/Vistas-Balcon.jpeg","filesize":502556,"sizes":{"medium":{"file":"Vistas-Balcon-300x169.jpeg","width":300,"height":169,"mime-type":"image\/jpeg","filesize":15365,"url":"https:\/\/360mallorcaproperty.com\/wp-content\/uploads\/2026\/04\/Vistas-Balcon-300x169.jpeg"},"large":{"file":"Vistas-Balcon-1024x576.jpeg","width":1024,"height":576,"mime-type":"image\/jpeg","filesize":165811,"url":"https:\/\/360mallorcaproperty.com\/wp-content\/uploads\/2026\/04\/Vistas-Balcon-1024x576.jpeg"},"thumbnail":{"file":"Vistas-Balcon-150x150.jpeg","width":150,"height":150,"mime-type":"image\/jpeg","filesize":7246,"url":"https:\/\/360mallorcaproperty.com\/wp-content\/uploads\/2026\/04\/Vistas-Balcon-150x150.jpeg"},"medium_large":{"file":"Vistas-Balcon-768x432.jpeg","width":768,"height":432,"mime-type":"image\/jpeg","filesize":95580,"url":"https:\/\/360mallorcaproperty.com\/wp-content\/uploads\/2026\/04\/Vistas-Balcon-768x432.jpeg"},"1536x1536":{"file":"Vistas-Balcon-1536x864.jpeg","width":1536,"height":864,"mime-type":"image\/jpeg","filesize":339554,"url":"https:\/\/360mallorcaproperty.com\/wp-content\/uploads\/2026\/04\/Vistas-Balcon-1536x864.jpeg"},"post-thumbnail":{"file":"Vistas-Balcon-150x84.jpeg","width":150,"height":84,"mime-type":"image\/jpeg","filesize":4539,"url":"https:\/\/360mallorcaproperty.com\/wp-content\/uploads\/2026\/04\/Vistas-Balcon-150x84.jpeg"},"modern-property-child-slider":{"file":"Vistas-Balcon-680x510.jpeg","width":680,"height":510,"mime-type":"image\/jpeg","filesize":98551,"url":"https:\/\/360mallorcaproperty.com\/wp-content\/uploads\/2026\/04\/Vistas-Balcon-680x510.jpeg"},"property-thumb-image":{"file":"Vistas-Balcon-488x326.jpeg","width":488,"height":326,"mime-type":"image\/jpeg","filesize":46629,"url":"https:\/\/360mallorcaproperty.com\/wp-content\/uploads\/2026\/04\/Vistas-Balcon-488x326.jpeg"},"property-detail-video-image":{"file":"Vistas-Balcon-818x417.jpeg","width":818,"height":417,"mime-type":"image\/jpeg","filesize":101252,"url":"https:\/\/360mallorcaproperty.com\/wp-content\/uploads\/2026\/04\/Vistas-Balcon-818x417.jpeg"},"agent-image":{"file":"Vistas-Balcon-210x210.jpeg","width":210,"height":210,"mime-type":"image\/jpeg","filesize":13599,"url":"https:\/\/360mallorcaproperty.com\/wp-content\/uploads\/2026\/04\/Vistas-Balcon-210x210.jpeg"},"partners-logo":{"file":"Vistas-Balcon-600x900.jpeg","width":600,"height":900,"mime-type":"image\/jpeg","filesize":150961,"url":"https:\/\/360mallorcaproperty.com\/wp-content\/uploads\/2026\/04\/Vistas-Balcon-600x900.jpeg"},"post-featured-image":{"file":"Vistas-Balcon-1240x720.jpeg","width":1240,"height":720,"mime-type":"image\/jpeg","filesize":241703,"url":"https:\/\/360mallorcaproperty.com\/wp-content\/uploads\/2026\/04\/Vistas-Balcon-1240x720.jpeg"}},"image_meta":{"aperture":"0","credit":"","camera":"","caption":"","created_timestamp":"0","copyright":"","focal_length":"0","iso":"0","shutter_speed":"0","title":"","orientation":"0","keywords":[]},"ID":"33186","name":"Vistas-Balcon.jpeg","path":"\/home\/mallorcaproperty\/public_html\/wp-content\/uploads\/2026\/04\/Vistas-Balcon.jpeg","url":"https:\/\/360mallorcaproperty.com\/wp-content\/uploads\/2026\/04\/Vistas-Balcon-150x150.jpeg","full_url":"https:\/\/360mallorcaproperty.com\/wp-content\/uploads\/2026\/04\/Vistas-Balcon.jpeg","title":"Vistas Balcon","caption":"","description":"","alt":"","srcset":"https:\/\/360mallorcaproperty.com\/wp-content\/uploads\/2026\/04\/Vistas-Balcon-150x150.jpeg 150w, https:\/\/360mallorcaproperty.com\/wp-content\/uploads\/2026\/04\/Vistas-Balcon-210x210.jpeg 210w"},{"width":150,"height":150,"file":"2026\/04\/Balcon-2.jpeg","filesize":371936,"sizes":{"medium":{"file":"Balcon-2-300x169.jpeg","width":300,"height":169,"mime-type":"image\/jpeg","filesize":14366,"url":"https:\/\/360mallorcaproperty.com\/wp-content\/uploads\/2026\/04\/Balcon-2-300x169.jpeg"},"large":{"file":"Balcon-2-1024x576.jpeg","width":1024,"height":576,"mime-type":"image\/jpeg","filesize":123714,"url":"https:\/\/360mallorcaproperty.com\/wp-content\/uploads\/2026\/04\/Balcon-2-1024x576.jpeg"},"thumbnail":{"file":"Balcon-2-150x150.jpeg","width":150,"height":150,"mime-type":"image\/jpeg","filesize":7006,"url":"https:\/\/360mallorcaproperty.com\/wp-content\/uploads\/2026\/04\/Balcon-2-150x150.jpeg"},"medium_large":{"file":"Balcon-2-768x432.jpeg","width":768,"height":432,"mime-type":"image\/jpeg","filesize":74370,"url":"https:\/\/360mallorcaproperty.com\/wp-content\/uploads\/2026\/04\/Balcon-2-768x432.jpeg"},"1536x1536":{"file":"Balcon-2-1536x864.jpeg","width":1536,"height":864,"mime-type":"image\/jpeg","filesize":246199,"url":"https:\/\/360mallorcaproperty.com\/wp-content\/uploads\/2026\/04\/Balcon-2-1536x864.jpeg"},"post-thumbnail":{"file":"Balcon-2-150x84.jpeg","width":150,"height":84,"mime-type":"image\/jpeg","filesize":4734,"url":"https:\/\/360mallorcaproperty.com\/wp-content\/uploads\/2026\/04\/Balcon-2-150x84.jpeg"},"modern-property-child-slider":{"file":"Balcon-2-680x510.jpeg","width":680,"height":510,"mime-type":"image\/jpeg","filesize":78247,"url":"https:\/\/360mallorcaproperty.com\/wp-content\/uploads\/2026\/04\/Balcon-2-680x510.jpeg"},"property-thumb-image":{"file":"Balcon-2-488x326.jpeg","width":488,"height":326,"mime-type":"image\/jpeg","filesize":38533,"url":"https:\/\/360mallorcaproperty.com\/wp-content\/uploads\/2026\/04\/Balcon-2-488x326.jpeg"},"property-detail-video-image":{"file":"Balcon-2-818x417.jpeg","width":818,"height":417,"mime-type":"image\/jpeg","filesize":78881,"url":"https:\/\/360mallorcaproperty.com\/wp-content\/uploads\/2026\/04\/Balcon-2-818x417.jpeg"},"agent-image":{"file":"Balcon-2-210x210.jpeg","width":210,"height":210,"mime-type":"image\/jpeg","filesize":12610,"url":"https:\/\/360mallorcaproperty.com\/wp-content\/uploads\/2026\/04\/Balcon-2-210x210.jpeg"},"partners-logo":{"file":"Balcon-2-600x900.jpeg","width":600,"height":900,"mime-type":"image\/jpeg","filesize":138889,"url":"https:\/\/360mallorcaproperty.com\/wp-content\/uploads\/2026\/04\/Balcon-2-600x900.jpeg"},"post-featured-image":{"file":"Balcon-2-1240x720.jpeg","width":1240,"height":720,"mime-type":"image\/jpeg","filesize":176868,"url":"https:\/\/360mallorcaproperty.com\/wp-content\/uploads\/2026\/04\/Balcon-2-1240x720.jpeg"}},"image_meta":{"aperture":"0","credit":"","camera":"","caption":"","created_timestamp":"0","copyright":"","focal_length":"0","iso":"0","shutter_speed":"0","title":"","orientation":"0","keywords":[]},"ID":"33192","name":"Balcon-2.jpeg","path":"\/home\/mallorcaproperty\/public_html\/wp-content\/uploads\/2026\/04\/Balcon-2.jpeg","url":"https:\/\/360mallorcaproperty.com\/wp-content\/uploads\/2026\/04\/Balcon-2-150x150.jpeg","full_url":"https:\/\/360mallorcaproperty.com\/wp-content\/uploads\/2026\/04\/Balcon-2.jpeg","title":"Balcon 2","caption":"","description":"","alt":"","srcset":"https:\/\/360mallorcaproperty.com\/wp-content\/uploads\/2026\/04\/Balcon-2-150x150.jpeg 150w, https:\/\/360mallorcaproperty.com\/wp-content\/uploads\/2026\/04\/Balcon-2-210x210.jpeg 210w"},{"width":150,"height":150,"file":"2026\/04\/Balcon-3.jpeg","filesize":519982,"sizes":{"medium":{"file":"Balcon-3-300x169.jpeg","width":300,"height":169,"mime-type":"image\/jpeg","filesize":18624,"url":"https:\/\/360mallorcaproperty.com\/wp-content\/uploads\/2026\/04\/Balcon-3-300x169.jpeg"},"large":{"file":"Balcon-3-1024x576.jpeg","width":1024,"height":576,"mime-type":"image\/jpeg","filesize":167843,"url":"https:\/\/360mallorcaproperty.com\/wp-content\/uploads\/2026\/04\/Balcon-3-1024x576.jpeg"},"thumbnail":{"file":"Balcon-3-150x150.jpeg","width":150,"height":150,"mime-type":"image\/jpeg","filesize":9478,"url":"https:\/\/360mallorcaproperty.com\/wp-content\/uploads\/2026\/04\/Balcon-3-150x150.jpeg"},"medium_large":{"file":"Balcon-3-768x432.jpeg","width":768,"height":432,"mime-type":"image\/jpeg","filesize":100313,"url":"https:\/\/360mallorcaproperty.com\/wp-content\/uploads\/2026\/04\/Balcon-3-768x432.jpeg"},"1536x1536":{"file":"Balcon-3-1536x864.jpeg","width":1536,"height":864,"mime-type":"image\/jpeg","filesize":336152,"url":"https:\/\/360mallorcaproperty.com\/wp-content\/uploads\/2026\/04\/Balcon-3-1536x864.jpeg"},"post-thumbnail":{"file":"Balcon-3-150x84.jpeg","width":150,"height":84,"mime-type":"image\/jpeg","filesize":5646,"url":"https:\/\/360mallorcaproperty.com\/wp-content\/uploads\/2026\/04\/Balcon-3-150x84.jpeg"},"modern-property-child-slider":{"file":"Balcon-3-680x510.jpeg","width":680,"height":510,"mime-type":"image\/jpeg","filesize":113036,"url":"https:\/\/360mallorcaproperty.com\/wp-content\/uploads\/2026\/04\/Balcon-3-680x510.jpeg"},"property-thumb-image":{"file":"Balcon-3-488x326.jpeg","width":488,"height":326,"mime-type":"image\/jpeg","filesize":53983,"url":"https:\/\/360mallorcaproperty.com\/wp-content\/uploads\/2026\/04\/Balcon-3-488x326.jpeg"},"property-detail-video-image":{"file":"Balcon-3-818x417.jpeg","width":818,"height":417,"mime-type":"image\/jpeg","filesize":108846,"url":"https:\/\/360mallorcaproperty.com\/wp-content\/uploads\/2026\/04\/Balcon-3-818x417.jpeg"},"agent-image":{"file":"Balcon-3-210x210.jpeg","width":210,"height":210,"mime-type":"image\/jpeg","filesize":17469,"url":"https:\/\/360mallorcaproperty.com\/wp-content\/uploads\/2026\/04\/Balcon-3-210x210.jpeg"},"partners-logo":{"file":"Balcon-3-600x900.jpeg","width":600,"height":900,"mime-type":"image\/jpeg","filesize":178356,"url":"https:\/\/360mallorcaproperty.com\/wp-content\/uploads\/2026\/04\/Balcon-3-600x900.jpeg"},"post-featured-image":{"file":"Balcon-3-1240x720.jpeg","width":1240,"height":720,"mime-type":"image\/jpeg","filesize":242975,"url":"https:\/\/360mallorcaproperty.com\/wp-content\/uploads\/2026\/04\/Balcon-3-1240x720.jpeg"}},"image_meta":{"aperture":"0","credit":"","camera":"","caption":"","created_timestamp":"0","copyright":"","focal_length":"0","iso":"0","shutter_speed":"0","title":"","orientation":"0","keywords":[]},"ID":"33195","name":"Balcon-3.jpeg","path":"\/home\/mallorcaproperty\/public_html\/wp-content\/uploads\/2026\/04\/Balcon-3.jpeg","url":"https:\/\/360mallorcaproperty.com\/wp-content\/uploads\/2026\/04\/Balcon-3-150x150.jpeg","full_url":"https:\/\/360mallorcaproperty.com\/wp-content\/uploads\/2026\/04\/Balcon-3.jpeg","title":"Balcon 3","caption":"","description":"","alt":"","srcset":"https:\/\/360mallorcaproperty.com\/wp-content\/uploads\/2026\/04\/Balcon-3-150x150.jpeg 150w, https:\/\/360mallorcaproperty.com\/wp-content\/uploads\/2026\/04\/Balcon-3-210x210.jpeg 210w"},{"width":150,"height":150,"file":"2026\/04\/Balcon.jpeg","filesize":389945,"sizes":{"medium":{"file":"Balcon-300x169.jpeg","width":300,"height":169,"mime-type":"image\/jpeg","filesize":14958,"url":"https:\/\/360mallorcaproperty.com\/wp-content\/uploads\/2026\/04\/Balcon-300x169.jpeg"},"large":{"file":"Balcon-1024x576.jpeg","width":1024,"height":576,"mime-type":"image\/jpeg","filesize":129933,"url":"https:\/\/360mallorcaproperty.com\/wp-content\/uploads\/2026\/04\/Balcon-1024x576.jpeg"},"thumbnail":{"file":"Balcon-150x150.jpeg","width":150,"height":150,"mime-type":"image\/jpeg","filesize":6674,"url":"https:\/\/360mallorcaproperty.com\/wp-content\/uploads\/2026\/04\/Balcon-150x150.jpeg"},"medium_large":{"file":"Balcon-768x432.jpeg","width":768,"height":432,"mime-type":"image\/jpeg","filesize":77872,"url":"https:\/\/360mallorcaproperty.com\/wp-content\/uploads\/2026\/04\/Balcon-768x432.jpeg"},"1536x1536":{"file":"Balcon-1536x864.jpeg","width":1536,"height":864,"mime-type":"image\/jpeg","filesize":257735,"url":"https:\/\/360mallorcaproperty.com\/wp-content\/uploads\/2026\/04\/Balcon-1536x864.jpeg"},"post-thumbnail":{"file":"Balcon-150x84.jpeg","width":150,"height":84,"mime-type":"image\/jpeg","filesize":4766,"url":"https:\/\/360mallorcaproperty.com\/wp-content\/uploads\/2026\/04\/Balcon-150x84.jpeg"},"modern-property-child-slider":{"file":"Balcon-680x510.jpeg","width":680,"height":510,"mime-type":"image\/jpeg","filesize":77468,"url":"https:\/\/360mallorcaproperty.com\/wp-content\/uploads\/2026\/04\/Balcon-680x510.jpeg"},"property-thumb-image":{"file":"Balcon-488x326.jpeg","width":488,"height":326,"mime-type":"image\/jpeg","filesize":39330,"url":"https:\/\/360mallorcaproperty.com\/wp-content\/uploads\/2026\/04\/Balcon-488x326.jpeg"},"property-detail-video-image":{"file":"Balcon-818x417.jpeg","width":818,"height":417,"mime-type":"image\/jpeg","filesize":83383,"url":"https:\/\/360mallorcaproperty.com\/wp-content\/uploads\/2026\/04\/Balcon-818x417.jpeg"},"agent-image":{"file":"Balcon-210x210.jpeg","width":210,"height":210,"mime-type":"image\/jpeg","filesize":12116,"url":"https:\/\/360mallorcaproperty.com\/wp-content\/uploads\/2026\/04\/Balcon-210x210.jpeg"},"partners-logo":{"file":"Balcon-600x900.jpeg","width":600,"height":900,"mime-type":"image\/jpeg","filesize":118642,"url":"https:\/\/360mallorcaproperty.com\/wp-content\/uploads\/2026\/04\/Balcon-600x900.jpeg"},"post-featured-image":{"file":"Balcon-1240x720.jpeg","width":1240,"height":720,"mime-type":"image\/jpeg","filesize":184669,"url":"https:\/\/360mallorcaproperty.com\/wp-content\/uploads\/2026\/04\/Balcon-1240x720.jpeg"}},"image_meta":{"aperture":"0","credit":"","camera":"","caption":"","created_timestamp":"0","copyright":"","focal_length":"0","iso":"0","shutter_speed":"0","title":"","orientation":"0","keywords":[]},"ID":"33198","name":"Balcon.jpeg","path":"\/home\/mallorcaproperty\/public_html\/wp-content\/uploads\/2026\/04\/Balcon.jpeg","url":"https:\/\/360mallorcaproperty.com\/wp-content\/uploads\/2026\/04\/Balcon-150x150.jpeg","full_url":"https:\/\/360mallorcaproperty.com\/wp-content\/uploads\/2026\/04\/Balcon.jpeg","title":"Balcon","caption":"","description":"","alt":"","srcset":"https:\/\/360mallorcaproperty.com\/wp-content\/uploads\/2026\/04\/Balcon-150x150.jpeg 150w, https:\/\/360mallorcaproperty.com\/wp-content\/uploads\/2026\/04\/Balcon-210x210.jpeg 210w"},{"width":150,"height":150,"file":"2026\/04\/BBQ-1.jpeg","filesize":360915,"sizes":{"medium":{"file":"BBQ-1-300x169.jpeg","width":300,"height":169,"mime-type":"image\/jpeg","filesize":17455,"url":"https:\/\/360mallorcaproperty.com\/wp-content\/uploads\/2026\/04\/BBQ-1-300x169.jpeg"},"large":{"file":"BBQ-1-1024x576.jpeg","width":1024,"height":576,"mime-type":"image\/jpeg","filesize":131237,"url":"https:\/\/360mallorcaproperty.com\/wp-content\/uploads\/2026\/04\/BBQ-1-1024x576.jpeg"},"thumbnail":{"file":"BBQ-1-150x150.jpeg","width":150,"height":150,"mime-type":"image\/jpeg","filesize":9266,"url":"https:\/\/360mallorcaproperty.com\/wp-content\/uploads\/2026\/04\/BBQ-1-150x150.jpeg"},"medium_large":{"file":"BBQ-1-768x432.jpeg","width":768,"height":432,"mime-type":"image\/jpeg","filesize":80707,"url":"https:\/\/360mallorcaproperty.com\/wp-content\/uploads\/2026\/04\/BBQ-1-768x432.jpeg"},"1536x1536":{"file":"BBQ-1-1536x864.jpeg","width":1536,"height":864,"mime-type":"image\/jpeg","filesize":257112,"url":"https:\/\/360mallorcaproperty.com\/wp-content\/uploads\/2026\/04\/BBQ-1-1536x864.jpeg"},"post-thumbnail":{"file":"BBQ-1-150x84.jpeg","width":150,"height":84,"mime-type":"image\/jpeg","filesize":5900,"url":"https:\/\/360mallorcaproperty.com\/wp-content\/uploads\/2026\/04\/BBQ-1-150x84.jpeg"},"modern-property-child-slider":{"file":"BBQ-1-680x510.jpeg","width":680,"height":510,"mime-type":"image\/jpeg","filesize":81770,"url":"https:\/\/360mallorcaproperty.com\/wp-content\/uploads\/2026\/04\/BBQ-1-680x510.jpeg"},"property-thumb-image":{"file":"BBQ-1-488x326.jpeg","width":488,"height":326,"mime-type":"image\/jpeg","filesize":43709,"url":"https:\/\/360mallorcaproperty.com\/wp-content\/uploads\/2026\/04\/BBQ-1-488x326.jpeg"},"property-detail-video-image":{"file":"BBQ-1-818x417.jpeg","width":818,"height":417,"mime-type":"image\/jpeg","filesize":83567,"url":"https:\/\/360mallorcaproperty.com\/wp-content\/uploads\/2026\/04\/BBQ-1-818x417.jpeg"},"agent-image":{"file":"BBQ-1-210x210.jpeg","width":210,"height":210,"mime-type":"image\/jpeg","filesize":15882,"url":"https:\/\/360mallorcaproperty.com\/wp-content\/uploads\/2026\/04\/BBQ-1-210x210.jpeg"},"partners-logo":{"file":"BBQ-1-600x900.jpeg","width":600,"height":900,"mime-type":"image\/jpeg","filesize":121777,"url":"https:\/\/360mallorcaproperty.com\/wp-content\/uploads\/2026\/04\/BBQ-1-600x900.jpeg"},"post-featured-image":{"file":"BBQ-1-1240x720.jpeg","width":1240,"height":720,"mime-type":"image\/jpeg","filesize":185381,"url":"https:\/\/360mallorcaproperty.com\/wp-content\/uploads\/2026\/04\/BBQ-1-1240x720.jpeg"}},"image_meta":{"aperture":"0","credit":"","camera":"","caption":"","created_timestamp":"0","copyright":"","focal_length":"0","iso":"0","shutter_speed":"0","title":"","orientation":"0","keywords":[]},"ID":"33207","name":"BBQ-1.jpeg","path":"\/home\/mallorcaproperty\/public_html\/wp-content\/uploads\/2026\/04\/BBQ-1.jpeg","url":"https:\/\/360mallorcaproperty.com\/wp-content\/uploads\/2026\/04\/BBQ-1-150x150.jpeg","full_url":"https:\/\/360mallorcaproperty.com\/wp-content\/uploads\/2026\/04\/BBQ-1.jpeg","title":"BBQ 1","caption":"","description":"","alt":"","srcset":"https:\/\/360mallorcaproperty.com\/wp-content\/uploads\/2026\/04\/BBQ-1-150x150.jpeg 150w, https:\/\/360mallorcaproperty.com\/wp-content\/uploads\/2026\/04\/BBQ-1-210x210.jpeg 210w"},{"width":150,"height":150,"file":"2026\/04\/BBQ.jpeg","filesize":334398,"sizes":{"medium":{"file":"BBQ-300x169.jpeg","width":300,"height":169,"mime-type":"image\/jpeg","filesize":15790,"url":"https:\/\/360mallorcaproperty.com\/wp-content\/uploads\/2026\/04\/BBQ-300x169.jpeg"},"large":{"file":"BBQ-1024x576.jpeg","width":1024,"height":576,"mime-type":"image\/jpeg","filesize":118813,"url":"https:\/\/360mallorcaproperty.com\/wp-content\/uploads\/2026\/04\/BBQ-1024x576.jpeg"},"thumbnail":{"file":"BBQ-150x150.jpeg","width":150,"height":150,"mime-type":"image\/jpeg","filesize":7906,"url":"https:\/\/360mallorcaproperty.com\/wp-content\/uploads\/2026\/04\/BBQ-150x150.jpeg"},"medium_large":{"file":"BBQ-768x432.jpeg","width":768,"height":432,"mime-type":"image\/jpeg","filesize":72939,"url":"https:\/\/360mallorcaproperty.com\/wp-content\/uploads\/2026\/04\/BBQ-768x432.jpeg"},"1536x1536":{"file":"BBQ-1536x864.jpeg","width":1536,"height":864,"mime-type":"image\/jpeg","filesize":232603,"url":"https:\/\/360mallorcaproperty.com\/wp-content\/uploads\/2026\/04\/BBQ-1536x864.jpeg"},"post-thumbnail":{"file":"BBQ-150x84.jpeg","width":150,"height":84,"mime-type":"image\/jpeg","filesize":5487,"url":"https:\/\/360mallorcaproperty.com\/wp-content\/uploads\/2026\/04\/BBQ-150x84.jpeg"},"modern-property-child-slider":{"file":"BBQ-680x510.jpeg","width":680,"height":510,"mime-type":"image\/jpeg","filesize":70105,"url":"https:\/\/360mallorcaproperty.com\/wp-content\/uploads\/2026\/04\/BBQ-680x510.jpeg"},"property-thumb-image":{"file":"BBQ-488x326.jpeg","width":488,"height":326,"mime-type":"image\/jpeg","filesize":37326,"url":"https:\/\/360mallorcaproperty.com\/wp-content\/uploads\/2026\/04\/BBQ-488x326.jpeg"},"property-detail-video-image":{"file":"BBQ-818x417.jpeg","width":818,"height":417,"mime-type":"image\/jpeg","filesize":75117,"url":"https:\/\/360mallorcaproperty.com\/wp-content\/uploads\/2026\/04\/BBQ-818x417.jpeg"},"agent-image":{"file":"BBQ-210x210.jpeg","width":210,"height":210,"mime-type":"image\/jpeg","filesize":13352,"url":"https:\/\/360mallorcaproperty.com\/wp-content\/uploads\/2026\/04\/BBQ-210x210.jpeg"},"partners-logo":{"file":"BBQ-600x900.jpeg","width":600,"height":900,"mime-type":"image\/jpeg","filesize":114896,"url":"https:\/\/360mallorcaproperty.com\/wp-content\/uploads\/2026\/04\/BBQ-600x900.jpeg"},"post-featured-image":{"file":"BBQ-1240x720.jpeg","width":1240,"height":720,"mime-type":"image\/jpeg","filesize":166977,"url":"https:\/\/360mallorcaproperty.com\/wp-content\/uploads\/2026\/04\/BBQ-1240x720.jpeg"}},"image_meta":{"aperture":"0","credit":"","camera":"","caption":"","created_timestamp":"0","copyright":"","focal_length":"0","iso":"0","shutter_speed":"0","title":"","orientation":"0","keywords":[]},"ID":"33210","name":"BBQ.jpeg","path":"\/home\/mallorcaproperty\/public_html\/wp-content\/uploads\/2026\/04\/BBQ.jpeg","url":"https:\/\/360mallorcaproperty.com\/wp-content\/uploads\/2026\/04\/BBQ-150x150.jpeg","full_url":"https:\/\/360mallorcaproperty.com\/wp-content\/uploads\/2026\/04\/BBQ.jpeg","title":"BBQ","caption":"","description":"","alt":"","srcset":"https:\/\/360mallorcaproperty.com\/wp-content\/uploads\/2026\/04\/BBQ-150x150.jpeg 150w, https:\/\/360mallorcaproperty.com\/wp-content\/uploads\/2026\/04\/BBQ-210x210.jpeg 210w"},{"width":150,"height":150,"file":"2026\/04\/Jacuzzi.jpeg","filesize":329806,"sizes":{"medium":{"file":"Jacuzzi-300x169.jpeg","width":300,"height":169,"mime-type":"image\/jpeg","filesize":14316,"url":"https:\/\/360mallorcaproperty.com\/wp-content\/uploads\/2026\/04\/Jacuzzi-300x169.jpeg"},"large":{"file":"Jacuzzi-1024x576.jpeg","width":1024,"height":576,"mime-type":"image\/jpeg","filesize":115558,"url":"https:\/\/360mallorcaproperty.com\/wp-content\/uploads\/2026\/04\/Jacuzzi-1024x576.jpeg"},"thumbnail":{"file":"Jacuzzi-150x150.jpeg","width":150,"height":150,"mime-type":"image\/jpeg","filesize":6757,"url":"https:\/\/360mallorcaproperty.com\/wp-content\/uploads\/2026\/04\/Jacuzzi-150x150.jpeg"},"medium_large":{"file":"Jacuzzi-768x432.jpeg","width":768,"height":432,"mime-type":"image\/jpeg","filesize":70527,"url":"https:\/\/360mallorcaproperty.com\/wp-content\/uploads\/2026\/04\/Jacuzzi-768x432.jpeg"},"1536x1536":{"file":"Jacuzzi-1536x864.jpeg","width":1536,"height":864,"mime-type":"image\/jpeg","filesize":224864,"url":"https:\/\/360mallorcaproperty.com\/wp-content\/uploads\/2026\/04\/Jacuzzi-1536x864.jpeg"},"post-thumbnail":{"file":"Jacuzzi-150x84.jpeg","width":150,"height":84,"mime-type":"image\/jpeg","filesize":4891,"url":"https:\/\/360mallorcaproperty.com\/wp-content\/uploads\/2026\/04\/Jacuzzi-150x84.jpeg"},"modern-property-child-slider":{"file":"Jacuzzi-680x510.jpeg","width":680,"height":510,"mime-type":"image\/jpeg","filesize":68546,"url":"https:\/\/360mallorcaproperty.com\/wp-content\/uploads\/2026\/04\/Jacuzzi-680x510.jpeg"},"property-thumb-image":{"file":"Jacuzzi-488x326.jpeg","width":488,"height":326,"mime-type":"image\/jpeg","filesize":36005,"url":"https:\/\/360mallorcaproperty.com\/wp-content\/uploads\/2026\/04\/Jacuzzi-488x326.jpeg"},"property-detail-video-image":{"file":"Jacuzzi-818x417.jpeg","width":818,"height":417,"mime-type":"image\/jpeg","filesize":72995,"url":"https:\/\/360mallorcaproperty.com\/wp-content\/uploads\/2026\/04\/Jacuzzi-818x417.jpeg"},"agent-image":{"file":"Jacuzzi-210x210.jpeg","width":210,"height":210,"mime-type":"image\/jpeg","filesize":11524,"url":"https:\/\/360mallorcaproperty.com\/wp-content\/uploads\/2026\/04\/Jacuzzi-210x210.jpeg"},"partners-logo":{"file":"Jacuzzi-600x900.jpeg","width":600,"height":900,"mime-type":"image\/jpeg","filesize":97749,"url":"https:\/\/360mallorcaproperty.com\/wp-content\/uploads\/2026\/04\/Jacuzzi-600x900.jpeg"},"post-featured-image":{"file":"Jacuzzi-1240x720.jpeg","width":1240,"height":720,"mime-type":"image\/jpeg","filesize":161998,"url":"https:\/\/360mallorcaproperty.com\/wp-content\/uploads\/2026\/04\/Jacuzzi-1240x720.jpeg"}},"image_meta":{"aperture":"0","credit":"","camera":"","caption":"","created_timestamp":"0","copyright":"","focal_length":"0","iso":"0","shutter_speed":"0","title":"","orientation":"0","keywords":[]},"ID":"33267","name":"Jacuzzi.jpeg","path":"\/home\/mallorcaproperty\/public_html\/wp-content\/uploads\/2026\/04\/Jacuzzi.jpeg","url":"https:\/\/360mallorcaproperty.com\/wp-content\/uploads\/2026\/04\/Jacuzzi-150x150.jpeg","full_url":"https:\/\/360mallorcaproperty.com\/wp-content\/uploads\/2026\/04\/Jacuzzi.jpeg","title":"Jacuzzi","caption":"","description":"","alt":"","srcset":"https:\/\/360mallorcaproperty.com\/wp-content\/uploads\/2026\/04\/Jacuzzi-150x150.jpeg 150w, https:\/\/360mallorcaproperty.com\/wp-content\/uploads\/2026\/04\/Jacuzzi-210x210.jpeg 210w"},{"width":150,"height":150,"file":"2026\/04\/Piscina-fachada.jpeg","filesize":350518,"sizes":{"medium":{"file":"Piscina-fachada-300x169.jpeg","width":300,"height":169,"mime-type":"image\/jpeg","filesize":15286,"url":"https:\/\/360mallorcaproperty.com\/wp-content\/uploads\/2026\/04\/Piscina-fachada-300x169.jpeg"},"large":{"file":"Piscina-fachada-1024x576.jpeg","width":1024,"height":576,"mime-type":"image\/jpeg","filesize":121891,"url":"https:\/\/360mallorcaproperty.com\/wp-content\/uploads\/2026\/04\/Piscina-fachada-1024x576.jpeg"},"thumbnail":{"file":"Piscina-fachada-150x150.jpeg","width":150,"height":150,"mime-type":"image\/jpeg","filesize":7144,"url":"https:\/\/360mallorcaproperty.com\/wp-content\/uploads\/2026\/04\/Piscina-fachada-150x150.jpeg"},"medium_large":{"file":"Piscina-fachada-768x432.jpeg","width":768,"height":432,"mime-type":"image\/jpeg","filesize":73877,"url":"https:\/\/360mallorcaproperty.com\/wp-content\/uploads\/2026\/04\/Piscina-fachada-768x432.jpeg"},"1536x1536":{"file":"Piscina-fachada-1536x864.jpeg","width":1536,"height":864,"mime-type":"image\/jpeg","filesize":240071,"url":"https:\/\/360mallorcaproperty.com\/wp-content\/uploads\/2026\/04\/Piscina-fachada-1536x864.jpeg"},"post-thumbnail":{"file":"Piscina-fachada-150x84.jpeg","width":150,"height":84,"mime-type":"image\/jpeg","filesize":5232,"url":"https:\/\/360mallorcaproperty.com\/wp-content\/uploads\/2026\/04\/Piscina-fachada-150x84.jpeg"},"modern-property-child-slider":{"file":"Piscina-fachada-680x510.jpeg","width":680,"height":510,"mime-type":"image\/jpeg","filesize":73814,"url":"https:\/\/360mallorcaproperty.com\/wp-content\/uploads\/2026\/04\/Piscina-fachada-680x510.jpeg"},"property-thumb-image":{"file":"Piscina-fachada-488x326.jpeg","width":488,"height":326,"mime-type":"image\/jpeg","filesize":38258,"url":"https:\/\/360mallorcaproperty.com\/wp-content\/uploads\/2026\/04\/Piscina-fachada-488x326.jpeg"},"property-detail-video-image":{"file":"Piscina-fachada-818x417.jpeg","width":818,"height":417,"mime-type":"image\/jpeg","filesize":77066,"url":"https:\/\/360mallorcaproperty.com\/wp-content\/uploads\/2026\/04\/Piscina-fachada-818x417.jpeg"},"agent-image":{"file":"Piscina-fachada-210x210.jpeg","width":210,"height":210,"mime-type":"image\/jpeg","filesize":12254,"url":"https:\/\/360mallorcaproperty.com\/wp-content\/uploads\/2026\/04\/Piscina-fachada-210x210.jpeg"},"partners-logo":{"file":"Piscina-fachada-600x900.jpeg","width":600,"height":900,"mime-type":"image\/jpeg","filesize":112864,"url":"https:\/\/360mallorcaproperty.com\/wp-content\/uploads\/2026\/04\/Piscina-fachada-600x900.jpeg"},"post-featured-image":{"file":"Piscina-fachada-1240x720.jpeg","width":1240,"height":720,"mime-type":"image\/jpeg","filesize":172732,"url":"https:\/\/360mallorcaproperty.com\/wp-content\/uploads\/2026\/04\/Piscina-fachada-1240x720.jpeg"}},"image_meta":{"aperture":"0","credit":"","camera":"","caption":"","created_timestamp":"0","copyright":"","focal_length":"0","iso":"0","shutter_speed":"0","title":"","orientation":"0","keywords":[]},"ID":"33276","name":"Piscina-fachada.jpeg","path":"\/home\/mallorcaproperty\/public_html\/wp-content\/uploads\/2026\/04\/Piscina-fachada.jpeg","url":"https:\/\/360mallorcaproperty.com\/wp-content\/uploads\/2026\/04\/Piscina-fachada-150x150.jpeg","full_url":"https:\/\/360mallorcaproperty.com\/wp-content\/uploads\/2026\/04\/Piscina-fachada.jpeg","title":"Piscina fachada","caption":"","description":"","alt":"","srcset":"https:\/\/360mallorcaproperty.com\/wp-content\/uploads\/2026\/04\/Piscina-fachada-150x150.jpeg 150w, https:\/\/360mallorcaproperty.com\/wp-content\/uploads\/2026\/04\/Piscina-fachada-210x210.jpeg 210w"},{"width":150,"height":150,"file":"2026\/04\/Jardin.jpeg","filesize":401161,"sizes":{"medium":{"file":"Jardin-300x169.jpeg","width":300,"height":169,"mime-type":"image\/jpeg","filesize":17198,"url":"https:\/\/360mallorcaproperty.com\/wp-content\/uploads\/2026\/04\/Jardin-300x169.jpeg"},"large":{"file":"Jardin-1024x576.jpeg","width":1024,"height":576,"mime-type":"image\/jpeg","filesize":143594,"url":"https:\/\/360mallorcaproperty.com\/wp-content\/uploads\/2026\/04\/Jardin-1024x576.jpeg"},"thumbnail":{"file":"Jardin-150x150.jpeg","width":150,"height":150,"mime-type":"image\/jpeg","filesize":7553,"url":"https:\/\/360mallorcaproperty.com\/wp-content\/uploads\/2026\/04\/Jardin-150x150.jpeg"},"medium_large":{"file":"Jardin-768x432.jpeg","width":768,"height":432,"mime-type":"image\/jpeg","filesize":86663,"url":"https:\/\/360mallorcaproperty.com\/wp-content\/uploads\/2026\/04\/Jardin-768x432.jpeg"},"1536x1536":{"file":"Jardin-1536x864.jpeg","width":1536,"height":864,"mime-type":"image\/jpeg","filesize":278445,"url":"https:\/\/360mallorcaproperty.com\/wp-content\/uploads\/2026\/04\/Jardin-1536x864.jpeg"},"post-thumbnail":{"file":"Jardin-150x84.jpeg","width":150,"height":84,"mime-type":"image\/jpeg","filesize":5694,"url":"https:\/\/360mallorcaproperty.com\/wp-content\/uploads\/2026\/04\/Jardin-150x84.jpeg"},"modern-property-child-slider":{"file":"Jardin-680x510.jpeg","width":680,"height":510,"mime-type":"image\/jpeg","filesize":88518,"url":"https:\/\/360mallorcaproperty.com\/wp-content\/uploads\/2026\/04\/Jardin-680x510.jpeg"},"property-thumb-image":{"file":"Jardin-488x326.jpeg","width":488,"height":326,"mime-type":"image\/jpeg","filesize":45075,"url":"https:\/\/360mallorcaproperty.com\/wp-content\/uploads\/2026\/04\/Jardin-488x326.jpeg"},"property-detail-video-image":{"file":"Jardin-818x417.jpeg","width":818,"height":417,"mime-type":"image\/jpeg","filesize":89125,"url":"https:\/\/360mallorcaproperty.com\/wp-content\/uploads\/2026\/04\/Jardin-818x417.jpeg"},"agent-image":{"file":"Jardin-210x210.jpeg","width":210,"height":210,"mime-type":"image\/jpeg","filesize":13570,"url":"https:\/\/360mallorcaproperty.com\/wp-content\/uploads\/2026\/04\/Jardin-210x210.jpeg"},"partners-logo":{"file":"Jardin-600x900.jpeg","width":600,"height":900,"mime-type":"image\/jpeg","filesize":116208,"url":"https:\/\/360mallorcaproperty.com\/wp-content\/uploads\/2026\/04\/Jardin-600x900.jpeg"},"post-featured-image":{"file":"Jardin-1240x720.jpeg","width":1240,"height":720,"mime-type":"image\/jpeg","filesize":202654,"url":"https:\/\/360mallorcaproperty.com\/wp-content\/uploads\/2026\/04\/Jardin-1240x720.jpeg"}},"image_meta":{"aperture":"0","credit":"","camera":"","caption":"","created_timestamp":"0","copyright":"","focal_length":"0","iso":"0","shutter_speed":"0","title":"","orientation":"0","keywords":[]},"ID":"33270","name":"Jardin.jpeg","path":"\/home\/mallorcaproperty\/public_html\/wp-content\/uploads\/2026\/04\/Jardin.jpeg","url":"https:\/\/360mallorcaproperty.com\/wp-content\/uploads\/2026\/04\/Jardin-150x150.jpeg","full_url":"https:\/\/360mallorcaproperty.com\/wp-content\/uploads\/2026\/04\/Jardin.jpeg","title":"Jardin","caption":"","description":"","alt":"","srcset":"https:\/\/360mallorcaproperty.com\/wp-content\/uploads\/2026\/04\/Jardin-150x150.jpeg 150w, https:\/\/360mallorcaproperty.com\/wp-content\/uploads\/2026\/04\/Jardin-210x210.jpeg 210w"},{"width":150,"height":150,"file":"2026\/04\/Garaje.jpeg","filesize":340291,"sizes":{"medium":{"file":"Garaje-300x169.jpeg","width":300,"height":169,"mime-type":"image\/jpeg","filesize":13283,"url":"https:\/\/360mallorcaproperty.com\/wp-content\/uploads\/2026\/04\/Garaje-300x169.jpeg"},"large":{"file":"Garaje-1024x576.jpeg","width":1024,"height":576,"mime-type":"image\/jpeg","filesize":116167,"url":"https:\/\/360mallorcaproperty.com\/wp-content\/uploads\/2026\/04\/Garaje-1024x576.jpeg"},"thumbnail":{"file":"Garaje-150x150.jpeg","width":150,"height":150,"mime-type":"image\/jpeg","filesize":5729,"url":"https:\/\/360mallorcaproperty.com\/wp-content\/uploads\/2026\/04\/Garaje-150x150.jpeg"},"medium_large":{"file":"Garaje-768x432.jpeg","width":768,"height":432,"mime-type":"image\/jpeg","filesize":69359,"url":"https:\/\/360mallorcaproperty.com\/wp-content\/uploads\/2026\/04\/Garaje-768x432.jpeg"},"1536x1536":{"file":"Garaje-1536x864.jpeg","width":1536,"height":864,"mime-type":"image\/jpeg","filesize":232340,"url":"https:\/\/360mallorcaproperty.com\/wp-content\/uploads\/2026\/04\/Garaje-1536x864.jpeg"},"post-thumbnail":{"file":"Garaje-150x84.jpeg","width":150,"height":84,"mime-type":"image\/jpeg","filesize":4348,"url":"https:\/\/360mallorcaproperty.com\/wp-content\/uploads\/2026\/04\/Garaje-150x84.jpeg"},"modern-property-child-slider":{"file":"Garaje-680x510.jpeg","width":680,"height":510,"mime-type":"image\/jpeg","filesize":65072,"url":"https:\/\/360mallorcaproperty.com\/wp-content\/uploads\/2026\/04\/Garaje-680x510.jpeg"},"property-thumb-image":{"file":"Garaje-488x326.jpeg","width":488,"height":326,"mime-type":"image\/jpeg","filesize":34134,"url":"https:\/\/360mallorcaproperty.com\/wp-content\/uploads\/2026\/04\/Garaje-488x326.jpeg"},"property-detail-video-image":{"file":"Garaje-818x417.jpeg","width":818,"height":417,"mime-type":"image\/jpeg","filesize":73502,"url":"https:\/\/360mallorcaproperty.com\/wp-content\/uploads\/2026\/04\/Garaje-818x417.jpeg"},"agent-image":{"file":"Garaje-210x210.jpeg","width":210,"height":210,"mime-type":"image\/jpeg","filesize":9931,"url":"https:\/\/360mallorcaproperty.com\/wp-content\/uploads\/2026\/04\/Garaje-210x210.jpeg"},"partners-logo":{"file":"Garaje-600x900.jpeg","width":600,"height":900,"mime-type":"image\/jpeg","filesize":86581,"url":"https:\/\/360mallorcaproperty.com\/wp-content\/uploads\/2026\/04\/Garaje-600x900.jpeg"},"post-featured-image":{"file":"Garaje-1240x720.jpeg","width":1240,"height":720,"mime-type":"image\/jpeg","filesize":165153,"url":"https:\/\/360mallorcaproperty.com\/wp-content\/uploads\/2026\/04\/Garaje-1240x720.jpeg"}},"image_meta":{"aperture":"0","credit":"","camera":"","caption":"","created_timestamp":"0","copyright":"","focal_length":"0","iso":"0","shutter_speed":"0","title":"","orientation":"0","keywords":[]},"ID":"33228","name":"Garaje.jpeg","path":"\/home\/mallorcaproperty\/public_html\/wp-content\/uploads\/2026\/04\/Garaje.jpeg","url":"https:\/\/360mallorcaproperty.com\/wp-content\/uploads\/2026\/04\/Garaje-150x150.jpeg","full_url":"https:\/\/360mallorcaproperty.com\/wp-content\/uploads\/2026\/04\/Garaje.jpeg","title":"Garaje","caption":"","description":"","alt":"","srcset":"https:\/\/360mallorcaproperty.com\/wp-content\/uploads\/2026\/04\/Garaje-150x150.jpeg 150w, https:\/\/360mallorcaproperty.com\/wp-content\/uploads\/2026\/04\/Garaje-210x210.jpeg 210w"},{"width":150,"height":150,"file":"2026\/04\/Salon-2-1.jpeg","filesize":237353,"sizes":{"medium":{"file":"Salon-2-1-300x169.jpeg","width":300,"height":169,"mime-type":"image\/jpeg","filesize":11857,"url":"https:\/\/360mallorcaproperty.com\/wp-content\/uploads\/2026\/04\/Salon-2-1-300x169.jpeg"},"large":{"file":"Salon-2-1-1024x576.jpeg","width":1024,"height":576,"mime-type":"image\/jpeg","filesize":85360,"url":"https:\/\/360mallorcaproperty.com\/wp-content\/uploads\/2026\/04\/Salon-2-1-1024x576.jpeg"},"thumbnail":{"file":"Salon-2-1-150x150.jpeg","width":150,"height":150,"mime-type":"image\/jpeg","filesize":5807,"url":"https:\/\/360mallorcaproperty.com\/wp-content\/uploads\/2026\/04\/Salon-2-1-150x150.jpeg"},"medium_large":{"file":"Salon-2-1-768x432.jpeg","width":768,"height":432,"mime-type":"image\/jpeg","filesize":52635,"url":"https:\/\/360mallorcaproperty.com\/wp-content\/uploads\/2026\/04\/Salon-2-1-768x432.jpeg"},"1536x1536":{"file":"Salon-2-1-1536x864.jpeg","width":1536,"height":864,"mime-type":"image\/jpeg","filesize":169091,"url":"https:\/\/360mallorcaproperty.com\/wp-content\/uploads\/2026\/04\/Salon-2-1-1536x864.jpeg"},"post-thumbnail":{"file":"Salon-2-1-150x84.jpeg","width":150,"height":84,"mime-type":"image\/jpeg","filesize":4311,"url":"https:\/\/360mallorcaproperty.com\/wp-content\/uploads\/2026\/04\/Salon-2-1-150x84.jpeg"},"modern-property-child-slider":{"file":"Salon-2-1-680x510.jpeg","width":680,"height":510,"mime-type":"image\/jpeg","filesize":51564,"url":"https:\/\/360mallorcaproperty.com\/wp-content\/uploads\/2026\/04\/Salon-2-1-680x510.jpeg"},"property-thumb-image":{"file":"Salon-2-1-488x326.jpeg","width":488,"height":326,"mime-type":"image\/jpeg","filesize":27758,"url":"https:\/\/360mallorcaproperty.com\/wp-content\/uploads\/2026\/04\/Salon-2-1-488x326.jpeg"},"property-detail-video-image":{"file":"Salon-2-1-818x417.jpeg","width":818,"height":417,"mime-type":"image\/jpeg","filesize":54835,"url":"https:\/\/360mallorcaproperty.com\/wp-content\/uploads\/2026\/04\/Salon-2-1-818x417.jpeg"},"agent-image":{"file":"Salon-2-1-210x210.jpeg","width":210,"height":210,"mime-type":"image\/jpeg","filesize":9596,"url":"https:\/\/360mallorcaproperty.com\/wp-content\/uploads\/2026\/04\/Salon-2-1-210x210.jpeg"},"partners-logo":{"file":"Salon-2-1-600x900.jpeg","width":600,"height":900,"mime-type":"image\/jpeg","filesize":70116,"url":"https:\/\/360mallorcaproperty.com\/wp-content\/uploads\/2026\/04\/Salon-2-1-600x900.jpeg"},"post-featured-image":{"file":"Salon-2-1-1240x720.jpeg","width":1240,"height":720,"mime-type":"image\/jpeg","filesize":119717,"url":"https:\/\/360mallorcaproperty.com\/wp-content\/uploads\/2026\/04\/Salon-2-1-1240x720.jpeg"}},"image_meta":{"aperture":"0","credit":"","camera":"","caption":"","created_timestamp":"0","copyright":"","focal_length":"0","iso":"0","shutter_speed":"0","title":"","orientation":"0","keywords":[]},"ID":"33291","name":"Salon-2-1.jpeg","path":"\/home\/mallorcaproperty\/public_html\/wp-content\/uploads\/2026\/04\/Salon-2-1.jpeg","url":"https:\/\/360mallorcaproperty.com\/wp-content\/uploads\/2026\/04\/Salon-2-1-150x150.jpeg","full_url":"https:\/\/360mallorcaproperty.com\/wp-content\/uploads\/2026\/04\/Salon-2-1.jpeg","title":"Salon 2","caption":"","description":"","alt":"","srcset":"https:\/\/360mallorcaproperty.com\/wp-content\/uploads\/2026\/04\/Salon-2-1-150x150.jpeg 150w, https:\/\/360mallorcaproperty.com\/wp-content\/uploads\/2026\/04\/Salon-2-1-210x210.jpeg 210w"}],"REAL_HOMES_change_gallery_slider_type":"0","REAL_HOMES_gallery_slider_type":"thumb-on-right","inspiry_floor_plans":[],"inspiry_video_group":[{"inspiry_video_group_image":["33314"]}],"REAL_HOMES_360_virtual_tour":"","REAL_HOMES_agent_display_option":"none","REAL_HOMES_agents":[],"REAL_HOMES_energy_class":"none","REAL_HOMES_energy_performance":"","REAL_HOMES_epc_current_rating":"","REAL_HOMES_epc_potential_rating":"","ere_property_schedule_tour":"global","ere_property_schedule_time_slots":"","ere_property_schedule_description":"","REAL_HOMES_sticky":"0","inspiry_property_label":"","inspiry_property_label_color":"","inspiry_property_tax":"","inspiry_additional_fee":"","REAL_HOMES_attachments":[],"inspiry_property_owner_name":"","inspiry_property_owner_contact":"","inspiry_property_owner_address":"","REAL_HOMES_property_private_note":"","inspiry_message_to_reviewer":"","REAL_HOMES_add_in_slider":"no","REAL_HOMES_slider_image":[],"REAL_HOMES_page_banner_image":[],"REAL_HOMES_hide_property_advance_search":"0","inspiry_offmarket":[],"REAL_HOMES_custom_header_display":"default","REAL_HOMES_custom_header_position":"relative","REAL_HOMES_custom_footer_display":"default","REAL_HOMES_hide_advance_search":"0","REAL_HOMES_custom_search_form":"default","REAL_HOMES_search_form_margin_top":"","REAL_HOMES_search_form_margin_bottom":""},"_links":{"self":[{"href":"https:\/\/360mallorcaproperty.com\/es\/wp-json\/wp\/v2\/property\/33317","targetHints":{"allow":["GET"]}}],"collection":[{"href":"https:\/\/360mallorcaproperty.com\/es\/wp-json\/wp\/v2\/property"}],"about":[{"href":"https:\/\/360mallorcaproperty.com\/es\/wp-json\/wp\/v2\/types\/property"}],"author":[{"embeddable":true,"href":"https:\/\/360mallorcaproperty.com\/es\/wp-json\/wp\/v2\/users\/1"}],"replies":[{"embeddable":true,"href":"https:\/\/360mallorcaproperty.com\/es\/wp-json\/wp\/v2\/comments?post=33317"}],"version-history":[{"count":2,"href":"https:\/\/360mallorcaproperty.com\/es\/wp-json\/wp\/v2\/property\/33317\/revisions"}],"predecessor-version":[{"id":33326,"href":"https:\/\/360mallorcaproperty.com\/es\/wp-json\/wp\/v2\/property\/33317\/revisions\/33326"}],"wp:featuredmedia":[{"embeddable":true,"href":"https:\/\/360mallorcaproperty.com\/es\/wp-json\/wp\/v2\/media\/33281"}],"wp:attachment":[{"href":"https:\/\/360mallorcaproperty.com\/es\/wp-json\/wp\/v2\/media?parent=33317"}],"wp:term":[{"taxonomy":"property-feature","embeddable":true,"href":"https:\/\/360mallorcaproperty.com\/es\/wp-json\/wp\/v2\/property-feature?post=33317"},{"taxonomy":"property-type","embeddable":true,"href":"https:\/\/360mallorcaproperty.com\/es\/wp-json\/wp\/v2\/property-type?post=33317"},{"taxonomy":"property-city","embeddable":true,"href":"https:\/\/360mallorcaproperty.com\/es\/wp-json\/wp\/v2\/property-location?post=33317"},{"taxonomy":"property-status","embeddable":true,"href":"https:\/\/360mallorcaproperty.com\/es\/wp-json\/wp\/v2\/property-status?post=33317"}],"curies":[{"name":"wp","href":"https:\/\/api.w.org\/{rel}","templated":true}]}}